{"id":3551,"date":"2020-03-09T14:16:29","date_gmt":"2020-03-09T14:16:29","guid":{"rendered":"http:\/\/classichub.liquid-themes.com\/staging\/?page_id=5"},"modified":"2026-01-25T13:15:58","modified_gmt":"2026-01-25T12:15:58","slug":"classic-hub-homepage","status":"publish","type":"page","link":"https:\/\/www.ergowebinar.de\/","title":{"rendered":"Classic Hub Homepage"},"content":{"rendered":"<p>[vc_row bwd_tbc4vd_show_weekday=&#8220;&#8220; full_width=&#8220;stretch_row&#8220; css=&#8220;.vc_custom_1745999098709{padding-top: 15px !important;padding-bottom: 15px !important;background-image: url(https:\/\/www.ergowebinar.de\/wp-content\/uploads\/2022\/06\/header-webinar.jpg?id=3731) !important;background-position: center !important;background-repeat: no-repeat !important;background-size: cover !important;}&#8220; responsive_css=&#8220;padding_left_large:25px&#8220;][vc_column][vc_row_inner][vc_column_inner css=&#8220;.vc_custom_1655299071391{padding-bottom: 25px !important;}&#8220;]<style>.ld_fancy_heading_69f07efc08a0f h1{color:rgb(251, 34, 0);}.ld_fancy_heading_69f07efc08a0f h1 {font-size:40px; } @media (min-width: 768px) { .ld_fancy_heading_69f07efc08a0f h1 {font-size:50px; }  } @media (min-width: 992px) { .ld_fancy_heading_69f07efc08a0f h1 {font-size:50px; }  } @media (min-width: 1200px) { .ld_fancy_heading_69f07efc08a0f h1 {font-size:50px; }  } .ld_fancy_heading_69f07efc08a0f h1 {font-weight:600; } @media (min-width: 768px) { .ld_fancy_heading_69f07efc08a0f h1 {font-weight:600; }  } @media (min-width: 992px) { .ld_fancy_heading_69f07efc08a0f h1 {font-weight:600; }  } @media (min-width: 1200px) { .ld_fancy_heading_69f07efc08a0f h1 {font-weight:600; }  } .ld_fancy_heading_69f07efc08a0f h1 {margin-bottom:0.35em !important;  } .ld_fancy_heading_69f07efc08a0f .lqd-highlight-inner{height:0.275em!important;bottom:0px!important;}.ld_fancy_heading_69f07efc08a0f h1 {font-size:40px; } @media (min-width: 768px) { .ld_fancy_heading_69f07efc08a0f h1 {font-size:50px; }  } @media (min-width: 992px) { .ld_fancy_heading_69f07efc08a0f h1 {font-size:50px; }  } @media (min-width: 1200px) { .ld_fancy_heading_69f07efc08a0f h1 {font-size:50px; }  } .ld_fancy_heading_69f07efc08a0f h1 {font-weight:600; } @media (min-width: 768px) { .ld_fancy_heading_69f07efc08a0f h1 {font-weight:600; }  } @media (min-width: 992px) { .ld_fancy_heading_69f07efc08a0f h1 {font-weight:600; }  } @media (min-width: 1200px) { .ld_fancy_heading_69f07efc08a0f h1 {font-weight:600; }  } .ld_fancy_heading_69f07efc08a0f h1 {margin-bottom:0.35em !important;  } <\/style><div class=\"ld-fancy-heading ld_fancy_heading_69f07efc08a0f\">\n\t<h1 class=\"ld-fh-element lqd-highlight-underline lqd-highlight-grow-left text-decoration-default lqd-split-lines\"   data-split-text=\"true\" data-split-options='{\"type\":\"lines\"}'>  Live-Webseminare f\u00fcr Therapeut:innen<\/h1><\/div>[\/vc_column_inner][\/vc_row_inner][vc_row_inner][vc_column_inner width=&#8220;2\/3&#8243; css=&#8220;.vc_custom_1655299071391{padding-bottom: 25px !important;}&#8220;]<style>.ld_fancy_heading_69f07efc08d1d p {font-size:17px; } .ld_fancy_heading_69f07efc08d1d p {line-height:30px; } .ld_fancy_heading_69f07efc08d1d p {--element-line-height:30px; } .ld_fancy_heading_69f07efc08d1d p {margin-bottom:2em !important;  } .ld_fancy_heading_69f07efc08d1d .lqd-highlight-inner{height:0.275em!important;bottom:0px!important;}.ld_fancy_heading_69f07efc08d1d p {font-size:17px; } .ld_fancy_heading_69f07efc08d1d p {line-height:30px; } .ld_fancy_heading_69f07efc08d1d p {--element-line-height:30px; } .ld_fancy_heading_69f07efc08d1d p {margin-bottom:2em !important;  } <\/style><div class=\"ld-fancy-heading ld_fancy_heading_69f07efc08d1d\">\n\t<p class=\"ld-fh-element lqd-highlight-underline lqd-highlight-grow-left text-decoration-default lqd-split-lines\"   data-split-text=\"true\" data-split-options='{\"type\":\"lines\"}'>  ErgoWebinar ist der perfekte Weg um auf dem aktuellen Stand unseres Berufes zu bleiben. Wir bieten Ihnen eine bequeme und flexible M\u00f6glichkeit Ihren praktischen Handwerkskoffer aufzuf\u00fcllen.<\/p><\/div>[\/vc_column_inner][vc_column_inner width=&#8220;1\/3&#8243;][\/vc_column_inner][\/vc_row_inner][vc_row_inner bwd_tbc4vd_show_weekday=&#8220;&#8220; gap=&#8220;5&#8243;][vc_column_inner width=&#8220;1\/12&#8243;][vc_column_text]<style>\r\n\t\t.ld_button_6334365139750.btn-icon-solid:hover .btn-icon{background:rgb(22, 22, 22);}\r\n\t\t.ld_button_6334365139750:hover{background-color:rgb(22, 22, 22);border-color:rgb(22, 22, 22);}.ld_button_6334365139750 .btn-gradient-bg-hover{background:-webkit-linear-gradient(to right, rgb(22, 22, 22) 0%, rgb(22, 22, 22) 100%);background:linear-gradient(to right, rgb(22, 22, 22) 0%, rgb(22, 22, 22) 100%);}.ld_button_6334365139750:hover .btn-gradient-border defs stop:first-child{stop-color:rgb(22, 22, 22);}.ld_button_6334365139750:hover .btn-gradient-border defs stop:last-child{stop-color:rgb(22, 22, 22);}.ld_button_6334365139750 {line-height:1.5em; } .ld_button_6334365139750 {--element-line-height:1.5em; } .ld_button_6334365139750 {font-weight:700; } .ld_button_6334365139750 {line-height:1.5em; } .ld_button_6334365139750 {--element-line-height:1.5em; } .ld_button_6334365139750 {font-weight:700; } .ld_button_6334365139750 {line-height:1.5em; } .ld_button_6334365139750 {--element-line-height:1.5em; } .ld_button_6334365139750 {font-weight:700; } .ld_button_6334365139750 {line-height:1.5em; } .ld_button_6334365139750 {--element-line-height:1.5em; } .ld_button_6334365139750 {font-weight:700; } <\/style><a href=\"#4637ce87-7921-4d0b-bda0-7eb8ab5a90db\" title=\"NeuroReha\" target=\"_top\" class=\"btn btn-solid btn-xsm round border-thin btn-block btn-has-label ld_button_6334365139750 vc_custom_1662296250156\" ><span><span class=\"btn-txt\" data-text=\"NeuroReha\" >NeuroReha<\/span><\/span><\/a>[\/vc_column_text]<style>.ld_spacer_69f07efc0b60c{height:15px;}<\/style>\n<div class=\"ld-empty-space ld_spacer_69f07efc0b60c\"><\/div>[\/vc_column_inner][vc_column_inner width=&#8220;1\/12&#8243;][vc_column_text]<style>\r\n\t\t.ld_button_6334365139751.btn-icon-solid:hover .btn-icon{background:rgb(22, 22, 22);}\r\n\t\t.ld_button_6334365139751:hover{background-color:rgb(22, 22, 22);border-color:rgb(22, 22, 22);}.ld_button_6334365139751 .btn-gradient-bg-hover{background:-webkit-linear-gradient(to right, rgb(22, 22, 22) 0%, rgb(22, 22, 22) 100%);background:linear-gradient(to right, rgb(22, 22, 22) 0%, rgb(22, 22, 22) 100%);}.ld_button_6334365139751:hover .btn-gradient-border defs stop:first-child{stop-color:rgb(22, 22, 22);}.ld_button_6334365139751:hover .btn-gradient-border defs stop:last-child{stop-color:rgb(22, 22, 22);}.ld_button_6334365139751 {line-height:1.5em; } .ld_button_6334365139751 {--element-line-height:1.5em; } .ld_button_6334365139751 {font-weight:700; } .ld_button_6334365139751 {line-height:1.5em; } .ld_button_6334365139751 {--element-line-height:1.5em; } .ld_button_6334365139751 {font-weight:700; } .ld_button_6334365139751 {line-height:1.5em; } .ld_button_6334365139751 {--element-line-height:1.5em; } .ld_button_6334365139751 {font-weight:700; } .ld_button_6334365139751 {line-height:1.5em; } .ld_button_6334365139751 {--element-line-height:1.5em; } .ld_button_6334365139751 {font-weight:700; } <\/style><a href=\"#4637ce87-7921-4d0b-bda0-7eb8ab5-0030\" title=\"Parkinson\" target=\"_top\" class=\"btn btn-solid btn-xsm round border-thin btn-block btn-has-label ld_button_6334365139751 vc_custom_1662296250156\" ><span><span class=\"btn-txt\" data-text=\"Parkinson\" >Parkinson<\/span><\/span><\/a>[\/vc_column_text]<style>.ld_spacer_69f07efc0cf97{height:15px;}<\/style>\n<div class=\"ld-empty-space ld_spacer_69f07efc0cf97\"><\/div>[\/vc_column_inner][vc_column_inner width=&#8220;1\/12&#8243;][vc_column_text]<style>\r\n\t\t.ld_button_63343651397514.btn-icon-solid:hover .btn-icon{background:rgb(22, 22, 22);}\r\n\t\t.ld_button_63343651397514:hover{background-color:rgb(22, 22, 22);border-color:rgb(22, 22, 22);}.ld_button_63343651397514 .btn-gradient-bg-hover{background:-webkit-linear-gradient(to right, rgb(22, 22, 22) 0%, rgb(22, 22, 22) 100%);background:linear-gradient(to right, rgb(22, 22, 22) 0%, rgb(22, 22, 22) 100%);}.ld_button_63343651397514:hover .btn-gradient-border defs stop:first-child{stop-color:rgb(22, 22, 22);}.ld_button_63343651397514:hover .btn-gradient-border defs stop:last-child{stop-color:rgb(22, 22, 22);}.ld_button_63343651397514 {line-height:1.5em; } .ld_button_63343651397514 {--element-line-height:1.5em; } .ld_button_63343651397514 {font-weight:700; } .ld_button_63343651397514 {line-height:1.5em; } .ld_button_63343651397514 {--element-line-height:1.5em; } .ld_button_63343651397514 {font-weight:700; } .ld_button_63343651397514 {line-height:1.5em; } .ld_button_63343651397514 {--element-line-height:1.5em; } .ld_button_63343651397514 {font-weight:700; } .ld_button_63343651397514 {line-height:1.5em; } .ld_button_63343651397514 {--element-line-height:1.5em; } .ld_button_63343651397514 {font-weight:700; } <\/style><a href=\"#Thema2\" title=\"Palliativ\" target=\"_top\" class=\"btn btn-solid btn-xsm round border-thin btn-block btn-has-label ld_button_63343651397514 vc_custom_1662296250156\" ><span><span class=\"btn-txt\" data-text=\"Palliativ\" >Palliativ<\/span><\/span><\/a>[\/vc_column_text]<style>.ld_spacer_69f07efc0e8bf{height:15px;}<\/style>\n<div class=\"ld-empty-space ld_spacer_69f07efc0e8bf\"><\/div>[\/vc_column_inner][vc_column_inner width=&#8220;1\/12&#8243;][vc_column_text]<\/p>\n<p style=\"text-align: center;\"><style>\r\n\t\t.ld_button_63343651397516.btn-icon-solid:hover .btn-icon{background:rgb(22, 22, 22);}\r\n\t\t.ld_button_63343651397516:hover{background-color:rgb(22, 22, 22);border-color:rgb(22, 22, 22);}.ld_button_63343651397516 .btn-gradient-bg-hover{background:-webkit-linear-gradient(to right, rgb(22, 22, 22) 0%, rgb(22, 22, 22) 100%);background:linear-gradient(to right, rgb(22, 22, 22) 0%, rgb(22, 22, 22) 100%);}.ld_button_63343651397516:hover .btn-gradient-border defs stop:first-child{stop-color:rgb(22, 22, 22);}.ld_button_63343651397516:hover .btn-gradient-border defs stop:last-child{stop-color:rgb(22, 22, 22);}.ld_button_63343651397516 {line-height:1.5em; } .ld_button_63343651397516 {--element-line-height:1.5em; } .ld_button_63343651397516 {font-weight:700; } .ld_button_63343651397516 {line-height:1.5em; } .ld_button_63343651397516 {--element-line-height:1.5em; } .ld_button_63343651397516 {font-weight:700; } .ld_button_63343651397516 {line-height:1.5em; } .ld_button_63343651397516 {--element-line-height:1.5em; } .ld_button_63343651397516 {font-weight:700; } .ld_button_63343651397516 {line-height:1.5em; } .ld_button_63343651397516 {--element-line-height:1.5em; } .ld_button_63343651397516 {font-weight:700; } <\/style><a href=\"#e8505a1b-c110-47f8-a96c-19e5f39cb6ea\" title=\"E-Therapie & Testmaterial\" target=\"_top\" class=\"btn btn-solid btn-xsm round border-thin btn-block btn-has-label ld_button_63343651397516 vc_custom_1662296250156\" ><span><span class=\"btn-txt\" data-text=\"E-Therapie & Testmaterial\" >E-Therapie & Testmaterial<\/span><\/span><\/a><\/p>\n<p>[\/vc_column_text]<style>.ld_spacer_69f07efc12424{height:15px;}<\/style>\n<div class=\"ld-empty-space ld_spacer_69f07efc12424\"><\/div>[\/vc_column_inner][vc_column_inner width=&#8220;1\/12&#8243;][vc_column_text]<style>\r\n\t\t.ld_button_6334365139752.btn-icon-solid:hover .btn-icon{background:rgb(22, 22, 22);}\r\n\t\t.ld_button_6334365139752:hover{background-color:rgb(22, 22, 22);border-color:rgb(22, 22, 22);}.ld_button_6334365139752 .btn-gradient-bg-hover{background:-webkit-linear-gradient(to right, rgb(22, 22, 22) 0%, rgb(22, 22, 22) 100%);background:linear-gradient(to right, rgb(22, 22, 22) 0%, rgb(22, 22, 22) 100%);}.ld_button_6334365139752:hover .btn-gradient-border defs stop:first-child{stop-color:rgb(22, 22, 22);}.ld_button_6334365139752:hover .btn-gradient-border defs stop:last-child{stop-color:rgb(22, 22, 22);}.ld_button_6334365139752 {line-height:1.5em; } .ld_button_6334365139752 {--element-line-height:1.5em; } .ld_button_6334365139752 {font-weight:700; } .ld_button_6334365139752 {line-height:1.5em; } .ld_button_6334365139752 {--element-line-height:1.5em; } .ld_button_6334365139752 {font-weight:700; } .ld_button_6334365139752 {line-height:1.5em; } .ld_button_6334365139752 {--element-line-height:1.5em; } .ld_button_6334365139752 {font-weight:700; } .ld_button_6334365139752 {line-height:1.5em; } .ld_button_6334365139752 {--element-line-height:1.5em; } .ld_button_6334365139752 {font-weight:700; } <\/style><a href=\"#af55fe71-30cf-488a-9217-8cc32e7ab957\" title=\"SchmerzReha\" target=\"_top\" class=\"btn btn-solid btn-xsm round border-thin btn-block btn-has-label ld_button_6334365139752 vc_custom_1662296250156\" ><span><span class=\"btn-txt\" data-text=\"SchmerzReha\" >SchmerzReha<\/span><\/span><\/a>[\/vc_column_text]<style>.ld_spacer_69f07efc138af{height:15px;}<\/style>\n<div class=\"ld-empty-space ld_spacer_69f07efc138af\"><\/div>[\/vc_column_inner][vc_column_inner width=&#8220;1\/12&#8243;][\/vc_column_inner][\/vc_row_inner][vc_row_inner bwd_tbc4vd_show_weekday=&#8220;&#8220; gap=&#8220;5&#8243;][vc_column_inner width=&#8220;1\/12&#8243;][vc_column_text]<style>\r\n\t\t.ld_button_6334365139754.btn-icon-solid:hover .btn-icon{background:rgb(22, 22, 22);}\r\n\t\t.ld_button_6334365139754:hover{background-color:rgb(22, 22, 22);border-color:rgb(22, 22, 22);}.ld_button_6334365139754 .btn-gradient-bg-hover{background:-webkit-linear-gradient(to right, rgb(22, 22, 22) 0%, rgb(22, 22, 22) 100%);background:linear-gradient(to right, rgb(22, 22, 22) 0%, rgb(22, 22, 22) 100%);}.ld_button_6334365139754:hover .btn-gradient-border defs stop:first-child{stop-color:rgb(22, 22, 22);}.ld_button_6334365139754:hover .btn-gradient-border defs stop:last-child{stop-color:rgb(22, 22, 22);}.ld_button_6334365139754 {line-height:1.5em; } .ld_button_6334365139754 {--element-line-height:1.5em; } .ld_button_6334365139754 {font-weight:700; } .ld_button_6334365139754 {line-height:1.5em; } .ld_button_6334365139754 {--element-line-height:1.5em; } .ld_button_6334365139754 {font-weight:700; } .ld_button_6334365139754 {line-height:1.5em; } .ld_button_6334365139754 {--element-line-height:1.5em; } .ld_button_6334365139754 {font-weight:700; } .ld_button_6334365139754 {line-height:1.5em; } .ld_button_6334365139754 {--element-line-height:1.5em; } .ld_button_6334365139754 {font-weight:700; } <\/style><a href=\"#4637ce87-7921-4d0b-bda0-7eb8ab5-0000\" title=\"Handreha\" target=\"_top\" class=\"btn btn-solid btn-xsm round border-thin btn-block btn-has-label ld_button_6334365139754 vc_custom_1662296250156\" ><span><span class=\"btn-txt\" data-text=\"Handreha\" >Handreha<\/span><\/span><\/a>[\/vc_column_text]<style>.ld_spacer_69f07efc14b50{height:15px;}<\/style>\n<div class=\"ld-empty-space ld_spacer_69f07efc14b50\"><\/div>[\/vc_column_inner][vc_column_inner width=&#8220;1\/12&#8243;][vc_column_text]<style>\r\n\t\t.ld_button_6334365139756.btn-icon-solid:hover .btn-icon{background:rgb(22, 22, 22);}\r\n\t\t.ld_button_6334365139756:hover{background-color:rgb(22, 22, 22);border-color:rgb(22, 22, 22);}.ld_button_6334365139756 .btn-gradient-bg-hover{background:-webkit-linear-gradient(to right, rgb(22, 22, 22) 0%, rgb(22, 22, 22) 100%);background:linear-gradient(to right, rgb(22, 22, 22) 0%, rgb(22, 22, 22) 100%);}.ld_button_6334365139756:hover .btn-gradient-border defs stop:first-child{stop-color:rgb(22, 22, 22);}.ld_button_6334365139756:hover .btn-gradient-border defs stop:last-child{stop-color:rgb(22, 22, 22);}.ld_button_6334365139756 {line-height:1.5em; } .ld_button_6334365139756 {--element-line-height:1.5em; } .ld_button_6334365139756 {font-weight:700; } .ld_button_6334365139756 {line-height:1.5em; } .ld_button_6334365139756 {--element-line-height:1.5em; } .ld_button_6334365139756 {font-weight:700; } .ld_button_6334365139756 {line-height:1.5em; } .ld_button_6334365139756 {--element-line-height:1.5em; } .ld_button_6334365139756 {font-weight:700; } .ld_button_6334365139756 {line-height:1.5em; } .ld_button_6334365139756 {--element-line-height:1.5em; } .ld_button_6334365139756 {font-weight:700; } <\/style><a href=\"#4637ce87-7921-4d0b-bda0-7eb8ab5-0040\" title=\"Narbentherapie\" target=\"_top\" class=\"btn btn-solid btn-xsm round border-thin btn-block btn-has-label ld_button_6334365139756 vc_custom_1662296250156\" ><span><span class=\"btn-txt\" data-text=\"Narbentherapie\" >Narbentherapie<\/span><\/span><\/a>[\/vc_column_text]<style>.ld_spacer_69f07efc1713a{height:15px;}<\/style>\n<div class=\"ld-empty-space ld_spacer_69f07efc1713a\"><\/div>[\/vc_column_inner][vc_column_inner width=&#8220;1\/12&#8243;][vc_column_text]<style>\r\n\t\t.ld_button_6334365139757.btn-icon-solid:hover .btn-icon{background:rgb(22, 22, 22);}\r\n\t\t.ld_button_6334365139757:hover{background-color:rgb(22, 22, 22);border-color:rgb(22, 22, 22);}.ld_button_6334365139757 .btn-gradient-bg-hover{background:-webkit-linear-gradient(to right, rgb(22, 22, 22) 0%, rgb(22, 22, 22) 100%);background:linear-gradient(to right, rgb(22, 22, 22) 0%, rgb(22, 22, 22) 100%);}.ld_button_6334365139757:hover .btn-gradient-border defs stop:first-child{stop-color:rgb(22, 22, 22);}.ld_button_6334365139757:hover .btn-gradient-border defs stop:last-child{stop-color:rgb(22, 22, 22);}.ld_button_6334365139757 {line-height:1.5em; } .ld_button_6334365139757 {--element-line-height:1.5em; } .ld_button_6334365139757 {font-weight:700; } .ld_button_6334365139757 {line-height:1.5em; } .ld_button_6334365139757 {--element-line-height:1.5em; } .ld_button_6334365139757 {font-weight:700; } .ld_button_6334365139757 {line-height:1.5em; } .ld_button_6334365139757 {--element-line-height:1.5em; } .ld_button_6334365139757 {font-weight:700; } .ld_button_6334365139757 {line-height:1.5em; } .ld_button_6334365139757 {--element-line-height:1.5em; } .ld_button_6334365139757 {font-weight:700; } <\/style><a href=\"#Thema3\" title=\"Onkologie\" target=\"_top\" class=\"btn btn-solid btn-xsm round border-thin btn-block btn-has-label ld_button_6334365139757 vc_custom_1662296250156\" ><span><span class=\"btn-txt\" data-text=\"Onkologie\" >Onkologie<\/span><\/span><\/a>[\/vc_column_text]<style>.ld_spacer_69f07efc182b7{height:15px;}<\/style>\n<div class=\"ld-empty-space ld_spacer_69f07efc182b7\"><\/div>[\/vc_column_inner][vc_column_inner width=&#8220;1\/12&#8243;][vc_column_text]<\/p>\n<p style=\"text-align: center;\"><style>\r\n\t\t.ld_button_63343651397515.btn-icon-solid:hover .btn-icon{background:rgb(22, 22, 22);}\r\n\t\t.ld_button_63343651397515:hover{background-color:rgb(22, 22, 22);border-color:rgb(22, 22, 22);}.ld_button_63343651397515 .btn-gradient-bg-hover{background:-webkit-linear-gradient(to right, rgb(22, 22, 22) 0%, rgb(22, 22, 22) 100%);background:linear-gradient(to right, rgb(22, 22, 22) 0%, rgb(22, 22, 22) 100%);}.ld_button_63343651397515:hover .btn-gradient-border defs stop:first-child{stop-color:rgb(22, 22, 22);}.ld_button_63343651397515:hover .btn-gradient-border defs stop:last-child{stop-color:rgb(22, 22, 22);}.ld_button_63343651397515 {line-height:1.5em; } .ld_button_63343651397515 {--element-line-height:1.5em; } .ld_button_63343651397515 {font-weight:700; } .ld_button_63343651397515 {line-height:1.5em; } .ld_button_63343651397515 {--element-line-height:1.5em; } .ld_button_63343651397515 {font-weight:700; } .ld_button_63343651397515 {line-height:1.5em; } .ld_button_63343651397515 {--element-line-height:1.5em; } .ld_button_63343651397515 {font-weight:700; } .ld_button_63343651397515 {line-height:1.5em; } .ld_button_63343651397515 {--element-line-height:1.5em; } .ld_button_63343651397515 {font-weight:700; } <\/style><a href=\"#Thema20\" title=\"\u00fcbergreifendes Thema\" target=\"_top\" class=\"btn btn-solid btn-xsm round border-thin btn-block btn-has-label ld_button_63343651397515 vc_custom_1662296250156\" ><span><span class=\"btn-txt\" data-text=\"\u00fcbergreifendes Thema\" >\u00fcbergreifendes Thema<\/span><\/span><\/a><\/p>\n<p>[\/vc_column_text]<style>.ld_spacer_69f07efc192bb{height:15px;}<\/style>\n<div class=\"ld-empty-space ld_spacer_69f07efc192bb\"><\/div>[\/vc_column_inner][vc_column_inner width=&#8220;1\/12&#8243;][vc_column_text]<style>\r\n\t\t.ld_button_6334365139758.btn-icon-solid:hover .btn-icon{background:rgb(22, 22, 22);}\r\n\t\t.ld_button_6334365139758:hover{background-color:rgb(22, 22, 22);border-color:rgb(22, 22, 22);}.ld_button_6334365139758 .btn-gradient-bg-hover{background:-webkit-linear-gradient(to right, rgb(22, 22, 22) 0%, rgb(22, 22, 22) 100%);background:linear-gradient(to right, rgb(22, 22, 22) 0%, rgb(22, 22, 22) 100%);}.ld_button_6334365139758:hover .btn-gradient-border defs stop:first-child{stop-color:rgb(22, 22, 22);}.ld_button_6334365139758:hover .btn-gradient-border defs stop:last-child{stop-color:rgb(22, 22, 22);}.ld_button_6334365139758 {line-height:1.5em; } .ld_button_6334365139758 {--element-line-height:1.5em; } .ld_button_6334365139758 {font-weight:700; } .ld_button_6334365139758 {line-height:1.5em; } .ld_button_6334365139758 {--element-line-height:1.5em; } .ld_button_6334365139758 {font-weight:700; } .ld_button_6334365139758 {line-height:1.5em; } .ld_button_6334365139758 {--element-line-height:1.5em; } .ld_button_6334365139758 {font-weight:700; } .ld_button_6334365139758 {line-height:1.5em; } .ld_button_6334365139758 {--element-line-height:1.5em; } .ld_button_6334365139758 {font-weight:700; } <\/style><a href=\"#4637ce87-7921-4d0b-bda0-7eb8ab5-0010\" title=\"Orthop\u00e4die\" target=\"_top\" class=\"btn btn-solid btn-xsm round border-thin btn-block btn-has-label ld_button_6334365139758 vc_custom_1662296250156\" ><span><span class=\"btn-txt\" data-text=\"Orthop\u00e4die\" >Orthop\u00e4die<\/span><\/span><\/a>[\/vc_column_text]<style>.ld_spacer_69f07efc1a201{height:15px;}<\/style>\n<div class=\"ld-empty-space ld_spacer_69f07efc1a201\"><\/div>[\/vc_column_inner][vc_column_inner width=&#8220;1\/12&#8243;][vc_column_text]<style>\r\n\t\t.ld_button_6334365139759.btn-icon-solid:hover .btn-icon{background:rgb(22, 22, 22);}\r\n\t\t.ld_button_6334365139759:hover{background-color:rgb(22, 22, 22);border-color:rgb(22, 22, 22);}.ld_button_6334365139759 .btn-gradient-bg-hover{background:-webkit-linear-gradient(to right, rgb(22, 22, 22) 0%, rgb(22, 22, 22) 100%);background:linear-gradient(to right, rgb(22, 22, 22) 0%, rgb(22, 22, 22) 100%);}.ld_button_6334365139759:hover .btn-gradient-border defs stop:first-child{stop-color:rgb(22, 22, 22);}.ld_button_6334365139759:hover .btn-gradient-border defs stop:last-child{stop-color:rgb(22, 22, 22);}.ld_button_6334365139759 {line-height:1.5em; } .ld_button_6334365139759 {--element-line-height:1.5em; } .ld_button_6334365139759 {font-weight:700; } .ld_button_6334365139759 {line-height:1.5em; } .ld_button_6334365139759 {--element-line-height:1.5em; } .ld_button_6334365139759 {font-weight:700; } .ld_button_6334365139759 {line-height:1.5em; } .ld_button_6334365139759 {--element-line-height:1.5em; } .ld_button_6334365139759 {font-weight:700; } .ld_button_6334365139759 {line-height:1.5em; } .ld_button_6334365139759 {--element-line-height:1.5em; } .ld_button_6334365139759 {font-weight:700; } <\/style><a href=\"#4637ce87-7921-4d0b-bda0-7eb8ab5-0050\" title=\"Rheuma\" target=\"_top\" class=\"btn btn-solid btn-xsm round border-thin btn-block btn-has-label ld_button_6334365139759 vc_custom_1662296250156\" ><span><span class=\"btn-txt\" data-text=\"Rheuma\" >Rheuma<\/span><\/span><\/a>[\/vc_column_text]<style>.ld_spacer_69f07efc1b0f4{height:15px;}<\/style>\n<div class=\"ld-empty-space ld_spacer_69f07efc1b0f4\"><\/div>[\/vc_column_inner][\/vc_row_inner][vc_row_inner bwd_tbc4vd_show_weekday=&#8220;&#8220; gap=&#8220;5&#8243;][vc_column_inner width=&#8220;1\/12&#8243;][vc_column_text]<\/p>\n<p style=\"text-align: center;\"><style>\r\n\t\t.ld_button_63343651397510.btn-icon-solid:hover .btn-icon{background:rgb(22, 22, 22);}\r\n\t\t.ld_button_63343651397510:hover{background-color:rgb(22, 22, 22);border-color:rgb(22, 22, 22);}.ld_button_63343651397510 .btn-gradient-bg-hover{background:-webkit-linear-gradient(to right, rgb(22, 22, 22) 0%, rgb(22, 22, 22) 100%);background:linear-gradient(to right, rgb(22, 22, 22) 0%, rgb(22, 22, 22) 100%);}.ld_button_63343651397510:hover .btn-gradient-border defs stop:first-child{stop-color:rgb(22, 22, 22);}.ld_button_63343651397510:hover .btn-gradient-border defs stop:last-child{stop-color:rgb(22, 22, 22);}.ld_button_63343651397510 {line-height:1.5em; } .ld_button_63343651397510 {--element-line-height:1.5em; } .ld_button_63343651397510 {font-weight:700; } .ld_button_63343651397510 {line-height:1.5em; } .ld_button_63343651397510 {--element-line-height:1.5em; } .ld_button_63343651397510 {font-weight:700; } .ld_button_63343651397510 {line-height:1.5em; } .ld_button_63343651397510 {--element-line-height:1.5em; } .ld_button_63343651397510 {font-weight:700; } .ld_button_63343651397510 {line-height:1.5em; } .ld_button_63343651397510 {--element-line-height:1.5em; } .ld_button_63343651397510 {font-weight:700; } <\/style><a href=\"#70ebe590-c9d7-4953-8525-90c31ab57106\" title=\"Fatigue & Long+PostCovid\" target=\"_top\" class=\"btn btn-solid btn-xsm round border-thin btn-block btn-has-label ld_button_63343651397510 vc_custom_1662296250156\" ><span><span class=\"btn-txt\" data-text=\"Fatigue & Long+PostCovid\" >Fatigue & Long+PostCovid<\/span><\/span><\/a><\/p>\n<p>[\/vc_column_text]<style>.ld_spacer_69f07efc1c1a2{height:15px;}<\/style>\n<div class=\"ld-empty-space ld_spacer_69f07efc1c1a2\"><\/div>[\/vc_column_inner][vc_column_inner width=&#8220;1\/12&#8243;][vc_column_text]<style>\r\n\t\t.ld_button_6334365139753.btn-icon-solid:hover .btn-icon{background:rgb(22, 22, 22);}\r\n\t\t.ld_button_6334365139753:hover{background-color:rgb(22, 22, 22);border-color:rgb(22, 22, 22);}.ld_button_6334365139753 .btn-gradient-bg-hover{background:-webkit-linear-gradient(to right, rgb(22, 22, 22) 0%, rgb(22, 22, 22) 100%);background:linear-gradient(to right, rgb(22, 22, 22) 0%, rgb(22, 22, 22) 100%);}.ld_button_6334365139753:hover .btn-gradient-border defs stop:first-child{stop-color:rgb(22, 22, 22);}.ld_button_6334365139753:hover .btn-gradient-border defs stop:last-child{stop-color:rgb(22, 22, 22);}.ld_button_6334365139753 {line-height:1.5em; } .ld_button_6334365139753 {--element-line-height:1.5em; } .ld_button_6334365139753 {font-weight:700; } .ld_button_6334365139753 {line-height:1.5em; } .ld_button_6334365139753 {--element-line-height:1.5em; } .ld_button_6334365139753 {font-weight:700; } .ld_button_6334365139753 {line-height:1.5em; } .ld_button_6334365139753 {--element-line-height:1.5em; } .ld_button_6334365139753 {font-weight:700; } .ld_button_6334365139753 {line-height:1.5em; } .ld_button_6334365139753 {--element-line-height:1.5em; } .ld_button_6334365139753 {font-weight:700; } <\/style><a href=\"#Thema5\" title=\"Brandverletzung\" target=\"_top\" class=\"btn btn-solid btn-xsm round border-thin btn-block btn-has-label ld_button_6334365139753 vc_custom_1662296250156\" ><span><span class=\"btn-txt\" data-text=\"Brandverletzung\" >Brandverletzung<\/span><\/span><\/a>[\/vc_column_text]<style>.ld_spacer_69f07efc24d77{height:15px;}<\/style>\n<div class=\"ld-empty-space ld_spacer_69f07efc24d77\"><\/div>[\/vc_column_inner][vc_column_inner width=&#8220;1\/12&#8243;][vc_column_text]<style>\r\n\t\t.ld_button_63343651397511.btn-icon-solid:hover .btn-icon{background:rgb(22, 22, 22);}\r\n\t\t.ld_button_63343651397511:hover{background-color:rgb(22, 22, 22);border-color:rgb(22, 22, 22);}.ld_button_63343651397511 .btn-gradient-bg-hover{background:-webkit-linear-gradient(to right, rgb(22, 22, 22) 0%, rgb(22, 22, 22) 100%);background:linear-gradient(to right, rgb(22, 22, 22) 0%, rgb(22, 22, 22) 100%);}.ld_button_63343651397511:hover .btn-gradient-border defs stop:first-child{stop-color:rgb(22, 22, 22);}.ld_button_63343651397511:hover .btn-gradient-border defs stop:last-child{stop-color:rgb(22, 22, 22);}.ld_button_63343651397511 {line-height:1.5em; } .ld_button_63343651397511 {--element-line-height:1.5em; } .ld_button_63343651397511 {font-weight:700; } .ld_button_63343651397511 {line-height:1.5em; } .ld_button_63343651397511 {--element-line-height:1.5em; } .ld_button_63343651397511 {font-weight:700; } .ld_button_63343651397511 {line-height:1.5em; } .ld_button_63343651397511 {--element-line-height:1.5em; } .ld_button_63343651397511 {font-weight:700; } .ld_button_63343651397511 {line-height:1.5em; } .ld_button_63343651397511 {--element-line-height:1.5em; } .ld_button_63343651397511 {font-weight:700; } <\/style><a href=\"#4637ce87-7921-4d0b-bda0-7eb8ab5-0020\" title=\"Kognition\" target=\"_top\" class=\"btn btn-solid btn-xsm round border-thin btn-block btn-has-label ld_button_63343651397511 vc_custom_1662296250156\" ><span><span class=\"btn-txt\" data-text=\"Kognition\" >Kognition<\/span><\/span><\/a>[\/vc_column_text]<style>.ld_spacer_69f07efc2a64d{height:15px;}<\/style>\n<div class=\"ld-empty-space ld_spacer_69f07efc2a64d\"><\/div>[\/vc_column_inner][vc_column_inner width=&#8220;1\/12&#8243;][vc_column_text]<style>\r\n\t\t.ld_button_63343651397512.btn-icon-solid:hover .btn-icon{background:rgb(22, 22, 22);}\r\n\t\t.ld_button_63343651397512:hover{background-color:rgb(22, 22, 22);border-color:rgb(22, 22, 22);}.ld_button_63343651397512 .btn-gradient-bg-hover{background:-webkit-linear-gradient(to right, rgb(22, 22, 22) 0%, rgb(22, 22, 22) 100%);background:linear-gradient(to right, rgb(22, 22, 22) 0%, rgb(22, 22, 22) 100%);}.ld_button_63343651397512:hover .btn-gradient-border defs stop:first-child{stop-color:rgb(22, 22, 22);}.ld_button_63343651397512:hover .btn-gradient-border defs stop:last-child{stop-color:rgb(22, 22, 22);}.ld_button_63343651397512 {line-height:1.5em; } .ld_button_63343651397512 {--element-line-height:1.5em; } .ld_button_63343651397512 {font-weight:700; } .ld_button_63343651397512 {line-height:1.5em; } .ld_button_63343651397512 {--element-line-height:1.5em; } .ld_button_63343651397512 {font-weight:700; } .ld_button_63343651397512 {line-height:1.5em; } .ld_button_63343651397512 {--element-line-height:1.5em; } .ld_button_63343651397512 {font-weight:700; } .ld_button_63343651397512 {line-height:1.5em; } .ld_button_63343651397512 {--element-line-height:1.5em; } .ld_button_63343651397512 {font-weight:700; } <\/style><a href=\"#7dd77f27-e170-4ebf-abd4-8f2646c7f08d\" title=\"Demenz\" target=\"_top\" class=\"btn btn-solid btn-xsm round border-thin btn-block btn-has-label ld_button_63343651397512 vc_custom_1662296250156\" ><span><span class=\"btn-txt\" data-text=\"Demenz\" >Demenz<\/span><\/span><\/a>[\/vc_column_text]<style>.ld_spacer_69f07efc2cdc5{height:15px;}<\/style>\n<div class=\"ld-empty-space ld_spacer_69f07efc2cdc5\"><\/div>[\/vc_column_inner][vc_column_inner width=&#8220;1\/12&#8243;][vc_column_text]<style>\r\n\t\t.ld_button_63343651397513.btn-icon-solid:hover .btn-icon{background:rgb(22, 22, 22);}\r\n\t\t.ld_button_63343651397513:hover{background-color:rgb(22, 22, 22);border-color:rgb(22, 22, 22);}.ld_button_63343651397513 .btn-gradient-bg-hover{background:-webkit-linear-gradient(to right, rgb(22, 22, 22) 0%, rgb(22, 22, 22) 100%);background:linear-gradient(to right, rgb(22, 22, 22) 0%, rgb(22, 22, 22) 100%);}.ld_button_63343651397513:hover .btn-gradient-border defs stop:first-child{stop-color:rgb(22, 22, 22);}.ld_button_63343651397513:hover .btn-gradient-border defs stop:last-child{stop-color:rgb(22, 22, 22);}.ld_button_63343651397513 {line-height:1.5em; } .ld_button_63343651397513 {--element-line-height:1.5em; } .ld_button_63343651397513 {font-weight:700; } .ld_button_63343651397513 {line-height:1.5em; } .ld_button_63343651397513 {--element-line-height:1.5em; } .ld_button_63343651397513 {font-weight:700; } .ld_button_63343651397513 {line-height:1.5em; } .ld_button_63343651397513 {--element-line-height:1.5em; } .ld_button_63343651397513 {font-weight:700; } .ld_button_63343651397513 {line-height:1.5em; } .ld_button_63343651397513 {--element-line-height:1.5em; } .ld_button_63343651397513 {font-weight:700; } <\/style><a href=\"#Thema1\" title=\"Geriatrie\" target=\"_top\" class=\"btn btn-solid btn-xsm round border-thin btn-block btn-has-label ld_button_63343651397513 vc_custom_1662296250156\" ><span><span class=\"btn-txt\" data-text=\"Geriatrie\" >Geriatrie<\/span><\/span><\/a>[\/vc_column_text]<style>.ld_spacer_69f07efc2ec79{height:15px;}<\/style>\n<div class=\"ld-empty-space ld_spacer_69f07efc2ec79\"><\/div>[\/vc_column_inner][vc_column_inner width=&#8220;1\/12&#8243;][vc_column_text]<style>\r\n\t\t.ld_button_6334365139755.btn-icon-solid:hover .btn-icon{background:rgb(22, 22, 22);}\r\n\t\t.ld_button_6334365139755:hover{background-color:rgb(22, 22, 22);border-color:rgb(22, 22, 22);}.ld_button_6334365139755 .btn-gradient-bg-hover{background:-webkit-linear-gradient(to right, rgb(22, 22, 22) 0%, rgb(22, 22, 22) 100%);background:linear-gradient(to right, rgb(22, 22, 22) 0%, rgb(22, 22, 22) 100%);}.ld_button_6334365139755:hover .btn-gradient-border defs stop:first-child{stop-color:rgb(22, 22, 22);}.ld_button_6334365139755:hover .btn-gradient-border defs stop:last-child{stop-color:rgb(22, 22, 22);}.ld_button_6334365139755 {line-height:1.5em; } .ld_button_6334365139755 {--element-line-height:1.5em; } .ld_button_6334365139755 {font-weight:700; } .ld_button_6334365139755 {line-height:1.5em; } .ld_button_6334365139755 {--element-line-height:1.5em; } .ld_button_6334365139755 {font-weight:700; } .ld_button_6334365139755 {line-height:1.5em; } .ld_button_6334365139755 {--element-line-height:1.5em; } .ld_button_6334365139755 {font-weight:700; } .ld_button_6334365139755 {line-height:1.5em; } .ld_button_6334365139755 {--element-line-height:1.5em; } .ld_button_6334365139755 {font-weight:700; } <\/style><a href=\"#Thema4\" title=\"Pr\u00e4vention\" target=\"_top\" class=\"btn btn-solid btn-xsm round border-thin btn-block btn-has-label ld_button_6334365139755 vc_custom_1662296250156\" ><span><span class=\"btn-txt\" data-text=\"Pr\u00e4vention\" >Pr\u00e4vention<\/span><\/span><\/a>[\/vc_column_text]<style>.ld_spacer_69f07efc3096d{height:15px;}<\/style>\n<div class=\"ld-empty-space ld_spacer_69f07efc3096d\"><\/div>[\/vc_column_inner][\/vc_row_inner][vc_row_inner bwd_tbc4vd_show_weekday=&#8220;&#8220; gap=&#8220;5&#8243;][vc_column_inner width=&#8220;1\/12&#8243;][\/vc_column_inner][vc_column_inner width=&#8220;1\/12&#8243;][\/vc_column_inner][vc_column_inner width=&#8220;1\/12&#8243;][\/vc_column_inner][vc_column_inner width=&#8220;1\/12&#8243;][\/vc_column_inner][vc_column_inner width=&#8220;1\/12&#8243;]<style>.ld_button_69f07efc30b78.btn-icon-solid:hover .btn-icon{background:rgb(22, 22, 22);}.ld_button_69f07efc30b78:hover{background-color:rgb(22, 22, 22);border-color:rgb(22, 22, 22);}.ld_button_69f07efc30b78 .btn-gradient-bg-hover{background:-webkit-linear-gradient(to right, rgb(22, 22, 22) 0%, rgb(22, 22, 22) 100%);background:linear-gradient(to right, rgb(22, 22, 22) 0%, rgb(22, 22, 22) 100%);}.ld_button_69f07efc30b78:hover .btn-gradient-border defs stop:first-child{stop-color:rgb(22, 22, 22);}.ld_button_69f07efc30b78:hover .btn-gradient-border defs stop:last-child{stop-color:rgb(22, 22, 22);}.ld_button_69f07efc30b78 {line-height:1.5em; } .ld_button_69f07efc30b78 {--element-line-height:1.5em; } .ld_button_69f07efc30b78 {font-weight:700; } .ld_button_69f07efc30b78 {line-height:1.5em; } .ld_button_69f07efc30b78 {--element-line-height:1.5em; } .ld_button_69f07efc30b78 {font-weight:700; } .ld_button_69f07efc30b78 {line-height:1.5em; } .ld_button_69f07efc30b78 {--element-line-height:1.5em; } .ld_button_69f07efc30b78 {font-weight:700; } .ld_button_69f07efc30b78 {line-height:1.5em; } .ld_button_69f07efc30b78 {--element-line-height:1.5em; } .ld_button_69f07efc30b78 {font-weight:700; } <\/style><a href=\"http:\/\/www.ergowebinar.de\/intern\/deliver\/get_ergowebinar_pdf_kurzversion.php\" title=\"Seminare und Kurse Kurzform nach Thema 2023&amp;2024\" target=\"_blank\" class=\"btn btn-solid text-uppercase btn-xsm round border-thick btn-block btn-has-label ld_button_69f07efc30b78 vc_custom_1745849533004\" >\n\t<span>\n\t\n\t\t\t\t\t<span class=\"btn-txt\" data-text=\"Programm-PDF nach Thema\" >Programm-PDF nach Thema<\/span>\n\t\t\n\t\t\t\t\t<\/span>\n<\/a>\n[\/vc_column_inner][vc_column_inner width=&#8220;1\/12&#8243;]<style>.ld_button_69f07efc31728.btn-icon-solid:hover .btn-icon{background:rgb(22, 22, 22);}.ld_button_69f07efc31728:hover{background-color:rgb(22, 22, 22);border-color:rgb(22, 22, 22);}.ld_button_69f07efc31728 .btn-gradient-bg-hover{background:-webkit-linear-gradient(to right, rgb(22, 22, 22) 0%, rgb(22, 22, 22) 100%);background:linear-gradient(to right, rgb(22, 22, 22) 0%, rgb(22, 22, 22) 100%);}.ld_button_69f07efc31728:hover .btn-gradient-border defs stop:first-child{stop-color:rgb(22, 22, 22);}.ld_button_69f07efc31728:hover .btn-gradient-border defs stop:last-child{stop-color:rgb(22, 22, 22);}.ld_button_69f07efc31728 {line-height:1.5em; } .ld_button_69f07efc31728 {--element-line-height:1.5em; } .ld_button_69f07efc31728 {font-weight:700; } .ld_button_69f07efc31728 {line-height:1.5em; } .ld_button_69f07efc31728 {--element-line-height:1.5em; } .ld_button_69f07efc31728 {font-weight:700; } .ld_button_69f07efc31728 {line-height:1.5em; } .ld_button_69f07efc31728 {--element-line-height:1.5em; } .ld_button_69f07efc31728 {font-weight:700; } .ld_button_69f07efc31728 {line-height:1.5em; } .ld_button_69f07efc31728 {--element-line-height:1.5em; } .ld_button_69f07efc31728 {font-weight:700; } <\/style><a href=\"http:\/\/www.ergowebinar.de\/intern\/deliver\/get_ergowebinar_pdf_10tagesvorschau_langversion.php\" title=\"Seminare und Kurse ausf\u00fchrlich nach Datum 2023&amp;2024\" target=\"_blank\" class=\"btn btn-solid text-uppercase btn-xsm round border-thin btn-block btn-has-label ld_button_69f07efc31728 vc_custom_1745849558332\" >\n\t<span>\n\t\n\t\t\t\t\t<span class=\"btn-txt\" data-text=\"10-Tages-PDF nach Datum\" >10-Tages-PDF nach Datum<\/span>\n\t\t\n\t\t\t\t\t<\/span>\n<\/a>\n[\/vc_column_inner][vc_column_inner width=&#8220;1\/12&#8243;][\/vc_column_inner][vc_column_inner width=&#8220;1\/12&#8243;][\/vc_column_inner][vc_column_inner width=&#8220;1\/12&#8243;][\/vc_column_inner][vc_column_inner width=&#8220;1\/12&#8243;][vc_raw_html]JTNDZm9ybSUyMGlkJTNEJTIyc3VjaGZvcm11bGFyJTIyJTIwbmFtZSUzRCUyMnN1Y2hmb3JtdWxhciUyMiUyMG1ldGhvZCUzRCUyMnBvc3QlMjIlMjBhY3Rpb24lM0QlMjIlM0YlMjIlM0UlMEElM0NpbnB1dCUyMGlkJTNEJTIyb3V0bG9vayUyMiUyMG5hbWUlM0QlMjJvdXRsb29rJTIyJTIwc2l6ZSUzRCUyMjIwJTIyJTIwcGxhY2Vob2xkZXIlM0QlMjJTdWNoZSUyMGluJTIwU2VtaW5hcmVuJTIyJTIwdmFsdWUlM0QlMjIlMjIlMjB0eXBlJTNEJTIydGV4dCUyMiUyMGNsYXNzJTNEJTIyd3BjZjctZm9ybS1jb250cm9sJTIwd3BjZjctdGV4dCUyMiUyMHN0eWxlJTNEJTIyZm9udC13ZWlnaHQlM0E3MDAlM0IlMjBmb250LWZhbWlseSUzQSUyMCUyN0FyaWFsJTJDJTIwSGVsdmV0aWNhJTJDJTIwc2Fucy1zZXJpZiUyNyUyQyUyMHNhbnMtc2VyaWYlM0IlMjBmb250LXNpemUlM0ElMjAxM3B4JTNCJTIwYm9yZGVyJTNBJTIwMnB4JTIwcmVkJTIwc29saWQlMjFpbXBvcnRhbnQlM0IlMjBmbG9hdCUzQSUyMHJpZ2h0JTNCJTIwYm9yZGVyLXJhZGl1cyUzQSUyMDZweCUzQiUyMiUzRSUwQSUzQyUyRmZvcm0lM0U=[\/vc_raw_html][\/vc_column_inner][\/vc_row_inner][\/vc_column][\/vc_row][vc_row bwd_tbc4vd_show_weekday=&#8220;&#8220; css=&#8220;.vc_custom_1664525100962{padding-top: 60px !important;padding-bottom: 40px !important;}&#8220;][vc_column][vc_row_inner bwd_tbc4vd_show_weekday=&#8220;&#8220; disable_element=&#8220;yes&#8220;][vc_column_inner width=&#8220;1\/6&#8243;][vc_single_image image=&#8220;3880&#8243; onclick=&#8220;custom_link&#8220; enable_link=&#8220;enable_image_link&#8220; link=&#8220;url:https%3A%2F%2Fwww.ergowebinar.de%2Fcourses%2F62399779-62d0-4cda-a3f4-e4c50b7c9959%2Fdetail||target:%20_blank|&#8220;][\/vc_column_inner][vc_column_inner width=&#8220;1\/6&#8243;][vc_single_image image=&#8220;3882&#8243; onclick=&#8220;custom_link&#8220; enable_link=&#8220;enable_image_link&#8220; link=&#8220;url:https%3A%2F%2Fwww.ergowebinar.de%2Fcourses%2F4ef9cc23-dbfa-4aea-81d1-150dbc2fc842%2Fdetail||target:%20_blank|&#8220;][\/vc_column_inner][vc_column_inner width=&#8220;1\/6&#8243;][vc_single_image image=&#8220;3881&#8243; onclick=&#8220;custom_link&#8220; enable_link=&#8220;enable_image_link&#8220; link=&#8220;url:https%3A%2F%2Fwww.ergowebinar.de%2Fcourses%2F1f6ffa96-d489-4b1d-a8e2-7349462dc455%2Fdetail||target:%20_blank|&#8220;][\/vc_column_inner][vc_column_inner width=&#8220;1\/6&#8243;][vc_single_image image=&#8220;3883&#8243; onclick=&#8220;custom_link&#8220; enable_link=&#8220;enable_image_link&#8220; link=&#8220;url:https%3A%2F%2Fwww.ergowebinar.de%2Fcourses%2Fec470698-571e-4e18-8f55-fd17d9fb198d%2Fdetail||target:%20_blank|&#8220;][\/vc_column_inner][vc_column_inner width=&#8220;1\/6&#8243;][vc_single_image image=&#8220;3889&#8243; onclick=&#8220;custom_link&#8220; enable_link=&#8220;enable_image_link&#8220; link=&#8220;url:https%3A%2F%2Fwww.ergowebinar.de%2Fcourses%2Fd3874c66-111e-4c85-aadd-bd0cbc0e18ed%2Fdetail||target:%20_blank|&#8220;][\/vc_column_inner][vc_column_inner width=&#8220;1\/6&#8243;][vc_single_image image=&#8220;3888&#8243; onclick=&#8220;custom_link&#8220; enable_link=&#8220;enable_image_link&#8220; link=&#8220;url:https%3A%2F%2Fwww.ergowebinar.de%2Fcourses%2F41a03db2-9dca-4328-9eeb-42bbd4f42c7e%2Fdetail||target:%20_blank|&#8220;][\/vc_column_inner][\/vc_row_inner]<style>.ld_spacer_69f07efc31f2d{height:35px;}<\/style>\n<div class=\"ld-empty-space ld_spacer_69f07efc31f2d\"><\/div><style>.ld_fancy_heading_69f07efc32162 .lqd-highlight-inner{height:0.275em!important;bottom:0px!important;}<\/style><div class=\"ld-fancy-heading ld_fancy_heading_69f07efc32162\">\n\t<h1 class=\"ld-fh-element lqd-highlight-underline lqd-highlight-grow-left text-decoration-default\"   >  <style>.ldsemheadline {color:rgb(251, 34, 0);}.ldsemheadline {margin-bottom:0.6em !important;  } .ldsemheadline .lqd-highlight-inner{height:0.275em!important;bottom:0px!important;}.ldsemheadline {margin-bottom:0.6em !important;  margin-top:120px!important; } \r\n.sem_overlay {position: absolute; height: 105%; width: 110%; display: block; z-index: 999;text-align: center;}\r\n.sem_overlay a {display: none; margin-top: 50px;}\r\n.sem_overlay:hover {background-color: rgba(0, 0, 0, 0.1);}\r\n.sem_overlay:hover a {display: inline-block; margin-top: 50px;}\r\n.jetztstartenbutton{background-color: rgb(213, 161, 21)!important; padding: 7px;}\r\n.nichtdabutton{background-color: rgb(238, 111, 21)!important; padding: 7px; font-size:10px;}\r\n.sempreis {float: right; color: rgb(213, 161, 21); margin: 0px!important;; padding:0Px!important;}\r\n.semmwst {clear: both; float: right; color: rgb(213, 161, 21); font-size:8px; line-height: 8px; margin: 0px!important;; padding:0Px!important;}\r\n.calendarline {font-size: 10px; margin-top: 2px!important; margin-bottom: 2px!important; line-height: 14px;}\r\n.calendar_icon {width:10px; margin-right: 5px; position: relative; top: +2px;}\r\n.liquid_vc_single_image {position: relative;}\r\n.liquid_vc_single_image img {max-width: 181px;}\r\n.liquid_vc_single_image h6{color:rgb(251, 34, 0);}\r\n.liquid_vc_single_image h6 {font-size:10px;} \r\n.liquid_vc_single_image h6 {font-weight:400; letter-spacing: 0;} \r\n.liquid_vc_single_image h6 {margin-bottom:0 !important;  } \r\n.liquid_vc_single_image h6 {text-transform: none; }\r\n.liquid_vc_single_image a {text-decoration: none; letter-spacing: 0;} \r\n.vc_single_image-img { border-radius: 6px!important;}\r\n.liquid_vc_single_text {font-size:10px; line-height: 12px;}\r\n<\/style>\r\n\t\t\t\t<a name=\"seminarenachdatum\"><\/a>\r\n\t\t\t\t<a name=\"keine28\"><\/a>\r\n\t\t\t\t<h2 class=\"ld-fh-element lqd-highlight-underline lqd-highlight-grow-left text-decoration-default h3 ldsemheadline\">April 2026<\/h2>\r\n\t\t\t\t\t\t\t<div class=\"vc_row vc_inner\">\r\n\t\t\t<div class=\"ld-container container-fluid\">\r\n\t\t\t<div class=\"row ld-row ld-row-inner\">\r\n\t\t\t\t\t\t\t<div class=\"wpb_column vc_column_container vc_col-sm-2\">\r\n\t\t\t\t\t<div class=\"vc_column-inner \" >\r\n\t\t\t\t\t\t<div class=\"wpb_wrapper\" >\r\n\t\t\t\t\t\t\t<div class=\"wpb_single_image wpb_content_element vc_align_ liquid_vc_single_image\">\r\n\t\t\t\t\t\t\t\t\t\t\t\t\t\t\t\t\t<div class=\"sem_overlay\" ><a href=\"https:\/\/\r\n\t\t\t\t\t\t\t\t\tonline.therapie.ergowebinar.de\/de\/e\/Sensibilitaet-in-der-Neuroreha-2-FP-182?\r\n\t\t\t\t\t\t\t\t\t\t\t\t\t\t\t\t\t\t\" class=\"btn btn-solid btn-xsm round border-thin btn-has-label jetztstartenbutton\">klicken f\u00fcr Details<\/a><\/div>\r\n\t\t\t\t\t\t\t\t\t\t\t\t\t\t\t\t\t<figure class=\"wpb_wrapper vc_figure\">\r\n\t\t\t\t\t\t\t\t\t<a href=\"https:\/\/online.therapie.ergowebinar.de\/de\/e\/Sensibilitaet-in-der-Neuroreha-2-FP-182?\r\n\t\t\t\t\t\t\t\t\t\" title=\"Sie sehen eine Hand, die mit den Fingerspitzen ein wenig \u00fcber einen Wasserfl\u00e4che streicht, als Assoziation zum Webseminar f\u00fcr Ergotherapie + Physiotherapie in der Rehabilitation von Schlaganfall + Apoplex in Klinik + Praxis\" target=\"_blank\">\r\n\t\t\t\t\t\t\t\t\t\t<img decoding=\"async\" width=\"475\" src=\"https:\/\/www.ergowebinar.de\/intern\/parsed_images\/1b3d66c0-9758-4a94-9039-e1e5ad3fbe45.jpg\" class=\"vc_single_image-img attachment-full\" alt=\"Sie sehen eine Hand, die mit den Fingerspitzen ein wenig \u00fcber einen Wasserfl\u00e4che streicht, als Assoziation zum Webseminar f\u00fcr Ergotherapie + Physiotherapie in der Rehabilitation von Schlaganfall + Apoplex in Klinik + Praxis\" title=\"Sie sehen eine Hand, die mit den Fingerspitzen ein wenig \u00fcber einen Wasserfl\u00e4che streicht, als Assoziation zum Webseminar f\u00fcr Ergotherapie + Physiotherapie in der Rehabilitation von Schlaganfall + Apoplex in Klinik + Praxis\" srcset=\"https:\/\/www.ergowebinar.de\/intern\/parsed_images\/1b3d66c0-9758-4a94-9039-e1e5ad3fbe45.jpg 475w, https:\/\/www.ergowebinar.de\/intern\/parsed_images\/1b3d66c0-9758-4a94-9039-e1e5ad3fbe45.jpg 275w\" sizes=\"(max-width: 475px) 100vw, 475px\" itemprop=\"image\" \/>\r\n\t\t\t\t\t\t\t\t\t\t<h6>Sensibilit\u00e4t in der Neuroreha [2 FP]<\/h6>\r\n\t\t\t\t\t\t\t\t\t\t\t\t\t\t\t\t\t\t\t\t\t<p class=\"calendarline\"><img decoding=\"async\" class=\"calendar_icon\" src=\"https:\/\/www.ergowebinar.de\/intern\/images\/calendar.png\">28.04.2026 18:30 - 19:30<\/p>\t\r\n\t\t\t\t\t\t\t\t\t\t\t\t\t\t\t\t\t\t\t\t\t<p class=\"liquid_vc_single_text\">Das Thema Sensibilit&auml;t hat in der Neuroreha einen hohen Stellenwert. Ohne sensorisches Feedback gibt es keine Anpassung der motorischen Kontrolle. Wir besch&auml;ftigen uns mit den drei Aspekten von ...<\/p>\r\n\t\t\t\t\t\t\t\t\t\t\t\t\t\t\t\t\t\t\t\t\t<p class=\"sempreis\">49 \u20ac<\/p>\r\n\t\t\t\t\t\t\t\t\t\t\t\t\t\t\t\t\t\t\t\t\t\t\t<p class=\"semmwst\"><\/p>\r\n\t\t\t\t\t\t\t\t\t\t\t\t\t\t\t\t\t\t\t\t\t\t\t\r\n\t\t\t\t\t\t\t\t\t<\/a>\r\n\t\t\t\t\t\t\t\t<\/figure>\r\n\t\t\t\t\t\t\t\t\r\n\t\t\t\t\t\t\t<\/div>\r\n\t\t\t\t\t\t\t\t\t\t\t\t\t\t\r\n\t\t\t\t\t\t<\/div>\r\n\t\t\t\t\t<\/div>\r\n\t\t\t\t<\/div>\r\n\t\t\t\t\t\t\t\t<div class=\"wpb_column vc_column_container vc_col-sm-2\">\r\n\t\t\t\t\t<div class=\"vc_column-inner \" >\r\n\t\t\t\t\t\t<div class=\"wpb_wrapper\" >\r\n\t\t\t\t\t\t\t<div class=\"wpb_single_image wpb_content_element vc_align_ liquid_vc_single_image\">\r\n\t\t\t\t\t\t\t\t\t\t\t\t\t\t\t\t\t<div class=\"sem_overlay\" ><a href=\"https:\/\/\r\n\t\t\t\t\t\t\t\t\tonline.therapie.ergowebinar.de\/de\/e\/Feinmotorik-Ideenbox-3-2-FP-184?\r\n\t\t\t\t\t\t\t\t\t\t\t\t\t\t\t\t\t\t\" class=\"btn btn-solid btn-xsm round border-thin btn-has-label jetztstartenbutton\">klicken f\u00fcr Details<\/a><\/div>\r\n\t\t\t\t\t\t\t\t\t\t\t\t\t\t\t\t\t<figure class=\"wpb_wrapper vc_figure\">\r\n\t\t\t\t\t\t\t\t\t<a href=\"https:\/\/online.therapie.ergowebinar.de\/de\/e\/Feinmotorik-Ideenbox-3-2-FP-184?\r\n\t\t\t\t\t\t\t\t\t\" title=\"Sie sehen eine Hand, die ein Gl\u00fchbirne in eine Stehlampe einschraubt, als Assoziation zum Webseminar f\u00fcr Ergotherapie + Physiotherapie in der Rehabilitation von Schlaganfall + Apoplex in Klinik + Praxis\" target=\"_blank\">\r\n\t\t\t\t\t\t\t\t\t\t<img decoding=\"async\" width=\"475\" src=\"https:\/\/www.ergowebinar.de\/intern\/parsed_images\/e28dcbd2-5943-4328-875f-24dab9bffce3.jpg\" class=\"vc_single_image-img attachment-full\" alt=\"Sie sehen eine Hand, die ein Gl\u00fchbirne in eine Stehlampe einschraubt, als Assoziation zum Webseminar f\u00fcr Ergotherapie + Physiotherapie in der Rehabilitation von Schlaganfall + Apoplex in Klinik + Praxis\" title=\"Sie sehen eine Hand, die ein Gl\u00fchbirne in eine Stehlampe einschraubt, als Assoziation zum Webseminar f\u00fcr Ergotherapie + Physiotherapie in der Rehabilitation von Schlaganfall + Apoplex in Klinik + Praxis\" srcset=\"https:\/\/www.ergowebinar.de\/intern\/parsed_images\/e28dcbd2-5943-4328-875f-24dab9bffce3.jpg 475w, https:\/\/www.ergowebinar.de\/intern\/parsed_images\/e28dcbd2-5943-4328-875f-24dab9bffce3.jpg 275w\" sizes=\"(max-width: 475px) 100vw, 475px\" itemprop=\"image\" \/>\r\n\t\t\t\t\t\t\t\t\t\t<h6>Feinmotorik Ideenbox 3 [2 FP]<\/h6>\r\n\t\t\t\t\t\t\t\t\t\t\t\t\t\t\t\t\t\t\t\t\t<p class=\"calendarline\"><img decoding=\"async\" class=\"calendar_icon\" src=\"https:\/\/www.ergowebinar.de\/intern\/images\/calendar.png\">28.04.2026 20:00 - 21:00<\/p>\t\r\n\t\t\t\t\t\t\t\t\t\t\t\t\t\t\t\t\t\t\t\t\t<p class=\"liquid_vc_single_text\">Therapieideen f&uuml;r die hochautomatisierte Handmotorik - In dieser Box ist der Schwerpunkt bei Top-Down Strategien und der Kompensation mit gelingender Handlung im Alltag. Es gibt nat&uuml;rlich gute ...<\/p>\r\n\t\t\t\t\t\t\t\t\t\t\t\t\t\t\t\t\t\t\t\t\t<p class=\"sempreis\">49 \u20ac<\/p>\r\n\t\t\t\t\t\t\t\t\t\t\t\t\t\t\t\t\t\t\t\t\t\t\t<p class=\"semmwst\"><\/p>\r\n\t\t\t\t\t\t\t\t\t\t\t\t\t\t\t\t\t\t\t\t\t\t\t\r\n\t\t\t\t\t\t\t\t\t<\/a>\r\n\t\t\t\t\t\t\t\t<\/figure>\r\n\t\t\t\t\t\t\t\t\r\n\t\t\t\t\t\t\t<\/div>\r\n\t\t\t\t\t\t\t\t\t\t\t\t\t\t\r\n\t\t\t\t\t\t<\/div>\r\n\t\t\t\t\t<\/div>\r\n\t\t\t\t<\/div>\r\n\t\t\t\t\t\t\t\t<div class=\"wpb_column vc_column_container vc_col-sm-2\">\r\n\t\t\t\t\t<div class=\"vc_column-inner \" >\r\n\t\t\t\t\t\t<div class=\"wpb_wrapper\" >\r\n\t\t\t\t\t\t\t<div class=\"wpb_single_image wpb_content_element vc_align_ liquid_vc_single_image\">\r\n\t\t\t\t\t\t\t\t\t\t\t\t\t\t\t\t\t<div class=\"sem_overlay\" ><a href=\"https:\/\/\r\n\t\t\t\t\t\t\t\t\tonline.therapie.ergowebinar.de\/de\/e\/Fatigue-Brain-Fog-den-Nebel-lichten-2FP-147?\r\n\t\t\t\t\t\t\t\t\t\t\t\t\t\t\t\t\t\t\" class=\"btn btn-solid btn-xsm round border-thin btn-has-label jetztstartenbutton\">klicken f\u00fcr Details<\/a><\/div>\r\n\t\t\t\t\t\t\t\t\t\t\t\t\t\t\t\t\t<figure class=\"wpb_wrapper vc_figure\">\r\n\t\t\t\t\t\t\t\t\t<a href=\"https:\/\/online.therapie.ergowebinar.de\/de\/e\/Fatigue-Brain-Fog-den-Nebel-lichten-2FP-147?\r\n\t\t\t\t\t\t\t\t\t\" title=\"Sie sehen in einem nebeligen Wald eine Frau von hinten  als Assoziation zum Webseminar f\u00fcr Ergotherapie + Physiotherapie in der Rehabilitation von Long + Post Covid + Schmerzreha + NeuroReha + Fatigue in Klinik + Praxis\" target=\"_blank\">\r\n\t\t\t\t\t\t\t\t\t\t<img decoding=\"async\" width=\"475\" src=\"https:\/\/www.ergowebinar.de\/intern\/parsed_images\/ea5b53a6-1f20-427d-a255-4c5032bc3eff.jpg\" class=\"vc_single_image-img attachment-full\" alt=\"Sie sehen in einem nebeligen Wald eine Frau von hinten  als Assoziation zum Webseminar f\u00fcr Ergotherapie + Physiotherapie in der Rehabilitation von Long + Post Covid + Schmerzreha + NeuroReha + Fatigue in Klinik + Praxis\" title=\"Sie sehen in einem nebeligen Wald eine Frau von hinten  als Assoziation zum Webseminar f\u00fcr Ergotherapie + Physiotherapie in der Rehabilitation von Long + Post Covid + Schmerzreha + NeuroReha + Fatigue in Klinik + Praxis\" srcset=\"https:\/\/www.ergowebinar.de\/intern\/parsed_images\/ea5b53a6-1f20-427d-a255-4c5032bc3eff.jpg 475w, https:\/\/www.ergowebinar.de\/intern\/parsed_images\/ea5b53a6-1f20-427d-a255-4c5032bc3eff.jpg 275w\" sizes=\"(max-width: 475px) 100vw, 475px\" itemprop=\"image\" \/>\r\n\t\t\t\t\t\t\t\t\t\t<h6>Fatigue \u2013 Brain Fog - den Nebel lichten [2FP]<\/h6>\r\n\t\t\t\t\t\t\t\t\t\t\t\t\t\t\t\t\t\t\t\t\t<p class=\"calendarline\"><img decoding=\"async\" class=\"calendar_icon\" src=\"https:\/\/www.ergowebinar.de\/intern\/images\/calendar.png\">29.04.2026 19:00 - 20:00<\/p>\t\r\n\t\t\t\t\t\t\t\t\t\t\t\t\t\t\t\t\t\t\t\t\t<p class=\"liquid_vc_single_text\">\r\n\r\n\r\n\r\nEinstige Routineaufgaben wie Einkaufen gehen, Formulare ausf&uuml;llen aber auch die Teilnahme an sozialen Aktivit&auml;ten werden durch den Brain Fog zur Herausforderung. Brain Fog beeinflusst ...<\/p>\r\n\t\t\t\t\t\t\t\t\t\t\t\t\t\t\t\t\t\t\t\t\t<p class=\"sempreis\">49 \u20ac<\/p>\r\n\t\t\t\t\t\t\t\t\t\t\t\t\t\t\t\t\t\t\t\t\t\t\t<p class=\"semmwst\"><\/p>\r\n\t\t\t\t\t\t\t\t\t\t\t\t\t\t\t\t\t\t\t\t\t\t\t\r\n\t\t\t\t\t\t\t\t\t<\/a>\r\n\t\t\t\t\t\t\t\t<\/figure>\r\n\t\t\t\t\t\t\t\t\r\n\t\t\t\t\t\t\t<\/div>\r\n\t\t\t\t\t\t\t\t\t\t\t\t\t\t\r\n\t\t\t\t\t\t<\/div>\r\n\t\t\t\t\t<\/div>\r\n\t\t\t\t<\/div>\r\n\t\t\t\t\t\t\t<\/div><\/div><\/div>\r\n\t\t\t\t\t\t\t<a name=\"seminarenachdatum\"><\/a>\r\n\t\t\t\t<a name=\"keine29\"><\/a>\r\n\t\t\t\t<h2 class=\"ld-fh-element lqd-highlight-underline lqd-highlight-grow-left text-decoration-default h3 ldsemheadline\">Mai 2026<\/h2>\r\n\t\t\t\t\t\t\t<div class=\"vc_row vc_inner\">\r\n\t\t\t<div class=\"ld-container container-fluid\">\r\n\t\t\t<div class=\"row ld-row ld-row-inner\">\r\n\t\t\t\t\t\t\t<div class=\"wpb_column vc_column_container vc_col-sm-2\">\r\n\t\t\t\t\t<div class=\"vc_column-inner \" >\r\n\t\t\t\t\t\t<div class=\"wpb_wrapper\" >\r\n\t\t\t\t\t\t\t<div class=\"wpb_single_image wpb_content_element vc_align_ liquid_vc_single_image\">\r\n\t\t\t\t\t\t\t\t\t\t\t\t\t\t\t\t\t<div class=\"sem_overlay\" ><a href=\"https:\/\/\r\n\t\t\t\t\t\t\t\t\tonline.therapie.ergowebinar.de\/de\/e\/Schmerzreha-Angst-vor-Bewegung-2FP-113?\r\n\t\t\t\t\t\t\t\t\t\t\t\t\t\t\t\t\t\t\" class=\"btn btn-solid btn-xsm round border-thin btn-has-label jetztstartenbutton\">klicken f\u00fcr Details<\/a><\/div>\r\n\t\t\t\t\t\t\t\t\t\t\t\t\t\t\t\t\t<figure class=\"wpb_wrapper vc_figure\">\r\n\t\t\t\t\t\t\t\t\t<a href=\"https:\/\/online.therapie.ergowebinar.de\/de\/e\/Schmerzreha-Angst-vor-Bewegung-2FP-113?\r\n\t\t\t\t\t\t\t\t\t\" title=\"Sie sehen einen T\u00e4nzer mit starken Arm- und Beinbewegungen in Langzeitbelichtung als Assoziation zum Webseminar zur SchmerzReha f\u00fcr Ergotherapie + Physiotherapie in der Rehabilitation von Bewegungsangst bei Schmerzbetroffenen in Klinik + Praxis\" target=\"_blank\">\r\n\t\t\t\t\t\t\t\t\t\t<img decoding=\"async\" width=\"475\" src=\"https:\/\/www.ergowebinar.de\/intern\/parsed_images\/a73e24b3-dc5b-4f17-bbfb-08a625abd2e1.jpg\" class=\"vc_single_image-img attachment-full\" alt=\"Sie sehen einen T\u00e4nzer mit starken Arm- und Beinbewegungen in Langzeitbelichtung als Assoziation zum Webseminar zur SchmerzReha f\u00fcr Ergotherapie + Physiotherapie in der Rehabilitation von Bewegungsangst bei Schmerzbetroffenen in Klinik + Praxis\" title=\"Sie sehen einen T\u00e4nzer mit starken Arm- und Beinbewegungen in Langzeitbelichtung als Assoziation zum Webseminar zur SchmerzReha f\u00fcr Ergotherapie + Physiotherapie in der Rehabilitation von Bewegungsangst bei Schmerzbetroffenen in Klinik + Praxis\" srcset=\"https:\/\/www.ergowebinar.de\/intern\/parsed_images\/a73e24b3-dc5b-4f17-bbfb-08a625abd2e1.jpg 475w, https:\/\/www.ergowebinar.de\/intern\/parsed_images\/a73e24b3-dc5b-4f17-bbfb-08a625abd2e1.jpg 275w\" sizes=\"(max-width: 475px) 100vw, 475px\" itemprop=\"image\" \/>\r\n\t\t\t\t\t\t\t\t\t\t<h6>Schmerzreha - Angst vor Bewegung [2FP]<\/h6>\r\n\t\t\t\t\t\t\t\t\t\t\t\t\t\t\t\t\t\t\t\t\t<p class=\"calendarline\"><img decoding=\"async\" class=\"calendar_icon\" src=\"https:\/\/www.ergowebinar.de\/intern\/images\/calendar.png\">05.05.2026 16:30 - 17:30<\/p>\t\r\n\t\t\t\t\t\t\t\t\t\t\t\t\t\t\t\t\t\t\t\t\t<p class=\"liquid_vc_single_text\">Wer kennt es nicht, wenn Betroffene in der Therapie gewisse Bet&auml;tigungen und Bewegungen im Alltag vermeiden? Bei akutem Schmerz ist das ein nat&uuml;rlicher Verhaltensschutz, bei chronischem Schmerz ...<\/p>\r\n\t\t\t\t\t\t\t\t\t\t\t\t\t\t\t\t\t\t\t\t\t<p class=\"sempreis\">49 \u20ac<\/p>\r\n\t\t\t\t\t\t\t\t\t\t\t\t\t\t\t\t\t\t\t\t\t\t\t<p class=\"semmwst\"><\/p>\r\n\t\t\t\t\t\t\t\t\t\t\t\t\t\t\t\t\t\t\t\t\t\t\t\r\n\t\t\t\t\t\t\t\t\t<\/a>\r\n\t\t\t\t\t\t\t\t<\/figure>\r\n\t\t\t\t\t\t\t\t\r\n\t\t\t\t\t\t\t<\/div>\r\n\t\t\t\t\t\t\t\t\t\t\t\t\t\t\r\n\t\t\t\t\t\t<\/div>\r\n\t\t\t\t\t<\/div>\r\n\t\t\t\t<\/div>\r\n\t\t\t\t\t\t\t\t<div class=\"wpb_column vc_column_container vc_col-sm-2\">\r\n\t\t\t\t\t<div class=\"vc_column-inner \" >\r\n\t\t\t\t\t\t<div class=\"wpb_wrapper\" >\r\n\t\t\t\t\t\t\t<div class=\"wpb_single_image wpb_content_element vc_align_ liquid_vc_single_image\">\r\n\t\t\t\t\t\t\t\t\t\t\t\t\t\t\t\t\t<div class=\"sem_overlay\" ><a href=\"https:\/\/\r\n\t\t\t\t\t\t\t\t\tonline.therapie.ergowebinar.de\/de\/e\/Parkinson-Basiswissen-und-ergotherapeutische-Therapie-2FP-137?\r\n\t\t\t\t\t\t\t\t\t\t\t\t\t\t\t\t\t\t\" class=\"btn btn-solid btn-xsm round border-thin btn-has-label jetztstartenbutton\">klicken f\u00fcr Details<\/a><\/div>\r\n\t\t\t\t\t\t\t\t\t\t\t\t\t\t\t\t\t<figure class=\"wpb_wrapper vc_figure\">\r\n\t\t\t\t\t\t\t\t\t<a href=\"https:\/\/online.therapie.ergowebinar.de\/de\/e\/Parkinson-Basiswissen-und-ergotherapeutische-Therapie-2FP-137?\r\n\t\t\t\t\t\t\t\t\t\" title=\"Sie sehen eine Frau am Meer, die schnell die Arme schwenkt, als Assoziation zum Webseminar zum Basiswissen \u00fcber Parkinson in Ergotherapie + Physiotherapie in der Rehabilitation von Parkinsonbetroffenen in Klinik + Praxis\" target=\"_blank\">\r\n\t\t\t\t\t\t\t\t\t\t<img decoding=\"async\" width=\"475\" src=\"https:\/\/www.ergowebinar.de\/intern\/parsed_images\/f05f83ac-eac5-430a-8caf-f92308e6fd95.jpg\" class=\"vc_single_image-img attachment-full\" alt=\"Sie sehen eine Frau am Meer, die schnell die Arme schwenkt, als Assoziation zum Webseminar zum Basiswissen \u00fcber Parkinson in Ergotherapie + Physiotherapie in der Rehabilitation von Parkinsonbetroffenen in Klinik + Praxis\" title=\"Sie sehen eine Frau am Meer, die schnell die Arme schwenkt, als Assoziation zum Webseminar zum Basiswissen \u00fcber Parkinson in Ergotherapie + Physiotherapie in der Rehabilitation von Parkinsonbetroffenen in Klinik + Praxis\" srcset=\"https:\/\/www.ergowebinar.de\/intern\/parsed_images\/f05f83ac-eac5-430a-8caf-f92308e6fd95.jpg 475w, https:\/\/www.ergowebinar.de\/intern\/parsed_images\/f05f83ac-eac5-430a-8caf-f92308e6fd95.jpg 275w\" sizes=\"(max-width: 475px) 100vw, 475px\" itemprop=\"image\" \/>\r\n\t\t\t\t\t\t\t\t\t\t<h6>Parkinson - Basiswissen und ergotherapeutische Therapie [2FP]<\/h6>\r\n\t\t\t\t\t\t\t\t\t\t\t\t\t\t\t\t\t\t\t\t\t<p class=\"calendarline\"><img decoding=\"async\" class=\"calendar_icon\" src=\"https:\/\/www.ergowebinar.de\/intern\/images\/calendar.png\">05.05.2026 18:00 - 19:00<\/p>\t\r\n\t\t\t\t\t\t\t\t\t\t\t\t\t\t\t\t\t\t\t\t\t<p class=\"liquid_vc_single_text\">Morbus Parkinson als fortschreitende, chronische, neurodegenerative Erkrankung beeinflusst den Alltag und die Lebensqualit&auml;t von Betroffenen auf vielf&auml;ltige Weise. In der Behandlung ber&uuml;cksichtigen ...<\/p>\r\n\t\t\t\t\t\t\t\t\t\t\t\t\t\t\t\t\t\t\t\t\t<p class=\"sempreis\">49 \u20ac<\/p>\r\n\t\t\t\t\t\t\t\t\t\t\t\t\t\t\t\t\t\t\t\t\t\t\t<p class=\"semmwst\"><\/p>\r\n\t\t\t\t\t\t\t\t\t\t\t\t\t\t\t\t\t\t\t\t\t\t\t\r\n\t\t\t\t\t\t\t\t\t<\/a>\r\n\t\t\t\t\t\t\t\t<\/figure>\r\n\t\t\t\t\t\t\t\t\r\n\t\t\t\t\t\t\t<\/div>\r\n\t\t\t\t\t\t\t\t\t\t\t\t\t\t\r\n\t\t\t\t\t\t<\/div>\r\n\t\t\t\t\t<\/div>\r\n\t\t\t\t<\/div>\r\n\t\t\t\t\t\t\t\t<div class=\"wpb_column vc_column_container vc_col-sm-2\">\r\n\t\t\t\t\t<div class=\"vc_column-inner \" >\r\n\t\t\t\t\t\t<div class=\"wpb_wrapper\" >\r\n\t\t\t\t\t\t\t<div class=\"wpb_single_image wpb_content_element vc_align_ liquid_vc_single_image\">\r\n\t\t\t\t\t\t\t\t\t\t\t\t\t\t\t\t\t<div class=\"sem_overlay\" ><a href=\"https:\/\/\r\n\t\t\t\t\t\t\t\t\tonline.therapie.ergowebinar.de\/de\/e\/Rheuma-Ellenbogen-Befund-und-Behandlung-2-FP-100?\r\n\t\t\t\t\t\t\t\t\t\t\t\t\t\t\t\t\t\t\" class=\"btn btn-solid btn-xsm round border-thin btn-has-label jetztstartenbutton\">klicken f\u00fcr Details<\/a><\/div>\r\n\t\t\t\t\t\t\t\t\t\t\t\t\t\t\t\t\t<figure class=\"wpb_wrapper vc_figure\">\r\n\t\t\t\t\t\t\t\t\t<a href=\"https:\/\/online.therapie.ergowebinar.de\/de\/e\/Rheuma-Ellenbogen-Befund-und-Behandlung-2-FP-100?\r\n\t\t\t\t\t\t\t\t\t\" title=\"Sie sehen einen gebeugten Arm mit angespanntem Bizeps als Assoziation zum Webseminar bei Ellenbogenbeschwerden bei Rheuma f\u00fcr Ergotherapie + Physiotherapie in der Rehabilitation von Orthop\u00e4die und Rheumatologie in Klinik + Praxis\" target=\"_blank\">\r\n\t\t\t\t\t\t\t\t\t\t<img decoding=\"async\" width=\"475\" src=\"https:\/\/www.ergowebinar.de\/intern\/parsed_images\/b7cda208-a0ae-480f-8666-975cf59126eb.jpg\" class=\"vc_single_image-img attachment-full\" alt=\"Sie sehen einen gebeugten Arm mit angespanntem Bizeps als Assoziation zum Webseminar bei Ellenbogenbeschwerden bei Rheuma f\u00fcr Ergotherapie + Physiotherapie in der Rehabilitation von Orthop\u00e4die und Rheumatologie in Klinik + Praxis\" title=\"Sie sehen einen gebeugten Arm mit angespanntem Bizeps als Assoziation zum Webseminar bei Ellenbogenbeschwerden bei Rheuma f\u00fcr Ergotherapie + Physiotherapie in der Rehabilitation von Orthop\u00e4die und Rheumatologie in Klinik + Praxis\" srcset=\"https:\/\/www.ergowebinar.de\/intern\/parsed_images\/b7cda208-a0ae-480f-8666-975cf59126eb.jpg 475w, https:\/\/www.ergowebinar.de\/intern\/parsed_images\/b7cda208-a0ae-480f-8666-975cf59126eb.jpg 275w\" sizes=\"(max-width: 475px) 100vw, 475px\" itemprop=\"image\" \/>\r\n\t\t\t\t\t\t\t\t\t\t<h6>Rheuma - Ellenbogen Befund und Behandlung [2 FP]<\/h6>\r\n\t\t\t\t\t\t\t\t\t\t\t\t\t\t\t\t\t\t\t\t\t<p class=\"calendarline\"><img decoding=\"async\" class=\"calendar_icon\" src=\"https:\/\/www.ergowebinar.de\/intern\/images\/calendar.png\">05.05.2026 18:00 - 19:00<\/p>\t\r\n\t\t\t\t\t\t\t\t\t\t\t\t\t\t\t\t\t\t\t\t\t<p class=\"liquid_vc_single_text\">Der Ellenbogen ist ein oft &uuml;bersehenes Gelenk, besonders wenn andere Gelenke deutlich sichtbarer betroffen sind. Schwerpunkt des Webinars ist die Vorstellung eines typischen Befundes und die daraus ...<\/p>\r\n\t\t\t\t\t\t\t\t\t\t\t\t\t\t\t\t\t\t\t\t\t<p class=\"sempreis\">49 \u20ac<\/p>\r\n\t\t\t\t\t\t\t\t\t\t\t\t\t\t\t\t\t\t\t\t\t\t\t<p class=\"semmwst\"><\/p>\r\n\t\t\t\t\t\t\t\t\t\t\t\t\t\t\t\t\t\t\t\t\t\t\t\r\n\t\t\t\t\t\t\t\t\t<\/a>\r\n\t\t\t\t\t\t\t\t<\/figure>\r\n\t\t\t\t\t\t\t\t\r\n\t\t\t\t\t\t\t<\/div>\r\n\t\t\t\t\t\t\t\t\t\t\t\t\t\t\r\n\t\t\t\t\t\t<\/div>\r\n\t\t\t\t\t<\/div>\r\n\t\t\t\t<\/div>\r\n\t\t\t\t\t\t\t\t<div class=\"wpb_column vc_column_container vc_col-sm-2\">\r\n\t\t\t\t\t<div class=\"vc_column-inner \" >\r\n\t\t\t\t\t\t<div class=\"wpb_wrapper\" >\r\n\t\t\t\t\t\t\t<div class=\"wpb_single_image wpb_content_element vc_align_ liquid_vc_single_image\">\r\n\t\t\t\t\t\t\t\t\t\t\t\t\t\t\t\t\t<div class=\"sem_overlay\" ><a href=\"https:\/\/\r\n\t\t\t\t\t\t\t\t\tonline.therapie.ergowebinar.de\/de\/e\/Hantierfunktion-bei-Hemiparese-nach-Schlaganfall-2-FP-185?\r\n\t\t\t\t\t\t\t\t\t\t\t\t\t\t\t\t\t\t\" class=\"btn btn-solid btn-xsm round border-thin btn-has-label jetztstartenbutton\">klicken f\u00fcr Details<\/a><\/div>\r\n\t\t\t\t\t\t\t\t\t\t\t\t\t\t\t\t\t<figure class=\"wpb_wrapper vc_figure\">\r\n\t\t\t\t\t\t\t\t\t<a href=\"https:\/\/online.therapie.ergowebinar.de\/de\/e\/Hantierfunktion-bei-Hemiparese-nach-Schlaganfall-2-FP-185?\r\n\t\t\t\t\t\t\t\t\t\" title=\"Sie sehen die Fingerspitzen einer Hand von oben, die nach einem gef\u00fcllten Becher greift, als Assoziation zum Webseminar f\u00fcr Ergotherapie + Physiotherapie in der Rehabilitation von Schlaganfall + Apoplex in Klinik + Praxis\" target=\"_blank\">\r\n\t\t\t\t\t\t\t\t\t\t<img decoding=\"async\" width=\"475\" src=\"https:\/\/www.ergowebinar.de\/intern\/parsed_images\/4ae9b858-5365-42bb-ad51-f6d70dbff9cc.jpg\" class=\"vc_single_image-img attachment-full\" alt=\"Sie sehen die Fingerspitzen einer Hand von oben, die nach einem gef\u00fcllten Becher greift, als Assoziation zum Webseminar f\u00fcr Ergotherapie + Physiotherapie in der Rehabilitation von Schlaganfall + Apoplex in Klinik + Praxis\" title=\"Sie sehen die Fingerspitzen einer Hand von oben, die nach einem gef\u00fcllten Becher greift, als Assoziation zum Webseminar f\u00fcr Ergotherapie + Physiotherapie in der Rehabilitation von Schlaganfall + Apoplex in Klinik + Praxis\" srcset=\"https:\/\/www.ergowebinar.de\/intern\/parsed_images\/4ae9b858-5365-42bb-ad51-f6d70dbff9cc.jpg 475w, https:\/\/www.ergowebinar.de\/intern\/parsed_images\/4ae9b858-5365-42bb-ad51-f6d70dbff9cc.jpg 275w\" sizes=\"(max-width: 475px) 100vw, 475px\" itemprop=\"image\" \/>\r\n\t\t\t\t\t\t\t\t\t\t<h6>Hantierfunktion bei Hemiparese nach Schlaganfall [2 FP]<\/h6>\r\n\t\t\t\t\t\t\t\t\t\t\t\t\t\t\t\t\t\t\t\t\t<p class=\"calendarline\"><img decoding=\"async\" class=\"calendar_icon\" src=\"https:\/\/www.ergowebinar.de\/intern\/images\/calendar.png\">05.05.2026 18:30 - 19:30<\/p>\t\r\n\t\t\t\t\t\t\t\t\t\t\t\t\t\t\t\t\t\t\t\t\t<p class=\"liquid_vc_single_text\">Halten und Bewegen bei beginnender Handfunktionen -&nbsp;\r\nGegenst&auml;nde in der Hand perfekt zu Platzieren und bei fortw&auml;hrendem Verwenden regelm&auml;&szlig;ig und systematisch Nachzujustieren...bei ...<\/p>\r\n\t\t\t\t\t\t\t\t\t\t\t\t\t\t\t\t\t\t\t\t\t<p class=\"sempreis\">49 \u20ac<\/p>\r\n\t\t\t\t\t\t\t\t\t\t\t\t\t\t\t\t\t\t\t\t\t\t\t<p class=\"semmwst\"><\/p>\r\n\t\t\t\t\t\t\t\t\t\t\t\t\t\t\t\t\t\t\t\t\t\t\t\r\n\t\t\t\t\t\t\t\t\t<\/a>\r\n\t\t\t\t\t\t\t\t<\/figure>\r\n\t\t\t\t\t\t\t\t\r\n\t\t\t\t\t\t\t<\/div>\r\n\t\t\t\t\t\t\t\t\t\t\t\t\t\t\r\n\t\t\t\t\t\t<\/div>\r\n\t\t\t\t\t<\/div>\r\n\t\t\t\t<\/div>\r\n\t\t\t\t\t\t\t\t<div class=\"wpb_column vc_column_container vc_col-sm-2\">\r\n\t\t\t\t\t<div class=\"vc_column-inner \" >\r\n\t\t\t\t\t\t<div class=\"wpb_wrapper\" >\r\n\t\t\t\t\t\t\t<div class=\"wpb_single_image wpb_content_element vc_align_ liquid_vc_single_image\">\r\n\t\t\t\t\t\t\t\t\t\t\t\t\t\t\t\t\t<div class=\"sem_overlay\" ><a href=\"https:\/\/\r\n\t\t\t\t\t\t\t\t\tonline.therapie.ergowebinar.de\/de\/e\/Backward-Chaining-das-Lernprinzip-bei-schweren-kognitiven-Beeintraechtigungen-2-FP-223?\r\n\t\t\t\t\t\t\t\t\t\t\t\t\t\t\t\t\t\t\" class=\"btn btn-solid btn-xsm round border-thin btn-has-label jetztstartenbutton\">klicken f\u00fcr Details<\/a><\/div>\r\n\t\t\t\t\t\t\t\t\t\t\t\t\t\t\t\t\t<figure class=\"wpb_wrapper vc_figure\">\r\n\t\t\t\t\t\t\t\t\t<a href=\"https:\/\/online.therapie.ergowebinar.de\/de\/e\/Backward-Chaining-das-Lernprinzip-bei-schweren-kognitiven-Beeintraechtigungen-2-FP-223?\r\n\t\t\t\t\t\t\t\t\t\" title=\"Sie sehen im rechten Seitenspiegel eines Autos einen Teil der Karosse und einen Sonnenuntergang als Assoziation zum Webseminar f\u00fcr Ergotherapie + Physiotherapie in der Rehabilitation von Schlaganfall + Apoplex in Klinik + Praxis\" target=\"_blank\">\r\n\t\t\t\t\t\t\t\t\t\t<img decoding=\"async\" width=\"475\" src=\"https:\/\/www.ergowebinar.de\/intern\/parsed_images\/523eca67-312c-430b-98d6-b9aecbf0bba0.jpg\" class=\"vc_single_image-img attachment-full\" alt=\"Sie sehen im rechten Seitenspiegel eines Autos einen Teil der Karosse und einen Sonnenuntergang als Assoziation zum Webseminar f\u00fcr Ergotherapie + Physiotherapie in der Rehabilitation von Schlaganfall + Apoplex in Klinik + Praxis\" title=\"Sie sehen im rechten Seitenspiegel eines Autos einen Teil der Karosse und einen Sonnenuntergang als Assoziation zum Webseminar f\u00fcr Ergotherapie + Physiotherapie in der Rehabilitation von Schlaganfall + Apoplex in Klinik + Praxis\" srcset=\"https:\/\/www.ergowebinar.de\/intern\/parsed_images\/523eca67-312c-430b-98d6-b9aecbf0bba0.jpg 475w, https:\/\/www.ergowebinar.de\/intern\/parsed_images\/523eca67-312c-430b-98d6-b9aecbf0bba0.jpg 275w\" sizes=\"(max-width: 475px) 100vw, 475px\" itemprop=\"image\" \/>\r\n\t\t\t\t\t\t\t\t\t\t<h6>Backward Chaining \u2013 das Lernprinzip bei schweren kognitiven Beeintr\u00e4chtigungen [2 FP]<\/h6>\r\n\t\t\t\t\t\t\t\t\t\t\t\t\t\t\t\t\t\t\t\t\t<p class=\"calendarline\"><img decoding=\"async\" class=\"calendar_icon\" src=\"https:\/\/www.ergowebinar.de\/intern\/images\/calendar.png\">05.05.2026 20:00 - 21:00<\/p>\t\r\n\t\t\t\t\t\t\t\t\t\t\t\t\t\t\t\t\t\t\t\t\t<p class=\"liquid_vc_single_text\">Eine Alltagshandlung vom vollendeten Schluss her r&uuml;ckw&auml;rts zur Therapie einzusetzen, ist die einfachste Lerntechnik. Sie ist auch bei komplexen kognitiven Einschr&auml;nkungen und Demenz noch ...<\/p>\r\n\t\t\t\t\t\t\t\t\t\t\t\t\t\t\t\t\t\t\t\t\t<p class=\"sempreis\">49 \u20ac<\/p>\r\n\t\t\t\t\t\t\t\t\t\t\t\t\t\t\t\t\t\t\t\t\t\t\t<p class=\"semmwst\"><\/p>\r\n\t\t\t\t\t\t\t\t\t\t\t\t\t\t\t\t\t\t\t\t\t\t\t\r\n\t\t\t\t\t\t\t\t\t<\/a>\r\n\t\t\t\t\t\t\t\t<\/figure>\r\n\t\t\t\t\t\t\t\t\r\n\t\t\t\t\t\t\t<\/div>\r\n\t\t\t\t\t\t\t\t\t\t\t\t\t\t\r\n\t\t\t\t\t\t<\/div>\r\n\t\t\t\t\t<\/div>\r\n\t\t\t\t<\/div>\r\n\t\t\t\t\t\t\t\t<div class=\"wpb_column vc_column_container vc_col-sm-2\">\r\n\t\t\t\t\t<div class=\"vc_column-inner \" >\r\n\t\t\t\t\t\t<div class=\"wpb_wrapper\" >\r\n\t\t\t\t\t\t\t<div class=\"wpb_single_image wpb_content_element vc_align_ liquid_vc_single_image\">\r\n\t\t\t\t\t\t\t\t\t\t\t\t\t\t\t\t\t<div class=\"sem_overlay\" ><a href=\"https:\/\/\r\n\t\t\t\t\t\t\t\t\tonline.therapie.ergowebinar.de\/de\/e\/Der-Malletfinger-so-wird-das-eine-gerade-Sache-2FP-127?\r\n\t\t\t\t\t\t\t\t\t\t\t\t\t\t\t\t\t\t\" class=\"btn btn-solid btn-xsm round border-thin btn-has-label jetztstartenbutton\">klicken f\u00fcr Details<\/a><\/div>\r\n\t\t\t\t\t\t\t\t\t\t\t\t\t\t\t\t\t<figure class=\"wpb_wrapper vc_figure\">\r\n\t\t\t\t\t\t\t\t\t<a href=\"https:\/\/online.therapie.ergowebinar.de\/de\/e\/Der-Malletfinger-so-wird-das-eine-gerade-Sache-2FP-127?\r\n\t\t\t\t\t\t\t\t\t\" title=\"Sie sehen einen ausgestreckten Zeigefinger, der auf den Betrachter weist, als Symbol zum Webseminar \u00fcber Malletfinger + Strecksehnenl\u00e4sion f\u00fcr Ergotherapie + Physiotherapie in der Handreha + Ortho + Sehnenverletzung in Klinik + Praxis\" target=\"_blank\">\r\n\t\t\t\t\t\t\t\t\t\t<img decoding=\"async\" width=\"475\" src=\"https:\/\/www.ergowebinar.de\/intern\/parsed_images\/333c53b6-52ff-4330-9d0a-6cd2c46a44bc.jpg\" class=\"vc_single_image-img attachment-full\" alt=\"Sie sehen einen ausgestreckten Zeigefinger, der auf den Betrachter weist, als Symbol zum Webseminar \u00fcber Malletfinger + Strecksehnenl\u00e4sion f\u00fcr Ergotherapie + Physiotherapie in der Handreha + Ortho + Sehnenverletzung in Klinik + Praxis\" title=\"Sie sehen einen ausgestreckten Zeigefinger, der auf den Betrachter weist, als Symbol zum Webseminar \u00fcber Malletfinger + Strecksehnenl\u00e4sion f\u00fcr Ergotherapie + Physiotherapie in der Handreha + Ortho + Sehnenverletzung in Klinik + Praxis\" srcset=\"https:\/\/www.ergowebinar.de\/intern\/parsed_images\/333c53b6-52ff-4330-9d0a-6cd2c46a44bc.jpg 475w, https:\/\/www.ergowebinar.de\/intern\/parsed_images\/333c53b6-52ff-4330-9d0a-6cd2c46a44bc.jpg 275w\" sizes=\"(max-width: 475px) 100vw, 475px\" itemprop=\"image\" \/>\r\n\t\t\t\t\t\t\t\t\t\t<h6>Der Malletfinger - so wird das eine gerade Sache [2FP]<\/h6>\r\n\t\t\t\t\t\t\t\t\t\t\t\t\t\t\t\t\t\t\t\t\t<p class=\"calendarline\"><img decoding=\"async\" class=\"calendar_icon\" src=\"https:\/\/www.ergowebinar.de\/intern\/images\/calendar.png\">05.05.2026 20:00 - 21:00<\/p>\t\r\n\t\t\t\t\t\t\t\t\t\t\t\t\t\t\t\t\t\t\t\t\t<p class=\"liquid_vc_single_text\">Was passiert bei einer Strecksehnenl&auml;sion in der Zone 1? Wie sieht die Heilung der Sehne aus und warum dauert diese Verletzung so lange? Was n&uuml;tzt und was schadet und was muss man beachten?\r\n&nbsp;\r\nDas ...<\/p>\r\n\t\t\t\t\t\t\t\t\t\t\t\t\t\t\t\t\t\t\t\t\t<p class=\"sempreis\">49 \u20ac<\/p>\r\n\t\t\t\t\t\t\t\t\t\t\t\t\t\t\t\t\t\t\t\t\t\t\t<p class=\"semmwst\"><\/p>\r\n\t\t\t\t\t\t\t\t\t\t\t\t\t\t\t\t\t\t\t\t\t\t\t\r\n\t\t\t\t\t\t\t\t\t<\/a>\r\n\t\t\t\t\t\t\t\t<\/figure>\r\n\t\t\t\t\t\t\t\t\r\n\t\t\t\t\t\t\t<\/div>\r\n\t\t\t\t\t\t\t\t\t\t\t\t\t\t\r\n\t\t\t\t\t\t<\/div>\r\n\t\t\t\t\t<\/div>\r\n\t\t\t\t<\/div>\r\n\t\t\t\t\t\t\t\t<div class=\"wpb_column vc_column_container vc_col-sm-2\">\r\n\t\t\t\t\t<div class=\"vc_column-inner \" >\r\n\t\t\t\t\t\t<div class=\"wpb_wrapper\" >\r\n\t\t\t\t\t\t\t<div class=\"wpb_single_image wpb_content_element vc_align_ liquid_vc_single_image\">\r\n\t\t\t\t\t\t\t\t\t\t\t\t\t\t\t\t\t<div class=\"sem_overlay\" ><a href=\"https:\/\/\r\n\t\t\t\t\t\t\t\t\tonline.therapie.ergowebinar.de\/de\/e\/Demenz-kognitive-Aktivierung-im-fortgeschrittenen-Stadium-2FP-295?\r\n\t\t\t\t\t\t\t\t\t\t\t\t\t\t\t\t\t\t\" class=\"btn btn-solid btn-xsm round border-thin btn-has-label jetztstartenbutton\">klicken f\u00fcr Details<\/a><\/div>\r\n\t\t\t\t\t\t\t\t\t\t\t\t\t\t\t\t\t<figure class=\"wpb_wrapper vc_figure\">\r\n\t\t\t\t\t\t\t\t\t<a href=\"https:\/\/online.therapie.ergowebinar.de\/de\/e\/Demenz-kognitive-Aktivierung-im-fortgeschrittenen-Stadium-2FP-295?\r\n\t\t\t\t\t\t\t\t\t\" title=\"Sie sehen eine Frau mittleren Alters mit einer \u00e4lteren Frau im zugewandten Gespr\u00e4ch als Assoziation zum Webseminar f\u00fcr Ergotherapie + Physiotherapie in der Rehabilitation dementiell Erkrankten in der Geriatrie in Klinik + Praxis\" target=\"_blank\">\r\n\t\t\t\t\t\t\t\t\t\t<img decoding=\"async\" width=\"475\" src=\"https:\/\/www.ergowebinar.de\/intern\/parsed_images\/3c046d49-172a-4b2d-9bd1-f1bfdd40e76f.jpg\" class=\"vc_single_image-img attachment-full\" alt=\"Sie sehen eine Frau mittleren Alters mit einer \u00e4lteren Frau im zugewandten Gespr\u00e4ch als Assoziation zum Webseminar f\u00fcr Ergotherapie + Physiotherapie in der Rehabilitation dementiell Erkrankten in der Geriatrie in Klinik + Praxis\" title=\"Sie sehen eine Frau mittleren Alters mit einer \u00e4lteren Frau im zugewandten Gespr\u00e4ch als Assoziation zum Webseminar f\u00fcr Ergotherapie + Physiotherapie in der Rehabilitation dementiell Erkrankten in der Geriatrie in Klinik + Praxis\" srcset=\"https:\/\/www.ergowebinar.de\/intern\/parsed_images\/3c046d49-172a-4b2d-9bd1-f1bfdd40e76f.jpg 475w, https:\/\/www.ergowebinar.de\/intern\/parsed_images\/3c046d49-172a-4b2d-9bd1-f1bfdd40e76f.jpg 275w\" sizes=\"(max-width: 475px) 100vw, 475px\" itemprop=\"image\" \/>\r\n\t\t\t\t\t\t\t\t\t\t<h6>Demenz - kognitive Aktivierung im fortgeschrittenen Stadium [2FP]<\/h6>\r\n\t\t\t\t\t\t\t\t\t\t\t\t\t\t\t\t\t\t\t\t\t<p class=\"calendarline\"><img decoding=\"async\" class=\"calendar_icon\" src=\"https:\/\/www.ergowebinar.de\/intern\/images\/calendar.png\">06.05.2026 18:00 - 19:00<\/p>\t\r\n\t\t\t\t\t\t\t\t\t\t\t\t\t\t\t\t\t\t\t\t\t<p class=\"liquid_vc_single_text\">\r\n&Auml;rzte verschreiben h&auml;ufig ein Hirnleistungstraining auch bei fortgeschrittenen demenziellen Erkrankungen. Doch wie sinnvoll ist ein Training dieser Funktionen im sp&auml;teren Stadium? Ergotherapeuten ...<\/p>\r\n\t\t\t\t\t\t\t\t\t\t\t\t\t\t\t\t\t\t\t\t\t<p class=\"sempreis\">49 \u20ac<\/p>\r\n\t\t\t\t\t\t\t\t\t\t\t\t\t\t\t\t\t\t\t\t\t\t\t<p class=\"semmwst\"><\/p>\r\n\t\t\t\t\t\t\t\t\t\t\t\t\t\t\t\t\t\t\t\t\t\t\t\r\n\t\t\t\t\t\t\t\t\t<\/a>\r\n\t\t\t\t\t\t\t\t<\/figure>\r\n\t\t\t\t\t\t\t\t\r\n\t\t\t\t\t\t\t<\/div>\r\n\t\t\t\t\t\t\t\t\t\t\t\t\t\t\r\n\t\t\t\t\t\t<\/div>\r\n\t\t\t\t\t<\/div>\r\n\t\t\t\t<\/div>\r\n\t\t\t\t\t\t\t\t<div class=\"wpb_column vc_column_container vc_col-sm-2\">\r\n\t\t\t\t\t<div class=\"vc_column-inner \" >\r\n\t\t\t\t\t\t<div class=\"wpb_wrapper\" >\r\n\t\t\t\t\t\t\t<div class=\"wpb_single_image wpb_content_element vc_align_ liquid_vc_single_image\">\r\n\t\t\t\t\t\t\t\t\t\t\t\t\t\t\t\t\t<div class=\"sem_overlay\" ><a href=\"https:\/\/\r\n\t\t\t\t\t\t\t\t\tonline.therapie.ergowebinar.de\/de\/e\/AtemYoga-entdecken-Atempraxis-fuer-Senioren-2-FP-172?\r\n\t\t\t\t\t\t\t\t\t\t\t\t\t\t\t\t\t\t\" class=\"btn btn-solid btn-xsm round border-thin btn-has-label jetztstartenbutton\">klicken f\u00fcr Details<\/a><\/div>\r\n\t\t\t\t\t\t\t\t\t\t\t\t\t\t\t\t\t<figure class=\"wpb_wrapper vc_figure\">\r\n\t\t\t\t\t\t\t\t\t<a href=\"https:\/\/online.therapie.ergowebinar.de\/de\/e\/AtemYoga-entdecken-Atempraxis-fuer-Senioren-2-FP-172?\r\n\t\t\t\t\t\t\t\t\t\" title=\"Sie sehen eine etwa 40-j\u00e4hrige Frau, die Seifenblasen pustet als Assoziation zum Webseminar f\u00fcr Ergotherapie + Physiotherapie in der NeuroReha, SchmerzReha, Geriatrie, Orthop\u00e4die, bei Rheuma, Fatigue und Post + LongCovid in Klinik + Praxis\" target=\"_blank\">\r\n\t\t\t\t\t\t\t\t\t\t<img decoding=\"async\" width=\"475\" src=\"https:\/\/www.ergowebinar.de\/intern\/parsed_images\/bef7a0c5-1da0-4c41-a1b4-636269265289.jpg\" class=\"vc_single_image-img attachment-full\" alt=\"Sie sehen eine etwa 40-j\u00e4hrige Frau, die Seifenblasen pustet als Assoziation zum Webseminar f\u00fcr Ergotherapie + Physiotherapie in der NeuroReha, SchmerzReha, Geriatrie, Orthop\u00e4die, bei Rheuma, Fatigue und Post + LongCovid in Klinik + Praxis\" title=\"Sie sehen eine etwa 40-j\u00e4hrige Frau, die Seifenblasen pustet als Assoziation zum Webseminar f\u00fcr Ergotherapie + Physiotherapie in der NeuroReha, SchmerzReha, Geriatrie, Orthop\u00e4die, bei Rheuma, Fatigue und Post + LongCovid in Klinik + Praxis\" srcset=\"https:\/\/www.ergowebinar.de\/intern\/parsed_images\/bef7a0c5-1da0-4c41-a1b4-636269265289.jpg 475w, https:\/\/www.ergowebinar.de\/intern\/parsed_images\/bef7a0c5-1da0-4c41-a1b4-636269265289.jpg 275w\" sizes=\"(max-width: 475px) 100vw, 475px\" itemprop=\"image\" \/>\r\n\t\t\t\t\t\t\t\t\t\t<h6>AtemYoga entdecken - Atempraxis f\u00fcr Senioren [2 FP]<\/h6>\r\n\t\t\t\t\t\t\t\t\t\t\t\t\t\t\t\t\t\t\t\t\t<p class=\"calendarline\"><img decoding=\"async\" class=\"calendar_icon\" src=\"https:\/\/www.ergowebinar.de\/intern\/images\/calendar.png\">06.05.2026 18:30 - 19:30<\/p>\t\r\n\t\t\t\t\t\t\t\t\t\t\t\t\t\t\t\t\t\t\t\t\t<p class=\"liquid_vc_single_text\">Gerade bei &auml;lteren Klient:innen tr&auml;gt die Auswahl der erforderlichen Assessments &amp; Therapieinhalte ma&szlig;geblich zum Erfolg der Therapie bei. In diesen Themenblock lernen sie die Bedeutung ...<\/p>\r\n\t\t\t\t\t\t\t\t\t\t\t\t\t\t\t\t\t\t\t\t\t<p class=\"sempreis\">49 \u20ac<\/p>\r\n\t\t\t\t\t\t\t\t\t\t\t\t\t\t\t\t\t\t\t\t\t\t\t<p class=\"semmwst\"><\/p>\r\n\t\t\t\t\t\t\t\t\t\t\t\t\t\t\t\t\t\t\t\t\t\t\t\r\n\t\t\t\t\t\t\t\t\t<\/a>\r\n\t\t\t\t\t\t\t\t<\/figure>\r\n\t\t\t\t\t\t\t\t\r\n\t\t\t\t\t\t\t<\/div>\r\n\t\t\t\t\t\t\t\t\t\t\t\t\t\t\r\n\t\t\t\t\t\t<\/div>\r\n\t\t\t\t\t<\/div>\r\n\t\t\t\t<\/div>\r\n\t\t\t\t\t\t\t\t<div class=\"wpb_column vc_column_container vc_col-sm-2\">\r\n\t\t\t\t\t<div class=\"vc_column-inner \" >\r\n\t\t\t\t\t\t<div class=\"wpb_wrapper\" >\r\n\t\t\t\t\t\t\t<div class=\"wpb_single_image wpb_content_element vc_align_ liquid_vc_single_image\">\r\n\t\t\t\t\t\t\t\t\t\t\t\t\t\t\t\t\t<div class=\"sem_overlay\" ><a href=\"https:\/\/\r\n\t\t\t\t\t\t\t\t\tonline.therapie.ergowebinar.de\/de\/e\/Long-Covid-Die-Belastbarkeit-behandeln-2-FP-161?\r\n\t\t\t\t\t\t\t\t\t\t\t\t\t\t\t\t\t\t\" class=\"btn btn-solid btn-xsm round border-thin btn-has-label jetztstartenbutton\">klicken f\u00fcr Details<\/a><\/div>\r\n\t\t\t\t\t\t\t\t\t\t\t\t\t\t\t\t\t<figure class=\"wpb_wrapper vc_figure\">\r\n\t\t\t\t\t\t\t\t\t<a href=\"https:\/\/online.therapie.ergowebinar.de\/de\/e\/Long-Covid-Die-Belastbarkeit-behandeln-2-FP-161?\r\n\t\t\t\t\t\t\t\t\t\" title=\"Sie sehen einen stehenden Mann einen hohen Stapel Kartons mit Aufschriften wie Deadline, \u00c4ngstlichkeit oder Problemen umschubsen als Assoziation zum Webseminar f\u00fcr Ergotherapie + Physiotherapie in der Rehabilitation Long + Post Covidin Klinik + Praxis\" target=\"_blank\">\r\n\t\t\t\t\t\t\t\t\t\t<img decoding=\"async\" width=\"475\" src=\"https:\/\/www.ergowebinar.de\/intern\/parsed_images\/fa3c36ce-9387-47b8-aeef-d8fd2cad8dbd.jpg\" class=\"vc_single_image-img attachment-full\" alt=\"Sie sehen einen stehenden Mann einen hohen Stapel Kartons mit Aufschriften wie Deadline, \u00c4ngstlichkeit oder Problemen umschubsen als Assoziation zum Webseminar f\u00fcr Ergotherapie + Physiotherapie in der Rehabilitation Long + Post Covidin Klinik + Praxis\" title=\"Sie sehen einen stehenden Mann einen hohen Stapel Kartons mit Aufschriften wie Deadline, \u00c4ngstlichkeit oder Problemen umschubsen als Assoziation zum Webseminar f\u00fcr Ergotherapie + Physiotherapie in der Rehabilitation Long + Post Covidin Klinik + Praxis\" srcset=\"https:\/\/www.ergowebinar.de\/intern\/parsed_images\/fa3c36ce-9387-47b8-aeef-d8fd2cad8dbd.jpg 475w, https:\/\/www.ergowebinar.de\/intern\/parsed_images\/fa3c36ce-9387-47b8-aeef-d8fd2cad8dbd.jpg 275w\" sizes=\"(max-width: 475px) 100vw, 475px\" itemprop=\"image\" \/>\r\n\t\t\t\t\t\t\t\t\t\t<h6>Long Covid \u2013 Die Belastbarkeit behandeln [2 FP]<\/h6>\r\n\t\t\t\t\t\t\t\t\t\t\t\t\t\t\t\t\t\t\t\t\t<p class=\"calendarline\"><img decoding=\"async\" class=\"calendar_icon\" src=\"https:\/\/www.ergowebinar.de\/intern\/images\/calendar.png\">06.05.2026 20:00 - 21:00<\/p>\t\r\n\t\t\t\t\t\t\t\t\t\t\t\t\t\t\t\t\t\t\t\t\t<p class=\"liquid_vc_single_text\">Verringerte Leistungsf&auml;higkeit wird oft mit menschlichen Versagen assoziiert. In diesem Themenblock erf&auml;hrst Du die Bedeutung der bedarfsgerechten Belastbarkeit bei Post-Covid Klienten.\r\n&nbsp;\r\nDas ...<\/p>\r\n\t\t\t\t\t\t\t\t\t\t\t\t\t\t\t\t\t\t\t\t\t<p class=\"sempreis\">49 \u20ac<\/p>\r\n\t\t\t\t\t\t\t\t\t\t\t\t\t\t\t\t\t\t\t\t\t\t\t<p class=\"semmwst\"><\/p>\r\n\t\t\t\t\t\t\t\t\t\t\t\t\t\t\t\t\t\t\t\t\t\t\t\r\n\t\t\t\t\t\t\t\t\t<\/a>\r\n\t\t\t\t\t\t\t\t<\/figure>\r\n\t\t\t\t\t\t\t\t\r\n\t\t\t\t\t\t\t<\/div>\r\n\t\t\t\t\t\t\t\t\t\t\t\t\t\t\r\n\t\t\t\t\t\t<\/div>\r\n\t\t\t\t\t<\/div>\r\n\t\t\t\t<\/div>\r\n\t\t\t\t\t\t\t\t<div class=\"wpb_column vc_column_container vc_col-sm-2\">\r\n\t\t\t\t\t<div class=\"vc_column-inner \" >\r\n\t\t\t\t\t\t<div class=\"wpb_wrapper\" >\r\n\t\t\t\t\t\t\t<div class=\"wpb_single_image wpb_content_element vc_align_ liquid_vc_single_image\">\r\n\t\t\t\t\t\t\t\t\t\t\t\t\t\t\t\t\t<div class=\"sem_overlay\" ><a href=\"https:\/\/\r\n\t\t\t\t\t\t\t\t\tonline.therapie.ergowebinar.de\/de\/e\/Brandverletzungen-Narbentherapie-2FP-285?\r\n\t\t\t\t\t\t\t\t\t\t\t\t\t\t\t\t\t\t\" class=\"btn btn-solid btn-xsm round border-thin btn-has-label jetztstartenbutton\">klicken f\u00fcr Details<\/a><\/div>\r\n\t\t\t\t\t\t\t\t\t\t\t\t\t\t\t\t\t<figure class=\"wpb_wrapper vc_figure\">\r\n\t\t\t\t\t\t\t\t\t<a href=\"https:\/\/online.therapie.ergowebinar.de\/de\/e\/Brandverletzungen-Narbentherapie-2FP-285?\r\n\t\t\t\t\t\t\t\t\t\" title=\"Sie sehen Finger von zwei H\u00e4nden, die starke Hautverschiebungen machen, als Assoziation zum Webinar \u00fcber Narbenbehandlung nach Brandverletzungen und Verbrennungen f\u00fcr Ergotherapie und Handtherapie der HandReha, und Narbenbehandlung in Klinik + Praxis\" target=\"_blank\">\r\n\t\t\t\t\t\t\t\t\t\t<img decoding=\"async\" width=\"475\" src=\"https:\/\/www.ergowebinar.de\/intern\/parsed_images\/93a88fdb-6b21-4fc0-8646-c7b74069d417.jpg\" class=\"vc_single_image-img attachment-full\" alt=\"Sie sehen Finger von zwei H\u00e4nden, die starke Hautverschiebungen machen, als Assoziation zum Webinar \u00fcber Narbenbehandlung nach Brandverletzungen und Verbrennungen f\u00fcr Ergotherapie und Handtherapie der HandReha, und Narbenbehandlung in Klinik + Praxis\" title=\"Sie sehen Finger von zwei H\u00e4nden, die starke Hautverschiebungen machen, als Assoziation zum Webinar \u00fcber Narbenbehandlung nach Brandverletzungen und Verbrennungen f\u00fcr Ergotherapie und Handtherapie der HandReha, und Narbenbehandlung in Klinik + Praxis\" srcset=\"https:\/\/www.ergowebinar.de\/intern\/parsed_images\/93a88fdb-6b21-4fc0-8646-c7b74069d417.jpg 475w, https:\/\/www.ergowebinar.de\/intern\/parsed_images\/93a88fdb-6b21-4fc0-8646-c7b74069d417.jpg 275w\" sizes=\"(max-width: 475px) 100vw, 475px\" itemprop=\"image\" \/>\r\n\t\t\t\t\t\t\t\t\t\t<h6>Brandverletzungen - Narbentherapie [2FP]<\/h6>\r\n\t\t\t\t\t\t\t\t\t\t\t\t\t\t\t\t\t\t\t\t\t<p class=\"calendarline\"><img decoding=\"async\" class=\"calendar_icon\" src=\"https:\/\/www.ergowebinar.de\/intern\/images\/calendar.png\">07.05.2026 16:00 - 17:00<\/p>\t\r\n\t\t\t\t\t\t\t\t\t\t\t\t\t\t\t\t\t\t\t\t\t<p class=\"liquid_vc_single_text\">\r\n\r\n\r\nDie Narbentherapie bei Verbrennung unterscheidet sich wesentlich von der Behandlung einer normalen Operationsnarbe. In diesem Webinar erhalten Sie Einblick in die verschiedenen Wundheilungsphasen ...<\/p>\r\n\t\t\t\t\t\t\t\t\t\t\t\t\t\t\t\t\t\t\t\t\t<p class=\"sempreis\">49 \u20ac<\/p>\r\n\t\t\t\t\t\t\t\t\t\t\t\t\t\t\t\t\t\t\t\t\t\t\t<p class=\"semmwst\"><\/p>\r\n\t\t\t\t\t\t\t\t\t\t\t\t\t\t\t\t\t\t\t\t\t\t\t\r\n\t\t\t\t\t\t\t\t\t<\/a>\r\n\t\t\t\t\t\t\t\t<\/figure>\r\n\t\t\t\t\t\t\t\t\r\n\t\t\t\t\t\t\t<\/div>\r\n\t\t\t\t\t\t\t\t\t\t\t\t\t\t\r\n\t\t\t\t\t\t<\/div>\r\n\t\t\t\t\t<\/div>\r\n\t\t\t\t<\/div>\r\n\t\t\t\t\t\t\t\t<div class=\"wpb_column vc_column_container vc_col-sm-2\">\r\n\t\t\t\t\t<div class=\"vc_column-inner \" >\r\n\t\t\t\t\t\t<div class=\"wpb_wrapper\" >\r\n\t\t\t\t\t\t\t<div class=\"wpb_single_image wpb_content_element vc_align_ liquid_vc_single_image\">\r\n\t\t\t\t\t\t\t\t\t\t\t\t\t\t\t\t\t<div class=\"sem_overlay\" ><a href=\"https:\/\/\r\n\t\t\t\t\t\t\t\t\tonline.therapie.ergowebinar.de\/de\/e\/Stroke-Unit-Therapieaktivitaeten-am-Bett-2FP-107?\r\n\t\t\t\t\t\t\t\t\t\t\t\t\t\t\t\t\t\t\" class=\"btn btn-solid btn-xsm round border-thin btn-has-label jetztstartenbutton\">klicken f\u00fcr Details<\/a><\/div>\r\n\t\t\t\t\t\t\t\t\t\t\t\t\t\t\t\t\t<figure class=\"wpb_wrapper vc_figure\">\r\n\t\t\t\t\t\t\t\t\t<a href=\"https:\/\/online.therapie.ergowebinar.de\/de\/e\/Stroke-Unit-Therapieaktivitaeten-am-Bett-2FP-107?\r\n\t\t\t\t\t\t\t\t\t\" title=\"Sie sehen  eine Person in einem Pflegebett auf einer Krankenhausstation als Assoziation zum Webseminar \u00fcber therapeutische Bewegungsm\u00f6glichkeiten am Bett f\u00fcr Ergotherapie + Physiotherapie in der Rehabilitation von Schlaganfall + Apoplex in der Klinik\" target=\"_blank\">\r\n\t\t\t\t\t\t\t\t\t\t<img decoding=\"async\" width=\"475\" src=\"https:\/\/www.ergowebinar.de\/intern\/parsed_images\/49e48165-00e2-4abb-90f3-b4e32f7301f3.jpg\" class=\"vc_single_image-img attachment-full\" alt=\"Sie sehen  eine Person in einem Pflegebett auf einer Krankenhausstation als Assoziation zum Webseminar \u00fcber therapeutische Bewegungsm\u00f6glichkeiten am Bett f\u00fcr Ergotherapie + Physiotherapie in der Rehabilitation von Schlaganfall + Apoplex in der Klinik\" title=\"Sie sehen  eine Person in einem Pflegebett auf einer Krankenhausstation als Assoziation zum Webseminar \u00fcber therapeutische Bewegungsm\u00f6glichkeiten am Bett f\u00fcr Ergotherapie + Physiotherapie in der Rehabilitation von Schlaganfall + Apoplex in der Klinik\" srcset=\"https:\/\/www.ergowebinar.de\/intern\/parsed_images\/49e48165-00e2-4abb-90f3-b4e32f7301f3.jpg 475w, https:\/\/www.ergowebinar.de\/intern\/parsed_images\/49e48165-00e2-4abb-90f3-b4e32f7301f3.jpg 275w\" sizes=\"(max-width: 475px) 100vw, 475px\" itemprop=\"image\" \/>\r\n\t\t\t\t\t\t\t\t\t\t<h6>Stroke Unit - Therapieaktivit\u00e4ten am Bett [2FP]<\/h6>\r\n\t\t\t\t\t\t\t\t\t\t\t\t\t\t\t\t\t\t\t\t\t<p class=\"calendarline\"><img decoding=\"async\" class=\"calendar_icon\" src=\"https:\/\/www.ergowebinar.de\/intern\/images\/calendar.png\">07.05.2026 17:30 - 18:30<\/p>\t\r\n\t\t\t\t\t\t\t\t\t\t\t\t\t\t\t\t\t\t\t\t\t<p class=\"liquid_vc_single_text\">Time is brain &ndash; oder: jede Sekunde z&auml;hlt! Das gilt insbesondere auch f&uuml;r den fr&uuml;hen Start der Rehabilitation nach Schlaganfall. Denn je fr&uuml;her Therapien gezielt beginnen, desto ...<\/p>\r\n\t\t\t\t\t\t\t\t\t\t\t\t\t\t\t\t\t\t\t\t\t<p class=\"sempreis\">49 \u20ac<\/p>\r\n\t\t\t\t\t\t\t\t\t\t\t\t\t\t\t\t\t\t\t\t\t\t\t<p class=\"semmwst\"><\/p>\r\n\t\t\t\t\t\t\t\t\t\t\t\t\t\t\t\t\t\t\t\t\t\t\t\r\n\t\t\t\t\t\t\t\t\t<\/a>\r\n\t\t\t\t\t\t\t\t<\/figure>\r\n\t\t\t\t\t\t\t\t\r\n\t\t\t\t\t\t\t<\/div>\r\n\t\t\t\t\t\t\t\t\t\t\t\t\t\t\r\n\t\t\t\t\t\t<\/div>\r\n\t\t\t\t\t<\/div>\r\n\t\t\t\t<\/div>\r\n\t\t\t\t\t\t\t\t<div class=\"wpb_column vc_column_container vc_col-sm-2\">\r\n\t\t\t\t\t<div class=\"vc_column-inner \" >\r\n\t\t\t\t\t\t<div class=\"wpb_wrapper\" >\r\n\t\t\t\t\t\t\t<div class=\"wpb_single_image wpb_content_element vc_align_ liquid_vc_single_image\">\r\n\t\t\t\t\t\t\t\t\t\t\t\t\t\t\t\t\t<div class=\"sem_overlay\" ><a href=\"https:\/\/\r\n\t\t\t\t\t\t\t\t\tonline.therapie.ergowebinar.de\/de\/e\/Sturzpraevention-Basic-aktiv-und-sicher-im-Alter-2FP-68?\r\n\t\t\t\t\t\t\t\t\t\t\t\t\t\t\t\t\t\t\" class=\"btn btn-solid btn-xsm round border-thin btn-has-label jetztstartenbutton\">klicken f\u00fcr Details<\/a><\/div>\r\n\t\t\t\t\t\t\t\t\t\t\t\t\t\t\t\t\t<figure class=\"wpb_wrapper vc_figure\">\r\n\t\t\t\t\t\t\t\t\t<a href=\"https:\/\/online.therapie.ergowebinar.de\/de\/e\/Sturzpraevention-Basic-aktiv-und-sicher-im-Alter-2FP-68?\r\n\t\t\t\t\t\t\t\t\t\" title=\"Sie sehen ein Paar F\u00fc\u00dfe in Nahaufnahme, von denen einer auf einer Bananenschale ausrutscht, als Assoziation zum Webseminar zum Basiswissen \u00fcber Sturzpr\u00e4vention f\u00fcr Ergotherapie + Physiotherapie in der Rehabilitation in Klinik + Praxis\" target=\"_blank\">\r\n\t\t\t\t\t\t\t\t\t\t<img decoding=\"async\" width=\"475\" src=\"https:\/\/www.ergowebinar.de\/intern\/parsed_images\/dfe3aec3-9f8b-4dee-b5cb-f0233ba022bf.jpg\" class=\"vc_single_image-img attachment-full\" alt=\"Sie sehen ein Paar F\u00fc\u00dfe in Nahaufnahme, von denen einer auf einer Bananenschale ausrutscht, als Assoziation zum Webseminar zum Basiswissen \u00fcber Sturzpr\u00e4vention f\u00fcr Ergotherapie + Physiotherapie in der Rehabilitation in Klinik + Praxis\" title=\"Sie sehen ein Paar F\u00fc\u00dfe in Nahaufnahme, von denen einer auf einer Bananenschale ausrutscht, als Assoziation zum Webseminar zum Basiswissen \u00fcber Sturzpr\u00e4vention f\u00fcr Ergotherapie + Physiotherapie in der Rehabilitation in Klinik + Praxis\" srcset=\"https:\/\/www.ergowebinar.de\/intern\/parsed_images\/dfe3aec3-9f8b-4dee-b5cb-f0233ba022bf.jpg 475w, https:\/\/www.ergowebinar.de\/intern\/parsed_images\/dfe3aec3-9f8b-4dee-b5cb-f0233ba022bf.jpg 275w\" sizes=\"(max-width: 475px) 100vw, 475px\" itemprop=\"image\" \/>\r\n\t\t\t\t\t\t\t\t\t\t<h6>Sturzpr\u00e4vention Basic - aktiv und sicher im Alter [2FP]<\/h6>\r\n\t\t\t\t\t\t\t\t\t\t\t\t\t\t\t\t\t\t\t\t\t<p class=\"calendarline\"><img decoding=\"async\" class=\"calendar_icon\" src=\"https:\/\/www.ergowebinar.de\/intern\/images\/calendar.png\">11.05.2026 16:45 - 17:45<\/p>\t\r\n\t\t\t\t\t\t\t\t\t\t\t\t\t\t\t\t\t\t\t\t\t<p class=\"liquid_vc_single_text\">Regelm&auml;&szlig;ige k&ouml;rperliche Aktivit&auml;t leistet einen wichtigen Beitrag zur Aufrechterhaltung von Gesundheit und Wohlbefinden und hat einen nachgewiesenen lebensverl&auml;ngernden Effekt. ...<\/p>\r\n\t\t\t\t\t\t\t\t\t\t\t\t\t\t\t\t\t\t\t\t\t<p class=\"sempreis\">49 \u20ac<\/p>\r\n\t\t\t\t\t\t\t\t\t\t\t\t\t\t\t\t\t\t\t\t\t\t\t<p class=\"semmwst\"><\/p>\r\n\t\t\t\t\t\t\t\t\t\t\t\t\t\t\t\t\t\t\t\t\t\t\t\r\n\t\t\t\t\t\t\t\t\t<\/a>\r\n\t\t\t\t\t\t\t\t<\/figure>\r\n\t\t\t\t\t\t\t\t\r\n\t\t\t\t\t\t\t<\/div>\r\n\t\t\t\t\t\t\t\t\t\t\t\t\t\t\r\n\t\t\t\t\t\t<\/div>\r\n\t\t\t\t\t<\/div>\r\n\t\t\t\t<\/div>\r\n\t\t\t\t\t\t\t\t<div class=\"wpb_column vc_column_container vc_col-sm-2\">\r\n\t\t\t\t\t<div class=\"vc_column-inner \" >\r\n\t\t\t\t\t\t<div class=\"wpb_wrapper\" >\r\n\t\t\t\t\t\t\t<div class=\"wpb_single_image wpb_content_element vc_align_ liquid_vc_single_image\">\r\n\t\t\t\t\t\t\t\t\t\t\t\t\t\t\t\t\t<div class=\"sem_overlay\" ><a href=\"https:\/\/\r\n\t\t\t\t\t\t\t\t\tonline.therapie.ergowebinar.de\/de\/e\/Das-Rote-Mosaik-Therapiematerial-vorgestellt-2FP-335?\r\n\t\t\t\t\t\t\t\t\t\t\t\t\t\t\t\t\t\t\" class=\"btn btn-solid btn-xsm round border-thin btn-has-label jetztstartenbutton\">klicken f\u00fcr Details<\/a><\/div>\r\n\t\t\t\t\t\t\t\t\t\t\t\t\t\t\t\t\t<figure class=\"wpb_wrapper vc_figure\">\r\n\t\t\t\t\t\t\t\t\t<a href=\"https:\/\/online.therapie.ergowebinar.de\/de\/e\/Das-Rote-Mosaik-Therapiematerial-vorgestellt-2FP-335?\r\n\t\t\t\t\t\t\t\t\t\" title=\"Sie sehen mehrere Teile des Therapiematerials Rotes Mosaik von Verena Schweizer als Symbol zum Webseminar f\u00fcr Ergotherapie + Physiotherapie in der Reha bei kognitiven Einschr\u00e4nkungen bei Schlaganfall + \u00e4hnlichen Erkrankungen in Klinik + Praxis\" target=\"_blank\">\r\n\t\t\t\t\t\t\t\t\t\t<img decoding=\"async\" width=\"475\" src=\"https:\/\/www.ergowebinar.de\/intern\/parsed_images\/65ec580c-4640-44be-9558-ed0213b25460.jpg\" class=\"vc_single_image-img attachment-full\" alt=\"Sie sehen mehrere Teile des Therapiematerials Rotes Mosaik von Verena Schweizer als Symbol zum Webseminar f\u00fcr Ergotherapie + Physiotherapie in der Reha bei kognitiven Einschr\u00e4nkungen bei Schlaganfall + \u00e4hnlichen Erkrankungen in Klinik + Praxis\" title=\"Sie sehen mehrere Teile des Therapiematerials Rotes Mosaik von Verena Schweizer als Symbol zum Webseminar f\u00fcr Ergotherapie + Physiotherapie in der Reha bei kognitiven Einschr\u00e4nkungen bei Schlaganfall + \u00e4hnlichen Erkrankungen in Klinik + Praxis\" srcset=\"https:\/\/www.ergowebinar.de\/intern\/parsed_images\/65ec580c-4640-44be-9558-ed0213b25460.jpg 475w, https:\/\/www.ergowebinar.de\/intern\/parsed_images\/65ec580c-4640-44be-9558-ed0213b25460.jpg 275w\" sizes=\"(max-width: 475px) 100vw, 475px\" itemprop=\"image\" \/>\r\n\t\t\t\t\t\t\t\t\t\t<h6>Das Rote Mosaik - Therapiematerial vorgestellt [2FP]<\/h6>\r\n\t\t\t\t\t\t\t\t\t\t\t\t\t\t\t\t\t\t\t\t\t<p class=\"calendarline\"><img decoding=\"async\" class=\"calendar_icon\" src=\"https:\/\/www.ergowebinar.de\/intern\/images\/calendar.png\">11.05.2026 18:00 - 19:00<\/p>\t\r\n\t\t\t\t\t\t\t\t\t\t\t\t\t\t\t\t\t\t\t\t\t<p class=\"liquid_vc_single_text\">\r\nDas Neurotraining wurde f&uuml;r die therapeutische Arbeit im kognitiven Bereich f&uuml;r Erwachsene entwickelt. Heutzutage findet das Neurotraining in fast allen Fachbereichen wie auch in der P&auml;diatrie, ...<\/p>\r\n\t\t\t\t\t\t\t\t\t\t\t\t\t\t\t\t\t\t\t\t\t<p class=\"sempreis\">49 \u20ac<\/p>\r\n\t\t\t\t\t\t\t\t\t\t\t\t\t\t\t\t\t\t\t\t\t\t\t<p class=\"semmwst\"><\/p>\r\n\t\t\t\t\t\t\t\t\t\t\t\t\t\t\t\t\t\t\t\t\t\t\t\r\n\t\t\t\t\t\t\t\t\t<\/a>\r\n\t\t\t\t\t\t\t\t<\/figure>\r\n\t\t\t\t\t\t\t\t\r\n\t\t\t\t\t\t\t<\/div>\r\n\t\t\t\t\t\t\t\t\t\t\t\t\t\t\r\n\t\t\t\t\t\t<\/div>\r\n\t\t\t\t\t<\/div>\r\n\t\t\t\t<\/div>\r\n\t\t\t\t\t\t\t\t<div class=\"wpb_column vc_column_container vc_col-sm-2\">\r\n\t\t\t\t\t<div class=\"vc_column-inner \" >\r\n\t\t\t\t\t\t<div class=\"wpb_wrapper\" >\r\n\t\t\t\t\t\t\t<div class=\"wpb_single_image wpb_content_element vc_align_ liquid_vc_single_image\">\r\n\t\t\t\t\t\t\t\t\t\t\t\t\t\t\t\t\t<div class=\"sem_overlay\" ><a href=\"https:\/\/\r\n\t\t\t\t\t\t\t\t\tonline.therapie.ergowebinar.de\/de\/e\/Onkologie-ergotherapeutische-Basics-2FP-277?\r\n\t\t\t\t\t\t\t\t\t\t\t\t\t\t\t\t\t\t\" class=\"btn btn-solid btn-xsm round border-thin btn-has-label jetztstartenbutton\">klicken f\u00fcr Details<\/a><\/div>\r\n\t\t\t\t\t\t\t\t\t\t\t\t\t\t\t\t\t<figure class=\"wpb_wrapper vc_figure\">\r\n\t\t\t\t\t\t\t\t\t<a href=\"https:\/\/online.therapie.ergowebinar.de\/de\/e\/Onkologie-ergotherapeutische-Basics-2FP-277?\r\n\t\t\t\t\t\t\t\t\t\" title=\"Sie sehen eine Gliederpuppe auf einer Parkbanklehne sitzen, als Symbol zum Webinar \u00fcber Basiswissen zur Ergotherapie in der Onkologie in Klinik + Praxis\" target=\"_blank\">\r\n\t\t\t\t\t\t\t\t\t\t<img decoding=\"async\" width=\"475\" src=\"https:\/\/www.ergowebinar.de\/intern\/parsed_images\/bfc9e5a8-094c-4cbd-9ecb-064aa89786bf.jpg\" class=\"vc_single_image-img attachment-full\" alt=\"Sie sehen eine Gliederpuppe auf einer Parkbanklehne sitzen, als Symbol zum Webinar \u00fcber Basiswissen zur Ergotherapie in der Onkologie in Klinik + Praxis\" title=\"Sie sehen eine Gliederpuppe auf einer Parkbanklehne sitzen, als Symbol zum Webinar \u00fcber Basiswissen zur Ergotherapie in der Onkologie in Klinik + Praxis\" srcset=\"https:\/\/www.ergowebinar.de\/intern\/parsed_images\/bfc9e5a8-094c-4cbd-9ecb-064aa89786bf.jpg 475w, https:\/\/www.ergowebinar.de\/intern\/parsed_images\/bfc9e5a8-094c-4cbd-9ecb-064aa89786bf.jpg 275w\" sizes=\"(max-width: 475px) 100vw, 475px\" itemprop=\"image\" \/>\r\n\t\t\t\t\t\t\t\t\t\t<h6>Onkologie - ergotherapeutische Basics [2FP]<\/h6>\r\n\t\t\t\t\t\t\t\t\t\t\t\t\t\t\t\t\t\t\t\t\t<p class=\"calendarline\"><img decoding=\"async\" class=\"calendar_icon\" src=\"https:\/\/www.ergowebinar.de\/intern\/images\/calendar.png\">11.05.2026 19:00 - 20:00<\/p>\t\r\n\t\t\t\t\t\t\t\t\t\t\t\t\t\t\t\t\t\t\t\t\t<p class=\"liquid_vc_single_text\">\r\n\r\n\r\nDie ergotherapeutischen Behandlungsm&ouml;glichkeiten sind in der Onkologie besonders breit aufgestellt und multidisziplin&auml;r vernetzt. Hier zeige ich zun&auml;chst die klinischen und ambulanten ...<\/p>\r\n\t\t\t\t\t\t\t\t\t\t\t\t\t\t\t\t\t\t\t\t\t<p class=\"sempreis\">49 \u20ac<\/p>\r\n\t\t\t\t\t\t\t\t\t\t\t\t\t\t\t\t\t\t\t\t\t\t\t<p class=\"semmwst\"><\/p>\r\n\t\t\t\t\t\t\t\t\t\t\t\t\t\t\t\t\t\t\t\t\t\t\t\r\n\t\t\t\t\t\t\t\t\t<\/a>\r\n\t\t\t\t\t\t\t\t<\/figure>\r\n\t\t\t\t\t\t\t\t\r\n\t\t\t\t\t\t\t<\/div>\r\n\t\t\t\t\t\t\t\t\t\t\t\t\t\t\r\n\t\t\t\t\t\t<\/div>\r\n\t\t\t\t\t<\/div>\r\n\t\t\t\t<\/div>\r\n\t\t\t\t\t\t\t\t<div class=\"wpb_column vc_column_container vc_col-sm-2\">\r\n\t\t\t\t\t<div class=\"vc_column-inner \" >\r\n\t\t\t\t\t\t<div class=\"wpb_wrapper\" >\r\n\t\t\t\t\t\t\t<div class=\"wpb_single_image wpb_content_element vc_align_ liquid_vc_single_image\">\r\n\t\t\t\t\t\t\t\t\t\t\t\t\t\t\t\t\t<div class=\"sem_overlay\" ><a href=\"https:\/\/\r\n\t\t\t\t\t\t\t\t\tonline.therapie.ergowebinar.de\/de\/e\/Geriatrie-Kognitionstraining-in-Bewegung-2FP-322?\r\n\t\t\t\t\t\t\t\t\t\t\t\t\t\t\t\t\t\t\" class=\"btn btn-solid btn-xsm round border-thin btn-has-label jetztstartenbutton\">klicken f\u00fcr Details<\/a><\/div>\r\n\t\t\t\t\t\t\t\t\t\t\t\t\t\t\t\t\t<figure class=\"wpb_wrapper vc_figure\">\r\n\t\t\t\t\t\t\t\t\t<a href=\"https:\/\/online.therapie.ergowebinar.de\/de\/e\/Geriatrie-Kognitionstraining-in-Bewegung-2FP-322?\r\n\t\t\t\t\t\t\t\t\t\" title=\"Sie sehen eine Person durch ein aus Steinen gelegtes Labyrinth am Strand gehen als Symbol zum Webinar \u00fcber kognitiv-motorisches Kombinationstraining in Geriatrie, bei Demenz und Kognitionstraining f\u00fcr Ergotherapie + Physiotherapie in der Klinik + Praxis\" target=\"_blank\">\r\n\t\t\t\t\t\t\t\t\t\t<img decoding=\"async\" width=\"475\" src=\"https:\/\/www.ergowebinar.de\/intern\/parsed_images\/e37a68cb-1fde-4d37-9c8c-ce4e8e8f51d6.jpg\" class=\"vc_single_image-img attachment-full\" alt=\"Sie sehen eine Person durch ein aus Steinen gelegtes Labyrinth am Strand gehen als Symbol zum Webinar \u00fcber kognitiv-motorisches Kombinationstraining in Geriatrie, bei Demenz und Kognitionstraining f\u00fcr Ergotherapie + Physiotherapie in der Klinik + Praxis\" title=\"Sie sehen eine Person durch ein aus Steinen gelegtes Labyrinth am Strand gehen als Symbol zum Webinar \u00fcber kognitiv-motorisches Kombinationstraining in Geriatrie, bei Demenz und Kognitionstraining f\u00fcr Ergotherapie + Physiotherapie in der Klinik + Praxis\" srcset=\"https:\/\/www.ergowebinar.de\/intern\/parsed_images\/e37a68cb-1fde-4d37-9c8c-ce4e8e8f51d6.jpg 475w, https:\/\/www.ergowebinar.de\/intern\/parsed_images\/e37a68cb-1fde-4d37-9c8c-ce4e8e8f51d6.jpg 275w\" sizes=\"(max-width: 475px) 100vw, 475px\" itemprop=\"image\" \/>\r\n\t\t\t\t\t\t\t\t\t\t<h6>Geriatrie - Kognitionstraining in Bewegung [2FP]<\/h6>\r\n\t\t\t\t\t\t\t\t\t\t\t\t\t\t\t\t\t\t\t\t\t<p class=\"calendarline\"><img decoding=\"async\" class=\"calendar_icon\" src=\"https:\/\/www.ergowebinar.de\/intern\/images\/calendar.png\">11.05.2026 19:45 - 20:45<\/p>\t\r\n\t\t\t\t\t\t\t\t\t\t\t\t\t\t\t\t\t\t\t\t\t<p class=\"liquid_vc_single_text\">\r\nIm t&auml;glichen Leben m&uuml;ssen wir oft mehrere Aufgaben gleichzeitig erledigen (Multitasking) oder schnell auf unerwartete Situationen reagieren k&ouml;nnen. In diesem Webinar lernen Sie, wie Sie ...<\/p>\r\n\t\t\t\t\t\t\t\t\t\t\t\t\t\t\t\t\t\t\t\t\t<p class=\"sempreis\">49 \u20ac<\/p>\r\n\t\t\t\t\t\t\t\t\t\t\t\t\t\t\t\t\t\t\t\t\t\t\t<p class=\"semmwst\"><\/p>\r\n\t\t\t\t\t\t\t\t\t\t\t\t\t\t\t\t\t\t\t\t\t\t\t\r\n\t\t\t\t\t\t\t\t\t<\/a>\r\n\t\t\t\t\t\t\t\t<\/figure>\r\n\t\t\t\t\t\t\t\t\r\n\t\t\t\t\t\t\t<\/div>\r\n\t\t\t\t\t\t\t\t\t\t\t\t\t\t\r\n\t\t\t\t\t\t<\/div>\r\n\t\t\t\t\t<\/div>\r\n\t\t\t\t<\/div>\r\n\t\t\t\t\t\t\t\t<div class=\"wpb_column vc_column_container vc_col-sm-2\">\r\n\t\t\t\t\t<div class=\"vc_column-inner \" >\r\n\t\t\t\t\t\t<div class=\"wpb_wrapper\" >\r\n\t\t\t\t\t\t\t<div class=\"wpb_single_image wpb_content_element vc_align_ liquid_vc_single_image\">\r\n\t\t\t\t\t\t\t\t\t\t\t\t\t\t\t\t\t<div class=\"sem_overlay\" ><a href=\"https:\/\/\r\n\t\t\t\t\t\t\t\t\tonline.therapie.ergowebinar.de\/de\/e\/Dehnuebungen-in-der-Handtherapie-2FP-326?\r\n\t\t\t\t\t\t\t\t\t\t\t\t\t\t\t\t\t\t\" class=\"btn btn-solid btn-xsm round border-thin btn-has-label jetztstartenbutton\">klicken f\u00fcr Details<\/a><\/div>\r\n\t\t\t\t\t\t\t\t\t\t\t\t\t\t\t\t\t<figure class=\"wpb_wrapper vc_figure\">\r\n\t\t\t\t\t\t\t\t\t<a href=\"https:\/\/online.therapie.ergowebinar.de\/de\/e\/Dehnuebungen-in-der-Handtherapie-2FP-326?\r\n\t\t\t\t\t\t\t\t\t\" title=\"Sie sehen F\u00fc\u00dfe von unten, die eine Frau im Langsitz mit beiden H\u00e4nden umfasst, als Assoziation zum Webseminar zur Wirkung und Anwendung von Dehn\u00fcbungen in der Handtherapie  und Orthop\u00e4die f\u00fcr Ergotherapie + Physiotherapie in Klinik + Praxis\" target=\"_blank\">\r\n\t\t\t\t\t\t\t\t\t\t<img decoding=\"async\" width=\"475\" src=\"https:\/\/www.ergowebinar.de\/intern\/parsed_images\/2d410c6b-e2f4-4197-b484-da6a6524b7f9.jpg\" class=\"vc_single_image-img attachment-full\" alt=\"Sie sehen F\u00fc\u00dfe von unten, die eine Frau im Langsitz mit beiden H\u00e4nden umfasst, als Assoziation zum Webseminar zur Wirkung und Anwendung von Dehn\u00fcbungen in der Handtherapie  und Orthop\u00e4die f\u00fcr Ergotherapie + Physiotherapie in Klinik + Praxis\" title=\"Sie sehen F\u00fc\u00dfe von unten, die eine Frau im Langsitz mit beiden H\u00e4nden umfasst, als Assoziation zum Webseminar zur Wirkung und Anwendung von Dehn\u00fcbungen in der Handtherapie  und Orthop\u00e4die f\u00fcr Ergotherapie + Physiotherapie in Klinik + Praxis\" srcset=\"https:\/\/www.ergowebinar.de\/intern\/parsed_images\/2d410c6b-e2f4-4197-b484-da6a6524b7f9.jpg 475w, https:\/\/www.ergowebinar.de\/intern\/parsed_images\/2d410c6b-e2f4-4197-b484-da6a6524b7f9.jpg 275w\" sizes=\"(max-width: 475px) 100vw, 475px\" itemprop=\"image\" \/>\r\n\t\t\t\t\t\t\t\t\t\t<h6>Dehn\u00fcbungen in der Handtherapie [2FP]<\/h6>\r\n\t\t\t\t\t\t\t\t\t\t\t\t\t\t\t\t\t\t\t\t\t<p class=\"calendarline\"><img decoding=\"async\" class=\"calendar_icon\" src=\"https:\/\/www.ergowebinar.de\/intern\/images\/calendar.png\">12.05.2026 19:30 - 20:30<\/p>\t\r\n\t\t\t\t\t\t\t\t\t\t\t\t\t\t\t\t\t\t\t\t\t<p class=\"liquid_vc_single_text\">\r\nIn diesem Webinar geht es um die Anwendung von Dehn&uuml;bungen in der Therapie, welche Dehnm&ouml;glichkeiten es gibt und wie man sie in die Behandlung integriert. Ausserdem zeige ich wie Dehn&uuml;bungen ...<\/p>\r\n\t\t\t\t\t\t\t\t\t\t\t\t\t\t\t\t\t\t\t\t\t<p class=\"sempreis\">49 \u20ac<\/p>\r\n\t\t\t\t\t\t\t\t\t\t\t\t\t\t\t\t\t\t\t\t\t\t\t<p class=\"semmwst\"><\/p>\r\n\t\t\t\t\t\t\t\t\t\t\t\t\t\t\t\t\t\t\t\t\t\t\t\r\n\t\t\t\t\t\t\t\t\t<\/a>\r\n\t\t\t\t\t\t\t\t<\/figure>\r\n\t\t\t\t\t\t\t\t\r\n\t\t\t\t\t\t\t<\/div>\r\n\t\t\t\t\t\t\t\t\t\t\t\t\t\t\r\n\t\t\t\t\t\t<\/div>\r\n\t\t\t\t\t<\/div>\r\n\t\t\t\t<\/div>\r\n\t\t\t\t\t\t\t\t<div class=\"wpb_column vc_column_container vc_col-sm-2\">\r\n\t\t\t\t\t<div class=\"vc_column-inner \" >\r\n\t\t\t\t\t\t<div class=\"wpb_wrapper\" >\r\n\t\t\t\t\t\t\t<div class=\"wpb_single_image wpb_content_element vc_align_ liquid_vc_single_image\">\r\n\t\t\t\t\t\t\t\t\t\t\t\t\t\t\t\t\t<div class=\"sem_overlay\" ><a href=\"https:\/\/\r\n\t\t\t\t\t\t\t\t\tonline.therapie.ergowebinar.de\/de\/e\/Prae-Rehabilitation-obere-Extremitaet-2FP-324?\r\n\t\t\t\t\t\t\t\t\t\t\t\t\t\t\t\t\t\t\" class=\"btn btn-solid btn-xsm round border-thin btn-has-label jetztstartenbutton\">klicken f\u00fcr Details<\/a><\/div>\r\n\t\t\t\t\t\t\t\t\t\t\t\t\t\t\t\t\t<figure class=\"wpb_wrapper vc_figure\">\r\n\t\t\t\t\t\t\t\t\t<a href=\"https:\/\/online.therapie.ergowebinar.de\/de\/e\/Prae-Rehabilitation-obere-Extremitaet-2FP-324?\r\n\t\t\t\t\t\t\t\t\t\" title=\"Sie sehen eine Gliederfigur mit ausgestrecktem abwehrenden Arm als Symbol zum Webseminar zur vorbereitentenden Therapie in der Ergotherapie vor elektiven Eingriffen an der oberen Extremit\u00e4t in Orthop\u00e4die, Handttherapie, Neurologie in Klinik + Praxis\" target=\"_blank\">\r\n\t\t\t\t\t\t\t\t\t\t<img decoding=\"async\" width=\"475\" src=\"https:\/\/www.ergowebinar.de\/intern\/parsed_images\/8ec4ecd4-61de-4162-ad0f-478a36f22c93.jpg\" class=\"vc_single_image-img attachment-full\" alt=\"Sie sehen eine Gliederfigur mit ausgestrecktem abwehrenden Arm als Symbol zum Webseminar zur vorbereitentenden Therapie in der Ergotherapie vor elektiven Eingriffen an der oberen Extremit\u00e4t in Orthop\u00e4die, Handttherapie, Neurologie in Klinik + Praxis\" title=\"Sie sehen eine Gliederfigur mit ausgestrecktem abwehrenden Arm als Symbol zum Webseminar zur vorbereitentenden Therapie in der Ergotherapie vor elektiven Eingriffen an der oberen Extremit\u00e4t in Orthop\u00e4die, Handttherapie, Neurologie in Klinik + Praxis\" srcset=\"https:\/\/www.ergowebinar.de\/intern\/parsed_images\/8ec4ecd4-61de-4162-ad0f-478a36f22c93.jpg 475w, https:\/\/www.ergowebinar.de\/intern\/parsed_images\/8ec4ecd4-61de-4162-ad0f-478a36f22c93.jpg 275w\" sizes=\"(max-width: 475px) 100vw, 475px\" itemprop=\"image\" \/>\r\n\t\t\t\t\t\t\t\t\t\t<h6>Pr\u00e4-Rehabilitation - obere Extremit\u00e4t [2FP]<\/h6>\r\n\t\t\t\t\t\t\t\t\t\t\t\t\t\t\t\t\t\t\t\t\t<p class=\"calendarline\"><img decoding=\"async\" class=\"calendar_icon\" src=\"https:\/\/www.ergowebinar.de\/intern\/images\/calendar.png\">13.05.2026 18:00 - 19:00<\/p>\t\r\n\t\t\t\t\t\t\t\t\t\t\t\t\t\t\t\t\t\t\t\t\t<p class=\"liquid_vc_single_text\">\r\nMeist beginnt die Behandlungsserie nach der Nahtentfernung, doch in letzter Zeit gewinnen Interventionen vor dem eigentlichen Operationstermin mehr und mehr an Popularit&auml;t. Wie man Betroffene schon ...<\/p>\r\n\t\t\t\t\t\t\t\t\t\t\t\t\t\t\t\t\t\t\t\t\t<p class=\"sempreis\">49 \u20ac<\/p>\r\n\t\t\t\t\t\t\t\t\t\t\t\t\t\t\t\t\t\t\t\t\t\t\t<p class=\"semmwst\"><\/p>\r\n\t\t\t\t\t\t\t\t\t\t\t\t\t\t\t\t\t\t\t\t\t\t\t\r\n\t\t\t\t\t\t\t\t\t<\/a>\r\n\t\t\t\t\t\t\t\t<\/figure>\r\n\t\t\t\t\t\t\t\t\r\n\t\t\t\t\t\t\t<\/div>\r\n\t\t\t\t\t\t\t\t\t\t\t\t\t\t\r\n\t\t\t\t\t\t<\/div>\r\n\t\t\t\t\t<\/div>\r\n\t\t\t\t<\/div>\r\n\t\t\t\t\t\t\t\t<div class=\"wpb_column vc_column_container vc_col-sm-2\">\r\n\t\t\t\t\t<div class=\"vc_column-inner \" >\r\n\t\t\t\t\t\t<div class=\"wpb_wrapper\" >\r\n\t\t\t\t\t\t\t<div class=\"wpb_single_image wpb_content_element vc_align_ liquid_vc_single_image\">\r\n\t\t\t\t\t\t\t\t\t\t\t\t\t\t\t\t\t<div class=\"sem_overlay\" ><a href=\"https:\/\/\r\n\t\t\t\t\t\t\t\t\tonline.therapie.ergowebinar.de\/de\/e\/Prae-Rehabilitation-untere-Extremitaet-2FP-325?\r\n\t\t\t\t\t\t\t\t\t\t\t\t\t\t\t\t\t\t\" class=\"btn btn-solid btn-xsm round border-thin btn-has-label jetztstartenbutton\">klicken f\u00fcr Details<\/a><\/div>\r\n\t\t\t\t\t\t\t\t\t\t\t\t\t\t\t\t\t<figure class=\"wpb_wrapper vc_figure\">\r\n\t\t\t\t\t\t\t\t\t<a href=\"https:\/\/online.therapie.ergowebinar.de\/de\/e\/Prae-Rehabilitation-untere-Extremitaet-2FP-325?\r\n\t\t\t\t\t\t\t\t\t\" title=\"Sie sehen eine Hand am Griff einer Unterarmgehst\u00fctze als Symbol zum Webseminar zur vorbereitentenden Therapie in der Ergotherapie vor elektiven Eingriffen an der unteren Extremit\u00e4t in Orthop\u00e4die, Handttherapie, Neurologie in Klinik + Praxis\" target=\"_blank\">\r\n\t\t\t\t\t\t\t\t\t\t<img decoding=\"async\" width=\"475\" src=\"https:\/\/www.ergowebinar.de\/intern\/parsed_images\/8ec4ecd4-61de-4162-ad0f-488a36f22c93.jpg\" class=\"vc_single_image-img attachment-full\" alt=\"Sie sehen eine Hand am Griff einer Unterarmgehst\u00fctze als Symbol zum Webseminar zur vorbereitentenden Therapie in der Ergotherapie vor elektiven Eingriffen an der unteren Extremit\u00e4t in Orthop\u00e4die, Handttherapie, Neurologie in Klinik + Praxis\" title=\"Sie sehen eine Hand am Griff einer Unterarmgehst\u00fctze als Symbol zum Webseminar zur vorbereitentenden Therapie in der Ergotherapie vor elektiven Eingriffen an der unteren Extremit\u00e4t in Orthop\u00e4die, Handttherapie, Neurologie in Klinik + Praxis\" srcset=\"https:\/\/www.ergowebinar.de\/intern\/parsed_images\/8ec4ecd4-61de-4162-ad0f-488a36f22c93.jpg 475w, https:\/\/www.ergowebinar.de\/intern\/parsed_images\/8ec4ecd4-61de-4162-ad0f-488a36f22c93.jpg 275w\" sizes=\"(max-width: 475px) 100vw, 475px\" itemprop=\"image\" \/>\r\n\t\t\t\t\t\t\t\t\t\t<h6>Pr\u00e4-Rehabilitation - untere Extremit\u00e4t [2FP]<\/h6>\r\n\t\t\t\t\t\t\t\t\t\t\t\t\t\t\t\t\t\t\t\t\t<p class=\"calendarline\"><img decoding=\"async\" class=\"calendar_icon\" src=\"https:\/\/www.ergowebinar.de\/intern\/images\/calendar.png\">13.05.2026 19:30 - 20:30<\/p>\t\r\n\t\t\t\t\t\t\t\t\t\t\t\t\t\t\t\t\t\t\t\t\t<p class=\"liquid_vc_single_text\">\r\n\r\nErgotherapeut:innen k&ouml;nnen schon im Vorfeld von Operationen im Bereich der unteren Extremit&auml;t einen wertvollen Beitrag durch Klientenedukation leisten. Sie unterst&uuml;tzen durch diverse ...<\/p>\r\n\t\t\t\t\t\t\t\t\t\t\t\t\t\t\t\t\t\t\t\t\t<p class=\"sempreis\">49 \u20ac<\/p>\r\n\t\t\t\t\t\t\t\t\t\t\t\t\t\t\t\t\t\t\t\t\t\t\t<p class=\"semmwst\"><\/p>\r\n\t\t\t\t\t\t\t\t\t\t\t\t\t\t\t\t\t\t\t\t\t\t\t\r\n\t\t\t\t\t\t\t\t\t<\/a>\r\n\t\t\t\t\t\t\t\t<\/figure>\r\n\t\t\t\t\t\t\t\t\r\n\t\t\t\t\t\t\t<\/div>\r\n\t\t\t\t\t\t\t\t\t\t\t\t\t\t\r\n\t\t\t\t\t\t<\/div>\r\n\t\t\t\t\t<\/div>\r\n\t\t\t\t<\/div>\r\n\t\t\t\t\t\t\t\t<div class=\"wpb_column vc_column_container vc_col-sm-2\">\r\n\t\t\t\t\t<div class=\"vc_column-inner \" >\r\n\t\t\t\t\t\t<div class=\"wpb_wrapper\" >\r\n\t\t\t\t\t\t\t<div class=\"wpb_single_image wpb_content_element vc_align_ liquid_vc_single_image\">\r\n\t\t\t\t\t\t\t\t\t\t\t\t\t\t\t\t\t<div class=\"sem_overlay\" ><a href=\"https:\/\/\r\n\t\t\t\t\t\t\t\t\tonline.therapie.ergowebinar.de\/de\/e\/Onkologie-ergotherapeutischer-Leitpfad-Schnittstellen-2FP-278?\r\n\t\t\t\t\t\t\t\t\t\t\t\t\t\t\t\t\t\t\" class=\"btn btn-solid btn-xsm round border-thin btn-has-label jetztstartenbutton\">klicken f\u00fcr Details<\/a><\/div>\r\n\t\t\t\t\t\t\t\t\t\t\t\t\t\t\t\t\t<figure class=\"wpb_wrapper vc_figure\">\r\n\t\t\t\t\t\t\t\t\t<a href=\"https:\/\/online.therapie.ergowebinar.de\/de\/e\/Onkologie-ergotherapeutischer-Leitpfad-Schnittstellen-2FP-278?\r\n\t\t\t\t\t\t\t\t\t\" title=\"Sie sehen eine historische Schreibmaschine mit der Anfangszeile ...Dinge zu tun bis.., als Symbol zum Webinar \u00fcber Leitpfad und Arbeitsfelder zur Ergotherapie in der Onkologie in Klinik + Praxis\" target=\"_blank\">\r\n\t\t\t\t\t\t\t\t\t\t<img decoding=\"async\" width=\"475\" src=\"https:\/\/www.ergowebinar.de\/intern\/parsed_images\/afs9e5a8-094c-4cbd-9ecb-064aa89786bf.jpg\" class=\"vc_single_image-img attachment-full\" alt=\"Sie sehen eine historische Schreibmaschine mit der Anfangszeile ...Dinge zu tun bis.., als Symbol zum Webinar \u00fcber Leitpfad und Arbeitsfelder zur Ergotherapie in der Onkologie in Klinik + Praxis\" title=\"Sie sehen eine historische Schreibmaschine mit der Anfangszeile ...Dinge zu tun bis.., als Symbol zum Webinar \u00fcber Leitpfad und Arbeitsfelder zur Ergotherapie in der Onkologie in Klinik + Praxis\" srcset=\"https:\/\/www.ergowebinar.de\/intern\/parsed_images\/afs9e5a8-094c-4cbd-9ecb-064aa89786bf.jpg 475w, https:\/\/www.ergowebinar.de\/intern\/parsed_images\/afs9e5a8-094c-4cbd-9ecb-064aa89786bf.jpg 275w\" sizes=\"(max-width: 475px) 100vw, 475px\" itemprop=\"image\" \/>\r\n\t\t\t\t\t\t\t\t\t\t<h6>Onkologie - ergotherapeutischer Leitpfad + Schnittstellen [2FP]<\/h6>\r\n\t\t\t\t\t\t\t\t\t\t\t\t\t\t\t\t\t\t\t\t\t<p class=\"calendarline\"><img decoding=\"async\" class=\"calendar_icon\" src=\"https:\/\/www.ergowebinar.de\/intern\/images\/calendar.png\">18.05.2026 19:00 - 20:00<\/p>\t\r\n\t\t\t\t\t\t\t\t\t\t\t\t\t\t\t\t\t\t\t\t\t<p class=\"liquid_vc_single_text\">\r\n\r\n\r\n\r\nDie kognitiven und mentalen Ver&auml;nderungen sowie &Auml;ngste und Sorgen sind ein st&auml;ndiger Begleiter der Betroffenen in der Onkologie. Sie sind ein hartn&auml;ckiger und manchmal auch ...<\/p>\r\n\t\t\t\t\t\t\t\t\t\t\t\t\t\t\t\t\t\t\t\t\t<p class=\"sempreis\">49 \u20ac<\/p>\r\n\t\t\t\t\t\t\t\t\t\t\t\t\t\t\t\t\t\t\t\t\t\t\t<p class=\"semmwst\"><\/p>\r\n\t\t\t\t\t\t\t\t\t\t\t\t\t\t\t\t\t\t\t\t\t\t\t\r\n\t\t\t\t\t\t\t\t\t<\/a>\r\n\t\t\t\t\t\t\t\t<\/figure>\r\n\t\t\t\t\t\t\t\t\r\n\t\t\t\t\t\t\t<\/div>\r\n\t\t\t\t\t\t\t\t\t\t\t\t\t\t\r\n\t\t\t\t\t\t<\/div>\r\n\t\t\t\t\t<\/div>\r\n\t\t\t\t<\/div>\r\n\t\t\t\t\t\t\t\t<div class=\"wpb_column vc_column_container vc_col-sm-2\">\r\n\t\t\t\t\t<div class=\"vc_column-inner \" >\r\n\t\t\t\t\t\t<div class=\"wpb_wrapper\" >\r\n\t\t\t\t\t\t\t<div class=\"wpb_single_image wpb_content_element vc_align_ liquid_vc_single_image\">\r\n\t\t\t\t\t\t\t\t\t\t\t\t\t\t\t\t\t<div class=\"sem_overlay\" ><a href=\"https:\/\/\r\n\t\t\t\t\t\t\t\t\tonline.therapie.ergowebinar.de\/de\/e\/Sakkadentraining-Ataxie-und-Tremor-in-der-oberen-Extremitaet-nach-Schlaganfall-2-FP-187?\r\n\t\t\t\t\t\t\t\t\t\t\t\t\t\t\t\t\t\t\" class=\"btn btn-solid btn-xsm round border-thin btn-has-label jetztstartenbutton\">klicken f\u00fcr Details<\/a><\/div>\r\n\t\t\t\t\t\t\t\t\t\t\t\t\t\t\t\t\t<figure class=\"wpb_wrapper vc_figure\">\r\n\t\t\t\t\t\t\t\t\t<a href=\"https:\/\/online.therapie.ergowebinar.de\/de\/e\/Sakkadentraining-Ataxie-und-Tremor-in-der-oberen-Extremitaet-nach-Schlaganfall-2-FP-187?\r\n\t\t\t\t\t\t\t\t\t\" title=\"Sie sehen ein menschliches ge\u00f6ffnetes Auge von frontal, als Assoziation zum Webseminar f\u00fcr Ergotherapie + Physiotherapie in der Rehabilitation von Schlaganfall + Apoplex in Klinik + Praxis\" target=\"_blank\">\r\n\t\t\t\t\t\t\t\t\t\t<img decoding=\"async\" width=\"475\" src=\"https:\/\/www.ergowebinar.de\/intern\/parsed_images\/4b7f0aa1-5695-4652-abbc-c726c14ca9f6.jpg\" class=\"vc_single_image-img attachment-full\" alt=\"Sie sehen ein menschliches ge\u00f6ffnetes Auge von frontal, als Assoziation zum Webseminar f\u00fcr Ergotherapie + Physiotherapie in der Rehabilitation von Schlaganfall + Apoplex in Klinik + Praxis\" title=\"Sie sehen ein menschliches ge\u00f6ffnetes Auge von frontal, als Assoziation zum Webseminar f\u00fcr Ergotherapie + Physiotherapie in der Rehabilitation von Schlaganfall + Apoplex in Klinik + Praxis\" srcset=\"https:\/\/www.ergowebinar.de\/intern\/parsed_images\/4b7f0aa1-5695-4652-abbc-c726c14ca9f6.jpg 475w, https:\/\/www.ergowebinar.de\/intern\/parsed_images\/4b7f0aa1-5695-4652-abbc-c726c14ca9f6.jpg 275w\" sizes=\"(max-width: 475px) 100vw, 475px\" itemprop=\"image\" \/>\r\n\t\t\t\t\t\t\t\t\t\t<h6>Sakkadentraining - Ataxie und Tremor in der oberen Extremit\u00e4t nach Schlaganfall [2 FP]<\/h6>\r\n\t\t\t\t\t\t\t\t\t\t\t\t\t\t\t\t\t\t\t\t\t<p class=\"calendarline\"><img decoding=\"async\" class=\"calendar_icon\" src=\"https:\/\/www.ergowebinar.de\/intern\/images\/calendar.png\">19.05.2026 18:30 - 19:30<\/p>\t\r\n\t\t\t\t\t\t\t\t\t\t\t\t\t\t\t\t\t\t\t\t\t<p class=\"liquid_vc_single_text\">F&uuml;r Ataxien oder Tremor nach Schlaganfall gibt es neben den bekannten Ans&auml;tzen und kompensatorischen Ma&szlig;nahmen noch eine weniger bekannte und gut erforschte Technik: Das Sakkadentraining ...<\/p>\r\n\t\t\t\t\t\t\t\t\t\t\t\t\t\t\t\t\t\t\t\t\t<p class=\"sempreis\">49 \u20ac<\/p>\r\n\t\t\t\t\t\t\t\t\t\t\t\t\t\t\t\t\t\t\t\t\t\t\t<p class=\"semmwst\"><\/p>\r\n\t\t\t\t\t\t\t\t\t\t\t\t\t\t\t\t\t\t\t\t\t\t\t\r\n\t\t\t\t\t\t\t\t\t<\/a>\r\n\t\t\t\t\t\t\t\t<\/figure>\r\n\t\t\t\t\t\t\t\t\r\n\t\t\t\t\t\t\t<\/div>\r\n\t\t\t\t\t\t\t\t\t\t\t\t\t\t\r\n\t\t\t\t\t\t<\/div>\r\n\t\t\t\t\t<\/div>\r\n\t\t\t\t<\/div>\r\n\t\t\t\t\t\t\t\t<div class=\"wpb_column vc_column_container vc_col-sm-2\">\r\n\t\t\t\t\t<div class=\"vc_column-inner \" >\r\n\t\t\t\t\t\t<div class=\"wpb_wrapper\" >\r\n\t\t\t\t\t\t\t<div class=\"wpb_single_image wpb_content_element vc_align_ liquid_vc_single_image\">\r\n\t\t\t\t\t\t\t\t\t\t\t\t\t\t\t\t\t<div class=\"sem_overlay\" ><a href=\"https:\/\/\r\n\t\t\t\t\t\t\t\t\tonline.therapie.ergowebinar.de\/de\/e\/Krafttraining-in-der-Handtherapie-2FP-328?\r\n\t\t\t\t\t\t\t\t\t\t\t\t\t\t\t\t\t\t\" class=\"btn btn-solid btn-xsm round border-thin btn-has-label jetztstartenbutton\">klicken f\u00fcr Details<\/a><\/div>\r\n\t\t\t\t\t\t\t\t\t\t\t\t\t\t\t\t\t<figure class=\"wpb_wrapper vc_figure\">\r\n\t\t\t\t\t\t\t\t\t<a href=\"https:\/\/online.therapie.ergowebinar.de\/de\/e\/Krafttraining-in-der-Handtherapie-2FP-328?\r\n\t\t\t\t\t\t\t\t\t\" title=\"Sie sehen einen \u00e4lteren Mann mit beiden H\u00e4nden ein Gewicht in Vorhalte vor dem Gesicht heben, als Symbol zum Webseminar zur Wirkung und Anwendung von Krafttraining in der Handtherapie + Orthop\u00e4die f\u00fcr Ergotherapie + Physiotherapie in Klinik + Praxis\" target=\"_blank\">\r\n\t\t\t\t\t\t\t\t\t\t<img decoding=\"async\" width=\"475\" src=\"https:\/\/www.ergowebinar.de\/intern\/parsed_images\/2d420c6b-e2f4-4197-b484-da6a6524b7f9.jpg\" class=\"vc_single_image-img attachment-full\" alt=\"Sie sehen einen \u00e4lteren Mann mit beiden H\u00e4nden ein Gewicht in Vorhalte vor dem Gesicht heben, als Symbol zum Webseminar zur Wirkung und Anwendung von Krafttraining in der Handtherapie + Orthop\u00e4die f\u00fcr Ergotherapie + Physiotherapie in Klinik + Praxis\" title=\"Sie sehen einen \u00e4lteren Mann mit beiden H\u00e4nden ein Gewicht in Vorhalte vor dem Gesicht heben, als Symbol zum Webseminar zur Wirkung und Anwendung von Krafttraining in der Handtherapie + Orthop\u00e4die f\u00fcr Ergotherapie + Physiotherapie in Klinik + Praxis\" srcset=\"https:\/\/www.ergowebinar.de\/intern\/parsed_images\/2d420c6b-e2f4-4197-b484-da6a6524b7f9.jpg 475w, https:\/\/www.ergowebinar.de\/intern\/parsed_images\/2d420c6b-e2f4-4197-b484-da6a6524b7f9.jpg 275w\" sizes=\"(max-width: 475px) 100vw, 475px\" itemprop=\"image\" \/>\r\n\t\t\t\t\t\t\t\t\t\t<h6>Krafttraining in der Handtherapie [2FP]<\/h6>\r\n\t\t\t\t\t\t\t\t\t\t\t\t\t\t\t\t\t\t\t\t\t<p class=\"calendarline\"><img decoding=\"async\" class=\"calendar_icon\" src=\"https:\/\/www.ergowebinar.de\/intern\/images\/calendar.png\">19.05.2026 19:30 - 20:30<\/p>\t\r\n\t\t\t\t\t\t\t\t\t\t\t\t\t\t\t\t\t\t\t\t\t<p class=\"liquid_vc_single_text\">\r\n\r\nIn diesem Webinar steht das Krafttraining in seinen verschiedenen Auspr&auml;gungen im Mittelpunkt. Wie l&auml;sst sich Krafttraining sinnvoll in die Behandlung integrieren? Und welche Rolle spielen ...<\/p>\r\n\t\t\t\t\t\t\t\t\t\t\t\t\t\t\t\t\t\t\t\t\t<p class=\"sempreis\">49 \u20ac<\/p>\r\n\t\t\t\t\t\t\t\t\t\t\t\t\t\t\t\t\t\t\t\t\t\t\t<p class=\"semmwst\"><\/p>\r\n\t\t\t\t\t\t\t\t\t\t\t\t\t\t\t\t\t\t\t\t\t\t\t\r\n\t\t\t\t\t\t\t\t\t<\/a>\r\n\t\t\t\t\t\t\t\t<\/figure>\r\n\t\t\t\t\t\t\t\t\r\n\t\t\t\t\t\t\t<\/div>\r\n\t\t\t\t\t\t\t\t\t\t\t\t\t\t\r\n\t\t\t\t\t\t<\/div>\r\n\t\t\t\t\t<\/div>\r\n\t\t\t\t<\/div>\r\n\t\t\t\t\t\t\t\t<div class=\"wpb_column vc_column_container vc_col-sm-2\">\r\n\t\t\t\t\t<div class=\"vc_column-inner \" >\r\n\t\t\t\t\t\t<div class=\"wpb_wrapper\" >\r\n\t\t\t\t\t\t\t<div class=\"wpb_single_image wpb_content_element vc_align_ liquid_vc_single_image\">\r\n\t\t\t\t\t\t\t\t\t\t\t\t\t\t\t\t\t<div class=\"sem_overlay\" ><a href=\"https:\/\/\r\n\t\t\t\t\t\t\t\t\tonline.therapie.ergowebinar.de\/de\/e\/Sensorische-Reedukation-nach-Nervenverletzungen-2FP-303?\r\n\t\t\t\t\t\t\t\t\t\t\t\t\t\t\t\t\t\t\" class=\"btn btn-solid btn-xsm round border-thin btn-has-label jetztstartenbutton\">klicken f\u00fcr Details<\/a><\/div>\r\n\t\t\t\t\t\t\t\t\t\t\t\t\t\t\t\t\t<figure class=\"wpb_wrapper vc_figure\">\r\n\t\t\t\t\t\t\t\t\t<a href=\"https:\/\/online.therapie.ergowebinar.de\/de\/e\/Sensorische-Reedukation-nach-Nervenverletzungen-2FP-303?\r\n\t\t\t\t\t\t\t\t\t\" title=\"Sie sehen zwei stark vergr\u00f6\u00dferte Fingerkuppen, als Symbol zum Webseminar \u00fcber sensorische Trainings zur Verbesserung der Sensibilit\u00e4t in der  Ergotherapie + Physiotherapie in der Handreha + Ortho + Neurologie in Klinik + Praxis\" target=\"_blank\">\r\n\t\t\t\t\t\t\t\t\t\t<img decoding=\"async\" width=\"475\" src=\"https:\/\/www.ergowebinar.de\/intern\/parsed_images\/343c53b6-52ff-4330-9d0a-6cd2c46a44bc.jpg\" class=\"vc_single_image-img attachment-full\" alt=\"Sie sehen zwei stark vergr\u00f6\u00dferte Fingerkuppen, als Symbol zum Webseminar \u00fcber sensorische Trainings zur Verbesserung der Sensibilit\u00e4t in der  Ergotherapie + Physiotherapie in der Handreha + Ortho + Neurologie in Klinik + Praxis\" title=\"Sie sehen zwei stark vergr\u00f6\u00dferte Fingerkuppen, als Symbol zum Webseminar \u00fcber sensorische Trainings zur Verbesserung der Sensibilit\u00e4t in der  Ergotherapie + Physiotherapie in der Handreha + Ortho + Neurologie in Klinik + Praxis\" srcset=\"https:\/\/www.ergowebinar.de\/intern\/parsed_images\/343c53b6-52ff-4330-9d0a-6cd2c46a44bc.jpg 475w, https:\/\/www.ergowebinar.de\/intern\/parsed_images\/343c53b6-52ff-4330-9d0a-6cd2c46a44bc.jpg 275w\" sizes=\"(max-width: 475px) 100vw, 475px\" itemprop=\"image\" \/>\r\n\t\t\t\t\t\t\t\t\t\t<h6>Sensorische Reedukation nach Nervenverletzungen [2FP]<\/h6>\r\n\t\t\t\t\t\t\t\t\t\t\t\t\t\t\t\t\t\t\t\t\t<p class=\"calendarline\"><img decoding=\"async\" class=\"calendar_icon\" src=\"https:\/\/www.ergowebinar.de\/intern\/images\/calendar.png\">19.05.2026 20:00 - 21:00<\/p>\t\r\n\t\t\t\t\t\t\t\t\t\t\t\t\t\t\t\t\t\t\t\t\t<p class=\"liquid_vc_single_text\">\r\nPeriphere Nervenverletzungen k&ouml;nnen viele Einschr&auml;nkungen im Alltag (motorisch, sensorisch und vegetativ) nach sich ziehen. Der Nerv und seine Endorgane m&uuml;ssen sich wieder neu zusammenfinden. ...<\/p>\r\n\t\t\t\t\t\t\t\t\t\t\t\t\t\t\t\t\t\t\t\t\t<p class=\"sempreis\">49 \u20ac<\/p>\r\n\t\t\t\t\t\t\t\t\t\t\t\t\t\t\t\t\t\t\t\t\t\t\t<p class=\"semmwst\"><\/p>\r\n\t\t\t\t\t\t\t\t\t\t\t\t\t\t\t\t\t\t\t\t\t\t\t\r\n\t\t\t\t\t\t\t\t\t<\/a>\r\n\t\t\t\t\t\t\t\t<\/figure>\r\n\t\t\t\t\t\t\t\t\r\n\t\t\t\t\t\t\t<\/div>\r\n\t\t\t\t\t\t\t\t\t\t\t\t\t\t\r\n\t\t\t\t\t\t<\/div>\r\n\t\t\t\t\t<\/div>\r\n\t\t\t\t<\/div>\r\n\t\t\t\t\t\t\t\t<div class=\"wpb_column vc_column_container vc_col-sm-2\">\r\n\t\t\t\t\t<div class=\"vc_column-inner \" >\r\n\t\t\t\t\t\t<div class=\"wpb_wrapper\" >\r\n\t\t\t\t\t\t\t<div class=\"wpb_single_image wpb_content_element vc_align_ liquid_vc_single_image\">\r\n\t\t\t\t\t\t\t\t\t\t\t\t\t\t\t\t\t<div class=\"sem_overlay\" ><a href=\"https:\/\/\r\n\t\t\t\t\t\t\t\t\tonline.therapie.ergowebinar.de\/de\/e\/Der-Allensbacher-Feinmotorik-Test-AFM-Test-2-FP-188?\r\n\t\t\t\t\t\t\t\t\t\t\t\t\t\t\t\t\t\t\" class=\"btn btn-solid btn-xsm round border-thin btn-has-label jetztstartenbutton\">klicken f\u00fcr Details<\/a><\/div>\r\n\t\t\t\t\t\t\t\t\t\t\t\t\t\t\t\t\t<figure class=\"wpb_wrapper vc_figure\">\r\n\t\t\t\t\t\t\t\t\t<a href=\"https:\/\/online.therapie.ergowebinar.de\/de\/e\/Der-Allensbacher-Feinmotorik-Test-AFM-Test-2-FP-188?\r\n\t\t\t\t\t\t\t\t\t\" title=\"Sie sehen  zwei H\u00e4nde, die an einem dicken Tau ziehen wobei das Tau um das Handgelenk der einen Hand gewickelt ist,  als Assoziation zum Webseminar f\u00fcr Ergotherapie + Physiotherapie in der Rehabilitation von Schlaganfall + Apoplex in Klinik + Praxis\" target=\"_blank\">\r\n\t\t\t\t\t\t\t\t\t\t<img decoding=\"async\" width=\"475\" src=\"https:\/\/www.ergowebinar.de\/intern\/parsed_images\/bdbedb1d-2671-4d11-a249-b59ef4545acf.jpg\" class=\"vc_single_image-img attachment-full\" alt=\"Sie sehen  zwei H\u00e4nde, die an einem dicken Tau ziehen wobei das Tau um das Handgelenk der einen Hand gewickelt ist,  als Assoziation zum Webseminar f\u00fcr Ergotherapie + Physiotherapie in der Rehabilitation von Schlaganfall + Apoplex in Klinik + Praxis\" title=\"Sie sehen  zwei H\u00e4nde, die an einem dicken Tau ziehen wobei das Tau um das Handgelenk der einen Hand gewickelt ist,  als Assoziation zum Webseminar f\u00fcr Ergotherapie + Physiotherapie in der Rehabilitation von Schlaganfall + Apoplex in Klinik + Praxis\" srcset=\"https:\/\/www.ergowebinar.de\/intern\/parsed_images\/bdbedb1d-2671-4d11-a249-b59ef4545acf.jpg 475w, https:\/\/www.ergowebinar.de\/intern\/parsed_images\/bdbedb1d-2671-4d11-a249-b59ef4545acf.jpg 275w\" sizes=\"(max-width: 475px) 100vw, 475px\" itemprop=\"image\" \/>\r\n\t\t\t\t\t\t\t\t\t\t<h6>Der Allensbacher Feinmotorik Test (AFM-Test) [2 FP]<\/h6>\r\n\t\t\t\t\t\t\t\t\t\t\t\t\t\t\t\t\t\t\t\t\t<p class=\"calendarline\"><img decoding=\"async\" class=\"calendar_icon\" src=\"https:\/\/www.ergowebinar.de\/intern\/images\/calendar.png\">19.05.2026 20:00 - 21:00<\/p>\t\r\n\t\t\t\t\t\t\t\t\t\t\t\t\t\t\t\t\t\t\t\t\t<p class=\"liquid_vc_single_text\">Hier werden alle Aufgaben des Feinmotoriktests, seine Auswertungen und die daraus f&uuml;r die Therapie folgenden Empfehlungen vorgestellt. Die Testformulare und das Manual sind nicht im Kurspreis enthalten\r\n\r\nTestvorstellung\r\nTherapieplanung ...<\/p>\r\n\t\t\t\t\t\t\t\t\t\t\t\t\t\t\t\t\t\t\t\t\t<p class=\"sempreis\">49 \u20ac<\/p>\r\n\t\t\t\t\t\t\t\t\t\t\t\t\t\t\t\t\t\t\t\t\t\t\t<p class=\"semmwst\"><\/p>\r\n\t\t\t\t\t\t\t\t\t\t\t\t\t\t\t\t\t\t\t\t\t\t\t\r\n\t\t\t\t\t\t\t\t\t<\/a>\r\n\t\t\t\t\t\t\t\t<\/figure>\r\n\t\t\t\t\t\t\t\t\r\n\t\t\t\t\t\t\t<\/div>\r\n\t\t\t\t\t\t\t\t\t\t\t\t\t\t\r\n\t\t\t\t\t\t<\/div>\r\n\t\t\t\t\t<\/div>\r\n\t\t\t\t<\/div>\r\n\t\t\t\t\t\t\t\t<div class=\"wpb_column vc_column_container vc_col-sm-2\">\r\n\t\t\t\t\t<div class=\"vc_column-inner \" >\r\n\t\t\t\t\t\t<div class=\"wpb_wrapper\" >\r\n\t\t\t\t\t\t\t<div class=\"wpb_single_image wpb_content_element vc_align_ liquid_vc_single_image\">\r\n\t\t\t\t\t\t\t\t\t\t\t\t\t\t\t\t\t<div class=\"sem_overlay\" ><a href=\"https:\/\/\r\n\t\t\t\t\t\t\t\t\tonline.therapie.ergowebinar.de\/de\/e\/Demenz-palliative-Begleitung-2FP-86?\r\n\t\t\t\t\t\t\t\t\t\t\t\t\t\t\t\t\t\t\" class=\"btn btn-solid btn-xsm round border-thin btn-has-label jetztstartenbutton\">klicken f\u00fcr Details<\/a><\/div>\r\n\t\t\t\t\t\t\t\t\t\t\t\t\t\t\t\t\t<figure class=\"wpb_wrapper vc_figure\">\r\n\t\t\t\t\t\t\t\t\t<a href=\"https:\/\/online.therapie.ergowebinar.de\/de\/e\/Demenz-palliative-Begleitung-2FP-86?\r\n\t\t\t\t\t\t\t\t\t\" title=\"Sie sehen wie eine j\u00fcngere einer \u00e4ltere Hand h\u00e4lt als Assoziation zum Webseminar \u00fcber palliative Begleitung demenziell Erkrankter f\u00fcr Ergotherapie + Physiotherapie in der Rehabilitation von Demenz + in der Geriatrie in Klinik + Praxis\" target=\"_blank\">\r\n\t\t\t\t\t\t\t\t\t\t<img decoding=\"async\" width=\"475\" src=\"https:\/\/www.ergowebinar.de\/intern\/parsed_images\/87ee9bf9-4243-4657-aa1c-3b52d4f18ca4.jpg\" class=\"vc_single_image-img attachment-full\" alt=\"Sie sehen wie eine j\u00fcngere einer \u00e4ltere Hand h\u00e4lt als Assoziation zum Webseminar \u00fcber palliative Begleitung demenziell Erkrankter f\u00fcr Ergotherapie + Physiotherapie in der Rehabilitation von Demenz + in der Geriatrie in Klinik + Praxis\" title=\"Sie sehen wie eine j\u00fcngere einer \u00e4ltere Hand h\u00e4lt als Assoziation zum Webseminar \u00fcber palliative Begleitung demenziell Erkrankter f\u00fcr Ergotherapie + Physiotherapie in der Rehabilitation von Demenz + in der Geriatrie in Klinik + Praxis\" srcset=\"https:\/\/www.ergowebinar.de\/intern\/parsed_images\/87ee9bf9-4243-4657-aa1c-3b52d4f18ca4.jpg 475w, https:\/\/www.ergowebinar.de\/intern\/parsed_images\/87ee9bf9-4243-4657-aa1c-3b52d4f18ca4.jpg 275w\" sizes=\"(max-width: 475px) 100vw, 475px\" itemprop=\"image\" \/>\r\n\t\t\t\t\t\t\t\t\t\t<h6>Demenz - palliative Begleitung [2FP]<\/h6>\r\n\t\t\t\t\t\t\t\t\t\t\t\t\t\t\t\t\t\t\t\t\t<p class=\"calendarline\"><img decoding=\"async\" class=\"calendar_icon\" src=\"https:\/\/www.ergowebinar.de\/intern\/images\/calendar.png\">20.05.2026 18:00 - 19:00<\/p>\t\r\n\t\t\t\t\t\t\t\t\t\t\t\t\t\t\t\t\t\t\t\t\t<p class=\"liquid_vc_single_text\">Demenz ist unheilbar. Daher brauchen Menschen mit Demenzdiagnose bereits lange bevor sie sterben palliative Begleitung. Ich zeige, wie sich die Bet&auml;tigungsdefinition bei hochbetagten, schwerstkranken ...<\/p>\r\n\t\t\t\t\t\t\t\t\t\t\t\t\t\t\t\t\t\t\t\t\t<p class=\"sempreis\">49 \u20ac<\/p>\r\n\t\t\t\t\t\t\t\t\t\t\t\t\t\t\t\t\t\t\t\t\t\t\t<p class=\"semmwst\"><\/p>\r\n\t\t\t\t\t\t\t\t\t\t\t\t\t\t\t\t\t\t\t\t\t\t\t\r\n\t\t\t\t\t\t\t\t\t<\/a>\r\n\t\t\t\t\t\t\t\t<\/figure>\r\n\t\t\t\t\t\t\t\t\r\n\t\t\t\t\t\t\t<\/div>\r\n\t\t\t\t\t\t\t\t\t\t\t\t\t\t\r\n\t\t\t\t\t\t<\/div>\r\n\t\t\t\t\t<\/div>\r\n\t\t\t\t<\/div>\r\n\t\t\t\t\t\t\t\t<div class=\"wpb_column vc_column_container vc_col-sm-2\">\r\n\t\t\t\t\t<div class=\"vc_column-inner \" >\r\n\t\t\t\t\t\t<div class=\"wpb_wrapper\" >\r\n\t\t\t\t\t\t\t<div class=\"wpb_single_image wpb_content_element vc_align_ liquid_vc_single_image\">\r\n\t\t\t\t\t\t\t\t\t\t\t\t\t\t\t\t\t<div class=\"sem_overlay\" ><a href=\"https:\/\/\r\n\t\t\t\t\t\t\t\t\tonline.therapie.ergowebinar.de\/de\/e\/Stroke-Unit-Klienten-und-Angehoerigenedukation-2FP-106?\r\n\t\t\t\t\t\t\t\t\t\t\t\t\t\t\t\t\t\t\" class=\"btn btn-solid btn-xsm round border-thin btn-has-label jetztstartenbutton\">klicken f\u00fcr Details<\/a><\/div>\r\n\t\t\t\t\t\t\t\t\t\t\t\t\t\t\t\t\t<figure class=\"wpb_wrapper vc_figure\">\r\n\t\t\t\t\t\t\t\t\t<a href=\"https:\/\/online.therapie.ergowebinar.de\/de\/e\/Stroke-Unit-Klienten-und-Angehoerigenedukation-2FP-106?\r\n\t\t\t\t\t\t\t\t\t\" title=\"Sie sehen eine Person im weissen Kittel im Gespr\u00e4ch mit einer verunsichert schauenden Frau als Assoziation zum Webseminar \u00fcber Edukationsbedarfe auf einer Schlaganfall Akutstation f\u00fcr Ergotherapie + Physiotherapie in der Rehabilitation in Klinik\" target=\"_blank\">\r\n\t\t\t\t\t\t\t\t\t\t<img decoding=\"async\" width=\"475\" src=\"https:\/\/www.ergowebinar.de\/intern\/parsed_images\/f6b42dbc-d6ad-488c-abfd-2e30313e1643.jpg\" class=\"vc_single_image-img attachment-full\" alt=\"Sie sehen eine Person im weissen Kittel im Gespr\u00e4ch mit einer verunsichert schauenden Frau als Assoziation zum Webseminar \u00fcber Edukationsbedarfe auf einer Schlaganfall Akutstation f\u00fcr Ergotherapie + Physiotherapie in der Rehabilitation in Klinik\" title=\"Sie sehen eine Person im weissen Kittel im Gespr\u00e4ch mit einer verunsichert schauenden Frau als Assoziation zum Webseminar \u00fcber Edukationsbedarfe auf einer Schlaganfall Akutstation f\u00fcr Ergotherapie + Physiotherapie in der Rehabilitation in Klinik\" srcset=\"https:\/\/www.ergowebinar.de\/intern\/parsed_images\/f6b42dbc-d6ad-488c-abfd-2e30313e1643.jpg 475w, https:\/\/www.ergowebinar.de\/intern\/parsed_images\/f6b42dbc-d6ad-488c-abfd-2e30313e1643.jpg 275w\" sizes=\"(max-width: 475px) 100vw, 475px\" itemprop=\"image\" \/>\r\n\t\t\t\t\t\t\t\t\t\t<h6>Stroke Unit - Klienten- und Angeh\u00f6rigenedukation [2FP]<\/h6>\r\n\t\t\t\t\t\t\t\t\t\t\t\t\t\t\t\t\t\t\t\t\t<p class=\"calendarline\"><img decoding=\"async\" class=\"calendar_icon\" src=\"https:\/\/www.ergowebinar.de\/intern\/images\/calendar.png\">21.05.2026 17:30 - 18:30<\/p>\t\r\n\t\t\t\t\t\t\t\t\t\t\t\t\t\t\t\t\t\t\t\t\t<p class=\"liquid_vc_single_text\">Kann Ergotherapie eine fr&uuml;he station&auml;re Wiederaufnahme oder einen erneuten Schlaganfall durch Edukation verhindern? Neben der praktischen Therapie gemeinsam mit den Betroffenen selbst, stehen ...<\/p>\r\n\t\t\t\t\t\t\t\t\t\t\t\t\t\t\t\t\t\t\t\t\t<p class=\"sempreis\">49 \u20ac<\/p>\r\n\t\t\t\t\t\t\t\t\t\t\t\t\t\t\t\t\t\t\t\t\t\t\t<p class=\"semmwst\"><\/p>\r\n\t\t\t\t\t\t\t\t\t\t\t\t\t\t\t\t\t\t\t\t\t\t\t\r\n\t\t\t\t\t\t\t\t\t<\/a>\r\n\t\t\t\t\t\t\t\t<\/figure>\r\n\t\t\t\t\t\t\t\t\r\n\t\t\t\t\t\t\t<\/div>\r\n\t\t\t\t\t\t\t\t\t\t\t\t\t\t\r\n\t\t\t\t\t\t<\/div>\r\n\t\t\t\t\t<\/div>\r\n\t\t\t\t<\/div>\r\n\t\t\t\t\t\t\t\t<div class=\"wpb_column vc_column_container vc_col-sm-2\">\r\n\t\t\t\t\t<div class=\"vc_column-inner \" >\r\n\t\t\t\t\t\t<div class=\"wpb_wrapper\" >\r\n\t\t\t\t\t\t\t<div class=\"wpb_single_image wpb_content_element vc_align_ liquid_vc_single_image\">\r\n\t\t\t\t\t\t\t\t\t\t\t\t\t\t\t\t\t<div class=\"sem_overlay\" ><a href=\"https:\/\/\r\n\t\t\t\t\t\t\t\t\tonline.therapie.ergowebinar.de\/de\/e\/Ataxie-der-Haltungsmotorik-evidenzbasierte-Therapieansaetze-2FP-105?\r\n\t\t\t\t\t\t\t\t\t\t\t\t\t\t\t\t\t\t\" class=\"btn btn-solid btn-xsm round border-thin btn-has-label jetztstartenbutton\">klicken f\u00fcr Details<\/a><\/div>\r\n\t\t\t\t\t\t\t\t\t\t\t\t\t\t\t\t\t<figure class=\"wpb_wrapper vc_figure\">\r\n\t\t\t\t\t\t\t\t\t<a href=\"https:\/\/online.therapie.ergowebinar.de\/de\/e\/Ataxie-der-Haltungsmotorik-evidenzbasierte-Therapieansaetze-2FP-105?\r\n\t\t\t\t\t\t\t\t\t\" title=\"Sie sehen einen sich schnell zur Seite drehenden Kopf verschwommen als Assoziation zum Webseminar \u00fcber ataktische Bewegungsst\u00f6rungen f\u00fcr Ergotherapie + Physiotherapie in der Rehabilitation von Schlaganfall + Apoplex in Klinik + Praxis\" target=\"_blank\">\r\n\t\t\t\t\t\t\t\t\t\t<img decoding=\"async\" width=\"475\" src=\"https:\/\/www.ergowebinar.de\/intern\/parsed_images\/f2a88c5a-ba6d-45ee-ace5-607c296e5f66.jpg\" class=\"vc_single_image-img attachment-full\" alt=\"Sie sehen einen sich schnell zur Seite drehenden Kopf verschwommen als Assoziation zum Webseminar \u00fcber ataktische Bewegungsst\u00f6rungen f\u00fcr Ergotherapie + Physiotherapie in der Rehabilitation von Schlaganfall + Apoplex in Klinik + Praxis\" title=\"Sie sehen einen sich schnell zur Seite drehenden Kopf verschwommen als Assoziation zum Webseminar \u00fcber ataktische Bewegungsst\u00f6rungen f\u00fcr Ergotherapie + Physiotherapie in der Rehabilitation von Schlaganfall + Apoplex in Klinik + Praxis\" srcset=\"https:\/\/www.ergowebinar.de\/intern\/parsed_images\/f2a88c5a-ba6d-45ee-ace5-607c296e5f66.jpg 475w, https:\/\/www.ergowebinar.de\/intern\/parsed_images\/f2a88c5a-ba6d-45ee-ace5-607c296e5f66.jpg 275w\" sizes=\"(max-width: 475px) 100vw, 475px\" itemprop=\"image\" \/>\r\n\t\t\t\t\t\t\t\t\t\t<h6>Ataxie der Haltungsmotorik - evidenzbasierte Therapieans\u00e4tze [2FP]<\/h6>\r\n\t\t\t\t\t\t\t\t\t\t\t\t\t\t\t\t\t\t\t\t\t<p class=\"calendarline\"><img decoding=\"async\" class=\"calendar_icon\" src=\"https:\/\/www.ergowebinar.de\/intern\/images\/calendar.png\">28.05.2026 17:30 - 18:30<\/p>\t\r\n\t\t\t\t\t\t\t\t\t\t\t\t\t\t\t\t\t\t\t\t\t<p class=\"liquid_vc_single_text\">Sind Bewegungskoordination und Haltungsinnervation gest&ouml;rt, spricht man von einer ataktischen Bewegungsst&ouml;rung - und gerade bei rumpf- und kopfbetonten Ataxien ist oft der Leidensdruck der Betroffenen ...<\/p>\r\n\t\t\t\t\t\t\t\t\t\t\t\t\t\t\t\t\t\t\t\t\t<p class=\"sempreis\">49 \u20ac<\/p>\r\n\t\t\t\t\t\t\t\t\t\t\t\t\t\t\t\t\t\t\t\t\t\t\t<p class=\"semmwst\"><\/p>\r\n\t\t\t\t\t\t\t\t\t\t\t\t\t\t\t\t\t\t\t\t\t\t\t\r\n\t\t\t\t\t\t\t\t\t<\/a>\r\n\t\t\t\t\t\t\t\t<\/figure>\r\n\t\t\t\t\t\t\t\t\r\n\t\t\t\t\t\t\t<\/div>\r\n\t\t\t\t\t\t\t\t\t\t\t\t\t\t\r\n\t\t\t\t\t\t<\/div>\r\n\t\t\t\t\t<\/div>\r\n\t\t\t\t<\/div>\r\n\t\t\t\t\t\t\t<\/div><\/div><\/div>\r\n\t\t\t\t\t\t\t<a name=\"seminarenachdatum\"><\/a>\r\n\t\t\t\t<a name=\"keine30\"><\/a>\r\n\t\t\t\t<h2 class=\"ld-fh-element lqd-highlight-underline lqd-highlight-grow-left text-decoration-default h3 ldsemheadline\">Juni 2026<\/h2>\r\n\t\t\t\t\t\t\t<div class=\"vc_row vc_inner\">\r\n\t\t\t<div class=\"ld-container container-fluid\">\r\n\t\t\t<div class=\"row ld-row ld-row-inner\">\r\n\t\t\t\t\t\t\t<div class=\"wpb_column vc_column_container vc_col-sm-2\">\r\n\t\t\t\t\t<div class=\"vc_column-inner \" >\r\n\t\t\t\t\t\t<div class=\"wpb_wrapper\" >\r\n\t\t\t\t\t\t\t<div class=\"wpb_single_image wpb_content_element vc_align_ liquid_vc_single_image\">\r\n\t\t\t\t\t\t\t\t\t\t\t\t\t\t\t\t\t<div class=\"sem_overlay\" ><a href=\"https:\/\/\r\n\t\t\t\t\t\t\t\t\tonline.therapie.ergowebinar.de\/de\/e\/Onkologie-chemotherapieinduzierte-Polyneuropathie-2FP-279?\r\n\t\t\t\t\t\t\t\t\t\t\t\t\t\t\t\t\t\t\" class=\"btn btn-solid btn-xsm round border-thin btn-has-label jetztstartenbutton\">klicken f\u00fcr Details<\/a><\/div>\r\n\t\t\t\t\t\t\t\t\t\t\t\t\t\t\t\t\t<figure class=\"wpb_wrapper vc_figure\">\r\n\t\t\t\t\t\t\t\t\t<a href=\"https:\/\/online.therapie.ergowebinar.de\/de\/e\/Onkologie-chemotherapieinduzierte-Polyneuropathie-2FP-279?\r\n\t\t\t\t\t\t\t\t\t\" title=\"Sie sehen zahlreiche Igelb\u00e4lle nebeneinander, als Symbol zum Webinar \u00fcber die Therapie von chemotherapieinduzierter Polyneuropathie in der Ergotherapie in der Onkologie in Klinik + Praxis\" target=\"_blank\">\r\n\t\t\t\t\t\t\t\t\t\t<img decoding=\"async\" width=\"475\" src=\"https:\/\/www.ergowebinar.de\/intern\/parsed_images\/afc9e5a8-094c-4cbd-9egb-064aa89786bf.jpg\" class=\"vc_single_image-img attachment-full\" alt=\"Sie sehen zahlreiche Igelb\u00e4lle nebeneinander, als Symbol zum Webinar \u00fcber die Therapie von chemotherapieinduzierter Polyneuropathie in der Ergotherapie in der Onkologie in Klinik + Praxis\" title=\"Sie sehen zahlreiche Igelb\u00e4lle nebeneinander, als Symbol zum Webinar \u00fcber die Therapie von chemotherapieinduzierter Polyneuropathie in der Ergotherapie in der Onkologie in Klinik + Praxis\" srcset=\"https:\/\/www.ergowebinar.de\/intern\/parsed_images\/afc9e5a8-094c-4cbd-9egb-064aa89786bf.jpg 475w, https:\/\/www.ergowebinar.de\/intern\/parsed_images\/afc9e5a8-094c-4cbd-9egb-064aa89786bf.jpg 275w\" sizes=\"(max-width: 475px) 100vw, 475px\" itemprop=\"image\" \/>\r\n\t\t\t\t\t\t\t\t\t\t<h6>Onkologie - chemotherapieinduzierte Polyneuropathie [2FP]<\/h6>\r\n\t\t\t\t\t\t\t\t\t\t\t\t\t\t\t\t\t\t\t\t\t<p class=\"calendarline\"><img decoding=\"async\" class=\"calendar_icon\" src=\"https:\/\/www.ergowebinar.de\/intern\/images\/calendar.png\">01.06.2026 19:00 - 20:00<\/p>\t\r\n\t\t\t\t\t\t\t\t\t\t\t\t\t\t\t\t\t\t\t\t\t<p class=\"liquid_vc_single_text\">\r\n\r\n\r\n\r\nIn der Therapie von Tumoren ist Chemotherapie ein fester Bestandteil h&auml;ufig mit ausgepr&auml;gten Beeintr&auml;chtigungen der Sensibilit&auml;t. Diese sind zwar in den meisten F&auml;llen ...<\/p>\r\n\t\t\t\t\t\t\t\t\t\t\t\t\t\t\t\t\t\t\t\t\t<p class=\"sempreis\">49 \u20ac<\/p>\r\n\t\t\t\t\t\t\t\t\t\t\t\t\t\t\t\t\t\t\t\t\t\t\t<p class=\"semmwst\"><\/p>\r\n\t\t\t\t\t\t\t\t\t\t\t\t\t\t\t\t\t\t\t\t\t\t\t\r\n\t\t\t\t\t\t\t\t\t<\/a>\r\n\t\t\t\t\t\t\t\t<\/figure>\r\n\t\t\t\t\t\t\t\t\r\n\t\t\t\t\t\t\t<\/div>\r\n\t\t\t\t\t\t\t\t\t\t\t\t\t\t\r\n\t\t\t\t\t\t<\/div>\r\n\t\t\t\t\t<\/div>\r\n\t\t\t\t<\/div>\r\n\t\t\t\t\t\t\t\t<div class=\"wpb_column vc_column_container vc_col-sm-2\">\r\n\t\t\t\t\t<div class=\"vc_column-inner \" >\r\n\t\t\t\t\t\t<div class=\"wpb_wrapper\" >\r\n\t\t\t\t\t\t\t<div class=\"wpb_single_image wpb_content_element vc_align_ liquid_vc_single_image\">\r\n\t\t\t\t\t\t\t\t\t\t\t\t\t\t\t\t\t<div class=\"sem_overlay\" ><a href=\"https:\/\/\r\n\t\t\t\t\t\t\t\t\tonline.therapie.ergowebinar.de\/de\/e\/Erstbegutachtung-der-Hand-Inspektion-und-Palpation-2FP-329?\r\n\t\t\t\t\t\t\t\t\t\t\t\t\t\t\t\t\t\t\" class=\"btn btn-solid btn-xsm round border-thin btn-has-label jetztstartenbutton\">klicken f\u00fcr Details<\/a><\/div>\r\n\t\t\t\t\t\t\t\t\t\t\t\t\t\t\t\t\t<figure class=\"wpb_wrapper vc_figure\">\r\n\t\t\t\t\t\t\t\t\t<a href=\"https:\/\/online.therapie.ergowebinar.de\/de\/e\/Erstbegutachtung-der-Hand-Inspektion-und-Palpation-2FP-329?\r\n\t\t\t\t\t\t\t\t\t\" title=\"Sie sehen eine Hand, die eine Lupe h\u00e4lt, als Symbol zum Webseminar zu den vielen Details in der Erstbegutachtung einer Hand in der Handtherapie + Orthop\u00e4die f\u00fcr Ergotherapie + Physiotherapie in Klinik + Praxis\" target=\"_blank\">\r\n\t\t\t\t\t\t\t\t\t\t<img decoding=\"async\" width=\"475\" src=\"https:\/\/www.ergowebinar.de\/intern\/parsed_images\/329.jpg\" class=\"vc_single_image-img attachment-full\" alt=\"Sie sehen eine Hand, die eine Lupe h\u00e4lt, als Symbol zum Webseminar zu den vielen Details in der Erstbegutachtung einer Hand in der Handtherapie + Orthop\u00e4die f\u00fcr Ergotherapie + Physiotherapie in Klinik + Praxis\" title=\"Sie sehen eine Hand, die eine Lupe h\u00e4lt, als Symbol zum Webseminar zu den vielen Details in der Erstbegutachtung einer Hand in der Handtherapie + Orthop\u00e4die f\u00fcr Ergotherapie + Physiotherapie in Klinik + Praxis\" srcset=\"https:\/\/www.ergowebinar.de\/intern\/parsed_images\/329.jpg 475w, https:\/\/www.ergowebinar.de\/intern\/parsed_images\/329.jpg 275w\" sizes=\"(max-width: 475px) 100vw, 475px\" itemprop=\"image\" \/>\r\n\t\t\t\t\t\t\t\t\t\t<h6>Erstbegutachtung der Hand - Inspektion und Palpation [2FP]<\/h6>\r\n\t\t\t\t\t\t\t\t\t\t\t\t\t\t\t\t\t\t\t\t\t<p class=\"calendarline\"><img decoding=\"async\" class=\"calendar_icon\" src=\"https:\/\/www.ergowebinar.de\/intern\/images\/calendar.png\">02.06.2026 19:30 - 20:30<\/p>\t\r\n\t\t\t\t\t\t\t\t\t\t\t\t\t\t\t\t\t\t\t\t\t<p class=\"liquid_vc_single_text\">\r\n\r\n\r\nHier geht es um den therapeutischen Blick und das therapeutische H&auml;ndchen. Wir besprechen die Erstbegutachtung der Hand und der umliegenden Strukturen. Worauf achte ich im Erstbefund und bei ...<\/p>\r\n\t\t\t\t\t\t\t\t\t\t\t\t\t\t\t\t\t\t\t\t\t<p class=\"sempreis\">49 \u20ac<\/p>\r\n\t\t\t\t\t\t\t\t\t\t\t\t\t\t\t\t\t\t\t\t\t\t\t<p class=\"semmwst\"><\/p>\r\n\t\t\t\t\t\t\t\t\t\t\t\t\t\t\t\t\t\t\t\t\t\t\t\r\n\t\t\t\t\t\t\t\t\t<\/a>\r\n\t\t\t\t\t\t\t\t<\/figure>\r\n\t\t\t\t\t\t\t\t\r\n\t\t\t\t\t\t\t<\/div>\r\n\t\t\t\t\t\t\t\t\t\t\t\t\t\t\r\n\t\t\t\t\t\t<\/div>\r\n\t\t\t\t\t<\/div>\r\n\t\t\t\t<\/div>\r\n\t\t\t\t\t\t\t\t<div class=\"wpb_column vc_column_container vc_col-sm-2\">\r\n\t\t\t\t\t<div class=\"vc_column-inner \" >\r\n\t\t\t\t\t\t<div class=\"wpb_wrapper\" >\r\n\t\t\t\t\t\t\t<div class=\"wpb_single_image wpb_content_element vc_align_ liquid_vc_single_image\">\r\n\t\t\t\t\t\t\t\t\t\t\t\t\t\t\t\t\t<div class=\"sem_overlay\" ><a href=\"https:\/\/\r\n\t\t\t\t\t\t\t\t\tonline.therapie.ergowebinar.de\/de\/e\/Demenz-Basic-2FP-296?\r\n\t\t\t\t\t\t\t\t\t\t\t\t\t\t\t\t\t\t\" class=\"btn btn-solid btn-xsm round border-thin btn-has-label jetztstartenbutton\">klicken f\u00fcr Details<\/a><\/div>\r\n\t\t\t\t\t\t\t\t\t\t\t\t\t\t\t\t\t<figure class=\"wpb_wrapper vc_figure\">\r\n\t\t\t\t\t\t\t\t\t<a href=\"https:\/\/online.therapie.ergowebinar.de\/de\/e\/Demenz-Basic-2FP-296?\r\n\t\t\t\t\t\t\t\t\t\" title=\"Sie sehen das Bild eines aus Papier gefalteten Grosshirns, als Assoziation zum Webseminar \u00fcber therapeutisches Basiswissen zur Demenz f\u00fcr Ergotherapie in der Rehabilitation, Geriatrie, Suchttherapie in Klinik + Praxis\" target=\"_blank\">\r\n\t\t\t\t\t\t\t\t\t\t<img decoding=\"async\" width=\"475\" src=\"https:\/\/www.ergowebinar.de\/intern\/parsed_images\/93a89fdb-6b21-4fc0-8646-c7b74069d417.jpg\" class=\"vc_single_image-img attachment-full\" alt=\"Sie sehen das Bild eines aus Papier gefalteten Grosshirns, als Assoziation zum Webseminar \u00fcber therapeutisches Basiswissen zur Demenz f\u00fcr Ergotherapie in der Rehabilitation, Geriatrie, Suchttherapie in Klinik + Praxis\" title=\"Sie sehen das Bild eines aus Papier gefalteten Grosshirns, als Assoziation zum Webseminar \u00fcber therapeutisches Basiswissen zur Demenz f\u00fcr Ergotherapie in der Rehabilitation, Geriatrie, Suchttherapie in Klinik + Praxis\" srcset=\"https:\/\/www.ergowebinar.de\/intern\/parsed_images\/93a89fdb-6b21-4fc0-8646-c7b74069d417.jpg 475w, https:\/\/www.ergowebinar.de\/intern\/parsed_images\/93a89fdb-6b21-4fc0-8646-c7b74069d417.jpg 275w\" sizes=\"(max-width: 475px) 100vw, 475px\" itemprop=\"image\" \/>\r\n\t\t\t\t\t\t\t\t\t\t<h6>Demenz - Basic [2FP]<\/h6>\r\n\t\t\t\t\t\t\t\t\t\t\t\t\t\t\t\t\t\t\t\t\t<p class=\"calendarline\"><img decoding=\"async\" class=\"calendar_icon\" src=\"https:\/\/www.ergowebinar.de\/intern\/images\/calendar.png\">03.06.2026 17:45 - 18:45<\/p>\t\r\n\t\t\t\t\t\t\t\t\t\t\t\t\t\t\t\t\t\t\t\t\t<p class=\"liquid_vc_single_text\">\r\nWir starten mit den grundlegenden Unterschieden f&uuml;r Menschen mit leichter und schwerer Demenz. Zugleich bespreche ich die unterschiedlichen Behandlungsans&auml;tze bei prim&auml;rer und sekund&auml;rer ...<\/p>\r\n\t\t\t\t\t\t\t\t\t\t\t\t\t\t\t\t\t\t\t\t\t<p class=\"sempreis\">49 \u20ac<\/p>\r\n\t\t\t\t\t\t\t\t\t\t\t\t\t\t\t\t\t\t\t\t\t\t\t<p class=\"semmwst\"><\/p>\r\n\t\t\t\t\t\t\t\t\t\t\t\t\t\t\t\t\t\t\t\t\t\t\t\r\n\t\t\t\t\t\t\t\t\t<\/a>\r\n\t\t\t\t\t\t\t\t<\/figure>\r\n\t\t\t\t\t\t\t\t\r\n\t\t\t\t\t\t\t<\/div>\r\n\t\t\t\t\t\t\t\t\t\t\t\t\t\t\r\n\t\t\t\t\t\t<\/div>\r\n\t\t\t\t\t<\/div>\r\n\t\t\t\t<\/div>\r\n\t\t\t\t\t\t\t\t<div class=\"wpb_column vc_column_container vc_col-sm-2\">\r\n\t\t\t\t\t<div class=\"vc_column-inner \" >\r\n\t\t\t\t\t\t<div class=\"wpb_wrapper\" >\r\n\t\t\t\t\t\t\t<div class=\"wpb_single_image wpb_content_element vc_align_ liquid_vc_single_image\">\r\n\t\t\t\t\t\t\t\t\t\t\t\t\t\t\t\t\t<div class=\"sem_overlay\" ><a href=\"https:\/\/\r\n\t\t\t\t\t\t\t\t\tonline.therapie.ergowebinar.de\/de\/e\/Onkologie-Atmung-fuer-mehr-Lebensqualitaet-2-FP-318?\r\n\t\t\t\t\t\t\t\t\t\t\t\t\t\t\t\t\t\t\" class=\"btn btn-solid btn-xsm round border-thin btn-has-label jetztstartenbutton\">klicken f\u00fcr Details<\/a><\/div>\r\n\t\t\t\t\t\t\t\t\t\t\t\t\t\t\t\t\t<figure class=\"wpb_wrapper vc_figure\">\r\n\t\t\t\t\t\t\t\t\t<a href=\"https:\/\/online.therapie.ergowebinar.de\/de\/e\/Onkologie-Atmung-fuer-mehr-Lebensqualitaet-2-FP-318?\r\n\t\t\t\t\t\t\t\t\t\" title=\"Sie sehen eine Frau Seifenblasen pusten, als Assoziation zum Webseminar zu AtemYogas\u00fcbungen f\u00fcr Klienten in der Ergotherapie + Physiotherapie in der Onkologie, Psychosomatik in Klinik + Praxis\" target=\"_blank\">\r\n\t\t\t\t\t\t\t\t\t\t<img decoding=\"async\" width=\"475\" src=\"https:\/\/www.ergowebinar.de\/intern\/parsed_images\/0a5d1d7d-dce6-401b-ad62-45db60b24eb7.jpg\" class=\"vc_single_image-img attachment-full\" alt=\"Sie sehen eine Frau Seifenblasen pusten, als Assoziation zum Webseminar zu AtemYogas\u00fcbungen f\u00fcr Klienten in der Ergotherapie + Physiotherapie in der Onkologie, Psychosomatik in Klinik + Praxis\" title=\"Sie sehen eine Frau Seifenblasen pusten, als Assoziation zum Webseminar zu AtemYogas\u00fcbungen f\u00fcr Klienten in der Ergotherapie + Physiotherapie in der Onkologie, Psychosomatik in Klinik + Praxis\" srcset=\"https:\/\/www.ergowebinar.de\/intern\/parsed_images\/0a5d1d7d-dce6-401b-ad62-45db60b24eb7.jpg 475w, https:\/\/www.ergowebinar.de\/intern\/parsed_images\/0a5d1d7d-dce6-401b-ad62-45db60b24eb7.jpg 275w\" sizes=\"(max-width: 475px) 100vw, 475px\" itemprop=\"image\" \/>\r\n\t\t\t\t\t\t\t\t\t\t<h6>Onkologie - Atmung f\u00fcr mehr Lebensqualit\u00e4t [2 FP]<\/h6>\r\n\t\t\t\t\t\t\t\t\t\t\t\t\t\t\t\t\t\t\t\t\t<p class=\"calendarline\"><img decoding=\"async\" class=\"calendar_icon\" src=\"https:\/\/www.ergowebinar.de\/intern\/images\/calendar.png\">03.06.2026 18:30 - 19:30<\/p>\t\r\n\t\t\t\t\t\t\t\t\t\t\t\t\t\t\t\t\t\t\t\t\t<p class=\"liquid_vc_single_text\">\r\n\r\n\r\nDie Atmung beeinflusst alle K&ouml;rpersysteme - von der Zellversorgung bis zur Regulation des Nervensystems. Gerade in der Onkologie hilft gezieltes AtemYoga, &Auml;ngste zu lindern, Fatigue zu ...<\/p>\r\n\t\t\t\t\t\t\t\t\t\t\t\t\t\t\t\t\t\t\t\t\t<p class=\"sempreis\">49 \u20ac<\/p>\r\n\t\t\t\t\t\t\t\t\t\t\t\t\t\t\t\t\t\t\t\t\t\t\t<p class=\"semmwst\"><\/p>\r\n\t\t\t\t\t\t\t\t\t\t\t\t\t\t\t\t\t\t\t\t\t\t\t\r\n\t\t\t\t\t\t\t\t\t<\/a>\r\n\t\t\t\t\t\t\t\t<\/figure>\r\n\t\t\t\t\t\t\t\t\r\n\t\t\t\t\t\t\t<\/div>\r\n\t\t\t\t\t\t\t\t\t\t\t\t\t\t\r\n\t\t\t\t\t\t<\/div>\r\n\t\t\t\t\t<\/div>\r\n\t\t\t\t<\/div>\r\n\t\t\t\t\t\t\t\t<div class=\"wpb_column vc_column_container vc_col-sm-2\">\r\n\t\t\t\t\t<div class=\"vc_column-inner \" >\r\n\t\t\t\t\t\t<div class=\"wpb_wrapper\" >\r\n\t\t\t\t\t\t\t<div class=\"wpb_single_image wpb_content_element vc_align_ liquid_vc_single_image\">\r\n\t\t\t\t\t\t\t\t\t\t\t\t\t\t\t\t\t<div class=\"sem_overlay\" ><a href=\"https:\/\/\r\n\t\t\t\t\t\t\t\t\tonline.therapie.ergowebinar.de\/de\/e\/Das-BERN-Modell-Coping-und-Stressbewaeltigung-2FP-310?\r\n\t\t\t\t\t\t\t\t\t\t\t\t\t\t\t\t\t\t\" class=\"btn btn-solid btn-xsm round border-thin btn-has-label jetztstartenbutton\">klicken f\u00fcr Details<\/a><\/div>\r\n\t\t\t\t\t\t\t\t\t\t\t\t\t\t\t\t\t<figure class=\"wpb_wrapper vc_figure\">\r\n\t\t\t\t\t\t\t\t\t<a href=\"https:\/\/online.therapie.ergowebinar.de\/de\/e\/Das-BERN-Modell-Coping-und-Stressbewaeltigung-2FP-310?\r\n\t\t\t\t\t\t\t\t\t\" title=\"Sie sehen einen Mann in \u00dcberkopfh\u00f6he Pappkartons mit Stress-,Problem- und Depressionsbeschriftung stemmen, als Assoziation zum Webseminar zu Copingstrategien  f\u00fcr Klienten in der Ergotherapie + Physiotherapie in mehreren Fachgebieten in Klinik + Praxis\" target=\"_blank\">\r\n\t\t\t\t\t\t\t\t\t\t<img decoding=\"async\" width=\"475\" src=\"https:\/\/www.ergowebinar.de\/intern\/parsed_images\/0a5e1d7d-dce6-401b-ad62-45db60b24eb7.jpg\" class=\"vc_single_image-img attachment-full\" alt=\"Sie sehen einen Mann in \u00dcberkopfh\u00f6he Pappkartons mit Stress-,Problem- und Depressionsbeschriftung stemmen, als Assoziation zum Webseminar zu Copingstrategien  f\u00fcr Klienten in der Ergotherapie + Physiotherapie in mehreren Fachgebieten in Klinik + Praxis\" title=\"Sie sehen einen Mann in \u00dcberkopfh\u00f6he Pappkartons mit Stress-,Problem- und Depressionsbeschriftung stemmen, als Assoziation zum Webseminar zu Copingstrategien  f\u00fcr Klienten in der Ergotherapie + Physiotherapie in mehreren Fachgebieten in Klinik + Praxis\" srcset=\"https:\/\/www.ergowebinar.de\/intern\/parsed_images\/0a5e1d7d-dce6-401b-ad62-45db60b24eb7.jpg 475w, https:\/\/www.ergowebinar.de\/intern\/parsed_images\/0a5e1d7d-dce6-401b-ad62-45db60b24eb7.jpg 275w\" sizes=\"(max-width: 475px) 100vw, 475px\" itemprop=\"image\" \/>\r\n\t\t\t\t\t\t\t\t\t\t<h6>Das BERN-Modell - Coping und Stressbew\u00e4ltigung [2FP]<\/h6>\r\n\t\t\t\t\t\t\t\t\t\t\t\t\t\t\t\t\t\t\t\t\t<p class=\"calendarline\"><img decoding=\"async\" class=\"calendar_icon\" src=\"https:\/\/www.ergowebinar.de\/intern\/images\/calendar.png\">03.06.2026 20:00 - 21:00<\/p>\t\r\n\t\t\t\t\t\t\t\t\t\t\t\t\t\t\t\t\t\t\t\t\t<p class=\"liquid_vc_single_text\">\r\n\r\n\r\n\r\nDas BERN-Modell (Behavior, Exercise, Relaxation, Nutrition) - also Verhalten, Bewegung, Entspannung und Ern&auml;hrung bietet einen klaren Rahmen, um Stressreaktionen zu verstehen und zu regulieren. ...<\/p>\r\n\t\t\t\t\t\t\t\t\t\t\t\t\t\t\t\t\t\t\t\t\t<p class=\"sempreis\">49 \u20ac<\/p>\r\n\t\t\t\t\t\t\t\t\t\t\t\t\t\t\t\t\t\t\t\t\t\t\t<p class=\"semmwst\"><\/p>\r\n\t\t\t\t\t\t\t\t\t\t\t\t\t\t\t\t\t\t\t\t\t\t\t\r\n\t\t\t\t\t\t\t\t\t<\/a>\r\n\t\t\t\t\t\t\t\t<\/figure>\r\n\t\t\t\t\t\t\t\t\r\n\t\t\t\t\t\t\t<\/div>\r\n\t\t\t\t\t\t\t\t\t\t\t\t\t\t\r\n\t\t\t\t\t\t<\/div>\r\n\t\t\t\t\t<\/div>\r\n\t\t\t\t<\/div>\r\n\t\t\t\t\t\t\t\t<div class=\"wpb_column vc_column_container vc_col-sm-2\">\r\n\t\t\t\t\t<div class=\"vc_column-inner \" >\r\n\t\t\t\t\t\t<div class=\"wpb_wrapper\" >\r\n\t\t\t\t\t\t\t<div class=\"wpb_single_image wpb_content_element vc_align_ liquid_vc_single_image\">\r\n\t\t\t\t\t\t\t\t\t\t\t\t\t\t\t\t\t<div class=\"sem_overlay\" ><a href=\"https:\/\/\r\n\t\t\t\t\t\t\t\t\tonline.therapie.ergowebinar.de\/de\/e\/Onkologie-Ergotherapie-nach-Brust-OP-2FP-280?\r\n\t\t\t\t\t\t\t\t\t\t\t\t\t\t\t\t\t\t\" class=\"btn btn-solid btn-xsm round border-thin btn-has-label jetztstartenbutton\">klicken f\u00fcr Details<\/a><\/div>\r\n\t\t\t\t\t\t\t\t\t\t\t\t\t\t\t\t\t<figure class=\"wpb_wrapper vc_figure\">\r\n\t\t\t\t\t\t\t\t\t<a href=\"https:\/\/online.therapie.ergowebinar.de\/de\/e\/Onkologie-Ergotherapie-nach-Brust-OP-2FP-280?\r\n\t\t\t\t\t\t\t\t\t\" title=\"Sie sehen einen weiblichen Oberk\u00f6rper nach Brustresektion ohne Implantate, als Symbol zum Webinar \u00fcber Ergotherapie nach Mamma-OP in der Onkologie in Klinik + Praxis\" target=\"_blank\">\r\n\t\t\t\t\t\t\t\t\t\t<img decoding=\"async\" width=\"475\" src=\"https:\/\/www.ergowebinar.de\/intern\/parsed_images\/afc9e5a8-094c-4cbd-9efb-064aa89786bf.jpg\" class=\"vc_single_image-img attachment-full\" alt=\"Sie sehen einen weiblichen Oberk\u00f6rper nach Brustresektion ohne Implantate, als Symbol zum Webinar \u00fcber Ergotherapie nach Mamma-OP in der Onkologie in Klinik + Praxis\" title=\"Sie sehen einen weiblichen Oberk\u00f6rper nach Brustresektion ohne Implantate, als Symbol zum Webinar \u00fcber Ergotherapie nach Mamma-OP in der Onkologie in Klinik + Praxis\" srcset=\"https:\/\/www.ergowebinar.de\/intern\/parsed_images\/afc9e5a8-094c-4cbd-9efb-064aa89786bf.jpg 475w, https:\/\/www.ergowebinar.de\/intern\/parsed_images\/afc9e5a8-094c-4cbd-9efb-064aa89786bf.jpg 275w\" sizes=\"(max-width: 475px) 100vw, 475px\" itemprop=\"image\" \/>\r\n\t\t\t\t\t\t\t\t\t\t<h6>Onkologie - Ergotherapie nach Brust OP [2FP]<\/h6>\r\n\t\t\t\t\t\t\t\t\t\t\t\t\t\t\t\t\t\t\t\t\t<p class=\"calendarline\"><img decoding=\"async\" class=\"calendar_icon\" src=\"https:\/\/www.ergowebinar.de\/intern\/images\/calendar.png\">08.06.2026 19:00 - 20:00<\/p>\t\r\n\t\t\t\t\t\t\t\t\t\t\t\t\t\t\t\t\t\t\t\t\t<p class=\"liquid_vc_single_text\">\r\nH&auml;ufig folgt auf die Mamma-OP ein deutlich sp&uuml;rbarer Handkraftverlust und eine stark einschr&auml;nkende Gelenkssteifigkeit am Morgen sowie zahlreiche weitere alltagsrelevante Beeintr&auml;chtigungen. ...<\/p>\r\n\t\t\t\t\t\t\t\t\t\t\t\t\t\t\t\t\t\t\t\t\t<p class=\"sempreis\">49 \u20ac<\/p>\r\n\t\t\t\t\t\t\t\t\t\t\t\t\t\t\t\t\t\t\t\t\t\t\t<p class=\"semmwst\"><\/p>\r\n\t\t\t\t\t\t\t\t\t\t\t\t\t\t\t\t\t\t\t\t\t\t\t\r\n\t\t\t\t\t\t\t\t\t<\/a>\r\n\t\t\t\t\t\t\t\t<\/figure>\r\n\t\t\t\t\t\t\t\t\r\n\t\t\t\t\t\t\t<\/div>\r\n\t\t\t\t\t\t\t\t\t\t\t\t\t\t\r\n\t\t\t\t\t\t<\/div>\r\n\t\t\t\t\t<\/div>\r\n\t\t\t\t<\/div>\r\n\t\t\t\t\t\t\t\t<div class=\"wpb_column vc_column_container vc_col-sm-2\">\r\n\t\t\t\t\t<div class=\"vc_column-inner \" >\r\n\t\t\t\t\t\t<div class=\"wpb_wrapper\" >\r\n\t\t\t\t\t\t\t<div class=\"wpb_single_image wpb_content_element vc_align_ liquid_vc_single_image\">\r\n\t\t\t\t\t\t\t\t\t\t\t\t\t\t\t\t\t<div class=\"sem_overlay\" ><a href=\"https:\/\/\r\n\t\t\t\t\t\t\t\t\tonline.therapie.ergowebinar.de\/de\/e\/Demenz-Assessmentprozess-2FP-297?\r\n\t\t\t\t\t\t\t\t\t\t\t\t\t\t\t\t\t\t\" class=\"btn btn-solid btn-xsm round border-thin btn-has-label jetztstartenbutton\">klicken f\u00fcr Details<\/a><\/div>\r\n\t\t\t\t\t\t\t\t\t\t\t\t\t\t\t\t\t<figure class=\"wpb_wrapper vc_figure\">\r\n\t\t\t\t\t\t\t\t\t<a href=\"https:\/\/online.therapie.ergowebinar.de\/de\/e\/Demenz-Assessmentprozess-2FP-297?\r\n\t\t\t\t\t\t\t\t\t\" title=\"Sie sehen das Bild eines \u00fcberkochenden Milchtopfes auf dem Herd, als Assoziation zum Webseminar \u00fcber den ergotherapeutischen Assessmentprozess bei Demenz f\u00fcr in der Rehabilitation, Geriatrie, Suchttherapie in Klinik + Praxis\" target=\"_blank\">\r\n\t\t\t\t\t\t\t\t\t\t<img decoding=\"async\" width=\"475\" src=\"https:\/\/www.ergowebinar.de\/intern\/parsed_images\/93a89fdb-6b21-4cc0-8646-c7b74069d417.jpg\" class=\"vc_single_image-img attachment-full\" alt=\"Sie sehen das Bild eines \u00fcberkochenden Milchtopfes auf dem Herd, als Assoziation zum Webseminar \u00fcber den ergotherapeutischen Assessmentprozess bei Demenz f\u00fcr in der Rehabilitation, Geriatrie, Suchttherapie in Klinik + Praxis\" title=\"Sie sehen das Bild eines \u00fcberkochenden Milchtopfes auf dem Herd, als Assoziation zum Webseminar \u00fcber den ergotherapeutischen Assessmentprozess bei Demenz f\u00fcr in der Rehabilitation, Geriatrie, Suchttherapie in Klinik + Praxis\" srcset=\"https:\/\/www.ergowebinar.de\/intern\/parsed_images\/93a89fdb-6b21-4cc0-8646-c7b74069d417.jpg 475w, https:\/\/www.ergowebinar.de\/intern\/parsed_images\/93a89fdb-6b21-4cc0-8646-c7b74069d417.jpg 275w\" sizes=\"(max-width: 475px) 100vw, 475px\" itemprop=\"image\" \/>\r\n\t\t\t\t\t\t\t\t\t\t<h6>Demenz - Assessmentprozess [2FP]<\/h6>\r\n\t\t\t\t\t\t\t\t\t\t\t\t\t\t\t\t\t\t\t\t\t<p class=\"calendarline\"><img decoding=\"async\" class=\"calendar_icon\" src=\"https:\/\/www.ergowebinar.de\/intern\/images\/calendar.png\">10.06.2026 17:45 - 18:45<\/p>\t\r\n\t\t\t\t\t\t\t\t\t\t\t\t\t\t\t\t\t\t\t\t\t<p class=\"liquid_vc_single_text\">\r\n\r\nIn diesem Webinar stelle ich den ergotherapeutischen Befund nach Gudrun Schaade in den Vordergrund und zeige die Evaluation der Therapieschritte. Zus&auml;tzlich gebe ich Tipps zur Vorgehensweise, ...<\/p>\r\n\t\t\t\t\t\t\t\t\t\t\t\t\t\t\t\t\t\t\t\t\t<p class=\"sempreis\">49 \u20ac<\/p>\r\n\t\t\t\t\t\t\t\t\t\t\t\t\t\t\t\t\t\t\t\t\t\t\t<p class=\"semmwst\"><\/p>\r\n\t\t\t\t\t\t\t\t\t\t\t\t\t\t\t\t\t\t\t\t\t\t\t\r\n\t\t\t\t\t\t\t\t\t<\/a>\r\n\t\t\t\t\t\t\t\t<\/figure>\r\n\t\t\t\t\t\t\t\t\r\n\t\t\t\t\t\t\t<\/div>\r\n\t\t\t\t\t\t\t\t\t\t\t\t\t\t\r\n\t\t\t\t\t\t<\/div>\r\n\t\t\t\t\t<\/div>\r\n\t\t\t\t<\/div>\r\n\t\t\t\t\t\t\t\t<div class=\"wpb_column vc_column_container vc_col-sm-2\">\r\n\t\t\t\t\t<div class=\"vc_column-inner \" >\r\n\t\t\t\t\t\t<div class=\"wpb_wrapper\" >\r\n\t\t\t\t\t\t\t<div class=\"wpb_single_image wpb_content_element vc_align_ liquid_vc_single_image\">\r\n\t\t\t\t\t\t\t\t\t\t\t\t\t\t\t\t\t<div class=\"sem_overlay\" ><a href=\"https:\/\/\r\n\t\t\t\t\t\t\t\t\tonline.therapie.ergowebinar.de\/de\/e\/Ataxie-der-Zielmotorik-evidenzbasierte-Therapieansaetze-2FP-109?\r\n\t\t\t\t\t\t\t\t\t\t\t\t\t\t\t\t\t\t\" class=\"btn btn-solid btn-xsm round border-thin btn-has-label jetztstartenbutton\">klicken f\u00fcr Details<\/a><\/div>\r\n\t\t\t\t\t\t\t\t\t\t\t\t\t\t\t\t\t<figure class=\"wpb_wrapper vc_figure\">\r\n\t\t\t\t\t\t\t\t\t<a href=\"https:\/\/online.therapie.ergowebinar.de\/de\/e\/Ataxie-der-Zielmotorik-evidenzbasierte-Therapieansaetze-2FP-109?\r\n\t\t\t\t\t\t\t\t\t\" title=\"Sie sehen einen Strudel im Wasserglas als Assoziation zum Webseminar evidenzbasierte Therapieans\u00e4tze bei Ataxief\u00fcr Ergotherapie + Physiotherapie in der Neurologie und Rehabilitation in Klinik + Praxis\" target=\"_blank\">\r\n\t\t\t\t\t\t\t\t\t\t<img decoding=\"async\" width=\"475\" src=\"https:\/\/www.ergowebinar.de\/intern\/parsed_images\/5582f5d8-015f-4057-a5ae-6cc93df716ad.jpg\" class=\"vc_single_image-img attachment-full\" alt=\"Sie sehen einen Strudel im Wasserglas als Assoziation zum Webseminar evidenzbasierte Therapieans\u00e4tze bei Ataxief\u00fcr Ergotherapie + Physiotherapie in der Neurologie und Rehabilitation in Klinik + Praxis\" title=\"Sie sehen einen Strudel im Wasserglas als Assoziation zum Webseminar evidenzbasierte Therapieans\u00e4tze bei Ataxief\u00fcr Ergotherapie + Physiotherapie in der Neurologie und Rehabilitation in Klinik + Praxis\" srcset=\"https:\/\/www.ergowebinar.de\/intern\/parsed_images\/5582f5d8-015f-4057-a5ae-6cc93df716ad.jpg 475w, https:\/\/www.ergowebinar.de\/intern\/parsed_images\/5582f5d8-015f-4057-a5ae-6cc93df716ad.jpg 275w\" sizes=\"(max-width: 475px) 100vw, 475px\" itemprop=\"image\" \/>\r\n\t\t\t\t\t\t\t\t\t\t<h6>Ataxie der Zielmotorik - evidenzbasierte Therapieans\u00e4tze [2FP]<\/h6>\r\n\t\t\t\t\t\t\t\t\t\t\t\t\t\t\t\t\t\t\t\t\t<p class=\"calendarline\"><img decoding=\"async\" class=\"calendar_icon\" src=\"https:\/\/www.ergowebinar.de\/intern\/images\/calendar.png\">11.06.2026 17:30 - 18:30<\/p>\t\r\n\t\t\t\t\t\t\t\t\t\t\t\t\t\t\t\t\t\t\t\t\t<p class=\"liquid_vc_single_text\">Sind Bewegungskoordination und Haltungsinnervation gest&ouml;rt, spricht man von einer ataktischen Bewegungsst&ouml;rung - und gerade bei Glied- oder Extremit&auml;tenataxien ist oft der Leidensdruck der ...<\/p>\r\n\t\t\t\t\t\t\t\t\t\t\t\t\t\t\t\t\t\t\t\t\t<p class=\"sempreis\">49 \u20ac<\/p>\r\n\t\t\t\t\t\t\t\t\t\t\t\t\t\t\t\t\t\t\t\t\t\t\t<p class=\"semmwst\"><\/p>\r\n\t\t\t\t\t\t\t\t\t\t\t\t\t\t\t\t\t\t\t\t\t\t\t\r\n\t\t\t\t\t\t\t\t\t<\/a>\r\n\t\t\t\t\t\t\t\t<\/figure>\r\n\t\t\t\t\t\t\t\t\r\n\t\t\t\t\t\t\t<\/div>\r\n\t\t\t\t\t\t\t\t\t\t\t\t\t\t\r\n\t\t\t\t\t\t<\/div>\r\n\t\t\t\t\t<\/div>\r\n\t\t\t\t<\/div>\r\n\t\t\t\t\t\t\t\t<div class=\"wpb_column vc_column_container vc_col-sm-2\">\r\n\t\t\t\t\t<div class=\"vc_column-inner \" >\r\n\t\t\t\t\t\t<div class=\"wpb_wrapper\" >\r\n\t\t\t\t\t\t\t<div class=\"wpb_single_image wpb_content_element vc_align_ liquid_vc_single_image\">\r\n\t\t\t\t\t\t\t\t\t\t\t\t\t\t\t\t\t<div class=\"sem_overlay\" ><a href=\"https:\/\/\r\n\t\t\t\t\t\t\t\t\tonline.therapie.ergowebinar.de\/de\/e\/Midcarpale-Hypermobilitaeten-Behandlung-2-FP-120?\r\n\t\t\t\t\t\t\t\t\t\t\t\t\t\t\t\t\t\t\" class=\"btn btn-solid btn-xsm round border-thin btn-has-label jetztstartenbutton\">klicken f\u00fcr Details<\/a><\/div>\r\n\t\t\t\t\t\t\t\t\t\t\t\t\t\t\t\t\t<figure class=\"wpb_wrapper vc_figure\">\r\n\t\t\t\t\t\t\t\t\t<a href=\"https:\/\/online.therapie.ergowebinar.de\/de\/e\/Midcarpale-Hypermobilitaeten-Behandlung-2-FP-120?\r\n\t\t\t\t\t\t\t\t\t\" title=\"Sie sehen nebeneinander liegende H\u00e4nde  als Assoziation zum Webseminar f\u00fcr Ergotherapie + Physiotherapie in der Handreha und Orthop\u00e4die bei Handgelenksbeschwerden und Problemen der Mittelhandknochen in Klinik + Praxis\" target=\"_blank\">\r\n\t\t\t\t\t\t\t\t\t\t<img decoding=\"async\" width=\"475\" src=\"https:\/\/www.ergowebinar.de\/intern\/parsed_images\/034d6778-40ea-47e3-87fd-101e02fad0c8.jpg\" class=\"vc_single_image-img attachment-full\" alt=\"Sie sehen nebeneinander liegende H\u00e4nde  als Assoziation zum Webseminar f\u00fcr Ergotherapie + Physiotherapie in der Handreha und Orthop\u00e4die bei Handgelenksbeschwerden und Problemen der Mittelhandknochen in Klinik + Praxis\" title=\"Sie sehen nebeneinander liegende H\u00e4nde  als Assoziation zum Webseminar f\u00fcr Ergotherapie + Physiotherapie in der Handreha und Orthop\u00e4die bei Handgelenksbeschwerden und Problemen der Mittelhandknochen in Klinik + Praxis\" srcset=\"https:\/\/www.ergowebinar.de\/intern\/parsed_images\/034d6778-40ea-47e3-87fd-101e02fad0c8.jpg 475w, https:\/\/www.ergowebinar.de\/intern\/parsed_images\/034d6778-40ea-47e3-87fd-101e02fad0c8.jpg 275w\" sizes=\"(max-width: 475px) 100vw, 475px\" itemprop=\"image\" \/>\r\n\t\t\t\t\t\t\t\t\t\t<h6>Midcarpale Hypermobilit\u00e4ten - Behandlung [2 FP]<\/h6>\r\n\t\t\t\t\t\t\t\t\t\t\t\t\t\t\t\t\t\t\t\t\t<p class=\"calendarline\"><img decoding=\"async\" class=\"calendar_icon\" src=\"https:\/\/www.ergowebinar.de\/intern\/images\/calendar.png\">15.06.2026 16:30 - 17:30<\/p>\t\r\n\t\t\t\t\t\t\t\t\t\t\t\t\t\t\t\t\t\t\t\t\t<p class=\"liquid_vc_single_text\">Betroffene, die unter einer midcarpalen Instabilit&auml;t leiden, geben meist Belastungsschmerzen, Kraftverlust und Instabilit&auml;ts-Symptome an. Auf Basis der Analyse des zugrundeliegenden Pathomechanismus ...<\/p>\r\n\t\t\t\t\t\t\t\t\t\t\t\t\t\t\t\t\t\t\t\t\t<p class=\"sempreis\">49 \u20ac<\/p>\r\n\t\t\t\t\t\t\t\t\t\t\t\t\t\t\t\t\t\t\t\t\t\t\t<p class=\"semmwst\"><\/p>\r\n\t\t\t\t\t\t\t\t\t\t\t\t\t\t\t\t\t\t\t\t\t\t\t\r\n\t\t\t\t\t\t\t\t\t<\/a>\r\n\t\t\t\t\t\t\t\t<\/figure>\r\n\t\t\t\t\t\t\t\t\r\n\t\t\t\t\t\t\t<\/div>\r\n\t\t\t\t\t\t\t\t\t\t\t\t\t\t\r\n\t\t\t\t\t\t<\/div>\r\n\t\t\t\t\t<\/div>\r\n\t\t\t\t<\/div>\r\n\t\t\t\t\t\t\t\t<div class=\"wpb_column vc_column_container vc_col-sm-2\">\r\n\t\t\t\t\t<div class=\"vc_column-inner \" >\r\n\t\t\t\t\t\t<div class=\"wpb_wrapper\" >\r\n\t\t\t\t\t\t\t<div class=\"wpb_single_image wpb_content_element vc_align_ liquid_vc_single_image\">\r\n\t\t\t\t\t\t\t\t\t\t\t\t\t\t\t\t\t<div class=\"sem_overlay\" ><a href=\"https:\/\/\r\n\t\t\t\t\t\t\t\t\tonline.therapie.ergowebinar.de\/de\/e\/Demenz-Pre-Assessment-Images-erfassen-2FP-298?\r\n\t\t\t\t\t\t\t\t\t\t\t\t\t\t\t\t\t\t\" class=\"btn btn-solid btn-xsm round border-thin btn-has-label jetztstartenbutton\">klicken f\u00fcr Details<\/a><\/div>\r\n\t\t\t\t\t\t\t\t\t\t\t\t\t\t\t\t\t<figure class=\"wpb_wrapper vc_figure\">\r\n\t\t\t\t\t\t\t\t\t<a href=\"https:\/\/online.therapie.ergowebinar.de\/de\/e\/Demenz-Pre-Assessment-Images-erfassen-2FP-298?\r\n\t\t\t\t\t\t\t\t\t\" title=\"Sie sehen zwei H\u00e4nde,die zwei Puzzlest\u00fccke zusammensetzen,als Assoziation zum Webseminar \u00fcber Werkzeuge zur Einbindung von Angeh\u00f6rigen im Assessmentprozess bei Demenz f\u00fcr Ergotherapie in der Rehabilitation, Geriatrie, Suchttherapie in Klinik + Praxis\" target=\"_blank\">\r\n\t\t\t\t\t\t\t\t\t\t<img decoding=\"async\" width=\"475\" src=\"https:\/\/www.ergowebinar.de\/intern\/parsed_images\/93a89fdb-6b21-4fc0-8446-c7b74069d417.jpg\" class=\"vc_single_image-img attachment-full\" alt=\"Sie sehen zwei H\u00e4nde,die zwei Puzzlest\u00fccke zusammensetzen,als Assoziation zum Webseminar \u00fcber Werkzeuge zur Einbindung von Angeh\u00f6rigen im Assessmentprozess bei Demenz f\u00fcr Ergotherapie in der Rehabilitation, Geriatrie, Suchttherapie in Klinik + Praxis\" title=\"Sie sehen zwei H\u00e4nde,die zwei Puzzlest\u00fccke zusammensetzen,als Assoziation zum Webseminar \u00fcber Werkzeuge zur Einbindung von Angeh\u00f6rigen im Assessmentprozess bei Demenz f\u00fcr Ergotherapie in der Rehabilitation, Geriatrie, Suchttherapie in Klinik + Praxis\" srcset=\"https:\/\/www.ergowebinar.de\/intern\/parsed_images\/93a89fdb-6b21-4fc0-8446-c7b74069d417.jpg 475w, https:\/\/www.ergowebinar.de\/intern\/parsed_images\/93a89fdb-6b21-4fc0-8446-c7b74069d417.jpg 275w\" sizes=\"(max-width: 475px) 100vw, 475px\" itemprop=\"image\" \/>\r\n\t\t\t\t\t\t\t\t\t\t<h6>Demenz - Pre-Assessment Images erfassen [2FP]<\/h6>\r\n\t\t\t\t\t\t\t\t\t\t\t\t\t\t\t\t\t\t\t\t\t<p class=\"calendarline\"><img decoding=\"async\" class=\"calendar_icon\" src=\"https:\/\/www.ergowebinar.de\/intern\/images\/calendar.png\">17.06.2026 17:45 - 18:45<\/p>\t\r\n\t\t\t\t\t\t\t\t\t\t\t\t\t\t\t\t\t\t\t\t\t<p class=\"liquid_vc_single_text\">\r\n\r\nWie und womit An- und Zugeh&ouml;rige durch ad&auml;quates Informationsmaterial den Assessmentprozess unterst&uuml;tzen k&ouml;nnen und entscheidend voranbringen k&ouml;nnen, zeige ich in diesem Webinar. ...<\/p>\r\n\t\t\t\t\t\t\t\t\t\t\t\t\t\t\t\t\t\t\t\t\t<p class=\"sempreis\">49 \u20ac<\/p>\r\n\t\t\t\t\t\t\t\t\t\t\t\t\t\t\t\t\t\t\t\t\t\t\t<p class=\"semmwst\"><\/p>\r\n\t\t\t\t\t\t\t\t\t\t\t\t\t\t\t\t\t\t\t\t\t\t\t\r\n\t\t\t\t\t\t\t\t\t<\/a>\r\n\t\t\t\t\t\t\t\t<\/figure>\r\n\t\t\t\t\t\t\t\t\r\n\t\t\t\t\t\t\t<\/div>\r\n\t\t\t\t\t\t\t\t\t\t\t\t\t\t\r\n\t\t\t\t\t\t<\/div>\r\n\t\t\t\t\t<\/div>\r\n\t\t\t\t<\/div>\r\n\t\t\t\t\t\t\t\t<div class=\"wpb_column vc_column_container vc_col-sm-2\">\r\n\t\t\t\t\t<div class=\"vc_column-inner \" >\r\n\t\t\t\t\t\t<div class=\"wpb_wrapper\" >\r\n\t\t\t\t\t\t\t<div class=\"wpb_single_image wpb_content_element vc_align_ liquid_vc_single_image\">\r\n\t\t\t\t\t\t\t\t\t\t\t\t\t\t\t\t\t<div class=\"sem_overlay\" ><a href=\"https:\/\/\r\n\t\t\t\t\t\t\t\t\tonline.therapie.ergowebinar.de\/de\/e\/Demenz-Angehoerigenarbeit-2FP-87?\r\n\t\t\t\t\t\t\t\t\t\t\t\t\t\t\t\t\t\t\" class=\"btn btn-solid btn-xsm round border-thin btn-has-label jetztstartenbutton\">klicken f\u00fcr Details<\/a><\/div>\r\n\t\t\t\t\t\t\t\t\t\t\t\t\t\t\t\t\t<figure class=\"wpb_wrapper vc_figure\">\r\n\t\t\t\t\t\t\t\t\t<a href=\"https:\/\/online.therapie.ergowebinar.de\/de\/e\/Demenz-Angehoerigenarbeit-2FP-87?\r\n\t\t\t\t\t\t\t\t\t\" title=\"Sie sehen eine Person, die sich Notizen zum Gespr\u00e4ch auf den Knien macht, als Assoziation zum Webseminar f\u00fcr Ergotherapie + Physiotherapie in der Rehabilitation von demenziell Erkrankten und ihren Angeh\u00f6rigen in der Geriatrie in Klinik + Praxis\" target=\"_blank\">\r\n\t\t\t\t\t\t\t\t\t\t<img decoding=\"async\" width=\"475\" src=\"https:\/\/www.ergowebinar.de\/intern\/parsed_images\/8965905e-92cd-4be9-a8d5-27eecb81ad75.jpg\" class=\"vc_single_image-img attachment-full\" alt=\"Sie sehen eine Person, die sich Notizen zum Gespr\u00e4ch auf den Knien macht, als Assoziation zum Webseminar f\u00fcr Ergotherapie + Physiotherapie in der Rehabilitation von demenziell Erkrankten und ihren Angeh\u00f6rigen in der Geriatrie in Klinik + Praxis\" title=\"Sie sehen eine Person, die sich Notizen zum Gespr\u00e4ch auf den Knien macht, als Assoziation zum Webseminar f\u00fcr Ergotherapie + Physiotherapie in der Rehabilitation von demenziell Erkrankten und ihren Angeh\u00f6rigen in der Geriatrie in Klinik + Praxis\" srcset=\"https:\/\/www.ergowebinar.de\/intern\/parsed_images\/8965905e-92cd-4be9-a8d5-27eecb81ad75.jpg 475w, https:\/\/www.ergowebinar.de\/intern\/parsed_images\/8965905e-92cd-4be9-a8d5-27eecb81ad75.jpg 275w\" sizes=\"(max-width: 475px) 100vw, 475px\" itemprop=\"image\" \/>\r\n\t\t\t\t\t\t\t\t\t\t<h6>Demenz - Angeh\u00f6rigenarbeit [2FP]<\/h6>\r\n\t\t\t\t\t\t\t\t\t\t\t\t\t\t\t\t\t\t\t\t\t<p class=\"calendarline\"><img decoding=\"async\" class=\"calendar_icon\" src=\"https:\/\/www.ergowebinar.de\/intern\/images\/calendar.png\">17.06.2026 18:00 - 19:00<\/p>\t\r\n\t\t\t\t\t\t\t\t\t\t\t\t\t\t\t\t\t\t\t\t\t<p class=\"liquid_vc_single_text\">Bei einer demenziellen Erkrankung ist der Einbezug und Beratung der Zugeh&ouml;rigen elementar. Gerade pflegende Angeh&ouml;rige sind erheblich von der Demenz mitbetroffen und gro&szlig;en Belastungen ...<\/p>\r\n\t\t\t\t\t\t\t\t\t\t\t\t\t\t\t\t\t\t\t\t\t<p class=\"sempreis\">49 \u20ac<\/p>\r\n\t\t\t\t\t\t\t\t\t\t\t\t\t\t\t\t\t\t\t\t\t\t\t<p class=\"semmwst\"><\/p>\r\n\t\t\t\t\t\t\t\t\t\t\t\t\t\t\t\t\t\t\t\t\t\t\t\r\n\t\t\t\t\t\t\t\t\t<\/a>\r\n\t\t\t\t\t\t\t\t<\/figure>\r\n\t\t\t\t\t\t\t\t\r\n\t\t\t\t\t\t\t<\/div>\r\n\t\t\t\t\t\t\t\t\t\t\t\t\t\t\r\n\t\t\t\t\t\t<\/div>\r\n\t\t\t\t\t<\/div>\r\n\t\t\t\t<\/div>\r\n\t\t\t\t\t\t\t\t<div class=\"wpb_column vc_column_container vc_col-sm-2\">\r\n\t\t\t\t\t<div class=\"vc_column-inner \" >\r\n\t\t\t\t\t\t<div class=\"wpb_wrapper\" >\r\n\t\t\t\t\t\t\t<div class=\"wpb_single_image wpb_content_element vc_align_ liquid_vc_single_image\">\r\n\t\t\t\t\t\t\t\t\t\t\t\t\t\t\t\t\t<div class=\"sem_overlay\" ><a href=\"https:\/\/\r\n\t\t\t\t\t\t\t\t\tonline.therapie.ergowebinar.de\/de\/e\/Altersmedizin-Update-2-FP-67?\r\n\t\t\t\t\t\t\t\t\t\t\t\t\t\t\t\t\t\t\" class=\"btn btn-solid btn-xsm round border-thin btn-has-label jetztstartenbutton\">klicken f\u00fcr Details<\/a><\/div>\r\n\t\t\t\t\t\t\t\t\t\t\t\t\t\t\t\t\t<figure class=\"wpb_wrapper vc_figure\">\r\n\t\t\t\t\t\t\t\t\t<a href=\"https:\/\/online.therapie.ergowebinar.de\/de\/e\/Altersmedizin-Update-2-FP-67?\r\n\t\t\t\t\t\t\t\t\t\" title=\"Sie sehen  die Augen- und Nasenpartie einer Seniorin als Assoziation zum Webseminar mit Aktualisierungen zu Alterserkrankungen f\u00fcr die Geriatrie, NeuroReha und Orthop\u00e4die f\u00fcr Ergotherapie + Physiotherapie in der Klinik + Praxis\" target=\"_blank\">\r\n\t\t\t\t\t\t\t\t\t\t<img decoding=\"async\" width=\"475\" src=\"https:\/\/www.ergowebinar.de\/intern\/parsed_images\/e37a48cb-1fce-4d37-9c8c-ce4e8e8f51d6.jpg\" class=\"vc_single_image-img attachment-full\" alt=\"Sie sehen  die Augen- und Nasenpartie einer Seniorin als Assoziation zum Webseminar mit Aktualisierungen zu Alterserkrankungen f\u00fcr die Geriatrie, NeuroReha und Orthop\u00e4die f\u00fcr Ergotherapie + Physiotherapie in der Klinik + Praxis\" title=\"Sie sehen  die Augen- und Nasenpartie einer Seniorin als Assoziation zum Webseminar mit Aktualisierungen zu Alterserkrankungen f\u00fcr die Geriatrie, NeuroReha und Orthop\u00e4die f\u00fcr Ergotherapie + Physiotherapie in der Klinik + Praxis\" srcset=\"https:\/\/www.ergowebinar.de\/intern\/parsed_images\/e37a48cb-1fce-4d37-9c8c-ce4e8e8f51d6.jpg 475w, https:\/\/www.ergowebinar.de\/intern\/parsed_images\/e37a48cb-1fce-4d37-9c8c-ce4e8e8f51d6.jpg 275w\" sizes=\"(max-width: 475px) 100vw, 475px\" itemprop=\"image\" \/>\r\n\t\t\t\t\t\t\t\t\t\t<h6>Altersmedizin Update [2 FP]<\/h6>\r\n\t\t\t\t\t\t\t\t\t\t\t\t\t\t\t\t\t\t\t\t\t<p class=\"calendarline\"><img decoding=\"async\" class=\"calendar_icon\" src=\"https:\/\/www.ergowebinar.de\/intern\/images\/calendar.png\">22.06.2026 16:45 - 17:45<\/p>\t\r\n\t\t\t\t\t\t\t\t\t\t\t\t\t\t\t\t\t\t\t\t\t<p class=\"liquid_vc_single_text\">Der demographische Wandel und die Ver&auml;nderungen im Gesundheitswesen ver&auml;ndert die Anforderungen in der Therapie. Mit h&ouml;herem Alter gehen einerseits physiologische Prozesse einher, andererseits ...<\/p>\r\n\t\t\t\t\t\t\t\t\t\t\t\t\t\t\t\t\t\t\t\t\t<p class=\"sempreis\">49 \u20ac<\/p>\r\n\t\t\t\t\t\t\t\t\t\t\t\t\t\t\t\t\t\t\t\t\t\t\t<p class=\"semmwst\"><\/p>\r\n\t\t\t\t\t\t\t\t\t\t\t\t\t\t\t\t\t\t\t\t\t\t\t\r\n\t\t\t\t\t\t\t\t\t<\/a>\r\n\t\t\t\t\t\t\t\t<\/figure>\r\n\t\t\t\t\t\t\t\t\r\n\t\t\t\t\t\t\t<\/div>\r\n\t\t\t\t\t\t\t\t\t\t\t\t\t\t\r\n\t\t\t\t\t\t<\/div>\r\n\t\t\t\t\t<\/div>\r\n\t\t\t\t<\/div>\r\n\t\t\t\t\t\t\t\t<div class=\"wpb_column vc_column_container vc_col-sm-2\">\r\n\t\t\t\t\t<div class=\"vc_column-inner \" >\r\n\t\t\t\t\t\t<div class=\"wpb_wrapper\" >\r\n\t\t\t\t\t\t\t<div class=\"wpb_single_image wpb_content_element vc_align_ liquid_vc_single_image\">\r\n\t\t\t\t\t\t\t\t\t\t\t\t\t\t\t\t\t<div class=\"sem_overlay\" ><a href=\"https:\/\/\r\n\t\t\t\t\t\t\t\t\tonline.therapie.ergowebinar.de\/de\/e\/Schmerzreha-Schmerzaufklaerung-und-beratung-2FP-51?\r\n\t\t\t\t\t\t\t\t\t\t\t\t\t\t\t\t\t\t\" class=\"btn btn-solid btn-xsm round border-thin btn-has-label jetztstartenbutton\">klicken f\u00fcr Details<\/a><\/div>\r\n\t\t\t\t\t\t\t\t\t\t\t\t\t\t\t\t\t<figure class=\"wpb_wrapper vc_figure\">\r\n\t\t\t\t\t\t\t\t\t<a href=\"https:\/\/online.therapie.ergowebinar.de\/de\/e\/Schmerzreha-Schmerzaufklaerung-und-beratung-2FP-51?\r\n\t\t\t\t\t\t\t\t\t\" title=\"Sie sehen ein KI-generiertes Schienennetzwerk, das am Ende ausfranst, als Assoziation zum Webseminar \u00fcber Edukationsaufgaben f\u00fcr Ergotherapie + Physiotherapie in der Rehabilitation von Schmerzbetroffenen in Klinik + Praxis\" target=\"_blank\">\r\n\t\t\t\t\t\t\t\t\t\t<img decoding=\"async\" width=\"475\" src=\"https:\/\/www.ergowebinar.de\/intern\/parsed_images\/7f1f035d-c8f0-41f7-8116-7803b7566d8a.jpg\" class=\"vc_single_image-img attachment-full\" alt=\"Sie sehen ein KI-generiertes Schienennetzwerk, das am Ende ausfranst, als Assoziation zum Webseminar \u00fcber Edukationsaufgaben f\u00fcr Ergotherapie + Physiotherapie in der Rehabilitation von Schmerzbetroffenen in Klinik + Praxis\" title=\"Sie sehen ein KI-generiertes Schienennetzwerk, das am Ende ausfranst, als Assoziation zum Webseminar \u00fcber Edukationsaufgaben f\u00fcr Ergotherapie + Physiotherapie in der Rehabilitation von Schmerzbetroffenen in Klinik + Praxis\" srcset=\"https:\/\/www.ergowebinar.de\/intern\/parsed_images\/7f1f035d-c8f0-41f7-8116-7803b7566d8a.jpg 475w, https:\/\/www.ergowebinar.de\/intern\/parsed_images\/7f1f035d-c8f0-41f7-8116-7803b7566d8a.jpg 275w\" sizes=\"(max-width: 475px) 100vw, 475px\" itemprop=\"image\" \/>\r\n\t\t\t\t\t\t\t\t\t\t<h6>Schmerzreha - Schmerzaufkl\u00e4rung und -beratung [2FP]<\/h6>\r\n\t\t\t\t\t\t\t\t\t\t\t\t\t\t\t\t\t\t\t\t\t<p class=\"calendarline\"><img decoding=\"async\" class=\"calendar_icon\" src=\"https:\/\/www.ergowebinar.de\/intern\/images\/calendar.png\">22.06.2026 19:30 - 20:30<\/p>\t\r\n\t\t\t\t\t\t\t\t\t\t\t\t\t\t\t\t\t\t\t\t\t<p class=\"liquid_vc_single_text\">Den Klient:innen auf einfache und verst&auml;ndliche Art zu erkl&auml;ren, was bei chronischen Schmerzen in ihrem K&ouml;rper passiert, stellt Therapeutinnen und Therapeuten oft vor eine Herausforderung. ...<\/p>\r\n\t\t\t\t\t\t\t\t\t\t\t\t\t\t\t\t\t\t\t\t\t<p class=\"sempreis\">49 \u20ac<\/p>\r\n\t\t\t\t\t\t\t\t\t\t\t\t\t\t\t\t\t\t\t\t\t\t\t<p class=\"semmwst\"><\/p>\r\n\t\t\t\t\t\t\t\t\t\t\t\t\t\t\t\t\t\t\t\t\t\t\t\r\n\t\t\t\t\t\t\t\t\t<\/a>\r\n\t\t\t\t\t\t\t\t<\/figure>\r\n\t\t\t\t\t\t\t\t\r\n\t\t\t\t\t\t\t<\/div>\r\n\t\t\t\t\t\t\t\t\t\t\t\t\t\t\r\n\t\t\t\t\t\t<\/div>\r\n\t\t\t\t\t<\/div>\r\n\t\t\t\t<\/div>\r\n\t\t\t\t\t\t\t\t<div class=\"wpb_column vc_column_container vc_col-sm-2\">\r\n\t\t\t\t\t<div class=\"vc_column-inner \" >\r\n\t\t\t\t\t\t<div class=\"wpb_wrapper\" >\r\n\t\t\t\t\t\t\t<div class=\"wpb_single_image wpb_content_element vc_align_ liquid_vc_single_image\">\r\n\t\t\t\t\t\t\t\t\t\t\t\t\t\t\t\t\t<div class=\"sem_overlay\" ><a href=\"https:\/\/\r\n\t\t\t\t\t\t\t\t\tonline.therapie.ergowebinar.de\/de\/e\/Sturzangst-verstehen-und-behandeln-2FP-323?\r\n\t\t\t\t\t\t\t\t\t\t\t\t\t\t\t\t\t\t\" class=\"btn btn-solid btn-xsm round border-thin btn-has-label jetztstartenbutton\">klicken f\u00fcr Details<\/a><\/div>\r\n\t\t\t\t\t\t\t\t\t\t\t\t\t\t\t\t\t<figure class=\"wpb_wrapper vc_figure\">\r\n\t\t\t\t\t\t\t\t\t<a href=\"https:\/\/online.therapie.ergowebinar.de\/de\/e\/Sturzangst-verstehen-und-behandeln-2FP-323?\r\n\t\t\t\t\t\t\t\t\t\" title=\"Sie sehen auf einem Treppenabsatz ein Graffti mit einem erschreckten Emoji, als Assoziation zum Webseminar f\u00fcr Ergotherapie + Physiotherapie in der Sturzpr\u00e4vention in \u00fcbergreifenden Fachbereichen, NeuroReha, Orthop\u00e4die und Geriatrie in Klinik + Praxis\" target=\"_blank\">\r\n\t\t\t\t\t\t\t\t\t\t<img decoding=\"async\" width=\"475\" src=\"https:\/\/www.ergowebinar.de\/intern\/parsed_images\/235030fa-bf8e-4326-b419-7e3f69e7679a.jpg\" class=\"vc_single_image-img attachment-full\" alt=\"Sie sehen auf einem Treppenabsatz ein Graffti mit einem erschreckten Emoji, als Assoziation zum Webseminar f\u00fcr Ergotherapie + Physiotherapie in der Sturzpr\u00e4vention in \u00fcbergreifenden Fachbereichen, NeuroReha, Orthop\u00e4die und Geriatrie in Klinik + Praxis\" title=\"Sie sehen auf einem Treppenabsatz ein Graffti mit einem erschreckten Emoji, als Assoziation zum Webseminar f\u00fcr Ergotherapie + Physiotherapie in der Sturzpr\u00e4vention in \u00fcbergreifenden Fachbereichen, NeuroReha, Orthop\u00e4die und Geriatrie in Klinik + Praxis\" srcset=\"https:\/\/www.ergowebinar.de\/intern\/parsed_images\/235030fa-bf8e-4326-b419-7e3f69e7679a.jpg 475w, https:\/\/www.ergowebinar.de\/intern\/parsed_images\/235030fa-bf8e-4326-b419-7e3f69e7679a.jpg 275w\" sizes=\"(max-width: 475px) 100vw, 475px\" itemprop=\"image\" \/>\r\n\t\t\t\t\t\t\t\t\t\t<h6>Sturzangst verstehen und behandeln [2FP]<\/h6>\r\n\t\t\t\t\t\t\t\t\t\t\t\t\t\t\t\t\t\t\t\t\t<p class=\"calendarline\"><img decoding=\"async\" class=\"calendar_icon\" src=\"https:\/\/www.ergowebinar.de\/intern\/images\/calendar.png\">22.06.2026 19:45 - 20:45<\/p>\t\r\n\t\t\t\t\t\t\t\t\t\t\t\t\t\t\t\t\t\t\t\t\t<p class=\"liquid_vc_single_text\">\r\nSturzangst ist ein weit verbreitetes, jedoch oft untersch&auml;tztes Problem. Im Webinar lernen Sie das Symptom fr&uuml;hzeitig zu erkennen und gezielte therapeutische Ma&szlig;nahmen zu ergreifen. Es ...<\/p>\r\n\t\t\t\t\t\t\t\t\t\t\t\t\t\t\t\t\t\t\t\t\t<p class=\"sempreis\">49 \u20ac<\/p>\r\n\t\t\t\t\t\t\t\t\t\t\t\t\t\t\t\t\t\t\t\t\t\t\t<p class=\"semmwst\"><\/p>\r\n\t\t\t\t\t\t\t\t\t\t\t\t\t\t\t\t\t\t\t\t\t\t\t\r\n\t\t\t\t\t\t\t\t\t<\/a>\r\n\t\t\t\t\t\t\t\t<\/figure>\r\n\t\t\t\t\t\t\t\t\r\n\t\t\t\t\t\t\t<\/div>\r\n\t\t\t\t\t\t\t\t\t\t\t\t\t\t\r\n\t\t\t\t\t\t<\/div>\r\n\t\t\t\t\t<\/div>\r\n\t\t\t\t<\/div>\r\n\t\t\t\t\t\t\t\t<div class=\"wpb_column vc_column_container vc_col-sm-2\">\r\n\t\t\t\t\t<div class=\"vc_column-inner \" >\r\n\t\t\t\t\t\t<div class=\"wpb_wrapper\" >\r\n\t\t\t\t\t\t\t<div class=\"wpb_single_image wpb_content_element vc_align_ liquid_vc_single_image\">\r\n\t\t\t\t\t\t\t\t\t\t\t\t\t\t\t\t\t<div class=\"sem_overlay\" ><a href=\"https:\/\/\r\n\t\t\t\t\t\t\t\t\tonline.therapie.ergowebinar.de\/de\/e\/Handverletzungen-und-umliegende-Strukturen-2FP-327?\r\n\t\t\t\t\t\t\t\t\t\t\t\t\t\t\t\t\t\t\" class=\"btn btn-solid btn-xsm round border-thin btn-has-label jetztstartenbutton\">klicken f\u00fcr Details<\/a><\/div>\r\n\t\t\t\t\t\t\t\t\t\t\t\t\t\t\t\t\t<figure class=\"wpb_wrapper vc_figure\">\r\n\t\t\t\t\t\t\t\t\t<a href=\"https:\/\/online.therapie.ergowebinar.de\/de\/e\/Handverletzungen-und-umliegende-Strukturen-2FP-327?\r\n\t\t\t\t\t\t\t\t\t\" title=\"Sie sehen eine Frau, die ihre Hand seitlich auf Gesichtsh\u00f6he hebt, als Symbol zum Webinar zu den vielen \u00fcber die Hand hinausgehenden Details in der k\u00f6rperlichen Befundaufnahme in der Handtherapie  f\u00fcr Ergotherapie + Physiotherapie in Klinik + Praxis\" target=\"_blank\">\r\n\t\t\t\t\t\t\t\t\t\t<img decoding=\"async\" width=\"475\" src=\"https:\/\/www.ergowebinar.de\/intern\/parsed_images\/327.jpg\" class=\"vc_single_image-img attachment-full\" alt=\"Sie sehen eine Frau, die ihre Hand seitlich auf Gesichtsh\u00f6he hebt, als Symbol zum Webinar zu den vielen \u00fcber die Hand hinausgehenden Details in der k\u00f6rperlichen Befundaufnahme in der Handtherapie  f\u00fcr Ergotherapie + Physiotherapie in Klinik + Praxis\" title=\"Sie sehen eine Frau, die ihre Hand seitlich auf Gesichtsh\u00f6he hebt, als Symbol zum Webinar zu den vielen \u00fcber die Hand hinausgehenden Details in der k\u00f6rperlichen Befundaufnahme in der Handtherapie  f\u00fcr Ergotherapie + Physiotherapie in Klinik + Praxis\" srcset=\"https:\/\/www.ergowebinar.de\/intern\/parsed_images\/327.jpg 475w, https:\/\/www.ergowebinar.de\/intern\/parsed_images\/327.jpg 275w\" sizes=\"(max-width: 475px) 100vw, 475px\" itemprop=\"image\" \/>\r\n\t\t\t\t\t\t\t\t\t\t<h6>Handverletzungen und umliegende Strukturen [2FP]<\/h6>\r\n\t\t\t\t\t\t\t\t\t\t\t\t\t\t\t\t\t\t\t\t\t<p class=\"calendarline\"><img decoding=\"async\" class=\"calendar_icon\" src=\"https:\/\/www.ergowebinar.de\/intern\/images\/calendar.png\">23.06.2026 19:30 - 20:30<\/p>\t\r\n\t\t\t\t\t\t\t\t\t\t\t\t\t\t\t\t\t\t\t\t\t<p class=\"liquid_vc_single_text\">\r\n\r\n\r\n\r\nWie weit kann der therapeutische Blick reichen? Welche Strukturen und Gelenke sollten bei der Behandlung sowie beim aktiven Training mit einbezogen werden? Und warum? Beim multifaktoriellen Geschehen ...<\/p>\r\n\t\t\t\t\t\t\t\t\t\t\t\t\t\t\t\t\t\t\t\t\t<p class=\"sempreis\">49 \u20ac<\/p>\r\n\t\t\t\t\t\t\t\t\t\t\t\t\t\t\t\t\t\t\t\t\t\t\t<p class=\"semmwst\"><\/p>\r\n\t\t\t\t\t\t\t\t\t\t\t\t\t\t\t\t\t\t\t\t\t\t\t\r\n\t\t\t\t\t\t\t\t\t<\/a>\r\n\t\t\t\t\t\t\t\t<\/figure>\r\n\t\t\t\t\t\t\t\t\r\n\t\t\t\t\t\t\t<\/div>\r\n\t\t\t\t\t\t\t\t\t\t\t\t\t\t\r\n\t\t\t\t\t\t<\/div>\r\n\t\t\t\t\t<\/div>\r\n\t\t\t\t<\/div>\r\n\t\t\t\t\t\t\t\t<div class=\"wpb_column vc_column_container vc_col-sm-2\">\r\n\t\t\t\t\t<div class=\"vc_column-inner \" >\r\n\t\t\t\t\t\t<div class=\"wpb_wrapper\" >\r\n\t\t\t\t\t\t\t<div class=\"wpb_single_image wpb_content_element vc_align_ liquid_vc_single_image\">\r\n\t\t\t\t\t\t\t\t\t\t\t\t\t\t\t\t\t<div class=\"sem_overlay\" ><a href=\"https:\/\/\r\n\t\t\t\t\t\t\t\t\tonline.therapie.ergowebinar.de\/de\/e\/Demenz-strukturierte-Behandlungsleitpfade-2FP-299?\r\n\t\t\t\t\t\t\t\t\t\t\t\t\t\t\t\t\t\t\" class=\"btn btn-solid btn-xsm round border-thin btn-has-label jetztstartenbutton\">klicken f\u00fcr Details<\/a><\/div>\r\n\t\t\t\t\t\t\t\t\t\t\t\t\t\t\t\t\t<figure class=\"wpb_wrapper vc_figure\">\r\n\t\t\t\t\t\t\t\t\t<a href=\"https:\/\/online.therapie.ergowebinar.de\/de\/e\/Demenz-strukturierte-Behandlungsleitpfade-2FP-299?\r\n\t\t\t\t\t\t\t\t\t\" title=\"Sie sehen zwei Skizzenfiguren Puzzlest\u00fccke vor einem bunten Zaun zusammenstecken, als Assoziation zum Webseminar \u00fcber strukturierte Leipfade zur Behandlung von Demenz f\u00fcr Ergotherapie in der Rehabilitation, Geriatrie, Suchttherapie in Klinik + Praxis\" target=\"_blank\">\r\n\t\t\t\t\t\t\t\t\t\t<img decoding=\"async\" width=\"475\" src=\"https:\/\/www.ergowebinar.de\/intern\/parsed_images\/93a89fdb-6b21-4fc0-8646-c7774069d417.jpg\" class=\"vc_single_image-img attachment-full\" alt=\"Sie sehen zwei Skizzenfiguren Puzzlest\u00fccke vor einem bunten Zaun zusammenstecken, als Assoziation zum Webseminar \u00fcber strukturierte Leipfade zur Behandlung von Demenz f\u00fcr Ergotherapie in der Rehabilitation, Geriatrie, Suchttherapie in Klinik + Praxis\" title=\"Sie sehen zwei Skizzenfiguren Puzzlest\u00fccke vor einem bunten Zaun zusammenstecken, als Assoziation zum Webseminar \u00fcber strukturierte Leipfade zur Behandlung von Demenz f\u00fcr Ergotherapie in der Rehabilitation, Geriatrie, Suchttherapie in Klinik + Praxis\" srcset=\"https:\/\/www.ergowebinar.de\/intern\/parsed_images\/93a89fdb-6b21-4fc0-8646-c7774069d417.jpg 475w, https:\/\/www.ergowebinar.de\/intern\/parsed_images\/93a89fdb-6b21-4fc0-8646-c7774069d417.jpg 275w\" sizes=\"(max-width: 475px) 100vw, 475px\" itemprop=\"image\" \/>\r\n\t\t\t\t\t\t\t\t\t\t<h6>Demenz - strukturierte Behandlungsleitpfade [2FP]<\/h6>\r\n\t\t\t\t\t\t\t\t\t\t\t\t\t\t\t\t\t\t\t\t\t<p class=\"calendarline\"><img decoding=\"async\" class=\"calendar_icon\" src=\"https:\/\/www.ergowebinar.de\/intern\/images\/calendar.png\">24.06.2026 17:45 - 18:45<\/p>\t\r\n\t\t\t\t\t\t\t\t\t\t\t\t\t\t\t\t\t\t\t\t\t<p class=\"liquid_vc_single_text\">\r\n\r\nHier zeige ich die Vorgehensweise in der Wirksamen H&auml;uslichen Ergotherapie f&uuml;r Demenzerkrankte und Angeh&ouml;rige (WHEDA) und den strukturierten Prozess der h&auml;uslichen Ergotherapie ...<\/p>\r\n\t\t\t\t\t\t\t\t\t\t\t\t\t\t\t\t\t\t\t\t\t<p class=\"sempreis\">49 \u20ac<\/p>\r\n\t\t\t\t\t\t\t\t\t\t\t\t\t\t\t\t\t\t\t\t\t\t\t<p class=\"semmwst\"><\/p>\r\n\t\t\t\t\t\t\t\t\t\t\t\t\t\t\t\t\t\t\t\t\t\t\t\r\n\t\t\t\t\t\t\t\t\t<\/a>\r\n\t\t\t\t\t\t\t\t<\/figure>\r\n\t\t\t\t\t\t\t\t\r\n\t\t\t\t\t\t\t<\/div>\r\n\t\t\t\t\t\t\t\t\t\t\t\t\t\t\r\n\t\t\t\t\t\t<\/div>\r\n\t\t\t\t\t<\/div>\r\n\t\t\t\t<\/div>\r\n\t\t\t\t\t\t\t\t<div class=\"wpb_column vc_column_container vc_col-sm-2\">\r\n\t\t\t\t\t<div class=\"vc_column-inner \" >\r\n\t\t\t\t\t\t<div class=\"wpb_wrapper\" >\r\n\t\t\t\t\t\t\t<div class=\"wpb_single_image wpb_content_element vc_align_ liquid_vc_single_image\">\r\n\t\t\t\t\t\t\t\t\t\t\t\t\t\t\t\t\t<div class=\"sem_overlay\" ><a href=\"https:\/\/\r\n\t\t\t\t\t\t\t\t\tonline.therapie.ergowebinar.de\/de\/e\/Training-bei-laenger-zurueckliegenden-Insulten-mit-PANAT-LAPTOOL-2FP-65?\r\n\t\t\t\t\t\t\t\t\t\t\t\t\t\t\t\t\t\t\" class=\"btn btn-solid btn-xsm round border-thin btn-has-label jetztstartenbutton\">klicken f\u00fcr Details<\/a><\/div>\r\n\t\t\t\t\t\t\t\t\t\t\t\t\t\t\t\t\t<figure class=\"wpb_wrapper vc_figure\">\r\n\t\t\t\t\t\t\t\t\t<a href=\"https:\/\/online.therapie.ergowebinar.de\/de\/e\/Training-bei-laenger-zurueckliegenden-Insulten-mit-PANAT-LAPTOOL-2FP-65?\r\n\t\t\t\t\t\t\t\t\t\" title=\"Sie sehen einen sitzenden Schlaganfallbetroffenen mit der Hand am PANAT-Laptool als Assoziation zum Webseminar f\u00fcr Ergotherapie + Physiotherapie in der Rehabilitation von Schlaganfall + Apoplex in Klinik + Praxis\" target=\"_blank\">\r\n\t\t\t\t\t\t\t\t\t\t<img decoding=\"async\" width=\"475\" src=\"https:\/\/www.ergowebinar.de\/intern\/parsed_images\/8b16e3cd-8357-4e75-a9ce-5b17f89544b2.jpg\" class=\"vc_single_image-img attachment-full\" alt=\"Sie sehen einen sitzenden Schlaganfallbetroffenen mit der Hand am PANAT-Laptool als Assoziation zum Webseminar f\u00fcr Ergotherapie + Physiotherapie in der Rehabilitation von Schlaganfall + Apoplex in Klinik + Praxis\" title=\"Sie sehen einen sitzenden Schlaganfallbetroffenen mit der Hand am PANAT-Laptool als Assoziation zum Webseminar f\u00fcr Ergotherapie + Physiotherapie in der Rehabilitation von Schlaganfall + Apoplex in Klinik + Praxis\" srcset=\"https:\/\/www.ergowebinar.de\/intern\/parsed_images\/8b16e3cd-8357-4e75-a9ce-5b17f89544b2.jpg 475w, https:\/\/www.ergowebinar.de\/intern\/parsed_images\/8b16e3cd-8357-4e75-a9ce-5b17f89544b2.jpg 275w\" sizes=\"(max-width: 475px) 100vw, 475px\" itemprop=\"image\" \/>\r\n\t\t\t\t\t\t\t\t\t\t<h6>Training bei l\u00e4nger zur\u00fcckliegenden Insulten mit PANAT LAPTOOL\u00ae [2FP]<\/h6>\r\n\t\t\t\t\t\t\t\t\t\t\t\t\t\t\t\t\t\t\t\t\t<p class=\"calendarline\"><img decoding=\"async\" class=\"calendar_icon\" src=\"https:\/\/www.ergowebinar.de\/intern\/images\/calendar.png\">25.06.2026 18:00 - 19:00<\/p>\t\r\n\t\t\t\t\t\t\t\t\t\t\t\t\t\t\t\t\t\t\t\t\t<p class=\"liquid_vc_single_text\">Der Blick auf den l&auml;nger zur&uuml;ckliegenden Insult hat viele interessante Facetten. Hier treffen zustandserhaltende generelle Blickwinkel, tonussenkende und schmerzlindernde Aspekte auf funktionserweiternde ...<\/p>\r\n\t\t\t\t\t\t\t\t\t\t\t\t\t\t\t\t\t\t\t\t\t<p class=\"sempreis\">49 \u20ac<\/p>\r\n\t\t\t\t\t\t\t\t\t\t\t\t\t\t\t\t\t\t\t\t\t\t\t<p class=\"semmwst\"><\/p>\r\n\t\t\t\t\t\t\t\t\t\t\t\t\t\t\t\t\t\t\t\t\t\t\t\r\n\t\t\t\t\t\t\t\t\t<\/a>\r\n\t\t\t\t\t\t\t\t<\/figure>\r\n\t\t\t\t\t\t\t\t\r\n\t\t\t\t\t\t\t<\/div>\r\n\t\t\t\t\t\t\t\t\t\t\t\t\t\t\r\n\t\t\t\t\t\t<\/div>\r\n\t\t\t\t\t<\/div>\r\n\t\t\t\t<\/div>\r\n\t\t\t\t\t\t\t\t<div class=\"wpb_column vc_column_container vc_col-sm-2\">\r\n\t\t\t\t\t<div class=\"vc_column-inner \" >\r\n\t\t\t\t\t\t<div class=\"wpb_wrapper\" >\r\n\t\t\t\t\t\t\t<div class=\"wpb_single_image wpb_content_element vc_align_ liquid_vc_single_image\">\r\n\t\t\t\t\t\t\t\t\t\t\t\t\t\t\t\t\t<div class=\"sem_overlay\" ><a href=\"https:\/\/\r\n\t\t\t\t\t\t\t\t\tonline.therapie.ergowebinar.de\/de\/e\/Kognition-Umstellfaehigkeit-verbessern-2FP-336?\r\n\t\t\t\t\t\t\t\t\t\t\t\t\t\t\t\t\t\t\" class=\"btn btn-solid btn-xsm round border-thin btn-has-label jetztstartenbutton\">klicken f\u00fcr Details<\/a><\/div>\r\n\t\t\t\t\t\t\t\t\t\t\t\t\t\t\t\t\t<figure class=\"wpb_wrapper vc_figure\">\r\n\t\t\t\t\t\t\t\t\t<a href=\"https:\/\/online.therapie.ergowebinar.de\/de\/e\/Kognition-Umstellfaehigkeit-verbessern-2FP-336?\r\n\t\t\t\t\t\t\t\t\t\" title=\"Sie sehen eine Gleisanlage mit vielen Weichen, als Assoziation zum Webseminar zur Umstellf\u00e4higkeit und Denkflexibilit\u00e4t f\u00fcr Ergotherapie + Physiotherapie in der Rehabilitation von Schlaganfall + Apoplex + Kognitiven Einschr\u00e4nkungen in Klinik + Praxis\" target=\"_blank\">\r\n\t\t\t\t\t\t\t\t\t\t<img decoding=\"async\" width=\"475\" src=\"https:\/\/www.ergowebinar.de\/intern\/parsed_images\/3da44887-401f-4eb9-9810-00831b261676.jpg\" class=\"vc_single_image-img attachment-full\" alt=\"Sie sehen eine Gleisanlage mit vielen Weichen, als Assoziation zum Webseminar zur Umstellf\u00e4higkeit und Denkflexibilit\u00e4t f\u00fcr Ergotherapie + Physiotherapie in der Rehabilitation von Schlaganfall + Apoplex + Kognitiven Einschr\u00e4nkungen in Klinik + Praxis\" title=\"Sie sehen eine Gleisanlage mit vielen Weichen, als Assoziation zum Webseminar zur Umstellf\u00e4higkeit und Denkflexibilit\u00e4t f\u00fcr Ergotherapie + Physiotherapie in der Rehabilitation von Schlaganfall + Apoplex + Kognitiven Einschr\u00e4nkungen in Klinik + Praxis\" srcset=\"https:\/\/www.ergowebinar.de\/intern\/parsed_images\/3da44887-401f-4eb9-9810-00831b261676.jpg 475w, https:\/\/www.ergowebinar.de\/intern\/parsed_images\/3da44887-401f-4eb9-9810-00831b261676.jpg 275w\" sizes=\"(max-width: 475px) 100vw, 475px\" itemprop=\"image\" \/>\r\n\t\t\t\t\t\t\t\t\t\t<h6>Kognition - Umstellf\u00e4higkeit verbessern [2FP]<\/h6>\r\n\t\t\t\t\t\t\t\t\t\t\t\t\t\t\t\t\t\t\t\t\t<p class=\"calendarline\"><img decoding=\"async\" class=\"calendar_icon\" src=\"https:\/\/www.ergowebinar.de\/intern\/images\/calendar.png\">29.06.2026 18:00 - 19:00<\/p>\t\r\n\t\t\t\t\t\t\t\t\t\t\t\t\t\t\t\t\t\t\t\t\t<p class=\"liquid_vc_single_text\">\r\nEin Kernsymptom des dysexekutiven Syndroms ist die mangelnde Umstellf&auml;higkeit. Klienten mit Sch&auml;digungen in diesem Bereich haben oftmals die F&auml;higkeit verloren, sich an neue Gegebenheiten ...<\/p>\r\n\t\t\t\t\t\t\t\t\t\t\t\t\t\t\t\t\t\t\t\t\t<p class=\"sempreis\">49 \u20ac<\/p>\r\n\t\t\t\t\t\t\t\t\t\t\t\t\t\t\t\t\t\t\t\t\t\t\t<p class=\"semmwst\"><\/p>\r\n\t\t\t\t\t\t\t\t\t\t\t\t\t\t\t\t\t\t\t\t\t\t\t\r\n\t\t\t\t\t\t\t\t\t<\/a>\r\n\t\t\t\t\t\t\t\t<\/figure>\r\n\t\t\t\t\t\t\t\t\r\n\t\t\t\t\t\t\t<\/div>\r\n\t\t\t\t\t\t\t\t\t\t\t\t\t\t\r\n\t\t\t\t\t\t<\/div>\r\n\t\t\t\t\t<\/div>\r\n\t\t\t\t<\/div>\r\n\t\t\t\t\t\t\t<\/div><\/div><\/div>\r\n\t\t\t\t\t\t\t<a name=\"seminarenachdatum\"><\/a>\r\n\t\t\t\t<a name=\"keine31\"><\/a>\r\n\t\t\t\t<h2 class=\"ld-fh-element lqd-highlight-underline lqd-highlight-grow-left text-decoration-default h3 ldsemheadline\">Juli 2026<\/h2>\r\n\t\t\t\t\t\t\t<div class=\"vc_row vc_inner\">\r\n\t\t\t<div class=\"ld-container container-fluid\">\r\n\t\t\t<div class=\"row ld-row ld-row-inner\">\r\n\t\t\t\t\t\t\t<div class=\"wpb_column vc_column_container vc_col-sm-2\">\r\n\t\t\t\t\t<div class=\"vc_column-inner \" >\r\n\t\t\t\t\t\t<div class=\"wpb_wrapper\" >\r\n\t\t\t\t\t\t\t<div class=\"wpb_single_image wpb_content_element vc_align_ liquid_vc_single_image\">\r\n\t\t\t\t\t\t\t\t\t\t\t\t\t\t\t\t\t<div class=\"sem_overlay\" ><a href=\"https:\/\/\r\n\t\t\t\t\t\t\t\t\tonline.therapie.ergowebinar.de\/de\/e\/Schmerzen-bei-Demenz-Befunderhebung-und-Behandlungsgrundlagen-2FP-300?\r\n\t\t\t\t\t\t\t\t\t\t\t\t\t\t\t\t\t\t\" class=\"btn btn-solid btn-xsm round border-thin btn-has-label jetztstartenbutton\">klicken f\u00fcr Details<\/a><\/div>\r\n\t\t\t\t\t\t\t\t\t\t\t\t\t\t\t\t\t<figure class=\"wpb_wrapper vc_figure\">\r\n\t\t\t\t\t\t\t\t\t<a href=\"https:\/\/online.therapie.ergowebinar.de\/de\/e\/Schmerzen-bei-Demenz-Befunderhebung-und-Behandlungsgrundlagen-2FP-300?\r\n\t\t\t\t\t\t\t\t\t\" title=\"Sie sehen einen durchscheinenden Kopf von oben mit Blick auf das ZNS, als Assoziation zum Webseminar \u00fcber spezielle Schmerzbehandlung bei Demenz f\u00fcr Ergotherapie in der Rehabilitation, Geriatrie, Suchttherapie in Klinik + Praxis\" target=\"_blank\">\r\n\t\t\t\t\t\t\t\t\t\t<img decoding=\"async\" width=\"475\" src=\"https:\/\/www.ergowebinar.de\/intern\/parsed_images\/93b89fdb-6b21-4fc0-8646-c7b74069d417.jpg\" class=\"vc_single_image-img attachment-full\" alt=\"Sie sehen einen durchscheinenden Kopf von oben mit Blick auf das ZNS, als Assoziation zum Webseminar \u00fcber spezielle Schmerzbehandlung bei Demenz f\u00fcr Ergotherapie in der Rehabilitation, Geriatrie, Suchttherapie in Klinik + Praxis\" title=\"Sie sehen einen durchscheinenden Kopf von oben mit Blick auf das ZNS, als Assoziation zum Webseminar \u00fcber spezielle Schmerzbehandlung bei Demenz f\u00fcr Ergotherapie in der Rehabilitation, Geriatrie, Suchttherapie in Klinik + Praxis\" srcset=\"https:\/\/www.ergowebinar.de\/intern\/parsed_images\/93b89fdb-6b21-4fc0-8646-c7b74069d417.jpg 475w, https:\/\/www.ergowebinar.de\/intern\/parsed_images\/93b89fdb-6b21-4fc0-8646-c7b74069d417.jpg 275w\" sizes=\"(max-width: 475px) 100vw, 475px\" itemprop=\"image\" \/>\r\n\t\t\t\t\t\t\t\t\t\t<h6>Schmerzen bei Demenz - Befunderhebung und Behandlungsgrundlagen [2FP]<\/h6>\r\n\t\t\t\t\t\t\t\t\t\t\t\t\t\t\t\t\t\t\t\t\t<p class=\"calendarline\"><img decoding=\"async\" class=\"calendar_icon\" src=\"https:\/\/www.ergowebinar.de\/intern\/images\/calendar.png\">01.07.2026 17:45 - 18:45<\/p>\t\r\n\t\t\t\t\t\t\t\t\t\t\t\t\t\t\t\t\t\t\t\t\t<p class=\"liquid_vc_single_text\">\r\n\r\nHerk&ouml;mmliche Schmerzerfassung ist bei demenziell Erkrankten ein gro&szlig;es Problem. Im Webinar zeige ich f&uuml;r diesen Zweck gut geeignete Beurteilungs- und Messskalen. Zugleich erl&auml;utere ...<\/p>\r\n\t\t\t\t\t\t\t\t\t\t\t\t\t\t\t\t\t\t\t\t\t<p class=\"sempreis\">49 \u20ac<\/p>\r\n\t\t\t\t\t\t\t\t\t\t\t\t\t\t\t\t\t\t\t\t\t\t\t<p class=\"semmwst\"><\/p>\r\n\t\t\t\t\t\t\t\t\t\t\t\t\t\t\t\t\t\t\t\t\t\t\t\r\n\t\t\t\t\t\t\t\t\t<\/a>\r\n\t\t\t\t\t\t\t\t<\/figure>\r\n\t\t\t\t\t\t\t\t\r\n\t\t\t\t\t\t\t<\/div>\r\n\t\t\t\t\t\t\t\t\t\t\t\t\t\t\r\n\t\t\t\t\t\t<\/div>\r\n\t\t\t\t\t<\/div>\r\n\t\t\t\t<\/div>\r\n\t\t\t\t\t\t\t\t<div class=\"wpb_column vc_column_container vc_col-sm-2\">\r\n\t\t\t\t\t<div class=\"vc_column-inner \" >\r\n\t\t\t\t\t\t<div class=\"wpb_wrapper\" >\r\n\t\t\t\t\t\t\t<div class=\"wpb_single_image wpb_content_element vc_align_ liquid_vc_single_image\">\r\n\t\t\t\t\t\t\t\t\t\t\t\t\t\t\t\t\t<div class=\"sem_overlay\" ><a href=\"https:\/\/\r\n\t\t\t\t\t\t\t\t\tonline.therapie.ergowebinar.de\/de\/e\/Demenz-Integrative-Validation-fuer-Ergotherapeuten-2FP-92?\r\n\t\t\t\t\t\t\t\t\t\t\t\t\t\t\t\t\t\t\" class=\"btn btn-solid btn-xsm round border-thin btn-has-label jetztstartenbutton\">klicken f\u00fcr Details<\/a><\/div>\r\n\t\t\t\t\t\t\t\t\t\t\t\t\t\t\t\t\t<figure class=\"wpb_wrapper vc_figure\">\r\n\t\t\t\t\t\t\t\t\t<a href=\"https:\/\/online.therapie.ergowebinar.de\/de\/e\/Demenz-Integrative-Validation-fuer-Ergotherapeuten-2FP-92?\r\n\t\t\t\t\t\t\t\t\t\" title=\"Sie sehen eine Frau mittleren Alters mit einer \u00e4lteren Frau im zugewandten Gespr\u00e4ch als Assoziation zum Webseminar f\u00fcr Ergotherapie + Physiotherapie in der Rehabilitation dementiell Erkrankten in der Geriatrie in Klinik + Praxis\" target=\"_blank\">\r\n\t\t\t\t\t\t\t\t\t\t<img decoding=\"async\" width=\"475\" src=\"https:\/\/www.ergowebinar.de\/intern\/parsed_images\/3c046d49-172a-4b2d-9bd1-f1bfd4d0e76f.jpg\" class=\"vc_single_image-img attachment-full\" alt=\"Sie sehen eine Frau mittleren Alters mit einer \u00e4lteren Frau im zugewandten Gespr\u00e4ch als Assoziation zum Webseminar f\u00fcr Ergotherapie + Physiotherapie in der Rehabilitation dementiell Erkrankten in der Geriatrie in Klinik + Praxis\" title=\"Sie sehen eine Frau mittleren Alters mit einer \u00e4lteren Frau im zugewandten Gespr\u00e4ch als Assoziation zum Webseminar f\u00fcr Ergotherapie + Physiotherapie in der Rehabilitation dementiell Erkrankten in der Geriatrie in Klinik + Praxis\" srcset=\"https:\/\/www.ergowebinar.de\/intern\/parsed_images\/3c046d49-172a-4b2d-9bd1-f1bfd4d0e76f.jpg 475w, https:\/\/www.ergowebinar.de\/intern\/parsed_images\/3c046d49-172a-4b2d-9bd1-f1bfd4d0e76f.jpg 275w\" sizes=\"(max-width: 475px) 100vw, 475px\" itemprop=\"image\" \/>\r\n\t\t\t\t\t\t\t\t\t\t<h6>Demenz - Integrative Validation f\u00fcr Ergotherapeuten [2FP]<\/h6>\r\n\t\t\t\t\t\t\t\t\t\t\t\t\t\t\t\t\t\t\t\t\t<p class=\"calendarline\"><img decoding=\"async\" class=\"calendar_icon\" src=\"https:\/\/www.ergowebinar.de\/intern\/images\/calendar.png\">01.07.2026 18:00 - 19:00<\/p>\t\r\n\t\t\t\t\t\t\t\t\t\t\t\t\t\t\t\t\t\t\t\t\t<p class=\"liquid_vc_single_text\">Die Integrative Validation nach Nicole Richard ist eine wertsch&auml;tzende Kommunikationsform, die die Ressourcen von Menschen mit Demenz in den Vordergrund stellt. Diese Methodik k&ouml;nnen auch Ergotherapeuten ...<\/p>\r\n\t\t\t\t\t\t\t\t\t\t\t\t\t\t\t\t\t\t\t\t\t<p class=\"sempreis\">49 \u20ac<\/p>\r\n\t\t\t\t\t\t\t\t\t\t\t\t\t\t\t\t\t\t\t\t\t\t\t<p class=\"semmwst\"><\/p>\r\n\t\t\t\t\t\t\t\t\t\t\t\t\t\t\t\t\t\t\t\t\t\t\t\r\n\t\t\t\t\t\t\t\t\t<\/a>\r\n\t\t\t\t\t\t\t\t<\/figure>\r\n\t\t\t\t\t\t\t\t\r\n\t\t\t\t\t\t\t<\/div>\r\n\t\t\t\t\t\t\t\t\t\t\t\t\t\t\r\n\t\t\t\t\t\t<\/div>\r\n\t\t\t\t\t<\/div>\r\n\t\t\t\t<\/div>\r\n\t\t\t\t\t\t\t\t<div class=\"wpb_column vc_column_container vc_col-sm-2\">\r\n\t\t\t\t\t<div class=\"vc_column-inner \" >\r\n\t\t\t\t\t\t<div class=\"wpb_wrapper\" >\r\n\t\t\t\t\t\t\t<div class=\"wpb_single_image wpb_content_element vc_align_ liquid_vc_single_image\">\r\n\t\t\t\t\t\t\t\t\t\t\t\t\t\t\t\t\t<div class=\"sem_overlay\" ><a href=\"https:\/\/\r\n\t\t\t\t\t\t\t\t\tonline.therapie.ergowebinar.de\/de\/e\/Schmerzreha-ergotherapeutische-Aufgaben-Basic-2FP-110?\r\n\t\t\t\t\t\t\t\t\t\t\t\t\t\t\t\t\t\t\" class=\"btn btn-solid btn-xsm round border-thin btn-has-label jetztstartenbutton\">klicken f\u00fcr Details<\/a><\/div>\r\n\t\t\t\t\t\t\t\t\t\t\t\t\t\t\t\t\t<figure class=\"wpb_wrapper vc_figure\">\r\n\t\t\t\t\t\t\t\t\t<a href=\"https:\/\/online.therapie.ergowebinar.de\/de\/e\/Schmerzreha-ergotherapeutische-Aufgaben-Basic-2FP-110?\r\n\t\t\t\t\t\t\t\t\t\" title=\"Sie sehen eine gehende Figur, die durch Lichtpunkte auf schwarzem Hintergrund mit einem roten Schmerzpunkt im Lumbalbereich dargestellt wird, als Assoziation zum Webinar \u00fcber Basics der Schmerztherapie f\u00fcr Ergotherapie+ Physiotherapie in Klinik + Praxis\" target=\"_blank\">\r\n\t\t\t\t\t\t\t\t\t\t<img decoding=\"async\" width=\"475\" src=\"https:\/\/www.ergowebinar.de\/intern\/parsed_images\/03210b52-da1f-4bc6-9ac1-718cf9ee9d58.jpg\" class=\"vc_single_image-img attachment-full\" alt=\"Sie sehen eine gehende Figur, die durch Lichtpunkte auf schwarzem Hintergrund mit einem roten Schmerzpunkt im Lumbalbereich dargestellt wird, als Assoziation zum Webinar \u00fcber Basics der Schmerztherapie f\u00fcr Ergotherapie+ Physiotherapie in Klinik + Praxis\" title=\"Sie sehen eine gehende Figur, die durch Lichtpunkte auf schwarzem Hintergrund mit einem roten Schmerzpunkt im Lumbalbereich dargestellt wird, als Assoziation zum Webinar \u00fcber Basics der Schmerztherapie f\u00fcr Ergotherapie+ Physiotherapie in Klinik + Praxis\" srcset=\"https:\/\/www.ergowebinar.de\/intern\/parsed_images\/03210b52-da1f-4bc6-9ac1-718cf9ee9d58.jpg 475w, https:\/\/www.ergowebinar.de\/intern\/parsed_images\/03210b52-da1f-4bc6-9ac1-718cf9ee9d58.jpg 275w\" sizes=\"(max-width: 475px) 100vw, 475px\" itemprop=\"image\" \/>\r\n\t\t\t\t\t\t\t\t\t\t<h6>Schmerzreha - ergotherapeutische Aufgaben Basic [2FP]<\/h6>\r\n\t\t\t\t\t\t\t\t\t\t\t\t\t\t\t\t\t\t\t\t\t<p class=\"calendarline\"><img decoding=\"async\" class=\"calendar_icon\" src=\"https:\/\/www.ergowebinar.de\/intern\/images\/calendar.png\">07.07.2026 16:30 - 17:30<\/p>\t\r\n\t\t\t\t\t\t\t\t\t\t\t\t\t\t\t\t\t\t\t\t\t<p class=\"liquid_vc_single_text\">Welche T&auml;tigkeitsfelder gibt es in der Schmerzreha, wo sind multidisziplin&auml;re Schnittstellen und wo finden sich ergotherapeutische Fachgebiete? Welche sind die geeigneten Assessment-, Befund- ...<\/p>\r\n\t\t\t\t\t\t\t\t\t\t\t\t\t\t\t\t\t\t\t\t\t<p class=\"sempreis\">49 \u20ac<\/p>\r\n\t\t\t\t\t\t\t\t\t\t\t\t\t\t\t\t\t\t\t\t\t\t\t<p class=\"semmwst\"><\/p>\r\n\t\t\t\t\t\t\t\t\t\t\t\t\t\t\t\t\t\t\t\t\t\t\t\r\n\t\t\t\t\t\t\t\t\t<\/a>\r\n\t\t\t\t\t\t\t\t<\/figure>\r\n\t\t\t\t\t\t\t\t\r\n\t\t\t\t\t\t\t<\/div>\r\n\t\t\t\t\t\t\t\t\t\t\t\t\t\t\r\n\t\t\t\t\t\t<\/div>\r\n\t\t\t\t\t<\/div>\r\n\t\t\t\t<\/div>\r\n\t\t\t\t\t\t\t\t<div class=\"wpb_column vc_column_container vc_col-sm-2\">\r\n\t\t\t\t\t<div class=\"vc_column-inner \" >\r\n\t\t\t\t\t\t<div class=\"wpb_wrapper\" >\r\n\t\t\t\t\t\t\t<div class=\"wpb_single_image wpb_content_element vc_align_ liquid_vc_single_image\">\r\n\t\t\t\t\t\t\t\t\t\t\t\t\t\t\t\t\t<div class=\"sem_overlay\" ><a href=\"https:\/\/\r\n\t\t\t\t\t\t\t\t\tonline.therapie.ergowebinar.de\/de\/e\/CIMT-Home-Constrained-Induced-Movement-Therapy-zuhause-2-FP-198?\r\n\t\t\t\t\t\t\t\t\t\t\t\t\t\t\t\t\t\t\" class=\"btn btn-solid btn-xsm round border-thin btn-has-label jetztstartenbutton\">klicken f\u00fcr Details<\/a><\/div>\r\n\t\t\t\t\t\t\t\t\t\t\t\t\t\t\t\t\t<figure class=\"wpb_wrapper vc_figure\">\r\n\t\t\t\t\t\t\t\t\t<a href=\"https:\/\/online.therapie.ergowebinar.de\/de\/e\/CIMT-Home-Constrained-Induced-Movement-Therapy-zuhause-2-FP-198?\r\n\t\t\t\t\t\t\t\t\t\" title=\"Sie sehen eine Hand, die eine Stoppuhr h\u00e4lt, als Bildausschnitt als Assoziation zum Webseminar f\u00fcr Ergotherapie + Physiotherapie in der Rehabilitation von Schlaganfall + Apoplex in Klinik + Praxis\" target=\"_blank\">\r\n\t\t\t\t\t\t\t\t\t\t<img decoding=\"async\" width=\"475\" src=\"https:\/\/www.ergowebinar.de\/intern\/parsed_images\/b635f05b-71db-40b2-8f8f-3dc7eb849aa0.jpg\" class=\"vc_single_image-img attachment-full\" alt=\"Sie sehen eine Hand, die eine Stoppuhr h\u00e4lt, als Bildausschnitt als Assoziation zum Webseminar f\u00fcr Ergotherapie + Physiotherapie in der Rehabilitation von Schlaganfall + Apoplex in Klinik + Praxis\" title=\"Sie sehen eine Hand, die eine Stoppuhr h\u00e4lt, als Bildausschnitt als Assoziation zum Webseminar f\u00fcr Ergotherapie + Physiotherapie in der Rehabilitation von Schlaganfall + Apoplex in Klinik + Praxis\" srcset=\"https:\/\/www.ergowebinar.de\/intern\/parsed_images\/b635f05b-71db-40b2-8f8f-3dc7eb849aa0.jpg 475w, https:\/\/www.ergowebinar.de\/intern\/parsed_images\/b635f05b-71db-40b2-8f8f-3dc7eb849aa0.jpg 275w\" sizes=\"(max-width: 475px) 100vw, 475px\" itemprop=\"image\" \/>\r\n\t\t\t\t\t\t\t\t\t\t<h6>CIMT@Home - Constrained Induced Movement Therapy zuhause [2 FP]<\/h6>\r\n\t\t\t\t\t\t\t\t\t\t\t\t\t\t\t\t\t\t\t\t\t<p class=\"calendarline\"><img decoding=\"async\" class=\"calendar_icon\" src=\"https:\/\/www.ergowebinar.de\/intern\/images\/calendar.png\">07.07.2026 18:30 - 19:30<\/p>\t\r\n\t\t\t\t\t\t\t\t\t\t\t\t\t\t\t\t\t\t\t\t\t<p class=\"liquid_vc_single_text\">CIMT, also der Einsatz der bei Hemiparese betroffenen Seite unter gleichzeitiger Restriktion der anderen Seite f&uuml;r mindestens 60 Min. pro Tag f&uuml;r 2-3 Wochen, eignet sich besonders f&uuml;r das ...<\/p>\r\n\t\t\t\t\t\t\t\t\t\t\t\t\t\t\t\t\t\t\t\t\t<p class=\"sempreis\">49 \u20ac<\/p>\r\n\t\t\t\t\t\t\t\t\t\t\t\t\t\t\t\t\t\t\t\t\t\t\t<p class=\"semmwst\"><\/p>\r\n\t\t\t\t\t\t\t\t\t\t\t\t\t\t\t\t\t\t\t\t\t\t\t\r\n\t\t\t\t\t\t\t\t\t<\/a>\r\n\t\t\t\t\t\t\t\t<\/figure>\r\n\t\t\t\t\t\t\t\t\r\n\t\t\t\t\t\t\t<\/div>\r\n\t\t\t\t\t\t\t\t\t\t\t\t\t\t\r\n\t\t\t\t\t\t<\/div>\r\n\t\t\t\t\t<\/div>\r\n\t\t\t\t<\/div>\r\n\t\t\t\t\t\t\t\t<div class=\"wpb_column vc_column_container vc_col-sm-2\">\r\n\t\t\t\t\t<div class=\"vc_column-inner \" >\r\n\t\t\t\t\t\t<div class=\"wpb_wrapper\" >\r\n\t\t\t\t\t\t\t<div class=\"wpb_single_image wpb_content_element vc_align_ liquid_vc_single_image\">\r\n\t\t\t\t\t\t\t\t\t\t\t\t\t\t\t\t\t<div class=\"sem_overlay\" ><a href=\"https:\/\/\r\n\t\t\t\t\t\t\t\t\tonline.therapie.ergowebinar.de\/de\/e\/Golferellenbogen-Basics-2-FP-153?\r\n\t\t\t\t\t\t\t\t\t\t\t\t\t\t\t\t\t\t\" class=\"btn btn-solid btn-xsm round border-thin btn-has-label jetztstartenbutton\">klicken f\u00fcr Details<\/a><\/div>\r\n\t\t\t\t\t\t\t\t\t\t\t\t\t\t\t\t\t<figure class=\"wpb_wrapper vc_figure\">\r\n\t\t\t\t\t\t\t\t\t<a href=\"https:\/\/online.therapie.ergowebinar.de\/de\/e\/Golferellenbogen-Basics-2-FP-153?\r\n\t\t\t\t\t\t\t\t\t\" title=\"Sie sehen einen Golfspieler im Green zwischen Golfb\u00e4llen liegen als Assoziation zum Webseminar \u00fcber Sehnenreizung am Ellenbogen f\u00fcr Ergotherapie + Physiotherapie in der Orthop\u00e4die in Klinik + Praxis\" target=\"_blank\">\r\n\t\t\t\t\t\t\t\t\t\t<img decoding=\"async\" width=\"475\" src=\"https:\/\/www.ergowebinar.de\/intern\/parsed_images\/153.png\" class=\"vc_single_image-img attachment-full\" alt=\"Sie sehen einen Golfspieler im Green zwischen Golfb\u00e4llen liegen als Assoziation zum Webseminar \u00fcber Sehnenreizung am Ellenbogen f\u00fcr Ergotherapie + Physiotherapie in der Orthop\u00e4die in Klinik + Praxis\" title=\"Sie sehen einen Golfspieler im Green zwischen Golfb\u00e4llen liegen als Assoziation zum Webseminar \u00fcber Sehnenreizung am Ellenbogen f\u00fcr Ergotherapie + Physiotherapie in der Orthop\u00e4die in Klinik + Praxis\" srcset=\"https:\/\/www.ergowebinar.de\/intern\/parsed_images\/153.png 475w, https:\/\/www.ergowebinar.de\/intern\/parsed_images\/153.png 275w\" sizes=\"(max-width: 475px) 100vw, 475px\" itemprop=\"image\" \/>\r\n\t\t\t\t\t\t\t\t\t\t<h6>Golferellenbogen - Basics [2 FP]<\/h6>\r\n\t\t\t\t\t\t\t\t\t\t\t\t\t\t\t\t\t\t\t\t\t<p class=\"calendarline\"><img decoding=\"async\" class=\"calendar_icon\" src=\"https:\/\/www.ergowebinar.de\/intern\/images\/calendar.png\">07.07.2026 19:30 - 20:30<\/p>\t\r\n\t\t\t\t\t\t\t\t\t\t\t\t\t\t\t\t\t\t\t\t\t<p class=\"liquid_vc_single_text\">Ein Golferellenbogen - fachsprachlich Epicondylitis humeri medialis - kann eine ganz sch&ouml;n hartn&auml;ckige Sache sein. Es k&ouml;nnen verschiedene Flexoren des Unterarms betroffen sein. Durch konservative ...<\/p>\r\n\t\t\t\t\t\t\t\t\t\t\t\t\t\t\t\t\t\t\t\t\t<p class=\"sempreis\">49 \u20ac<\/p>\r\n\t\t\t\t\t\t\t\t\t\t\t\t\t\t\t\t\t\t\t\t\t\t\t<p class=\"semmwst\"><\/p>\r\n\t\t\t\t\t\t\t\t\t\t\t\t\t\t\t\t\t\t\t\t\t\t\t\r\n\t\t\t\t\t\t\t\t\t<\/a>\r\n\t\t\t\t\t\t\t\t<\/figure>\r\n\t\t\t\t\t\t\t\t\r\n\t\t\t\t\t\t\t<\/div>\r\n\t\t\t\t\t\t\t\t\t\t\t\t\t\t\r\n\t\t\t\t\t\t<\/div>\r\n\t\t\t\t\t<\/div>\r\n\t\t\t\t<\/div>\r\n\t\t\t\t\t\t\t\t<div class=\"wpb_column vc_column_container vc_col-sm-2\">\r\n\t\t\t\t\t<div class=\"vc_column-inner \" >\r\n\t\t\t\t\t\t<div class=\"wpb_wrapper\" >\r\n\t\t\t\t\t\t\t<div class=\"wpb_single_image wpb_content_element vc_align_ liquid_vc_single_image\">\r\n\t\t\t\t\t\t\t\t\t\t\t\t\t\t\t\t\t<div class=\"sem_overlay\" ><a href=\"https:\/\/\r\n\t\t\t\t\t\t\t\t\tonline.therapie.ergowebinar.de\/de\/e\/Kognition-Informationsverarbeitung-optimieren-2FP-301?\r\n\t\t\t\t\t\t\t\t\t\t\t\t\t\t\t\t\t\t\" class=\"btn btn-solid btn-xsm round border-thin btn-has-label jetztstartenbutton\">klicken f\u00fcr Details<\/a><\/div>\r\n\t\t\t\t\t\t\t\t\t\t\t\t\t\t\t\t\t<figure class=\"wpb_wrapper vc_figure\">\r\n\t\t\t\t\t\t\t\t\t<a href=\"https:\/\/online.therapie.ergowebinar.de\/de\/e\/Kognition-Informationsverarbeitung-optimieren-2FP-301?\r\n\t\t\t\t\t\t\t\t\t\" title=\"Sie sehen den Umriss eines Kopfes mit Hintergrundbeleuchtung und vernetzten Nervenzellen als Symbol zum Webseminar \u00fcber kognitive Therapie bei Informationsverarbeitungsdefiziten in der NeuroReha, SchmerzReha, Orthop\u00e4die, Geriatrie in Klinik + Praxis\" target=\"_blank\">\r\n\t\t\t\t\t\t\t\t\t\t<img decoding=\"async\" width=\"475\" src=\"https:\/\/www.ergowebinar.de\/intern\/parsed_images\/301.jpg\" class=\"vc_single_image-img attachment-full\" alt=\"Sie sehen den Umriss eines Kopfes mit Hintergrundbeleuchtung und vernetzten Nervenzellen als Symbol zum Webseminar \u00fcber kognitive Therapie bei Informationsverarbeitungsdefiziten in der NeuroReha, SchmerzReha, Orthop\u00e4die, Geriatrie in Klinik + Praxis\" title=\"Sie sehen den Umriss eines Kopfes mit Hintergrundbeleuchtung und vernetzten Nervenzellen als Symbol zum Webseminar \u00fcber kognitive Therapie bei Informationsverarbeitungsdefiziten in der NeuroReha, SchmerzReha, Orthop\u00e4die, Geriatrie in Klinik + Praxis\" srcset=\"https:\/\/www.ergowebinar.de\/intern\/parsed_images\/301.jpg 475w, https:\/\/www.ergowebinar.de\/intern\/parsed_images\/301.jpg 275w\" sizes=\"(max-width: 475px) 100vw, 475px\" itemprop=\"image\" \/>\r\n\t\t\t\t\t\t\t\t\t\t<h6>Kognition - Informationsverarbeitung optimieren [2FP]<\/h6>\r\n\t\t\t\t\t\t\t\t\t\t\t\t\t\t\t\t\t\t\t\t\t<p class=\"calendarline\"><img decoding=\"async\" class=\"calendar_icon\" src=\"https:\/\/www.ergowebinar.de\/intern\/images\/calendar.png\">08.07.2026 19:00 - 20:00<\/p>\t\r\n\t\t\t\t\t\t\t\t\t\t\t\t\t\t\t\t\t\t\t\t\t<p class=\"liquid_vc_single_text\">\r\nDie Informationsverarbeitungsgeschwindigkeit (IVG) ist eine zentrale kognitive F&auml;higkeit, die bestimmt, wie schnell unser Gehirn Informationen verarbeitet und darauf reagiert. Nach einem Schlaganfall, ...<\/p>\r\n\t\t\t\t\t\t\t\t\t\t\t\t\t\t\t\t\t\t\t\t\t<p class=\"sempreis\">49 \u20ac<\/p>\r\n\t\t\t\t\t\t\t\t\t\t\t\t\t\t\t\t\t\t\t\t\t\t\t<p class=\"semmwst\"><\/p>\r\n\t\t\t\t\t\t\t\t\t\t\t\t\t\t\t\t\t\t\t\t\t\t\t\r\n\t\t\t\t\t\t\t\t\t<\/a>\r\n\t\t\t\t\t\t\t\t<\/figure>\r\n\t\t\t\t\t\t\t\t\r\n\t\t\t\t\t\t\t<\/div>\r\n\t\t\t\t\t\t\t\t\t\t\t\t\t\t\r\n\t\t\t\t\t\t<\/div>\r\n\t\t\t\t\t<\/div>\r\n\t\t\t\t<\/div>\r\n\t\t\t\t\t\t\t\t<div class=\"wpb_column vc_column_container vc_col-sm-2\">\r\n\t\t\t\t\t<div class=\"vc_column-inner \" >\r\n\t\t\t\t\t\t<div class=\"wpb_wrapper\" >\r\n\t\t\t\t\t\t\t<div class=\"wpb_single_image wpb_content_element vc_align_ liquid_vc_single_image\">\r\n\t\t\t\t\t\t\t\t\t\t\t\t\t\t\t\t\t<div class=\"sem_overlay\" ><a href=\"#keine31\" class=\"btn btn-solid btn-xsm round border-thin btn-has-label nichtdabutton\">8 Tage nach Ablauf des<br>Vorg\u00e4ngers buchbar<\/a><\/div>\r\n\t\t\t\t\t\t\t\t\t\t\t\t\t\t\t\t\t<figure class=\"wpb_wrapper vc_figure\">\r\n\t\t\t\t\t\t\t\t\t<a href=\"https:\/\/online.therapie.ergowebinar.de\/de\/e\/Sturzpraevention-Empfehlungen-fuer-koerperliches-Training-2-FP-70?\r\n\t\t\t\t\t\t\t\t\t\" title=\"Sie sehen ein gelbes Warnschild in englischer Sprache auf dem vor unebenem Boden gewarnt wird, als Assoziation zum Webseminar \u00fcber Sturzprophylaxe f\u00fcr Ergotherapie + Physiotherapie in der Rehabilitation von sturzgef\u00e4hrdete Personen in Klinik + Praxis\" target=\"_blank\">\r\n\t\t\t\t\t\t\t\t\t\t<img decoding=\"async\" width=\"475\" src=\"https:\/\/www.ergowebinar.de\/intern\/parsed_images\/c9d2fa13-c24e-426a-bdca-8cff4662faf4.jpg\" class=\"vc_single_image-img attachment-full\" alt=\"Sie sehen ein gelbes Warnschild in englischer Sprache auf dem vor unebenem Boden gewarnt wird, als Assoziation zum Webseminar \u00fcber Sturzprophylaxe f\u00fcr Ergotherapie + Physiotherapie in der Rehabilitation von sturzgef\u00e4hrdete Personen in Klinik + Praxis\" title=\"Sie sehen ein gelbes Warnschild in englischer Sprache auf dem vor unebenem Boden gewarnt wird, als Assoziation zum Webseminar \u00fcber Sturzprophylaxe f\u00fcr Ergotherapie + Physiotherapie in der Rehabilitation von sturzgef\u00e4hrdete Personen in Klinik + Praxis\" srcset=\"https:\/\/www.ergowebinar.de\/intern\/parsed_images\/c9d2fa13-c24e-426a-bdca-8cff4662faf4.jpg 475w, https:\/\/www.ergowebinar.de\/intern\/parsed_images\/c9d2fa13-c24e-426a-bdca-8cff4662faf4.jpg 275w\" sizes=\"(max-width: 475px) 100vw, 475px\" itemprop=\"image\" \/>\r\n\t\t\t\t\t\t\t\t\t\t<h6>Sturzpr\u00e4vention - Empfehlungen f\u00fcr k\u00f6rperliches Training [2 FP]<\/h6>\r\n\t\t\t\t\t\t\t\t\t\t\t\t\t\t\t\t\t\t\t\t\t<p class=\"calendarline\"><img decoding=\"async\" class=\"calendar_icon\" src=\"https:\/\/www.ergowebinar.de\/intern\/images\/calendar.png\">13.07.2026 16:45 - 17:45<\/p>\t\r\n\t\t\t\t\t\t\t\t\t\t\t\t\t\t\t\t\t\t\t\t\t<p class=\"liquid_vc_single_text\">Wie erkenne ich sturzgef&auml;hrdete Personen und welche Ma&szlig;nahmen eignen sich um St&uuml;rze zu verhindern und die Sturzfolgen zu reduzieren? In diesem Webinar erfahren Sie, wie man ein effektives ...<\/p>\r\n\t\t\t\t\t\t\t\t\t\t\t\t\t\t\t\t\t\t\t\t\t<p class=\"sempreis\">49 \u20ac<\/p>\r\n\t\t\t\t\t\t\t\t\t\t\t\t\t\t\t\t\t\t\t\t\t\t\t<p class=\"semmwst\"><\/p>\r\n\t\t\t\t\t\t\t\t\t\t\t\t\t\t\t\t\t\t\t\t\t\t\t\r\n\t\t\t\t\t\t\t\t\t<\/a>\r\n\t\t\t\t\t\t\t\t<\/figure>\r\n\t\t\t\t\t\t\t\t\r\n\t\t\t\t\t\t\t<\/div>\r\n\t\t\t\t\t\t\t\t\t\t\t\t\t\t\r\n\t\t\t\t\t\t<\/div>\r\n\t\t\t\t\t<\/div>\r\n\t\t\t\t<\/div>\r\n\t\t\t\t\t\t\t\t<div class=\"wpb_column vc_column_container vc_col-sm-2\">\r\n\t\t\t\t\t<div class=\"vc_column-inner \" >\r\n\t\t\t\t\t\t<div class=\"wpb_wrapper\" >\r\n\t\t\t\t\t\t\t<div class=\"wpb_single_image wpb_content_element vc_align_ liquid_vc_single_image\">\r\n\t\t\t\t\t\t\t\t\t\t\t\t\t\t\t\t\t<div class=\"sem_overlay\" ><a href=\"https:\/\/\r\n\t\t\t\t\t\t\t\t\tonline.therapie.ergowebinar.de\/de\/e\/Koerperliche-Aktivierung-bei-kognitiven-Einschraenkungen-und-Demenz-2FP-319?\r\n\t\t\t\t\t\t\t\t\t\t\t\t\t\t\t\t\t\t\" class=\"btn btn-solid btn-xsm round border-thin btn-has-label jetztstartenbutton\">klicken f\u00fcr Details<\/a><\/div>\r\n\t\t\t\t\t\t\t\t\t\t\t\t\t\t\t\t\t<figure class=\"wpb_wrapper vc_figure\">\r\n\t\t\t\t\t\t\t\t\t<a href=\"https:\/\/online.therapie.ergowebinar.de\/de\/e\/Koerperliche-Aktivierung-bei-kognitiven-Einschraenkungen-und-Demenz-2FP-319?\r\n\t\t\t\t\t\t\t\t\t\" title=\"Sie sehen eine \u00e4ltere Frau lachend auf einer Schaukel im Profil als Assoziation zum Webseminar zum Zusammenhang von k\u00f6rperlicher Aktivierung und Kognition bei Demenz,  die Geriatrie f\u00fcr Ergotherapie + Physiotherapie in der Klinik + Praxis\" target=\"_blank\">\r\n\t\t\t\t\t\t\t\t\t\t<img decoding=\"async\" width=\"475\" src=\"https:\/\/www.ergowebinar.de\/intern\/parsed_images\/319.jpg\" class=\"vc_single_image-img attachment-full\" alt=\"Sie sehen eine \u00e4ltere Frau lachend auf einer Schaukel im Profil als Assoziation zum Webseminar zum Zusammenhang von k\u00f6rperlicher Aktivierung und Kognition bei Demenz,  die Geriatrie f\u00fcr Ergotherapie + Physiotherapie in der Klinik + Praxis\" title=\"Sie sehen eine \u00e4ltere Frau lachend auf einer Schaukel im Profil als Assoziation zum Webseminar zum Zusammenhang von k\u00f6rperlicher Aktivierung und Kognition bei Demenz,  die Geriatrie f\u00fcr Ergotherapie + Physiotherapie in der Klinik + Praxis\" srcset=\"https:\/\/www.ergowebinar.de\/intern\/parsed_images\/319.jpg 475w, https:\/\/www.ergowebinar.de\/intern\/parsed_images\/319.jpg 275w\" sizes=\"(max-width: 475px) 100vw, 475px\" itemprop=\"image\" \/>\r\n\t\t\t\t\t\t\t\t\t\t<h6>K\u00f6rperliche Aktivierung bei kognitiven Einschr\u00e4nkungen und Demenz [2FP]<\/h6>\r\n\t\t\t\t\t\t\t\t\t\t\t\t\t\t\t\t\t\t\t\t\t<p class=\"calendarline\"><img decoding=\"async\" class=\"calendar_icon\" src=\"https:\/\/www.ergowebinar.de\/intern\/images\/calendar.png\">13.07.2026 19:45 - 20:45<\/p>\t\r\n\t\t\t\t\t\t\t\t\t\t\t\t\t\t\t\t\t\t\t\t\t<p class=\"liquid_vc_single_text\">\r\nRegelm&auml;&szlig;ige k&ouml;rperliche Aktivit&auml;t leistet einen wichtigen Beitrag zur Aufrechterhaltung von Gesundheit und Wohlbefinden. In diesem Webinar gehen wir den Faktoren auf den Grund, die ...<\/p>\r\n\t\t\t\t\t\t\t\t\t\t\t\t\t\t\t\t\t\t\t\t\t<p class=\"sempreis\">49 \u20ac<\/p>\r\n\t\t\t\t\t\t\t\t\t\t\t\t\t\t\t\t\t\t\t\t\t\t\t<p class=\"semmwst\"><\/p>\r\n\t\t\t\t\t\t\t\t\t\t\t\t\t\t\t\t\t\t\t\t\t\t\t\r\n\t\t\t\t\t\t\t\t\t<\/a>\r\n\t\t\t\t\t\t\t\t<\/figure>\r\n\t\t\t\t\t\t\t\t\r\n\t\t\t\t\t\t\t<\/div>\r\n\t\t\t\t\t\t\t\t\t\t\t\t\t\t\r\n\t\t\t\t\t\t<\/div>\r\n\t\t\t\t\t<\/div>\r\n\t\t\t\t<\/div>\r\n\t\t\t\t\t\t\t\t<div class=\"wpb_column vc_column_container vc_col-sm-2\">\r\n\t\t\t\t\t<div class=\"vc_column-inner \" >\r\n\t\t\t\t\t\t<div class=\"wpb_wrapper\" >\r\n\t\t\t\t\t\t\t<div class=\"wpb_single_image wpb_content_element vc_align_ liquid_vc_single_image\">\r\n\t\t\t\t\t\t\t\t\t\t\t\t\t\t\t\t\t<div class=\"sem_overlay\" ><a href=\"https:\/\/\r\n\t\t\t\t\t\t\t\t\tonline.therapie.ergowebinar.de\/de\/e\/Graded-Motor-Imagery-GMI-in-der-Neuroreha-2-FP-186?\r\n\t\t\t\t\t\t\t\t\t\t\t\t\t\t\t\t\t\t\" class=\"btn btn-solid btn-xsm round border-thin btn-has-label jetztstartenbutton\">klicken f\u00fcr Details<\/a><\/div>\r\n\t\t\t\t\t\t\t\t\t\t\t\t\t\t\t\t\t<figure class=\"wpb_wrapper vc_figure\">\r\n\t\t\t\t\t\t\t\t\t<a href=\"https:\/\/online.therapie.ergowebinar.de\/de\/e\/Graded-Motor-Imagery-GMI-in-der-Neuroreha-2-FP-186?\r\n\t\t\t\t\t\t\t\t\t\" title=\"Sie sehen jeweils von links + rechts kommende Unterarme mit H\u00e4nden einander fast ber\u00fchrend wie in der Michelangelo Pose, als Assoziation zum Webinar f\u00fcr Ergotherapie + Physiotherapie in der Reha von Schlaganfall + Apoplex + Schmerz in Klinik + Praxis\" target=\"_blank\">\r\n\t\t\t\t\t\t\t\t\t\t<img decoding=\"async\" width=\"475\" src=\"https:\/\/www.ergowebinar.de\/intern\/parsed_images\/8ddb68ce-3514-450e-96e0-f3a8ae06f45a.jpg\" class=\"vc_single_image-img attachment-full\" alt=\"Sie sehen jeweils von links + rechts kommende Unterarme mit H\u00e4nden einander fast ber\u00fchrend wie in der Michelangelo Pose, als Assoziation zum Webinar f\u00fcr Ergotherapie + Physiotherapie in der Reha von Schlaganfall + Apoplex + Schmerz in Klinik + Praxis\" title=\"Sie sehen jeweils von links + rechts kommende Unterarme mit H\u00e4nden einander fast ber\u00fchrend wie in der Michelangelo Pose, als Assoziation zum Webinar f\u00fcr Ergotherapie + Physiotherapie in der Reha von Schlaganfall + Apoplex + Schmerz in Klinik + Praxis\" srcset=\"https:\/\/www.ergowebinar.de\/intern\/parsed_images\/8ddb68ce-3514-450e-96e0-f3a8ae06f45a.jpg 475w, https:\/\/www.ergowebinar.de\/intern\/parsed_images\/8ddb68ce-3514-450e-96e0-f3a8ae06f45a.jpg 275w\" sizes=\"(max-width: 475px) 100vw, 475px\" itemprop=\"image\" \/>\r\n\t\t\t\t\t\t\t\t\t\t<h6>Graded Motor Imagery (GMI) in der Neuroreha [2 FP]<\/h6>\r\n\t\t\t\t\t\t\t\t\t\t\t\t\t\t\t\t\t\t\t\t\t<p class=\"calendarline\"><img decoding=\"async\" class=\"calendar_icon\" src=\"https:\/\/www.ergowebinar.de\/intern\/images\/calendar.png\">14.07.2026 18:30 - 19:30<\/p>\t\r\n\t\t\t\t\t\t\t\t\t\t\t\t\t\t\t\t\t\t\t\t\t<p class=\"liquid_vc_single_text\">Die Basisbausteine der Graded Motor Imagery, besser bekannt auch &uuml;ber Bildkartentraining, Bewegungsimitation mit oder ohne App oder Spiegeltherapie einfach bei Schlaganfallbetroffenen einsetzen\r\n\r\nBEST ...<\/p>\r\n\t\t\t\t\t\t\t\t\t\t\t\t\t\t\t\t\t\t\t\t\t<p class=\"sempreis\">49 \u20ac<\/p>\r\n\t\t\t\t\t\t\t\t\t\t\t\t\t\t\t\t\t\t\t\t\t\t\t<p class=\"semmwst\"><\/p>\r\n\t\t\t\t\t\t\t\t\t\t\t\t\t\t\t\t\t\t\t\t\t\t\t\r\n\t\t\t\t\t\t\t\t\t<\/a>\r\n\t\t\t\t\t\t\t\t<\/figure>\r\n\t\t\t\t\t\t\t\t\r\n\t\t\t\t\t\t\t<\/div>\r\n\t\t\t\t\t\t\t\t\t\t\t\t\t\t\r\n\t\t\t\t\t\t<\/div>\r\n\t\t\t\t\t<\/div>\r\n\t\t\t\t<\/div>\r\n\t\t\t\t\t\t\t\t<div class=\"wpb_column vc_column_container vc_col-sm-2\">\r\n\t\t\t\t\t<div class=\"vc_column-inner \" >\r\n\t\t\t\t\t\t<div class=\"wpb_wrapper\" >\r\n\t\t\t\t\t\t\t<div class=\"wpb_single_image wpb_content_element vc_align_ liquid_vc_single_image\">\r\n\t\t\t\t\t\t\t\t\t\t\t\t\t\t\t\t\t<div class=\"sem_overlay\" ><a href=\"https:\/\/\r\n\t\t\t\t\t\t\t\t\tonline.therapie.ergowebinar.de\/de\/e\/Biographiearbeit-bei-beginnender-Demenz-2FP-88?\r\n\t\t\t\t\t\t\t\t\t\t\t\t\t\t\t\t\t\t\" class=\"btn btn-solid btn-xsm round border-thin btn-has-label jetztstartenbutton\">klicken f\u00fcr Details<\/a><\/div>\r\n\t\t\t\t\t\t\t\t\t\t\t\t\t\t\t\t\t<figure class=\"wpb_wrapper vc_figure\">\r\n\t\t\t\t\t\t\t\t\t<a href=\"https:\/\/online.therapie.ergowebinar.de\/de\/e\/Biographiearbeit-bei-beginnender-Demenz-2FP-88?\r\n\t\t\t\t\t\t\t\t\t\" title=\"Sie sehen eine grauhaarige \u00e4ltere Dame \u00e4ltere Fotos auf einer Tischfl\u00e4che betrachten und sotieren als Assoziation zum Webseminar f\u00fcr Ergotherapie + Physiotherapie in der Rehabilitation von Demenz in Klinik + Praxis\" target=\"_blank\">\r\n\t\t\t\t\t\t\t\t\t\t<img decoding=\"async\" width=\"475\" src=\"https:\/\/www.ergowebinar.de\/intern\/parsed_images\/b1542f79-365c-4074-9c61-648123358ff4.jpg\" class=\"vc_single_image-img attachment-full\" alt=\"Sie sehen eine grauhaarige \u00e4ltere Dame \u00e4ltere Fotos auf einer Tischfl\u00e4che betrachten und sotieren als Assoziation zum Webseminar f\u00fcr Ergotherapie + Physiotherapie in der Rehabilitation von Demenz in Klinik + Praxis\" title=\"Sie sehen eine grauhaarige \u00e4ltere Dame \u00e4ltere Fotos auf einer Tischfl\u00e4che betrachten und sotieren als Assoziation zum Webseminar f\u00fcr Ergotherapie + Physiotherapie in der Rehabilitation von Demenz in Klinik + Praxis\" srcset=\"https:\/\/www.ergowebinar.de\/intern\/parsed_images\/b1542f79-365c-4074-9c61-648123358ff4.jpg 475w, https:\/\/www.ergowebinar.de\/intern\/parsed_images\/b1542f79-365c-4074-9c61-648123358ff4.jpg 275w\" sizes=\"(max-width: 475px) 100vw, 475px\" itemprop=\"image\" \/>\r\n\t\t\t\t\t\t\t\t\t\t<h6>Biographiearbeit bei beginnender Demenz [2FP]<\/h6>\r\n\t\t\t\t\t\t\t\t\t\t\t\t\t\t\t\t\t\t\t\t\t<p class=\"calendarline\"><img decoding=\"async\" class=\"calendar_icon\" src=\"https:\/\/www.ergowebinar.de\/intern\/images\/calendar.png\">15.07.2026 18:00 - 19:00<\/p>\t\r\n\t\t\t\t\t\t\t\t\t\t\t\t\t\t\t\t\t\t\t\t\t<p class=\"liquid_vc_single_text\">Sich mit der eigenen Biographie zu besch&auml;ftigen kann f&uuml;r Menschen mit Demenz psychisch stabilisierend wirken und als antidepressive Ma&szlig;nahme im Rahmen der Ergotherapie sinnvoll genutzt ...<\/p>\r\n\t\t\t\t\t\t\t\t\t\t\t\t\t\t\t\t\t\t\t\t\t<p class=\"sempreis\">49 \u20ac<\/p>\r\n\t\t\t\t\t\t\t\t\t\t\t\t\t\t\t\t\t\t\t\t\t\t\t<p class=\"semmwst\"><\/p>\r\n\t\t\t\t\t\t\t\t\t\t\t\t\t\t\t\t\t\t\t\t\t\t\t\r\n\t\t\t\t\t\t\t\t\t<\/a>\r\n\t\t\t\t\t\t\t\t<\/figure>\r\n\t\t\t\t\t\t\t\t\r\n\t\t\t\t\t\t\t<\/div>\r\n\t\t\t\t\t\t\t\t\t\t\t\t\t\t\r\n\t\t\t\t\t\t<\/div>\r\n\t\t\t\t\t<\/div>\r\n\t\t\t\t<\/div>\r\n\t\t\t\t\t\t\t\t<div class=\"wpb_column vc_column_container vc_col-sm-2\">\r\n\t\t\t\t\t<div class=\"vc_column-inner \" >\r\n\t\t\t\t\t\t<div class=\"wpb_wrapper\" >\r\n\t\t\t\t\t\t\t<div class=\"wpb_single_image wpb_content_element vc_align_ liquid_vc_single_image\">\r\n\t\t\t\t\t\t\t\t\t\t\t\t\t\t\t\t\t<div class=\"sem_overlay\" ><a href=\"https:\/\/\r\n\t\t\t\t\t\t\t\t\tonline.therapie.ergowebinar.de\/de\/e\/Passives-Diskriminationstraining-in-der-Neuroreha-2-FP-193?\r\n\t\t\t\t\t\t\t\t\t\t\t\t\t\t\t\t\t\t\" class=\"btn btn-solid btn-xsm round border-thin btn-has-label jetztstartenbutton\">klicken f\u00fcr Details<\/a><\/div>\r\n\t\t\t\t\t\t\t\t\t\t\t\t\t\t\t\t\t<figure class=\"wpb_wrapper vc_figure\">\r\n\t\t\t\t\t\t\t\t\t<a href=\"https:\/\/online.therapie.ergowebinar.de\/de\/e\/Passives-Diskriminationstraining-in-der-Neuroreha-2-FP-193?\r\n\t\t\t\t\t\t\t\t\t\" title=\"Sie sehen einenbreit aufgef\u00e4cherten Handr\u00fccken von rechts ins Bild kommend, als Assoziation zum Webseminar f\u00fcr Ergotherapie + Physiotherapie in der Rehabilitation von Schlaganfall + Apoplex in Klinik + Praxis\" target=\"_blank\">\r\n\t\t\t\t\t\t\t\t\t\t<img decoding=\"async\" width=\"475\" src=\"https:\/\/www.ergowebinar.de\/intern\/parsed_images\/f694fba8-7eb0-4ba6-a68c-2a5c416b940b.jpg\" class=\"vc_single_image-img attachment-full\" alt=\"Sie sehen einenbreit aufgef\u00e4cherten Handr\u00fccken von rechts ins Bild kommend, als Assoziation zum Webseminar f\u00fcr Ergotherapie + Physiotherapie in der Rehabilitation von Schlaganfall + Apoplex in Klinik + Praxis\" title=\"Sie sehen einenbreit aufgef\u00e4cherten Handr\u00fccken von rechts ins Bild kommend, als Assoziation zum Webseminar f\u00fcr Ergotherapie + Physiotherapie in der Rehabilitation von Schlaganfall + Apoplex in Klinik + Praxis\" srcset=\"https:\/\/www.ergowebinar.de\/intern\/parsed_images\/f694fba8-7eb0-4ba6-a68c-2a5c416b940b.jpg 475w, https:\/\/www.ergowebinar.de\/intern\/parsed_images\/f694fba8-7eb0-4ba6-a68c-2a5c416b940b.jpg 275w\" sizes=\"(max-width: 475px) 100vw, 475px\" itemprop=\"image\" \/>\r\n\t\t\t\t\t\t\t\t\t\t<h6>Passives Diskriminationstraining in der Neuroreha [2 FP]<\/h6>\r\n\t\t\t\t\t\t\t\t\t\t\t\t\t\t\t\t\t\t\t\t\t<p class=\"calendarline\"><img decoding=\"async\" class=\"calendar_icon\" src=\"https:\/\/www.ergowebinar.de\/intern\/images\/calendar.png\">21.07.2026 18:30 - 19:30<\/p>\t\r\n\t\t\t\t\t\t\t\t\t\t\t\t\t\t\t\t\t\t\t\t\t<p class=\"liquid_vc_single_text\">Sensibilit&auml;tstraining und passives &Uuml;ben der drei m&ouml;glichen Tast-Parameter Temperatur, Druck und Vibration auch ohne eigene Handmotorik ist ein hervorragendes taktiles Imaginationsverfahren ...<\/p>\r\n\t\t\t\t\t\t\t\t\t\t\t\t\t\t\t\t\t\t\t\t\t<p class=\"sempreis\">49 \u20ac<\/p>\r\n\t\t\t\t\t\t\t\t\t\t\t\t\t\t\t\t\t\t\t\t\t\t\t<p class=\"semmwst\"><\/p>\r\n\t\t\t\t\t\t\t\t\t\t\t\t\t\t\t\t\t\t\t\t\t\t\t\r\n\t\t\t\t\t\t\t\t\t<\/a>\r\n\t\t\t\t\t\t\t\t<\/figure>\r\n\t\t\t\t\t\t\t\t\r\n\t\t\t\t\t\t\t<\/div>\r\n\t\t\t\t\t\t\t\t\t\t\t\t\t\t\r\n\t\t\t\t\t\t<\/div>\r\n\t\t\t\t\t<\/div>\r\n\t\t\t\t<\/div>\r\n\t\t\t\t\t\t\t\t<div class=\"wpb_column vc_column_container vc_col-sm-2\">\r\n\t\t\t\t\t<div class=\"vc_column-inner \" >\r\n\t\t\t\t\t\t<div class=\"wpb_wrapper\" >\r\n\t\t\t\t\t\t\t<div class=\"wpb_single_image wpb_content_element vc_align_ liquid_vc_single_image\">\r\n\t\t\t\t\t\t\t\t\t\t\t\t\t\t\t\t\t<div class=\"sem_overlay\" ><a href=\"#keine31\" class=\"btn btn-solid btn-xsm round border-thin btn-has-label nichtdabutton\">8 Tage nach Ablauf des<br>Vorg\u00e4ngers buchbar<\/a><\/div>\r\n\t\t\t\t\t\t\t\t\t\t\t\t\t\t\t\t\t<figure class=\"wpb_wrapper vc_figure\">\r\n\t\t\t\t\t\t\t\t\t<a href=\"https:\/\/online.therapie.ergowebinar.de\/de\/e\/Golferellenbogen-prae-und-postoperativ-2-FP-154?\r\n\t\t\t\t\t\t\t\t\t\" title=\"Sie sehen einen Golfspieler am Ende seines Abschlages als Assoziation zum Webseminar \u00fcber Sehnen\u00fcberlastung am Ellenbogen f\u00fcr Ergotherapie + Physiotherapie in der Orthop\u00e4die in Klinik + Praxis\" target=\"_blank\">\r\n\t\t\t\t\t\t\t\t\t\t<img decoding=\"async\" width=\"475\" src=\"https:\/\/www.ergowebinar.de\/intern\/parsed_images\/b3ca2816-0351-4057-81ce-7a00802e0b07.jpg\" class=\"vc_single_image-img attachment-full\" alt=\"Sie sehen einen Golfspieler am Ende seines Abschlages als Assoziation zum Webseminar \u00fcber Sehnen\u00fcberlastung am Ellenbogen f\u00fcr Ergotherapie + Physiotherapie in der Orthop\u00e4die in Klinik + Praxis\" title=\"Sie sehen einen Golfspieler am Ende seines Abschlages als Assoziation zum Webseminar \u00fcber Sehnen\u00fcberlastung am Ellenbogen f\u00fcr Ergotherapie + Physiotherapie in der Orthop\u00e4die in Klinik + Praxis\" srcset=\"https:\/\/www.ergowebinar.de\/intern\/parsed_images\/b3ca2816-0351-4057-81ce-7a00802e0b07.jpg 475w, https:\/\/www.ergowebinar.de\/intern\/parsed_images\/b3ca2816-0351-4057-81ce-7a00802e0b07.jpg 275w\" sizes=\"(max-width: 475px) 100vw, 475px\" itemprop=\"image\" \/>\r\n\t\t\t\t\t\t\t\t\t\t<h6>Golferellenbogen - pr\u00e4-und postoperativ [2 FP]<\/h6>\r\n\t\t\t\t\t\t\t\t\t\t\t\t\t\t\t\t\t\t\t\t\t<p class=\"calendarline\"><img decoding=\"async\" class=\"calendar_icon\" src=\"https:\/\/www.ergowebinar.de\/intern\/images\/calendar.png\">21.07.2026 19:30 - 20:30<\/p>\t\r\n\t\t\t\t\t\t\t\t\t\t\t\t\t\t\t\t\t\t\t\t\t<p class=\"liquid_vc_single_text\">Ein Golferellenbogen kann vielen F&auml;llen auch operativ behandelt werden. Hier zeige ich die wichtigsten operativen M&ouml;glichkeiten sowie ihre ergotherapeutischen Vor- und Nachbereitungen.\r\n&nbsp;\r\nDas ...<\/p>\r\n\t\t\t\t\t\t\t\t\t\t\t\t\t\t\t\t\t\t\t\t\t<p class=\"sempreis\">49 \u20ac<\/p>\r\n\t\t\t\t\t\t\t\t\t\t\t\t\t\t\t\t\t\t\t\t\t\t\t<p class=\"semmwst\"><\/p>\r\n\t\t\t\t\t\t\t\t\t\t\t\t\t\t\t\t\t\t\t\t\t\t\t\r\n\t\t\t\t\t\t\t\t\t<\/a>\r\n\t\t\t\t\t\t\t\t<\/figure>\r\n\t\t\t\t\t\t\t\t\r\n\t\t\t\t\t\t\t<\/div>\r\n\t\t\t\t\t\t\t\t\t\t\t\t\t\t\r\n\t\t\t\t\t\t<\/div>\r\n\t\t\t\t\t<\/div>\r\n\t\t\t\t<\/div>\r\n\t\t\t\t\t\t\t\t<div class=\"wpb_column vc_column_container vc_col-sm-2\">\r\n\t\t\t\t\t<div class=\"vc_column-inner \" >\r\n\t\t\t\t\t\t<div class=\"wpb_wrapper\" >\r\n\t\t\t\t\t\t\t<div class=\"wpb_single_image wpb_content_element vc_align_ liquid_vc_single_image\">\r\n\t\t\t\t\t\t\t\t\t\t\t\t\t\t\t\t\t<div class=\"sem_overlay\" ><a href=\"https:\/\/\r\n\t\t\t\t\t\t\t\t\tonline.therapie.ergowebinar.de\/de\/e\/Demenz-Herausforderndes-Verhalten-2FP-93?\r\n\t\t\t\t\t\t\t\t\t\t\t\t\t\t\t\t\t\t\" class=\"btn btn-solid btn-xsm round border-thin btn-has-label jetztstartenbutton\">klicken f\u00fcr Details<\/a><\/div>\r\n\t\t\t\t\t\t\t\t\t\t\t\t\t\t\t\t\t<figure class=\"wpb_wrapper vc_figure\">\r\n\t\t\t\t\t\t\t\t\t<a href=\"https:\/\/online.therapie.ergowebinar.de\/de\/e\/Demenz-Herausforderndes-Verhalten-2FP-93?\r\n\t\t\t\t\t\t\t\t\t\" title=\"Sie sehen eine \u00e4ltere Damen mit zornigem negativen Gesichtsausdruck  als Assoziation zum Webseminar f\u00fcr Ergotherapie + Physiotherapie in der Rehabilitation von Demenz in Klinik + Praxis\" target=\"_blank\">\r\n\t\t\t\t\t\t\t\t\t\t<img decoding=\"async\" width=\"475\" src=\"https:\/\/www.ergowebinar.de\/intern\/parsed_images\/29b1ee63-395d-4cff-bda3-ab336ed81420.jpg\" class=\"vc_single_image-img attachment-full\" alt=\"Sie sehen eine \u00e4ltere Damen mit zornigem negativen Gesichtsausdruck  als Assoziation zum Webseminar f\u00fcr Ergotherapie + Physiotherapie in der Rehabilitation von Demenz in Klinik + Praxis\" title=\"Sie sehen eine \u00e4ltere Damen mit zornigem negativen Gesichtsausdruck  als Assoziation zum Webseminar f\u00fcr Ergotherapie + Physiotherapie in der Rehabilitation von Demenz in Klinik + Praxis\" srcset=\"https:\/\/www.ergowebinar.de\/intern\/parsed_images\/29b1ee63-395d-4cff-bda3-ab336ed81420.jpg 475w, https:\/\/www.ergowebinar.de\/intern\/parsed_images\/29b1ee63-395d-4cff-bda3-ab336ed81420.jpg 275w\" sizes=\"(max-width: 475px) 100vw, 475px\" itemprop=\"image\" \/>\r\n\t\t\t\t\t\t\t\t\t\t<h6>Demenz - Herausforderndes Verhalten [2FP]<\/h6>\r\n\t\t\t\t\t\t\t\t\t\t\t\t\t\t\t\t\t\t\t\t\t<p class=\"calendarline\"><img decoding=\"async\" class=\"calendar_icon\" src=\"https:\/\/www.ergowebinar.de\/intern\/images\/calendar.png\">22.07.2026 18:00 - 19:00<\/p>\t\r\n\t\t\t\t\t\t\t\t\t\t\t\t\t\t\t\t\t\t\t\t\t<p class=\"liquid_vc_single_text\">Herausfordernde Verhaltensweisen bei Demenzerkrankten k&ouml;nnen auch f&uuml;r Ergotherapeut:innen eine Herausforderung sein. Hintergrundwissen f&uuml;r m&ouml;gliche Gr&uuml;nde und Ausl&ouml;ser sowie ...<\/p>\r\n\t\t\t\t\t\t\t\t\t\t\t\t\t\t\t\t\t\t\t\t\t<p class=\"sempreis\">49 \u20ac<\/p>\r\n\t\t\t\t\t\t\t\t\t\t\t\t\t\t\t\t\t\t\t\t\t\t\t<p class=\"semmwst\"><\/p>\r\n\t\t\t\t\t\t\t\t\t\t\t\t\t\t\t\t\t\t\t\t\t\t\t\r\n\t\t\t\t\t\t\t\t\t<\/a>\r\n\t\t\t\t\t\t\t\t<\/figure>\r\n\t\t\t\t\t\t\t\t\r\n\t\t\t\t\t\t\t<\/div>\r\n\t\t\t\t\t\t\t\t\t\t\t\t\t\t\r\n\t\t\t\t\t\t<\/div>\r\n\t\t\t\t\t<\/div>\r\n\t\t\t\t<\/div>\r\n\t\t\t\t\t\t\t\t<div class=\"wpb_column vc_column_container vc_col-sm-2\">\r\n\t\t\t\t\t<div class=\"vc_column-inner \" >\r\n\t\t\t\t\t\t<div class=\"wpb_wrapper\" >\r\n\t\t\t\t\t\t\t<div class=\"wpb_single_image wpb_content_element vc_align_ liquid_vc_single_image\">\r\n\t\t\t\t\t\t\t\t\t\t\t\t\t\t\t\t\t<div class=\"sem_overlay\" ><a href=\"https:\/\/\r\n\t\t\t\t\t\t\t\t\tonline.therapie.ergowebinar.de\/de\/e\/Apraxietherapie-Basics-2-FP-194?\r\n\t\t\t\t\t\t\t\t\t\t\t\t\t\t\t\t\t\t\" class=\"btn btn-solid btn-xsm round border-thin btn-has-label jetztstartenbutton\">klicken f\u00fcr Details<\/a><\/div>\r\n\t\t\t\t\t\t\t\t\t\t\t\t\t\t\t\t\t<figure class=\"wpb_wrapper vc_figure\">\r\n\t\t\t\t\t\t\t\t\t<a href=\"https:\/\/online.therapie.ergowebinar.de\/de\/e\/Apraxietherapie-Basics-2-FP-194?\r\n\t\t\t\t\t\t\t\t\t\" title=\"Sie sehen eine Hand ein St\u00fcck Obst vom Tisch nehmen; dort liegen auch Kunststoffobstteile als Assoziation zum Webseminar f\u00fcr Ergotherapie + Physiotherapie in der Rehabilitation von Schlaganfall + Apoplex in Klinik + Praxis\" target=\"_blank\">\r\n\t\t\t\t\t\t\t\t\t\t<img decoding=\"async\" width=\"475\" src=\"https:\/\/www.ergowebinar.de\/intern\/parsed_images\/badabba6-3abd-490b-bb37-214881892437.jpg\" class=\"vc_single_image-img attachment-full\" alt=\"Sie sehen eine Hand ein St\u00fcck Obst vom Tisch nehmen; dort liegen auch Kunststoffobstteile als Assoziation zum Webseminar f\u00fcr Ergotherapie + Physiotherapie in der Rehabilitation von Schlaganfall + Apoplex in Klinik + Praxis\" title=\"Sie sehen eine Hand ein St\u00fcck Obst vom Tisch nehmen; dort liegen auch Kunststoffobstteile als Assoziation zum Webseminar f\u00fcr Ergotherapie + Physiotherapie in der Rehabilitation von Schlaganfall + Apoplex in Klinik + Praxis\" srcset=\"https:\/\/www.ergowebinar.de\/intern\/parsed_images\/badabba6-3abd-490b-bb37-214881892437.jpg 475w, https:\/\/www.ergowebinar.de\/intern\/parsed_images\/badabba6-3abd-490b-bb37-214881892437.jpg 275w\" sizes=\"(max-width: 475px) 100vw, 475px\" itemprop=\"image\" \/>\r\n\t\t\t\t\t\t\t\t\t\t<h6>Apraxietherapie Basics [2 FP]<\/h6>\r\n\t\t\t\t\t\t\t\t\t\t\t\t\t\t\t\t\t\t\t\t\t<p class=\"calendarline\"><img decoding=\"async\" class=\"calendar_icon\" src=\"https:\/\/www.ergowebinar.de\/intern\/images\/calendar.png\">28.07.2026 18:30 - 19:30<\/p>\t\r\n\t\t\t\t\t\t\t\t\t\t\t\t\t\t\t\t\t\t\t\t\t<p class=\"liquid_vc_single_text\">In der evidenzbasierten Apraxietherapie werden ausschlie&szlig;lich relevante alltagspraktische Aktivit&auml;ten mit dem Betroffenen ge&uuml;bt. Hierbei haben sich neben dem Backward Chaining als Vorgehensweise ...<\/p>\r\n\t\t\t\t\t\t\t\t\t\t\t\t\t\t\t\t\t\t\t\t\t<p class=\"sempreis\">49 \u20ac<\/p>\r\n\t\t\t\t\t\t\t\t\t\t\t\t\t\t\t\t\t\t\t\t\t\t\t<p class=\"semmwst\"><\/p>\r\n\t\t\t\t\t\t\t\t\t\t\t\t\t\t\t\t\t\t\t\t\t\t\t\r\n\t\t\t\t\t\t\t\t\t<\/a>\r\n\t\t\t\t\t\t\t\t<\/figure>\r\n\t\t\t\t\t\t\t\t\r\n\t\t\t\t\t\t\t<\/div>\r\n\t\t\t\t\t\t\t\t\t\t\t\t\t\t\r\n\t\t\t\t\t\t<\/div>\r\n\t\t\t\t\t<\/div>\r\n\t\t\t\t<\/div>\r\n\t\t\t\t\t\t\t<\/div><\/div><\/div>\r\n\t\t\t\t\t\t\t<a name=\"seminarenachdatum\"><\/a>\r\n\t\t\t\t<a name=\"keine32\"><\/a>\r\n\t\t\t\t<h2 class=\"ld-fh-element lqd-highlight-underline lqd-highlight-grow-left text-decoration-default h3 ldsemheadline\">August 2026<\/h2>\r\n\t\t\t\t\t\t\t<div class=\"vc_row vc_inner\">\r\n\t\t\t<div class=\"ld-container container-fluid\">\r\n\t\t\t<div class=\"row ld-row ld-row-inner\">\r\n\t\t\t\t\t\t\t<div class=\"wpb_column vc_column_container vc_col-sm-2\">\r\n\t\t\t\t\t<div class=\"vc_column-inner \" >\r\n\t\t\t\t\t\t<div class=\"wpb_wrapper\" >\r\n\t\t\t\t\t\t\t<div class=\"wpb_single_image wpb_content_element vc_align_ liquid_vc_single_image\">\r\n\t\t\t\t\t\t\t\t\t\t\t\t\t\t\t\t\t<div class=\"sem_overlay\" ><a href=\"https:\/\/\r\n\t\t\t\t\t\t\t\t\tonline.therapie.ergowebinar.de\/de\/e\/Tennisellenbogen-Basics-2-FP-155?\r\n\t\t\t\t\t\t\t\t\t\t\t\t\t\t\t\t\t\t\" class=\"btn btn-solid btn-xsm round border-thin btn-has-label jetztstartenbutton\">klicken f\u00fcr Details<\/a><\/div>\r\n\t\t\t\t\t\t\t\t\t\t\t\t\t\t\t\t\t<figure class=\"wpb_wrapper vc_figure\">\r\n\t\t\t\t\t\t\t\t\t<a href=\"https:\/\/online.therapie.ergowebinar.de\/de\/e\/Tennisellenbogen-Basics-2-FP-155?\r\n\t\t\t\t\t\t\t\t\t\" title=\"Sie sehen eine Tennisspielerin fotografiert durch den Tennisschl\u00e4ger hindurch von unten als Assoziation zum Webseminar \u00fcber Schmerzen am Unterarm f\u00fcr Ergotherapie + Physiotherapie in der Orthop\u00e4die, Neurologie in Klinik + Praxis\" target=\"_blank\">\r\n\t\t\t\t\t\t\t\t\t\t<img decoding=\"async\" width=\"475\" src=\"https:\/\/www.ergowebinar.de\/intern\/parsed_images\/c2ce1849-e7da-439d-952c-df2a2836ec0a.jpg\" class=\"vc_single_image-img attachment-full\" alt=\"Sie sehen eine Tennisspielerin fotografiert durch den Tennisschl\u00e4ger hindurch von unten als Assoziation zum Webseminar \u00fcber Schmerzen am Unterarm f\u00fcr Ergotherapie + Physiotherapie in der Orthop\u00e4die, Neurologie in Klinik + Praxis\" title=\"Sie sehen eine Tennisspielerin fotografiert durch den Tennisschl\u00e4ger hindurch von unten als Assoziation zum Webseminar \u00fcber Schmerzen am Unterarm f\u00fcr Ergotherapie + Physiotherapie in der Orthop\u00e4die, Neurologie in Klinik + Praxis\" srcset=\"https:\/\/www.ergowebinar.de\/intern\/parsed_images\/c2ce1849-e7da-439d-952c-df2a2836ec0a.jpg 475w, https:\/\/www.ergowebinar.de\/intern\/parsed_images\/c2ce1849-e7da-439d-952c-df2a2836ec0a.jpg 275w\" sizes=\"(max-width: 475px) 100vw, 475px\" itemprop=\"image\" \/>\r\n\t\t\t\t\t\t\t\t\t\t<h6>Tennisellenbogen - Basics [2 FP]<\/h6>\r\n\t\t\t\t\t\t\t\t\t\t\t\t\t\t\t\t\t\t\t\t\t<p class=\"calendarline\"><img decoding=\"async\" class=\"calendar_icon\" src=\"https:\/\/www.ergowebinar.de\/intern\/images\/calendar.png\">04.08.2026 19:30 - 20:30<\/p>\t\r\n\t\t\t\t\t\t\t\t\t\t\t\t\t\t\t\t\t\t\t\t\t<p class=\"liquid_vc_single_text\">Ein Tennisellenbogen - fachsprachlich Epicondylitis lateralis humeri - kann eine ganz sch&ouml;n hartn&auml;ckige Sache sein. Es sind verschiedene Extensoren des Unterarms betroffen. Durch konservative ...<\/p>\r\n\t\t\t\t\t\t\t\t\t\t\t\t\t\t\t\t\t\t\t\t\t<p class=\"sempreis\">49 \u20ac<\/p>\r\n\t\t\t\t\t\t\t\t\t\t\t\t\t\t\t\t\t\t\t\t\t\t\t<p class=\"semmwst\"><\/p>\r\n\t\t\t\t\t\t\t\t\t\t\t\t\t\t\t\t\t\t\t\t\t\t\t\r\n\t\t\t\t\t\t\t\t\t<\/a>\r\n\t\t\t\t\t\t\t\t<\/figure>\r\n\t\t\t\t\t\t\t\t\r\n\t\t\t\t\t\t\t<\/div>\r\n\t\t\t\t\t\t\t\t\t\t\t\t\t\t\r\n\t\t\t\t\t\t<\/div>\r\n\t\t\t\t\t<\/div>\r\n\t\t\t\t<\/div>\r\n\t\t\t\t\t\t\t\t<div class=\"wpb_column vc_column_container vc_col-sm-2\">\r\n\t\t\t\t\t<div class=\"vc_column-inner \" >\r\n\t\t\t\t\t\t<div class=\"wpb_wrapper\" >\r\n\t\t\t\t\t\t\t<div class=\"wpb_single_image wpb_content_element vc_align_ liquid_vc_single_image\">\r\n\t\t\t\t\t\t\t\t\t\t\t\t\t\t\t\t\t<div class=\"sem_overlay\" ><a href=\"https:\/\/\r\n\t\t\t\t\t\t\t\t\tonline.therapie.ergowebinar.de\/de\/e\/Tennisellenbogen-prae-und-postoperativ-2-FP-156?\r\n\t\t\t\t\t\t\t\t\t\t\t\t\t\t\t\t\t\t\" class=\"btn btn-solid btn-xsm round border-thin btn-has-label jetztstartenbutton\">klicken f\u00fcr Details<\/a><\/div>\r\n\t\t\t\t\t\t\t\t\t\t\t\t\t\t\t\t\t<figure class=\"wpb_wrapper vc_figure\">\r\n\t\t\t\t\t\t\t\t\t<a href=\"https:\/\/online.therapie.ergowebinar.de\/de\/e\/Tennisellenbogen-prae-und-postoperativ-2-FP-156?\r\n\t\t\t\t\t\t\t\t\t\" title=\"Sie sehen eine Tennispielerin im Moment des Abschlags als Assoziation zum Webseminar \u00fcber therapeutische M\u00f6glichkeiten vor und nach einer Operation bei Tennisellenbogen f\u00fcr Ergotherapie + Physiotherapie in der Orthop\u00e4die, Neurologie in Klinik + Praxis\" target=\"_blank\">\r\n\t\t\t\t\t\t\t\t\t\t<img decoding=\"async\" width=\"475\" src=\"https:\/\/www.ergowebinar.de\/intern\/parsed_images\/d5164495-d247-4658-9574-e2693eae612f.jpg\" class=\"vc_single_image-img attachment-full\" alt=\"Sie sehen eine Tennispielerin im Moment des Abschlags als Assoziation zum Webseminar \u00fcber therapeutische M\u00f6glichkeiten vor und nach einer Operation bei Tennisellenbogen f\u00fcr Ergotherapie + Physiotherapie in der Orthop\u00e4die, Neurologie in Klinik + Praxis\" title=\"Sie sehen eine Tennispielerin im Moment des Abschlags als Assoziation zum Webseminar \u00fcber therapeutische M\u00f6glichkeiten vor und nach einer Operation bei Tennisellenbogen f\u00fcr Ergotherapie + Physiotherapie in der Orthop\u00e4die, Neurologie in Klinik + Praxis\" srcset=\"https:\/\/www.ergowebinar.de\/intern\/parsed_images\/d5164495-d247-4658-9574-e2693eae612f.jpg 475w, https:\/\/www.ergowebinar.de\/intern\/parsed_images\/d5164495-d247-4658-9574-e2693eae612f.jpg 275w\" sizes=\"(max-width: 475px) 100vw, 475px\" itemprop=\"image\" \/>\r\n\t\t\t\t\t\t\t\t\t\t<h6>Tennisellenbogen - pr\u00e4- und postoperativ [2 FP]<\/h6>\r\n\t\t\t\t\t\t\t\t\t\t\t\t\t\t\t\t\t\t\t\t\t<p class=\"calendarline\"><img decoding=\"async\" class=\"calendar_icon\" src=\"https:\/\/www.ergowebinar.de\/intern\/images\/calendar.png\">11.08.2026 19:30 - 20:30<\/p>\t\r\n\t\t\t\t\t\t\t\t\t\t\t\t\t\t\t\t\t\t\t\t\t<p class=\"liquid_vc_single_text\">Ein Tennisellenbogen kann vielen F&auml;llen auch operativ behandelt werden. Hier zeige ich die wichtigsten operativen M&ouml;glichkeiten sowie ihre ergotherapeutischen Vor- und Nachbereitungen.\r\n&nbsp;\r\nDas ...<\/p>\r\n\t\t\t\t\t\t\t\t\t\t\t\t\t\t\t\t\t\t\t\t\t<p class=\"sempreis\">49 \u20ac<\/p>\r\n\t\t\t\t\t\t\t\t\t\t\t\t\t\t\t\t\t\t\t\t\t\t\t<p class=\"semmwst\"><\/p>\r\n\t\t\t\t\t\t\t\t\t\t\t\t\t\t\t\t\t\t\t\t\t\t\t\r\n\t\t\t\t\t\t\t\t\t<\/a>\r\n\t\t\t\t\t\t\t\t<\/figure>\r\n\t\t\t\t\t\t\t\t\r\n\t\t\t\t\t\t\t<\/div>\r\n\t\t\t\t\t\t\t\t\t\t\t\t\t\t\r\n\t\t\t\t\t\t<\/div>\r\n\t\t\t\t\t<\/div>\r\n\t\t\t\t<\/div>\r\n\t\t\t\t\t\t\t\t<div class=\"wpb_column vc_column_container vc_col-sm-2\">\r\n\t\t\t\t\t<div class=\"vc_column-inner \" >\r\n\t\t\t\t\t\t<div class=\"wpb_wrapper\" >\r\n\t\t\t\t\t\t\t<div class=\"wpb_single_image wpb_content_element vc_align_ liquid_vc_single_image\">\r\n\t\t\t\t\t\t\t\t\t\t\t\t\t\t\t\t\t<div class=\"sem_overlay\" ><a href=\"https:\/\/\r\n\t\t\t\t\t\t\t\t\tonline.therapie.ergowebinar.de\/de\/e\/Kognition-spielerisch-trainieren-2-FP-81?\r\n\t\t\t\t\t\t\t\t\t\t\t\t\t\t\t\t\t\t\" class=\"btn btn-solid btn-xsm round border-thin btn-has-label jetztstartenbutton\">klicken f\u00fcr Details<\/a><\/div>\r\n\t\t\t\t\t\t\t\t\t\t\t\t\t\t\t\t\t<figure class=\"wpb_wrapper vc_figure\">\r\n\t\t\t\t\t\t\t\t\t<a href=\"https:\/\/online.therapie.ergowebinar.de\/de\/e\/Kognition-spielerisch-trainieren-2-FP-81?\r\n\t\t\t\t\t\t\t\t\t\" title=\"Sie sehen ein Spielbrett mit W\u00fcrfeln und Spielsteinen als Assoziation zum Webseminar \u00fcber den Einsatz spielerischer Medien in der Ergotherapie + Physiotherapie in der NeuroReha, SchmerzReha, Orthop\u00e4die, Geriatrie in Klinik + Praxis\" target=\"_blank\">\r\n\t\t\t\t\t\t\t\t\t\t<img decoding=\"async\" width=\"475\" src=\"https:\/\/www.ergowebinar.de\/intern\/parsed_images\/22a6c32a-d14f-488c-9170-3c76c708b09c.jpg\" class=\"vc_single_image-img attachment-full\" alt=\"Sie sehen ein Spielbrett mit W\u00fcrfeln und Spielsteinen als Assoziation zum Webseminar \u00fcber den Einsatz spielerischer Medien in der Ergotherapie + Physiotherapie in der NeuroReha, SchmerzReha, Orthop\u00e4die, Geriatrie in Klinik + Praxis\" title=\"Sie sehen ein Spielbrett mit W\u00fcrfeln und Spielsteinen als Assoziation zum Webseminar \u00fcber den Einsatz spielerischer Medien in der Ergotherapie + Physiotherapie in der NeuroReha, SchmerzReha, Orthop\u00e4die, Geriatrie in Klinik + Praxis\" srcset=\"https:\/\/www.ergowebinar.de\/intern\/parsed_images\/22a6c32a-d14f-488c-9170-3c76c708b09c.jpg 475w, https:\/\/www.ergowebinar.de\/intern\/parsed_images\/22a6c32a-d14f-488c-9170-3c76c708b09c.jpg 275w\" sizes=\"(max-width: 475px) 100vw, 475px\" itemprop=\"image\" \/>\r\n\t\t\t\t\t\t\t\t\t\t<h6>Kognition spielerisch trainieren [2 FP]<\/h6>\r\n\t\t\t\t\t\t\t\t\t\t\t\t\t\t\t\t\t\t\t\t\t<p class=\"calendarline\"><img decoding=\"async\" class=\"calendar_icon\" src=\"https:\/\/www.ergowebinar.de\/intern\/images\/calendar.png\">19.08.2026 19:00 - 20:00<\/p>\t\r\n\t\t\t\t\t\t\t\t\t\t\t\t\t\t\t\t\t\t\t\t\t<p class=\"liquid_vc_single_text\">Gesellschaftsspiele k&ouml;nnen nach neurologischen Ereignissen wie Schlaganfall, Sch&auml;delhirntrauma, Tumor oder bei degenerativen Erkrankungen gezielt eingesetzt werden, um verschiedene Hirnfunktionen ...<\/p>\r\n\t\t\t\t\t\t\t\t\t\t\t\t\t\t\t\t\t\t\t\t\t<p class=\"sempreis\">49 \u20ac<\/p>\r\n\t\t\t\t\t\t\t\t\t\t\t\t\t\t\t\t\t\t\t\t\t\t\t<p class=\"semmwst\"><\/p>\r\n\t\t\t\t\t\t\t\t\t\t\t\t\t\t\t\t\t\t\t\t\t\t\t\r\n\t\t\t\t\t\t\t\t\t<\/a>\r\n\t\t\t\t\t\t\t\t<\/figure>\r\n\t\t\t\t\t\t\t\t\r\n\t\t\t\t\t\t\t<\/div>\r\n\t\t\t\t\t\t\t\t\t\t\t\t\t\t\r\n\t\t\t\t\t\t<\/div>\r\n\t\t\t\t\t<\/div>\r\n\t\t\t\t<\/div>\r\n\t\t\t\t\t\t\t\t<div class=\"wpb_column vc_column_container vc_col-sm-2\">\r\n\t\t\t\t\t<div class=\"vc_column-inner \" >\r\n\t\t\t\t\t\t<div class=\"wpb_wrapper\" >\r\n\t\t\t\t\t\t\t<div class=\"wpb_single_image wpb_content_element vc_align_ liquid_vc_single_image\">\r\n\t\t\t\t\t\t\t\t\t\t\t\t\t\t\t\t\t<div class=\"sem_overlay\" ><a href=\"https:\/\/\r\n\t\t\t\t\t\t\t\t\tonline.therapie.ergowebinar.de\/de\/e\/Aktives-Diskriminationstraining-in-der-Neuroreha-2-FP-195?\r\n\t\t\t\t\t\t\t\t\t\t\t\t\t\t\t\t\t\t\" class=\"btn btn-solid btn-xsm round border-thin btn-has-label jetztstartenbutton\">klicken f\u00fcr Details<\/a><\/div>\r\n\t\t\t\t\t\t\t\t\t\t\t\t\t\t\t\t\t<figure class=\"wpb_wrapper vc_figure\">\r\n\t\t\t\t\t\t\t\t\t<a href=\"https:\/\/online.therapie.ergowebinar.de\/de\/e\/Aktives-Diskriminationstraining-in-der-Neuroreha-2-FP-195?\r\n\t\t\t\t\t\t\t\t\t\" title=\"Sie sehen eine Hand, die \u00fcber einen Schneeh\u00fcgel streicht, als Assoziation zum Webseminar f\u00fcr Ergotherapie + Physiotherapie in der Rehabilitation von Schlaganfall + Apoplex in Klinik + Praxis\" target=\"_blank\">\r\n\t\t\t\t\t\t\t\t\t\t<img decoding=\"async\" width=\"475\" src=\"https:\/\/www.ergowebinar.de\/intern\/parsed_images\/195.jpg\" class=\"vc_single_image-img attachment-full\" alt=\"Sie sehen eine Hand, die \u00fcber einen Schneeh\u00fcgel streicht, als Assoziation zum Webseminar f\u00fcr Ergotherapie + Physiotherapie in der Rehabilitation von Schlaganfall + Apoplex in Klinik + Praxis\" title=\"Sie sehen eine Hand, die \u00fcber einen Schneeh\u00fcgel streicht, als Assoziation zum Webseminar f\u00fcr Ergotherapie + Physiotherapie in der Rehabilitation von Schlaganfall + Apoplex in Klinik + Praxis\" srcset=\"https:\/\/www.ergowebinar.de\/intern\/parsed_images\/195.jpg 475w, https:\/\/www.ergowebinar.de\/intern\/parsed_images\/195.jpg 275w\" sizes=\"(max-width: 475px) 100vw, 475px\" itemprop=\"image\" \/>\r\n\t\t\t\t\t\t\t\t\t\t<h6>Aktives Diskriminationstraining in der Neuroreha [2 FP]<\/h6>\r\n\t\t\t\t\t\t\t\t\t\t\t\t\t\t\t\t\t\t\t\t\t<p class=\"calendarline\"><img decoding=\"async\" class=\"calendar_icon\" src=\"https:\/\/www.ergowebinar.de\/intern\/images\/calendar.png\">25.08.2026 18:30 - 19:30<\/p>\t\r\n\t\t\t\t\t\t\t\t\t\t\t\t\t\t\t\t\t\t\t\t\t<p class=\"liquid_vc_single_text\">Kernelement des Sensibilit&auml;tstrainings -&nbsp;\r\nAktives exploratives &Uuml;ben der drei m&ouml;glichen Tast-Parameter Temperatur, Druck und Vibration mit beginnender Handmotorik ist ein taktil-kin&auml;sthetisches ...<\/p>\r\n\t\t\t\t\t\t\t\t\t\t\t\t\t\t\t\t\t\t\t\t\t<p class=\"sempreis\">49 \u20ac<\/p>\r\n\t\t\t\t\t\t\t\t\t\t\t\t\t\t\t\t\t\t\t\t\t\t\t<p class=\"semmwst\"><\/p>\r\n\t\t\t\t\t\t\t\t\t\t\t\t\t\t\t\t\t\t\t\t\t\t\t\r\n\t\t\t\t\t\t\t\t\t<\/a>\r\n\t\t\t\t\t\t\t\t<\/figure>\r\n\t\t\t\t\t\t\t\t\r\n\t\t\t\t\t\t\t<\/div>\r\n\t\t\t\t\t\t\t\t\t\t\t\t\t\t\r\n\t\t\t\t\t\t<\/div>\r\n\t\t\t\t\t<\/div>\r\n\t\t\t\t<\/div>\r\n\t\t\t\t\t\t\t\t<div class=\"wpb_column vc_column_container vc_col-sm-2\">\r\n\t\t\t\t\t<div class=\"vc_column-inner \" >\r\n\t\t\t\t\t\t<div class=\"wpb_wrapper\" >\r\n\t\t\t\t\t\t\t<div class=\"wpb_single_image wpb_content_element vc_align_ liquid_vc_single_image\">\r\n\t\t\t\t\t\t\t\t\t\t\t\t\t\t\t\t\t<div class=\"sem_overlay\" ><a href=\"https:\/\/\r\n\t\t\t\t\t\t\t\t\tonline.therapie.ergowebinar.de\/de\/e\/Triggerfinger-konservative-Ergotherapie-post-OP-2-FP-157?\r\n\t\t\t\t\t\t\t\t\t\t\t\t\t\t\t\t\t\t\" class=\"btn btn-solid btn-xsm round border-thin btn-has-label jetztstartenbutton\">klicken f\u00fcr Details<\/a><\/div>\r\n\t\t\t\t\t\t\t\t\t\t\t\t\t\t\t\t\t<figure class=\"wpb_wrapper vc_figure\">\r\n\t\t\t\t\t\t\t\t\t<a href=\"https:\/\/online.therapie.ergowebinar.de\/de\/e\/Triggerfinger-konservative-Ergotherapie-post-OP-2-FP-157?\r\n\t\t\t\t\t\t\t\t\t\" title=\"Sie sehen eine Hand im Sonnenstrahl als Assoziation zum Webseminar zum Triggerfinger f\u00fcr Ergotherapie + Physiotherapie in der Handtherapie und Orthop\u00e4die in Klinik + Praxis\" target=\"_blank\">\r\n\t\t\t\t\t\t\t\t\t\t<img decoding=\"async\" width=\"475\" src=\"https:\/\/www.ergowebinar.de\/intern\/parsed_images\/2d410c6b-e3f4-4197-b484-da6a6524b7f9.jpg\" class=\"vc_single_image-img attachment-full\" alt=\"Sie sehen eine Hand im Sonnenstrahl als Assoziation zum Webseminar zum Triggerfinger f\u00fcr Ergotherapie + Physiotherapie in der Handtherapie und Orthop\u00e4die in Klinik + Praxis\" title=\"Sie sehen eine Hand im Sonnenstrahl als Assoziation zum Webseminar zum Triggerfinger f\u00fcr Ergotherapie + Physiotherapie in der Handtherapie und Orthop\u00e4die in Klinik + Praxis\" srcset=\"https:\/\/www.ergowebinar.de\/intern\/parsed_images\/2d410c6b-e3f4-4197-b484-da6a6524b7f9.jpg 475w, https:\/\/www.ergowebinar.de\/intern\/parsed_images\/2d410c6b-e3f4-4197-b484-da6a6524b7f9.jpg 275w\" sizes=\"(max-width: 475px) 100vw, 475px\" itemprop=\"image\" \/>\r\n\t\t\t\t\t\t\t\t\t\t<h6>Triggerfinger - konservative Ergotherapie + post-OP [2 FP]<\/h6>\r\n\t\t\t\t\t\t\t\t\t\t\t\t\t\t\t\t\t\t\t\t\t<p class=\"calendarline\"><img decoding=\"async\" class=\"calendar_icon\" src=\"https:\/\/www.ergowebinar.de\/intern\/images\/calendar.png\">25.08.2026 19:30 - 20:30<\/p>\t\r\n\t\t\t\t\t\t\t\t\t\t\t\t\t\t\t\t\t\t\t\t\t<p class=\"liquid_vc_single_text\">Die konservative Versorgung von Triggerfingern \/ schnellenden Fingern geh&ouml;rt zum Basishandwerk der Handtherapie. Eine &Uuml;bersicht und Anleitung &uuml;ber M&ouml;glichkeiten und Unm&ouml;glichkeiten. ...<\/p>\r\n\t\t\t\t\t\t\t\t\t\t\t\t\t\t\t\t\t\t\t\t\t<p class=\"sempreis\">49 \u20ac<\/p>\r\n\t\t\t\t\t\t\t\t\t\t\t\t\t\t\t\t\t\t\t\t\t\t\t<p class=\"semmwst\"><\/p>\r\n\t\t\t\t\t\t\t\t\t\t\t\t\t\t\t\t\t\t\t\t\t\t\t\r\n\t\t\t\t\t\t\t\t\t<\/a>\r\n\t\t\t\t\t\t\t\t<\/figure>\r\n\t\t\t\t\t\t\t\t\r\n\t\t\t\t\t\t\t<\/div>\r\n\t\t\t\t\t\t\t\t\t\t\t\t\t\t\r\n\t\t\t\t\t\t<\/div>\r\n\t\t\t\t\t<\/div>\r\n\t\t\t\t<\/div>\r\n\t\t\t\t\t\t\t\t<div class=\"wpb_column vc_column_container vc_col-sm-2\">\r\n\t\t\t\t\t<div class=\"vc_column-inner \" >\r\n\t\t\t\t\t\t<div class=\"wpb_wrapper\" >\r\n\t\t\t\t\t\t\t<div class=\"wpb_single_image wpb_content_element vc_align_ liquid_vc_single_image\">\r\n\t\t\t\t\t\t\t\t\t\t\t\t\t\t\t\t\t<div class=\"sem_overlay\" ><a href=\"https:\/\/\r\n\t\t\t\t\t\t\t\t\tonline.therapie.ergowebinar.de\/de\/e\/Yoga-Ue-50-weniger-Tempo-und-mehr-Intensitaet-2-FP-167?\r\n\t\t\t\t\t\t\t\t\t\t\t\t\t\t\t\t\t\t\" class=\"btn btn-solid btn-xsm round border-thin btn-has-label jetztstartenbutton\">klicken f\u00fcr Details<\/a><\/div>\r\n\t\t\t\t\t\t\t\t\t\t\t\t\t\t\t\t\t<figure class=\"wpb_wrapper vc_figure\">\r\n\t\t\t\t\t\t\t\t\t<a href=\"https:\/\/online.therapie.ergowebinar.de\/de\/e\/Yoga-Ue-50-weniger-Tempo-und-mehr-Intensitaet-2-FP-167?\r\n\t\t\t\t\t\t\t\t\t\" title=\"Sie sehen eine etwa 50j\u00e4hrigen Frau und einen ebenso alten Mann im Yogasitz als Assoziation zum Webseminar f\u00fcr Ergotherapie + Physiotherapie in der NeuroReha, Schmerzreha, Orthp\u00e4die, Fatigue und Long + PostCovid in Klinik + Praxis\" target=\"_blank\">\r\n\t\t\t\t\t\t\t\t\t\t<img decoding=\"async\" width=\"475\" src=\"https:\/\/www.ergowebinar.de\/intern\/parsed_images\/fc086066-62cb-4602-9f18-b22d0161b3fb.jpg\" class=\"vc_single_image-img attachment-full\" alt=\"Sie sehen eine etwa 50j\u00e4hrigen Frau und einen ebenso alten Mann im Yogasitz als Assoziation zum Webseminar f\u00fcr Ergotherapie + Physiotherapie in der NeuroReha, Schmerzreha, Orthp\u00e4die, Fatigue und Long + PostCovid in Klinik + Praxis\" title=\"Sie sehen eine etwa 50j\u00e4hrigen Frau und einen ebenso alten Mann im Yogasitz als Assoziation zum Webseminar f\u00fcr Ergotherapie + Physiotherapie in der NeuroReha, Schmerzreha, Orthp\u00e4die, Fatigue und Long + PostCovid in Klinik + Praxis\" srcset=\"https:\/\/www.ergowebinar.de\/intern\/parsed_images\/fc086066-62cb-4602-9f18-b22d0161b3fb.jpg 475w, https:\/\/www.ergowebinar.de\/intern\/parsed_images\/fc086066-62cb-4602-9f18-b22d0161b3fb.jpg 275w\" sizes=\"(max-width: 475px) 100vw, 475px\" itemprop=\"image\" \/>\r\n\t\t\t\t\t\t\t\t\t\t<h6>Yoga \u00dc-50 - weniger Tempo und mehr Intensit\u00e4t  [2 FP]<\/h6>\r\n\t\t\t\t\t\t\t\t\t\t\t\t\t\t\t\t\t\t\t\t\t<p class=\"calendarline\"><img decoding=\"async\" class=\"calendar_icon\" src=\"https:\/\/www.ergowebinar.de\/intern\/images\/calendar.png\">26.08.2026 18:30 - 19:30<\/p>\t\r\n\t\t\t\t\t\t\t\t\t\t\t\t\t\t\t\t\t\t\t\t\t<p class=\"liquid_vc_single_text\">Hormonelle Dysbalancen k&ouml;nnen in der Lebensmitte zur inneren Unruhe, vermehrter Gereiztheit oder auch Schwerf&auml;lligkeit f&uuml;hren. In diesem Themenblock erfahren Sie die wesentliche Bedeutung ...<\/p>\r\n\t\t\t\t\t\t\t\t\t\t\t\t\t\t\t\t\t\t\t\t\t<p class=\"sempreis\">49 \u20ac<\/p>\r\n\t\t\t\t\t\t\t\t\t\t\t\t\t\t\t\t\t\t\t\t\t\t\t<p class=\"semmwst\"><\/p>\r\n\t\t\t\t\t\t\t\t\t\t\t\t\t\t\t\t\t\t\t\t\t\t\t\r\n\t\t\t\t\t\t\t\t\t<\/a>\r\n\t\t\t\t\t\t\t\t<\/figure>\r\n\t\t\t\t\t\t\t\t\r\n\t\t\t\t\t\t\t<\/div>\r\n\t\t\t\t\t\t\t\t\t\t\t\t\t\t\r\n\t\t\t\t\t\t<\/div>\r\n\t\t\t\t\t<\/div>\r\n\t\t\t\t<\/div>\r\n\t\t\t\t\t\t\t\t<div class=\"wpb_column vc_column_container vc_col-sm-2\">\r\n\t\t\t\t\t<div class=\"vc_column-inner \" >\r\n\t\t\t\t\t\t<div class=\"wpb_wrapper\" >\r\n\t\t\t\t\t\t\t<div class=\"wpb_single_image wpb_content_element vc_align_ liquid_vc_single_image\">\r\n\t\t\t\t\t\t\t\t\t\t\t\t\t\t\t\t\t<div class=\"sem_overlay\" ><a href=\"https:\/\/\r\n\t\t\t\t\t\t\t\t\tonline.therapie.ergowebinar.de\/de\/e\/Kognition-Denkflexibilitaet-foerdern-2FP-302?\r\n\t\t\t\t\t\t\t\t\t\t\t\t\t\t\t\t\t\t\" class=\"btn btn-solid btn-xsm round border-thin btn-has-label jetztstartenbutton\">klicken f\u00fcr Details<\/a><\/div>\r\n\t\t\t\t\t\t\t\t\t\t\t\t\t\t\t\t\t<figure class=\"wpb_wrapper vc_figure\">\r\n\t\t\t\t\t\t\t\t\t<a href=\"https:\/\/online.therapie.ergowebinar.de\/de\/e\/Kognition-Denkflexibilitaet-foerdern-2FP-302?\r\n\t\t\t\t\t\t\t\t\t\" title=\"Sie sehen ein Ortsausgangsschild einen ausgestrichenen Plan A mit darunterstehendem Plan B als Assoziation zum Webseminar \u00fcber Verbesserung der Denkflexibilit\u00e4t f\u00fcr Ergotherapeuten in der Reha von vielen Fachgebieten mit Erwachsenen in Klinik + Praxis\" target=\"_blank\">\r\n\t\t\t\t\t\t\t\t\t\t<img decoding=\"async\" width=\"475\" src=\"https:\/\/www.ergowebinar.de\/intern\/parsed_images\/66adce0c-59a4-4d4a-a0f4-6ec832cf859e.jpg\" class=\"vc_single_image-img attachment-full\" alt=\"Sie sehen ein Ortsausgangsschild einen ausgestrichenen Plan A mit darunterstehendem Plan B als Assoziation zum Webseminar \u00fcber Verbesserung der Denkflexibilit\u00e4t f\u00fcr Ergotherapeuten in der Reha von vielen Fachgebieten mit Erwachsenen in Klinik + Praxis\" title=\"Sie sehen ein Ortsausgangsschild einen ausgestrichenen Plan A mit darunterstehendem Plan B als Assoziation zum Webseminar \u00fcber Verbesserung der Denkflexibilit\u00e4t f\u00fcr Ergotherapeuten in der Reha von vielen Fachgebieten mit Erwachsenen in Klinik + Praxis\" srcset=\"https:\/\/www.ergowebinar.de\/intern\/parsed_images\/66adce0c-59a4-4d4a-a0f4-6ec832cf859e.jpg 475w, https:\/\/www.ergowebinar.de\/intern\/parsed_images\/66adce0c-59a4-4d4a-a0f4-6ec832cf859e.jpg 275w\" sizes=\"(max-width: 475px) 100vw, 475px\" itemprop=\"image\" \/>\r\n\t\t\t\t\t\t\t\t\t\t<h6>Kognition - Denkflexibilit\u00e4t f\u00f6rdern [2FP]<\/h6>\r\n\t\t\t\t\t\t\t\t\t\t\t\t\t\t\t\t\t\t\t\t\t<p class=\"calendarline\"><img decoding=\"async\" class=\"calendar_icon\" src=\"https:\/\/www.ergowebinar.de\/intern\/images\/calendar.png\">26.08.2026 19:00 - 20:00<\/p>\t\r\n\t\t\t\t\t\t\t\t\t\t\t\t\t\t\t\t\t\t\t\t\t<p class=\"liquid_vc_single_text\">\r\nDenkflexibilit&auml;t, auch als kognitive Flexibilit&auml;t oder Umstellf&auml;higkeit bekannt, ist eine herausragende intellektuelle F&auml;higkeit. Sie erm&ouml;glicht es, sich an unerwartete Situationen ...<\/p>\r\n\t\t\t\t\t\t\t\t\t\t\t\t\t\t\t\t\t\t\t\t\t<p class=\"sempreis\">49 \u20ac<\/p>\r\n\t\t\t\t\t\t\t\t\t\t\t\t\t\t\t\t\t\t\t\t\t\t\t<p class=\"semmwst\"><\/p>\r\n\t\t\t\t\t\t\t\t\t\t\t\t\t\t\t\t\t\t\t\t\t\t\t\r\n\t\t\t\t\t\t\t\t\t<\/a>\r\n\t\t\t\t\t\t\t\t<\/figure>\r\n\t\t\t\t\t\t\t\t\r\n\t\t\t\t\t\t\t<\/div>\r\n\t\t\t\t\t\t\t\t\t\t\t\t\t\t\r\n\t\t\t\t\t\t<\/div>\r\n\t\t\t\t\t<\/div>\r\n\t\t\t\t<\/div>\r\n\t\t\t\t\t\t\t\t<div class=\"wpb_column vc_column_container vc_col-sm-2\">\r\n\t\t\t\t\t<div class=\"vc_column-inner \" >\r\n\t\t\t\t\t\t<div class=\"wpb_wrapper\" >\r\n\t\t\t\t\t\t\t<div class=\"wpb_single_image wpb_content_element vc_align_ liquid_vc_single_image\">\r\n\t\t\t\t\t\t\t\t\t\t\t\t\t\t\t\t\t<div class=\"sem_overlay\" ><a href=\"https:\/\/\r\n\t\t\t\t\t\t\t\t\tonline.therapie.ergowebinar.de\/de\/e\/Long-Covid-Die-leichte-Ermuedbarkeit-beeinflussen-2-FP-159?\r\n\t\t\t\t\t\t\t\t\t\t\t\t\t\t\t\t\t\t\" class=\"btn btn-solid btn-xsm round border-thin btn-has-label jetztstartenbutton\">klicken f\u00fcr Details<\/a><\/div>\r\n\t\t\t\t\t\t\t\t\t\t\t\t\t\t\t\t\t<figure class=\"wpb_wrapper vc_figure\">\r\n\t\t\t\t\t\t\t\t\t<a href=\"https:\/\/online.therapie.ergowebinar.de\/de\/e\/Long-Covid-Die-leichte-Ermuedbarkeit-beeinflussen-2-FP-159?\r\n\t\t\t\t\t\t\t\t\t\" title=\"Sie sehen eine Frau vor ihrem aufgeklappten Laptop am Tisch mit ersch\u00f6pft auf dem Arm abgelegtem Kopf als Assoziation zum Webseminar f\u00fcr Ergotherapie + Physiotherapie in der Rehabilitation von Long + Post Covid in Klinik + Praxis\" target=\"_blank\">\r\n\t\t\t\t\t\t\t\t\t\t<img decoding=\"async\" width=\"475\" src=\"https:\/\/www.ergowebinar.de\/intern\/parsed_images\/10129de8-9393-4f82-869c-0a68dc6652cb.jpg\" class=\"vc_single_image-img attachment-full\" alt=\"Sie sehen eine Frau vor ihrem aufgeklappten Laptop am Tisch mit ersch\u00f6pft auf dem Arm abgelegtem Kopf als Assoziation zum Webseminar f\u00fcr Ergotherapie + Physiotherapie in der Rehabilitation von Long + Post Covid in Klinik + Praxis\" title=\"Sie sehen eine Frau vor ihrem aufgeklappten Laptop am Tisch mit ersch\u00f6pft auf dem Arm abgelegtem Kopf als Assoziation zum Webseminar f\u00fcr Ergotherapie + Physiotherapie in der Rehabilitation von Long + Post Covid in Klinik + Praxis\" srcset=\"https:\/\/www.ergowebinar.de\/intern\/parsed_images\/10129de8-9393-4f82-869c-0a68dc6652cb.jpg 475w, https:\/\/www.ergowebinar.de\/intern\/parsed_images\/10129de8-9393-4f82-869c-0a68dc6652cb.jpg 275w\" sizes=\"(max-width: 475px) 100vw, 475px\" itemprop=\"image\" \/>\r\n\t\t\t\t\t\t\t\t\t\t<h6>Long Covid \u2013 Die leichte Erm\u00fcdbarkeit beeinflussen [2 FP]<\/h6>\r\n\t\t\t\t\t\t\t\t\t\t\t\t\t\t\t\t\t\t\t\t\t<p class=\"calendarline\"><img decoding=\"async\" class=\"calendar_icon\" src=\"https:\/\/www.ergowebinar.de\/intern\/images\/calendar.png\">26.08.2026 20:00 - 21:00<\/p>\t\r\n\t\t\t\t\t\t\t\t\t\t\t\t\t\t\t\t\t\t\t\t\t<p class=\"liquid_vc_single_text\">Ersch&ouml;pfung und Stress f&uuml;hren oft zu Wut, &Auml;rger und Frustration und sind oft Ausdruck von physischen und psychischen Unsicherheiten und sogar &Auml;ngsten. In diesem Themenblock erf&auml;hrst ...<\/p>\r\n\t\t\t\t\t\t\t\t\t\t\t\t\t\t\t\t\t\t\t\t\t<p class=\"sempreis\">49 \u20ac<\/p>\r\n\t\t\t\t\t\t\t\t\t\t\t\t\t\t\t\t\t\t\t\t\t\t\t<p class=\"semmwst\"><\/p>\r\n\t\t\t\t\t\t\t\t\t\t\t\t\t\t\t\t\t\t\t\t\t\t\t\r\n\t\t\t\t\t\t\t\t\t<\/a>\r\n\t\t\t\t\t\t\t\t<\/figure>\r\n\t\t\t\t\t\t\t\t\r\n\t\t\t\t\t\t\t<\/div>\r\n\t\t\t\t\t\t\t\t\t\t\t\t\t\t\r\n\t\t\t\t\t\t<\/div>\r\n\t\t\t\t\t<\/div>\r\n\t\t\t\t<\/div>\r\n\t\t\t\t\t\t\t\t<div class=\"wpb_column vc_column_container vc_col-sm-2\">\r\n\t\t\t\t\t<div class=\"vc_column-inner \" >\r\n\t\t\t\t\t\t<div class=\"wpb_wrapper\" >\r\n\t\t\t\t\t\t\t<div class=\"wpb_single_image wpb_content_element vc_align_ liquid_vc_single_image\">\r\n\t\t\t\t\t\t\t\t\t\t\t\t\t\t\t\t\t<div class=\"sem_overlay\" ><a href=\"https:\/\/\r\n\t\t\t\t\t\t\t\t\tonline.therapie.ergowebinar.de\/de\/e\/Krafttraining-PANAT-LAPTOOL-und-motorisches-Lernen-2FP-312?\r\n\t\t\t\t\t\t\t\t\t\t\t\t\t\t\t\t\t\t\" class=\"btn btn-solid btn-xsm round border-thin btn-has-label jetztstartenbutton\">klicken f\u00fcr Details<\/a><\/div>\r\n\t\t\t\t\t\t\t\t\t\t\t\t\t\t\t\t\t<figure class=\"wpb_wrapper vc_figure\">\r\n\t\t\t\t\t\t\t\t\t<a href=\"https:\/\/online.therapie.ergowebinar.de\/de\/e\/Krafttraining-PANAT-LAPTOOL-und-motorisches-Lernen-2FP-312?\r\n\t\t\t\t\t\t\t\t\t\" title=\"Sie sehen einige Werkzeuge des PANAT-Laptools als Assoziation zum Webseminar \u00fcber Krafttrainings bei Parese nach Apoplex f\u00fcr Ergotherapie + Physiotherapie in der Rehabilitation von Schlaganfall in der Neuroreha in Klinik + Praxis\" target=\"_blank\">\r\n\t\t\t\t\t\t\t\t\t\t<img decoding=\"async\" width=\"475\" src=\"https:\/\/www.ergowebinar.de\/intern\/parsed_images\/138053a0-81dd-4bf0-8225-bf3ed5a2c83b.jpg\" class=\"vc_single_image-img attachment-full\" alt=\"Sie sehen einige Werkzeuge des PANAT-Laptools als Assoziation zum Webseminar \u00fcber Krafttrainings bei Parese nach Apoplex f\u00fcr Ergotherapie + Physiotherapie in der Rehabilitation von Schlaganfall in der Neuroreha in Klinik + Praxis\" title=\"Sie sehen einige Werkzeuge des PANAT-Laptools als Assoziation zum Webseminar \u00fcber Krafttrainings bei Parese nach Apoplex f\u00fcr Ergotherapie + Physiotherapie in der Rehabilitation von Schlaganfall in der Neuroreha in Klinik + Praxis\" srcset=\"https:\/\/www.ergowebinar.de\/intern\/parsed_images\/138053a0-81dd-4bf0-8225-bf3ed5a2c83b.jpg 475w, https:\/\/www.ergowebinar.de\/intern\/parsed_images\/138053a0-81dd-4bf0-8225-bf3ed5a2c83b.jpg 275w\" sizes=\"(max-width: 475px) 100vw, 475px\" itemprop=\"image\" \/>\r\n\t\t\t\t\t\t\t\t\t\t<h6>Krafttraining - PANAT LAPTOOL\u00ae und motorisches Lernen [2FP]<\/h6>\r\n\t\t\t\t\t\t\t\t\t\t\t\t\t\t\t\t\t\t\t\t\t<p class=\"calendarline\"><img decoding=\"async\" class=\"calendar_icon\" src=\"https:\/\/www.ergowebinar.de\/intern\/images\/calendar.png\">27.08.2026 18:00 - 19:00<\/p>\t\r\n\t\t\t\t\t\t\t\t\t\t\t\t\t\t\t\t\t\t\t\t\t<p class=\"liquid_vc_single_text\">\r\nEffektives motorisches Lernen hat viele Facetten. Spezifisch aufgebaute Krafttrainings, besonders das Generieren von Kraftamplituden am Bewegungsende und zum Bewegungsstart geraten daher zu Recht immer ...<\/p>\r\n\t\t\t\t\t\t\t\t\t\t\t\t\t\t\t\t\t\t\t\t\t<p class=\"sempreis\">49 \u20ac<\/p>\r\n\t\t\t\t\t\t\t\t\t\t\t\t\t\t\t\t\t\t\t\t\t\t\t<p class=\"semmwst\"><\/p>\r\n\t\t\t\t\t\t\t\t\t\t\t\t\t\t\t\t\t\t\t\t\t\t\t\r\n\t\t\t\t\t\t\t\t\t<\/a>\r\n\t\t\t\t\t\t\t\t<\/figure>\r\n\t\t\t\t\t\t\t\t\r\n\t\t\t\t\t\t\t<\/div>\r\n\t\t\t\t\t\t\t\t\t\t\t\t\t\t\r\n\t\t\t\t\t\t<\/div>\r\n\t\t\t\t\t<\/div>\r\n\t\t\t\t<\/div>\r\n\t\t\t\t\t\t\t<\/div><\/div><\/div>\r\n\t\t\t\t\t\t\t<a name=\"seminarenachdatum\"><\/a>\r\n\t\t\t\t<a name=\"keine33\"><\/a>\r\n\t\t\t\t<h2 class=\"ld-fh-element lqd-highlight-underline lqd-highlight-grow-left text-decoration-default h3 ldsemheadline\">September 2026<\/h2>\r\n\t\t\t\t\t\t\t<div class=\"vc_row vc_inner\">\r\n\t\t\t<div class=\"ld-container container-fluid\">\r\n\t\t\t<div class=\"row ld-row ld-row-inner\">\r\n\t\t\t\t\t\t\t<div class=\"wpb_column vc_column_container vc_col-sm-2\">\r\n\t\t\t\t\t<div class=\"vc_column-inner \" >\r\n\t\t\t\t\t\t<div class=\"wpb_wrapper\" >\r\n\t\t\t\t\t\t\t<div class=\"wpb_single_image wpb_content_element vc_align_ liquid_vc_single_image\">\r\n\t\t\t\t\t\t\t\t\t\t\t\t\t\t\t\t\t<div class=\"sem_overlay\" ><a href=\"https:\/\/\r\n\t\t\t\t\t\t\t\t\tonline.therapie.ergowebinar.de\/de\/e\/Strecksehnen-Verletzungen-in-Zone-3-4-Nachbehandlung-2-FP-121?\r\n\t\t\t\t\t\t\t\t\t\t\t\t\t\t\t\t\t\t\" class=\"btn btn-solid btn-xsm round border-thin btn-has-label jetztstartenbutton\">klicken f\u00fcr Details<\/a><\/div>\r\n\t\t\t\t\t\t\t\t\t\t\t\t\t\t\t\t\t<figure class=\"wpb_wrapper vc_figure\">\r\n\t\t\t\t\t\t\t\t\t<a href=\"https:\/\/online.therapie.ergowebinar.de\/de\/e\/Strecksehnen-Verletzungen-in-Zone-3-4-Nachbehandlung-2-FP-121?\r\n\t\t\t\t\t\t\t\t\t\" title=\"Sie sehen eine gestreckte Hand mit relative Motion Schiene als Assoziation zum Webseminar zu Strecksehnenverletzung f\u00fcr Ergotherapie + Physiotherapie in der Rehabilitation von Handverletzungen, Handtherapie in Klinik + Praxis\" target=\"_blank\">\r\n\t\t\t\t\t\t\t\t\t\t<img decoding=\"async\" width=\"475\" src=\"https:\/\/www.ergowebinar.de\/intern\/parsed_images\/dc2e4948-4ac3-494a-92f5-f5c39a6da8da.jpg\" class=\"vc_single_image-img attachment-full\" alt=\"Sie sehen eine gestreckte Hand mit relative Motion Schiene als Assoziation zum Webseminar zu Strecksehnenverletzung f\u00fcr Ergotherapie + Physiotherapie in der Rehabilitation von Handverletzungen, Handtherapie in Klinik + Praxis\" title=\"Sie sehen eine gestreckte Hand mit relative Motion Schiene als Assoziation zum Webseminar zu Strecksehnenverletzung f\u00fcr Ergotherapie + Physiotherapie in der Rehabilitation von Handverletzungen, Handtherapie in Klinik + Praxis\" srcset=\"https:\/\/www.ergowebinar.de\/intern\/parsed_images\/dc2e4948-4ac3-494a-92f5-f5c39a6da8da.jpg 475w, https:\/\/www.ergowebinar.de\/intern\/parsed_images\/dc2e4948-4ac3-494a-92f5-f5c39a6da8da.jpg 275w\" sizes=\"(max-width: 475px) 100vw, 475px\" itemprop=\"image\" \/>\r\n\t\t\t\t\t\t\t\t\t\t<h6>Strecksehnen-Verletzungen in Zone 3+4 - Nachbehandlung [2 FP]<\/h6>\r\n\t\t\t\t\t\t\t\t\t\t\t\t\t\t\t\t\t\t\t\t\t<p class=\"calendarline\"><img decoding=\"async\" class=\"calendar_icon\" src=\"https:\/\/www.ergowebinar.de\/intern\/images\/calendar.png\">07.09.2026 16:30 - 17:30<\/p>\t\r\n\t\t\t\t\t\t\t\t\t\t\t\t\t\t\t\t\t\t\t\t\t<p class=\"liquid_vc_single_text\">In der Behandlung von Strecksehnenverletzungen kommen unterschiedliche Nachbehandlungskonzepte zum Einsatz. In der aktiven Nachbehandlung erm&ouml;glicht der Einsatz der RMF-Schienen (relative motion flexion ...<\/p>\r\n\t\t\t\t\t\t\t\t\t\t\t\t\t\t\t\t\t\t\t\t\t<p class=\"sempreis\">49 \u20ac<\/p>\r\n\t\t\t\t\t\t\t\t\t\t\t\t\t\t\t\t\t\t\t\t\t\t\t<p class=\"semmwst\"><\/p>\r\n\t\t\t\t\t\t\t\t\t\t\t\t\t\t\t\t\t\t\t\t\t\t\t\r\n\t\t\t\t\t\t\t\t\t<\/a>\r\n\t\t\t\t\t\t\t\t<\/figure>\r\n\t\t\t\t\t\t\t\t\r\n\t\t\t\t\t\t\t<\/div>\r\n\t\t\t\t\t\t\t\t\t\t\t\t\t\t\r\n\t\t\t\t\t\t<\/div>\r\n\t\t\t\t\t<\/div>\r\n\t\t\t\t<\/div>\r\n\t\t\t\t\t\t\t\t<div class=\"wpb_column vc_column_container vc_col-sm-2\">\r\n\t\t\t\t\t<div class=\"vc_column-inner \" >\r\n\t\t\t\t\t\t<div class=\"wpb_wrapper\" >\r\n\t\t\t\t\t\t\t<div class=\"wpb_single_image wpb_content_element vc_align_ liquid_vc_single_image\">\r\n\t\t\t\t\t\t\t\t\t\t\t\t\t\t\t\t\t<div class=\"sem_overlay\" ><a href=\"https:\/\/\r\n\t\t\t\t\t\t\t\t\tonline.therapie.ergowebinar.de\/de\/e\/Schmerzreha-Betaetigung-trotz-Schmerzen-2FP-111?\r\n\t\t\t\t\t\t\t\t\t\t\t\t\t\t\t\t\t\t\" class=\"btn btn-solid btn-xsm round border-thin btn-has-label jetztstartenbutton\">klicken f\u00fcr Details<\/a><\/div>\r\n\t\t\t\t\t\t\t\t\t\t\t\t\t\t\t\t\t<figure class=\"wpb_wrapper vc_figure\">\r\n\t\t\t\t\t\t\t\t\t<a href=\"https:\/\/online.therapie.ergowebinar.de\/de\/e\/Schmerzreha-Betaetigung-trotz-Schmerzen-2FP-111?\r\n\t\t\t\t\t\t\t\t\t\" title=\"Sie sehen eine Hand, die einen Exzenterschleifer auf Holz f\u00fchrt, als Assoziation zum Webseminar bet\u00e4tigungsorientierter Schmerztherapie f\u00fcr Ergotherapie + Physiotherapie in der Rehabilitation von Schmerzbetroffenen in Klinik + Praxis\" target=\"_blank\">\r\n\t\t\t\t\t\t\t\t\t\t<img decoding=\"async\" width=\"475\" src=\"https:\/\/www.ergowebinar.de\/intern\/parsed_images\/23091ea9-7017-4f9d-97a4-ba75ae5fa9e9.jpg\" class=\"vc_single_image-img attachment-full\" alt=\"Sie sehen eine Hand, die einen Exzenterschleifer auf Holz f\u00fchrt, als Assoziation zum Webseminar bet\u00e4tigungsorientierter Schmerztherapie f\u00fcr Ergotherapie + Physiotherapie in der Rehabilitation von Schmerzbetroffenen in Klinik + Praxis\" title=\"Sie sehen eine Hand, die einen Exzenterschleifer auf Holz f\u00fchrt, als Assoziation zum Webseminar bet\u00e4tigungsorientierter Schmerztherapie f\u00fcr Ergotherapie + Physiotherapie in der Rehabilitation von Schmerzbetroffenen in Klinik + Praxis\" srcset=\"https:\/\/www.ergowebinar.de\/intern\/parsed_images\/23091ea9-7017-4f9d-97a4-ba75ae5fa9e9.jpg 475w, https:\/\/www.ergowebinar.de\/intern\/parsed_images\/23091ea9-7017-4f9d-97a4-ba75ae5fa9e9.jpg 275w\" sizes=\"(max-width: 475px) 100vw, 475px\" itemprop=\"image\" \/>\r\n\t\t\t\t\t\t\t\t\t\t<h6>Schmerzreha - Bet\u00e4tigung trotz Schmerzen [2FP]<\/h6>\r\n\t\t\t\t\t\t\t\t\t\t\t\t\t\t\t\t\t\t\t\t\t<p class=\"calendarline\"><img decoding=\"async\" class=\"calendar_icon\" src=\"https:\/\/www.ergowebinar.de\/intern\/images\/calendar.png\">08.09.2026 16:30 - 17:30<\/p>\t\r\n\t\t\t\t\t\t\t\t\t\t\t\t\t\t\t\t\t\t\t\t\t<p class=\"liquid_vc_single_text\">Wenn es weh tut, ist der erste Impuls eine Pause einzulegen und sich auszuruhen. Eindeutig belegt ist jedoch, dass Inaktivit&auml;t chronischen Schmerz anhaltender werden l&auml;sst und der Gesundung schadet. ...<\/p>\r\n\t\t\t\t\t\t\t\t\t\t\t\t\t\t\t\t\t\t\t\t\t<p class=\"sempreis\">49 \u20ac<\/p>\r\n\t\t\t\t\t\t\t\t\t\t\t\t\t\t\t\t\t\t\t\t\t\t\t<p class=\"semmwst\"><\/p>\r\n\t\t\t\t\t\t\t\t\t\t\t\t\t\t\t\t\t\t\t\t\t\t\t\r\n\t\t\t\t\t\t\t\t\t<\/a>\r\n\t\t\t\t\t\t\t\t<\/figure>\r\n\t\t\t\t\t\t\t\t\r\n\t\t\t\t\t\t\t<\/div>\r\n\t\t\t\t\t\t\t\t\t\t\t\t\t\t\r\n\t\t\t\t\t\t<\/div>\r\n\t\t\t\t\t<\/div>\r\n\t\t\t\t<\/div>\r\n\t\t\t\t\t\t\t\t<div class=\"wpb_column vc_column_container vc_col-sm-2\">\r\n\t\t\t\t\t<div class=\"vc_column-inner \" >\r\n\t\t\t\t\t\t<div class=\"wpb_wrapper\" >\r\n\t\t\t\t\t\t\t<div class=\"wpb_single_image wpb_content_element vc_align_ liquid_vc_single_image\">\r\n\t\t\t\t\t\t\t\t\t\t\t\t\t\t\t\t\t<div class=\"sem_overlay\" ><a href=\"https:\/\/\r\n\t\t\t\t\t\t\t\t\tonline.therapie.ergowebinar.de\/de\/e\/Rheuma-funktionelle-Befunderhebung-an-der-Hand-2FP-99?\r\n\t\t\t\t\t\t\t\t\t\t\t\t\t\t\t\t\t\t\" class=\"btn btn-solid btn-xsm round border-thin btn-has-label jetztstartenbutton\">klicken f\u00fcr Details<\/a><\/div>\r\n\t\t\t\t\t\t\t\t\t\t\t\t\t\t\t\t\t<figure class=\"wpb_wrapper vc_figure\">\r\n\t\t\t\t\t\t\t\t\t<a href=\"https:\/\/online.therapie.ergowebinar.de\/de\/e\/Rheuma-funktionelle-Befunderhebung-an-der-Hand-2FP-99?\r\n\t\t\t\t\t\t\t\t\t\" title=\"Sie sehen eine \u00e4ltere Frau, die mit dem Zeigfinger einer Hand auf den Handr\u00fccken der anderen Hand fasst, als Assoziation zum Webseminar f\u00fcr Ergotherapie + Physiotherapie in der Rehabilitation rheumatischen Erkrankungen in Klinik + Praxis\" target=\"_blank\">\r\n\t\t\t\t\t\t\t\t\t\t<img decoding=\"async\" width=\"475\" src=\"https:\/\/www.ergowebinar.de\/intern\/parsed_images\/dc580f1e-cdbb-4d60-ad57-feba2446cd79.jpg\" class=\"vc_single_image-img attachment-full\" alt=\"Sie sehen eine \u00e4ltere Frau, die mit dem Zeigfinger einer Hand auf den Handr\u00fccken der anderen Hand fasst, als Assoziation zum Webseminar f\u00fcr Ergotherapie + Physiotherapie in der Rehabilitation rheumatischen Erkrankungen in Klinik + Praxis\" title=\"Sie sehen eine \u00e4ltere Frau, die mit dem Zeigfinger einer Hand auf den Handr\u00fccken der anderen Hand fasst, als Assoziation zum Webseminar f\u00fcr Ergotherapie + Physiotherapie in der Rehabilitation rheumatischen Erkrankungen in Klinik + Praxis\" srcset=\"https:\/\/www.ergowebinar.de\/intern\/parsed_images\/dc580f1e-cdbb-4d60-ad57-feba2446cd79.jpg 475w, https:\/\/www.ergowebinar.de\/intern\/parsed_images\/dc580f1e-cdbb-4d60-ad57-feba2446cd79.jpg 275w\" sizes=\"(max-width: 475px) 100vw, 475px\" itemprop=\"image\" \/>\r\n\t\t\t\t\t\t\t\t\t\t<h6>Rheuma \u2013 funktionelle Befunderhebung an der Hand [2FP]<\/h6>\r\n\t\t\t\t\t\t\t\t\t\t\t\t\t\t\t\t\t\t\t\t\t<p class=\"calendarline\"><img decoding=\"async\" class=\"calendar_icon\" src=\"https:\/\/www.ergowebinar.de\/intern\/images\/calendar.png\">08.09.2026 18:00 - 19:00<\/p>\t\r\n\t\t\t\t\t\t\t\t\t\t\t\t\t\t\t\t\t\t\t\t\t<p class=\"liquid_vc_single_text\">F&uuml;r die chronische Gelenksentz&uuml;ndung schulst Du hier den therapeutischen Blick f&uuml;r die g&auml;ngigen Funktionseinschr&auml;nkungen und Deformit&auml;ten. Im Mittelpunkt stehen der funktionelle ...<\/p>\r\n\t\t\t\t\t\t\t\t\t\t\t\t\t\t\t\t\t\t\t\t\t<p class=\"sempreis\">49 \u20ac<\/p>\r\n\t\t\t\t\t\t\t\t\t\t\t\t\t\t\t\t\t\t\t\t\t\t\t<p class=\"semmwst\"><\/p>\r\n\t\t\t\t\t\t\t\t\t\t\t\t\t\t\t\t\t\t\t\t\t\t\t\r\n\t\t\t\t\t\t\t\t\t<\/a>\r\n\t\t\t\t\t\t\t\t<\/figure>\r\n\t\t\t\t\t\t\t\t\r\n\t\t\t\t\t\t\t<\/div>\r\n\t\t\t\t\t\t\t\t\t\t\t\t\t\t\r\n\t\t\t\t\t\t<\/div>\r\n\t\t\t\t\t<\/div>\r\n\t\t\t\t<\/div>\r\n\t\t\t\t\t\t\t\t<div class=\"wpb_column vc_column_container vc_col-sm-2\">\r\n\t\t\t\t\t<div class=\"vc_column-inner \" >\r\n\t\t\t\t\t\t<div class=\"wpb_wrapper\" >\r\n\t\t\t\t\t\t\t<div class=\"wpb_single_image wpb_content_element vc_align_ liquid_vc_single_image\">\r\n\t\t\t\t\t\t\t\t\t\t\t\t\t\t\t\t\t<div class=\"sem_overlay\" ><a href=\"https:\/\/\r\n\t\t\t\t\t\t\t\t\tonline.therapie.ergowebinar.de\/de\/e\/Rumpf-ist-Trumpf-physiologisches-Hinsetzen-aus-Rueckenlage-2-FP-57?\r\n\t\t\t\t\t\t\t\t\t\t\t\t\t\t\t\t\t\t\" class=\"btn btn-solid btn-xsm round border-thin btn-has-label jetztstartenbutton\">klicken f\u00fcr Details<\/a><\/div>\r\n\t\t\t\t\t\t\t\t\t\t\t\t\t\t\t\t\t<figure class=\"wpb_wrapper vc_figure\">\r\n\t\t\t\t\t\t\t\t\t<a href=\"https:\/\/online.therapie.ergowebinar.de\/de\/e\/Rumpf-ist-Trumpf-physiologisches-Hinsetzen-aus-Rueckenlage-2-FP-57?\r\n\t\t\t\t\t\t\t\t\t\" title=\"Sie sehen eine Frau \u00fcber eine seitliche Drehungaus dem Liegen Aufstehen als Assoziation zum Webseminar zum Lagewechsel bei Schlaganfallbetroffenen f\u00fcr Ergotherapie + Physiotherapie in der Rehabilitation von Schlaganfall + Apoplex in Klinik + Praxis\" target=\"_blank\">\r\n\t\t\t\t\t\t\t\t\t\t<img decoding=\"async\" width=\"475\" src=\"https:\/\/www.ergowebinar.de\/intern\/parsed_images\/f041867a-1e2d-44eb-9026-9baba1d2d4be.jpg\" class=\"vc_single_image-img attachment-full\" alt=\"Sie sehen eine Frau \u00fcber eine seitliche Drehungaus dem Liegen Aufstehen als Assoziation zum Webseminar zum Lagewechsel bei Schlaganfallbetroffenen f\u00fcr Ergotherapie + Physiotherapie in der Rehabilitation von Schlaganfall + Apoplex in Klinik + Praxis\" title=\"Sie sehen eine Frau \u00fcber eine seitliche Drehungaus dem Liegen Aufstehen als Assoziation zum Webseminar zum Lagewechsel bei Schlaganfallbetroffenen f\u00fcr Ergotherapie + Physiotherapie in der Rehabilitation von Schlaganfall + Apoplex in Klinik + Praxis\" srcset=\"https:\/\/www.ergowebinar.de\/intern\/parsed_images\/f041867a-1e2d-44eb-9026-9baba1d2d4be.jpg 475w, https:\/\/www.ergowebinar.de\/intern\/parsed_images\/f041867a-1e2d-44eb-9026-9baba1d2d4be.jpg 275w\" sizes=\"(max-width: 475px) 100vw, 475px\" itemprop=\"image\" \/>\r\n\t\t\t\t\t\t\t\t\t\t<h6>Rumpf ist Trumpf - physiologisches Hinsetzen aus R\u00fcckenlage [2 FP]<\/h6>\r\n\t\t\t\t\t\t\t\t\t\t\t\t\t\t\t\t\t\t\t\t\t<p class=\"calendarline\"><img decoding=\"async\" class=\"calendar_icon\" src=\"https:\/\/www.ergowebinar.de\/intern\/images\/calendar.png\">09.09.2026 16:00 - 17:00<\/p>\t\r\n\t\t\t\t\t\t\t\t\t\t\t\t\t\t\t\t\t\t\t\t\t<p class=\"liquid_vc_single_text\">Beim \"sich Hinsetzen\" - oder wie man fachsprachlich auch sagt, dem \"Bewegungs&uuml;bergang von der R&uuml;ckenlage in den Sitz\" - kann konzentrisch beim Hinsetzen und\/ oder exzentrisch beim Hinlegen wunderbar ...<\/p>\r\n\t\t\t\t\t\t\t\t\t\t\t\t\t\t\t\t\t\t\t\t\t<p class=\"sempreis\">49 \u20ac<\/p>\r\n\t\t\t\t\t\t\t\t\t\t\t\t\t\t\t\t\t\t\t\t\t\t\t<p class=\"semmwst\"><\/p>\r\n\t\t\t\t\t\t\t\t\t\t\t\t\t\t\t\t\t\t\t\t\t\t\t\r\n\t\t\t\t\t\t\t\t\t<\/a>\r\n\t\t\t\t\t\t\t\t<\/figure>\r\n\t\t\t\t\t\t\t\t\r\n\t\t\t\t\t\t\t<\/div>\r\n\t\t\t\t\t\t\t\t\t\t\t\t\t\t\r\n\t\t\t\t\t\t<\/div>\r\n\t\t\t\t\t<\/div>\r\n\t\t\t\t<\/div>\r\n\t\t\t\t\t\t\t\t<div class=\"wpb_column vc_column_container vc_col-sm-2\">\r\n\t\t\t\t\t<div class=\"vc_column-inner \" >\r\n\t\t\t\t\t\t<div class=\"wpb_wrapper\" >\r\n\t\t\t\t\t\t\t<div class=\"wpb_single_image wpb_content_element vc_align_ liquid_vc_single_image\">\r\n\t\t\t\t\t\t\t\t\t\t\t\t\t\t\t\t\t<div class=\"sem_overlay\" ><a href=\"https:\/\/\r\n\t\t\t\t\t\t\t\t\tonline.therapie.ergowebinar.de\/de\/e\/Entspannungstechniken-in-der-Ergotherapie-2FP-311?\r\n\t\t\t\t\t\t\t\t\t\t\t\t\t\t\t\t\t\t\" class=\"btn btn-solid btn-xsm round border-thin btn-has-label jetztstartenbutton\">klicken f\u00fcr Details<\/a><\/div>\r\n\t\t\t\t\t\t\t\t\t\t\t\t\t\t\t\t\t<figure class=\"wpb_wrapper vc_figure\">\r\n\t\t\t\t\t\t\t\t\t<a href=\"https:\/\/online.therapie.ergowebinar.de\/de\/e\/Entspannungstechniken-in-der-Ergotherapie-2FP-311?\r\n\t\t\t\t\t\t\t\t\t\" title=\"Sie sehen einen \u00e4lteren Mann angelehnt auf einem Bootssteg sitzen, als Assoziation zum Webseminar zu Entspannungstechniken in Ergotherapie + Physiotherapie in der Fatigue, Long + PostCovid, Psychosomatik in Klinik + Praxis\" target=\"_blank\">\r\n\t\t\t\t\t\t\t\t\t\t<img decoding=\"async\" width=\"475\" src=\"https:\/\/www.ergowebinar.de\/intern\/parsed_images\/311.jpg\" class=\"vc_single_image-img attachment-full\" alt=\"Sie sehen einen \u00e4lteren Mann angelehnt auf einem Bootssteg sitzen, als Assoziation zum Webseminar zu Entspannungstechniken in Ergotherapie + Physiotherapie in der Fatigue, Long + PostCovid, Psychosomatik in Klinik + Praxis\" title=\"Sie sehen einen \u00e4lteren Mann angelehnt auf einem Bootssteg sitzen, als Assoziation zum Webseminar zu Entspannungstechniken in Ergotherapie + Physiotherapie in der Fatigue, Long + PostCovid, Psychosomatik in Klinik + Praxis\" srcset=\"https:\/\/www.ergowebinar.de\/intern\/parsed_images\/311.jpg 475w, https:\/\/www.ergowebinar.de\/intern\/parsed_images\/311.jpg 275w\" sizes=\"(max-width: 475px) 100vw, 475px\" itemprop=\"image\" \/>\r\n\t\t\t\t\t\t\t\t\t\t<h6>Entspannungstechniken in der Ergotherapie  [2FP]<\/h6>\r\n\t\t\t\t\t\t\t\t\t\t\t\t\t\t\t\t\t\t\t\t\t<p class=\"calendarline\"><img decoding=\"async\" class=\"calendar_icon\" src=\"https:\/\/www.ergowebinar.de\/intern\/images\/calendar.png\">09.09.2026 18:30 - 19:30<\/p>\t\r\n\t\t\t\t\t\t\t\t\t\t\t\t\t\t\t\t\t\t\t\t\t<p class=\"liquid_vc_single_text\">\r\n\r\n\r\nEs bedarf h&auml;ufig nur kleiner Impulse um den Stein mit Ihren Klienten ins Rollen zu bringen. Die direkte und auch die beil&auml;ufig punktuelle Anwendung von Achtsamkeitsinterventionen im Therapiealltag ...<\/p>\r\n\t\t\t\t\t\t\t\t\t\t\t\t\t\t\t\t\t\t\t\t\t<p class=\"sempreis\">49 \u20ac<\/p>\r\n\t\t\t\t\t\t\t\t\t\t\t\t\t\t\t\t\t\t\t\t\t\t\t<p class=\"semmwst\"><\/p>\r\n\t\t\t\t\t\t\t\t\t\t\t\t\t\t\t\t\t\t\t\t\t\t\t\r\n\t\t\t\t\t\t\t\t\t<\/a>\r\n\t\t\t\t\t\t\t\t<\/figure>\r\n\t\t\t\t\t\t\t\t\r\n\t\t\t\t\t\t\t<\/div>\r\n\t\t\t\t\t\t\t\t\t\t\t\t\t\t\r\n\t\t\t\t\t\t<\/div>\r\n\t\t\t\t\t<\/div>\r\n\t\t\t\t<\/div>\r\n\t\t\t\t\t\t\t\t<div class=\"wpb_column vc_column_container vc_col-sm-2\">\r\n\t\t\t\t\t<div class=\"vc_column-inner \" >\r\n\t\t\t\t\t\t<div class=\"wpb_wrapper\" >\r\n\t\t\t\t\t\t\t<div class=\"wpb_single_image wpb_content_element vc_align_ liquid_vc_single_image\">\r\n\t\t\t\t\t\t\t\t\t\t\t\t\t\t\t\t\t<div class=\"sem_overlay\" ><a href=\"https:\/\/\r\n\t\t\t\t\t\t\t\t\tonline.therapie.ergowebinar.de\/de\/e\/Fatigue-energiesparende-Alltagsgestaltung-2FP-82?\r\n\t\t\t\t\t\t\t\t\t\t\t\t\t\t\t\t\t\t\" class=\"btn btn-solid btn-xsm round border-thin btn-has-label jetztstartenbutton\">klicken f\u00fcr Details<\/a><\/div>\r\n\t\t\t\t\t\t\t\t\t\t\t\t\t\t\t\t\t<figure class=\"wpb_wrapper vc_figure\">\r\n\t\t\t\t\t\t\t\t\t<a href=\"https:\/\/online.therapie.ergowebinar.de\/de\/e\/Fatigue-energiesparende-Alltagsgestaltung-2FP-82?\r\n\t\t\t\t\t\t\t\t\t\" title=\"Sie sehen mit Holzw\u00e4scheklammern aufgeh\u00e4ngte W\u00e4scheteile als Assoziation zum Webseminar \u00fcber energiesparende Alltagsgestaltung f\u00fcr Ergotherapie + Physiotherapie in der Reha von Fatigue + Long + Post Covid + Schmerzreha in Klinik + Praxis\" target=\"_blank\">\r\n\t\t\t\t\t\t\t\t\t\t<img decoding=\"async\" width=\"475\" src=\"https:\/\/www.ergowebinar.de\/intern\/parsed_images\/5dba581a-e690-4b3d-9e15-1db5ea78fc87.jpg\" class=\"vc_single_image-img attachment-full\" alt=\"Sie sehen mit Holzw\u00e4scheklammern aufgeh\u00e4ngte W\u00e4scheteile als Assoziation zum Webseminar \u00fcber energiesparende Alltagsgestaltung f\u00fcr Ergotherapie + Physiotherapie in der Reha von Fatigue + Long + Post Covid + Schmerzreha in Klinik + Praxis\" title=\"Sie sehen mit Holzw\u00e4scheklammern aufgeh\u00e4ngte W\u00e4scheteile als Assoziation zum Webseminar \u00fcber energiesparende Alltagsgestaltung f\u00fcr Ergotherapie + Physiotherapie in der Reha von Fatigue + Long + Post Covid + Schmerzreha in Klinik + Praxis\" srcset=\"https:\/\/www.ergowebinar.de\/intern\/parsed_images\/5dba581a-e690-4b3d-9e15-1db5ea78fc87.jpg 475w, https:\/\/www.ergowebinar.de\/intern\/parsed_images\/5dba581a-e690-4b3d-9e15-1db5ea78fc87.jpg 275w\" sizes=\"(max-width: 475px) 100vw, 475px\" itemprop=\"image\" \/>\r\n\t\t\t\t\t\t\t\t\t\t<h6>Fatigue - energiesparende Alltagsgestaltung [2FP]<\/h6>\r\n\t\t\t\t\t\t\t\t\t\t\t\t\t\t\t\t\t\t\t\t\t<p class=\"calendarline\"><img decoding=\"async\" class=\"calendar_icon\" src=\"https:\/\/www.ergowebinar.de\/intern\/images\/calendar.png\">09.09.2026 19:00 - 20:00<\/p>\t\r\n\t\t\t\t\t\t\t\t\t\t\t\t\t\t\t\t\t\t\t\t\t<p class=\"liquid_vc_single_text\">Wenn nur wenig Energie vorhanden ist, f&auml;llt es oft schwer, den Alltag bedeutungsvoll zu gestalten. Durch die Auseinandersetzung mit dem eigenen Energieprofil wird bewusst, wann welche Aktivit&auml;ten ...<\/p>\r\n\t\t\t\t\t\t\t\t\t\t\t\t\t\t\t\t\t\t\t\t\t<p class=\"sempreis\">49 \u20ac<\/p>\r\n\t\t\t\t\t\t\t\t\t\t\t\t\t\t\t\t\t\t\t\t\t\t\t<p class=\"semmwst\"><\/p>\r\n\t\t\t\t\t\t\t\t\t\t\t\t\t\t\t\t\t\t\t\t\t\t\t\r\n\t\t\t\t\t\t\t\t\t<\/a>\r\n\t\t\t\t\t\t\t\t<\/figure>\r\n\t\t\t\t\t\t\t\t\r\n\t\t\t\t\t\t\t<\/div>\r\n\t\t\t\t\t\t\t\t\t\t\t\t\t\t\r\n\t\t\t\t\t\t<\/div>\r\n\t\t\t\t\t<\/div>\r\n\t\t\t\t<\/div>\r\n\t\t\t\t\t\t\t\t<div class=\"wpb_column vc_column_container vc_col-sm-2\">\r\n\t\t\t\t\t<div class=\"vc_column-inner \" >\r\n\t\t\t\t\t\t<div class=\"wpb_wrapper\" >\r\n\t\t\t\t\t\t\t<div class=\"wpb_single_image wpb_content_element vc_align_ liquid_vc_single_image\">\r\n\t\t\t\t\t\t\t\t\t\t\t\t\t\t\t\t\t<div class=\"sem_overlay\" ><a href=\"https:\/\/\r\n\t\t\t\t\t\t\t\t\tonline.therapie.ergowebinar.de\/de\/e\/Zeit-und-Selbstmanagement-in-der-Ergotherapie-2FP-306?\r\n\t\t\t\t\t\t\t\t\t\t\t\t\t\t\t\t\t\t\" class=\"btn btn-solid btn-xsm round border-thin btn-has-label jetztstartenbutton\">klicken f\u00fcr Details<\/a><\/div>\r\n\t\t\t\t\t\t\t\t\t\t\t\t\t\t\t\t\t<figure class=\"wpb_wrapper vc_figure\">\r\n\t\t\t\t\t\t\t\t\t<a href=\"https:\/\/online.therapie.ergowebinar.de\/de\/e\/Zeit-und-Selbstmanagement-in-der-Ergotherapie-2FP-306?\r\n\t\t\t\t\t\t\t\t\t\" title=\"Sie sehen einen roten klassischen Wecker auf einer gr\u00fcnen Wiese, als Assoziation zum Webseminar zu Zeit- und Selbstmanagementtechniken f\u00fcr Klienten in Ergotherapie + Physiotherapie in der Fatigue, Long + PostCovid, Psychosomatik in Klinik + Praxis\" target=\"_blank\">\r\n\t\t\t\t\t\t\t\t\t\t<img decoding=\"async\" width=\"475\" src=\"https:\/\/www.ergowebinar.de\/intern\/parsed_images\/0a2f1c7c-dce6-401b-ab62-45db60a24eb7.jpg\" class=\"vc_single_image-img attachment-full\" alt=\"Sie sehen einen roten klassischen Wecker auf einer gr\u00fcnen Wiese, als Assoziation zum Webseminar zu Zeit- und Selbstmanagementtechniken f\u00fcr Klienten in Ergotherapie + Physiotherapie in der Fatigue, Long + PostCovid, Psychosomatik in Klinik + Praxis\" title=\"Sie sehen einen roten klassischen Wecker auf einer gr\u00fcnen Wiese, als Assoziation zum Webseminar zu Zeit- und Selbstmanagementtechniken f\u00fcr Klienten in Ergotherapie + Physiotherapie in der Fatigue, Long + PostCovid, Psychosomatik in Klinik + Praxis\" srcset=\"https:\/\/www.ergowebinar.de\/intern\/parsed_images\/0a2f1c7c-dce6-401b-ab62-45db60a24eb7.jpg 475w, https:\/\/www.ergowebinar.de\/intern\/parsed_images\/0a2f1c7c-dce6-401b-ab62-45db60a24eb7.jpg 275w\" sizes=\"(max-width: 475px) 100vw, 475px\" itemprop=\"image\" \/>\r\n\t\t\t\t\t\t\t\t\t\t<h6>Zeit- und Selbstmanagement in der Ergotherapie [2FP]<\/h6>\r\n\t\t\t\t\t\t\t\t\t\t\t\t\t\t\t\t\t\t\t\t\t<p class=\"calendarline\"><img decoding=\"async\" class=\"calendar_icon\" src=\"https:\/\/www.ergowebinar.de\/intern\/images\/calendar.png\">09.09.2026 20:00 - 21:00<\/p>\t\r\n\t\t\t\t\t\t\t\t\t\t\t\t\t\t\t\t\t\t\t\t\t<p class=\"liquid_vc_single_text\">\r\n\r\n\r\n\r\nEffektives Zeit- und Selbstmanagement unterst&uuml;tzen ein gesundes und erf&uuml;lltes Leben. Aktuelle Forschung zeigt, dass Selbstkontrolle und Durchhalteverm&ouml;gen wichtige Faktoren f&uuml;r ...<\/p>\r\n\t\t\t\t\t\t\t\t\t\t\t\t\t\t\t\t\t\t\t\t\t<p class=\"sempreis\">49 \u20ac<\/p>\r\n\t\t\t\t\t\t\t\t\t\t\t\t\t\t\t\t\t\t\t\t\t\t\t<p class=\"semmwst\"><\/p>\r\n\t\t\t\t\t\t\t\t\t\t\t\t\t\t\t\t\t\t\t\t\t\t\t\r\n\t\t\t\t\t\t\t\t\t<\/a>\r\n\t\t\t\t\t\t\t\t<\/figure>\r\n\t\t\t\t\t\t\t\t\r\n\t\t\t\t\t\t\t<\/div>\r\n\t\t\t\t\t\t\t\t\t\t\t\t\t\t\r\n\t\t\t\t\t\t<\/div>\r\n\t\t\t\t\t<\/div>\r\n\t\t\t\t<\/div>\r\n\t\t\t\t\t\t\t\t<div class=\"wpb_column vc_column_container vc_col-sm-2\">\r\n\t\t\t\t\t<div class=\"vc_column-inner \" >\r\n\t\t\t\t\t\t<div class=\"wpb_wrapper\" >\r\n\t\t\t\t\t\t\t<div class=\"wpb_single_image wpb_content_element vc_align_ liquid_vc_single_image\">\r\n\t\t\t\t\t\t\t\t\t\t\t\t\t\t\t\t\t<div class=\"sem_overlay\" ><a href=\"https:\/\/\r\n\t\t\t\t\t\t\t\t\tonline.therapie.ergowebinar.de\/de\/e\/Geriatrie-Gluecklich-im-Garten-2FP-290?\r\n\t\t\t\t\t\t\t\t\t\t\t\t\t\t\t\t\t\t\" class=\"btn btn-solid btn-xsm round border-thin btn-has-label jetztstartenbutton\">klicken f\u00fcr Details<\/a><\/div>\r\n\t\t\t\t\t\t\t\t\t\t\t\t\t\t\t\t\t<figure class=\"wpb_wrapper vc_figure\">\r\n\t\t\t\t\t\t\t\t\t<a href=\"https:\/\/online.therapie.ergowebinar.de\/de\/e\/Geriatrie-Gluecklich-im-Garten-2FP-290?\r\n\t\t\t\t\t\t\t\t\t\" title=\"Sie sehen einen Schmetterling in einem gelben Bl\u00fctenmeer, als Assoziation zum Webseminar \u00fcber Ergotherapie zum Bet\u00e4tigungsanliegen Garten und der Wirkung in der Geriatrie und allen Fachbereichen in der Klinik + Praxis\" target=\"_blank\">\r\n\t\t\t\t\t\t\t\t\t\t<img decoding=\"async\" width=\"475\" src=\"https:\/\/www.ergowebinar.de\/intern\/parsed_images\/e36a68cb-1fc-f4d37-9c6c-ce4f8e8f51d6.jpg\" class=\"vc_single_image-img attachment-full\" alt=\"Sie sehen einen Schmetterling in einem gelben Bl\u00fctenmeer, als Assoziation zum Webseminar \u00fcber Ergotherapie zum Bet\u00e4tigungsanliegen Garten und der Wirkung in der Geriatrie und allen Fachbereichen in der Klinik + Praxis\" title=\"Sie sehen einen Schmetterling in einem gelben Bl\u00fctenmeer, als Assoziation zum Webseminar \u00fcber Ergotherapie zum Bet\u00e4tigungsanliegen Garten und der Wirkung in der Geriatrie und allen Fachbereichen in der Klinik + Praxis\" srcset=\"https:\/\/www.ergowebinar.de\/intern\/parsed_images\/e36a68cb-1fc-f4d37-9c6c-ce4f8e8f51d6.jpg 475w, https:\/\/www.ergowebinar.de\/intern\/parsed_images\/e36a68cb-1fc-f4d37-9c6c-ce4f8e8f51d6.jpg 275w\" sizes=\"(max-width: 475px) 100vw, 475px\" itemprop=\"image\" \/>\r\n\t\t\t\t\t\t\t\t\t\t<h6>Geriatrie - Gl\u00fccklich ...im Garten! [2FP]<\/h6>\r\n\t\t\t\t\t\t\t\t\t\t\t\t\t\t\t\t\t\t\t\t\t<p class=\"calendarline\"><img decoding=\"async\" class=\"calendar_icon\" src=\"https:\/\/www.ergowebinar.de\/intern\/images\/calendar.png\">10.09.2026 18:15 - 19:15<\/p>\t\r\n\t\t\t\t\t\t\t\t\t\t\t\t\t\t\t\t\t\t\t\t\t<p class=\"liquid_vc_single_text\">\r\n\r\n\r\n\r\n\r\n\r\nDas Thema Garten weckt unglaublich viele Erinnerungen bei den meisten Klient:innen. In diesem Webinar geht es darum,&nbsp;welche M&ouml;glichkeiten es gibt, geeignete T&auml;tigkeiten zu finden, ...<\/p>\r\n\t\t\t\t\t\t\t\t\t\t\t\t\t\t\t\t\t\t\t\t\t<p class=\"sempreis\">49 \u20ac<\/p>\r\n\t\t\t\t\t\t\t\t\t\t\t\t\t\t\t\t\t\t\t\t\t\t\t<p class=\"semmwst\"><\/p>\r\n\t\t\t\t\t\t\t\t\t\t\t\t\t\t\t\t\t\t\t\t\t\t\t\r\n\t\t\t\t\t\t\t\t\t<\/a>\r\n\t\t\t\t\t\t\t\t<\/figure>\r\n\t\t\t\t\t\t\t\t\r\n\t\t\t\t\t\t\t<\/div>\r\n\t\t\t\t\t\t\t\t\t\t\t\t\t\t\r\n\t\t\t\t\t\t<\/div>\r\n\t\t\t\t\t<\/div>\r\n\t\t\t\t<\/div>\r\n\t\t\t\t\t\t\t\t<div class=\"wpb_column vc_column_container vc_col-sm-2\">\r\n\t\t\t\t\t<div class=\"vc_column-inner \" >\r\n\t\t\t\t\t\t<div class=\"wpb_wrapper\" >\r\n\t\t\t\t\t\t\t<div class=\"wpb_single_image wpb_content_element vc_align_ liquid_vc_single_image\">\r\n\t\t\t\t\t\t\t\t\t\t\t\t\t\t\t\t\t<div class=\"sem_overlay\" ><a href=\"https:\/\/\r\n\t\t\t\t\t\t\t\t\tonline.therapie.ergowebinar.de\/de\/e\/Strecksehnen-Verletzungen-in-Zone-5-Nachbehandlung-2-FP-122?\r\n\t\t\t\t\t\t\t\t\t\t\t\t\t\t\t\t\t\t\" class=\"btn btn-solid btn-xsm round border-thin btn-has-label jetztstartenbutton\">klicken f\u00fcr Details<\/a><\/div>\r\n\t\t\t\t\t\t\t\t\t\t\t\t\t\t\t\t\t<figure class=\"wpb_wrapper vc_figure\">\r\n\t\t\t\t\t\t\t\t\t<a href=\"https:\/\/online.therapie.ergowebinar.de\/de\/e\/Strecksehnen-Verletzungen-in-Zone-5-Nachbehandlung-2-FP-122?\r\n\t\t\t\t\t\t\t\t\t\" title=\"Sie sehen eine Hand mit gebeugten Fingern mit einer Handschiene als Assoziation zum Webseminar \u00fcber Strecksehnenverletzungen der Finger f\u00fcr Ergotherapie + Physiotherapie in der Rehabilitation Handverletzungen und Handtherapie in Klinik + Praxis\" target=\"_blank\">\r\n\t\t\t\t\t\t\t\t\t\t<img decoding=\"async\" width=\"475\" src=\"https:\/\/www.ergowebinar.de\/intern\/parsed_images\/adf92cd4-a632-47e5-82ee-4a6ea465c048.jpg\" class=\"vc_single_image-img attachment-full\" alt=\"Sie sehen eine Hand mit gebeugten Fingern mit einer Handschiene als Assoziation zum Webseminar \u00fcber Strecksehnenverletzungen der Finger f\u00fcr Ergotherapie + Physiotherapie in der Rehabilitation Handverletzungen und Handtherapie in Klinik + Praxis\" title=\"Sie sehen eine Hand mit gebeugten Fingern mit einer Handschiene als Assoziation zum Webseminar \u00fcber Strecksehnenverletzungen der Finger f\u00fcr Ergotherapie + Physiotherapie in der Rehabilitation Handverletzungen und Handtherapie in Klinik + Praxis\" srcset=\"https:\/\/www.ergowebinar.de\/intern\/parsed_images\/adf92cd4-a632-47e5-82ee-4a6ea465c048.jpg 475w, https:\/\/www.ergowebinar.de\/intern\/parsed_images\/adf92cd4-a632-47e5-82ee-4a6ea465c048.jpg 275w\" sizes=\"(max-width: 475px) 100vw, 475px\" itemprop=\"image\" \/>\r\n\t\t\t\t\t\t\t\t\t\t<h6>Strecksehnen-Verletzungen in Zone 5 \u2013 Nachbehandlung [2 FP]<\/h6>\r\n\t\t\t\t\t\t\t\t\t\t\t\t\t\t\t\t\t\t\t\t\t<p class=\"calendarline\"><img decoding=\"async\" class=\"calendar_icon\" src=\"https:\/\/www.ergowebinar.de\/intern\/images\/calendar.png\">14.09.2026 16:30 - 17:30<\/p>\t\r\n\t\t\t\t\t\t\t\t\t\t\t\t\t\t\t\t\t\t\t\t\t<p class=\"liquid_vc_single_text\">In der Behandlung von Strecksehnenverletzungen kommen unterschiedliche Nachbehandlungskonzepte zum Einsatz. In der aktiven Nachbehandlung erm&ouml;glicht der Einsatz der RME-Schienen begrenzt aktive und ...<\/p>\r\n\t\t\t\t\t\t\t\t\t\t\t\t\t\t\t\t\t\t\t\t\t<p class=\"sempreis\">49 \u20ac<\/p>\r\n\t\t\t\t\t\t\t\t\t\t\t\t\t\t\t\t\t\t\t\t\t\t\t<p class=\"semmwst\"><\/p>\r\n\t\t\t\t\t\t\t\t\t\t\t\t\t\t\t\t\t\t\t\t\t\t\t\r\n\t\t\t\t\t\t\t\t\t<\/a>\r\n\t\t\t\t\t\t\t\t<\/figure>\r\n\t\t\t\t\t\t\t\t\r\n\t\t\t\t\t\t\t<\/div>\r\n\t\t\t\t\t\t\t\t\t\t\t\t\t\t\r\n\t\t\t\t\t\t<\/div>\r\n\t\t\t\t\t<\/div>\r\n\t\t\t\t<\/div>\r\n\t\t\t\t\t\t\t\t<div class=\"wpb_column vc_column_container vc_col-sm-2\">\r\n\t\t\t\t\t<div class=\"vc_column-inner \" >\r\n\t\t\t\t\t\t<div class=\"wpb_wrapper\" >\r\n\t\t\t\t\t\t\t<div class=\"wpb_single_image wpb_content_element vc_align_ liquid_vc_single_image\">\r\n\t\t\t\t\t\t\t\t\t\t\t\t\t\t\t\t\t<div class=\"sem_overlay\" ><a href=\"https:\/\/\r\n\t\t\t\t\t\t\t\t\tonline.therapie.ergowebinar.de\/de\/e\/Neglect-Therapie-1-Basics-2-FP-192?\r\n\t\t\t\t\t\t\t\t\t\t\t\t\t\t\t\t\t\t\" class=\"btn btn-solid btn-xsm round border-thin btn-has-label jetztstartenbutton\">klicken f\u00fcr Details<\/a><\/div>\r\n\t\t\t\t\t\t\t\t\t\t\t\t\t\t\t\t\t<figure class=\"wpb_wrapper vc_figure\">\r\n\t\t\t\t\t\t\t\t\t<a href=\"https:\/\/online.therapie.ergowebinar.de\/de\/e\/Neglect-Therapie-1-Basics-2-FP-192?\r\n\t\t\t\t\t\t\t\t\t\" title=\"Sie sehen eine Aufnahme eines halben Gesichtes; es wird von der anderen Gesichtsh\u00e4lfte durch die senkrechte Hand getrennt, als Assoziation zum Webinar f\u00fcr Ergotherapie + Physiotherapie in der Rehabilitation von Schlaganfall + Apoplex in Klinik + Praxis\" target=\"_blank\">\r\n\t\t\t\t\t\t\t\t\t\t<img decoding=\"async\" width=\"475\" src=\"https:\/\/www.ergowebinar.de\/intern\/parsed_images\/7d720b33-b500-4d23-85c2-402986542482.jpg\" class=\"vc_single_image-img attachment-full\" alt=\"Sie sehen eine Aufnahme eines halben Gesichtes; es wird von der anderen Gesichtsh\u00e4lfte durch die senkrechte Hand getrennt, als Assoziation zum Webinar f\u00fcr Ergotherapie + Physiotherapie in der Rehabilitation von Schlaganfall + Apoplex in Klinik + Praxis\" title=\"Sie sehen eine Aufnahme eines halben Gesichtes; es wird von der anderen Gesichtsh\u00e4lfte durch die senkrechte Hand getrennt, als Assoziation zum Webinar f\u00fcr Ergotherapie + Physiotherapie in der Rehabilitation von Schlaganfall + Apoplex in Klinik + Praxis\" srcset=\"https:\/\/www.ergowebinar.de\/intern\/parsed_images\/7d720b33-b500-4d23-85c2-402986542482.jpg 475w, https:\/\/www.ergowebinar.de\/intern\/parsed_images\/7d720b33-b500-4d23-85c2-402986542482.jpg 275w\" sizes=\"(max-width: 475px) 100vw, 475px\" itemprop=\"image\" \/>\r\n\t\t\t\t\t\t\t\t\t\t<h6>Neglect-Therapie 1 - Basics [2 FP]<\/h6>\r\n\t\t\t\t\t\t\t\t\t\t\t\t\t\t\t\t\t\t\t\t\t<p class=\"calendarline\"><img decoding=\"async\" class=\"calendar_icon\" src=\"https:\/\/www.ergowebinar.de\/intern\/images\/calendar.png\">15.09.2026 18:30 - 19:30<\/p>\t\r\n\t\t\t\t\t\t\t\t\t\t\t\t\t\t\t\t\t\t\t\t\t<p class=\"liquid_vc_single_text\">In der Phase \"keine Awareness\" stehen therapeutische Strategien im Rahmen von&nbsp;\r\nStimulationsbehandlung vor Beginn in einer durchzuf&uuml;hrenden Alltagssequenz im\r\nVordergrund. Die f&uuml;r die ergotherapeutische ...<\/p>\r\n\t\t\t\t\t\t\t\t\t\t\t\t\t\t\t\t\t\t\t\t\t<p class=\"sempreis\">49 \u20ac<\/p>\r\n\t\t\t\t\t\t\t\t\t\t\t\t\t\t\t\t\t\t\t\t\t\t\t<p class=\"semmwst\"><\/p>\r\n\t\t\t\t\t\t\t\t\t\t\t\t\t\t\t\t\t\t\t\t\t\t\t\r\n\t\t\t\t\t\t\t\t\t<\/a>\r\n\t\t\t\t\t\t\t\t<\/figure>\r\n\t\t\t\t\t\t\t\t\r\n\t\t\t\t\t\t\t<\/div>\r\n\t\t\t\t\t\t\t\t\t\t\t\t\t\t\r\n\t\t\t\t\t\t<\/div>\r\n\t\t\t\t\t<\/div>\r\n\t\t\t\t<\/div>\r\n\t\t\t\t\t\t\t\t<div class=\"wpb_column vc_column_container vc_col-sm-2\">\r\n\t\t\t\t\t<div class=\"vc_column-inner \" >\r\n\t\t\t\t\t\t<div class=\"wpb_wrapper\" >\r\n\t\t\t\t\t\t\t<div class=\"wpb_single_image wpb_content_element vc_align_ liquid_vc_single_image\">\r\n\t\t\t\t\t\t\t\t\t\t\t\t\t\t\t\t\t<div class=\"sem_overlay\" ><a href=\"https:\/\/\r\n\t\t\t\t\t\t\t\t\tonline.therapie.ergowebinar.de\/de\/e\/Periphere-Nervenverletzungen-Basics-2FP-123?\r\n\t\t\t\t\t\t\t\t\t\t\t\t\t\t\t\t\t\t\" class=\"btn btn-solid btn-xsm round border-thin btn-has-label jetztstartenbutton\">klicken f\u00fcr Details<\/a><\/div>\r\n\t\t\t\t\t\t\t\t\t\t\t\t\t\t\t\t\t<figure class=\"wpb_wrapper vc_figure\">\r\n\t\t\t\t\t\t\t\t\t<a href=\"https:\/\/online.therapie.ergowebinar.de\/de\/e\/Periphere-Nervenverletzungen-Basics-2FP-123?\r\n\t\t\t\t\t\t\t\t\t\" title=\"Sie sehen vier H\u00e4nde verschiedenen Alters auf einem Bild als Assoziation zum Webseminar \u00fcber Basisbausteine zu peripheren Nervenl\u00e4sionen f\u00fcr Ergotherapie + Physiotherapie in der HandReha + Neuroreha + Orthoreha  in Klinik + Praxis\" target=\"_blank\">\r\n\t\t\t\t\t\t\t\t\t\t<img decoding=\"async\" width=\"475\" src=\"https:\/\/www.ergowebinar.de\/intern\/parsed_images\/79b07f38-4f9c-413d-b606-13c14f096c3e.jpg\" class=\"vc_single_image-img attachment-full\" alt=\"Sie sehen vier H\u00e4nde verschiedenen Alters auf einem Bild als Assoziation zum Webseminar \u00fcber Basisbausteine zu peripheren Nervenl\u00e4sionen f\u00fcr Ergotherapie + Physiotherapie in der HandReha + Neuroreha + Orthoreha  in Klinik + Praxis\" title=\"Sie sehen vier H\u00e4nde verschiedenen Alters auf einem Bild als Assoziation zum Webseminar \u00fcber Basisbausteine zu peripheren Nervenl\u00e4sionen f\u00fcr Ergotherapie + Physiotherapie in der HandReha + Neuroreha + Orthoreha  in Klinik + Praxis\" srcset=\"https:\/\/www.ergowebinar.de\/intern\/parsed_images\/79b07f38-4f9c-413d-b606-13c14f096c3e.jpg 475w, https:\/\/www.ergowebinar.de\/intern\/parsed_images\/79b07f38-4f9c-413d-b606-13c14f096c3e.jpg 275w\" sizes=\"(max-width: 475px) 100vw, 475px\" itemprop=\"image\" \/>\r\n\t\t\t\t\t\t\t\t\t\t<h6>Periphere Nervenverletzungen - Basics [2FP]<\/h6>\r\n\t\t\t\t\t\t\t\t\t\t\t\t\t\t\t\t\t\t\t\t\t<p class=\"calendarline\"><img decoding=\"async\" class=\"calendar_icon\" src=\"https:\/\/www.ergowebinar.de\/intern\/images\/calendar.png\">15.09.2026 20:00 - 21:00<\/p>\t\r\n\t\t\t\t\t\t\t\t\t\t\t\t\t\t\t\t\t\t\t\t\t<p class=\"liquid_vc_single_text\">Periphere Nervenverletzungen in der Praxis erkennen, verstehen und behandeln. Da sind viele Aspekte einzuordnen: Wie erkenne ich, dass ein Nerv mitbeteiligt ist? Welche Ma&szlig;nahmen soll ich in der ...<\/p>\r\n\t\t\t\t\t\t\t\t\t\t\t\t\t\t\t\t\t\t\t\t\t<p class=\"sempreis\">49 \u20ac<\/p>\r\n\t\t\t\t\t\t\t\t\t\t\t\t\t\t\t\t\t\t\t\t\t\t\t<p class=\"semmwst\"><\/p>\r\n\t\t\t\t\t\t\t\t\t\t\t\t\t\t\t\t\t\t\t\t\t\t\t\r\n\t\t\t\t\t\t\t\t\t<\/a>\r\n\t\t\t\t\t\t\t\t<\/figure>\r\n\t\t\t\t\t\t\t\t\r\n\t\t\t\t\t\t\t<\/div>\r\n\t\t\t\t\t\t\t\t\t\t\t\t\t\t\r\n\t\t\t\t\t\t<\/div>\r\n\t\t\t\t\t<\/div>\r\n\t\t\t\t<\/div>\r\n\t\t\t\t\t\t\t\t<div class=\"wpb_column vc_column_container vc_col-sm-2\">\r\n\t\t\t\t\t<div class=\"vc_column-inner \" >\r\n\t\t\t\t\t\t<div class=\"wpb_wrapper\" >\r\n\t\t\t\t\t\t\t<div class=\"wpb_single_image wpb_content_element vc_align_ liquid_vc_single_image\">\r\n\t\t\t\t\t\t\t\t\t\t\t\t\t\t\t\t\t<div class=\"sem_overlay\" ><a href=\"https:\/\/\r\n\t\t\t\t\t\t\t\t\tonline.therapie.ergowebinar.de\/de\/e\/Erste-Handgriffe-in-der-Neuroreha-2-FP-196?\r\n\t\t\t\t\t\t\t\t\t\t\t\t\t\t\t\t\t\t\" class=\"btn btn-solid btn-xsm round border-thin btn-has-label jetztstartenbutton\">klicken f\u00fcr Details<\/a><\/div>\r\n\t\t\t\t\t\t\t\t\t\t\t\t\t\t\t\t\t<figure class=\"wpb_wrapper vc_figure\">\r\n\t\t\t\t\t\t\t\t\t<a href=\"https:\/\/online.therapie.ergowebinar.de\/de\/e\/Erste-Handgriffe-in-der-Neuroreha-2-FP-196?\r\n\t\t\t\t\t\t\t\t\t\" title=\"Sie sehen eine silberbest\u00e4ubte Hand, die nach einer ebenfalls silberbest\u00e4ubten Wurst greift, als Assoziation zum Webseminar f\u00fcr Ergotherapie + Physiotherapie in der Rehabilitation von Schlaganfall + Apoplex in Klinik + Praxis\" target=\"_blank\">\r\n\t\t\t\t\t\t\t\t\t\t<img decoding=\"async\" width=\"475\" src=\"https:\/\/www.ergowebinar.de\/intern\/parsed_images\/ebcf89cf-efe5-42f7-8422-2210b862286d.jpg\" class=\"vc_single_image-img attachment-full\" alt=\"Sie sehen eine silberbest\u00e4ubte Hand, die nach einer ebenfalls silberbest\u00e4ubten Wurst greift, als Assoziation zum Webseminar f\u00fcr Ergotherapie + Physiotherapie in der Rehabilitation von Schlaganfall + Apoplex in Klinik + Praxis\" title=\"Sie sehen eine silberbest\u00e4ubte Hand, die nach einer ebenfalls silberbest\u00e4ubten Wurst greift, als Assoziation zum Webseminar f\u00fcr Ergotherapie + Physiotherapie in der Rehabilitation von Schlaganfall + Apoplex in Klinik + Praxis\" srcset=\"https:\/\/www.ergowebinar.de\/intern\/parsed_images\/ebcf89cf-efe5-42f7-8422-2210b862286d.jpg 475w, https:\/\/www.ergowebinar.de\/intern\/parsed_images\/ebcf89cf-efe5-42f7-8422-2210b862286d.jpg 275w\" sizes=\"(max-width: 475px) 100vw, 475px\" itemprop=\"image\" \/>\r\n\t\t\t\t\t\t\t\t\t\t<h6>Erste Handgriffe in der Neuroreha [2 FP]<\/h6>\r\n\t\t\t\t\t\t\t\t\t\t\t\t\t\t\t\t\t\t\t\t\t<p class=\"calendarline\"><img decoding=\"async\" class=\"calendar_icon\" src=\"https:\/\/www.ergowebinar.de\/intern\/images\/calendar.png\">15.09.2026 20:00 - 21:00<\/p>\t\r\n\t\t\t\t\t\t\t\t\t\t\t\t\t\t\t\t\t\t\t\t\t<p class=\"liquid_vc_single_text\">Wenn die paretische Hand erste Aktivit&auml;t zeigt, so dass sich Greiffunktionen nutzen lassen, findet sich in den allermeisten F&auml;llen eine bestimmte Reihenfolge im Erholungsmuster f&uuml;r diese ...<\/p>\r\n\t\t\t\t\t\t\t\t\t\t\t\t\t\t\t\t\t\t\t\t\t<p class=\"sempreis\">49 \u20ac<\/p>\r\n\t\t\t\t\t\t\t\t\t\t\t\t\t\t\t\t\t\t\t\t\t\t\t<p class=\"semmwst\"><\/p>\r\n\t\t\t\t\t\t\t\t\t\t\t\t\t\t\t\t\t\t\t\t\t\t\t\r\n\t\t\t\t\t\t\t\t\t<\/a>\r\n\t\t\t\t\t\t\t\t<\/figure>\r\n\t\t\t\t\t\t\t\t\r\n\t\t\t\t\t\t\t<\/div>\r\n\t\t\t\t\t\t\t\t\t\t\t\t\t\t\r\n\t\t\t\t\t\t<\/div>\r\n\t\t\t\t\t<\/div>\r\n\t\t\t\t<\/div>\r\n\t\t\t\t\t\t\t\t<div class=\"wpb_column vc_column_container vc_col-sm-2\">\r\n\t\t\t\t\t<div class=\"vc_column-inner \" >\r\n\t\t\t\t\t\t<div class=\"wpb_wrapper\" >\r\n\t\t\t\t\t\t\t<div class=\"wpb_single_image wpb_content_element vc_align_ liquid_vc_single_image\">\r\n\t\t\t\t\t\t\t\t\t\t\t\t\t\t\t\t\t<div class=\"sem_overlay\" ><a href=\"https:\/\/\r\n\t\t\t\t\t\t\t\t\tonline.therapie.ergowebinar.de\/de\/e\/Demenz-traumasensibles-Arbeiten-2FP-89?\r\n\t\t\t\t\t\t\t\t\t\t\t\t\t\t\t\t\t\t\" class=\"btn btn-solid btn-xsm round border-thin btn-has-label jetztstartenbutton\">klicken f\u00fcr Details<\/a><\/div>\r\n\t\t\t\t\t\t\t\t\t\t\t\t\t\t\t\t\t<figure class=\"wpb_wrapper vc_figure\">\r\n\t\t\t\t\t\t\t\t\t<a href=\"https:\/\/online.therapie.ergowebinar.de\/de\/e\/Demenz-traumasensibles-Arbeiten-2FP-89?\r\n\t\t\t\t\t\t\t\t\t\" title=\"Sie sehen eine mit gesenktem Kopf in einer Nebellandschaft stehende Person als Assoziation zum Webseminar \u00fcber traumasenibeles Arbeiten f\u00fcr Ergotherapie + Physiotherapie bei dementiell Erkrankten in Klinik + Praxis\" target=\"_blank\">\r\n\t\t\t\t\t\t\t\t\t\t<img decoding=\"async\" width=\"475\" src=\"https:\/\/www.ergowebinar.de\/intern\/parsed_images\/0bd1352e-7589-4850-a4ed-4fd9323ccd4f.jpg\" class=\"vc_single_image-img attachment-full\" alt=\"Sie sehen eine mit gesenktem Kopf in einer Nebellandschaft stehende Person als Assoziation zum Webseminar \u00fcber traumasenibeles Arbeiten f\u00fcr Ergotherapie + Physiotherapie bei dementiell Erkrankten in Klinik + Praxis\" title=\"Sie sehen eine mit gesenktem Kopf in einer Nebellandschaft stehende Person als Assoziation zum Webseminar \u00fcber traumasenibeles Arbeiten f\u00fcr Ergotherapie + Physiotherapie bei dementiell Erkrankten in Klinik + Praxis\" srcset=\"https:\/\/www.ergowebinar.de\/intern\/parsed_images\/0bd1352e-7589-4850-a4ed-4fd9323ccd4f.jpg 475w, https:\/\/www.ergowebinar.de\/intern\/parsed_images\/0bd1352e-7589-4850-a4ed-4fd9323ccd4f.jpg 275w\" sizes=\"(max-width: 475px) 100vw, 475px\" itemprop=\"image\" \/>\r\n\t\t\t\t\t\t\t\t\t\t<h6>Demenz - traumasensibles Arbeiten [2FP]<\/h6>\r\n\t\t\t\t\t\t\t\t\t\t\t\t\t\t\t\t\t\t\t\t\t<p class=\"calendarline\"><img decoding=\"async\" class=\"calendar_icon\" src=\"https:\/\/www.ergowebinar.de\/intern\/images\/calendar.png\">16.09.2026 18:00 - 19:00<\/p>\t\r\n\t\t\t\t\t\t\t\t\t\t\t\t\t\t\t\t\t\t\t\t\t<p class=\"liquid_vc_single_text\">Die heute hochbetagten demenzerkrankten Menschen sind h&auml;ufig auf vielf&auml;ltige Weise traumatisiert. Krieg, Flucht, Entbehrungen, aber auch der damalige Erziehungsstil haben ihre Spuren hinterlassen ...<\/p>\r\n\t\t\t\t\t\t\t\t\t\t\t\t\t\t\t\t\t\t\t\t\t<p class=\"sempreis\">49 \u20ac<\/p>\r\n\t\t\t\t\t\t\t\t\t\t\t\t\t\t\t\t\t\t\t\t\t\t\t<p class=\"semmwst\"><\/p>\r\n\t\t\t\t\t\t\t\t\t\t\t\t\t\t\t\t\t\t\t\t\t\t\t\r\n\t\t\t\t\t\t\t\t\t<\/a>\r\n\t\t\t\t\t\t\t\t<\/figure>\r\n\t\t\t\t\t\t\t\t\r\n\t\t\t\t\t\t\t<\/div>\r\n\t\t\t\t\t\t\t\t\t\t\t\t\t\t\r\n\t\t\t\t\t\t<\/div>\r\n\t\t\t\t\t<\/div>\r\n\t\t\t\t<\/div>\r\n\t\t\t\t\t\t\t\t<div class=\"wpb_column vc_column_container vc_col-sm-2\">\r\n\t\t\t\t\t<div class=\"vc_column-inner \" >\r\n\t\t\t\t\t\t<div class=\"wpb_wrapper\" >\r\n\t\t\t\t\t\t\t<div class=\"wpb_single_image wpb_content_element vc_align_ liquid_vc_single_image\">\r\n\t\t\t\t\t\t\t\t\t\t\t\t\t\t\t\t\t<div class=\"sem_overlay\" ><a href=\"#keine33\" class=\"btn btn-solid btn-xsm round border-thin btn-has-label nichtdabutton\">8 Tage nach Ablauf des<br>Vorg\u00e4ngers buchbar<\/a><\/div>\r\n\t\t\t\t\t\t\t\t\t\t\t\t\t\t\t\t\t<figure class=\"wpb_wrapper vc_figure\">\r\n\t\t\t\t\t\t\t\t\t<a href=\"https:\/\/online.therapie.ergowebinar.de\/de\/e\/Prae-Rehabilitation-obere-Extremitaet-2FP-324?\r\n\t\t\t\t\t\t\t\t\t\" title=\"Sie sehen eine Gliederfigur mit ausgestrecktem abwehrenden Arm als Symbol zum Webseminar zur vorbereitentenden Therapie in der Ergotherapie vor elektiven Eingriffen an der oberen Extremit\u00e4t in Orthop\u00e4die, Handttherapie, Neurologie in Klinik + Praxis\" target=\"_blank\">\r\n\t\t\t\t\t\t\t\t\t\t<img decoding=\"async\" width=\"475\" src=\"https:\/\/www.ergowebinar.de\/intern\/parsed_images\/8ec4ecd4-61de-4162-ad0f-478a36f22c93.jpg\" class=\"vc_single_image-img attachment-full\" alt=\"Sie sehen eine Gliederfigur mit ausgestrecktem abwehrenden Arm als Symbol zum Webseminar zur vorbereitentenden Therapie in der Ergotherapie vor elektiven Eingriffen an der oberen Extremit\u00e4t in Orthop\u00e4die, Handttherapie, Neurologie in Klinik + Praxis\" title=\"Sie sehen eine Gliederfigur mit ausgestrecktem abwehrenden Arm als Symbol zum Webseminar zur vorbereitentenden Therapie in der Ergotherapie vor elektiven Eingriffen an der oberen Extremit\u00e4t in Orthop\u00e4die, Handttherapie, Neurologie in Klinik + Praxis\" srcset=\"https:\/\/www.ergowebinar.de\/intern\/parsed_images\/8ec4ecd4-61de-4162-ad0f-478a36f22c93.jpg 475w, https:\/\/www.ergowebinar.de\/intern\/parsed_images\/8ec4ecd4-61de-4162-ad0f-478a36f22c93.jpg 275w\" sizes=\"(max-width: 475px) 100vw, 475px\" itemprop=\"image\" \/>\r\n\t\t\t\t\t\t\t\t\t\t<h6>Pr\u00e4-Rehabilitation - obere Extremit\u00e4t [2FP]<\/h6>\r\n\t\t\t\t\t\t\t\t\t\t\t\t\t\t\t\t\t\t\t\t\t<p class=\"calendarline\"><img decoding=\"async\" class=\"calendar_icon\" src=\"https:\/\/www.ergowebinar.de\/intern\/images\/calendar.png\">16.09.2026 18:00 - 19:00<\/p>\t\r\n\t\t\t\t\t\t\t\t\t\t\t\t\t\t\t\t\t\t\t\t\t<p class=\"liquid_vc_single_text\">\r\nMeist beginnt die Behandlungsserie nach der Nahtentfernung, doch in letzter Zeit gewinnen Interventionen vor dem eigentlichen Operationstermin mehr und mehr an Popularit&auml;t. Wie man Betroffene schon ...<\/p>\r\n\t\t\t\t\t\t\t\t\t\t\t\t\t\t\t\t\t\t\t\t\t<p class=\"sempreis\">49 \u20ac<\/p>\r\n\t\t\t\t\t\t\t\t\t\t\t\t\t\t\t\t\t\t\t\t\t\t\t<p class=\"semmwst\"><\/p>\r\n\t\t\t\t\t\t\t\t\t\t\t\t\t\t\t\t\t\t\t\t\t\t\t\r\n\t\t\t\t\t\t\t\t\t<\/a>\r\n\t\t\t\t\t\t\t\t<\/figure>\r\n\t\t\t\t\t\t\t\t\r\n\t\t\t\t\t\t\t<\/div>\r\n\t\t\t\t\t\t\t\t\t\t\t\t\t\t\r\n\t\t\t\t\t\t<\/div>\r\n\t\t\t\t\t<\/div>\r\n\t\t\t\t<\/div>\r\n\t\t\t\t\t\t\t\t<div class=\"wpb_column vc_column_container vc_col-sm-2\">\r\n\t\t\t\t\t<div class=\"vc_column-inner \" >\r\n\t\t\t\t\t\t<div class=\"wpb_wrapper\" >\r\n\t\t\t\t\t\t\t<div class=\"wpb_single_image wpb_content_element vc_align_ liquid_vc_single_image\">\r\n\t\t\t\t\t\t\t\t\t\t\t\t\t\t\t\t\t<div class=\"sem_overlay\" ><a href=\"#keine33\" class=\"btn btn-solid btn-xsm round border-thin btn-has-label nichtdabutton\">8 Tage nach Ablauf des<br>Vorg\u00e4ngers buchbar<\/a><\/div>\r\n\t\t\t\t\t\t\t\t\t\t\t\t\t\t\t\t\t<figure class=\"wpb_wrapper vc_figure\">\r\n\t\t\t\t\t\t\t\t\t<a href=\"https:\/\/online.therapie.ergowebinar.de\/de\/e\/Prae-Rehabilitation-untere-Extremitaet-2FP-325?\r\n\t\t\t\t\t\t\t\t\t\" title=\"Sie sehen eine Hand am Griff einer Unterarmgehst\u00fctze als Symbol zum Webseminar zur vorbereitentenden Therapie in der Ergotherapie vor elektiven Eingriffen an der unteren Extremit\u00e4t in Orthop\u00e4die, Handttherapie, Neurologie in Klinik + Praxis\" target=\"_blank\">\r\n\t\t\t\t\t\t\t\t\t\t<img decoding=\"async\" width=\"475\" src=\"https:\/\/www.ergowebinar.de\/intern\/parsed_images\/8ec4ecd4-61de-4162-ad0f-488a36f22c93.jpg\" class=\"vc_single_image-img attachment-full\" alt=\"Sie sehen eine Hand am Griff einer Unterarmgehst\u00fctze als Symbol zum Webseminar zur vorbereitentenden Therapie in der Ergotherapie vor elektiven Eingriffen an der unteren Extremit\u00e4t in Orthop\u00e4die, Handttherapie, Neurologie in Klinik + Praxis\" title=\"Sie sehen eine Hand am Griff einer Unterarmgehst\u00fctze als Symbol zum Webseminar zur vorbereitentenden Therapie in der Ergotherapie vor elektiven Eingriffen an der unteren Extremit\u00e4t in Orthop\u00e4die, Handttherapie, Neurologie in Klinik + Praxis\" srcset=\"https:\/\/www.ergowebinar.de\/intern\/parsed_images\/8ec4ecd4-61de-4162-ad0f-488a36f22c93.jpg 475w, https:\/\/www.ergowebinar.de\/intern\/parsed_images\/8ec4ecd4-61de-4162-ad0f-488a36f22c93.jpg 275w\" sizes=\"(max-width: 475px) 100vw, 475px\" itemprop=\"image\" \/>\r\n\t\t\t\t\t\t\t\t\t\t<h6>Pr\u00e4-Rehabilitation - untere Extremit\u00e4t [2FP]<\/h6>\r\n\t\t\t\t\t\t\t\t\t\t\t\t\t\t\t\t\t\t\t\t\t<p class=\"calendarline\"><img decoding=\"async\" class=\"calendar_icon\" src=\"https:\/\/www.ergowebinar.de\/intern\/images\/calendar.png\">16.09.2026 19:30 - 20:30<\/p>\t\r\n\t\t\t\t\t\t\t\t\t\t\t\t\t\t\t\t\t\t\t\t\t<p class=\"liquid_vc_single_text\">\r\n\r\nErgotherapeut:innen k&ouml;nnen schon im Vorfeld von Operationen im Bereich der unteren Extremit&auml;t einen wertvollen Beitrag durch Klientenedukation leisten. Sie unterst&uuml;tzen durch diverse ...<\/p>\r\n\t\t\t\t\t\t\t\t\t\t\t\t\t\t\t\t\t\t\t\t\t<p class=\"sempreis\">49 \u20ac<\/p>\r\n\t\t\t\t\t\t\t\t\t\t\t\t\t\t\t\t\t\t\t\t\t\t\t<p class=\"semmwst\"><\/p>\r\n\t\t\t\t\t\t\t\t\t\t\t\t\t\t\t\t\t\t\t\t\t\t\t\r\n\t\t\t\t\t\t\t\t\t<\/a>\r\n\t\t\t\t\t\t\t\t<\/figure>\r\n\t\t\t\t\t\t\t\t\r\n\t\t\t\t\t\t\t<\/div>\r\n\t\t\t\t\t\t\t\t\t\t\t\t\t\t\r\n\t\t\t\t\t\t<\/div>\r\n\t\t\t\t\t<\/div>\r\n\t\t\t\t<\/div>\r\n\t\t\t\t\t\t\t\t<div class=\"wpb_column vc_column_container vc_col-sm-2\">\r\n\t\t\t\t\t<div class=\"vc_column-inner \" >\r\n\t\t\t\t\t\t<div class=\"wpb_wrapper\" >\r\n\t\t\t\t\t\t\t<div class=\"wpb_single_image wpb_content_element vc_align_ liquid_vc_single_image\">\r\n\t\t\t\t\t\t\t\t\t\t\t\t\t\t\t\t\t<div class=\"sem_overlay\" ><a href=\"https:\/\/\r\n\t\t\t\t\t\t\t\t\tonline.therapie.ergowebinar.de\/de\/e\/Kognition-die-Aufmerksamkeit-staerken-2FP-75?\r\n\t\t\t\t\t\t\t\t\t\t\t\t\t\t\t\t\t\t\" class=\"btn btn-solid btn-xsm round border-thin btn-has-label jetztstartenbutton\">klicken f\u00fcr Details<\/a><\/div>\r\n\t\t\t\t\t\t\t\t\t\t\t\t\t\t\t\t\t<figure class=\"wpb_wrapper vc_figure\">\r\n\t\t\t\t\t\t\t\t\t<a href=\"https:\/\/online.therapie.ergowebinar.de\/de\/e\/Kognition-die-Aufmerksamkeit-staerken-2FP-75?\r\n\t\t\t\t\t\t\t\t\t\" title=\"Sie sehen viele Kabelverbindungen , die in ein Steckerbord gesteckt sind, als Assoziation zum Webseminar f\u00fcr Ergotherapie + Physiotherapie in der Rehabilitation von Schlaganfall + Apoplex + Kognitiven Einschr\u00e4nkungen in Klinik + Praxis\" target=\"_blank\">\r\n\t\t\t\t\t\t\t\t\t\t<img decoding=\"async\" width=\"475\" src=\"https:\/\/www.ergowebinar.de\/intern\/parsed_images\/3da44787-401f-4eb9-9810-00831b261676.jpg\" class=\"vc_single_image-img attachment-full\" alt=\"Sie sehen viele Kabelverbindungen , die in ein Steckerbord gesteckt sind, als Assoziation zum Webseminar f\u00fcr Ergotherapie + Physiotherapie in der Rehabilitation von Schlaganfall + Apoplex + Kognitiven Einschr\u00e4nkungen in Klinik + Praxis\" title=\"Sie sehen viele Kabelverbindungen , die in ein Steckerbord gesteckt sind, als Assoziation zum Webseminar f\u00fcr Ergotherapie + Physiotherapie in der Rehabilitation von Schlaganfall + Apoplex + Kognitiven Einschr\u00e4nkungen in Klinik + Praxis\" srcset=\"https:\/\/www.ergowebinar.de\/intern\/parsed_images\/3da44787-401f-4eb9-9810-00831b261676.jpg 475w, https:\/\/www.ergowebinar.de\/intern\/parsed_images\/3da44787-401f-4eb9-9810-00831b261676.jpg 275w\" sizes=\"(max-width: 475px) 100vw, 475px\" itemprop=\"image\" \/>\r\n\t\t\t\t\t\t\t\t\t\t<h6>Kognition \u2013 die Aufmerksamkeit st\u00e4rken [2FP]<\/h6>\r\n\t\t\t\t\t\t\t\t\t\t\t\t\t\t\t\t\t\t\t\t\t<p class=\"calendarline\"><img decoding=\"async\" class=\"calendar_icon\" src=\"https:\/\/www.ergowebinar.de\/intern\/images\/calendar.png\">21.09.2026 18:00 - 19:00<\/p>\t\r\n\t\t\t\t\t\t\t\t\t\t\t\t\t\t\t\t\t\t\t\t\t<p class=\"liquid_vc_single_text\">Die geteilte oder gerichtete Aufmerksamkeit ist nicht nur eine Basisleistung f&uuml;r effektives Handeln, sondern auch eine Grundlage f&uuml;r viele weitere kognitive Leistungen wie beispielsweise Ged&auml;chtnis. ...<\/p>\r\n\t\t\t\t\t\t\t\t\t\t\t\t\t\t\t\t\t\t\t\t\t<p class=\"sempreis\">49 \u20ac<\/p>\r\n\t\t\t\t\t\t\t\t\t\t\t\t\t\t\t\t\t\t\t\t\t\t\t<p class=\"semmwst\"><\/p>\r\n\t\t\t\t\t\t\t\t\t\t\t\t\t\t\t\t\t\t\t\t\t\t\t\r\n\t\t\t\t\t\t\t\t\t<\/a>\r\n\t\t\t\t\t\t\t\t<\/figure>\r\n\t\t\t\t\t\t\t\t\r\n\t\t\t\t\t\t\t<\/div>\r\n\t\t\t\t\t\t\t\t\t\t\t\t\t\t\r\n\t\t\t\t\t\t<\/div>\r\n\t\t\t\t\t<\/div>\r\n\t\t\t\t<\/div>\r\n\t\t\t\t\t\t\t\t<div class=\"wpb_column vc_column_container vc_col-sm-2\">\r\n\t\t\t\t\t<div class=\"vc_column-inner \" >\r\n\t\t\t\t\t\t<div class=\"wpb_wrapper\" >\r\n\t\t\t\t\t\t\t<div class=\"wpb_single_image wpb_content_element vc_align_ liquid_vc_single_image\">\r\n\t\t\t\t\t\t\t\t\t\t\t\t\t\t\t\t\t<div class=\"sem_overlay\" ><a href=\"#keine33\" class=\"btn btn-solid btn-xsm round border-thin btn-has-label nichtdabutton\">8 Tage nach Ablauf des<br>Vorg\u00e4ngers buchbar<\/a><\/div>\r\n\t\t\t\t\t\t\t\t\t\t\t\t\t\t\t\t\t<figure class=\"wpb_wrapper vc_figure\">\r\n\t\t\t\t\t\t\t\t\t<a href=\"https:\/\/online.therapie.ergowebinar.de\/de\/e\/Fatigue-Denken-und-Planung-reorganisieren-2FP-292?\r\n\t\t\t\t\t\t\t\t\t\" title=\"Sie sehen zwei H\u00e4nde, die eine Toastscheibe \u00fcber einem Sandwich halten, als Assoziation zum Webseminar Fatigue - Denkplanung + Konzentration\r\n f\u00fcr Ergotherapie + Physiotherapie in der Rehabilitation von Long+Post Covid oder Schmerzen in Klinik + Praxis\" target=\"_blank\">\r\n\t\t\t\t\t\t\t\t\t\t<img decoding=\"async\" width=\"475\" src=\"https:\/\/www.ergowebinar.de\/intern\/parsed_images\/73923b4e-ca71-4b8e-9e0c-2f54ca00678cfdfsfsaf.jpg\" class=\"vc_single_image-img attachment-full\" alt=\"Sie sehen zwei H\u00e4nde, die eine Toastscheibe \u00fcber einem Sandwich halten, als Assoziation zum Webseminar Fatigue - Denkplanung + Konzentration\r\n f\u00fcr Ergotherapie + Physiotherapie in der Rehabilitation von Long+Post Covid oder Schmerzen in Klinik + Praxis\" title=\"Sie sehen zwei H\u00e4nde, die eine Toastscheibe \u00fcber einem Sandwich halten, als Assoziation zum Webseminar Fatigue - Denkplanung + Konzentration\r\n f\u00fcr Ergotherapie + Physiotherapie in der Rehabilitation von Long+Post Covid oder Schmerzen in Klinik + Praxis\" srcset=\"https:\/\/www.ergowebinar.de\/intern\/parsed_images\/73923b4e-ca71-4b8e-9e0c-2f54ca00678cfdfsfsaf.jpg 475w, https:\/\/www.ergowebinar.de\/intern\/parsed_images\/73923b4e-ca71-4b8e-9e0c-2f54ca00678cfdfsfsaf.jpg 275w\" sizes=\"(max-width: 475px) 100vw, 475px\" itemprop=\"image\" \/>\r\n\t\t\t\t\t\t\t\t\t\t<h6>Fatigue - Denken und Planung reorganisieren [2FP]<\/h6>\r\n\t\t\t\t\t\t\t\t\t\t\t\t\t\t\t\t\t\t\t\t\t<p class=\"calendarline\"><img decoding=\"async\" class=\"calendar_icon\" src=\"https:\/\/www.ergowebinar.de\/intern\/images\/calendar.png\">21.09.2026 18:30 - 19:30<\/p>\t\r\n\t\t\t\t\t\t\t\t\t\t\t\t\t\t\t\t\t\t\t\t\t<p class=\"liquid_vc_single_text\">\r\nDer Denk- und Planungsanteil in Aktivit&auml;ten stellt viele Menschen mit Fatigue vor gro&szlig;e Herausforderungen. Durch eine angepasste oder optimierte Vorgehensweise bei gewohnten Aktivit&auml;ten ...<\/p>\r\n\t\t\t\t\t\t\t\t\t\t\t\t\t\t\t\t\t\t\t\t\t<p class=\"sempreis\">49 \u20ac<\/p>\r\n\t\t\t\t\t\t\t\t\t\t\t\t\t\t\t\t\t\t\t\t\t\t\t<p class=\"semmwst\"><\/p>\r\n\t\t\t\t\t\t\t\t\t\t\t\t\t\t\t\t\t\t\t\t\t\t\t\r\n\t\t\t\t\t\t\t\t\t<\/a>\r\n\t\t\t\t\t\t\t\t<\/figure>\r\n\t\t\t\t\t\t\t\t\r\n\t\t\t\t\t\t\t<\/div>\r\n\t\t\t\t\t\t\t\t\t\t\t\t\t\t\r\n\t\t\t\t\t\t<\/div>\r\n\t\t\t\t\t<\/div>\r\n\t\t\t\t<\/div>\r\n\t\t\t\t\t\t\t\t<div class=\"wpb_column vc_column_container vc_col-sm-2\">\r\n\t\t\t\t\t<div class=\"vc_column-inner \" >\r\n\t\t\t\t\t\t<div class=\"wpb_wrapper\" >\r\n\t\t\t\t\t\t\t<div class=\"wpb_single_image wpb_content_element vc_align_ liquid_vc_single_image\">\r\n\t\t\t\t\t\t\t\t\t\t\t\t\t\t\t\t\t<div class=\"sem_overlay\" ><a href=\"https:\/\/\r\n\t\t\t\t\t\t\t\t\tonline.therapie.ergowebinar.de\/de\/e\/Sitztanz-fuer-Hochbetagte-Yoga-kennt-kein-Alter-2-FP-169?\r\n\t\t\t\t\t\t\t\t\t\t\t\t\t\t\t\t\t\t\" class=\"btn btn-solid btn-xsm round border-thin btn-has-label jetztstartenbutton\">klicken f\u00fcr Details<\/a><\/div>\r\n\t\t\t\t\t\t\t\t\t\t\t\t\t\t\t\t\t<figure class=\"wpb_wrapper vc_figure\">\r\n\t\t\t\t\t\t\t\t\t<a href=\"https:\/\/online.therapie.ergowebinar.de\/de\/e\/Sitztanz-fuer-Hochbetagte-Yoga-kennt-kein-Alter-2-FP-169?\r\n\t\t\t\t\t\t\t\t\t\" title=\"Sie sehen einen Senior in Sportkelidung aus dem gestreckten sitz vom Boden aufstehen als Assoziation zum Webseminar zu Yoga f\u00fcr Senioren f\u00fcr Ergotherapie + Physiotherapie in der Rehabilitation, Geriatrie in Senioreneinrichtungen + Klinik + Praxis\" target=\"_blank\">\r\n\t\t\t\t\t\t\t\t\t\t<img decoding=\"async\" width=\"475\" src=\"https:\/\/www.ergowebinar.de\/intern\/parsed_images\/0c849185-0706-4374-840e-270ada877f22.jpg\" class=\"vc_single_image-img attachment-full\" alt=\"Sie sehen einen Senior in Sportkelidung aus dem gestreckten sitz vom Boden aufstehen als Assoziation zum Webseminar zu Yoga f\u00fcr Senioren f\u00fcr Ergotherapie + Physiotherapie in der Rehabilitation, Geriatrie in Senioreneinrichtungen + Klinik + Praxis\" title=\"Sie sehen einen Senior in Sportkelidung aus dem gestreckten sitz vom Boden aufstehen als Assoziation zum Webseminar zu Yoga f\u00fcr Senioren f\u00fcr Ergotherapie + Physiotherapie in der Rehabilitation, Geriatrie in Senioreneinrichtungen + Klinik + Praxis\" srcset=\"https:\/\/www.ergowebinar.de\/intern\/parsed_images\/0c849185-0706-4374-840e-270ada877f22.jpg 475w, https:\/\/www.ergowebinar.de\/intern\/parsed_images\/0c849185-0706-4374-840e-270ada877f22.jpg 275w\" sizes=\"(max-width: 475px) 100vw, 475px\" itemprop=\"image\" \/>\r\n\t\t\t\t\t\t\t\t\t\t<h6>Sitztanz f\u00fcr Hochbetagte - Yoga kennt kein Alter [2 FP]<\/h6>\r\n\t\t\t\t\t\t\t\t\t\t\t\t\t\t\t\t\t\t\t\t\t<p class=\"calendarline\"><img decoding=\"async\" class=\"calendar_icon\" src=\"https:\/\/www.ergowebinar.de\/intern\/images\/calendar.png\">23.09.2026 18:30 - 19:30<\/p>\t\r\n\t\t\t\t\t\t\t\t\t\t\t\t\t\t\t\t\t\t\t\t\t<p class=\"liquid_vc_single_text\">Je &auml;lter unsere Klient:innen werden, umso st&auml;rker variiert die Tagesverfassung. Damit an Tagen mit gef&uuml;hlt leichter Ersch&ouml;pfung der Positionswechsel nicht zur Belastungsprobe wird, ...<\/p>\r\n\t\t\t\t\t\t\t\t\t\t\t\t\t\t\t\t\t\t\t\t\t<p class=\"sempreis\">49 \u20ac<\/p>\r\n\t\t\t\t\t\t\t\t\t\t\t\t\t\t\t\t\t\t\t\t\t\t\t<p class=\"semmwst\"><\/p>\r\n\t\t\t\t\t\t\t\t\t\t\t\t\t\t\t\t\t\t\t\t\t\t\t\r\n\t\t\t\t\t\t\t\t\t<\/a>\r\n\t\t\t\t\t\t\t\t<\/figure>\r\n\t\t\t\t\t\t\t\t\r\n\t\t\t\t\t\t\t<\/div>\r\n\t\t\t\t\t\t\t\t\t\t\t\t\t\t\r\n\t\t\t\t\t\t<\/div>\r\n\t\t\t\t\t<\/div>\r\n\t\t\t\t<\/div>\r\n\t\t\t\t\t\t\t\t<div class=\"wpb_column vc_column_container vc_col-sm-2\">\r\n\t\t\t\t\t<div class=\"vc_column-inner \" >\r\n\t\t\t\t\t\t<div class=\"wpb_wrapper\" >\r\n\t\t\t\t\t\t\t<div class=\"wpb_single_image wpb_content_element vc_align_ liquid_vc_single_image\">\r\n\t\t\t\t\t\t\t\t\t\t\t\t\t\t\t\t\t<div class=\"sem_overlay\" ><a href=\"https:\/\/\r\n\t\t\t\t\t\t\t\t\tonline.therapie.ergowebinar.de\/de\/e\/Long-Covid-Kognitive-Probleme-bei-taeglichen-Aktivitaeten-2-FP-165?\r\n\t\t\t\t\t\t\t\t\t\t\t\t\t\t\t\t\t\t\" class=\"btn btn-solid btn-xsm round border-thin btn-has-label jetztstartenbutton\">klicken f\u00fcr Details<\/a><\/div>\r\n\t\t\t\t\t\t\t\t\t\t\t\t\t\t\t\t\t<figure class=\"wpb_wrapper vc_figure\">\r\n\t\t\t\t\t\t\t\t\t<a href=\"https:\/\/online.therapie.ergowebinar.de\/de\/e\/Long-Covid-Kognitive-Probleme-bei-taeglichen-Aktivitaeten-2-FP-165?\r\n\t\t\t\t\t\t\t\t\t\" title=\"Sie sehen einen Mann auf dem Bettrand sitzend mit seinem Kopf m\u00fcde auf die Hand gest\u00fctzter Geste  als Assoziation zum Webseminar f\u00fcr Ergotherapie + Physiotherapie in der Rehabilitation von Long + Post Covid in Klinik + Praxis\" target=\"_blank\">\r\n\t\t\t\t\t\t\t\t\t\t<img decoding=\"async\" width=\"475\" src=\"https:\/\/www.ergowebinar.de\/intern\/parsed_images\/c706697a-e049-4b2e-b7e1-5210b12c5cc6.jpg\" class=\"vc_single_image-img attachment-full\" alt=\"Sie sehen einen Mann auf dem Bettrand sitzend mit seinem Kopf m\u00fcde auf die Hand gest\u00fctzter Geste  als Assoziation zum Webseminar f\u00fcr Ergotherapie + Physiotherapie in der Rehabilitation von Long + Post Covid in Klinik + Praxis\" title=\"Sie sehen einen Mann auf dem Bettrand sitzend mit seinem Kopf m\u00fcde auf die Hand gest\u00fctzter Geste  als Assoziation zum Webseminar f\u00fcr Ergotherapie + Physiotherapie in der Rehabilitation von Long + Post Covid in Klinik + Praxis\" srcset=\"https:\/\/www.ergowebinar.de\/intern\/parsed_images\/c706697a-e049-4b2e-b7e1-5210b12c5cc6.jpg 475w, https:\/\/www.ergowebinar.de\/intern\/parsed_images\/c706697a-e049-4b2e-b7e1-5210b12c5cc6.jpg 275w\" sizes=\"(max-width: 475px) 100vw, 475px\" itemprop=\"image\" \/>\r\n\t\t\t\t\t\t\t\t\t\t<h6>Long Covid \u2013 Kognitive Probleme bei t\u00e4glichen Aktivit\u00e4ten [2 FP]<\/h6>\r\n\t\t\t\t\t\t\t\t\t\t\t\t\t\t\t\t\t\t\t\t\t<p class=\"calendarline\"><img decoding=\"async\" class=\"calendar_icon\" src=\"https:\/\/www.ergowebinar.de\/intern\/images\/calendar.png\">23.09.2026 20:00 - 21:00<\/p>\t\r\n\t\t\t\t\t\t\t\t\t\t\t\t\t\t\t\t\t\t\t\t\t<p class=\"liquid_vc_single_text\">Aufmerksamkeitsdefizit, Ged&auml;chtnisprobleme und Schwierigkeiten in der Wahrnehmung beeinflussen die Lebensqualit&auml;t und das t&auml;gliche Handeln. In diesem Themenblock geht es um die zwei spezifischen ...<\/p>\r\n\t\t\t\t\t\t\t\t\t\t\t\t\t\t\t\t\t\t\t\t\t<p class=\"sempreis\">49 \u20ac<\/p>\r\n\t\t\t\t\t\t\t\t\t\t\t\t\t\t\t\t\t\t\t\t\t\t\t<p class=\"semmwst\"><\/p>\r\n\t\t\t\t\t\t\t\t\t\t\t\t\t\t\t\t\t\t\t\t\t\t\t\r\n\t\t\t\t\t\t\t\t\t<\/a>\r\n\t\t\t\t\t\t\t\t<\/figure>\r\n\t\t\t\t\t\t\t\t\r\n\t\t\t\t\t\t\t<\/div>\r\n\t\t\t\t\t\t\t\t\t\t\t\t\t\t\r\n\t\t\t\t\t\t<\/div>\r\n\t\t\t\t\t<\/div>\r\n\t\t\t\t<\/div>\r\n\t\t\t\t\t\t\t\t<div class=\"wpb_column vc_column_container vc_col-sm-2\">\r\n\t\t\t\t\t<div class=\"vc_column-inner \" >\r\n\t\t\t\t\t\t<div class=\"wpb_wrapper\" >\r\n\t\t\t\t\t\t\t<div class=\"wpb_single_image wpb_content_element vc_align_ liquid_vc_single_image\">\r\n\t\t\t\t\t\t\t\t\t\t\t\t\t\t\t\t\t<div class=\"sem_overlay\" ><a href=\"https:\/\/\r\n\t\t\t\t\t\t\t\t\tonline.therapie.ergowebinar.de\/de\/e\/Geriatrie-Gluecklich-auf-der-Strasse-2FP-289?\r\n\t\t\t\t\t\t\t\t\t\t\t\t\t\t\t\t\t\t\" class=\"btn btn-solid btn-xsm round border-thin btn-has-label jetztstartenbutton\">klicken f\u00fcr Details<\/a><\/div>\r\n\t\t\t\t\t\t\t\t\t\t\t\t\t\t\t\t\t<figure class=\"wpb_wrapper vc_figure\">\r\n\t\t\t\t\t\t\t\t\t<a href=\"https:\/\/online.therapie.ergowebinar.de\/de\/e\/Geriatrie-Gluecklich-auf-der-Strasse-2FP-289?\r\n\t\t\t\t\t\t\t\t\t\" title=\"Sie sehen eine Bushaltestelle mit einem abfahrenden Linienbus an einer Allee, als Assoziation zum Webseminar \u00fcber Ergotherapie zur Mobilit\u00e4t im Alltag und der Wirkung in der Geriatrie und allen Fachbereichen in der Klinik + Praxis\" target=\"_blank\">\r\n\t\t\t\t\t\t\t\t\t\t<img decoding=\"async\" width=\"475\" src=\"https:\/\/www.ergowebinar.de\/intern\/parsed_images\/e36a68cb-1fce-4d37-9c6c-ce4f8e8f51d6.jpg\" class=\"vc_single_image-img attachment-full\" alt=\"Sie sehen eine Bushaltestelle mit einem abfahrenden Linienbus an einer Allee, als Assoziation zum Webseminar \u00fcber Ergotherapie zur Mobilit\u00e4t im Alltag und der Wirkung in der Geriatrie und allen Fachbereichen in der Klinik + Praxis\" title=\"Sie sehen eine Bushaltestelle mit einem abfahrenden Linienbus an einer Allee, als Assoziation zum Webseminar \u00fcber Ergotherapie zur Mobilit\u00e4t im Alltag und der Wirkung in der Geriatrie und allen Fachbereichen in der Klinik + Praxis\" srcset=\"https:\/\/www.ergowebinar.de\/intern\/parsed_images\/e36a68cb-1fce-4d37-9c6c-ce4f8e8f51d6.jpg 475w, https:\/\/www.ergowebinar.de\/intern\/parsed_images\/e36a68cb-1fce-4d37-9c6c-ce4f8e8f51d6.jpg 275w\" sizes=\"(max-width: 475px) 100vw, 475px\" itemprop=\"image\" \/>\r\n\t\t\t\t\t\t\t\t\t\t<h6>Geriatrie - Gl\u00fccklich ...auf der Stra\u00dfe! [2FP]<\/h6>\r\n\t\t\t\t\t\t\t\t\t\t\t\t\t\t\t\t\t\t\t\t\t<p class=\"calendarline\"><img decoding=\"async\" class=\"calendar_icon\" src=\"https:\/\/www.ergowebinar.de\/intern\/images\/calendar.png\">24.09.2026 18:15 - 19:15<\/p>\t\r\n\t\t\t\t\t\t\t\t\t\t\t\t\t\t\t\t\t\t\t\t\t<p class=\"liquid_vc_single_text\">\r\n\r\n\r\n\r\n\r\nMobilit&auml;t ist f&uuml;r viele Bet&auml;tigungen im Alltag unverzichtbar. Anhand von Fallbeispielen zeige ich, wie es m&ouml;glich ist klientenzentriert das passende Vorgehen und das passende ...<\/p>\r\n\t\t\t\t\t\t\t\t\t\t\t\t\t\t\t\t\t\t\t\t\t<p class=\"sempreis\">49 \u20ac<\/p>\r\n\t\t\t\t\t\t\t\t\t\t\t\t\t\t\t\t\t\t\t\t\t\t\t<p class=\"semmwst\"><\/p>\r\n\t\t\t\t\t\t\t\t\t\t\t\t\t\t\t\t\t\t\t\t\t\t\t\r\n\t\t\t\t\t\t\t\t\t<\/a>\r\n\t\t\t\t\t\t\t\t<\/figure>\r\n\t\t\t\t\t\t\t\t\r\n\t\t\t\t\t\t\t<\/div>\r\n\t\t\t\t\t\t\t\t\t\t\t\t\t\t\r\n\t\t\t\t\t\t<\/div>\r\n\t\t\t\t\t<\/div>\r\n\t\t\t\t<\/div>\r\n\t\t\t\t\t\t\t\t<div class=\"wpb_column vc_column_container vc_col-sm-2\">\r\n\t\t\t\t\t<div class=\"vc_column-inner \" >\r\n\t\t\t\t\t\t<div class=\"wpb_wrapper\" >\r\n\t\t\t\t\t\t\t<div class=\"wpb_single_image wpb_content_element vc_align_ liquid_vc_single_image\">\r\n\t\t\t\t\t\t\t\t\t\t\t\t\t\t\t\t\t<div class=\"sem_overlay\" ><a href=\"https:\/\/\r\n\t\t\t\t\t\t\t\t\tonline.therapie.ergowebinar.de\/de\/e\/Health-Action-Process-Approach-Veraenderungen-des-Gesundheitsverhaltens-begleiten-2FP-320?\r\n\t\t\t\t\t\t\t\t\t\t\t\t\t\t\t\t\t\t\" class=\"btn btn-solid btn-xsm round border-thin btn-has-label jetztstartenbutton\">klicken f\u00fcr Details<\/a><\/div>\r\n\t\t\t\t\t\t\t\t\t\t\t\t\t\t\t\t\t<figure class=\"wpb_wrapper vc_figure\">\r\n\t\t\t\t\t\t\t\t\t<a href=\"https:\/\/online.therapie.ergowebinar.de\/de\/e\/Health-Action-Process-Approach-Veraenderungen-des-Gesundheitsverhaltens-begleiten-2FP-320?\r\n\t\t\t\t\t\t\t\t\t\" title=\"Sie sehen ein \u00e4lteres Wegweiserschild mit einem links-rechts Pfeil als Assoziation zum Webseminar zur Unterst\u00fctzung von Verhaltensver\u00e4nderungen in der Gesundheitsf\u00f6rderung f\u00fcr alle Fachbereiche der Ergotherapie + Physiotherapie in der Klinik + Praxis\" target=\"_blank\">\r\n\t\t\t\t\t\t\t\t\t\t<img decoding=\"async\" width=\"475\" src=\"https:\/\/www.ergowebinar.de\/intern\/parsed_images\/320.jpg\" class=\"vc_single_image-img attachment-full\" alt=\"Sie sehen ein \u00e4lteres Wegweiserschild mit einem links-rechts Pfeil als Assoziation zum Webseminar zur Unterst\u00fctzung von Verhaltensver\u00e4nderungen in der Gesundheitsf\u00f6rderung f\u00fcr alle Fachbereiche der Ergotherapie + Physiotherapie in der Klinik + Praxis\" title=\"Sie sehen ein \u00e4lteres Wegweiserschild mit einem links-rechts Pfeil als Assoziation zum Webseminar zur Unterst\u00fctzung von Verhaltensver\u00e4nderungen in der Gesundheitsf\u00f6rderung f\u00fcr alle Fachbereiche der Ergotherapie + Physiotherapie in der Klinik + Praxis\" srcset=\"https:\/\/www.ergowebinar.de\/intern\/parsed_images\/320.jpg 475w, https:\/\/www.ergowebinar.de\/intern\/parsed_images\/320.jpg 275w\" sizes=\"(max-width: 475px) 100vw, 475px\" itemprop=\"image\" \/>\r\n\t\t\t\t\t\t\t\t\t\t<h6>Health Action Process Approach - Ver\u00e4nderungen des Gesundheitsverhaltens begleiten [2FP]<\/h6>\r\n\t\t\t\t\t\t\t\t\t\t\t\t\t\t\t\t\t\t\t\t\t<p class=\"calendarline\"><img decoding=\"async\" class=\"calendar_icon\" src=\"https:\/\/www.ergowebinar.de\/intern\/images\/calendar.png\">28.09.2026 16:45 - 17:45<\/p>\t\r\n\t\t\t\t\t\t\t\t\t\t\t\t\t\t\t\t\t\t\t\t\t<p class=\"liquid_vc_single_text\">\r\nVerhaltens&auml;nderung ist ein zentraler Bestandteil in der Gesundheitsf&ouml;rderung. Der Health Action Process Approach (HAPA) ist ein evidenzbasierter Ansatz, der zeigt, wie Menschen ihre Gesundheit ...<\/p>\r\n\t\t\t\t\t\t\t\t\t\t\t\t\t\t\t\t\t\t\t\t\t<p class=\"sempreis\">49 \u20ac<\/p>\r\n\t\t\t\t\t\t\t\t\t\t\t\t\t\t\t\t\t\t\t\t\t\t\t<p class=\"semmwst\"><\/p>\r\n\t\t\t\t\t\t\t\t\t\t\t\t\t\t\t\t\t\t\t\t\t\t\t\r\n\t\t\t\t\t\t\t\t\t<\/a>\r\n\t\t\t\t\t\t\t\t<\/figure>\r\n\t\t\t\t\t\t\t\t\r\n\t\t\t\t\t\t\t<\/div>\r\n\t\t\t\t\t\t\t\t\t\t\t\t\t\t\r\n\t\t\t\t\t\t<\/div>\r\n\t\t\t\t\t<\/div>\r\n\t\t\t\t<\/div>\r\n\t\t\t\t\t\t\t\t<div class=\"wpb_column vc_column_container vc_col-sm-2\">\r\n\t\t\t\t\t<div class=\"vc_column-inner \" >\r\n\t\t\t\t\t\t<div class=\"wpb_wrapper\" >\r\n\t\t\t\t\t\t\t<div class=\"wpb_single_image wpb_content_element vc_align_ liquid_vc_single_image\">\r\n\t\t\t\t\t\t\t\t\t\t\t\t\t\t\t\t\t<div class=\"sem_overlay\" ><a href=\"https:\/\/\r\n\t\t\t\t\t\t\t\t\tonline.therapie.ergowebinar.de\/de\/e\/Fatigue-Erfolgreiches-Pausenmanagement-implementieren-2FP-150?\r\n\t\t\t\t\t\t\t\t\t\t\t\t\t\t\t\t\t\t\" class=\"btn btn-solid btn-xsm round border-thin btn-has-label jetztstartenbutton\">klicken f\u00fcr Details<\/a><\/div>\r\n\t\t\t\t\t\t\t\t\t\t\t\t\t\t\t\t\t<figure class=\"wpb_wrapper vc_figure\">\r\n\t\t\t\t\t\t\t\t\t<a href=\"https:\/\/online.therapie.ergowebinar.de\/de\/e\/Fatigue-Erfolgreiches-Pausenmanagement-implementieren-2FP-150?\r\n\t\t\t\t\t\t\t\t\t\" title=\"Sie sehen eine Person ausgestreckt auf einer Wiese liegen als Assoziation zum Webseminar \u00fcber Pausenmanagement in der Ergotherapie + Physiotherapie in der Rehabilitation von Schlaganfall + Neuroreha + Post+ LongCovid + Schmerreha in Klinik + Praxis\" target=\"_blank\">\r\n\t\t\t\t\t\t\t\t\t\t<img decoding=\"async\" width=\"475\" src=\"https:\/\/www.ergowebinar.de\/intern\/parsed_images\/05ef0b3a-5767-4f1c-9895-f48421d720d9.jpg\" class=\"vc_single_image-img attachment-full\" alt=\"Sie sehen eine Person ausgestreckt auf einer Wiese liegen als Assoziation zum Webseminar \u00fcber Pausenmanagement in der Ergotherapie + Physiotherapie in der Rehabilitation von Schlaganfall + Neuroreha + Post+ LongCovid + Schmerreha in Klinik + Praxis\" title=\"Sie sehen eine Person ausgestreckt auf einer Wiese liegen als Assoziation zum Webseminar \u00fcber Pausenmanagement in der Ergotherapie + Physiotherapie in der Rehabilitation von Schlaganfall + Neuroreha + Post+ LongCovid + Schmerreha in Klinik + Praxis\" srcset=\"https:\/\/www.ergowebinar.de\/intern\/parsed_images\/05ef0b3a-5767-4f1c-9895-f48421d720d9.jpg 475w, https:\/\/www.ergowebinar.de\/intern\/parsed_images\/05ef0b3a-5767-4f1c-9895-f48421d720d9.jpg 275w\" sizes=\"(max-width: 475px) 100vw, 475px\" itemprop=\"image\" \/>\r\n\t\t\t\t\t\t\t\t\t\t<h6>Fatigue \u2013 Erfolgreiches Pausenmanagement implementieren [2FP]<\/h6>\r\n\t\t\t\t\t\t\t\t\t\t\t\t\t\t\t\t\t\t\t\t\t<p class=\"calendarline\"><img decoding=\"async\" class=\"calendar_icon\" src=\"https:\/\/www.ergowebinar.de\/intern\/images\/calendar.png\">28.09.2026 18:30 - 19:30<\/p>\t\r\n\t\t\t\t\t\t\t\t\t\t\t\t\t\t\t\t\t\t\t\t\t<p class=\"liquid_vc_single_text\">Der gezielte Einsatz von Pausen ist ein wichtiges \"Werkzeug\" f&uuml;r Menschen, die chronisch von dem Symptom Fatigue betroffen sind. Strategien &nbsp;werden in der Ergotherapie gemeinsam &nbsp;mit dem ...<\/p>\r\n\t\t\t\t\t\t\t\t\t\t\t\t\t\t\t\t\t\t\t\t\t<p class=\"sempreis\">49 \u20ac<\/p>\r\n\t\t\t\t\t\t\t\t\t\t\t\t\t\t\t\t\t\t\t\t\t\t\t<p class=\"semmwst\"><\/p>\r\n\t\t\t\t\t\t\t\t\t\t\t\t\t\t\t\t\t\t\t\t\t\t\t\r\n\t\t\t\t\t\t\t\t\t<\/a>\r\n\t\t\t\t\t\t\t\t<\/figure>\r\n\t\t\t\t\t\t\t\t\r\n\t\t\t\t\t\t\t<\/div>\r\n\t\t\t\t\t\t\t\t\t\t\t\t\t\t\r\n\t\t\t\t\t\t<\/div>\r\n\t\t\t\t\t<\/div>\r\n\t\t\t\t<\/div>\r\n\t\t\t\t\t\t\t\t<div class=\"wpb_column vc_column_container vc_col-sm-2\">\r\n\t\t\t\t\t<div class=\"vc_column-inner \" >\r\n\t\t\t\t\t\t<div class=\"wpb_wrapper\" >\r\n\t\t\t\t\t\t\t<div class=\"wpb_single_image wpb_content_element vc_align_ liquid_vc_single_image\">\r\n\t\t\t\t\t\t\t\t\t\t\t\t\t\t\t\t\t<div class=\"sem_overlay\" ><a href=\"https:\/\/\r\n\t\t\t\t\t\t\t\t\tonline.therapie.ergowebinar.de\/de\/e\/Multifaktorielle-Sturzpraevention-fuer-Personen-mit-hohem-Sturzrisiko-Update-2FP-69?\r\n\t\t\t\t\t\t\t\t\t\t\t\t\t\t\t\t\t\t\" class=\"btn btn-solid btn-xsm round border-thin btn-has-label jetztstartenbutton\">klicken f\u00fcr Details<\/a><\/div>\r\n\t\t\t\t\t\t\t\t\t\t\t\t\t\t\t\t\t<figure class=\"wpb_wrapper vc_figure\">\r\n\t\t\t\t\t\t\t\t\t<a href=\"https:\/\/online.therapie.ergowebinar.de\/de\/e\/Multifaktorielle-Sturzpraevention-fuer-Personen-mit-hohem-Sturzrisiko-Update-2FP-69?\r\n\t\t\t\t\t\t\t\t\t\" title=\"Sie sehen fallende Dominosteine, die von einer Hand gebremst werden, als Assoziation zum Webseminar f\u00fcr Ergotherapie + Physiotherapie in der Sturzpr\u00e4vention im de NeuroReha, Orthop\u00e4die und Geriatrie in Klinik + Praxis\" target=\"_blank\">\r\n\t\t\t\t\t\t\t\t\t\t<img decoding=\"async\" width=\"475\" src=\"https:\/\/www.ergowebinar.de\/intern\/parsed_images\/69.png\" class=\"vc_single_image-img attachment-full\" alt=\"Sie sehen fallende Dominosteine, die von einer Hand gebremst werden, als Assoziation zum Webseminar f\u00fcr Ergotherapie + Physiotherapie in der Sturzpr\u00e4vention im de NeuroReha, Orthop\u00e4die und Geriatrie in Klinik + Praxis\" title=\"Sie sehen fallende Dominosteine, die von einer Hand gebremst werden, als Assoziation zum Webseminar f\u00fcr Ergotherapie + Physiotherapie in der Sturzpr\u00e4vention im de NeuroReha, Orthop\u00e4die und Geriatrie in Klinik + Praxis\" srcset=\"https:\/\/www.ergowebinar.de\/intern\/parsed_images\/69.png 475w, https:\/\/www.ergowebinar.de\/intern\/parsed_images\/69.png 275w\" sizes=\"(max-width: 475px) 100vw, 475px\" itemprop=\"image\" \/>\r\n\t\t\t\t\t\t\t\t\t\t<h6>Multifaktorielle Sturzpr\u00e4vention f\u00fcr Personen mit hohem Sturzrisiko - Update [2FP]<\/h6>\r\n\t\t\t\t\t\t\t\t\t\t\t\t\t\t\t\t\t\t\t\t\t<p class=\"calendarline\"><img decoding=\"async\" class=\"calendar_icon\" src=\"https:\/\/www.ergowebinar.de\/intern\/images\/calendar.png\">28.09.2026 19:45 - 20:45<\/p>\t\r\n\t\t\t\t\t\t\t\t\t\t\t\t\t\t\t\t\t\t\t\t\t<p class=\"liquid_vc_single_text\">Sturzpr&auml;ventionsma&szlig;nahmen gewinnen in unserer Gesellschaft immer mehr an Bedeutung. Bei Personen mit hohem Sturzrisiko sind neben einem k&ouml;rperlichen Training auch weitere Ma&szlig;nahmen ...<\/p>\r\n\t\t\t\t\t\t\t\t\t\t\t\t\t\t\t\t\t\t\t\t\t<p class=\"sempreis\">49 \u20ac<\/p>\r\n\t\t\t\t\t\t\t\t\t\t\t\t\t\t\t\t\t\t\t\t\t\t\t<p class=\"semmwst\"><\/p>\r\n\t\t\t\t\t\t\t\t\t\t\t\t\t\t\t\t\t\t\t\t\t\t\t\r\n\t\t\t\t\t\t\t\t\t<\/a>\r\n\t\t\t\t\t\t\t\t<\/figure>\r\n\t\t\t\t\t\t\t\t\r\n\t\t\t\t\t\t\t<\/div>\r\n\t\t\t\t\t\t\t\t\t\t\t\t\t\t\r\n\t\t\t\t\t\t<\/div>\r\n\t\t\t\t\t<\/div>\r\n\t\t\t\t<\/div>\r\n\t\t\t\t\t\t\t\t<div class=\"wpb_column vc_column_container vc_col-sm-2\">\r\n\t\t\t\t\t<div class=\"vc_column-inner \" >\r\n\t\t\t\t\t\t<div class=\"wpb_wrapper\" >\r\n\t\t\t\t\t\t\t<div class=\"wpb_single_image wpb_content_element vc_align_ liquid_vc_single_image\">\r\n\t\t\t\t\t\t\t\t\t\t\t\t\t\t\t\t\t<div class=\"sem_overlay\" ><a href=\"https:\/\/\r\n\t\t\t\t\t\t\t\t\tonline.therapie.ergowebinar.de\/de\/e\/Rheuma-Gelenkschutz-1-im-Haushalt-2FP-98?\r\n\t\t\t\t\t\t\t\t\t\t\t\t\t\t\t\t\t\t\" class=\"btn btn-solid btn-xsm round border-thin btn-has-label jetztstartenbutton\">klicken f\u00fcr Details<\/a><\/div>\r\n\t\t\t\t\t\t\t\t\t\t\t\t\t\t\t\t\t<figure class=\"wpb_wrapper vc_figure\">\r\n\t\t\t\t\t\t\t\t\t<a href=\"https:\/\/online.therapie.ergowebinar.de\/de\/e\/Rheuma-Gelenkschutz-1-im-Haushalt-2FP-98?\r\n\t\t\t\t\t\t\t\t\t\" title=\"Sie sehen mit dem Blickwinkel aus dem Backofen heraus \u00fcber einen Kuchen in das Gesicht einer Frau, als Assoziation zum Webseminar f\u00fcr Ergotherapie + Physiotherapie in der Rehabilitation + Gelenkschutz bei Rheuma in der Handtherapie in Klinik + Praxis\" target=\"_blank\">\r\n\t\t\t\t\t\t\t\t\t\t<img decoding=\"async\" width=\"475\" src=\"https:\/\/www.ergowebinar.de\/intern\/parsed_images\/0577c142-7bc0-4772-989d-fb2c100bfc0c.jpg\" class=\"vc_single_image-img attachment-full\" alt=\"Sie sehen mit dem Blickwinkel aus dem Backofen heraus \u00fcber einen Kuchen in das Gesicht einer Frau, als Assoziation zum Webseminar f\u00fcr Ergotherapie + Physiotherapie in der Rehabilitation + Gelenkschutz bei Rheuma in der Handtherapie in Klinik + Praxis\" title=\"Sie sehen mit dem Blickwinkel aus dem Backofen heraus \u00fcber einen Kuchen in das Gesicht einer Frau, als Assoziation zum Webseminar f\u00fcr Ergotherapie + Physiotherapie in der Rehabilitation + Gelenkschutz bei Rheuma in der Handtherapie in Klinik + Praxis\" srcset=\"https:\/\/www.ergowebinar.de\/intern\/parsed_images\/0577c142-7bc0-4772-989d-fb2c100bfc0c.jpg 475w, https:\/\/www.ergowebinar.de\/intern\/parsed_images\/0577c142-7bc0-4772-989d-fb2c100bfc0c.jpg 275w\" sizes=\"(max-width: 475px) 100vw, 475px\" itemprop=\"image\" \/>\r\n\t\t\t\t\t\t\t\t\t\t<h6>Rheuma \u2013 Gelenkschutz 1-im Haushalt [2FP]<\/h6>\r\n\t\t\t\t\t\t\t\t\t\t\t\t\t\t\t\t\t\t\t\t\t<p class=\"calendarline\"><img decoding=\"async\" class=\"calendar_icon\" src=\"https:\/\/www.ergowebinar.de\/intern\/images\/calendar.png\">29.09.2026 18:00 - 19:00<\/p>\t\r\n\t\t\t\t\t\t\t\t\t\t\t\t\t\t\t\t\t\t\t\t\t<p class=\"liquid_vc_single_text\">Ziel des Gelenkschutz ist eine Entlastung rheumatisch betroffener Gelenke von zu starker Beanspruchung. Zugleich wird durch die Gelenkschutzprinzipien eine Minderung von Schmerz und Vermeidung von Deformit&auml;ten ...<\/p>\r\n\t\t\t\t\t\t\t\t\t\t\t\t\t\t\t\t\t\t\t\t\t<p class=\"sempreis\">49 \u20ac<\/p>\r\n\t\t\t\t\t\t\t\t\t\t\t\t\t\t\t\t\t\t\t\t\t\t\t<p class=\"semmwst\"><\/p>\r\n\t\t\t\t\t\t\t\t\t\t\t\t\t\t\t\t\t\t\t\t\t\t\t\r\n\t\t\t\t\t\t\t\t\t<\/a>\r\n\t\t\t\t\t\t\t\t<\/figure>\r\n\t\t\t\t\t\t\t\t\r\n\t\t\t\t\t\t\t<\/div>\r\n\t\t\t\t\t\t\t\t\t\t\t\t\t\t\r\n\t\t\t\t\t\t<\/div>\r\n\t\t\t\t\t<\/div>\r\n\t\t\t\t<\/div>\r\n\t\t\t\t\t\t\t\t<div class=\"wpb_column vc_column_container vc_col-sm-2\">\r\n\t\t\t\t\t<div class=\"vc_column-inner \" >\r\n\t\t\t\t\t\t<div class=\"wpb_wrapper\" >\r\n\t\t\t\t\t\t\t<div class=\"wpb_single_image wpb_content_element vc_align_ liquid_vc_single_image\">\r\n\t\t\t\t\t\t\t\t\t\t\t\t\t\t\t\t\t<div class=\"sem_overlay\" ><a href=\"https:\/\/\r\n\t\t\t\t\t\t\t\t\tonline.therapie.ergowebinar.de\/de\/e\/Neglect-Therapie-2-Basics-2-FP-189?\r\n\t\t\t\t\t\t\t\t\t\t\t\t\t\t\t\t\t\t\" class=\"btn btn-solid btn-xsm round border-thin btn-has-label jetztstartenbutton\">klicken f\u00fcr Details<\/a><\/div>\r\n\t\t\t\t\t\t\t\t\t\t\t\t\t\t\t\t\t<figure class=\"wpb_wrapper vc_figure\">\r\n\t\t\t\t\t\t\t\t\t<a href=\"https:\/\/online.therapie.ergowebinar.de\/de\/e\/Neglect-Therapie-2-Basics-2-FP-189?\r\n\t\t\t\t\t\t\t\t\t\" title=\"Sie sehen die Darstellung einer linken Gesichtsh\u00e4lfte; die andere H\u00e4lfte wird durch einen hellgraue halbtransparente Fl\u00e4che verdeckt, als Metapher zum Webinar f\u00fcr Ergotherapie + Physiotherapie in der Reha von Schlaganfall + Apoplex in Klinik + Praxis\" target=\"_blank\">\r\n\t\t\t\t\t\t\t\t\t\t<img decoding=\"async\" width=\"475\" src=\"https:\/\/www.ergowebinar.de\/intern\/parsed_images\/7005e4b0-06b4-405c-b889-edc43cb2a240.jpg\" class=\"vc_single_image-img attachment-full\" alt=\"Sie sehen die Darstellung einer linken Gesichtsh\u00e4lfte; die andere H\u00e4lfte wird durch einen hellgraue halbtransparente Fl\u00e4che verdeckt, als Metapher zum Webinar f\u00fcr Ergotherapie + Physiotherapie in der Reha von Schlaganfall + Apoplex in Klinik + Praxis\" title=\"Sie sehen die Darstellung einer linken Gesichtsh\u00e4lfte; die andere H\u00e4lfte wird durch einen hellgraue halbtransparente Fl\u00e4che verdeckt, als Metapher zum Webinar f\u00fcr Ergotherapie + Physiotherapie in der Reha von Schlaganfall + Apoplex in Klinik + Praxis\" srcset=\"https:\/\/www.ergowebinar.de\/intern\/parsed_images\/7005e4b0-06b4-405c-b889-edc43cb2a240.jpg 475w, https:\/\/www.ergowebinar.de\/intern\/parsed_images\/7005e4b0-06b4-405c-b889-edc43cb2a240.jpg 275w\" sizes=\"(max-width: 475px) 100vw, 475px\" itemprop=\"image\" \/>\r\n\t\t\t\t\t\t\t\t\t\t<h6>Neglect-Therapie 2 - Basics [2 FP]<\/h6>\r\n\t\t\t\t\t\t\t\t\t\t\t\t\t\t\t\t\t\t\t\t\t<p class=\"calendarline\"><img decoding=\"async\" class=\"calendar_icon\" src=\"https:\/\/www.ergowebinar.de\/intern\/images\/calendar.png\">29.09.2026 18:30 - 19:30<\/p>\t\r\n\t\t\t\t\t\t\t\t\t\t\t\t\t\t\t\t\t\t\t\t\t<p class=\"liquid_vc_single_text\">In der Phase \"beginnende Awareness\" steht die erfolgreiche Durchf&uuml;hrung\r\nvertrauter Alltagsaktivit&auml;ten durch den Betroffenen selbst im Vordergrund. F&uuml;r die\r\nergotherapeutische Praxis ist ...<\/p>\r\n\t\t\t\t\t\t\t\t\t\t\t\t\t\t\t\t\t\t\t\t\t<p class=\"sempreis\">49 \u20ac<\/p>\r\n\t\t\t\t\t\t\t\t\t\t\t\t\t\t\t\t\t\t\t\t\t\t\t<p class=\"semmwst\"><\/p>\r\n\t\t\t\t\t\t\t\t\t\t\t\t\t\t\t\t\t\t\t\t\t\t\t\r\n\t\t\t\t\t\t\t\t\t<\/a>\r\n\t\t\t\t\t\t\t\t<\/figure>\r\n\t\t\t\t\t\t\t\t\r\n\t\t\t\t\t\t\t<\/div>\r\n\t\t\t\t\t\t\t\t\t\t\t\t\t\t\r\n\t\t\t\t\t\t<\/div>\r\n\t\t\t\t\t<\/div>\r\n\t\t\t\t<\/div>\r\n\t\t\t\t\t\t\t\t<div class=\"wpb_column vc_column_container vc_col-sm-2\">\r\n\t\t\t\t\t<div class=\"vc_column-inner \" >\r\n\t\t\t\t\t\t<div class=\"wpb_wrapper\" >\r\n\t\t\t\t\t\t\t<div class=\"wpb_single_image wpb_content_element vc_align_ liquid_vc_single_image\">\r\n\t\t\t\t\t\t\t\t\t\t\t\t\t\t\t\t\t<div class=\"sem_overlay\" ><a href=\"https:\/\/\r\n\t\t\t\t\t\t\t\t\tonline.therapie.ergowebinar.de\/de\/e\/Thoracic-Outlet-Syndrom-Basic-2-FP-151?\r\n\t\t\t\t\t\t\t\t\t\t\t\t\t\t\t\t\t\t\" class=\"btn btn-solid btn-xsm round border-thin btn-has-label jetztstartenbutton\">klicken f\u00fcr Details<\/a><\/div>\r\n\t\t\t\t\t\t\t\t\t\t\t\t\t\t\t\t\t<figure class=\"wpb_wrapper vc_figure\">\r\n\t\t\t\t\t\t\t\t\t<a href=\"https:\/\/online.therapie.ergowebinar.de\/de\/e\/Thoracic-Outlet-Syndrom-Basic-2-FP-151?\r\n\t\t\t\t\t\t\t\t\t\" title=\"Sie sehen einen Therapeuten, der einen Unterarm behandelt als Assoziation zum Webseminar zu Basiswissen zum Einklemmungssyndrom im Schulter-Schl\u00fcsselbeibereich f\u00fcr Ergotherapie + Physiotherapie in der Neurologie und Orthop\u00e4die in Klinik + Praxis\" target=\"_blank\">\r\n\t\t\t\t\t\t\t\t\t\t<img decoding=\"async\" width=\"475\" src=\"https:\/\/www.ergowebinar.de\/intern\/parsed_images\/5ddfbb1d-e79b-47be-bc87-6d50cc9e5878.jpg\" class=\"vc_single_image-img attachment-full\" alt=\"Sie sehen einen Therapeuten, der einen Unterarm behandelt als Assoziation zum Webseminar zu Basiswissen zum Einklemmungssyndrom im Schulter-Schl\u00fcsselbeibereich f\u00fcr Ergotherapie + Physiotherapie in der Neurologie und Orthop\u00e4die in Klinik + Praxis\" title=\"Sie sehen einen Therapeuten, der einen Unterarm behandelt als Assoziation zum Webseminar zu Basiswissen zum Einklemmungssyndrom im Schulter-Schl\u00fcsselbeibereich f\u00fcr Ergotherapie + Physiotherapie in der Neurologie und Orthop\u00e4die in Klinik + Praxis\" srcset=\"https:\/\/www.ergowebinar.de\/intern\/parsed_images\/5ddfbb1d-e79b-47be-bc87-6d50cc9e5878.jpg 475w, https:\/\/www.ergowebinar.de\/intern\/parsed_images\/5ddfbb1d-e79b-47be-bc87-6d50cc9e5878.jpg 275w\" sizes=\"(max-width: 475px) 100vw, 475px\" itemprop=\"image\" \/>\r\n\t\t\t\t\t\t\t\t\t\t<h6>Thoracic-Outlet-Syndrom - Basic [2 FP]<\/h6>\r\n\t\t\t\t\t\t\t\t\t\t\t\t\t\t\t\t\t\t\t\t\t<p class=\"calendarline\"><img decoding=\"async\" class=\"calendar_icon\" src=\"https:\/\/www.ergowebinar.de\/intern\/images\/calendar.png\">29.09.2026 19:30 - 20:30<\/p>\t\r\n\t\t\t\t\t\t\t\t\t\t\t\t\t\t\t\t\t\t\t\t\t<p class=\"liquid_vc_single_text\">Unter dem Begriff Thoracic-Outlet-Syndrom werden verschiedene neurovaskul&auml;re Kompressionssyndrome im Bereich des Halses und des oberen Brustbereichs zusammengefasst. Hier gibt es Edukationsbausteine ...<\/p>\r\n\t\t\t\t\t\t\t\t\t\t\t\t\t\t\t\t\t\t\t\t\t<p class=\"sempreis\">49 \u20ac<\/p>\r\n\t\t\t\t\t\t\t\t\t\t\t\t\t\t\t\t\t\t\t\t\t\t\t<p class=\"semmwst\"><\/p>\r\n\t\t\t\t\t\t\t\t\t\t\t\t\t\t\t\t\t\t\t\t\t\t\t\r\n\t\t\t\t\t\t\t\t\t<\/a>\r\n\t\t\t\t\t\t\t\t<\/figure>\r\n\t\t\t\t\t\t\t\t\r\n\t\t\t\t\t\t\t<\/div>\r\n\t\t\t\t\t\t\t\t\t\t\t\t\t\t\r\n\t\t\t\t\t\t<\/div>\r\n\t\t\t\t\t<\/div>\r\n\t\t\t\t<\/div>\r\n\t\t\t\t\t\t\t\t<div class=\"wpb_column vc_column_container vc_col-sm-2\">\r\n\t\t\t\t\t<div class=\"vc_column-inner \" >\r\n\t\t\t\t\t\t<div class=\"wpb_wrapper\" >\r\n\t\t\t\t\t\t\t<div class=\"wpb_single_image wpb_content_element vc_align_ liquid_vc_single_image\">\r\n\t\t\t\t\t\t\t\t\t\t\t\t\t\t\t\t\t<div class=\"sem_overlay\" ><a href=\"https:\/\/\r\n\t\t\t\t\t\t\t\t\tonline.therapie.ergowebinar.de\/de\/e\/Statische-Reichbewegung-des-Armes-in-der-Neuroreha-2-FP-197?\r\n\t\t\t\t\t\t\t\t\t\t\t\t\t\t\t\t\t\t\" class=\"btn btn-solid btn-xsm round border-thin btn-has-label jetztstartenbutton\">klicken f\u00fcr Details<\/a><\/div>\r\n\t\t\t\t\t\t\t\t\t\t\t\t\t\t\t\t\t<figure class=\"wpb_wrapper vc_figure\">\r\n\t\t\t\t\t\t\t\t\t<a href=\"https:\/\/online.therapie.ergowebinar.de\/de\/e\/Statische-Reichbewegung-des-Armes-in-der-Neuroreha-2-FP-197?\r\n\t\t\t\t\t\t\t\t\t\" title=\"Sie sehen einen Mann eine lange Aussentreppe heruntergehen, w\u00e4hrend er mit seiner linken Hand in die Innentasche seines Jackets greift, als Metapher zum Webinar f\u00fcr Ergotherapie + Physiotherapie in der Reha von Schlaganfall + Apoplex in Klinik + Praxis\" target=\"_blank\">\r\n\t\t\t\t\t\t\t\t\t\t<img decoding=\"async\" width=\"475\" src=\"https:\/\/www.ergowebinar.de\/intern\/parsed_images\/197.jpg\" class=\"vc_single_image-img attachment-full\" alt=\"Sie sehen einen Mann eine lange Aussentreppe heruntergehen, w\u00e4hrend er mit seiner linken Hand in die Innentasche seines Jackets greift, als Metapher zum Webinar f\u00fcr Ergotherapie + Physiotherapie in der Reha von Schlaganfall + Apoplex in Klinik + Praxis\" title=\"Sie sehen einen Mann eine lange Aussentreppe heruntergehen, w\u00e4hrend er mit seiner linken Hand in die Innentasche seines Jackets greift, als Metapher zum Webinar f\u00fcr Ergotherapie + Physiotherapie in der Reha von Schlaganfall + Apoplex in Klinik + Praxis\" srcset=\"https:\/\/www.ergowebinar.de\/intern\/parsed_images\/197.jpg 475w, https:\/\/www.ergowebinar.de\/intern\/parsed_images\/197.jpg 275w\" sizes=\"(max-width: 475px) 100vw, 475px\" itemprop=\"image\" \/>\r\n\t\t\t\t\t\t\t\t\t\t<h6>Statische Reichbewegung des Armes in der Neuroreha [2 FP]<\/h6>\r\n\t\t\t\t\t\t\t\t\t\t\t\t\t\t\t\t\t\t\t\t\t<p class=\"calendarline\"><img decoding=\"async\" class=\"calendar_icon\" src=\"https:\/\/www.ergowebinar.de\/intern\/images\/calendar.png\">29.09.2026 20:00 - 21:00<\/p>\t\r\n\t\t\t\t\t\t\t\t\t\t\t\t\t\t\t\t\t\t\t\t\t<p class=\"liquid_vc_single_text\">Wenn der Arm bei einer Aufgabe an einer Stelle gehalten werden muss, geh&ouml;rt dies zu den anspruchsvollsten Aufgaben. Das Gewicht des Armes selbst und weiterer Kraftaufwand durch Gegenst&auml;nde in ...<\/p>\r\n\t\t\t\t\t\t\t\t\t\t\t\t\t\t\t\t\t\t\t\t\t<p class=\"sempreis\">49 \u20ac<\/p>\r\n\t\t\t\t\t\t\t\t\t\t\t\t\t\t\t\t\t\t\t\t\t\t\t<p class=\"semmwst\"><\/p>\r\n\t\t\t\t\t\t\t\t\t\t\t\t\t\t\t\t\t\t\t\t\t\t\t\r\n\t\t\t\t\t\t\t\t\t<\/a>\r\n\t\t\t\t\t\t\t\t<\/figure>\r\n\t\t\t\t\t\t\t\t\r\n\t\t\t\t\t\t\t<\/div>\r\n\t\t\t\t\t\t\t\t\t\t\t\t\t\t\r\n\t\t\t\t\t\t<\/div>\r\n\t\t\t\t\t<\/div>\r\n\t\t\t\t<\/div>\r\n\t\t\t\t\t\t\t\t<div class=\"wpb_column vc_column_container vc_col-sm-2\">\r\n\t\t\t\t\t<div class=\"vc_column-inner \" >\r\n\t\t\t\t\t\t<div class=\"wpb_wrapper\" >\r\n\t\t\t\t\t\t\t<div class=\"wpb_single_image wpb_content_element vc_align_ liquid_vc_single_image\">\r\n\t\t\t\t\t\t\t\t\t\t\t\t\t\t\t\t\t<div class=\"sem_overlay\" ><a href=\"https:\/\/\r\n\t\t\t\t\t\t\t\t\tonline.therapie.ergowebinar.de\/de\/e\/Der-N-Medianus-was-tun-wenn-der-Nerv-nervt-2FP-124?\r\n\t\t\t\t\t\t\t\t\t\t\t\t\t\t\t\t\t\t\" class=\"btn btn-solid btn-xsm round border-thin btn-has-label jetztstartenbutton\">klicken f\u00fcr Details<\/a><\/div>\r\n\t\t\t\t\t\t\t\t\t\t\t\t\t\t\t\t\t<figure class=\"wpb_wrapper vc_figure\">\r\n\t\t\t\t\t\t\t\t\t<a href=\"https:\/\/online.therapie.ergowebinar.de\/de\/e\/Der-N-Medianus-was-tun-wenn-der-Nerv-nervt-2FP-124?\r\n\t\t\t\t\t\t\t\t\t\" title=\"Sie sehen eine Hand, die M\u00fcnzen aus der Handfl\u00e4che nach vorn zu den Fingern schiebt, als Symbol zum Webseminar f\u00fcr Ergotherapie + Physiotherapie in der Rehabilitation von peripheren Nervenl\u00e4sionen in der Handreha des Nervus Medianus in Klinik + Praxis\" target=\"_blank\">\r\n\t\t\t\t\t\t\t\t\t\t<img decoding=\"async\" width=\"475\" src=\"https:\/\/www.ergowebinar.de\/intern\/parsed_images\/b9b7bdba-1e33-4100-bddc-e66d8b20af6a.jpg\" class=\"vc_single_image-img attachment-full\" alt=\"Sie sehen eine Hand, die M\u00fcnzen aus der Handfl\u00e4che nach vorn zu den Fingern schiebt, als Symbol zum Webseminar f\u00fcr Ergotherapie + Physiotherapie in der Rehabilitation von peripheren Nervenl\u00e4sionen in der Handreha des Nervus Medianus in Klinik + Praxis\" title=\"Sie sehen eine Hand, die M\u00fcnzen aus der Handfl\u00e4che nach vorn zu den Fingern schiebt, als Symbol zum Webseminar f\u00fcr Ergotherapie + Physiotherapie in der Rehabilitation von peripheren Nervenl\u00e4sionen in der Handreha des Nervus Medianus in Klinik + Praxis\" srcset=\"https:\/\/www.ergowebinar.de\/intern\/parsed_images\/b9b7bdba-1e33-4100-bddc-e66d8b20af6a.jpg 475w, https:\/\/www.ergowebinar.de\/intern\/parsed_images\/b9b7bdba-1e33-4100-bddc-e66d8b20af6a.jpg 275w\" sizes=\"(max-width: 475px) 100vw, 475px\" itemprop=\"image\" \/>\r\n\t\t\t\t\t\t\t\t\t\t<h6>Der N. Medianus  -was tun, wenn der Nerv nervt? [2FP]<\/h6>\r\n\t\t\t\t\t\t\t\t\t\t\t\t\t\t\t\t\t\t\t\t\t<p class=\"calendarline\"><img decoding=\"async\" class=\"calendar_icon\" src=\"https:\/\/www.ergowebinar.de\/intern\/images\/calendar.png\">29.09.2026 20:00 - 21:00<\/p>\t\r\n\t\t\t\t\t\t\t\t\t\t\t\t\t\t\t\t\t\t\t\t\t<p class=\"liquid_vc_single_text\">Kann eine Drucksch&auml;digung des Nervus Medianus konservativ behandelt werden? Wie sollte die Therapie aufgebaut werden? Welche Tipps und Tricks ben&ouml;tigt der Betroffene f&uuml;r seinen Alltag?\r\n&nbsp;\r\nDas ...<\/p>\r\n\t\t\t\t\t\t\t\t\t\t\t\t\t\t\t\t\t\t\t\t\t<p class=\"sempreis\">49 \u20ac<\/p>\r\n\t\t\t\t\t\t\t\t\t\t\t\t\t\t\t\t\t\t\t\t\t\t\t<p class=\"semmwst\"><\/p>\r\n\t\t\t\t\t\t\t\t\t\t\t\t\t\t\t\t\t\t\t\t\t\t\t\r\n\t\t\t\t\t\t\t\t\t<\/a>\r\n\t\t\t\t\t\t\t\t<\/figure>\r\n\t\t\t\t\t\t\t\t\r\n\t\t\t\t\t\t\t<\/div>\r\n\t\t\t\t\t\t\t\t\t\t\t\t\t\t\r\n\t\t\t\t\t\t<\/div>\r\n\t\t\t\t\t<\/div>\r\n\t\t\t\t<\/div>\r\n\t\t\t\t\t\t\t<\/div><\/div><\/div>\r\n\t\t\t\t\t<a name=\"seminarenachdatum\"><\/a>\r\n\t\t<a name=\"4637ce87-7921-4d0b-bda0-7eb8ab5a90db\"><\/a>\r\n\t\t<h2 class=\"ld-fh-element lqd-highlight-underline lqd-highlight-grow-left text-decoration-default h3 ldsemheadline\">NeuroReha<\/h2>\r\n\t\t\t\t\t<div class=\"vc_row vc_inner\">\r\n\t\t\t<div class=\"ld-container container-fluid\">\r\n\t\t\t<div class=\"row ld-row ld-row-inner\">\r\n\t\t\t\t\t\t\t<div class=\"wpb_column vc_column_container vc_col-sm-2\">\r\n\t\t\t\t\t<div class=\"vc_column-inner \" >\r\n\t\t\t\t\t\t<div class=\"wpb_wrapper\" >\r\n\t\t\t\t\t\t\t<div class=\"wpb_single_image wpb_content_element vc_align_ liquid_vc_single_image\">\r\n\t\t\t\t\t\t\t\t\t\t\t\t\t\t\t\t\t<div class=\"sem_overlay\" ><a href=\"https:\/\/online.therapie.ergowebinar.de\/de\/e\/Sensibilitaet-in-der-Neuroreha-2-FP-182?\r\n\t\t\t\t\t\t\t\t\t\" class=\"btn btn-solid btn-xsm round border-thin btn-has-label jetztstartenbutton\">klicken f\u00fcr Details<\/a><\/div>\r\n\t\t\t\t\t\t\t\t\t\t\t\t\t\t\t\t\t<figure class=\"wpb_wrapper vc_figure\">\r\n\t\t\t\t\t\t\t\t\t<a href=\"online.therapie.ergowebinar.de\/de\/e\/Sensibilitaet-in-der-Neuroreha-2-FP-182?\r\n\t\t\t\t\t\t\t\t\t\" title=\"Sie sehen eine Hand, die mit den Fingerspitzen ein wenig \u00fcber einen Wasserfl\u00e4che streicht, als Assoziation zum Webseminar f\u00fcr Ergotherapie + Physiotherapie in der Rehabilitation von Schlaganfall + Apoplex in Klinik + Praxis\" target=\"_blank\">\r\n\t\t\t\t\t\t\t\t\t\t<img decoding=\"async\" width=\"475\" src=\"https:\/\/www.ergowebinar.de\/intern\/parsed_images\/1b3d66c0-9758-4a94-9039-e1e5ad3fbe45.jpg\" class=\"vc_single_image-img attachment-full\" alt=\"Sie sehen eine Hand, die mit den Fingerspitzen ein wenig \u00fcber einen Wasserfl\u00e4che streicht, als Assoziation zum Webseminar f\u00fcr Ergotherapie + Physiotherapie in der Rehabilitation von Schlaganfall + Apoplex in Klinik + Praxis\" title=\"Sie sehen eine Hand, die mit den Fingerspitzen ein wenig \u00fcber einen Wasserfl\u00e4che streicht, als Assoziation zum Webseminar f\u00fcr Ergotherapie + Physiotherapie in der Rehabilitation von Schlaganfall + Apoplex in Klinik + Praxis\" srcset=\"https:\/\/www.ergowebinar.de\/intern\/parsed_images\/1b3d66c0-9758-4a94-9039-e1e5ad3fbe45.jpg 475w, https:\/\/www.ergowebinar.de\/intern\/parsed_images\/1b3d66c0-9758-4a94-9039-e1e5ad3fbe45.jpg 275w\" sizes=\"(max-width: 475px) 100vw, 475px\" itemprop=\"image\" \/>\r\n\t\t\t\t\t\t\t\t\t\t<h6>Sensibilit\u00e4t in der Neuroreha [2 FP]<\/h6>\r\n\t\t\t\t\t\t\t\t\t\t\t\t\t\t\t\t\t\t\t\t\t<p class=\"calendarline\"><img decoding=\"async\" class=\"calendar_icon\" src=\"https:\/\/www.ergowebinar.de\/intern\/images\/calendar.png\">28.04.2026 18:30 - 19:30<\/p>\t\r\n\t\t\t\t\t\t\t\t\t\t\t\t\t\t\t\t\t\t\t\t\t<p class=\"liquid_vc_single_text\">Das Thema Sensibilit&auml;t hat in der Neuroreha einen hohen Stellenwert. Ohne sensorisches Feedback gibt es keine Anpassung der motorischen Kontrolle. Wir besch&auml;ftigen uns mit den drei Aspekten von ...<\/p>\r\n\t\t\t\t\t\t\t\t\t\t\t\t\t\t\t\t\t\t\t\t\t<p class=\"sempreis\">49 \u20ac<\/p>\r\n\t\t\t\t\t\t\t\t\t\t\t\t\t\t\t\t\t\t\t\t\t\t\t<p class=\"semmwst\"><\/p>\r\n\t\t\t\t\t\t\t\t\t\t\t\t\t\t\t\t\t\t\t\t\t\t\t\r\n\t\t\t\t\t\t\t\t\t<\/a>\r\n\t\t\t\t\t\t\t\t\t\r\n\t\t\t\t\t\t\t\t<\/figure>\r\n\t\t\t\t\t\t\t\t\r\n\t\t\t\t\t\t\t<\/div>\r\n\t\t\t\t\t\t\t\t\t\t\t\t\t\t\r\n\t\t\t\t\t\t<\/div>\r\n\t\t\t\t\t<\/div>\r\n\t\t\t\t<\/div>\r\n\t\t\t\t\t\t\t\t<div class=\"wpb_column vc_column_container vc_col-sm-2\">\r\n\t\t\t\t\t<div class=\"vc_column-inner \" >\r\n\t\t\t\t\t\t<div class=\"wpb_wrapper\" >\r\n\t\t\t\t\t\t\t<div class=\"wpb_single_image wpb_content_element vc_align_ liquid_vc_single_image\">\r\n\t\t\t\t\t\t\t\t\t\t\t\t\t\t\t\t\t<div class=\"sem_overlay\" ><a href=\"https:\/\/online.therapie.ergowebinar.de\/de\/e\/Feinmotorik-Ideenbox-3-2-FP-184?\r\n\t\t\t\t\t\t\t\t\t\" class=\"btn btn-solid btn-xsm round border-thin btn-has-label jetztstartenbutton\">klicken f\u00fcr Details<\/a><\/div>\r\n\t\t\t\t\t\t\t\t\t\t\t\t\t\t\t\t\t<figure class=\"wpb_wrapper vc_figure\">\r\n\t\t\t\t\t\t\t\t\t<a href=\"online.therapie.ergowebinar.de\/de\/e\/Feinmotorik-Ideenbox-3-2-FP-184?\r\n\t\t\t\t\t\t\t\t\t\" title=\"Sie sehen eine Hand, die ein Gl\u00fchbirne in eine Stehlampe einschraubt, als Assoziation zum Webseminar f\u00fcr Ergotherapie + Physiotherapie in der Rehabilitation von Schlaganfall + Apoplex in Klinik + Praxis\" target=\"_blank\">\r\n\t\t\t\t\t\t\t\t\t\t<img decoding=\"async\" width=\"475\" src=\"https:\/\/www.ergowebinar.de\/intern\/parsed_images\/e28dcbd2-5943-4328-875f-24dab9bffce3.jpg\" class=\"vc_single_image-img attachment-full\" alt=\"Sie sehen eine Hand, die ein Gl\u00fchbirne in eine Stehlampe einschraubt, als Assoziation zum Webseminar f\u00fcr Ergotherapie + Physiotherapie in der Rehabilitation von Schlaganfall + Apoplex in Klinik + Praxis\" title=\"Sie sehen eine Hand, die ein Gl\u00fchbirne in eine Stehlampe einschraubt, als Assoziation zum Webseminar f\u00fcr Ergotherapie + Physiotherapie in der Rehabilitation von Schlaganfall + Apoplex in Klinik + Praxis\" srcset=\"https:\/\/www.ergowebinar.de\/intern\/parsed_images\/e28dcbd2-5943-4328-875f-24dab9bffce3.jpg 475w, https:\/\/www.ergowebinar.de\/intern\/parsed_images\/e28dcbd2-5943-4328-875f-24dab9bffce3.jpg 275w\" sizes=\"(max-width: 475px) 100vw, 475px\" itemprop=\"image\" \/>\r\n\t\t\t\t\t\t\t\t\t\t<h6>Feinmotorik Ideenbox 3 [2 FP]<\/h6>\r\n\t\t\t\t\t\t\t\t\t\t\t\t\t\t\t\t\t\t\t\t\t<p class=\"calendarline\"><img decoding=\"async\" class=\"calendar_icon\" src=\"https:\/\/www.ergowebinar.de\/intern\/images\/calendar.png\">28.04.2026 20:00 - 21:00<\/p>\t\r\n\t\t\t\t\t\t\t\t\t\t\t\t\t\t\t\t\t\t\t\t\t<p class=\"liquid_vc_single_text\">Therapieideen f&uuml;r die hochautomatisierte Handmotorik - In dieser Box ist der Schwerpunkt bei Top-Down Strategien und der Kompensation mit gelingender Handlung im Alltag. Es gibt nat&uuml;rlich gute ...<\/p>\r\n\t\t\t\t\t\t\t\t\t\t\t\t\t\t\t\t\t\t\t\t\t<p class=\"sempreis\">49 \u20ac<\/p>\r\n\t\t\t\t\t\t\t\t\t\t\t\t\t\t\t\t\t\t\t\t\t\t\t<p class=\"semmwst\"><\/p>\r\n\t\t\t\t\t\t\t\t\t\t\t\t\t\t\t\t\t\t\t\t\t\t\t\r\n\t\t\t\t\t\t\t\t\t<\/a>\r\n\t\t\t\t\t\t\t\t\t\r\n\t\t\t\t\t\t\t\t<\/figure>\r\n\t\t\t\t\t\t\t\t\r\n\t\t\t\t\t\t\t<\/div>\r\n\t\t\t\t\t\t\t\t\t\t\t\t\t\t\r\n\t\t\t\t\t\t<\/div>\r\n\t\t\t\t\t<\/div>\r\n\t\t\t\t<\/div>\r\n\t\t\t\t\t\t\t\t<div class=\"wpb_column vc_column_container vc_col-sm-2\">\r\n\t\t\t\t\t<div class=\"vc_column-inner \" >\r\n\t\t\t\t\t\t<div class=\"wpb_wrapper\" >\r\n\t\t\t\t\t\t\t<div class=\"wpb_single_image wpb_content_element vc_align_ liquid_vc_single_image\">\r\n\t\t\t\t\t\t\t\t\t\t\t\t\t\t\t\t\t<div class=\"sem_overlay\" ><a href=\"https:\/\/online.therapie.ergowebinar.de\/de\/e\/Fatigue-Brain-Fog-den-Nebel-lichten-2FP-147?\r\n\t\t\t\t\t\t\t\t\t\" class=\"btn btn-solid btn-xsm round border-thin btn-has-label jetztstartenbutton\">klicken f\u00fcr Details<\/a><\/div>\r\n\t\t\t\t\t\t\t\t\t\t\t\t\t\t\t\t\t<figure class=\"wpb_wrapper vc_figure\">\r\n\t\t\t\t\t\t\t\t\t<a href=\"online.therapie.ergowebinar.de\/de\/e\/Fatigue-Brain-Fog-den-Nebel-lichten-2FP-147?\r\n\t\t\t\t\t\t\t\t\t\" title=\"Sie sehen in einem nebeligen Wald eine Frau von hinten  als Assoziation zum Webseminar f\u00fcr Ergotherapie + Physiotherapie in der Rehabilitation von Long + Post Covid + Schmerzreha + NeuroReha + Fatigue in Klinik + Praxis\" target=\"_blank\">\r\n\t\t\t\t\t\t\t\t\t\t<img decoding=\"async\" width=\"475\" src=\"https:\/\/www.ergowebinar.de\/intern\/parsed_images\/ea5b53a6-1f20-427d-a255-4c5032bc3eff.jpg\" class=\"vc_single_image-img attachment-full\" alt=\"Sie sehen in einem nebeligen Wald eine Frau von hinten  als Assoziation zum Webseminar f\u00fcr Ergotherapie + Physiotherapie in der Rehabilitation von Long + Post Covid + Schmerzreha + NeuroReha + Fatigue in Klinik + Praxis\" title=\"Sie sehen in einem nebeligen Wald eine Frau von hinten  als Assoziation zum Webseminar f\u00fcr Ergotherapie + Physiotherapie in der Rehabilitation von Long + Post Covid + Schmerzreha + NeuroReha + Fatigue in Klinik + Praxis\" srcset=\"https:\/\/www.ergowebinar.de\/intern\/parsed_images\/ea5b53a6-1f20-427d-a255-4c5032bc3eff.jpg 475w, https:\/\/www.ergowebinar.de\/intern\/parsed_images\/ea5b53a6-1f20-427d-a255-4c5032bc3eff.jpg 275w\" sizes=\"(max-width: 475px) 100vw, 475px\" itemprop=\"image\" \/>\r\n\t\t\t\t\t\t\t\t\t\t<h6>Fatigue \u2013 Brain Fog - den Nebel lichten [2FP]<\/h6>\r\n\t\t\t\t\t\t\t\t\t\t\t\t\t\t\t\t\t\t\t\t\t<p class=\"calendarline\"><img decoding=\"async\" class=\"calendar_icon\" src=\"https:\/\/www.ergowebinar.de\/intern\/images\/calendar.png\">29.04.2026 19:00 - 20:00<\/p>\t\r\n\t\t\t\t\t\t\t\t\t\t\t\t\t\t\t\t\t\t\t\t\t<p class=\"liquid_vc_single_text\">\r\n\r\n\r\n\r\nEinstige Routineaufgaben wie Einkaufen gehen, Formulare ausf&uuml;llen aber auch die Teilnahme an sozialen Aktivit&auml;ten werden durch den Brain Fog zur Herausforderung. Brain Fog beeinflusst ...<\/p>\r\n\t\t\t\t\t\t\t\t\t\t\t\t\t\t\t\t\t\t\t\t\t<p class=\"sempreis\">49 \u20ac<\/p>\r\n\t\t\t\t\t\t\t\t\t\t\t\t\t\t\t\t\t\t\t\t\t\t\t<p class=\"semmwst\"><\/p>\r\n\t\t\t\t\t\t\t\t\t\t\t\t\t\t\t\t\t\t\t\t\t\t\t\r\n\t\t\t\t\t\t\t\t\t<\/a>\r\n\t\t\t\t\t\t\t\t\t\r\n\t\t\t\t\t\t\t\t<\/figure>\r\n\t\t\t\t\t\t\t\t\r\n\t\t\t\t\t\t\t<\/div>\r\n\t\t\t\t\t\t\t\t\t\t\t\t\t\t\r\n\t\t\t\t\t\t<\/div>\r\n\t\t\t\t\t<\/div>\r\n\t\t\t\t<\/div>\r\n\t\t\t\t\t\t\t\t<div class=\"wpb_column vc_column_container vc_col-sm-2\">\r\n\t\t\t\t\t<div class=\"vc_column-inner \" >\r\n\t\t\t\t\t\t<div class=\"wpb_wrapper\" >\r\n\t\t\t\t\t\t\t<div class=\"wpb_single_image wpb_content_element vc_align_ liquid_vc_single_image\">\r\n\t\t\t\t\t\t\t\t\t\t\t\t\t\t\t\t\t<div class=\"sem_overlay\" ><a href=\"https:\/\/online.therapie.ergowebinar.de\/de\/e\/Parkinson-Basiswissen-und-ergotherapeutische-Therapie-2FP-137?\r\n\t\t\t\t\t\t\t\t\t\" class=\"btn btn-solid btn-xsm round border-thin btn-has-label jetztstartenbutton\">klicken f\u00fcr Details<\/a><\/div>\r\n\t\t\t\t\t\t\t\t\t\t\t\t\t\t\t\t\t<figure class=\"wpb_wrapper vc_figure\">\r\n\t\t\t\t\t\t\t\t\t<a href=\"online.therapie.ergowebinar.de\/de\/e\/Parkinson-Basiswissen-und-ergotherapeutische-Therapie-2FP-137?\r\n\t\t\t\t\t\t\t\t\t\" title=\"Sie sehen eine Frau am Meer, die schnell die Arme schwenkt, als Assoziation zum Webseminar zum Basiswissen \u00fcber Parkinson in Ergotherapie + Physiotherapie in der Rehabilitation von Parkinsonbetroffenen in Klinik + Praxis\" target=\"_blank\">\r\n\t\t\t\t\t\t\t\t\t\t<img decoding=\"async\" width=\"475\" src=\"https:\/\/www.ergowebinar.de\/intern\/parsed_images\/f05f83ac-eac5-430a-8caf-f92308e6fd95.jpg\" class=\"vc_single_image-img attachment-full\" alt=\"Sie sehen eine Frau am Meer, die schnell die Arme schwenkt, als Assoziation zum Webseminar zum Basiswissen \u00fcber Parkinson in Ergotherapie + Physiotherapie in der Rehabilitation von Parkinsonbetroffenen in Klinik + Praxis\" title=\"Sie sehen eine Frau am Meer, die schnell die Arme schwenkt, als Assoziation zum Webseminar zum Basiswissen \u00fcber Parkinson in Ergotherapie + Physiotherapie in der Rehabilitation von Parkinsonbetroffenen in Klinik + Praxis\" srcset=\"https:\/\/www.ergowebinar.de\/intern\/parsed_images\/f05f83ac-eac5-430a-8caf-f92308e6fd95.jpg 475w, https:\/\/www.ergowebinar.de\/intern\/parsed_images\/f05f83ac-eac5-430a-8caf-f92308e6fd95.jpg 275w\" sizes=\"(max-width: 475px) 100vw, 475px\" itemprop=\"image\" \/>\r\n\t\t\t\t\t\t\t\t\t\t<h6>Parkinson - Basiswissen und ergotherapeutische Therapie [2FP]<\/h6>\r\n\t\t\t\t\t\t\t\t\t\t\t\t\t\t\t\t\t\t\t\t\t<p class=\"calendarline\"><img decoding=\"async\" class=\"calendar_icon\" src=\"https:\/\/www.ergowebinar.de\/intern\/images\/calendar.png\">05.05.2026 18:00 - 19:00<\/p>\t\r\n\t\t\t\t\t\t\t\t\t\t\t\t\t\t\t\t\t\t\t\t\t<p class=\"liquid_vc_single_text\">Morbus Parkinson als fortschreitende, chronische, neurodegenerative Erkrankung beeinflusst den Alltag und die Lebensqualit&auml;t von Betroffenen auf vielf&auml;ltige Weise. In der Behandlung ber&uuml;cksichtigen ...<\/p>\r\n\t\t\t\t\t\t\t\t\t\t\t\t\t\t\t\t\t\t\t\t\t<p class=\"sempreis\">49 \u20ac<\/p>\r\n\t\t\t\t\t\t\t\t\t\t\t\t\t\t\t\t\t\t\t\t\t\t\t<p class=\"semmwst\"><\/p>\r\n\t\t\t\t\t\t\t\t\t\t\t\t\t\t\t\t\t\t\t\t\t\t\t\r\n\t\t\t\t\t\t\t\t\t<\/a>\r\n\t\t\t\t\t\t\t\t\t\r\n\t\t\t\t\t\t\t\t<\/figure>\r\n\t\t\t\t\t\t\t\t\r\n\t\t\t\t\t\t\t<\/div>\r\n\t\t\t\t\t\t\t\t\t\t\t\t\t\t\r\n\t\t\t\t\t\t<\/div>\r\n\t\t\t\t\t<\/div>\r\n\t\t\t\t<\/div>\r\n\t\t\t\t\t\t\t\t<div class=\"wpb_column vc_column_container vc_col-sm-2\">\r\n\t\t\t\t\t<div class=\"vc_column-inner \" >\r\n\t\t\t\t\t\t<div class=\"wpb_wrapper\" >\r\n\t\t\t\t\t\t\t<div class=\"wpb_single_image wpb_content_element vc_align_ liquid_vc_single_image\">\r\n\t\t\t\t\t\t\t\t\t\t\t\t\t\t\t\t\t<div class=\"sem_overlay\" ><a href=\"https:\/\/online.therapie.ergowebinar.de\/de\/e\/Hantierfunktion-bei-Hemiparese-nach-Schlaganfall-2-FP-185?\r\n\t\t\t\t\t\t\t\t\t\" class=\"btn btn-solid btn-xsm round border-thin btn-has-label jetztstartenbutton\">klicken f\u00fcr Details<\/a><\/div>\r\n\t\t\t\t\t\t\t\t\t\t\t\t\t\t\t\t\t<figure class=\"wpb_wrapper vc_figure\">\r\n\t\t\t\t\t\t\t\t\t<a href=\"online.therapie.ergowebinar.de\/de\/e\/Hantierfunktion-bei-Hemiparese-nach-Schlaganfall-2-FP-185?\r\n\t\t\t\t\t\t\t\t\t\" title=\"Sie sehen die Fingerspitzen einer Hand von oben, die nach einem gef\u00fcllten Becher greift, als Assoziation zum Webseminar f\u00fcr Ergotherapie + Physiotherapie in der Rehabilitation von Schlaganfall + Apoplex in Klinik + Praxis\" target=\"_blank\">\r\n\t\t\t\t\t\t\t\t\t\t<img decoding=\"async\" width=\"475\" src=\"https:\/\/www.ergowebinar.de\/intern\/parsed_images\/4ae9b858-5365-42bb-ad51-f6d70dbff9cc.jpg\" class=\"vc_single_image-img attachment-full\" alt=\"Sie sehen die Fingerspitzen einer Hand von oben, die nach einem gef\u00fcllten Becher greift, als Assoziation zum Webseminar f\u00fcr Ergotherapie + Physiotherapie in der Rehabilitation von Schlaganfall + Apoplex in Klinik + Praxis\" title=\"Sie sehen die Fingerspitzen einer Hand von oben, die nach einem gef\u00fcllten Becher greift, als Assoziation zum Webseminar f\u00fcr Ergotherapie + Physiotherapie in der Rehabilitation von Schlaganfall + Apoplex in Klinik + Praxis\" srcset=\"https:\/\/www.ergowebinar.de\/intern\/parsed_images\/4ae9b858-5365-42bb-ad51-f6d70dbff9cc.jpg 475w, https:\/\/www.ergowebinar.de\/intern\/parsed_images\/4ae9b858-5365-42bb-ad51-f6d70dbff9cc.jpg 275w\" sizes=\"(max-width: 475px) 100vw, 475px\" itemprop=\"image\" \/>\r\n\t\t\t\t\t\t\t\t\t\t<h6>Hantierfunktion bei Hemiparese nach Schlaganfall [2 FP]<\/h6>\r\n\t\t\t\t\t\t\t\t\t\t\t\t\t\t\t\t\t\t\t\t\t<p class=\"calendarline\"><img decoding=\"async\" class=\"calendar_icon\" src=\"https:\/\/www.ergowebinar.de\/intern\/images\/calendar.png\">05.05.2026 18:30 - 19:30<\/p>\t\r\n\t\t\t\t\t\t\t\t\t\t\t\t\t\t\t\t\t\t\t\t\t<p class=\"liquid_vc_single_text\">Halten und Bewegen bei beginnender Handfunktionen -&nbsp;\r\nGegenst&auml;nde in der Hand perfekt zu Platzieren und bei fortw&auml;hrendem Verwenden regelm&auml;&szlig;ig und systematisch Nachzujustieren...bei ...<\/p>\r\n\t\t\t\t\t\t\t\t\t\t\t\t\t\t\t\t\t\t\t\t\t<p class=\"sempreis\">49 \u20ac<\/p>\r\n\t\t\t\t\t\t\t\t\t\t\t\t\t\t\t\t\t\t\t\t\t\t\t<p class=\"semmwst\"><\/p>\r\n\t\t\t\t\t\t\t\t\t\t\t\t\t\t\t\t\t\t\t\t\t\t\t\r\n\t\t\t\t\t\t\t\t\t<\/a>\r\n\t\t\t\t\t\t\t\t\t\r\n\t\t\t\t\t\t\t\t<\/figure>\r\n\t\t\t\t\t\t\t\t\r\n\t\t\t\t\t\t\t<\/div>\r\n\t\t\t\t\t\t\t\t\t\t\t\t\t\t\r\n\t\t\t\t\t\t<\/div>\r\n\t\t\t\t\t<\/div>\r\n\t\t\t\t<\/div>\r\n\t\t\t\t\t\t\t\t<div class=\"wpb_column vc_column_container vc_col-sm-2\">\r\n\t\t\t\t\t<div class=\"vc_column-inner \" >\r\n\t\t\t\t\t\t<div class=\"wpb_wrapper\" >\r\n\t\t\t\t\t\t\t<div class=\"wpb_single_image wpb_content_element vc_align_ liquid_vc_single_image\">\r\n\t\t\t\t\t\t\t\t\t\t\t\t\t\t\t\t\t<div class=\"sem_overlay\" ><a href=\"https:\/\/online.therapie.ergowebinar.de\/de\/e\/Der-Malletfinger-so-wird-das-eine-gerade-Sache-2FP-127?\r\n\t\t\t\t\t\t\t\t\t\" class=\"btn btn-solid btn-xsm round border-thin btn-has-label jetztstartenbutton\">klicken f\u00fcr Details<\/a><\/div>\r\n\t\t\t\t\t\t\t\t\t\t\t\t\t\t\t\t\t<figure class=\"wpb_wrapper vc_figure\">\r\n\t\t\t\t\t\t\t\t\t<a href=\"online.therapie.ergowebinar.de\/de\/e\/Der-Malletfinger-so-wird-das-eine-gerade-Sache-2FP-127?\r\n\t\t\t\t\t\t\t\t\t\" title=\"Sie sehen einen ausgestreckten Zeigefinger, der auf den Betrachter weist, als Symbol zum Webseminar \u00fcber Malletfinger + Strecksehnenl\u00e4sion f\u00fcr Ergotherapie + Physiotherapie in der Handreha + Ortho + Sehnenverletzung in Klinik + Praxis\" target=\"_blank\">\r\n\t\t\t\t\t\t\t\t\t\t<img decoding=\"async\" width=\"475\" src=\"https:\/\/www.ergowebinar.de\/intern\/parsed_images\/333c53b6-52ff-4330-9d0a-6cd2c46a44bc.jpg\" class=\"vc_single_image-img attachment-full\" alt=\"Sie sehen einen ausgestreckten Zeigefinger, der auf den Betrachter weist, als Symbol zum Webseminar \u00fcber Malletfinger + Strecksehnenl\u00e4sion f\u00fcr Ergotherapie + Physiotherapie in der Handreha + Ortho + Sehnenverletzung in Klinik + Praxis\" title=\"Sie sehen einen ausgestreckten Zeigefinger, der auf den Betrachter weist, als Symbol zum Webseminar \u00fcber Malletfinger + Strecksehnenl\u00e4sion f\u00fcr Ergotherapie + Physiotherapie in der Handreha + Ortho + Sehnenverletzung in Klinik + Praxis\" srcset=\"https:\/\/www.ergowebinar.de\/intern\/parsed_images\/333c53b6-52ff-4330-9d0a-6cd2c46a44bc.jpg 475w, https:\/\/www.ergowebinar.de\/intern\/parsed_images\/333c53b6-52ff-4330-9d0a-6cd2c46a44bc.jpg 275w\" sizes=\"(max-width: 475px) 100vw, 475px\" itemprop=\"image\" \/>\r\n\t\t\t\t\t\t\t\t\t\t<h6>Der Malletfinger - so wird das eine gerade Sache [2FP]<\/h6>\r\n\t\t\t\t\t\t\t\t\t\t\t\t\t\t\t\t\t\t\t\t\t<p class=\"calendarline\"><img decoding=\"async\" class=\"calendar_icon\" src=\"https:\/\/www.ergowebinar.de\/intern\/images\/calendar.png\">05.05.2026 20:00 - 21:00<\/p>\t\r\n\t\t\t\t\t\t\t\t\t\t\t\t\t\t\t\t\t\t\t\t\t<p class=\"liquid_vc_single_text\">Was passiert bei einer Strecksehnenl&auml;sion in der Zone 1? Wie sieht die Heilung der Sehne aus und warum dauert diese Verletzung so lange? Was n&uuml;tzt und was schadet und was muss man beachten?\r\n&nbsp;\r\nDas ...<\/p>\r\n\t\t\t\t\t\t\t\t\t\t\t\t\t\t\t\t\t\t\t\t\t<p class=\"sempreis\">49 \u20ac<\/p>\r\n\t\t\t\t\t\t\t\t\t\t\t\t\t\t\t\t\t\t\t\t\t\t\t<p class=\"semmwst\"><\/p>\r\n\t\t\t\t\t\t\t\t\t\t\t\t\t\t\t\t\t\t\t\t\t\t\t\r\n\t\t\t\t\t\t\t\t\t<\/a>\r\n\t\t\t\t\t\t\t\t\t\r\n\t\t\t\t\t\t\t\t<\/figure>\r\n\t\t\t\t\t\t\t\t\r\n\t\t\t\t\t\t\t<\/div>\r\n\t\t\t\t\t\t\t\t\t\t\t\t\t\t\r\n\t\t\t\t\t\t<\/div>\r\n\t\t\t\t\t<\/div>\r\n\t\t\t\t<\/div>\r\n\t\t\t\t\t\t\t\t<div class=\"wpb_column vc_column_container vc_col-sm-2\">\r\n\t\t\t\t\t<div class=\"vc_column-inner \" >\r\n\t\t\t\t\t\t<div class=\"wpb_wrapper\" >\r\n\t\t\t\t\t\t\t<div class=\"wpb_single_image wpb_content_element vc_align_ liquid_vc_single_image\">\r\n\t\t\t\t\t\t\t\t\t\t\t\t\t\t\t\t\t<div class=\"sem_overlay\" ><a href=\"https:\/\/online.therapie.ergowebinar.de\/de\/e\/Backward-Chaining-das-Lernprinzip-bei-schweren-kognitiven-Beeintraechtigungen-2-FP-223?\r\n\t\t\t\t\t\t\t\t\t\" class=\"btn btn-solid btn-xsm round border-thin btn-has-label jetztstartenbutton\">klicken f\u00fcr Details<\/a><\/div>\r\n\t\t\t\t\t\t\t\t\t\t\t\t\t\t\t\t\t<figure class=\"wpb_wrapper vc_figure\">\r\n\t\t\t\t\t\t\t\t\t<a href=\"online.therapie.ergowebinar.de\/de\/e\/Backward-Chaining-das-Lernprinzip-bei-schweren-kognitiven-Beeintraechtigungen-2-FP-223?\r\n\t\t\t\t\t\t\t\t\t\" title=\"Sie sehen im rechten Seitenspiegel eines Autos einen Teil der Karosse und einen Sonnenuntergang als Assoziation zum Webseminar f\u00fcr Ergotherapie + Physiotherapie in der Rehabilitation von Schlaganfall + Apoplex in Klinik + Praxis\" target=\"_blank\">\r\n\t\t\t\t\t\t\t\t\t\t<img decoding=\"async\" width=\"475\" src=\"https:\/\/www.ergowebinar.de\/intern\/parsed_images\/523eca67-312c-430b-98d6-b9aecbf0bba0.jpg\" class=\"vc_single_image-img attachment-full\" alt=\"Sie sehen im rechten Seitenspiegel eines Autos einen Teil der Karosse und einen Sonnenuntergang als Assoziation zum Webseminar f\u00fcr Ergotherapie + Physiotherapie in der Rehabilitation von Schlaganfall + Apoplex in Klinik + Praxis\" title=\"Sie sehen im rechten Seitenspiegel eines Autos einen Teil der Karosse und einen Sonnenuntergang als Assoziation zum Webseminar f\u00fcr Ergotherapie + Physiotherapie in der Rehabilitation von Schlaganfall + Apoplex in Klinik + Praxis\" srcset=\"https:\/\/www.ergowebinar.de\/intern\/parsed_images\/523eca67-312c-430b-98d6-b9aecbf0bba0.jpg 475w, https:\/\/www.ergowebinar.de\/intern\/parsed_images\/523eca67-312c-430b-98d6-b9aecbf0bba0.jpg 275w\" sizes=\"(max-width: 475px) 100vw, 475px\" itemprop=\"image\" \/>\r\n\t\t\t\t\t\t\t\t\t\t<h6>Backward Chaining \u2013 das Lernprinzip bei schweren kognitiven Beeintr\u00e4chtigungen [2 FP]<\/h6>\r\n\t\t\t\t\t\t\t\t\t\t\t\t\t\t\t\t\t\t\t\t\t<p class=\"calendarline\"><img decoding=\"async\" class=\"calendar_icon\" src=\"https:\/\/www.ergowebinar.de\/intern\/images\/calendar.png\">05.05.2026 20:00 - 21:00<\/p>\t\r\n\t\t\t\t\t\t\t\t\t\t\t\t\t\t\t\t\t\t\t\t\t<p class=\"liquid_vc_single_text\">Eine Alltagshandlung vom vollendeten Schluss her r&uuml;ckw&auml;rts zur Therapie einzusetzen, ist die einfachste Lerntechnik. Sie ist auch bei komplexen kognitiven Einschr&auml;nkungen und Demenz noch ...<\/p>\r\n\t\t\t\t\t\t\t\t\t\t\t\t\t\t\t\t\t\t\t\t\t<p class=\"sempreis\">49 \u20ac<\/p>\r\n\t\t\t\t\t\t\t\t\t\t\t\t\t\t\t\t\t\t\t\t\t\t\t<p class=\"semmwst\"><\/p>\r\n\t\t\t\t\t\t\t\t\t\t\t\t\t\t\t\t\t\t\t\t\t\t\t\r\n\t\t\t\t\t\t\t\t\t<\/a>\r\n\t\t\t\t\t\t\t\t\t\r\n\t\t\t\t\t\t\t\t<\/figure>\r\n\t\t\t\t\t\t\t\t\r\n\t\t\t\t\t\t\t<\/div>\r\n\t\t\t\t\t\t\t\t\t\t\t\t\t\t\r\n\t\t\t\t\t\t<\/div>\r\n\t\t\t\t\t<\/div>\r\n\t\t\t\t<\/div>\r\n\t\t\t\t\t\t\t\t<div class=\"wpb_column vc_column_container vc_col-sm-2\">\r\n\t\t\t\t\t<div class=\"vc_column-inner \" >\r\n\t\t\t\t\t\t<div class=\"wpb_wrapper\" >\r\n\t\t\t\t\t\t\t<div class=\"wpb_single_image wpb_content_element vc_align_ liquid_vc_single_image\">\r\n\t\t\t\t\t\t\t\t\t\t\t\t\t\t\t\t\t<div class=\"sem_overlay\" ><a href=\"https:\/\/online.therapie.ergowebinar.de\/de\/e\/Stroke-Unit-Therapieaktivitaeten-am-Bett-2FP-107?\r\n\t\t\t\t\t\t\t\t\t\" class=\"btn btn-solid btn-xsm round border-thin btn-has-label jetztstartenbutton\">klicken f\u00fcr Details<\/a><\/div>\r\n\t\t\t\t\t\t\t\t\t\t\t\t\t\t\t\t\t<figure class=\"wpb_wrapper vc_figure\">\r\n\t\t\t\t\t\t\t\t\t<a href=\"online.therapie.ergowebinar.de\/de\/e\/Stroke-Unit-Therapieaktivitaeten-am-Bett-2FP-107?\r\n\t\t\t\t\t\t\t\t\t\" title=\"Sie sehen  eine Person in einem Pflegebett auf einer Krankenhausstation als Assoziation zum Webseminar \u00fcber therapeutische Bewegungsm\u00f6glichkeiten am Bett f\u00fcr Ergotherapie + Physiotherapie in der Rehabilitation von Schlaganfall + Apoplex in der Klinik\" target=\"_blank\">\r\n\t\t\t\t\t\t\t\t\t\t<img decoding=\"async\" width=\"475\" src=\"https:\/\/www.ergowebinar.de\/intern\/parsed_images\/49e48165-00e2-4abb-90f3-b4e32f7301f3.jpg\" class=\"vc_single_image-img attachment-full\" alt=\"Sie sehen  eine Person in einem Pflegebett auf einer Krankenhausstation als Assoziation zum Webseminar \u00fcber therapeutische Bewegungsm\u00f6glichkeiten am Bett f\u00fcr Ergotherapie + Physiotherapie in der Rehabilitation von Schlaganfall + Apoplex in der Klinik\" title=\"Sie sehen  eine Person in einem Pflegebett auf einer Krankenhausstation als Assoziation zum Webseminar \u00fcber therapeutische Bewegungsm\u00f6glichkeiten am Bett f\u00fcr Ergotherapie + Physiotherapie in der Rehabilitation von Schlaganfall + Apoplex in der Klinik\" srcset=\"https:\/\/www.ergowebinar.de\/intern\/parsed_images\/49e48165-00e2-4abb-90f3-b4e32f7301f3.jpg 475w, https:\/\/www.ergowebinar.de\/intern\/parsed_images\/49e48165-00e2-4abb-90f3-b4e32f7301f3.jpg 275w\" sizes=\"(max-width: 475px) 100vw, 475px\" itemprop=\"image\" \/>\r\n\t\t\t\t\t\t\t\t\t\t<h6>Stroke Unit - Therapieaktivit\u00e4ten am Bett [2FP]<\/h6>\r\n\t\t\t\t\t\t\t\t\t\t\t\t\t\t\t\t\t\t\t\t\t<p class=\"calendarline\"><img decoding=\"async\" class=\"calendar_icon\" src=\"https:\/\/www.ergowebinar.de\/intern\/images\/calendar.png\">07.05.2026 17:30 - 18:30<\/p>\t\r\n\t\t\t\t\t\t\t\t\t\t\t\t\t\t\t\t\t\t\t\t\t<p class=\"liquid_vc_single_text\">Time is brain &ndash; oder: jede Sekunde z&auml;hlt! Das gilt insbesondere auch f&uuml;r den fr&uuml;hen Start der Rehabilitation nach Schlaganfall. Denn je fr&uuml;her Therapien gezielt beginnen, desto ...<\/p>\r\n\t\t\t\t\t\t\t\t\t\t\t\t\t\t\t\t\t\t\t\t\t<p class=\"sempreis\">49 \u20ac<\/p>\r\n\t\t\t\t\t\t\t\t\t\t\t\t\t\t\t\t\t\t\t\t\t\t\t<p class=\"semmwst\"><\/p>\r\n\t\t\t\t\t\t\t\t\t\t\t\t\t\t\t\t\t\t\t\t\t\t\t\r\n\t\t\t\t\t\t\t\t\t<\/a>\r\n\t\t\t\t\t\t\t\t\t\r\n\t\t\t\t\t\t\t\t<\/figure>\r\n\t\t\t\t\t\t\t\t\r\n\t\t\t\t\t\t\t<\/div>\r\n\t\t\t\t\t\t\t\t\t\t\t\t\t\t\r\n\t\t\t\t\t\t<\/div>\r\n\t\t\t\t\t<\/div>\r\n\t\t\t\t<\/div>\r\n\t\t\t\t\t\t\t\t<div class=\"wpb_column vc_column_container vc_col-sm-2\">\r\n\t\t\t\t\t<div class=\"vc_column-inner \" >\r\n\t\t\t\t\t\t<div class=\"wpb_wrapper\" >\r\n\t\t\t\t\t\t\t<div class=\"wpb_single_image wpb_content_element vc_align_ liquid_vc_single_image\">\r\n\t\t\t\t\t\t\t\t\t\t\t\t\t\t\t\t\t<div class=\"sem_overlay\" ><a href=\"https:\/\/online.therapie.ergowebinar.de\/de\/e\/Sturzpraevention-Basic-aktiv-und-sicher-im-Alter-2FP-68?\r\n\t\t\t\t\t\t\t\t\t\" class=\"btn btn-solid btn-xsm round border-thin btn-has-label jetztstartenbutton\">klicken f\u00fcr Details<\/a><\/div>\r\n\t\t\t\t\t\t\t\t\t\t\t\t\t\t\t\t\t<figure class=\"wpb_wrapper vc_figure\">\r\n\t\t\t\t\t\t\t\t\t<a href=\"online.therapie.ergowebinar.de\/de\/e\/Sturzpraevention-Basic-aktiv-und-sicher-im-Alter-2FP-68?\r\n\t\t\t\t\t\t\t\t\t\" title=\"Sie sehen ein Paar F\u00fc\u00dfe in Nahaufnahme, von denen einer auf einer Bananenschale ausrutscht, als Assoziation zum Webseminar zum Basiswissen \u00fcber Sturzpr\u00e4vention f\u00fcr Ergotherapie + Physiotherapie in der Rehabilitation in Klinik + Praxis\" target=\"_blank\">\r\n\t\t\t\t\t\t\t\t\t\t<img decoding=\"async\" width=\"475\" src=\"https:\/\/www.ergowebinar.de\/intern\/parsed_images\/dfe3aec3-9f8b-4dee-b5cb-f0233ba022bf.jpg\" class=\"vc_single_image-img attachment-full\" alt=\"Sie sehen ein Paar F\u00fc\u00dfe in Nahaufnahme, von denen einer auf einer Bananenschale ausrutscht, als Assoziation zum Webseminar zum Basiswissen \u00fcber Sturzpr\u00e4vention f\u00fcr Ergotherapie + Physiotherapie in der Rehabilitation in Klinik + Praxis\" title=\"Sie sehen ein Paar F\u00fc\u00dfe in Nahaufnahme, von denen einer auf einer Bananenschale ausrutscht, als Assoziation zum Webseminar zum Basiswissen \u00fcber Sturzpr\u00e4vention f\u00fcr Ergotherapie + Physiotherapie in der Rehabilitation in Klinik + Praxis\" srcset=\"https:\/\/www.ergowebinar.de\/intern\/parsed_images\/dfe3aec3-9f8b-4dee-b5cb-f0233ba022bf.jpg 475w, https:\/\/www.ergowebinar.de\/intern\/parsed_images\/dfe3aec3-9f8b-4dee-b5cb-f0233ba022bf.jpg 275w\" sizes=\"(max-width: 475px) 100vw, 475px\" itemprop=\"image\" \/>\r\n\t\t\t\t\t\t\t\t\t\t<h6>Sturzpr\u00e4vention Basic - aktiv und sicher im Alter [2FP]<\/h6>\r\n\t\t\t\t\t\t\t\t\t\t\t\t\t\t\t\t\t\t\t\t\t<p class=\"calendarline\"><img decoding=\"async\" class=\"calendar_icon\" src=\"https:\/\/www.ergowebinar.de\/intern\/images\/calendar.png\">11.05.2026 16:45 - 17:45<\/p>\t\r\n\t\t\t\t\t\t\t\t\t\t\t\t\t\t\t\t\t\t\t\t\t<p class=\"liquid_vc_single_text\">Regelm&auml;&szlig;ige k&ouml;rperliche Aktivit&auml;t leistet einen wichtigen Beitrag zur Aufrechterhaltung von Gesundheit und Wohlbefinden und hat einen nachgewiesenen lebensverl&auml;ngernden Effekt. ...<\/p>\r\n\t\t\t\t\t\t\t\t\t\t\t\t\t\t\t\t\t\t\t\t\t<p class=\"sempreis\">49 \u20ac<\/p>\r\n\t\t\t\t\t\t\t\t\t\t\t\t\t\t\t\t\t\t\t\t\t\t\t<p class=\"semmwst\"><\/p>\r\n\t\t\t\t\t\t\t\t\t\t\t\t\t\t\t\t\t\t\t\t\t\t\t\r\n\t\t\t\t\t\t\t\t\t<\/a>\r\n\t\t\t\t\t\t\t\t\t\r\n\t\t\t\t\t\t\t\t<\/figure>\r\n\t\t\t\t\t\t\t\t\r\n\t\t\t\t\t\t\t<\/div>\r\n\t\t\t\t\t\t\t\t\t\t\t\t\t\t\r\n\t\t\t\t\t\t<\/div>\r\n\t\t\t\t\t<\/div>\r\n\t\t\t\t<\/div>\r\n\t\t\t\t\t\t\t\t<div class=\"wpb_column vc_column_container vc_col-sm-2\">\r\n\t\t\t\t\t<div class=\"vc_column-inner \" >\r\n\t\t\t\t\t\t<div class=\"wpb_wrapper\" >\r\n\t\t\t\t\t\t\t<div class=\"wpb_single_image wpb_content_element vc_align_ liquid_vc_single_image\">\r\n\t\t\t\t\t\t\t\t\t\t\t\t\t\t\t\t\t<div class=\"sem_overlay\" ><a href=\"https:\/\/online.therapie.ergowebinar.de\/de\/e\/Das-Rote-Mosaik-Therapiematerial-vorgestellt-2FP-335?\r\n\t\t\t\t\t\t\t\t\t\" class=\"btn btn-solid btn-xsm round border-thin btn-has-label jetztstartenbutton\">klicken f\u00fcr Details<\/a><\/div>\r\n\t\t\t\t\t\t\t\t\t\t\t\t\t\t\t\t\t<figure class=\"wpb_wrapper vc_figure\">\r\n\t\t\t\t\t\t\t\t\t<a href=\"online.therapie.ergowebinar.de\/de\/e\/Das-Rote-Mosaik-Therapiematerial-vorgestellt-2FP-335?\r\n\t\t\t\t\t\t\t\t\t\" title=\"Sie sehen mehrere Teile des Therapiematerials Rotes Mosaik von Verena Schweizer als Symbol zum Webseminar f\u00fcr Ergotherapie + Physiotherapie in der Reha bei kognitiven Einschr\u00e4nkungen bei Schlaganfall + \u00e4hnlichen Erkrankungen in Klinik + Praxis\" target=\"_blank\">\r\n\t\t\t\t\t\t\t\t\t\t<img decoding=\"async\" width=\"475\" src=\"https:\/\/www.ergowebinar.de\/intern\/parsed_images\/65ec580c-4640-44be-9558-ed0213b25460.jpg\" class=\"vc_single_image-img attachment-full\" alt=\"Sie sehen mehrere Teile des Therapiematerials Rotes Mosaik von Verena Schweizer als Symbol zum Webseminar f\u00fcr Ergotherapie + Physiotherapie in der Reha bei kognitiven Einschr\u00e4nkungen bei Schlaganfall + \u00e4hnlichen Erkrankungen in Klinik + Praxis\" title=\"Sie sehen mehrere Teile des Therapiematerials Rotes Mosaik von Verena Schweizer als Symbol zum Webseminar f\u00fcr Ergotherapie + Physiotherapie in der Reha bei kognitiven Einschr\u00e4nkungen bei Schlaganfall + \u00e4hnlichen Erkrankungen in Klinik + Praxis\" srcset=\"https:\/\/www.ergowebinar.de\/intern\/parsed_images\/65ec580c-4640-44be-9558-ed0213b25460.jpg 475w, https:\/\/www.ergowebinar.de\/intern\/parsed_images\/65ec580c-4640-44be-9558-ed0213b25460.jpg 275w\" sizes=\"(max-width: 475px) 100vw, 475px\" itemprop=\"image\" \/>\r\n\t\t\t\t\t\t\t\t\t\t<h6>Das Rote Mosaik - Therapiematerial vorgestellt [2FP]<\/h6>\r\n\t\t\t\t\t\t\t\t\t\t\t\t\t\t\t\t\t\t\t\t\t<p class=\"calendarline\"><img decoding=\"async\" class=\"calendar_icon\" src=\"https:\/\/www.ergowebinar.de\/intern\/images\/calendar.png\">11.05.2026 18:00 - 19:00<\/p>\t\r\n\t\t\t\t\t\t\t\t\t\t\t\t\t\t\t\t\t\t\t\t\t<p class=\"liquid_vc_single_text\">\r\nDas Neurotraining wurde f&uuml;r die therapeutische Arbeit im kognitiven Bereich f&uuml;r Erwachsene entwickelt. Heutzutage findet das Neurotraining in fast allen Fachbereichen wie auch in der P&auml;diatrie, ...<\/p>\r\n\t\t\t\t\t\t\t\t\t\t\t\t\t\t\t\t\t\t\t\t\t<p class=\"sempreis\">49 \u20ac<\/p>\r\n\t\t\t\t\t\t\t\t\t\t\t\t\t\t\t\t\t\t\t\t\t\t\t<p class=\"semmwst\"><\/p>\r\n\t\t\t\t\t\t\t\t\t\t\t\t\t\t\t\t\t\t\t\t\t\t\t\r\n\t\t\t\t\t\t\t\t\t<\/a>\r\n\t\t\t\t\t\t\t\t\t\r\n\t\t\t\t\t\t\t\t<\/figure>\r\n\t\t\t\t\t\t\t\t\r\n\t\t\t\t\t\t\t<\/div>\r\n\t\t\t\t\t\t\t\t\t\t\t\t\t\t\r\n\t\t\t\t\t\t<\/div>\r\n\t\t\t\t\t<\/div>\r\n\t\t\t\t<\/div>\r\n\t\t\t\t\t\t\t\t<div class=\"wpb_column vc_column_container vc_col-sm-2\">\r\n\t\t\t\t\t<div class=\"vc_column-inner \" >\r\n\t\t\t\t\t\t<div class=\"wpb_wrapper\" >\r\n\t\t\t\t\t\t\t<div class=\"wpb_single_image wpb_content_element vc_align_ liquid_vc_single_image\">\r\n\t\t\t\t\t\t\t\t\t\t\t\t\t\t\t\t\t<div class=\"sem_overlay\" ><a href=\"https:\/\/online.therapie.ergowebinar.de\/de\/e\/Prae-Rehabilitation-obere-Extremitaet-2FP-324?\r\n\t\t\t\t\t\t\t\t\t\" class=\"btn btn-solid btn-xsm round border-thin btn-has-label jetztstartenbutton\">klicken f\u00fcr Details<\/a><\/div>\r\n\t\t\t\t\t\t\t\t\t\t\t\t\t\t\t\t\t<figure class=\"wpb_wrapper vc_figure\">\r\n\t\t\t\t\t\t\t\t\t<a href=\"online.therapie.ergowebinar.de\/de\/e\/Prae-Rehabilitation-obere-Extremitaet-2FP-324?\r\n\t\t\t\t\t\t\t\t\t\" title=\"Sie sehen eine Gliederfigur mit ausgestrecktem abwehrenden Arm als Symbol zum Webseminar zur vorbereitentenden Therapie in der Ergotherapie vor elektiven Eingriffen an der oberen Extremit\u00e4t in Orthop\u00e4die, Handttherapie, Neurologie in Klinik + Praxis\" target=\"_blank\">\r\n\t\t\t\t\t\t\t\t\t\t<img decoding=\"async\" width=\"475\" src=\"https:\/\/www.ergowebinar.de\/intern\/parsed_images\/8ec4ecd4-61de-4162-ad0f-478a36f22c93.jpg\" class=\"vc_single_image-img attachment-full\" alt=\"Sie sehen eine Gliederfigur mit ausgestrecktem abwehrenden Arm als Symbol zum Webseminar zur vorbereitentenden Therapie in der Ergotherapie vor elektiven Eingriffen an der oberen Extremit\u00e4t in Orthop\u00e4die, Handttherapie, Neurologie in Klinik + Praxis\" title=\"Sie sehen eine Gliederfigur mit ausgestrecktem abwehrenden Arm als Symbol zum Webseminar zur vorbereitentenden Therapie in der Ergotherapie vor elektiven Eingriffen an der oberen Extremit\u00e4t in Orthop\u00e4die, Handttherapie, Neurologie in Klinik + Praxis\" srcset=\"https:\/\/www.ergowebinar.de\/intern\/parsed_images\/8ec4ecd4-61de-4162-ad0f-478a36f22c93.jpg 475w, https:\/\/www.ergowebinar.de\/intern\/parsed_images\/8ec4ecd4-61de-4162-ad0f-478a36f22c93.jpg 275w\" sizes=\"(max-width: 475px) 100vw, 475px\" itemprop=\"image\" \/>\r\n\t\t\t\t\t\t\t\t\t\t<h6>Pr\u00e4-Rehabilitation - obere Extremit\u00e4t [2FP]<\/h6>\r\n\t\t\t\t\t\t\t\t\t\t\t\t\t\t\t\t\t\t\t\t\t<p class=\"calendarline\"><img decoding=\"async\" class=\"calendar_icon\" src=\"https:\/\/www.ergowebinar.de\/intern\/images\/calendar.png\">13.05.2026 18:00 - 19:00<\/p>\t\r\n\t\t\t\t\t\t\t\t\t\t\t\t\t\t\t\t\t\t\t\t\t<p class=\"liquid_vc_single_text\">\r\nMeist beginnt die Behandlungsserie nach der Nahtentfernung, doch in letzter Zeit gewinnen Interventionen vor dem eigentlichen Operationstermin mehr und mehr an Popularit&auml;t. Wie man Betroffene schon ...<\/p>\r\n\t\t\t\t\t\t\t\t\t\t\t\t\t\t\t\t\t\t\t\t\t<p class=\"sempreis\">49 \u20ac<\/p>\r\n\t\t\t\t\t\t\t\t\t\t\t\t\t\t\t\t\t\t\t\t\t\t\t<p class=\"semmwst\"><\/p>\r\n\t\t\t\t\t\t\t\t\t\t\t\t\t\t\t\t\t\t\t\t\t\t\t\r\n\t\t\t\t\t\t\t\t\t<\/a>\r\n\t\t\t\t\t\t\t\t\t\r\n\t\t\t\t\t\t\t\t<\/figure>\r\n\t\t\t\t\t\t\t\t\r\n\t\t\t\t\t\t\t<\/div>\r\n\t\t\t\t\t\t\t\t\t\t\t\t\t\t\r\n\t\t\t\t\t\t<\/div>\r\n\t\t\t\t\t<\/div>\r\n\t\t\t\t<\/div>\r\n\t\t\t\t\t\t\t\t<div class=\"wpb_column vc_column_container vc_col-sm-2\">\r\n\t\t\t\t\t<div class=\"vc_column-inner \" >\r\n\t\t\t\t\t\t<div class=\"wpb_wrapper\" >\r\n\t\t\t\t\t\t\t<div class=\"wpb_single_image wpb_content_element vc_align_ liquid_vc_single_image\">\r\n\t\t\t\t\t\t\t\t\t\t\t\t\t\t\t\t\t<div class=\"sem_overlay\" ><a href=\"https:\/\/online.therapie.ergowebinar.de\/de\/e\/Prae-Rehabilitation-untere-Extremitaet-2FP-325?\r\n\t\t\t\t\t\t\t\t\t\" class=\"btn btn-solid btn-xsm round border-thin btn-has-label jetztstartenbutton\">klicken f\u00fcr Details<\/a><\/div>\r\n\t\t\t\t\t\t\t\t\t\t\t\t\t\t\t\t\t<figure class=\"wpb_wrapper vc_figure\">\r\n\t\t\t\t\t\t\t\t\t<a href=\"online.therapie.ergowebinar.de\/de\/e\/Prae-Rehabilitation-untere-Extremitaet-2FP-325?\r\n\t\t\t\t\t\t\t\t\t\" title=\"Sie sehen eine Hand am Griff einer Unterarmgehst\u00fctze als Symbol zum Webseminar zur vorbereitentenden Therapie in der Ergotherapie vor elektiven Eingriffen an der unteren Extremit\u00e4t in Orthop\u00e4die, Handttherapie, Neurologie in Klinik + Praxis\" target=\"_blank\">\r\n\t\t\t\t\t\t\t\t\t\t<img decoding=\"async\" width=\"475\" src=\"https:\/\/www.ergowebinar.de\/intern\/parsed_images\/8ec4ecd4-61de-4162-ad0f-488a36f22c93.jpg\" class=\"vc_single_image-img attachment-full\" alt=\"Sie sehen eine Hand am Griff einer Unterarmgehst\u00fctze als Symbol zum Webseminar zur vorbereitentenden Therapie in der Ergotherapie vor elektiven Eingriffen an der unteren Extremit\u00e4t in Orthop\u00e4die, Handttherapie, Neurologie in Klinik + Praxis\" title=\"Sie sehen eine Hand am Griff einer Unterarmgehst\u00fctze als Symbol zum Webseminar zur vorbereitentenden Therapie in der Ergotherapie vor elektiven Eingriffen an der unteren Extremit\u00e4t in Orthop\u00e4die, Handttherapie, Neurologie in Klinik + Praxis\" srcset=\"https:\/\/www.ergowebinar.de\/intern\/parsed_images\/8ec4ecd4-61de-4162-ad0f-488a36f22c93.jpg 475w, https:\/\/www.ergowebinar.de\/intern\/parsed_images\/8ec4ecd4-61de-4162-ad0f-488a36f22c93.jpg 275w\" sizes=\"(max-width: 475px) 100vw, 475px\" itemprop=\"image\" \/>\r\n\t\t\t\t\t\t\t\t\t\t<h6>Pr\u00e4-Rehabilitation - untere Extremit\u00e4t [2FP]<\/h6>\r\n\t\t\t\t\t\t\t\t\t\t\t\t\t\t\t\t\t\t\t\t\t<p class=\"calendarline\"><img decoding=\"async\" class=\"calendar_icon\" src=\"https:\/\/www.ergowebinar.de\/intern\/images\/calendar.png\">13.05.2026 19:30 - 20:30<\/p>\t\r\n\t\t\t\t\t\t\t\t\t\t\t\t\t\t\t\t\t\t\t\t\t<p class=\"liquid_vc_single_text\">\r\n\r\nErgotherapeut:innen k&ouml;nnen schon im Vorfeld von Operationen im Bereich der unteren Extremit&auml;t einen wertvollen Beitrag durch Klientenedukation leisten. Sie unterst&uuml;tzen durch diverse ...<\/p>\r\n\t\t\t\t\t\t\t\t\t\t\t\t\t\t\t\t\t\t\t\t\t<p class=\"sempreis\">49 \u20ac<\/p>\r\n\t\t\t\t\t\t\t\t\t\t\t\t\t\t\t\t\t\t\t\t\t\t\t<p class=\"semmwst\"><\/p>\r\n\t\t\t\t\t\t\t\t\t\t\t\t\t\t\t\t\t\t\t\t\t\t\t\r\n\t\t\t\t\t\t\t\t\t<\/a>\r\n\t\t\t\t\t\t\t\t\t\r\n\t\t\t\t\t\t\t\t<\/figure>\r\n\t\t\t\t\t\t\t\t\r\n\t\t\t\t\t\t\t<\/div>\r\n\t\t\t\t\t\t\t\t\t\t\t\t\t\t\r\n\t\t\t\t\t\t<\/div>\r\n\t\t\t\t\t<\/div>\r\n\t\t\t\t<\/div>\r\n\t\t\t\t\t\t\t\t<div class=\"wpb_column vc_column_container vc_col-sm-2\">\r\n\t\t\t\t\t<div class=\"vc_column-inner \" >\r\n\t\t\t\t\t\t<div class=\"wpb_wrapper\" >\r\n\t\t\t\t\t\t\t<div class=\"wpb_single_image wpb_content_element vc_align_ liquid_vc_single_image\">\r\n\t\t\t\t\t\t\t\t\t\t\t\t\t\t\t\t\t<div class=\"sem_overlay\" ><a href=\"https:\/\/online.therapie.ergowebinar.de\/de\/e\/Sakkadentraining-Ataxie-und-Tremor-in-der-oberen-Extremitaet-nach-Schlaganfall-2-FP-187?\r\n\t\t\t\t\t\t\t\t\t\" class=\"btn btn-solid btn-xsm round border-thin btn-has-label jetztstartenbutton\">klicken f\u00fcr Details<\/a><\/div>\r\n\t\t\t\t\t\t\t\t\t\t\t\t\t\t\t\t\t<figure class=\"wpb_wrapper vc_figure\">\r\n\t\t\t\t\t\t\t\t\t<a href=\"online.therapie.ergowebinar.de\/de\/e\/Sakkadentraining-Ataxie-und-Tremor-in-der-oberen-Extremitaet-nach-Schlaganfall-2-FP-187?\r\n\t\t\t\t\t\t\t\t\t\" title=\"Sie sehen ein menschliches ge\u00f6ffnetes Auge von frontal, als Assoziation zum Webseminar f\u00fcr Ergotherapie + Physiotherapie in der Rehabilitation von Schlaganfall + Apoplex in Klinik + Praxis\" target=\"_blank\">\r\n\t\t\t\t\t\t\t\t\t\t<img decoding=\"async\" width=\"475\" src=\"https:\/\/www.ergowebinar.de\/intern\/parsed_images\/4b7f0aa1-5695-4652-abbc-c726c14ca9f6.jpg\" class=\"vc_single_image-img attachment-full\" alt=\"Sie sehen ein menschliches ge\u00f6ffnetes Auge von frontal, als Assoziation zum Webseminar f\u00fcr Ergotherapie + Physiotherapie in der Rehabilitation von Schlaganfall + Apoplex in Klinik + Praxis\" title=\"Sie sehen ein menschliches ge\u00f6ffnetes Auge von frontal, als Assoziation zum Webseminar f\u00fcr Ergotherapie + Physiotherapie in der Rehabilitation von Schlaganfall + Apoplex in Klinik + Praxis\" srcset=\"https:\/\/www.ergowebinar.de\/intern\/parsed_images\/4b7f0aa1-5695-4652-abbc-c726c14ca9f6.jpg 475w, https:\/\/www.ergowebinar.de\/intern\/parsed_images\/4b7f0aa1-5695-4652-abbc-c726c14ca9f6.jpg 275w\" sizes=\"(max-width: 475px) 100vw, 475px\" itemprop=\"image\" \/>\r\n\t\t\t\t\t\t\t\t\t\t<h6>Sakkadentraining - Ataxie und Tremor in der oberen Extremit\u00e4t nach Schlaganfall [2 FP]<\/h6>\r\n\t\t\t\t\t\t\t\t\t\t\t\t\t\t\t\t\t\t\t\t\t<p class=\"calendarline\"><img decoding=\"async\" class=\"calendar_icon\" src=\"https:\/\/www.ergowebinar.de\/intern\/images\/calendar.png\">19.05.2026 18:30 - 19:30<\/p>\t\r\n\t\t\t\t\t\t\t\t\t\t\t\t\t\t\t\t\t\t\t\t\t<p class=\"liquid_vc_single_text\">F&uuml;r Ataxien oder Tremor nach Schlaganfall gibt es neben den bekannten Ans&auml;tzen und kompensatorischen Ma&szlig;nahmen noch eine weniger bekannte und gut erforschte Technik: Das Sakkadentraining ...<\/p>\r\n\t\t\t\t\t\t\t\t\t\t\t\t\t\t\t\t\t\t\t\t\t<p class=\"sempreis\">49 \u20ac<\/p>\r\n\t\t\t\t\t\t\t\t\t\t\t\t\t\t\t\t\t\t\t\t\t\t\t<p class=\"semmwst\"><\/p>\r\n\t\t\t\t\t\t\t\t\t\t\t\t\t\t\t\t\t\t\t\t\t\t\t\r\n\t\t\t\t\t\t\t\t\t<\/a>\r\n\t\t\t\t\t\t\t\t\t\r\n\t\t\t\t\t\t\t\t<\/figure>\r\n\t\t\t\t\t\t\t\t\r\n\t\t\t\t\t\t\t<\/div>\r\n\t\t\t\t\t\t\t\t\t\t\t\t\t\t\r\n\t\t\t\t\t\t<\/div>\r\n\t\t\t\t\t<\/div>\r\n\t\t\t\t<\/div>\r\n\t\t\t\t\t\t\t\t<div class=\"wpb_column vc_column_container vc_col-sm-2\">\r\n\t\t\t\t\t<div class=\"vc_column-inner \" >\r\n\t\t\t\t\t\t<div class=\"wpb_wrapper\" >\r\n\t\t\t\t\t\t\t<div class=\"wpb_single_image wpb_content_element vc_align_ liquid_vc_single_image\">\r\n\t\t\t\t\t\t\t\t\t\t\t\t\t\t\t\t\t<div class=\"sem_overlay\" ><a href=\"https:\/\/online.therapie.ergowebinar.de\/de\/e\/Der-Allensbacher-Feinmotorik-Test-AFM-Test-2-FP-188?\r\n\t\t\t\t\t\t\t\t\t\" class=\"btn btn-solid btn-xsm round border-thin btn-has-label jetztstartenbutton\">klicken f\u00fcr Details<\/a><\/div>\r\n\t\t\t\t\t\t\t\t\t\t\t\t\t\t\t\t\t<figure class=\"wpb_wrapper vc_figure\">\r\n\t\t\t\t\t\t\t\t\t<a href=\"online.therapie.ergowebinar.de\/de\/e\/Der-Allensbacher-Feinmotorik-Test-AFM-Test-2-FP-188?\r\n\t\t\t\t\t\t\t\t\t\" title=\"Sie sehen  zwei H\u00e4nde, die an einem dicken Tau ziehen wobei das Tau um das Handgelenk der einen Hand gewickelt ist,  als Assoziation zum Webseminar f\u00fcr Ergotherapie + Physiotherapie in der Rehabilitation von Schlaganfall + Apoplex in Klinik + Praxis\" target=\"_blank\">\r\n\t\t\t\t\t\t\t\t\t\t<img decoding=\"async\" width=\"475\" src=\"https:\/\/www.ergowebinar.de\/intern\/parsed_images\/bdbedb1d-2671-4d11-a249-b59ef4545acf.jpg\" class=\"vc_single_image-img attachment-full\" alt=\"Sie sehen  zwei H\u00e4nde, die an einem dicken Tau ziehen wobei das Tau um das Handgelenk der einen Hand gewickelt ist,  als Assoziation zum Webseminar f\u00fcr Ergotherapie + Physiotherapie in der Rehabilitation von Schlaganfall + Apoplex in Klinik + Praxis\" title=\"Sie sehen  zwei H\u00e4nde, die an einem dicken Tau ziehen wobei das Tau um das Handgelenk der einen Hand gewickelt ist,  als Assoziation zum Webseminar f\u00fcr Ergotherapie + Physiotherapie in der Rehabilitation von Schlaganfall + Apoplex in Klinik + Praxis\" srcset=\"https:\/\/www.ergowebinar.de\/intern\/parsed_images\/bdbedb1d-2671-4d11-a249-b59ef4545acf.jpg 475w, https:\/\/www.ergowebinar.de\/intern\/parsed_images\/bdbedb1d-2671-4d11-a249-b59ef4545acf.jpg 275w\" sizes=\"(max-width: 475px) 100vw, 475px\" itemprop=\"image\" \/>\r\n\t\t\t\t\t\t\t\t\t\t<h6>Der Allensbacher Feinmotorik Test (AFM-Test) [2 FP]<\/h6>\r\n\t\t\t\t\t\t\t\t\t\t\t\t\t\t\t\t\t\t\t\t\t<p class=\"calendarline\"><img decoding=\"async\" class=\"calendar_icon\" src=\"https:\/\/www.ergowebinar.de\/intern\/images\/calendar.png\">19.05.2026 20:00 - 21:00<\/p>\t\r\n\t\t\t\t\t\t\t\t\t\t\t\t\t\t\t\t\t\t\t\t\t<p class=\"liquid_vc_single_text\">Hier werden alle Aufgaben des Feinmotoriktests, seine Auswertungen und die daraus f&uuml;r die Therapie folgenden Empfehlungen vorgestellt. Die Testformulare und das Manual sind nicht im Kurspreis enthalten\r\n\r\nTestvorstellung\r\nTherapieplanung ...<\/p>\r\n\t\t\t\t\t\t\t\t\t\t\t\t\t\t\t\t\t\t\t\t\t<p class=\"sempreis\">49 \u20ac<\/p>\r\n\t\t\t\t\t\t\t\t\t\t\t\t\t\t\t\t\t\t\t\t\t\t\t<p class=\"semmwst\"><\/p>\r\n\t\t\t\t\t\t\t\t\t\t\t\t\t\t\t\t\t\t\t\t\t\t\t\r\n\t\t\t\t\t\t\t\t\t<\/a>\r\n\t\t\t\t\t\t\t\t\t\r\n\t\t\t\t\t\t\t\t<\/figure>\r\n\t\t\t\t\t\t\t\t\r\n\t\t\t\t\t\t\t<\/div>\r\n\t\t\t\t\t\t\t\t\t\t\t\t\t\t\r\n\t\t\t\t\t\t<\/div>\r\n\t\t\t\t\t<\/div>\r\n\t\t\t\t<\/div>\r\n\t\t\t\t\t\t\t\t<div class=\"wpb_column vc_column_container vc_col-sm-2\">\r\n\t\t\t\t\t<div class=\"vc_column-inner \" >\r\n\t\t\t\t\t\t<div class=\"wpb_wrapper\" >\r\n\t\t\t\t\t\t\t<div class=\"wpb_single_image wpb_content_element vc_align_ liquid_vc_single_image\">\r\n\t\t\t\t\t\t\t\t\t\t\t\t\t\t\t\t\t<div class=\"sem_overlay\" ><a href=\"https:\/\/online.therapie.ergowebinar.de\/de\/e\/Sensorische-Reedukation-nach-Nervenverletzungen-2FP-303?\r\n\t\t\t\t\t\t\t\t\t\" class=\"btn btn-solid btn-xsm round border-thin btn-has-label jetztstartenbutton\">klicken f\u00fcr Details<\/a><\/div>\r\n\t\t\t\t\t\t\t\t\t\t\t\t\t\t\t\t\t<figure class=\"wpb_wrapper vc_figure\">\r\n\t\t\t\t\t\t\t\t\t<a href=\"online.therapie.ergowebinar.de\/de\/e\/Sensorische-Reedukation-nach-Nervenverletzungen-2FP-303?\r\n\t\t\t\t\t\t\t\t\t\" title=\"Sie sehen zwei stark vergr\u00f6\u00dferte Fingerkuppen, als Symbol zum Webseminar \u00fcber sensorische Trainings zur Verbesserung der Sensibilit\u00e4t in der  Ergotherapie + Physiotherapie in der Handreha + Ortho + Neurologie in Klinik + Praxis\" target=\"_blank\">\r\n\t\t\t\t\t\t\t\t\t\t<img decoding=\"async\" width=\"475\" src=\"https:\/\/www.ergowebinar.de\/intern\/parsed_images\/343c53b6-52ff-4330-9d0a-6cd2c46a44bc.jpg\" class=\"vc_single_image-img attachment-full\" alt=\"Sie sehen zwei stark vergr\u00f6\u00dferte Fingerkuppen, als Symbol zum Webseminar \u00fcber sensorische Trainings zur Verbesserung der Sensibilit\u00e4t in der  Ergotherapie + Physiotherapie in der Handreha + Ortho + Neurologie in Klinik + Praxis\" title=\"Sie sehen zwei stark vergr\u00f6\u00dferte Fingerkuppen, als Symbol zum Webseminar \u00fcber sensorische Trainings zur Verbesserung der Sensibilit\u00e4t in der  Ergotherapie + Physiotherapie in der Handreha + Ortho + Neurologie in Klinik + Praxis\" srcset=\"https:\/\/www.ergowebinar.de\/intern\/parsed_images\/343c53b6-52ff-4330-9d0a-6cd2c46a44bc.jpg 475w, https:\/\/www.ergowebinar.de\/intern\/parsed_images\/343c53b6-52ff-4330-9d0a-6cd2c46a44bc.jpg 275w\" sizes=\"(max-width: 475px) 100vw, 475px\" itemprop=\"image\" \/>\r\n\t\t\t\t\t\t\t\t\t\t<h6>Sensorische Reedukation nach Nervenverletzungen [2FP]<\/h6>\r\n\t\t\t\t\t\t\t\t\t\t\t\t\t\t\t\t\t\t\t\t\t<p class=\"calendarline\"><img decoding=\"async\" class=\"calendar_icon\" src=\"https:\/\/www.ergowebinar.de\/intern\/images\/calendar.png\">19.05.2026 20:00 - 21:00<\/p>\t\r\n\t\t\t\t\t\t\t\t\t\t\t\t\t\t\t\t\t\t\t\t\t<p class=\"liquid_vc_single_text\">\r\nPeriphere Nervenverletzungen k&ouml;nnen viele Einschr&auml;nkungen im Alltag (motorisch, sensorisch und vegetativ) nach sich ziehen. Der Nerv und seine Endorgane m&uuml;ssen sich wieder neu zusammenfinden. ...<\/p>\r\n\t\t\t\t\t\t\t\t\t\t\t\t\t\t\t\t\t\t\t\t\t<p class=\"sempreis\">49 \u20ac<\/p>\r\n\t\t\t\t\t\t\t\t\t\t\t\t\t\t\t\t\t\t\t\t\t\t\t<p class=\"semmwst\"><\/p>\r\n\t\t\t\t\t\t\t\t\t\t\t\t\t\t\t\t\t\t\t\t\t\t\t\r\n\t\t\t\t\t\t\t\t\t<\/a>\r\n\t\t\t\t\t\t\t\t\t\r\n\t\t\t\t\t\t\t\t<\/figure>\r\n\t\t\t\t\t\t\t\t\r\n\t\t\t\t\t\t\t<\/div>\r\n\t\t\t\t\t\t\t\t\t\t\t\t\t\t\r\n\t\t\t\t\t\t<\/div>\r\n\t\t\t\t\t<\/div>\r\n\t\t\t\t<\/div>\r\n\t\t\t\t\t\t\t\t<div class=\"wpb_column vc_column_container vc_col-sm-2\">\r\n\t\t\t\t\t<div class=\"vc_column-inner \" >\r\n\t\t\t\t\t\t<div class=\"wpb_wrapper\" >\r\n\t\t\t\t\t\t\t<div class=\"wpb_single_image wpb_content_element vc_align_ liquid_vc_single_image\">\r\n\t\t\t\t\t\t\t\t\t\t\t\t\t\t\t\t\t<div class=\"sem_overlay\" ><a href=\"https:\/\/online.therapie.ergowebinar.de\/de\/e\/Stroke-Unit-Klienten-und-Angehoerigenedukation-2FP-106?\r\n\t\t\t\t\t\t\t\t\t\" class=\"btn btn-solid btn-xsm round border-thin btn-has-label jetztstartenbutton\">klicken f\u00fcr Details<\/a><\/div>\r\n\t\t\t\t\t\t\t\t\t\t\t\t\t\t\t\t\t<figure class=\"wpb_wrapper vc_figure\">\r\n\t\t\t\t\t\t\t\t\t<a href=\"online.therapie.ergowebinar.de\/de\/e\/Stroke-Unit-Klienten-und-Angehoerigenedukation-2FP-106?\r\n\t\t\t\t\t\t\t\t\t\" title=\"Sie sehen eine Person im weissen Kittel im Gespr\u00e4ch mit einer verunsichert schauenden Frau als Assoziation zum Webseminar \u00fcber Edukationsbedarfe auf einer Schlaganfall Akutstation f\u00fcr Ergotherapie + Physiotherapie in der Rehabilitation in Klinik\" target=\"_blank\">\r\n\t\t\t\t\t\t\t\t\t\t<img decoding=\"async\" width=\"475\" src=\"https:\/\/www.ergowebinar.de\/intern\/parsed_images\/f6b42dbc-d6ad-488c-abfd-2e30313e1643.jpg\" class=\"vc_single_image-img attachment-full\" alt=\"Sie sehen eine Person im weissen Kittel im Gespr\u00e4ch mit einer verunsichert schauenden Frau als Assoziation zum Webseminar \u00fcber Edukationsbedarfe auf einer Schlaganfall Akutstation f\u00fcr Ergotherapie + Physiotherapie in der Rehabilitation in Klinik\" title=\"Sie sehen eine Person im weissen Kittel im Gespr\u00e4ch mit einer verunsichert schauenden Frau als Assoziation zum Webseminar \u00fcber Edukationsbedarfe auf einer Schlaganfall Akutstation f\u00fcr Ergotherapie + Physiotherapie in der Rehabilitation in Klinik\" srcset=\"https:\/\/www.ergowebinar.de\/intern\/parsed_images\/f6b42dbc-d6ad-488c-abfd-2e30313e1643.jpg 475w, https:\/\/www.ergowebinar.de\/intern\/parsed_images\/f6b42dbc-d6ad-488c-abfd-2e30313e1643.jpg 275w\" sizes=\"(max-width: 475px) 100vw, 475px\" itemprop=\"image\" \/>\r\n\t\t\t\t\t\t\t\t\t\t<h6>Stroke Unit - Klienten- und Angeh\u00f6rigenedukation [2FP]<\/h6>\r\n\t\t\t\t\t\t\t\t\t\t\t\t\t\t\t\t\t\t\t\t\t<p class=\"calendarline\"><img decoding=\"async\" class=\"calendar_icon\" src=\"https:\/\/www.ergowebinar.de\/intern\/images\/calendar.png\">21.05.2026 17:30 - 18:30<\/p>\t\r\n\t\t\t\t\t\t\t\t\t\t\t\t\t\t\t\t\t\t\t\t\t<p class=\"liquid_vc_single_text\">Kann Ergotherapie eine fr&uuml;he station&auml;re Wiederaufnahme oder einen erneuten Schlaganfall durch Edukation verhindern? Neben der praktischen Therapie gemeinsam mit den Betroffenen selbst, stehen ...<\/p>\r\n\t\t\t\t\t\t\t\t\t\t\t\t\t\t\t\t\t\t\t\t\t<p class=\"sempreis\">49 \u20ac<\/p>\r\n\t\t\t\t\t\t\t\t\t\t\t\t\t\t\t\t\t\t\t\t\t\t\t<p class=\"semmwst\"><\/p>\r\n\t\t\t\t\t\t\t\t\t\t\t\t\t\t\t\t\t\t\t\t\t\t\t\r\n\t\t\t\t\t\t\t\t\t<\/a>\r\n\t\t\t\t\t\t\t\t\t\r\n\t\t\t\t\t\t\t\t<\/figure>\r\n\t\t\t\t\t\t\t\t\r\n\t\t\t\t\t\t\t<\/div>\r\n\t\t\t\t\t\t\t\t\t\t\t\t\t\t\r\n\t\t\t\t\t\t<\/div>\r\n\t\t\t\t\t<\/div>\r\n\t\t\t\t<\/div>\r\n\t\t\t\t\t\t\t\t<div class=\"wpb_column vc_column_container vc_col-sm-2\">\r\n\t\t\t\t\t<div class=\"vc_column-inner \" >\r\n\t\t\t\t\t\t<div class=\"wpb_wrapper\" >\r\n\t\t\t\t\t\t\t<div class=\"wpb_single_image wpb_content_element vc_align_ liquid_vc_single_image\">\r\n\t\t\t\t\t\t\t\t\t\t\t\t\t\t\t\t\t<div class=\"sem_overlay\" ><a href=\"https:\/\/online.therapie.ergowebinar.de\/de\/e\/Ataxie-der-Haltungsmotorik-evidenzbasierte-Therapieansaetze-2FP-105?\r\n\t\t\t\t\t\t\t\t\t\" class=\"btn btn-solid btn-xsm round border-thin btn-has-label jetztstartenbutton\">klicken f\u00fcr Details<\/a><\/div>\r\n\t\t\t\t\t\t\t\t\t\t\t\t\t\t\t\t\t<figure class=\"wpb_wrapper vc_figure\">\r\n\t\t\t\t\t\t\t\t\t<a href=\"online.therapie.ergowebinar.de\/de\/e\/Ataxie-der-Haltungsmotorik-evidenzbasierte-Therapieansaetze-2FP-105?\r\n\t\t\t\t\t\t\t\t\t\" title=\"Sie sehen einen sich schnell zur Seite drehenden Kopf verschwommen als Assoziation zum Webseminar \u00fcber ataktische Bewegungsst\u00f6rungen f\u00fcr Ergotherapie + Physiotherapie in der Rehabilitation von Schlaganfall + Apoplex in Klinik + Praxis\" target=\"_blank\">\r\n\t\t\t\t\t\t\t\t\t\t<img decoding=\"async\" width=\"475\" src=\"https:\/\/www.ergowebinar.de\/intern\/parsed_images\/f2a88c5a-ba6d-45ee-ace5-607c296e5f66.jpg\" class=\"vc_single_image-img attachment-full\" alt=\"Sie sehen einen sich schnell zur Seite drehenden Kopf verschwommen als Assoziation zum Webseminar \u00fcber ataktische Bewegungsst\u00f6rungen f\u00fcr Ergotherapie + Physiotherapie in der Rehabilitation von Schlaganfall + Apoplex in Klinik + Praxis\" title=\"Sie sehen einen sich schnell zur Seite drehenden Kopf verschwommen als Assoziation zum Webseminar \u00fcber ataktische Bewegungsst\u00f6rungen f\u00fcr Ergotherapie + Physiotherapie in der Rehabilitation von Schlaganfall + Apoplex in Klinik + Praxis\" srcset=\"https:\/\/www.ergowebinar.de\/intern\/parsed_images\/f2a88c5a-ba6d-45ee-ace5-607c296e5f66.jpg 475w, https:\/\/www.ergowebinar.de\/intern\/parsed_images\/f2a88c5a-ba6d-45ee-ace5-607c296e5f66.jpg 275w\" sizes=\"(max-width: 475px) 100vw, 475px\" itemprop=\"image\" \/>\r\n\t\t\t\t\t\t\t\t\t\t<h6>Ataxie der Haltungsmotorik - evidenzbasierte Therapieans\u00e4tze [2FP]<\/h6>\r\n\t\t\t\t\t\t\t\t\t\t\t\t\t\t\t\t\t\t\t\t\t<p class=\"calendarline\"><img decoding=\"async\" class=\"calendar_icon\" src=\"https:\/\/www.ergowebinar.de\/intern\/images\/calendar.png\">28.05.2026 17:30 - 18:30<\/p>\t\r\n\t\t\t\t\t\t\t\t\t\t\t\t\t\t\t\t\t\t\t\t\t<p class=\"liquid_vc_single_text\">Sind Bewegungskoordination und Haltungsinnervation gest&ouml;rt, spricht man von einer ataktischen Bewegungsst&ouml;rung - und gerade bei rumpf- und kopfbetonten Ataxien ist oft der Leidensdruck der Betroffenen ...<\/p>\r\n\t\t\t\t\t\t\t\t\t\t\t\t\t\t\t\t\t\t\t\t\t<p class=\"sempreis\">49 \u20ac<\/p>\r\n\t\t\t\t\t\t\t\t\t\t\t\t\t\t\t\t\t\t\t\t\t\t\t<p class=\"semmwst\"><\/p>\r\n\t\t\t\t\t\t\t\t\t\t\t\t\t\t\t\t\t\t\t\t\t\t\t\r\n\t\t\t\t\t\t\t\t\t<\/a>\r\n\t\t\t\t\t\t\t\t\t\r\n\t\t\t\t\t\t\t\t<\/figure>\r\n\t\t\t\t\t\t\t\t\r\n\t\t\t\t\t\t\t<\/div>\r\n\t\t\t\t\t\t\t\t\t\t\t\t\t\t\r\n\t\t\t\t\t\t<\/div>\r\n\t\t\t\t\t<\/div>\r\n\t\t\t\t<\/div>\r\n\t\t\t\t\t\t\t\t<div class=\"wpb_column vc_column_container vc_col-sm-2\">\r\n\t\t\t\t\t<div class=\"vc_column-inner \" >\r\n\t\t\t\t\t\t<div class=\"wpb_wrapper\" >\r\n\t\t\t\t\t\t\t<div class=\"wpb_single_image wpb_content_element vc_align_ liquid_vc_single_image\">\r\n\t\t\t\t\t\t\t\t\t\t\t\t\t\t\t\t\t<div class=\"sem_overlay\" ><a href=\"https:\/\/online.therapie.ergowebinar.de\/de\/e\/Ataxie-der-Zielmotorik-evidenzbasierte-Therapieansaetze-2FP-109?\r\n\t\t\t\t\t\t\t\t\t\" class=\"btn btn-solid btn-xsm round border-thin btn-has-label jetztstartenbutton\">klicken f\u00fcr Details<\/a><\/div>\r\n\t\t\t\t\t\t\t\t\t\t\t\t\t\t\t\t\t<figure class=\"wpb_wrapper vc_figure\">\r\n\t\t\t\t\t\t\t\t\t<a href=\"online.therapie.ergowebinar.de\/de\/e\/Ataxie-der-Zielmotorik-evidenzbasierte-Therapieansaetze-2FP-109?\r\n\t\t\t\t\t\t\t\t\t\" title=\"Sie sehen einen Strudel im Wasserglas als Assoziation zum Webseminar evidenzbasierte Therapieans\u00e4tze bei Ataxief\u00fcr Ergotherapie + Physiotherapie in der Neurologie und Rehabilitation in Klinik + Praxis\" target=\"_blank\">\r\n\t\t\t\t\t\t\t\t\t\t<img decoding=\"async\" width=\"475\" src=\"https:\/\/www.ergowebinar.de\/intern\/parsed_images\/5582f5d8-015f-4057-a5ae-6cc93df716ad.jpg\" class=\"vc_single_image-img attachment-full\" alt=\"Sie sehen einen Strudel im Wasserglas als Assoziation zum Webseminar evidenzbasierte Therapieans\u00e4tze bei Ataxief\u00fcr Ergotherapie + Physiotherapie in der Neurologie und Rehabilitation in Klinik + Praxis\" title=\"Sie sehen einen Strudel im Wasserglas als Assoziation zum Webseminar evidenzbasierte Therapieans\u00e4tze bei Ataxief\u00fcr Ergotherapie + Physiotherapie in der Neurologie und Rehabilitation in Klinik + Praxis\" srcset=\"https:\/\/www.ergowebinar.de\/intern\/parsed_images\/5582f5d8-015f-4057-a5ae-6cc93df716ad.jpg 475w, https:\/\/www.ergowebinar.de\/intern\/parsed_images\/5582f5d8-015f-4057-a5ae-6cc93df716ad.jpg 275w\" sizes=\"(max-width: 475px) 100vw, 475px\" itemprop=\"image\" \/>\r\n\t\t\t\t\t\t\t\t\t\t<h6>Ataxie der Zielmotorik - evidenzbasierte Therapieans\u00e4tze [2FP]<\/h6>\r\n\t\t\t\t\t\t\t\t\t\t\t\t\t\t\t\t\t\t\t\t\t<p class=\"calendarline\"><img decoding=\"async\" class=\"calendar_icon\" src=\"https:\/\/www.ergowebinar.de\/intern\/images\/calendar.png\">11.06.2026 17:30 - 18:30<\/p>\t\r\n\t\t\t\t\t\t\t\t\t\t\t\t\t\t\t\t\t\t\t\t\t<p class=\"liquid_vc_single_text\">Sind Bewegungskoordination und Haltungsinnervation gest&ouml;rt, spricht man von einer ataktischen Bewegungsst&ouml;rung - und gerade bei Glied- oder Extremit&auml;tenataxien ist oft der Leidensdruck der ...<\/p>\r\n\t\t\t\t\t\t\t\t\t\t\t\t\t\t\t\t\t\t\t\t\t<p class=\"sempreis\">49 \u20ac<\/p>\r\n\t\t\t\t\t\t\t\t\t\t\t\t\t\t\t\t\t\t\t\t\t\t\t<p class=\"semmwst\"><\/p>\r\n\t\t\t\t\t\t\t\t\t\t\t\t\t\t\t\t\t\t\t\t\t\t\t\r\n\t\t\t\t\t\t\t\t\t<\/a>\r\n\t\t\t\t\t\t\t\t\t\r\n\t\t\t\t\t\t\t\t<\/figure>\r\n\t\t\t\t\t\t\t\t\r\n\t\t\t\t\t\t\t<\/div>\r\n\t\t\t\t\t\t\t\t\t\t\t\t\t\t\r\n\t\t\t\t\t\t<\/div>\r\n\t\t\t\t\t<\/div>\r\n\t\t\t\t<\/div>\r\n\t\t\t\t\t\t\t\t<div class=\"wpb_column vc_column_container vc_col-sm-2\">\r\n\t\t\t\t\t<div class=\"vc_column-inner \" >\r\n\t\t\t\t\t\t<div class=\"wpb_wrapper\" >\r\n\t\t\t\t\t\t\t<div class=\"wpb_single_image wpb_content_element vc_align_ liquid_vc_single_image\">\r\n\t\t\t\t\t\t\t\t\t\t\t\t\t\t\t\t\t<div class=\"sem_overlay\" ><a href=\"https:\/\/online.therapie.ergowebinar.de\/de\/e\/Sturzangst-verstehen-und-behandeln-2FP-323?\r\n\t\t\t\t\t\t\t\t\t\" class=\"btn btn-solid btn-xsm round border-thin btn-has-label jetztstartenbutton\">klicken f\u00fcr Details<\/a><\/div>\r\n\t\t\t\t\t\t\t\t\t\t\t\t\t\t\t\t\t<figure class=\"wpb_wrapper vc_figure\">\r\n\t\t\t\t\t\t\t\t\t<a href=\"online.therapie.ergowebinar.de\/de\/e\/Sturzangst-verstehen-und-behandeln-2FP-323?\r\n\t\t\t\t\t\t\t\t\t\" title=\"Sie sehen auf einem Treppenabsatz ein Graffti mit einem erschreckten Emoji, als Assoziation zum Webseminar f\u00fcr Ergotherapie + Physiotherapie in der Sturzpr\u00e4vention in \u00fcbergreifenden Fachbereichen, NeuroReha, Orthop\u00e4die und Geriatrie in Klinik + Praxis\" target=\"_blank\">\r\n\t\t\t\t\t\t\t\t\t\t<img decoding=\"async\" width=\"475\" src=\"https:\/\/www.ergowebinar.de\/intern\/parsed_images\/235030fa-bf8e-4326-b419-7e3f69e7679a.jpg\" class=\"vc_single_image-img attachment-full\" alt=\"Sie sehen auf einem Treppenabsatz ein Graffti mit einem erschreckten Emoji, als Assoziation zum Webseminar f\u00fcr Ergotherapie + Physiotherapie in der Sturzpr\u00e4vention in \u00fcbergreifenden Fachbereichen, NeuroReha, Orthop\u00e4die und Geriatrie in Klinik + Praxis\" title=\"Sie sehen auf einem Treppenabsatz ein Graffti mit einem erschreckten Emoji, als Assoziation zum Webseminar f\u00fcr Ergotherapie + Physiotherapie in der Sturzpr\u00e4vention in \u00fcbergreifenden Fachbereichen, NeuroReha, Orthop\u00e4die und Geriatrie in Klinik + Praxis\" srcset=\"https:\/\/www.ergowebinar.de\/intern\/parsed_images\/235030fa-bf8e-4326-b419-7e3f69e7679a.jpg 475w, https:\/\/www.ergowebinar.de\/intern\/parsed_images\/235030fa-bf8e-4326-b419-7e3f69e7679a.jpg 275w\" sizes=\"(max-width: 475px) 100vw, 475px\" itemprop=\"image\" \/>\r\n\t\t\t\t\t\t\t\t\t\t<h6>Sturzangst verstehen und behandeln [2FP]<\/h6>\r\n\t\t\t\t\t\t\t\t\t\t\t\t\t\t\t\t\t\t\t\t\t<p class=\"calendarline\"><img decoding=\"async\" class=\"calendar_icon\" src=\"https:\/\/www.ergowebinar.de\/intern\/images\/calendar.png\">22.06.2026 19:45 - 20:45<\/p>\t\r\n\t\t\t\t\t\t\t\t\t\t\t\t\t\t\t\t\t\t\t\t\t<p class=\"liquid_vc_single_text\">\r\nSturzangst ist ein weit verbreitetes, jedoch oft untersch&auml;tztes Problem. Im Webinar lernen Sie das Symptom fr&uuml;hzeitig zu erkennen und gezielte therapeutische Ma&szlig;nahmen zu ergreifen. Es ...<\/p>\r\n\t\t\t\t\t\t\t\t\t\t\t\t\t\t\t\t\t\t\t\t\t<p class=\"sempreis\">49 \u20ac<\/p>\r\n\t\t\t\t\t\t\t\t\t\t\t\t\t\t\t\t\t\t\t\t\t\t\t<p class=\"semmwst\"><\/p>\r\n\t\t\t\t\t\t\t\t\t\t\t\t\t\t\t\t\t\t\t\t\t\t\t\r\n\t\t\t\t\t\t\t\t\t<\/a>\r\n\t\t\t\t\t\t\t\t\t\r\n\t\t\t\t\t\t\t\t<\/figure>\r\n\t\t\t\t\t\t\t\t\r\n\t\t\t\t\t\t\t<\/div>\r\n\t\t\t\t\t\t\t\t\t\t\t\t\t\t\r\n\t\t\t\t\t\t<\/div>\r\n\t\t\t\t\t<\/div>\r\n\t\t\t\t<\/div>\r\n\t\t\t\t\t\t\t\t<div class=\"wpb_column vc_column_container vc_col-sm-2\">\r\n\t\t\t\t\t<div class=\"vc_column-inner \" >\r\n\t\t\t\t\t\t<div class=\"wpb_wrapper\" >\r\n\t\t\t\t\t\t\t<div class=\"wpb_single_image wpb_content_element vc_align_ liquid_vc_single_image\">\r\n\t\t\t\t\t\t\t\t\t\t\t\t\t\t\t\t\t<div class=\"sem_overlay\" ><a href=\"https:\/\/online.therapie.ergowebinar.de\/de\/e\/Training-bei-laenger-zurueckliegenden-Insulten-mit-PANAT-LAPTOOL-2FP-65?\r\n\t\t\t\t\t\t\t\t\t\" class=\"btn btn-solid btn-xsm round border-thin btn-has-label jetztstartenbutton\">klicken f\u00fcr Details<\/a><\/div>\r\n\t\t\t\t\t\t\t\t\t\t\t\t\t\t\t\t\t<figure class=\"wpb_wrapper vc_figure\">\r\n\t\t\t\t\t\t\t\t\t<a href=\"online.therapie.ergowebinar.de\/de\/e\/Training-bei-laenger-zurueckliegenden-Insulten-mit-PANAT-LAPTOOL-2FP-65?\r\n\t\t\t\t\t\t\t\t\t\" title=\"Sie sehen einen sitzenden Schlaganfallbetroffenen mit der Hand am PANAT-Laptool als Assoziation zum Webseminar f\u00fcr Ergotherapie + Physiotherapie in der Rehabilitation von Schlaganfall + Apoplex in Klinik + Praxis\" target=\"_blank\">\r\n\t\t\t\t\t\t\t\t\t\t<img decoding=\"async\" width=\"475\" src=\"https:\/\/www.ergowebinar.de\/intern\/parsed_images\/8b16e3cd-8357-4e75-a9ce-5b17f89544b2.jpg\" class=\"vc_single_image-img attachment-full\" alt=\"Sie sehen einen sitzenden Schlaganfallbetroffenen mit der Hand am PANAT-Laptool als Assoziation zum Webseminar f\u00fcr Ergotherapie + Physiotherapie in der Rehabilitation von Schlaganfall + Apoplex in Klinik + Praxis\" title=\"Sie sehen einen sitzenden Schlaganfallbetroffenen mit der Hand am PANAT-Laptool als Assoziation zum Webseminar f\u00fcr Ergotherapie + Physiotherapie in der Rehabilitation von Schlaganfall + Apoplex in Klinik + Praxis\" srcset=\"https:\/\/www.ergowebinar.de\/intern\/parsed_images\/8b16e3cd-8357-4e75-a9ce-5b17f89544b2.jpg 475w, https:\/\/www.ergowebinar.de\/intern\/parsed_images\/8b16e3cd-8357-4e75-a9ce-5b17f89544b2.jpg 275w\" sizes=\"(max-width: 475px) 100vw, 475px\" itemprop=\"image\" \/>\r\n\t\t\t\t\t\t\t\t\t\t<h6>Training bei l\u00e4nger zur\u00fcckliegenden Insulten mit PANAT LAPTOOL\u00ae [2FP]<\/h6>\r\n\t\t\t\t\t\t\t\t\t\t\t\t\t\t\t\t\t\t\t\t\t<p class=\"calendarline\"><img decoding=\"async\" class=\"calendar_icon\" src=\"https:\/\/www.ergowebinar.de\/intern\/images\/calendar.png\">25.06.2026 18:00 - 19:00<\/p>\t\r\n\t\t\t\t\t\t\t\t\t\t\t\t\t\t\t\t\t\t\t\t\t<p class=\"liquid_vc_single_text\">Der Blick auf den l&auml;nger zur&uuml;ckliegenden Insult hat viele interessante Facetten. Hier treffen zustandserhaltende generelle Blickwinkel, tonussenkende und schmerzlindernde Aspekte auf funktionserweiternde ...<\/p>\r\n\t\t\t\t\t\t\t\t\t\t\t\t\t\t\t\t\t\t\t\t\t<p class=\"sempreis\">49 \u20ac<\/p>\r\n\t\t\t\t\t\t\t\t\t\t\t\t\t\t\t\t\t\t\t\t\t\t\t<p class=\"semmwst\"><\/p>\r\n\t\t\t\t\t\t\t\t\t\t\t\t\t\t\t\t\t\t\t\t\t\t\t\r\n\t\t\t\t\t\t\t\t\t<\/a>\r\n\t\t\t\t\t\t\t\t\t\r\n\t\t\t\t\t\t\t\t<\/figure>\r\n\t\t\t\t\t\t\t\t\r\n\t\t\t\t\t\t\t<\/div>\r\n\t\t\t\t\t\t\t\t\t\t\t\t\t\t\r\n\t\t\t\t\t\t<\/div>\r\n\t\t\t\t\t<\/div>\r\n\t\t\t\t<\/div>\r\n\t\t\t\t\t\t\t\t<div class=\"wpb_column vc_column_container vc_col-sm-2\">\r\n\t\t\t\t\t<div class=\"vc_column-inner \" >\r\n\t\t\t\t\t\t<div class=\"wpb_wrapper\" >\r\n\t\t\t\t\t\t\t<div class=\"wpb_single_image wpb_content_element vc_align_ liquid_vc_single_image\">\r\n\t\t\t\t\t\t\t\t\t\t\t\t\t\t\t\t\t<div class=\"sem_overlay\" ><a href=\"https:\/\/online.therapie.ergowebinar.de\/de\/e\/Kognition-Umstellfaehigkeit-verbessern-2FP-336?\r\n\t\t\t\t\t\t\t\t\t\" class=\"btn btn-solid btn-xsm round border-thin btn-has-label jetztstartenbutton\">klicken f\u00fcr Details<\/a><\/div>\r\n\t\t\t\t\t\t\t\t\t\t\t\t\t\t\t\t\t<figure class=\"wpb_wrapper vc_figure\">\r\n\t\t\t\t\t\t\t\t\t<a href=\"online.therapie.ergowebinar.de\/de\/e\/Kognition-Umstellfaehigkeit-verbessern-2FP-336?\r\n\t\t\t\t\t\t\t\t\t\" title=\"Sie sehen eine Gleisanlage mit vielen Weichen, als Assoziation zum Webseminar zur Umstellf\u00e4higkeit und Denkflexibilit\u00e4t f\u00fcr Ergotherapie + Physiotherapie in der Rehabilitation von Schlaganfall + Apoplex + Kognitiven Einschr\u00e4nkungen in Klinik + Praxis\" target=\"_blank\">\r\n\t\t\t\t\t\t\t\t\t\t<img decoding=\"async\" width=\"475\" src=\"https:\/\/www.ergowebinar.de\/intern\/parsed_images\/3da44887-401f-4eb9-9810-00831b261676.jpg\" class=\"vc_single_image-img attachment-full\" alt=\"Sie sehen eine Gleisanlage mit vielen Weichen, als Assoziation zum Webseminar zur Umstellf\u00e4higkeit und Denkflexibilit\u00e4t f\u00fcr Ergotherapie + Physiotherapie in der Rehabilitation von Schlaganfall + Apoplex + Kognitiven Einschr\u00e4nkungen in Klinik + Praxis\" title=\"Sie sehen eine Gleisanlage mit vielen Weichen, als Assoziation zum Webseminar zur Umstellf\u00e4higkeit und Denkflexibilit\u00e4t f\u00fcr Ergotherapie + Physiotherapie in der Rehabilitation von Schlaganfall + Apoplex + Kognitiven Einschr\u00e4nkungen in Klinik + Praxis\" srcset=\"https:\/\/www.ergowebinar.de\/intern\/parsed_images\/3da44887-401f-4eb9-9810-00831b261676.jpg 475w, https:\/\/www.ergowebinar.de\/intern\/parsed_images\/3da44887-401f-4eb9-9810-00831b261676.jpg 275w\" sizes=\"(max-width: 475px) 100vw, 475px\" itemprop=\"image\" \/>\r\n\t\t\t\t\t\t\t\t\t\t<h6>Kognition - Umstellf\u00e4higkeit verbessern [2FP]<\/h6>\r\n\t\t\t\t\t\t\t\t\t\t\t\t\t\t\t\t\t\t\t\t\t<p class=\"calendarline\"><img decoding=\"async\" class=\"calendar_icon\" src=\"https:\/\/www.ergowebinar.de\/intern\/images\/calendar.png\">29.06.2026 18:00 - 19:00<\/p>\t\r\n\t\t\t\t\t\t\t\t\t\t\t\t\t\t\t\t\t\t\t\t\t<p class=\"liquid_vc_single_text\">\r\nEin Kernsymptom des dysexekutiven Syndroms ist die mangelnde Umstellf&auml;higkeit. Klienten mit Sch&auml;digungen in diesem Bereich haben oftmals die F&auml;higkeit verloren, sich an neue Gegebenheiten ...<\/p>\r\n\t\t\t\t\t\t\t\t\t\t\t\t\t\t\t\t\t\t\t\t\t<p class=\"sempreis\">49 \u20ac<\/p>\r\n\t\t\t\t\t\t\t\t\t\t\t\t\t\t\t\t\t\t\t\t\t\t\t<p class=\"semmwst\"><\/p>\r\n\t\t\t\t\t\t\t\t\t\t\t\t\t\t\t\t\t\t\t\t\t\t\t\r\n\t\t\t\t\t\t\t\t\t<\/a>\r\n\t\t\t\t\t\t\t\t\t\r\n\t\t\t\t\t\t\t\t<\/figure>\r\n\t\t\t\t\t\t\t\t\r\n\t\t\t\t\t\t\t<\/div>\r\n\t\t\t\t\t\t\t\t\t\t\t\t\t\t\r\n\t\t\t\t\t\t<\/div>\r\n\t\t\t\t\t<\/div>\r\n\t\t\t\t<\/div>\r\n\t\t\t\t\t\t\t\t<div class=\"wpb_column vc_column_container vc_col-sm-2\">\r\n\t\t\t\t\t<div class=\"vc_column-inner \" >\r\n\t\t\t\t\t\t<div class=\"wpb_wrapper\" >\r\n\t\t\t\t\t\t\t<div class=\"wpb_single_image wpb_content_element vc_align_ liquid_vc_single_image\">\r\n\t\t\t\t\t\t\t\t\t\t\t\t\t\t\t\t\t<div class=\"sem_overlay\" ><a href=\"https:\/\/online.therapie.ergowebinar.de\/de\/e\/CIMT-Home-Constrained-Induced-Movement-Therapy-zuhause-2-FP-198?\r\n\t\t\t\t\t\t\t\t\t\" class=\"btn btn-solid btn-xsm round border-thin btn-has-label jetztstartenbutton\">klicken f\u00fcr Details<\/a><\/div>\r\n\t\t\t\t\t\t\t\t\t\t\t\t\t\t\t\t\t<figure class=\"wpb_wrapper vc_figure\">\r\n\t\t\t\t\t\t\t\t\t<a href=\"online.therapie.ergowebinar.de\/de\/e\/CIMT-Home-Constrained-Induced-Movement-Therapy-zuhause-2-FP-198?\r\n\t\t\t\t\t\t\t\t\t\" title=\"Sie sehen eine Hand, die eine Stoppuhr h\u00e4lt, als Bildausschnitt als Assoziation zum Webseminar f\u00fcr Ergotherapie + Physiotherapie in der Rehabilitation von Schlaganfall + Apoplex in Klinik + Praxis\" target=\"_blank\">\r\n\t\t\t\t\t\t\t\t\t\t<img decoding=\"async\" width=\"475\" src=\"https:\/\/www.ergowebinar.de\/intern\/parsed_images\/b635f05b-71db-40b2-8f8f-3dc7eb849aa0.jpg\" class=\"vc_single_image-img attachment-full\" alt=\"Sie sehen eine Hand, die eine Stoppuhr h\u00e4lt, als Bildausschnitt als Assoziation zum Webseminar f\u00fcr Ergotherapie + Physiotherapie in der Rehabilitation von Schlaganfall + Apoplex in Klinik + Praxis\" title=\"Sie sehen eine Hand, die eine Stoppuhr h\u00e4lt, als Bildausschnitt als Assoziation zum Webseminar f\u00fcr Ergotherapie + Physiotherapie in der Rehabilitation von Schlaganfall + Apoplex in Klinik + Praxis\" srcset=\"https:\/\/www.ergowebinar.de\/intern\/parsed_images\/b635f05b-71db-40b2-8f8f-3dc7eb849aa0.jpg 475w, https:\/\/www.ergowebinar.de\/intern\/parsed_images\/b635f05b-71db-40b2-8f8f-3dc7eb849aa0.jpg 275w\" sizes=\"(max-width: 475px) 100vw, 475px\" itemprop=\"image\" \/>\r\n\t\t\t\t\t\t\t\t\t\t<h6>CIMT@Home - Constrained Induced Movement Therapy zuhause [2 FP]<\/h6>\r\n\t\t\t\t\t\t\t\t\t\t\t\t\t\t\t\t\t\t\t\t\t<p class=\"calendarline\"><img decoding=\"async\" class=\"calendar_icon\" src=\"https:\/\/www.ergowebinar.de\/intern\/images\/calendar.png\">07.07.2026 18:30 - 19:30<\/p>\t\r\n\t\t\t\t\t\t\t\t\t\t\t\t\t\t\t\t\t\t\t\t\t<p class=\"liquid_vc_single_text\">CIMT, also der Einsatz der bei Hemiparese betroffenen Seite unter gleichzeitiger Restriktion der anderen Seite f&uuml;r mindestens 60 Min. pro Tag f&uuml;r 2-3 Wochen, eignet sich besonders f&uuml;r das ...<\/p>\r\n\t\t\t\t\t\t\t\t\t\t\t\t\t\t\t\t\t\t\t\t\t<p class=\"sempreis\">49 \u20ac<\/p>\r\n\t\t\t\t\t\t\t\t\t\t\t\t\t\t\t\t\t\t\t\t\t\t\t<p class=\"semmwst\"><\/p>\r\n\t\t\t\t\t\t\t\t\t\t\t\t\t\t\t\t\t\t\t\t\t\t\t\r\n\t\t\t\t\t\t\t\t\t<\/a>\r\n\t\t\t\t\t\t\t\t\t\r\n\t\t\t\t\t\t\t\t<\/figure>\r\n\t\t\t\t\t\t\t\t\r\n\t\t\t\t\t\t\t<\/div>\r\n\t\t\t\t\t\t\t\t\t\t\t\t\t\t\r\n\t\t\t\t\t\t<\/div>\r\n\t\t\t\t\t<\/div>\r\n\t\t\t\t<\/div>\r\n\t\t\t\t\t\t\t\t<div class=\"wpb_column vc_column_container vc_col-sm-2\">\r\n\t\t\t\t\t<div class=\"vc_column-inner \" >\r\n\t\t\t\t\t\t<div class=\"wpb_wrapper\" >\r\n\t\t\t\t\t\t\t<div class=\"wpb_single_image wpb_content_element vc_align_ liquid_vc_single_image\">\r\n\t\t\t\t\t\t\t\t\t\t\t\t\t\t\t\t\t<div class=\"sem_overlay\" ><a href=\"https:\/\/online.therapie.ergowebinar.de\/de\/e\/Kognition-Informationsverarbeitung-optimieren-2FP-301?\r\n\t\t\t\t\t\t\t\t\t\" class=\"btn btn-solid btn-xsm round border-thin btn-has-label jetztstartenbutton\">klicken f\u00fcr Details<\/a><\/div>\r\n\t\t\t\t\t\t\t\t\t\t\t\t\t\t\t\t\t<figure class=\"wpb_wrapper vc_figure\">\r\n\t\t\t\t\t\t\t\t\t<a href=\"online.therapie.ergowebinar.de\/de\/e\/Kognition-Informationsverarbeitung-optimieren-2FP-301?\r\n\t\t\t\t\t\t\t\t\t\" title=\"Sie sehen den Umriss eines Kopfes mit Hintergrundbeleuchtung und vernetzten Nervenzellen als Symbol zum Webseminar \u00fcber kognitive Therapie bei Informationsverarbeitungsdefiziten in der NeuroReha, SchmerzReha, Orthop\u00e4die, Geriatrie in Klinik + Praxis\" target=\"_blank\">\r\n\t\t\t\t\t\t\t\t\t\t<img decoding=\"async\" width=\"475\" src=\"https:\/\/www.ergowebinar.de\/intern\/parsed_images\/301.jpg\" class=\"vc_single_image-img attachment-full\" alt=\"Sie sehen den Umriss eines Kopfes mit Hintergrundbeleuchtung und vernetzten Nervenzellen als Symbol zum Webseminar \u00fcber kognitive Therapie bei Informationsverarbeitungsdefiziten in der NeuroReha, SchmerzReha, Orthop\u00e4die, Geriatrie in Klinik + Praxis\" title=\"Sie sehen den Umriss eines Kopfes mit Hintergrundbeleuchtung und vernetzten Nervenzellen als Symbol zum Webseminar \u00fcber kognitive Therapie bei Informationsverarbeitungsdefiziten in der NeuroReha, SchmerzReha, Orthop\u00e4die, Geriatrie in Klinik + Praxis\" srcset=\"https:\/\/www.ergowebinar.de\/intern\/parsed_images\/301.jpg 475w, https:\/\/www.ergowebinar.de\/intern\/parsed_images\/301.jpg 275w\" sizes=\"(max-width: 475px) 100vw, 475px\" itemprop=\"image\" \/>\r\n\t\t\t\t\t\t\t\t\t\t<h6>Kognition - Informationsverarbeitung optimieren [2FP]<\/h6>\r\n\t\t\t\t\t\t\t\t\t\t\t\t\t\t\t\t\t\t\t\t\t<p class=\"calendarline\"><img decoding=\"async\" class=\"calendar_icon\" src=\"https:\/\/www.ergowebinar.de\/intern\/images\/calendar.png\">08.07.2026 19:00 - 20:00<\/p>\t\r\n\t\t\t\t\t\t\t\t\t\t\t\t\t\t\t\t\t\t\t\t\t<p class=\"liquid_vc_single_text\">\r\nDie Informationsverarbeitungsgeschwindigkeit (IVG) ist eine zentrale kognitive F&auml;higkeit, die bestimmt, wie schnell unser Gehirn Informationen verarbeitet und darauf reagiert. Nach einem Schlaganfall, ...<\/p>\r\n\t\t\t\t\t\t\t\t\t\t\t\t\t\t\t\t\t\t\t\t\t<p class=\"sempreis\">49 \u20ac<\/p>\r\n\t\t\t\t\t\t\t\t\t\t\t\t\t\t\t\t\t\t\t\t\t\t\t<p class=\"semmwst\"><\/p>\r\n\t\t\t\t\t\t\t\t\t\t\t\t\t\t\t\t\t\t\t\t\t\t\t\r\n\t\t\t\t\t\t\t\t\t<\/a>\r\n\t\t\t\t\t\t\t\t\t\r\n\t\t\t\t\t\t\t\t<\/figure>\r\n\t\t\t\t\t\t\t\t\r\n\t\t\t\t\t\t\t<\/div>\r\n\t\t\t\t\t\t\t\t\t\t\t\t\t\t\r\n\t\t\t\t\t\t<\/div>\r\n\t\t\t\t\t<\/div>\r\n\t\t\t\t<\/div>\r\n\t\t\t\t\t\t\t\t<div class=\"wpb_column vc_column_container vc_col-sm-2\">\r\n\t\t\t\t\t<div class=\"vc_column-inner \" >\r\n\t\t\t\t\t\t<div class=\"wpb_wrapper\" >\r\n\t\t\t\t\t\t\t<div class=\"wpb_single_image wpb_content_element vc_align_ liquid_vc_single_image\">\r\n\t\t\t\t\t\t\t\t\t\t\t\t\t\t\t\t\t<div class=\"sem_overlay\" ><a href=\"#4637ce87-7921-4d0b-bda0-7eb8ab5a90db\" class=\"btn btn-solid btn-xsm round border-thin btn-has-label nichtdabutton\">8 Tage nach Ablauf des<br>Vorg\u00e4ngers buchbar<\/a><\/div>\r\n\t\t\t\t\t\t\t\t\t\t\t\t\t\t\t\t\t<figure class=\"wpb_wrapper vc_figure\">\r\n\t\t\t\t\t\t\t\t\t<a href=\"online.therapie.ergowebinar.de\/de\/e\/Sturzpraevention-Empfehlungen-fuer-koerperliches-Training-2-FP-70?\r\n\t\t\t\t\t\t\t\t\t\" title=\"Sie sehen ein gelbes Warnschild in englischer Sprache auf dem vor unebenem Boden gewarnt wird, als Assoziation zum Webseminar \u00fcber Sturzprophylaxe f\u00fcr Ergotherapie + Physiotherapie in der Rehabilitation von sturzgef\u00e4hrdete Personen in Klinik + Praxis\" target=\"_blank\">\r\n\t\t\t\t\t\t\t\t\t\t<img decoding=\"async\" width=\"475\" src=\"https:\/\/www.ergowebinar.de\/intern\/parsed_images\/c9d2fa13-c24e-426a-bdca-8cff4662faf4.jpg\" class=\"vc_single_image-img attachment-full\" alt=\"Sie sehen ein gelbes Warnschild in englischer Sprache auf dem vor unebenem Boden gewarnt wird, als Assoziation zum Webseminar \u00fcber Sturzprophylaxe f\u00fcr Ergotherapie + Physiotherapie in der Rehabilitation von sturzgef\u00e4hrdete Personen in Klinik + Praxis\" title=\"Sie sehen ein gelbes Warnschild in englischer Sprache auf dem vor unebenem Boden gewarnt wird, als Assoziation zum Webseminar \u00fcber Sturzprophylaxe f\u00fcr Ergotherapie + Physiotherapie in der Rehabilitation von sturzgef\u00e4hrdete Personen in Klinik + Praxis\" srcset=\"https:\/\/www.ergowebinar.de\/intern\/parsed_images\/c9d2fa13-c24e-426a-bdca-8cff4662faf4.jpg 475w, https:\/\/www.ergowebinar.de\/intern\/parsed_images\/c9d2fa13-c24e-426a-bdca-8cff4662faf4.jpg 275w\" sizes=\"(max-width: 475px) 100vw, 475px\" itemprop=\"image\" \/>\r\n\t\t\t\t\t\t\t\t\t\t<h6>Sturzpr\u00e4vention - Empfehlungen f\u00fcr k\u00f6rperliches Training [2 FP]<\/h6>\r\n\t\t\t\t\t\t\t\t\t\t\t\t\t\t\t\t\t\t\t\t\t<p class=\"calendarline\"><img decoding=\"async\" class=\"calendar_icon\" src=\"https:\/\/www.ergowebinar.de\/intern\/images\/calendar.png\">13.07.2026 16:45 - 17:45<\/p>\t\r\n\t\t\t\t\t\t\t\t\t\t\t\t\t\t\t\t\t\t\t\t\t<p class=\"liquid_vc_single_text\">Wie erkenne ich sturzgef&auml;hrdete Personen und welche Ma&szlig;nahmen eignen sich um St&uuml;rze zu verhindern und die Sturzfolgen zu reduzieren? In diesem Webinar erfahren Sie, wie man ein effektives ...<\/p>\r\n\t\t\t\t\t\t\t\t\t\t\t\t\t\t\t\t\t\t\t\t\t<p class=\"sempreis\">49 \u20ac<\/p>\r\n\t\t\t\t\t\t\t\t\t\t\t\t\t\t\t\t\t\t\t\t\t\t\t<p class=\"semmwst\"><\/p>\r\n\t\t\t\t\t\t\t\t\t\t\t\t\t\t\t\t\t\t\t\t\t\t\t\r\n\t\t\t\t\t\t\t\t\t<\/a>\r\n\t\t\t\t\t\t\t\t\t\r\n\t\t\t\t\t\t\t\t<\/figure>\r\n\t\t\t\t\t\t\t\t\r\n\t\t\t\t\t\t\t<\/div>\r\n\t\t\t\t\t\t\t\t\t\t\t\t\t\t\r\n\t\t\t\t\t\t<\/div>\r\n\t\t\t\t\t<\/div>\r\n\t\t\t\t<\/div>\r\n\t\t\t\t\t\t\t\t<div class=\"wpb_column vc_column_container vc_col-sm-2\">\r\n\t\t\t\t\t<div class=\"vc_column-inner \" >\r\n\t\t\t\t\t\t<div class=\"wpb_wrapper\" >\r\n\t\t\t\t\t\t\t<div class=\"wpb_single_image wpb_content_element vc_align_ liquid_vc_single_image\">\r\n\t\t\t\t\t\t\t\t\t\t\t\t\t\t\t\t\t<div class=\"sem_overlay\" ><a href=\"https:\/\/online.therapie.ergowebinar.de\/de\/e\/Graded-Motor-Imagery-GMI-in-der-Neuroreha-2-FP-186?\r\n\t\t\t\t\t\t\t\t\t\" class=\"btn btn-solid btn-xsm round border-thin btn-has-label jetztstartenbutton\">klicken f\u00fcr Details<\/a><\/div>\r\n\t\t\t\t\t\t\t\t\t\t\t\t\t\t\t\t\t<figure class=\"wpb_wrapper vc_figure\">\r\n\t\t\t\t\t\t\t\t\t<a href=\"online.therapie.ergowebinar.de\/de\/e\/Graded-Motor-Imagery-GMI-in-der-Neuroreha-2-FP-186?\r\n\t\t\t\t\t\t\t\t\t\" title=\"Sie sehen jeweils von links + rechts kommende Unterarme mit H\u00e4nden einander fast ber\u00fchrend wie in der Michelangelo Pose, als Assoziation zum Webinar f\u00fcr Ergotherapie + Physiotherapie in der Reha von Schlaganfall + Apoplex + Schmerz in Klinik + Praxis\" target=\"_blank\">\r\n\t\t\t\t\t\t\t\t\t\t<img decoding=\"async\" width=\"475\" src=\"https:\/\/www.ergowebinar.de\/intern\/parsed_images\/8ddb68ce-3514-450e-96e0-f3a8ae06f45a.jpg\" class=\"vc_single_image-img attachment-full\" alt=\"Sie sehen jeweils von links + rechts kommende Unterarme mit H\u00e4nden einander fast ber\u00fchrend wie in der Michelangelo Pose, als Assoziation zum Webinar f\u00fcr Ergotherapie + Physiotherapie in der Reha von Schlaganfall + Apoplex + Schmerz in Klinik + Praxis\" title=\"Sie sehen jeweils von links + rechts kommende Unterarme mit H\u00e4nden einander fast ber\u00fchrend wie in der Michelangelo Pose, als Assoziation zum Webinar f\u00fcr Ergotherapie + Physiotherapie in der Reha von Schlaganfall + Apoplex + Schmerz in Klinik + Praxis\" srcset=\"https:\/\/www.ergowebinar.de\/intern\/parsed_images\/8ddb68ce-3514-450e-96e0-f3a8ae06f45a.jpg 475w, https:\/\/www.ergowebinar.de\/intern\/parsed_images\/8ddb68ce-3514-450e-96e0-f3a8ae06f45a.jpg 275w\" sizes=\"(max-width: 475px) 100vw, 475px\" itemprop=\"image\" \/>\r\n\t\t\t\t\t\t\t\t\t\t<h6>Graded Motor Imagery (GMI) in der Neuroreha [2 FP]<\/h6>\r\n\t\t\t\t\t\t\t\t\t\t\t\t\t\t\t\t\t\t\t\t\t<p class=\"calendarline\"><img decoding=\"async\" class=\"calendar_icon\" src=\"https:\/\/www.ergowebinar.de\/intern\/images\/calendar.png\">14.07.2026 18:30 - 19:30<\/p>\t\r\n\t\t\t\t\t\t\t\t\t\t\t\t\t\t\t\t\t\t\t\t\t<p class=\"liquid_vc_single_text\">Die Basisbausteine der Graded Motor Imagery, besser bekannt auch &uuml;ber Bildkartentraining, Bewegungsimitation mit oder ohne App oder Spiegeltherapie einfach bei Schlaganfallbetroffenen einsetzen\r\n\r\nBEST ...<\/p>\r\n\t\t\t\t\t\t\t\t\t\t\t\t\t\t\t\t\t\t\t\t\t<p class=\"sempreis\">49 \u20ac<\/p>\r\n\t\t\t\t\t\t\t\t\t\t\t\t\t\t\t\t\t\t\t\t\t\t\t<p class=\"semmwst\"><\/p>\r\n\t\t\t\t\t\t\t\t\t\t\t\t\t\t\t\t\t\t\t\t\t\t\t\r\n\t\t\t\t\t\t\t\t\t<\/a>\r\n\t\t\t\t\t\t\t\t\t\r\n\t\t\t\t\t\t\t\t<\/figure>\r\n\t\t\t\t\t\t\t\t\r\n\t\t\t\t\t\t\t<\/div>\r\n\t\t\t\t\t\t\t\t\t\t\t\t\t\t\r\n\t\t\t\t\t\t<\/div>\r\n\t\t\t\t\t<\/div>\r\n\t\t\t\t<\/div>\r\n\t\t\t\t\t\t\t\t<div class=\"wpb_column vc_column_container vc_col-sm-2\">\r\n\t\t\t\t\t<div class=\"vc_column-inner \" >\r\n\t\t\t\t\t\t<div class=\"wpb_wrapper\" >\r\n\t\t\t\t\t\t\t<div class=\"wpb_single_image wpb_content_element vc_align_ liquid_vc_single_image\">\r\n\t\t\t\t\t\t\t\t\t\t\t\t\t\t\t\t\t<div class=\"sem_overlay\" ><a href=\"https:\/\/online.therapie.ergowebinar.de\/de\/e\/Passives-Diskriminationstraining-in-der-Neuroreha-2-FP-193?\r\n\t\t\t\t\t\t\t\t\t\" class=\"btn btn-solid btn-xsm round border-thin btn-has-label jetztstartenbutton\">klicken f\u00fcr Details<\/a><\/div>\r\n\t\t\t\t\t\t\t\t\t\t\t\t\t\t\t\t\t<figure class=\"wpb_wrapper vc_figure\">\r\n\t\t\t\t\t\t\t\t\t<a href=\"online.therapie.ergowebinar.de\/de\/e\/Passives-Diskriminationstraining-in-der-Neuroreha-2-FP-193?\r\n\t\t\t\t\t\t\t\t\t\" title=\"Sie sehen einenbreit aufgef\u00e4cherten Handr\u00fccken von rechts ins Bild kommend, als Assoziation zum Webseminar f\u00fcr Ergotherapie + Physiotherapie in der Rehabilitation von Schlaganfall + Apoplex in Klinik + Praxis\" target=\"_blank\">\r\n\t\t\t\t\t\t\t\t\t\t<img decoding=\"async\" width=\"475\" src=\"https:\/\/www.ergowebinar.de\/intern\/parsed_images\/f694fba8-7eb0-4ba6-a68c-2a5c416b940b.jpg\" class=\"vc_single_image-img attachment-full\" alt=\"Sie sehen einenbreit aufgef\u00e4cherten Handr\u00fccken von rechts ins Bild kommend, als Assoziation zum Webseminar f\u00fcr Ergotherapie + Physiotherapie in der Rehabilitation von Schlaganfall + Apoplex in Klinik + Praxis\" title=\"Sie sehen einenbreit aufgef\u00e4cherten Handr\u00fccken von rechts ins Bild kommend, als Assoziation zum Webseminar f\u00fcr Ergotherapie + Physiotherapie in der Rehabilitation von Schlaganfall + Apoplex in Klinik + Praxis\" srcset=\"https:\/\/www.ergowebinar.de\/intern\/parsed_images\/f694fba8-7eb0-4ba6-a68c-2a5c416b940b.jpg 475w, https:\/\/www.ergowebinar.de\/intern\/parsed_images\/f694fba8-7eb0-4ba6-a68c-2a5c416b940b.jpg 275w\" sizes=\"(max-width: 475px) 100vw, 475px\" itemprop=\"image\" \/>\r\n\t\t\t\t\t\t\t\t\t\t<h6>Passives Diskriminationstraining in der Neuroreha [2 FP]<\/h6>\r\n\t\t\t\t\t\t\t\t\t\t\t\t\t\t\t\t\t\t\t\t\t<p class=\"calendarline\"><img decoding=\"async\" class=\"calendar_icon\" src=\"https:\/\/www.ergowebinar.de\/intern\/images\/calendar.png\">21.07.2026 18:30 - 19:30<\/p>\t\r\n\t\t\t\t\t\t\t\t\t\t\t\t\t\t\t\t\t\t\t\t\t<p class=\"liquid_vc_single_text\">Sensibilit&auml;tstraining und passives &Uuml;ben der drei m&ouml;glichen Tast-Parameter Temperatur, Druck und Vibration auch ohne eigene Handmotorik ist ein hervorragendes taktiles Imaginationsverfahren ...<\/p>\r\n\t\t\t\t\t\t\t\t\t\t\t\t\t\t\t\t\t\t\t\t\t<p class=\"sempreis\">49 \u20ac<\/p>\r\n\t\t\t\t\t\t\t\t\t\t\t\t\t\t\t\t\t\t\t\t\t\t\t<p class=\"semmwst\"><\/p>\r\n\t\t\t\t\t\t\t\t\t\t\t\t\t\t\t\t\t\t\t\t\t\t\t\r\n\t\t\t\t\t\t\t\t\t<\/a>\r\n\t\t\t\t\t\t\t\t\t\r\n\t\t\t\t\t\t\t\t<\/figure>\r\n\t\t\t\t\t\t\t\t\r\n\t\t\t\t\t\t\t<\/div>\r\n\t\t\t\t\t\t\t\t\t\t\t\t\t\t\r\n\t\t\t\t\t\t<\/div>\r\n\t\t\t\t\t<\/div>\r\n\t\t\t\t<\/div>\r\n\t\t\t\t\t\t\t\t<div class=\"wpb_column vc_column_container vc_col-sm-2\">\r\n\t\t\t\t\t<div class=\"vc_column-inner \" >\r\n\t\t\t\t\t\t<div class=\"wpb_wrapper\" >\r\n\t\t\t\t\t\t\t<div class=\"wpb_single_image wpb_content_element vc_align_ liquid_vc_single_image\">\r\n\t\t\t\t\t\t\t\t\t\t\t\t\t\t\t\t\t<div class=\"sem_overlay\" ><a href=\"https:\/\/online.therapie.ergowebinar.de\/de\/e\/Apraxietherapie-Basics-2-FP-194?\r\n\t\t\t\t\t\t\t\t\t\" class=\"btn btn-solid btn-xsm round border-thin btn-has-label jetztstartenbutton\">klicken f\u00fcr Details<\/a><\/div>\r\n\t\t\t\t\t\t\t\t\t\t\t\t\t\t\t\t\t<figure class=\"wpb_wrapper vc_figure\">\r\n\t\t\t\t\t\t\t\t\t<a href=\"online.therapie.ergowebinar.de\/de\/e\/Apraxietherapie-Basics-2-FP-194?\r\n\t\t\t\t\t\t\t\t\t\" title=\"Sie sehen eine Hand ein St\u00fcck Obst vom Tisch nehmen; dort liegen auch Kunststoffobstteile als Assoziation zum Webseminar f\u00fcr Ergotherapie + Physiotherapie in der Rehabilitation von Schlaganfall + Apoplex in Klinik + Praxis\" target=\"_blank\">\r\n\t\t\t\t\t\t\t\t\t\t<img decoding=\"async\" width=\"475\" src=\"https:\/\/www.ergowebinar.de\/intern\/parsed_images\/badabba6-3abd-490b-bb37-214881892437.jpg\" class=\"vc_single_image-img attachment-full\" alt=\"Sie sehen eine Hand ein St\u00fcck Obst vom Tisch nehmen; dort liegen auch Kunststoffobstteile als Assoziation zum Webseminar f\u00fcr Ergotherapie + Physiotherapie in der Rehabilitation von Schlaganfall + Apoplex in Klinik + Praxis\" title=\"Sie sehen eine Hand ein St\u00fcck Obst vom Tisch nehmen; dort liegen auch Kunststoffobstteile als Assoziation zum Webseminar f\u00fcr Ergotherapie + Physiotherapie in der Rehabilitation von Schlaganfall + Apoplex in Klinik + Praxis\" srcset=\"https:\/\/www.ergowebinar.de\/intern\/parsed_images\/badabba6-3abd-490b-bb37-214881892437.jpg 475w, https:\/\/www.ergowebinar.de\/intern\/parsed_images\/badabba6-3abd-490b-bb37-214881892437.jpg 275w\" sizes=\"(max-width: 475px) 100vw, 475px\" itemprop=\"image\" \/>\r\n\t\t\t\t\t\t\t\t\t\t<h6>Apraxietherapie Basics [2 FP]<\/h6>\r\n\t\t\t\t\t\t\t\t\t\t\t\t\t\t\t\t\t\t\t\t\t<p class=\"calendarline\"><img decoding=\"async\" class=\"calendar_icon\" src=\"https:\/\/www.ergowebinar.de\/intern\/images\/calendar.png\">28.07.2026 18:30 - 19:30<\/p>\t\r\n\t\t\t\t\t\t\t\t\t\t\t\t\t\t\t\t\t\t\t\t\t<p class=\"liquid_vc_single_text\">In der evidenzbasierten Apraxietherapie werden ausschlie&szlig;lich relevante alltagspraktische Aktivit&auml;ten mit dem Betroffenen ge&uuml;bt. Hierbei haben sich neben dem Backward Chaining als Vorgehensweise ...<\/p>\r\n\t\t\t\t\t\t\t\t\t\t\t\t\t\t\t\t\t\t\t\t\t<p class=\"sempreis\">49 \u20ac<\/p>\r\n\t\t\t\t\t\t\t\t\t\t\t\t\t\t\t\t\t\t\t\t\t\t\t<p class=\"semmwst\"><\/p>\r\n\t\t\t\t\t\t\t\t\t\t\t\t\t\t\t\t\t\t\t\t\t\t\t\r\n\t\t\t\t\t\t\t\t\t<\/a>\r\n\t\t\t\t\t\t\t\t\t\r\n\t\t\t\t\t\t\t\t<\/figure>\r\n\t\t\t\t\t\t\t\t\r\n\t\t\t\t\t\t\t<\/div>\r\n\t\t\t\t\t\t\t\t\t\t\t\t\t\t\r\n\t\t\t\t\t\t<\/div>\r\n\t\t\t\t\t<\/div>\r\n\t\t\t\t<\/div>\r\n\t\t\t\t\t\t\t\t<div class=\"wpb_column vc_column_container vc_col-sm-2\">\r\n\t\t\t\t\t<div class=\"vc_column-inner \" >\r\n\t\t\t\t\t\t<div class=\"wpb_wrapper\" >\r\n\t\t\t\t\t\t\t<div class=\"wpb_single_image wpb_content_element vc_align_ liquid_vc_single_image\">\r\n\t\t\t\t\t\t\t\t\t\t\t\t\t\t\t\t\t<div class=\"sem_overlay\" ><a href=\"https:\/\/online.therapie.ergowebinar.de\/de\/e\/Tennisellenbogen-Basics-2-FP-155?\r\n\t\t\t\t\t\t\t\t\t\" class=\"btn btn-solid btn-xsm round border-thin btn-has-label jetztstartenbutton\">klicken f\u00fcr Details<\/a><\/div>\r\n\t\t\t\t\t\t\t\t\t\t\t\t\t\t\t\t\t<figure class=\"wpb_wrapper vc_figure\">\r\n\t\t\t\t\t\t\t\t\t<a href=\"online.therapie.ergowebinar.de\/de\/e\/Tennisellenbogen-Basics-2-FP-155?\r\n\t\t\t\t\t\t\t\t\t\" title=\"Sie sehen eine Tennisspielerin fotografiert durch den Tennisschl\u00e4ger hindurch von unten als Assoziation zum Webseminar \u00fcber Schmerzen am Unterarm f\u00fcr Ergotherapie + Physiotherapie in der Orthop\u00e4die, Neurologie in Klinik + Praxis\" target=\"_blank\">\r\n\t\t\t\t\t\t\t\t\t\t<img decoding=\"async\" width=\"475\" src=\"https:\/\/www.ergowebinar.de\/intern\/parsed_images\/c2ce1849-e7da-439d-952c-df2a2836ec0a.jpg\" class=\"vc_single_image-img attachment-full\" alt=\"Sie sehen eine Tennisspielerin fotografiert durch den Tennisschl\u00e4ger hindurch von unten als Assoziation zum Webseminar \u00fcber Schmerzen am Unterarm f\u00fcr Ergotherapie + Physiotherapie in der Orthop\u00e4die, Neurologie in Klinik + Praxis\" title=\"Sie sehen eine Tennisspielerin fotografiert durch den Tennisschl\u00e4ger hindurch von unten als Assoziation zum Webseminar \u00fcber Schmerzen am Unterarm f\u00fcr Ergotherapie + Physiotherapie in der Orthop\u00e4die, Neurologie in Klinik + Praxis\" srcset=\"https:\/\/www.ergowebinar.de\/intern\/parsed_images\/c2ce1849-e7da-439d-952c-df2a2836ec0a.jpg 475w, https:\/\/www.ergowebinar.de\/intern\/parsed_images\/c2ce1849-e7da-439d-952c-df2a2836ec0a.jpg 275w\" sizes=\"(max-width: 475px) 100vw, 475px\" itemprop=\"image\" \/>\r\n\t\t\t\t\t\t\t\t\t\t<h6>Tennisellenbogen - Basics [2 FP]<\/h6>\r\n\t\t\t\t\t\t\t\t\t\t\t\t\t\t\t\t\t\t\t\t\t<p class=\"calendarline\"><img decoding=\"async\" class=\"calendar_icon\" src=\"https:\/\/www.ergowebinar.de\/intern\/images\/calendar.png\">04.08.2026 19:30 - 20:30<\/p>\t\r\n\t\t\t\t\t\t\t\t\t\t\t\t\t\t\t\t\t\t\t\t\t<p class=\"liquid_vc_single_text\">Ein Tennisellenbogen - fachsprachlich Epicondylitis lateralis humeri - kann eine ganz sch&ouml;n hartn&auml;ckige Sache sein. Es sind verschiedene Extensoren des Unterarms betroffen. Durch konservative ...<\/p>\r\n\t\t\t\t\t\t\t\t\t\t\t\t\t\t\t\t\t\t\t\t\t<p class=\"sempreis\">49 \u20ac<\/p>\r\n\t\t\t\t\t\t\t\t\t\t\t\t\t\t\t\t\t\t\t\t\t\t\t<p class=\"semmwst\"><\/p>\r\n\t\t\t\t\t\t\t\t\t\t\t\t\t\t\t\t\t\t\t\t\t\t\t\r\n\t\t\t\t\t\t\t\t\t<\/a>\r\n\t\t\t\t\t\t\t\t\t\r\n\t\t\t\t\t\t\t\t<\/figure>\r\n\t\t\t\t\t\t\t\t\r\n\t\t\t\t\t\t\t<\/div>\r\n\t\t\t\t\t\t\t\t\t\t\t\t\t\t\r\n\t\t\t\t\t\t<\/div>\r\n\t\t\t\t\t<\/div>\r\n\t\t\t\t<\/div>\r\n\t\t\t\t\t\t\t\t<div class=\"wpb_column vc_column_container vc_col-sm-2\">\r\n\t\t\t\t\t<div class=\"vc_column-inner \" >\r\n\t\t\t\t\t\t<div class=\"wpb_wrapper\" >\r\n\t\t\t\t\t\t\t<div class=\"wpb_single_image wpb_content_element vc_align_ liquid_vc_single_image\">\r\n\t\t\t\t\t\t\t\t\t\t\t\t\t\t\t\t\t<div class=\"sem_overlay\" ><a href=\"https:\/\/online.therapie.ergowebinar.de\/de\/e\/Tennisellenbogen-prae-und-postoperativ-2-FP-156?\r\n\t\t\t\t\t\t\t\t\t\" class=\"btn btn-solid btn-xsm round border-thin btn-has-label jetztstartenbutton\">klicken f\u00fcr Details<\/a><\/div>\r\n\t\t\t\t\t\t\t\t\t\t\t\t\t\t\t\t\t<figure class=\"wpb_wrapper vc_figure\">\r\n\t\t\t\t\t\t\t\t\t<a href=\"online.therapie.ergowebinar.de\/de\/e\/Tennisellenbogen-prae-und-postoperativ-2-FP-156?\r\n\t\t\t\t\t\t\t\t\t\" title=\"Sie sehen eine Tennispielerin im Moment des Abschlags als Assoziation zum Webseminar \u00fcber therapeutische M\u00f6glichkeiten vor und nach einer Operation bei Tennisellenbogen f\u00fcr Ergotherapie + Physiotherapie in der Orthop\u00e4die, Neurologie in Klinik + Praxis\" target=\"_blank\">\r\n\t\t\t\t\t\t\t\t\t\t<img decoding=\"async\" width=\"475\" src=\"https:\/\/www.ergowebinar.de\/intern\/parsed_images\/d5164495-d247-4658-9574-e2693eae612f.jpg\" class=\"vc_single_image-img attachment-full\" alt=\"Sie sehen eine Tennispielerin im Moment des Abschlags als Assoziation zum Webseminar \u00fcber therapeutische M\u00f6glichkeiten vor und nach einer Operation bei Tennisellenbogen f\u00fcr Ergotherapie + Physiotherapie in der Orthop\u00e4die, Neurologie in Klinik + Praxis\" title=\"Sie sehen eine Tennispielerin im Moment des Abschlags als Assoziation zum Webseminar \u00fcber therapeutische M\u00f6glichkeiten vor und nach einer Operation bei Tennisellenbogen f\u00fcr Ergotherapie + Physiotherapie in der Orthop\u00e4die, Neurologie in Klinik + Praxis\" srcset=\"https:\/\/www.ergowebinar.de\/intern\/parsed_images\/d5164495-d247-4658-9574-e2693eae612f.jpg 475w, https:\/\/www.ergowebinar.de\/intern\/parsed_images\/d5164495-d247-4658-9574-e2693eae612f.jpg 275w\" sizes=\"(max-width: 475px) 100vw, 475px\" itemprop=\"image\" \/>\r\n\t\t\t\t\t\t\t\t\t\t<h6>Tennisellenbogen - pr\u00e4- und postoperativ [2 FP]<\/h6>\r\n\t\t\t\t\t\t\t\t\t\t\t\t\t\t\t\t\t\t\t\t\t<p class=\"calendarline\"><img decoding=\"async\" class=\"calendar_icon\" src=\"https:\/\/www.ergowebinar.de\/intern\/images\/calendar.png\">11.08.2026 19:30 - 20:30<\/p>\t\r\n\t\t\t\t\t\t\t\t\t\t\t\t\t\t\t\t\t\t\t\t\t<p class=\"liquid_vc_single_text\">Ein Tennisellenbogen kann vielen F&auml;llen auch operativ behandelt werden. Hier zeige ich die wichtigsten operativen M&ouml;glichkeiten sowie ihre ergotherapeutischen Vor- und Nachbereitungen.\r\n&nbsp;\r\nDas ...<\/p>\r\n\t\t\t\t\t\t\t\t\t\t\t\t\t\t\t\t\t\t\t\t\t<p class=\"sempreis\">49 \u20ac<\/p>\r\n\t\t\t\t\t\t\t\t\t\t\t\t\t\t\t\t\t\t\t\t\t\t\t<p class=\"semmwst\"><\/p>\r\n\t\t\t\t\t\t\t\t\t\t\t\t\t\t\t\t\t\t\t\t\t\t\t\r\n\t\t\t\t\t\t\t\t\t<\/a>\r\n\t\t\t\t\t\t\t\t\t\r\n\t\t\t\t\t\t\t\t<\/figure>\r\n\t\t\t\t\t\t\t\t\r\n\t\t\t\t\t\t\t<\/div>\r\n\t\t\t\t\t\t\t\t\t\t\t\t\t\t\r\n\t\t\t\t\t\t<\/div>\r\n\t\t\t\t\t<\/div>\r\n\t\t\t\t<\/div>\r\n\t\t\t\t\t\t\t\t<div class=\"wpb_column vc_column_container vc_col-sm-2\">\r\n\t\t\t\t\t<div class=\"vc_column-inner \" >\r\n\t\t\t\t\t\t<div class=\"wpb_wrapper\" >\r\n\t\t\t\t\t\t\t<div class=\"wpb_single_image wpb_content_element vc_align_ liquid_vc_single_image\">\r\n\t\t\t\t\t\t\t\t\t\t\t\t\t\t\t\t\t<div class=\"sem_overlay\" ><a href=\"https:\/\/online.therapie.ergowebinar.de\/de\/e\/Kognition-spielerisch-trainieren-2-FP-81?\r\n\t\t\t\t\t\t\t\t\t\" class=\"btn btn-solid btn-xsm round border-thin btn-has-label jetztstartenbutton\">klicken f\u00fcr Details<\/a><\/div>\r\n\t\t\t\t\t\t\t\t\t\t\t\t\t\t\t\t\t<figure class=\"wpb_wrapper vc_figure\">\r\n\t\t\t\t\t\t\t\t\t<a href=\"online.therapie.ergowebinar.de\/de\/e\/Kognition-spielerisch-trainieren-2-FP-81?\r\n\t\t\t\t\t\t\t\t\t\" title=\"Sie sehen ein Spielbrett mit W\u00fcrfeln und Spielsteinen als Assoziation zum Webseminar \u00fcber den Einsatz spielerischer Medien in der Ergotherapie + Physiotherapie in der NeuroReha, SchmerzReha, Orthop\u00e4die, Geriatrie in Klinik + Praxis\" target=\"_blank\">\r\n\t\t\t\t\t\t\t\t\t\t<img decoding=\"async\" width=\"475\" src=\"https:\/\/www.ergowebinar.de\/intern\/parsed_images\/22a6c32a-d14f-488c-9170-3c76c708b09c.jpg\" class=\"vc_single_image-img attachment-full\" alt=\"Sie sehen ein Spielbrett mit W\u00fcrfeln und Spielsteinen als Assoziation zum Webseminar \u00fcber den Einsatz spielerischer Medien in der Ergotherapie + Physiotherapie in der NeuroReha, SchmerzReha, Orthop\u00e4die, Geriatrie in Klinik + Praxis\" title=\"Sie sehen ein Spielbrett mit W\u00fcrfeln und Spielsteinen als Assoziation zum Webseminar \u00fcber den Einsatz spielerischer Medien in der Ergotherapie + Physiotherapie in der NeuroReha, SchmerzReha, Orthop\u00e4die, Geriatrie in Klinik + Praxis\" srcset=\"https:\/\/www.ergowebinar.de\/intern\/parsed_images\/22a6c32a-d14f-488c-9170-3c76c708b09c.jpg 475w, https:\/\/www.ergowebinar.de\/intern\/parsed_images\/22a6c32a-d14f-488c-9170-3c76c708b09c.jpg 275w\" sizes=\"(max-width: 475px) 100vw, 475px\" itemprop=\"image\" \/>\r\n\t\t\t\t\t\t\t\t\t\t<h6>Kognition spielerisch trainieren [2 FP]<\/h6>\r\n\t\t\t\t\t\t\t\t\t\t\t\t\t\t\t\t\t\t\t\t\t<p class=\"calendarline\"><img decoding=\"async\" class=\"calendar_icon\" src=\"https:\/\/www.ergowebinar.de\/intern\/images\/calendar.png\">19.08.2026 19:00 - 20:00<\/p>\t\r\n\t\t\t\t\t\t\t\t\t\t\t\t\t\t\t\t\t\t\t\t\t<p class=\"liquid_vc_single_text\">Gesellschaftsspiele k&ouml;nnen nach neurologischen Ereignissen wie Schlaganfall, Sch&auml;delhirntrauma, Tumor oder bei degenerativen Erkrankungen gezielt eingesetzt werden, um verschiedene Hirnfunktionen ...<\/p>\r\n\t\t\t\t\t\t\t\t\t\t\t\t\t\t\t\t\t\t\t\t\t<p class=\"sempreis\">49 \u20ac<\/p>\r\n\t\t\t\t\t\t\t\t\t\t\t\t\t\t\t\t\t\t\t\t\t\t\t<p class=\"semmwst\"><\/p>\r\n\t\t\t\t\t\t\t\t\t\t\t\t\t\t\t\t\t\t\t\t\t\t\t\r\n\t\t\t\t\t\t\t\t\t<\/a>\r\n\t\t\t\t\t\t\t\t\t\r\n\t\t\t\t\t\t\t\t<\/figure>\r\n\t\t\t\t\t\t\t\t\r\n\t\t\t\t\t\t\t<\/div>\r\n\t\t\t\t\t\t\t\t\t\t\t\t\t\t\r\n\t\t\t\t\t\t<\/div>\r\n\t\t\t\t\t<\/div>\r\n\t\t\t\t<\/div>\r\n\t\t\t\t\t\t\t\t<div class=\"wpb_column vc_column_container vc_col-sm-2\">\r\n\t\t\t\t\t<div class=\"vc_column-inner \" >\r\n\t\t\t\t\t\t<div class=\"wpb_wrapper\" >\r\n\t\t\t\t\t\t\t<div class=\"wpb_single_image wpb_content_element vc_align_ liquid_vc_single_image\">\r\n\t\t\t\t\t\t\t\t\t\t\t\t\t\t\t\t\t<div class=\"sem_overlay\" ><a href=\"https:\/\/online.therapie.ergowebinar.de\/de\/e\/Aktives-Diskriminationstraining-in-der-Neuroreha-2-FP-195?\r\n\t\t\t\t\t\t\t\t\t\" class=\"btn btn-solid btn-xsm round border-thin btn-has-label jetztstartenbutton\">klicken f\u00fcr Details<\/a><\/div>\r\n\t\t\t\t\t\t\t\t\t\t\t\t\t\t\t\t\t<figure class=\"wpb_wrapper vc_figure\">\r\n\t\t\t\t\t\t\t\t\t<a href=\"online.therapie.ergowebinar.de\/de\/e\/Aktives-Diskriminationstraining-in-der-Neuroreha-2-FP-195?\r\n\t\t\t\t\t\t\t\t\t\" title=\"Sie sehen eine Hand, die \u00fcber einen Schneeh\u00fcgel streicht, als Assoziation zum Webseminar f\u00fcr Ergotherapie + Physiotherapie in der Rehabilitation von Schlaganfall + Apoplex in Klinik + Praxis\" target=\"_blank\">\r\n\t\t\t\t\t\t\t\t\t\t<img decoding=\"async\" width=\"475\" src=\"https:\/\/www.ergowebinar.de\/intern\/parsed_images\/195.jpg\" class=\"vc_single_image-img attachment-full\" alt=\"Sie sehen eine Hand, die \u00fcber einen Schneeh\u00fcgel streicht, als Assoziation zum Webseminar f\u00fcr Ergotherapie + Physiotherapie in der Rehabilitation von Schlaganfall + Apoplex in Klinik + Praxis\" title=\"Sie sehen eine Hand, die \u00fcber einen Schneeh\u00fcgel streicht, als Assoziation zum Webseminar f\u00fcr Ergotherapie + Physiotherapie in der Rehabilitation von Schlaganfall + Apoplex in Klinik + Praxis\" srcset=\"https:\/\/www.ergowebinar.de\/intern\/parsed_images\/195.jpg 475w, https:\/\/www.ergowebinar.de\/intern\/parsed_images\/195.jpg 275w\" sizes=\"(max-width: 475px) 100vw, 475px\" itemprop=\"image\" \/>\r\n\t\t\t\t\t\t\t\t\t\t<h6>Aktives Diskriminationstraining in der Neuroreha [2 FP]<\/h6>\r\n\t\t\t\t\t\t\t\t\t\t\t\t\t\t\t\t\t\t\t\t\t<p class=\"calendarline\"><img decoding=\"async\" class=\"calendar_icon\" src=\"https:\/\/www.ergowebinar.de\/intern\/images\/calendar.png\">25.08.2026 18:30 - 19:30<\/p>\t\r\n\t\t\t\t\t\t\t\t\t\t\t\t\t\t\t\t\t\t\t\t\t<p class=\"liquid_vc_single_text\">Kernelement des Sensibilit&auml;tstrainings -&nbsp;\r\nAktives exploratives &Uuml;ben der drei m&ouml;glichen Tast-Parameter Temperatur, Druck und Vibration mit beginnender Handmotorik ist ein taktil-kin&auml;sthetisches ...<\/p>\r\n\t\t\t\t\t\t\t\t\t\t\t\t\t\t\t\t\t\t\t\t\t<p class=\"sempreis\">49 \u20ac<\/p>\r\n\t\t\t\t\t\t\t\t\t\t\t\t\t\t\t\t\t\t\t\t\t\t\t<p class=\"semmwst\"><\/p>\r\n\t\t\t\t\t\t\t\t\t\t\t\t\t\t\t\t\t\t\t\t\t\t\t\r\n\t\t\t\t\t\t\t\t\t<\/a>\r\n\t\t\t\t\t\t\t\t\t\r\n\t\t\t\t\t\t\t\t<\/figure>\r\n\t\t\t\t\t\t\t\t\r\n\t\t\t\t\t\t\t<\/div>\r\n\t\t\t\t\t\t\t\t\t\t\t\t\t\t\r\n\t\t\t\t\t\t<\/div>\r\n\t\t\t\t\t<\/div>\r\n\t\t\t\t<\/div>\r\n\t\t\t\t\t\t\t\t<div class=\"wpb_column vc_column_container vc_col-sm-2\">\r\n\t\t\t\t\t<div class=\"vc_column-inner \" >\r\n\t\t\t\t\t\t<div class=\"wpb_wrapper\" >\r\n\t\t\t\t\t\t\t<div class=\"wpb_single_image wpb_content_element vc_align_ liquid_vc_single_image\">\r\n\t\t\t\t\t\t\t\t\t\t\t\t\t\t\t\t\t<div class=\"sem_overlay\" ><a href=\"https:\/\/online.therapie.ergowebinar.de\/de\/e\/Kognition-Denkflexibilitaet-foerdern-2FP-302?\r\n\t\t\t\t\t\t\t\t\t\" class=\"btn btn-solid btn-xsm round border-thin btn-has-label jetztstartenbutton\">klicken f\u00fcr Details<\/a><\/div>\r\n\t\t\t\t\t\t\t\t\t\t\t\t\t\t\t\t\t<figure class=\"wpb_wrapper vc_figure\">\r\n\t\t\t\t\t\t\t\t\t<a href=\"online.therapie.ergowebinar.de\/de\/e\/Kognition-Denkflexibilitaet-foerdern-2FP-302?\r\n\t\t\t\t\t\t\t\t\t\" title=\"Sie sehen ein Ortsausgangsschild einen ausgestrichenen Plan A mit darunterstehendem Plan B als Assoziation zum Webseminar \u00fcber Verbesserung der Denkflexibilit\u00e4t f\u00fcr Ergotherapeuten in der Reha von vielen Fachgebieten mit Erwachsenen in Klinik + Praxis\" target=\"_blank\">\r\n\t\t\t\t\t\t\t\t\t\t<img decoding=\"async\" width=\"475\" src=\"https:\/\/www.ergowebinar.de\/intern\/parsed_images\/66adce0c-59a4-4d4a-a0f4-6ec832cf859e.jpg\" class=\"vc_single_image-img attachment-full\" alt=\"Sie sehen ein Ortsausgangsschild einen ausgestrichenen Plan A mit darunterstehendem Plan B als Assoziation zum Webseminar \u00fcber Verbesserung der Denkflexibilit\u00e4t f\u00fcr Ergotherapeuten in der Reha von vielen Fachgebieten mit Erwachsenen in Klinik + Praxis\" title=\"Sie sehen ein Ortsausgangsschild einen ausgestrichenen Plan A mit darunterstehendem Plan B als Assoziation zum Webseminar \u00fcber Verbesserung der Denkflexibilit\u00e4t f\u00fcr Ergotherapeuten in der Reha von vielen Fachgebieten mit Erwachsenen in Klinik + Praxis\" srcset=\"https:\/\/www.ergowebinar.de\/intern\/parsed_images\/66adce0c-59a4-4d4a-a0f4-6ec832cf859e.jpg 475w, https:\/\/www.ergowebinar.de\/intern\/parsed_images\/66adce0c-59a4-4d4a-a0f4-6ec832cf859e.jpg 275w\" sizes=\"(max-width: 475px) 100vw, 475px\" itemprop=\"image\" \/>\r\n\t\t\t\t\t\t\t\t\t\t<h6>Kognition - Denkflexibilit\u00e4t f\u00f6rdern [2FP]<\/h6>\r\n\t\t\t\t\t\t\t\t\t\t\t\t\t\t\t\t\t\t\t\t\t<p class=\"calendarline\"><img decoding=\"async\" class=\"calendar_icon\" src=\"https:\/\/www.ergowebinar.de\/intern\/images\/calendar.png\">26.08.2026 19:00 - 20:00<\/p>\t\r\n\t\t\t\t\t\t\t\t\t\t\t\t\t\t\t\t\t\t\t\t\t<p class=\"liquid_vc_single_text\">\r\nDenkflexibilit&auml;t, auch als kognitive Flexibilit&auml;t oder Umstellf&auml;higkeit bekannt, ist eine herausragende intellektuelle F&auml;higkeit. Sie erm&ouml;glicht es, sich an unerwartete Situationen ...<\/p>\r\n\t\t\t\t\t\t\t\t\t\t\t\t\t\t\t\t\t\t\t\t\t<p class=\"sempreis\">49 \u20ac<\/p>\r\n\t\t\t\t\t\t\t\t\t\t\t\t\t\t\t\t\t\t\t\t\t\t\t<p class=\"semmwst\"><\/p>\r\n\t\t\t\t\t\t\t\t\t\t\t\t\t\t\t\t\t\t\t\t\t\t\t\r\n\t\t\t\t\t\t\t\t\t<\/a>\r\n\t\t\t\t\t\t\t\t\t\r\n\t\t\t\t\t\t\t\t<\/figure>\r\n\t\t\t\t\t\t\t\t\r\n\t\t\t\t\t\t\t<\/div>\r\n\t\t\t\t\t\t\t\t\t\t\t\t\t\t\r\n\t\t\t\t\t\t<\/div>\r\n\t\t\t\t\t<\/div>\r\n\t\t\t\t<\/div>\r\n\t\t\t\t\t\t\t\t<div class=\"wpb_column vc_column_container vc_col-sm-2\">\r\n\t\t\t\t\t<div class=\"vc_column-inner \" >\r\n\t\t\t\t\t\t<div class=\"wpb_wrapper\" >\r\n\t\t\t\t\t\t\t<div class=\"wpb_single_image wpb_content_element vc_align_ liquid_vc_single_image\">\r\n\t\t\t\t\t\t\t\t\t\t\t\t\t\t\t\t\t<div class=\"sem_overlay\" ><a href=\"https:\/\/online.therapie.ergowebinar.de\/de\/e\/Krafttraining-PANAT-LAPTOOL-und-motorisches-Lernen-2FP-312?\r\n\t\t\t\t\t\t\t\t\t\" class=\"btn btn-solid btn-xsm round border-thin btn-has-label jetztstartenbutton\">klicken f\u00fcr Details<\/a><\/div>\r\n\t\t\t\t\t\t\t\t\t\t\t\t\t\t\t\t\t<figure class=\"wpb_wrapper vc_figure\">\r\n\t\t\t\t\t\t\t\t\t<a href=\"online.therapie.ergowebinar.de\/de\/e\/Krafttraining-PANAT-LAPTOOL-und-motorisches-Lernen-2FP-312?\r\n\t\t\t\t\t\t\t\t\t\" title=\"Sie sehen einige Werkzeuge des PANAT-Laptools als Assoziation zum Webseminar \u00fcber Krafttrainings bei Parese nach Apoplex f\u00fcr Ergotherapie + Physiotherapie in der Rehabilitation von Schlaganfall in der Neuroreha in Klinik + Praxis\" target=\"_blank\">\r\n\t\t\t\t\t\t\t\t\t\t<img decoding=\"async\" width=\"475\" src=\"https:\/\/www.ergowebinar.de\/intern\/parsed_images\/138053a0-81dd-4bf0-8225-bf3ed5a2c83b.jpg\" class=\"vc_single_image-img attachment-full\" alt=\"Sie sehen einige Werkzeuge des PANAT-Laptools als Assoziation zum Webseminar \u00fcber Krafttrainings bei Parese nach Apoplex f\u00fcr Ergotherapie + Physiotherapie in der Rehabilitation von Schlaganfall in der Neuroreha in Klinik + Praxis\" title=\"Sie sehen einige Werkzeuge des PANAT-Laptools als Assoziation zum Webseminar \u00fcber Krafttrainings bei Parese nach Apoplex f\u00fcr Ergotherapie + Physiotherapie in der Rehabilitation von Schlaganfall in der Neuroreha in Klinik + Praxis\" srcset=\"https:\/\/www.ergowebinar.de\/intern\/parsed_images\/138053a0-81dd-4bf0-8225-bf3ed5a2c83b.jpg 475w, https:\/\/www.ergowebinar.de\/intern\/parsed_images\/138053a0-81dd-4bf0-8225-bf3ed5a2c83b.jpg 275w\" sizes=\"(max-width: 475px) 100vw, 475px\" itemprop=\"image\" \/>\r\n\t\t\t\t\t\t\t\t\t\t<h6>Krafttraining - PANAT LAPTOOL\u00ae und motorisches Lernen [2FP]<\/h6>\r\n\t\t\t\t\t\t\t\t\t\t\t\t\t\t\t\t\t\t\t\t\t<p class=\"calendarline\"><img decoding=\"async\" class=\"calendar_icon\" src=\"https:\/\/www.ergowebinar.de\/intern\/images\/calendar.png\">27.08.2026 18:00 - 19:00<\/p>\t\r\n\t\t\t\t\t\t\t\t\t\t\t\t\t\t\t\t\t\t\t\t\t<p class=\"liquid_vc_single_text\">\r\nEffektives motorisches Lernen hat viele Facetten. Spezifisch aufgebaute Krafttrainings, besonders das Generieren von Kraftamplituden am Bewegungsende und zum Bewegungsstart geraten daher zu Recht immer ...<\/p>\r\n\t\t\t\t\t\t\t\t\t\t\t\t\t\t\t\t\t\t\t\t\t<p class=\"sempreis\">49 \u20ac<\/p>\r\n\t\t\t\t\t\t\t\t\t\t\t\t\t\t\t\t\t\t\t\t\t\t\t<p class=\"semmwst\"><\/p>\r\n\t\t\t\t\t\t\t\t\t\t\t\t\t\t\t\t\t\t\t\t\t\t\t\r\n\t\t\t\t\t\t\t\t\t<\/a>\r\n\t\t\t\t\t\t\t\t\t\r\n\t\t\t\t\t\t\t\t<\/figure>\r\n\t\t\t\t\t\t\t\t\r\n\t\t\t\t\t\t\t<\/div>\r\n\t\t\t\t\t\t\t\t\t\t\t\t\t\t\r\n\t\t\t\t\t\t<\/div>\r\n\t\t\t\t\t<\/div>\r\n\t\t\t\t<\/div>\r\n\t\t\t\t\t\t\t\t<div class=\"wpb_column vc_column_container vc_col-sm-2\">\r\n\t\t\t\t\t<div class=\"vc_column-inner \" >\r\n\t\t\t\t\t\t<div class=\"wpb_wrapper\" >\r\n\t\t\t\t\t\t\t<div class=\"wpb_single_image wpb_content_element vc_align_ liquid_vc_single_image\">\r\n\t\t\t\t\t\t\t\t\t\t\t\t\t\t\t\t\t<div class=\"sem_overlay\" ><a href=\"https:\/\/online.therapie.ergowebinar.de\/de\/e\/Rumpf-ist-Trumpf-physiologisches-Hinsetzen-aus-Rueckenlage-2-FP-57?\r\n\t\t\t\t\t\t\t\t\t\" class=\"btn btn-solid btn-xsm round border-thin btn-has-label jetztstartenbutton\">klicken f\u00fcr Details<\/a><\/div>\r\n\t\t\t\t\t\t\t\t\t\t\t\t\t\t\t\t\t<figure class=\"wpb_wrapper vc_figure\">\r\n\t\t\t\t\t\t\t\t\t<a href=\"online.therapie.ergowebinar.de\/de\/e\/Rumpf-ist-Trumpf-physiologisches-Hinsetzen-aus-Rueckenlage-2-FP-57?\r\n\t\t\t\t\t\t\t\t\t\" title=\"Sie sehen eine Frau \u00fcber eine seitliche Drehungaus dem Liegen Aufstehen als Assoziation zum Webseminar zum Lagewechsel bei Schlaganfallbetroffenen f\u00fcr Ergotherapie + Physiotherapie in der Rehabilitation von Schlaganfall + Apoplex in Klinik + Praxis\" target=\"_blank\">\r\n\t\t\t\t\t\t\t\t\t\t<img decoding=\"async\" width=\"475\" src=\"https:\/\/www.ergowebinar.de\/intern\/parsed_images\/f041867a-1e2d-44eb-9026-9baba1d2d4be.jpg\" class=\"vc_single_image-img attachment-full\" alt=\"Sie sehen eine Frau \u00fcber eine seitliche Drehungaus dem Liegen Aufstehen als Assoziation zum Webseminar zum Lagewechsel bei Schlaganfallbetroffenen f\u00fcr Ergotherapie + Physiotherapie in der Rehabilitation von Schlaganfall + Apoplex in Klinik + Praxis\" title=\"Sie sehen eine Frau \u00fcber eine seitliche Drehungaus dem Liegen Aufstehen als Assoziation zum Webseminar zum Lagewechsel bei Schlaganfallbetroffenen f\u00fcr Ergotherapie + Physiotherapie in der Rehabilitation von Schlaganfall + Apoplex in Klinik + Praxis\" srcset=\"https:\/\/www.ergowebinar.de\/intern\/parsed_images\/f041867a-1e2d-44eb-9026-9baba1d2d4be.jpg 475w, https:\/\/www.ergowebinar.de\/intern\/parsed_images\/f041867a-1e2d-44eb-9026-9baba1d2d4be.jpg 275w\" sizes=\"(max-width: 475px) 100vw, 475px\" itemprop=\"image\" \/>\r\n\t\t\t\t\t\t\t\t\t\t<h6>Rumpf ist Trumpf - physiologisches Hinsetzen aus R\u00fcckenlage [2 FP]<\/h6>\r\n\t\t\t\t\t\t\t\t\t\t\t\t\t\t\t\t\t\t\t\t\t<p class=\"calendarline\"><img decoding=\"async\" class=\"calendar_icon\" src=\"https:\/\/www.ergowebinar.de\/intern\/images\/calendar.png\">09.09.2026 16:00 - 17:00<\/p>\t\r\n\t\t\t\t\t\t\t\t\t\t\t\t\t\t\t\t\t\t\t\t\t<p class=\"liquid_vc_single_text\">Beim \"sich Hinsetzen\" - oder wie man fachsprachlich auch sagt, dem \"Bewegungs&uuml;bergang von der R&uuml;ckenlage in den Sitz\" - kann konzentrisch beim Hinsetzen und\/ oder exzentrisch beim Hinlegen wunderbar ...<\/p>\r\n\t\t\t\t\t\t\t\t\t\t\t\t\t\t\t\t\t\t\t\t\t<p class=\"sempreis\">49 \u20ac<\/p>\r\n\t\t\t\t\t\t\t\t\t\t\t\t\t\t\t\t\t\t\t\t\t\t\t<p class=\"semmwst\"><\/p>\r\n\t\t\t\t\t\t\t\t\t\t\t\t\t\t\t\t\t\t\t\t\t\t\t\r\n\t\t\t\t\t\t\t\t\t<\/a>\r\n\t\t\t\t\t\t\t\t\t\r\n\t\t\t\t\t\t\t\t<\/figure>\r\n\t\t\t\t\t\t\t\t\r\n\t\t\t\t\t\t\t<\/div>\r\n\t\t\t\t\t\t\t\t\t\t\t\t\t\t\r\n\t\t\t\t\t\t<\/div>\r\n\t\t\t\t\t<\/div>\r\n\t\t\t\t<\/div>\r\n\t\t\t\t\t\t\t\t<div class=\"wpb_column vc_column_container vc_col-sm-2\">\r\n\t\t\t\t\t<div class=\"vc_column-inner \" >\r\n\t\t\t\t\t\t<div class=\"wpb_wrapper\" >\r\n\t\t\t\t\t\t\t<div class=\"wpb_single_image wpb_content_element vc_align_ liquid_vc_single_image\">\r\n\t\t\t\t\t\t\t\t\t\t\t\t\t\t\t\t\t<div class=\"sem_overlay\" ><a href=\"https:\/\/online.therapie.ergowebinar.de\/de\/e\/Fatigue-energiesparende-Alltagsgestaltung-2FP-82?\r\n\t\t\t\t\t\t\t\t\t\" class=\"btn btn-solid btn-xsm round border-thin btn-has-label jetztstartenbutton\">klicken f\u00fcr Details<\/a><\/div>\r\n\t\t\t\t\t\t\t\t\t\t\t\t\t\t\t\t\t<figure class=\"wpb_wrapper vc_figure\">\r\n\t\t\t\t\t\t\t\t\t<a href=\"online.therapie.ergowebinar.de\/de\/e\/Fatigue-energiesparende-Alltagsgestaltung-2FP-82?\r\n\t\t\t\t\t\t\t\t\t\" title=\"Sie sehen mit Holzw\u00e4scheklammern aufgeh\u00e4ngte W\u00e4scheteile als Assoziation zum Webseminar \u00fcber energiesparende Alltagsgestaltung f\u00fcr Ergotherapie + Physiotherapie in der Reha von Fatigue + Long + Post Covid + Schmerzreha in Klinik + Praxis\" target=\"_blank\">\r\n\t\t\t\t\t\t\t\t\t\t<img decoding=\"async\" width=\"475\" src=\"https:\/\/www.ergowebinar.de\/intern\/parsed_images\/5dba581a-e690-4b3d-9e15-1db5ea78fc87.jpg\" class=\"vc_single_image-img attachment-full\" alt=\"Sie sehen mit Holzw\u00e4scheklammern aufgeh\u00e4ngte W\u00e4scheteile als Assoziation zum Webseminar \u00fcber energiesparende Alltagsgestaltung f\u00fcr Ergotherapie + Physiotherapie in der Reha von Fatigue + Long + Post Covid + Schmerzreha in Klinik + Praxis\" title=\"Sie sehen mit Holzw\u00e4scheklammern aufgeh\u00e4ngte W\u00e4scheteile als Assoziation zum Webseminar \u00fcber energiesparende Alltagsgestaltung f\u00fcr Ergotherapie + Physiotherapie in der Reha von Fatigue + Long + Post Covid + Schmerzreha in Klinik + Praxis\" srcset=\"https:\/\/www.ergowebinar.de\/intern\/parsed_images\/5dba581a-e690-4b3d-9e15-1db5ea78fc87.jpg 475w, https:\/\/www.ergowebinar.de\/intern\/parsed_images\/5dba581a-e690-4b3d-9e15-1db5ea78fc87.jpg 275w\" sizes=\"(max-width: 475px) 100vw, 475px\" itemprop=\"image\" \/>\r\n\t\t\t\t\t\t\t\t\t\t<h6>Fatigue - energiesparende Alltagsgestaltung [2FP]<\/h6>\r\n\t\t\t\t\t\t\t\t\t\t\t\t\t\t\t\t\t\t\t\t\t<p class=\"calendarline\"><img decoding=\"async\" class=\"calendar_icon\" src=\"https:\/\/www.ergowebinar.de\/intern\/images\/calendar.png\">09.09.2026 19:00 - 20:00<\/p>\t\r\n\t\t\t\t\t\t\t\t\t\t\t\t\t\t\t\t\t\t\t\t\t<p class=\"liquid_vc_single_text\">Wenn nur wenig Energie vorhanden ist, f&auml;llt es oft schwer, den Alltag bedeutungsvoll zu gestalten. Durch die Auseinandersetzung mit dem eigenen Energieprofil wird bewusst, wann welche Aktivit&auml;ten ...<\/p>\r\n\t\t\t\t\t\t\t\t\t\t\t\t\t\t\t\t\t\t\t\t\t<p class=\"sempreis\">49 \u20ac<\/p>\r\n\t\t\t\t\t\t\t\t\t\t\t\t\t\t\t\t\t\t\t\t\t\t\t<p class=\"semmwst\"><\/p>\r\n\t\t\t\t\t\t\t\t\t\t\t\t\t\t\t\t\t\t\t\t\t\t\t\r\n\t\t\t\t\t\t\t\t\t<\/a>\r\n\t\t\t\t\t\t\t\t\t\r\n\t\t\t\t\t\t\t\t<\/figure>\r\n\t\t\t\t\t\t\t\t\r\n\t\t\t\t\t\t\t<\/div>\r\n\t\t\t\t\t\t\t\t\t\t\t\t\t\t\r\n\t\t\t\t\t\t<\/div>\r\n\t\t\t\t\t<\/div>\r\n\t\t\t\t<\/div>\r\n\t\t\t\t\t\t\t\t<div class=\"wpb_column vc_column_container vc_col-sm-2\">\r\n\t\t\t\t\t<div class=\"vc_column-inner \" >\r\n\t\t\t\t\t\t<div class=\"wpb_wrapper\" >\r\n\t\t\t\t\t\t\t<div class=\"wpb_single_image wpb_content_element vc_align_ liquid_vc_single_image\">\r\n\t\t\t\t\t\t\t\t\t\t\t\t\t\t\t\t\t<div class=\"sem_overlay\" ><a href=\"https:\/\/online.therapie.ergowebinar.de\/de\/e\/Neglect-Therapie-1-Basics-2-FP-192?\r\n\t\t\t\t\t\t\t\t\t\" class=\"btn btn-solid btn-xsm round border-thin btn-has-label jetztstartenbutton\">klicken f\u00fcr Details<\/a><\/div>\r\n\t\t\t\t\t\t\t\t\t\t\t\t\t\t\t\t\t<figure class=\"wpb_wrapper vc_figure\">\r\n\t\t\t\t\t\t\t\t\t<a href=\"online.therapie.ergowebinar.de\/de\/e\/Neglect-Therapie-1-Basics-2-FP-192?\r\n\t\t\t\t\t\t\t\t\t\" title=\"Sie sehen eine Aufnahme eines halben Gesichtes; es wird von der anderen Gesichtsh\u00e4lfte durch die senkrechte Hand getrennt, als Assoziation zum Webinar f\u00fcr Ergotherapie + Physiotherapie in der Rehabilitation von Schlaganfall + Apoplex in Klinik + Praxis\" target=\"_blank\">\r\n\t\t\t\t\t\t\t\t\t\t<img decoding=\"async\" width=\"475\" src=\"https:\/\/www.ergowebinar.de\/intern\/parsed_images\/7d720b33-b500-4d23-85c2-402986542482.jpg\" class=\"vc_single_image-img attachment-full\" alt=\"Sie sehen eine Aufnahme eines halben Gesichtes; es wird von der anderen Gesichtsh\u00e4lfte durch die senkrechte Hand getrennt, als Assoziation zum Webinar f\u00fcr Ergotherapie + Physiotherapie in der Rehabilitation von Schlaganfall + Apoplex in Klinik + Praxis\" title=\"Sie sehen eine Aufnahme eines halben Gesichtes; es wird von der anderen Gesichtsh\u00e4lfte durch die senkrechte Hand getrennt, als Assoziation zum Webinar f\u00fcr Ergotherapie + Physiotherapie in der Rehabilitation von Schlaganfall + Apoplex in Klinik + Praxis\" srcset=\"https:\/\/www.ergowebinar.de\/intern\/parsed_images\/7d720b33-b500-4d23-85c2-402986542482.jpg 475w, https:\/\/www.ergowebinar.de\/intern\/parsed_images\/7d720b33-b500-4d23-85c2-402986542482.jpg 275w\" sizes=\"(max-width: 475px) 100vw, 475px\" itemprop=\"image\" \/>\r\n\t\t\t\t\t\t\t\t\t\t<h6>Neglect-Therapie 1 - Basics [2 FP]<\/h6>\r\n\t\t\t\t\t\t\t\t\t\t\t\t\t\t\t\t\t\t\t\t\t<p class=\"calendarline\"><img decoding=\"async\" class=\"calendar_icon\" src=\"https:\/\/www.ergowebinar.de\/intern\/images\/calendar.png\">15.09.2026 18:30 - 19:30<\/p>\t\r\n\t\t\t\t\t\t\t\t\t\t\t\t\t\t\t\t\t\t\t\t\t<p class=\"liquid_vc_single_text\">In der Phase \"keine Awareness\" stehen therapeutische Strategien im Rahmen von&nbsp;\r\nStimulationsbehandlung vor Beginn in einer durchzuf&uuml;hrenden Alltagssequenz im\r\nVordergrund. Die f&uuml;r die ergotherapeutische ...<\/p>\r\n\t\t\t\t\t\t\t\t\t\t\t\t\t\t\t\t\t\t\t\t\t<p class=\"sempreis\">49 \u20ac<\/p>\r\n\t\t\t\t\t\t\t\t\t\t\t\t\t\t\t\t\t\t\t\t\t\t\t<p class=\"semmwst\"><\/p>\r\n\t\t\t\t\t\t\t\t\t\t\t\t\t\t\t\t\t\t\t\t\t\t\t\r\n\t\t\t\t\t\t\t\t\t<\/a>\r\n\t\t\t\t\t\t\t\t\t\r\n\t\t\t\t\t\t\t\t<\/figure>\r\n\t\t\t\t\t\t\t\t\r\n\t\t\t\t\t\t\t<\/div>\r\n\t\t\t\t\t\t\t\t\t\t\t\t\t\t\r\n\t\t\t\t\t\t<\/div>\r\n\t\t\t\t\t<\/div>\r\n\t\t\t\t<\/div>\r\n\t\t\t\t\t\t\t\t<div class=\"wpb_column vc_column_container vc_col-sm-2\">\r\n\t\t\t\t\t<div class=\"vc_column-inner \" >\r\n\t\t\t\t\t\t<div class=\"wpb_wrapper\" >\r\n\t\t\t\t\t\t\t<div class=\"wpb_single_image wpb_content_element vc_align_ liquid_vc_single_image\">\r\n\t\t\t\t\t\t\t\t\t\t\t\t\t\t\t\t\t<div class=\"sem_overlay\" ><a href=\"https:\/\/online.therapie.ergowebinar.de\/de\/e\/Erste-Handgriffe-in-der-Neuroreha-2-FP-196?\r\n\t\t\t\t\t\t\t\t\t\" class=\"btn btn-solid btn-xsm round border-thin btn-has-label jetztstartenbutton\">klicken f\u00fcr Details<\/a><\/div>\r\n\t\t\t\t\t\t\t\t\t\t\t\t\t\t\t\t\t<figure class=\"wpb_wrapper vc_figure\">\r\n\t\t\t\t\t\t\t\t\t<a href=\"online.therapie.ergowebinar.de\/de\/e\/Erste-Handgriffe-in-der-Neuroreha-2-FP-196?\r\n\t\t\t\t\t\t\t\t\t\" title=\"Sie sehen eine silberbest\u00e4ubte Hand, die nach einer ebenfalls silberbest\u00e4ubten Wurst greift, als Assoziation zum Webseminar f\u00fcr Ergotherapie + Physiotherapie in der Rehabilitation von Schlaganfall + Apoplex in Klinik + Praxis\" target=\"_blank\">\r\n\t\t\t\t\t\t\t\t\t\t<img decoding=\"async\" width=\"475\" src=\"https:\/\/www.ergowebinar.de\/intern\/parsed_images\/ebcf89cf-efe5-42f7-8422-2210b862286d.jpg\" class=\"vc_single_image-img attachment-full\" alt=\"Sie sehen eine silberbest\u00e4ubte Hand, die nach einer ebenfalls silberbest\u00e4ubten Wurst greift, als Assoziation zum Webseminar f\u00fcr Ergotherapie + Physiotherapie in der Rehabilitation von Schlaganfall + Apoplex in Klinik + Praxis\" title=\"Sie sehen eine silberbest\u00e4ubte Hand, die nach einer ebenfalls silberbest\u00e4ubten Wurst greift, als Assoziation zum Webseminar f\u00fcr Ergotherapie + Physiotherapie in der Rehabilitation von Schlaganfall + Apoplex in Klinik + Praxis\" srcset=\"https:\/\/www.ergowebinar.de\/intern\/parsed_images\/ebcf89cf-efe5-42f7-8422-2210b862286d.jpg 475w, https:\/\/www.ergowebinar.de\/intern\/parsed_images\/ebcf89cf-efe5-42f7-8422-2210b862286d.jpg 275w\" sizes=\"(max-width: 475px) 100vw, 475px\" itemprop=\"image\" \/>\r\n\t\t\t\t\t\t\t\t\t\t<h6>Erste Handgriffe in der Neuroreha [2 FP]<\/h6>\r\n\t\t\t\t\t\t\t\t\t\t\t\t\t\t\t\t\t\t\t\t\t<p class=\"calendarline\"><img decoding=\"async\" class=\"calendar_icon\" src=\"https:\/\/www.ergowebinar.de\/intern\/images\/calendar.png\">15.09.2026 20:00 - 21:00<\/p>\t\r\n\t\t\t\t\t\t\t\t\t\t\t\t\t\t\t\t\t\t\t\t\t<p class=\"liquid_vc_single_text\">Wenn die paretische Hand erste Aktivit&auml;t zeigt, so dass sich Greiffunktionen nutzen lassen, findet sich in den allermeisten F&auml;llen eine bestimmte Reihenfolge im Erholungsmuster f&uuml;r diese ...<\/p>\r\n\t\t\t\t\t\t\t\t\t\t\t\t\t\t\t\t\t\t\t\t\t<p class=\"sempreis\">49 \u20ac<\/p>\r\n\t\t\t\t\t\t\t\t\t\t\t\t\t\t\t\t\t\t\t\t\t\t\t<p class=\"semmwst\"><\/p>\r\n\t\t\t\t\t\t\t\t\t\t\t\t\t\t\t\t\t\t\t\t\t\t\t\r\n\t\t\t\t\t\t\t\t\t<\/a>\r\n\t\t\t\t\t\t\t\t\t\r\n\t\t\t\t\t\t\t\t<\/figure>\r\n\t\t\t\t\t\t\t\t\r\n\t\t\t\t\t\t\t<\/div>\r\n\t\t\t\t\t\t\t\t\t\t\t\t\t\t\r\n\t\t\t\t\t\t<\/div>\r\n\t\t\t\t\t<\/div>\r\n\t\t\t\t<\/div>\r\n\t\t\t\t\t\t\t\t<div class=\"wpb_column vc_column_container vc_col-sm-2\">\r\n\t\t\t\t\t<div class=\"vc_column-inner \" >\r\n\t\t\t\t\t\t<div class=\"wpb_wrapper\" >\r\n\t\t\t\t\t\t\t<div class=\"wpb_single_image wpb_content_element vc_align_ liquid_vc_single_image\">\r\n\t\t\t\t\t\t\t\t\t\t\t\t\t\t\t\t\t<div class=\"sem_overlay\" ><a href=\"https:\/\/online.therapie.ergowebinar.de\/de\/e\/Periphere-Nervenverletzungen-Basics-2FP-123?\r\n\t\t\t\t\t\t\t\t\t\" class=\"btn btn-solid btn-xsm round border-thin btn-has-label jetztstartenbutton\">klicken f\u00fcr Details<\/a><\/div>\r\n\t\t\t\t\t\t\t\t\t\t\t\t\t\t\t\t\t<figure class=\"wpb_wrapper vc_figure\">\r\n\t\t\t\t\t\t\t\t\t<a href=\"online.therapie.ergowebinar.de\/de\/e\/Periphere-Nervenverletzungen-Basics-2FP-123?\r\n\t\t\t\t\t\t\t\t\t\" title=\"Sie sehen vier H\u00e4nde verschiedenen Alters auf einem Bild als Assoziation zum Webseminar \u00fcber Basisbausteine zu peripheren Nervenl\u00e4sionen f\u00fcr Ergotherapie + Physiotherapie in der HandReha + Neuroreha + Orthoreha  in Klinik + Praxis\" target=\"_blank\">\r\n\t\t\t\t\t\t\t\t\t\t<img decoding=\"async\" width=\"475\" src=\"https:\/\/www.ergowebinar.de\/intern\/parsed_images\/79b07f38-4f9c-413d-b606-13c14f096c3e.jpg\" class=\"vc_single_image-img attachment-full\" alt=\"Sie sehen vier H\u00e4nde verschiedenen Alters auf einem Bild als Assoziation zum Webseminar \u00fcber Basisbausteine zu peripheren Nervenl\u00e4sionen f\u00fcr Ergotherapie + Physiotherapie in der HandReha + Neuroreha + Orthoreha  in Klinik + Praxis\" title=\"Sie sehen vier H\u00e4nde verschiedenen Alters auf einem Bild als Assoziation zum Webseminar \u00fcber Basisbausteine zu peripheren Nervenl\u00e4sionen f\u00fcr Ergotherapie + Physiotherapie in der HandReha + Neuroreha + Orthoreha  in Klinik + Praxis\" srcset=\"https:\/\/www.ergowebinar.de\/intern\/parsed_images\/79b07f38-4f9c-413d-b606-13c14f096c3e.jpg 475w, https:\/\/www.ergowebinar.de\/intern\/parsed_images\/79b07f38-4f9c-413d-b606-13c14f096c3e.jpg 275w\" sizes=\"(max-width: 475px) 100vw, 475px\" itemprop=\"image\" \/>\r\n\t\t\t\t\t\t\t\t\t\t<h6>Periphere Nervenverletzungen - Basics [2FP]<\/h6>\r\n\t\t\t\t\t\t\t\t\t\t\t\t\t\t\t\t\t\t\t\t\t<p class=\"calendarline\"><img decoding=\"async\" class=\"calendar_icon\" src=\"https:\/\/www.ergowebinar.de\/intern\/images\/calendar.png\">15.09.2026 20:00 - 21:00<\/p>\t\r\n\t\t\t\t\t\t\t\t\t\t\t\t\t\t\t\t\t\t\t\t\t<p class=\"liquid_vc_single_text\">Periphere Nervenverletzungen in der Praxis erkennen, verstehen und behandeln. Da sind viele Aspekte einzuordnen: Wie erkenne ich, dass ein Nerv mitbeteiligt ist? Welche Ma&szlig;nahmen soll ich in der ...<\/p>\r\n\t\t\t\t\t\t\t\t\t\t\t\t\t\t\t\t\t\t\t\t\t<p class=\"sempreis\">49 \u20ac<\/p>\r\n\t\t\t\t\t\t\t\t\t\t\t\t\t\t\t\t\t\t\t\t\t\t\t<p class=\"semmwst\"><\/p>\r\n\t\t\t\t\t\t\t\t\t\t\t\t\t\t\t\t\t\t\t\t\t\t\t\r\n\t\t\t\t\t\t\t\t\t<\/a>\r\n\t\t\t\t\t\t\t\t\t\r\n\t\t\t\t\t\t\t\t<\/figure>\r\n\t\t\t\t\t\t\t\t\r\n\t\t\t\t\t\t\t<\/div>\r\n\t\t\t\t\t\t\t\t\t\t\t\t\t\t\r\n\t\t\t\t\t\t<\/div>\r\n\t\t\t\t\t<\/div>\r\n\t\t\t\t<\/div>\r\n\t\t\t\t\t\t\t\t<div class=\"wpb_column vc_column_container vc_col-sm-2\">\r\n\t\t\t\t\t<div class=\"vc_column-inner \" >\r\n\t\t\t\t\t\t<div class=\"wpb_wrapper\" >\r\n\t\t\t\t\t\t\t<div class=\"wpb_single_image wpb_content_element vc_align_ liquid_vc_single_image\">\r\n\t\t\t\t\t\t\t\t\t\t\t\t\t\t\t\t\t<div class=\"sem_overlay\" ><a href=\"#4637ce87-7921-4d0b-bda0-7eb8ab5a90db\" class=\"btn btn-solid btn-xsm round border-thin btn-has-label nichtdabutton\">8 Tage nach Ablauf des<br>Vorg\u00e4ngers buchbar<\/a><\/div>\r\n\t\t\t\t\t\t\t\t\t\t\t\t\t\t\t\t\t<figure class=\"wpb_wrapper vc_figure\">\r\n\t\t\t\t\t\t\t\t\t<a href=\"online.therapie.ergowebinar.de\/de\/e\/Prae-Rehabilitation-obere-Extremitaet-2FP-324?\r\n\t\t\t\t\t\t\t\t\t\" title=\"Sie sehen eine Gliederfigur mit ausgestrecktem abwehrenden Arm als Symbol zum Webseminar zur vorbereitentenden Therapie in der Ergotherapie vor elektiven Eingriffen an der oberen Extremit\u00e4t in Orthop\u00e4die, Handttherapie, Neurologie in Klinik + Praxis\" target=\"_blank\">\r\n\t\t\t\t\t\t\t\t\t\t<img decoding=\"async\" width=\"475\" src=\"https:\/\/www.ergowebinar.de\/intern\/parsed_images\/8ec4ecd4-61de-4162-ad0f-478a36f22c93.jpg\" class=\"vc_single_image-img attachment-full\" alt=\"Sie sehen eine Gliederfigur mit ausgestrecktem abwehrenden Arm als Symbol zum Webseminar zur vorbereitentenden Therapie in der Ergotherapie vor elektiven Eingriffen an der oberen Extremit\u00e4t in Orthop\u00e4die, Handttherapie, Neurologie in Klinik + Praxis\" title=\"Sie sehen eine Gliederfigur mit ausgestrecktem abwehrenden Arm als Symbol zum Webseminar zur vorbereitentenden Therapie in der Ergotherapie vor elektiven Eingriffen an der oberen Extremit\u00e4t in Orthop\u00e4die, Handttherapie, Neurologie in Klinik + Praxis\" srcset=\"https:\/\/www.ergowebinar.de\/intern\/parsed_images\/8ec4ecd4-61de-4162-ad0f-478a36f22c93.jpg 475w, https:\/\/www.ergowebinar.de\/intern\/parsed_images\/8ec4ecd4-61de-4162-ad0f-478a36f22c93.jpg 275w\" sizes=\"(max-width: 475px) 100vw, 475px\" itemprop=\"image\" \/>\r\n\t\t\t\t\t\t\t\t\t\t<h6>Pr\u00e4-Rehabilitation - obere Extremit\u00e4t [2FP]<\/h6>\r\n\t\t\t\t\t\t\t\t\t\t\t\t\t\t\t\t\t\t\t\t\t<p class=\"calendarline\"><img decoding=\"async\" class=\"calendar_icon\" src=\"https:\/\/www.ergowebinar.de\/intern\/images\/calendar.png\">16.09.2026 18:00 - 19:00<\/p>\t\r\n\t\t\t\t\t\t\t\t\t\t\t\t\t\t\t\t\t\t\t\t\t<p class=\"liquid_vc_single_text\">\r\nMeist beginnt die Behandlungsserie nach der Nahtentfernung, doch in letzter Zeit gewinnen Interventionen vor dem eigentlichen Operationstermin mehr und mehr an Popularit&auml;t. Wie man Betroffene schon ...<\/p>\r\n\t\t\t\t\t\t\t\t\t\t\t\t\t\t\t\t\t\t\t\t\t<p class=\"sempreis\">49 \u20ac<\/p>\r\n\t\t\t\t\t\t\t\t\t\t\t\t\t\t\t\t\t\t\t\t\t\t\t<p class=\"semmwst\"><\/p>\r\n\t\t\t\t\t\t\t\t\t\t\t\t\t\t\t\t\t\t\t\t\t\t\t\r\n\t\t\t\t\t\t\t\t\t<\/a>\r\n\t\t\t\t\t\t\t\t\t\r\n\t\t\t\t\t\t\t\t<\/figure>\r\n\t\t\t\t\t\t\t\t\r\n\t\t\t\t\t\t\t<\/div>\r\n\t\t\t\t\t\t\t\t\t\t\t\t\t\t\r\n\t\t\t\t\t\t<\/div>\r\n\t\t\t\t\t<\/div>\r\n\t\t\t\t<\/div>\r\n\t\t\t\t\t\t\t\t<div class=\"wpb_column vc_column_container vc_col-sm-2\">\r\n\t\t\t\t\t<div class=\"vc_column-inner \" >\r\n\t\t\t\t\t\t<div class=\"wpb_wrapper\" >\r\n\t\t\t\t\t\t\t<div class=\"wpb_single_image wpb_content_element vc_align_ liquid_vc_single_image\">\r\n\t\t\t\t\t\t\t\t\t\t\t\t\t\t\t\t\t<div class=\"sem_overlay\" ><a href=\"#4637ce87-7921-4d0b-bda0-7eb8ab5a90db\" class=\"btn btn-solid btn-xsm round border-thin btn-has-label nichtdabutton\">8 Tage nach Ablauf des<br>Vorg\u00e4ngers buchbar<\/a><\/div>\r\n\t\t\t\t\t\t\t\t\t\t\t\t\t\t\t\t\t<figure class=\"wpb_wrapper vc_figure\">\r\n\t\t\t\t\t\t\t\t\t<a href=\"online.therapie.ergowebinar.de\/de\/e\/Prae-Rehabilitation-untere-Extremitaet-2FP-325?\r\n\t\t\t\t\t\t\t\t\t\" title=\"Sie sehen eine Hand am Griff einer Unterarmgehst\u00fctze als Symbol zum Webseminar zur vorbereitentenden Therapie in der Ergotherapie vor elektiven Eingriffen an der unteren Extremit\u00e4t in Orthop\u00e4die, Handttherapie, Neurologie in Klinik + Praxis\" target=\"_blank\">\r\n\t\t\t\t\t\t\t\t\t\t<img decoding=\"async\" width=\"475\" src=\"https:\/\/www.ergowebinar.de\/intern\/parsed_images\/8ec4ecd4-61de-4162-ad0f-488a36f22c93.jpg\" class=\"vc_single_image-img attachment-full\" alt=\"Sie sehen eine Hand am Griff einer Unterarmgehst\u00fctze als Symbol zum Webseminar zur vorbereitentenden Therapie in der Ergotherapie vor elektiven Eingriffen an der unteren Extremit\u00e4t in Orthop\u00e4die, Handttherapie, Neurologie in Klinik + Praxis\" title=\"Sie sehen eine Hand am Griff einer Unterarmgehst\u00fctze als Symbol zum Webseminar zur vorbereitentenden Therapie in der Ergotherapie vor elektiven Eingriffen an der unteren Extremit\u00e4t in Orthop\u00e4die, Handttherapie, Neurologie in Klinik + Praxis\" srcset=\"https:\/\/www.ergowebinar.de\/intern\/parsed_images\/8ec4ecd4-61de-4162-ad0f-488a36f22c93.jpg 475w, https:\/\/www.ergowebinar.de\/intern\/parsed_images\/8ec4ecd4-61de-4162-ad0f-488a36f22c93.jpg 275w\" sizes=\"(max-width: 475px) 100vw, 475px\" itemprop=\"image\" \/>\r\n\t\t\t\t\t\t\t\t\t\t<h6>Pr\u00e4-Rehabilitation - untere Extremit\u00e4t [2FP]<\/h6>\r\n\t\t\t\t\t\t\t\t\t\t\t\t\t\t\t\t\t\t\t\t\t<p class=\"calendarline\"><img decoding=\"async\" class=\"calendar_icon\" src=\"https:\/\/www.ergowebinar.de\/intern\/images\/calendar.png\">16.09.2026 19:30 - 20:30<\/p>\t\r\n\t\t\t\t\t\t\t\t\t\t\t\t\t\t\t\t\t\t\t\t\t<p class=\"liquid_vc_single_text\">\r\n\r\nErgotherapeut:innen k&ouml;nnen schon im Vorfeld von Operationen im Bereich der unteren Extremit&auml;t einen wertvollen Beitrag durch Klientenedukation leisten. Sie unterst&uuml;tzen durch diverse ...<\/p>\r\n\t\t\t\t\t\t\t\t\t\t\t\t\t\t\t\t\t\t\t\t\t<p class=\"sempreis\">49 \u20ac<\/p>\r\n\t\t\t\t\t\t\t\t\t\t\t\t\t\t\t\t\t\t\t\t\t\t\t<p class=\"semmwst\"><\/p>\r\n\t\t\t\t\t\t\t\t\t\t\t\t\t\t\t\t\t\t\t\t\t\t\t\r\n\t\t\t\t\t\t\t\t\t<\/a>\r\n\t\t\t\t\t\t\t\t\t\r\n\t\t\t\t\t\t\t\t<\/figure>\r\n\t\t\t\t\t\t\t\t\r\n\t\t\t\t\t\t\t<\/div>\r\n\t\t\t\t\t\t\t\t\t\t\t\t\t\t\r\n\t\t\t\t\t\t<\/div>\r\n\t\t\t\t\t<\/div>\r\n\t\t\t\t<\/div>\r\n\t\t\t\t\t\t\t\t<div class=\"wpb_column vc_column_container vc_col-sm-2\">\r\n\t\t\t\t\t<div class=\"vc_column-inner \" >\r\n\t\t\t\t\t\t<div class=\"wpb_wrapper\" >\r\n\t\t\t\t\t\t\t<div class=\"wpb_single_image wpb_content_element vc_align_ liquid_vc_single_image\">\r\n\t\t\t\t\t\t\t\t\t\t\t\t\t\t\t\t\t<div class=\"sem_overlay\" ><a href=\"https:\/\/online.therapie.ergowebinar.de\/de\/e\/Kognition-die-Aufmerksamkeit-staerken-2FP-75?\r\n\t\t\t\t\t\t\t\t\t\" class=\"btn btn-solid btn-xsm round border-thin btn-has-label jetztstartenbutton\">klicken f\u00fcr Details<\/a><\/div>\r\n\t\t\t\t\t\t\t\t\t\t\t\t\t\t\t\t\t<figure class=\"wpb_wrapper vc_figure\">\r\n\t\t\t\t\t\t\t\t\t<a href=\"online.therapie.ergowebinar.de\/de\/e\/Kognition-die-Aufmerksamkeit-staerken-2FP-75?\r\n\t\t\t\t\t\t\t\t\t\" title=\"Sie sehen viele Kabelverbindungen , die in ein Steckerbord gesteckt sind, als Assoziation zum Webseminar f\u00fcr Ergotherapie + Physiotherapie in der Rehabilitation von Schlaganfall + Apoplex + Kognitiven Einschr\u00e4nkungen in Klinik + Praxis\" target=\"_blank\">\r\n\t\t\t\t\t\t\t\t\t\t<img decoding=\"async\" width=\"475\" src=\"https:\/\/www.ergowebinar.de\/intern\/parsed_images\/3da44787-401f-4eb9-9810-00831b261676.jpg\" class=\"vc_single_image-img attachment-full\" alt=\"Sie sehen viele Kabelverbindungen , die in ein Steckerbord gesteckt sind, als Assoziation zum Webseminar f\u00fcr Ergotherapie + Physiotherapie in der Rehabilitation von Schlaganfall + Apoplex + Kognitiven Einschr\u00e4nkungen in Klinik + Praxis\" title=\"Sie sehen viele Kabelverbindungen , die in ein Steckerbord gesteckt sind, als Assoziation zum Webseminar f\u00fcr Ergotherapie + Physiotherapie in der Rehabilitation von Schlaganfall + Apoplex + Kognitiven Einschr\u00e4nkungen in Klinik + Praxis\" srcset=\"https:\/\/www.ergowebinar.de\/intern\/parsed_images\/3da44787-401f-4eb9-9810-00831b261676.jpg 475w, https:\/\/www.ergowebinar.de\/intern\/parsed_images\/3da44787-401f-4eb9-9810-00831b261676.jpg 275w\" sizes=\"(max-width: 475px) 100vw, 475px\" itemprop=\"image\" \/>\r\n\t\t\t\t\t\t\t\t\t\t<h6>Kognition \u2013 die Aufmerksamkeit st\u00e4rken [2FP]<\/h6>\r\n\t\t\t\t\t\t\t\t\t\t\t\t\t\t\t\t\t\t\t\t\t<p class=\"calendarline\"><img decoding=\"async\" class=\"calendar_icon\" src=\"https:\/\/www.ergowebinar.de\/intern\/images\/calendar.png\">21.09.2026 18:00 - 19:00<\/p>\t\r\n\t\t\t\t\t\t\t\t\t\t\t\t\t\t\t\t\t\t\t\t\t<p class=\"liquid_vc_single_text\">Die geteilte oder gerichtete Aufmerksamkeit ist nicht nur eine Basisleistung f&uuml;r effektives Handeln, sondern auch eine Grundlage f&uuml;r viele weitere kognitive Leistungen wie beispielsweise Ged&auml;chtnis. ...<\/p>\r\n\t\t\t\t\t\t\t\t\t\t\t\t\t\t\t\t\t\t\t\t\t<p class=\"sempreis\">49 \u20ac<\/p>\r\n\t\t\t\t\t\t\t\t\t\t\t\t\t\t\t\t\t\t\t\t\t\t\t<p class=\"semmwst\"><\/p>\r\n\t\t\t\t\t\t\t\t\t\t\t\t\t\t\t\t\t\t\t\t\t\t\t\r\n\t\t\t\t\t\t\t\t\t<\/a>\r\n\t\t\t\t\t\t\t\t\t\r\n\t\t\t\t\t\t\t\t<\/figure>\r\n\t\t\t\t\t\t\t\t\r\n\t\t\t\t\t\t\t<\/div>\r\n\t\t\t\t\t\t\t\t\t\t\t\t\t\t\r\n\t\t\t\t\t\t<\/div>\r\n\t\t\t\t\t<\/div>\r\n\t\t\t\t<\/div>\r\n\t\t\t\t\t\t\t\t<div class=\"wpb_column vc_column_container vc_col-sm-2\">\r\n\t\t\t\t\t<div class=\"vc_column-inner \" >\r\n\t\t\t\t\t\t<div class=\"wpb_wrapper\" >\r\n\t\t\t\t\t\t\t<div class=\"wpb_single_image wpb_content_element vc_align_ liquid_vc_single_image\">\r\n\t\t\t\t\t\t\t\t\t\t\t\t\t\t\t\t\t<div class=\"sem_overlay\" ><a href=\"#4637ce87-7921-4d0b-bda0-7eb8ab5a90db\" class=\"btn btn-solid btn-xsm round border-thin btn-has-label nichtdabutton\">8 Tage nach Ablauf des<br>Vorg\u00e4ngers buchbar<\/a><\/div>\r\n\t\t\t\t\t\t\t\t\t\t\t\t\t\t\t\t\t<figure class=\"wpb_wrapper vc_figure\">\r\n\t\t\t\t\t\t\t\t\t<a href=\"online.therapie.ergowebinar.de\/de\/e\/Fatigue-Denken-und-Planung-reorganisieren-2FP-292?\r\n\t\t\t\t\t\t\t\t\t\" title=\"Sie sehen zwei H\u00e4nde, die eine Toastscheibe \u00fcber einem Sandwich halten, als Assoziation zum Webseminar Fatigue - Denkplanung + Konzentration\r\n f\u00fcr Ergotherapie + Physiotherapie in der Rehabilitation von Long+Post Covid oder Schmerzen in Klinik + Praxis\" target=\"_blank\">\r\n\t\t\t\t\t\t\t\t\t\t<img decoding=\"async\" width=\"475\" src=\"https:\/\/www.ergowebinar.de\/intern\/parsed_images\/73923b4e-ca71-4b8e-9e0c-2f54ca00678cfdfsfsaf.jpg\" class=\"vc_single_image-img attachment-full\" alt=\"Sie sehen zwei H\u00e4nde, die eine Toastscheibe \u00fcber einem Sandwich halten, als Assoziation zum Webseminar Fatigue - Denkplanung + Konzentration\r\n f\u00fcr Ergotherapie + Physiotherapie in der Rehabilitation von Long+Post Covid oder Schmerzen in Klinik + Praxis\" title=\"Sie sehen zwei H\u00e4nde, die eine Toastscheibe \u00fcber einem Sandwich halten, als Assoziation zum Webseminar Fatigue - Denkplanung + Konzentration\r\n f\u00fcr Ergotherapie + Physiotherapie in der Rehabilitation von Long+Post Covid oder Schmerzen in Klinik + Praxis\" srcset=\"https:\/\/www.ergowebinar.de\/intern\/parsed_images\/73923b4e-ca71-4b8e-9e0c-2f54ca00678cfdfsfsaf.jpg 475w, https:\/\/www.ergowebinar.de\/intern\/parsed_images\/73923b4e-ca71-4b8e-9e0c-2f54ca00678cfdfsfsaf.jpg 275w\" sizes=\"(max-width: 475px) 100vw, 475px\" itemprop=\"image\" \/>\r\n\t\t\t\t\t\t\t\t\t\t<h6>Fatigue - Denken und Planung reorganisieren [2FP]<\/h6>\r\n\t\t\t\t\t\t\t\t\t\t\t\t\t\t\t\t\t\t\t\t\t<p class=\"calendarline\"><img decoding=\"async\" class=\"calendar_icon\" src=\"https:\/\/www.ergowebinar.de\/intern\/images\/calendar.png\">21.09.2026 18:30 - 19:30<\/p>\t\r\n\t\t\t\t\t\t\t\t\t\t\t\t\t\t\t\t\t\t\t\t\t<p class=\"liquid_vc_single_text\">\r\nDer Denk- und Planungsanteil in Aktivit&auml;ten stellt viele Menschen mit Fatigue vor gro&szlig;e Herausforderungen. Durch eine angepasste oder optimierte Vorgehensweise bei gewohnten Aktivit&auml;ten ...<\/p>\r\n\t\t\t\t\t\t\t\t\t\t\t\t\t\t\t\t\t\t\t\t\t<p class=\"sempreis\">49 \u20ac<\/p>\r\n\t\t\t\t\t\t\t\t\t\t\t\t\t\t\t\t\t\t\t\t\t\t\t<p class=\"semmwst\"><\/p>\r\n\t\t\t\t\t\t\t\t\t\t\t\t\t\t\t\t\t\t\t\t\t\t\t\r\n\t\t\t\t\t\t\t\t\t<\/a>\r\n\t\t\t\t\t\t\t\t\t\r\n\t\t\t\t\t\t\t\t<\/figure>\r\n\t\t\t\t\t\t\t\t\r\n\t\t\t\t\t\t\t<\/div>\r\n\t\t\t\t\t\t\t\t\t\t\t\t\t\t\r\n\t\t\t\t\t\t<\/div>\r\n\t\t\t\t\t<\/div>\r\n\t\t\t\t<\/div>\r\n\t\t\t\t\t\t\t\t<div class=\"wpb_column vc_column_container vc_col-sm-2\">\r\n\t\t\t\t\t<div class=\"vc_column-inner \" >\r\n\t\t\t\t\t\t<div class=\"wpb_wrapper\" >\r\n\t\t\t\t\t\t\t<div class=\"wpb_single_image wpb_content_element vc_align_ liquid_vc_single_image\">\r\n\t\t\t\t\t\t\t\t\t\t\t\t\t\t\t\t\t<div class=\"sem_overlay\" ><a href=\"https:\/\/online.therapie.ergowebinar.de\/de\/e\/Fatigue-Erfolgreiches-Pausenmanagement-implementieren-2FP-150?\r\n\t\t\t\t\t\t\t\t\t\" class=\"btn btn-solid btn-xsm round border-thin btn-has-label jetztstartenbutton\">klicken f\u00fcr Details<\/a><\/div>\r\n\t\t\t\t\t\t\t\t\t\t\t\t\t\t\t\t\t<figure class=\"wpb_wrapper vc_figure\">\r\n\t\t\t\t\t\t\t\t\t<a href=\"online.therapie.ergowebinar.de\/de\/e\/Fatigue-Erfolgreiches-Pausenmanagement-implementieren-2FP-150?\r\n\t\t\t\t\t\t\t\t\t\" title=\"Sie sehen eine Person ausgestreckt auf einer Wiese liegen als Assoziation zum Webseminar \u00fcber Pausenmanagement in der Ergotherapie + Physiotherapie in der Rehabilitation von Schlaganfall + Neuroreha + Post+ LongCovid + Schmerreha in Klinik + Praxis\" target=\"_blank\">\r\n\t\t\t\t\t\t\t\t\t\t<img decoding=\"async\" width=\"475\" src=\"https:\/\/www.ergowebinar.de\/intern\/parsed_images\/05ef0b3a-5767-4f1c-9895-f48421d720d9.jpg\" class=\"vc_single_image-img attachment-full\" alt=\"Sie sehen eine Person ausgestreckt auf einer Wiese liegen als Assoziation zum Webseminar \u00fcber Pausenmanagement in der Ergotherapie + Physiotherapie in der Rehabilitation von Schlaganfall + Neuroreha + Post+ LongCovid + Schmerreha in Klinik + Praxis\" title=\"Sie sehen eine Person ausgestreckt auf einer Wiese liegen als Assoziation zum Webseminar \u00fcber Pausenmanagement in der Ergotherapie + Physiotherapie in der Rehabilitation von Schlaganfall + Neuroreha + Post+ LongCovid + Schmerreha in Klinik + Praxis\" srcset=\"https:\/\/www.ergowebinar.de\/intern\/parsed_images\/05ef0b3a-5767-4f1c-9895-f48421d720d9.jpg 475w, https:\/\/www.ergowebinar.de\/intern\/parsed_images\/05ef0b3a-5767-4f1c-9895-f48421d720d9.jpg 275w\" sizes=\"(max-width: 475px) 100vw, 475px\" itemprop=\"image\" \/>\r\n\t\t\t\t\t\t\t\t\t\t<h6>Fatigue \u2013 Erfolgreiches Pausenmanagement implementieren [2FP]<\/h6>\r\n\t\t\t\t\t\t\t\t\t\t\t\t\t\t\t\t\t\t\t\t\t<p class=\"calendarline\"><img decoding=\"async\" class=\"calendar_icon\" src=\"https:\/\/www.ergowebinar.de\/intern\/images\/calendar.png\">28.09.2026 18:30 - 19:30<\/p>\t\r\n\t\t\t\t\t\t\t\t\t\t\t\t\t\t\t\t\t\t\t\t\t<p class=\"liquid_vc_single_text\">Der gezielte Einsatz von Pausen ist ein wichtiges \"Werkzeug\" f&uuml;r Menschen, die chronisch von dem Symptom Fatigue betroffen sind. Strategien &nbsp;werden in der Ergotherapie gemeinsam &nbsp;mit dem ...<\/p>\r\n\t\t\t\t\t\t\t\t\t\t\t\t\t\t\t\t\t\t\t\t\t<p class=\"sempreis\">49 \u20ac<\/p>\r\n\t\t\t\t\t\t\t\t\t\t\t\t\t\t\t\t\t\t\t\t\t\t\t<p class=\"semmwst\"><\/p>\r\n\t\t\t\t\t\t\t\t\t\t\t\t\t\t\t\t\t\t\t\t\t\t\t\r\n\t\t\t\t\t\t\t\t\t<\/a>\r\n\t\t\t\t\t\t\t\t\t\r\n\t\t\t\t\t\t\t\t<\/figure>\r\n\t\t\t\t\t\t\t\t\r\n\t\t\t\t\t\t\t<\/div>\r\n\t\t\t\t\t\t\t\t\t\t\t\t\t\t\r\n\t\t\t\t\t\t<\/div>\r\n\t\t\t\t\t<\/div>\r\n\t\t\t\t<\/div>\r\n\t\t\t\t\t\t\t\t<div class=\"wpb_column vc_column_container vc_col-sm-2\">\r\n\t\t\t\t\t<div class=\"vc_column-inner \" >\r\n\t\t\t\t\t\t<div class=\"wpb_wrapper\" >\r\n\t\t\t\t\t\t\t<div class=\"wpb_single_image wpb_content_element vc_align_ liquid_vc_single_image\">\r\n\t\t\t\t\t\t\t\t\t\t\t\t\t\t\t\t\t<div class=\"sem_overlay\" ><a href=\"https:\/\/online.therapie.ergowebinar.de\/de\/e\/Multifaktorielle-Sturzpraevention-fuer-Personen-mit-hohem-Sturzrisiko-Update-2FP-69?\r\n\t\t\t\t\t\t\t\t\t\" class=\"btn btn-solid btn-xsm round border-thin btn-has-label jetztstartenbutton\">klicken f\u00fcr Details<\/a><\/div>\r\n\t\t\t\t\t\t\t\t\t\t\t\t\t\t\t\t\t<figure class=\"wpb_wrapper vc_figure\">\r\n\t\t\t\t\t\t\t\t\t<a href=\"online.therapie.ergowebinar.de\/de\/e\/Multifaktorielle-Sturzpraevention-fuer-Personen-mit-hohem-Sturzrisiko-Update-2FP-69?\r\n\t\t\t\t\t\t\t\t\t\" title=\"Sie sehen fallende Dominosteine, die von einer Hand gebremst werden, als Assoziation zum Webseminar f\u00fcr Ergotherapie + Physiotherapie in der Sturzpr\u00e4vention im de NeuroReha, Orthop\u00e4die und Geriatrie in Klinik + Praxis\" target=\"_blank\">\r\n\t\t\t\t\t\t\t\t\t\t<img decoding=\"async\" width=\"475\" src=\"https:\/\/www.ergowebinar.de\/intern\/parsed_images\/69.png\" class=\"vc_single_image-img attachment-full\" alt=\"Sie sehen fallende Dominosteine, die von einer Hand gebremst werden, als Assoziation zum Webseminar f\u00fcr Ergotherapie + Physiotherapie in der Sturzpr\u00e4vention im de NeuroReha, Orthop\u00e4die und Geriatrie in Klinik + Praxis\" title=\"Sie sehen fallende Dominosteine, die von einer Hand gebremst werden, als Assoziation zum Webseminar f\u00fcr Ergotherapie + Physiotherapie in der Sturzpr\u00e4vention im de NeuroReha, Orthop\u00e4die und Geriatrie in Klinik + Praxis\" srcset=\"https:\/\/www.ergowebinar.de\/intern\/parsed_images\/69.png 475w, https:\/\/www.ergowebinar.de\/intern\/parsed_images\/69.png 275w\" sizes=\"(max-width: 475px) 100vw, 475px\" itemprop=\"image\" \/>\r\n\t\t\t\t\t\t\t\t\t\t<h6>Multifaktorielle Sturzpr\u00e4vention f\u00fcr Personen mit hohem Sturzrisiko - Update [2FP]<\/h6>\r\n\t\t\t\t\t\t\t\t\t\t\t\t\t\t\t\t\t\t\t\t\t<p class=\"calendarline\"><img decoding=\"async\" class=\"calendar_icon\" src=\"https:\/\/www.ergowebinar.de\/intern\/images\/calendar.png\">28.09.2026 19:45 - 20:45<\/p>\t\r\n\t\t\t\t\t\t\t\t\t\t\t\t\t\t\t\t\t\t\t\t\t<p class=\"liquid_vc_single_text\">Sturzpr&auml;ventionsma&szlig;nahmen gewinnen in unserer Gesellschaft immer mehr an Bedeutung. Bei Personen mit hohem Sturzrisiko sind neben einem k&ouml;rperlichen Training auch weitere Ma&szlig;nahmen ...<\/p>\r\n\t\t\t\t\t\t\t\t\t\t\t\t\t\t\t\t\t\t\t\t\t<p class=\"sempreis\">49 \u20ac<\/p>\r\n\t\t\t\t\t\t\t\t\t\t\t\t\t\t\t\t\t\t\t\t\t\t\t<p class=\"semmwst\"><\/p>\r\n\t\t\t\t\t\t\t\t\t\t\t\t\t\t\t\t\t\t\t\t\t\t\t\r\n\t\t\t\t\t\t\t\t\t<\/a>\r\n\t\t\t\t\t\t\t\t\t\r\n\t\t\t\t\t\t\t\t<\/figure>\r\n\t\t\t\t\t\t\t\t\r\n\t\t\t\t\t\t\t<\/div>\r\n\t\t\t\t\t\t\t\t\t\t\t\t\t\t\r\n\t\t\t\t\t\t<\/div>\r\n\t\t\t\t\t<\/div>\r\n\t\t\t\t<\/div>\r\n\t\t\t\t\t\t\t\t<div class=\"wpb_column vc_column_container vc_col-sm-2\">\r\n\t\t\t\t\t<div class=\"vc_column-inner \" >\r\n\t\t\t\t\t\t<div class=\"wpb_wrapper\" >\r\n\t\t\t\t\t\t\t<div class=\"wpb_single_image wpb_content_element vc_align_ liquid_vc_single_image\">\r\n\t\t\t\t\t\t\t\t\t\t\t\t\t\t\t\t\t<div class=\"sem_overlay\" ><a href=\"https:\/\/online.therapie.ergowebinar.de\/de\/e\/Neglect-Therapie-2-Basics-2-FP-189?\r\n\t\t\t\t\t\t\t\t\t\" class=\"btn btn-solid btn-xsm round border-thin btn-has-label jetztstartenbutton\">klicken f\u00fcr Details<\/a><\/div>\r\n\t\t\t\t\t\t\t\t\t\t\t\t\t\t\t\t\t<figure class=\"wpb_wrapper vc_figure\">\r\n\t\t\t\t\t\t\t\t\t<a href=\"online.therapie.ergowebinar.de\/de\/e\/Neglect-Therapie-2-Basics-2-FP-189?\r\n\t\t\t\t\t\t\t\t\t\" title=\"Sie sehen die Darstellung einer linken Gesichtsh\u00e4lfte; die andere H\u00e4lfte wird durch einen hellgraue halbtransparente Fl\u00e4che verdeckt, als Metapher zum Webinar f\u00fcr Ergotherapie + Physiotherapie in der Reha von Schlaganfall + Apoplex in Klinik + Praxis\" target=\"_blank\">\r\n\t\t\t\t\t\t\t\t\t\t<img decoding=\"async\" width=\"475\" src=\"https:\/\/www.ergowebinar.de\/intern\/parsed_images\/7005e4b0-06b4-405c-b889-edc43cb2a240.jpg\" class=\"vc_single_image-img attachment-full\" alt=\"Sie sehen die Darstellung einer linken Gesichtsh\u00e4lfte; die andere H\u00e4lfte wird durch einen hellgraue halbtransparente Fl\u00e4che verdeckt, als Metapher zum Webinar f\u00fcr Ergotherapie + Physiotherapie in der Reha von Schlaganfall + Apoplex in Klinik + Praxis\" title=\"Sie sehen die Darstellung einer linken Gesichtsh\u00e4lfte; die andere H\u00e4lfte wird durch einen hellgraue halbtransparente Fl\u00e4che verdeckt, als Metapher zum Webinar f\u00fcr Ergotherapie + Physiotherapie in der Reha von Schlaganfall + Apoplex in Klinik + Praxis\" srcset=\"https:\/\/www.ergowebinar.de\/intern\/parsed_images\/7005e4b0-06b4-405c-b889-edc43cb2a240.jpg 475w, https:\/\/www.ergowebinar.de\/intern\/parsed_images\/7005e4b0-06b4-405c-b889-edc43cb2a240.jpg 275w\" sizes=\"(max-width: 475px) 100vw, 475px\" itemprop=\"image\" \/>\r\n\t\t\t\t\t\t\t\t\t\t<h6>Neglect-Therapie 2 - Basics [2 FP]<\/h6>\r\n\t\t\t\t\t\t\t\t\t\t\t\t\t\t\t\t\t\t\t\t\t<p class=\"calendarline\"><img decoding=\"async\" class=\"calendar_icon\" src=\"https:\/\/www.ergowebinar.de\/intern\/images\/calendar.png\">29.09.2026 18:30 - 19:30<\/p>\t\r\n\t\t\t\t\t\t\t\t\t\t\t\t\t\t\t\t\t\t\t\t\t<p class=\"liquid_vc_single_text\">In der Phase \"beginnende Awareness\" steht die erfolgreiche Durchf&uuml;hrung\r\nvertrauter Alltagsaktivit&auml;ten durch den Betroffenen selbst im Vordergrund. F&uuml;r die\r\nergotherapeutische Praxis ist ...<\/p>\r\n\t\t\t\t\t\t\t\t\t\t\t\t\t\t\t\t\t\t\t\t\t<p class=\"sempreis\">49 \u20ac<\/p>\r\n\t\t\t\t\t\t\t\t\t\t\t\t\t\t\t\t\t\t\t\t\t\t\t<p class=\"semmwst\"><\/p>\r\n\t\t\t\t\t\t\t\t\t\t\t\t\t\t\t\t\t\t\t\t\t\t\t\r\n\t\t\t\t\t\t\t\t\t<\/a>\r\n\t\t\t\t\t\t\t\t\t\r\n\t\t\t\t\t\t\t\t<\/figure>\r\n\t\t\t\t\t\t\t\t\r\n\t\t\t\t\t\t\t<\/div>\r\n\t\t\t\t\t\t\t\t\t\t\t\t\t\t\r\n\t\t\t\t\t\t<\/div>\r\n\t\t\t\t\t<\/div>\r\n\t\t\t\t<\/div>\r\n\t\t\t\t\t\t\t\t<div class=\"wpb_column vc_column_container vc_col-sm-2\">\r\n\t\t\t\t\t<div class=\"vc_column-inner \" >\r\n\t\t\t\t\t\t<div class=\"wpb_wrapper\" >\r\n\t\t\t\t\t\t\t<div class=\"wpb_single_image wpb_content_element vc_align_ liquid_vc_single_image\">\r\n\t\t\t\t\t\t\t\t\t\t\t\t\t\t\t\t\t<div class=\"sem_overlay\" ><a href=\"https:\/\/online.therapie.ergowebinar.de\/de\/e\/Thoracic-Outlet-Syndrom-Basic-2-FP-151?\r\n\t\t\t\t\t\t\t\t\t\" class=\"btn btn-solid btn-xsm round border-thin btn-has-label jetztstartenbutton\">klicken f\u00fcr Details<\/a><\/div>\r\n\t\t\t\t\t\t\t\t\t\t\t\t\t\t\t\t\t<figure class=\"wpb_wrapper vc_figure\">\r\n\t\t\t\t\t\t\t\t\t<a href=\"online.therapie.ergowebinar.de\/de\/e\/Thoracic-Outlet-Syndrom-Basic-2-FP-151?\r\n\t\t\t\t\t\t\t\t\t\" title=\"Sie sehen einen Therapeuten, der einen Unterarm behandelt als Assoziation zum Webseminar zu Basiswissen zum Einklemmungssyndrom im Schulter-Schl\u00fcsselbeibereich f\u00fcr Ergotherapie + Physiotherapie in der Neurologie und Orthop\u00e4die in Klinik + Praxis\" target=\"_blank\">\r\n\t\t\t\t\t\t\t\t\t\t<img decoding=\"async\" width=\"475\" src=\"https:\/\/www.ergowebinar.de\/intern\/parsed_images\/5ddfbb1d-e79b-47be-bc87-6d50cc9e5878.jpg\" class=\"vc_single_image-img attachment-full\" alt=\"Sie sehen einen Therapeuten, der einen Unterarm behandelt als Assoziation zum Webseminar zu Basiswissen zum Einklemmungssyndrom im Schulter-Schl\u00fcsselbeibereich f\u00fcr Ergotherapie + Physiotherapie in der Neurologie und Orthop\u00e4die in Klinik + Praxis\" title=\"Sie sehen einen Therapeuten, der einen Unterarm behandelt als Assoziation zum Webseminar zu Basiswissen zum Einklemmungssyndrom im Schulter-Schl\u00fcsselbeibereich f\u00fcr Ergotherapie + Physiotherapie in der Neurologie und Orthop\u00e4die in Klinik + Praxis\" srcset=\"https:\/\/www.ergowebinar.de\/intern\/parsed_images\/5ddfbb1d-e79b-47be-bc87-6d50cc9e5878.jpg 475w, https:\/\/www.ergowebinar.de\/intern\/parsed_images\/5ddfbb1d-e79b-47be-bc87-6d50cc9e5878.jpg 275w\" sizes=\"(max-width: 475px) 100vw, 475px\" itemprop=\"image\" \/>\r\n\t\t\t\t\t\t\t\t\t\t<h6>Thoracic-Outlet-Syndrom - Basic [2 FP]<\/h6>\r\n\t\t\t\t\t\t\t\t\t\t\t\t\t\t\t\t\t\t\t\t\t<p class=\"calendarline\"><img decoding=\"async\" class=\"calendar_icon\" src=\"https:\/\/www.ergowebinar.de\/intern\/images\/calendar.png\">29.09.2026 19:30 - 20:30<\/p>\t\r\n\t\t\t\t\t\t\t\t\t\t\t\t\t\t\t\t\t\t\t\t\t<p class=\"liquid_vc_single_text\">Unter dem Begriff Thoracic-Outlet-Syndrom werden verschiedene neurovaskul&auml;re Kompressionssyndrome im Bereich des Halses und des oberen Brustbereichs zusammengefasst. Hier gibt es Edukationsbausteine ...<\/p>\r\n\t\t\t\t\t\t\t\t\t\t\t\t\t\t\t\t\t\t\t\t\t<p class=\"sempreis\">49 \u20ac<\/p>\r\n\t\t\t\t\t\t\t\t\t\t\t\t\t\t\t\t\t\t\t\t\t\t\t<p class=\"semmwst\"><\/p>\r\n\t\t\t\t\t\t\t\t\t\t\t\t\t\t\t\t\t\t\t\t\t\t\t\r\n\t\t\t\t\t\t\t\t\t<\/a>\r\n\t\t\t\t\t\t\t\t\t\r\n\t\t\t\t\t\t\t\t<\/figure>\r\n\t\t\t\t\t\t\t\t\r\n\t\t\t\t\t\t\t<\/div>\r\n\t\t\t\t\t\t\t\t\t\t\t\t\t\t\r\n\t\t\t\t\t\t<\/div>\r\n\t\t\t\t\t<\/div>\r\n\t\t\t\t<\/div>\r\n\t\t\t\t\t\t\t\t<div class=\"wpb_column vc_column_container vc_col-sm-2\">\r\n\t\t\t\t\t<div class=\"vc_column-inner \" >\r\n\t\t\t\t\t\t<div class=\"wpb_wrapper\" >\r\n\t\t\t\t\t\t\t<div class=\"wpb_single_image wpb_content_element vc_align_ liquid_vc_single_image\">\r\n\t\t\t\t\t\t\t\t\t\t\t\t\t\t\t\t\t<div class=\"sem_overlay\" ><a href=\"https:\/\/online.therapie.ergowebinar.de\/de\/e\/Statische-Reichbewegung-des-Armes-in-der-Neuroreha-2-FP-197?\r\n\t\t\t\t\t\t\t\t\t\" class=\"btn btn-solid btn-xsm round border-thin btn-has-label jetztstartenbutton\">klicken f\u00fcr Details<\/a><\/div>\r\n\t\t\t\t\t\t\t\t\t\t\t\t\t\t\t\t\t<figure class=\"wpb_wrapper vc_figure\">\r\n\t\t\t\t\t\t\t\t\t<a href=\"online.therapie.ergowebinar.de\/de\/e\/Statische-Reichbewegung-des-Armes-in-der-Neuroreha-2-FP-197?\r\n\t\t\t\t\t\t\t\t\t\" title=\"Sie sehen einen Mann eine lange Aussentreppe heruntergehen, w\u00e4hrend er mit seiner linken Hand in die Innentasche seines Jackets greift, als Metapher zum Webinar f\u00fcr Ergotherapie + Physiotherapie in der Reha von Schlaganfall + Apoplex in Klinik + Praxis\" target=\"_blank\">\r\n\t\t\t\t\t\t\t\t\t\t<img decoding=\"async\" width=\"475\" src=\"https:\/\/www.ergowebinar.de\/intern\/parsed_images\/197.jpg\" class=\"vc_single_image-img attachment-full\" alt=\"Sie sehen einen Mann eine lange Aussentreppe heruntergehen, w\u00e4hrend er mit seiner linken Hand in die Innentasche seines Jackets greift, als Metapher zum Webinar f\u00fcr Ergotherapie + Physiotherapie in der Reha von Schlaganfall + Apoplex in Klinik + Praxis\" title=\"Sie sehen einen Mann eine lange Aussentreppe heruntergehen, w\u00e4hrend er mit seiner linken Hand in die Innentasche seines Jackets greift, als Metapher zum Webinar f\u00fcr Ergotherapie + Physiotherapie in der Reha von Schlaganfall + Apoplex in Klinik + Praxis\" srcset=\"https:\/\/www.ergowebinar.de\/intern\/parsed_images\/197.jpg 475w, https:\/\/www.ergowebinar.de\/intern\/parsed_images\/197.jpg 275w\" sizes=\"(max-width: 475px) 100vw, 475px\" itemprop=\"image\" \/>\r\n\t\t\t\t\t\t\t\t\t\t<h6>Statische Reichbewegung des Armes in der Neuroreha [2 FP]<\/h6>\r\n\t\t\t\t\t\t\t\t\t\t\t\t\t\t\t\t\t\t\t\t\t<p class=\"calendarline\"><img decoding=\"async\" class=\"calendar_icon\" src=\"https:\/\/www.ergowebinar.de\/intern\/images\/calendar.png\">29.09.2026 20:00 - 21:00<\/p>\t\r\n\t\t\t\t\t\t\t\t\t\t\t\t\t\t\t\t\t\t\t\t\t<p class=\"liquid_vc_single_text\">Wenn der Arm bei einer Aufgabe an einer Stelle gehalten werden muss, geh&ouml;rt dies zu den anspruchsvollsten Aufgaben. Das Gewicht des Armes selbst und weiterer Kraftaufwand durch Gegenst&auml;nde in ...<\/p>\r\n\t\t\t\t\t\t\t\t\t\t\t\t\t\t\t\t\t\t\t\t\t<p class=\"sempreis\">49 \u20ac<\/p>\r\n\t\t\t\t\t\t\t\t\t\t\t\t\t\t\t\t\t\t\t\t\t\t\t<p class=\"semmwst\"><\/p>\r\n\t\t\t\t\t\t\t\t\t\t\t\t\t\t\t\t\t\t\t\t\t\t\t\r\n\t\t\t\t\t\t\t\t\t<\/a>\r\n\t\t\t\t\t\t\t\t\t\r\n\t\t\t\t\t\t\t\t<\/figure>\r\n\t\t\t\t\t\t\t\t\r\n\t\t\t\t\t\t\t<\/div>\r\n\t\t\t\t\t\t\t\t\t\t\t\t\t\t\r\n\t\t\t\t\t\t<\/div>\r\n\t\t\t\t\t<\/div>\r\n\t\t\t\t<\/div>\r\n\t\t\t\t\t\t\t\t<div class=\"wpb_column vc_column_container vc_col-sm-2\">\r\n\t\t\t\t\t<div class=\"vc_column-inner \" >\r\n\t\t\t\t\t\t<div class=\"wpb_wrapper\" >\r\n\t\t\t\t\t\t\t<div class=\"wpb_single_image wpb_content_element vc_align_ liquid_vc_single_image\">\r\n\t\t\t\t\t\t\t\t\t\t\t\t\t\t\t\t\t<div class=\"sem_overlay\" ><a href=\"https:\/\/online.therapie.ergowebinar.de\/de\/e\/Der-N-Medianus-was-tun-wenn-der-Nerv-nervt-2FP-124?\r\n\t\t\t\t\t\t\t\t\t\" class=\"btn btn-solid btn-xsm round border-thin btn-has-label jetztstartenbutton\">klicken f\u00fcr Details<\/a><\/div>\r\n\t\t\t\t\t\t\t\t\t\t\t\t\t\t\t\t\t<figure class=\"wpb_wrapper vc_figure\">\r\n\t\t\t\t\t\t\t\t\t<a href=\"online.therapie.ergowebinar.de\/de\/e\/Der-N-Medianus-was-tun-wenn-der-Nerv-nervt-2FP-124?\r\n\t\t\t\t\t\t\t\t\t\" title=\"Sie sehen eine Hand, die M\u00fcnzen aus der Handfl\u00e4che nach vorn zu den Fingern schiebt, als Symbol zum Webseminar f\u00fcr Ergotherapie + Physiotherapie in der Rehabilitation von peripheren Nervenl\u00e4sionen in der Handreha des Nervus Medianus in Klinik + Praxis\" target=\"_blank\">\r\n\t\t\t\t\t\t\t\t\t\t<img decoding=\"async\" width=\"475\" src=\"https:\/\/www.ergowebinar.de\/intern\/parsed_images\/b9b7bdba-1e33-4100-bddc-e66d8b20af6a.jpg\" class=\"vc_single_image-img attachment-full\" alt=\"Sie sehen eine Hand, die M\u00fcnzen aus der Handfl\u00e4che nach vorn zu den Fingern schiebt, als Symbol zum Webseminar f\u00fcr Ergotherapie + Physiotherapie in der Rehabilitation von peripheren Nervenl\u00e4sionen in der Handreha des Nervus Medianus in Klinik + Praxis\" title=\"Sie sehen eine Hand, die M\u00fcnzen aus der Handfl\u00e4che nach vorn zu den Fingern schiebt, als Symbol zum Webseminar f\u00fcr Ergotherapie + Physiotherapie in der Rehabilitation von peripheren Nervenl\u00e4sionen in der Handreha des Nervus Medianus in Klinik + Praxis\" srcset=\"https:\/\/www.ergowebinar.de\/intern\/parsed_images\/b9b7bdba-1e33-4100-bddc-e66d8b20af6a.jpg 475w, https:\/\/www.ergowebinar.de\/intern\/parsed_images\/b9b7bdba-1e33-4100-bddc-e66d8b20af6a.jpg 275w\" sizes=\"(max-width: 475px) 100vw, 475px\" itemprop=\"image\" \/>\r\n\t\t\t\t\t\t\t\t\t\t<h6>Der N. Medianus  -was tun, wenn der Nerv nervt? [2FP]<\/h6>\r\n\t\t\t\t\t\t\t\t\t\t\t\t\t\t\t\t\t\t\t\t\t<p class=\"calendarline\"><img decoding=\"async\" class=\"calendar_icon\" src=\"https:\/\/www.ergowebinar.de\/intern\/images\/calendar.png\">29.09.2026 20:00 - 21:00<\/p>\t\r\n\t\t\t\t\t\t\t\t\t\t\t\t\t\t\t\t\t\t\t\t\t<p class=\"liquid_vc_single_text\">Kann eine Drucksch&auml;digung des Nervus Medianus konservativ behandelt werden? Wie sollte die Therapie aufgebaut werden? Welche Tipps und Tricks ben&ouml;tigt der Betroffene f&uuml;r seinen Alltag?\r\n&nbsp;\r\nDas ...<\/p>\r\n\t\t\t\t\t\t\t\t\t\t\t\t\t\t\t\t\t\t\t\t\t<p class=\"sempreis\">49 \u20ac<\/p>\r\n\t\t\t\t\t\t\t\t\t\t\t\t\t\t\t\t\t\t\t\t\t\t\t<p class=\"semmwst\"><\/p>\r\n\t\t\t\t\t\t\t\t\t\t\t\t\t\t\t\t\t\t\t\t\t\t\t\r\n\t\t\t\t\t\t\t\t\t<\/a>\r\n\t\t\t\t\t\t\t\t\t\r\n\t\t\t\t\t\t\t\t<\/figure>\r\n\t\t\t\t\t\t\t\t\r\n\t\t\t\t\t\t\t<\/div>\r\n\t\t\t\t\t\t\t\t\t\t\t\t\t\t\r\n\t\t\t\t\t\t<\/div>\r\n\t\t\t\t\t<\/div>\r\n\t\t\t\t<\/div>\r\n\t\t\t\t\t\t\t\t<div class=\"wpb_column vc_column_container vc_col-sm-2\">\r\n\t\t\t\t\t<div class=\"vc_column-inner \" >\r\n\t\t\t\t\t\t<div class=\"wpb_wrapper\" >\r\n\t\t\t\t\t\t\t<div class=\"wpb_single_image wpb_content_element vc_align_ liquid_vc_single_image\">\r\n\t\t\t\t\t\t\t\t\t\t\t\t\t\t\t\t\t<div class=\"sem_overlay\" ><a href=\"https:\/\/online.therapie.ergowebinar.de\/de\/e\/Neglect-und-Apraxie-therapeutische-Strategien-12-FP-229?\r\n\t\t\t\t\t\t\t\t\t\" class=\"btn btn-solid btn-xsm round border-thin btn-has-label jetztstartenbutton\">klicken f\u00fcr Details<\/a><\/div>\r\n\t\t\t\t\t\t\t\t\t\t\t\t\t\t\t\t\t<figure class=\"wpb_wrapper vc_figure\">\r\n\t\t\t\t\t\t\t\t\t<a href=\"online.therapie.ergowebinar.de\/de\/e\/Neglect-und-Apraxie-therapeutische-Strategien-12-FP-229?\r\n\t\t\t\t\t\t\t\t\t\" title=\"Sie sehen einen Teller mit Brot, Belag, Getr\u00e4nk, Serviette und Besteck auf einem Tisch; die linke H\u00e4lfte ist weniger gut sichtbar, als Assoziation zum Webinar f\u00fcr Ergotherapie + Physiotherapie in der Reha bei Schlaganfall + Apoplex in Klinik + Praxis\" target=\"_blank\">\r\n\t\t\t\t\t\t\t\t\t\t<img decoding=\"async\" width=\"475\" src=\"https:\/\/www.ergowebinar.de\/intern\/parsed_images\/0bb2b918-023a-4056-93fa-ab638f76b2a3.jpg\" class=\"vc_single_image-img attachment-full\" alt=\"Sie sehen einen Teller mit Brot, Belag, Getr\u00e4nk, Serviette und Besteck auf einem Tisch; die linke H\u00e4lfte ist weniger gut sichtbar, als Assoziation zum Webinar f\u00fcr Ergotherapie + Physiotherapie in der Reha bei Schlaganfall + Apoplex in Klinik + Praxis\" title=\"Sie sehen einen Teller mit Brot, Belag, Getr\u00e4nk, Serviette und Besteck auf einem Tisch; die linke H\u00e4lfte ist weniger gut sichtbar, als Assoziation zum Webinar f\u00fcr Ergotherapie + Physiotherapie in der Reha bei Schlaganfall + Apoplex in Klinik + Praxis\" srcset=\"https:\/\/www.ergowebinar.de\/intern\/parsed_images\/0bb2b918-023a-4056-93fa-ab638f76b2a3.jpg 475w, https:\/\/www.ergowebinar.de\/intern\/parsed_images\/0bb2b918-023a-4056-93fa-ab638f76b2a3.jpg 275w\" sizes=\"(max-width: 475px) 100vw, 475px\" itemprop=\"image\" \/>\r\n\t\t\t\t\t\t\t\t\t\t<h6>Neglect und Apraxie - therapeutische Strategien [12 FP]<\/h6>\r\n\t\t\t\t\t\t\t\t\t\t\t\t\t\t\t\t\t\t\t\t\t<p class=\"calendarline\"><img decoding=\"async\" class=\"calendar_icon\" src=\"https:\/\/www.ergowebinar.de\/intern\/images\/calendar.png\">01.10.2026 10:00 - 17:00<\/p>\t\r\n\t\t\t\t\t\t\t\t\t\t\t\t\t\t\t\t\t\t\t\t\t\t<p class=\"calendarline\"><img decoding=\"async\" class=\"calendar_icon\" src=\"https:\/\/www.ergowebinar.de\/intern\/images\/calendar.png\">02.10.2026 09:00 - 14:00<\/p>\t\r\n\t\t\t\t\t\t\t\t\t\t\t\t\t\t\t\t\t\t\t\t\t<p class=\"liquid_vc_single_text\">Diese speziellen Ph&auml;nomene finden sich h&auml;ufig parallel zu sensomotorischen Einschr&auml;nkungen nach erworbener Hirnverletzung. Sie beeinflussen die Bedingungen der k&ouml;rperbezogenen sensomotorischen ...<\/p>\r\n\t\t\t\t\t\t\t\t\t\t\t\t\t\t\t\t\t\t\t\t\t<p class=\"sempreis\">250 \u20ac<\/p>\r\n\t\t\t\t\t\t\t\t\t\t\t\t\t\t\t\t\t\t\t\t\t\t\t<p class=\"semmwst\"><\/p>\r\n\t\t\t\t\t\t\t\t\t\t\t\t\t\t\t\t\t\t\t\t\t\t\t\r\n\t\t\t\t\t\t\t\t\t<\/a>\r\n\t\t\t\t\t\t\t\t\t\r\n\t\t\t\t\t\t\t\t<\/figure>\r\n\t\t\t\t\t\t\t\t\r\n\t\t\t\t\t\t\t<\/div>\r\n\t\t\t\t\t\t\t\t\t\t\t\t\t\t\r\n\t\t\t\t\t\t<\/div>\r\n\t\t\t\t\t<\/div>\r\n\t\t\t\t<\/div>\r\n\t\t\t\t\t\t\t\t<div class=\"wpb_column vc_column_container vc_col-sm-2\">\r\n\t\t\t\t\t<div class=\"vc_column-inner \" >\r\n\t\t\t\t\t\t<div class=\"wpb_wrapper\" >\r\n\t\t\t\t\t\t\t<div class=\"wpb_single_image wpb_content_element vc_align_ liquid_vc_single_image\">\r\n\t\t\t\t\t\t\t\t\t\t\t\t\t\t\t\t\t<div class=\"sem_overlay\" ><a href=\"https:\/\/online.therapie.ergowebinar.de\/de\/e\/Repetition-PANAT-LAPTOOL-und-motorisches-Lernen-2FP-313?\r\n\t\t\t\t\t\t\t\t\t\" class=\"btn btn-solid btn-xsm round border-thin btn-has-label jetztstartenbutton\">klicken f\u00fcr Details<\/a><\/div>\r\n\t\t\t\t\t\t\t\t\t\t\t\t\t\t\t\t\t<figure class=\"wpb_wrapper vc_figure\">\r\n\t\t\t\t\t\t\t\t\t<a href=\"online.therapie.ergowebinar.de\/de\/e\/Repetition-PANAT-LAPTOOL-und-motorisches-Lernen-2FP-313?\r\n\t\t\t\t\t\t\t\t\t\" title=\"Sie sehen einige Werkzeuge des PANAT-Laptools als Assoziation zum Webseminar \u00fcber hochrepetitive Trainings bei Parese nach Apoplex f\u00fcr Ergotherapie + Physiotherapie in der Rehabilitation von Schlaganfall in der Neuroreha in Klinik + Praxis\" target=\"_blank\">\r\n\t\t\t\t\t\t\t\t\t\t<img decoding=\"async\" width=\"475\" src=\"https:\/\/www.ergowebinar.de\/intern\/parsed_images\/138953a0-81dd-4bf0-8225-bf3ed5a2c83b.jpg\" class=\"vc_single_image-img attachment-full\" alt=\"Sie sehen einige Werkzeuge des PANAT-Laptools als Assoziation zum Webseminar \u00fcber hochrepetitive Trainings bei Parese nach Apoplex f\u00fcr Ergotherapie + Physiotherapie in der Rehabilitation von Schlaganfall in der Neuroreha in Klinik + Praxis\" title=\"Sie sehen einige Werkzeuge des PANAT-Laptools als Assoziation zum Webseminar \u00fcber hochrepetitive Trainings bei Parese nach Apoplex f\u00fcr Ergotherapie + Physiotherapie in der Rehabilitation von Schlaganfall in der Neuroreha in Klinik + Praxis\" srcset=\"https:\/\/www.ergowebinar.de\/intern\/parsed_images\/138953a0-81dd-4bf0-8225-bf3ed5a2c83b.jpg 475w, https:\/\/www.ergowebinar.de\/intern\/parsed_images\/138953a0-81dd-4bf0-8225-bf3ed5a2c83b.jpg 275w\" sizes=\"(max-width: 475px) 100vw, 475px\" itemprop=\"image\" \/>\r\n\t\t\t\t\t\t\t\t\t\t<h6>Repetition - PANAT LAPTOOL\u00ae und motorisches Lernen [2FP]<\/h6>\r\n\t\t\t\t\t\t\t\t\t\t\t\t\t\t\t\t\t\t\t\t\t<p class=\"calendarline\"><img decoding=\"async\" class=\"calendar_icon\" src=\"https:\/\/www.ergowebinar.de\/intern\/images\/calendar.png\">01.10.2026 18:00 - 19:00<\/p>\t\r\n\t\t\t\t\t\t\t\t\t\t\t\t\t\t\t\t\t\t\t\t\t<p class=\"liquid_vc_single_text\">\r\n\r\nHohe Repetitionzahlen von Bewegungen sind evidenzbasiert die beste M&ouml;glichkeit, Alltagsbewegungen oder Teile davon zu trainieren. Auf diesem Weg lassen sich am effektivsten verbesserte neuronale ...<\/p>\r\n\t\t\t\t\t\t\t\t\t\t\t\t\t\t\t\t\t\t\t\t\t<p class=\"sempreis\">49 \u20ac<\/p>\r\n\t\t\t\t\t\t\t\t\t\t\t\t\t\t\t\t\t\t\t\t\t\t\t<p class=\"semmwst\"><\/p>\r\n\t\t\t\t\t\t\t\t\t\t\t\t\t\t\t\t\t\t\t\t\t\t\t\r\n\t\t\t\t\t\t\t\t\t<\/a>\r\n\t\t\t\t\t\t\t\t\t\r\n\t\t\t\t\t\t\t\t<\/figure>\r\n\t\t\t\t\t\t\t\t\r\n\t\t\t\t\t\t\t<\/div>\r\n\t\t\t\t\t\t\t\t\t\t\t\t\t\t\r\n\t\t\t\t\t\t<\/div>\r\n\t\t\t\t\t<\/div>\r\n\t\t\t\t<\/div>\r\n\t\t\t\t\t\t\t\t<div class=\"wpb_column vc_column_container vc_col-sm-2\">\r\n\t\t\t\t\t<div class=\"vc_column-inner \" >\r\n\t\t\t\t\t\t<div class=\"wpb_wrapper\" >\r\n\t\t\t\t\t\t\t<div class=\"wpb_single_image wpb_content_element vc_align_ liquid_vc_single_image\">\r\n\t\t\t\t\t\t\t\t\t\t\t\t\t\t\t\t\t<div class=\"sem_overlay\" ><a href=\"https:\/\/online.therapie.ergowebinar.de\/de\/e\/Hemiparese-Behandlung-der-oberen-Extremitaet-24-FP-227?\r\n\t\t\t\t\t\t\t\t\t\" class=\"btn btn-solid btn-xsm round border-thin btn-has-label jetztstartenbutton\">klicken f\u00fcr Details<\/a><\/div>\r\n\t\t\t\t\t\t\t\t\t\t\t\t\t\t\t\t\t<figure class=\"wpb_wrapper vc_figure\">\r\n\t\t\t\t\t\t\t\t\t<a href=\"online.therapie.ergowebinar.de\/de\/e\/Hemiparese-Behandlung-der-oberen-Extremitaet-24-FP-227?\r\n\t\t\t\t\t\t\t\t\t\" title=\"Sie sehen den Torso eines anatomischen Muskelmodells als Assoziation zum Webseminar f\u00fcr Ergotherapie + Physiotherapie in der neurologischen Rehabilitation bei Schlaganfall + Apoplex in Klinik + Praxis\" target=\"_blank\">\r\n\t\t\t\t\t\t\t\t\t\t<img decoding=\"async\" width=\"475\" src=\"https:\/\/www.ergowebinar.de\/intern\/parsed_images\/924e727e-4c8e-4657-8e09-49378500ca18.jpg\" class=\"vc_single_image-img attachment-full\" alt=\"Sie sehen den Torso eines anatomischen Muskelmodells als Assoziation zum Webseminar f\u00fcr Ergotherapie + Physiotherapie in der neurologischen Rehabilitation bei Schlaganfall + Apoplex in Klinik + Praxis\" title=\"Sie sehen den Torso eines anatomischen Muskelmodells als Assoziation zum Webseminar f\u00fcr Ergotherapie + Physiotherapie in der neurologischen Rehabilitation bei Schlaganfall + Apoplex in Klinik + Praxis\" srcset=\"https:\/\/www.ergowebinar.de\/intern\/parsed_images\/924e727e-4c8e-4657-8e09-49378500ca18.jpg 475w, https:\/\/www.ergowebinar.de\/intern\/parsed_images\/924e727e-4c8e-4657-8e09-49378500ca18.jpg 275w\" sizes=\"(max-width: 475px) 100vw, 475px\" itemprop=\"image\" \/>\r\n\t\t\t\t\t\t\t\t\t\t<h6>Hemiparese - Behandlung der oberen Extremit\u00e4t [24 FP]<\/h6>\r\n\t\t\t\t\t\t\t\t\t\t\t\t\t\t\t\t\t\t\t\t\t<p class=\"calendarline\"><img decoding=\"async\" class=\"calendar_icon\" src=\"https:\/\/www.ergowebinar.de\/intern\/images\/calendar.png\">03.10.2026 10:00 - 16:00<\/p>\t\r\n\t\t\t\t\t\t\t\t\t\t\t\t\t\t\t\t\t\t\t\t\t\t<p class=\"calendarline\"><img decoding=\"async\" class=\"calendar_icon\" src=\"https:\/\/www.ergowebinar.de\/intern\/images\/calendar.png\">04.10.2026 09:00 - 16:00<\/p>\t\r\n\t\t\t\t\t\t\t\t\t\t\t\t\t\t\t\t\t\t\t\t\t\t<p class=\"calendarline\"><img decoding=\"async\" class=\"calendar_icon\" src=\"https:\/\/www.ergowebinar.de\/intern\/images\/calendar.png\">05.10.2026 09:00 - 14:00<\/p>\t\r\n\t\t\t\t\t\t\t\t\t\t\t\t\t\t\t\t\t\t\t\t\t<p class=\"liquid_vc_single_text\">In Anlehnung an verschiedene therapeutische Verfahren - Ziel aller impairmentbezogener therapeutischer Interventionen ist eine der Aufgabe angepasste Bewegungsvorstellung und ein daf&uuml;r ad&auml;quater ...<\/p>\r\n\t\t\t\t\t\t\t\t\t\t\t\t\t\t\t\t\t\t\t\t\t<p class=\"sempreis\">350 \u20ac<\/p>\r\n\t\t\t\t\t\t\t\t\t\t\t\t\t\t\t\t\t\t\t\t\t\t\t<p class=\"semmwst\"><\/p>\r\n\t\t\t\t\t\t\t\t\t\t\t\t\t\t\t\t\t\t\t\t\t\t\t\r\n\t\t\t\t\t\t\t\t\t<\/a>\r\n\t\t\t\t\t\t\t\t\t\r\n\t\t\t\t\t\t\t\t<\/figure>\r\n\t\t\t\t\t\t\t\t\r\n\t\t\t\t\t\t\t<\/div>\r\n\t\t\t\t\t\t\t\t\t\t\t\t\t\t\r\n\t\t\t\t\t\t<\/div>\r\n\t\t\t\t\t<\/div>\r\n\t\t\t\t<\/div>\r\n\t\t\t\t\t\t\t\t<div class=\"wpb_column vc_column_container vc_col-sm-2\">\r\n\t\t\t\t\t<div class=\"vc_column-inner \" >\r\n\t\t\t\t\t\t<div class=\"wpb_wrapper\" >\r\n\t\t\t\t\t\t\t<div class=\"wpb_single_image wpb_content_element vc_align_ liquid_vc_single_image\">\r\n\t\t\t\t\t\t\t\t\t\t\t\t\t\t\t\t\t<div class=\"sem_overlay\" ><a href=\"https:\/\/online.therapie.ergowebinar.de\/de\/e\/Training-der-Feinmotorik-bei-erwachsenen-hirnverletzten-Menschen-12-FP-228?\r\n\t\t\t\t\t\t\t\t\t\" class=\"btn btn-solid btn-xsm round border-thin btn-has-label jetztstartenbutton\">klicken f\u00fcr Details<\/a><\/div>\r\n\t\t\t\t\t\t\t\t\t\t\t\t\t\t\t\t\t<figure class=\"wpb_wrapper vc_figure\">\r\n\t\t\t\t\t\t\t\t\t<a href=\"online.therapie.ergowebinar.de\/de\/e\/Training-der-Feinmotorik-bei-erwachsenen-hirnverletzten-Menschen-12-FP-228?\r\n\t\t\t\t\t\t\t\t\t\" title=\"Sie sehen wie ein Finger in feine W\u00fcrfel geschnittene Zwiebel vom Messer in ein Glas schiebt, als Assoziation zum Webseminar f\u00fcr Ergotherapie + Physiotherapie in der neurologischen Rehabilitation bei Schlaganfall + Apoplex in Klinik + Praxis\" target=\"_blank\">\r\n\t\t\t\t\t\t\t\t\t\t<img decoding=\"async\" width=\"475\" src=\"https:\/\/www.ergowebinar.de\/intern\/parsed_images\/eaedb7fb-6e07-41d9-b0e0-9444b03ecc17.jpg\" class=\"vc_single_image-img attachment-full\" alt=\"Sie sehen wie ein Finger in feine W\u00fcrfel geschnittene Zwiebel vom Messer in ein Glas schiebt, als Assoziation zum Webseminar f\u00fcr Ergotherapie + Physiotherapie in der neurologischen Rehabilitation bei Schlaganfall + Apoplex in Klinik + Praxis\" title=\"Sie sehen wie ein Finger in feine W\u00fcrfel geschnittene Zwiebel vom Messer in ein Glas schiebt, als Assoziation zum Webseminar f\u00fcr Ergotherapie + Physiotherapie in der neurologischen Rehabilitation bei Schlaganfall + Apoplex in Klinik + Praxis\" srcset=\"https:\/\/www.ergowebinar.de\/intern\/parsed_images\/eaedb7fb-6e07-41d9-b0e0-9444b03ecc17.jpg 475w, https:\/\/www.ergowebinar.de\/intern\/parsed_images\/eaedb7fb-6e07-41d9-b0e0-9444b03ecc17.jpg 275w\" sizes=\"(max-width: 475px) 100vw, 475px\" itemprop=\"image\" \/>\r\n\t\t\t\t\t\t\t\t\t\t<h6>Training der Feinmotorik bei erwachsenen hirnverletzten Menschen [12 FP]<\/h6>\r\n\t\t\t\t\t\t\t\t\t\t\t\t\t\t\t\t\t\t\t\t\t<p class=\"calendarline\"><img decoding=\"async\" class=\"calendar_icon\" src=\"https:\/\/www.ergowebinar.de\/intern\/images\/calendar.png\">06.10.2026 10:00 - 16:00<\/p>\t\r\n\t\t\t\t\t\t\t\t\t\t\t\t\t\t\t\t\t\t\t\t\t\t<p class=\"calendarline\"><img decoding=\"async\" class=\"calendar_icon\" src=\"https:\/\/www.ergowebinar.de\/intern\/images\/calendar.png\">07.10.2026 09:00 - 13:00<\/p>\t\r\n\t\t\t\t\t\t\t\t\t\t\t\t\t\t\t\t\t\t\t\t\t<p class=\"liquid_vc_single_text\">Das Training hochautomatisierter Handmotorik setzt bei den Betroffenen voraus, dass sie bereits erste Handgriffe im Prinzip beherrschen, diese jedoch f&uuml;r einen unkomplizierten und beil&auml;ufigen ...<\/p>\r\n\t\t\t\t\t\t\t\t\t\t\t\t\t\t\t\t\t\t\t\t\t<p class=\"sempreis\">250 \u20ac<\/p>\r\n\t\t\t\t\t\t\t\t\t\t\t\t\t\t\t\t\t\t\t\t\t\t\t<p class=\"semmwst\"><\/p>\r\n\t\t\t\t\t\t\t\t\t\t\t\t\t\t\t\t\t\t\t\t\t\t\t\r\n\t\t\t\t\t\t\t\t\t<\/a>\r\n\t\t\t\t\t\t\t\t\t\r\n\t\t\t\t\t\t\t\t<\/figure>\r\n\t\t\t\t\t\t\t\t\r\n\t\t\t\t\t\t\t<\/div>\r\n\t\t\t\t\t\t\t\t\t\t\t\t\t\t\r\n\t\t\t\t\t\t<\/div>\r\n\t\t\t\t\t<\/div>\r\n\t\t\t\t<\/div>\r\n\t\t\t\t\t\t\t\t<div class=\"wpb_column vc_column_container vc_col-sm-2\">\r\n\t\t\t\t\t<div class=\"vc_column-inner \" >\r\n\t\t\t\t\t\t<div class=\"wpb_wrapper\" >\r\n\t\t\t\t\t\t\t<div class=\"wpb_single_image wpb_content_element vc_align_ liquid_vc_single_image\">\r\n\t\t\t\t\t\t\t\t\t\t\t\t\t\t\t\t\t<div class=\"sem_overlay\" ><a href=\"https:\/\/online.therapie.ergowebinar.de\/de\/e\/Hemianopsie-Basis-und-Befund-2FP-330?\r\n\t\t\t\t\t\t\t\t\t\" class=\"btn btn-solid btn-xsm round border-thin btn-has-label jetztstartenbutton\">klicken f\u00fcr Details<\/a><\/div>\r\n\t\t\t\t\t\t\t\t\t\t\t\t\t\t\t\t\t<figure class=\"wpb_wrapper vc_figure\">\r\n\t\t\t\t\t\t\t\t\t<a href=\"online.therapie.ergowebinar.de\/de\/e\/Hemianopsie-Basis-und-Befund-2FP-330?\r\n\t\t\t\t\t\t\t\t\t\" title=\"Sie sehen ein Wohnzimmer mit Couch und Beistelltisch, wobei die eine Bildh\u00e4lfte ausgegraut ist, als Symbol zum Webinar \u00fcber Befund und Basiswissen zur Hemianopsie f\u00fcr Ergotherapie in der Reha von Schlaganfall + Apoplex in Klinik + Praxis\" target=\"_blank\">\r\n\t\t\t\t\t\t\t\t\t\t<img decoding=\"async\" width=\"475\" src=\"https:\/\/www.ergowebinar.de\/intern\/parsed_images\/afc9e5a8-094c-4cbd-9ebb-064aa89786bf.jpg\" class=\"vc_single_image-img attachment-full\" alt=\"Sie sehen ein Wohnzimmer mit Couch und Beistelltisch, wobei die eine Bildh\u00e4lfte ausgegraut ist, als Symbol zum Webinar \u00fcber Befund und Basiswissen zur Hemianopsie f\u00fcr Ergotherapie in der Reha von Schlaganfall + Apoplex in Klinik + Praxis\" title=\"Sie sehen ein Wohnzimmer mit Couch und Beistelltisch, wobei die eine Bildh\u00e4lfte ausgegraut ist, als Symbol zum Webinar \u00fcber Befund und Basiswissen zur Hemianopsie f\u00fcr Ergotherapie in der Reha von Schlaganfall + Apoplex in Klinik + Praxis\" srcset=\"https:\/\/www.ergowebinar.de\/intern\/parsed_images\/afc9e5a8-094c-4cbd-9ebb-064aa89786bf.jpg 475w, https:\/\/www.ergowebinar.de\/intern\/parsed_images\/afc9e5a8-094c-4cbd-9ebb-064aa89786bf.jpg 275w\" sizes=\"(max-width: 475px) 100vw, 475px\" itemprop=\"image\" \/>\r\n\t\t\t\t\t\t\t\t\t\t<h6>Hemianopsie - Basis und Befund [2FP]<\/h6>\r\n\t\t\t\t\t\t\t\t\t\t\t\t\t\t\t\t\t\t\t\t\t<p class=\"calendarline\"><img decoding=\"async\" class=\"calendar_icon\" src=\"https:\/\/www.ergowebinar.de\/intern\/images\/calendar.png\">06.10.2026 17:30 - 18:30<\/p>\t\r\n\t\t\t\t\t\t\t\t\t\t\t\t\t\t\t\t\t\t\t\t\t<p class=\"liquid_vc_single_text\">\r\n\r\nHier zeige ich den theoretischen Hintergrund zur Hemianopsie, die Befundm&ouml;glichkeiten dazu und die Differenzialdiagnostik zu anderen zentralen Sehst&ouml;rungen. So bekommen Sie eine gute Basis ...<\/p>\r\n\t\t\t\t\t\t\t\t\t\t\t\t\t\t\t\t\t\t\t\t\t<p class=\"sempreis\">49 \u20ac<\/p>\r\n\t\t\t\t\t\t\t\t\t\t\t\t\t\t\t\t\t\t\t\t\t\t\t<p class=\"semmwst\"><\/p>\r\n\t\t\t\t\t\t\t\t\t\t\t\t\t\t\t\t\t\t\t\t\t\t\t\r\n\t\t\t\t\t\t\t\t\t<\/a>\r\n\t\t\t\t\t\t\t\t\t\r\n\t\t\t\t\t\t\t\t<\/figure>\r\n\t\t\t\t\t\t\t\t\r\n\t\t\t\t\t\t\t<\/div>\r\n\t\t\t\t\t\t\t\t\t\t\t\t\t\t\r\n\t\t\t\t\t\t<\/div>\r\n\t\t\t\t\t<\/div>\r\n\t\t\t\t<\/div>\r\n\t\t\t\t\t\t\t\t<div class=\"wpb_column vc_column_container vc_col-sm-2\">\r\n\t\t\t\t\t<div class=\"vc_column-inner \" >\r\n\t\t\t\t\t\t<div class=\"wpb_wrapper\" >\r\n\t\t\t\t\t\t\t<div class=\"wpb_single_image wpb_content_element vc_align_ liquid_vc_single_image\">\r\n\t\t\t\t\t\t\t\t\t\t\t\t\t\t\t\t\t<div class=\"sem_overlay\" ><a href=\"https:\/\/online.therapie.ergowebinar.de\/de\/e\/Parkinson-Transfers-und-Lagewechsel-Mobilitaet-im-Alltag-2FP-139?\r\n\t\t\t\t\t\t\t\t\t\" class=\"btn btn-solid btn-xsm round border-thin btn-has-label jetztstartenbutton\">klicken f\u00fcr Details<\/a><\/div>\r\n\t\t\t\t\t\t\t\t\t\t\t\t\t\t\t\t\t<figure class=\"wpb_wrapper vc_figure\">\r\n\t\t\t\t\t\t\t\t\t<a href=\"online.therapie.ergowebinar.de\/de\/e\/Parkinson-Transfers-und-Lagewechsel-Mobilitaet-im-Alltag-2FP-139?\r\n\t\t\t\t\t\t\t\t\t\" title=\"Sie sehen eine Reihe gelber Liegest\u00fchle am Strand als Assoziation zum Webseminar \u00fcber Transfers bei Parkinson f\u00fcr Ergotherapie + Physiotherapie in der Rehabilitation von Parkinsonbetroffenen in der Reha + in Klinik + Praxis\" target=\"_blank\">\r\n\t\t\t\t\t\t\t\t\t\t<img decoding=\"async\" width=\"475\" src=\"https:\/\/www.ergowebinar.de\/intern\/parsed_images\/7c60f34b-422b-4bce-b214-38d564cc7a1e.jpg\" class=\"vc_single_image-img attachment-full\" alt=\"Sie sehen eine Reihe gelber Liegest\u00fchle am Strand als Assoziation zum Webseminar \u00fcber Transfers bei Parkinson f\u00fcr Ergotherapie + Physiotherapie in der Rehabilitation von Parkinsonbetroffenen in der Reha + in Klinik + Praxis\" title=\"Sie sehen eine Reihe gelber Liegest\u00fchle am Strand als Assoziation zum Webseminar \u00fcber Transfers bei Parkinson f\u00fcr Ergotherapie + Physiotherapie in der Rehabilitation von Parkinsonbetroffenen in der Reha + in Klinik + Praxis\" srcset=\"https:\/\/www.ergowebinar.de\/intern\/parsed_images\/7c60f34b-422b-4bce-b214-38d564cc7a1e.jpg 475w, https:\/\/www.ergowebinar.de\/intern\/parsed_images\/7c60f34b-422b-4bce-b214-38d564cc7a1e.jpg 275w\" sizes=\"(max-width: 475px) 100vw, 475px\" itemprop=\"image\" \/>\r\n\t\t\t\t\t\t\t\t\t\t<h6>Parkinson - Transfers und Lagewechsel-Mobilit\u00e4t im Alltag  [2FP]<\/h6>\r\n\t\t\t\t\t\t\t\t\t\t\t\t\t\t\t\t\t\t\t\t\t<p class=\"calendarline\"><img decoding=\"async\" class=\"calendar_icon\" src=\"https:\/\/www.ergowebinar.de\/intern\/images\/calendar.png\">06.10.2026 18:00 - 19:00<\/p>\t\r\n\t\t\t\t\t\t\t\t\t\t\t\t\t\t\t\t\t\t\t\t\t<p class=\"liquid_vc_single_text\">Transfers und Lagewechsel selbstst&auml;ndig durchf&uuml;hren zu k&ouml;nnen, bedeutet mehr als \"nur\" eigenst&auml;ndige Mobilit&auml;t. Erschwernisse in diesem Bereich kosten Energie, bauen Druck auf ...<\/p>\r\n\t\t\t\t\t\t\t\t\t\t\t\t\t\t\t\t\t\t\t\t\t<p class=\"sempreis\">49 \u20ac<\/p>\r\n\t\t\t\t\t\t\t\t\t\t\t\t\t\t\t\t\t\t\t\t\t\t\t<p class=\"semmwst\"><\/p>\r\n\t\t\t\t\t\t\t\t\t\t\t\t\t\t\t\t\t\t\t\t\t\t\t\r\n\t\t\t\t\t\t\t\t\t<\/a>\r\n\t\t\t\t\t\t\t\t\t\r\n\t\t\t\t\t\t\t\t<\/figure>\r\n\t\t\t\t\t\t\t\t\r\n\t\t\t\t\t\t\t<\/div>\r\n\t\t\t\t\t\t\t\t\t\t\t\t\t\t\r\n\t\t\t\t\t\t<\/div>\r\n\t\t\t\t\t<\/div>\r\n\t\t\t\t<\/div>\r\n\t\t\t\t\t\t\t\t<div class=\"wpb_column vc_column_container vc_col-sm-2\">\r\n\t\t\t\t\t<div class=\"vc_column-inner \" >\r\n\t\t\t\t\t\t<div class=\"wpb_wrapper\" >\r\n\t\t\t\t\t\t\t<div class=\"wpb_single_image wpb_content_element vc_align_ liquid_vc_single_image\">\r\n\t\t\t\t\t\t\t\t\t\t\t\t\t\t\t\t\t<div class=\"sem_overlay\" ><a href=\"https:\/\/online.therapie.ergowebinar.de\/de\/e\/Transfer-vom-Sitz-zum-Stand-bei-Hemiparese-Betroffenen-2FP-315?\r\n\t\t\t\t\t\t\t\t\t\" class=\"btn btn-solid btn-xsm round border-thin btn-has-label jetztstartenbutton\">klicken f\u00fcr Details<\/a><\/div>\r\n\t\t\t\t\t\t\t\t\t\t\t\t\t\t\t\t\t<figure class=\"wpb_wrapper vc_figure\">\r\n\t\t\t\t\t\t\t\t\t<a href=\"online.therapie.ergowebinar.de\/de\/e\/Transfer-vom-Sitz-zum-Stand-bei-Hemiparese-Betroffenen-2FP-315?\r\n\t\t\t\t\t\t\t\t\t\" title=\"Sie sehen einen Mann leicht abgest\u00fctzt vom Sofa aufstehen als Symbol zum Webseminar zum Lagewechsel bei Schlaganfallbetroffene vom Sitzen zum Stehen f\u00fcr Ergotherapie + Physiotherapie in der Rehabilitation von Schlaganfall + Apoplex in Klinik + Praxis\" target=\"_blank\">\r\n\t\t\t\t\t\t\t\t\t\t<img decoding=\"async\" width=\"475\" src=\"https:\/\/www.ergowebinar.de\/intern\/parsed_images\/f041887a-1e2d-44eb-9026-9baba1d2d4be.jpg\" class=\"vc_single_image-img attachment-full\" alt=\"Sie sehen einen Mann leicht abgest\u00fctzt vom Sofa aufstehen als Symbol zum Webseminar zum Lagewechsel bei Schlaganfallbetroffene vom Sitzen zum Stehen f\u00fcr Ergotherapie + Physiotherapie in der Rehabilitation von Schlaganfall + Apoplex in Klinik + Praxis\" title=\"Sie sehen einen Mann leicht abgest\u00fctzt vom Sofa aufstehen als Symbol zum Webseminar zum Lagewechsel bei Schlaganfallbetroffene vom Sitzen zum Stehen f\u00fcr Ergotherapie + Physiotherapie in der Rehabilitation von Schlaganfall + Apoplex in Klinik + Praxis\" srcset=\"https:\/\/www.ergowebinar.de\/intern\/parsed_images\/f041887a-1e2d-44eb-9026-9baba1d2d4be.jpg 475w, https:\/\/www.ergowebinar.de\/intern\/parsed_images\/f041887a-1e2d-44eb-9026-9baba1d2d4be.jpg 275w\" sizes=\"(max-width: 475px) 100vw, 475px\" itemprop=\"image\" \/>\r\n\t\t\t\t\t\t\t\t\t\t<h6>Transfer vom Sitz zum Stand bei Hemiparese-Betroffenen [2FP]<\/h6>\r\n\t\t\t\t\t\t\t\t\t\t\t\t\t\t\t\t\t\t\t\t\t<p class=\"calendarline\"><img decoding=\"async\" class=\"calendar_icon\" src=\"https:\/\/www.ergowebinar.de\/intern\/images\/calendar.png\">07.10.2026 16:00 - 17:00<\/p>\t\r\n\t\t\t\t\t\t\t\t\t\t\t\t\t\t\t\t\t\t\t\t\t<p class=\"liquid_vc_single_text\">\r\nAufstehen nach Schlaganfall ist anstrengend und aller M&uuml;he wert, wie sich in zahlreichen Studien zeigt - hier kann konzentrisch beim Hochkommen und\/ oder exzentrisch beim wieder Absitzen wunderbar ...<\/p>\r\n\t\t\t\t\t\t\t\t\t\t\t\t\t\t\t\t\t\t\t\t\t<p class=\"sempreis\">49 \u20ac<\/p>\r\n\t\t\t\t\t\t\t\t\t\t\t\t\t\t\t\t\t\t\t\t\t\t\t<p class=\"semmwst\"><\/p>\r\n\t\t\t\t\t\t\t\t\t\t\t\t\t\t\t\t\t\t\t\t\t\t\t\r\n\t\t\t\t\t\t\t\t\t<\/a>\r\n\t\t\t\t\t\t\t\t\t\r\n\t\t\t\t\t\t\t\t<\/figure>\r\n\t\t\t\t\t\t\t\t\r\n\t\t\t\t\t\t\t<\/div>\r\n\t\t\t\t\t\t\t\t\t\t\t\t\t\t\r\n\t\t\t\t\t\t<\/div>\r\n\t\t\t\t\t<\/div>\r\n\t\t\t\t<\/div>\r\n\t\t\t\t\t\t\t\t<div class=\"wpb_column vc_column_container vc_col-sm-2\">\r\n\t\t\t\t\t<div class=\"vc_column-inner \" >\r\n\t\t\t\t\t\t<div class=\"wpb_wrapper\" >\r\n\t\t\t\t\t\t\t<div class=\"wpb_single_image wpb_content_element vc_align_ liquid_vc_single_image\">\r\n\t\t\t\t\t\t\t\t\t\t\t\t\t\t\t\t\t<div class=\"sem_overlay\" ><a href=\"https:\/\/online.therapie.ergowebinar.de\/de\/e\/Korsakow-Basic-2-FP-45?\r\n\t\t\t\t\t\t\t\t\t\" class=\"btn btn-solid btn-xsm round border-thin btn-has-label jetztstartenbutton\">klicken f\u00fcr Details<\/a><\/div>\r\n\t\t\t\t\t\t\t\t\t\t\t\t\t\t\t\t\t<figure class=\"wpb_wrapper vc_figure\">\r\n\t\t\t\t\t\t\t\t\t<a href=\"online.therapie.ergowebinar.de\/de\/e\/Korsakow-Basic-2-FP-45?\r\n\t\t\t\t\t\t\t\t\t\" title=\"Sie sehen das Port\u00e4t einer Seniorin , deren hintere Kopfh\u00e4lfte sich morphend ins Nichts aufl\u00f6st, als Assoziation zum Webseminar \u00fcber Korsakow-Demenz f\u00fcr Ergotherapie in der Rehabilitation, Geriatrie, Suchttherapie in Klinik + Praxis\" target=\"_blank\">\r\n\t\t\t\t\t\t\t\t\t\t<img decoding=\"async\" width=\"475\" src=\"https:\/\/www.ergowebinar.de\/intern\/parsed_images\/93a89fdb-6b21-4fc0-8664-c7b74069d417.jpg\" class=\"vc_single_image-img attachment-full\" alt=\"Sie sehen das Port\u00e4t einer Seniorin , deren hintere Kopfh\u00e4lfte sich morphend ins Nichts aufl\u00f6st, als Assoziation zum Webseminar \u00fcber Korsakow-Demenz f\u00fcr Ergotherapie in der Rehabilitation, Geriatrie, Suchttherapie in Klinik + Praxis\" title=\"Sie sehen das Port\u00e4t einer Seniorin , deren hintere Kopfh\u00e4lfte sich morphend ins Nichts aufl\u00f6st, als Assoziation zum Webseminar \u00fcber Korsakow-Demenz f\u00fcr Ergotherapie in der Rehabilitation, Geriatrie, Suchttherapie in Klinik + Praxis\" srcset=\"https:\/\/www.ergowebinar.de\/intern\/parsed_images\/93a89fdb-6b21-4fc0-8664-c7b74069d417.jpg 475w, https:\/\/www.ergowebinar.de\/intern\/parsed_images\/93a89fdb-6b21-4fc0-8664-c7b74069d417.jpg 275w\" sizes=\"(max-width: 475px) 100vw, 475px\" itemprop=\"image\" \/>\r\n\t\t\t\t\t\t\t\t\t\t<h6>Korsakow - Basic [2 FP]<\/h6>\r\n\t\t\t\t\t\t\t\t\t\t\t\t\t\t\t\t\t\t\t\t\t<p class=\"calendarline\"><img decoding=\"async\" class=\"calendar_icon\" src=\"https:\/\/www.ergowebinar.de\/intern\/images\/calendar.png\">07.10.2026 17:45 - 18:45<\/p>\t\r\n\t\t\t\t\t\t\t\t\t\t\t\t\t\t\t\t\t\t\t\t\t<p class=\"liquid_vc_single_text\">Was ist das Besondere an der Korsakow-induzierten Demenz? Wie unterscheiden sich die F&ouml;rderungsm&ouml;glichkeiten und Rahmenbedingungen f&uuml;r gelingendes Verhalten von anderen dementiellen Erkrankungen? ...<\/p>\r\n\t\t\t\t\t\t\t\t\t\t\t\t\t\t\t\t\t\t\t\t\t<p class=\"sempreis\">49 \u20ac<\/p>\r\n\t\t\t\t\t\t\t\t\t\t\t\t\t\t\t\t\t\t\t\t\t\t\t<p class=\"semmwst\"><\/p>\r\n\t\t\t\t\t\t\t\t\t\t\t\t\t\t\t\t\t\t\t\t\t\t\t\r\n\t\t\t\t\t\t\t\t\t<\/a>\r\n\t\t\t\t\t\t\t\t\t\r\n\t\t\t\t\t\t\t\t<\/figure>\r\n\t\t\t\t\t\t\t\t\r\n\t\t\t\t\t\t\t<\/div>\r\n\t\t\t\t\t\t\t\t\t\t\t\t\t\t\r\n\t\t\t\t\t\t<\/div>\r\n\t\t\t\t\t<\/div>\r\n\t\t\t\t<\/div>\r\n\t\t\t\t\t\t\t\t<div class=\"wpb_column vc_column_container vc_col-sm-2\">\r\n\t\t\t\t\t<div class=\"vc_column-inner \" >\r\n\t\t\t\t\t\t<div class=\"wpb_wrapper\" >\r\n\t\t\t\t\t\t\t<div class=\"wpb_single_image wpb_content_element vc_align_ liquid_vc_single_image\">\r\n\t\t\t\t\t\t\t\t\t\t\t\t\t\t\t\t\t<div class=\"sem_overlay\" ><a href=\"https:\/\/online.therapie.ergowebinar.de\/de\/e\/Ueberlastungssyndrome-der-oberen-Extremitaet-Basic-2-FP-114?\r\n\t\t\t\t\t\t\t\t\t\" class=\"btn btn-solid btn-xsm round border-thin btn-has-label jetztstartenbutton\">klicken f\u00fcr Details<\/a><\/div>\r\n\t\t\t\t\t\t\t\t\t\t\t\t\t\t\t\t\t<figure class=\"wpb_wrapper vc_figure\">\r\n\t\t\t\t\t\t\t\t\t<a href=\"online.therapie.ergowebinar.de\/de\/e\/Ueberlastungssyndrome-der-oberen-Extremitaet-Basic-2-FP-114?\r\n\t\t\t\t\t\t\t\t\t\" title=\"Sie sehen enen Blitz vor dunkelem Himmel als Assoziation zum Webseminar zu \u00dcberlastungssyndromen der Arme f\u00fcr Ergotherapie + Physiotherapie in der Orthop\u00e4die, Neurologie und anderen Schmerzsyndromen in Klinik + Praxis\" target=\"_blank\">\r\n\t\t\t\t\t\t\t\t\t\t<img decoding=\"async\" width=\"475\" src=\"https:\/\/www.ergowebinar.de\/intern\/parsed_images\/8fc4ecd4-61de-4162-ad0f-478a36f22c93.jpg\" class=\"vc_single_image-img attachment-full\" alt=\"Sie sehen enen Blitz vor dunkelem Himmel als Assoziation zum Webseminar zu \u00dcberlastungssyndromen der Arme f\u00fcr Ergotherapie + Physiotherapie in der Orthop\u00e4die, Neurologie und anderen Schmerzsyndromen in Klinik + Praxis\" title=\"Sie sehen enen Blitz vor dunkelem Himmel als Assoziation zum Webseminar zu \u00dcberlastungssyndromen der Arme f\u00fcr Ergotherapie + Physiotherapie in der Orthop\u00e4die, Neurologie und anderen Schmerzsyndromen in Klinik + Praxis\" srcset=\"https:\/\/www.ergowebinar.de\/intern\/parsed_images\/8fc4ecd4-61de-4162-ad0f-478a36f22c93.jpg 475w, https:\/\/www.ergowebinar.de\/intern\/parsed_images\/8fc4ecd4-61de-4162-ad0f-478a36f22c93.jpg 275w\" sizes=\"(max-width: 475px) 100vw, 475px\" itemprop=\"image\" \/>\r\n\t\t\t\t\t\t\t\t\t\t<h6>\u00dcberlastungssyndrome der oberen Extremit\u00e4t - Basic [2 FP]<\/h6>\r\n\t\t\t\t\t\t\t\t\t\t\t\t\t\t\t\t\t\t\t\t\t<p class=\"calendarline\"><img decoding=\"async\" class=\"calendar_icon\" src=\"https:\/\/www.ergowebinar.de\/intern\/images\/calendar.png\">07.10.2026 18:00 - 19:00<\/p>\t\r\n\t\t\t\t\t\t\t\t\t\t\t\t\t\t\t\t\t\t\t\t\t<p class=\"liquid_vc_single_text\">Hohe Wiederholungszahlen von Bewegungen im Alltag sind keine Seltenheit und finden sich in vielen T&auml;tigkeiten des t&auml;glichen Lebens. Der K&ouml;rper kann sich eine Zeit lang an die vermehrten ...<\/p>\r\n\t\t\t\t\t\t\t\t\t\t\t\t\t\t\t\t\t\t\t\t\t<p class=\"sempreis\">49 \u20ac<\/p>\r\n\t\t\t\t\t\t\t\t\t\t\t\t\t\t\t\t\t\t\t\t\t\t\t<p class=\"semmwst\"><\/p>\r\n\t\t\t\t\t\t\t\t\t\t\t\t\t\t\t\t\t\t\t\t\t\t\t\r\n\t\t\t\t\t\t\t\t\t<\/a>\r\n\t\t\t\t\t\t\t\t\t\r\n\t\t\t\t\t\t\t\t<\/figure>\r\n\t\t\t\t\t\t\t\t\r\n\t\t\t\t\t\t\t<\/div>\r\n\t\t\t\t\t\t\t\t\t\t\t\t\t\t\r\n\t\t\t\t\t\t<\/div>\r\n\t\t\t\t\t<\/div>\r\n\t\t\t\t<\/div>\r\n\t\t\t\t\t\t\t\t<div class=\"wpb_column vc_column_container vc_col-sm-2\">\r\n\t\t\t\t\t<div class=\"vc_column-inner \" >\r\n\t\t\t\t\t\t<div class=\"wpb_wrapper\" >\r\n\t\t\t\t\t\t\t<div class=\"wpb_single_image wpb_content_element vc_align_ liquid_vc_single_image\">\r\n\t\t\t\t\t\t\t\t\t\t\t\t\t\t\t\t\t<div class=\"sem_overlay\" ><a href=\"https:\/\/online.therapie.ergowebinar.de\/de\/e\/Ueberlastungssyndrome-im-Schulter-und-Nackenbereich-2-FP-115?\r\n\t\t\t\t\t\t\t\t\t\" class=\"btn btn-solid btn-xsm round border-thin btn-has-label jetztstartenbutton\">klicken f\u00fcr Details<\/a><\/div>\r\n\t\t\t\t\t\t\t\t\t\t\t\t\t\t\t\t\t<figure class=\"wpb_wrapper vc_figure\">\r\n\t\t\t\t\t\t\t\t\t<a href=\"online.therapie.ergowebinar.de\/de\/e\/Ueberlastungssyndrome-im-Schulter-und-Nackenbereich-2-FP-115?\r\n\t\t\t\t\t\t\t\t\t\" title=\"Sie sehen eine gespiegelte Person, die mit der Hand im R\u00fccken einen BH schlie\u00dft, als Assoziation zum Webinar zu \u00dcberlastungsschmerzen im Schulter- und Nackenbereich f\u00fcr Ergotherapie + Physiotherapie in der Orthop\u00e4die und Neurologie in Klinik + Praxis\" target=\"_blank\">\r\n\t\t\t\t\t\t\t\t\t\t<img decoding=\"async\" width=\"475\" src=\"https:\/\/www.ergowebinar.de\/intern\/parsed_images\/abad6c95-ea38-48e8-975e-2b0023844a51.jpg\" class=\"vc_single_image-img attachment-full\" alt=\"Sie sehen eine gespiegelte Person, die mit der Hand im R\u00fccken einen BH schlie\u00dft, als Assoziation zum Webinar zu \u00dcberlastungsschmerzen im Schulter- und Nackenbereich f\u00fcr Ergotherapie + Physiotherapie in der Orthop\u00e4die und Neurologie in Klinik + Praxis\" title=\"Sie sehen eine gespiegelte Person, die mit der Hand im R\u00fccken einen BH schlie\u00dft, als Assoziation zum Webinar zu \u00dcberlastungsschmerzen im Schulter- und Nackenbereich f\u00fcr Ergotherapie + Physiotherapie in der Orthop\u00e4die und Neurologie in Klinik + Praxis\" srcset=\"https:\/\/www.ergowebinar.de\/intern\/parsed_images\/abad6c95-ea38-48e8-975e-2b0023844a51.jpg 475w, https:\/\/www.ergowebinar.de\/intern\/parsed_images\/abad6c95-ea38-48e8-975e-2b0023844a51.jpg 275w\" sizes=\"(max-width: 475px) 100vw, 475px\" itemprop=\"image\" \/>\r\n\t\t\t\t\t\t\t\t\t\t<h6>\u00dcberlastungssyndrome im Schulter\u2010 und Nackenbereich [2 FP]<\/h6>\r\n\t\t\t\t\t\t\t\t\t\t\t\t\t\t\t\t\t\t\t\t\t<p class=\"calendarline\"><img decoding=\"async\" class=\"calendar_icon\" src=\"https:\/\/www.ergowebinar.de\/intern\/images\/calendar.png\">07.10.2026 19:30 - 20:30<\/p>\t\r\n\t\t\t\t\t\t\t\t\t\t\t\t\t\t\t\t\t\t\t\t\t<p class=\"liquid_vc_single_text\">In der oberen Extremit&auml;t gibt es eine Vielzahl an Strukturen die aufgrund von ungewohnten, kraftvollen oder repetitiven Belastungen Beschwerden verursachen k&ouml;nnen. In diesem Themenblock liegt ...<\/p>\r\n\t\t\t\t\t\t\t\t\t\t\t\t\t\t\t\t\t\t\t\t\t<p class=\"sempreis\">49 \u20ac<\/p>\r\n\t\t\t\t\t\t\t\t\t\t\t\t\t\t\t\t\t\t\t\t\t\t\t<p class=\"semmwst\"><\/p>\r\n\t\t\t\t\t\t\t\t\t\t\t\t\t\t\t\t\t\t\t\t\t\t\t\r\n\t\t\t\t\t\t\t\t\t<\/a>\r\n\t\t\t\t\t\t\t\t\t\r\n\t\t\t\t\t\t\t\t<\/figure>\r\n\t\t\t\t\t\t\t\t\r\n\t\t\t\t\t\t\t<\/div>\r\n\t\t\t\t\t\t\t\t\t\t\t\t\t\t\r\n\t\t\t\t\t\t<\/div>\r\n\t\t\t\t\t<\/div>\r\n\t\t\t\t<\/div>\r\n\t\t\t\t\t\t\t\t<div class=\"wpb_column vc_column_container vc_col-sm-2\">\r\n\t\t\t\t\t<div class=\"vc_column-inner \" >\r\n\t\t\t\t\t\t<div class=\"wpb_wrapper\" >\r\n\t\t\t\t\t\t\t<div class=\"wpb_single_image wpb_content_element vc_align_ liquid_vc_single_image\">\r\n\t\t\t\t\t\t\t\t\t\t\t\t\t\t\t\t\t<div class=\"sem_overlay\" ><a href=\"https:\/\/online.therapie.ergowebinar.de\/de\/e\/Handreha-evidenzbasiert-bei-Hemiparese-24-FP-224?\r\n\t\t\t\t\t\t\t\t\t\" class=\"btn btn-solid btn-xsm round border-thin btn-has-label jetztstartenbutton\">klicken f\u00fcr Details<\/a><\/div>\r\n\t\t\t\t\t\t\t\t\t\t\t\t\t\t\t\t\t<figure class=\"wpb_wrapper vc_figure\">\r\n\t\t\t\t\t\t\t\t\t<a href=\"online.therapie.ergowebinar.de\/de\/e\/Handreha-evidenzbasiert-bei-Hemiparese-24-FP-224?\r\n\t\t\t\t\t\t\t\t\t\" title=\"Sie sehen eine ge\u00f6ffnete und ausgestreckte Hand von oben, die in ihrer Fl\u00e4che eine Lupe pr\u00e4sentiert, als Assoziation zum Webseminar f\u00fcr Ergotherapie + Physiotherapie in der neurologischen Rehabilitation bei Schlaganfall + Apoplex in Klinik + Praxis\" target=\"_blank\">\r\n\t\t\t\t\t\t\t\t\t\t<img decoding=\"async\" width=\"475\" src=\"https:\/\/www.ergowebinar.de\/intern\/parsed_images\/0dd3b38f-ad7b-4e23-801c-44171ea58d4b.jpg\" class=\"vc_single_image-img attachment-full\" alt=\"Sie sehen eine ge\u00f6ffnete und ausgestreckte Hand von oben, die in ihrer Fl\u00e4che eine Lupe pr\u00e4sentiert, als Assoziation zum Webseminar f\u00fcr Ergotherapie + Physiotherapie in der neurologischen Rehabilitation bei Schlaganfall + Apoplex in Klinik + Praxis\" title=\"Sie sehen eine ge\u00f6ffnete und ausgestreckte Hand von oben, die in ihrer Fl\u00e4che eine Lupe pr\u00e4sentiert, als Assoziation zum Webseminar f\u00fcr Ergotherapie + Physiotherapie in der neurologischen Rehabilitation bei Schlaganfall + Apoplex in Klinik + Praxis\" srcset=\"https:\/\/www.ergowebinar.de\/intern\/parsed_images\/0dd3b38f-ad7b-4e23-801c-44171ea58d4b.jpg 475w, https:\/\/www.ergowebinar.de\/intern\/parsed_images\/0dd3b38f-ad7b-4e23-801c-44171ea58d4b.jpg 275w\" sizes=\"(max-width: 475px) 100vw, 475px\" itemprop=\"image\" \/>\r\n\t\t\t\t\t\t\t\t\t\t<h6>Handreha evidenzbasiert bei Hemiparese [24 FP]<\/h6>\r\n\t\t\t\t\t\t\t\t\t\t\t\t\t\t\t\t\t\t\t\t\t<p class=\"calendarline\"><img decoding=\"async\" class=\"calendar_icon\" src=\"https:\/\/www.ergowebinar.de\/intern\/images\/calendar.png\">08.10.2026 10:00 - 16:00<\/p>\t\r\n\t\t\t\t\t\t\t\t\t\t\t\t\t\t\t\t\t\t\t\t\t\t<p class=\"calendarline\"><img decoding=\"async\" class=\"calendar_icon\" src=\"https:\/\/www.ergowebinar.de\/intern\/images\/calendar.png\">09.10.2026 09:00 - 16:00<\/p>\t\r\n\t\t\t\t\t\t\t\t\t\t\t\t\t\t\t\t\t\t\t\t\t\t<p class=\"calendarline\"><img decoding=\"async\" class=\"calendar_icon\" src=\"https:\/\/www.ergowebinar.de\/intern\/images\/calendar.png\">10.10.2026 09:00 - 14:00<\/p>\t\r\n\t\t\t\t\t\t\t\t\t\t\t\t\t\t\t\t\t\t\t\t\t<p class=\"liquid_vc_single_text\">Hoher Tonus, schlaffe Hand, Funktionstraining ... was tun? - Bei Hemiparese mit ausgepr&auml;gter Beeintr&auml;chtigung der Hand (keine, wenig Funktion, hoher Tonus) lassen sich durch speziell angepasste ...<\/p>\r\n\t\t\t\t\t\t\t\t\t\t\t\t\t\t\t\t\t\t\t\t\t<p class=\"sempreis\">350 \u20ac<\/p>\r\n\t\t\t\t\t\t\t\t\t\t\t\t\t\t\t\t\t\t\t\t\t\t\t<p class=\"semmwst\"><\/p>\r\n\t\t\t\t\t\t\t\t\t\t\t\t\t\t\t\t\t\t\t\t\t\t\t\r\n\t\t\t\t\t\t\t\t\t<\/a>\r\n\t\t\t\t\t\t\t\t\t\r\n\t\t\t\t\t\t\t\t<\/figure>\r\n\t\t\t\t\t\t\t\t\r\n\t\t\t\t\t\t\t<\/div>\r\n\t\t\t\t\t\t\t\t\t\t\t\t\t\t\r\n\t\t\t\t\t\t<\/div>\r\n\t\t\t\t\t<\/div>\r\n\t\t\t\t<\/div>\r\n\t\t\t\t\t\t\t\t<div class=\"wpb_column vc_column_container vc_col-sm-2\">\r\n\t\t\t\t\t<div class=\"vc_column-inner \" >\r\n\t\t\t\t\t\t<div class=\"wpb_wrapper\" >\r\n\t\t\t\t\t\t\t<div class=\"wpb_single_image wpb_content_element vc_align_ liquid_vc_single_image\">\r\n\t\t\t\t\t\t\t\t\t\t\t\t\t\t\t\t\t<div class=\"sem_overlay\" ><a href=\"#4637ce87-7921-4d0b-bda0-7eb8ab5a90db\" class=\"btn btn-solid btn-xsm round border-thin btn-has-label nichtdabutton\">8 Tage nach Ablauf des<br>Vorg\u00e4ngers buchbar<\/a><\/div>\r\n\t\t\t\t\t\t\t\t\t\t\t\t\t\t\t\t\t<figure class=\"wpb_wrapper vc_figure\">\r\n\t\t\t\t\t\t\t\t\t<a href=\"online.therapie.ergowebinar.de\/de\/e\/Stroke-Unit-Assessments-Befunderhebung-2FP-108?\r\n\t\t\t\t\t\t\t\t\t\" title=\"Sie sehen Dartspfeile in einer Scheibe steckend als Assoziation zum Webseminar zu Assessments und Befundprozessen auf der Schlaganfall Akutstation f\u00fcr Ergotherapie + Physiotherapie in der Rehabilitation von Schlaganfall + Apoplex in der Klinik\" target=\"_blank\">\r\n\t\t\t\t\t\t\t\t\t\t<img decoding=\"async\" width=\"475\" src=\"https:\/\/www.ergowebinar.de\/intern\/parsed_images\/02ed6ea8-c799-4765-92ee-670655e637f5.jpg\" class=\"vc_single_image-img attachment-full\" alt=\"Sie sehen Dartspfeile in einer Scheibe steckend als Assoziation zum Webseminar zu Assessments und Befundprozessen auf der Schlaganfall Akutstation f\u00fcr Ergotherapie + Physiotherapie in der Rehabilitation von Schlaganfall + Apoplex in der Klinik\" title=\"Sie sehen Dartspfeile in einer Scheibe steckend als Assoziation zum Webseminar zu Assessments und Befundprozessen auf der Schlaganfall Akutstation f\u00fcr Ergotherapie + Physiotherapie in der Rehabilitation von Schlaganfall + Apoplex in der Klinik\" srcset=\"https:\/\/www.ergowebinar.de\/intern\/parsed_images\/02ed6ea8-c799-4765-92ee-670655e637f5.jpg 475w, https:\/\/www.ergowebinar.de\/intern\/parsed_images\/02ed6ea8-c799-4765-92ee-670655e637f5.jpg 275w\" sizes=\"(max-width: 475px) 100vw, 475px\" itemprop=\"image\" \/>\r\n\t\t\t\t\t\t\t\t\t\t<h6>Stroke Unit - Assessments+Befunderhebung [2FP]<\/h6>\r\n\t\t\t\t\t\t\t\t\t\t\t\t\t\t\t\t\t\t\t\t\t<p class=\"calendarline\"><img decoding=\"async\" class=\"calendar_icon\" src=\"https:\/\/www.ergowebinar.de\/intern\/images\/calendar.png\">08.10.2026 17:30 - 18:30<\/p>\t\r\n\t\t\t\t\t\t\t\t\t\t\t\t\t\t\t\t\t\t\t\t\t<p class=\"liquid_vc_single_text\">Der therapeutische Blick und orientierende Tests, darum k&uuml;mmern wir uns in diesem Webinar. Detaillierte, umfangreiche Befunderhebung und Stroke Unit? Das passt nicht zusammen! Befunderhebung und die ...<\/p>\r\n\t\t\t\t\t\t\t\t\t\t\t\t\t\t\t\t\t\t\t\t\t<p class=\"sempreis\">49 \u20ac<\/p>\r\n\t\t\t\t\t\t\t\t\t\t\t\t\t\t\t\t\t\t\t\t\t\t\t<p class=\"semmwst\"><\/p>\r\n\t\t\t\t\t\t\t\t\t\t\t\t\t\t\t\t\t\t\t\t\t\t\t\r\n\t\t\t\t\t\t\t\t\t<\/a>\r\n\t\t\t\t\t\t\t\t\t\r\n\t\t\t\t\t\t\t\t<\/figure>\r\n\t\t\t\t\t\t\t\t\r\n\t\t\t\t\t\t\t<\/div>\r\n\t\t\t\t\t\t\t\t\t\t\t\t\t\t\r\n\t\t\t\t\t\t<\/div>\r\n\t\t\t\t\t<\/div>\r\n\t\t\t\t<\/div>\r\n\t\t\t\t\t\t\t\t<div class=\"wpb_column vc_column_container vc_col-sm-2\">\r\n\t\t\t\t\t<div class=\"vc_column-inner \" >\r\n\t\t\t\t\t\t<div class=\"wpb_wrapper\" >\r\n\t\t\t\t\t\t\t<div class=\"wpb_single_image wpb_content_element vc_align_ liquid_vc_single_image\">\r\n\t\t\t\t\t\t\t\t\t\t\t\t\t\t\t\t\t<div class=\"sem_overlay\" ><a href=\"https:\/\/online.therapie.ergowebinar.de\/de\/e\/Geschwollene-Hand-und-CRPS-nach-Hemiparese-12-FP-225?\r\n\t\t\t\t\t\t\t\t\t\" class=\"btn btn-solid btn-xsm round border-thin btn-has-label jetztstartenbutton\">klicken f\u00fcr Details<\/a><\/div>\r\n\t\t\t\t\t\t\t\t\t\t\t\t\t\t\t\t\t<figure class=\"wpb_wrapper vc_figure\">\r\n\t\t\t\t\t\t\t\t\t<a href=\"online.therapie.ergowebinar.de\/de\/e\/Geschwollene-Hand-und-CRPS-nach-Hemiparese-12-FP-225?\r\n\t\t\t\t\t\t\t\t\t\" title=\"Sie sehen einen Torso mit verschr\u00e4nkten Armen, wobei die eine Hand die anderen Arm sch\u00fctzend h\u00e4lt, als Assoziation zum Webseminar f\u00fcr Ergotherapie + Physiotherapie in der neurologischen Rehabilitation bei Schlaganfall + Apoplex in Klinik + Praxis\" target=\"_blank\">\r\n\t\t\t\t\t\t\t\t\t\t<img decoding=\"async\" width=\"475\" src=\"https:\/\/www.ergowebinar.de\/intern\/parsed_images\/3cab20d4-4c3f-43ae-a432-05d5f771fa08.jpg\" class=\"vc_single_image-img attachment-full\" alt=\"Sie sehen einen Torso mit verschr\u00e4nkten Armen, wobei die eine Hand die anderen Arm sch\u00fctzend h\u00e4lt, als Assoziation zum Webseminar f\u00fcr Ergotherapie + Physiotherapie in der neurologischen Rehabilitation bei Schlaganfall + Apoplex in Klinik + Praxis\" title=\"Sie sehen einen Torso mit verschr\u00e4nkten Armen, wobei die eine Hand die anderen Arm sch\u00fctzend h\u00e4lt, als Assoziation zum Webseminar f\u00fcr Ergotherapie + Physiotherapie in der neurologischen Rehabilitation bei Schlaganfall + Apoplex in Klinik + Praxis\" srcset=\"https:\/\/www.ergowebinar.de\/intern\/parsed_images\/3cab20d4-4c3f-43ae-a432-05d5f771fa08.jpg 475w, https:\/\/www.ergowebinar.de\/intern\/parsed_images\/3cab20d4-4c3f-43ae-a432-05d5f771fa08.jpg 275w\" sizes=\"(max-width: 475px) 100vw, 475px\" itemprop=\"image\" \/>\r\n\t\t\t\t\t\t\t\t\t\t<h6>Geschwollene Hand und CRPS nach Hemiparese [12 FP]<\/h6>\r\n\t\t\t\t\t\t\t\t\t\t\t\t\t\t\t\t\t\t\t\t\t<p class=\"calendarline\"><img decoding=\"async\" class=\"calendar_icon\" src=\"https:\/\/www.ergowebinar.de\/intern\/images\/calendar.png\">11.10.2026 10:00 - 16:00<\/p>\t\r\n\t\t\t\t\t\t\t\t\t\t\t\t\t\t\t\t\t\t\t\t\t\t<p class=\"calendarline\"><img decoding=\"async\" class=\"calendar_icon\" src=\"https:\/\/www.ergowebinar.de\/intern\/images\/calendar.png\">12.10.2026 09:00 - 13:00<\/p>\t\r\n\t\t\t\t\t\t\t\t\t\t\t\t\t\t\t\t\t\t\t\t\t<p class=\"liquid_vc_single_text\">Eine geschwollene Hand bildet in der Rehabilitation von HemiplegikerInnen h&auml;ufig einen tiefgreifenden Einschnitt und verhindert nicht zuletzt auch Behandlungserfolge.Die Hand kann durch ein CRPS Typ ...<\/p>\r\n\t\t\t\t\t\t\t\t\t\t\t\t\t\t\t\t\t\t\t\t\t<p class=\"sempreis\">250 \u20ac<\/p>\r\n\t\t\t\t\t\t\t\t\t\t\t\t\t\t\t\t\t\t\t\t\t\t\t<p class=\"semmwst\"><\/p>\r\n\t\t\t\t\t\t\t\t\t\t\t\t\t\t\t\t\t\t\t\t\t\t\t\r\n\t\t\t\t\t\t\t\t\t<\/a>\r\n\t\t\t\t\t\t\t\t\t\r\n\t\t\t\t\t\t\t\t<\/figure>\r\n\t\t\t\t\t\t\t\t\r\n\t\t\t\t\t\t\t<\/div>\r\n\t\t\t\t\t\t\t\t\t\t\t\t\t\t\r\n\t\t\t\t\t\t<\/div>\r\n\t\t\t\t\t<\/div>\r\n\t\t\t\t<\/div>\r\n\t\t\t\t\t\t\t\t<div class=\"wpb_column vc_column_container vc_col-sm-2\">\r\n\t\t\t\t\t<div class=\"vc_column-inner \" >\r\n\t\t\t\t\t\t<div class=\"wpb_wrapper\" >\r\n\t\t\t\t\t\t\t<div class=\"wpb_single_image wpb_content_element vc_align_ liquid_vc_single_image\">\r\n\t\t\t\t\t\t\t\t\t\t\t\t\t\t\t\t\t<div class=\"sem_overlay\" ><a href=\"https:\/\/online.therapie.ergowebinar.de\/de\/e\/Fatigue-Tages-und-Wochenplaene-einsetzen-2FP-143?\r\n\t\t\t\t\t\t\t\t\t\" class=\"btn btn-solid btn-xsm round border-thin btn-has-label jetztstartenbutton\">klicken f\u00fcr Details<\/a><\/div>\r\n\t\t\t\t\t\t\t\t\t\t\t\t\t\t\t\t\t<figure class=\"wpb_wrapper vc_figure\">\r\n\t\t\t\t\t\t\t\t\t<a href=\"online.therapie.ergowebinar.de\/de\/e\/Fatigue-Tages-und-Wochenplaene-einsetzen-2FP-143?\r\n\t\t\t\t\t\t\t\t\t\" title=\"Sie sehen eine Person, die einen Eintrag in einen Monatsplan macht, als Symbol zum Webseminar \u00fcber Fatigue in der Ergotherapie + Physiotherapie in der Rehabilitation von Schlaganfall + Apoplex + Schmerzreha  + bei Long + Post Covid in Klinik + Praxis\" target=\"_blank\">\r\n\t\t\t\t\t\t\t\t\t\t<img decoding=\"async\" width=\"475\" src=\"https:\/\/www.ergowebinar.de\/intern\/parsed_images\/9bbf49a2-ec65-4bd9-955f-fce97f4c8697.jpg\" class=\"vc_single_image-img attachment-full\" alt=\"Sie sehen eine Person, die einen Eintrag in einen Monatsplan macht, als Symbol zum Webseminar \u00fcber Fatigue in der Ergotherapie + Physiotherapie in der Rehabilitation von Schlaganfall + Apoplex + Schmerzreha  + bei Long + Post Covid in Klinik + Praxis\" title=\"Sie sehen eine Person, die einen Eintrag in einen Monatsplan macht, als Symbol zum Webseminar \u00fcber Fatigue in der Ergotherapie + Physiotherapie in der Rehabilitation von Schlaganfall + Apoplex + Schmerzreha  + bei Long + Post Covid in Klinik + Praxis\" srcset=\"https:\/\/www.ergowebinar.de\/intern\/parsed_images\/9bbf49a2-ec65-4bd9-955f-fce97f4c8697.jpg 475w, https:\/\/www.ergowebinar.de\/intern\/parsed_images\/9bbf49a2-ec65-4bd9-955f-fce97f4c8697.jpg 275w\" sizes=\"(max-width: 475px) 100vw, 475px\" itemprop=\"image\" \/>\r\n\t\t\t\t\t\t\t\t\t\t<h6>Fatigue - Tages- und Wochenpl\u00e4ne einsetzen [2FP]<\/h6>\r\n\t\t\t\t\t\t\t\t\t\t\t\t\t\t\t\t\t\t\t\t\t<p class=\"calendarline\"><img decoding=\"async\" class=\"calendar_icon\" src=\"https:\/\/www.ergowebinar.de\/intern\/images\/calendar.png\">12.10.2026 18:30 - 19:30<\/p>\t\r\n\t\t\t\t\t\t\t\t\t\t\t\t\t\t\t\t\t\t\t\t\t<p class=\"liquid_vc_single_text\">Tages &ndash; und Wochenpl&auml;ne sind wichtige Strukturierungshilfen f&uuml;r Menschen, die chronisch von Fatigue betroffen sind. Mit dem Blick auf die Alltagstauglichkeit werden unterschiedliche Varianten ...<\/p>\r\n\t\t\t\t\t\t\t\t\t\t\t\t\t\t\t\t\t\t\t\t\t<p class=\"sempreis\">49 \u20ac<\/p>\r\n\t\t\t\t\t\t\t\t\t\t\t\t\t\t\t\t\t\t\t\t\t\t\t<p class=\"semmwst\"><\/p>\r\n\t\t\t\t\t\t\t\t\t\t\t\t\t\t\t\t\t\t\t\t\t\t\t\r\n\t\t\t\t\t\t\t\t\t<\/a>\r\n\t\t\t\t\t\t\t\t\t\r\n\t\t\t\t\t\t\t\t<\/figure>\r\n\t\t\t\t\t\t\t\t\r\n\t\t\t\t\t\t\t<\/div>\r\n\t\t\t\t\t\t\t\t\t\t\t\t\t\t\r\n\t\t\t\t\t\t<\/div>\r\n\t\t\t\t\t<\/div>\r\n\t\t\t\t<\/div>\r\n\t\t\t\t\t\t\t\t<div class=\"wpb_column vc_column_container vc_col-sm-2\">\r\n\t\t\t\t\t<div class=\"vc_column-inner \" >\r\n\t\t\t\t\t\t<div class=\"wpb_wrapper\" >\r\n\t\t\t\t\t\t\t<div class=\"wpb_single_image wpb_content_element vc_align_ liquid_vc_single_image\">\r\n\t\t\t\t\t\t\t\t\t\t\t\t\t\t\t\t\t<div class=\"sem_overlay\" ><a href=\"#4637ce87-7921-4d0b-bda0-7eb8ab5a90db\" class=\"btn btn-solid btn-xsm round border-thin btn-has-label nichtdabutton\">8 Tage nach Ablauf des<br>Vorg\u00e4ngers buchbar<\/a><\/div>\r\n\t\t\t\t\t\t\t\t\t\t\t\t\t\t\t\t\t<figure class=\"wpb_wrapper vc_figure\">\r\n\t\t\t\t\t\t\t\t\t<a href=\"online.therapie.ergowebinar.de\/de\/e\/Sturzangst-verstehen-und-behandeln-2FP-323?\r\n\t\t\t\t\t\t\t\t\t\" title=\"Sie sehen auf einem Treppenabsatz ein Graffti mit einem erschreckten Emoji, als Assoziation zum Webseminar f\u00fcr Ergotherapie + Physiotherapie in der Sturzpr\u00e4vention in \u00fcbergreifenden Fachbereichen, NeuroReha, Orthop\u00e4die und Geriatrie in Klinik + Praxis\" target=\"_blank\">\r\n\t\t\t\t\t\t\t\t\t\t<img decoding=\"async\" width=\"475\" src=\"https:\/\/www.ergowebinar.de\/intern\/parsed_images\/235030fa-bf8e-4326-b419-7e3f69e7679a.jpg\" class=\"vc_single_image-img attachment-full\" alt=\"Sie sehen auf einem Treppenabsatz ein Graffti mit einem erschreckten Emoji, als Assoziation zum Webseminar f\u00fcr Ergotherapie + Physiotherapie in der Sturzpr\u00e4vention in \u00fcbergreifenden Fachbereichen, NeuroReha, Orthop\u00e4die und Geriatrie in Klinik + Praxis\" title=\"Sie sehen auf einem Treppenabsatz ein Graffti mit einem erschreckten Emoji, als Assoziation zum Webseminar f\u00fcr Ergotherapie + Physiotherapie in der Sturzpr\u00e4vention in \u00fcbergreifenden Fachbereichen, NeuroReha, Orthop\u00e4die und Geriatrie in Klinik + Praxis\" srcset=\"https:\/\/www.ergowebinar.de\/intern\/parsed_images\/235030fa-bf8e-4326-b419-7e3f69e7679a.jpg 475w, https:\/\/www.ergowebinar.de\/intern\/parsed_images\/235030fa-bf8e-4326-b419-7e3f69e7679a.jpg 275w\" sizes=\"(max-width: 475px) 100vw, 475px\" itemprop=\"image\" \/>\r\n\t\t\t\t\t\t\t\t\t\t<h6>Sturzangst verstehen und behandeln [2FP]<\/h6>\r\n\t\t\t\t\t\t\t\t\t\t\t\t\t\t\t\t\t\t\t\t\t<p class=\"calendarline\"><img decoding=\"async\" class=\"calendar_icon\" src=\"https:\/\/www.ergowebinar.de\/intern\/images\/calendar.png\">12.10.2026 19:45 - 20:45<\/p>\t\r\n\t\t\t\t\t\t\t\t\t\t\t\t\t\t\t\t\t\t\t\t\t<p class=\"liquid_vc_single_text\">\r\nSturzangst ist ein weit verbreitetes, jedoch oft untersch&auml;tztes Problem. Im Webinar lernen Sie das Symptom fr&uuml;hzeitig zu erkennen und gezielte therapeutische Ma&szlig;nahmen zu ergreifen. Es ...<\/p>\r\n\t\t\t\t\t\t\t\t\t\t\t\t\t\t\t\t\t\t\t\t\t<p class=\"sempreis\">49 \u20ac<\/p>\r\n\t\t\t\t\t\t\t\t\t\t\t\t\t\t\t\t\t\t\t\t\t\t\t<p class=\"semmwst\"><\/p>\r\n\t\t\t\t\t\t\t\t\t\t\t\t\t\t\t\t\t\t\t\t\t\t\t\r\n\t\t\t\t\t\t\t\t\t<\/a>\r\n\t\t\t\t\t\t\t\t\t\r\n\t\t\t\t\t\t\t\t<\/figure>\r\n\t\t\t\t\t\t\t\t\r\n\t\t\t\t\t\t\t<\/div>\r\n\t\t\t\t\t\t\t\t\t\t\t\t\t\t\r\n\t\t\t\t\t\t<\/div>\r\n\t\t\t\t\t<\/div>\r\n\t\t\t\t<\/div>\r\n\t\t\t\t\t\t\t\t<div class=\"wpb_column vc_column_container vc_col-sm-2\">\r\n\t\t\t\t\t<div class=\"vc_column-inner \" >\r\n\t\t\t\t\t\t<div class=\"wpb_wrapper\" >\r\n\t\t\t\t\t\t\t<div class=\"wpb_single_image wpb_content_element vc_align_ liquid_vc_single_image\">\r\n\t\t\t\t\t\t\t\t\t\t\t\t\t\t\t\t\t<div class=\"sem_overlay\" ><a href=\"https:\/\/online.therapie.ergowebinar.de\/de\/e\/Schreibtraining-fuer-Erwachsene-nach-Schlaganfall-SHT-6-FP-226?\r\n\t\t\t\t\t\t\t\t\t\" class=\"btn btn-solid btn-xsm round border-thin btn-has-label jetztstartenbutton\">klicken f\u00fcr Details<\/a><\/div>\r\n\t\t\t\t\t\t\t\t\t\t\t\t\t\t\t\t\t<figure class=\"wpb_wrapper vc_figure\">\r\n\t\t\t\t\t\t\t\t\t<a href=\"online.therapie.ergowebinar.de\/de\/e\/Schreibtraining-fuer-Erwachsene-nach-Schlaganfall-SHT-6-FP-226?\r\n\t\t\t\t\t\t\t\t\t\" title=\"Sie sehen eine sitzende Person am Tisch, die mit der rechten Hand etwas notiert als Assoziation zum Webseminar Schreibtraining f\u00fcr Ergotherapie + Physiotherapie in der Rehabilitation von Schlaganfall + Apoplex in Klinik + Praxis\" target=\"_blank\">\r\n\t\t\t\t\t\t\t\t\t\t<img decoding=\"async\" width=\"475\" src=\"https:\/\/www.ergowebinar.de\/intern\/parsed_images\/8f9241de-a31e-490c-8ffb-87194c3f57fd.jpg\" class=\"vc_single_image-img attachment-full\" alt=\"Sie sehen eine sitzende Person am Tisch, die mit der rechten Hand etwas notiert als Assoziation zum Webseminar Schreibtraining f\u00fcr Ergotherapie + Physiotherapie in der Rehabilitation von Schlaganfall + Apoplex in Klinik + Praxis\" title=\"Sie sehen eine sitzende Person am Tisch, die mit der rechten Hand etwas notiert als Assoziation zum Webseminar Schreibtraining f\u00fcr Ergotherapie + Physiotherapie in der Rehabilitation von Schlaganfall + Apoplex in Klinik + Praxis\" srcset=\"https:\/\/www.ergowebinar.de\/intern\/parsed_images\/8f9241de-a31e-490c-8ffb-87194c3f57fd.jpg 475w, https:\/\/www.ergowebinar.de\/intern\/parsed_images\/8f9241de-a31e-490c-8ffb-87194c3f57fd.jpg 275w\" sizes=\"(max-width: 475px) 100vw, 475px\" itemprop=\"image\" \/>\r\n\t\t\t\t\t\t\t\t\t\t<h6>Schreibtraining f\u00fcr Erwachsene nach Schlaganfall + SHT [6 FP]<\/h6>\r\n\t\t\t\t\t\t\t\t\t\t\t\t\t\t\t\t\t\t\t\t\t<p class=\"calendarline\"><img decoding=\"async\" class=\"calendar_icon\" src=\"https:\/\/www.ergowebinar.de\/intern\/images\/calendar.png\">13.10.2026 10:00 - 15:00<\/p>\t\r\n\t\t\t\t\t\t\t\t\t\t\t\t\t\t\t\t\t\t\t\t\t<p class=\"liquid_vc_single_text\">\r\n\r\n\r\nDas Schreiben ist eine hoch gesch&auml;tzte Kulturtechnik, deren Wert oft erst bei Einschr&auml;nkung oder Verlust schmerzlich bewusst wird. Sich im privaten Bereich handschriftlich ausdr&uuml;cken ...<\/p>\r\n\t\t\t\t\t\t\t\t\t\t\t\t\t\t\t\t\t\t\t\t\t<p class=\"sempreis\">49 \u20ac<\/p>\r\n\t\t\t\t\t\t\t\t\t\t\t\t\t\t\t\t\t\t\t\t\t\t\t<p class=\"semmwst\"><\/p>\r\n\t\t\t\t\t\t\t\t\t\t\t\t\t\t\t\t\t\t\t\t\t\t\t\r\n\t\t\t\t\t\t\t\t\t<\/a>\r\n\t\t\t\t\t\t\t\t\t\r\n\t\t\t\t\t\t\t\t<\/figure>\r\n\t\t\t\t\t\t\t\t\r\n\t\t\t\t\t\t\t<\/div>\r\n\t\t\t\t\t\t\t\t\t\t\t\t\t\t\r\n\t\t\t\t\t\t<\/div>\r\n\t\t\t\t\t<\/div>\r\n\t\t\t\t<\/div>\r\n\t\t\t\t\t\t\t\t<div class=\"wpb_column vc_column_container vc_col-sm-2\">\r\n\t\t\t\t\t<div class=\"vc_column-inner \" >\r\n\t\t\t\t\t\t<div class=\"wpb_wrapper\" >\r\n\t\t\t\t\t\t\t<div class=\"wpb_single_image wpb_content_element vc_align_ liquid_vc_single_image\">\r\n\t\t\t\t\t\t\t\t\t\t\t\t\t\t\t\t\t<div class=\"sem_overlay\" ><a href=\"https:\/\/online.therapie.ergowebinar.de\/de\/e\/Hemianopsie-Therapie-in-der-fruehen-Phase-2FP-78?\r\n\t\t\t\t\t\t\t\t\t\" class=\"btn btn-solid btn-xsm round border-thin btn-has-label jetztstartenbutton\">klicken f\u00fcr Details<\/a><\/div>\r\n\t\t\t\t\t\t\t\t\t\t\t\t\t\t\t\t\t<figure class=\"wpb_wrapper vc_figure\">\r\n\t\t\t\t\t\t\t\t\t<a href=\"online.therapie.ergowebinar.de\/de\/e\/Hemianopsie-Therapie-in-der-fruehen-Phase-2FP-78?\r\n\t\t\t\t\t\t\t\t\t\" title=\"Sie sehen ein Frau sich schminkend vor dem Spiegel, wobei die eine Bildh\u00e4lfte ausgegraut ist, als Assoziation zum Webseminar \u00fcber Halbseitenblindheit f\u00fcr Ergotherapie + Physiotherapie in der Rehabilitation von Schlaganfall + Apoplex in Klinik + Praxis\" target=\"_blank\">\r\n\t\t\t\t\t\t\t\t\t\t<img decoding=\"async\" width=\"475\" src=\"https:\/\/www.ergowebinar.de\/intern\/parsed_images\/afc9e5a8-094c-4cbd-9ebb-064aa85786bf.jpg\" class=\"vc_single_image-img attachment-full\" alt=\"Sie sehen ein Frau sich schminkend vor dem Spiegel, wobei die eine Bildh\u00e4lfte ausgegraut ist, als Assoziation zum Webseminar \u00fcber Halbseitenblindheit f\u00fcr Ergotherapie + Physiotherapie in der Rehabilitation von Schlaganfall + Apoplex in Klinik + Praxis\" title=\"Sie sehen ein Frau sich schminkend vor dem Spiegel, wobei die eine Bildh\u00e4lfte ausgegraut ist, als Assoziation zum Webseminar \u00fcber Halbseitenblindheit f\u00fcr Ergotherapie + Physiotherapie in der Rehabilitation von Schlaganfall + Apoplex in Klinik + Praxis\" srcset=\"https:\/\/www.ergowebinar.de\/intern\/parsed_images\/afc9e5a8-094c-4cbd-9ebb-064aa85786bf.jpg 475w, https:\/\/www.ergowebinar.de\/intern\/parsed_images\/afc9e5a8-094c-4cbd-9ebb-064aa85786bf.jpg 275w\" sizes=\"(max-width: 475px) 100vw, 475px\" itemprop=\"image\" \/>\r\n\t\t\t\t\t\t\t\t\t\t<h6>Hemianopsie - Therapie in der fr\u00fchen Phase [2FP]<\/h6>\r\n\t\t\t\t\t\t\t\t\t\t\t\t\t\t\t\t\t\t\t\t\t<p class=\"calendarline\"><img decoding=\"async\" class=\"calendar_icon\" src=\"https:\/\/www.ergowebinar.de\/intern\/images\/calendar.png\">13.10.2026 17:30 - 18:30<\/p>\t\r\n\t\t\t\t\t\t\t\t\t\t\t\t\t\t\t\t\t\t\t\t\t<p class=\"liquid_vc_single_text\">\r\nDie Bedeutung einer Hemianopsie f&uuml;r die Betroffenen wird h&auml;ufig untersch&auml;tzt, obwohl sie gro&szlig;e Auswirkungen auf ihren Alltag und ihre Teilhabe hat. In den fr&uuml;hen Phasen eines ...<\/p>\r\n\t\t\t\t\t\t\t\t\t\t\t\t\t\t\t\t\t\t\t\t\t<p class=\"sempreis\">49 \u20ac<\/p>\r\n\t\t\t\t\t\t\t\t\t\t\t\t\t\t\t\t\t\t\t\t\t\t\t<p class=\"semmwst\"><\/p>\r\n\t\t\t\t\t\t\t\t\t\t\t\t\t\t\t\t\t\t\t\t\t\t\t\r\n\t\t\t\t\t\t\t\t\t<\/a>\r\n\t\t\t\t\t\t\t\t\t\r\n\t\t\t\t\t\t\t\t<\/figure>\r\n\t\t\t\t\t\t\t\t\r\n\t\t\t\t\t\t\t<\/div>\r\n\t\t\t\t\t\t\t\t\t\t\t\t\t\t\r\n\t\t\t\t\t\t<\/div>\r\n\t\t\t\t\t<\/div>\r\n\t\t\t\t<\/div>\r\n\t\t\t\t\t\t\t\t<div class=\"wpb_column vc_column_container vc_col-sm-2\">\r\n\t\t\t\t\t<div class=\"vc_column-inner \" >\r\n\t\t\t\t\t\t<div class=\"wpb_wrapper\" >\r\n\t\t\t\t\t\t\t<div class=\"wpb_single_image wpb_content_element vc_align_ liquid_vc_single_image\">\r\n\t\t\t\t\t\t\t\t\t\t\t\t\t\t\t\t\t<div class=\"sem_overlay\" ><a href=\"https:\/\/online.therapie.ergowebinar.de\/de\/e\/Hemianopsie-Therapie-in-der-spaeten-Phase-2FP-77?\r\n\t\t\t\t\t\t\t\t\t\" class=\"btn btn-solid btn-xsm round border-thin btn-has-label jetztstartenbutton\">klicken f\u00fcr Details<\/a><\/div>\r\n\t\t\t\t\t\t\t\t\t\t\t\t\t\t\t\t\t<figure class=\"wpb_wrapper vc_figure\">\r\n\t\t\t\t\t\t\t\t\t<a href=\"online.therapie.ergowebinar.de\/de\/e\/Hemianopsie-Therapie-in-der-spaeten-Phase-2FP-77?\r\n\t\t\t\t\t\t\t\t\t\" title=\"Sie sehen ein Bild mit kartenspielenden H\u00e4nden, wovon die eine Bildh\u00e4lfte ausgegraut ist, als Assoziation zum Webseminar zur Halbseitenblindheit f\u00fcr Ergotherapie + Physiotherapie in der Rehabilitation von Schlaganfall + Apoplex in Klinik + Praxis\" target=\"_blank\">\r\n\t\t\t\t\t\t\t\t\t\t<img decoding=\"async\" width=\"475\" src=\"https:\/\/www.ergowebinar.de\/intern\/parsed_images\/6ce0d19a-0d11-4d80-89ae-a33a19e9c23c.jpg\" class=\"vc_single_image-img attachment-full\" alt=\"Sie sehen ein Bild mit kartenspielenden H\u00e4nden, wovon die eine Bildh\u00e4lfte ausgegraut ist, als Assoziation zum Webseminar zur Halbseitenblindheit f\u00fcr Ergotherapie + Physiotherapie in der Rehabilitation von Schlaganfall + Apoplex in Klinik + Praxis\" title=\"Sie sehen ein Bild mit kartenspielenden H\u00e4nden, wovon die eine Bildh\u00e4lfte ausgegraut ist, als Assoziation zum Webseminar zur Halbseitenblindheit f\u00fcr Ergotherapie + Physiotherapie in der Rehabilitation von Schlaganfall + Apoplex in Klinik + Praxis\" srcset=\"https:\/\/www.ergowebinar.de\/intern\/parsed_images\/6ce0d19a-0d11-4d80-89ae-a33a19e9c23c.jpg 475w, https:\/\/www.ergowebinar.de\/intern\/parsed_images\/6ce0d19a-0d11-4d80-89ae-a33a19e9c23c.jpg 275w\" sizes=\"(max-width: 475px) 100vw, 475px\" itemprop=\"image\" \/>\r\n\t\t\t\t\t\t\t\t\t\t<h6>Hemianopsie - Therapie in der sp\u00e4ten Phase [2FP]<\/h6>\r\n\t\t\t\t\t\t\t\t\t\t\t\t\t\t\t\t\t\t\t\t\t<p class=\"calendarline\"><img decoding=\"async\" class=\"calendar_icon\" src=\"https:\/\/www.ergowebinar.de\/intern\/images\/calendar.png\">13.10.2026 19:00 - 20:00<\/p>\t\r\n\t\t\t\t\t\t\t\t\t\t\t\t\t\t\t\t\t\t\t\t\t<p class=\"liquid_vc_single_text\">\r\nIn den ersten Zeiten des Krankenhausaufenthaltes und der Rehabilitation lernen Menschen mit Hemianopsie oft nur einfache Strategien zur Kompensation des Defizits. Viele der hier ge&uuml;bten Inhalte ...<\/p>\r\n\t\t\t\t\t\t\t\t\t\t\t\t\t\t\t\t\t\t\t\t\t<p class=\"sempreis\">49 \u20ac<\/p>\r\n\t\t\t\t\t\t\t\t\t\t\t\t\t\t\t\t\t\t\t\t\t\t\t<p class=\"semmwst\"><\/p>\r\n\t\t\t\t\t\t\t\t\t\t\t\t\t\t\t\t\t\t\t\t\t\t\t\r\n\t\t\t\t\t\t\t\t\t<\/a>\r\n\t\t\t\t\t\t\t\t\t\r\n\t\t\t\t\t\t\t\t<\/figure>\r\n\t\t\t\t\t\t\t\t\r\n\t\t\t\t\t\t\t<\/div>\r\n\t\t\t\t\t\t\t\t\t\t\t\t\t\t\r\n\t\t\t\t\t\t<\/div>\r\n\t\t\t\t\t<\/div>\r\n\t\t\t\t<\/div>\r\n\t\t\t\t\t\t\t\t<div class=\"wpb_column vc_column_container vc_col-sm-2\">\r\n\t\t\t\t\t<div class=\"vc_column-inner \" >\r\n\t\t\t\t\t\t<div class=\"wpb_wrapper\" >\r\n\t\t\t\t\t\t\t<div class=\"wpb_single_image wpb_content_element vc_align_ liquid_vc_single_image\">\r\n\t\t\t\t\t\t\t\t\t\t\t\t\t\t\t\t\t<div class=\"sem_overlay\" ><a href=\"https:\/\/online.therapie.ergowebinar.de\/de\/e\/Das-neurogene-Thoracic-Outlet-Syndrom-2-FP-152?\r\n\t\t\t\t\t\t\t\t\t\" class=\"btn btn-solid btn-xsm round border-thin btn-has-label jetztstartenbutton\">klicken f\u00fcr Details<\/a><\/div>\r\n\t\t\t\t\t\t\t\t\t\t\t\t\t\t\t\t\t<figure class=\"wpb_wrapper vc_figure\">\r\n\t\t\t\t\t\t\t\t\t<a href=\"online.therapie.ergowebinar.de\/de\/e\/Das-neurogene-Thoracic-Outlet-Syndrom-2-FP-152?\r\n\t\t\t\t\t\t\t\t\t\" title=\"Sie sehen einen Mann von hinten, der den seitlich gestreckten Arm an einer Turnstange dehnt, als Assoziation zu Einklemmungssyndromen im Schulterg\u00fcrtel zum Webinar f\u00fcr Ergotherapie + Physiotherapie in der Orthop\u00e4die + Neurologie Reha in Klinik + Praxis\" target=\"_blank\">\r\n\t\t\t\t\t\t\t\t\t\t<img decoding=\"async\" width=\"475\" src=\"https:\/\/www.ergowebinar.de\/intern\/parsed_images\/aac74f26-fce5-487b-9252-e7014ce9b5b5.jpg\" class=\"vc_single_image-img attachment-full\" alt=\"Sie sehen einen Mann von hinten, der den seitlich gestreckten Arm an einer Turnstange dehnt, als Assoziation zu Einklemmungssyndromen im Schulterg\u00fcrtel zum Webinar f\u00fcr Ergotherapie + Physiotherapie in der Orthop\u00e4die + Neurologie Reha in Klinik + Praxis\" title=\"Sie sehen einen Mann von hinten, der den seitlich gestreckten Arm an einer Turnstange dehnt, als Assoziation zu Einklemmungssyndromen im Schulterg\u00fcrtel zum Webinar f\u00fcr Ergotherapie + Physiotherapie in der Orthop\u00e4die + Neurologie Reha in Klinik + Praxis\" srcset=\"https:\/\/www.ergowebinar.de\/intern\/parsed_images\/aac74f26-fce5-487b-9252-e7014ce9b5b5.jpg 475w, https:\/\/www.ergowebinar.de\/intern\/parsed_images\/aac74f26-fce5-487b-9252-e7014ce9b5b5.jpg 275w\" sizes=\"(max-width: 475px) 100vw, 475px\" itemprop=\"image\" \/>\r\n\t\t\t\t\t\t\t\t\t\t<h6>Das neurogene Thoracic-Outlet-Syndrom [2 FP]<\/h6>\r\n\t\t\t\t\t\t\t\t\t\t\t\t\t\t\t\t\t\t\t\t\t<p class=\"calendarline\"><img decoding=\"async\" class=\"calendar_icon\" src=\"https:\/\/www.ergowebinar.de\/intern\/images\/calendar.png\">13.10.2026 19:30 - 20:30<\/p>\t\r\n\t\t\t\t\t\t\t\t\t\t\t\t\t\t\t\t\t\t\t\t\t<p class=\"liquid_vc_single_text\">Das Thoracic-Outlet-Syndrom kann aus pathophysiologischer Sicht in drei Formen aufgeteilt werden. Das neurogene TOS ist die h&auml;ufigste Form und die Einzige, die konservativ behandelt werden kann. Hier ...<\/p>\r\n\t\t\t\t\t\t\t\t\t\t\t\t\t\t\t\t\t\t\t\t\t<p class=\"sempreis\">49 \u20ac<\/p>\r\n\t\t\t\t\t\t\t\t\t\t\t\t\t\t\t\t\t\t\t\t\t\t\t<p class=\"semmwst\"><\/p>\r\n\t\t\t\t\t\t\t\t\t\t\t\t\t\t\t\t\t\t\t\t\t\t\t\r\n\t\t\t\t\t\t\t\t\t<\/a>\r\n\t\t\t\t\t\t\t\t\t\r\n\t\t\t\t\t\t\t\t<\/figure>\r\n\t\t\t\t\t\t\t\t\r\n\t\t\t\t\t\t\t<\/div>\r\n\t\t\t\t\t\t\t\t\t\t\t\t\t\t\r\n\t\t\t\t\t\t<\/div>\r\n\t\t\t\t\t<\/div>\r\n\t\t\t\t<\/div>\r\n\t\t\t\t\t\t\t\t<div class=\"wpb_column vc_column_container vc_col-sm-2\">\r\n\t\t\t\t\t<div class=\"vc_column-inner \" >\r\n\t\t\t\t\t\t<div class=\"wpb_wrapper\" >\r\n\t\t\t\t\t\t\t<div class=\"wpb_single_image wpb_content_element vc_align_ liquid_vc_single_image\">\r\n\t\t\t\t\t\t\t\t\t\t\t\t\t\t\t\t\t<div class=\"sem_overlay\" ><a href=\"https:\/\/online.therapie.ergowebinar.de\/de\/e\/Der-N-Ulnaris-unter-Druck-2FP-125?\r\n\t\t\t\t\t\t\t\t\t\" class=\"btn btn-solid btn-xsm round border-thin btn-has-label jetztstartenbutton\">klicken f\u00fcr Details<\/a><\/div>\r\n\t\t\t\t\t\t\t\t\t\t\t\t\t\t\t\t\t<figure class=\"wpb_wrapper vc_figure\">\r\n\t\t\t\t\t\t\t\t\t<a href=\"online.therapie.ergowebinar.de\/de\/e\/Der-N-Ulnaris-unter-Druck-2FP-125?\r\n\t\t\t\t\t\t\t\t\t\" title=\"Sie sehen einen Handr\u00fccken mit leicht gebeugten Fingern als Assoziation zum Webseminar \u00fcber Nervus Ulnaris Verletzungen f\u00fcr Ergotherapie + Physiotherapie in der Rehabilitation peripeheren Nervenl\u00e4sionen in der Handreha in Klinik + Praxis\" target=\"_blank\">\r\n\t\t\t\t\t\t\t\t\t\t<img decoding=\"async\" width=\"475\" src=\"https:\/\/www.ergowebinar.de\/intern\/parsed_images\/073d1861-00c1-4cc8-a993-74a1c7eacf85.jpg\" class=\"vc_single_image-img attachment-full\" alt=\"Sie sehen einen Handr\u00fccken mit leicht gebeugten Fingern als Assoziation zum Webseminar \u00fcber Nervus Ulnaris Verletzungen f\u00fcr Ergotherapie + Physiotherapie in der Rehabilitation peripeheren Nervenl\u00e4sionen in der Handreha in Klinik + Praxis\" title=\"Sie sehen einen Handr\u00fccken mit leicht gebeugten Fingern als Assoziation zum Webseminar \u00fcber Nervus Ulnaris Verletzungen f\u00fcr Ergotherapie + Physiotherapie in der Rehabilitation peripeheren Nervenl\u00e4sionen in der Handreha in Klinik + Praxis\" srcset=\"https:\/\/www.ergowebinar.de\/intern\/parsed_images\/073d1861-00c1-4cc8-a993-74a1c7eacf85.jpg 475w, https:\/\/www.ergowebinar.de\/intern\/parsed_images\/073d1861-00c1-4cc8-a993-74a1c7eacf85.jpg 275w\" sizes=\"(max-width: 475px) 100vw, 475px\" itemprop=\"image\" \/>\r\n\t\t\t\t\t\t\t\t\t\t<h6>Der N. Ulnaris unter Druck [2FP]<\/h6>\r\n\t\t\t\t\t\t\t\t\t\t\t\t\t\t\t\t\t\t\t\t\t<p class=\"calendarline\"><img decoding=\"async\" class=\"calendar_icon\" src=\"https:\/\/www.ergowebinar.de\/intern\/images\/calendar.png\">13.10.2026 20:00 - 21:00<\/p>\t\r\n\t\t\t\t\t\t\t\t\t\t\t\t\t\t\t\t\t\t\t\t\t<p class=\"liquid_vc_single_text\">Was passiert bei einem N. Ulnaris unter Druck. Wie &auml;u&szlig;ert sich die Kompression? Was kann ich therapeutisch anbieten? Welche Ma&szlig;nahmen und &Uuml;bungen f&uuml;r den Alltag gebe ich dem ...<\/p>\r\n\t\t\t\t\t\t\t\t\t\t\t\t\t\t\t\t\t\t\t\t\t<p class=\"sempreis\">49 \u20ac<\/p>\r\n\t\t\t\t\t\t\t\t\t\t\t\t\t\t\t\t\t\t\t\t\t\t\t<p class=\"semmwst\"><\/p>\r\n\t\t\t\t\t\t\t\t\t\t\t\t\t\t\t\t\t\t\t\t\t\t\t\r\n\t\t\t\t\t\t\t\t\t<\/a>\r\n\t\t\t\t\t\t\t\t\t\r\n\t\t\t\t\t\t\t\t<\/figure>\r\n\t\t\t\t\t\t\t\t\r\n\t\t\t\t\t\t\t<\/div>\r\n\t\t\t\t\t\t\t\t\t\t\t\t\t\t\r\n\t\t\t\t\t\t<\/div>\r\n\t\t\t\t\t<\/div>\r\n\t\t\t\t<\/div>\r\n\t\t\t\t\t\t\t\t<div class=\"wpb_column vc_column_container vc_col-sm-2\">\r\n\t\t\t\t\t<div class=\"vc_column-inner \" >\r\n\t\t\t\t\t\t<div class=\"wpb_wrapper\" >\r\n\t\t\t\t\t\t\t<div class=\"wpb_single_image wpb_content_element vc_align_ liquid_vc_single_image\">\r\n\t\t\t\t\t\t\t\t\t\t\t\t\t\t\t\t\t<div class=\"sem_overlay\" ><a href=\"https:\/\/online.therapie.ergowebinar.de\/de\/e\/Korsakow-ergotherapeutische-Anamnese-und-Befund-2-FP-46?\r\n\t\t\t\t\t\t\t\t\t\" class=\"btn btn-solid btn-xsm round border-thin btn-has-label jetztstartenbutton\">klicken f\u00fcr Details<\/a><\/div>\r\n\t\t\t\t\t\t\t\t\t\t\t\t\t\t\t\t\t<figure class=\"wpb_wrapper vc_figure\">\r\n\t\t\t\t\t\t\t\t\t<a href=\"online.therapie.ergowebinar.de\/de\/e\/Korsakow-ergotherapeutische-Anamnese-und-Befund-2-FP-46?\r\n\t\t\t\t\t\t\t\t\t\" title=\"Sie sehen einen am Tisch sitzenden Mann, der verzweifelt den Kopf abst\u00fctzt, als Assoziation zum Webseminar \u00fcber die Therapie bei Korsakow-Demenz f\u00fcr Ergotherapie in der Rehabilitation, Geriatrie, Suchttherapie in Klinik + Praxis\" target=\"_blank\">\r\n\t\t\t\t\t\t\t\t\t\t<img decoding=\"async\" width=\"475\" src=\"https:\/\/www.ergowebinar.de\/intern\/parsed_images\/69a2faa0-ca29-4122-9df2-1a315b4b5477.jpg\" class=\"vc_single_image-img attachment-full\" alt=\"Sie sehen einen am Tisch sitzenden Mann, der verzweifelt den Kopf abst\u00fctzt, als Assoziation zum Webseminar \u00fcber die Therapie bei Korsakow-Demenz f\u00fcr Ergotherapie in der Rehabilitation, Geriatrie, Suchttherapie in Klinik + Praxis\" title=\"Sie sehen einen am Tisch sitzenden Mann, der verzweifelt den Kopf abst\u00fctzt, als Assoziation zum Webseminar \u00fcber die Therapie bei Korsakow-Demenz f\u00fcr Ergotherapie in der Rehabilitation, Geriatrie, Suchttherapie in Klinik + Praxis\" srcset=\"https:\/\/www.ergowebinar.de\/intern\/parsed_images\/69a2faa0-ca29-4122-9df2-1a315b4b5477.jpg 475w, https:\/\/www.ergowebinar.de\/intern\/parsed_images\/69a2faa0-ca29-4122-9df2-1a315b4b5477.jpg 275w\" sizes=\"(max-width: 475px) 100vw, 475px\" itemprop=\"image\" \/>\r\n\t\t\t\t\t\t\t\t\t\t<h6>Korsakow - ergotherapeutische Anamnese und Befund [2 FP]<\/h6>\r\n\t\t\t\t\t\t\t\t\t\t\t\t\t\t\t\t\t\t\t\t\t<p class=\"calendarline\"><img decoding=\"async\" class=\"calendar_icon\" src=\"https:\/\/www.ergowebinar.de\/intern\/images\/calendar.png\">14.10.2026 17:45 - 18:45<\/p>\t\r\n\t\t\t\t\t\t\t\t\t\t\t\t\t\t\t\t\t\t\t\t\t<p class=\"liquid_vc_single_text\">Der orientierende und der vertiefte Befundaufnahmeprozess sind die halbe Miete! Dieses Webinar vermittelt den grundlegenden Behandlungsansatz bei Korsakow nach Gudrun Schaade. Schwerpunkt und Grundlage ...<\/p>\r\n\t\t\t\t\t\t\t\t\t\t\t\t\t\t\t\t\t\t\t\t\t<p class=\"sempreis\">49 \u20ac<\/p>\r\n\t\t\t\t\t\t\t\t\t\t\t\t\t\t\t\t\t\t\t\t\t\t\t<p class=\"semmwst\"><\/p>\r\n\t\t\t\t\t\t\t\t\t\t\t\t\t\t\t\t\t\t\t\t\t\t\t\r\n\t\t\t\t\t\t\t\t\t<\/a>\r\n\t\t\t\t\t\t\t\t\t\r\n\t\t\t\t\t\t\t\t<\/figure>\r\n\t\t\t\t\t\t\t\t\r\n\t\t\t\t\t\t\t<\/div>\r\n\t\t\t\t\t\t\t\t\t\t\t\t\t\t\r\n\t\t\t\t\t\t<\/div>\r\n\t\t\t\t\t<\/div>\r\n\t\t\t\t<\/div>\r\n\t\t\t\t\t\t\t\t<div class=\"wpb_column vc_column_container vc_col-sm-2\">\r\n\t\t\t\t\t<div class=\"vc_column-inner \" >\r\n\t\t\t\t\t\t<div class=\"wpb_wrapper\" >\r\n\t\t\t\t\t\t\t<div class=\"wpb_single_image wpb_content_element vc_align_ liquid_vc_single_image\">\r\n\t\t\t\t\t\t\t\t\t\t\t\t\t\t\t\t\t<div class=\"sem_overlay\" ><a href=\"https:\/\/online.therapie.ergowebinar.de\/de\/e\/Ueberlastungssyndrome-im-Ellenbogenbereich-2FP-116?\r\n\t\t\t\t\t\t\t\t\t\" class=\"btn btn-solid btn-xsm round border-thin btn-has-label jetztstartenbutton\">klicken f\u00fcr Details<\/a><\/div>\r\n\t\t\t\t\t\t\t\t\t\t\t\t\t\t\t\t\t<figure class=\"wpb_wrapper vc_figure\">\r\n\t\t\t\t\t\t\t\t\t<a href=\"online.therapie.ergowebinar.de\/de\/e\/Ueberlastungssyndrome-im-Ellenbogenbereich-2FP-116?\r\n\t\t\t\t\t\t\t\t\t\" title=\"Sie sehen einen Sportler, der an seinen schmerzenden Unterarm fasst, als Assoziation zum Webseminar zu \u00dcberlastungssyndromen am Ellenbogen f\u00fcr Ergotherapie + Physiotherapie in der Orthop\u00e4die und Neurologie in Klinik + Praxis\" target=\"_blank\">\r\n\t\t\t\t\t\t\t\t\t\t<img decoding=\"async\" width=\"475\" src=\"https:\/\/www.ergowebinar.de\/intern\/parsed_images\/16cc3d7e-934e-400e-9abd-f34b6332a01e.jpg\" class=\"vc_single_image-img attachment-full\" alt=\"Sie sehen einen Sportler, der an seinen schmerzenden Unterarm fasst, als Assoziation zum Webseminar zu \u00dcberlastungssyndromen am Ellenbogen f\u00fcr Ergotherapie + Physiotherapie in der Orthop\u00e4die und Neurologie in Klinik + Praxis\" title=\"Sie sehen einen Sportler, der an seinen schmerzenden Unterarm fasst, als Assoziation zum Webseminar zu \u00dcberlastungssyndromen am Ellenbogen f\u00fcr Ergotherapie + Physiotherapie in der Orthop\u00e4die und Neurologie in Klinik + Praxis\" srcset=\"https:\/\/www.ergowebinar.de\/intern\/parsed_images\/16cc3d7e-934e-400e-9abd-f34b6332a01e.jpg 475w, https:\/\/www.ergowebinar.de\/intern\/parsed_images\/16cc3d7e-934e-400e-9abd-f34b6332a01e.jpg 275w\" sizes=\"(max-width: 475px) 100vw, 475px\" itemprop=\"image\" \/>\r\n\t\t\t\t\t\t\t\t\t\t<h6>\u00dcberlastungssyndrome im Ellenbogenbereich [2FP]<\/h6>\r\n\t\t\t\t\t\t\t\t\t\t\t\t\t\t\t\t\t\t\t\t\t<p class=\"calendarline\"><img decoding=\"async\" class=\"calendar_icon\" src=\"https:\/\/www.ergowebinar.de\/intern\/images\/calendar.png\">14.10.2026 18:00 - 19:00<\/p>\t\r\n\t\t\t\t\t\t\t\t\t\t\t\t\t\t\t\t\t\t\t\t\t<p class=\"liquid_vc_single_text\">In der oberen Extremit&auml;t gibt es eine Vielzahl an K&ouml;rperstrukturen die aufgrund von au&szlig;ergew&ouml;hnlich anstrengenden Bewegungen oder Haltungen Beschwerden verursachen k&ouml;nnen. In ...<\/p>\r\n\t\t\t\t\t\t\t\t\t\t\t\t\t\t\t\t\t\t\t\t\t<p class=\"sempreis\">49 \u20ac<\/p>\r\n\t\t\t\t\t\t\t\t\t\t\t\t\t\t\t\t\t\t\t\t\t\t\t<p class=\"semmwst\"><\/p>\r\n\t\t\t\t\t\t\t\t\t\t\t\t\t\t\t\t\t\t\t\t\t\t\t\r\n\t\t\t\t\t\t\t\t\t<\/a>\r\n\t\t\t\t\t\t\t\t\t\r\n\t\t\t\t\t\t\t\t<\/figure>\r\n\t\t\t\t\t\t\t\t\r\n\t\t\t\t\t\t\t<\/div>\r\n\t\t\t\t\t\t\t\t\t\t\t\t\t\t\r\n\t\t\t\t\t\t<\/div>\r\n\t\t\t\t\t<\/div>\r\n\t\t\t\t<\/div>\r\n\t\t\t\t\t\t\t\t<div class=\"wpb_column vc_column_container vc_col-sm-2\">\r\n\t\t\t\t\t<div class=\"vc_column-inner \" >\r\n\t\t\t\t\t\t<div class=\"wpb_wrapper\" >\r\n\t\t\t\t\t\t\t<div class=\"wpb_single_image wpb_content_element vc_align_ liquid_vc_single_image\">\r\n\t\t\t\t\t\t\t\t\t\t\t\t\t\t\t\t\t<div class=\"sem_overlay\" ><a href=\"https:\/\/online.therapie.ergowebinar.de\/de\/e\/Ueberlastungssyndrome-im-Hand-und-Fingerbereich-2-FP-117?\r\n\t\t\t\t\t\t\t\t\t\" class=\"btn btn-solid btn-xsm round border-thin btn-has-label jetztstartenbutton\">klicken f\u00fcr Details<\/a><\/div>\r\n\t\t\t\t\t\t\t\t\t\t\t\t\t\t\t\t\t<figure class=\"wpb_wrapper vc_figure\">\r\n\t\t\t\t\t\t\t\t\t<a href=\"online.therapie.ergowebinar.de\/de\/e\/Ueberlastungssyndrome-im-Hand-und-Fingerbereich-2-FP-117?\r\n\t\t\t\t\t\t\t\t\t\" title=\"Sie sehen eine Person, die auf einem bemehlten Tisch einen Brotlaib knetet, als Assoziation zum Webseminar zu \u00dcberlastungssyndromen im Finger un Handbereich f\u00fcr Ergotherapie + Physiotherapie in der Handreha, Orthop\u00e4die und Neuroreha in Klinik + Praxis\" target=\"_blank\">\r\n\t\t\t\t\t\t\t\t\t\t<img decoding=\"async\" width=\"475\" src=\"https:\/\/www.ergowebinar.de\/intern\/parsed_images\/190cedd7-1d87-47c6-b45f-fb9ebea95b75.jpg\" class=\"vc_single_image-img attachment-full\" alt=\"Sie sehen eine Person, die auf einem bemehlten Tisch einen Brotlaib knetet, als Assoziation zum Webseminar zu \u00dcberlastungssyndromen im Finger un Handbereich f\u00fcr Ergotherapie + Physiotherapie in der Handreha, Orthop\u00e4die und Neuroreha in Klinik + Praxis\" title=\"Sie sehen eine Person, die auf einem bemehlten Tisch einen Brotlaib knetet, als Assoziation zum Webseminar zu \u00dcberlastungssyndromen im Finger un Handbereich f\u00fcr Ergotherapie + Physiotherapie in der Handreha, Orthop\u00e4die und Neuroreha in Klinik + Praxis\" srcset=\"https:\/\/www.ergowebinar.de\/intern\/parsed_images\/190cedd7-1d87-47c6-b45f-fb9ebea95b75.jpg 475w, https:\/\/www.ergowebinar.de\/intern\/parsed_images\/190cedd7-1d87-47c6-b45f-fb9ebea95b75.jpg 275w\" sizes=\"(max-width: 475px) 100vw, 475px\" itemprop=\"image\" \/>\r\n\t\t\t\t\t\t\t\t\t\t<h6>\u00dcberlastungssyndrome im Hand\u2010 und Fingerbereich [2 FP]<\/h6>\r\n\t\t\t\t\t\t\t\t\t\t\t\t\t\t\t\t\t\t\t\t\t<p class=\"calendarline\"><img decoding=\"async\" class=\"calendar_icon\" src=\"https:\/\/www.ergowebinar.de\/intern\/images\/calendar.png\">14.10.2026 19:30 - 20:30<\/p>\t\r\n\t\t\t\t\t\t\t\t\t\t\t\t\t\t\t\t\t\t\t\t\t<p class=\"liquid_vc_single_text\">An den H&auml;nden gibt es eine Vielzahl an Strukturen, die aufgrund von repetitiver Belastung beim Greifen und Halten Beschwerden verursachen k&ouml;nnen. Hier stelle ich Vorgehensweisen in der ergotherapeutischen ...<\/p>\r\n\t\t\t\t\t\t\t\t\t\t\t\t\t\t\t\t\t\t\t\t\t<p class=\"sempreis\">49 \u20ac<\/p>\r\n\t\t\t\t\t\t\t\t\t\t\t\t\t\t\t\t\t\t\t\t\t\t\t<p class=\"semmwst\"><\/p>\r\n\t\t\t\t\t\t\t\t\t\t\t\t\t\t\t\t\t\t\t\t\t\t\t\r\n\t\t\t\t\t\t\t\t\t<\/a>\r\n\t\t\t\t\t\t\t\t\t\r\n\t\t\t\t\t\t\t\t<\/figure>\r\n\t\t\t\t\t\t\t\t\r\n\t\t\t\t\t\t\t<\/div>\r\n\t\t\t\t\t\t\t\t\t\t\t\t\t\t\r\n\t\t\t\t\t\t<\/div>\r\n\t\t\t\t\t<\/div>\r\n\t\t\t\t<\/div>\r\n\t\t\t\t\t\t\t\t<div class=\"wpb_column vc_column_container vc_col-sm-2\">\r\n\t\t\t\t\t<div class=\"vc_column-inner \" >\r\n\t\t\t\t\t\t<div class=\"wpb_wrapper\" >\r\n\t\t\t\t\t\t\t<div class=\"wpb_single_image wpb_content_element vc_align_ liquid_vc_single_image\">\r\n\t\t\t\t\t\t\t\t\t\t\t\t\t\t\t\t\t<div class=\"sem_overlay\" ><a href=\"#4637ce87-7921-4d0b-bda0-7eb8ab5a90db\" class=\"btn btn-solid btn-xsm round border-thin btn-has-label nichtdabutton\">8 Tage nach Ablauf des<br>Vorg\u00e4ngers buchbar<\/a><\/div>\r\n\t\t\t\t\t\t\t\t\t\t\t\t\t\t\t\t\t<figure class=\"wpb_wrapper vc_figure\">\r\n\t\t\t\t\t\t\t\t\t<a href=\"online.therapie.ergowebinar.de\/de\/e\/Stroke-Unit-Therapieaktivitaeten-am-Bett-2FP-107?\r\n\t\t\t\t\t\t\t\t\t\" title=\"Sie sehen  eine Person in einem Pflegebett auf einer Krankenhausstation als Assoziation zum Webseminar \u00fcber therapeutische Bewegungsm\u00f6glichkeiten am Bett f\u00fcr Ergotherapie + Physiotherapie in der Rehabilitation von Schlaganfall + Apoplex in der Klinik\" target=\"_blank\">\r\n\t\t\t\t\t\t\t\t\t\t<img decoding=\"async\" width=\"475\" src=\"https:\/\/www.ergowebinar.de\/intern\/parsed_images\/49e48165-00e2-4abb-90f3-b4e32f7301f3.jpg\" class=\"vc_single_image-img attachment-full\" alt=\"Sie sehen  eine Person in einem Pflegebett auf einer Krankenhausstation als Assoziation zum Webseminar \u00fcber therapeutische Bewegungsm\u00f6glichkeiten am Bett f\u00fcr Ergotherapie + Physiotherapie in der Rehabilitation von Schlaganfall + Apoplex in der Klinik\" title=\"Sie sehen  eine Person in einem Pflegebett auf einer Krankenhausstation als Assoziation zum Webseminar \u00fcber therapeutische Bewegungsm\u00f6glichkeiten am Bett f\u00fcr Ergotherapie + Physiotherapie in der Rehabilitation von Schlaganfall + Apoplex in der Klinik\" srcset=\"https:\/\/www.ergowebinar.de\/intern\/parsed_images\/49e48165-00e2-4abb-90f3-b4e32f7301f3.jpg 475w, https:\/\/www.ergowebinar.de\/intern\/parsed_images\/49e48165-00e2-4abb-90f3-b4e32f7301f3.jpg 275w\" sizes=\"(max-width: 475px) 100vw, 475px\" itemprop=\"image\" \/>\r\n\t\t\t\t\t\t\t\t\t\t<h6>Stroke Unit - Therapieaktivit\u00e4ten am Bett [2FP]<\/h6>\r\n\t\t\t\t\t\t\t\t\t\t\t\t\t\t\t\t\t\t\t\t\t<p class=\"calendarline\"><img decoding=\"async\" class=\"calendar_icon\" src=\"https:\/\/www.ergowebinar.de\/intern\/images\/calendar.png\">15.10.2026 17:30 - 18:30<\/p>\t\r\n\t\t\t\t\t\t\t\t\t\t\t\t\t\t\t\t\t\t\t\t\t<p class=\"liquid_vc_single_text\">Time is brain &ndash; oder: jede Sekunde z&auml;hlt! Das gilt insbesondere auch f&uuml;r den fr&uuml;hen Start der Rehabilitation nach Schlaganfall. Denn je fr&uuml;her Therapien gezielt beginnen, desto ...<\/p>\r\n\t\t\t\t\t\t\t\t\t\t\t\t\t\t\t\t\t\t\t\t\t<p class=\"sempreis\">49 \u20ac<\/p>\r\n\t\t\t\t\t\t\t\t\t\t\t\t\t\t\t\t\t\t\t\t\t\t\t<p class=\"semmwst\"><\/p>\r\n\t\t\t\t\t\t\t\t\t\t\t\t\t\t\t\t\t\t\t\t\t\t\t\r\n\t\t\t\t\t\t\t\t\t<\/a>\r\n\t\t\t\t\t\t\t\t\t\r\n\t\t\t\t\t\t\t\t<\/figure>\r\n\t\t\t\t\t\t\t\t\r\n\t\t\t\t\t\t\t<\/div>\r\n\t\t\t\t\t\t\t\t\t\t\t\t\t\t\r\n\t\t\t\t\t\t<\/div>\r\n\t\t\t\t\t<\/div>\r\n\t\t\t\t<\/div>\r\n\t\t\t\t\t\t\t\t<div class=\"wpb_column vc_column_container vc_col-sm-2\">\r\n\t\t\t\t\t<div class=\"vc_column-inner \" >\r\n\t\t\t\t\t\t<div class=\"wpb_wrapper\" >\r\n\t\t\t\t\t\t\t<div class=\"wpb_single_image wpb_content_element vc_align_ liquid_vc_single_image\">\r\n\t\t\t\t\t\t\t\t\t\t\t\t\t\t\t\t\t<div class=\"sem_overlay\" ><a href=\"https:\/\/online.therapie.ergowebinar.de\/de\/e\/Pusher-Syndrom-Therapie-bei-ausgepraegter-Symptomatik-2FP-55?\r\n\t\t\t\t\t\t\t\t\t\" class=\"btn btn-solid btn-xsm round border-thin btn-has-label jetztstartenbutton\">klicken f\u00fcr Details<\/a><\/div>\r\n\t\t\t\t\t\t\t\t\t\t\t\t\t\t\t\t\t<figure class=\"wpb_wrapper vc_figure\">\r\n\t\t\t\t\t\t\t\t\t<a href=\"online.therapie.ergowebinar.de\/de\/e\/Pusher-Syndrom-Therapie-bei-ausgepraegter-Symptomatik-2FP-55?\r\n\t\t\t\t\t\t\t\t\t\" title=\"Sie sehen ein Whiskeyglas mit Wasser, einem Goldfisch und schiefem Wasserspiegel als Assoziation zum Webseminar \u00fcber Drucksymptomatik f\u00fcr Ergotherapie + Physiotherapie in der Rehabilitation von Schlaganfall + Apoplex in Klinik + Praxis\" target=\"_blank\">\r\n\t\t\t\t\t\t\t\t\t\t<img decoding=\"async\" width=\"475\" src=\"https:\/\/www.ergowebinar.de\/intern\/parsed_images\/a013bcfb-0695-4349-b514-1a0dd6e10437.jpg\" class=\"vc_single_image-img attachment-full\" alt=\"Sie sehen ein Whiskeyglas mit Wasser, einem Goldfisch und schiefem Wasserspiegel als Assoziation zum Webseminar \u00fcber Drucksymptomatik f\u00fcr Ergotherapie + Physiotherapie in der Rehabilitation von Schlaganfall + Apoplex in Klinik + Praxis\" title=\"Sie sehen ein Whiskeyglas mit Wasser, einem Goldfisch und schiefem Wasserspiegel als Assoziation zum Webseminar \u00fcber Drucksymptomatik f\u00fcr Ergotherapie + Physiotherapie in der Rehabilitation von Schlaganfall + Apoplex in Klinik + Praxis\" srcset=\"https:\/\/www.ergowebinar.de\/intern\/parsed_images\/a013bcfb-0695-4349-b514-1a0dd6e10437.jpg 475w, https:\/\/www.ergowebinar.de\/intern\/parsed_images\/a013bcfb-0695-4349-b514-1a0dd6e10437.jpg 275w\" sizes=\"(max-width: 475px) 100vw, 475px\" itemprop=\"image\" \/>\r\n\t\t\t\t\t\t\t\t\t\t<h6>Pusher-Syndrom - Therapie bei ausgepr\u00e4gter Symptomatik [2FP]<\/h6>\r\n\t\t\t\t\t\t\t\t\t\t\t\t\t\t\t\t\t\t\t\t\t<p class=\"calendarline\"><img decoding=\"async\" class=\"calendar_icon\" src=\"https:\/\/www.ergowebinar.de\/intern\/images\/calendar.png\">19.10.2026 17:00 - 18:00<\/p>\t\r\n\t\t\t\t\t\t\t\t\t\t\t\t\t\t\t\t\t\t\t\t\t<p class=\"liquid_vc_single_text\">Handlungsspielraum erm&ouml;glichen - viele Betroffene mit Pusher-Syndrom sind in ihrer Handlungsf&auml;higkeit deutlich einschr&auml;nkt. In diesem Webinar zeige ich schwerpunktm&auml;&szlig;ig basale ...<\/p>\r\n\t\t\t\t\t\t\t\t\t\t\t\t\t\t\t\t\t\t\t\t\t<p class=\"sempreis\">49 \u20ac<\/p>\r\n\t\t\t\t\t\t\t\t\t\t\t\t\t\t\t\t\t\t\t\t\t\t\t<p class=\"semmwst\"><\/p>\r\n\t\t\t\t\t\t\t\t\t\t\t\t\t\t\t\t\t\t\t\t\t\t\t\r\n\t\t\t\t\t\t\t\t\t<\/a>\r\n\t\t\t\t\t\t\t\t\t\r\n\t\t\t\t\t\t\t\t<\/figure>\r\n\t\t\t\t\t\t\t\t\r\n\t\t\t\t\t\t\t<\/div>\r\n\t\t\t\t\t\t\t\t\t\t\t\t\t\t\r\n\t\t\t\t\t\t<\/div>\r\n\t\t\t\t\t<\/div>\r\n\t\t\t\t<\/div>\r\n\t\t\t\t\t\t\t\t<div class=\"wpb_column vc_column_container vc_col-sm-2\">\r\n\t\t\t\t\t<div class=\"vc_column-inner \" >\r\n\t\t\t\t\t\t<div class=\"wpb_wrapper\" >\r\n\t\t\t\t\t\t\t<div class=\"wpb_single_image wpb_content_element vc_align_ liquid_vc_single_image\">\r\n\t\t\t\t\t\t\t\t\t\t\t\t\t\t\t\t\t<div class=\"sem_overlay\" ><a href=\"#4637ce87-7921-4d0b-bda0-7eb8ab5a90db\" class=\"btn btn-solid btn-xsm round border-thin btn-has-label nichtdabutton\">8 Tage nach Ablauf des<br>Vorg\u00e4ngers buchbar<\/a><\/div>\r\n\t\t\t\t\t\t\t\t\t\t\t\t\t\t\t\t\t<figure class=\"wpb_wrapper vc_figure\">\r\n\t\t\t\t\t\t\t\t\t<a href=\"online.therapie.ergowebinar.de\/de\/e\/Das-Rote-Mosaik-Therapiematerial-vorgestellt-2FP-335?\r\n\t\t\t\t\t\t\t\t\t\" title=\"Sie sehen mehrere Teile des Therapiematerials Rotes Mosaik von Verena Schweizer als Symbol zum Webseminar f\u00fcr Ergotherapie + Physiotherapie in der Reha bei kognitiven Einschr\u00e4nkungen bei Schlaganfall + \u00e4hnlichen Erkrankungen in Klinik + Praxis\" target=\"_blank\">\r\n\t\t\t\t\t\t\t\t\t\t<img decoding=\"async\" width=\"475\" src=\"https:\/\/www.ergowebinar.de\/intern\/parsed_images\/65ec580c-4640-44be-9558-ed0213b25460.jpg\" class=\"vc_single_image-img attachment-full\" alt=\"Sie sehen mehrere Teile des Therapiematerials Rotes Mosaik von Verena Schweizer als Symbol zum Webseminar f\u00fcr Ergotherapie + Physiotherapie in der Reha bei kognitiven Einschr\u00e4nkungen bei Schlaganfall + \u00e4hnlichen Erkrankungen in Klinik + Praxis\" title=\"Sie sehen mehrere Teile des Therapiematerials Rotes Mosaik von Verena Schweizer als Symbol zum Webseminar f\u00fcr Ergotherapie + Physiotherapie in der Reha bei kognitiven Einschr\u00e4nkungen bei Schlaganfall + \u00e4hnlichen Erkrankungen in Klinik + Praxis\" srcset=\"https:\/\/www.ergowebinar.de\/intern\/parsed_images\/65ec580c-4640-44be-9558-ed0213b25460.jpg 475w, https:\/\/www.ergowebinar.de\/intern\/parsed_images\/65ec580c-4640-44be-9558-ed0213b25460.jpg 275w\" sizes=\"(max-width: 475px) 100vw, 475px\" itemprop=\"image\" \/>\r\n\t\t\t\t\t\t\t\t\t\t<h6>Das Rote Mosaik - Therapiematerial vorgestellt [2FP]<\/h6>\r\n\t\t\t\t\t\t\t\t\t\t\t\t\t\t\t\t\t\t\t\t\t<p class=\"calendarline\"><img decoding=\"async\" class=\"calendar_icon\" src=\"https:\/\/www.ergowebinar.de\/intern\/images\/calendar.png\">19.10.2026 18:00 - 19:00<\/p>\t\r\n\t\t\t\t\t\t\t\t\t\t\t\t\t\t\t\t\t\t\t\t\t<p class=\"liquid_vc_single_text\">\r\nDas Neurotraining wurde f&uuml;r die therapeutische Arbeit im kognitiven Bereich f&uuml;r Erwachsene entwickelt. Heutzutage findet das Neurotraining in fast allen Fachbereichen wie auch in der P&auml;diatrie, ...<\/p>\r\n\t\t\t\t\t\t\t\t\t\t\t\t\t\t\t\t\t\t\t\t\t<p class=\"sempreis\">49 \u20ac<\/p>\r\n\t\t\t\t\t\t\t\t\t\t\t\t\t\t\t\t\t\t\t\t\t\t\t<p class=\"semmwst\"><\/p>\r\n\t\t\t\t\t\t\t\t\t\t\t\t\t\t\t\t\t\t\t\t\t\t\t\r\n\t\t\t\t\t\t\t\t\t<\/a>\r\n\t\t\t\t\t\t\t\t\t\r\n\t\t\t\t\t\t\t\t<\/figure>\r\n\t\t\t\t\t\t\t\t\r\n\t\t\t\t\t\t\t<\/div>\r\n\t\t\t\t\t\t\t\t\t\t\t\t\t\t\r\n\t\t\t\t\t\t<\/div>\r\n\t\t\t\t\t<\/div>\r\n\t\t\t\t<\/div>\r\n\t\t\t\t\t\t\t\t<div class=\"wpb_column vc_column_container vc_col-sm-2\">\r\n\t\t\t\t\t<div class=\"vc_column-inner \" >\r\n\t\t\t\t\t\t<div class=\"wpb_wrapper\" >\r\n\t\t\t\t\t\t\t<div class=\"wpb_single_image wpb_content_element vc_align_ liquid_vc_single_image\">\r\n\t\t\t\t\t\t\t\t\t\t\t\t\t\t\t\t\t<div class=\"sem_overlay\" ><a href=\"https:\/\/online.therapie.ergowebinar.de\/de\/e\/Korsakow-ergotherapeutischer-Leitpfad-2-FP-47?\r\n\t\t\t\t\t\t\t\t\t\" class=\"btn btn-solid btn-xsm round border-thin btn-has-label jetztstartenbutton\">klicken f\u00fcr Details<\/a><\/div>\r\n\t\t\t\t\t\t\t\t\t\t\t\t\t\t\t\t\t<figure class=\"wpb_wrapper vc_figure\">\r\n\t\t\t\t\t\t\t\t\t<a href=\"online.therapie.ergowebinar.de\/de\/e\/Korsakow-ergotherapeutischer-Leitpfad-2-FP-47?\r\n\t\t\t\t\t\t\t\t\t\" title=\"Sie sehen eine mehrspurige stark befahrene Strasse in eine Langzeitbelichtung am Abend als Assoziation zum Webseminar leitpfadgest\u00fctzte Therapie bei Korsakow-Demenz f\u00fcr Ergotherapie in der Geriatrie, Suchttherapie und Rehabilitation in Klinik + Praxis\" target=\"_blank\">\r\n\t\t\t\t\t\t\t\t\t\t<img decoding=\"async\" width=\"475\" src=\"https:\/\/www.ergowebinar.de\/intern\/parsed_images\/54280298-4d09-4c81-9e63-e36794c0de8a.jpg\" class=\"vc_single_image-img attachment-full\" alt=\"Sie sehen eine mehrspurige stark befahrene Strasse in eine Langzeitbelichtung am Abend als Assoziation zum Webseminar leitpfadgest\u00fctzte Therapie bei Korsakow-Demenz f\u00fcr Ergotherapie in der Geriatrie, Suchttherapie und Rehabilitation in Klinik + Praxis\" title=\"Sie sehen eine mehrspurige stark befahrene Strasse in eine Langzeitbelichtung am Abend als Assoziation zum Webseminar leitpfadgest\u00fctzte Therapie bei Korsakow-Demenz f\u00fcr Ergotherapie in der Geriatrie, Suchttherapie und Rehabilitation in Klinik + Praxis\" srcset=\"https:\/\/www.ergowebinar.de\/intern\/parsed_images\/54280298-4d09-4c81-9e63-e36794c0de8a.jpg 475w, https:\/\/www.ergowebinar.de\/intern\/parsed_images\/54280298-4d09-4c81-9e63-e36794c0de8a.jpg 275w\" sizes=\"(max-width: 475px) 100vw, 475px\" itemprop=\"image\" \/>\r\n\t\t\t\t\t\t\t\t\t\t<h6>Korsakow - ergotherapeutischer Leitpfad [2 FP]<\/h6>\r\n\t\t\t\t\t\t\t\t\t\t\t\t\t\t\t\t\t\t\t\t\t<p class=\"calendarline\"><img decoding=\"async\" class=\"calendar_icon\" src=\"https:\/\/www.ergowebinar.de\/intern\/images\/calendar.png\">21.10.2026 17:45 - 18:45<\/p>\t\r\n\t\t\t\t\t\t\t\t\t\t\t\t\t\t\t\t\t\t\t\t\t<p class=\"liquid_vc_single_text\">F&uuml;r die l&ouml;sungsorientierte Alltagsgestaltung Korsakowbetroffener stelle ich hier Therapieideen und -methoden in Videobeispielen vor. Dieses Webinar vermittelt praxisbezogen m&ouml;gliche Therapieinhalte ...<\/p>\r\n\t\t\t\t\t\t\t\t\t\t\t\t\t\t\t\t\t\t\t\t\t<p class=\"sempreis\">49 \u20ac<\/p>\r\n\t\t\t\t\t\t\t\t\t\t\t\t\t\t\t\t\t\t\t\t\t\t\t<p class=\"semmwst\"><\/p>\r\n\t\t\t\t\t\t\t\t\t\t\t\t\t\t\t\t\t\t\t\t\t\t\t\r\n\t\t\t\t\t\t\t\t\t<\/a>\r\n\t\t\t\t\t\t\t\t\t\r\n\t\t\t\t\t\t\t\t<\/figure>\r\n\t\t\t\t\t\t\t\t\r\n\t\t\t\t\t\t\t<\/div>\r\n\t\t\t\t\t\t\t\t\t\t\t\t\t\t\r\n\t\t\t\t\t\t<\/div>\r\n\t\t\t\t\t<\/div>\r\n\t\t\t\t<\/div>\r\n\t\t\t\t\t\t\t\t<div class=\"wpb_column vc_column_container vc_col-sm-2\">\r\n\t\t\t\t\t<div class=\"vc_column-inner \" >\r\n\t\t\t\t\t\t<div class=\"wpb_wrapper\" >\r\n\t\t\t\t\t\t\t<div class=\"wpb_single_image wpb_content_element vc_align_ liquid_vc_single_image\">\r\n\t\t\t\t\t\t\t\t\t\t\t\t\t\t\t\t\t<div class=\"sem_overlay\" ><a href=\"#4637ce87-7921-4d0b-bda0-7eb8ab5a90db\" class=\"btn btn-solid btn-xsm round border-thin btn-has-label nichtdabutton\">8 Tage nach Ablauf des<br>Vorg\u00e4ngers buchbar<\/a><\/div>\r\n\t\t\t\t\t\t\t\t\t\t\t\t\t\t\t\t\t<figure class=\"wpb_wrapper vc_figure\">\r\n\t\t\t\t\t\t\t\t\t<a href=\"online.therapie.ergowebinar.de\/de\/e\/Stroke-Unit-Klienten-und-Angehoerigenedukation-2FP-106?\r\n\t\t\t\t\t\t\t\t\t\" title=\"Sie sehen eine Person im weissen Kittel im Gespr\u00e4ch mit einer verunsichert schauenden Frau als Assoziation zum Webseminar \u00fcber Edukationsbedarfe auf einer Schlaganfall Akutstation f\u00fcr Ergotherapie + Physiotherapie in der Rehabilitation in Klinik\" target=\"_blank\">\r\n\t\t\t\t\t\t\t\t\t\t<img decoding=\"async\" width=\"475\" src=\"https:\/\/www.ergowebinar.de\/intern\/parsed_images\/f6b42dbc-d6ad-488c-abfd-2e30313e1643.jpg\" class=\"vc_single_image-img attachment-full\" alt=\"Sie sehen eine Person im weissen Kittel im Gespr\u00e4ch mit einer verunsichert schauenden Frau als Assoziation zum Webseminar \u00fcber Edukationsbedarfe auf einer Schlaganfall Akutstation f\u00fcr Ergotherapie + Physiotherapie in der Rehabilitation in Klinik\" title=\"Sie sehen eine Person im weissen Kittel im Gespr\u00e4ch mit einer verunsichert schauenden Frau als Assoziation zum Webseminar \u00fcber Edukationsbedarfe auf einer Schlaganfall Akutstation f\u00fcr Ergotherapie + Physiotherapie in der Rehabilitation in Klinik\" srcset=\"https:\/\/www.ergowebinar.de\/intern\/parsed_images\/f6b42dbc-d6ad-488c-abfd-2e30313e1643.jpg 475w, https:\/\/www.ergowebinar.de\/intern\/parsed_images\/f6b42dbc-d6ad-488c-abfd-2e30313e1643.jpg 275w\" sizes=\"(max-width: 475px) 100vw, 475px\" itemprop=\"image\" \/>\r\n\t\t\t\t\t\t\t\t\t\t<h6>Stroke Unit - Klienten- und Angeh\u00f6rigenedukation [2FP]<\/h6>\r\n\t\t\t\t\t\t\t\t\t\t\t\t\t\t\t\t\t\t\t\t\t<p class=\"calendarline\"><img decoding=\"async\" class=\"calendar_icon\" src=\"https:\/\/www.ergowebinar.de\/intern\/images\/calendar.png\">22.10.2026 17:30 - 18:30<\/p>\t\r\n\t\t\t\t\t\t\t\t\t\t\t\t\t\t\t\t\t\t\t\t\t<p class=\"liquid_vc_single_text\">Kann Ergotherapie eine fr&uuml;he station&auml;re Wiederaufnahme oder einen erneuten Schlaganfall durch Edukation verhindern? Neben der praktischen Therapie gemeinsam mit den Betroffenen selbst, stehen ...<\/p>\r\n\t\t\t\t\t\t\t\t\t\t\t\t\t\t\t\t\t\t\t\t\t<p class=\"sempreis\">49 \u20ac<\/p>\r\n\t\t\t\t\t\t\t\t\t\t\t\t\t\t\t\t\t\t\t\t\t\t\t<p class=\"semmwst\"><\/p>\r\n\t\t\t\t\t\t\t\t\t\t\t\t\t\t\t\t\t\t\t\t\t\t\t\r\n\t\t\t\t\t\t\t\t\t<\/a>\r\n\t\t\t\t\t\t\t\t\t\r\n\t\t\t\t\t\t\t\t<\/figure>\r\n\t\t\t\t\t\t\t\t\r\n\t\t\t\t\t\t\t<\/div>\r\n\t\t\t\t\t\t\t\t\t\t\t\t\t\t\r\n\t\t\t\t\t\t<\/div>\r\n\t\t\t\t\t<\/div>\r\n\t\t\t\t<\/div>\r\n\t\t\t\t\t\t\t\t<div class=\"wpb_column vc_column_container vc_col-sm-2\">\r\n\t\t\t\t\t<div class=\"vc_column-inner \" >\r\n\t\t\t\t\t\t<div class=\"wpb_wrapper\" >\r\n\t\t\t\t\t\t\t<div class=\"wpb_single_image wpb_content_element vc_align_ liquid_vc_single_image\">\r\n\t\t\t\t\t\t\t\t\t\t\t\t\t\t\t\t\t<div class=\"sem_overlay\" ><a href=\"#4637ce87-7921-4d0b-bda0-7eb8ab5a90db\" class=\"btn btn-solid btn-xsm round border-thin btn-has-label nichtdabutton\">8 Tage nach Ablauf des<br>Vorg\u00e4ngers buchbar<\/a><\/div>\r\n\t\t\t\t\t\t\t\t\t\t\t\t\t\t\t\t\t<figure class=\"wpb_wrapper vc_figure\">\r\n\t\t\t\t\t\t\t\t\t<a href=\"online.therapie.ergowebinar.de\/de\/e\/Kognition-Therapie-bei-Gedaechtnisstoerungen-2FP-76?\r\n\t\t\t\t\t\t\t\t\t\" title=\"Sie sehen einen Bootsanker an der Mole liegend als Assoziation zum Webseminar \u00fcber M\u00f6glichkeiten f\u00fcr Ergotherapie + Physiotherapie in der Rehabilitation von Ged\u00e4chtnisst\u00f6rungen in der Schmerztherapie + nach Schlaganfall + Apoplex in Klinik + Praxis\" target=\"_blank\">\r\n\t\t\t\t\t\t\t\t\t\t<img decoding=\"async\" width=\"475\" src=\"https:\/\/www.ergowebinar.de\/intern\/parsed_images\/a8117dc0-34b9-4e28-bd4f-07bf9c9d728c.jpg\" class=\"vc_single_image-img attachment-full\" alt=\"Sie sehen einen Bootsanker an der Mole liegend als Assoziation zum Webseminar \u00fcber M\u00f6glichkeiten f\u00fcr Ergotherapie + Physiotherapie in der Rehabilitation von Ged\u00e4chtnisst\u00f6rungen in der Schmerztherapie + nach Schlaganfall + Apoplex in Klinik + Praxis\" title=\"Sie sehen einen Bootsanker an der Mole liegend als Assoziation zum Webseminar \u00fcber M\u00f6glichkeiten f\u00fcr Ergotherapie + Physiotherapie in der Rehabilitation von Ged\u00e4chtnisst\u00f6rungen in der Schmerztherapie + nach Schlaganfall + Apoplex in Klinik + Praxis\" srcset=\"https:\/\/www.ergowebinar.de\/intern\/parsed_images\/a8117dc0-34b9-4e28-bd4f-07bf9c9d728c.jpg 475w, https:\/\/www.ergowebinar.de\/intern\/parsed_images\/a8117dc0-34b9-4e28-bd4f-07bf9c9d728c.jpg 275w\" sizes=\"(max-width: 475px) 100vw, 475px\" itemprop=\"image\" \/>\r\n\t\t\t\t\t\t\t\t\t\t<h6>Kognition \u2013 Therapie bei Ged\u00e4chtnisst\u00f6rungen [2FP]<\/h6>\r\n\t\t\t\t\t\t\t\t\t\t\t\t\t\t\t\t\t\t\t\t\t<p class=\"calendarline\"><img decoding=\"async\" class=\"calendar_icon\" src=\"https:\/\/www.ergowebinar.de\/intern\/images\/calendar.png\">26.10.2026 18:00 - 19:00<\/p>\t\r\n\t\t\t\t\t\t\t\t\t\t\t\t\t\t\t\t\t\t\t\t\t<p class=\"liquid_vc_single_text\">Nach einem Ereignis im zentralen Nervensystem sind Ged&auml;chtnisschwierigkeiten sehr h&auml;ufig und hartn&auml;ckig. Wie sich eine gesicherte, erfolgreiche Behandlung von Ged&auml;chtnisst&ouml;rungen ...<\/p>\r\n\t\t\t\t\t\t\t\t\t\t\t\t\t\t\t\t\t\t\t\t\t<p class=\"sempreis\">49 \u20ac<\/p>\r\n\t\t\t\t\t\t\t\t\t\t\t\t\t\t\t\t\t\t\t\t\t\t\t<p class=\"semmwst\"><\/p>\r\n\t\t\t\t\t\t\t\t\t\t\t\t\t\t\t\t\t\t\t\t\t\t\t\r\n\t\t\t\t\t\t\t\t\t<\/a>\r\n\t\t\t\t\t\t\t\t\t\r\n\t\t\t\t\t\t\t\t<\/figure>\r\n\t\t\t\t\t\t\t\t\r\n\t\t\t\t\t\t\t<\/div>\r\n\t\t\t\t\t\t\t\t\t\t\t\t\t\t\r\n\t\t\t\t\t\t<\/div>\r\n\t\t\t\t\t<\/div>\r\n\t\t\t\t<\/div>\r\n\t\t\t\t\t\t\t\t<div class=\"wpb_column vc_column_container vc_col-sm-2\">\r\n\t\t\t\t\t<div class=\"vc_column-inner \" >\r\n\t\t\t\t\t\t<div class=\"wpb_wrapper\" >\r\n\t\t\t\t\t\t\t<div class=\"wpb_single_image wpb_content_element vc_align_ liquid_vc_single_image\">\r\n\t\t\t\t\t\t\t\t\t\t\t\t\t\t\t\t\t<div class=\"sem_overlay\" ><a href=\"https:\/\/online.therapie.ergowebinar.de\/de\/e\/Fatigue-Basics-2FP-149?\r\n\t\t\t\t\t\t\t\t\t\" class=\"btn btn-solid btn-xsm round border-thin btn-has-label jetztstartenbutton\">klicken f\u00fcr Details<\/a><\/div>\r\n\t\t\t\t\t\t\t\t\t\t\t\t\t\t\t\t\t<figure class=\"wpb_wrapper vc_figure\">\r\n\t\t\t\t\t\t\t\t\t<a href=\"online.therapie.ergowebinar.de\/de\/e\/Fatigue-Basics-2FP-149?\r\n\t\t\t\t\t\t\t\t\t\" title=\"Sie sehen umgefallene Kartons mit einem liegenden Menschen dazwischen als Assoziation zum Webseminar f\u00fcr Ergotherapie + Physiotherapie in der Rehabilitation von Long + Post Covid oder Schmerzen oder von Schlaganfall + Apoplex in Klinik + Praxis\" target=\"_blank\">\r\n\t\t\t\t\t\t\t\t\t\t<img decoding=\"async\" width=\"475\" src=\"https:\/\/www.ergowebinar.de\/intern\/parsed_images\/73923b4e-ca71-4b8e-9e0c-2f54ca00678c.png\" class=\"vc_single_image-img attachment-full\" alt=\"Sie sehen umgefallene Kartons mit einem liegenden Menschen dazwischen als Assoziation zum Webseminar f\u00fcr Ergotherapie + Physiotherapie in der Rehabilitation von Long + Post Covid oder Schmerzen oder von Schlaganfall + Apoplex in Klinik + Praxis\" title=\"Sie sehen umgefallene Kartons mit einem liegenden Menschen dazwischen als Assoziation zum Webseminar f\u00fcr Ergotherapie + Physiotherapie in der Rehabilitation von Long + Post Covid oder Schmerzen oder von Schlaganfall + Apoplex in Klinik + Praxis\" srcset=\"https:\/\/www.ergowebinar.de\/intern\/parsed_images\/73923b4e-ca71-4b8e-9e0c-2f54ca00678c.png 475w, https:\/\/www.ergowebinar.de\/intern\/parsed_images\/73923b4e-ca71-4b8e-9e0c-2f54ca00678c.png 275w\" sizes=\"(max-width: 475px) 100vw, 475px\" itemprop=\"image\" \/>\r\n\t\t\t\t\t\t\t\t\t\t<h6>Fatigue \u2013 Basics [2FP]<\/h6>\r\n\t\t\t\t\t\t\t\t\t\t\t\t\t\t\t\t\t\t\t\t\t<p class=\"calendarline\"><img decoding=\"async\" class=\"calendar_icon\" src=\"https:\/\/www.ergowebinar.de\/intern\/images\/calendar.png\">26.10.2026 18:30 - 19:30<\/p>\t\r\n\t\t\t\t\t\t\t\t\t\t\t\t\t\t\t\t\t\t\t\t\t<p class=\"liquid_vc_single_text\">Fatigue ist ein Symptom bei bzw. nach diversen Erkrankungen, wie MS, COPD, Herz-, Infektions-, Krebs- oder Rheumaerkrankungen. Die negativen Konsequenzen dieser \"unverh&auml;ltnism&auml;ssigen Ersch&ouml;pfung\" ...<\/p>\r\n\t\t\t\t\t\t\t\t\t\t\t\t\t\t\t\t\t\t\t\t\t<p class=\"sempreis\">49 \u20ac<\/p>\r\n\t\t\t\t\t\t\t\t\t\t\t\t\t\t\t\t\t\t\t\t\t\t\t<p class=\"semmwst\"><\/p>\r\n\t\t\t\t\t\t\t\t\t\t\t\t\t\t\t\t\t\t\t\t\t\t\t\r\n\t\t\t\t\t\t\t\t\t<\/a>\r\n\t\t\t\t\t\t\t\t\t\r\n\t\t\t\t\t\t\t\t<\/figure>\r\n\t\t\t\t\t\t\t\t\r\n\t\t\t\t\t\t\t<\/div>\r\n\t\t\t\t\t\t\t\t\t\t\t\t\t\t\r\n\t\t\t\t\t\t<\/div>\r\n\t\t\t\t\t<\/div>\r\n\t\t\t\t<\/div>\r\n\t\t\t\t\t\t\t\t<div class=\"wpb_column vc_column_container vc_col-sm-2\">\r\n\t\t\t\t\t<div class=\"vc_column-inner \" >\r\n\t\t\t\t\t\t<div class=\"wpb_wrapper\" >\r\n\t\t\t\t\t\t\t<div class=\"wpb_single_image wpb_content_element vc_align_ liquid_vc_single_image\">\r\n\t\t\t\t\t\t\t\t\t\t\t\t\t\t\t\t\t<div class=\"sem_overlay\" ><a href=\"https:\/\/online.therapie.ergowebinar.de\/de\/e\/Kaelte-und-Waerme-an-der-Hand-als-Behandlungselement-2-FP-199?\r\n\t\t\t\t\t\t\t\t\t\" class=\"btn btn-solid btn-xsm round border-thin btn-has-label jetztstartenbutton\">klicken f\u00fcr Details<\/a><\/div>\r\n\t\t\t\t\t\t\t\t\t\t\t\t\t\t\t\t\t<figure class=\"wpb_wrapper vc_figure\">\r\n\t\t\t\t\t\t\t\t\t<a href=\"online.therapie.ergowebinar.de\/de\/e\/Kaelte-und-Waerme-an-der-Hand-als-Behandlungselement-2-FP-199?\r\n\t\t\t\t\t\t\t\t\t\" title=\"Sie sehen ein zweigeteiltes Bild mit links loderndem Feuer und rechts einer abgebildeten Schneeflocke, als Assoziation zum Webseminar f\u00fcr Ergotherapie + Physiotherapie in der Rehabilitation von Schlaganfall + Apoplex in Klinik + Praxis\" target=\"_blank\">\r\n\t\t\t\t\t\t\t\t\t\t<img decoding=\"async\" width=\"475\" src=\"https:\/\/www.ergowebinar.de\/intern\/parsed_images\/72c9331c-1192-43d2-920e-f70f51959360.jpg\" class=\"vc_single_image-img attachment-full\" alt=\"Sie sehen ein zweigeteiltes Bild mit links loderndem Feuer und rechts einer abgebildeten Schneeflocke, als Assoziation zum Webseminar f\u00fcr Ergotherapie + Physiotherapie in der Rehabilitation von Schlaganfall + Apoplex in Klinik + Praxis\" title=\"Sie sehen ein zweigeteiltes Bild mit links loderndem Feuer und rechts einer abgebildeten Schneeflocke, als Assoziation zum Webseminar f\u00fcr Ergotherapie + Physiotherapie in der Rehabilitation von Schlaganfall + Apoplex in Klinik + Praxis\" srcset=\"https:\/\/www.ergowebinar.de\/intern\/parsed_images\/72c9331c-1192-43d2-920e-f70f51959360.jpg 475w, https:\/\/www.ergowebinar.de\/intern\/parsed_images\/72c9331c-1192-43d2-920e-f70f51959360.jpg 275w\" sizes=\"(max-width: 475px) 100vw, 475px\" itemprop=\"image\" \/>\r\n\t\t\t\t\t\t\t\t\t\t<h6>K\u00e4lte und W\u00e4rme an der Hand als Behandlungselement [2 FP]<\/h6>\r\n\t\t\t\t\t\t\t\t\t\t\t\t\t\t\t\t\t\t\t\t\t<p class=\"calendarline\"><img decoding=\"async\" class=\"calendar_icon\" src=\"https:\/\/www.ergowebinar.de\/intern\/images\/calendar.png\">27.10.2026 18:30 - 19:30<\/p>\t\r\n\t\t\t\t\t\t\t\t\t\t\t\t\t\t\t\t\t\t\t\t\t<p class=\"liquid_vc_single_text\">Thermische Anwendungen als Vor- oder Nachbereitung, als Stimulation w&auml;hrend oder zwischen den Aktivit&auml;ten sind h&auml;ufig genutzte Bausteine in der Therapie. Auch im Eigenprogramm finden sie ...<\/p>\r\n\t\t\t\t\t\t\t\t\t\t\t\t\t\t\t\t\t\t\t\t\t<p class=\"sempreis\">49 \u20ac<\/p>\r\n\t\t\t\t\t\t\t\t\t\t\t\t\t\t\t\t\t\t\t\t\t\t\t<p class=\"semmwst\"><\/p>\r\n\t\t\t\t\t\t\t\t\t\t\t\t\t\t\t\t\t\t\t\t\t\t\t\r\n\t\t\t\t\t\t\t\t\t<\/a>\r\n\t\t\t\t\t\t\t\t\t\r\n\t\t\t\t\t\t\t\t<\/figure>\r\n\t\t\t\t\t\t\t\t\r\n\t\t\t\t\t\t\t<\/div>\r\n\t\t\t\t\t\t\t\t\t\t\t\t\t\t\r\n\t\t\t\t\t\t<\/div>\r\n\t\t\t\t\t<\/div>\r\n\t\t\t\t<\/div>\r\n\t\t\t\t\t\t\t\t<div class=\"wpb_column vc_column_container vc_col-sm-2\">\r\n\t\t\t\t\t<div class=\"vc_column-inner \" >\r\n\t\t\t\t\t\t<div class=\"wpb_wrapper\" >\r\n\t\t\t\t\t\t\t<div class=\"wpb_single_image wpb_content_element vc_align_ liquid_vc_single_image\">\r\n\t\t\t\t\t\t\t\t\t\t\t\t\t\t\t\t\t<div class=\"sem_overlay\" ><a href=\"https:\/\/online.therapie.ergowebinar.de\/de\/e\/Dynamisches-Reaching-des-Armes-in-der-Neuroreha-2-FP-201?\r\n\t\t\t\t\t\t\t\t\t\" class=\"btn btn-solid btn-xsm round border-thin btn-has-label jetztstartenbutton\">klicken f\u00fcr Details<\/a><\/div>\r\n\t\t\t\t\t\t\t\t\t\t\t\t\t\t\t\t\t<figure class=\"wpb_wrapper vc_figure\">\r\n\t\t\t\t\t\t\t\t\t<a href=\"online.therapie.ergowebinar.de\/de\/e\/Dynamisches-Reaching-des-Armes-in-der-Neuroreha-2-FP-201?\r\n\t\t\t\t\t\t\t\t\t\" title=\"Sie sehen einen stehenden Mann, der seinen linken Arm weit nach oben aussen zum Greifen in ein Buchregal reckt,  als Assoziation zum Webseminar f\u00fcr Ergotherapie + Physiotherapie in der Rehabilitation von Schlaganfall + Apoplex in Klinik + Praxis\" target=\"_blank\">\r\n\t\t\t\t\t\t\t\t\t\t<img decoding=\"async\" width=\"475\" src=\"https:\/\/www.ergowebinar.de\/intern\/parsed_images\/79dbc0be-e244-4173-8415-345fbb5ba473.jpg\" class=\"vc_single_image-img attachment-full\" alt=\"Sie sehen einen stehenden Mann, der seinen linken Arm weit nach oben aussen zum Greifen in ein Buchregal reckt,  als Assoziation zum Webseminar f\u00fcr Ergotherapie + Physiotherapie in der Rehabilitation von Schlaganfall + Apoplex in Klinik + Praxis\" title=\"Sie sehen einen stehenden Mann, der seinen linken Arm weit nach oben aussen zum Greifen in ein Buchregal reckt,  als Assoziation zum Webseminar f\u00fcr Ergotherapie + Physiotherapie in der Rehabilitation von Schlaganfall + Apoplex in Klinik + Praxis\" srcset=\"https:\/\/www.ergowebinar.de\/intern\/parsed_images\/79dbc0be-e244-4173-8415-345fbb5ba473.jpg 475w, https:\/\/www.ergowebinar.de\/intern\/parsed_images\/79dbc0be-e244-4173-8415-345fbb5ba473.jpg 275w\" sizes=\"(max-width: 475px) 100vw, 475px\" itemprop=\"image\" \/>\r\n\t\t\t\t\t\t\t\t\t\t<h6>Dynamisches Reaching des Armes in der Neuroreha [2 FP]<\/h6>\r\n\t\t\t\t\t\t\t\t\t\t\t\t\t\t\t\t\t\t\t\t\t<p class=\"calendarline\"><img decoding=\"async\" class=\"calendar_icon\" src=\"https:\/\/www.ergowebinar.de\/intern\/images\/calendar.png\">27.10.2026 20:00 - 21:00<\/p>\t\r\n\t\t\t\t\t\t\t\t\t\t\t\t\t\t\t\t\t\t\t\t\t<p class=\"liquid_vc_single_text\">Schnell wechselnde Armpositionen sind das Kerngesch&auml;ft des Transportierens von Gegenst&auml;nden. Dabei erh&ouml;ht der Arm die Reichweite des Werkzeuges \"Hand\". Dies gelingt ohne nennenswerte Augenkontrolle ...<\/p>\r\n\t\t\t\t\t\t\t\t\t\t\t\t\t\t\t\t\t\t\t\t\t<p class=\"sempreis\">49 \u20ac<\/p>\r\n\t\t\t\t\t\t\t\t\t\t\t\t\t\t\t\t\t\t\t\t\t\t\t<p class=\"semmwst\"><\/p>\r\n\t\t\t\t\t\t\t\t\t\t\t\t\t\t\t\t\t\t\t\t\t\t\t\r\n\t\t\t\t\t\t\t\t\t<\/a>\r\n\t\t\t\t\t\t\t\t\t\r\n\t\t\t\t\t\t\t\t<\/figure>\r\n\t\t\t\t\t\t\t\t\r\n\t\t\t\t\t\t\t<\/div>\r\n\t\t\t\t\t\t\t\t\t\t\t\t\t\t\r\n\t\t\t\t\t\t<\/div>\r\n\t\t\t\t\t<\/div>\r\n\t\t\t\t<\/div>\r\n\t\t\t\t\t\t\t\t<div class=\"wpb_column vc_column_container vc_col-sm-2\">\r\n\t\t\t\t\t<div class=\"vc_column-inner \" >\r\n\t\t\t\t\t\t<div class=\"wpb_wrapper\" >\r\n\t\t\t\t\t\t\t<div class=\"wpb_single_image wpb_content_element vc_align_ liquid_vc_single_image\">\r\n\t\t\t\t\t\t\t\t\t\t\t\t\t\t\t\t\t<div class=\"sem_overlay\" ><a href=\"#4637ce87-7921-4d0b-bda0-7eb8ab5a90db\" class=\"btn btn-solid btn-xsm round border-thin btn-has-label nichtdabutton\">8 Tage nach Ablauf des<br>Vorg\u00e4ngers buchbar<\/a><\/div>\r\n\t\t\t\t\t\t\t\t\t\t\t\t\t\t\t\t\t<figure class=\"wpb_wrapper vc_figure\">\r\n\t\t\t\t\t\t\t\t\t<a href=\"online.therapie.ergowebinar.de\/de\/e\/Der-N-Radialis-was-fallt-da-auf-2FP-126?\r\n\t\t\t\t\t\t\t\t\t\" title=\"Sie sehen eine Hand mit Unterarm, die \u00fcber eine Banklehne h\u00e4nget, als Assoziation zum Webseminar f\u00fcr Ergotherapie + Physiotherapie in der Rehabilitation von peripheren Nervenl\u00e4sionen + Handreha in Klinik + Praxis\" target=\"_blank\">\r\n\t\t\t\t\t\t\t\t\t\t<img decoding=\"async\" width=\"475\" src=\"https:\/\/www.ergowebinar.de\/intern\/parsed_images\/e0a6af11-d21f-4eca-a3ee-4bc3427f44ce.jpg\" class=\"vc_single_image-img attachment-full\" alt=\"Sie sehen eine Hand mit Unterarm, die \u00fcber eine Banklehne h\u00e4nget, als Assoziation zum Webseminar f\u00fcr Ergotherapie + Physiotherapie in der Rehabilitation von peripheren Nervenl\u00e4sionen + Handreha in Klinik + Praxis\" title=\"Sie sehen eine Hand mit Unterarm, die \u00fcber eine Banklehne h\u00e4nget, als Assoziation zum Webseminar f\u00fcr Ergotherapie + Physiotherapie in der Rehabilitation von peripheren Nervenl\u00e4sionen + Handreha in Klinik + Praxis\" srcset=\"https:\/\/www.ergowebinar.de\/intern\/parsed_images\/e0a6af11-d21f-4eca-a3ee-4bc3427f44ce.jpg 475w, https:\/\/www.ergowebinar.de\/intern\/parsed_images\/e0a6af11-d21f-4eca-a3ee-4bc3427f44ce.jpg 275w\" sizes=\"(max-width: 475px) 100vw, 475px\" itemprop=\"image\" \/>\r\n\t\t\t\t\t\t\t\t\t\t<h6>Der N. Radialis - was \u201efallt\u201c da auf? [2FP]<\/h6>\r\n\t\t\t\t\t\t\t\t\t\t\t\t\t\t\t\t\t\t\t\t\t<p class=\"calendarline\"><img decoding=\"async\" class=\"calendar_icon\" src=\"https:\/\/www.ergowebinar.de\/intern\/images\/calendar.png\">27.10.2026 20:00 - 21:00<\/p>\t\r\n\t\t\t\t\t\t\t\t\t\t\t\t\t\t\t\t\t\t\t\t\t<p class=\"liquid_vc_single_text\">Wie erkennt man eine Problematik im Bereich des N. Radialis? Welche therapeutischen Interventionen kann ich bei Fallhand anbieten? Welche Schienen kann ich meinem Betroffenen anbieten?&nbsp;&nbsp;\r\n&nbsp;\r\nDas ...<\/p>\r\n\t\t\t\t\t\t\t\t\t\t\t\t\t\t\t\t\t\t\t\t\t<p class=\"sempreis\">49 \u20ac<\/p>\r\n\t\t\t\t\t\t\t\t\t\t\t\t\t\t\t\t\t\t\t\t\t\t\t<p class=\"semmwst\"><\/p>\r\n\t\t\t\t\t\t\t\t\t\t\t\t\t\t\t\t\t\t\t\t\t\t\t\r\n\t\t\t\t\t\t\t\t\t<\/a>\r\n\t\t\t\t\t\t\t\t\t\r\n\t\t\t\t\t\t\t\t<\/figure>\r\n\t\t\t\t\t\t\t\t\r\n\t\t\t\t\t\t\t<\/div>\r\n\t\t\t\t\t\t\t\t\t\t\t\t\t\t\r\n\t\t\t\t\t\t<\/div>\r\n\t\t\t\t\t<\/div>\r\n\t\t\t\t<\/div>\r\n\t\t\t\t\t\t\t\t<div class=\"wpb_column vc_column_container vc_col-sm-2\">\r\n\t\t\t\t\t<div class=\"vc_column-inner \" >\r\n\t\t\t\t\t\t<div class=\"wpb_wrapper\" >\r\n\t\t\t\t\t\t\t<div class=\"wpb_single_image wpb_content_element vc_align_ liquid_vc_single_image\">\r\n\t\t\t\t\t\t\t\t\t\t\t\t\t\t\t\t\t<div class=\"sem_overlay\" ><a href=\"https:\/\/online.therapie.ergowebinar.de\/de\/e\/Yoga-zur-Stressreduktion-spuerbarer-Soforteffekt-2-FP-170?\r\n\t\t\t\t\t\t\t\t\t\" class=\"btn btn-solid btn-xsm round border-thin btn-has-label jetztstartenbutton\">klicken f\u00fcr Details<\/a><\/div>\r\n\t\t\t\t\t\t\t\t\t\t\t\t\t\t\t\t\t<figure class=\"wpb_wrapper vc_figure\">\r\n\t\t\t\t\t\t\t\t\t<a href=\"online.therapie.ergowebinar.de\/de\/e\/Yoga-zur-Stressreduktion-spuerbarer-Soforteffekt-2-FP-170?\r\n\t\t\t\t\t\t\t\t\t\" title=\"Sie sehen eine Klangschale, die gerade angeschlagen wird, als Assoziation zum Webseminar zur Stressreduktion durch yogainspirierte Aufgaben f\u00fcr Ergotherapie + Physiotherapie in der Fatigue,Long + PostCovid, Psychosomatik Klinik + Praxis\" target=\"_blank\">\r\n\t\t\t\t\t\t\t\t\t\t<img decoding=\"async\" width=\"475\" src=\"https:\/\/www.ergowebinar.de\/intern\/parsed_images\/0a2d1d7c-dce6-401b-ad62-45db60a24eb7.jpg\" class=\"vc_single_image-img attachment-full\" alt=\"Sie sehen eine Klangschale, die gerade angeschlagen wird, als Assoziation zum Webseminar zur Stressreduktion durch yogainspirierte Aufgaben f\u00fcr Ergotherapie + Physiotherapie in der Fatigue,Long + PostCovid, Psychosomatik Klinik + Praxis\" title=\"Sie sehen eine Klangschale, die gerade angeschlagen wird, als Assoziation zum Webseminar zur Stressreduktion durch yogainspirierte Aufgaben f\u00fcr Ergotherapie + Physiotherapie in der Fatigue,Long + PostCovid, Psychosomatik Klinik + Praxis\" srcset=\"https:\/\/www.ergowebinar.de\/intern\/parsed_images\/0a2d1d7c-dce6-401b-ad62-45db60a24eb7.jpg 475w, https:\/\/www.ergowebinar.de\/intern\/parsed_images\/0a2d1d7c-dce6-401b-ad62-45db60a24eb7.jpg 275w\" sizes=\"(max-width: 475px) 100vw, 475px\" itemprop=\"image\" \/>\r\n\t\t\t\t\t\t\t\t\t\t<h6>Yoga zur Stressreduktion - sp\u00fcrbarer Soforteffekt [2 FP]<\/h6>\r\n\t\t\t\t\t\t\t\t\t\t\t\t\t\t\t\t\t\t\t\t\t<p class=\"calendarline\"><img decoding=\"async\" class=\"calendar_icon\" src=\"https:\/\/www.ergowebinar.de\/intern\/images\/calendar.png\">28.10.2026 18:30 - 19:30<\/p>\t\r\n\t\t\t\t\t\t\t\t\t\t\t\t\t\t\t\t\t\t\t\t\t<p class=\"liquid_vc_single_text\">Leistungsdruck oder Stress f&uuml;hren oft zu Dauerspannungen oder Schmerzen bis hin zu erh&ouml;hter Anf&auml;lligkeit f&uuml;r Infekte. In diesem Themenblock lernen Sie die SARW- Technik kennen und wie ...<\/p>\r\n\t\t\t\t\t\t\t\t\t\t\t\t\t\t\t\t\t\t\t\t\t<p class=\"sempreis\">49 \u20ac<\/p>\r\n\t\t\t\t\t\t\t\t\t\t\t\t\t\t\t\t\t\t\t\t\t\t\t<p class=\"semmwst\"><\/p>\r\n\t\t\t\t\t\t\t\t\t\t\t\t\t\t\t\t\t\t\t\t\t\t\t\r\n\t\t\t\t\t\t\t\t\t<\/a>\r\n\t\t\t\t\t\t\t\t\t\r\n\t\t\t\t\t\t\t\t<\/figure>\r\n\t\t\t\t\t\t\t\t\r\n\t\t\t\t\t\t\t<\/div>\r\n\t\t\t\t\t\t\t\t\t\t\t\t\t\t\r\n\t\t\t\t\t\t<\/div>\r\n\t\t\t\t\t<\/div>\r\n\t\t\t\t<\/div>\r\n\t\t\t\t\t\t\t<\/div><\/div><\/div>\r\n\t\t\t\t\t<a name=\"seminarenachdatum\"><\/a>\r\n\t\t<a name=\"4637ce87-7921-4d0b-bda0-7eb8ab5-0030\"><\/a>\r\n\t\t<h2 class=\"ld-fh-element lqd-highlight-underline lqd-highlight-grow-left text-decoration-default h3 ldsemheadline\">Parkinson<\/h2>\r\n\t\t\t\t\t<div class=\"vc_row vc_inner\">\r\n\t\t\t<div class=\"ld-container container-fluid\">\r\n\t\t\t<div class=\"row ld-row ld-row-inner\">\r\n\t\t\t\t\t\t\t<div class=\"wpb_column vc_column_container vc_col-sm-2\">\r\n\t\t\t\t\t<div class=\"vc_column-inner \" >\r\n\t\t\t\t\t\t<div class=\"wpb_wrapper\" >\r\n\t\t\t\t\t\t\t<div class=\"wpb_single_image wpb_content_element vc_align_ liquid_vc_single_image\">\r\n\t\t\t\t\t\t\t\t\t\t\t\t\t\t\t\t\t<div class=\"sem_overlay\" ><a href=\"https:\/\/online.therapie.ergowebinar.de\/de\/e\/Parkinson-Basiswissen-und-ergotherapeutische-Therapie-2FP-137?\r\n\t\t\t\t\t\t\t\t\t\" class=\"btn btn-solid btn-xsm round border-thin btn-has-label jetztstartenbutton\">klicken f\u00fcr Details<\/a><\/div>\r\n\t\t\t\t\t\t\t\t\t\t\t\t\t\t\t\t\t<figure class=\"wpb_wrapper vc_figure\">\r\n\t\t\t\t\t\t\t\t\t<a href=\"online.therapie.ergowebinar.de\/de\/e\/Parkinson-Basiswissen-und-ergotherapeutische-Therapie-2FP-137?\r\n\t\t\t\t\t\t\t\t\t\" title=\"Sie sehen eine Frau am Meer, die schnell die Arme schwenkt, als Assoziation zum Webseminar zum Basiswissen \u00fcber Parkinson in Ergotherapie + Physiotherapie in der Rehabilitation von Parkinsonbetroffenen in Klinik + Praxis\" target=\"_blank\">\r\n\t\t\t\t\t\t\t\t\t\t<img decoding=\"async\" width=\"475\" src=\"https:\/\/www.ergowebinar.de\/intern\/parsed_images\/f05f83ac-eac5-430a-8caf-f92308e6fd95.jpg\" class=\"vc_single_image-img attachment-full\" alt=\"Sie sehen eine Frau am Meer, die schnell die Arme schwenkt, als Assoziation zum Webseminar zum Basiswissen \u00fcber Parkinson in Ergotherapie + Physiotherapie in der Rehabilitation von Parkinsonbetroffenen in Klinik + Praxis\" title=\"Sie sehen eine Frau am Meer, die schnell die Arme schwenkt, als Assoziation zum Webseminar zum Basiswissen \u00fcber Parkinson in Ergotherapie + Physiotherapie in der Rehabilitation von Parkinsonbetroffenen in Klinik + Praxis\" srcset=\"https:\/\/www.ergowebinar.de\/intern\/parsed_images\/f05f83ac-eac5-430a-8caf-f92308e6fd95.jpg 475w, https:\/\/www.ergowebinar.de\/intern\/parsed_images\/f05f83ac-eac5-430a-8caf-f92308e6fd95.jpg 275w\" sizes=\"(max-width: 475px) 100vw, 475px\" itemprop=\"image\" \/>\r\n\t\t\t\t\t\t\t\t\t\t<h6>Parkinson - Basiswissen und ergotherapeutische Therapie [2FP]<\/h6>\r\n\t\t\t\t\t\t\t\t\t\t\t\t\t\t\t\t\t\t\t\t\t<p class=\"calendarline\"><img decoding=\"async\" class=\"calendar_icon\" src=\"https:\/\/www.ergowebinar.de\/intern\/images\/calendar.png\">05.05.2026 18:00 - 19:00<\/p>\t\r\n\t\t\t\t\t\t\t\t\t\t\t\t\t\t\t\t\t\t\t\t\t<p class=\"liquid_vc_single_text\">Morbus Parkinson als fortschreitende, chronische, neurodegenerative Erkrankung beeinflusst den Alltag und die Lebensqualit&auml;t von Betroffenen auf vielf&auml;ltige Weise. In der Behandlung ber&uuml;cksichtigen ...<\/p>\r\n\t\t\t\t\t\t\t\t\t\t\t\t\t\t\t\t\t\t\t\t\t<p class=\"sempreis\">49 \u20ac<\/p>\r\n\t\t\t\t\t\t\t\t\t\t\t\t\t\t\t\t\t\t\t\t\t\t\t<p class=\"semmwst\"><\/p>\r\n\t\t\t\t\t\t\t\t\t\t\t\t\t\t\t\t\t\t\t\t\t\t\t\r\n\t\t\t\t\t\t\t\t\t<\/a>\r\n\t\t\t\t\t\t\t\t\t\r\n\t\t\t\t\t\t\t\t<\/figure>\r\n\t\t\t\t\t\t\t\t\r\n\t\t\t\t\t\t\t<\/div>\r\n\t\t\t\t\t\t\t\t\t\t\t\t\t\t\r\n\t\t\t\t\t\t<\/div>\r\n\t\t\t\t\t<\/div>\r\n\t\t\t\t<\/div>\r\n\t\t\t\t\t\t\t\t<div class=\"wpb_column vc_column_container vc_col-sm-2\">\r\n\t\t\t\t\t<div class=\"vc_column-inner \" >\r\n\t\t\t\t\t\t<div class=\"wpb_wrapper\" >\r\n\t\t\t\t\t\t\t<div class=\"wpb_single_image wpb_content_element vc_align_ liquid_vc_single_image\">\r\n\t\t\t\t\t\t\t\t\t\t\t\t\t\t\t\t\t<div class=\"sem_overlay\" ><a href=\"https:\/\/online.therapie.ergowebinar.de\/de\/e\/Sakkadentraining-Ataxie-und-Tremor-in-der-oberen-Extremitaet-nach-Schlaganfall-2-FP-187?\r\n\t\t\t\t\t\t\t\t\t\" class=\"btn btn-solid btn-xsm round border-thin btn-has-label jetztstartenbutton\">klicken f\u00fcr Details<\/a><\/div>\r\n\t\t\t\t\t\t\t\t\t\t\t\t\t\t\t\t\t<figure class=\"wpb_wrapper vc_figure\">\r\n\t\t\t\t\t\t\t\t\t<a href=\"online.therapie.ergowebinar.de\/de\/e\/Sakkadentraining-Ataxie-und-Tremor-in-der-oberen-Extremitaet-nach-Schlaganfall-2-FP-187?\r\n\t\t\t\t\t\t\t\t\t\" title=\"Sie sehen ein menschliches ge\u00f6ffnetes Auge von frontal, als Assoziation zum Webseminar f\u00fcr Ergotherapie + Physiotherapie in der Rehabilitation von Schlaganfall + Apoplex in Klinik + Praxis\" target=\"_blank\">\r\n\t\t\t\t\t\t\t\t\t\t<img decoding=\"async\" width=\"475\" src=\"https:\/\/www.ergowebinar.de\/intern\/parsed_images\/4b7f0aa1-5695-4652-abbc-c726c14ca9f6.jpg\" class=\"vc_single_image-img attachment-full\" alt=\"Sie sehen ein menschliches ge\u00f6ffnetes Auge von frontal, als Assoziation zum Webseminar f\u00fcr Ergotherapie + Physiotherapie in der Rehabilitation von Schlaganfall + Apoplex in Klinik + Praxis\" title=\"Sie sehen ein menschliches ge\u00f6ffnetes Auge von frontal, als Assoziation zum Webseminar f\u00fcr Ergotherapie + Physiotherapie in der Rehabilitation von Schlaganfall + Apoplex in Klinik + Praxis\" srcset=\"https:\/\/www.ergowebinar.de\/intern\/parsed_images\/4b7f0aa1-5695-4652-abbc-c726c14ca9f6.jpg 475w, https:\/\/www.ergowebinar.de\/intern\/parsed_images\/4b7f0aa1-5695-4652-abbc-c726c14ca9f6.jpg 275w\" sizes=\"(max-width: 475px) 100vw, 475px\" itemprop=\"image\" \/>\r\n\t\t\t\t\t\t\t\t\t\t<h6>Sakkadentraining - Ataxie und Tremor in der oberen Extremit\u00e4t nach Schlaganfall [2 FP]<\/h6>\r\n\t\t\t\t\t\t\t\t\t\t\t\t\t\t\t\t\t\t\t\t\t<p class=\"calendarline\"><img decoding=\"async\" class=\"calendar_icon\" src=\"https:\/\/www.ergowebinar.de\/intern\/images\/calendar.png\">19.05.2026 18:30 - 19:30<\/p>\t\r\n\t\t\t\t\t\t\t\t\t\t\t\t\t\t\t\t\t\t\t\t\t<p class=\"liquid_vc_single_text\">F&uuml;r Ataxien oder Tremor nach Schlaganfall gibt es neben den bekannten Ans&auml;tzen und kompensatorischen Ma&szlig;nahmen noch eine weniger bekannte und gut erforschte Technik: Das Sakkadentraining ...<\/p>\r\n\t\t\t\t\t\t\t\t\t\t\t\t\t\t\t\t\t\t\t\t\t<p class=\"sempreis\">49 \u20ac<\/p>\r\n\t\t\t\t\t\t\t\t\t\t\t\t\t\t\t\t\t\t\t\t\t\t\t<p class=\"semmwst\"><\/p>\r\n\t\t\t\t\t\t\t\t\t\t\t\t\t\t\t\t\t\t\t\t\t\t\t\r\n\t\t\t\t\t\t\t\t\t<\/a>\r\n\t\t\t\t\t\t\t\t\t\r\n\t\t\t\t\t\t\t\t<\/figure>\r\n\t\t\t\t\t\t\t\t\r\n\t\t\t\t\t\t\t<\/div>\r\n\t\t\t\t\t\t\t\t\t\t\t\t\t\t\r\n\t\t\t\t\t\t<\/div>\r\n\t\t\t\t\t<\/div>\r\n\t\t\t\t<\/div>\r\n\t\t\t\t\t\t\t\t<div class=\"wpb_column vc_column_container vc_col-sm-2\">\r\n\t\t\t\t\t<div class=\"vc_column-inner \" >\r\n\t\t\t\t\t\t<div class=\"wpb_wrapper\" >\r\n\t\t\t\t\t\t\t<div class=\"wpb_single_image wpb_content_element vc_align_ liquid_vc_single_image\">\r\n\t\t\t\t\t\t\t\t\t\t\t\t\t\t\t\t\t<div class=\"sem_overlay\" ><a href=\"#4637ce87-7921-4d0b-bda0-7eb8ab5-0030\" class=\"btn btn-solid btn-xsm round border-thin btn-has-label nichtdabutton\">8 Tage nach Ablauf des<br>Vorg\u00e4ngers buchbar<\/a><\/div>\r\n\t\t\t\t\t\t\t\t\t\t\t\t\t\t\t\t\t<figure class=\"wpb_wrapper vc_figure\">\r\n\t\t\t\t\t\t\t\t\t<a href=\"online.therapie.ergowebinar.de\/de\/e\/Sturzpraevention-Empfehlungen-fuer-koerperliches-Training-2-FP-70?\r\n\t\t\t\t\t\t\t\t\t\" title=\"Sie sehen ein gelbes Warnschild in englischer Sprache auf dem vor unebenem Boden gewarnt wird, als Assoziation zum Webseminar \u00fcber Sturzprophylaxe f\u00fcr Ergotherapie + Physiotherapie in der Rehabilitation von sturzgef\u00e4hrdete Personen in Klinik + Praxis\" target=\"_blank\">\r\n\t\t\t\t\t\t\t\t\t\t<img decoding=\"async\" width=\"475\" src=\"https:\/\/www.ergowebinar.de\/intern\/parsed_images\/c9d2fa13-c24e-426a-bdca-8cff4662faf4.jpg\" class=\"vc_single_image-img attachment-full\" alt=\"Sie sehen ein gelbes Warnschild in englischer Sprache auf dem vor unebenem Boden gewarnt wird, als Assoziation zum Webseminar \u00fcber Sturzprophylaxe f\u00fcr Ergotherapie + Physiotherapie in der Rehabilitation von sturzgef\u00e4hrdete Personen in Klinik + Praxis\" title=\"Sie sehen ein gelbes Warnschild in englischer Sprache auf dem vor unebenem Boden gewarnt wird, als Assoziation zum Webseminar \u00fcber Sturzprophylaxe f\u00fcr Ergotherapie + Physiotherapie in der Rehabilitation von sturzgef\u00e4hrdete Personen in Klinik + Praxis\" srcset=\"https:\/\/www.ergowebinar.de\/intern\/parsed_images\/c9d2fa13-c24e-426a-bdca-8cff4662faf4.jpg 475w, https:\/\/www.ergowebinar.de\/intern\/parsed_images\/c9d2fa13-c24e-426a-bdca-8cff4662faf4.jpg 275w\" sizes=\"(max-width: 475px) 100vw, 475px\" itemprop=\"image\" \/>\r\n\t\t\t\t\t\t\t\t\t\t<h6>Sturzpr\u00e4vention - Empfehlungen f\u00fcr k\u00f6rperliches Training [2 FP]<\/h6>\r\n\t\t\t\t\t\t\t\t\t\t\t\t\t\t\t\t\t\t\t\t\t<p class=\"calendarline\"><img decoding=\"async\" class=\"calendar_icon\" src=\"https:\/\/www.ergowebinar.de\/intern\/images\/calendar.png\">13.07.2026 16:45 - 17:45<\/p>\t\r\n\t\t\t\t\t\t\t\t\t\t\t\t\t\t\t\t\t\t\t\t\t<p class=\"liquid_vc_single_text\">Wie erkenne ich sturzgef&auml;hrdete Personen und welche Ma&szlig;nahmen eignen sich um St&uuml;rze zu verhindern und die Sturzfolgen zu reduzieren? In diesem Webinar erfahren Sie, wie man ein effektives ...<\/p>\r\n\t\t\t\t\t\t\t\t\t\t\t\t\t\t\t\t\t\t\t\t\t<p class=\"sempreis\">49 \u20ac<\/p>\r\n\t\t\t\t\t\t\t\t\t\t\t\t\t\t\t\t\t\t\t\t\t\t\t<p class=\"semmwst\"><\/p>\r\n\t\t\t\t\t\t\t\t\t\t\t\t\t\t\t\t\t\t\t\t\t\t\t\r\n\t\t\t\t\t\t\t\t\t<\/a>\r\n\t\t\t\t\t\t\t\t\t\r\n\t\t\t\t\t\t\t\t<\/figure>\r\n\t\t\t\t\t\t\t\t\r\n\t\t\t\t\t\t\t<\/div>\r\n\t\t\t\t\t\t\t\t\t\t\t\t\t\t\r\n\t\t\t\t\t\t<\/div>\r\n\t\t\t\t\t<\/div>\r\n\t\t\t\t<\/div>\r\n\t\t\t\t\t\t\t\t<div class=\"wpb_column vc_column_container vc_col-sm-2\">\r\n\t\t\t\t\t<div class=\"vc_column-inner \" >\r\n\t\t\t\t\t\t<div class=\"wpb_wrapper\" >\r\n\t\t\t\t\t\t\t<div class=\"wpb_single_image wpb_content_element vc_align_ liquid_vc_single_image\">\r\n\t\t\t\t\t\t\t\t\t\t\t\t\t\t\t\t\t<div class=\"sem_overlay\" ><a href=\"https:\/\/online.therapie.ergowebinar.de\/de\/e\/Multifaktorielle-Sturzpraevention-fuer-Personen-mit-hohem-Sturzrisiko-Update-2FP-69?\r\n\t\t\t\t\t\t\t\t\t\" class=\"btn btn-solid btn-xsm round border-thin btn-has-label jetztstartenbutton\">klicken f\u00fcr Details<\/a><\/div>\r\n\t\t\t\t\t\t\t\t\t\t\t\t\t\t\t\t\t<figure class=\"wpb_wrapper vc_figure\">\r\n\t\t\t\t\t\t\t\t\t<a href=\"online.therapie.ergowebinar.de\/de\/e\/Multifaktorielle-Sturzpraevention-fuer-Personen-mit-hohem-Sturzrisiko-Update-2FP-69?\r\n\t\t\t\t\t\t\t\t\t\" title=\"Sie sehen fallende Dominosteine, die von einer Hand gebremst werden, als Assoziation zum Webseminar f\u00fcr Ergotherapie + Physiotherapie in der Sturzpr\u00e4vention im de NeuroReha, Orthop\u00e4die und Geriatrie in Klinik + Praxis\" target=\"_blank\">\r\n\t\t\t\t\t\t\t\t\t\t<img decoding=\"async\" width=\"475\" src=\"https:\/\/www.ergowebinar.de\/intern\/parsed_images\/69.png\" class=\"vc_single_image-img attachment-full\" alt=\"Sie sehen fallende Dominosteine, die von einer Hand gebremst werden, als Assoziation zum Webseminar f\u00fcr Ergotherapie + Physiotherapie in der Sturzpr\u00e4vention im de NeuroReha, Orthop\u00e4die und Geriatrie in Klinik + Praxis\" title=\"Sie sehen fallende Dominosteine, die von einer Hand gebremst werden, als Assoziation zum Webseminar f\u00fcr Ergotherapie + Physiotherapie in der Sturzpr\u00e4vention im de NeuroReha, Orthop\u00e4die und Geriatrie in Klinik + Praxis\" srcset=\"https:\/\/www.ergowebinar.de\/intern\/parsed_images\/69.png 475w, https:\/\/www.ergowebinar.de\/intern\/parsed_images\/69.png 275w\" sizes=\"(max-width: 475px) 100vw, 475px\" itemprop=\"image\" \/>\r\n\t\t\t\t\t\t\t\t\t\t<h6>Multifaktorielle Sturzpr\u00e4vention f\u00fcr Personen mit hohem Sturzrisiko - Update [2FP]<\/h6>\r\n\t\t\t\t\t\t\t\t\t\t\t\t\t\t\t\t\t\t\t\t\t<p class=\"calendarline\"><img decoding=\"async\" class=\"calendar_icon\" src=\"https:\/\/www.ergowebinar.de\/intern\/images\/calendar.png\">28.09.2026 19:45 - 20:45<\/p>\t\r\n\t\t\t\t\t\t\t\t\t\t\t\t\t\t\t\t\t\t\t\t\t<p class=\"liquid_vc_single_text\">Sturzpr&auml;ventionsma&szlig;nahmen gewinnen in unserer Gesellschaft immer mehr an Bedeutung. Bei Personen mit hohem Sturzrisiko sind neben einem k&ouml;rperlichen Training auch weitere Ma&szlig;nahmen ...<\/p>\r\n\t\t\t\t\t\t\t\t\t\t\t\t\t\t\t\t\t\t\t\t\t<p class=\"sempreis\">49 \u20ac<\/p>\r\n\t\t\t\t\t\t\t\t\t\t\t\t\t\t\t\t\t\t\t\t\t\t\t<p class=\"semmwst\"><\/p>\r\n\t\t\t\t\t\t\t\t\t\t\t\t\t\t\t\t\t\t\t\t\t\t\t\r\n\t\t\t\t\t\t\t\t\t<\/a>\r\n\t\t\t\t\t\t\t\t\t\r\n\t\t\t\t\t\t\t\t<\/figure>\r\n\t\t\t\t\t\t\t\t\r\n\t\t\t\t\t\t\t<\/div>\r\n\t\t\t\t\t\t\t\t\t\t\t\t\t\t\r\n\t\t\t\t\t\t<\/div>\r\n\t\t\t\t\t<\/div>\r\n\t\t\t\t<\/div>\r\n\t\t\t\t\t\t\t\t<div class=\"wpb_column vc_column_container vc_col-sm-2\">\r\n\t\t\t\t\t<div class=\"vc_column-inner \" >\r\n\t\t\t\t\t\t<div class=\"wpb_wrapper\" >\r\n\t\t\t\t\t\t\t<div class=\"wpb_single_image wpb_content_element vc_align_ liquid_vc_single_image\">\r\n\t\t\t\t\t\t\t\t\t\t\t\t\t\t\t\t\t<div class=\"sem_overlay\" ><a href=\"https:\/\/online.therapie.ergowebinar.de\/de\/e\/Parkinson-Transfers-und-Lagewechsel-Mobilitaet-im-Alltag-2FP-139?\r\n\t\t\t\t\t\t\t\t\t\" class=\"btn btn-solid btn-xsm round border-thin btn-has-label jetztstartenbutton\">klicken f\u00fcr Details<\/a><\/div>\r\n\t\t\t\t\t\t\t\t\t\t\t\t\t\t\t\t\t<figure class=\"wpb_wrapper vc_figure\">\r\n\t\t\t\t\t\t\t\t\t<a href=\"online.therapie.ergowebinar.de\/de\/e\/Parkinson-Transfers-und-Lagewechsel-Mobilitaet-im-Alltag-2FP-139?\r\n\t\t\t\t\t\t\t\t\t\" title=\"Sie sehen eine Reihe gelber Liegest\u00fchle am Strand als Assoziation zum Webseminar \u00fcber Transfers bei Parkinson f\u00fcr Ergotherapie + Physiotherapie in der Rehabilitation von Parkinsonbetroffenen in der Reha + in Klinik + Praxis\" target=\"_blank\">\r\n\t\t\t\t\t\t\t\t\t\t<img decoding=\"async\" width=\"475\" src=\"https:\/\/www.ergowebinar.de\/intern\/parsed_images\/7c60f34b-422b-4bce-b214-38d564cc7a1e.jpg\" class=\"vc_single_image-img attachment-full\" alt=\"Sie sehen eine Reihe gelber Liegest\u00fchle am Strand als Assoziation zum Webseminar \u00fcber Transfers bei Parkinson f\u00fcr Ergotherapie + Physiotherapie in der Rehabilitation von Parkinsonbetroffenen in der Reha + in Klinik + Praxis\" title=\"Sie sehen eine Reihe gelber Liegest\u00fchle am Strand als Assoziation zum Webseminar \u00fcber Transfers bei Parkinson f\u00fcr Ergotherapie + Physiotherapie in der Rehabilitation von Parkinsonbetroffenen in der Reha + in Klinik + Praxis\" srcset=\"https:\/\/www.ergowebinar.de\/intern\/parsed_images\/7c60f34b-422b-4bce-b214-38d564cc7a1e.jpg 475w, https:\/\/www.ergowebinar.de\/intern\/parsed_images\/7c60f34b-422b-4bce-b214-38d564cc7a1e.jpg 275w\" sizes=\"(max-width: 475px) 100vw, 475px\" itemprop=\"image\" \/>\r\n\t\t\t\t\t\t\t\t\t\t<h6>Parkinson - Transfers und Lagewechsel-Mobilit\u00e4t im Alltag  [2FP]<\/h6>\r\n\t\t\t\t\t\t\t\t\t\t\t\t\t\t\t\t\t\t\t\t\t<p class=\"calendarline\"><img decoding=\"async\" class=\"calendar_icon\" src=\"https:\/\/www.ergowebinar.de\/intern\/images\/calendar.png\">06.10.2026 18:00 - 19:00<\/p>\t\r\n\t\t\t\t\t\t\t\t\t\t\t\t\t\t\t\t\t\t\t\t\t<p class=\"liquid_vc_single_text\">Transfers und Lagewechsel selbstst&auml;ndig durchf&uuml;hren zu k&ouml;nnen, bedeutet mehr als \"nur\" eigenst&auml;ndige Mobilit&auml;t. Erschwernisse in diesem Bereich kosten Energie, bauen Druck auf ...<\/p>\r\n\t\t\t\t\t\t\t\t\t\t\t\t\t\t\t\t\t\t\t\t\t<p class=\"sempreis\">49 \u20ac<\/p>\r\n\t\t\t\t\t\t\t\t\t\t\t\t\t\t\t\t\t\t\t\t\t\t\t<p class=\"semmwst\"><\/p>\r\n\t\t\t\t\t\t\t\t\t\t\t\t\t\t\t\t\t\t\t\t\t\t\t\r\n\t\t\t\t\t\t\t\t\t<\/a>\r\n\t\t\t\t\t\t\t\t\t\r\n\t\t\t\t\t\t\t\t<\/figure>\r\n\t\t\t\t\t\t\t\t\r\n\t\t\t\t\t\t\t<\/div>\r\n\t\t\t\t\t\t\t\t\t\t\t\t\t\t\r\n\t\t\t\t\t\t<\/div>\r\n\t\t\t\t\t<\/div>\r\n\t\t\t\t<\/div>\r\n\t\t\t\t\t\t\t<\/div><\/div><\/div>\r\n\t\t\t\t\t<a name=\"seminarenachdatum\"><\/a>\r\n\t\t<a name=\"af55fe71-30cf-488a-9217-8cc32e7ab957\"><\/a>\r\n\t\t<h2 class=\"ld-fh-element lqd-highlight-underline lqd-highlight-grow-left text-decoration-default h3 ldsemheadline\">SchmerzReha<\/h2>\r\n\t\t\t\t\t<div class=\"vc_row vc_inner\">\r\n\t\t\t<div class=\"ld-container container-fluid\">\r\n\t\t\t<div class=\"row ld-row ld-row-inner\">\r\n\t\t\t\t\t\t\t<div class=\"wpb_column vc_column_container vc_col-sm-2\">\r\n\t\t\t\t\t<div class=\"vc_column-inner \" >\r\n\t\t\t\t\t\t<div class=\"wpb_wrapper\" >\r\n\t\t\t\t\t\t\t<div class=\"wpb_single_image wpb_content_element vc_align_ liquid_vc_single_image\">\r\n\t\t\t\t\t\t\t\t\t\t\t\t\t\t\t\t\t<div class=\"sem_overlay\" ><a href=\"https:\/\/online.therapie.ergowebinar.de\/de\/e\/Fatigue-Brain-Fog-den-Nebel-lichten-2FP-147?\r\n\t\t\t\t\t\t\t\t\t\" class=\"btn btn-solid btn-xsm round border-thin btn-has-label jetztstartenbutton\">klicken f\u00fcr Details<\/a><\/div>\r\n\t\t\t\t\t\t\t\t\t\t\t\t\t\t\t\t\t<figure class=\"wpb_wrapper vc_figure\">\r\n\t\t\t\t\t\t\t\t\t<a href=\"online.therapie.ergowebinar.de\/de\/e\/Fatigue-Brain-Fog-den-Nebel-lichten-2FP-147?\r\n\t\t\t\t\t\t\t\t\t\" title=\"Sie sehen in einem nebeligen Wald eine Frau von hinten  als Assoziation zum Webseminar f\u00fcr Ergotherapie + Physiotherapie in der Rehabilitation von Long + Post Covid + Schmerzreha + NeuroReha + Fatigue in Klinik + Praxis\" target=\"_blank\">\r\n\t\t\t\t\t\t\t\t\t\t<img decoding=\"async\" width=\"475\" src=\"https:\/\/www.ergowebinar.de\/intern\/parsed_images\/ea5b53a6-1f20-427d-a255-4c5032bc3eff.jpg\" class=\"vc_single_image-img attachment-full\" alt=\"Sie sehen in einem nebeligen Wald eine Frau von hinten  als Assoziation zum Webseminar f\u00fcr Ergotherapie + Physiotherapie in der Rehabilitation von Long + Post Covid + Schmerzreha + NeuroReha + Fatigue in Klinik + Praxis\" title=\"Sie sehen in einem nebeligen Wald eine Frau von hinten  als Assoziation zum Webseminar f\u00fcr Ergotherapie + Physiotherapie in der Rehabilitation von Long + Post Covid + Schmerzreha + NeuroReha + Fatigue in Klinik + Praxis\" srcset=\"https:\/\/www.ergowebinar.de\/intern\/parsed_images\/ea5b53a6-1f20-427d-a255-4c5032bc3eff.jpg 475w, https:\/\/www.ergowebinar.de\/intern\/parsed_images\/ea5b53a6-1f20-427d-a255-4c5032bc3eff.jpg 275w\" sizes=\"(max-width: 475px) 100vw, 475px\" itemprop=\"image\" \/>\r\n\t\t\t\t\t\t\t\t\t\t<h6>Fatigue \u2013 Brain Fog - den Nebel lichten [2FP]<\/h6>\r\n\t\t\t\t\t\t\t\t\t\t\t\t\t\t\t\t\t\t\t\t\t<p class=\"calendarline\"><img decoding=\"async\" class=\"calendar_icon\" src=\"https:\/\/www.ergowebinar.de\/intern\/images\/calendar.png\">29.04.2026 19:00 - 20:00<\/p>\t\r\n\t\t\t\t\t\t\t\t\t\t\t\t\t\t\t\t\t\t\t\t\t<p class=\"liquid_vc_single_text\">\r\n\r\n\r\n\r\nEinstige Routineaufgaben wie Einkaufen gehen, Formulare ausf&uuml;llen aber auch die Teilnahme an sozialen Aktivit&auml;ten werden durch den Brain Fog zur Herausforderung. Brain Fog beeinflusst ...<\/p>\r\n\t\t\t\t\t\t\t\t\t\t\t\t\t\t\t\t\t\t\t\t\t<p class=\"sempreis\">49 \u20ac<\/p>\r\n\t\t\t\t\t\t\t\t\t\t\t\t\t\t\t\t\t\t\t\t\t\t\t<p class=\"semmwst\"><\/p>\r\n\t\t\t\t\t\t\t\t\t\t\t\t\t\t\t\t\t\t\t\t\t\t\t\r\n\t\t\t\t\t\t\t\t\t<\/a>\r\n\t\t\t\t\t\t\t\t\t\r\n\t\t\t\t\t\t\t\t<\/figure>\r\n\t\t\t\t\t\t\t\t\r\n\t\t\t\t\t\t\t<\/div>\r\n\t\t\t\t\t\t\t\t\t\t\t\t\t\t\r\n\t\t\t\t\t\t<\/div>\r\n\t\t\t\t\t<\/div>\r\n\t\t\t\t<\/div>\r\n\t\t\t\t\t\t\t\t<div class=\"wpb_column vc_column_container vc_col-sm-2\">\r\n\t\t\t\t\t<div class=\"vc_column-inner \" >\r\n\t\t\t\t\t\t<div class=\"wpb_wrapper\" >\r\n\t\t\t\t\t\t\t<div class=\"wpb_single_image wpb_content_element vc_align_ liquid_vc_single_image\">\r\n\t\t\t\t\t\t\t\t\t\t\t\t\t\t\t\t\t<div class=\"sem_overlay\" ><a href=\"https:\/\/online.therapie.ergowebinar.de\/de\/e\/Schmerzreha-Angst-vor-Bewegung-2FP-113?\r\n\t\t\t\t\t\t\t\t\t\" class=\"btn btn-solid btn-xsm round border-thin btn-has-label jetztstartenbutton\">klicken f\u00fcr Details<\/a><\/div>\r\n\t\t\t\t\t\t\t\t\t\t\t\t\t\t\t\t\t<figure class=\"wpb_wrapper vc_figure\">\r\n\t\t\t\t\t\t\t\t\t<a href=\"online.therapie.ergowebinar.de\/de\/e\/Schmerzreha-Angst-vor-Bewegung-2FP-113?\r\n\t\t\t\t\t\t\t\t\t\" title=\"Sie sehen einen T\u00e4nzer mit starken Arm- und Beinbewegungen in Langzeitbelichtung als Assoziation zum Webseminar zur SchmerzReha f\u00fcr Ergotherapie + Physiotherapie in der Rehabilitation von Bewegungsangst bei Schmerzbetroffenen in Klinik + Praxis\" target=\"_blank\">\r\n\t\t\t\t\t\t\t\t\t\t<img decoding=\"async\" width=\"475\" src=\"https:\/\/www.ergowebinar.de\/intern\/parsed_images\/a73e24b3-dc5b-4f17-bbfb-08a625abd2e1.jpg\" class=\"vc_single_image-img attachment-full\" alt=\"Sie sehen einen T\u00e4nzer mit starken Arm- und Beinbewegungen in Langzeitbelichtung als Assoziation zum Webseminar zur SchmerzReha f\u00fcr Ergotherapie + Physiotherapie in der Rehabilitation von Bewegungsangst bei Schmerzbetroffenen in Klinik + Praxis\" title=\"Sie sehen einen T\u00e4nzer mit starken Arm- und Beinbewegungen in Langzeitbelichtung als Assoziation zum Webseminar zur SchmerzReha f\u00fcr Ergotherapie + Physiotherapie in der Rehabilitation von Bewegungsangst bei Schmerzbetroffenen in Klinik + Praxis\" srcset=\"https:\/\/www.ergowebinar.de\/intern\/parsed_images\/a73e24b3-dc5b-4f17-bbfb-08a625abd2e1.jpg 475w, https:\/\/www.ergowebinar.de\/intern\/parsed_images\/a73e24b3-dc5b-4f17-bbfb-08a625abd2e1.jpg 275w\" sizes=\"(max-width: 475px) 100vw, 475px\" itemprop=\"image\" \/>\r\n\t\t\t\t\t\t\t\t\t\t<h6>Schmerzreha - Angst vor Bewegung [2FP]<\/h6>\r\n\t\t\t\t\t\t\t\t\t\t\t\t\t\t\t\t\t\t\t\t\t<p class=\"calendarline\"><img decoding=\"async\" class=\"calendar_icon\" src=\"https:\/\/www.ergowebinar.de\/intern\/images\/calendar.png\">05.05.2026 16:30 - 17:30<\/p>\t\r\n\t\t\t\t\t\t\t\t\t\t\t\t\t\t\t\t\t\t\t\t\t<p class=\"liquid_vc_single_text\">Wer kennt es nicht, wenn Betroffene in der Therapie gewisse Bet&auml;tigungen und Bewegungen im Alltag vermeiden? Bei akutem Schmerz ist das ein nat&uuml;rlicher Verhaltensschutz, bei chronischem Schmerz ...<\/p>\r\n\t\t\t\t\t\t\t\t\t\t\t\t\t\t\t\t\t\t\t\t\t<p class=\"sempreis\">49 \u20ac<\/p>\r\n\t\t\t\t\t\t\t\t\t\t\t\t\t\t\t\t\t\t\t\t\t\t\t<p class=\"semmwst\"><\/p>\r\n\t\t\t\t\t\t\t\t\t\t\t\t\t\t\t\t\t\t\t\t\t\t\t\r\n\t\t\t\t\t\t\t\t\t<\/a>\r\n\t\t\t\t\t\t\t\t\t\r\n\t\t\t\t\t\t\t\t<\/figure>\r\n\t\t\t\t\t\t\t\t\r\n\t\t\t\t\t\t\t<\/div>\r\n\t\t\t\t\t\t\t\t\t\t\t\t\t\t\r\n\t\t\t\t\t\t<\/div>\r\n\t\t\t\t\t<\/div>\r\n\t\t\t\t<\/div>\r\n\t\t\t\t\t\t\t\t<div class=\"wpb_column vc_column_container vc_col-sm-2\">\r\n\t\t\t\t\t<div class=\"vc_column-inner \" >\r\n\t\t\t\t\t\t<div class=\"wpb_wrapper\" >\r\n\t\t\t\t\t\t\t<div class=\"wpb_single_image wpb_content_element vc_align_ liquid_vc_single_image\">\r\n\t\t\t\t\t\t\t\t\t\t\t\t\t\t\t\t\t<div class=\"sem_overlay\" ><a href=\"https:\/\/online.therapie.ergowebinar.de\/de\/e\/AtemYoga-entdecken-Atempraxis-fuer-Senioren-2-FP-172?\r\n\t\t\t\t\t\t\t\t\t\" class=\"btn btn-solid btn-xsm round border-thin btn-has-label jetztstartenbutton\">klicken f\u00fcr Details<\/a><\/div>\r\n\t\t\t\t\t\t\t\t\t\t\t\t\t\t\t\t\t<figure class=\"wpb_wrapper vc_figure\">\r\n\t\t\t\t\t\t\t\t\t<a href=\"online.therapie.ergowebinar.de\/de\/e\/AtemYoga-entdecken-Atempraxis-fuer-Senioren-2-FP-172?\r\n\t\t\t\t\t\t\t\t\t\" title=\"Sie sehen eine etwa 40-j\u00e4hrige Frau, die Seifenblasen pustet als Assoziation zum Webseminar f\u00fcr Ergotherapie + Physiotherapie in der NeuroReha, SchmerzReha, Geriatrie, Orthop\u00e4die, bei Rheuma, Fatigue und Post + LongCovid in Klinik + Praxis\" target=\"_blank\">\r\n\t\t\t\t\t\t\t\t\t\t<img decoding=\"async\" width=\"475\" src=\"https:\/\/www.ergowebinar.de\/intern\/parsed_images\/bef7a0c5-1da0-4c41-a1b4-636269265289.jpg\" class=\"vc_single_image-img attachment-full\" alt=\"Sie sehen eine etwa 40-j\u00e4hrige Frau, die Seifenblasen pustet als Assoziation zum Webseminar f\u00fcr Ergotherapie + Physiotherapie in der NeuroReha, SchmerzReha, Geriatrie, Orthop\u00e4die, bei Rheuma, Fatigue und Post + LongCovid in Klinik + Praxis\" title=\"Sie sehen eine etwa 40-j\u00e4hrige Frau, die Seifenblasen pustet als Assoziation zum Webseminar f\u00fcr Ergotherapie + Physiotherapie in der NeuroReha, SchmerzReha, Geriatrie, Orthop\u00e4die, bei Rheuma, Fatigue und Post + LongCovid in Klinik + Praxis\" srcset=\"https:\/\/www.ergowebinar.de\/intern\/parsed_images\/bef7a0c5-1da0-4c41-a1b4-636269265289.jpg 475w, https:\/\/www.ergowebinar.de\/intern\/parsed_images\/bef7a0c5-1da0-4c41-a1b4-636269265289.jpg 275w\" sizes=\"(max-width: 475px) 100vw, 475px\" itemprop=\"image\" \/>\r\n\t\t\t\t\t\t\t\t\t\t<h6>AtemYoga entdecken - Atempraxis f\u00fcr Senioren [2 FP]<\/h6>\r\n\t\t\t\t\t\t\t\t\t\t\t\t\t\t\t\t\t\t\t\t\t<p class=\"calendarline\"><img decoding=\"async\" class=\"calendar_icon\" src=\"https:\/\/www.ergowebinar.de\/intern\/images\/calendar.png\">06.05.2026 18:30 - 19:30<\/p>\t\r\n\t\t\t\t\t\t\t\t\t\t\t\t\t\t\t\t\t\t\t\t\t<p class=\"liquid_vc_single_text\">Gerade bei &auml;lteren Klient:innen tr&auml;gt die Auswahl der erforderlichen Assessments &amp; Therapieinhalte ma&szlig;geblich zum Erfolg der Therapie bei. In diesen Themenblock lernen sie die Bedeutung ...<\/p>\r\n\t\t\t\t\t\t\t\t\t\t\t\t\t\t\t\t\t\t\t\t\t<p class=\"sempreis\">49 \u20ac<\/p>\r\n\t\t\t\t\t\t\t\t\t\t\t\t\t\t\t\t\t\t\t\t\t\t\t<p class=\"semmwst\"><\/p>\r\n\t\t\t\t\t\t\t\t\t\t\t\t\t\t\t\t\t\t\t\t\t\t\t\r\n\t\t\t\t\t\t\t\t\t<\/a>\r\n\t\t\t\t\t\t\t\t\t\r\n\t\t\t\t\t\t\t\t<\/figure>\r\n\t\t\t\t\t\t\t\t\r\n\t\t\t\t\t\t\t<\/div>\r\n\t\t\t\t\t\t\t\t\t\t\t\t\t\t\r\n\t\t\t\t\t\t<\/div>\r\n\t\t\t\t\t<\/div>\r\n\t\t\t\t<\/div>\r\n\t\t\t\t\t\t\t\t<div class=\"wpb_column vc_column_container vc_col-sm-2\">\r\n\t\t\t\t\t<div class=\"vc_column-inner \" >\r\n\t\t\t\t\t\t<div class=\"wpb_wrapper\" >\r\n\t\t\t\t\t\t\t<div class=\"wpb_single_image wpb_content_element vc_align_ liquid_vc_single_image\">\r\n\t\t\t\t\t\t\t\t\t\t\t\t\t\t\t\t\t<div class=\"sem_overlay\" ><a href=\"https:\/\/online.therapie.ergowebinar.de\/de\/e\/Long-Covid-Die-Belastbarkeit-behandeln-2-FP-161?\r\n\t\t\t\t\t\t\t\t\t\" class=\"btn btn-solid btn-xsm round border-thin btn-has-label jetztstartenbutton\">klicken f\u00fcr Details<\/a><\/div>\r\n\t\t\t\t\t\t\t\t\t\t\t\t\t\t\t\t\t<figure class=\"wpb_wrapper vc_figure\">\r\n\t\t\t\t\t\t\t\t\t<a href=\"online.therapie.ergowebinar.de\/de\/e\/Long-Covid-Die-Belastbarkeit-behandeln-2-FP-161?\r\n\t\t\t\t\t\t\t\t\t\" title=\"Sie sehen einen stehenden Mann einen hohen Stapel Kartons mit Aufschriften wie Deadline, \u00c4ngstlichkeit oder Problemen umschubsen als Assoziation zum Webseminar f\u00fcr Ergotherapie + Physiotherapie in der Rehabilitation Long + Post Covidin Klinik + Praxis\" target=\"_blank\">\r\n\t\t\t\t\t\t\t\t\t\t<img decoding=\"async\" width=\"475\" src=\"https:\/\/www.ergowebinar.de\/intern\/parsed_images\/fa3c36ce-9387-47b8-aeef-d8fd2cad8dbd.jpg\" class=\"vc_single_image-img attachment-full\" alt=\"Sie sehen einen stehenden Mann einen hohen Stapel Kartons mit Aufschriften wie Deadline, \u00c4ngstlichkeit oder Problemen umschubsen als Assoziation zum Webseminar f\u00fcr Ergotherapie + Physiotherapie in der Rehabilitation Long + Post Covidin Klinik + Praxis\" title=\"Sie sehen einen stehenden Mann einen hohen Stapel Kartons mit Aufschriften wie Deadline, \u00c4ngstlichkeit oder Problemen umschubsen als Assoziation zum Webseminar f\u00fcr Ergotherapie + Physiotherapie in der Rehabilitation Long + Post Covidin Klinik + Praxis\" srcset=\"https:\/\/www.ergowebinar.de\/intern\/parsed_images\/fa3c36ce-9387-47b8-aeef-d8fd2cad8dbd.jpg 475w, https:\/\/www.ergowebinar.de\/intern\/parsed_images\/fa3c36ce-9387-47b8-aeef-d8fd2cad8dbd.jpg 275w\" sizes=\"(max-width: 475px) 100vw, 475px\" itemprop=\"image\" \/>\r\n\t\t\t\t\t\t\t\t\t\t<h6>Long Covid \u2013 Die Belastbarkeit behandeln [2 FP]<\/h6>\r\n\t\t\t\t\t\t\t\t\t\t\t\t\t\t\t\t\t\t\t\t\t<p class=\"calendarline\"><img decoding=\"async\" class=\"calendar_icon\" src=\"https:\/\/www.ergowebinar.de\/intern\/images\/calendar.png\">06.05.2026 20:00 - 21:00<\/p>\t\r\n\t\t\t\t\t\t\t\t\t\t\t\t\t\t\t\t\t\t\t\t\t<p class=\"liquid_vc_single_text\">Verringerte Leistungsf&auml;higkeit wird oft mit menschlichen Versagen assoziiert. In diesem Themenblock erf&auml;hrst Du die Bedeutung der bedarfsgerechten Belastbarkeit bei Post-Covid Klienten.\r\n&nbsp;\r\nDas ...<\/p>\r\n\t\t\t\t\t\t\t\t\t\t\t\t\t\t\t\t\t\t\t\t\t<p class=\"sempreis\">49 \u20ac<\/p>\r\n\t\t\t\t\t\t\t\t\t\t\t\t\t\t\t\t\t\t\t\t\t\t\t<p class=\"semmwst\"><\/p>\r\n\t\t\t\t\t\t\t\t\t\t\t\t\t\t\t\t\t\t\t\t\t\t\t\r\n\t\t\t\t\t\t\t\t\t<\/a>\r\n\t\t\t\t\t\t\t\t\t\r\n\t\t\t\t\t\t\t\t<\/figure>\r\n\t\t\t\t\t\t\t\t\r\n\t\t\t\t\t\t\t<\/div>\r\n\t\t\t\t\t\t\t\t\t\t\t\t\t\t\r\n\t\t\t\t\t\t<\/div>\r\n\t\t\t\t\t<\/div>\r\n\t\t\t\t<\/div>\r\n\t\t\t\t\t\t\t\t<div class=\"wpb_column vc_column_container vc_col-sm-2\">\r\n\t\t\t\t\t<div class=\"vc_column-inner \" >\r\n\t\t\t\t\t\t<div class=\"wpb_wrapper\" >\r\n\t\t\t\t\t\t\t<div class=\"wpb_single_image wpb_content_element vc_align_ liquid_vc_single_image\">\r\n\t\t\t\t\t\t\t\t\t\t\t\t\t\t\t\t\t<div class=\"sem_overlay\" ><a href=\"https:\/\/online.therapie.ergowebinar.de\/de\/e\/Schmerzreha-Schmerzaufklaerung-und-beratung-2FP-51?\r\n\t\t\t\t\t\t\t\t\t\" class=\"btn btn-solid btn-xsm round border-thin btn-has-label jetztstartenbutton\">klicken f\u00fcr Details<\/a><\/div>\r\n\t\t\t\t\t\t\t\t\t\t\t\t\t\t\t\t\t<figure class=\"wpb_wrapper vc_figure\">\r\n\t\t\t\t\t\t\t\t\t<a href=\"online.therapie.ergowebinar.de\/de\/e\/Schmerzreha-Schmerzaufklaerung-und-beratung-2FP-51?\r\n\t\t\t\t\t\t\t\t\t\" title=\"Sie sehen ein KI-generiertes Schienennetzwerk, das am Ende ausfranst, als Assoziation zum Webseminar \u00fcber Edukationsaufgaben f\u00fcr Ergotherapie + Physiotherapie in der Rehabilitation von Schmerzbetroffenen in Klinik + Praxis\" target=\"_blank\">\r\n\t\t\t\t\t\t\t\t\t\t<img decoding=\"async\" width=\"475\" src=\"https:\/\/www.ergowebinar.de\/intern\/parsed_images\/7f1f035d-c8f0-41f7-8116-7803b7566d8a.jpg\" class=\"vc_single_image-img attachment-full\" alt=\"Sie sehen ein KI-generiertes Schienennetzwerk, das am Ende ausfranst, als Assoziation zum Webseminar \u00fcber Edukationsaufgaben f\u00fcr Ergotherapie + Physiotherapie in der Rehabilitation von Schmerzbetroffenen in Klinik + Praxis\" title=\"Sie sehen ein KI-generiertes Schienennetzwerk, das am Ende ausfranst, als Assoziation zum Webseminar \u00fcber Edukationsaufgaben f\u00fcr Ergotherapie + Physiotherapie in der Rehabilitation von Schmerzbetroffenen in Klinik + Praxis\" srcset=\"https:\/\/www.ergowebinar.de\/intern\/parsed_images\/7f1f035d-c8f0-41f7-8116-7803b7566d8a.jpg 475w, https:\/\/www.ergowebinar.de\/intern\/parsed_images\/7f1f035d-c8f0-41f7-8116-7803b7566d8a.jpg 275w\" sizes=\"(max-width: 475px) 100vw, 475px\" itemprop=\"image\" \/>\r\n\t\t\t\t\t\t\t\t\t\t<h6>Schmerzreha - Schmerzaufkl\u00e4rung und -beratung [2FP]<\/h6>\r\n\t\t\t\t\t\t\t\t\t\t\t\t\t\t\t\t\t\t\t\t\t<p class=\"calendarline\"><img decoding=\"async\" class=\"calendar_icon\" src=\"https:\/\/www.ergowebinar.de\/intern\/images\/calendar.png\">22.06.2026 19:30 - 20:30<\/p>\t\r\n\t\t\t\t\t\t\t\t\t\t\t\t\t\t\t\t\t\t\t\t\t<p class=\"liquid_vc_single_text\">Den Klient:innen auf einfache und verst&auml;ndliche Art zu erkl&auml;ren, was bei chronischen Schmerzen in ihrem K&ouml;rper passiert, stellt Therapeutinnen und Therapeuten oft vor eine Herausforderung. ...<\/p>\r\n\t\t\t\t\t\t\t\t\t\t\t\t\t\t\t\t\t\t\t\t\t<p class=\"sempreis\">49 \u20ac<\/p>\r\n\t\t\t\t\t\t\t\t\t\t\t\t\t\t\t\t\t\t\t\t\t\t\t<p class=\"semmwst\"><\/p>\r\n\t\t\t\t\t\t\t\t\t\t\t\t\t\t\t\t\t\t\t\t\t\t\t\r\n\t\t\t\t\t\t\t\t\t<\/a>\r\n\t\t\t\t\t\t\t\t\t\r\n\t\t\t\t\t\t\t\t<\/figure>\r\n\t\t\t\t\t\t\t\t\r\n\t\t\t\t\t\t\t<\/div>\r\n\t\t\t\t\t\t\t\t\t\t\t\t\t\t\r\n\t\t\t\t\t\t<\/div>\r\n\t\t\t\t\t<\/div>\r\n\t\t\t\t<\/div>\r\n\t\t\t\t\t\t\t\t<div class=\"wpb_column vc_column_container vc_col-sm-2\">\r\n\t\t\t\t\t<div class=\"vc_column-inner \" >\r\n\t\t\t\t\t\t<div class=\"wpb_wrapper\" >\r\n\t\t\t\t\t\t\t<div class=\"wpb_single_image wpb_content_element vc_align_ liquid_vc_single_image\">\r\n\t\t\t\t\t\t\t\t\t\t\t\t\t\t\t\t\t<div class=\"sem_overlay\" ><a href=\"https:\/\/online.therapie.ergowebinar.de\/de\/e\/Schmerzreha-ergotherapeutische-Aufgaben-Basic-2FP-110?\r\n\t\t\t\t\t\t\t\t\t\" class=\"btn btn-solid btn-xsm round border-thin btn-has-label jetztstartenbutton\">klicken f\u00fcr Details<\/a><\/div>\r\n\t\t\t\t\t\t\t\t\t\t\t\t\t\t\t\t\t<figure class=\"wpb_wrapper vc_figure\">\r\n\t\t\t\t\t\t\t\t\t<a href=\"online.therapie.ergowebinar.de\/de\/e\/Schmerzreha-ergotherapeutische-Aufgaben-Basic-2FP-110?\r\n\t\t\t\t\t\t\t\t\t\" title=\"Sie sehen eine gehende Figur, die durch Lichtpunkte auf schwarzem Hintergrund mit einem roten Schmerzpunkt im Lumbalbereich dargestellt wird, als Assoziation zum Webinar \u00fcber Basics der Schmerztherapie f\u00fcr Ergotherapie+ Physiotherapie in Klinik + Praxis\" target=\"_blank\">\r\n\t\t\t\t\t\t\t\t\t\t<img decoding=\"async\" width=\"475\" src=\"https:\/\/www.ergowebinar.de\/intern\/parsed_images\/03210b52-da1f-4bc6-9ac1-718cf9ee9d58.jpg\" class=\"vc_single_image-img attachment-full\" alt=\"Sie sehen eine gehende Figur, die durch Lichtpunkte auf schwarzem Hintergrund mit einem roten Schmerzpunkt im Lumbalbereich dargestellt wird, als Assoziation zum Webinar \u00fcber Basics der Schmerztherapie f\u00fcr Ergotherapie+ Physiotherapie in Klinik + Praxis\" title=\"Sie sehen eine gehende Figur, die durch Lichtpunkte auf schwarzem Hintergrund mit einem roten Schmerzpunkt im Lumbalbereich dargestellt wird, als Assoziation zum Webinar \u00fcber Basics der Schmerztherapie f\u00fcr Ergotherapie+ Physiotherapie in Klinik + Praxis\" srcset=\"https:\/\/www.ergowebinar.de\/intern\/parsed_images\/03210b52-da1f-4bc6-9ac1-718cf9ee9d58.jpg 475w, https:\/\/www.ergowebinar.de\/intern\/parsed_images\/03210b52-da1f-4bc6-9ac1-718cf9ee9d58.jpg 275w\" sizes=\"(max-width: 475px) 100vw, 475px\" itemprop=\"image\" \/>\r\n\t\t\t\t\t\t\t\t\t\t<h6>Schmerzreha - ergotherapeutische Aufgaben Basic [2FP]<\/h6>\r\n\t\t\t\t\t\t\t\t\t\t\t\t\t\t\t\t\t\t\t\t\t<p class=\"calendarline\"><img decoding=\"async\" class=\"calendar_icon\" src=\"https:\/\/www.ergowebinar.de\/intern\/images\/calendar.png\">07.07.2026 16:30 - 17:30<\/p>\t\r\n\t\t\t\t\t\t\t\t\t\t\t\t\t\t\t\t\t\t\t\t\t<p class=\"liquid_vc_single_text\">Welche T&auml;tigkeitsfelder gibt es in der Schmerzreha, wo sind multidisziplin&auml;re Schnittstellen und wo finden sich ergotherapeutische Fachgebiete? Welche sind die geeigneten Assessment-, Befund- ...<\/p>\r\n\t\t\t\t\t\t\t\t\t\t\t\t\t\t\t\t\t\t\t\t\t<p class=\"sempreis\">49 \u20ac<\/p>\r\n\t\t\t\t\t\t\t\t\t\t\t\t\t\t\t\t\t\t\t\t\t\t\t<p class=\"semmwst\"><\/p>\r\n\t\t\t\t\t\t\t\t\t\t\t\t\t\t\t\t\t\t\t\t\t\t\t\r\n\t\t\t\t\t\t\t\t\t<\/a>\r\n\t\t\t\t\t\t\t\t\t\r\n\t\t\t\t\t\t\t\t<\/figure>\r\n\t\t\t\t\t\t\t\t\r\n\t\t\t\t\t\t\t<\/div>\r\n\t\t\t\t\t\t\t\t\t\t\t\t\t\t\r\n\t\t\t\t\t\t<\/div>\r\n\t\t\t\t\t<\/div>\r\n\t\t\t\t<\/div>\r\n\t\t\t\t\t\t\t\t<div class=\"wpb_column vc_column_container vc_col-sm-2\">\r\n\t\t\t\t\t<div class=\"vc_column-inner \" >\r\n\t\t\t\t\t\t<div class=\"wpb_wrapper\" >\r\n\t\t\t\t\t\t\t<div class=\"wpb_single_image wpb_content_element vc_align_ liquid_vc_single_image\">\r\n\t\t\t\t\t\t\t\t\t\t\t\t\t\t\t\t\t<div class=\"sem_overlay\" ><a href=\"https:\/\/online.therapie.ergowebinar.de\/de\/e\/Graded-Motor-Imagery-GMI-in-der-Neuroreha-2-FP-186?\r\n\t\t\t\t\t\t\t\t\t\" class=\"btn btn-solid btn-xsm round border-thin btn-has-label jetztstartenbutton\">klicken f\u00fcr Details<\/a><\/div>\r\n\t\t\t\t\t\t\t\t\t\t\t\t\t\t\t\t\t<figure class=\"wpb_wrapper vc_figure\">\r\n\t\t\t\t\t\t\t\t\t<a href=\"online.therapie.ergowebinar.de\/de\/e\/Graded-Motor-Imagery-GMI-in-der-Neuroreha-2-FP-186?\r\n\t\t\t\t\t\t\t\t\t\" title=\"Sie sehen jeweils von links + rechts kommende Unterarme mit H\u00e4nden einander fast ber\u00fchrend wie in der Michelangelo Pose, als Assoziation zum Webinar f\u00fcr Ergotherapie + Physiotherapie in der Reha von Schlaganfall + Apoplex + Schmerz in Klinik + Praxis\" target=\"_blank\">\r\n\t\t\t\t\t\t\t\t\t\t<img decoding=\"async\" width=\"475\" src=\"https:\/\/www.ergowebinar.de\/intern\/parsed_images\/8ddb68ce-3514-450e-96e0-f3a8ae06f45a.jpg\" class=\"vc_single_image-img attachment-full\" alt=\"Sie sehen jeweils von links + rechts kommende Unterarme mit H\u00e4nden einander fast ber\u00fchrend wie in der Michelangelo Pose, als Assoziation zum Webinar f\u00fcr Ergotherapie + Physiotherapie in der Reha von Schlaganfall + Apoplex + Schmerz in Klinik + Praxis\" title=\"Sie sehen jeweils von links + rechts kommende Unterarme mit H\u00e4nden einander fast ber\u00fchrend wie in der Michelangelo Pose, als Assoziation zum Webinar f\u00fcr Ergotherapie + Physiotherapie in der Reha von Schlaganfall + Apoplex + Schmerz in Klinik + Praxis\" srcset=\"https:\/\/www.ergowebinar.de\/intern\/parsed_images\/8ddb68ce-3514-450e-96e0-f3a8ae06f45a.jpg 475w, https:\/\/www.ergowebinar.de\/intern\/parsed_images\/8ddb68ce-3514-450e-96e0-f3a8ae06f45a.jpg 275w\" sizes=\"(max-width: 475px) 100vw, 475px\" itemprop=\"image\" \/>\r\n\t\t\t\t\t\t\t\t\t\t<h6>Graded Motor Imagery (GMI) in der Neuroreha [2 FP]<\/h6>\r\n\t\t\t\t\t\t\t\t\t\t\t\t\t\t\t\t\t\t\t\t\t<p class=\"calendarline\"><img decoding=\"async\" class=\"calendar_icon\" src=\"https:\/\/www.ergowebinar.de\/intern\/images\/calendar.png\">14.07.2026 18:30 - 19:30<\/p>\t\r\n\t\t\t\t\t\t\t\t\t\t\t\t\t\t\t\t\t\t\t\t\t<p class=\"liquid_vc_single_text\">Die Basisbausteine der Graded Motor Imagery, besser bekannt auch &uuml;ber Bildkartentraining, Bewegungsimitation mit oder ohne App oder Spiegeltherapie einfach bei Schlaganfallbetroffenen einsetzen\r\n\r\nBEST ...<\/p>\r\n\t\t\t\t\t\t\t\t\t\t\t\t\t\t\t\t\t\t\t\t\t<p class=\"sempreis\">49 \u20ac<\/p>\r\n\t\t\t\t\t\t\t\t\t\t\t\t\t\t\t\t\t\t\t\t\t\t\t<p class=\"semmwst\"><\/p>\r\n\t\t\t\t\t\t\t\t\t\t\t\t\t\t\t\t\t\t\t\t\t\t\t\r\n\t\t\t\t\t\t\t\t\t<\/a>\r\n\t\t\t\t\t\t\t\t\t\r\n\t\t\t\t\t\t\t\t<\/figure>\r\n\t\t\t\t\t\t\t\t\r\n\t\t\t\t\t\t\t<\/div>\r\n\t\t\t\t\t\t\t\t\t\t\t\t\t\t\r\n\t\t\t\t\t\t<\/div>\r\n\t\t\t\t\t<\/div>\r\n\t\t\t\t<\/div>\r\n\t\t\t\t\t\t\t\t<div class=\"wpb_column vc_column_container vc_col-sm-2\">\r\n\t\t\t\t\t<div class=\"vc_column-inner \" >\r\n\t\t\t\t\t\t<div class=\"wpb_wrapper\" >\r\n\t\t\t\t\t\t\t<div class=\"wpb_single_image wpb_content_element vc_align_ liquid_vc_single_image\">\r\n\t\t\t\t\t\t\t\t\t\t\t\t\t\t\t\t\t<div class=\"sem_overlay\" ><a href=\"https:\/\/online.therapie.ergowebinar.de\/de\/e\/Passives-Diskriminationstraining-in-der-Neuroreha-2-FP-193?\r\n\t\t\t\t\t\t\t\t\t\" class=\"btn btn-solid btn-xsm round border-thin btn-has-label jetztstartenbutton\">klicken f\u00fcr Details<\/a><\/div>\r\n\t\t\t\t\t\t\t\t\t\t\t\t\t\t\t\t\t<figure class=\"wpb_wrapper vc_figure\">\r\n\t\t\t\t\t\t\t\t\t<a href=\"online.therapie.ergowebinar.de\/de\/e\/Passives-Diskriminationstraining-in-der-Neuroreha-2-FP-193?\r\n\t\t\t\t\t\t\t\t\t\" title=\"Sie sehen einenbreit aufgef\u00e4cherten Handr\u00fccken von rechts ins Bild kommend, als Assoziation zum Webseminar f\u00fcr Ergotherapie + Physiotherapie in der Rehabilitation von Schlaganfall + Apoplex in Klinik + Praxis\" target=\"_blank\">\r\n\t\t\t\t\t\t\t\t\t\t<img decoding=\"async\" width=\"475\" src=\"https:\/\/www.ergowebinar.de\/intern\/parsed_images\/f694fba8-7eb0-4ba6-a68c-2a5c416b940b.jpg\" class=\"vc_single_image-img attachment-full\" alt=\"Sie sehen einenbreit aufgef\u00e4cherten Handr\u00fccken von rechts ins Bild kommend, als Assoziation zum Webseminar f\u00fcr Ergotherapie + Physiotherapie in der Rehabilitation von Schlaganfall + Apoplex in Klinik + Praxis\" title=\"Sie sehen einenbreit aufgef\u00e4cherten Handr\u00fccken von rechts ins Bild kommend, als Assoziation zum Webseminar f\u00fcr Ergotherapie + Physiotherapie in der Rehabilitation von Schlaganfall + Apoplex in Klinik + Praxis\" srcset=\"https:\/\/www.ergowebinar.de\/intern\/parsed_images\/f694fba8-7eb0-4ba6-a68c-2a5c416b940b.jpg 475w, https:\/\/www.ergowebinar.de\/intern\/parsed_images\/f694fba8-7eb0-4ba6-a68c-2a5c416b940b.jpg 275w\" sizes=\"(max-width: 475px) 100vw, 475px\" itemprop=\"image\" \/>\r\n\t\t\t\t\t\t\t\t\t\t<h6>Passives Diskriminationstraining in der Neuroreha [2 FP]<\/h6>\r\n\t\t\t\t\t\t\t\t\t\t\t\t\t\t\t\t\t\t\t\t\t<p class=\"calendarline\"><img decoding=\"async\" class=\"calendar_icon\" src=\"https:\/\/www.ergowebinar.de\/intern\/images\/calendar.png\">21.07.2026 18:30 - 19:30<\/p>\t\r\n\t\t\t\t\t\t\t\t\t\t\t\t\t\t\t\t\t\t\t\t\t<p class=\"liquid_vc_single_text\">Sensibilit&auml;tstraining und passives &Uuml;ben der drei m&ouml;glichen Tast-Parameter Temperatur, Druck und Vibration auch ohne eigene Handmotorik ist ein hervorragendes taktiles Imaginationsverfahren ...<\/p>\r\n\t\t\t\t\t\t\t\t\t\t\t\t\t\t\t\t\t\t\t\t\t<p class=\"sempreis\">49 \u20ac<\/p>\r\n\t\t\t\t\t\t\t\t\t\t\t\t\t\t\t\t\t\t\t\t\t\t\t<p class=\"semmwst\"><\/p>\r\n\t\t\t\t\t\t\t\t\t\t\t\t\t\t\t\t\t\t\t\t\t\t\t\r\n\t\t\t\t\t\t\t\t\t<\/a>\r\n\t\t\t\t\t\t\t\t\t\r\n\t\t\t\t\t\t\t\t<\/figure>\r\n\t\t\t\t\t\t\t\t\r\n\t\t\t\t\t\t\t<\/div>\r\n\t\t\t\t\t\t\t\t\t\t\t\t\t\t\r\n\t\t\t\t\t\t<\/div>\r\n\t\t\t\t\t<\/div>\r\n\t\t\t\t<\/div>\r\n\t\t\t\t\t\t\t\t<div class=\"wpb_column vc_column_container vc_col-sm-2\">\r\n\t\t\t\t\t<div class=\"vc_column-inner \" >\r\n\t\t\t\t\t\t<div class=\"wpb_wrapper\" >\r\n\t\t\t\t\t\t\t<div class=\"wpb_single_image wpb_content_element vc_align_ liquid_vc_single_image\">\r\n\t\t\t\t\t\t\t\t\t\t\t\t\t\t\t\t\t<div class=\"sem_overlay\" ><a href=\"https:\/\/online.therapie.ergowebinar.de\/de\/e\/Aktives-Diskriminationstraining-in-der-Neuroreha-2-FP-195?\r\n\t\t\t\t\t\t\t\t\t\" class=\"btn btn-solid btn-xsm round border-thin btn-has-label jetztstartenbutton\">klicken f\u00fcr Details<\/a><\/div>\r\n\t\t\t\t\t\t\t\t\t\t\t\t\t\t\t\t\t<figure class=\"wpb_wrapper vc_figure\">\r\n\t\t\t\t\t\t\t\t\t<a href=\"online.therapie.ergowebinar.de\/de\/e\/Aktives-Diskriminationstraining-in-der-Neuroreha-2-FP-195?\r\n\t\t\t\t\t\t\t\t\t\" title=\"Sie sehen eine Hand, die \u00fcber einen Schneeh\u00fcgel streicht, als Assoziation zum Webseminar f\u00fcr Ergotherapie + Physiotherapie in der Rehabilitation von Schlaganfall + Apoplex in Klinik + Praxis\" target=\"_blank\">\r\n\t\t\t\t\t\t\t\t\t\t<img decoding=\"async\" width=\"475\" src=\"https:\/\/www.ergowebinar.de\/intern\/parsed_images\/195.jpg\" class=\"vc_single_image-img attachment-full\" alt=\"Sie sehen eine Hand, die \u00fcber einen Schneeh\u00fcgel streicht, als Assoziation zum Webseminar f\u00fcr Ergotherapie + Physiotherapie in der Rehabilitation von Schlaganfall + Apoplex in Klinik + Praxis\" title=\"Sie sehen eine Hand, die \u00fcber einen Schneeh\u00fcgel streicht, als Assoziation zum Webseminar f\u00fcr Ergotherapie + Physiotherapie in der Rehabilitation von Schlaganfall + Apoplex in Klinik + Praxis\" srcset=\"https:\/\/www.ergowebinar.de\/intern\/parsed_images\/195.jpg 475w, https:\/\/www.ergowebinar.de\/intern\/parsed_images\/195.jpg 275w\" sizes=\"(max-width: 475px) 100vw, 475px\" itemprop=\"image\" \/>\r\n\t\t\t\t\t\t\t\t\t\t<h6>Aktives Diskriminationstraining in der Neuroreha [2 FP]<\/h6>\r\n\t\t\t\t\t\t\t\t\t\t\t\t\t\t\t\t\t\t\t\t\t<p class=\"calendarline\"><img decoding=\"async\" class=\"calendar_icon\" src=\"https:\/\/www.ergowebinar.de\/intern\/images\/calendar.png\">25.08.2026 18:30 - 19:30<\/p>\t\r\n\t\t\t\t\t\t\t\t\t\t\t\t\t\t\t\t\t\t\t\t\t<p class=\"liquid_vc_single_text\">Kernelement des Sensibilit&auml;tstrainings -&nbsp;\r\nAktives exploratives &Uuml;ben der drei m&ouml;glichen Tast-Parameter Temperatur, Druck und Vibration mit beginnender Handmotorik ist ein taktil-kin&auml;sthetisches ...<\/p>\r\n\t\t\t\t\t\t\t\t\t\t\t\t\t\t\t\t\t\t\t\t\t<p class=\"sempreis\">49 \u20ac<\/p>\r\n\t\t\t\t\t\t\t\t\t\t\t\t\t\t\t\t\t\t\t\t\t\t\t<p class=\"semmwst\"><\/p>\r\n\t\t\t\t\t\t\t\t\t\t\t\t\t\t\t\t\t\t\t\t\t\t\t\r\n\t\t\t\t\t\t\t\t\t<\/a>\r\n\t\t\t\t\t\t\t\t\t\r\n\t\t\t\t\t\t\t\t<\/figure>\r\n\t\t\t\t\t\t\t\t\r\n\t\t\t\t\t\t\t<\/div>\r\n\t\t\t\t\t\t\t\t\t\t\t\t\t\t\r\n\t\t\t\t\t\t<\/div>\r\n\t\t\t\t\t<\/div>\r\n\t\t\t\t<\/div>\r\n\t\t\t\t\t\t\t\t<div class=\"wpb_column vc_column_container vc_col-sm-2\">\r\n\t\t\t\t\t<div class=\"vc_column-inner \" >\r\n\t\t\t\t\t\t<div class=\"wpb_wrapper\" >\r\n\t\t\t\t\t\t\t<div class=\"wpb_single_image wpb_content_element vc_align_ liquid_vc_single_image\">\r\n\t\t\t\t\t\t\t\t\t\t\t\t\t\t\t\t\t<div class=\"sem_overlay\" ><a href=\"https:\/\/online.therapie.ergowebinar.de\/de\/e\/Yoga-Ue-50-weniger-Tempo-und-mehr-Intensitaet-2-FP-167?\r\n\t\t\t\t\t\t\t\t\t\" class=\"btn btn-solid btn-xsm round border-thin btn-has-label jetztstartenbutton\">klicken f\u00fcr Details<\/a><\/div>\r\n\t\t\t\t\t\t\t\t\t\t\t\t\t\t\t\t\t<figure class=\"wpb_wrapper vc_figure\">\r\n\t\t\t\t\t\t\t\t\t<a href=\"online.therapie.ergowebinar.de\/de\/e\/Yoga-Ue-50-weniger-Tempo-und-mehr-Intensitaet-2-FP-167?\r\n\t\t\t\t\t\t\t\t\t\" title=\"Sie sehen eine etwa 50j\u00e4hrigen Frau und einen ebenso alten Mann im Yogasitz als Assoziation zum Webseminar f\u00fcr Ergotherapie + Physiotherapie in der NeuroReha, Schmerzreha, Orthp\u00e4die, Fatigue und Long + PostCovid in Klinik + Praxis\" target=\"_blank\">\r\n\t\t\t\t\t\t\t\t\t\t<img decoding=\"async\" width=\"475\" src=\"https:\/\/www.ergowebinar.de\/intern\/parsed_images\/fc086066-62cb-4602-9f18-b22d0161b3fb.jpg\" class=\"vc_single_image-img attachment-full\" alt=\"Sie sehen eine etwa 50j\u00e4hrigen Frau und einen ebenso alten Mann im Yogasitz als Assoziation zum Webseminar f\u00fcr Ergotherapie + Physiotherapie in der NeuroReha, Schmerzreha, Orthp\u00e4die, Fatigue und Long + PostCovid in Klinik + Praxis\" title=\"Sie sehen eine etwa 50j\u00e4hrigen Frau und einen ebenso alten Mann im Yogasitz als Assoziation zum Webseminar f\u00fcr Ergotherapie + Physiotherapie in der NeuroReha, Schmerzreha, Orthp\u00e4die, Fatigue und Long + PostCovid in Klinik + Praxis\" srcset=\"https:\/\/www.ergowebinar.de\/intern\/parsed_images\/fc086066-62cb-4602-9f18-b22d0161b3fb.jpg 475w, https:\/\/www.ergowebinar.de\/intern\/parsed_images\/fc086066-62cb-4602-9f18-b22d0161b3fb.jpg 275w\" sizes=\"(max-width: 475px) 100vw, 475px\" itemprop=\"image\" \/>\r\n\t\t\t\t\t\t\t\t\t\t<h6>Yoga \u00dc-50 - weniger Tempo und mehr Intensit\u00e4t  [2 FP]<\/h6>\r\n\t\t\t\t\t\t\t\t\t\t\t\t\t\t\t\t\t\t\t\t\t<p class=\"calendarline\"><img decoding=\"async\" class=\"calendar_icon\" src=\"https:\/\/www.ergowebinar.de\/intern\/images\/calendar.png\">26.08.2026 18:30 - 19:30<\/p>\t\r\n\t\t\t\t\t\t\t\t\t\t\t\t\t\t\t\t\t\t\t\t\t<p class=\"liquid_vc_single_text\">Hormonelle Dysbalancen k&ouml;nnen in der Lebensmitte zur inneren Unruhe, vermehrter Gereiztheit oder auch Schwerf&auml;lligkeit f&uuml;hren. In diesem Themenblock erfahren Sie die wesentliche Bedeutung ...<\/p>\r\n\t\t\t\t\t\t\t\t\t\t\t\t\t\t\t\t\t\t\t\t\t<p class=\"sempreis\">49 \u20ac<\/p>\r\n\t\t\t\t\t\t\t\t\t\t\t\t\t\t\t\t\t\t\t\t\t\t\t<p class=\"semmwst\"><\/p>\r\n\t\t\t\t\t\t\t\t\t\t\t\t\t\t\t\t\t\t\t\t\t\t\t\r\n\t\t\t\t\t\t\t\t\t<\/a>\r\n\t\t\t\t\t\t\t\t\t\r\n\t\t\t\t\t\t\t\t<\/figure>\r\n\t\t\t\t\t\t\t\t\r\n\t\t\t\t\t\t\t<\/div>\r\n\t\t\t\t\t\t\t\t\t\t\t\t\t\t\r\n\t\t\t\t\t\t<\/div>\r\n\t\t\t\t\t<\/div>\r\n\t\t\t\t<\/div>\r\n\t\t\t\t\t\t\t\t<div class=\"wpb_column vc_column_container vc_col-sm-2\">\r\n\t\t\t\t\t<div class=\"vc_column-inner \" >\r\n\t\t\t\t\t\t<div class=\"wpb_wrapper\" >\r\n\t\t\t\t\t\t\t<div class=\"wpb_single_image wpb_content_element vc_align_ liquid_vc_single_image\">\r\n\t\t\t\t\t\t\t\t\t\t\t\t\t\t\t\t\t<div class=\"sem_overlay\" ><a href=\"https:\/\/online.therapie.ergowebinar.de\/de\/e\/Long-Covid-Die-leichte-Ermuedbarkeit-beeinflussen-2-FP-159?\r\n\t\t\t\t\t\t\t\t\t\" class=\"btn btn-solid btn-xsm round border-thin btn-has-label jetztstartenbutton\">klicken f\u00fcr Details<\/a><\/div>\r\n\t\t\t\t\t\t\t\t\t\t\t\t\t\t\t\t\t<figure class=\"wpb_wrapper vc_figure\">\r\n\t\t\t\t\t\t\t\t\t<a href=\"online.therapie.ergowebinar.de\/de\/e\/Long-Covid-Die-leichte-Ermuedbarkeit-beeinflussen-2-FP-159?\r\n\t\t\t\t\t\t\t\t\t\" title=\"Sie sehen eine Frau vor ihrem aufgeklappten Laptop am Tisch mit ersch\u00f6pft auf dem Arm abgelegtem Kopf als Assoziation zum Webseminar f\u00fcr Ergotherapie + Physiotherapie in der Rehabilitation von Long + Post Covid in Klinik + Praxis\" target=\"_blank\">\r\n\t\t\t\t\t\t\t\t\t\t<img decoding=\"async\" width=\"475\" src=\"https:\/\/www.ergowebinar.de\/intern\/parsed_images\/10129de8-9393-4f82-869c-0a68dc6652cb.jpg\" class=\"vc_single_image-img attachment-full\" alt=\"Sie sehen eine Frau vor ihrem aufgeklappten Laptop am Tisch mit ersch\u00f6pft auf dem Arm abgelegtem Kopf als Assoziation zum Webseminar f\u00fcr Ergotherapie + Physiotherapie in der Rehabilitation von Long + Post Covid in Klinik + Praxis\" title=\"Sie sehen eine Frau vor ihrem aufgeklappten Laptop am Tisch mit ersch\u00f6pft auf dem Arm abgelegtem Kopf als Assoziation zum Webseminar f\u00fcr Ergotherapie + Physiotherapie in der Rehabilitation von Long + Post Covid in Klinik + Praxis\" srcset=\"https:\/\/www.ergowebinar.de\/intern\/parsed_images\/10129de8-9393-4f82-869c-0a68dc6652cb.jpg 475w, https:\/\/www.ergowebinar.de\/intern\/parsed_images\/10129de8-9393-4f82-869c-0a68dc6652cb.jpg 275w\" sizes=\"(max-width: 475px) 100vw, 475px\" itemprop=\"image\" \/>\r\n\t\t\t\t\t\t\t\t\t\t<h6>Long Covid \u2013 Die leichte Erm\u00fcdbarkeit beeinflussen [2 FP]<\/h6>\r\n\t\t\t\t\t\t\t\t\t\t\t\t\t\t\t\t\t\t\t\t\t<p class=\"calendarline\"><img decoding=\"async\" class=\"calendar_icon\" src=\"https:\/\/www.ergowebinar.de\/intern\/images\/calendar.png\">26.08.2026 20:00 - 21:00<\/p>\t\r\n\t\t\t\t\t\t\t\t\t\t\t\t\t\t\t\t\t\t\t\t\t<p class=\"liquid_vc_single_text\">Ersch&ouml;pfung und Stress f&uuml;hren oft zu Wut, &Auml;rger und Frustration und sind oft Ausdruck von physischen und psychischen Unsicherheiten und sogar &Auml;ngsten. In diesem Themenblock erf&auml;hrst ...<\/p>\r\n\t\t\t\t\t\t\t\t\t\t\t\t\t\t\t\t\t\t\t\t\t<p class=\"sempreis\">49 \u20ac<\/p>\r\n\t\t\t\t\t\t\t\t\t\t\t\t\t\t\t\t\t\t\t\t\t\t\t<p class=\"semmwst\"><\/p>\r\n\t\t\t\t\t\t\t\t\t\t\t\t\t\t\t\t\t\t\t\t\t\t\t\r\n\t\t\t\t\t\t\t\t\t<\/a>\r\n\t\t\t\t\t\t\t\t\t\r\n\t\t\t\t\t\t\t\t<\/figure>\r\n\t\t\t\t\t\t\t\t\r\n\t\t\t\t\t\t\t<\/div>\r\n\t\t\t\t\t\t\t\t\t\t\t\t\t\t\r\n\t\t\t\t\t\t<\/div>\r\n\t\t\t\t\t<\/div>\r\n\t\t\t\t<\/div>\r\n\t\t\t\t\t\t\t\t<div class=\"wpb_column vc_column_container vc_col-sm-2\">\r\n\t\t\t\t\t<div class=\"vc_column-inner \" >\r\n\t\t\t\t\t\t<div class=\"wpb_wrapper\" >\r\n\t\t\t\t\t\t\t<div class=\"wpb_single_image wpb_content_element vc_align_ liquid_vc_single_image\">\r\n\t\t\t\t\t\t\t\t\t\t\t\t\t\t\t\t\t<div class=\"sem_overlay\" ><a href=\"https:\/\/online.therapie.ergowebinar.de\/de\/e\/Schmerzreha-Betaetigung-trotz-Schmerzen-2FP-111?\r\n\t\t\t\t\t\t\t\t\t\" class=\"btn btn-solid btn-xsm round border-thin btn-has-label jetztstartenbutton\">klicken f\u00fcr Details<\/a><\/div>\r\n\t\t\t\t\t\t\t\t\t\t\t\t\t\t\t\t\t<figure class=\"wpb_wrapper vc_figure\">\r\n\t\t\t\t\t\t\t\t\t<a href=\"online.therapie.ergowebinar.de\/de\/e\/Schmerzreha-Betaetigung-trotz-Schmerzen-2FP-111?\r\n\t\t\t\t\t\t\t\t\t\" title=\"Sie sehen eine Hand, die einen Exzenterschleifer auf Holz f\u00fchrt, als Assoziation zum Webseminar bet\u00e4tigungsorientierter Schmerztherapie f\u00fcr Ergotherapie + Physiotherapie in der Rehabilitation von Schmerzbetroffenen in Klinik + Praxis\" target=\"_blank\">\r\n\t\t\t\t\t\t\t\t\t\t<img decoding=\"async\" width=\"475\" src=\"https:\/\/www.ergowebinar.de\/intern\/parsed_images\/23091ea9-7017-4f9d-97a4-ba75ae5fa9e9.jpg\" class=\"vc_single_image-img attachment-full\" alt=\"Sie sehen eine Hand, die einen Exzenterschleifer auf Holz f\u00fchrt, als Assoziation zum Webseminar bet\u00e4tigungsorientierter Schmerztherapie f\u00fcr Ergotherapie + Physiotherapie in der Rehabilitation von Schmerzbetroffenen in Klinik + Praxis\" title=\"Sie sehen eine Hand, die einen Exzenterschleifer auf Holz f\u00fchrt, als Assoziation zum Webseminar bet\u00e4tigungsorientierter Schmerztherapie f\u00fcr Ergotherapie + Physiotherapie in der Rehabilitation von Schmerzbetroffenen in Klinik + Praxis\" srcset=\"https:\/\/www.ergowebinar.de\/intern\/parsed_images\/23091ea9-7017-4f9d-97a4-ba75ae5fa9e9.jpg 475w, https:\/\/www.ergowebinar.de\/intern\/parsed_images\/23091ea9-7017-4f9d-97a4-ba75ae5fa9e9.jpg 275w\" sizes=\"(max-width: 475px) 100vw, 475px\" itemprop=\"image\" \/>\r\n\t\t\t\t\t\t\t\t\t\t<h6>Schmerzreha - Bet\u00e4tigung trotz Schmerzen [2FP]<\/h6>\r\n\t\t\t\t\t\t\t\t\t\t\t\t\t\t\t\t\t\t\t\t\t<p class=\"calendarline\"><img decoding=\"async\" class=\"calendar_icon\" src=\"https:\/\/www.ergowebinar.de\/intern\/images\/calendar.png\">08.09.2026 16:30 - 17:30<\/p>\t\r\n\t\t\t\t\t\t\t\t\t\t\t\t\t\t\t\t\t\t\t\t\t<p class=\"liquid_vc_single_text\">Wenn es weh tut, ist der erste Impuls eine Pause einzulegen und sich auszuruhen. Eindeutig belegt ist jedoch, dass Inaktivit&auml;t chronischen Schmerz anhaltender werden l&auml;sst und der Gesundung schadet. ...<\/p>\r\n\t\t\t\t\t\t\t\t\t\t\t\t\t\t\t\t\t\t\t\t\t<p class=\"sempreis\">49 \u20ac<\/p>\r\n\t\t\t\t\t\t\t\t\t\t\t\t\t\t\t\t\t\t\t\t\t\t\t<p class=\"semmwst\"><\/p>\r\n\t\t\t\t\t\t\t\t\t\t\t\t\t\t\t\t\t\t\t\t\t\t\t\r\n\t\t\t\t\t\t\t\t\t<\/a>\r\n\t\t\t\t\t\t\t\t\t\r\n\t\t\t\t\t\t\t\t<\/figure>\r\n\t\t\t\t\t\t\t\t\r\n\t\t\t\t\t\t\t<\/div>\r\n\t\t\t\t\t\t\t\t\t\t\t\t\t\t\r\n\t\t\t\t\t\t<\/div>\r\n\t\t\t\t\t<\/div>\r\n\t\t\t\t<\/div>\r\n\t\t\t\t\t\t\t\t<div class=\"wpb_column vc_column_container vc_col-sm-2\">\r\n\t\t\t\t\t<div class=\"vc_column-inner \" >\r\n\t\t\t\t\t\t<div class=\"wpb_wrapper\" >\r\n\t\t\t\t\t\t\t<div class=\"wpb_single_image wpb_content_element vc_align_ liquid_vc_single_image\">\r\n\t\t\t\t\t\t\t\t\t\t\t\t\t\t\t\t\t<div class=\"sem_overlay\" ><a href=\"https:\/\/online.therapie.ergowebinar.de\/de\/e\/Entspannungstechniken-in-der-Ergotherapie-2FP-311?\r\n\t\t\t\t\t\t\t\t\t\" class=\"btn btn-solid btn-xsm round border-thin btn-has-label jetztstartenbutton\">klicken f\u00fcr Details<\/a><\/div>\r\n\t\t\t\t\t\t\t\t\t\t\t\t\t\t\t\t\t<figure class=\"wpb_wrapper vc_figure\">\r\n\t\t\t\t\t\t\t\t\t<a href=\"online.therapie.ergowebinar.de\/de\/e\/Entspannungstechniken-in-der-Ergotherapie-2FP-311?\r\n\t\t\t\t\t\t\t\t\t\" title=\"Sie sehen einen \u00e4lteren Mann angelehnt auf einem Bootssteg sitzen, als Assoziation zum Webseminar zu Entspannungstechniken in Ergotherapie + Physiotherapie in der Fatigue, Long + PostCovid, Psychosomatik in Klinik + Praxis\" target=\"_blank\">\r\n\t\t\t\t\t\t\t\t\t\t<img decoding=\"async\" width=\"475\" src=\"https:\/\/www.ergowebinar.de\/intern\/parsed_images\/311.jpg\" class=\"vc_single_image-img attachment-full\" alt=\"Sie sehen einen \u00e4lteren Mann angelehnt auf einem Bootssteg sitzen, als Assoziation zum Webseminar zu Entspannungstechniken in Ergotherapie + Physiotherapie in der Fatigue, Long + PostCovid, Psychosomatik in Klinik + Praxis\" title=\"Sie sehen einen \u00e4lteren Mann angelehnt auf einem Bootssteg sitzen, als Assoziation zum Webseminar zu Entspannungstechniken in Ergotherapie + Physiotherapie in der Fatigue, Long + PostCovid, Psychosomatik in Klinik + Praxis\" srcset=\"https:\/\/www.ergowebinar.de\/intern\/parsed_images\/311.jpg 475w, https:\/\/www.ergowebinar.de\/intern\/parsed_images\/311.jpg 275w\" sizes=\"(max-width: 475px) 100vw, 475px\" itemprop=\"image\" \/>\r\n\t\t\t\t\t\t\t\t\t\t<h6>Entspannungstechniken in der Ergotherapie  [2FP]<\/h6>\r\n\t\t\t\t\t\t\t\t\t\t\t\t\t\t\t\t\t\t\t\t\t<p class=\"calendarline\"><img decoding=\"async\" class=\"calendar_icon\" src=\"https:\/\/www.ergowebinar.de\/intern\/images\/calendar.png\">09.09.2026 18:30 - 19:30<\/p>\t\r\n\t\t\t\t\t\t\t\t\t\t\t\t\t\t\t\t\t\t\t\t\t<p class=\"liquid_vc_single_text\">\r\n\r\n\r\nEs bedarf h&auml;ufig nur kleiner Impulse um den Stein mit Ihren Klienten ins Rollen zu bringen. Die direkte und auch die beil&auml;ufig punktuelle Anwendung von Achtsamkeitsinterventionen im Therapiealltag ...<\/p>\r\n\t\t\t\t\t\t\t\t\t\t\t\t\t\t\t\t\t\t\t\t\t<p class=\"sempreis\">49 \u20ac<\/p>\r\n\t\t\t\t\t\t\t\t\t\t\t\t\t\t\t\t\t\t\t\t\t\t\t<p class=\"semmwst\"><\/p>\r\n\t\t\t\t\t\t\t\t\t\t\t\t\t\t\t\t\t\t\t\t\t\t\t\r\n\t\t\t\t\t\t\t\t\t<\/a>\r\n\t\t\t\t\t\t\t\t\t\r\n\t\t\t\t\t\t\t\t<\/figure>\r\n\t\t\t\t\t\t\t\t\r\n\t\t\t\t\t\t\t<\/div>\r\n\t\t\t\t\t\t\t\t\t\t\t\t\t\t\r\n\t\t\t\t\t\t<\/div>\r\n\t\t\t\t\t<\/div>\r\n\t\t\t\t<\/div>\r\n\t\t\t\t\t\t\t\t<div class=\"wpb_column vc_column_container vc_col-sm-2\">\r\n\t\t\t\t\t<div class=\"vc_column-inner \" >\r\n\t\t\t\t\t\t<div class=\"wpb_wrapper\" >\r\n\t\t\t\t\t\t\t<div class=\"wpb_single_image wpb_content_element vc_align_ liquid_vc_single_image\">\r\n\t\t\t\t\t\t\t\t\t\t\t\t\t\t\t\t\t<div class=\"sem_overlay\" ><a href=\"https:\/\/online.therapie.ergowebinar.de\/de\/e\/Fatigue-energiesparende-Alltagsgestaltung-2FP-82?\r\n\t\t\t\t\t\t\t\t\t\" class=\"btn btn-solid btn-xsm round border-thin btn-has-label jetztstartenbutton\">klicken f\u00fcr Details<\/a><\/div>\r\n\t\t\t\t\t\t\t\t\t\t\t\t\t\t\t\t\t<figure class=\"wpb_wrapper vc_figure\">\r\n\t\t\t\t\t\t\t\t\t<a href=\"online.therapie.ergowebinar.de\/de\/e\/Fatigue-energiesparende-Alltagsgestaltung-2FP-82?\r\n\t\t\t\t\t\t\t\t\t\" title=\"Sie sehen mit Holzw\u00e4scheklammern aufgeh\u00e4ngte W\u00e4scheteile als Assoziation zum Webseminar \u00fcber energiesparende Alltagsgestaltung f\u00fcr Ergotherapie + Physiotherapie in der Reha von Fatigue + Long + Post Covid + Schmerzreha in Klinik + Praxis\" target=\"_blank\">\r\n\t\t\t\t\t\t\t\t\t\t<img decoding=\"async\" width=\"475\" src=\"https:\/\/www.ergowebinar.de\/intern\/parsed_images\/5dba581a-e690-4b3d-9e15-1db5ea78fc87.jpg\" class=\"vc_single_image-img attachment-full\" alt=\"Sie sehen mit Holzw\u00e4scheklammern aufgeh\u00e4ngte W\u00e4scheteile als Assoziation zum Webseminar \u00fcber energiesparende Alltagsgestaltung f\u00fcr Ergotherapie + Physiotherapie in der Reha von Fatigue + Long + Post Covid + Schmerzreha in Klinik + Praxis\" title=\"Sie sehen mit Holzw\u00e4scheklammern aufgeh\u00e4ngte W\u00e4scheteile als Assoziation zum Webseminar \u00fcber energiesparende Alltagsgestaltung f\u00fcr Ergotherapie + Physiotherapie in der Reha von Fatigue + Long + Post Covid + Schmerzreha in Klinik + Praxis\" srcset=\"https:\/\/www.ergowebinar.de\/intern\/parsed_images\/5dba581a-e690-4b3d-9e15-1db5ea78fc87.jpg 475w, https:\/\/www.ergowebinar.de\/intern\/parsed_images\/5dba581a-e690-4b3d-9e15-1db5ea78fc87.jpg 275w\" sizes=\"(max-width: 475px) 100vw, 475px\" itemprop=\"image\" \/>\r\n\t\t\t\t\t\t\t\t\t\t<h6>Fatigue - energiesparende Alltagsgestaltung [2FP]<\/h6>\r\n\t\t\t\t\t\t\t\t\t\t\t\t\t\t\t\t\t\t\t\t\t<p class=\"calendarline\"><img decoding=\"async\" class=\"calendar_icon\" src=\"https:\/\/www.ergowebinar.de\/intern\/images\/calendar.png\">09.09.2026 19:00 - 20:00<\/p>\t\r\n\t\t\t\t\t\t\t\t\t\t\t\t\t\t\t\t\t\t\t\t\t<p class=\"liquid_vc_single_text\">Wenn nur wenig Energie vorhanden ist, f&auml;llt es oft schwer, den Alltag bedeutungsvoll zu gestalten. Durch die Auseinandersetzung mit dem eigenen Energieprofil wird bewusst, wann welche Aktivit&auml;ten ...<\/p>\r\n\t\t\t\t\t\t\t\t\t\t\t\t\t\t\t\t\t\t\t\t\t<p class=\"sempreis\">49 \u20ac<\/p>\r\n\t\t\t\t\t\t\t\t\t\t\t\t\t\t\t\t\t\t\t\t\t\t\t<p class=\"semmwst\"><\/p>\r\n\t\t\t\t\t\t\t\t\t\t\t\t\t\t\t\t\t\t\t\t\t\t\t\r\n\t\t\t\t\t\t\t\t\t<\/a>\r\n\t\t\t\t\t\t\t\t\t\r\n\t\t\t\t\t\t\t\t<\/figure>\r\n\t\t\t\t\t\t\t\t\r\n\t\t\t\t\t\t\t<\/div>\r\n\t\t\t\t\t\t\t\t\t\t\t\t\t\t\r\n\t\t\t\t\t\t<\/div>\r\n\t\t\t\t\t<\/div>\r\n\t\t\t\t<\/div>\r\n\t\t\t\t\t\t\t\t<div class=\"wpb_column vc_column_container vc_col-sm-2\">\r\n\t\t\t\t\t<div class=\"vc_column-inner \" >\r\n\t\t\t\t\t\t<div class=\"wpb_wrapper\" >\r\n\t\t\t\t\t\t\t<div class=\"wpb_single_image wpb_content_element vc_align_ liquid_vc_single_image\">\r\n\t\t\t\t\t\t\t\t\t\t\t\t\t\t\t\t\t<div class=\"sem_overlay\" ><a href=\"https:\/\/online.therapie.ergowebinar.de\/de\/e\/Zeit-und-Selbstmanagement-in-der-Ergotherapie-2FP-306?\r\n\t\t\t\t\t\t\t\t\t\" class=\"btn btn-solid btn-xsm round border-thin btn-has-label jetztstartenbutton\">klicken f\u00fcr Details<\/a><\/div>\r\n\t\t\t\t\t\t\t\t\t\t\t\t\t\t\t\t\t<figure class=\"wpb_wrapper vc_figure\">\r\n\t\t\t\t\t\t\t\t\t<a href=\"online.therapie.ergowebinar.de\/de\/e\/Zeit-und-Selbstmanagement-in-der-Ergotherapie-2FP-306?\r\n\t\t\t\t\t\t\t\t\t\" title=\"Sie sehen einen roten klassischen Wecker auf einer gr\u00fcnen Wiese, als Assoziation zum Webseminar zu Zeit- und Selbstmanagementtechniken f\u00fcr Klienten in Ergotherapie + Physiotherapie in der Fatigue, Long + PostCovid, Psychosomatik in Klinik + Praxis\" target=\"_blank\">\r\n\t\t\t\t\t\t\t\t\t\t<img decoding=\"async\" width=\"475\" src=\"https:\/\/www.ergowebinar.de\/intern\/parsed_images\/0a2f1c7c-dce6-401b-ab62-45db60a24eb7.jpg\" class=\"vc_single_image-img attachment-full\" alt=\"Sie sehen einen roten klassischen Wecker auf einer gr\u00fcnen Wiese, als Assoziation zum Webseminar zu Zeit- und Selbstmanagementtechniken f\u00fcr Klienten in Ergotherapie + Physiotherapie in der Fatigue, Long + PostCovid, Psychosomatik in Klinik + Praxis\" title=\"Sie sehen einen roten klassischen Wecker auf einer gr\u00fcnen Wiese, als Assoziation zum Webseminar zu Zeit- und Selbstmanagementtechniken f\u00fcr Klienten in Ergotherapie + Physiotherapie in der Fatigue, Long + PostCovid, Psychosomatik in Klinik + Praxis\" srcset=\"https:\/\/www.ergowebinar.de\/intern\/parsed_images\/0a2f1c7c-dce6-401b-ab62-45db60a24eb7.jpg 475w, https:\/\/www.ergowebinar.de\/intern\/parsed_images\/0a2f1c7c-dce6-401b-ab62-45db60a24eb7.jpg 275w\" sizes=\"(max-width: 475px) 100vw, 475px\" itemprop=\"image\" \/>\r\n\t\t\t\t\t\t\t\t\t\t<h6>Zeit- und Selbstmanagement in der Ergotherapie [2FP]<\/h6>\r\n\t\t\t\t\t\t\t\t\t\t\t\t\t\t\t\t\t\t\t\t\t<p class=\"calendarline\"><img decoding=\"async\" class=\"calendar_icon\" src=\"https:\/\/www.ergowebinar.de\/intern\/images\/calendar.png\">09.09.2026 20:00 - 21:00<\/p>\t\r\n\t\t\t\t\t\t\t\t\t\t\t\t\t\t\t\t\t\t\t\t\t<p class=\"liquid_vc_single_text\">\r\n\r\n\r\n\r\nEffektives Zeit- und Selbstmanagement unterst&uuml;tzen ein gesundes und erf&uuml;lltes Leben. Aktuelle Forschung zeigt, dass Selbstkontrolle und Durchhalteverm&ouml;gen wichtige Faktoren f&uuml;r ...<\/p>\r\n\t\t\t\t\t\t\t\t\t\t\t\t\t\t\t\t\t\t\t\t\t<p class=\"sempreis\">49 \u20ac<\/p>\r\n\t\t\t\t\t\t\t\t\t\t\t\t\t\t\t\t\t\t\t\t\t\t\t<p class=\"semmwst\"><\/p>\r\n\t\t\t\t\t\t\t\t\t\t\t\t\t\t\t\t\t\t\t\t\t\t\t\r\n\t\t\t\t\t\t\t\t\t<\/a>\r\n\t\t\t\t\t\t\t\t\t\r\n\t\t\t\t\t\t\t\t<\/figure>\r\n\t\t\t\t\t\t\t\t\r\n\t\t\t\t\t\t\t<\/div>\r\n\t\t\t\t\t\t\t\t\t\t\t\t\t\t\r\n\t\t\t\t\t\t<\/div>\r\n\t\t\t\t\t<\/div>\r\n\t\t\t\t<\/div>\r\n\t\t\t\t\t\t\t\t<div class=\"wpb_column vc_column_container vc_col-sm-2\">\r\n\t\t\t\t\t<div class=\"vc_column-inner \" >\r\n\t\t\t\t\t\t<div class=\"wpb_wrapper\" >\r\n\t\t\t\t\t\t\t<div class=\"wpb_single_image wpb_content_element vc_align_ liquid_vc_single_image\">\r\n\t\t\t\t\t\t\t\t\t\t\t\t\t\t\t\t\t<div class=\"sem_overlay\" ><a href=\"#af55fe71-30cf-488a-9217-8cc32e7ab957\" class=\"btn btn-solid btn-xsm round border-thin btn-has-label nichtdabutton\">8 Tage nach Ablauf des<br>Vorg\u00e4ngers buchbar<\/a><\/div>\r\n\t\t\t\t\t\t\t\t\t\t\t\t\t\t\t\t\t<figure class=\"wpb_wrapper vc_figure\">\r\n\t\t\t\t\t\t\t\t\t<a href=\"online.therapie.ergowebinar.de\/de\/e\/Fatigue-Denken-und-Planung-reorganisieren-2FP-292?\r\n\t\t\t\t\t\t\t\t\t\" title=\"Sie sehen zwei H\u00e4nde, die eine Toastscheibe \u00fcber einem Sandwich halten, als Assoziation zum Webseminar Fatigue - Denkplanung + Konzentration\r\n f\u00fcr Ergotherapie + Physiotherapie in der Rehabilitation von Long+Post Covid oder Schmerzen in Klinik + Praxis\" target=\"_blank\">\r\n\t\t\t\t\t\t\t\t\t\t<img decoding=\"async\" width=\"475\" src=\"https:\/\/www.ergowebinar.de\/intern\/parsed_images\/73923b4e-ca71-4b8e-9e0c-2f54ca00678cfdfsfsaf.jpg\" class=\"vc_single_image-img attachment-full\" alt=\"Sie sehen zwei H\u00e4nde, die eine Toastscheibe \u00fcber einem Sandwich halten, als Assoziation zum Webseminar Fatigue - Denkplanung + Konzentration\r\n f\u00fcr Ergotherapie + Physiotherapie in der Rehabilitation von Long+Post Covid oder Schmerzen in Klinik + Praxis\" title=\"Sie sehen zwei H\u00e4nde, die eine Toastscheibe \u00fcber einem Sandwich halten, als Assoziation zum Webseminar Fatigue - Denkplanung + Konzentration\r\n f\u00fcr Ergotherapie + Physiotherapie in der Rehabilitation von Long+Post Covid oder Schmerzen in Klinik + Praxis\" srcset=\"https:\/\/www.ergowebinar.de\/intern\/parsed_images\/73923b4e-ca71-4b8e-9e0c-2f54ca00678cfdfsfsaf.jpg 475w, https:\/\/www.ergowebinar.de\/intern\/parsed_images\/73923b4e-ca71-4b8e-9e0c-2f54ca00678cfdfsfsaf.jpg 275w\" sizes=\"(max-width: 475px) 100vw, 475px\" itemprop=\"image\" \/>\r\n\t\t\t\t\t\t\t\t\t\t<h6>Fatigue - Denken und Planung reorganisieren [2FP]<\/h6>\r\n\t\t\t\t\t\t\t\t\t\t\t\t\t\t\t\t\t\t\t\t\t<p class=\"calendarline\"><img decoding=\"async\" class=\"calendar_icon\" src=\"https:\/\/www.ergowebinar.de\/intern\/images\/calendar.png\">21.09.2026 18:30 - 19:30<\/p>\t\r\n\t\t\t\t\t\t\t\t\t\t\t\t\t\t\t\t\t\t\t\t\t<p class=\"liquid_vc_single_text\">\r\nDer Denk- und Planungsanteil in Aktivit&auml;ten stellt viele Menschen mit Fatigue vor gro&szlig;e Herausforderungen. Durch eine angepasste oder optimierte Vorgehensweise bei gewohnten Aktivit&auml;ten ...<\/p>\r\n\t\t\t\t\t\t\t\t\t\t\t\t\t\t\t\t\t\t\t\t\t<p class=\"sempreis\">49 \u20ac<\/p>\r\n\t\t\t\t\t\t\t\t\t\t\t\t\t\t\t\t\t\t\t\t\t\t\t<p class=\"semmwst\"><\/p>\r\n\t\t\t\t\t\t\t\t\t\t\t\t\t\t\t\t\t\t\t\t\t\t\t\r\n\t\t\t\t\t\t\t\t\t<\/a>\r\n\t\t\t\t\t\t\t\t\t\r\n\t\t\t\t\t\t\t\t<\/figure>\r\n\t\t\t\t\t\t\t\t\r\n\t\t\t\t\t\t\t<\/div>\r\n\t\t\t\t\t\t\t\t\t\t\t\t\t\t\r\n\t\t\t\t\t\t<\/div>\r\n\t\t\t\t\t<\/div>\r\n\t\t\t\t<\/div>\r\n\t\t\t\t\t\t\t\t<div class=\"wpb_column vc_column_container vc_col-sm-2\">\r\n\t\t\t\t\t<div class=\"vc_column-inner \" >\r\n\t\t\t\t\t\t<div class=\"wpb_wrapper\" >\r\n\t\t\t\t\t\t\t<div class=\"wpb_single_image wpb_content_element vc_align_ liquid_vc_single_image\">\r\n\t\t\t\t\t\t\t\t\t\t\t\t\t\t\t\t\t<div class=\"sem_overlay\" ><a href=\"https:\/\/online.therapie.ergowebinar.de\/de\/e\/Long-Covid-Kognitive-Probleme-bei-taeglichen-Aktivitaeten-2-FP-165?\r\n\t\t\t\t\t\t\t\t\t\" class=\"btn btn-solid btn-xsm round border-thin btn-has-label jetztstartenbutton\">klicken f\u00fcr Details<\/a><\/div>\r\n\t\t\t\t\t\t\t\t\t\t\t\t\t\t\t\t\t<figure class=\"wpb_wrapper vc_figure\">\r\n\t\t\t\t\t\t\t\t\t<a href=\"online.therapie.ergowebinar.de\/de\/e\/Long-Covid-Kognitive-Probleme-bei-taeglichen-Aktivitaeten-2-FP-165?\r\n\t\t\t\t\t\t\t\t\t\" title=\"Sie sehen einen Mann auf dem Bettrand sitzend mit seinem Kopf m\u00fcde auf die Hand gest\u00fctzter Geste  als Assoziation zum Webseminar f\u00fcr Ergotherapie + Physiotherapie in der Rehabilitation von Long + Post Covid in Klinik + Praxis\" target=\"_blank\">\r\n\t\t\t\t\t\t\t\t\t\t<img decoding=\"async\" width=\"475\" src=\"https:\/\/www.ergowebinar.de\/intern\/parsed_images\/c706697a-e049-4b2e-b7e1-5210b12c5cc6.jpg\" class=\"vc_single_image-img attachment-full\" alt=\"Sie sehen einen Mann auf dem Bettrand sitzend mit seinem Kopf m\u00fcde auf die Hand gest\u00fctzter Geste  als Assoziation zum Webseminar f\u00fcr Ergotherapie + Physiotherapie in der Rehabilitation von Long + Post Covid in Klinik + Praxis\" title=\"Sie sehen einen Mann auf dem Bettrand sitzend mit seinem Kopf m\u00fcde auf die Hand gest\u00fctzter Geste  als Assoziation zum Webseminar f\u00fcr Ergotherapie + Physiotherapie in der Rehabilitation von Long + Post Covid in Klinik + Praxis\" srcset=\"https:\/\/www.ergowebinar.de\/intern\/parsed_images\/c706697a-e049-4b2e-b7e1-5210b12c5cc6.jpg 475w, https:\/\/www.ergowebinar.de\/intern\/parsed_images\/c706697a-e049-4b2e-b7e1-5210b12c5cc6.jpg 275w\" sizes=\"(max-width: 475px) 100vw, 475px\" itemprop=\"image\" \/>\r\n\t\t\t\t\t\t\t\t\t\t<h6>Long Covid \u2013 Kognitive Probleme bei t\u00e4glichen Aktivit\u00e4ten [2 FP]<\/h6>\r\n\t\t\t\t\t\t\t\t\t\t\t\t\t\t\t\t\t\t\t\t\t<p class=\"calendarline\"><img decoding=\"async\" class=\"calendar_icon\" src=\"https:\/\/www.ergowebinar.de\/intern\/images\/calendar.png\">23.09.2026 20:00 - 21:00<\/p>\t\r\n\t\t\t\t\t\t\t\t\t\t\t\t\t\t\t\t\t\t\t\t\t<p class=\"liquid_vc_single_text\">Aufmerksamkeitsdefizit, Ged&auml;chtnisprobleme und Schwierigkeiten in der Wahrnehmung beeinflussen die Lebensqualit&auml;t und das t&auml;gliche Handeln. In diesem Themenblock geht es um die zwei spezifischen ...<\/p>\r\n\t\t\t\t\t\t\t\t\t\t\t\t\t\t\t\t\t\t\t\t\t<p class=\"sempreis\">49 \u20ac<\/p>\r\n\t\t\t\t\t\t\t\t\t\t\t\t\t\t\t\t\t\t\t\t\t\t\t<p class=\"semmwst\"><\/p>\r\n\t\t\t\t\t\t\t\t\t\t\t\t\t\t\t\t\t\t\t\t\t\t\t\r\n\t\t\t\t\t\t\t\t\t<\/a>\r\n\t\t\t\t\t\t\t\t\t\r\n\t\t\t\t\t\t\t\t<\/figure>\r\n\t\t\t\t\t\t\t\t\r\n\t\t\t\t\t\t\t<\/div>\r\n\t\t\t\t\t\t\t\t\t\t\t\t\t\t\r\n\t\t\t\t\t\t<\/div>\r\n\t\t\t\t\t<\/div>\r\n\t\t\t\t<\/div>\r\n\t\t\t\t\t\t\t\t<div class=\"wpb_column vc_column_container vc_col-sm-2\">\r\n\t\t\t\t\t<div class=\"vc_column-inner \" >\r\n\t\t\t\t\t\t<div class=\"wpb_wrapper\" >\r\n\t\t\t\t\t\t\t<div class=\"wpb_single_image wpb_content_element vc_align_ liquid_vc_single_image\">\r\n\t\t\t\t\t\t\t\t\t\t\t\t\t\t\t\t\t<div class=\"sem_overlay\" ><a href=\"https:\/\/online.therapie.ergowebinar.de\/de\/e\/Health-Action-Process-Approach-Veraenderungen-des-Gesundheitsverhaltens-begleiten-2FP-320?\r\n\t\t\t\t\t\t\t\t\t\" class=\"btn btn-solid btn-xsm round border-thin btn-has-label jetztstartenbutton\">klicken f\u00fcr Details<\/a><\/div>\r\n\t\t\t\t\t\t\t\t\t\t\t\t\t\t\t\t\t<figure class=\"wpb_wrapper vc_figure\">\r\n\t\t\t\t\t\t\t\t\t<a href=\"online.therapie.ergowebinar.de\/de\/e\/Health-Action-Process-Approach-Veraenderungen-des-Gesundheitsverhaltens-begleiten-2FP-320?\r\n\t\t\t\t\t\t\t\t\t\" title=\"Sie sehen ein \u00e4lteres Wegweiserschild mit einem links-rechts Pfeil als Assoziation zum Webseminar zur Unterst\u00fctzung von Verhaltensver\u00e4nderungen in der Gesundheitsf\u00f6rderung f\u00fcr alle Fachbereiche der Ergotherapie + Physiotherapie in der Klinik + Praxis\" target=\"_blank\">\r\n\t\t\t\t\t\t\t\t\t\t<img decoding=\"async\" width=\"475\" src=\"https:\/\/www.ergowebinar.de\/intern\/parsed_images\/320.jpg\" class=\"vc_single_image-img attachment-full\" alt=\"Sie sehen ein \u00e4lteres Wegweiserschild mit einem links-rechts Pfeil als Assoziation zum Webseminar zur Unterst\u00fctzung von Verhaltensver\u00e4nderungen in der Gesundheitsf\u00f6rderung f\u00fcr alle Fachbereiche der Ergotherapie + Physiotherapie in der Klinik + Praxis\" title=\"Sie sehen ein \u00e4lteres Wegweiserschild mit einem links-rechts Pfeil als Assoziation zum Webseminar zur Unterst\u00fctzung von Verhaltensver\u00e4nderungen in der Gesundheitsf\u00f6rderung f\u00fcr alle Fachbereiche der Ergotherapie + Physiotherapie in der Klinik + Praxis\" srcset=\"https:\/\/www.ergowebinar.de\/intern\/parsed_images\/320.jpg 475w, https:\/\/www.ergowebinar.de\/intern\/parsed_images\/320.jpg 275w\" sizes=\"(max-width: 475px) 100vw, 475px\" itemprop=\"image\" \/>\r\n\t\t\t\t\t\t\t\t\t\t<h6>Health Action Process Approach - Ver\u00e4nderungen des Gesundheitsverhaltens begleiten [2FP]<\/h6>\r\n\t\t\t\t\t\t\t\t\t\t\t\t\t\t\t\t\t\t\t\t\t<p class=\"calendarline\"><img decoding=\"async\" class=\"calendar_icon\" src=\"https:\/\/www.ergowebinar.de\/intern\/images\/calendar.png\">28.09.2026 16:45 - 17:45<\/p>\t\r\n\t\t\t\t\t\t\t\t\t\t\t\t\t\t\t\t\t\t\t\t\t<p class=\"liquid_vc_single_text\">\r\nVerhaltens&auml;nderung ist ein zentraler Bestandteil in der Gesundheitsf&ouml;rderung. Der Health Action Process Approach (HAPA) ist ein evidenzbasierter Ansatz, der zeigt, wie Menschen ihre Gesundheit ...<\/p>\r\n\t\t\t\t\t\t\t\t\t\t\t\t\t\t\t\t\t\t\t\t\t<p class=\"sempreis\">49 \u20ac<\/p>\r\n\t\t\t\t\t\t\t\t\t\t\t\t\t\t\t\t\t\t\t\t\t\t\t<p class=\"semmwst\"><\/p>\r\n\t\t\t\t\t\t\t\t\t\t\t\t\t\t\t\t\t\t\t\t\t\t\t\r\n\t\t\t\t\t\t\t\t\t<\/a>\r\n\t\t\t\t\t\t\t\t\t\r\n\t\t\t\t\t\t\t\t<\/figure>\r\n\t\t\t\t\t\t\t\t\r\n\t\t\t\t\t\t\t<\/div>\r\n\t\t\t\t\t\t\t\t\t\t\t\t\t\t\r\n\t\t\t\t\t\t<\/div>\r\n\t\t\t\t\t<\/div>\r\n\t\t\t\t<\/div>\r\n\t\t\t\t\t\t\t\t<div class=\"wpb_column vc_column_container vc_col-sm-2\">\r\n\t\t\t\t\t<div class=\"vc_column-inner \" >\r\n\t\t\t\t\t\t<div class=\"wpb_wrapper\" >\r\n\t\t\t\t\t\t\t<div class=\"wpb_single_image wpb_content_element vc_align_ liquid_vc_single_image\">\r\n\t\t\t\t\t\t\t\t\t\t\t\t\t\t\t\t\t<div class=\"sem_overlay\" ><a href=\"https:\/\/online.therapie.ergowebinar.de\/de\/e\/Fatigue-Erfolgreiches-Pausenmanagement-implementieren-2FP-150?\r\n\t\t\t\t\t\t\t\t\t\" class=\"btn btn-solid btn-xsm round border-thin btn-has-label jetztstartenbutton\">klicken f\u00fcr Details<\/a><\/div>\r\n\t\t\t\t\t\t\t\t\t\t\t\t\t\t\t\t\t<figure class=\"wpb_wrapper vc_figure\">\r\n\t\t\t\t\t\t\t\t\t<a href=\"online.therapie.ergowebinar.de\/de\/e\/Fatigue-Erfolgreiches-Pausenmanagement-implementieren-2FP-150?\r\n\t\t\t\t\t\t\t\t\t\" title=\"Sie sehen eine Person ausgestreckt auf einer Wiese liegen als Assoziation zum Webseminar \u00fcber Pausenmanagement in der Ergotherapie + Physiotherapie in der Rehabilitation von Schlaganfall + Neuroreha + Post+ LongCovid + Schmerreha in Klinik + Praxis\" target=\"_blank\">\r\n\t\t\t\t\t\t\t\t\t\t<img decoding=\"async\" width=\"475\" src=\"https:\/\/www.ergowebinar.de\/intern\/parsed_images\/05ef0b3a-5767-4f1c-9895-f48421d720d9.jpg\" class=\"vc_single_image-img attachment-full\" alt=\"Sie sehen eine Person ausgestreckt auf einer Wiese liegen als Assoziation zum Webseminar \u00fcber Pausenmanagement in der Ergotherapie + Physiotherapie in der Rehabilitation von Schlaganfall + Neuroreha + Post+ LongCovid + Schmerreha in Klinik + Praxis\" title=\"Sie sehen eine Person ausgestreckt auf einer Wiese liegen als Assoziation zum Webseminar \u00fcber Pausenmanagement in der Ergotherapie + Physiotherapie in der Rehabilitation von Schlaganfall + Neuroreha + Post+ LongCovid + Schmerreha in Klinik + Praxis\" srcset=\"https:\/\/www.ergowebinar.de\/intern\/parsed_images\/05ef0b3a-5767-4f1c-9895-f48421d720d9.jpg 475w, https:\/\/www.ergowebinar.de\/intern\/parsed_images\/05ef0b3a-5767-4f1c-9895-f48421d720d9.jpg 275w\" sizes=\"(max-width: 475px) 100vw, 475px\" itemprop=\"image\" \/>\r\n\t\t\t\t\t\t\t\t\t\t<h6>Fatigue \u2013 Erfolgreiches Pausenmanagement implementieren [2FP]<\/h6>\r\n\t\t\t\t\t\t\t\t\t\t\t\t\t\t\t\t\t\t\t\t\t<p class=\"calendarline\"><img decoding=\"async\" class=\"calendar_icon\" src=\"https:\/\/www.ergowebinar.de\/intern\/images\/calendar.png\">28.09.2026 18:30 - 19:30<\/p>\t\r\n\t\t\t\t\t\t\t\t\t\t\t\t\t\t\t\t\t\t\t\t\t<p class=\"liquid_vc_single_text\">Der gezielte Einsatz von Pausen ist ein wichtiges \"Werkzeug\" f&uuml;r Menschen, die chronisch von dem Symptom Fatigue betroffen sind. Strategien &nbsp;werden in der Ergotherapie gemeinsam &nbsp;mit dem ...<\/p>\r\n\t\t\t\t\t\t\t\t\t\t\t\t\t\t\t\t\t\t\t\t\t<p class=\"sempreis\">49 \u20ac<\/p>\r\n\t\t\t\t\t\t\t\t\t\t\t\t\t\t\t\t\t\t\t\t\t\t\t<p class=\"semmwst\"><\/p>\r\n\t\t\t\t\t\t\t\t\t\t\t\t\t\t\t\t\t\t\t\t\t\t\t\r\n\t\t\t\t\t\t\t\t\t<\/a>\r\n\t\t\t\t\t\t\t\t\t\r\n\t\t\t\t\t\t\t\t<\/figure>\r\n\t\t\t\t\t\t\t\t\r\n\t\t\t\t\t\t\t<\/div>\r\n\t\t\t\t\t\t\t\t\t\t\t\t\t\t\r\n\t\t\t\t\t\t<\/div>\r\n\t\t\t\t\t<\/div>\r\n\t\t\t\t<\/div>\r\n\t\t\t\t\t\t\t\t<div class=\"wpb_column vc_column_container vc_col-sm-2\">\r\n\t\t\t\t\t<div class=\"vc_column-inner \" >\r\n\t\t\t\t\t\t<div class=\"wpb_wrapper\" >\r\n\t\t\t\t\t\t\t<div class=\"wpb_single_image wpb_content_element vc_align_ liquid_vc_single_image\">\r\n\t\t\t\t\t\t\t\t\t\t\t\t\t\t\t\t\t<div class=\"sem_overlay\" ><a href=\"https:\/\/online.therapie.ergowebinar.de\/de\/e\/Resilienz-und-Kohaerenz-in-der-ET-2FP-304?\r\n\t\t\t\t\t\t\t\t\t\" class=\"btn btn-solid btn-xsm round border-thin btn-has-label jetztstartenbutton\">klicken f\u00fcr Details<\/a><\/div>\r\n\t\t\t\t\t\t\t\t\t\t\t\t\t\t\t\t\t<figure class=\"wpb_wrapper vc_figure\">\r\n\t\t\t\t\t\t\t\t\t<a href=\"online.therapie.ergowebinar.de\/de\/e\/Resilienz-und-Kohaerenz-in-der-ET-2FP-304?\r\n\t\t\t\t\t\t\t\t\t\" title=\"Sie sehen eine Frau laut in ein Megafon rufen, als Assoziation zum Webseminar zum Erlernen innerer Widerstandskraft f\u00fcr Ergotherapie + Physiotherapie in der Fatigue,Long + PostCovid, Psychosomatik in Klinik + Praxis\" target=\"_blank\">\r\n\t\t\t\t\t\t\t\t\t\t<img decoding=\"async\" width=\"475\" src=\"https:\/\/www.ergowebinar.de\/intern\/parsed_images\/0a2f1d7c-dce6-401b-ad62-45db60a24eb7.jpg\" class=\"vc_single_image-img attachment-full\" alt=\"Sie sehen eine Frau laut in ein Megafon rufen, als Assoziation zum Webseminar zum Erlernen innerer Widerstandskraft f\u00fcr Ergotherapie + Physiotherapie in der Fatigue,Long + PostCovid, Psychosomatik in Klinik + Praxis\" title=\"Sie sehen eine Frau laut in ein Megafon rufen, als Assoziation zum Webseminar zum Erlernen innerer Widerstandskraft f\u00fcr Ergotherapie + Physiotherapie in der Fatigue,Long + PostCovid, Psychosomatik in Klinik + Praxis\" srcset=\"https:\/\/www.ergowebinar.de\/intern\/parsed_images\/0a2f1d7c-dce6-401b-ad62-45db60a24eb7.jpg 475w, https:\/\/www.ergowebinar.de\/intern\/parsed_images\/0a2f1d7c-dce6-401b-ad62-45db60a24eb7.jpg 275w\" sizes=\"(max-width: 475px) 100vw, 475px\" itemprop=\"image\" \/>\r\n\t\t\t\t\t\t\t\t\t\t<h6>Resilienz und Koh\u00e4renz in der ET [2FP]<\/h6>\r\n\t\t\t\t\t\t\t\t\t\t\t\t\t\t\t\t\t\t\t\t\t<p class=\"calendarline\"><img decoding=\"async\" class=\"calendar_icon\" src=\"https:\/\/www.ergowebinar.de\/intern\/images\/calendar.png\">07.10.2026 18:30 - 19:30<\/p>\t\r\n\t\t\t\t\t\t\t\t\t\t\t\t\t\t\t\t\t\t\t\t\t<p class=\"liquid_vc_single_text\">\r\nInnere Widerstandskraft ist ein entscheidender Faktor f&uuml;r die psychische und physische Gesundheit. In neueren Studien wird die Bedeutung des Koh&auml;renzgef&uuml;hls f&uuml;r die Gesundheit best&auml;tigt. ...<\/p>\r\n\t\t\t\t\t\t\t\t\t\t\t\t\t\t\t\t\t\t\t\t\t<p class=\"sempreis\">49 \u20ac<\/p>\r\n\t\t\t\t\t\t\t\t\t\t\t\t\t\t\t\t\t\t\t\t\t\t\t<p class=\"semmwst\"><\/p>\r\n\t\t\t\t\t\t\t\t\t\t\t\t\t\t\t\t\t\t\t\t\t\t\t\r\n\t\t\t\t\t\t\t\t\t<\/a>\r\n\t\t\t\t\t\t\t\t\t\r\n\t\t\t\t\t\t\t\t<\/figure>\r\n\t\t\t\t\t\t\t\t\r\n\t\t\t\t\t\t\t<\/div>\r\n\t\t\t\t\t\t\t\t\t\t\t\t\t\t\r\n\t\t\t\t\t\t<\/div>\r\n\t\t\t\t\t<\/div>\r\n\t\t\t\t<\/div>\r\n\t\t\t\t\t\t\t\t<div class=\"wpb_column vc_column_container vc_col-sm-2\">\r\n\t\t\t\t\t<div class=\"vc_column-inner \" >\r\n\t\t\t\t\t\t<div class=\"wpb_wrapper\" >\r\n\t\t\t\t\t\t\t<div class=\"wpb_single_image wpb_content_element vc_align_ liquid_vc_single_image\">\r\n\t\t\t\t\t\t\t\t\t\t\t\t\t\t\t\t\t<div class=\"sem_overlay\" ><a href=\"https:\/\/online.therapie.ergowebinar.de\/de\/e\/Mini-Habits-fuer-mehr-Resilienz-2FP-305?\r\n\t\t\t\t\t\t\t\t\t\" class=\"btn btn-solid btn-xsm round border-thin btn-has-label jetztstartenbutton\">klicken f\u00fcr Details<\/a><\/div>\r\n\t\t\t\t\t\t\t\t\t\t\t\t\t\t\t\t\t<figure class=\"wpb_wrapper vc_figure\">\r\n\t\t\t\t\t\t\t\t\t<a href=\"online.therapie.ergowebinar.de\/de\/e\/Mini-Habits-fuer-mehr-Resilienz-2FP-305?\r\n\t\t\t\t\t\t\t\t\t\" title=\"Sie sehen eine Minifigur, die mit einem Besen L\u00f6wenzahnsamen wegkehrt, als Assoziation zum Webseminar zum Erlernen von Mini-Habits f\u00fcr mehr Resilienz in Ergotherapie + Physiotherapie in der Fatigue, Long + PostCovid, Psychosomatik in Klinik + Praxis\" target=\"_blank\">\r\n\t\t\t\t\t\t\t\t\t\t<img decoding=\"async\" width=\"475\" src=\"https:\/\/www.ergowebinar.de\/intern\/parsed_images\/305.jpg\" class=\"vc_single_image-img attachment-full\" alt=\"Sie sehen eine Minifigur, die mit einem Besen L\u00f6wenzahnsamen wegkehrt, als Assoziation zum Webseminar zum Erlernen von Mini-Habits f\u00fcr mehr Resilienz in Ergotherapie + Physiotherapie in der Fatigue, Long + PostCovid, Psychosomatik in Klinik + Praxis\" title=\"Sie sehen eine Minifigur, die mit einem Besen L\u00f6wenzahnsamen wegkehrt, als Assoziation zum Webseminar zum Erlernen von Mini-Habits f\u00fcr mehr Resilienz in Ergotherapie + Physiotherapie in der Fatigue, Long + PostCovid, Psychosomatik in Klinik + Praxis\" srcset=\"https:\/\/www.ergowebinar.de\/intern\/parsed_images\/305.jpg 475w, https:\/\/www.ergowebinar.de\/intern\/parsed_images\/305.jpg 275w\" sizes=\"(max-width: 475px) 100vw, 475px\" itemprop=\"image\" \/>\r\n\t\t\t\t\t\t\t\t\t\t<h6>Mini-Habits f\u00fcr mehr Resilienz  [2FP]<\/h6>\r\n\t\t\t\t\t\t\t\t\t\t\t\t\t\t\t\t\t\t\t\t\t<p class=\"calendarline\"><img decoding=\"async\" class=\"calendar_icon\" src=\"https:\/\/www.ergowebinar.de\/intern\/images\/calendar.png\">07.10.2026 20:00 - 21:00<\/p>\t\r\n\t\t\t\t\t\t\t\t\t\t\t\t\t\t\t\t\t\t\t\t\t<p class=\"liquid_vc_single_text\">\r\n\r\nKurze Auszeitmomente im Job k&ouml;nnen die Resilienz und das Wohlbefinden nachhaltig st&auml;rken. Aktuelle Studien zeigen, dass kleine, regelm&auml;&szlig;ige Handlungen (Mini-Habits) zu gro&szlig;en ...<\/p>\r\n\t\t\t\t\t\t\t\t\t\t\t\t\t\t\t\t\t\t\t\t\t<p class=\"sempreis\">49 \u20ac<\/p>\r\n\t\t\t\t\t\t\t\t\t\t\t\t\t\t\t\t\t\t\t\t\t\t\t<p class=\"semmwst\"><\/p>\r\n\t\t\t\t\t\t\t\t\t\t\t\t\t\t\t\t\t\t\t\t\t\t\t\r\n\t\t\t\t\t\t\t\t\t<\/a>\r\n\t\t\t\t\t\t\t\t\t\r\n\t\t\t\t\t\t\t\t<\/figure>\r\n\t\t\t\t\t\t\t\t\r\n\t\t\t\t\t\t\t<\/div>\r\n\t\t\t\t\t\t\t\t\t\t\t\t\t\t\r\n\t\t\t\t\t\t<\/div>\r\n\t\t\t\t\t<\/div>\r\n\t\t\t\t<\/div>\r\n\t\t\t\t\t\t\t\t<div class=\"wpb_column vc_column_container vc_col-sm-2\">\r\n\t\t\t\t\t<div class=\"vc_column-inner \" >\r\n\t\t\t\t\t\t<div class=\"wpb_wrapper\" >\r\n\t\t\t\t\t\t\t<div class=\"wpb_single_image wpb_content_element vc_align_ liquid_vc_single_image\">\r\n\t\t\t\t\t\t\t\t\t\t\t\t\t\t\t\t\t<div class=\"sem_overlay\" ><a href=\"https:\/\/online.therapie.ergowebinar.de\/de\/e\/Fatigue-Tages-und-Wochenplaene-einsetzen-2FP-143?\r\n\t\t\t\t\t\t\t\t\t\" class=\"btn btn-solid btn-xsm round border-thin btn-has-label jetztstartenbutton\">klicken f\u00fcr Details<\/a><\/div>\r\n\t\t\t\t\t\t\t\t\t\t\t\t\t\t\t\t\t<figure class=\"wpb_wrapper vc_figure\">\r\n\t\t\t\t\t\t\t\t\t<a href=\"online.therapie.ergowebinar.de\/de\/e\/Fatigue-Tages-und-Wochenplaene-einsetzen-2FP-143?\r\n\t\t\t\t\t\t\t\t\t\" title=\"Sie sehen eine Person, die einen Eintrag in einen Monatsplan macht, als Symbol zum Webseminar \u00fcber Fatigue in der Ergotherapie + Physiotherapie in der Rehabilitation von Schlaganfall + Apoplex + Schmerzreha  + bei Long + Post Covid in Klinik + Praxis\" target=\"_blank\">\r\n\t\t\t\t\t\t\t\t\t\t<img decoding=\"async\" width=\"475\" src=\"https:\/\/www.ergowebinar.de\/intern\/parsed_images\/9bbf49a2-ec65-4bd9-955f-fce97f4c8697.jpg\" class=\"vc_single_image-img attachment-full\" alt=\"Sie sehen eine Person, die einen Eintrag in einen Monatsplan macht, als Symbol zum Webseminar \u00fcber Fatigue in der Ergotherapie + Physiotherapie in der Rehabilitation von Schlaganfall + Apoplex + Schmerzreha  + bei Long + Post Covid in Klinik + Praxis\" title=\"Sie sehen eine Person, die einen Eintrag in einen Monatsplan macht, als Symbol zum Webseminar \u00fcber Fatigue in der Ergotherapie + Physiotherapie in der Rehabilitation von Schlaganfall + Apoplex + Schmerzreha  + bei Long + Post Covid in Klinik + Praxis\" srcset=\"https:\/\/www.ergowebinar.de\/intern\/parsed_images\/9bbf49a2-ec65-4bd9-955f-fce97f4c8697.jpg 475w, https:\/\/www.ergowebinar.de\/intern\/parsed_images\/9bbf49a2-ec65-4bd9-955f-fce97f4c8697.jpg 275w\" sizes=\"(max-width: 475px) 100vw, 475px\" itemprop=\"image\" \/>\r\n\t\t\t\t\t\t\t\t\t\t<h6>Fatigue - Tages- und Wochenpl\u00e4ne einsetzen [2FP]<\/h6>\r\n\t\t\t\t\t\t\t\t\t\t\t\t\t\t\t\t\t\t\t\t\t<p class=\"calendarline\"><img decoding=\"async\" class=\"calendar_icon\" src=\"https:\/\/www.ergowebinar.de\/intern\/images\/calendar.png\">12.10.2026 18:30 - 19:30<\/p>\t\r\n\t\t\t\t\t\t\t\t\t\t\t\t\t\t\t\t\t\t\t\t\t<p class=\"liquid_vc_single_text\">Tages &ndash; und Wochenpl&auml;ne sind wichtige Strukturierungshilfen f&uuml;r Menschen, die chronisch von Fatigue betroffen sind. Mit dem Blick auf die Alltagstauglichkeit werden unterschiedliche Varianten ...<\/p>\r\n\t\t\t\t\t\t\t\t\t\t\t\t\t\t\t\t\t\t\t\t\t<p class=\"sempreis\">49 \u20ac<\/p>\r\n\t\t\t\t\t\t\t\t\t\t\t\t\t\t\t\t\t\t\t\t\t\t\t<p class=\"semmwst\"><\/p>\r\n\t\t\t\t\t\t\t\t\t\t\t\t\t\t\t\t\t\t\t\t\t\t\t\r\n\t\t\t\t\t\t\t\t\t<\/a>\r\n\t\t\t\t\t\t\t\t\t\r\n\t\t\t\t\t\t\t\t<\/figure>\r\n\t\t\t\t\t\t\t\t\r\n\t\t\t\t\t\t\t<\/div>\r\n\t\t\t\t\t\t\t\t\t\t\t\t\t\t\r\n\t\t\t\t\t\t<\/div>\r\n\t\t\t\t\t<\/div>\r\n\t\t\t\t<\/div>\r\n\t\t\t\t\t\t\t\t<div class=\"wpb_column vc_column_container vc_col-sm-2\">\r\n\t\t\t\t\t<div class=\"vc_column-inner \" >\r\n\t\t\t\t\t\t<div class=\"wpb_wrapper\" >\r\n\t\t\t\t\t\t\t<div class=\"wpb_single_image wpb_content_element vc_align_ liquid_vc_single_image\">\r\n\t\t\t\t\t\t\t\t\t\t\t\t\t\t\t\t\t<div class=\"sem_overlay\" ><a href=\"https:\/\/online.therapie.ergowebinar.de\/de\/e\/Post-Covid-mit-Belastungsintoleranzen-umgehen-PEM-Strategien-2FP-148?\r\n\t\t\t\t\t\t\t\t\t\" class=\"btn btn-solid btn-xsm round border-thin btn-has-label jetztstartenbutton\">klicken f\u00fcr Details<\/a><\/div>\r\n\t\t\t\t\t\t\t\t\t\t\t\t\t\t\t\t\t<figure class=\"wpb_wrapper vc_figure\">\r\n\t\t\t\t\t\t\t\t\t<a href=\"online.therapie.ergowebinar.de\/de\/e\/Post-Covid-mit-Belastungsintoleranzen-umgehen-PEM-Strategien-2FP-148?\r\n\t\t\t\t\t\t\t\t\t\" title=\"Sie sehen  die Gabelung eines Wanderweges als Assoziation zum Webseminar f\u00fcr Ergotherapie + Physiotherapie in der Rehabilitation von Post + Long Covid bei Fatigue + Schlaganfall + Apoplex in Klinik + Praxis\" target=\"_blank\">\r\n\t\t\t\t\t\t\t\t\t\t<img decoding=\"async\" width=\"475\" src=\"https:\/\/www.ergowebinar.de\/intern\/parsed_images\/30a889ab-861d-4b89-ae0d-258e4240b073.jpg\" class=\"vc_single_image-img attachment-full\" alt=\"Sie sehen  die Gabelung eines Wanderweges als Assoziation zum Webseminar f\u00fcr Ergotherapie + Physiotherapie in der Rehabilitation von Post + Long Covid bei Fatigue + Schlaganfall + Apoplex in Klinik + Praxis\" title=\"Sie sehen  die Gabelung eines Wanderweges als Assoziation zum Webseminar f\u00fcr Ergotherapie + Physiotherapie in der Rehabilitation von Post + Long Covid bei Fatigue + Schlaganfall + Apoplex in Klinik + Praxis\" srcset=\"https:\/\/www.ergowebinar.de\/intern\/parsed_images\/30a889ab-861d-4b89-ae0d-258e4240b073.jpg 475w, https:\/\/www.ergowebinar.de\/intern\/parsed_images\/30a889ab-861d-4b89-ae0d-258e4240b073.jpg 275w\" sizes=\"(max-width: 475px) 100vw, 475px\" itemprop=\"image\" \/>\r\n\t\t\t\t\t\t\t\t\t\t<h6>Post Covid - mit Belastungsintoleranzen umgehen-PEM Strategien [2FP]<\/h6>\r\n\t\t\t\t\t\t\t\t\t\t\t\t\t\t\t\t\t\t\t\t\t<p class=\"calendarline\"><img decoding=\"async\" class=\"calendar_icon\" src=\"https:\/\/www.ergowebinar.de\/intern\/images\/calendar.png\">15.10.2026 18:30 - 19:30<\/p>\t\r\n\t\t\t\t\t\t\t\t\t\t\t\t\t\t\t\t\t\t\t\t\t<p class=\"liquid_vc_single_text\">Im Zusammenhang mit Post Covid ist die Belastungsintoleranz eines der Kardinalsymptome. F&uuml;r den erfolgreichen Umgang mit dem Ph&auml;nomen - der auch PEM (Post exertionale Malaise) genannten Problematik ...<\/p>\r\n\t\t\t\t\t\t\t\t\t\t\t\t\t\t\t\t\t\t\t\t\t<p class=\"sempreis\">49 \u20ac<\/p>\r\n\t\t\t\t\t\t\t\t\t\t\t\t\t\t\t\t\t\t\t\t\t\t\t<p class=\"semmwst\"><\/p>\r\n\t\t\t\t\t\t\t\t\t\t\t\t\t\t\t\t\t\t\t\t\t\t\t\r\n\t\t\t\t\t\t\t\t\t<\/a>\r\n\t\t\t\t\t\t\t\t\t\r\n\t\t\t\t\t\t\t\t<\/figure>\r\n\t\t\t\t\t\t\t\t\r\n\t\t\t\t\t\t\t<\/div>\r\n\t\t\t\t\t\t\t\t\t\t\t\t\t\t\r\n\t\t\t\t\t\t<\/div>\r\n\t\t\t\t\t<\/div>\r\n\t\t\t\t<\/div>\r\n\t\t\t\t\t\t\t\t<div class=\"wpb_column vc_column_container vc_col-sm-2\">\r\n\t\t\t\t\t<div class=\"vc_column-inner \" >\r\n\t\t\t\t\t\t<div class=\"wpb_wrapper\" >\r\n\t\t\t\t\t\t\t<div class=\"wpb_single_image wpb_content_element vc_align_ liquid_vc_single_image\">\r\n\t\t\t\t\t\t\t\t\t\t\t\t\t\t\t\t\t<div class=\"sem_overlay\" ><a href=\"#af55fe71-30cf-488a-9217-8cc32e7ab957\" class=\"btn btn-solid btn-xsm round border-thin btn-has-label nichtdabutton\">8 Tage nach Ablauf des<br>Vorg\u00e4ngers buchbar<\/a><\/div>\r\n\t\t\t\t\t\t\t\t\t\t\t\t\t\t\t\t\t<figure class=\"wpb_wrapper vc_figure\">\r\n\t\t\t\t\t\t\t\t\t<a href=\"online.therapie.ergowebinar.de\/de\/e\/Kognition-Therapie-bei-Gedaechtnisstoerungen-2FP-76?\r\n\t\t\t\t\t\t\t\t\t\" title=\"Sie sehen einen Bootsanker an der Mole liegend als Assoziation zum Webseminar \u00fcber M\u00f6glichkeiten f\u00fcr Ergotherapie + Physiotherapie in der Rehabilitation von Ged\u00e4chtnisst\u00f6rungen in der Schmerztherapie + nach Schlaganfall + Apoplex in Klinik + Praxis\" target=\"_blank\">\r\n\t\t\t\t\t\t\t\t\t\t<img decoding=\"async\" width=\"475\" src=\"https:\/\/www.ergowebinar.de\/intern\/parsed_images\/a8117dc0-34b9-4e28-bd4f-07bf9c9d728c.jpg\" class=\"vc_single_image-img attachment-full\" alt=\"Sie sehen einen Bootsanker an der Mole liegend als Assoziation zum Webseminar \u00fcber M\u00f6glichkeiten f\u00fcr Ergotherapie + Physiotherapie in der Rehabilitation von Ged\u00e4chtnisst\u00f6rungen in der Schmerztherapie + nach Schlaganfall + Apoplex in Klinik + Praxis\" title=\"Sie sehen einen Bootsanker an der Mole liegend als Assoziation zum Webseminar \u00fcber M\u00f6glichkeiten f\u00fcr Ergotherapie + Physiotherapie in der Rehabilitation von Ged\u00e4chtnisst\u00f6rungen in der Schmerztherapie + nach Schlaganfall + Apoplex in Klinik + Praxis\" srcset=\"https:\/\/www.ergowebinar.de\/intern\/parsed_images\/a8117dc0-34b9-4e28-bd4f-07bf9c9d728c.jpg 475w, https:\/\/www.ergowebinar.de\/intern\/parsed_images\/a8117dc0-34b9-4e28-bd4f-07bf9c9d728c.jpg 275w\" sizes=\"(max-width: 475px) 100vw, 475px\" itemprop=\"image\" \/>\r\n\t\t\t\t\t\t\t\t\t\t<h6>Kognition \u2013 Therapie bei Ged\u00e4chtnisst\u00f6rungen [2FP]<\/h6>\r\n\t\t\t\t\t\t\t\t\t\t\t\t\t\t\t\t\t\t\t\t\t<p class=\"calendarline\"><img decoding=\"async\" class=\"calendar_icon\" src=\"https:\/\/www.ergowebinar.de\/intern\/images\/calendar.png\">26.10.2026 18:00 - 19:00<\/p>\t\r\n\t\t\t\t\t\t\t\t\t\t\t\t\t\t\t\t\t\t\t\t\t<p class=\"liquid_vc_single_text\">Nach einem Ereignis im zentralen Nervensystem sind Ged&auml;chtnisschwierigkeiten sehr h&auml;ufig und hartn&auml;ckig. Wie sich eine gesicherte, erfolgreiche Behandlung von Ged&auml;chtnisst&ouml;rungen ...<\/p>\r\n\t\t\t\t\t\t\t\t\t\t\t\t\t\t\t\t\t\t\t\t\t<p class=\"sempreis\">49 \u20ac<\/p>\r\n\t\t\t\t\t\t\t\t\t\t\t\t\t\t\t\t\t\t\t\t\t\t\t<p class=\"semmwst\"><\/p>\r\n\t\t\t\t\t\t\t\t\t\t\t\t\t\t\t\t\t\t\t\t\t\t\t\r\n\t\t\t\t\t\t\t\t\t<\/a>\r\n\t\t\t\t\t\t\t\t\t\r\n\t\t\t\t\t\t\t\t<\/figure>\r\n\t\t\t\t\t\t\t\t\r\n\t\t\t\t\t\t\t<\/div>\r\n\t\t\t\t\t\t\t\t\t\t\t\t\t\t\r\n\t\t\t\t\t\t<\/div>\r\n\t\t\t\t\t<\/div>\r\n\t\t\t\t<\/div>\r\n\t\t\t\t\t\t\t\t<div class=\"wpb_column vc_column_container vc_col-sm-2\">\r\n\t\t\t\t\t<div class=\"vc_column-inner \" >\r\n\t\t\t\t\t\t<div class=\"wpb_wrapper\" >\r\n\t\t\t\t\t\t\t<div class=\"wpb_single_image wpb_content_element vc_align_ liquid_vc_single_image\">\r\n\t\t\t\t\t\t\t\t\t\t\t\t\t\t\t\t\t<div class=\"sem_overlay\" ><a href=\"https:\/\/online.therapie.ergowebinar.de\/de\/e\/Fatigue-Basics-2FP-149?\r\n\t\t\t\t\t\t\t\t\t\" class=\"btn btn-solid btn-xsm round border-thin btn-has-label jetztstartenbutton\">klicken f\u00fcr Details<\/a><\/div>\r\n\t\t\t\t\t\t\t\t\t\t\t\t\t\t\t\t\t<figure class=\"wpb_wrapper vc_figure\">\r\n\t\t\t\t\t\t\t\t\t<a href=\"online.therapie.ergowebinar.de\/de\/e\/Fatigue-Basics-2FP-149?\r\n\t\t\t\t\t\t\t\t\t\" title=\"Sie sehen umgefallene Kartons mit einem liegenden Menschen dazwischen als Assoziation zum Webseminar f\u00fcr Ergotherapie + Physiotherapie in der Rehabilitation von Long + Post Covid oder Schmerzen oder von Schlaganfall + Apoplex in Klinik + Praxis\" target=\"_blank\">\r\n\t\t\t\t\t\t\t\t\t\t<img decoding=\"async\" width=\"475\" src=\"https:\/\/www.ergowebinar.de\/intern\/parsed_images\/73923b4e-ca71-4b8e-9e0c-2f54ca00678c.png\" class=\"vc_single_image-img attachment-full\" alt=\"Sie sehen umgefallene Kartons mit einem liegenden Menschen dazwischen als Assoziation zum Webseminar f\u00fcr Ergotherapie + Physiotherapie in der Rehabilitation von Long + Post Covid oder Schmerzen oder von Schlaganfall + Apoplex in Klinik + Praxis\" title=\"Sie sehen umgefallene Kartons mit einem liegenden Menschen dazwischen als Assoziation zum Webseminar f\u00fcr Ergotherapie + Physiotherapie in der Rehabilitation von Long + Post Covid oder Schmerzen oder von Schlaganfall + Apoplex in Klinik + Praxis\" srcset=\"https:\/\/www.ergowebinar.de\/intern\/parsed_images\/73923b4e-ca71-4b8e-9e0c-2f54ca00678c.png 475w, https:\/\/www.ergowebinar.de\/intern\/parsed_images\/73923b4e-ca71-4b8e-9e0c-2f54ca00678c.png 275w\" sizes=\"(max-width: 475px) 100vw, 475px\" itemprop=\"image\" \/>\r\n\t\t\t\t\t\t\t\t\t\t<h6>Fatigue \u2013 Basics [2FP]<\/h6>\r\n\t\t\t\t\t\t\t\t\t\t\t\t\t\t\t\t\t\t\t\t\t<p class=\"calendarline\"><img decoding=\"async\" class=\"calendar_icon\" src=\"https:\/\/www.ergowebinar.de\/intern\/images\/calendar.png\">26.10.2026 18:30 - 19:30<\/p>\t\r\n\t\t\t\t\t\t\t\t\t\t\t\t\t\t\t\t\t\t\t\t\t<p class=\"liquid_vc_single_text\">Fatigue ist ein Symptom bei bzw. nach diversen Erkrankungen, wie MS, COPD, Herz-, Infektions-, Krebs- oder Rheumaerkrankungen. Die negativen Konsequenzen dieser \"unverh&auml;ltnism&auml;ssigen Ersch&ouml;pfung\" ...<\/p>\r\n\t\t\t\t\t\t\t\t\t\t\t\t\t\t\t\t\t\t\t\t\t<p class=\"sempreis\">49 \u20ac<\/p>\r\n\t\t\t\t\t\t\t\t\t\t\t\t\t\t\t\t\t\t\t\t\t\t\t<p class=\"semmwst\"><\/p>\r\n\t\t\t\t\t\t\t\t\t\t\t\t\t\t\t\t\t\t\t\t\t\t\t\r\n\t\t\t\t\t\t\t\t\t<\/a>\r\n\t\t\t\t\t\t\t\t\t\r\n\t\t\t\t\t\t\t\t<\/figure>\r\n\t\t\t\t\t\t\t\t\r\n\t\t\t\t\t\t\t<\/div>\r\n\t\t\t\t\t\t\t\t\t\t\t\t\t\t\r\n\t\t\t\t\t\t<\/div>\r\n\t\t\t\t\t<\/div>\r\n\t\t\t\t<\/div>\r\n\t\t\t\t\t\t\t\t<div class=\"wpb_column vc_column_container vc_col-sm-2\">\r\n\t\t\t\t\t<div class=\"vc_column-inner \" >\r\n\t\t\t\t\t\t<div class=\"wpb_wrapper\" >\r\n\t\t\t\t\t\t\t<div class=\"wpb_single_image wpb_content_element vc_align_ liquid_vc_single_image\">\r\n\t\t\t\t\t\t\t\t\t\t\t\t\t\t\t\t\t<div class=\"sem_overlay\" ><a href=\"#af55fe71-30cf-488a-9217-8cc32e7ab957\" class=\"btn btn-solid btn-xsm round border-thin btn-has-label nichtdabutton\">8 Tage nach Ablauf des<br>Vorg\u00e4ngers buchbar<\/a><\/div>\r\n\t\t\t\t\t\t\t\t\t\t\t\t\t\t\t\t\t<figure class=\"wpb_wrapper vc_figure\">\r\n\t\t\t\t\t\t\t\t\t<a href=\"online.therapie.ergowebinar.de\/de\/e\/Schmerzreha-Angst-vor-Bewegung-2FP-113?\r\n\t\t\t\t\t\t\t\t\t\" title=\"Sie sehen einen T\u00e4nzer mit starken Arm- und Beinbewegungen in Langzeitbelichtung als Assoziation zum Webseminar zur SchmerzReha f\u00fcr Ergotherapie + Physiotherapie in der Rehabilitation von Bewegungsangst bei Schmerzbetroffenen in Klinik + Praxis\" target=\"_blank\">\r\n\t\t\t\t\t\t\t\t\t\t<img decoding=\"async\" width=\"475\" src=\"https:\/\/www.ergowebinar.de\/intern\/parsed_images\/a73e24b3-dc5b-4f17-bbfb-08a625abd2e1.jpg\" class=\"vc_single_image-img attachment-full\" alt=\"Sie sehen einen T\u00e4nzer mit starken Arm- und Beinbewegungen in Langzeitbelichtung als Assoziation zum Webseminar zur SchmerzReha f\u00fcr Ergotherapie + Physiotherapie in der Rehabilitation von Bewegungsangst bei Schmerzbetroffenen in Klinik + Praxis\" title=\"Sie sehen einen T\u00e4nzer mit starken Arm- und Beinbewegungen in Langzeitbelichtung als Assoziation zum Webseminar zur SchmerzReha f\u00fcr Ergotherapie + Physiotherapie in der Rehabilitation von Bewegungsangst bei Schmerzbetroffenen in Klinik + Praxis\" srcset=\"https:\/\/www.ergowebinar.de\/intern\/parsed_images\/a73e24b3-dc5b-4f17-bbfb-08a625abd2e1.jpg 475w, https:\/\/www.ergowebinar.de\/intern\/parsed_images\/a73e24b3-dc5b-4f17-bbfb-08a625abd2e1.jpg 275w\" sizes=\"(max-width: 475px) 100vw, 475px\" itemprop=\"image\" \/>\r\n\t\t\t\t\t\t\t\t\t\t<h6>Schmerzreha - Angst vor Bewegung [2FP]<\/h6>\r\n\t\t\t\t\t\t\t\t\t\t\t\t\t\t\t\t\t\t\t\t\t<p class=\"calendarline\"><img decoding=\"async\" class=\"calendar_icon\" src=\"https:\/\/www.ergowebinar.de\/intern\/images\/calendar.png\">27.10.2026 16:30 - 17:30<\/p>\t\r\n\t\t\t\t\t\t\t\t\t\t\t\t\t\t\t\t\t\t\t\t\t<p class=\"liquid_vc_single_text\">Wer kennt es nicht, wenn Betroffene in der Therapie gewisse Bet&auml;tigungen und Bewegungen im Alltag vermeiden? Bei akutem Schmerz ist das ein nat&uuml;rlicher Verhaltensschutz, bei chronischem Schmerz ...<\/p>\r\n\t\t\t\t\t\t\t\t\t\t\t\t\t\t\t\t\t\t\t\t\t<p class=\"sempreis\">49 \u20ac<\/p>\r\n\t\t\t\t\t\t\t\t\t\t\t\t\t\t\t\t\t\t\t\t\t\t\t<p class=\"semmwst\"><\/p>\r\n\t\t\t\t\t\t\t\t\t\t\t\t\t\t\t\t\t\t\t\t\t\t\t\r\n\t\t\t\t\t\t\t\t\t<\/a>\r\n\t\t\t\t\t\t\t\t\t\r\n\t\t\t\t\t\t\t\t<\/figure>\r\n\t\t\t\t\t\t\t\t\r\n\t\t\t\t\t\t\t<\/div>\r\n\t\t\t\t\t\t\t\t\t\t\t\t\t\t\r\n\t\t\t\t\t\t<\/div>\r\n\t\t\t\t\t<\/div>\r\n\t\t\t\t<\/div>\r\n\t\t\t\t\t\t\t\t<div class=\"wpb_column vc_column_container vc_col-sm-2\">\r\n\t\t\t\t\t<div class=\"vc_column-inner \" >\r\n\t\t\t\t\t\t<div class=\"wpb_wrapper\" >\r\n\t\t\t\t\t\t\t<div class=\"wpb_single_image wpb_content_element vc_align_ liquid_vc_single_image\">\r\n\t\t\t\t\t\t\t\t\t\t\t\t\t\t\t\t\t<div class=\"sem_overlay\" ><a href=\"https:\/\/online.therapie.ergowebinar.de\/de\/e\/Yoga-zur-Stressreduktion-spuerbarer-Soforteffekt-2-FP-170?\r\n\t\t\t\t\t\t\t\t\t\" class=\"btn btn-solid btn-xsm round border-thin btn-has-label jetztstartenbutton\">klicken f\u00fcr Details<\/a><\/div>\r\n\t\t\t\t\t\t\t\t\t\t\t\t\t\t\t\t\t<figure class=\"wpb_wrapper vc_figure\">\r\n\t\t\t\t\t\t\t\t\t<a href=\"online.therapie.ergowebinar.de\/de\/e\/Yoga-zur-Stressreduktion-spuerbarer-Soforteffekt-2-FP-170?\r\n\t\t\t\t\t\t\t\t\t\" title=\"Sie sehen eine Klangschale, die gerade angeschlagen wird, als Assoziation zum Webseminar zur Stressreduktion durch yogainspirierte Aufgaben f\u00fcr Ergotherapie + Physiotherapie in der Fatigue,Long + PostCovid, Psychosomatik Klinik + Praxis\" target=\"_blank\">\r\n\t\t\t\t\t\t\t\t\t\t<img decoding=\"async\" width=\"475\" src=\"https:\/\/www.ergowebinar.de\/intern\/parsed_images\/0a2d1d7c-dce6-401b-ad62-45db60a24eb7.jpg\" class=\"vc_single_image-img attachment-full\" alt=\"Sie sehen eine Klangschale, die gerade angeschlagen wird, als Assoziation zum Webseminar zur Stressreduktion durch yogainspirierte Aufgaben f\u00fcr Ergotherapie + Physiotherapie in der Fatigue,Long + PostCovid, Psychosomatik Klinik + Praxis\" title=\"Sie sehen eine Klangschale, die gerade angeschlagen wird, als Assoziation zum Webseminar zur Stressreduktion durch yogainspirierte Aufgaben f\u00fcr Ergotherapie + Physiotherapie in der Fatigue,Long + PostCovid, Psychosomatik Klinik + Praxis\" srcset=\"https:\/\/www.ergowebinar.de\/intern\/parsed_images\/0a2d1d7c-dce6-401b-ad62-45db60a24eb7.jpg 475w, https:\/\/www.ergowebinar.de\/intern\/parsed_images\/0a2d1d7c-dce6-401b-ad62-45db60a24eb7.jpg 275w\" sizes=\"(max-width: 475px) 100vw, 475px\" itemprop=\"image\" \/>\r\n\t\t\t\t\t\t\t\t\t\t<h6>Yoga zur Stressreduktion - sp\u00fcrbarer Soforteffekt [2 FP]<\/h6>\r\n\t\t\t\t\t\t\t\t\t\t\t\t\t\t\t\t\t\t\t\t\t<p class=\"calendarline\"><img decoding=\"async\" class=\"calendar_icon\" src=\"https:\/\/www.ergowebinar.de\/intern\/images\/calendar.png\">28.10.2026 18:30 - 19:30<\/p>\t\r\n\t\t\t\t\t\t\t\t\t\t\t\t\t\t\t\t\t\t\t\t\t<p class=\"liquid_vc_single_text\">Leistungsdruck oder Stress f&uuml;hren oft zu Dauerspannungen oder Schmerzen bis hin zu erh&ouml;hter Anf&auml;lligkeit f&uuml;r Infekte. In diesem Themenblock lernen Sie die SARW- Technik kennen und wie ...<\/p>\r\n\t\t\t\t\t\t\t\t\t\t\t\t\t\t\t\t\t\t\t\t\t<p class=\"sempreis\">49 \u20ac<\/p>\r\n\t\t\t\t\t\t\t\t\t\t\t\t\t\t\t\t\t\t\t\t\t\t\t<p class=\"semmwst\"><\/p>\r\n\t\t\t\t\t\t\t\t\t\t\t\t\t\t\t\t\t\t\t\t\t\t\t\r\n\t\t\t\t\t\t\t\t\t<\/a>\r\n\t\t\t\t\t\t\t\t\t\r\n\t\t\t\t\t\t\t\t<\/figure>\r\n\t\t\t\t\t\t\t\t\r\n\t\t\t\t\t\t\t<\/div>\r\n\t\t\t\t\t\t\t\t\t\t\t\t\t\t\r\n\t\t\t\t\t\t<\/div>\r\n\t\t\t\t\t<\/div>\r\n\t\t\t\t<\/div>\r\n\t\t\t\t\t\t\t<\/div><\/div><\/div>\r\n\t\t\t\t\t<a name=\"seminarenachdatum\"><\/a>\r\n\t\t<a name=\"Thema5\"><\/a>\r\n\t\t<h2 class=\"ld-fh-element lqd-highlight-underline lqd-highlight-grow-left text-decoration-default h3 ldsemheadline\">Brandverletzung<\/h2>\r\n\t\t\t\t\t<div class=\"vc_row vc_inner\">\r\n\t\t\t<div class=\"ld-container container-fluid\">\r\n\t\t\t<div class=\"row ld-row ld-row-inner\">\r\n\t\t\t\t\t\t\t<div class=\"wpb_column vc_column_container vc_col-sm-2\">\r\n\t\t\t\t\t<div class=\"vc_column-inner \" >\r\n\t\t\t\t\t\t<div class=\"wpb_wrapper\" >\r\n\t\t\t\t\t\t\t<div class=\"wpb_single_image wpb_content_element vc_align_ liquid_vc_single_image\">\r\n\t\t\t\t\t\t\t\t\t\t\t\t\t\t\t\t\t<div class=\"sem_overlay\" ><a href=\"https:\/\/online.therapie.ergowebinar.de\/de\/e\/Brandverletzungen-Narbentherapie-2FP-285?\r\n\t\t\t\t\t\t\t\t\t\" class=\"btn btn-solid btn-xsm round border-thin btn-has-label jetztstartenbutton\">klicken f\u00fcr Details<\/a><\/div>\r\n\t\t\t\t\t\t\t\t\t\t\t\t\t\t\t\t\t<figure class=\"wpb_wrapper vc_figure\">\r\n\t\t\t\t\t\t\t\t\t<a href=\"online.therapie.ergowebinar.de\/de\/e\/Brandverletzungen-Narbentherapie-2FP-285?\r\n\t\t\t\t\t\t\t\t\t\" title=\"Sie sehen Finger von zwei H\u00e4nden, die starke Hautverschiebungen machen, als Assoziation zum Webinar \u00fcber Narbenbehandlung nach Brandverletzungen und Verbrennungen f\u00fcr Ergotherapie und Handtherapie der HandReha, und Narbenbehandlung in Klinik + Praxis\" target=\"_blank\">\r\n\t\t\t\t\t\t\t\t\t\t<img decoding=\"async\" width=\"475\" src=\"https:\/\/www.ergowebinar.de\/intern\/parsed_images\/93a88fdb-6b21-4fc0-8646-c7b74069d417.jpg\" class=\"vc_single_image-img attachment-full\" alt=\"Sie sehen Finger von zwei H\u00e4nden, die starke Hautverschiebungen machen, als Assoziation zum Webinar \u00fcber Narbenbehandlung nach Brandverletzungen und Verbrennungen f\u00fcr Ergotherapie und Handtherapie der HandReha, und Narbenbehandlung in Klinik + Praxis\" title=\"Sie sehen Finger von zwei H\u00e4nden, die starke Hautverschiebungen machen, als Assoziation zum Webinar \u00fcber Narbenbehandlung nach Brandverletzungen und Verbrennungen f\u00fcr Ergotherapie und Handtherapie der HandReha, und Narbenbehandlung in Klinik + Praxis\" srcset=\"https:\/\/www.ergowebinar.de\/intern\/parsed_images\/93a88fdb-6b21-4fc0-8646-c7b74069d417.jpg 475w, https:\/\/www.ergowebinar.de\/intern\/parsed_images\/93a88fdb-6b21-4fc0-8646-c7b74069d417.jpg 275w\" sizes=\"(max-width: 475px) 100vw, 475px\" itemprop=\"image\" \/>\r\n\t\t\t\t\t\t\t\t\t\t<h6>Brandverletzungen - Narbentherapie [2FP]<\/h6>\r\n\t\t\t\t\t\t\t\t\t\t\t\t\t\t\t\t\t\t\t\t\t<p class=\"calendarline\"><img decoding=\"async\" class=\"calendar_icon\" src=\"https:\/\/www.ergowebinar.de\/intern\/images\/calendar.png\">07.05.2026 16:00 - 17:00<\/p>\t\r\n\t\t\t\t\t\t\t\t\t\t\t\t\t\t\t\t\t\t\t\t\t<p class=\"liquid_vc_single_text\">\r\n\r\n\r\nDie Narbentherapie bei Verbrennung unterscheidet sich wesentlich von der Behandlung einer normalen Operationsnarbe. In diesem Webinar erhalten Sie Einblick in die verschiedenen Wundheilungsphasen ...<\/p>\r\n\t\t\t\t\t\t\t\t\t\t\t\t\t\t\t\t\t\t\t\t\t<p class=\"sempreis\">49 \u20ac<\/p>\r\n\t\t\t\t\t\t\t\t\t\t\t\t\t\t\t\t\t\t\t\t\t\t\t<p class=\"semmwst\"><\/p>\r\n\t\t\t\t\t\t\t\t\t\t\t\t\t\t\t\t\t\t\t\t\t\t\t\r\n\t\t\t\t\t\t\t\t\t<\/a>\r\n\t\t\t\t\t\t\t\t\t\r\n\t\t\t\t\t\t\t\t<\/figure>\r\n\t\t\t\t\t\t\t\t\r\n\t\t\t\t\t\t\t<\/div>\r\n\t\t\t\t\t\t\t\t\t\t\t\t\t\t\r\n\t\t\t\t\t\t<\/div>\r\n\t\t\t\t\t<\/div>\r\n\t\t\t\t<\/div>\r\n\t\t\t\t\t\t\t\t<div class=\"wpb_column vc_column_container vc_col-sm-2\">\r\n\t\t\t\t\t<div class=\"vc_column-inner \" >\r\n\t\t\t\t\t\t<div class=\"wpb_wrapper\" >\r\n\t\t\t\t\t\t\t<div class=\"wpb_single_image wpb_content_element vc_align_ liquid_vc_single_image\">\r\n\t\t\t\t\t\t\t\t\t\t\t\t\t\t\t\t\t<div class=\"sem_overlay\" ><a href=\"https:\/\/online.therapie.ergowebinar.de\/de\/e\/Brandverletzungen-Basis-2FP-281?\r\n\t\t\t\t\t\t\t\t\t\" class=\"btn btn-solid btn-xsm round border-thin btn-has-label jetztstartenbutton\">klicken f\u00fcr Details<\/a><\/div>\r\n\t\t\t\t\t\t\t\t\t\t\t\t\t\t\t\t\t<figure class=\"wpb_wrapper vc_figure\">\r\n\t\t\t\t\t\t\t\t\t<a href=\"online.therapie.ergowebinar.de\/de\/e\/Brandverletzungen-Basis-2FP-281?\r\n\t\t\t\t\t\t\t\t\t\" title=\"Sie sehen Flammen auf schwarzem Hintergrund, als Assoziation zum Webseminar \u00fcber Basiswissen zu Brandverletzungen und Therapie bei Verbrennungen f\u00fcr Ergotherapie und Handtherapeuten der HandReha, SchmerzReha und Narbenbehandlung in Klinik + Praxis\" target=\"_blank\">\r\n\t\t\t\t\t\t\t\t\t\t<img decoding=\"async\" width=\"475\" src=\"https:\/\/www.ergowebinar.de\/intern\/parsed_images\/93a89fdb-6b21-4fc0-8746-c7b74069d417.jpg\" class=\"vc_single_image-img attachment-full\" alt=\"Sie sehen Flammen auf schwarzem Hintergrund, als Assoziation zum Webseminar \u00fcber Basiswissen zu Brandverletzungen und Therapie bei Verbrennungen f\u00fcr Ergotherapie und Handtherapeuten der HandReha, SchmerzReha und Narbenbehandlung in Klinik + Praxis\" title=\"Sie sehen Flammen auf schwarzem Hintergrund, als Assoziation zum Webseminar \u00fcber Basiswissen zu Brandverletzungen und Therapie bei Verbrennungen f\u00fcr Ergotherapie und Handtherapeuten der HandReha, SchmerzReha und Narbenbehandlung in Klinik + Praxis\" srcset=\"https:\/\/www.ergowebinar.de\/intern\/parsed_images\/93a89fdb-6b21-4fc0-8746-c7b74069d417.jpg 475w, https:\/\/www.ergowebinar.de\/intern\/parsed_images\/93a89fdb-6b21-4fc0-8746-c7b74069d417.jpg 275w\" sizes=\"(max-width: 475px) 100vw, 475px\" itemprop=\"image\" \/>\r\n\t\t\t\t\t\t\t\t\t\t<h6>Brandverletzungen - Basis [2FP]<\/h6>\r\n\t\t\t\t\t\t\t\t\t\t\t\t\t\t\t\t\t\t\t\t\t<p class=\"calendarline\"><img decoding=\"async\" class=\"calendar_icon\" src=\"https:\/\/www.ergowebinar.de\/intern\/images\/calendar.png\">08.10.2026 16:00 - 17:00<\/p>\t\r\n\t\t\t\t\t\t\t\t\t\t\t\t\t\t\t\t\t\t\t\t\t<p class=\"liquid_vc_single_text\">\r\n\r\nDieses Webinar vermittelt fundiertes Wissen &uuml;ber den Behandlungspfad von Brandverletzten - vom ersten postoperativen Tag bis zum Abschluss der ambulanten Nachsorge. Praxisnahe Beispiele aus dem ...<\/p>\r\n\t\t\t\t\t\t\t\t\t\t\t\t\t\t\t\t\t\t\t\t\t<p class=\"sempreis\">49 \u20ac<\/p>\r\n\t\t\t\t\t\t\t\t\t\t\t\t\t\t\t\t\t\t\t\t\t\t\t<p class=\"semmwst\"><\/p>\r\n\t\t\t\t\t\t\t\t\t\t\t\t\t\t\t\t\t\t\t\t\t\t\t\r\n\t\t\t\t\t\t\t\t\t<\/a>\r\n\t\t\t\t\t\t\t\t\t\r\n\t\t\t\t\t\t\t\t<\/figure>\r\n\t\t\t\t\t\t\t\t\r\n\t\t\t\t\t\t\t<\/div>\r\n\t\t\t\t\t\t\t\t\t\t\t\t\t\t\r\n\t\t\t\t\t\t<\/div>\r\n\t\t\t\t\t<\/div>\r\n\t\t\t\t<\/div>\r\n\t\t\t\t\t\t\t\t<div class=\"wpb_column vc_column_container vc_col-sm-2\">\r\n\t\t\t\t\t<div class=\"vc_column-inner \" >\r\n\t\t\t\t\t\t<div class=\"wpb_wrapper\" >\r\n\t\t\t\t\t\t\t<div class=\"wpb_single_image wpb_content_element vc_align_ liquid_vc_single_image\">\r\n\t\t\t\t\t\t\t\t\t\t\t\t\t\t\t\t\t<div class=\"sem_overlay\" ><a href=\"https:\/\/online.therapie.ergowebinar.de\/de\/e\/Brandverletzungen-funktionelle-Nachbehandlung-2FP-282?\r\n\t\t\t\t\t\t\t\t\t\" class=\"btn btn-solid btn-xsm round border-thin btn-has-label jetztstartenbutton\">klicken f\u00fcr Details<\/a><\/div>\r\n\t\t\t\t\t\t\t\t\t\t\t\t\t\t\t\t\t<figure class=\"wpb_wrapper vc_figure\">\r\n\t\t\t\t\t\t\t\t\t<a href=\"online.therapie.ergowebinar.de\/de\/e\/Brandverletzungen-funktionelle-Nachbehandlung-2FP-282?\r\n\t\t\t\t\t\t\t\t\t\" title=\"Sie sehen zwei H\u00e4nde, die mit Schaumlockenwicklern hantieren, als Assoziation zum Webinar \u00fcber Nachbehandlung zu Brandverletzungen und Verbrennungen in der Ergotherapie und Handtherapie der HandReha, SchmerzReha und Narbenbehandlung in Klinik + Praxis\" target=\"_blank\">\r\n\t\t\t\t\t\t\t\t\t\t<img decoding=\"async\" width=\"475\" src=\"https:\/\/www.ergowebinar.de\/intern\/parsed_images\/93a89fdb-6b21-4fc0-8646-c7b74869d417.jpg\" class=\"vc_single_image-img attachment-full\" alt=\"Sie sehen zwei H\u00e4nde, die mit Schaumlockenwicklern hantieren, als Assoziation zum Webinar \u00fcber Nachbehandlung zu Brandverletzungen und Verbrennungen in der Ergotherapie und Handtherapie der HandReha, SchmerzReha und Narbenbehandlung in Klinik + Praxis\" title=\"Sie sehen zwei H\u00e4nde, die mit Schaumlockenwicklern hantieren, als Assoziation zum Webinar \u00fcber Nachbehandlung zu Brandverletzungen und Verbrennungen in der Ergotherapie und Handtherapie der HandReha, SchmerzReha und Narbenbehandlung in Klinik + Praxis\" srcset=\"https:\/\/www.ergowebinar.de\/intern\/parsed_images\/93a89fdb-6b21-4fc0-8646-c7b74869d417.jpg 475w, https:\/\/www.ergowebinar.de\/intern\/parsed_images\/93a89fdb-6b21-4fc0-8646-c7b74869d417.jpg 275w\" sizes=\"(max-width: 475px) 100vw, 475px\" itemprop=\"image\" \/>\r\n\t\t\t\t\t\t\t\t\t\t<h6>Brandverletzungen - funktionelle Nachbehandlung  [2FP]<\/h6>\r\n\t\t\t\t\t\t\t\t\t\t\t\t\t\t\t\t\t\t\t\t\t<p class=\"calendarline\"><img decoding=\"async\" class=\"calendar_icon\" src=\"https:\/\/www.ergowebinar.de\/intern\/images\/calendar.png\">22.10.2026 16:00 - 17:00<\/p>\t\r\n\t\t\t\t\t\t\t\t\t\t\t\t\t\t\t\t\t\t\t\t\t<p class=\"liquid_vc_single_text\">\r\n\r\n\r\nIn diesem Webinar erfahren Sie die Prinzipien der funktionellen Nachbehandlung in den verschiedenen Wundheilungsphasen bei Brandverletzungen. Zugleich lernen Sie die Bedeutung der ADLs kennen und ...<\/p>\r\n\t\t\t\t\t\t\t\t\t\t\t\t\t\t\t\t\t\t\t\t\t<p class=\"sempreis\">49 \u20ac<\/p>\r\n\t\t\t\t\t\t\t\t\t\t\t\t\t\t\t\t\t\t\t\t\t\t\t<p class=\"semmwst\"><\/p>\r\n\t\t\t\t\t\t\t\t\t\t\t\t\t\t\t\t\t\t\t\t\t\t\t\r\n\t\t\t\t\t\t\t\t\t<\/a>\r\n\t\t\t\t\t\t\t\t\t\r\n\t\t\t\t\t\t\t\t<\/figure>\r\n\t\t\t\t\t\t\t\t\r\n\t\t\t\t\t\t\t<\/div>\r\n\t\t\t\t\t\t\t\t\t\t\t\t\t\t\r\n\t\t\t\t\t\t<\/div>\r\n\t\t\t\t\t<\/div>\r\n\t\t\t\t<\/div>\r\n\t\t\t\t\t\t\t<\/div><\/div><\/div>\r\n\t\t\t\t\t<a name=\"seminarenachdatum\"><\/a>\r\n\t\t<a name=\"4637ce87-7921-4d0b-bda0-7eb8ab5-0000\"><\/a>\r\n\t\t<h2 class=\"ld-fh-element lqd-highlight-underline lqd-highlight-grow-left text-decoration-default h3 ldsemheadline\">Handreha<\/h2>\r\n\t\t\t\t\t<div class=\"vc_row vc_inner\">\r\n\t\t\t<div class=\"ld-container container-fluid\">\r\n\t\t\t<div class=\"row ld-row ld-row-inner\">\r\n\t\t\t\t\t\t\t<div class=\"wpb_column vc_column_container vc_col-sm-2\">\r\n\t\t\t\t\t<div class=\"vc_column-inner \" >\r\n\t\t\t\t\t\t<div class=\"wpb_wrapper\" >\r\n\t\t\t\t\t\t\t<div class=\"wpb_single_image wpb_content_element vc_align_ liquid_vc_single_image\">\r\n\t\t\t\t\t\t\t\t\t\t\t\t\t\t\t\t\t<div class=\"sem_overlay\" ><a href=\"https:\/\/online.therapie.ergowebinar.de\/de\/e\/Feinmotorik-Ideenbox-3-2-FP-184?\r\n\t\t\t\t\t\t\t\t\t\" class=\"btn btn-solid btn-xsm round border-thin btn-has-label jetztstartenbutton\">klicken f\u00fcr Details<\/a><\/div>\r\n\t\t\t\t\t\t\t\t\t\t\t\t\t\t\t\t\t<figure class=\"wpb_wrapper vc_figure\">\r\n\t\t\t\t\t\t\t\t\t<a href=\"online.therapie.ergowebinar.de\/de\/e\/Feinmotorik-Ideenbox-3-2-FP-184?\r\n\t\t\t\t\t\t\t\t\t\" title=\"Sie sehen eine Hand, die ein Gl\u00fchbirne in eine Stehlampe einschraubt, als Assoziation zum Webseminar f\u00fcr Ergotherapie + Physiotherapie in der Rehabilitation von Schlaganfall + Apoplex in Klinik + Praxis\" target=\"_blank\">\r\n\t\t\t\t\t\t\t\t\t\t<img decoding=\"async\" width=\"475\" src=\"https:\/\/www.ergowebinar.de\/intern\/parsed_images\/e28dcbd2-5943-4328-875f-24dab9bffce3.jpg\" class=\"vc_single_image-img attachment-full\" alt=\"Sie sehen eine Hand, die ein Gl\u00fchbirne in eine Stehlampe einschraubt, als Assoziation zum Webseminar f\u00fcr Ergotherapie + Physiotherapie in der Rehabilitation von Schlaganfall + Apoplex in Klinik + Praxis\" title=\"Sie sehen eine Hand, die ein Gl\u00fchbirne in eine Stehlampe einschraubt, als Assoziation zum Webseminar f\u00fcr Ergotherapie + Physiotherapie in der Rehabilitation von Schlaganfall + Apoplex in Klinik + Praxis\" srcset=\"https:\/\/www.ergowebinar.de\/intern\/parsed_images\/e28dcbd2-5943-4328-875f-24dab9bffce3.jpg 475w, https:\/\/www.ergowebinar.de\/intern\/parsed_images\/e28dcbd2-5943-4328-875f-24dab9bffce3.jpg 275w\" sizes=\"(max-width: 475px) 100vw, 475px\" itemprop=\"image\" \/>\r\n\t\t\t\t\t\t\t\t\t\t<h6>Feinmotorik Ideenbox 3 [2 FP]<\/h6>\r\n\t\t\t\t\t\t\t\t\t\t\t\t\t\t\t\t\t\t\t\t\t<p class=\"calendarline\"><img decoding=\"async\" class=\"calendar_icon\" src=\"https:\/\/www.ergowebinar.de\/intern\/images\/calendar.png\">28.04.2026 20:00 - 21:00<\/p>\t\r\n\t\t\t\t\t\t\t\t\t\t\t\t\t\t\t\t\t\t\t\t\t<p class=\"liquid_vc_single_text\">Therapieideen f&uuml;r die hochautomatisierte Handmotorik - In dieser Box ist der Schwerpunkt bei Top-Down Strategien und der Kompensation mit gelingender Handlung im Alltag. Es gibt nat&uuml;rlich gute ...<\/p>\r\n\t\t\t\t\t\t\t\t\t\t\t\t\t\t\t\t\t\t\t\t\t<p class=\"sempreis\">49 \u20ac<\/p>\r\n\t\t\t\t\t\t\t\t\t\t\t\t\t\t\t\t\t\t\t\t\t\t\t<p class=\"semmwst\"><\/p>\r\n\t\t\t\t\t\t\t\t\t\t\t\t\t\t\t\t\t\t\t\t\t\t\t\r\n\t\t\t\t\t\t\t\t\t<\/a>\r\n\t\t\t\t\t\t\t\t\t\r\n\t\t\t\t\t\t\t\t<\/figure>\r\n\t\t\t\t\t\t\t\t\r\n\t\t\t\t\t\t\t<\/div>\r\n\t\t\t\t\t\t\t\t\t\t\t\t\t\t\r\n\t\t\t\t\t\t<\/div>\r\n\t\t\t\t\t<\/div>\r\n\t\t\t\t<\/div>\r\n\t\t\t\t\t\t\t\t<div class=\"wpb_column vc_column_container vc_col-sm-2\">\r\n\t\t\t\t\t<div class=\"vc_column-inner \" >\r\n\t\t\t\t\t\t<div class=\"wpb_wrapper\" >\r\n\t\t\t\t\t\t\t<div class=\"wpb_single_image wpb_content_element vc_align_ liquid_vc_single_image\">\r\n\t\t\t\t\t\t\t\t\t\t\t\t\t\t\t\t\t<div class=\"sem_overlay\" ><a href=\"https:\/\/online.therapie.ergowebinar.de\/de\/e\/Der-Malletfinger-so-wird-das-eine-gerade-Sache-2FP-127?\r\n\t\t\t\t\t\t\t\t\t\" class=\"btn btn-solid btn-xsm round border-thin btn-has-label jetztstartenbutton\">klicken f\u00fcr Details<\/a><\/div>\r\n\t\t\t\t\t\t\t\t\t\t\t\t\t\t\t\t\t<figure class=\"wpb_wrapper vc_figure\">\r\n\t\t\t\t\t\t\t\t\t<a href=\"online.therapie.ergowebinar.de\/de\/e\/Der-Malletfinger-so-wird-das-eine-gerade-Sache-2FP-127?\r\n\t\t\t\t\t\t\t\t\t\" title=\"Sie sehen einen ausgestreckten Zeigefinger, der auf den Betrachter weist, als Symbol zum Webseminar \u00fcber Malletfinger + Strecksehnenl\u00e4sion f\u00fcr Ergotherapie + Physiotherapie in der Handreha + Ortho + Sehnenverletzung in Klinik + Praxis\" target=\"_blank\">\r\n\t\t\t\t\t\t\t\t\t\t<img decoding=\"async\" width=\"475\" src=\"https:\/\/www.ergowebinar.de\/intern\/parsed_images\/333c53b6-52ff-4330-9d0a-6cd2c46a44bc.jpg\" class=\"vc_single_image-img attachment-full\" alt=\"Sie sehen einen ausgestreckten Zeigefinger, der auf den Betrachter weist, als Symbol zum Webseminar \u00fcber Malletfinger + Strecksehnenl\u00e4sion f\u00fcr Ergotherapie + Physiotherapie in der Handreha + Ortho + Sehnenverletzung in Klinik + Praxis\" title=\"Sie sehen einen ausgestreckten Zeigefinger, der auf den Betrachter weist, als Symbol zum Webseminar \u00fcber Malletfinger + Strecksehnenl\u00e4sion f\u00fcr Ergotherapie + Physiotherapie in der Handreha + Ortho + Sehnenverletzung in Klinik + Praxis\" srcset=\"https:\/\/www.ergowebinar.de\/intern\/parsed_images\/333c53b6-52ff-4330-9d0a-6cd2c46a44bc.jpg 475w, https:\/\/www.ergowebinar.de\/intern\/parsed_images\/333c53b6-52ff-4330-9d0a-6cd2c46a44bc.jpg 275w\" sizes=\"(max-width: 475px) 100vw, 475px\" itemprop=\"image\" \/>\r\n\t\t\t\t\t\t\t\t\t\t<h6>Der Malletfinger - so wird das eine gerade Sache [2FP]<\/h6>\r\n\t\t\t\t\t\t\t\t\t\t\t\t\t\t\t\t\t\t\t\t\t<p class=\"calendarline\"><img decoding=\"async\" class=\"calendar_icon\" src=\"https:\/\/www.ergowebinar.de\/intern\/images\/calendar.png\">05.05.2026 20:00 - 21:00<\/p>\t\r\n\t\t\t\t\t\t\t\t\t\t\t\t\t\t\t\t\t\t\t\t\t<p class=\"liquid_vc_single_text\">Was passiert bei einer Strecksehnenl&auml;sion in der Zone 1? Wie sieht die Heilung der Sehne aus und warum dauert diese Verletzung so lange? Was n&uuml;tzt und was schadet und was muss man beachten?\r\n&nbsp;\r\nDas ...<\/p>\r\n\t\t\t\t\t\t\t\t\t\t\t\t\t\t\t\t\t\t\t\t\t<p class=\"sempreis\">49 \u20ac<\/p>\r\n\t\t\t\t\t\t\t\t\t\t\t\t\t\t\t\t\t\t\t\t\t\t\t<p class=\"semmwst\"><\/p>\r\n\t\t\t\t\t\t\t\t\t\t\t\t\t\t\t\t\t\t\t\t\t\t\t\r\n\t\t\t\t\t\t\t\t\t<\/a>\r\n\t\t\t\t\t\t\t\t\t\r\n\t\t\t\t\t\t\t\t<\/figure>\r\n\t\t\t\t\t\t\t\t\r\n\t\t\t\t\t\t\t<\/div>\r\n\t\t\t\t\t\t\t\t\t\t\t\t\t\t\r\n\t\t\t\t\t\t<\/div>\r\n\t\t\t\t\t<\/div>\r\n\t\t\t\t<\/div>\r\n\t\t\t\t\t\t\t\t<div class=\"wpb_column vc_column_container vc_col-sm-2\">\r\n\t\t\t\t\t<div class=\"vc_column-inner \" >\r\n\t\t\t\t\t\t<div class=\"wpb_wrapper\" >\r\n\t\t\t\t\t\t\t<div class=\"wpb_single_image wpb_content_element vc_align_ liquid_vc_single_image\">\r\n\t\t\t\t\t\t\t\t\t\t\t\t\t\t\t\t\t<div class=\"sem_overlay\" ><a href=\"https:\/\/online.therapie.ergowebinar.de\/de\/e\/Dehnuebungen-in-der-Handtherapie-2FP-326?\r\n\t\t\t\t\t\t\t\t\t\" class=\"btn btn-solid btn-xsm round border-thin btn-has-label jetztstartenbutton\">klicken f\u00fcr Details<\/a><\/div>\r\n\t\t\t\t\t\t\t\t\t\t\t\t\t\t\t\t\t<figure class=\"wpb_wrapper vc_figure\">\r\n\t\t\t\t\t\t\t\t\t<a href=\"online.therapie.ergowebinar.de\/de\/e\/Dehnuebungen-in-der-Handtherapie-2FP-326?\r\n\t\t\t\t\t\t\t\t\t\" title=\"Sie sehen F\u00fc\u00dfe von unten, die eine Frau im Langsitz mit beiden H\u00e4nden umfasst, als Assoziation zum Webseminar zur Wirkung und Anwendung von Dehn\u00fcbungen in der Handtherapie  und Orthop\u00e4die f\u00fcr Ergotherapie + Physiotherapie in Klinik + Praxis\" target=\"_blank\">\r\n\t\t\t\t\t\t\t\t\t\t<img decoding=\"async\" width=\"475\" src=\"https:\/\/www.ergowebinar.de\/intern\/parsed_images\/2d410c6b-e2f4-4197-b484-da6a6524b7f9.jpg\" class=\"vc_single_image-img attachment-full\" alt=\"Sie sehen F\u00fc\u00dfe von unten, die eine Frau im Langsitz mit beiden H\u00e4nden umfasst, als Assoziation zum Webseminar zur Wirkung und Anwendung von Dehn\u00fcbungen in der Handtherapie  und Orthop\u00e4die f\u00fcr Ergotherapie + Physiotherapie in Klinik + Praxis\" title=\"Sie sehen F\u00fc\u00dfe von unten, die eine Frau im Langsitz mit beiden H\u00e4nden umfasst, als Assoziation zum Webseminar zur Wirkung und Anwendung von Dehn\u00fcbungen in der Handtherapie  und Orthop\u00e4die f\u00fcr Ergotherapie + Physiotherapie in Klinik + Praxis\" srcset=\"https:\/\/www.ergowebinar.de\/intern\/parsed_images\/2d410c6b-e2f4-4197-b484-da6a6524b7f9.jpg 475w, https:\/\/www.ergowebinar.de\/intern\/parsed_images\/2d410c6b-e2f4-4197-b484-da6a6524b7f9.jpg 275w\" sizes=\"(max-width: 475px) 100vw, 475px\" itemprop=\"image\" \/>\r\n\t\t\t\t\t\t\t\t\t\t<h6>Dehn\u00fcbungen in der Handtherapie [2FP]<\/h6>\r\n\t\t\t\t\t\t\t\t\t\t\t\t\t\t\t\t\t\t\t\t\t<p class=\"calendarline\"><img decoding=\"async\" class=\"calendar_icon\" src=\"https:\/\/www.ergowebinar.de\/intern\/images\/calendar.png\">12.05.2026 19:30 - 20:30<\/p>\t\r\n\t\t\t\t\t\t\t\t\t\t\t\t\t\t\t\t\t\t\t\t\t<p class=\"liquid_vc_single_text\">\r\nIn diesem Webinar geht es um die Anwendung von Dehn&uuml;bungen in der Therapie, welche Dehnm&ouml;glichkeiten es gibt und wie man sie in die Behandlung integriert. Ausserdem zeige ich wie Dehn&uuml;bungen ...<\/p>\r\n\t\t\t\t\t\t\t\t\t\t\t\t\t\t\t\t\t\t\t\t\t<p class=\"sempreis\">49 \u20ac<\/p>\r\n\t\t\t\t\t\t\t\t\t\t\t\t\t\t\t\t\t\t\t\t\t\t\t<p class=\"semmwst\"><\/p>\r\n\t\t\t\t\t\t\t\t\t\t\t\t\t\t\t\t\t\t\t\t\t\t\t\r\n\t\t\t\t\t\t\t\t\t<\/a>\r\n\t\t\t\t\t\t\t\t\t\r\n\t\t\t\t\t\t\t\t<\/figure>\r\n\t\t\t\t\t\t\t\t\r\n\t\t\t\t\t\t\t<\/div>\r\n\t\t\t\t\t\t\t\t\t\t\t\t\t\t\r\n\t\t\t\t\t\t<\/div>\r\n\t\t\t\t\t<\/div>\r\n\t\t\t\t<\/div>\r\n\t\t\t\t\t\t\t\t<div class=\"wpb_column vc_column_container vc_col-sm-2\">\r\n\t\t\t\t\t<div class=\"vc_column-inner \" >\r\n\t\t\t\t\t\t<div class=\"wpb_wrapper\" >\r\n\t\t\t\t\t\t\t<div class=\"wpb_single_image wpb_content_element vc_align_ liquid_vc_single_image\">\r\n\t\t\t\t\t\t\t\t\t\t\t\t\t\t\t\t\t<div class=\"sem_overlay\" ><a href=\"https:\/\/online.therapie.ergowebinar.de\/de\/e\/Prae-Rehabilitation-obere-Extremitaet-2FP-324?\r\n\t\t\t\t\t\t\t\t\t\" class=\"btn btn-solid btn-xsm round border-thin btn-has-label jetztstartenbutton\">klicken f\u00fcr Details<\/a><\/div>\r\n\t\t\t\t\t\t\t\t\t\t\t\t\t\t\t\t\t<figure class=\"wpb_wrapper vc_figure\">\r\n\t\t\t\t\t\t\t\t\t<a href=\"online.therapie.ergowebinar.de\/de\/e\/Prae-Rehabilitation-obere-Extremitaet-2FP-324?\r\n\t\t\t\t\t\t\t\t\t\" title=\"Sie sehen eine Gliederfigur mit ausgestrecktem abwehrenden Arm als Symbol zum Webseminar zur vorbereitentenden Therapie in der Ergotherapie vor elektiven Eingriffen an der oberen Extremit\u00e4t in Orthop\u00e4die, Handttherapie, Neurologie in Klinik + Praxis\" target=\"_blank\">\r\n\t\t\t\t\t\t\t\t\t\t<img decoding=\"async\" width=\"475\" src=\"https:\/\/www.ergowebinar.de\/intern\/parsed_images\/8ec4ecd4-61de-4162-ad0f-478a36f22c93.jpg\" class=\"vc_single_image-img attachment-full\" alt=\"Sie sehen eine Gliederfigur mit ausgestrecktem abwehrenden Arm als Symbol zum Webseminar zur vorbereitentenden Therapie in der Ergotherapie vor elektiven Eingriffen an der oberen Extremit\u00e4t in Orthop\u00e4die, Handttherapie, Neurologie in Klinik + Praxis\" title=\"Sie sehen eine Gliederfigur mit ausgestrecktem abwehrenden Arm als Symbol zum Webseminar zur vorbereitentenden Therapie in der Ergotherapie vor elektiven Eingriffen an der oberen Extremit\u00e4t in Orthop\u00e4die, Handttherapie, Neurologie in Klinik + Praxis\" srcset=\"https:\/\/www.ergowebinar.de\/intern\/parsed_images\/8ec4ecd4-61de-4162-ad0f-478a36f22c93.jpg 475w, https:\/\/www.ergowebinar.de\/intern\/parsed_images\/8ec4ecd4-61de-4162-ad0f-478a36f22c93.jpg 275w\" sizes=\"(max-width: 475px) 100vw, 475px\" itemprop=\"image\" \/>\r\n\t\t\t\t\t\t\t\t\t\t<h6>Pr\u00e4-Rehabilitation - obere Extremit\u00e4t [2FP]<\/h6>\r\n\t\t\t\t\t\t\t\t\t\t\t\t\t\t\t\t\t\t\t\t\t<p class=\"calendarline\"><img decoding=\"async\" class=\"calendar_icon\" src=\"https:\/\/www.ergowebinar.de\/intern\/images\/calendar.png\">13.05.2026 18:00 - 19:00<\/p>\t\r\n\t\t\t\t\t\t\t\t\t\t\t\t\t\t\t\t\t\t\t\t\t<p class=\"liquid_vc_single_text\">\r\nMeist beginnt die Behandlungsserie nach der Nahtentfernung, doch in letzter Zeit gewinnen Interventionen vor dem eigentlichen Operationstermin mehr und mehr an Popularit&auml;t. Wie man Betroffene schon ...<\/p>\r\n\t\t\t\t\t\t\t\t\t\t\t\t\t\t\t\t\t\t\t\t\t<p class=\"sempreis\">49 \u20ac<\/p>\r\n\t\t\t\t\t\t\t\t\t\t\t\t\t\t\t\t\t\t\t\t\t\t\t<p class=\"semmwst\"><\/p>\r\n\t\t\t\t\t\t\t\t\t\t\t\t\t\t\t\t\t\t\t\t\t\t\t\r\n\t\t\t\t\t\t\t\t\t<\/a>\r\n\t\t\t\t\t\t\t\t\t\r\n\t\t\t\t\t\t\t\t<\/figure>\r\n\t\t\t\t\t\t\t\t\r\n\t\t\t\t\t\t\t<\/div>\r\n\t\t\t\t\t\t\t\t\t\t\t\t\t\t\r\n\t\t\t\t\t\t<\/div>\r\n\t\t\t\t\t<\/div>\r\n\t\t\t\t<\/div>\r\n\t\t\t\t\t\t\t\t<div class=\"wpb_column vc_column_container vc_col-sm-2\">\r\n\t\t\t\t\t<div class=\"vc_column-inner \" >\r\n\t\t\t\t\t\t<div class=\"wpb_wrapper\" >\r\n\t\t\t\t\t\t\t<div class=\"wpb_single_image wpb_content_element vc_align_ liquid_vc_single_image\">\r\n\t\t\t\t\t\t\t\t\t\t\t\t\t\t\t\t\t<div class=\"sem_overlay\" ><a href=\"https:\/\/online.therapie.ergowebinar.de\/de\/e\/Prae-Rehabilitation-untere-Extremitaet-2FP-325?\r\n\t\t\t\t\t\t\t\t\t\" class=\"btn btn-solid btn-xsm round border-thin btn-has-label jetztstartenbutton\">klicken f\u00fcr Details<\/a><\/div>\r\n\t\t\t\t\t\t\t\t\t\t\t\t\t\t\t\t\t<figure class=\"wpb_wrapper vc_figure\">\r\n\t\t\t\t\t\t\t\t\t<a href=\"online.therapie.ergowebinar.de\/de\/e\/Prae-Rehabilitation-untere-Extremitaet-2FP-325?\r\n\t\t\t\t\t\t\t\t\t\" title=\"Sie sehen eine Hand am Griff einer Unterarmgehst\u00fctze als Symbol zum Webseminar zur vorbereitentenden Therapie in der Ergotherapie vor elektiven Eingriffen an der unteren Extremit\u00e4t in Orthop\u00e4die, Handttherapie, Neurologie in Klinik + Praxis\" target=\"_blank\">\r\n\t\t\t\t\t\t\t\t\t\t<img decoding=\"async\" width=\"475\" src=\"https:\/\/www.ergowebinar.de\/intern\/parsed_images\/8ec4ecd4-61de-4162-ad0f-488a36f22c93.jpg\" class=\"vc_single_image-img attachment-full\" alt=\"Sie sehen eine Hand am Griff einer Unterarmgehst\u00fctze als Symbol zum Webseminar zur vorbereitentenden Therapie in der Ergotherapie vor elektiven Eingriffen an der unteren Extremit\u00e4t in Orthop\u00e4die, Handttherapie, Neurologie in Klinik + Praxis\" title=\"Sie sehen eine Hand am Griff einer Unterarmgehst\u00fctze als Symbol zum Webseminar zur vorbereitentenden Therapie in der Ergotherapie vor elektiven Eingriffen an der unteren Extremit\u00e4t in Orthop\u00e4die, Handttherapie, Neurologie in Klinik + Praxis\" srcset=\"https:\/\/www.ergowebinar.de\/intern\/parsed_images\/8ec4ecd4-61de-4162-ad0f-488a36f22c93.jpg 475w, https:\/\/www.ergowebinar.de\/intern\/parsed_images\/8ec4ecd4-61de-4162-ad0f-488a36f22c93.jpg 275w\" sizes=\"(max-width: 475px) 100vw, 475px\" itemprop=\"image\" \/>\r\n\t\t\t\t\t\t\t\t\t\t<h6>Pr\u00e4-Rehabilitation - untere Extremit\u00e4t [2FP]<\/h6>\r\n\t\t\t\t\t\t\t\t\t\t\t\t\t\t\t\t\t\t\t\t\t<p class=\"calendarline\"><img decoding=\"async\" class=\"calendar_icon\" src=\"https:\/\/www.ergowebinar.de\/intern\/images\/calendar.png\">13.05.2026 19:30 - 20:30<\/p>\t\r\n\t\t\t\t\t\t\t\t\t\t\t\t\t\t\t\t\t\t\t\t\t<p class=\"liquid_vc_single_text\">\r\n\r\nErgotherapeut:innen k&ouml;nnen schon im Vorfeld von Operationen im Bereich der unteren Extremit&auml;t einen wertvollen Beitrag durch Klientenedukation leisten. Sie unterst&uuml;tzen durch diverse ...<\/p>\r\n\t\t\t\t\t\t\t\t\t\t\t\t\t\t\t\t\t\t\t\t\t<p class=\"sempreis\">49 \u20ac<\/p>\r\n\t\t\t\t\t\t\t\t\t\t\t\t\t\t\t\t\t\t\t\t\t\t\t<p class=\"semmwst\"><\/p>\r\n\t\t\t\t\t\t\t\t\t\t\t\t\t\t\t\t\t\t\t\t\t\t\t\r\n\t\t\t\t\t\t\t\t\t<\/a>\r\n\t\t\t\t\t\t\t\t\t\r\n\t\t\t\t\t\t\t\t<\/figure>\r\n\t\t\t\t\t\t\t\t\r\n\t\t\t\t\t\t\t<\/div>\r\n\t\t\t\t\t\t\t\t\t\t\t\t\t\t\r\n\t\t\t\t\t\t<\/div>\r\n\t\t\t\t\t<\/div>\r\n\t\t\t\t<\/div>\r\n\t\t\t\t\t\t\t\t<div class=\"wpb_column vc_column_container vc_col-sm-2\">\r\n\t\t\t\t\t<div class=\"vc_column-inner \" >\r\n\t\t\t\t\t\t<div class=\"wpb_wrapper\" >\r\n\t\t\t\t\t\t\t<div class=\"wpb_single_image wpb_content_element vc_align_ liquid_vc_single_image\">\r\n\t\t\t\t\t\t\t\t\t\t\t\t\t\t\t\t\t<div class=\"sem_overlay\" ><a href=\"https:\/\/online.therapie.ergowebinar.de\/de\/e\/Krafttraining-in-der-Handtherapie-2FP-328?\r\n\t\t\t\t\t\t\t\t\t\" class=\"btn btn-solid btn-xsm round border-thin btn-has-label jetztstartenbutton\">klicken f\u00fcr Details<\/a><\/div>\r\n\t\t\t\t\t\t\t\t\t\t\t\t\t\t\t\t\t<figure class=\"wpb_wrapper vc_figure\">\r\n\t\t\t\t\t\t\t\t\t<a href=\"online.therapie.ergowebinar.de\/de\/e\/Krafttraining-in-der-Handtherapie-2FP-328?\r\n\t\t\t\t\t\t\t\t\t\" title=\"Sie sehen einen \u00e4lteren Mann mit beiden H\u00e4nden ein Gewicht in Vorhalte vor dem Gesicht heben, als Symbol zum Webseminar zur Wirkung und Anwendung von Krafttraining in der Handtherapie + Orthop\u00e4die f\u00fcr Ergotherapie + Physiotherapie in Klinik + Praxis\" target=\"_blank\">\r\n\t\t\t\t\t\t\t\t\t\t<img decoding=\"async\" width=\"475\" src=\"https:\/\/www.ergowebinar.de\/intern\/parsed_images\/2d420c6b-e2f4-4197-b484-da6a6524b7f9.jpg\" class=\"vc_single_image-img attachment-full\" alt=\"Sie sehen einen \u00e4lteren Mann mit beiden H\u00e4nden ein Gewicht in Vorhalte vor dem Gesicht heben, als Symbol zum Webseminar zur Wirkung und Anwendung von Krafttraining in der Handtherapie + Orthop\u00e4die f\u00fcr Ergotherapie + Physiotherapie in Klinik + Praxis\" title=\"Sie sehen einen \u00e4lteren Mann mit beiden H\u00e4nden ein Gewicht in Vorhalte vor dem Gesicht heben, als Symbol zum Webseminar zur Wirkung und Anwendung von Krafttraining in der Handtherapie + Orthop\u00e4die f\u00fcr Ergotherapie + Physiotherapie in Klinik + Praxis\" srcset=\"https:\/\/www.ergowebinar.de\/intern\/parsed_images\/2d420c6b-e2f4-4197-b484-da6a6524b7f9.jpg 475w, https:\/\/www.ergowebinar.de\/intern\/parsed_images\/2d420c6b-e2f4-4197-b484-da6a6524b7f9.jpg 275w\" sizes=\"(max-width: 475px) 100vw, 475px\" itemprop=\"image\" \/>\r\n\t\t\t\t\t\t\t\t\t\t<h6>Krafttraining in der Handtherapie [2FP]<\/h6>\r\n\t\t\t\t\t\t\t\t\t\t\t\t\t\t\t\t\t\t\t\t\t<p class=\"calendarline\"><img decoding=\"async\" class=\"calendar_icon\" src=\"https:\/\/www.ergowebinar.de\/intern\/images\/calendar.png\">19.05.2026 19:30 - 20:30<\/p>\t\r\n\t\t\t\t\t\t\t\t\t\t\t\t\t\t\t\t\t\t\t\t\t<p class=\"liquid_vc_single_text\">\r\n\r\nIn diesem Webinar steht das Krafttraining in seinen verschiedenen Auspr&auml;gungen im Mittelpunkt. Wie l&auml;sst sich Krafttraining sinnvoll in die Behandlung integrieren? Und welche Rolle spielen ...<\/p>\r\n\t\t\t\t\t\t\t\t\t\t\t\t\t\t\t\t\t\t\t\t\t<p class=\"sempreis\">49 \u20ac<\/p>\r\n\t\t\t\t\t\t\t\t\t\t\t\t\t\t\t\t\t\t\t\t\t\t\t<p class=\"semmwst\"><\/p>\r\n\t\t\t\t\t\t\t\t\t\t\t\t\t\t\t\t\t\t\t\t\t\t\t\r\n\t\t\t\t\t\t\t\t\t<\/a>\r\n\t\t\t\t\t\t\t\t\t\r\n\t\t\t\t\t\t\t\t<\/figure>\r\n\t\t\t\t\t\t\t\t\r\n\t\t\t\t\t\t\t<\/div>\r\n\t\t\t\t\t\t\t\t\t\t\t\t\t\t\r\n\t\t\t\t\t\t<\/div>\r\n\t\t\t\t\t<\/div>\r\n\t\t\t\t<\/div>\r\n\t\t\t\t\t\t\t\t<div class=\"wpb_column vc_column_container vc_col-sm-2\">\r\n\t\t\t\t\t<div class=\"vc_column-inner \" >\r\n\t\t\t\t\t\t<div class=\"wpb_wrapper\" >\r\n\t\t\t\t\t\t\t<div class=\"wpb_single_image wpb_content_element vc_align_ liquid_vc_single_image\">\r\n\t\t\t\t\t\t\t\t\t\t\t\t\t\t\t\t\t<div class=\"sem_overlay\" ><a href=\"https:\/\/online.therapie.ergowebinar.de\/de\/e\/Sensorische-Reedukation-nach-Nervenverletzungen-2FP-303?\r\n\t\t\t\t\t\t\t\t\t\" class=\"btn btn-solid btn-xsm round border-thin btn-has-label jetztstartenbutton\">klicken f\u00fcr Details<\/a><\/div>\r\n\t\t\t\t\t\t\t\t\t\t\t\t\t\t\t\t\t<figure class=\"wpb_wrapper vc_figure\">\r\n\t\t\t\t\t\t\t\t\t<a href=\"online.therapie.ergowebinar.de\/de\/e\/Sensorische-Reedukation-nach-Nervenverletzungen-2FP-303?\r\n\t\t\t\t\t\t\t\t\t\" title=\"Sie sehen zwei stark vergr\u00f6\u00dferte Fingerkuppen, als Symbol zum Webseminar \u00fcber sensorische Trainings zur Verbesserung der Sensibilit\u00e4t in der  Ergotherapie + Physiotherapie in der Handreha + Ortho + Neurologie in Klinik + Praxis\" target=\"_blank\">\r\n\t\t\t\t\t\t\t\t\t\t<img decoding=\"async\" width=\"475\" src=\"https:\/\/www.ergowebinar.de\/intern\/parsed_images\/343c53b6-52ff-4330-9d0a-6cd2c46a44bc.jpg\" class=\"vc_single_image-img attachment-full\" alt=\"Sie sehen zwei stark vergr\u00f6\u00dferte Fingerkuppen, als Symbol zum Webseminar \u00fcber sensorische Trainings zur Verbesserung der Sensibilit\u00e4t in der  Ergotherapie + Physiotherapie in der Handreha + Ortho + Neurologie in Klinik + Praxis\" title=\"Sie sehen zwei stark vergr\u00f6\u00dferte Fingerkuppen, als Symbol zum Webseminar \u00fcber sensorische Trainings zur Verbesserung der Sensibilit\u00e4t in der  Ergotherapie + Physiotherapie in der Handreha + Ortho + Neurologie in Klinik + Praxis\" srcset=\"https:\/\/www.ergowebinar.de\/intern\/parsed_images\/343c53b6-52ff-4330-9d0a-6cd2c46a44bc.jpg 475w, https:\/\/www.ergowebinar.de\/intern\/parsed_images\/343c53b6-52ff-4330-9d0a-6cd2c46a44bc.jpg 275w\" sizes=\"(max-width: 475px) 100vw, 475px\" itemprop=\"image\" \/>\r\n\t\t\t\t\t\t\t\t\t\t<h6>Sensorische Reedukation nach Nervenverletzungen [2FP]<\/h6>\r\n\t\t\t\t\t\t\t\t\t\t\t\t\t\t\t\t\t\t\t\t\t<p class=\"calendarline\"><img decoding=\"async\" class=\"calendar_icon\" src=\"https:\/\/www.ergowebinar.de\/intern\/images\/calendar.png\">19.05.2026 20:00 - 21:00<\/p>\t\r\n\t\t\t\t\t\t\t\t\t\t\t\t\t\t\t\t\t\t\t\t\t<p class=\"liquid_vc_single_text\">\r\nPeriphere Nervenverletzungen k&ouml;nnen viele Einschr&auml;nkungen im Alltag (motorisch, sensorisch und vegetativ) nach sich ziehen. Der Nerv und seine Endorgane m&uuml;ssen sich wieder neu zusammenfinden. ...<\/p>\r\n\t\t\t\t\t\t\t\t\t\t\t\t\t\t\t\t\t\t\t\t\t<p class=\"sempreis\">49 \u20ac<\/p>\r\n\t\t\t\t\t\t\t\t\t\t\t\t\t\t\t\t\t\t\t\t\t\t\t<p class=\"semmwst\"><\/p>\r\n\t\t\t\t\t\t\t\t\t\t\t\t\t\t\t\t\t\t\t\t\t\t\t\r\n\t\t\t\t\t\t\t\t\t<\/a>\r\n\t\t\t\t\t\t\t\t\t\r\n\t\t\t\t\t\t\t\t<\/figure>\r\n\t\t\t\t\t\t\t\t\r\n\t\t\t\t\t\t\t<\/div>\r\n\t\t\t\t\t\t\t\t\t\t\t\t\t\t\r\n\t\t\t\t\t\t<\/div>\r\n\t\t\t\t\t<\/div>\r\n\t\t\t\t<\/div>\r\n\t\t\t\t\t\t\t\t<div class=\"wpb_column vc_column_container vc_col-sm-2\">\r\n\t\t\t\t\t<div class=\"vc_column-inner \" >\r\n\t\t\t\t\t\t<div class=\"wpb_wrapper\" >\r\n\t\t\t\t\t\t\t<div class=\"wpb_single_image wpb_content_element vc_align_ liquid_vc_single_image\">\r\n\t\t\t\t\t\t\t\t\t\t\t\t\t\t\t\t\t<div class=\"sem_overlay\" ><a href=\"https:\/\/online.therapie.ergowebinar.de\/de\/e\/Erstbegutachtung-der-Hand-Inspektion-und-Palpation-2FP-329?\r\n\t\t\t\t\t\t\t\t\t\" class=\"btn btn-solid btn-xsm round border-thin btn-has-label jetztstartenbutton\">klicken f\u00fcr Details<\/a><\/div>\r\n\t\t\t\t\t\t\t\t\t\t\t\t\t\t\t\t\t<figure class=\"wpb_wrapper vc_figure\">\r\n\t\t\t\t\t\t\t\t\t<a href=\"online.therapie.ergowebinar.de\/de\/e\/Erstbegutachtung-der-Hand-Inspektion-und-Palpation-2FP-329?\r\n\t\t\t\t\t\t\t\t\t\" title=\"Sie sehen eine Hand, die eine Lupe h\u00e4lt, als Symbol zum Webseminar zu den vielen Details in der Erstbegutachtung einer Hand in der Handtherapie + Orthop\u00e4die f\u00fcr Ergotherapie + Physiotherapie in Klinik + Praxis\" target=\"_blank\">\r\n\t\t\t\t\t\t\t\t\t\t<img decoding=\"async\" width=\"475\" src=\"https:\/\/www.ergowebinar.de\/intern\/parsed_images\/329.jpg\" class=\"vc_single_image-img attachment-full\" alt=\"Sie sehen eine Hand, die eine Lupe h\u00e4lt, als Symbol zum Webseminar zu den vielen Details in der Erstbegutachtung einer Hand in der Handtherapie + Orthop\u00e4die f\u00fcr Ergotherapie + Physiotherapie in Klinik + Praxis\" title=\"Sie sehen eine Hand, die eine Lupe h\u00e4lt, als Symbol zum Webseminar zu den vielen Details in der Erstbegutachtung einer Hand in der Handtherapie + Orthop\u00e4die f\u00fcr Ergotherapie + Physiotherapie in Klinik + Praxis\" srcset=\"https:\/\/www.ergowebinar.de\/intern\/parsed_images\/329.jpg 475w, https:\/\/www.ergowebinar.de\/intern\/parsed_images\/329.jpg 275w\" sizes=\"(max-width: 475px) 100vw, 475px\" itemprop=\"image\" \/>\r\n\t\t\t\t\t\t\t\t\t\t<h6>Erstbegutachtung der Hand - Inspektion und Palpation [2FP]<\/h6>\r\n\t\t\t\t\t\t\t\t\t\t\t\t\t\t\t\t\t\t\t\t\t<p class=\"calendarline\"><img decoding=\"async\" class=\"calendar_icon\" src=\"https:\/\/www.ergowebinar.de\/intern\/images\/calendar.png\">02.06.2026 19:30 - 20:30<\/p>\t\r\n\t\t\t\t\t\t\t\t\t\t\t\t\t\t\t\t\t\t\t\t\t<p class=\"liquid_vc_single_text\">\r\n\r\n\r\nHier geht es um den therapeutischen Blick und das therapeutische H&auml;ndchen. Wir besprechen die Erstbegutachtung der Hand und der umliegenden Strukturen. Worauf achte ich im Erstbefund und bei ...<\/p>\r\n\t\t\t\t\t\t\t\t\t\t\t\t\t\t\t\t\t\t\t\t\t<p class=\"sempreis\">49 \u20ac<\/p>\r\n\t\t\t\t\t\t\t\t\t\t\t\t\t\t\t\t\t\t\t\t\t\t\t<p class=\"semmwst\"><\/p>\r\n\t\t\t\t\t\t\t\t\t\t\t\t\t\t\t\t\t\t\t\t\t\t\t\r\n\t\t\t\t\t\t\t\t\t<\/a>\r\n\t\t\t\t\t\t\t\t\t\r\n\t\t\t\t\t\t\t\t<\/figure>\r\n\t\t\t\t\t\t\t\t\r\n\t\t\t\t\t\t\t<\/div>\r\n\t\t\t\t\t\t\t\t\t\t\t\t\t\t\r\n\t\t\t\t\t\t<\/div>\r\n\t\t\t\t\t<\/div>\r\n\t\t\t\t<\/div>\r\n\t\t\t\t\t\t\t\t<div class=\"wpb_column vc_column_container vc_col-sm-2\">\r\n\t\t\t\t\t<div class=\"vc_column-inner \" >\r\n\t\t\t\t\t\t<div class=\"wpb_wrapper\" >\r\n\t\t\t\t\t\t\t<div class=\"wpb_single_image wpb_content_element vc_align_ liquid_vc_single_image\">\r\n\t\t\t\t\t\t\t\t\t\t\t\t\t\t\t\t\t<div class=\"sem_overlay\" ><a href=\"https:\/\/online.therapie.ergowebinar.de\/de\/e\/Midcarpale-Hypermobilitaeten-Behandlung-2-FP-120?\r\n\t\t\t\t\t\t\t\t\t\" class=\"btn btn-solid btn-xsm round border-thin btn-has-label jetztstartenbutton\">klicken f\u00fcr Details<\/a><\/div>\r\n\t\t\t\t\t\t\t\t\t\t\t\t\t\t\t\t\t<figure class=\"wpb_wrapper vc_figure\">\r\n\t\t\t\t\t\t\t\t\t<a href=\"online.therapie.ergowebinar.de\/de\/e\/Midcarpale-Hypermobilitaeten-Behandlung-2-FP-120?\r\n\t\t\t\t\t\t\t\t\t\" title=\"Sie sehen nebeneinander liegende H\u00e4nde  als Assoziation zum Webseminar f\u00fcr Ergotherapie + Physiotherapie in der Handreha und Orthop\u00e4die bei Handgelenksbeschwerden und Problemen der Mittelhandknochen in Klinik + Praxis\" target=\"_blank\">\r\n\t\t\t\t\t\t\t\t\t\t<img decoding=\"async\" width=\"475\" src=\"https:\/\/www.ergowebinar.de\/intern\/parsed_images\/034d6778-40ea-47e3-87fd-101e02fad0c8.jpg\" class=\"vc_single_image-img attachment-full\" alt=\"Sie sehen nebeneinander liegende H\u00e4nde  als Assoziation zum Webseminar f\u00fcr Ergotherapie + Physiotherapie in der Handreha und Orthop\u00e4die bei Handgelenksbeschwerden und Problemen der Mittelhandknochen in Klinik + Praxis\" title=\"Sie sehen nebeneinander liegende H\u00e4nde  als Assoziation zum Webseminar f\u00fcr Ergotherapie + Physiotherapie in der Handreha und Orthop\u00e4die bei Handgelenksbeschwerden und Problemen der Mittelhandknochen in Klinik + Praxis\" srcset=\"https:\/\/www.ergowebinar.de\/intern\/parsed_images\/034d6778-40ea-47e3-87fd-101e02fad0c8.jpg 475w, https:\/\/www.ergowebinar.de\/intern\/parsed_images\/034d6778-40ea-47e3-87fd-101e02fad0c8.jpg 275w\" sizes=\"(max-width: 475px) 100vw, 475px\" itemprop=\"image\" \/>\r\n\t\t\t\t\t\t\t\t\t\t<h6>Midcarpale Hypermobilit\u00e4ten - Behandlung [2 FP]<\/h6>\r\n\t\t\t\t\t\t\t\t\t\t\t\t\t\t\t\t\t\t\t\t\t<p class=\"calendarline\"><img decoding=\"async\" class=\"calendar_icon\" src=\"https:\/\/www.ergowebinar.de\/intern\/images\/calendar.png\">15.06.2026 16:30 - 17:30<\/p>\t\r\n\t\t\t\t\t\t\t\t\t\t\t\t\t\t\t\t\t\t\t\t\t<p class=\"liquid_vc_single_text\">Betroffene, die unter einer midcarpalen Instabilit&auml;t leiden, geben meist Belastungsschmerzen, Kraftverlust und Instabilit&auml;ts-Symptome an. Auf Basis der Analyse des zugrundeliegenden Pathomechanismus ...<\/p>\r\n\t\t\t\t\t\t\t\t\t\t\t\t\t\t\t\t\t\t\t\t\t<p class=\"sempreis\">49 \u20ac<\/p>\r\n\t\t\t\t\t\t\t\t\t\t\t\t\t\t\t\t\t\t\t\t\t\t\t<p class=\"semmwst\"><\/p>\r\n\t\t\t\t\t\t\t\t\t\t\t\t\t\t\t\t\t\t\t\t\t\t\t\r\n\t\t\t\t\t\t\t\t\t<\/a>\r\n\t\t\t\t\t\t\t\t\t\r\n\t\t\t\t\t\t\t\t<\/figure>\r\n\t\t\t\t\t\t\t\t\r\n\t\t\t\t\t\t\t<\/div>\r\n\t\t\t\t\t\t\t\t\t\t\t\t\t\t\r\n\t\t\t\t\t\t<\/div>\r\n\t\t\t\t\t<\/div>\r\n\t\t\t\t<\/div>\r\n\t\t\t\t\t\t\t\t<div class=\"wpb_column vc_column_container vc_col-sm-2\">\r\n\t\t\t\t\t<div class=\"vc_column-inner \" >\r\n\t\t\t\t\t\t<div class=\"wpb_wrapper\" >\r\n\t\t\t\t\t\t\t<div class=\"wpb_single_image wpb_content_element vc_align_ liquid_vc_single_image\">\r\n\t\t\t\t\t\t\t\t\t\t\t\t\t\t\t\t\t<div class=\"sem_overlay\" ><a href=\"https:\/\/online.therapie.ergowebinar.de\/de\/e\/Handverletzungen-und-umliegende-Strukturen-2FP-327?\r\n\t\t\t\t\t\t\t\t\t\" class=\"btn btn-solid btn-xsm round border-thin btn-has-label jetztstartenbutton\">klicken f\u00fcr Details<\/a><\/div>\r\n\t\t\t\t\t\t\t\t\t\t\t\t\t\t\t\t\t<figure class=\"wpb_wrapper vc_figure\">\r\n\t\t\t\t\t\t\t\t\t<a href=\"online.therapie.ergowebinar.de\/de\/e\/Handverletzungen-und-umliegende-Strukturen-2FP-327?\r\n\t\t\t\t\t\t\t\t\t\" title=\"Sie sehen eine Frau, die ihre Hand seitlich auf Gesichtsh\u00f6he hebt, als Symbol zum Webinar zu den vielen \u00fcber die Hand hinausgehenden Details in der k\u00f6rperlichen Befundaufnahme in der Handtherapie  f\u00fcr Ergotherapie + Physiotherapie in Klinik + Praxis\" target=\"_blank\">\r\n\t\t\t\t\t\t\t\t\t\t<img decoding=\"async\" width=\"475\" src=\"https:\/\/www.ergowebinar.de\/intern\/parsed_images\/327.jpg\" class=\"vc_single_image-img attachment-full\" alt=\"Sie sehen eine Frau, die ihre Hand seitlich auf Gesichtsh\u00f6he hebt, als Symbol zum Webinar zu den vielen \u00fcber die Hand hinausgehenden Details in der k\u00f6rperlichen Befundaufnahme in der Handtherapie  f\u00fcr Ergotherapie + Physiotherapie in Klinik + Praxis\" title=\"Sie sehen eine Frau, die ihre Hand seitlich auf Gesichtsh\u00f6he hebt, als Symbol zum Webinar zu den vielen \u00fcber die Hand hinausgehenden Details in der k\u00f6rperlichen Befundaufnahme in der Handtherapie  f\u00fcr Ergotherapie + Physiotherapie in Klinik + Praxis\" srcset=\"https:\/\/www.ergowebinar.de\/intern\/parsed_images\/327.jpg 475w, https:\/\/www.ergowebinar.de\/intern\/parsed_images\/327.jpg 275w\" sizes=\"(max-width: 475px) 100vw, 475px\" itemprop=\"image\" \/>\r\n\t\t\t\t\t\t\t\t\t\t<h6>Handverletzungen und umliegende Strukturen [2FP]<\/h6>\r\n\t\t\t\t\t\t\t\t\t\t\t\t\t\t\t\t\t\t\t\t\t<p class=\"calendarline\"><img decoding=\"async\" class=\"calendar_icon\" src=\"https:\/\/www.ergowebinar.de\/intern\/images\/calendar.png\">23.06.2026 19:30 - 20:30<\/p>\t\r\n\t\t\t\t\t\t\t\t\t\t\t\t\t\t\t\t\t\t\t\t\t<p class=\"liquid_vc_single_text\">\r\n\r\n\r\n\r\nWie weit kann der therapeutische Blick reichen? Welche Strukturen und Gelenke sollten bei der Behandlung sowie beim aktiven Training mit einbezogen werden? Und warum? Beim multifaktoriellen Geschehen ...<\/p>\r\n\t\t\t\t\t\t\t\t\t\t\t\t\t\t\t\t\t\t\t\t\t<p class=\"sempreis\">49 \u20ac<\/p>\r\n\t\t\t\t\t\t\t\t\t\t\t\t\t\t\t\t\t\t\t\t\t\t\t<p class=\"semmwst\"><\/p>\r\n\t\t\t\t\t\t\t\t\t\t\t\t\t\t\t\t\t\t\t\t\t\t\t\r\n\t\t\t\t\t\t\t\t\t<\/a>\r\n\t\t\t\t\t\t\t\t\t\r\n\t\t\t\t\t\t\t\t<\/figure>\r\n\t\t\t\t\t\t\t\t\r\n\t\t\t\t\t\t\t<\/div>\r\n\t\t\t\t\t\t\t\t\t\t\t\t\t\t\r\n\t\t\t\t\t\t<\/div>\r\n\t\t\t\t\t<\/div>\r\n\t\t\t\t<\/div>\r\n\t\t\t\t\t\t\t\t<div class=\"wpb_column vc_column_container vc_col-sm-2\">\r\n\t\t\t\t\t<div class=\"vc_column-inner \" >\r\n\t\t\t\t\t\t<div class=\"wpb_wrapper\" >\r\n\t\t\t\t\t\t\t<div class=\"wpb_single_image wpb_content_element vc_align_ liquid_vc_single_image\">\r\n\t\t\t\t\t\t\t\t\t\t\t\t\t\t\t\t\t<div class=\"sem_overlay\" ><a href=\"https:\/\/online.therapie.ergowebinar.de\/de\/e\/Golferellenbogen-Basics-2-FP-153?\r\n\t\t\t\t\t\t\t\t\t\" class=\"btn btn-solid btn-xsm round border-thin btn-has-label jetztstartenbutton\">klicken f\u00fcr Details<\/a><\/div>\r\n\t\t\t\t\t\t\t\t\t\t\t\t\t\t\t\t\t<figure class=\"wpb_wrapper vc_figure\">\r\n\t\t\t\t\t\t\t\t\t<a href=\"online.therapie.ergowebinar.de\/de\/e\/Golferellenbogen-Basics-2-FP-153?\r\n\t\t\t\t\t\t\t\t\t\" title=\"Sie sehen einen Golfspieler im Green zwischen Golfb\u00e4llen liegen als Assoziation zum Webseminar \u00fcber Sehnenreizung am Ellenbogen f\u00fcr Ergotherapie + Physiotherapie in der Orthop\u00e4die in Klinik + Praxis\" target=\"_blank\">\r\n\t\t\t\t\t\t\t\t\t\t<img decoding=\"async\" width=\"475\" src=\"https:\/\/www.ergowebinar.de\/intern\/parsed_images\/153.png\" class=\"vc_single_image-img attachment-full\" alt=\"Sie sehen einen Golfspieler im Green zwischen Golfb\u00e4llen liegen als Assoziation zum Webseminar \u00fcber Sehnenreizung am Ellenbogen f\u00fcr Ergotherapie + Physiotherapie in der Orthop\u00e4die in Klinik + Praxis\" title=\"Sie sehen einen Golfspieler im Green zwischen Golfb\u00e4llen liegen als Assoziation zum Webseminar \u00fcber Sehnenreizung am Ellenbogen f\u00fcr Ergotherapie + Physiotherapie in der Orthop\u00e4die in Klinik + Praxis\" srcset=\"https:\/\/www.ergowebinar.de\/intern\/parsed_images\/153.png 475w, https:\/\/www.ergowebinar.de\/intern\/parsed_images\/153.png 275w\" sizes=\"(max-width: 475px) 100vw, 475px\" itemprop=\"image\" \/>\r\n\t\t\t\t\t\t\t\t\t\t<h6>Golferellenbogen - Basics [2 FP]<\/h6>\r\n\t\t\t\t\t\t\t\t\t\t\t\t\t\t\t\t\t\t\t\t\t<p class=\"calendarline\"><img decoding=\"async\" class=\"calendar_icon\" src=\"https:\/\/www.ergowebinar.de\/intern\/images\/calendar.png\">07.07.2026 19:30 - 20:30<\/p>\t\r\n\t\t\t\t\t\t\t\t\t\t\t\t\t\t\t\t\t\t\t\t\t<p class=\"liquid_vc_single_text\">Ein Golferellenbogen - fachsprachlich Epicondylitis humeri medialis - kann eine ganz sch&ouml;n hartn&auml;ckige Sache sein. Es k&ouml;nnen verschiedene Flexoren des Unterarms betroffen sein. Durch konservative ...<\/p>\r\n\t\t\t\t\t\t\t\t\t\t\t\t\t\t\t\t\t\t\t\t\t<p class=\"sempreis\">49 \u20ac<\/p>\r\n\t\t\t\t\t\t\t\t\t\t\t\t\t\t\t\t\t\t\t\t\t\t\t<p class=\"semmwst\"><\/p>\r\n\t\t\t\t\t\t\t\t\t\t\t\t\t\t\t\t\t\t\t\t\t\t\t\r\n\t\t\t\t\t\t\t\t\t<\/a>\r\n\t\t\t\t\t\t\t\t\t\r\n\t\t\t\t\t\t\t\t<\/figure>\r\n\t\t\t\t\t\t\t\t\r\n\t\t\t\t\t\t\t<\/div>\r\n\t\t\t\t\t\t\t\t\t\t\t\t\t\t\r\n\t\t\t\t\t\t<\/div>\r\n\t\t\t\t\t<\/div>\r\n\t\t\t\t<\/div>\r\n\t\t\t\t\t\t\t\t<div class=\"wpb_column vc_column_container vc_col-sm-2\">\r\n\t\t\t\t\t<div class=\"vc_column-inner \" >\r\n\t\t\t\t\t\t<div class=\"wpb_wrapper\" >\r\n\t\t\t\t\t\t\t<div class=\"wpb_single_image wpb_content_element vc_align_ liquid_vc_single_image\">\r\n\t\t\t\t\t\t\t\t\t\t\t\t\t\t\t\t\t<div class=\"sem_overlay\" ><a href=\"#4637ce87-7921-4d0b-bda0-7eb8ab5-0000\" class=\"btn btn-solid btn-xsm round border-thin btn-has-label nichtdabutton\">8 Tage nach Ablauf des<br>Vorg\u00e4ngers buchbar<\/a><\/div>\r\n\t\t\t\t\t\t\t\t\t\t\t\t\t\t\t\t\t<figure class=\"wpb_wrapper vc_figure\">\r\n\t\t\t\t\t\t\t\t\t<a href=\"online.therapie.ergowebinar.de\/de\/e\/Golferellenbogen-prae-und-postoperativ-2-FP-154?\r\n\t\t\t\t\t\t\t\t\t\" title=\"Sie sehen einen Golfspieler am Ende seines Abschlages als Assoziation zum Webseminar \u00fcber Sehnen\u00fcberlastung am Ellenbogen f\u00fcr Ergotherapie + Physiotherapie in der Orthop\u00e4die in Klinik + Praxis\" target=\"_blank\">\r\n\t\t\t\t\t\t\t\t\t\t<img decoding=\"async\" width=\"475\" src=\"https:\/\/www.ergowebinar.de\/intern\/parsed_images\/b3ca2816-0351-4057-81ce-7a00802e0b07.jpg\" class=\"vc_single_image-img attachment-full\" alt=\"Sie sehen einen Golfspieler am Ende seines Abschlages als Assoziation zum Webseminar \u00fcber Sehnen\u00fcberlastung am Ellenbogen f\u00fcr Ergotherapie + Physiotherapie in der Orthop\u00e4die in Klinik + Praxis\" title=\"Sie sehen einen Golfspieler am Ende seines Abschlages als Assoziation zum Webseminar \u00fcber Sehnen\u00fcberlastung am Ellenbogen f\u00fcr Ergotherapie + Physiotherapie in der Orthop\u00e4die in Klinik + Praxis\" srcset=\"https:\/\/www.ergowebinar.de\/intern\/parsed_images\/b3ca2816-0351-4057-81ce-7a00802e0b07.jpg 475w, https:\/\/www.ergowebinar.de\/intern\/parsed_images\/b3ca2816-0351-4057-81ce-7a00802e0b07.jpg 275w\" sizes=\"(max-width: 475px) 100vw, 475px\" itemprop=\"image\" \/>\r\n\t\t\t\t\t\t\t\t\t\t<h6>Golferellenbogen - pr\u00e4-und postoperativ [2 FP]<\/h6>\r\n\t\t\t\t\t\t\t\t\t\t\t\t\t\t\t\t\t\t\t\t\t<p class=\"calendarline\"><img decoding=\"async\" class=\"calendar_icon\" src=\"https:\/\/www.ergowebinar.de\/intern\/images\/calendar.png\">21.07.2026 19:30 - 20:30<\/p>\t\r\n\t\t\t\t\t\t\t\t\t\t\t\t\t\t\t\t\t\t\t\t\t<p class=\"liquid_vc_single_text\">Ein Golferellenbogen kann vielen F&auml;llen auch operativ behandelt werden. Hier zeige ich die wichtigsten operativen M&ouml;glichkeiten sowie ihre ergotherapeutischen Vor- und Nachbereitungen.\r\n&nbsp;\r\nDas ...<\/p>\r\n\t\t\t\t\t\t\t\t\t\t\t\t\t\t\t\t\t\t\t\t\t<p class=\"sempreis\">49 \u20ac<\/p>\r\n\t\t\t\t\t\t\t\t\t\t\t\t\t\t\t\t\t\t\t\t\t\t\t<p class=\"semmwst\"><\/p>\r\n\t\t\t\t\t\t\t\t\t\t\t\t\t\t\t\t\t\t\t\t\t\t\t\r\n\t\t\t\t\t\t\t\t\t<\/a>\r\n\t\t\t\t\t\t\t\t\t\r\n\t\t\t\t\t\t\t\t<\/figure>\r\n\t\t\t\t\t\t\t\t\r\n\t\t\t\t\t\t\t<\/div>\r\n\t\t\t\t\t\t\t\t\t\t\t\t\t\t\r\n\t\t\t\t\t\t<\/div>\r\n\t\t\t\t\t<\/div>\r\n\t\t\t\t<\/div>\r\n\t\t\t\t\t\t\t\t<div class=\"wpb_column vc_column_container vc_col-sm-2\">\r\n\t\t\t\t\t<div class=\"vc_column-inner \" >\r\n\t\t\t\t\t\t<div class=\"wpb_wrapper\" >\r\n\t\t\t\t\t\t\t<div class=\"wpb_single_image wpb_content_element vc_align_ liquid_vc_single_image\">\r\n\t\t\t\t\t\t\t\t\t\t\t\t\t\t\t\t\t<div class=\"sem_overlay\" ><a href=\"https:\/\/online.therapie.ergowebinar.de\/de\/e\/Tennisellenbogen-Basics-2-FP-155?\r\n\t\t\t\t\t\t\t\t\t\" class=\"btn btn-solid btn-xsm round border-thin btn-has-label jetztstartenbutton\">klicken f\u00fcr Details<\/a><\/div>\r\n\t\t\t\t\t\t\t\t\t\t\t\t\t\t\t\t\t<figure class=\"wpb_wrapper vc_figure\">\r\n\t\t\t\t\t\t\t\t\t<a href=\"online.therapie.ergowebinar.de\/de\/e\/Tennisellenbogen-Basics-2-FP-155?\r\n\t\t\t\t\t\t\t\t\t\" title=\"Sie sehen eine Tennisspielerin fotografiert durch den Tennisschl\u00e4ger hindurch von unten als Assoziation zum Webseminar \u00fcber Schmerzen am Unterarm f\u00fcr Ergotherapie + Physiotherapie in der Orthop\u00e4die, Neurologie in Klinik + Praxis\" target=\"_blank\">\r\n\t\t\t\t\t\t\t\t\t\t<img decoding=\"async\" width=\"475\" src=\"https:\/\/www.ergowebinar.de\/intern\/parsed_images\/c2ce1849-e7da-439d-952c-df2a2836ec0a.jpg\" class=\"vc_single_image-img attachment-full\" alt=\"Sie sehen eine Tennisspielerin fotografiert durch den Tennisschl\u00e4ger hindurch von unten als Assoziation zum Webseminar \u00fcber Schmerzen am Unterarm f\u00fcr Ergotherapie + Physiotherapie in der Orthop\u00e4die, Neurologie in Klinik + Praxis\" title=\"Sie sehen eine Tennisspielerin fotografiert durch den Tennisschl\u00e4ger hindurch von unten als Assoziation zum Webseminar \u00fcber Schmerzen am Unterarm f\u00fcr Ergotherapie + Physiotherapie in der Orthop\u00e4die, Neurologie in Klinik + Praxis\" srcset=\"https:\/\/www.ergowebinar.de\/intern\/parsed_images\/c2ce1849-e7da-439d-952c-df2a2836ec0a.jpg 475w, https:\/\/www.ergowebinar.de\/intern\/parsed_images\/c2ce1849-e7da-439d-952c-df2a2836ec0a.jpg 275w\" sizes=\"(max-width: 475px) 100vw, 475px\" itemprop=\"image\" \/>\r\n\t\t\t\t\t\t\t\t\t\t<h6>Tennisellenbogen - Basics [2 FP]<\/h6>\r\n\t\t\t\t\t\t\t\t\t\t\t\t\t\t\t\t\t\t\t\t\t<p class=\"calendarline\"><img decoding=\"async\" class=\"calendar_icon\" src=\"https:\/\/www.ergowebinar.de\/intern\/images\/calendar.png\">04.08.2026 19:30 - 20:30<\/p>\t\r\n\t\t\t\t\t\t\t\t\t\t\t\t\t\t\t\t\t\t\t\t\t<p class=\"liquid_vc_single_text\">Ein Tennisellenbogen - fachsprachlich Epicondylitis lateralis humeri - kann eine ganz sch&ouml;n hartn&auml;ckige Sache sein. Es sind verschiedene Extensoren des Unterarms betroffen. Durch konservative ...<\/p>\r\n\t\t\t\t\t\t\t\t\t\t\t\t\t\t\t\t\t\t\t\t\t<p class=\"sempreis\">49 \u20ac<\/p>\r\n\t\t\t\t\t\t\t\t\t\t\t\t\t\t\t\t\t\t\t\t\t\t\t<p class=\"semmwst\"><\/p>\r\n\t\t\t\t\t\t\t\t\t\t\t\t\t\t\t\t\t\t\t\t\t\t\t\r\n\t\t\t\t\t\t\t\t\t<\/a>\r\n\t\t\t\t\t\t\t\t\t\r\n\t\t\t\t\t\t\t\t<\/figure>\r\n\t\t\t\t\t\t\t\t\r\n\t\t\t\t\t\t\t<\/div>\r\n\t\t\t\t\t\t\t\t\t\t\t\t\t\t\r\n\t\t\t\t\t\t<\/div>\r\n\t\t\t\t\t<\/div>\r\n\t\t\t\t<\/div>\r\n\t\t\t\t\t\t\t\t<div class=\"wpb_column vc_column_container vc_col-sm-2\">\r\n\t\t\t\t\t<div class=\"vc_column-inner \" >\r\n\t\t\t\t\t\t<div class=\"wpb_wrapper\" >\r\n\t\t\t\t\t\t\t<div class=\"wpb_single_image wpb_content_element vc_align_ liquid_vc_single_image\">\r\n\t\t\t\t\t\t\t\t\t\t\t\t\t\t\t\t\t<div class=\"sem_overlay\" ><a href=\"https:\/\/online.therapie.ergowebinar.de\/de\/e\/Tennisellenbogen-prae-und-postoperativ-2-FP-156?\r\n\t\t\t\t\t\t\t\t\t\" class=\"btn btn-solid btn-xsm round border-thin btn-has-label jetztstartenbutton\">klicken f\u00fcr Details<\/a><\/div>\r\n\t\t\t\t\t\t\t\t\t\t\t\t\t\t\t\t\t<figure class=\"wpb_wrapper vc_figure\">\r\n\t\t\t\t\t\t\t\t\t<a href=\"online.therapie.ergowebinar.de\/de\/e\/Tennisellenbogen-prae-und-postoperativ-2-FP-156?\r\n\t\t\t\t\t\t\t\t\t\" title=\"Sie sehen eine Tennispielerin im Moment des Abschlags als Assoziation zum Webseminar \u00fcber therapeutische M\u00f6glichkeiten vor und nach einer Operation bei Tennisellenbogen f\u00fcr Ergotherapie + Physiotherapie in der Orthop\u00e4die, Neurologie in Klinik + Praxis\" target=\"_blank\">\r\n\t\t\t\t\t\t\t\t\t\t<img decoding=\"async\" width=\"475\" src=\"https:\/\/www.ergowebinar.de\/intern\/parsed_images\/d5164495-d247-4658-9574-e2693eae612f.jpg\" class=\"vc_single_image-img attachment-full\" alt=\"Sie sehen eine Tennispielerin im Moment des Abschlags als Assoziation zum Webseminar \u00fcber therapeutische M\u00f6glichkeiten vor und nach einer Operation bei Tennisellenbogen f\u00fcr Ergotherapie + Physiotherapie in der Orthop\u00e4die, Neurologie in Klinik + Praxis\" title=\"Sie sehen eine Tennispielerin im Moment des Abschlags als Assoziation zum Webseminar \u00fcber therapeutische M\u00f6glichkeiten vor und nach einer Operation bei Tennisellenbogen f\u00fcr Ergotherapie + Physiotherapie in der Orthop\u00e4die, Neurologie in Klinik + Praxis\" srcset=\"https:\/\/www.ergowebinar.de\/intern\/parsed_images\/d5164495-d247-4658-9574-e2693eae612f.jpg 475w, https:\/\/www.ergowebinar.de\/intern\/parsed_images\/d5164495-d247-4658-9574-e2693eae612f.jpg 275w\" sizes=\"(max-width: 475px) 100vw, 475px\" itemprop=\"image\" \/>\r\n\t\t\t\t\t\t\t\t\t\t<h6>Tennisellenbogen - pr\u00e4- und postoperativ [2 FP]<\/h6>\r\n\t\t\t\t\t\t\t\t\t\t\t\t\t\t\t\t\t\t\t\t\t<p class=\"calendarline\"><img decoding=\"async\" class=\"calendar_icon\" src=\"https:\/\/www.ergowebinar.de\/intern\/images\/calendar.png\">11.08.2026 19:30 - 20:30<\/p>\t\r\n\t\t\t\t\t\t\t\t\t\t\t\t\t\t\t\t\t\t\t\t\t<p class=\"liquid_vc_single_text\">Ein Tennisellenbogen kann vielen F&auml;llen auch operativ behandelt werden. Hier zeige ich die wichtigsten operativen M&ouml;glichkeiten sowie ihre ergotherapeutischen Vor- und Nachbereitungen.\r\n&nbsp;\r\nDas ...<\/p>\r\n\t\t\t\t\t\t\t\t\t\t\t\t\t\t\t\t\t\t\t\t\t<p class=\"sempreis\">49 \u20ac<\/p>\r\n\t\t\t\t\t\t\t\t\t\t\t\t\t\t\t\t\t\t\t\t\t\t\t<p class=\"semmwst\"><\/p>\r\n\t\t\t\t\t\t\t\t\t\t\t\t\t\t\t\t\t\t\t\t\t\t\t\r\n\t\t\t\t\t\t\t\t\t<\/a>\r\n\t\t\t\t\t\t\t\t\t\r\n\t\t\t\t\t\t\t\t<\/figure>\r\n\t\t\t\t\t\t\t\t\r\n\t\t\t\t\t\t\t<\/div>\r\n\t\t\t\t\t\t\t\t\t\t\t\t\t\t\r\n\t\t\t\t\t\t<\/div>\r\n\t\t\t\t\t<\/div>\r\n\t\t\t\t<\/div>\r\n\t\t\t\t\t\t\t\t<div class=\"wpb_column vc_column_container vc_col-sm-2\">\r\n\t\t\t\t\t<div class=\"vc_column-inner \" >\r\n\t\t\t\t\t\t<div class=\"wpb_wrapper\" >\r\n\t\t\t\t\t\t\t<div class=\"wpb_single_image wpb_content_element vc_align_ liquid_vc_single_image\">\r\n\t\t\t\t\t\t\t\t\t\t\t\t\t\t\t\t\t<div class=\"sem_overlay\" ><a href=\"https:\/\/online.therapie.ergowebinar.de\/de\/e\/Triggerfinger-konservative-Ergotherapie-post-OP-2-FP-157?\r\n\t\t\t\t\t\t\t\t\t\" class=\"btn btn-solid btn-xsm round border-thin btn-has-label jetztstartenbutton\">klicken f\u00fcr Details<\/a><\/div>\r\n\t\t\t\t\t\t\t\t\t\t\t\t\t\t\t\t\t<figure class=\"wpb_wrapper vc_figure\">\r\n\t\t\t\t\t\t\t\t\t<a href=\"online.therapie.ergowebinar.de\/de\/e\/Triggerfinger-konservative-Ergotherapie-post-OP-2-FP-157?\r\n\t\t\t\t\t\t\t\t\t\" title=\"Sie sehen eine Hand im Sonnenstrahl als Assoziation zum Webseminar zum Triggerfinger f\u00fcr Ergotherapie + Physiotherapie in der Handtherapie und Orthop\u00e4die in Klinik + Praxis\" target=\"_blank\">\r\n\t\t\t\t\t\t\t\t\t\t<img decoding=\"async\" width=\"475\" src=\"https:\/\/www.ergowebinar.de\/intern\/parsed_images\/2d410c6b-e3f4-4197-b484-da6a6524b7f9.jpg\" class=\"vc_single_image-img attachment-full\" alt=\"Sie sehen eine Hand im Sonnenstrahl als Assoziation zum Webseminar zum Triggerfinger f\u00fcr Ergotherapie + Physiotherapie in der Handtherapie und Orthop\u00e4die in Klinik + Praxis\" title=\"Sie sehen eine Hand im Sonnenstrahl als Assoziation zum Webseminar zum Triggerfinger f\u00fcr Ergotherapie + Physiotherapie in der Handtherapie und Orthop\u00e4die in Klinik + Praxis\" srcset=\"https:\/\/www.ergowebinar.de\/intern\/parsed_images\/2d410c6b-e3f4-4197-b484-da6a6524b7f9.jpg 475w, https:\/\/www.ergowebinar.de\/intern\/parsed_images\/2d410c6b-e3f4-4197-b484-da6a6524b7f9.jpg 275w\" sizes=\"(max-width: 475px) 100vw, 475px\" itemprop=\"image\" \/>\r\n\t\t\t\t\t\t\t\t\t\t<h6>Triggerfinger - konservative Ergotherapie + post-OP [2 FP]<\/h6>\r\n\t\t\t\t\t\t\t\t\t\t\t\t\t\t\t\t\t\t\t\t\t<p class=\"calendarline\"><img decoding=\"async\" class=\"calendar_icon\" src=\"https:\/\/www.ergowebinar.de\/intern\/images\/calendar.png\">25.08.2026 19:30 - 20:30<\/p>\t\r\n\t\t\t\t\t\t\t\t\t\t\t\t\t\t\t\t\t\t\t\t\t<p class=\"liquid_vc_single_text\">Die konservative Versorgung von Triggerfingern \/ schnellenden Fingern geh&ouml;rt zum Basishandwerk der Handtherapie. Eine &Uuml;bersicht und Anleitung &uuml;ber M&ouml;glichkeiten und Unm&ouml;glichkeiten. ...<\/p>\r\n\t\t\t\t\t\t\t\t\t\t\t\t\t\t\t\t\t\t\t\t\t<p class=\"sempreis\">49 \u20ac<\/p>\r\n\t\t\t\t\t\t\t\t\t\t\t\t\t\t\t\t\t\t\t\t\t\t\t<p class=\"semmwst\"><\/p>\r\n\t\t\t\t\t\t\t\t\t\t\t\t\t\t\t\t\t\t\t\t\t\t\t\r\n\t\t\t\t\t\t\t\t\t<\/a>\r\n\t\t\t\t\t\t\t\t\t\r\n\t\t\t\t\t\t\t\t<\/figure>\r\n\t\t\t\t\t\t\t\t\r\n\t\t\t\t\t\t\t<\/div>\r\n\t\t\t\t\t\t\t\t\t\t\t\t\t\t\r\n\t\t\t\t\t\t<\/div>\r\n\t\t\t\t\t<\/div>\r\n\t\t\t\t<\/div>\r\n\t\t\t\t\t\t\t\t<div class=\"wpb_column vc_column_container vc_col-sm-2\">\r\n\t\t\t\t\t<div class=\"vc_column-inner \" >\r\n\t\t\t\t\t\t<div class=\"wpb_wrapper\" >\r\n\t\t\t\t\t\t\t<div class=\"wpb_single_image wpb_content_element vc_align_ liquid_vc_single_image\">\r\n\t\t\t\t\t\t\t\t\t\t\t\t\t\t\t\t\t<div class=\"sem_overlay\" ><a href=\"https:\/\/online.therapie.ergowebinar.de\/de\/e\/Strecksehnen-Verletzungen-in-Zone-3-4-Nachbehandlung-2-FP-121?\r\n\t\t\t\t\t\t\t\t\t\" class=\"btn btn-solid btn-xsm round border-thin btn-has-label jetztstartenbutton\">klicken f\u00fcr Details<\/a><\/div>\r\n\t\t\t\t\t\t\t\t\t\t\t\t\t\t\t\t\t<figure class=\"wpb_wrapper vc_figure\">\r\n\t\t\t\t\t\t\t\t\t<a href=\"online.therapie.ergowebinar.de\/de\/e\/Strecksehnen-Verletzungen-in-Zone-3-4-Nachbehandlung-2-FP-121?\r\n\t\t\t\t\t\t\t\t\t\" title=\"Sie sehen eine gestreckte Hand mit relative Motion Schiene als Assoziation zum Webseminar zu Strecksehnenverletzung f\u00fcr Ergotherapie + Physiotherapie in der Rehabilitation von Handverletzungen, Handtherapie in Klinik + Praxis\" target=\"_blank\">\r\n\t\t\t\t\t\t\t\t\t\t<img decoding=\"async\" width=\"475\" src=\"https:\/\/www.ergowebinar.de\/intern\/parsed_images\/dc2e4948-4ac3-494a-92f5-f5c39a6da8da.jpg\" class=\"vc_single_image-img attachment-full\" alt=\"Sie sehen eine gestreckte Hand mit relative Motion Schiene als Assoziation zum Webseminar zu Strecksehnenverletzung f\u00fcr Ergotherapie + Physiotherapie in der Rehabilitation von Handverletzungen, Handtherapie in Klinik + Praxis\" title=\"Sie sehen eine gestreckte Hand mit relative Motion Schiene als Assoziation zum Webseminar zu Strecksehnenverletzung f\u00fcr Ergotherapie + Physiotherapie in der Rehabilitation von Handverletzungen, Handtherapie in Klinik + Praxis\" srcset=\"https:\/\/www.ergowebinar.de\/intern\/parsed_images\/dc2e4948-4ac3-494a-92f5-f5c39a6da8da.jpg 475w, https:\/\/www.ergowebinar.de\/intern\/parsed_images\/dc2e4948-4ac3-494a-92f5-f5c39a6da8da.jpg 275w\" sizes=\"(max-width: 475px) 100vw, 475px\" itemprop=\"image\" \/>\r\n\t\t\t\t\t\t\t\t\t\t<h6>Strecksehnen-Verletzungen in Zone 3+4 - Nachbehandlung [2 FP]<\/h6>\r\n\t\t\t\t\t\t\t\t\t\t\t\t\t\t\t\t\t\t\t\t\t<p class=\"calendarline\"><img decoding=\"async\" class=\"calendar_icon\" src=\"https:\/\/www.ergowebinar.de\/intern\/images\/calendar.png\">07.09.2026 16:30 - 17:30<\/p>\t\r\n\t\t\t\t\t\t\t\t\t\t\t\t\t\t\t\t\t\t\t\t\t<p class=\"liquid_vc_single_text\">In der Behandlung von Strecksehnenverletzungen kommen unterschiedliche Nachbehandlungskonzepte zum Einsatz. In der aktiven Nachbehandlung erm&ouml;glicht der Einsatz der RMF-Schienen (relative motion flexion ...<\/p>\r\n\t\t\t\t\t\t\t\t\t\t\t\t\t\t\t\t\t\t\t\t\t<p class=\"sempreis\">49 \u20ac<\/p>\r\n\t\t\t\t\t\t\t\t\t\t\t\t\t\t\t\t\t\t\t\t\t\t\t<p class=\"semmwst\"><\/p>\r\n\t\t\t\t\t\t\t\t\t\t\t\t\t\t\t\t\t\t\t\t\t\t\t\r\n\t\t\t\t\t\t\t\t\t<\/a>\r\n\t\t\t\t\t\t\t\t\t\r\n\t\t\t\t\t\t\t\t<\/figure>\r\n\t\t\t\t\t\t\t\t\r\n\t\t\t\t\t\t\t<\/div>\r\n\t\t\t\t\t\t\t\t\t\t\t\t\t\t\r\n\t\t\t\t\t\t<\/div>\r\n\t\t\t\t\t<\/div>\r\n\t\t\t\t<\/div>\r\n\t\t\t\t\t\t\t\t<div class=\"wpb_column vc_column_container vc_col-sm-2\">\r\n\t\t\t\t\t<div class=\"vc_column-inner \" >\r\n\t\t\t\t\t\t<div class=\"wpb_wrapper\" >\r\n\t\t\t\t\t\t\t<div class=\"wpb_single_image wpb_content_element vc_align_ liquid_vc_single_image\">\r\n\t\t\t\t\t\t\t\t\t\t\t\t\t\t\t\t\t<div class=\"sem_overlay\" ><a href=\"https:\/\/online.therapie.ergowebinar.de\/de\/e\/Rheuma-funktionelle-Befunderhebung-an-der-Hand-2FP-99?\r\n\t\t\t\t\t\t\t\t\t\" class=\"btn btn-solid btn-xsm round border-thin btn-has-label jetztstartenbutton\">klicken f\u00fcr Details<\/a><\/div>\r\n\t\t\t\t\t\t\t\t\t\t\t\t\t\t\t\t\t<figure class=\"wpb_wrapper vc_figure\">\r\n\t\t\t\t\t\t\t\t\t<a href=\"online.therapie.ergowebinar.de\/de\/e\/Rheuma-funktionelle-Befunderhebung-an-der-Hand-2FP-99?\r\n\t\t\t\t\t\t\t\t\t\" title=\"Sie sehen eine \u00e4ltere Frau, die mit dem Zeigfinger einer Hand auf den Handr\u00fccken der anderen Hand fasst, als Assoziation zum Webseminar f\u00fcr Ergotherapie + Physiotherapie in der Rehabilitation rheumatischen Erkrankungen in Klinik + Praxis\" target=\"_blank\">\r\n\t\t\t\t\t\t\t\t\t\t<img decoding=\"async\" width=\"475\" src=\"https:\/\/www.ergowebinar.de\/intern\/parsed_images\/dc580f1e-cdbb-4d60-ad57-feba2446cd79.jpg\" class=\"vc_single_image-img attachment-full\" alt=\"Sie sehen eine \u00e4ltere Frau, die mit dem Zeigfinger einer Hand auf den Handr\u00fccken der anderen Hand fasst, als Assoziation zum Webseminar f\u00fcr Ergotherapie + Physiotherapie in der Rehabilitation rheumatischen Erkrankungen in Klinik + Praxis\" title=\"Sie sehen eine \u00e4ltere Frau, die mit dem Zeigfinger einer Hand auf den Handr\u00fccken der anderen Hand fasst, als Assoziation zum Webseminar f\u00fcr Ergotherapie + Physiotherapie in der Rehabilitation rheumatischen Erkrankungen in Klinik + Praxis\" srcset=\"https:\/\/www.ergowebinar.de\/intern\/parsed_images\/dc580f1e-cdbb-4d60-ad57-feba2446cd79.jpg 475w, https:\/\/www.ergowebinar.de\/intern\/parsed_images\/dc580f1e-cdbb-4d60-ad57-feba2446cd79.jpg 275w\" sizes=\"(max-width: 475px) 100vw, 475px\" itemprop=\"image\" \/>\r\n\t\t\t\t\t\t\t\t\t\t<h6>Rheuma \u2013 funktionelle Befunderhebung an der Hand [2FP]<\/h6>\r\n\t\t\t\t\t\t\t\t\t\t\t\t\t\t\t\t\t\t\t\t\t<p class=\"calendarline\"><img decoding=\"async\" class=\"calendar_icon\" src=\"https:\/\/www.ergowebinar.de\/intern\/images\/calendar.png\">08.09.2026 18:00 - 19:00<\/p>\t\r\n\t\t\t\t\t\t\t\t\t\t\t\t\t\t\t\t\t\t\t\t\t<p class=\"liquid_vc_single_text\">F&uuml;r die chronische Gelenksentz&uuml;ndung schulst Du hier den therapeutischen Blick f&uuml;r die g&auml;ngigen Funktionseinschr&auml;nkungen und Deformit&auml;ten. Im Mittelpunkt stehen der funktionelle ...<\/p>\r\n\t\t\t\t\t\t\t\t\t\t\t\t\t\t\t\t\t\t\t\t\t<p class=\"sempreis\">49 \u20ac<\/p>\r\n\t\t\t\t\t\t\t\t\t\t\t\t\t\t\t\t\t\t\t\t\t\t\t<p class=\"semmwst\"><\/p>\r\n\t\t\t\t\t\t\t\t\t\t\t\t\t\t\t\t\t\t\t\t\t\t\t\r\n\t\t\t\t\t\t\t\t\t<\/a>\r\n\t\t\t\t\t\t\t\t\t\r\n\t\t\t\t\t\t\t\t<\/figure>\r\n\t\t\t\t\t\t\t\t\r\n\t\t\t\t\t\t\t<\/div>\r\n\t\t\t\t\t\t\t\t\t\t\t\t\t\t\r\n\t\t\t\t\t\t<\/div>\r\n\t\t\t\t\t<\/div>\r\n\t\t\t\t<\/div>\r\n\t\t\t\t\t\t\t\t<div class=\"wpb_column vc_column_container vc_col-sm-2\">\r\n\t\t\t\t\t<div class=\"vc_column-inner \" >\r\n\t\t\t\t\t\t<div class=\"wpb_wrapper\" >\r\n\t\t\t\t\t\t\t<div class=\"wpb_single_image wpb_content_element vc_align_ liquid_vc_single_image\">\r\n\t\t\t\t\t\t\t\t\t\t\t\t\t\t\t\t\t<div class=\"sem_overlay\" ><a href=\"https:\/\/online.therapie.ergowebinar.de\/de\/e\/Strecksehnen-Verletzungen-in-Zone-5-Nachbehandlung-2-FP-122?\r\n\t\t\t\t\t\t\t\t\t\" class=\"btn btn-solid btn-xsm round border-thin btn-has-label jetztstartenbutton\">klicken f\u00fcr Details<\/a><\/div>\r\n\t\t\t\t\t\t\t\t\t\t\t\t\t\t\t\t\t<figure class=\"wpb_wrapper vc_figure\">\r\n\t\t\t\t\t\t\t\t\t<a href=\"online.therapie.ergowebinar.de\/de\/e\/Strecksehnen-Verletzungen-in-Zone-5-Nachbehandlung-2-FP-122?\r\n\t\t\t\t\t\t\t\t\t\" title=\"Sie sehen eine Hand mit gebeugten Fingern mit einer Handschiene als Assoziation zum Webseminar \u00fcber Strecksehnenverletzungen der Finger f\u00fcr Ergotherapie + Physiotherapie in der Rehabilitation Handverletzungen und Handtherapie in Klinik + Praxis\" target=\"_blank\">\r\n\t\t\t\t\t\t\t\t\t\t<img decoding=\"async\" width=\"475\" src=\"https:\/\/www.ergowebinar.de\/intern\/parsed_images\/adf92cd4-a632-47e5-82ee-4a6ea465c048.jpg\" class=\"vc_single_image-img attachment-full\" alt=\"Sie sehen eine Hand mit gebeugten Fingern mit einer Handschiene als Assoziation zum Webseminar \u00fcber Strecksehnenverletzungen der Finger f\u00fcr Ergotherapie + Physiotherapie in der Rehabilitation Handverletzungen und Handtherapie in Klinik + Praxis\" title=\"Sie sehen eine Hand mit gebeugten Fingern mit einer Handschiene als Assoziation zum Webseminar \u00fcber Strecksehnenverletzungen der Finger f\u00fcr Ergotherapie + Physiotherapie in der Rehabilitation Handverletzungen und Handtherapie in Klinik + Praxis\" srcset=\"https:\/\/www.ergowebinar.de\/intern\/parsed_images\/adf92cd4-a632-47e5-82ee-4a6ea465c048.jpg 475w, https:\/\/www.ergowebinar.de\/intern\/parsed_images\/adf92cd4-a632-47e5-82ee-4a6ea465c048.jpg 275w\" sizes=\"(max-width: 475px) 100vw, 475px\" itemprop=\"image\" \/>\r\n\t\t\t\t\t\t\t\t\t\t<h6>Strecksehnen-Verletzungen in Zone 5 \u2013 Nachbehandlung [2 FP]<\/h6>\r\n\t\t\t\t\t\t\t\t\t\t\t\t\t\t\t\t\t\t\t\t\t<p class=\"calendarline\"><img decoding=\"async\" class=\"calendar_icon\" src=\"https:\/\/www.ergowebinar.de\/intern\/images\/calendar.png\">14.09.2026 16:30 - 17:30<\/p>\t\r\n\t\t\t\t\t\t\t\t\t\t\t\t\t\t\t\t\t\t\t\t\t<p class=\"liquid_vc_single_text\">In der Behandlung von Strecksehnenverletzungen kommen unterschiedliche Nachbehandlungskonzepte zum Einsatz. In der aktiven Nachbehandlung erm&ouml;glicht der Einsatz der RME-Schienen begrenzt aktive und ...<\/p>\r\n\t\t\t\t\t\t\t\t\t\t\t\t\t\t\t\t\t\t\t\t\t<p class=\"sempreis\">49 \u20ac<\/p>\r\n\t\t\t\t\t\t\t\t\t\t\t\t\t\t\t\t\t\t\t\t\t\t\t<p class=\"semmwst\"><\/p>\r\n\t\t\t\t\t\t\t\t\t\t\t\t\t\t\t\t\t\t\t\t\t\t\t\r\n\t\t\t\t\t\t\t\t\t<\/a>\r\n\t\t\t\t\t\t\t\t\t\r\n\t\t\t\t\t\t\t\t<\/figure>\r\n\t\t\t\t\t\t\t\t\r\n\t\t\t\t\t\t\t<\/div>\r\n\t\t\t\t\t\t\t\t\t\t\t\t\t\t\r\n\t\t\t\t\t\t<\/div>\r\n\t\t\t\t\t<\/div>\r\n\t\t\t\t<\/div>\r\n\t\t\t\t\t\t\t\t<div class=\"wpb_column vc_column_container vc_col-sm-2\">\r\n\t\t\t\t\t<div class=\"vc_column-inner \" >\r\n\t\t\t\t\t\t<div class=\"wpb_wrapper\" >\r\n\t\t\t\t\t\t\t<div class=\"wpb_single_image wpb_content_element vc_align_ liquid_vc_single_image\">\r\n\t\t\t\t\t\t\t\t\t\t\t\t\t\t\t\t\t<div class=\"sem_overlay\" ><a href=\"https:\/\/online.therapie.ergowebinar.de\/de\/e\/Periphere-Nervenverletzungen-Basics-2FP-123?\r\n\t\t\t\t\t\t\t\t\t\" class=\"btn btn-solid btn-xsm round border-thin btn-has-label jetztstartenbutton\">klicken f\u00fcr Details<\/a><\/div>\r\n\t\t\t\t\t\t\t\t\t\t\t\t\t\t\t\t\t<figure class=\"wpb_wrapper vc_figure\">\r\n\t\t\t\t\t\t\t\t\t<a href=\"online.therapie.ergowebinar.de\/de\/e\/Periphere-Nervenverletzungen-Basics-2FP-123?\r\n\t\t\t\t\t\t\t\t\t\" title=\"Sie sehen vier H\u00e4nde verschiedenen Alters auf einem Bild als Assoziation zum Webseminar \u00fcber Basisbausteine zu peripheren Nervenl\u00e4sionen f\u00fcr Ergotherapie + Physiotherapie in der HandReha + Neuroreha + Orthoreha  in Klinik + Praxis\" target=\"_blank\">\r\n\t\t\t\t\t\t\t\t\t\t<img decoding=\"async\" width=\"475\" src=\"https:\/\/www.ergowebinar.de\/intern\/parsed_images\/79b07f38-4f9c-413d-b606-13c14f096c3e.jpg\" class=\"vc_single_image-img attachment-full\" alt=\"Sie sehen vier H\u00e4nde verschiedenen Alters auf einem Bild als Assoziation zum Webseminar \u00fcber Basisbausteine zu peripheren Nervenl\u00e4sionen f\u00fcr Ergotherapie + Physiotherapie in der HandReha + Neuroreha + Orthoreha  in Klinik + Praxis\" title=\"Sie sehen vier H\u00e4nde verschiedenen Alters auf einem Bild als Assoziation zum Webseminar \u00fcber Basisbausteine zu peripheren Nervenl\u00e4sionen f\u00fcr Ergotherapie + Physiotherapie in der HandReha + Neuroreha + Orthoreha  in Klinik + Praxis\" srcset=\"https:\/\/www.ergowebinar.de\/intern\/parsed_images\/79b07f38-4f9c-413d-b606-13c14f096c3e.jpg 475w, https:\/\/www.ergowebinar.de\/intern\/parsed_images\/79b07f38-4f9c-413d-b606-13c14f096c3e.jpg 275w\" sizes=\"(max-width: 475px) 100vw, 475px\" itemprop=\"image\" \/>\r\n\t\t\t\t\t\t\t\t\t\t<h6>Periphere Nervenverletzungen - Basics [2FP]<\/h6>\r\n\t\t\t\t\t\t\t\t\t\t\t\t\t\t\t\t\t\t\t\t\t<p class=\"calendarline\"><img decoding=\"async\" class=\"calendar_icon\" src=\"https:\/\/www.ergowebinar.de\/intern\/images\/calendar.png\">15.09.2026 20:00 - 21:00<\/p>\t\r\n\t\t\t\t\t\t\t\t\t\t\t\t\t\t\t\t\t\t\t\t\t<p class=\"liquid_vc_single_text\">Periphere Nervenverletzungen in der Praxis erkennen, verstehen und behandeln. Da sind viele Aspekte einzuordnen: Wie erkenne ich, dass ein Nerv mitbeteiligt ist? Welche Ma&szlig;nahmen soll ich in der ...<\/p>\r\n\t\t\t\t\t\t\t\t\t\t\t\t\t\t\t\t\t\t\t\t\t<p class=\"sempreis\">49 \u20ac<\/p>\r\n\t\t\t\t\t\t\t\t\t\t\t\t\t\t\t\t\t\t\t\t\t\t\t<p class=\"semmwst\"><\/p>\r\n\t\t\t\t\t\t\t\t\t\t\t\t\t\t\t\t\t\t\t\t\t\t\t\r\n\t\t\t\t\t\t\t\t\t<\/a>\r\n\t\t\t\t\t\t\t\t\t\r\n\t\t\t\t\t\t\t\t<\/figure>\r\n\t\t\t\t\t\t\t\t\r\n\t\t\t\t\t\t\t<\/div>\r\n\t\t\t\t\t\t\t\t\t\t\t\t\t\t\r\n\t\t\t\t\t\t<\/div>\r\n\t\t\t\t\t<\/div>\r\n\t\t\t\t<\/div>\r\n\t\t\t\t\t\t\t\t<div class=\"wpb_column vc_column_container vc_col-sm-2\">\r\n\t\t\t\t\t<div class=\"vc_column-inner \" >\r\n\t\t\t\t\t\t<div class=\"wpb_wrapper\" >\r\n\t\t\t\t\t\t\t<div class=\"wpb_single_image wpb_content_element vc_align_ liquid_vc_single_image\">\r\n\t\t\t\t\t\t\t\t\t\t\t\t\t\t\t\t\t<div class=\"sem_overlay\" ><a href=\"#4637ce87-7921-4d0b-bda0-7eb8ab5-0000\" class=\"btn btn-solid btn-xsm round border-thin btn-has-label nichtdabutton\">8 Tage nach Ablauf des<br>Vorg\u00e4ngers buchbar<\/a><\/div>\r\n\t\t\t\t\t\t\t\t\t\t\t\t\t\t\t\t\t<figure class=\"wpb_wrapper vc_figure\">\r\n\t\t\t\t\t\t\t\t\t<a href=\"online.therapie.ergowebinar.de\/de\/e\/Prae-Rehabilitation-obere-Extremitaet-2FP-324?\r\n\t\t\t\t\t\t\t\t\t\" title=\"Sie sehen eine Gliederfigur mit ausgestrecktem abwehrenden Arm als Symbol zum Webseminar zur vorbereitentenden Therapie in der Ergotherapie vor elektiven Eingriffen an der oberen Extremit\u00e4t in Orthop\u00e4die, Handttherapie, Neurologie in Klinik + Praxis\" target=\"_blank\">\r\n\t\t\t\t\t\t\t\t\t\t<img decoding=\"async\" width=\"475\" src=\"https:\/\/www.ergowebinar.de\/intern\/parsed_images\/8ec4ecd4-61de-4162-ad0f-478a36f22c93.jpg\" class=\"vc_single_image-img attachment-full\" alt=\"Sie sehen eine Gliederfigur mit ausgestrecktem abwehrenden Arm als Symbol zum Webseminar zur vorbereitentenden Therapie in der Ergotherapie vor elektiven Eingriffen an der oberen Extremit\u00e4t in Orthop\u00e4die, Handttherapie, Neurologie in Klinik + Praxis\" title=\"Sie sehen eine Gliederfigur mit ausgestrecktem abwehrenden Arm als Symbol zum Webseminar zur vorbereitentenden Therapie in der Ergotherapie vor elektiven Eingriffen an der oberen Extremit\u00e4t in Orthop\u00e4die, Handttherapie, Neurologie in Klinik + Praxis\" srcset=\"https:\/\/www.ergowebinar.de\/intern\/parsed_images\/8ec4ecd4-61de-4162-ad0f-478a36f22c93.jpg 475w, https:\/\/www.ergowebinar.de\/intern\/parsed_images\/8ec4ecd4-61de-4162-ad0f-478a36f22c93.jpg 275w\" sizes=\"(max-width: 475px) 100vw, 475px\" itemprop=\"image\" \/>\r\n\t\t\t\t\t\t\t\t\t\t<h6>Pr\u00e4-Rehabilitation - obere Extremit\u00e4t [2FP]<\/h6>\r\n\t\t\t\t\t\t\t\t\t\t\t\t\t\t\t\t\t\t\t\t\t<p class=\"calendarline\"><img decoding=\"async\" class=\"calendar_icon\" src=\"https:\/\/www.ergowebinar.de\/intern\/images\/calendar.png\">16.09.2026 18:00 - 19:00<\/p>\t\r\n\t\t\t\t\t\t\t\t\t\t\t\t\t\t\t\t\t\t\t\t\t<p class=\"liquid_vc_single_text\">\r\nMeist beginnt die Behandlungsserie nach der Nahtentfernung, doch in letzter Zeit gewinnen Interventionen vor dem eigentlichen Operationstermin mehr und mehr an Popularit&auml;t. Wie man Betroffene schon ...<\/p>\r\n\t\t\t\t\t\t\t\t\t\t\t\t\t\t\t\t\t\t\t\t\t<p class=\"sempreis\">49 \u20ac<\/p>\r\n\t\t\t\t\t\t\t\t\t\t\t\t\t\t\t\t\t\t\t\t\t\t\t<p class=\"semmwst\"><\/p>\r\n\t\t\t\t\t\t\t\t\t\t\t\t\t\t\t\t\t\t\t\t\t\t\t\r\n\t\t\t\t\t\t\t\t\t<\/a>\r\n\t\t\t\t\t\t\t\t\t\r\n\t\t\t\t\t\t\t\t<\/figure>\r\n\t\t\t\t\t\t\t\t\r\n\t\t\t\t\t\t\t<\/div>\r\n\t\t\t\t\t\t\t\t\t\t\t\t\t\t\r\n\t\t\t\t\t\t<\/div>\r\n\t\t\t\t\t<\/div>\r\n\t\t\t\t<\/div>\r\n\t\t\t\t\t\t\t\t<div class=\"wpb_column vc_column_container vc_col-sm-2\">\r\n\t\t\t\t\t<div class=\"vc_column-inner \" >\r\n\t\t\t\t\t\t<div class=\"wpb_wrapper\" >\r\n\t\t\t\t\t\t\t<div class=\"wpb_single_image wpb_content_element vc_align_ liquid_vc_single_image\">\r\n\t\t\t\t\t\t\t\t\t\t\t\t\t\t\t\t\t<div class=\"sem_overlay\" ><a href=\"#4637ce87-7921-4d0b-bda0-7eb8ab5-0000\" class=\"btn btn-solid btn-xsm round border-thin btn-has-label nichtdabutton\">8 Tage nach Ablauf des<br>Vorg\u00e4ngers buchbar<\/a><\/div>\r\n\t\t\t\t\t\t\t\t\t\t\t\t\t\t\t\t\t<figure class=\"wpb_wrapper vc_figure\">\r\n\t\t\t\t\t\t\t\t\t<a href=\"online.therapie.ergowebinar.de\/de\/e\/Prae-Rehabilitation-untere-Extremitaet-2FP-325?\r\n\t\t\t\t\t\t\t\t\t\" title=\"Sie sehen eine Hand am Griff einer Unterarmgehst\u00fctze als Symbol zum Webseminar zur vorbereitentenden Therapie in der Ergotherapie vor elektiven Eingriffen an der unteren Extremit\u00e4t in Orthop\u00e4die, Handttherapie, Neurologie in Klinik + Praxis\" target=\"_blank\">\r\n\t\t\t\t\t\t\t\t\t\t<img decoding=\"async\" width=\"475\" src=\"https:\/\/www.ergowebinar.de\/intern\/parsed_images\/8ec4ecd4-61de-4162-ad0f-488a36f22c93.jpg\" class=\"vc_single_image-img attachment-full\" alt=\"Sie sehen eine Hand am Griff einer Unterarmgehst\u00fctze als Symbol zum Webseminar zur vorbereitentenden Therapie in der Ergotherapie vor elektiven Eingriffen an der unteren Extremit\u00e4t in Orthop\u00e4die, Handttherapie, Neurologie in Klinik + Praxis\" title=\"Sie sehen eine Hand am Griff einer Unterarmgehst\u00fctze als Symbol zum Webseminar zur vorbereitentenden Therapie in der Ergotherapie vor elektiven Eingriffen an der unteren Extremit\u00e4t in Orthop\u00e4die, Handttherapie, Neurologie in Klinik + Praxis\" srcset=\"https:\/\/www.ergowebinar.de\/intern\/parsed_images\/8ec4ecd4-61de-4162-ad0f-488a36f22c93.jpg 475w, https:\/\/www.ergowebinar.de\/intern\/parsed_images\/8ec4ecd4-61de-4162-ad0f-488a36f22c93.jpg 275w\" sizes=\"(max-width: 475px) 100vw, 475px\" itemprop=\"image\" \/>\r\n\t\t\t\t\t\t\t\t\t\t<h6>Pr\u00e4-Rehabilitation - untere Extremit\u00e4t [2FP]<\/h6>\r\n\t\t\t\t\t\t\t\t\t\t\t\t\t\t\t\t\t\t\t\t\t<p class=\"calendarline\"><img decoding=\"async\" class=\"calendar_icon\" src=\"https:\/\/www.ergowebinar.de\/intern\/images\/calendar.png\">16.09.2026 19:30 - 20:30<\/p>\t\r\n\t\t\t\t\t\t\t\t\t\t\t\t\t\t\t\t\t\t\t\t\t<p class=\"liquid_vc_single_text\">\r\n\r\nErgotherapeut:innen k&ouml;nnen schon im Vorfeld von Operationen im Bereich der unteren Extremit&auml;t einen wertvollen Beitrag durch Klientenedukation leisten. Sie unterst&uuml;tzen durch diverse ...<\/p>\r\n\t\t\t\t\t\t\t\t\t\t\t\t\t\t\t\t\t\t\t\t\t<p class=\"sempreis\">49 \u20ac<\/p>\r\n\t\t\t\t\t\t\t\t\t\t\t\t\t\t\t\t\t\t\t\t\t\t\t<p class=\"semmwst\"><\/p>\r\n\t\t\t\t\t\t\t\t\t\t\t\t\t\t\t\t\t\t\t\t\t\t\t\r\n\t\t\t\t\t\t\t\t\t<\/a>\r\n\t\t\t\t\t\t\t\t\t\r\n\t\t\t\t\t\t\t\t<\/figure>\r\n\t\t\t\t\t\t\t\t\r\n\t\t\t\t\t\t\t<\/div>\r\n\t\t\t\t\t\t\t\t\t\t\t\t\t\t\r\n\t\t\t\t\t\t<\/div>\r\n\t\t\t\t\t<\/div>\r\n\t\t\t\t<\/div>\r\n\t\t\t\t\t\t\t\t<div class=\"wpb_column vc_column_container vc_col-sm-2\">\r\n\t\t\t\t\t<div class=\"vc_column-inner \" >\r\n\t\t\t\t\t\t<div class=\"wpb_wrapper\" >\r\n\t\t\t\t\t\t\t<div class=\"wpb_single_image wpb_content_element vc_align_ liquid_vc_single_image\">\r\n\t\t\t\t\t\t\t\t\t\t\t\t\t\t\t\t\t<div class=\"sem_overlay\" ><a href=\"https:\/\/online.therapie.ergowebinar.de\/de\/e\/Rheuma-Gelenkschutz-1-im-Haushalt-2FP-98?\r\n\t\t\t\t\t\t\t\t\t\" class=\"btn btn-solid btn-xsm round border-thin btn-has-label jetztstartenbutton\">klicken f\u00fcr Details<\/a><\/div>\r\n\t\t\t\t\t\t\t\t\t\t\t\t\t\t\t\t\t<figure class=\"wpb_wrapper vc_figure\">\r\n\t\t\t\t\t\t\t\t\t<a href=\"online.therapie.ergowebinar.de\/de\/e\/Rheuma-Gelenkschutz-1-im-Haushalt-2FP-98?\r\n\t\t\t\t\t\t\t\t\t\" title=\"Sie sehen mit dem Blickwinkel aus dem Backofen heraus \u00fcber einen Kuchen in das Gesicht einer Frau, als Assoziation zum Webseminar f\u00fcr Ergotherapie + Physiotherapie in der Rehabilitation + Gelenkschutz bei Rheuma in der Handtherapie in Klinik + Praxis\" target=\"_blank\">\r\n\t\t\t\t\t\t\t\t\t\t<img decoding=\"async\" width=\"475\" src=\"https:\/\/www.ergowebinar.de\/intern\/parsed_images\/0577c142-7bc0-4772-989d-fb2c100bfc0c.jpg\" class=\"vc_single_image-img attachment-full\" alt=\"Sie sehen mit dem Blickwinkel aus dem Backofen heraus \u00fcber einen Kuchen in das Gesicht einer Frau, als Assoziation zum Webseminar f\u00fcr Ergotherapie + Physiotherapie in der Rehabilitation + Gelenkschutz bei Rheuma in der Handtherapie in Klinik + Praxis\" title=\"Sie sehen mit dem Blickwinkel aus dem Backofen heraus \u00fcber einen Kuchen in das Gesicht einer Frau, als Assoziation zum Webseminar f\u00fcr Ergotherapie + Physiotherapie in der Rehabilitation + Gelenkschutz bei Rheuma in der Handtherapie in Klinik + Praxis\" srcset=\"https:\/\/www.ergowebinar.de\/intern\/parsed_images\/0577c142-7bc0-4772-989d-fb2c100bfc0c.jpg 475w, https:\/\/www.ergowebinar.de\/intern\/parsed_images\/0577c142-7bc0-4772-989d-fb2c100bfc0c.jpg 275w\" sizes=\"(max-width: 475px) 100vw, 475px\" itemprop=\"image\" \/>\r\n\t\t\t\t\t\t\t\t\t\t<h6>Rheuma \u2013 Gelenkschutz 1-im Haushalt [2FP]<\/h6>\r\n\t\t\t\t\t\t\t\t\t\t\t\t\t\t\t\t\t\t\t\t\t<p class=\"calendarline\"><img decoding=\"async\" class=\"calendar_icon\" src=\"https:\/\/www.ergowebinar.de\/intern\/images\/calendar.png\">29.09.2026 18:00 - 19:00<\/p>\t\r\n\t\t\t\t\t\t\t\t\t\t\t\t\t\t\t\t\t\t\t\t\t<p class=\"liquid_vc_single_text\">Ziel des Gelenkschutz ist eine Entlastung rheumatisch betroffener Gelenke von zu starker Beanspruchung. Zugleich wird durch die Gelenkschutzprinzipien eine Minderung von Schmerz und Vermeidung von Deformit&auml;ten ...<\/p>\r\n\t\t\t\t\t\t\t\t\t\t\t\t\t\t\t\t\t\t\t\t\t<p class=\"sempreis\">49 \u20ac<\/p>\r\n\t\t\t\t\t\t\t\t\t\t\t\t\t\t\t\t\t\t\t\t\t\t\t<p class=\"semmwst\"><\/p>\r\n\t\t\t\t\t\t\t\t\t\t\t\t\t\t\t\t\t\t\t\t\t\t\t\r\n\t\t\t\t\t\t\t\t\t<\/a>\r\n\t\t\t\t\t\t\t\t\t\r\n\t\t\t\t\t\t\t\t<\/figure>\r\n\t\t\t\t\t\t\t\t\r\n\t\t\t\t\t\t\t<\/div>\r\n\t\t\t\t\t\t\t\t\t\t\t\t\t\t\r\n\t\t\t\t\t\t<\/div>\r\n\t\t\t\t\t<\/div>\r\n\t\t\t\t<\/div>\r\n\t\t\t\t\t\t\t\t<div class=\"wpb_column vc_column_container vc_col-sm-2\">\r\n\t\t\t\t\t<div class=\"vc_column-inner \" >\r\n\t\t\t\t\t\t<div class=\"wpb_wrapper\" >\r\n\t\t\t\t\t\t\t<div class=\"wpb_single_image wpb_content_element vc_align_ liquid_vc_single_image\">\r\n\t\t\t\t\t\t\t\t\t\t\t\t\t\t\t\t\t<div class=\"sem_overlay\" ><a href=\"https:\/\/online.therapie.ergowebinar.de\/de\/e\/Der-N-Medianus-was-tun-wenn-der-Nerv-nervt-2FP-124?\r\n\t\t\t\t\t\t\t\t\t\" class=\"btn btn-solid btn-xsm round border-thin btn-has-label jetztstartenbutton\">klicken f\u00fcr Details<\/a><\/div>\r\n\t\t\t\t\t\t\t\t\t\t\t\t\t\t\t\t\t<figure class=\"wpb_wrapper vc_figure\">\r\n\t\t\t\t\t\t\t\t\t<a href=\"online.therapie.ergowebinar.de\/de\/e\/Der-N-Medianus-was-tun-wenn-der-Nerv-nervt-2FP-124?\r\n\t\t\t\t\t\t\t\t\t\" title=\"Sie sehen eine Hand, die M\u00fcnzen aus der Handfl\u00e4che nach vorn zu den Fingern schiebt, als Symbol zum Webseminar f\u00fcr Ergotherapie + Physiotherapie in der Rehabilitation von peripheren Nervenl\u00e4sionen in der Handreha des Nervus Medianus in Klinik + Praxis\" target=\"_blank\">\r\n\t\t\t\t\t\t\t\t\t\t<img decoding=\"async\" width=\"475\" src=\"https:\/\/www.ergowebinar.de\/intern\/parsed_images\/b9b7bdba-1e33-4100-bddc-e66d8b20af6a.jpg\" class=\"vc_single_image-img attachment-full\" alt=\"Sie sehen eine Hand, die M\u00fcnzen aus der Handfl\u00e4che nach vorn zu den Fingern schiebt, als Symbol zum Webseminar f\u00fcr Ergotherapie + Physiotherapie in der Rehabilitation von peripheren Nervenl\u00e4sionen in der Handreha des Nervus Medianus in Klinik + Praxis\" title=\"Sie sehen eine Hand, die M\u00fcnzen aus der Handfl\u00e4che nach vorn zu den Fingern schiebt, als Symbol zum Webseminar f\u00fcr Ergotherapie + Physiotherapie in der Rehabilitation von peripheren Nervenl\u00e4sionen in der Handreha des Nervus Medianus in Klinik + Praxis\" srcset=\"https:\/\/www.ergowebinar.de\/intern\/parsed_images\/b9b7bdba-1e33-4100-bddc-e66d8b20af6a.jpg 475w, https:\/\/www.ergowebinar.de\/intern\/parsed_images\/b9b7bdba-1e33-4100-bddc-e66d8b20af6a.jpg 275w\" sizes=\"(max-width: 475px) 100vw, 475px\" itemprop=\"image\" \/>\r\n\t\t\t\t\t\t\t\t\t\t<h6>Der N. Medianus  -was tun, wenn der Nerv nervt? [2FP]<\/h6>\r\n\t\t\t\t\t\t\t\t\t\t\t\t\t\t\t\t\t\t\t\t\t<p class=\"calendarline\"><img decoding=\"async\" class=\"calendar_icon\" src=\"https:\/\/www.ergowebinar.de\/intern\/images\/calendar.png\">29.09.2026 20:00 - 21:00<\/p>\t\r\n\t\t\t\t\t\t\t\t\t\t\t\t\t\t\t\t\t\t\t\t\t<p class=\"liquid_vc_single_text\">Kann eine Drucksch&auml;digung des Nervus Medianus konservativ behandelt werden? Wie sollte die Therapie aufgebaut werden? Welche Tipps und Tricks ben&ouml;tigt der Betroffene f&uuml;r seinen Alltag?\r\n&nbsp;\r\nDas ...<\/p>\r\n\t\t\t\t\t\t\t\t\t\t\t\t\t\t\t\t\t\t\t\t\t<p class=\"sempreis\">49 \u20ac<\/p>\r\n\t\t\t\t\t\t\t\t\t\t\t\t\t\t\t\t\t\t\t\t\t\t\t<p class=\"semmwst\"><\/p>\r\n\t\t\t\t\t\t\t\t\t\t\t\t\t\t\t\t\t\t\t\t\t\t\t\r\n\t\t\t\t\t\t\t\t\t<\/a>\r\n\t\t\t\t\t\t\t\t\t\r\n\t\t\t\t\t\t\t\t<\/figure>\r\n\t\t\t\t\t\t\t\t\r\n\t\t\t\t\t\t\t<\/div>\r\n\t\t\t\t\t\t\t\t\t\t\t\t\t\t\r\n\t\t\t\t\t\t<\/div>\r\n\t\t\t\t\t<\/div>\r\n\t\t\t\t<\/div>\r\n\t\t\t\t\t\t\t\t<div class=\"wpb_column vc_column_container vc_col-sm-2\">\r\n\t\t\t\t\t<div class=\"vc_column-inner \" >\r\n\t\t\t\t\t\t<div class=\"wpb_wrapper\" >\r\n\t\t\t\t\t\t\t<div class=\"wpb_single_image wpb_content_element vc_align_ liquid_vc_single_image\">\r\n\t\t\t\t\t\t\t\t\t\t\t\t\t\t\t\t\t<div class=\"sem_overlay\" ><a href=\"https:\/\/online.therapie.ergowebinar.de\/de\/e\/Brandverletzungen-Basis-2FP-281?\r\n\t\t\t\t\t\t\t\t\t\" class=\"btn btn-solid btn-xsm round border-thin btn-has-label jetztstartenbutton\">klicken f\u00fcr Details<\/a><\/div>\r\n\t\t\t\t\t\t\t\t\t\t\t\t\t\t\t\t\t<figure class=\"wpb_wrapper vc_figure\">\r\n\t\t\t\t\t\t\t\t\t<a href=\"online.therapie.ergowebinar.de\/de\/e\/Brandverletzungen-Basis-2FP-281?\r\n\t\t\t\t\t\t\t\t\t\" title=\"Sie sehen Flammen auf schwarzem Hintergrund, als Assoziation zum Webseminar \u00fcber Basiswissen zu Brandverletzungen und Therapie bei Verbrennungen f\u00fcr Ergotherapie und Handtherapeuten der HandReha, SchmerzReha und Narbenbehandlung in Klinik + Praxis\" target=\"_blank\">\r\n\t\t\t\t\t\t\t\t\t\t<img decoding=\"async\" width=\"475\" src=\"https:\/\/www.ergowebinar.de\/intern\/parsed_images\/93a89fdb-6b21-4fc0-8746-c7b74069d417.jpg\" class=\"vc_single_image-img attachment-full\" alt=\"Sie sehen Flammen auf schwarzem Hintergrund, als Assoziation zum Webseminar \u00fcber Basiswissen zu Brandverletzungen und Therapie bei Verbrennungen f\u00fcr Ergotherapie und Handtherapeuten der HandReha, SchmerzReha und Narbenbehandlung in Klinik + Praxis\" title=\"Sie sehen Flammen auf schwarzem Hintergrund, als Assoziation zum Webseminar \u00fcber Basiswissen zu Brandverletzungen und Therapie bei Verbrennungen f\u00fcr Ergotherapie und Handtherapeuten der HandReha, SchmerzReha und Narbenbehandlung in Klinik + Praxis\" srcset=\"https:\/\/www.ergowebinar.de\/intern\/parsed_images\/93a89fdb-6b21-4fc0-8746-c7b74069d417.jpg 475w, https:\/\/www.ergowebinar.de\/intern\/parsed_images\/93a89fdb-6b21-4fc0-8746-c7b74069d417.jpg 275w\" sizes=\"(max-width: 475px) 100vw, 475px\" itemprop=\"image\" \/>\r\n\t\t\t\t\t\t\t\t\t\t<h6>Brandverletzungen - Basis [2FP]<\/h6>\r\n\t\t\t\t\t\t\t\t\t\t\t\t\t\t\t\t\t\t\t\t\t<p class=\"calendarline\"><img decoding=\"async\" class=\"calendar_icon\" src=\"https:\/\/www.ergowebinar.de\/intern\/images\/calendar.png\">08.10.2026 16:00 - 17:00<\/p>\t\r\n\t\t\t\t\t\t\t\t\t\t\t\t\t\t\t\t\t\t\t\t\t<p class=\"liquid_vc_single_text\">\r\n\r\nDieses Webinar vermittelt fundiertes Wissen &uuml;ber den Behandlungspfad von Brandverletzten - vom ersten postoperativen Tag bis zum Abschluss der ambulanten Nachsorge. Praxisnahe Beispiele aus dem ...<\/p>\r\n\t\t\t\t\t\t\t\t\t\t\t\t\t\t\t\t\t\t\t\t\t<p class=\"sempreis\">49 \u20ac<\/p>\r\n\t\t\t\t\t\t\t\t\t\t\t\t\t\t\t\t\t\t\t\t\t\t\t<p class=\"semmwst\"><\/p>\r\n\t\t\t\t\t\t\t\t\t\t\t\t\t\t\t\t\t\t\t\t\t\t\t\r\n\t\t\t\t\t\t\t\t\t<\/a>\r\n\t\t\t\t\t\t\t\t\t\r\n\t\t\t\t\t\t\t\t<\/figure>\r\n\t\t\t\t\t\t\t\t\r\n\t\t\t\t\t\t\t<\/div>\r\n\t\t\t\t\t\t\t\t\t\t\t\t\t\t\r\n\t\t\t\t\t\t<\/div>\r\n\t\t\t\t\t<\/div>\r\n\t\t\t\t<\/div>\r\n\t\t\t\t\t\t\t\t<div class=\"wpb_column vc_column_container vc_col-sm-2\">\r\n\t\t\t\t\t<div class=\"vc_column-inner \" >\r\n\t\t\t\t\t\t<div class=\"wpb_wrapper\" >\r\n\t\t\t\t\t\t\t<div class=\"wpb_single_image wpb_content_element vc_align_ liquid_vc_single_image\">\r\n\t\t\t\t\t\t\t\t\t\t\t\t\t\t\t\t\t<div class=\"sem_overlay\" ><a href=\"https:\/\/online.therapie.ergowebinar.de\/de\/e\/Scapho-lunaere-Dissoziation-Behandlungsleitpfad-2-FP-119?\r\n\t\t\t\t\t\t\t\t\t\" class=\"btn btn-solid btn-xsm round border-thin btn-has-label jetztstartenbutton\">klicken f\u00fcr Details<\/a><\/div>\r\n\t\t\t\t\t\t\t\t\t\t\t\t\t\t\t\t\t<figure class=\"wpb_wrapper vc_figure\">\r\n\t\t\t\t\t\t\t\t\t<a href=\"online.therapie.ergowebinar.de\/de\/e\/Scapho-lunaere-Dissoziation-Behandlungsleitpfad-2-FP-119?\r\n\t\t\t\t\t\t\t\t\t\" title=\"Sie sehen eine Skeletthand im Handgelenkst\u00fctz als Assoziation zum Webseminar zu Handgelenksproblematiken im Handgelenks\u00fcbergang f\u00fcr Ergotherapie + Physiotherapie in der Rehabilitation von Handtherapie und Orthop\u00e4die in Klinik + Praxis\" target=\"_blank\">\r\n\t\t\t\t\t\t\t\t\t\t<img decoding=\"async\" width=\"475\" src=\"https:\/\/www.ergowebinar.de\/intern\/parsed_images\/4054b1f6-7d84-4ea3-9836-773e3c3aee71.jpg\" class=\"vc_single_image-img attachment-full\" alt=\"Sie sehen eine Skeletthand im Handgelenkst\u00fctz als Assoziation zum Webseminar zu Handgelenksproblematiken im Handgelenks\u00fcbergang f\u00fcr Ergotherapie + Physiotherapie in der Rehabilitation von Handtherapie und Orthop\u00e4die in Klinik + Praxis\" title=\"Sie sehen eine Skeletthand im Handgelenkst\u00fctz als Assoziation zum Webseminar zu Handgelenksproblematiken im Handgelenks\u00fcbergang f\u00fcr Ergotherapie + Physiotherapie in der Rehabilitation von Handtherapie und Orthop\u00e4die in Klinik + Praxis\" srcset=\"https:\/\/www.ergowebinar.de\/intern\/parsed_images\/4054b1f6-7d84-4ea3-9836-773e3c3aee71.jpg 475w, https:\/\/www.ergowebinar.de\/intern\/parsed_images\/4054b1f6-7d84-4ea3-9836-773e3c3aee71.jpg 275w\" sizes=\"(max-width: 475px) 100vw, 475px\" itemprop=\"image\" \/>\r\n\t\t\t\t\t\t\t\t\t\t<h6>Scapho-lun\u00e4re Dissoziation \u2013 Behandlungsleitpfad [2 FP]<\/h6>\r\n\t\t\t\t\t\t\t\t\t\t\t\t\t\t\t\t\t\t\t\t\t<p class=\"calendarline\"><img decoding=\"async\" class=\"calendar_icon\" src=\"https:\/\/www.ergowebinar.de\/intern\/images\/calendar.png\">12.10.2026 16:30 - 17:30<\/p>\t\r\n\t\t\t\t\t\t\t\t\t\t\t\t\t\t\t\t\t\t\t\t\t<p class=\"liquid_vc_single_text\">Bei L&auml;sionen des scapho-lun&auml;ren Bandapparates berichten die Betroffenen von Schmerzen und Instabilit&auml;tsgef&uuml;hl unter Belastung im Handgelenk. Die Pathologie einer DISI-Fehlstellung der ...<\/p>\r\n\t\t\t\t\t\t\t\t\t\t\t\t\t\t\t\t\t\t\t\t\t<p class=\"sempreis\">49 \u20ac<\/p>\r\n\t\t\t\t\t\t\t\t\t\t\t\t\t\t\t\t\t\t\t\t\t\t\t<p class=\"semmwst\"><\/p>\r\n\t\t\t\t\t\t\t\t\t\t\t\t\t\t\t\t\t\t\t\t\t\t\t\r\n\t\t\t\t\t\t\t\t\t<\/a>\r\n\t\t\t\t\t\t\t\t\t\r\n\t\t\t\t\t\t\t\t<\/figure>\r\n\t\t\t\t\t\t\t\t\r\n\t\t\t\t\t\t\t<\/div>\r\n\t\t\t\t\t\t\t\t\t\t\t\t\t\t\r\n\t\t\t\t\t\t<\/div>\r\n\t\t\t\t\t<\/div>\r\n\t\t\t\t<\/div>\r\n\t\t\t\t\t\t\t\t<div class=\"wpb_column vc_column_container vc_col-sm-2\">\r\n\t\t\t\t\t<div class=\"vc_column-inner \" >\r\n\t\t\t\t\t\t<div class=\"wpb_wrapper\" >\r\n\t\t\t\t\t\t\t<div class=\"wpb_single_image wpb_content_element vc_align_ liquid_vc_single_image\">\r\n\t\t\t\t\t\t\t\t\t\t\t\t\t\t\t\t\t<div class=\"sem_overlay\" ><a href=\"https:\/\/online.therapie.ergowebinar.de\/de\/e\/Rheuma-Gelenkschutz-2-in-Beruf-und-Freizeit-2FP-97?\r\n\t\t\t\t\t\t\t\t\t\" class=\"btn btn-solid btn-xsm round border-thin btn-has-label jetztstartenbutton\">klicken f\u00fcr Details<\/a><\/div>\r\n\t\t\t\t\t\t\t\t\t\t\t\t\t\t\t\t\t<figure class=\"wpb_wrapper vc_figure\">\r\n\t\t\t\t\t\t\t\t\t<a href=\"online.therapie.ergowebinar.de\/de\/e\/Rheuma-Gelenkschutz-2-in-Beruf-und-Freizeit-2FP-97?\r\n\t\t\t\t\t\t\t\t\t\" title=\"Sie sehen zwei H\u00e4nde, die einen Stechbeitel am Werkst\u00fcck f\u00fchren, als Assoziation zum Webseminar \u00fcber Rheuma + Gelenkschutz f\u00fcr Ergotherapie + Physiotherapie in der Reha von Erkrankungen im polyarhtritischen Formenkreis + Ortho in Klinik + Praxis\" target=\"_blank\">\r\n\t\t\t\t\t\t\t\t\t\t<img decoding=\"async\" width=\"475\" src=\"https:\/\/www.ergowebinar.de\/intern\/parsed_images\/ec39641e-8c38-49b2-bb47-2f47e05a6b68.jpg\" class=\"vc_single_image-img attachment-full\" alt=\"Sie sehen zwei H\u00e4nde, die einen Stechbeitel am Werkst\u00fcck f\u00fchren, als Assoziation zum Webseminar \u00fcber Rheuma + Gelenkschutz f\u00fcr Ergotherapie + Physiotherapie in der Reha von Erkrankungen im polyarhtritischen Formenkreis + Ortho in Klinik + Praxis\" title=\"Sie sehen zwei H\u00e4nde, die einen Stechbeitel am Werkst\u00fcck f\u00fchren, als Assoziation zum Webseminar \u00fcber Rheuma + Gelenkschutz f\u00fcr Ergotherapie + Physiotherapie in der Reha von Erkrankungen im polyarhtritischen Formenkreis + Ortho in Klinik + Praxis\" srcset=\"https:\/\/www.ergowebinar.de\/intern\/parsed_images\/ec39641e-8c38-49b2-bb47-2f47e05a6b68.jpg 475w, https:\/\/www.ergowebinar.de\/intern\/parsed_images\/ec39641e-8c38-49b2-bb47-2f47e05a6b68.jpg 275w\" sizes=\"(max-width: 475px) 100vw, 475px\" itemprop=\"image\" \/>\r\n\t\t\t\t\t\t\t\t\t\t<h6>Rheuma \u2013 Gelenkschutz 2-in Beruf und Freizeit [2FP]<\/h6>\r\n\t\t\t\t\t\t\t\t\t\t\t\t\t\t\t\t\t\t\t\t\t<p class=\"calendarline\"><img decoding=\"async\" class=\"calendar_icon\" src=\"https:\/\/www.ergowebinar.de\/intern\/images\/calendar.png\">13.10.2026 18:00 - 19:00<\/p>\t\r\n\t\t\t\t\t\t\t\t\t\t\t\t\t\t\t\t\t\t\t\t\t<p class=\"liquid_vc_single_text\">Ziel des Gelenkschutz ist eine Entlastung rheumatisch betroffener Gelenke von zu starker Beanspruchung. Zugleich wird durch die Gelenkschutzprinzipien eine Minderung von Schmerz und Vermeidung von Deformit&auml;ten ...<\/p>\r\n\t\t\t\t\t\t\t\t\t\t\t\t\t\t\t\t\t\t\t\t\t<p class=\"sempreis\">49 \u20ac<\/p>\r\n\t\t\t\t\t\t\t\t\t\t\t\t\t\t\t\t\t\t\t\t\t\t\t<p class=\"semmwst\"><\/p>\r\n\t\t\t\t\t\t\t\t\t\t\t\t\t\t\t\t\t\t\t\t\t\t\t\r\n\t\t\t\t\t\t\t\t\t<\/a>\r\n\t\t\t\t\t\t\t\t\t\r\n\t\t\t\t\t\t\t\t<\/figure>\r\n\t\t\t\t\t\t\t\t\r\n\t\t\t\t\t\t\t<\/div>\r\n\t\t\t\t\t\t\t\t\t\t\t\t\t\t\r\n\t\t\t\t\t\t<\/div>\r\n\t\t\t\t\t<\/div>\r\n\t\t\t\t<\/div>\r\n\t\t\t\t\t\t\t\t<div class=\"wpb_column vc_column_container vc_col-sm-2\">\r\n\t\t\t\t\t<div class=\"vc_column-inner \" >\r\n\t\t\t\t\t\t<div class=\"wpb_wrapper\" >\r\n\t\t\t\t\t\t\t<div class=\"wpb_single_image wpb_content_element vc_align_ liquid_vc_single_image\">\r\n\t\t\t\t\t\t\t\t\t\t\t\t\t\t\t\t\t<div class=\"sem_overlay\" ><a href=\"https:\/\/online.therapie.ergowebinar.de\/de\/e\/Der-N-Ulnaris-unter-Druck-2FP-125?\r\n\t\t\t\t\t\t\t\t\t\" class=\"btn btn-solid btn-xsm round border-thin btn-has-label jetztstartenbutton\">klicken f\u00fcr Details<\/a><\/div>\r\n\t\t\t\t\t\t\t\t\t\t\t\t\t\t\t\t\t<figure class=\"wpb_wrapper vc_figure\">\r\n\t\t\t\t\t\t\t\t\t<a href=\"online.therapie.ergowebinar.de\/de\/e\/Der-N-Ulnaris-unter-Druck-2FP-125?\r\n\t\t\t\t\t\t\t\t\t\" title=\"Sie sehen einen Handr\u00fccken mit leicht gebeugten Fingern als Assoziation zum Webseminar \u00fcber Nervus Ulnaris Verletzungen f\u00fcr Ergotherapie + Physiotherapie in der Rehabilitation peripeheren Nervenl\u00e4sionen in der Handreha in Klinik + Praxis\" target=\"_blank\">\r\n\t\t\t\t\t\t\t\t\t\t<img decoding=\"async\" width=\"475\" src=\"https:\/\/www.ergowebinar.de\/intern\/parsed_images\/073d1861-00c1-4cc8-a993-74a1c7eacf85.jpg\" class=\"vc_single_image-img attachment-full\" alt=\"Sie sehen einen Handr\u00fccken mit leicht gebeugten Fingern als Assoziation zum Webseminar \u00fcber Nervus Ulnaris Verletzungen f\u00fcr Ergotherapie + Physiotherapie in der Rehabilitation peripeheren Nervenl\u00e4sionen in der Handreha in Klinik + Praxis\" title=\"Sie sehen einen Handr\u00fccken mit leicht gebeugten Fingern als Assoziation zum Webseminar \u00fcber Nervus Ulnaris Verletzungen f\u00fcr Ergotherapie + Physiotherapie in der Rehabilitation peripeheren Nervenl\u00e4sionen in der Handreha in Klinik + Praxis\" srcset=\"https:\/\/www.ergowebinar.de\/intern\/parsed_images\/073d1861-00c1-4cc8-a993-74a1c7eacf85.jpg 475w, https:\/\/www.ergowebinar.de\/intern\/parsed_images\/073d1861-00c1-4cc8-a993-74a1c7eacf85.jpg 275w\" sizes=\"(max-width: 475px) 100vw, 475px\" itemprop=\"image\" \/>\r\n\t\t\t\t\t\t\t\t\t\t<h6>Der N. Ulnaris unter Druck [2FP]<\/h6>\r\n\t\t\t\t\t\t\t\t\t\t\t\t\t\t\t\t\t\t\t\t\t<p class=\"calendarline\"><img decoding=\"async\" class=\"calendar_icon\" src=\"https:\/\/www.ergowebinar.de\/intern\/images\/calendar.png\">13.10.2026 20:00 - 21:00<\/p>\t\r\n\t\t\t\t\t\t\t\t\t\t\t\t\t\t\t\t\t\t\t\t\t<p class=\"liquid_vc_single_text\">Was passiert bei einem N. Ulnaris unter Druck. Wie &auml;u&szlig;ert sich die Kompression? Was kann ich therapeutisch anbieten? Welche Ma&szlig;nahmen und &Uuml;bungen f&uuml;r den Alltag gebe ich dem ...<\/p>\r\n\t\t\t\t\t\t\t\t\t\t\t\t\t\t\t\t\t\t\t\t\t<p class=\"sempreis\">49 \u20ac<\/p>\r\n\t\t\t\t\t\t\t\t\t\t\t\t\t\t\t\t\t\t\t\t\t\t\t<p class=\"semmwst\"><\/p>\r\n\t\t\t\t\t\t\t\t\t\t\t\t\t\t\t\t\t\t\t\t\t\t\t\r\n\t\t\t\t\t\t\t\t\t<\/a>\r\n\t\t\t\t\t\t\t\t\t\r\n\t\t\t\t\t\t\t\t<\/figure>\r\n\t\t\t\t\t\t\t\t\r\n\t\t\t\t\t\t\t<\/div>\r\n\t\t\t\t\t\t\t\t\t\t\t\t\t\t\r\n\t\t\t\t\t\t<\/div>\r\n\t\t\t\t\t<\/div>\r\n\t\t\t\t<\/div>\r\n\t\t\t\t\t\t\t\t<div class=\"wpb_column vc_column_container vc_col-sm-2\">\r\n\t\t\t\t\t<div class=\"vc_column-inner \" >\r\n\t\t\t\t\t\t<div class=\"wpb_wrapper\" >\r\n\t\t\t\t\t\t\t<div class=\"wpb_single_image wpb_content_element vc_align_ liquid_vc_single_image\">\r\n\t\t\t\t\t\t\t\t\t\t\t\t\t\t\t\t\t<div class=\"sem_overlay\" ><a href=\"https:\/\/online.therapie.ergowebinar.de\/de\/e\/Ueberlastungssyndrome-im-Hand-und-Fingerbereich-2-FP-117?\r\n\t\t\t\t\t\t\t\t\t\" class=\"btn btn-solid btn-xsm round border-thin btn-has-label jetztstartenbutton\">klicken f\u00fcr Details<\/a><\/div>\r\n\t\t\t\t\t\t\t\t\t\t\t\t\t\t\t\t\t<figure class=\"wpb_wrapper vc_figure\">\r\n\t\t\t\t\t\t\t\t\t<a href=\"online.therapie.ergowebinar.de\/de\/e\/Ueberlastungssyndrome-im-Hand-und-Fingerbereich-2-FP-117?\r\n\t\t\t\t\t\t\t\t\t\" title=\"Sie sehen eine Person, die auf einem bemehlten Tisch einen Brotlaib knetet, als Assoziation zum Webseminar zu \u00dcberlastungssyndromen im Finger un Handbereich f\u00fcr Ergotherapie + Physiotherapie in der Handreha, Orthop\u00e4die und Neuroreha in Klinik + Praxis\" target=\"_blank\">\r\n\t\t\t\t\t\t\t\t\t\t<img decoding=\"async\" width=\"475\" src=\"https:\/\/www.ergowebinar.de\/intern\/parsed_images\/190cedd7-1d87-47c6-b45f-fb9ebea95b75.jpg\" class=\"vc_single_image-img attachment-full\" alt=\"Sie sehen eine Person, die auf einem bemehlten Tisch einen Brotlaib knetet, als Assoziation zum Webseminar zu \u00dcberlastungssyndromen im Finger un Handbereich f\u00fcr Ergotherapie + Physiotherapie in der Handreha, Orthop\u00e4die und Neuroreha in Klinik + Praxis\" title=\"Sie sehen eine Person, die auf einem bemehlten Tisch einen Brotlaib knetet, als Assoziation zum Webseminar zu \u00dcberlastungssyndromen im Finger un Handbereich f\u00fcr Ergotherapie + Physiotherapie in der Handreha, Orthop\u00e4die und Neuroreha in Klinik + Praxis\" srcset=\"https:\/\/www.ergowebinar.de\/intern\/parsed_images\/190cedd7-1d87-47c6-b45f-fb9ebea95b75.jpg 475w, https:\/\/www.ergowebinar.de\/intern\/parsed_images\/190cedd7-1d87-47c6-b45f-fb9ebea95b75.jpg 275w\" sizes=\"(max-width: 475px) 100vw, 475px\" itemprop=\"image\" \/>\r\n\t\t\t\t\t\t\t\t\t\t<h6>\u00dcberlastungssyndrome im Hand\u2010 und Fingerbereich [2 FP]<\/h6>\r\n\t\t\t\t\t\t\t\t\t\t\t\t\t\t\t\t\t\t\t\t\t<p class=\"calendarline\"><img decoding=\"async\" class=\"calendar_icon\" src=\"https:\/\/www.ergowebinar.de\/intern\/images\/calendar.png\">14.10.2026 19:30 - 20:30<\/p>\t\r\n\t\t\t\t\t\t\t\t\t\t\t\t\t\t\t\t\t\t\t\t\t<p class=\"liquid_vc_single_text\">An den H&auml;nden gibt es eine Vielzahl an Strukturen, die aufgrund von repetitiver Belastung beim Greifen und Halten Beschwerden verursachen k&ouml;nnen. Hier stelle ich Vorgehensweisen in der ergotherapeutischen ...<\/p>\r\n\t\t\t\t\t\t\t\t\t\t\t\t\t\t\t\t\t\t\t\t\t<p class=\"sempreis\">49 \u20ac<\/p>\r\n\t\t\t\t\t\t\t\t\t\t\t\t\t\t\t\t\t\t\t\t\t\t\t<p class=\"semmwst\"><\/p>\r\n\t\t\t\t\t\t\t\t\t\t\t\t\t\t\t\t\t\t\t\t\t\t\t\r\n\t\t\t\t\t\t\t\t\t<\/a>\r\n\t\t\t\t\t\t\t\t\t\r\n\t\t\t\t\t\t\t\t<\/figure>\r\n\t\t\t\t\t\t\t\t\r\n\t\t\t\t\t\t\t<\/div>\r\n\t\t\t\t\t\t\t\t\t\t\t\t\t\t\r\n\t\t\t\t\t\t<\/div>\r\n\t\t\t\t\t<\/div>\r\n\t\t\t\t<\/div>\r\n\t\t\t\t\t\t\t\t<div class=\"wpb_column vc_column_container vc_col-sm-2\">\r\n\t\t\t\t\t<div class=\"vc_column-inner \" >\r\n\t\t\t\t\t\t<div class=\"wpb_wrapper\" >\r\n\t\t\t\t\t\t\t<div class=\"wpb_single_image wpb_content_element vc_align_ liquid_vc_single_image\">\r\n\t\t\t\t\t\t\t\t\t\t\t\t\t\t\t\t\t<div class=\"sem_overlay\" ><a href=\"#4637ce87-7921-4d0b-bda0-7eb8ab5-0000\" class=\"btn btn-solid btn-xsm round border-thin btn-has-label nichtdabutton\">8 Tage nach Ablauf des<br>Vorg\u00e4ngers buchbar<\/a><\/div>\r\n\t\t\t\t\t\t\t\t\t\t\t\t\t\t\t\t\t<figure class=\"wpb_wrapper vc_figure\">\r\n\t\t\t\t\t\t\t\t\t<a href=\"online.therapie.ergowebinar.de\/de\/e\/Schmerzen-im-ulnaren-Handgelenk-Befund-Behandlung-2-FP-118?\r\n\t\t\t\t\t\t\t\t\t\" title=\"Sie sehen die Unterarme einer Person im Liegest\u00fctz als Assoziation zum Webseminar \u00fcber Schmerzsyndrome im Handgelenk f\u00fcr Ergotherapie + Physiotherapie in der Rehabilitation, Orthop\u00e4die und Schmerztherapie in Klinik + Praxis\" target=\"_blank\">\r\n\t\t\t\t\t\t\t\t\t\t<img decoding=\"async\" width=\"475\" src=\"https:\/\/www.ergowebinar.de\/intern\/parsed_images\/6b25500a-1c73-40dd-b6ba-5976280d1e7b.jpg\" class=\"vc_single_image-img attachment-full\" alt=\"Sie sehen die Unterarme einer Person im Liegest\u00fctz als Assoziation zum Webseminar \u00fcber Schmerzsyndrome im Handgelenk f\u00fcr Ergotherapie + Physiotherapie in der Rehabilitation, Orthop\u00e4die und Schmerztherapie in Klinik + Praxis\" title=\"Sie sehen die Unterarme einer Person im Liegest\u00fctz als Assoziation zum Webseminar \u00fcber Schmerzsyndrome im Handgelenk f\u00fcr Ergotherapie + Physiotherapie in der Rehabilitation, Orthop\u00e4die und Schmerztherapie in Klinik + Praxis\" srcset=\"https:\/\/www.ergowebinar.de\/intern\/parsed_images\/6b25500a-1c73-40dd-b6ba-5976280d1e7b.jpg 475w, https:\/\/www.ergowebinar.de\/intern\/parsed_images\/6b25500a-1c73-40dd-b6ba-5976280d1e7b.jpg 275w\" sizes=\"(max-width: 475px) 100vw, 475px\" itemprop=\"image\" \/>\r\n\t\t\t\t\t\t\t\t\t\t<h6>Schmerzen im ulnaren Handgelenk - Befund + Behandlung [2 FP]<\/h6>\r\n\t\t\t\t\t\t\t\t\t\t\t\t\t\t\t\t\t\t\t\t\t<p class=\"calendarline\"><img decoding=\"async\" class=\"calendar_icon\" src=\"https:\/\/www.ergowebinar.de\/intern\/images\/calendar.png\">19.10.2026 16:30 - 17:30<\/p>\t\r\n\t\t\t\t\t\t\t\t\t\t\t\t\t\t\t\t\t\t\t\t\t<p class=\"liquid_vc_single_text\">Schmerzen am ulnaren Handgelenk sind h&auml;ufig Begleiterscheinung von Traumata, k&ouml;nnen aber auch im Rahmen von degenerativen Prozessen auftreten. Die Testung der einzelnen anatomischen Strukturen ...<\/p>\r\n\t\t\t\t\t\t\t\t\t\t\t\t\t\t\t\t\t\t\t\t\t<p class=\"sempreis\">49 \u20ac<\/p>\r\n\t\t\t\t\t\t\t\t\t\t\t\t\t\t\t\t\t\t\t\t\t\t\t<p class=\"semmwst\"><\/p>\r\n\t\t\t\t\t\t\t\t\t\t\t\t\t\t\t\t\t\t\t\t\t\t\t\r\n\t\t\t\t\t\t\t\t\t<\/a>\r\n\t\t\t\t\t\t\t\t\t\r\n\t\t\t\t\t\t\t\t<\/figure>\r\n\t\t\t\t\t\t\t\t\r\n\t\t\t\t\t\t\t<\/div>\r\n\t\t\t\t\t\t\t\t\t\t\t\t\t\t\r\n\t\t\t\t\t\t<\/div>\r\n\t\t\t\t\t<\/div>\r\n\t\t\t\t<\/div>\r\n\t\t\t\t\t\t\t\t<div class=\"wpb_column vc_column_container vc_col-sm-2\">\r\n\t\t\t\t\t<div class=\"vc_column-inner \" >\r\n\t\t\t\t\t\t<div class=\"wpb_wrapper\" >\r\n\t\t\t\t\t\t\t<div class=\"wpb_single_image wpb_content_element vc_align_ liquid_vc_single_image\">\r\n\t\t\t\t\t\t\t\t\t\t\t\t\t\t\t\t\t<div class=\"sem_overlay\" ><a href=\"https:\/\/online.therapie.ergowebinar.de\/de\/e\/Rhizarthrose-ergotherapeutische-Behandlungsmoeglichkeiten-2-FP-158?\r\n\t\t\t\t\t\t\t\t\t\" class=\"btn btn-solid btn-xsm round border-thin btn-has-label jetztstartenbutton\">klicken f\u00fcr Details<\/a><\/div>\r\n\t\t\t\t\t\t\t\t\t\t\t\t\t\t\t\t\t<figure class=\"wpb_wrapper vc_figure\">\r\n\t\t\t\t\t\t\t\t\t<a href=\"online.therapie.ergowebinar.de\/de\/e\/Rhizarthrose-ergotherapeutische-Behandlungsmoeglichkeiten-2-FP-158?\r\n\t\t\t\t\t\t\t\t\t\" title=\"Sie sehen ein R\u00f6ntgenbild einer Hand  als Assoziation zum Webseminar zum rheumatischen Schmerz im Daumensattelgelenk f\u00fcr Ergotherapie + Physiotherapie in der Rehabilitation von Rheumatologie und Orthop\u00e4die in Klinik + Praxis\" target=\"_blank\">\r\n\t\t\t\t\t\t\t\t\t\t<img decoding=\"async\" width=\"475\" src=\"https:\/\/www.ergowebinar.de\/intern\/parsed_images\/11f79725-bfa6-4f8f-a2e8-97befad8fa09.jpg\" class=\"vc_single_image-img attachment-full\" alt=\"Sie sehen ein R\u00f6ntgenbild einer Hand  als Assoziation zum Webseminar zum rheumatischen Schmerz im Daumensattelgelenk f\u00fcr Ergotherapie + Physiotherapie in der Rehabilitation von Rheumatologie und Orthop\u00e4die in Klinik + Praxis\" title=\"Sie sehen ein R\u00f6ntgenbild einer Hand  als Assoziation zum Webseminar zum rheumatischen Schmerz im Daumensattelgelenk f\u00fcr Ergotherapie + Physiotherapie in der Rehabilitation von Rheumatologie und Orthop\u00e4die in Klinik + Praxis\" srcset=\"https:\/\/www.ergowebinar.de\/intern\/parsed_images\/11f79725-bfa6-4f8f-a2e8-97befad8fa09.jpg 475w, https:\/\/www.ergowebinar.de\/intern\/parsed_images\/11f79725-bfa6-4f8f-a2e8-97befad8fa09.jpg 275w\" sizes=\"(max-width: 475px) 100vw, 475px\" itemprop=\"image\" \/>\r\n\t\t\t\t\t\t\t\t\t\t<h6>Rhizarthrose - ergotherapeutische Behandlungsm\u00f6glichkeiten [2 FP]<\/h6>\r\n\t\t\t\t\t\t\t\t\t\t\t\t\t\t\t\t\t\t\t\t\t<p class=\"calendarline\"><img decoding=\"async\" class=\"calendar_icon\" src=\"https:\/\/www.ergowebinar.de\/intern\/images\/calendar.png\">20.10.2026 19:30 - 20:30<\/p>\t\r\n\t\t\t\t\t\t\t\t\t\t\t\t\t\t\t\t\t\t\t\t\t<p class=\"liquid_vc_single_text\">In diesem Webinar liegt der Fokus auf konservativen aktiven Behandlungsm&ouml;glichkeiten. Ich erl&auml;utere jedoch zudem operative Verfahren und zeige Tipps und Trick f&uuml;r die Alltagsgestaltung. ...<\/p>\r\n\t\t\t\t\t\t\t\t\t\t\t\t\t\t\t\t\t\t\t\t\t<p class=\"sempreis\">49 \u20ac<\/p>\r\n\t\t\t\t\t\t\t\t\t\t\t\t\t\t\t\t\t\t\t\t\t\t\t<p class=\"semmwst\"><\/p>\r\n\t\t\t\t\t\t\t\t\t\t\t\t\t\t\t\t\t\t\t\t\t\t\t\r\n\t\t\t\t\t\t\t\t\t<\/a>\r\n\t\t\t\t\t\t\t\t\t\r\n\t\t\t\t\t\t\t\t<\/figure>\r\n\t\t\t\t\t\t\t\t\r\n\t\t\t\t\t\t\t<\/div>\r\n\t\t\t\t\t\t\t\t\t\t\t\t\t\t\r\n\t\t\t\t\t\t<\/div>\r\n\t\t\t\t\t<\/div>\r\n\t\t\t\t<\/div>\r\n\t\t\t\t\t\t\t\t<div class=\"wpb_column vc_column_container vc_col-sm-2\">\r\n\t\t\t\t\t<div class=\"vc_column-inner \" >\r\n\t\t\t\t\t\t<div class=\"wpb_wrapper\" >\r\n\t\t\t\t\t\t\t<div class=\"wpb_single_image wpb_content_element vc_align_ liquid_vc_single_image\">\r\n\t\t\t\t\t\t\t\t\t\t\t\t\t\t\t\t\t<div class=\"sem_overlay\" ><a href=\"https:\/\/online.therapie.ergowebinar.de\/de\/e\/Brandverletzungen-funktionelle-Nachbehandlung-2FP-282?\r\n\t\t\t\t\t\t\t\t\t\" class=\"btn btn-solid btn-xsm round border-thin btn-has-label jetztstartenbutton\">klicken f\u00fcr Details<\/a><\/div>\r\n\t\t\t\t\t\t\t\t\t\t\t\t\t\t\t\t\t<figure class=\"wpb_wrapper vc_figure\">\r\n\t\t\t\t\t\t\t\t\t<a href=\"online.therapie.ergowebinar.de\/de\/e\/Brandverletzungen-funktionelle-Nachbehandlung-2FP-282?\r\n\t\t\t\t\t\t\t\t\t\" title=\"Sie sehen zwei H\u00e4nde, die mit Schaumlockenwicklern hantieren, als Assoziation zum Webinar \u00fcber Nachbehandlung zu Brandverletzungen und Verbrennungen in der Ergotherapie und Handtherapie der HandReha, SchmerzReha und Narbenbehandlung in Klinik + Praxis\" target=\"_blank\">\r\n\t\t\t\t\t\t\t\t\t\t<img decoding=\"async\" width=\"475\" src=\"https:\/\/www.ergowebinar.de\/intern\/parsed_images\/93a89fdb-6b21-4fc0-8646-c7b74869d417.jpg\" class=\"vc_single_image-img attachment-full\" alt=\"Sie sehen zwei H\u00e4nde, die mit Schaumlockenwicklern hantieren, als Assoziation zum Webinar \u00fcber Nachbehandlung zu Brandverletzungen und Verbrennungen in der Ergotherapie und Handtherapie der HandReha, SchmerzReha und Narbenbehandlung in Klinik + Praxis\" title=\"Sie sehen zwei H\u00e4nde, die mit Schaumlockenwicklern hantieren, als Assoziation zum Webinar \u00fcber Nachbehandlung zu Brandverletzungen und Verbrennungen in der Ergotherapie und Handtherapie der HandReha, SchmerzReha und Narbenbehandlung in Klinik + Praxis\" srcset=\"https:\/\/www.ergowebinar.de\/intern\/parsed_images\/93a89fdb-6b21-4fc0-8646-c7b74869d417.jpg 475w, https:\/\/www.ergowebinar.de\/intern\/parsed_images\/93a89fdb-6b21-4fc0-8646-c7b74869d417.jpg 275w\" sizes=\"(max-width: 475px) 100vw, 475px\" itemprop=\"image\" \/>\r\n\t\t\t\t\t\t\t\t\t\t<h6>Brandverletzungen - funktionelle Nachbehandlung  [2FP]<\/h6>\r\n\t\t\t\t\t\t\t\t\t\t\t\t\t\t\t\t\t\t\t\t\t<p class=\"calendarline\"><img decoding=\"async\" class=\"calendar_icon\" src=\"https:\/\/www.ergowebinar.de\/intern\/images\/calendar.png\">22.10.2026 16:00 - 17:00<\/p>\t\r\n\t\t\t\t\t\t\t\t\t\t\t\t\t\t\t\t\t\t\t\t\t<p class=\"liquid_vc_single_text\">\r\n\r\n\r\nIn diesem Webinar erfahren Sie die Prinzipien der funktionellen Nachbehandlung in den verschiedenen Wundheilungsphasen bei Brandverletzungen. Zugleich lernen Sie die Bedeutung der ADLs kennen und ...<\/p>\r\n\t\t\t\t\t\t\t\t\t\t\t\t\t\t\t\t\t\t\t\t\t<p class=\"sempreis\">49 \u20ac<\/p>\r\n\t\t\t\t\t\t\t\t\t\t\t\t\t\t\t\t\t\t\t\t\t\t\t<p class=\"semmwst\"><\/p>\r\n\t\t\t\t\t\t\t\t\t\t\t\t\t\t\t\t\t\t\t\t\t\t\t\r\n\t\t\t\t\t\t\t\t\t<\/a>\r\n\t\t\t\t\t\t\t\t\t\r\n\t\t\t\t\t\t\t\t<\/figure>\r\n\t\t\t\t\t\t\t\t\r\n\t\t\t\t\t\t\t<\/div>\r\n\t\t\t\t\t\t\t\t\t\t\t\t\t\t\r\n\t\t\t\t\t\t<\/div>\r\n\t\t\t\t\t<\/div>\r\n\t\t\t\t<\/div>\r\n\t\t\t\t\t\t\t\t<div class=\"wpb_column vc_column_container vc_col-sm-2\">\r\n\t\t\t\t\t<div class=\"vc_column-inner \" >\r\n\t\t\t\t\t\t<div class=\"wpb_wrapper\" >\r\n\t\t\t\t\t\t\t<div class=\"wpb_single_image wpb_content_element vc_align_ liquid_vc_single_image\">\r\n\t\t\t\t\t\t\t\t\t\t\t\t\t\t\t\t\t<div class=\"sem_overlay\" ><a href=\"https:\/\/online.therapie.ergowebinar.de\/de\/e\/Kaelte-und-Waerme-an-der-Hand-als-Behandlungselement-2-FP-199?\r\n\t\t\t\t\t\t\t\t\t\" class=\"btn btn-solid btn-xsm round border-thin btn-has-label jetztstartenbutton\">klicken f\u00fcr Details<\/a><\/div>\r\n\t\t\t\t\t\t\t\t\t\t\t\t\t\t\t\t\t<figure class=\"wpb_wrapper vc_figure\">\r\n\t\t\t\t\t\t\t\t\t<a href=\"online.therapie.ergowebinar.de\/de\/e\/Kaelte-und-Waerme-an-der-Hand-als-Behandlungselement-2-FP-199?\r\n\t\t\t\t\t\t\t\t\t\" title=\"Sie sehen ein zweigeteiltes Bild mit links loderndem Feuer und rechts einer abgebildeten Schneeflocke, als Assoziation zum Webseminar f\u00fcr Ergotherapie + Physiotherapie in der Rehabilitation von Schlaganfall + Apoplex in Klinik + Praxis\" target=\"_blank\">\r\n\t\t\t\t\t\t\t\t\t\t<img decoding=\"async\" width=\"475\" src=\"https:\/\/www.ergowebinar.de\/intern\/parsed_images\/72c9331c-1192-43d2-920e-f70f51959360.jpg\" class=\"vc_single_image-img attachment-full\" alt=\"Sie sehen ein zweigeteiltes Bild mit links loderndem Feuer und rechts einer abgebildeten Schneeflocke, als Assoziation zum Webseminar f\u00fcr Ergotherapie + Physiotherapie in der Rehabilitation von Schlaganfall + Apoplex in Klinik + Praxis\" title=\"Sie sehen ein zweigeteiltes Bild mit links loderndem Feuer und rechts einer abgebildeten Schneeflocke, als Assoziation zum Webseminar f\u00fcr Ergotherapie + Physiotherapie in der Rehabilitation von Schlaganfall + Apoplex in Klinik + Praxis\" srcset=\"https:\/\/www.ergowebinar.de\/intern\/parsed_images\/72c9331c-1192-43d2-920e-f70f51959360.jpg 475w, https:\/\/www.ergowebinar.de\/intern\/parsed_images\/72c9331c-1192-43d2-920e-f70f51959360.jpg 275w\" sizes=\"(max-width: 475px) 100vw, 475px\" itemprop=\"image\" \/>\r\n\t\t\t\t\t\t\t\t\t\t<h6>K\u00e4lte und W\u00e4rme an der Hand als Behandlungselement [2 FP]<\/h6>\r\n\t\t\t\t\t\t\t\t\t\t\t\t\t\t\t\t\t\t\t\t\t<p class=\"calendarline\"><img decoding=\"async\" class=\"calendar_icon\" src=\"https:\/\/www.ergowebinar.de\/intern\/images\/calendar.png\">27.10.2026 18:30 - 19:30<\/p>\t\r\n\t\t\t\t\t\t\t\t\t\t\t\t\t\t\t\t\t\t\t\t\t<p class=\"liquid_vc_single_text\">Thermische Anwendungen als Vor- oder Nachbereitung, als Stimulation w&auml;hrend oder zwischen den Aktivit&auml;ten sind h&auml;ufig genutzte Bausteine in der Therapie. Auch im Eigenprogramm finden sie ...<\/p>\r\n\t\t\t\t\t\t\t\t\t\t\t\t\t\t\t\t\t\t\t\t\t<p class=\"sempreis\">49 \u20ac<\/p>\r\n\t\t\t\t\t\t\t\t\t\t\t\t\t\t\t\t\t\t\t\t\t\t\t<p class=\"semmwst\"><\/p>\r\n\t\t\t\t\t\t\t\t\t\t\t\t\t\t\t\t\t\t\t\t\t\t\t\r\n\t\t\t\t\t\t\t\t\t<\/a>\r\n\t\t\t\t\t\t\t\t\t\r\n\t\t\t\t\t\t\t\t<\/figure>\r\n\t\t\t\t\t\t\t\t\r\n\t\t\t\t\t\t\t<\/div>\r\n\t\t\t\t\t\t\t\t\t\t\t\t\t\t\r\n\t\t\t\t\t\t<\/div>\r\n\t\t\t\t\t<\/div>\r\n\t\t\t\t<\/div>\r\n\t\t\t\t\t\t\t\t<div class=\"wpb_column vc_column_container vc_col-sm-2\">\r\n\t\t\t\t\t<div class=\"vc_column-inner \" >\r\n\t\t\t\t\t\t<div class=\"wpb_wrapper\" >\r\n\t\t\t\t\t\t\t<div class=\"wpb_single_image wpb_content_element vc_align_ liquid_vc_single_image\">\r\n\t\t\t\t\t\t\t\t\t\t\t\t\t\t\t\t\t<div class=\"sem_overlay\" ><a href=\"#4637ce87-7921-4d0b-bda0-7eb8ab5-0000\" class=\"btn btn-solid btn-xsm round border-thin btn-has-label nichtdabutton\">8 Tage nach Ablauf des<br>Vorg\u00e4ngers buchbar<\/a><\/div>\r\n\t\t\t\t\t\t\t\t\t\t\t\t\t\t\t\t\t<figure class=\"wpb_wrapper vc_figure\">\r\n\t\t\t\t\t\t\t\t\t<a href=\"online.therapie.ergowebinar.de\/de\/e\/Der-N-Radialis-was-fallt-da-auf-2FP-126?\r\n\t\t\t\t\t\t\t\t\t\" title=\"Sie sehen eine Hand mit Unterarm, die \u00fcber eine Banklehne h\u00e4nget, als Assoziation zum Webseminar f\u00fcr Ergotherapie + Physiotherapie in der Rehabilitation von peripheren Nervenl\u00e4sionen + Handreha in Klinik + Praxis\" target=\"_blank\">\r\n\t\t\t\t\t\t\t\t\t\t<img decoding=\"async\" width=\"475\" src=\"https:\/\/www.ergowebinar.de\/intern\/parsed_images\/e0a6af11-d21f-4eca-a3ee-4bc3427f44ce.jpg\" class=\"vc_single_image-img attachment-full\" alt=\"Sie sehen eine Hand mit Unterarm, die \u00fcber eine Banklehne h\u00e4nget, als Assoziation zum Webseminar f\u00fcr Ergotherapie + Physiotherapie in der Rehabilitation von peripheren Nervenl\u00e4sionen + Handreha in Klinik + Praxis\" title=\"Sie sehen eine Hand mit Unterarm, die \u00fcber eine Banklehne h\u00e4nget, als Assoziation zum Webseminar f\u00fcr Ergotherapie + Physiotherapie in der Rehabilitation von peripheren Nervenl\u00e4sionen + Handreha in Klinik + Praxis\" srcset=\"https:\/\/www.ergowebinar.de\/intern\/parsed_images\/e0a6af11-d21f-4eca-a3ee-4bc3427f44ce.jpg 475w, https:\/\/www.ergowebinar.de\/intern\/parsed_images\/e0a6af11-d21f-4eca-a3ee-4bc3427f44ce.jpg 275w\" sizes=\"(max-width: 475px) 100vw, 475px\" itemprop=\"image\" \/>\r\n\t\t\t\t\t\t\t\t\t\t<h6>Der N. Radialis - was \u201efallt\u201c da auf? [2FP]<\/h6>\r\n\t\t\t\t\t\t\t\t\t\t\t\t\t\t\t\t\t\t\t\t\t<p class=\"calendarline\"><img decoding=\"async\" class=\"calendar_icon\" src=\"https:\/\/www.ergowebinar.de\/intern\/images\/calendar.png\">27.10.2026 20:00 - 21:00<\/p>\t\r\n\t\t\t\t\t\t\t\t\t\t\t\t\t\t\t\t\t\t\t\t\t<p class=\"liquid_vc_single_text\">Wie erkennt man eine Problematik im Bereich des N. Radialis? Welche therapeutischen Interventionen kann ich bei Fallhand anbieten? Welche Schienen kann ich meinem Betroffenen anbieten?&nbsp;&nbsp;\r\n&nbsp;\r\nDas ...<\/p>\r\n\t\t\t\t\t\t\t\t\t\t\t\t\t\t\t\t\t\t\t\t\t<p class=\"sempreis\">49 \u20ac<\/p>\r\n\t\t\t\t\t\t\t\t\t\t\t\t\t\t\t\t\t\t\t\t\t\t\t<p class=\"semmwst\"><\/p>\r\n\t\t\t\t\t\t\t\t\t\t\t\t\t\t\t\t\t\t\t\t\t\t\t\r\n\t\t\t\t\t\t\t\t\t<\/a>\r\n\t\t\t\t\t\t\t\t\t\r\n\t\t\t\t\t\t\t\t<\/figure>\r\n\t\t\t\t\t\t\t\t\r\n\t\t\t\t\t\t\t<\/div>\r\n\t\t\t\t\t\t\t\t\t\t\t\t\t\t\r\n\t\t\t\t\t\t<\/div>\r\n\t\t\t\t\t<\/div>\r\n\t\t\t\t<\/div>\r\n\t\t\t\t\t\t\t<\/div><\/div><\/div>\r\n\t\t\t\t\t<a name=\"seminarenachdatum\"><\/a>\r\n\t\t<a name=\"Thema4\"><\/a>\r\n\t\t<h2 class=\"ld-fh-element lqd-highlight-underline lqd-highlight-grow-left text-decoration-default h3 ldsemheadline\">Pr\u00e4vention<\/h2>\r\n\t\t\t\t\t<div class=\"vc_row vc_inner\">\r\n\t\t\t<div class=\"ld-container container-fluid\">\r\n\t\t\t<div class=\"row ld-row ld-row-inner\">\r\n\t\t\t\t\t\t\t<div class=\"wpb_column vc_column_container vc_col-sm-2\">\r\n\t\t\t\t\t<div class=\"vc_column-inner \" >\r\n\t\t\t\t\t\t<div class=\"wpb_wrapper\" >\r\n\t\t\t\t\t\t\t<div class=\"wpb_single_image wpb_content_element vc_align_ liquid_vc_single_image\">\r\n\t\t\t\t\t\t\t\t\t\t\t\t\t\t\t\t\t<div class=\"sem_overlay\" ><a href=\"https:\/\/online.therapie.ergowebinar.de\/de\/e\/Geriatrie-Kognitionstraining-in-Bewegung-2FP-322?\r\n\t\t\t\t\t\t\t\t\t\" class=\"btn btn-solid btn-xsm round border-thin btn-has-label jetztstartenbutton\">klicken f\u00fcr Details<\/a><\/div>\r\n\t\t\t\t\t\t\t\t\t\t\t\t\t\t\t\t\t<figure class=\"wpb_wrapper vc_figure\">\r\n\t\t\t\t\t\t\t\t\t<a href=\"online.therapie.ergowebinar.de\/de\/e\/Geriatrie-Kognitionstraining-in-Bewegung-2FP-322?\r\n\t\t\t\t\t\t\t\t\t\" title=\"Sie sehen eine Person durch ein aus Steinen gelegtes Labyrinth am Strand gehen als Symbol zum Webinar \u00fcber kognitiv-motorisches Kombinationstraining in Geriatrie, bei Demenz und Kognitionstraining f\u00fcr Ergotherapie + Physiotherapie in der Klinik + Praxis\" target=\"_blank\">\r\n\t\t\t\t\t\t\t\t\t\t<img decoding=\"async\" width=\"475\" src=\"https:\/\/www.ergowebinar.de\/intern\/parsed_images\/e37a68cb-1fde-4d37-9c8c-ce4e8e8f51d6.jpg\" class=\"vc_single_image-img attachment-full\" alt=\"Sie sehen eine Person durch ein aus Steinen gelegtes Labyrinth am Strand gehen als Symbol zum Webinar \u00fcber kognitiv-motorisches Kombinationstraining in Geriatrie, bei Demenz und Kognitionstraining f\u00fcr Ergotherapie + Physiotherapie in der Klinik + Praxis\" title=\"Sie sehen eine Person durch ein aus Steinen gelegtes Labyrinth am Strand gehen als Symbol zum Webinar \u00fcber kognitiv-motorisches Kombinationstraining in Geriatrie, bei Demenz und Kognitionstraining f\u00fcr Ergotherapie + Physiotherapie in der Klinik + Praxis\" srcset=\"https:\/\/www.ergowebinar.de\/intern\/parsed_images\/e37a68cb-1fde-4d37-9c8c-ce4e8e8f51d6.jpg 475w, https:\/\/www.ergowebinar.de\/intern\/parsed_images\/e37a68cb-1fde-4d37-9c8c-ce4e8e8f51d6.jpg 275w\" sizes=\"(max-width: 475px) 100vw, 475px\" itemprop=\"image\" \/>\r\n\t\t\t\t\t\t\t\t\t\t<h6>Geriatrie - Kognitionstraining in Bewegung [2FP]<\/h6>\r\n\t\t\t\t\t\t\t\t\t\t\t\t\t\t\t\t\t\t\t\t\t<p class=\"calendarline\"><img decoding=\"async\" class=\"calendar_icon\" src=\"https:\/\/www.ergowebinar.de\/intern\/images\/calendar.png\">11.05.2026 19:45 - 20:45<\/p>\t\r\n\t\t\t\t\t\t\t\t\t\t\t\t\t\t\t\t\t\t\t\t\t<p class=\"liquid_vc_single_text\">\r\nIm t&auml;glichen Leben m&uuml;ssen wir oft mehrere Aufgaben gleichzeitig erledigen (Multitasking) oder schnell auf unerwartete Situationen reagieren k&ouml;nnen. In diesem Webinar lernen Sie, wie Sie ...<\/p>\r\n\t\t\t\t\t\t\t\t\t\t\t\t\t\t\t\t\t\t\t\t\t<p class=\"sempreis\">49 \u20ac<\/p>\r\n\t\t\t\t\t\t\t\t\t\t\t\t\t\t\t\t\t\t\t\t\t\t\t<p class=\"semmwst\"><\/p>\r\n\t\t\t\t\t\t\t\t\t\t\t\t\t\t\t\t\t\t\t\t\t\t\t\r\n\t\t\t\t\t\t\t\t\t<\/a>\r\n\t\t\t\t\t\t\t\t\t\r\n\t\t\t\t\t\t\t\t<\/figure>\r\n\t\t\t\t\t\t\t\t\r\n\t\t\t\t\t\t\t<\/div>\r\n\t\t\t\t\t\t\t\t\t\t\t\t\t\t\r\n\t\t\t\t\t\t<\/div>\r\n\t\t\t\t\t<\/div>\r\n\t\t\t\t<\/div>\r\n\t\t\t\t\t\t\t\t<div class=\"wpb_column vc_column_container vc_col-sm-2\">\r\n\t\t\t\t\t<div class=\"vc_column-inner \" >\r\n\t\t\t\t\t\t<div class=\"wpb_wrapper\" >\r\n\t\t\t\t\t\t\t<div class=\"wpb_single_image wpb_content_element vc_align_ liquid_vc_single_image\">\r\n\t\t\t\t\t\t\t\t\t\t\t\t\t\t\t\t\t<div class=\"sem_overlay\" ><a href=\"https:\/\/online.therapie.ergowebinar.de\/de\/e\/Prae-Rehabilitation-obere-Extremitaet-2FP-324?\r\n\t\t\t\t\t\t\t\t\t\" class=\"btn btn-solid btn-xsm round border-thin btn-has-label jetztstartenbutton\">klicken f\u00fcr Details<\/a><\/div>\r\n\t\t\t\t\t\t\t\t\t\t\t\t\t\t\t\t\t<figure class=\"wpb_wrapper vc_figure\">\r\n\t\t\t\t\t\t\t\t\t<a href=\"online.therapie.ergowebinar.de\/de\/e\/Prae-Rehabilitation-obere-Extremitaet-2FP-324?\r\n\t\t\t\t\t\t\t\t\t\" title=\"Sie sehen eine Gliederfigur mit ausgestrecktem abwehrenden Arm als Symbol zum Webseminar zur vorbereitentenden Therapie in der Ergotherapie vor elektiven Eingriffen an der oberen Extremit\u00e4t in Orthop\u00e4die, Handttherapie, Neurologie in Klinik + Praxis\" target=\"_blank\">\r\n\t\t\t\t\t\t\t\t\t\t<img decoding=\"async\" width=\"475\" src=\"https:\/\/www.ergowebinar.de\/intern\/parsed_images\/8ec4ecd4-61de-4162-ad0f-478a36f22c93.jpg\" class=\"vc_single_image-img attachment-full\" alt=\"Sie sehen eine Gliederfigur mit ausgestrecktem abwehrenden Arm als Symbol zum Webseminar zur vorbereitentenden Therapie in der Ergotherapie vor elektiven Eingriffen an der oberen Extremit\u00e4t in Orthop\u00e4die, Handttherapie, Neurologie in Klinik + Praxis\" title=\"Sie sehen eine Gliederfigur mit ausgestrecktem abwehrenden Arm als Symbol zum Webseminar zur vorbereitentenden Therapie in der Ergotherapie vor elektiven Eingriffen an der oberen Extremit\u00e4t in Orthop\u00e4die, Handttherapie, Neurologie in Klinik + Praxis\" srcset=\"https:\/\/www.ergowebinar.de\/intern\/parsed_images\/8ec4ecd4-61de-4162-ad0f-478a36f22c93.jpg 475w, https:\/\/www.ergowebinar.de\/intern\/parsed_images\/8ec4ecd4-61de-4162-ad0f-478a36f22c93.jpg 275w\" sizes=\"(max-width: 475px) 100vw, 475px\" itemprop=\"image\" \/>\r\n\t\t\t\t\t\t\t\t\t\t<h6>Pr\u00e4-Rehabilitation - obere Extremit\u00e4t [2FP]<\/h6>\r\n\t\t\t\t\t\t\t\t\t\t\t\t\t\t\t\t\t\t\t\t\t<p class=\"calendarline\"><img decoding=\"async\" class=\"calendar_icon\" src=\"https:\/\/www.ergowebinar.de\/intern\/images\/calendar.png\">13.05.2026 18:00 - 19:00<\/p>\t\r\n\t\t\t\t\t\t\t\t\t\t\t\t\t\t\t\t\t\t\t\t\t<p class=\"liquid_vc_single_text\">\r\nMeist beginnt die Behandlungsserie nach der Nahtentfernung, doch in letzter Zeit gewinnen Interventionen vor dem eigentlichen Operationstermin mehr und mehr an Popularit&auml;t. Wie man Betroffene schon ...<\/p>\r\n\t\t\t\t\t\t\t\t\t\t\t\t\t\t\t\t\t\t\t\t\t<p class=\"sempreis\">49 \u20ac<\/p>\r\n\t\t\t\t\t\t\t\t\t\t\t\t\t\t\t\t\t\t\t\t\t\t\t<p class=\"semmwst\"><\/p>\r\n\t\t\t\t\t\t\t\t\t\t\t\t\t\t\t\t\t\t\t\t\t\t\t\r\n\t\t\t\t\t\t\t\t\t<\/a>\r\n\t\t\t\t\t\t\t\t\t\r\n\t\t\t\t\t\t\t\t<\/figure>\r\n\t\t\t\t\t\t\t\t\r\n\t\t\t\t\t\t\t<\/div>\r\n\t\t\t\t\t\t\t\t\t\t\t\t\t\t\r\n\t\t\t\t\t\t<\/div>\r\n\t\t\t\t\t<\/div>\r\n\t\t\t\t<\/div>\r\n\t\t\t\t\t\t\t\t<div class=\"wpb_column vc_column_container vc_col-sm-2\">\r\n\t\t\t\t\t<div class=\"vc_column-inner \" >\r\n\t\t\t\t\t\t<div class=\"wpb_wrapper\" >\r\n\t\t\t\t\t\t\t<div class=\"wpb_single_image wpb_content_element vc_align_ liquid_vc_single_image\">\r\n\t\t\t\t\t\t\t\t\t\t\t\t\t\t\t\t\t<div class=\"sem_overlay\" ><a href=\"https:\/\/online.therapie.ergowebinar.de\/de\/e\/Prae-Rehabilitation-untere-Extremitaet-2FP-325?\r\n\t\t\t\t\t\t\t\t\t\" class=\"btn btn-solid btn-xsm round border-thin btn-has-label jetztstartenbutton\">klicken f\u00fcr Details<\/a><\/div>\r\n\t\t\t\t\t\t\t\t\t\t\t\t\t\t\t\t\t<figure class=\"wpb_wrapper vc_figure\">\r\n\t\t\t\t\t\t\t\t\t<a href=\"online.therapie.ergowebinar.de\/de\/e\/Prae-Rehabilitation-untere-Extremitaet-2FP-325?\r\n\t\t\t\t\t\t\t\t\t\" title=\"Sie sehen eine Hand am Griff einer Unterarmgehst\u00fctze als Symbol zum Webseminar zur vorbereitentenden Therapie in der Ergotherapie vor elektiven Eingriffen an der unteren Extremit\u00e4t in Orthop\u00e4die, Handttherapie, Neurologie in Klinik + Praxis\" target=\"_blank\">\r\n\t\t\t\t\t\t\t\t\t\t<img decoding=\"async\" width=\"475\" src=\"https:\/\/www.ergowebinar.de\/intern\/parsed_images\/8ec4ecd4-61de-4162-ad0f-488a36f22c93.jpg\" class=\"vc_single_image-img attachment-full\" alt=\"Sie sehen eine Hand am Griff einer Unterarmgehst\u00fctze als Symbol zum Webseminar zur vorbereitentenden Therapie in der Ergotherapie vor elektiven Eingriffen an der unteren Extremit\u00e4t in Orthop\u00e4die, Handttherapie, Neurologie in Klinik + Praxis\" title=\"Sie sehen eine Hand am Griff einer Unterarmgehst\u00fctze als Symbol zum Webseminar zur vorbereitentenden Therapie in der Ergotherapie vor elektiven Eingriffen an der unteren Extremit\u00e4t in Orthop\u00e4die, Handttherapie, Neurologie in Klinik + Praxis\" srcset=\"https:\/\/www.ergowebinar.de\/intern\/parsed_images\/8ec4ecd4-61de-4162-ad0f-488a36f22c93.jpg 475w, https:\/\/www.ergowebinar.de\/intern\/parsed_images\/8ec4ecd4-61de-4162-ad0f-488a36f22c93.jpg 275w\" sizes=\"(max-width: 475px) 100vw, 475px\" itemprop=\"image\" \/>\r\n\t\t\t\t\t\t\t\t\t\t<h6>Pr\u00e4-Rehabilitation - untere Extremit\u00e4t [2FP]<\/h6>\r\n\t\t\t\t\t\t\t\t\t\t\t\t\t\t\t\t\t\t\t\t\t<p class=\"calendarline\"><img decoding=\"async\" class=\"calendar_icon\" src=\"https:\/\/www.ergowebinar.de\/intern\/images\/calendar.png\">13.05.2026 19:30 - 20:30<\/p>\t\r\n\t\t\t\t\t\t\t\t\t\t\t\t\t\t\t\t\t\t\t\t\t<p class=\"liquid_vc_single_text\">\r\n\r\nErgotherapeut:innen k&ouml;nnen schon im Vorfeld von Operationen im Bereich der unteren Extremit&auml;t einen wertvollen Beitrag durch Klientenedukation leisten. Sie unterst&uuml;tzen durch diverse ...<\/p>\r\n\t\t\t\t\t\t\t\t\t\t\t\t\t\t\t\t\t\t\t\t\t<p class=\"sempreis\">49 \u20ac<\/p>\r\n\t\t\t\t\t\t\t\t\t\t\t\t\t\t\t\t\t\t\t\t\t\t\t<p class=\"semmwst\"><\/p>\r\n\t\t\t\t\t\t\t\t\t\t\t\t\t\t\t\t\t\t\t\t\t\t\t\r\n\t\t\t\t\t\t\t\t\t<\/a>\r\n\t\t\t\t\t\t\t\t\t\r\n\t\t\t\t\t\t\t\t<\/figure>\r\n\t\t\t\t\t\t\t\t\r\n\t\t\t\t\t\t\t<\/div>\r\n\t\t\t\t\t\t\t\t\t\t\t\t\t\t\r\n\t\t\t\t\t\t<\/div>\r\n\t\t\t\t\t<\/div>\r\n\t\t\t\t<\/div>\r\n\t\t\t\t\t\t\t\t<div class=\"wpb_column vc_column_container vc_col-sm-2\">\r\n\t\t\t\t\t<div class=\"vc_column-inner \" >\r\n\t\t\t\t\t\t<div class=\"wpb_wrapper\" >\r\n\t\t\t\t\t\t\t<div class=\"wpb_single_image wpb_content_element vc_align_ liquid_vc_single_image\">\r\n\t\t\t\t\t\t\t\t\t\t\t\t\t\t\t\t\t<div class=\"sem_overlay\" ><a href=\"https:\/\/online.therapie.ergowebinar.de\/de\/e\/Sturzangst-verstehen-und-behandeln-2FP-323?\r\n\t\t\t\t\t\t\t\t\t\" class=\"btn btn-solid btn-xsm round border-thin btn-has-label jetztstartenbutton\">klicken f\u00fcr Details<\/a><\/div>\r\n\t\t\t\t\t\t\t\t\t\t\t\t\t\t\t\t\t<figure class=\"wpb_wrapper vc_figure\">\r\n\t\t\t\t\t\t\t\t\t<a href=\"online.therapie.ergowebinar.de\/de\/e\/Sturzangst-verstehen-und-behandeln-2FP-323?\r\n\t\t\t\t\t\t\t\t\t\" title=\"Sie sehen auf einem Treppenabsatz ein Graffti mit einem erschreckten Emoji, als Assoziation zum Webseminar f\u00fcr Ergotherapie + Physiotherapie in der Sturzpr\u00e4vention in \u00fcbergreifenden Fachbereichen, NeuroReha, Orthop\u00e4die und Geriatrie in Klinik + Praxis\" target=\"_blank\">\r\n\t\t\t\t\t\t\t\t\t\t<img decoding=\"async\" width=\"475\" src=\"https:\/\/www.ergowebinar.de\/intern\/parsed_images\/235030fa-bf8e-4326-b419-7e3f69e7679a.jpg\" class=\"vc_single_image-img attachment-full\" alt=\"Sie sehen auf einem Treppenabsatz ein Graffti mit einem erschreckten Emoji, als Assoziation zum Webseminar f\u00fcr Ergotherapie + Physiotherapie in der Sturzpr\u00e4vention in \u00fcbergreifenden Fachbereichen, NeuroReha, Orthop\u00e4die und Geriatrie in Klinik + Praxis\" title=\"Sie sehen auf einem Treppenabsatz ein Graffti mit einem erschreckten Emoji, als Assoziation zum Webseminar f\u00fcr Ergotherapie + Physiotherapie in der Sturzpr\u00e4vention in \u00fcbergreifenden Fachbereichen, NeuroReha, Orthop\u00e4die und Geriatrie in Klinik + Praxis\" srcset=\"https:\/\/www.ergowebinar.de\/intern\/parsed_images\/235030fa-bf8e-4326-b419-7e3f69e7679a.jpg 475w, https:\/\/www.ergowebinar.de\/intern\/parsed_images\/235030fa-bf8e-4326-b419-7e3f69e7679a.jpg 275w\" sizes=\"(max-width: 475px) 100vw, 475px\" itemprop=\"image\" \/>\r\n\t\t\t\t\t\t\t\t\t\t<h6>Sturzangst verstehen und behandeln [2FP]<\/h6>\r\n\t\t\t\t\t\t\t\t\t\t\t\t\t\t\t\t\t\t\t\t\t<p class=\"calendarline\"><img decoding=\"async\" class=\"calendar_icon\" src=\"https:\/\/www.ergowebinar.de\/intern\/images\/calendar.png\">22.06.2026 19:45 - 20:45<\/p>\t\r\n\t\t\t\t\t\t\t\t\t\t\t\t\t\t\t\t\t\t\t\t\t<p class=\"liquid_vc_single_text\">\r\nSturzangst ist ein weit verbreitetes, jedoch oft untersch&auml;tztes Problem. Im Webinar lernen Sie das Symptom fr&uuml;hzeitig zu erkennen und gezielte therapeutische Ma&szlig;nahmen zu ergreifen. Es ...<\/p>\r\n\t\t\t\t\t\t\t\t\t\t\t\t\t\t\t\t\t\t\t\t\t<p class=\"sempreis\">49 \u20ac<\/p>\r\n\t\t\t\t\t\t\t\t\t\t\t\t\t\t\t\t\t\t\t\t\t\t\t<p class=\"semmwst\"><\/p>\r\n\t\t\t\t\t\t\t\t\t\t\t\t\t\t\t\t\t\t\t\t\t\t\t\r\n\t\t\t\t\t\t\t\t\t<\/a>\r\n\t\t\t\t\t\t\t\t\t\r\n\t\t\t\t\t\t\t\t<\/figure>\r\n\t\t\t\t\t\t\t\t\r\n\t\t\t\t\t\t\t<\/div>\r\n\t\t\t\t\t\t\t\t\t\t\t\t\t\t\r\n\t\t\t\t\t\t<\/div>\r\n\t\t\t\t\t<\/div>\r\n\t\t\t\t<\/div>\r\n\t\t\t\t\t\t\t\t<div class=\"wpb_column vc_column_container vc_col-sm-2\">\r\n\t\t\t\t\t<div class=\"vc_column-inner \" >\r\n\t\t\t\t\t\t<div class=\"wpb_wrapper\" >\r\n\t\t\t\t\t\t\t<div class=\"wpb_single_image wpb_content_element vc_align_ liquid_vc_single_image\">\r\n\t\t\t\t\t\t\t\t\t\t\t\t\t\t\t\t\t<div class=\"sem_overlay\" ><a href=\"https:\/\/online.therapie.ergowebinar.de\/de\/e\/Entspannungstechniken-in-der-Ergotherapie-2FP-311?\r\n\t\t\t\t\t\t\t\t\t\" class=\"btn btn-solid btn-xsm round border-thin btn-has-label jetztstartenbutton\">klicken f\u00fcr Details<\/a><\/div>\r\n\t\t\t\t\t\t\t\t\t\t\t\t\t\t\t\t\t<figure class=\"wpb_wrapper vc_figure\">\r\n\t\t\t\t\t\t\t\t\t<a href=\"online.therapie.ergowebinar.de\/de\/e\/Entspannungstechniken-in-der-Ergotherapie-2FP-311?\r\n\t\t\t\t\t\t\t\t\t\" title=\"Sie sehen einen \u00e4lteren Mann angelehnt auf einem Bootssteg sitzen, als Assoziation zum Webseminar zu Entspannungstechniken in Ergotherapie + Physiotherapie in der Fatigue, Long + PostCovid, Psychosomatik in Klinik + Praxis\" target=\"_blank\">\r\n\t\t\t\t\t\t\t\t\t\t<img decoding=\"async\" width=\"475\" src=\"https:\/\/www.ergowebinar.de\/intern\/parsed_images\/311.jpg\" class=\"vc_single_image-img attachment-full\" alt=\"Sie sehen einen \u00e4lteren Mann angelehnt auf einem Bootssteg sitzen, als Assoziation zum Webseminar zu Entspannungstechniken in Ergotherapie + Physiotherapie in der Fatigue, Long + PostCovid, Psychosomatik in Klinik + Praxis\" title=\"Sie sehen einen \u00e4lteren Mann angelehnt auf einem Bootssteg sitzen, als Assoziation zum Webseminar zu Entspannungstechniken in Ergotherapie + Physiotherapie in der Fatigue, Long + PostCovid, Psychosomatik in Klinik + Praxis\" srcset=\"https:\/\/www.ergowebinar.de\/intern\/parsed_images\/311.jpg 475w, https:\/\/www.ergowebinar.de\/intern\/parsed_images\/311.jpg 275w\" sizes=\"(max-width: 475px) 100vw, 475px\" itemprop=\"image\" \/>\r\n\t\t\t\t\t\t\t\t\t\t<h6>Entspannungstechniken in der Ergotherapie  [2FP]<\/h6>\r\n\t\t\t\t\t\t\t\t\t\t\t\t\t\t\t\t\t\t\t\t\t<p class=\"calendarline\"><img decoding=\"async\" class=\"calendar_icon\" src=\"https:\/\/www.ergowebinar.de\/intern\/images\/calendar.png\">09.09.2026 18:30 - 19:30<\/p>\t\r\n\t\t\t\t\t\t\t\t\t\t\t\t\t\t\t\t\t\t\t\t\t<p class=\"liquid_vc_single_text\">\r\n\r\n\r\nEs bedarf h&auml;ufig nur kleiner Impulse um den Stein mit Ihren Klienten ins Rollen zu bringen. Die direkte und auch die beil&auml;ufig punktuelle Anwendung von Achtsamkeitsinterventionen im Therapiealltag ...<\/p>\r\n\t\t\t\t\t\t\t\t\t\t\t\t\t\t\t\t\t\t\t\t\t<p class=\"sempreis\">49 \u20ac<\/p>\r\n\t\t\t\t\t\t\t\t\t\t\t\t\t\t\t\t\t\t\t\t\t\t\t<p class=\"semmwst\"><\/p>\r\n\t\t\t\t\t\t\t\t\t\t\t\t\t\t\t\t\t\t\t\t\t\t\t\r\n\t\t\t\t\t\t\t\t\t<\/a>\r\n\t\t\t\t\t\t\t\t\t\r\n\t\t\t\t\t\t\t\t<\/figure>\r\n\t\t\t\t\t\t\t\t\r\n\t\t\t\t\t\t\t<\/div>\r\n\t\t\t\t\t\t\t\t\t\t\t\t\t\t\r\n\t\t\t\t\t\t<\/div>\r\n\t\t\t\t\t<\/div>\r\n\t\t\t\t<\/div>\r\n\t\t\t\t\t\t\t\t<div class=\"wpb_column vc_column_container vc_col-sm-2\">\r\n\t\t\t\t\t<div class=\"vc_column-inner \" >\r\n\t\t\t\t\t\t<div class=\"wpb_wrapper\" >\r\n\t\t\t\t\t\t\t<div class=\"wpb_single_image wpb_content_element vc_align_ liquid_vc_single_image\">\r\n\t\t\t\t\t\t\t\t\t\t\t\t\t\t\t\t\t<div class=\"sem_overlay\" ><a href=\"https:\/\/online.therapie.ergowebinar.de\/de\/e\/Zeit-und-Selbstmanagement-in-der-Ergotherapie-2FP-306?\r\n\t\t\t\t\t\t\t\t\t\" class=\"btn btn-solid btn-xsm round border-thin btn-has-label jetztstartenbutton\">klicken f\u00fcr Details<\/a><\/div>\r\n\t\t\t\t\t\t\t\t\t\t\t\t\t\t\t\t\t<figure class=\"wpb_wrapper vc_figure\">\r\n\t\t\t\t\t\t\t\t\t<a href=\"online.therapie.ergowebinar.de\/de\/e\/Zeit-und-Selbstmanagement-in-der-Ergotherapie-2FP-306?\r\n\t\t\t\t\t\t\t\t\t\" title=\"Sie sehen einen roten klassischen Wecker auf einer gr\u00fcnen Wiese, als Assoziation zum Webseminar zu Zeit- und Selbstmanagementtechniken f\u00fcr Klienten in Ergotherapie + Physiotherapie in der Fatigue, Long + PostCovid, Psychosomatik in Klinik + Praxis\" target=\"_blank\">\r\n\t\t\t\t\t\t\t\t\t\t<img decoding=\"async\" width=\"475\" src=\"https:\/\/www.ergowebinar.de\/intern\/parsed_images\/0a2f1c7c-dce6-401b-ab62-45db60a24eb7.jpg\" class=\"vc_single_image-img attachment-full\" alt=\"Sie sehen einen roten klassischen Wecker auf einer gr\u00fcnen Wiese, als Assoziation zum Webseminar zu Zeit- und Selbstmanagementtechniken f\u00fcr Klienten in Ergotherapie + Physiotherapie in der Fatigue, Long + PostCovid, Psychosomatik in Klinik + Praxis\" title=\"Sie sehen einen roten klassischen Wecker auf einer gr\u00fcnen Wiese, als Assoziation zum Webseminar zu Zeit- und Selbstmanagementtechniken f\u00fcr Klienten in Ergotherapie + Physiotherapie in der Fatigue, Long + PostCovid, Psychosomatik in Klinik + Praxis\" srcset=\"https:\/\/www.ergowebinar.de\/intern\/parsed_images\/0a2f1c7c-dce6-401b-ab62-45db60a24eb7.jpg 475w, https:\/\/www.ergowebinar.de\/intern\/parsed_images\/0a2f1c7c-dce6-401b-ab62-45db60a24eb7.jpg 275w\" sizes=\"(max-width: 475px) 100vw, 475px\" itemprop=\"image\" \/>\r\n\t\t\t\t\t\t\t\t\t\t<h6>Zeit- und Selbstmanagement in der Ergotherapie [2FP]<\/h6>\r\n\t\t\t\t\t\t\t\t\t\t\t\t\t\t\t\t\t\t\t\t\t<p class=\"calendarline\"><img decoding=\"async\" class=\"calendar_icon\" src=\"https:\/\/www.ergowebinar.de\/intern\/images\/calendar.png\">09.09.2026 20:00 - 21:00<\/p>\t\r\n\t\t\t\t\t\t\t\t\t\t\t\t\t\t\t\t\t\t\t\t\t<p class=\"liquid_vc_single_text\">\r\n\r\n\r\n\r\nEffektives Zeit- und Selbstmanagement unterst&uuml;tzen ein gesundes und erf&uuml;lltes Leben. Aktuelle Forschung zeigt, dass Selbstkontrolle und Durchhalteverm&ouml;gen wichtige Faktoren f&uuml;r ...<\/p>\r\n\t\t\t\t\t\t\t\t\t\t\t\t\t\t\t\t\t\t\t\t\t<p class=\"sempreis\">49 \u20ac<\/p>\r\n\t\t\t\t\t\t\t\t\t\t\t\t\t\t\t\t\t\t\t\t\t\t\t<p class=\"semmwst\"><\/p>\r\n\t\t\t\t\t\t\t\t\t\t\t\t\t\t\t\t\t\t\t\t\t\t\t\r\n\t\t\t\t\t\t\t\t\t<\/a>\r\n\t\t\t\t\t\t\t\t\t\r\n\t\t\t\t\t\t\t\t<\/figure>\r\n\t\t\t\t\t\t\t\t\r\n\t\t\t\t\t\t\t<\/div>\r\n\t\t\t\t\t\t\t\t\t\t\t\t\t\t\r\n\t\t\t\t\t\t<\/div>\r\n\t\t\t\t\t<\/div>\r\n\t\t\t\t<\/div>\r\n\t\t\t\t\t\t\t\t<div class=\"wpb_column vc_column_container vc_col-sm-2\">\r\n\t\t\t\t\t<div class=\"vc_column-inner \" >\r\n\t\t\t\t\t\t<div class=\"wpb_wrapper\" >\r\n\t\t\t\t\t\t\t<div class=\"wpb_single_image wpb_content_element vc_align_ liquid_vc_single_image\">\r\n\t\t\t\t\t\t\t\t\t\t\t\t\t\t\t\t\t<div class=\"sem_overlay\" ><a href=\"#Thema4\" class=\"btn btn-solid btn-xsm round border-thin btn-has-label nichtdabutton\">8 Tage nach Ablauf des<br>Vorg\u00e4ngers buchbar<\/a><\/div>\r\n\t\t\t\t\t\t\t\t\t\t\t\t\t\t\t\t\t<figure class=\"wpb_wrapper vc_figure\">\r\n\t\t\t\t\t\t\t\t\t<a href=\"online.therapie.ergowebinar.de\/de\/e\/Prae-Rehabilitation-obere-Extremitaet-2FP-324?\r\n\t\t\t\t\t\t\t\t\t\" title=\"Sie sehen eine Gliederfigur mit ausgestrecktem abwehrenden Arm als Symbol zum Webseminar zur vorbereitentenden Therapie in der Ergotherapie vor elektiven Eingriffen an der oberen Extremit\u00e4t in Orthop\u00e4die, Handttherapie, Neurologie in Klinik + Praxis\" target=\"_blank\">\r\n\t\t\t\t\t\t\t\t\t\t<img decoding=\"async\" width=\"475\" src=\"https:\/\/www.ergowebinar.de\/intern\/parsed_images\/8ec4ecd4-61de-4162-ad0f-478a36f22c93.jpg\" class=\"vc_single_image-img attachment-full\" alt=\"Sie sehen eine Gliederfigur mit ausgestrecktem abwehrenden Arm als Symbol zum Webseminar zur vorbereitentenden Therapie in der Ergotherapie vor elektiven Eingriffen an der oberen Extremit\u00e4t in Orthop\u00e4die, Handttherapie, Neurologie in Klinik + Praxis\" title=\"Sie sehen eine Gliederfigur mit ausgestrecktem abwehrenden Arm als Symbol zum Webseminar zur vorbereitentenden Therapie in der Ergotherapie vor elektiven Eingriffen an der oberen Extremit\u00e4t in Orthop\u00e4die, Handttherapie, Neurologie in Klinik + Praxis\" srcset=\"https:\/\/www.ergowebinar.de\/intern\/parsed_images\/8ec4ecd4-61de-4162-ad0f-478a36f22c93.jpg 475w, https:\/\/www.ergowebinar.de\/intern\/parsed_images\/8ec4ecd4-61de-4162-ad0f-478a36f22c93.jpg 275w\" sizes=\"(max-width: 475px) 100vw, 475px\" itemprop=\"image\" \/>\r\n\t\t\t\t\t\t\t\t\t\t<h6>Pr\u00e4-Rehabilitation - obere Extremit\u00e4t [2FP]<\/h6>\r\n\t\t\t\t\t\t\t\t\t\t\t\t\t\t\t\t\t\t\t\t\t<p class=\"calendarline\"><img decoding=\"async\" class=\"calendar_icon\" src=\"https:\/\/www.ergowebinar.de\/intern\/images\/calendar.png\">16.09.2026 18:00 - 19:00<\/p>\t\r\n\t\t\t\t\t\t\t\t\t\t\t\t\t\t\t\t\t\t\t\t\t<p class=\"liquid_vc_single_text\">\r\nMeist beginnt die Behandlungsserie nach der Nahtentfernung, doch in letzter Zeit gewinnen Interventionen vor dem eigentlichen Operationstermin mehr und mehr an Popularit&auml;t. Wie man Betroffene schon ...<\/p>\r\n\t\t\t\t\t\t\t\t\t\t\t\t\t\t\t\t\t\t\t\t\t<p class=\"sempreis\">49 \u20ac<\/p>\r\n\t\t\t\t\t\t\t\t\t\t\t\t\t\t\t\t\t\t\t\t\t\t\t<p class=\"semmwst\"><\/p>\r\n\t\t\t\t\t\t\t\t\t\t\t\t\t\t\t\t\t\t\t\t\t\t\t\r\n\t\t\t\t\t\t\t\t\t<\/a>\r\n\t\t\t\t\t\t\t\t\t\r\n\t\t\t\t\t\t\t\t<\/figure>\r\n\t\t\t\t\t\t\t\t\r\n\t\t\t\t\t\t\t<\/div>\r\n\t\t\t\t\t\t\t\t\t\t\t\t\t\t\r\n\t\t\t\t\t\t<\/div>\r\n\t\t\t\t\t<\/div>\r\n\t\t\t\t<\/div>\r\n\t\t\t\t\t\t\t\t<div class=\"wpb_column vc_column_container vc_col-sm-2\">\r\n\t\t\t\t\t<div class=\"vc_column-inner \" >\r\n\t\t\t\t\t\t<div class=\"wpb_wrapper\" >\r\n\t\t\t\t\t\t\t<div class=\"wpb_single_image wpb_content_element vc_align_ liquid_vc_single_image\">\r\n\t\t\t\t\t\t\t\t\t\t\t\t\t\t\t\t\t<div class=\"sem_overlay\" ><a href=\"#Thema4\" class=\"btn btn-solid btn-xsm round border-thin btn-has-label nichtdabutton\">8 Tage nach Ablauf des<br>Vorg\u00e4ngers buchbar<\/a><\/div>\r\n\t\t\t\t\t\t\t\t\t\t\t\t\t\t\t\t\t<figure class=\"wpb_wrapper vc_figure\">\r\n\t\t\t\t\t\t\t\t\t<a href=\"online.therapie.ergowebinar.de\/de\/e\/Prae-Rehabilitation-untere-Extremitaet-2FP-325?\r\n\t\t\t\t\t\t\t\t\t\" title=\"Sie sehen eine Hand am Griff einer Unterarmgehst\u00fctze als Symbol zum Webseminar zur vorbereitentenden Therapie in der Ergotherapie vor elektiven Eingriffen an der unteren Extremit\u00e4t in Orthop\u00e4die, Handttherapie, Neurologie in Klinik + Praxis\" target=\"_blank\">\r\n\t\t\t\t\t\t\t\t\t\t<img decoding=\"async\" width=\"475\" src=\"https:\/\/www.ergowebinar.de\/intern\/parsed_images\/8ec4ecd4-61de-4162-ad0f-488a36f22c93.jpg\" class=\"vc_single_image-img attachment-full\" alt=\"Sie sehen eine Hand am Griff einer Unterarmgehst\u00fctze als Symbol zum Webseminar zur vorbereitentenden Therapie in der Ergotherapie vor elektiven Eingriffen an der unteren Extremit\u00e4t in Orthop\u00e4die, Handttherapie, Neurologie in Klinik + Praxis\" title=\"Sie sehen eine Hand am Griff einer Unterarmgehst\u00fctze als Symbol zum Webseminar zur vorbereitentenden Therapie in der Ergotherapie vor elektiven Eingriffen an der unteren Extremit\u00e4t in Orthop\u00e4die, Handttherapie, Neurologie in Klinik + Praxis\" srcset=\"https:\/\/www.ergowebinar.de\/intern\/parsed_images\/8ec4ecd4-61de-4162-ad0f-488a36f22c93.jpg 475w, https:\/\/www.ergowebinar.de\/intern\/parsed_images\/8ec4ecd4-61de-4162-ad0f-488a36f22c93.jpg 275w\" sizes=\"(max-width: 475px) 100vw, 475px\" itemprop=\"image\" \/>\r\n\t\t\t\t\t\t\t\t\t\t<h6>Pr\u00e4-Rehabilitation - untere Extremit\u00e4t [2FP]<\/h6>\r\n\t\t\t\t\t\t\t\t\t\t\t\t\t\t\t\t\t\t\t\t\t<p class=\"calendarline\"><img decoding=\"async\" class=\"calendar_icon\" src=\"https:\/\/www.ergowebinar.de\/intern\/images\/calendar.png\">16.09.2026 19:30 - 20:30<\/p>\t\r\n\t\t\t\t\t\t\t\t\t\t\t\t\t\t\t\t\t\t\t\t\t<p class=\"liquid_vc_single_text\">\r\n\r\nErgotherapeut:innen k&ouml;nnen schon im Vorfeld von Operationen im Bereich der unteren Extremit&auml;t einen wertvollen Beitrag durch Klientenedukation leisten. Sie unterst&uuml;tzen durch diverse ...<\/p>\r\n\t\t\t\t\t\t\t\t\t\t\t\t\t\t\t\t\t\t\t\t\t<p class=\"sempreis\">49 \u20ac<\/p>\r\n\t\t\t\t\t\t\t\t\t\t\t\t\t\t\t\t\t\t\t\t\t\t\t<p class=\"semmwst\"><\/p>\r\n\t\t\t\t\t\t\t\t\t\t\t\t\t\t\t\t\t\t\t\t\t\t\t\r\n\t\t\t\t\t\t\t\t\t<\/a>\r\n\t\t\t\t\t\t\t\t\t\r\n\t\t\t\t\t\t\t\t<\/figure>\r\n\t\t\t\t\t\t\t\t\r\n\t\t\t\t\t\t\t<\/div>\r\n\t\t\t\t\t\t\t\t\t\t\t\t\t\t\r\n\t\t\t\t\t\t<\/div>\r\n\t\t\t\t\t<\/div>\r\n\t\t\t\t<\/div>\r\n\t\t\t\t\t\t\t\t<div class=\"wpb_column vc_column_container vc_col-sm-2\">\r\n\t\t\t\t\t<div class=\"vc_column-inner \" >\r\n\t\t\t\t\t\t<div class=\"wpb_wrapper\" >\r\n\t\t\t\t\t\t\t<div class=\"wpb_single_image wpb_content_element vc_align_ liquid_vc_single_image\">\r\n\t\t\t\t\t\t\t\t\t\t\t\t\t\t\t\t\t<div class=\"sem_overlay\" ><a href=\"https:\/\/online.therapie.ergowebinar.de\/de\/e\/Health-Action-Process-Approach-Veraenderungen-des-Gesundheitsverhaltens-begleiten-2FP-320?\r\n\t\t\t\t\t\t\t\t\t\" class=\"btn btn-solid btn-xsm round border-thin btn-has-label jetztstartenbutton\">klicken f\u00fcr Details<\/a><\/div>\r\n\t\t\t\t\t\t\t\t\t\t\t\t\t\t\t\t\t<figure class=\"wpb_wrapper vc_figure\">\r\n\t\t\t\t\t\t\t\t\t<a href=\"online.therapie.ergowebinar.de\/de\/e\/Health-Action-Process-Approach-Veraenderungen-des-Gesundheitsverhaltens-begleiten-2FP-320?\r\n\t\t\t\t\t\t\t\t\t\" title=\"Sie sehen ein \u00e4lteres Wegweiserschild mit einem links-rechts Pfeil als Assoziation zum Webseminar zur Unterst\u00fctzung von Verhaltensver\u00e4nderungen in der Gesundheitsf\u00f6rderung f\u00fcr alle Fachbereiche der Ergotherapie + Physiotherapie in der Klinik + Praxis\" target=\"_blank\">\r\n\t\t\t\t\t\t\t\t\t\t<img decoding=\"async\" width=\"475\" src=\"https:\/\/www.ergowebinar.de\/intern\/parsed_images\/320.jpg\" class=\"vc_single_image-img attachment-full\" alt=\"Sie sehen ein \u00e4lteres Wegweiserschild mit einem links-rechts Pfeil als Assoziation zum Webseminar zur Unterst\u00fctzung von Verhaltensver\u00e4nderungen in der Gesundheitsf\u00f6rderung f\u00fcr alle Fachbereiche der Ergotherapie + Physiotherapie in der Klinik + Praxis\" title=\"Sie sehen ein \u00e4lteres Wegweiserschild mit einem links-rechts Pfeil als Assoziation zum Webseminar zur Unterst\u00fctzung von Verhaltensver\u00e4nderungen in der Gesundheitsf\u00f6rderung f\u00fcr alle Fachbereiche der Ergotherapie + Physiotherapie in der Klinik + Praxis\" srcset=\"https:\/\/www.ergowebinar.de\/intern\/parsed_images\/320.jpg 475w, https:\/\/www.ergowebinar.de\/intern\/parsed_images\/320.jpg 275w\" sizes=\"(max-width: 475px) 100vw, 475px\" itemprop=\"image\" \/>\r\n\t\t\t\t\t\t\t\t\t\t<h6>Health Action Process Approach - Ver\u00e4nderungen des Gesundheitsverhaltens begleiten [2FP]<\/h6>\r\n\t\t\t\t\t\t\t\t\t\t\t\t\t\t\t\t\t\t\t\t\t<p class=\"calendarline\"><img decoding=\"async\" class=\"calendar_icon\" src=\"https:\/\/www.ergowebinar.de\/intern\/images\/calendar.png\">28.09.2026 16:45 - 17:45<\/p>\t\r\n\t\t\t\t\t\t\t\t\t\t\t\t\t\t\t\t\t\t\t\t\t<p class=\"liquid_vc_single_text\">\r\nVerhaltens&auml;nderung ist ein zentraler Bestandteil in der Gesundheitsf&ouml;rderung. Der Health Action Process Approach (HAPA) ist ein evidenzbasierter Ansatz, der zeigt, wie Menschen ihre Gesundheit ...<\/p>\r\n\t\t\t\t\t\t\t\t\t\t\t\t\t\t\t\t\t\t\t\t\t<p class=\"sempreis\">49 \u20ac<\/p>\r\n\t\t\t\t\t\t\t\t\t\t\t\t\t\t\t\t\t\t\t\t\t\t\t<p class=\"semmwst\"><\/p>\r\n\t\t\t\t\t\t\t\t\t\t\t\t\t\t\t\t\t\t\t\t\t\t\t\r\n\t\t\t\t\t\t\t\t\t<\/a>\r\n\t\t\t\t\t\t\t\t\t\r\n\t\t\t\t\t\t\t\t<\/figure>\r\n\t\t\t\t\t\t\t\t\r\n\t\t\t\t\t\t\t<\/div>\r\n\t\t\t\t\t\t\t\t\t\t\t\t\t\t\r\n\t\t\t\t\t\t<\/div>\r\n\t\t\t\t\t<\/div>\r\n\t\t\t\t<\/div>\r\n\t\t\t\t\t\t\t\t<div class=\"wpb_column vc_column_container vc_col-sm-2\">\r\n\t\t\t\t\t<div class=\"vc_column-inner \" >\r\n\t\t\t\t\t\t<div class=\"wpb_wrapper\" >\r\n\t\t\t\t\t\t\t<div class=\"wpb_single_image wpb_content_element vc_align_ liquid_vc_single_image\">\r\n\t\t\t\t\t\t\t\t\t\t\t\t\t\t\t\t\t<div class=\"sem_overlay\" ><a href=\"https:\/\/online.therapie.ergowebinar.de\/de\/e\/Resilienz-und-Kohaerenz-in-der-ET-2FP-304?\r\n\t\t\t\t\t\t\t\t\t\" class=\"btn btn-solid btn-xsm round border-thin btn-has-label jetztstartenbutton\">klicken f\u00fcr Details<\/a><\/div>\r\n\t\t\t\t\t\t\t\t\t\t\t\t\t\t\t\t\t<figure class=\"wpb_wrapper vc_figure\">\r\n\t\t\t\t\t\t\t\t\t<a href=\"online.therapie.ergowebinar.de\/de\/e\/Resilienz-und-Kohaerenz-in-der-ET-2FP-304?\r\n\t\t\t\t\t\t\t\t\t\" title=\"Sie sehen eine Frau laut in ein Megafon rufen, als Assoziation zum Webseminar zum Erlernen innerer Widerstandskraft f\u00fcr Ergotherapie + Physiotherapie in der Fatigue,Long + PostCovid, Psychosomatik in Klinik + Praxis\" target=\"_blank\">\r\n\t\t\t\t\t\t\t\t\t\t<img decoding=\"async\" width=\"475\" src=\"https:\/\/www.ergowebinar.de\/intern\/parsed_images\/0a2f1d7c-dce6-401b-ad62-45db60a24eb7.jpg\" class=\"vc_single_image-img attachment-full\" alt=\"Sie sehen eine Frau laut in ein Megafon rufen, als Assoziation zum Webseminar zum Erlernen innerer Widerstandskraft f\u00fcr Ergotherapie + Physiotherapie in der Fatigue,Long + PostCovid, Psychosomatik in Klinik + Praxis\" title=\"Sie sehen eine Frau laut in ein Megafon rufen, als Assoziation zum Webseminar zum Erlernen innerer Widerstandskraft f\u00fcr Ergotherapie + Physiotherapie in der Fatigue,Long + PostCovid, Psychosomatik in Klinik + Praxis\" srcset=\"https:\/\/www.ergowebinar.de\/intern\/parsed_images\/0a2f1d7c-dce6-401b-ad62-45db60a24eb7.jpg 475w, https:\/\/www.ergowebinar.de\/intern\/parsed_images\/0a2f1d7c-dce6-401b-ad62-45db60a24eb7.jpg 275w\" sizes=\"(max-width: 475px) 100vw, 475px\" itemprop=\"image\" \/>\r\n\t\t\t\t\t\t\t\t\t\t<h6>Resilienz und Koh\u00e4renz in der ET [2FP]<\/h6>\r\n\t\t\t\t\t\t\t\t\t\t\t\t\t\t\t\t\t\t\t\t\t<p class=\"calendarline\"><img decoding=\"async\" class=\"calendar_icon\" src=\"https:\/\/www.ergowebinar.de\/intern\/images\/calendar.png\">07.10.2026 18:30 - 19:30<\/p>\t\r\n\t\t\t\t\t\t\t\t\t\t\t\t\t\t\t\t\t\t\t\t\t<p class=\"liquid_vc_single_text\">\r\nInnere Widerstandskraft ist ein entscheidender Faktor f&uuml;r die psychische und physische Gesundheit. In neueren Studien wird die Bedeutung des Koh&auml;renzgef&uuml;hls f&uuml;r die Gesundheit best&auml;tigt. ...<\/p>\r\n\t\t\t\t\t\t\t\t\t\t\t\t\t\t\t\t\t\t\t\t\t<p class=\"sempreis\">49 \u20ac<\/p>\r\n\t\t\t\t\t\t\t\t\t\t\t\t\t\t\t\t\t\t\t\t\t\t\t<p class=\"semmwst\"><\/p>\r\n\t\t\t\t\t\t\t\t\t\t\t\t\t\t\t\t\t\t\t\t\t\t\t\r\n\t\t\t\t\t\t\t\t\t<\/a>\r\n\t\t\t\t\t\t\t\t\t\r\n\t\t\t\t\t\t\t\t<\/figure>\r\n\t\t\t\t\t\t\t\t\r\n\t\t\t\t\t\t\t<\/div>\r\n\t\t\t\t\t\t\t\t\t\t\t\t\t\t\r\n\t\t\t\t\t\t<\/div>\r\n\t\t\t\t\t<\/div>\r\n\t\t\t\t<\/div>\r\n\t\t\t\t\t\t\t\t<div class=\"wpb_column vc_column_container vc_col-sm-2\">\r\n\t\t\t\t\t<div class=\"vc_column-inner \" >\r\n\t\t\t\t\t\t<div class=\"wpb_wrapper\" >\r\n\t\t\t\t\t\t\t<div class=\"wpb_single_image wpb_content_element vc_align_ liquid_vc_single_image\">\r\n\t\t\t\t\t\t\t\t\t\t\t\t\t\t\t\t\t<div class=\"sem_overlay\" ><a href=\"https:\/\/online.therapie.ergowebinar.de\/de\/e\/Mini-Habits-fuer-mehr-Resilienz-2FP-305?\r\n\t\t\t\t\t\t\t\t\t\" class=\"btn btn-solid btn-xsm round border-thin btn-has-label jetztstartenbutton\">klicken f\u00fcr Details<\/a><\/div>\r\n\t\t\t\t\t\t\t\t\t\t\t\t\t\t\t\t\t<figure class=\"wpb_wrapper vc_figure\">\r\n\t\t\t\t\t\t\t\t\t<a href=\"online.therapie.ergowebinar.de\/de\/e\/Mini-Habits-fuer-mehr-Resilienz-2FP-305?\r\n\t\t\t\t\t\t\t\t\t\" title=\"Sie sehen eine Minifigur, die mit einem Besen L\u00f6wenzahnsamen wegkehrt, als Assoziation zum Webseminar zum Erlernen von Mini-Habits f\u00fcr mehr Resilienz in Ergotherapie + Physiotherapie in der Fatigue, Long + PostCovid, Psychosomatik in Klinik + Praxis\" target=\"_blank\">\r\n\t\t\t\t\t\t\t\t\t\t<img decoding=\"async\" width=\"475\" src=\"https:\/\/www.ergowebinar.de\/intern\/parsed_images\/305.jpg\" class=\"vc_single_image-img attachment-full\" alt=\"Sie sehen eine Minifigur, die mit einem Besen L\u00f6wenzahnsamen wegkehrt, als Assoziation zum Webseminar zum Erlernen von Mini-Habits f\u00fcr mehr Resilienz in Ergotherapie + Physiotherapie in der Fatigue, Long + PostCovid, Psychosomatik in Klinik + Praxis\" title=\"Sie sehen eine Minifigur, die mit einem Besen L\u00f6wenzahnsamen wegkehrt, als Assoziation zum Webseminar zum Erlernen von Mini-Habits f\u00fcr mehr Resilienz in Ergotherapie + Physiotherapie in der Fatigue, Long + PostCovid, Psychosomatik in Klinik + Praxis\" srcset=\"https:\/\/www.ergowebinar.de\/intern\/parsed_images\/305.jpg 475w, https:\/\/www.ergowebinar.de\/intern\/parsed_images\/305.jpg 275w\" sizes=\"(max-width: 475px) 100vw, 475px\" itemprop=\"image\" \/>\r\n\t\t\t\t\t\t\t\t\t\t<h6>Mini-Habits f\u00fcr mehr Resilienz  [2FP]<\/h6>\r\n\t\t\t\t\t\t\t\t\t\t\t\t\t\t\t\t\t\t\t\t\t<p class=\"calendarline\"><img decoding=\"async\" class=\"calendar_icon\" src=\"https:\/\/www.ergowebinar.de\/intern\/images\/calendar.png\">07.10.2026 20:00 - 21:00<\/p>\t\r\n\t\t\t\t\t\t\t\t\t\t\t\t\t\t\t\t\t\t\t\t\t<p class=\"liquid_vc_single_text\">\r\n\r\nKurze Auszeitmomente im Job k&ouml;nnen die Resilienz und das Wohlbefinden nachhaltig st&auml;rken. Aktuelle Studien zeigen, dass kleine, regelm&auml;&szlig;ige Handlungen (Mini-Habits) zu gro&szlig;en ...<\/p>\r\n\t\t\t\t\t\t\t\t\t\t\t\t\t\t\t\t\t\t\t\t\t<p class=\"sempreis\">49 \u20ac<\/p>\r\n\t\t\t\t\t\t\t\t\t\t\t\t\t\t\t\t\t\t\t\t\t\t\t<p class=\"semmwst\"><\/p>\r\n\t\t\t\t\t\t\t\t\t\t\t\t\t\t\t\t\t\t\t\t\t\t\t\r\n\t\t\t\t\t\t\t\t\t<\/a>\r\n\t\t\t\t\t\t\t\t\t\r\n\t\t\t\t\t\t\t\t<\/figure>\r\n\t\t\t\t\t\t\t\t\r\n\t\t\t\t\t\t\t<\/div>\r\n\t\t\t\t\t\t\t\t\t\t\t\t\t\t\r\n\t\t\t\t\t\t<\/div>\r\n\t\t\t\t\t<\/div>\r\n\t\t\t\t<\/div>\r\n\t\t\t\t\t\t\t\t<div class=\"wpb_column vc_column_container vc_col-sm-2\">\r\n\t\t\t\t\t<div class=\"vc_column-inner \" >\r\n\t\t\t\t\t\t<div class=\"wpb_wrapper\" >\r\n\t\t\t\t\t\t\t<div class=\"wpb_single_image wpb_content_element vc_align_ liquid_vc_single_image\">\r\n\t\t\t\t\t\t\t\t\t\t\t\t\t\t\t\t\t<div class=\"sem_overlay\" ><a href=\"https:\/\/online.therapie.ergowebinar.de\/de\/e\/Altersbilder-Einfluss-und-aktive-Gestaltung-2FP-321?\r\n\t\t\t\t\t\t\t\t\t\" class=\"btn btn-solid btn-xsm round border-thin btn-has-label jetztstartenbutton\">klicken f\u00fcr Details<\/a><\/div>\r\n\t\t\t\t\t\t\t\t\t\t\t\t\t\t\t\t\t<figure class=\"wpb_wrapper vc_figure\">\r\n\t\t\t\t\t\t\t\t\t<a href=\"online.therapie.ergowebinar.de\/de\/e\/Altersbilder-Einfluss-und-aktive-Gestaltung-2FP-321?\r\n\t\t\t\t\t\t\t\t\t\" title=\"Sie sehen dem Kopf eines \u00e4lteren Mannes im Profil als Assoziation zum Webseminar \u00fcber innere Altersbilder von Therapeut:innen und deren Beeinflussung und Wirkung in allen Fachbereichen der Ergotherapie + Physiotherapie in der Klinik + Praxis\" target=\"_blank\">\r\n\t\t\t\t\t\t\t\t\t\t<img decoding=\"async\" width=\"475\" src=\"https:\/\/www.ergowebinar.de\/intern\/parsed_images\/321.jpg\" class=\"vc_single_image-img attachment-full\" alt=\"Sie sehen dem Kopf eines \u00e4lteren Mannes im Profil als Assoziation zum Webseminar \u00fcber innere Altersbilder von Therapeut:innen und deren Beeinflussung und Wirkung in allen Fachbereichen der Ergotherapie + Physiotherapie in der Klinik + Praxis\" title=\"Sie sehen dem Kopf eines \u00e4lteren Mannes im Profil als Assoziation zum Webseminar \u00fcber innere Altersbilder von Therapeut:innen und deren Beeinflussung und Wirkung in allen Fachbereichen der Ergotherapie + Physiotherapie in der Klinik + Praxis\" srcset=\"https:\/\/www.ergowebinar.de\/intern\/parsed_images\/321.jpg 475w, https:\/\/www.ergowebinar.de\/intern\/parsed_images\/321.jpg 275w\" sizes=\"(max-width: 475px) 100vw, 475px\" itemprop=\"image\" \/>\r\n\t\t\t\t\t\t\t\t\t\t<h6>Altersbilder - Einfluss und aktive Gestaltung [2FP]<\/h6>\r\n\t\t\t\t\t\t\t\t\t\t\t\t\t\t\t\t\t\t\t\t\t<p class=\"calendarline\"><img decoding=\"async\" class=\"calendar_icon\" src=\"https:\/\/www.ergowebinar.de\/intern\/images\/calendar.png\">12.10.2026 16:45 - 17:45<\/p>\t\r\n\t\t\t\t\t\t\t\t\t\t\t\t\t\t\t\t\t\t\t\t\t<p class=\"liquid_vc_single_text\">\r\n\r\nIm Alter werden wir \"gebrechlich, vergesslich und unflexibel...\" oder doch eher \"weise, erfahren, unabh&auml;ngig...\"? In diesem Webinar besch&auml;ftigen wir uns mit der Frage, wie stereotype Vorstellungen ...<\/p>\r\n\t\t\t\t\t\t\t\t\t\t\t\t\t\t\t\t\t\t\t\t\t<p class=\"sempreis\">49 \u20ac<\/p>\r\n\t\t\t\t\t\t\t\t\t\t\t\t\t\t\t\t\t\t\t\t\t\t\t<p class=\"semmwst\"><\/p>\r\n\t\t\t\t\t\t\t\t\t\t\t\t\t\t\t\t\t\t\t\t\t\t\t\r\n\t\t\t\t\t\t\t\t\t<\/a>\r\n\t\t\t\t\t\t\t\t\t\r\n\t\t\t\t\t\t\t\t<\/figure>\r\n\t\t\t\t\t\t\t\t\r\n\t\t\t\t\t\t\t<\/div>\r\n\t\t\t\t\t\t\t\t\t\t\t\t\t\t\r\n\t\t\t\t\t\t<\/div>\r\n\t\t\t\t\t<\/div>\r\n\t\t\t\t<\/div>\r\n\t\t\t\t\t\t\t\t<div class=\"wpb_column vc_column_container vc_col-sm-2\">\r\n\t\t\t\t\t<div class=\"vc_column-inner \" >\r\n\t\t\t\t\t\t<div class=\"wpb_wrapper\" >\r\n\t\t\t\t\t\t\t<div class=\"wpb_single_image wpb_content_element vc_align_ liquid_vc_single_image\">\r\n\t\t\t\t\t\t\t\t\t\t\t\t\t\t\t\t\t<div class=\"sem_overlay\" ><a href=\"#Thema4\" class=\"btn btn-solid btn-xsm round border-thin btn-has-label nichtdabutton\">8 Tage nach Ablauf des<br>Vorg\u00e4ngers buchbar<\/a><\/div>\r\n\t\t\t\t\t\t\t\t\t\t\t\t\t\t\t\t\t<figure class=\"wpb_wrapper vc_figure\">\r\n\t\t\t\t\t\t\t\t\t<a href=\"online.therapie.ergowebinar.de\/de\/e\/Sturzangst-verstehen-und-behandeln-2FP-323?\r\n\t\t\t\t\t\t\t\t\t\" title=\"Sie sehen auf einem Treppenabsatz ein Graffti mit einem erschreckten Emoji, als Assoziation zum Webseminar f\u00fcr Ergotherapie + Physiotherapie in der Sturzpr\u00e4vention in \u00fcbergreifenden Fachbereichen, NeuroReha, Orthop\u00e4die und Geriatrie in Klinik + Praxis\" target=\"_blank\">\r\n\t\t\t\t\t\t\t\t\t\t<img decoding=\"async\" width=\"475\" src=\"https:\/\/www.ergowebinar.de\/intern\/parsed_images\/235030fa-bf8e-4326-b419-7e3f69e7679a.jpg\" class=\"vc_single_image-img attachment-full\" alt=\"Sie sehen auf einem Treppenabsatz ein Graffti mit einem erschreckten Emoji, als Assoziation zum Webseminar f\u00fcr Ergotherapie + Physiotherapie in der Sturzpr\u00e4vention in \u00fcbergreifenden Fachbereichen, NeuroReha, Orthop\u00e4die und Geriatrie in Klinik + Praxis\" title=\"Sie sehen auf einem Treppenabsatz ein Graffti mit einem erschreckten Emoji, als Assoziation zum Webseminar f\u00fcr Ergotherapie + Physiotherapie in der Sturzpr\u00e4vention in \u00fcbergreifenden Fachbereichen, NeuroReha, Orthop\u00e4die und Geriatrie in Klinik + Praxis\" srcset=\"https:\/\/www.ergowebinar.de\/intern\/parsed_images\/235030fa-bf8e-4326-b419-7e3f69e7679a.jpg 475w, https:\/\/www.ergowebinar.de\/intern\/parsed_images\/235030fa-bf8e-4326-b419-7e3f69e7679a.jpg 275w\" sizes=\"(max-width: 475px) 100vw, 475px\" itemprop=\"image\" \/>\r\n\t\t\t\t\t\t\t\t\t\t<h6>Sturzangst verstehen und behandeln [2FP]<\/h6>\r\n\t\t\t\t\t\t\t\t\t\t\t\t\t\t\t\t\t\t\t\t\t<p class=\"calendarline\"><img decoding=\"async\" class=\"calendar_icon\" src=\"https:\/\/www.ergowebinar.de\/intern\/images\/calendar.png\">12.10.2026 19:45 - 20:45<\/p>\t\r\n\t\t\t\t\t\t\t\t\t\t\t\t\t\t\t\t\t\t\t\t\t<p class=\"liquid_vc_single_text\">\r\nSturzangst ist ein weit verbreitetes, jedoch oft untersch&auml;tztes Problem. Im Webinar lernen Sie das Symptom fr&uuml;hzeitig zu erkennen und gezielte therapeutische Ma&szlig;nahmen zu ergreifen. Es ...<\/p>\r\n\t\t\t\t\t\t\t\t\t\t\t\t\t\t\t\t\t\t\t\t\t<p class=\"sempreis\">49 \u20ac<\/p>\r\n\t\t\t\t\t\t\t\t\t\t\t\t\t\t\t\t\t\t\t\t\t\t\t<p class=\"semmwst\"><\/p>\r\n\t\t\t\t\t\t\t\t\t\t\t\t\t\t\t\t\t\t\t\t\t\t\t\r\n\t\t\t\t\t\t\t\t\t<\/a>\r\n\t\t\t\t\t\t\t\t\t\r\n\t\t\t\t\t\t\t\t<\/figure>\r\n\t\t\t\t\t\t\t\t\r\n\t\t\t\t\t\t\t<\/div>\r\n\t\t\t\t\t\t\t\t\t\t\t\t\t\t\r\n\t\t\t\t\t\t<\/div>\r\n\t\t\t\t\t<\/div>\r\n\t\t\t\t<\/div>\r\n\t\t\t\t\t\t\t<\/div><\/div><\/div>\r\n\t\t\t\t\t<a name=\"seminarenachdatum\"><\/a>\r\n\t\t<a name=\"4637ce87-7921-4d0b-bda0-7eb8ab5-0040\"><\/a>\r\n\t\t<h2 class=\"ld-fh-element lqd-highlight-underline lqd-highlight-grow-left text-decoration-default h3 ldsemheadline\">Narbentherapie<\/h2>\r\n\t\t\t\t\t<div class=\"vc_row vc_inner\">\r\n\t\t\t<div class=\"ld-container container-fluid\">\r\n\t\t\t<div class=\"row ld-row ld-row-inner\">\r\n\t\t\t\t\t\t\t<div class=\"wpb_column vc_column_container vc_col-sm-2\">\r\n\t\t\t\t\t<div class=\"vc_column-inner \" >\r\n\t\t\t\t\t\t<div class=\"wpb_wrapper\" >\r\n\t\t\t\t\t\t\t<div class=\"wpb_single_image wpb_content_element vc_align_ liquid_vc_single_image\">\r\n\t\t\t\t\t\t\t\t\t\t\t\t\t\t\t\t\t<div class=\"sem_overlay\" ><a href=\"https:\/\/online.therapie.ergowebinar.de\/de\/e\/Brandverletzungen-Narbentherapie-2FP-285?\r\n\t\t\t\t\t\t\t\t\t\" class=\"btn btn-solid btn-xsm round border-thin btn-has-label jetztstartenbutton\">klicken f\u00fcr Details<\/a><\/div>\r\n\t\t\t\t\t\t\t\t\t\t\t\t\t\t\t\t\t<figure class=\"wpb_wrapper vc_figure\">\r\n\t\t\t\t\t\t\t\t\t<a href=\"online.therapie.ergowebinar.de\/de\/e\/Brandverletzungen-Narbentherapie-2FP-285?\r\n\t\t\t\t\t\t\t\t\t\" title=\"Sie sehen Finger von zwei H\u00e4nden, die starke Hautverschiebungen machen, als Assoziation zum Webinar \u00fcber Narbenbehandlung nach Brandverletzungen und Verbrennungen f\u00fcr Ergotherapie und Handtherapie der HandReha, und Narbenbehandlung in Klinik + Praxis\" target=\"_blank\">\r\n\t\t\t\t\t\t\t\t\t\t<img decoding=\"async\" width=\"475\" src=\"https:\/\/www.ergowebinar.de\/intern\/parsed_images\/93a88fdb-6b21-4fc0-8646-c7b74069d417.jpg\" class=\"vc_single_image-img attachment-full\" alt=\"Sie sehen Finger von zwei H\u00e4nden, die starke Hautverschiebungen machen, als Assoziation zum Webinar \u00fcber Narbenbehandlung nach Brandverletzungen und Verbrennungen f\u00fcr Ergotherapie und Handtherapie der HandReha, und Narbenbehandlung in Klinik + Praxis\" title=\"Sie sehen Finger von zwei H\u00e4nden, die starke Hautverschiebungen machen, als Assoziation zum Webinar \u00fcber Narbenbehandlung nach Brandverletzungen und Verbrennungen f\u00fcr Ergotherapie und Handtherapie der HandReha, und Narbenbehandlung in Klinik + Praxis\" srcset=\"https:\/\/www.ergowebinar.de\/intern\/parsed_images\/93a88fdb-6b21-4fc0-8646-c7b74069d417.jpg 475w, https:\/\/www.ergowebinar.de\/intern\/parsed_images\/93a88fdb-6b21-4fc0-8646-c7b74069d417.jpg 275w\" sizes=\"(max-width: 475px) 100vw, 475px\" itemprop=\"image\" \/>\r\n\t\t\t\t\t\t\t\t\t\t<h6>Brandverletzungen - Narbentherapie [2FP]<\/h6>\r\n\t\t\t\t\t\t\t\t\t\t\t\t\t\t\t\t\t\t\t\t\t<p class=\"calendarline\"><img decoding=\"async\" class=\"calendar_icon\" src=\"https:\/\/www.ergowebinar.de\/intern\/images\/calendar.png\">07.05.2026 16:00 - 17:00<\/p>\t\r\n\t\t\t\t\t\t\t\t\t\t\t\t\t\t\t\t\t\t\t\t\t<p class=\"liquid_vc_single_text\">\r\n\r\n\r\nDie Narbentherapie bei Verbrennung unterscheidet sich wesentlich von der Behandlung einer normalen Operationsnarbe. In diesem Webinar erhalten Sie Einblick in die verschiedenen Wundheilungsphasen ...<\/p>\r\n\t\t\t\t\t\t\t\t\t\t\t\t\t\t\t\t\t\t\t\t\t<p class=\"sempreis\">49 \u20ac<\/p>\r\n\t\t\t\t\t\t\t\t\t\t\t\t\t\t\t\t\t\t\t\t\t\t\t<p class=\"semmwst\"><\/p>\r\n\t\t\t\t\t\t\t\t\t\t\t\t\t\t\t\t\t\t\t\t\t\t\t\r\n\t\t\t\t\t\t\t\t\t<\/a>\r\n\t\t\t\t\t\t\t\t\t\r\n\t\t\t\t\t\t\t\t<\/figure>\r\n\t\t\t\t\t\t\t\t\r\n\t\t\t\t\t\t\t<\/div>\r\n\t\t\t\t\t\t\t\t\t\t\t\t\t\t\r\n\t\t\t\t\t\t<\/div>\r\n\t\t\t\t\t<\/div>\r\n\t\t\t\t<\/div>\r\n\t\t\t\t\t\t\t\t<div class=\"wpb_column vc_column_container vc_col-sm-2\">\r\n\t\t\t\t\t<div class=\"vc_column-inner \" >\r\n\t\t\t\t\t\t<div class=\"wpb_wrapper\" >\r\n\t\t\t\t\t\t\t<div class=\"wpb_single_image wpb_content_element vc_align_ liquid_vc_single_image\">\r\n\t\t\t\t\t\t\t\t\t\t\t\t\t\t\t\t\t<div class=\"sem_overlay\" ><a href=\"https:\/\/online.therapie.ergowebinar.de\/de\/e\/Brandverletzungen-Basis-2FP-281?\r\n\t\t\t\t\t\t\t\t\t\" class=\"btn btn-solid btn-xsm round border-thin btn-has-label jetztstartenbutton\">klicken f\u00fcr Details<\/a><\/div>\r\n\t\t\t\t\t\t\t\t\t\t\t\t\t\t\t\t\t<figure class=\"wpb_wrapper vc_figure\">\r\n\t\t\t\t\t\t\t\t\t<a href=\"online.therapie.ergowebinar.de\/de\/e\/Brandverletzungen-Basis-2FP-281?\r\n\t\t\t\t\t\t\t\t\t\" title=\"Sie sehen Flammen auf schwarzem Hintergrund, als Assoziation zum Webseminar \u00fcber Basiswissen zu Brandverletzungen und Therapie bei Verbrennungen f\u00fcr Ergotherapie und Handtherapeuten der HandReha, SchmerzReha und Narbenbehandlung in Klinik + Praxis\" target=\"_blank\">\r\n\t\t\t\t\t\t\t\t\t\t<img decoding=\"async\" width=\"475\" src=\"https:\/\/www.ergowebinar.de\/intern\/parsed_images\/93a89fdb-6b21-4fc0-8746-c7b74069d417.jpg\" class=\"vc_single_image-img attachment-full\" alt=\"Sie sehen Flammen auf schwarzem Hintergrund, als Assoziation zum Webseminar \u00fcber Basiswissen zu Brandverletzungen und Therapie bei Verbrennungen f\u00fcr Ergotherapie und Handtherapeuten der HandReha, SchmerzReha und Narbenbehandlung in Klinik + Praxis\" title=\"Sie sehen Flammen auf schwarzem Hintergrund, als Assoziation zum Webseminar \u00fcber Basiswissen zu Brandverletzungen und Therapie bei Verbrennungen f\u00fcr Ergotherapie und Handtherapeuten der HandReha, SchmerzReha und Narbenbehandlung in Klinik + Praxis\" srcset=\"https:\/\/www.ergowebinar.de\/intern\/parsed_images\/93a89fdb-6b21-4fc0-8746-c7b74069d417.jpg 475w, https:\/\/www.ergowebinar.de\/intern\/parsed_images\/93a89fdb-6b21-4fc0-8746-c7b74069d417.jpg 275w\" sizes=\"(max-width: 475px) 100vw, 475px\" itemprop=\"image\" \/>\r\n\t\t\t\t\t\t\t\t\t\t<h6>Brandverletzungen - Basis [2FP]<\/h6>\r\n\t\t\t\t\t\t\t\t\t\t\t\t\t\t\t\t\t\t\t\t\t<p class=\"calendarline\"><img decoding=\"async\" class=\"calendar_icon\" src=\"https:\/\/www.ergowebinar.de\/intern\/images\/calendar.png\">08.10.2026 16:00 - 17:00<\/p>\t\r\n\t\t\t\t\t\t\t\t\t\t\t\t\t\t\t\t\t\t\t\t\t<p class=\"liquid_vc_single_text\">\r\n\r\nDieses Webinar vermittelt fundiertes Wissen &uuml;ber den Behandlungspfad von Brandverletzten - vom ersten postoperativen Tag bis zum Abschluss der ambulanten Nachsorge. Praxisnahe Beispiele aus dem ...<\/p>\r\n\t\t\t\t\t\t\t\t\t\t\t\t\t\t\t\t\t\t\t\t\t<p class=\"sempreis\">49 \u20ac<\/p>\r\n\t\t\t\t\t\t\t\t\t\t\t\t\t\t\t\t\t\t\t\t\t\t\t<p class=\"semmwst\"><\/p>\r\n\t\t\t\t\t\t\t\t\t\t\t\t\t\t\t\t\t\t\t\t\t\t\t\r\n\t\t\t\t\t\t\t\t\t<\/a>\r\n\t\t\t\t\t\t\t\t\t\r\n\t\t\t\t\t\t\t\t<\/figure>\r\n\t\t\t\t\t\t\t\t\r\n\t\t\t\t\t\t\t<\/div>\r\n\t\t\t\t\t\t\t\t\t\t\t\t\t\t\r\n\t\t\t\t\t\t<\/div>\r\n\t\t\t\t\t<\/div>\r\n\t\t\t\t<\/div>\r\n\t\t\t\t\t\t\t\t<div class=\"wpb_column vc_column_container vc_col-sm-2\">\r\n\t\t\t\t\t<div class=\"vc_column-inner \" >\r\n\t\t\t\t\t\t<div class=\"wpb_wrapper\" >\r\n\t\t\t\t\t\t\t<div class=\"wpb_single_image wpb_content_element vc_align_ liquid_vc_single_image\">\r\n\t\t\t\t\t\t\t\t\t\t\t\t\t\t\t\t\t<div class=\"sem_overlay\" ><a href=\"https:\/\/online.therapie.ergowebinar.de\/de\/e\/Brandverletzungen-funktionelle-Nachbehandlung-2FP-282?\r\n\t\t\t\t\t\t\t\t\t\" class=\"btn btn-solid btn-xsm round border-thin btn-has-label jetztstartenbutton\">klicken f\u00fcr Details<\/a><\/div>\r\n\t\t\t\t\t\t\t\t\t\t\t\t\t\t\t\t\t<figure class=\"wpb_wrapper vc_figure\">\r\n\t\t\t\t\t\t\t\t\t<a href=\"online.therapie.ergowebinar.de\/de\/e\/Brandverletzungen-funktionelle-Nachbehandlung-2FP-282?\r\n\t\t\t\t\t\t\t\t\t\" title=\"Sie sehen zwei H\u00e4nde, die mit Schaumlockenwicklern hantieren, als Assoziation zum Webinar \u00fcber Nachbehandlung zu Brandverletzungen und Verbrennungen in der Ergotherapie und Handtherapie der HandReha, SchmerzReha und Narbenbehandlung in Klinik + Praxis\" target=\"_blank\">\r\n\t\t\t\t\t\t\t\t\t\t<img decoding=\"async\" width=\"475\" src=\"https:\/\/www.ergowebinar.de\/intern\/parsed_images\/93a89fdb-6b21-4fc0-8646-c7b74869d417.jpg\" class=\"vc_single_image-img attachment-full\" alt=\"Sie sehen zwei H\u00e4nde, die mit Schaumlockenwicklern hantieren, als Assoziation zum Webinar \u00fcber Nachbehandlung zu Brandverletzungen und Verbrennungen in der Ergotherapie und Handtherapie der HandReha, SchmerzReha und Narbenbehandlung in Klinik + Praxis\" title=\"Sie sehen zwei H\u00e4nde, die mit Schaumlockenwicklern hantieren, als Assoziation zum Webinar \u00fcber Nachbehandlung zu Brandverletzungen und Verbrennungen in der Ergotherapie und Handtherapie der HandReha, SchmerzReha und Narbenbehandlung in Klinik + Praxis\" srcset=\"https:\/\/www.ergowebinar.de\/intern\/parsed_images\/93a89fdb-6b21-4fc0-8646-c7b74869d417.jpg 475w, https:\/\/www.ergowebinar.de\/intern\/parsed_images\/93a89fdb-6b21-4fc0-8646-c7b74869d417.jpg 275w\" sizes=\"(max-width: 475px) 100vw, 475px\" itemprop=\"image\" \/>\r\n\t\t\t\t\t\t\t\t\t\t<h6>Brandverletzungen - funktionelle Nachbehandlung  [2FP]<\/h6>\r\n\t\t\t\t\t\t\t\t\t\t\t\t\t\t\t\t\t\t\t\t\t<p class=\"calendarline\"><img decoding=\"async\" class=\"calendar_icon\" src=\"https:\/\/www.ergowebinar.de\/intern\/images\/calendar.png\">22.10.2026 16:00 - 17:00<\/p>\t\r\n\t\t\t\t\t\t\t\t\t\t\t\t\t\t\t\t\t\t\t\t\t<p class=\"liquid_vc_single_text\">\r\n\r\n\r\nIn diesem Webinar erfahren Sie die Prinzipien der funktionellen Nachbehandlung in den verschiedenen Wundheilungsphasen bei Brandverletzungen. Zugleich lernen Sie die Bedeutung der ADLs kennen und ...<\/p>\r\n\t\t\t\t\t\t\t\t\t\t\t\t\t\t\t\t\t\t\t\t\t<p class=\"sempreis\">49 \u20ac<\/p>\r\n\t\t\t\t\t\t\t\t\t\t\t\t\t\t\t\t\t\t\t\t\t\t\t<p class=\"semmwst\"><\/p>\r\n\t\t\t\t\t\t\t\t\t\t\t\t\t\t\t\t\t\t\t\t\t\t\t\r\n\t\t\t\t\t\t\t\t\t<\/a>\r\n\t\t\t\t\t\t\t\t\t\r\n\t\t\t\t\t\t\t\t<\/figure>\r\n\t\t\t\t\t\t\t\t\r\n\t\t\t\t\t\t\t<\/div>\r\n\t\t\t\t\t\t\t\t\t\t\t\t\t\t\r\n\t\t\t\t\t\t<\/div>\r\n\t\t\t\t\t<\/div>\r\n\t\t\t\t<\/div>\r\n\t\t\t\t\t\t\t<\/div><\/div><\/div>\r\n\t\t\t\t\t<a name=\"seminarenachdatum\"><\/a>\r\n\t\t<a name=\"Thema3\"><\/a>\r\n\t\t<h2 class=\"ld-fh-element lqd-highlight-underline lqd-highlight-grow-left text-decoration-default h3 ldsemheadline\">Onkologie<\/h2>\r\n\t\t\t\t\t<div class=\"vc_row vc_inner\">\r\n\t\t\t<div class=\"ld-container container-fluid\">\r\n\t\t\t<div class=\"row ld-row ld-row-inner\">\r\n\t\t\t\t\t\t\t<div class=\"wpb_column vc_column_container vc_col-sm-2\">\r\n\t\t\t\t\t<div class=\"vc_column-inner \" >\r\n\t\t\t\t\t\t<div class=\"wpb_wrapper\" >\r\n\t\t\t\t\t\t\t<div class=\"wpb_single_image wpb_content_element vc_align_ liquid_vc_single_image\">\r\n\t\t\t\t\t\t\t\t\t\t\t\t\t\t\t\t\t<div class=\"sem_overlay\" ><a href=\"https:\/\/online.therapie.ergowebinar.de\/de\/e\/Onkologie-ergotherapeutische-Basics-2FP-277?\r\n\t\t\t\t\t\t\t\t\t\" class=\"btn btn-solid btn-xsm round border-thin btn-has-label jetztstartenbutton\">klicken f\u00fcr Details<\/a><\/div>\r\n\t\t\t\t\t\t\t\t\t\t\t\t\t\t\t\t\t<figure class=\"wpb_wrapper vc_figure\">\r\n\t\t\t\t\t\t\t\t\t<a href=\"online.therapie.ergowebinar.de\/de\/e\/Onkologie-ergotherapeutische-Basics-2FP-277?\r\n\t\t\t\t\t\t\t\t\t\" title=\"Sie sehen eine Gliederpuppe auf einer Parkbanklehne sitzen, als Symbol zum Webinar \u00fcber Basiswissen zur Ergotherapie in der Onkologie in Klinik + Praxis\" target=\"_blank\">\r\n\t\t\t\t\t\t\t\t\t\t<img decoding=\"async\" width=\"475\" src=\"https:\/\/www.ergowebinar.de\/intern\/parsed_images\/bfc9e5a8-094c-4cbd-9ecb-064aa89786bf.jpg\" class=\"vc_single_image-img attachment-full\" alt=\"Sie sehen eine Gliederpuppe auf einer Parkbanklehne sitzen, als Symbol zum Webinar \u00fcber Basiswissen zur Ergotherapie in der Onkologie in Klinik + Praxis\" title=\"Sie sehen eine Gliederpuppe auf einer Parkbanklehne sitzen, als Symbol zum Webinar \u00fcber Basiswissen zur Ergotherapie in der Onkologie in Klinik + Praxis\" srcset=\"https:\/\/www.ergowebinar.de\/intern\/parsed_images\/bfc9e5a8-094c-4cbd-9ecb-064aa89786bf.jpg 475w, https:\/\/www.ergowebinar.de\/intern\/parsed_images\/bfc9e5a8-094c-4cbd-9ecb-064aa89786bf.jpg 275w\" sizes=\"(max-width: 475px) 100vw, 475px\" itemprop=\"image\" \/>\r\n\t\t\t\t\t\t\t\t\t\t<h6>Onkologie - ergotherapeutische Basics [2FP]<\/h6>\r\n\t\t\t\t\t\t\t\t\t\t\t\t\t\t\t\t\t\t\t\t\t<p class=\"calendarline\"><img decoding=\"async\" class=\"calendar_icon\" src=\"https:\/\/www.ergowebinar.de\/intern\/images\/calendar.png\">11.05.2026 19:00 - 20:00<\/p>\t\r\n\t\t\t\t\t\t\t\t\t\t\t\t\t\t\t\t\t\t\t\t\t<p class=\"liquid_vc_single_text\">\r\n\r\n\r\nDie ergotherapeutischen Behandlungsm&ouml;glichkeiten sind in der Onkologie besonders breit aufgestellt und multidisziplin&auml;r vernetzt. Hier zeige ich zun&auml;chst die klinischen und ambulanten ...<\/p>\r\n\t\t\t\t\t\t\t\t\t\t\t\t\t\t\t\t\t\t\t\t\t<p class=\"sempreis\">49 \u20ac<\/p>\r\n\t\t\t\t\t\t\t\t\t\t\t\t\t\t\t\t\t\t\t\t\t\t\t<p class=\"semmwst\"><\/p>\r\n\t\t\t\t\t\t\t\t\t\t\t\t\t\t\t\t\t\t\t\t\t\t\t\r\n\t\t\t\t\t\t\t\t\t<\/a>\r\n\t\t\t\t\t\t\t\t\t\r\n\t\t\t\t\t\t\t\t<\/figure>\r\n\t\t\t\t\t\t\t\t\r\n\t\t\t\t\t\t\t<\/div>\r\n\t\t\t\t\t\t\t\t\t\t\t\t\t\t\r\n\t\t\t\t\t\t<\/div>\r\n\t\t\t\t\t<\/div>\r\n\t\t\t\t<\/div>\r\n\t\t\t\t\t\t\t\t<div class=\"wpb_column vc_column_container vc_col-sm-2\">\r\n\t\t\t\t\t<div class=\"vc_column-inner \" >\r\n\t\t\t\t\t\t<div class=\"wpb_wrapper\" >\r\n\t\t\t\t\t\t\t<div class=\"wpb_single_image wpb_content_element vc_align_ liquid_vc_single_image\">\r\n\t\t\t\t\t\t\t\t\t\t\t\t\t\t\t\t\t<div class=\"sem_overlay\" ><a href=\"https:\/\/online.therapie.ergowebinar.de\/de\/e\/Onkologie-ergotherapeutischer-Leitpfad-Schnittstellen-2FP-278?\r\n\t\t\t\t\t\t\t\t\t\" class=\"btn btn-solid btn-xsm round border-thin btn-has-label jetztstartenbutton\">klicken f\u00fcr Details<\/a><\/div>\r\n\t\t\t\t\t\t\t\t\t\t\t\t\t\t\t\t\t<figure class=\"wpb_wrapper vc_figure\">\r\n\t\t\t\t\t\t\t\t\t<a href=\"online.therapie.ergowebinar.de\/de\/e\/Onkologie-ergotherapeutischer-Leitpfad-Schnittstellen-2FP-278?\r\n\t\t\t\t\t\t\t\t\t\" title=\"Sie sehen eine historische Schreibmaschine mit der Anfangszeile ...Dinge zu tun bis.., als Symbol zum Webinar \u00fcber Leitpfad und Arbeitsfelder zur Ergotherapie in der Onkologie in Klinik + Praxis\" target=\"_blank\">\r\n\t\t\t\t\t\t\t\t\t\t<img decoding=\"async\" width=\"475\" src=\"https:\/\/www.ergowebinar.de\/intern\/parsed_images\/afs9e5a8-094c-4cbd-9ecb-064aa89786bf.jpg\" class=\"vc_single_image-img attachment-full\" alt=\"Sie sehen eine historische Schreibmaschine mit der Anfangszeile ...Dinge zu tun bis.., als Symbol zum Webinar \u00fcber Leitpfad und Arbeitsfelder zur Ergotherapie in der Onkologie in Klinik + Praxis\" title=\"Sie sehen eine historische Schreibmaschine mit der Anfangszeile ...Dinge zu tun bis.., als Symbol zum Webinar \u00fcber Leitpfad und Arbeitsfelder zur Ergotherapie in der Onkologie in Klinik + Praxis\" srcset=\"https:\/\/www.ergowebinar.de\/intern\/parsed_images\/afs9e5a8-094c-4cbd-9ecb-064aa89786bf.jpg 475w, https:\/\/www.ergowebinar.de\/intern\/parsed_images\/afs9e5a8-094c-4cbd-9ecb-064aa89786bf.jpg 275w\" sizes=\"(max-width: 475px) 100vw, 475px\" itemprop=\"image\" \/>\r\n\t\t\t\t\t\t\t\t\t\t<h6>Onkologie - ergotherapeutischer Leitpfad + Schnittstellen [2FP]<\/h6>\r\n\t\t\t\t\t\t\t\t\t\t\t\t\t\t\t\t\t\t\t\t\t<p class=\"calendarline\"><img decoding=\"async\" class=\"calendar_icon\" src=\"https:\/\/www.ergowebinar.de\/intern\/images\/calendar.png\">18.05.2026 19:00 - 20:00<\/p>\t\r\n\t\t\t\t\t\t\t\t\t\t\t\t\t\t\t\t\t\t\t\t\t<p class=\"liquid_vc_single_text\">\r\n\r\n\r\n\r\nDie kognitiven und mentalen Ver&auml;nderungen sowie &Auml;ngste und Sorgen sind ein st&auml;ndiger Begleiter der Betroffenen in der Onkologie. Sie sind ein hartn&auml;ckiger und manchmal auch ...<\/p>\r\n\t\t\t\t\t\t\t\t\t\t\t\t\t\t\t\t\t\t\t\t\t<p class=\"sempreis\">49 \u20ac<\/p>\r\n\t\t\t\t\t\t\t\t\t\t\t\t\t\t\t\t\t\t\t\t\t\t\t<p class=\"semmwst\"><\/p>\r\n\t\t\t\t\t\t\t\t\t\t\t\t\t\t\t\t\t\t\t\t\t\t\t\r\n\t\t\t\t\t\t\t\t\t<\/a>\r\n\t\t\t\t\t\t\t\t\t\r\n\t\t\t\t\t\t\t\t<\/figure>\r\n\t\t\t\t\t\t\t\t\r\n\t\t\t\t\t\t\t<\/div>\r\n\t\t\t\t\t\t\t\t\t\t\t\t\t\t\r\n\t\t\t\t\t\t<\/div>\r\n\t\t\t\t\t<\/div>\r\n\t\t\t\t<\/div>\r\n\t\t\t\t\t\t\t\t<div class=\"wpb_column vc_column_container vc_col-sm-2\">\r\n\t\t\t\t\t<div class=\"vc_column-inner \" >\r\n\t\t\t\t\t\t<div class=\"wpb_wrapper\" >\r\n\t\t\t\t\t\t\t<div class=\"wpb_single_image wpb_content_element vc_align_ liquid_vc_single_image\">\r\n\t\t\t\t\t\t\t\t\t\t\t\t\t\t\t\t\t<div class=\"sem_overlay\" ><a href=\"https:\/\/online.therapie.ergowebinar.de\/de\/e\/Onkologie-chemotherapieinduzierte-Polyneuropathie-2FP-279?\r\n\t\t\t\t\t\t\t\t\t\" class=\"btn btn-solid btn-xsm round border-thin btn-has-label jetztstartenbutton\">klicken f\u00fcr Details<\/a><\/div>\r\n\t\t\t\t\t\t\t\t\t\t\t\t\t\t\t\t\t<figure class=\"wpb_wrapper vc_figure\">\r\n\t\t\t\t\t\t\t\t\t<a href=\"online.therapie.ergowebinar.de\/de\/e\/Onkologie-chemotherapieinduzierte-Polyneuropathie-2FP-279?\r\n\t\t\t\t\t\t\t\t\t\" title=\"Sie sehen zahlreiche Igelb\u00e4lle nebeneinander, als Symbol zum Webinar \u00fcber die Therapie von chemotherapieinduzierter Polyneuropathie in der Ergotherapie in der Onkologie in Klinik + Praxis\" target=\"_blank\">\r\n\t\t\t\t\t\t\t\t\t\t<img decoding=\"async\" width=\"475\" src=\"https:\/\/www.ergowebinar.de\/intern\/parsed_images\/afc9e5a8-094c-4cbd-9egb-064aa89786bf.jpg\" class=\"vc_single_image-img attachment-full\" alt=\"Sie sehen zahlreiche Igelb\u00e4lle nebeneinander, als Symbol zum Webinar \u00fcber die Therapie von chemotherapieinduzierter Polyneuropathie in der Ergotherapie in der Onkologie in Klinik + Praxis\" title=\"Sie sehen zahlreiche Igelb\u00e4lle nebeneinander, als Symbol zum Webinar \u00fcber die Therapie von chemotherapieinduzierter Polyneuropathie in der Ergotherapie in der Onkologie in Klinik + Praxis\" srcset=\"https:\/\/www.ergowebinar.de\/intern\/parsed_images\/afc9e5a8-094c-4cbd-9egb-064aa89786bf.jpg 475w, https:\/\/www.ergowebinar.de\/intern\/parsed_images\/afc9e5a8-094c-4cbd-9egb-064aa89786bf.jpg 275w\" sizes=\"(max-width: 475px) 100vw, 475px\" itemprop=\"image\" \/>\r\n\t\t\t\t\t\t\t\t\t\t<h6>Onkologie - chemotherapieinduzierte Polyneuropathie [2FP]<\/h6>\r\n\t\t\t\t\t\t\t\t\t\t\t\t\t\t\t\t\t\t\t\t\t<p class=\"calendarline\"><img decoding=\"async\" class=\"calendar_icon\" src=\"https:\/\/www.ergowebinar.de\/intern\/images\/calendar.png\">01.06.2026 19:00 - 20:00<\/p>\t\r\n\t\t\t\t\t\t\t\t\t\t\t\t\t\t\t\t\t\t\t\t\t<p class=\"liquid_vc_single_text\">\r\n\r\n\r\n\r\nIn der Therapie von Tumoren ist Chemotherapie ein fester Bestandteil h&auml;ufig mit ausgepr&auml;gten Beeintr&auml;chtigungen der Sensibilit&auml;t. Diese sind zwar in den meisten F&auml;llen ...<\/p>\r\n\t\t\t\t\t\t\t\t\t\t\t\t\t\t\t\t\t\t\t\t\t<p class=\"sempreis\">49 \u20ac<\/p>\r\n\t\t\t\t\t\t\t\t\t\t\t\t\t\t\t\t\t\t\t\t\t\t\t<p class=\"semmwst\"><\/p>\r\n\t\t\t\t\t\t\t\t\t\t\t\t\t\t\t\t\t\t\t\t\t\t\t\r\n\t\t\t\t\t\t\t\t\t<\/a>\r\n\t\t\t\t\t\t\t\t\t\r\n\t\t\t\t\t\t\t\t<\/figure>\r\n\t\t\t\t\t\t\t\t\r\n\t\t\t\t\t\t\t<\/div>\r\n\t\t\t\t\t\t\t\t\t\t\t\t\t\t\r\n\t\t\t\t\t\t<\/div>\r\n\t\t\t\t\t<\/div>\r\n\t\t\t\t<\/div>\r\n\t\t\t\t\t\t\t\t<div class=\"wpb_column vc_column_container vc_col-sm-2\">\r\n\t\t\t\t\t<div class=\"vc_column-inner \" >\r\n\t\t\t\t\t\t<div class=\"wpb_wrapper\" >\r\n\t\t\t\t\t\t\t<div class=\"wpb_single_image wpb_content_element vc_align_ liquid_vc_single_image\">\r\n\t\t\t\t\t\t\t\t\t\t\t\t\t\t\t\t\t<div class=\"sem_overlay\" ><a href=\"https:\/\/online.therapie.ergowebinar.de\/de\/e\/Onkologie-Atmung-fuer-mehr-Lebensqualitaet-2-FP-318?\r\n\t\t\t\t\t\t\t\t\t\" class=\"btn btn-solid btn-xsm round border-thin btn-has-label jetztstartenbutton\">klicken f\u00fcr Details<\/a><\/div>\r\n\t\t\t\t\t\t\t\t\t\t\t\t\t\t\t\t\t<figure class=\"wpb_wrapper vc_figure\">\r\n\t\t\t\t\t\t\t\t\t<a href=\"online.therapie.ergowebinar.de\/de\/e\/Onkologie-Atmung-fuer-mehr-Lebensqualitaet-2-FP-318?\r\n\t\t\t\t\t\t\t\t\t\" title=\"Sie sehen eine Frau Seifenblasen pusten, als Assoziation zum Webseminar zu AtemYogas\u00fcbungen f\u00fcr Klienten in der Ergotherapie + Physiotherapie in der Onkologie, Psychosomatik in Klinik + Praxis\" target=\"_blank\">\r\n\t\t\t\t\t\t\t\t\t\t<img decoding=\"async\" width=\"475\" src=\"https:\/\/www.ergowebinar.de\/intern\/parsed_images\/0a5d1d7d-dce6-401b-ad62-45db60b24eb7.jpg\" class=\"vc_single_image-img attachment-full\" alt=\"Sie sehen eine Frau Seifenblasen pusten, als Assoziation zum Webseminar zu AtemYogas\u00fcbungen f\u00fcr Klienten in der Ergotherapie + Physiotherapie in der Onkologie, Psychosomatik in Klinik + Praxis\" title=\"Sie sehen eine Frau Seifenblasen pusten, als Assoziation zum Webseminar zu AtemYogas\u00fcbungen f\u00fcr Klienten in der Ergotherapie + Physiotherapie in der Onkologie, Psychosomatik in Klinik + Praxis\" srcset=\"https:\/\/www.ergowebinar.de\/intern\/parsed_images\/0a5d1d7d-dce6-401b-ad62-45db60b24eb7.jpg 475w, https:\/\/www.ergowebinar.de\/intern\/parsed_images\/0a5d1d7d-dce6-401b-ad62-45db60b24eb7.jpg 275w\" sizes=\"(max-width: 475px) 100vw, 475px\" itemprop=\"image\" \/>\r\n\t\t\t\t\t\t\t\t\t\t<h6>Onkologie - Atmung f\u00fcr mehr Lebensqualit\u00e4t [2 FP]<\/h6>\r\n\t\t\t\t\t\t\t\t\t\t\t\t\t\t\t\t\t\t\t\t\t<p class=\"calendarline\"><img decoding=\"async\" class=\"calendar_icon\" src=\"https:\/\/www.ergowebinar.de\/intern\/images\/calendar.png\">03.06.2026 18:30 - 19:30<\/p>\t\r\n\t\t\t\t\t\t\t\t\t\t\t\t\t\t\t\t\t\t\t\t\t<p class=\"liquid_vc_single_text\">\r\n\r\n\r\nDie Atmung beeinflusst alle K&ouml;rpersysteme - von der Zellversorgung bis zur Regulation des Nervensystems. Gerade in der Onkologie hilft gezieltes AtemYoga, &Auml;ngste zu lindern, Fatigue zu ...<\/p>\r\n\t\t\t\t\t\t\t\t\t\t\t\t\t\t\t\t\t\t\t\t\t<p class=\"sempreis\">49 \u20ac<\/p>\r\n\t\t\t\t\t\t\t\t\t\t\t\t\t\t\t\t\t\t\t\t\t\t\t<p class=\"semmwst\"><\/p>\r\n\t\t\t\t\t\t\t\t\t\t\t\t\t\t\t\t\t\t\t\t\t\t\t\r\n\t\t\t\t\t\t\t\t\t<\/a>\r\n\t\t\t\t\t\t\t\t\t\r\n\t\t\t\t\t\t\t\t<\/figure>\r\n\t\t\t\t\t\t\t\t\r\n\t\t\t\t\t\t\t<\/div>\r\n\t\t\t\t\t\t\t\t\t\t\t\t\t\t\r\n\t\t\t\t\t\t<\/div>\r\n\t\t\t\t\t<\/div>\r\n\t\t\t\t<\/div>\r\n\t\t\t\t\t\t\t\t<div class=\"wpb_column vc_column_container vc_col-sm-2\">\r\n\t\t\t\t\t<div class=\"vc_column-inner \" >\r\n\t\t\t\t\t\t<div class=\"wpb_wrapper\" >\r\n\t\t\t\t\t\t\t<div class=\"wpb_single_image wpb_content_element vc_align_ liquid_vc_single_image\">\r\n\t\t\t\t\t\t\t\t\t\t\t\t\t\t\t\t\t<div class=\"sem_overlay\" ><a href=\"https:\/\/online.therapie.ergowebinar.de\/de\/e\/Das-BERN-Modell-Coping-und-Stressbewaeltigung-2FP-310?\r\n\t\t\t\t\t\t\t\t\t\" class=\"btn btn-solid btn-xsm round border-thin btn-has-label jetztstartenbutton\">klicken f\u00fcr Details<\/a><\/div>\r\n\t\t\t\t\t\t\t\t\t\t\t\t\t\t\t\t\t<figure class=\"wpb_wrapper vc_figure\">\r\n\t\t\t\t\t\t\t\t\t<a href=\"online.therapie.ergowebinar.de\/de\/e\/Das-BERN-Modell-Coping-und-Stressbewaeltigung-2FP-310?\r\n\t\t\t\t\t\t\t\t\t\" title=\"Sie sehen einen Mann in \u00dcberkopfh\u00f6he Pappkartons mit Stress-,Problem- und Depressionsbeschriftung stemmen, als Assoziation zum Webseminar zu Copingstrategien  f\u00fcr Klienten in der Ergotherapie + Physiotherapie in mehreren Fachgebieten in Klinik + Praxis\" target=\"_blank\">\r\n\t\t\t\t\t\t\t\t\t\t<img decoding=\"async\" width=\"475\" src=\"https:\/\/www.ergowebinar.de\/intern\/parsed_images\/0a5e1d7d-dce6-401b-ad62-45db60b24eb7.jpg\" class=\"vc_single_image-img attachment-full\" alt=\"Sie sehen einen Mann in \u00dcberkopfh\u00f6he Pappkartons mit Stress-,Problem- und Depressionsbeschriftung stemmen, als Assoziation zum Webseminar zu Copingstrategien  f\u00fcr Klienten in der Ergotherapie + Physiotherapie in mehreren Fachgebieten in Klinik + Praxis\" title=\"Sie sehen einen Mann in \u00dcberkopfh\u00f6he Pappkartons mit Stress-,Problem- und Depressionsbeschriftung stemmen, als Assoziation zum Webseminar zu Copingstrategien  f\u00fcr Klienten in der Ergotherapie + Physiotherapie in mehreren Fachgebieten in Klinik + Praxis\" srcset=\"https:\/\/www.ergowebinar.de\/intern\/parsed_images\/0a5e1d7d-dce6-401b-ad62-45db60b24eb7.jpg 475w, https:\/\/www.ergowebinar.de\/intern\/parsed_images\/0a5e1d7d-dce6-401b-ad62-45db60b24eb7.jpg 275w\" sizes=\"(max-width: 475px) 100vw, 475px\" itemprop=\"image\" \/>\r\n\t\t\t\t\t\t\t\t\t\t<h6>Das BERN-Modell - Coping und Stressbew\u00e4ltigung [2FP]<\/h6>\r\n\t\t\t\t\t\t\t\t\t\t\t\t\t\t\t\t\t\t\t\t\t<p class=\"calendarline\"><img decoding=\"async\" class=\"calendar_icon\" src=\"https:\/\/www.ergowebinar.de\/intern\/images\/calendar.png\">03.06.2026 20:00 - 21:00<\/p>\t\r\n\t\t\t\t\t\t\t\t\t\t\t\t\t\t\t\t\t\t\t\t\t<p class=\"liquid_vc_single_text\">\r\n\r\n\r\n\r\nDas BERN-Modell (Behavior, Exercise, Relaxation, Nutrition) - also Verhalten, Bewegung, Entspannung und Ern&auml;hrung bietet einen klaren Rahmen, um Stressreaktionen zu verstehen und zu regulieren. ...<\/p>\r\n\t\t\t\t\t\t\t\t\t\t\t\t\t\t\t\t\t\t\t\t\t<p class=\"sempreis\">49 \u20ac<\/p>\r\n\t\t\t\t\t\t\t\t\t\t\t\t\t\t\t\t\t\t\t\t\t\t\t<p class=\"semmwst\"><\/p>\r\n\t\t\t\t\t\t\t\t\t\t\t\t\t\t\t\t\t\t\t\t\t\t\t\r\n\t\t\t\t\t\t\t\t\t<\/a>\r\n\t\t\t\t\t\t\t\t\t\r\n\t\t\t\t\t\t\t\t<\/figure>\r\n\t\t\t\t\t\t\t\t\r\n\t\t\t\t\t\t\t<\/div>\r\n\t\t\t\t\t\t\t\t\t\t\t\t\t\t\r\n\t\t\t\t\t\t<\/div>\r\n\t\t\t\t\t<\/div>\r\n\t\t\t\t<\/div>\r\n\t\t\t\t\t\t\t\t<div class=\"wpb_column vc_column_container vc_col-sm-2\">\r\n\t\t\t\t\t<div class=\"vc_column-inner \" >\r\n\t\t\t\t\t\t<div class=\"wpb_wrapper\" >\r\n\t\t\t\t\t\t\t<div class=\"wpb_single_image wpb_content_element vc_align_ liquid_vc_single_image\">\r\n\t\t\t\t\t\t\t\t\t\t\t\t\t\t\t\t\t<div class=\"sem_overlay\" ><a href=\"https:\/\/online.therapie.ergowebinar.de\/de\/e\/Onkologie-Ergotherapie-nach-Brust-OP-2FP-280?\r\n\t\t\t\t\t\t\t\t\t\" class=\"btn btn-solid btn-xsm round border-thin btn-has-label jetztstartenbutton\">klicken f\u00fcr Details<\/a><\/div>\r\n\t\t\t\t\t\t\t\t\t\t\t\t\t\t\t\t\t<figure class=\"wpb_wrapper vc_figure\">\r\n\t\t\t\t\t\t\t\t\t<a href=\"online.therapie.ergowebinar.de\/de\/e\/Onkologie-Ergotherapie-nach-Brust-OP-2FP-280?\r\n\t\t\t\t\t\t\t\t\t\" title=\"Sie sehen einen weiblichen Oberk\u00f6rper nach Brustresektion ohne Implantate, als Symbol zum Webinar \u00fcber Ergotherapie nach Mamma-OP in der Onkologie in Klinik + Praxis\" target=\"_blank\">\r\n\t\t\t\t\t\t\t\t\t\t<img decoding=\"async\" width=\"475\" src=\"https:\/\/www.ergowebinar.de\/intern\/parsed_images\/afc9e5a8-094c-4cbd-9efb-064aa89786bf.jpg\" class=\"vc_single_image-img attachment-full\" alt=\"Sie sehen einen weiblichen Oberk\u00f6rper nach Brustresektion ohne Implantate, als Symbol zum Webinar \u00fcber Ergotherapie nach Mamma-OP in der Onkologie in Klinik + Praxis\" title=\"Sie sehen einen weiblichen Oberk\u00f6rper nach Brustresektion ohne Implantate, als Symbol zum Webinar \u00fcber Ergotherapie nach Mamma-OP in der Onkologie in Klinik + Praxis\" srcset=\"https:\/\/www.ergowebinar.de\/intern\/parsed_images\/afc9e5a8-094c-4cbd-9efb-064aa89786bf.jpg 475w, https:\/\/www.ergowebinar.de\/intern\/parsed_images\/afc9e5a8-094c-4cbd-9efb-064aa89786bf.jpg 275w\" sizes=\"(max-width: 475px) 100vw, 475px\" itemprop=\"image\" \/>\r\n\t\t\t\t\t\t\t\t\t\t<h6>Onkologie - Ergotherapie nach Brust OP [2FP]<\/h6>\r\n\t\t\t\t\t\t\t\t\t\t\t\t\t\t\t\t\t\t\t\t\t<p class=\"calendarline\"><img decoding=\"async\" class=\"calendar_icon\" src=\"https:\/\/www.ergowebinar.de\/intern\/images\/calendar.png\">08.06.2026 19:00 - 20:00<\/p>\t\r\n\t\t\t\t\t\t\t\t\t\t\t\t\t\t\t\t\t\t\t\t\t<p class=\"liquid_vc_single_text\">\r\nH&auml;ufig folgt auf die Mamma-OP ein deutlich sp&uuml;rbarer Handkraftverlust und eine stark einschr&auml;nkende Gelenkssteifigkeit am Morgen sowie zahlreiche weitere alltagsrelevante Beeintr&auml;chtigungen. ...<\/p>\r\n\t\t\t\t\t\t\t\t\t\t\t\t\t\t\t\t\t\t\t\t\t<p class=\"sempreis\">49 \u20ac<\/p>\r\n\t\t\t\t\t\t\t\t\t\t\t\t\t\t\t\t\t\t\t\t\t\t\t<p class=\"semmwst\"><\/p>\r\n\t\t\t\t\t\t\t\t\t\t\t\t\t\t\t\t\t\t\t\t\t\t\t\r\n\t\t\t\t\t\t\t\t\t<\/a>\r\n\t\t\t\t\t\t\t\t\t\r\n\t\t\t\t\t\t\t\t<\/figure>\r\n\t\t\t\t\t\t\t\t\r\n\t\t\t\t\t\t\t<\/div>\r\n\t\t\t\t\t\t\t\t\t\t\t\t\t\t\r\n\t\t\t\t\t\t<\/div>\r\n\t\t\t\t\t<\/div>\r\n\t\t\t\t<\/div>\r\n\t\t\t\t\t\t\t\t<div class=\"wpb_column vc_column_container vc_col-sm-2\">\r\n\t\t\t\t\t<div class=\"vc_column-inner \" >\r\n\t\t\t\t\t\t<div class=\"wpb_wrapper\" >\r\n\t\t\t\t\t\t\t<div class=\"wpb_single_image wpb_content_element vc_align_ liquid_vc_single_image\">\r\n\t\t\t\t\t\t\t\t\t\t\t\t\t\t\t\t\t<div class=\"sem_overlay\" ><a href=\"#Thema3\" class=\"btn btn-solid btn-xsm round border-thin btn-has-label nichtdabutton\">8 Tage nach Ablauf des<br>Vorg\u00e4ngers buchbar<\/a><\/div>\r\n\t\t\t\t\t\t\t\t\t\t\t\t\t\t\t\t\t<figure class=\"wpb_wrapper vc_figure\">\r\n\t\t\t\t\t\t\t\t\t<a href=\"online.therapie.ergowebinar.de\/de\/e\/Onkologie-ergotherapeutische-Basics-2FP-277?\r\n\t\t\t\t\t\t\t\t\t\" title=\"Sie sehen eine Gliederpuppe auf einer Parkbanklehne sitzen, als Symbol zum Webinar \u00fcber Basiswissen zur Ergotherapie in der Onkologie in Klinik + Praxis\" target=\"_blank\">\r\n\t\t\t\t\t\t\t\t\t\t<img decoding=\"async\" width=\"475\" src=\"https:\/\/www.ergowebinar.de\/intern\/parsed_images\/bfc9e5a8-094c-4cbd-9ecb-064aa89786bf.jpg\" class=\"vc_single_image-img attachment-full\" alt=\"Sie sehen eine Gliederpuppe auf einer Parkbanklehne sitzen, als Symbol zum Webinar \u00fcber Basiswissen zur Ergotherapie in der Onkologie in Klinik + Praxis\" title=\"Sie sehen eine Gliederpuppe auf einer Parkbanklehne sitzen, als Symbol zum Webinar \u00fcber Basiswissen zur Ergotherapie in der Onkologie in Klinik + Praxis\" srcset=\"https:\/\/www.ergowebinar.de\/intern\/parsed_images\/bfc9e5a8-094c-4cbd-9ecb-064aa89786bf.jpg 475w, https:\/\/www.ergowebinar.de\/intern\/parsed_images\/bfc9e5a8-094c-4cbd-9ecb-064aa89786bf.jpg 275w\" sizes=\"(max-width: 475px) 100vw, 475px\" itemprop=\"image\" \/>\r\n\t\t\t\t\t\t\t\t\t\t<h6>Onkologie - ergotherapeutische Basics [2FP]<\/h6>\r\n\t\t\t\t\t\t\t\t\t\t\t\t\t\t\t\t\t\t\t\t\t<p class=\"calendarline\"><img decoding=\"async\" class=\"calendar_icon\" src=\"https:\/\/www.ergowebinar.de\/intern\/images\/calendar.png\">12.10.2026 19:00 - 20:00<\/p>\t\r\n\t\t\t\t\t\t\t\t\t\t\t\t\t\t\t\t\t\t\t\t\t<p class=\"liquid_vc_single_text\">\r\n\r\n\r\nDie ergotherapeutischen Behandlungsm&ouml;glichkeiten sind in der Onkologie besonders breit aufgestellt und multidisziplin&auml;r vernetzt. Hier zeige ich zun&auml;chst die klinischen und ambulanten ...<\/p>\r\n\t\t\t\t\t\t\t\t\t\t\t\t\t\t\t\t\t\t\t\t\t<p class=\"sempreis\">49 \u20ac<\/p>\r\n\t\t\t\t\t\t\t\t\t\t\t\t\t\t\t\t\t\t\t\t\t\t\t<p class=\"semmwst\"><\/p>\r\n\t\t\t\t\t\t\t\t\t\t\t\t\t\t\t\t\t\t\t\t\t\t\t\r\n\t\t\t\t\t\t\t\t\t<\/a>\r\n\t\t\t\t\t\t\t\t\t\r\n\t\t\t\t\t\t\t\t<\/figure>\r\n\t\t\t\t\t\t\t\t\r\n\t\t\t\t\t\t\t<\/div>\r\n\t\t\t\t\t\t\t\t\t\t\t\t\t\t\r\n\t\t\t\t\t\t<\/div>\r\n\t\t\t\t\t<\/div>\r\n\t\t\t\t<\/div>\r\n\t\t\t\t\t\t\t\t<div class=\"wpb_column vc_column_container vc_col-sm-2\">\r\n\t\t\t\t\t<div class=\"vc_column-inner \" >\r\n\t\t\t\t\t\t<div class=\"wpb_wrapper\" >\r\n\t\t\t\t\t\t\t<div class=\"wpb_single_image wpb_content_element vc_align_ liquid_vc_single_image\">\r\n\t\t\t\t\t\t\t\t\t\t\t\t\t\t\t\t\t<div class=\"sem_overlay\" ><a href=\"#Thema3\" class=\"btn btn-solid btn-xsm round border-thin btn-has-label nichtdabutton\">8 Tage nach Ablauf des<br>Vorg\u00e4ngers buchbar<\/a><\/div>\r\n\t\t\t\t\t\t\t\t\t\t\t\t\t\t\t\t\t<figure class=\"wpb_wrapper vc_figure\">\r\n\t\t\t\t\t\t\t\t\t<a href=\"online.therapie.ergowebinar.de\/de\/e\/Onkologie-ergotherapeutischer-Leitpfad-Schnittstellen-2FP-278?\r\n\t\t\t\t\t\t\t\t\t\" title=\"Sie sehen eine historische Schreibmaschine mit der Anfangszeile ...Dinge zu tun bis.., als Symbol zum Webinar \u00fcber Leitpfad und Arbeitsfelder zur Ergotherapie in der Onkologie in Klinik + Praxis\" target=\"_blank\">\r\n\t\t\t\t\t\t\t\t\t\t<img decoding=\"async\" width=\"475\" src=\"https:\/\/www.ergowebinar.de\/intern\/parsed_images\/afs9e5a8-094c-4cbd-9ecb-064aa89786bf.jpg\" class=\"vc_single_image-img attachment-full\" alt=\"Sie sehen eine historische Schreibmaschine mit der Anfangszeile ...Dinge zu tun bis.., als Symbol zum Webinar \u00fcber Leitpfad und Arbeitsfelder zur Ergotherapie in der Onkologie in Klinik + Praxis\" title=\"Sie sehen eine historische Schreibmaschine mit der Anfangszeile ...Dinge zu tun bis.., als Symbol zum Webinar \u00fcber Leitpfad und Arbeitsfelder zur Ergotherapie in der Onkologie in Klinik + Praxis\" srcset=\"https:\/\/www.ergowebinar.de\/intern\/parsed_images\/afs9e5a8-094c-4cbd-9ecb-064aa89786bf.jpg 475w, https:\/\/www.ergowebinar.de\/intern\/parsed_images\/afs9e5a8-094c-4cbd-9ecb-064aa89786bf.jpg 275w\" sizes=\"(max-width: 475px) 100vw, 475px\" itemprop=\"image\" \/>\r\n\t\t\t\t\t\t\t\t\t\t<h6>Onkologie - ergotherapeutischer Leitpfad + Schnittstellen [2FP]<\/h6>\r\n\t\t\t\t\t\t\t\t\t\t\t\t\t\t\t\t\t\t\t\t\t<p class=\"calendarline\"><img decoding=\"async\" class=\"calendar_icon\" src=\"https:\/\/www.ergowebinar.de\/intern\/images\/calendar.png\">19.10.2026 19:00 - 20:00<\/p>\t\r\n\t\t\t\t\t\t\t\t\t\t\t\t\t\t\t\t\t\t\t\t\t<p class=\"liquid_vc_single_text\">\r\n\r\n\r\n\r\nDie kognitiven und mentalen Ver&auml;nderungen sowie &Auml;ngste und Sorgen sind ein st&auml;ndiger Begleiter der Betroffenen in der Onkologie. Sie sind ein hartn&auml;ckiger und manchmal auch ...<\/p>\r\n\t\t\t\t\t\t\t\t\t\t\t\t\t\t\t\t\t\t\t\t\t<p class=\"sempreis\">49 \u20ac<\/p>\r\n\t\t\t\t\t\t\t\t\t\t\t\t\t\t\t\t\t\t\t\t\t\t\t<p class=\"semmwst\"><\/p>\r\n\t\t\t\t\t\t\t\t\t\t\t\t\t\t\t\t\t\t\t\t\t\t\t\r\n\t\t\t\t\t\t\t\t\t<\/a>\r\n\t\t\t\t\t\t\t\t\t\r\n\t\t\t\t\t\t\t\t<\/figure>\r\n\t\t\t\t\t\t\t\t\r\n\t\t\t\t\t\t\t<\/div>\r\n\t\t\t\t\t\t\t\t\t\t\t\t\t\t\r\n\t\t\t\t\t\t<\/div>\r\n\t\t\t\t\t<\/div>\r\n\t\t\t\t<\/div>\r\n\t\t\t\t\t\t\t<\/div><\/div><\/div>\r\n\t\t\t\t\t<a name=\"seminarenachdatum\"><\/a>\r\n\t\t<a name=\"4637ce87-7921-4d0b-bda0-7eb8ab5-0010\"><\/a>\r\n\t\t<h2 class=\"ld-fh-element lqd-highlight-underline lqd-highlight-grow-left text-decoration-default h3 ldsemheadline\">Orthop\u00e4die<\/h2>\r\n\t\t\t\t\t<div class=\"vc_row vc_inner\">\r\n\t\t\t<div class=\"ld-container container-fluid\">\r\n\t\t\t<div class=\"row ld-row ld-row-inner\">\r\n\t\t\t\t\t\t\t<div class=\"wpb_column vc_column_container vc_col-sm-2\">\r\n\t\t\t\t\t<div class=\"vc_column-inner \" >\r\n\t\t\t\t\t\t<div class=\"wpb_wrapper\" >\r\n\t\t\t\t\t\t\t<div class=\"wpb_single_image wpb_content_element vc_align_ liquid_vc_single_image\">\r\n\t\t\t\t\t\t\t\t\t\t\t\t\t\t\t\t\t<div class=\"sem_overlay\" ><a href=\"https:\/\/online.therapie.ergowebinar.de\/de\/e\/Rheuma-Ellenbogen-Befund-und-Behandlung-2-FP-100?\r\n\t\t\t\t\t\t\t\t\t\" class=\"btn btn-solid btn-xsm round border-thin btn-has-label jetztstartenbutton\">klicken f\u00fcr Details<\/a><\/div>\r\n\t\t\t\t\t\t\t\t\t\t\t\t\t\t\t\t\t<figure class=\"wpb_wrapper vc_figure\">\r\n\t\t\t\t\t\t\t\t\t<a href=\"online.therapie.ergowebinar.de\/de\/e\/Rheuma-Ellenbogen-Befund-und-Behandlung-2-FP-100?\r\n\t\t\t\t\t\t\t\t\t\" title=\"Sie sehen einen gebeugten Arm mit angespanntem Bizeps als Assoziation zum Webseminar bei Ellenbogenbeschwerden bei Rheuma f\u00fcr Ergotherapie + Physiotherapie in der Rehabilitation von Orthop\u00e4die und Rheumatologie in Klinik + Praxis\" target=\"_blank\">\r\n\t\t\t\t\t\t\t\t\t\t<img decoding=\"async\" width=\"475\" src=\"https:\/\/www.ergowebinar.de\/intern\/parsed_images\/b7cda208-a0ae-480f-8666-975cf59126eb.jpg\" class=\"vc_single_image-img attachment-full\" alt=\"Sie sehen einen gebeugten Arm mit angespanntem Bizeps als Assoziation zum Webseminar bei Ellenbogenbeschwerden bei Rheuma f\u00fcr Ergotherapie + Physiotherapie in der Rehabilitation von Orthop\u00e4die und Rheumatologie in Klinik + Praxis\" title=\"Sie sehen einen gebeugten Arm mit angespanntem Bizeps als Assoziation zum Webseminar bei Ellenbogenbeschwerden bei Rheuma f\u00fcr Ergotherapie + Physiotherapie in der Rehabilitation von Orthop\u00e4die und Rheumatologie in Klinik + Praxis\" srcset=\"https:\/\/www.ergowebinar.de\/intern\/parsed_images\/b7cda208-a0ae-480f-8666-975cf59126eb.jpg 475w, https:\/\/www.ergowebinar.de\/intern\/parsed_images\/b7cda208-a0ae-480f-8666-975cf59126eb.jpg 275w\" sizes=\"(max-width: 475px) 100vw, 475px\" itemprop=\"image\" \/>\r\n\t\t\t\t\t\t\t\t\t\t<h6>Rheuma - Ellenbogen Befund und Behandlung [2 FP]<\/h6>\r\n\t\t\t\t\t\t\t\t\t\t\t\t\t\t\t\t\t\t\t\t\t<p class=\"calendarline\"><img decoding=\"async\" class=\"calendar_icon\" src=\"https:\/\/www.ergowebinar.de\/intern\/images\/calendar.png\">05.05.2026 18:00 - 19:00<\/p>\t\r\n\t\t\t\t\t\t\t\t\t\t\t\t\t\t\t\t\t\t\t\t\t<p class=\"liquid_vc_single_text\">Der Ellenbogen ist ein oft &uuml;bersehenes Gelenk, besonders wenn andere Gelenke deutlich sichtbarer betroffen sind. Schwerpunkt des Webinars ist die Vorstellung eines typischen Befundes und die daraus ...<\/p>\r\n\t\t\t\t\t\t\t\t\t\t\t\t\t\t\t\t\t\t\t\t\t<p class=\"sempreis\">49 \u20ac<\/p>\r\n\t\t\t\t\t\t\t\t\t\t\t\t\t\t\t\t\t\t\t\t\t\t\t<p class=\"semmwst\"><\/p>\r\n\t\t\t\t\t\t\t\t\t\t\t\t\t\t\t\t\t\t\t\t\t\t\t\r\n\t\t\t\t\t\t\t\t\t<\/a>\r\n\t\t\t\t\t\t\t\t\t\r\n\t\t\t\t\t\t\t\t<\/figure>\r\n\t\t\t\t\t\t\t\t\r\n\t\t\t\t\t\t\t<\/div>\r\n\t\t\t\t\t\t\t\t\t\t\t\t\t\t\r\n\t\t\t\t\t\t<\/div>\r\n\t\t\t\t\t<\/div>\r\n\t\t\t\t<\/div>\r\n\t\t\t\t\t\t\t\t<div class=\"wpb_column vc_column_container vc_col-sm-2\">\r\n\t\t\t\t\t<div class=\"vc_column-inner \" >\r\n\t\t\t\t\t\t<div class=\"wpb_wrapper\" >\r\n\t\t\t\t\t\t\t<div class=\"wpb_single_image wpb_content_element vc_align_ liquid_vc_single_image\">\r\n\t\t\t\t\t\t\t\t\t\t\t\t\t\t\t\t\t<div class=\"sem_overlay\" ><a href=\"https:\/\/online.therapie.ergowebinar.de\/de\/e\/Der-Malletfinger-so-wird-das-eine-gerade-Sache-2FP-127?\r\n\t\t\t\t\t\t\t\t\t\" class=\"btn btn-solid btn-xsm round border-thin btn-has-label jetztstartenbutton\">klicken f\u00fcr Details<\/a><\/div>\r\n\t\t\t\t\t\t\t\t\t\t\t\t\t\t\t\t\t<figure class=\"wpb_wrapper vc_figure\">\r\n\t\t\t\t\t\t\t\t\t<a href=\"online.therapie.ergowebinar.de\/de\/e\/Der-Malletfinger-so-wird-das-eine-gerade-Sache-2FP-127?\r\n\t\t\t\t\t\t\t\t\t\" title=\"Sie sehen einen ausgestreckten Zeigefinger, der auf den Betrachter weist, als Symbol zum Webseminar \u00fcber Malletfinger + Strecksehnenl\u00e4sion f\u00fcr Ergotherapie + Physiotherapie in der Handreha + Ortho + Sehnenverletzung in Klinik + Praxis\" target=\"_blank\">\r\n\t\t\t\t\t\t\t\t\t\t<img decoding=\"async\" width=\"475\" src=\"https:\/\/www.ergowebinar.de\/intern\/parsed_images\/333c53b6-52ff-4330-9d0a-6cd2c46a44bc.jpg\" class=\"vc_single_image-img attachment-full\" alt=\"Sie sehen einen ausgestreckten Zeigefinger, der auf den Betrachter weist, als Symbol zum Webseminar \u00fcber Malletfinger + Strecksehnenl\u00e4sion f\u00fcr Ergotherapie + Physiotherapie in der Handreha + Ortho + Sehnenverletzung in Klinik + Praxis\" title=\"Sie sehen einen ausgestreckten Zeigefinger, der auf den Betrachter weist, als Symbol zum Webseminar \u00fcber Malletfinger + Strecksehnenl\u00e4sion f\u00fcr Ergotherapie + Physiotherapie in der Handreha + Ortho + Sehnenverletzung in Klinik + Praxis\" srcset=\"https:\/\/www.ergowebinar.de\/intern\/parsed_images\/333c53b6-52ff-4330-9d0a-6cd2c46a44bc.jpg 475w, https:\/\/www.ergowebinar.de\/intern\/parsed_images\/333c53b6-52ff-4330-9d0a-6cd2c46a44bc.jpg 275w\" sizes=\"(max-width: 475px) 100vw, 475px\" itemprop=\"image\" \/>\r\n\t\t\t\t\t\t\t\t\t\t<h6>Der Malletfinger - so wird das eine gerade Sache [2FP]<\/h6>\r\n\t\t\t\t\t\t\t\t\t\t\t\t\t\t\t\t\t\t\t\t\t<p class=\"calendarline\"><img decoding=\"async\" class=\"calendar_icon\" src=\"https:\/\/www.ergowebinar.de\/intern\/images\/calendar.png\">05.05.2026 20:00 - 21:00<\/p>\t\r\n\t\t\t\t\t\t\t\t\t\t\t\t\t\t\t\t\t\t\t\t\t<p class=\"liquid_vc_single_text\">Was passiert bei einer Strecksehnenl&auml;sion in der Zone 1? Wie sieht die Heilung der Sehne aus und warum dauert diese Verletzung so lange? Was n&uuml;tzt und was schadet und was muss man beachten?\r\n&nbsp;\r\nDas ...<\/p>\r\n\t\t\t\t\t\t\t\t\t\t\t\t\t\t\t\t\t\t\t\t\t<p class=\"sempreis\">49 \u20ac<\/p>\r\n\t\t\t\t\t\t\t\t\t\t\t\t\t\t\t\t\t\t\t\t\t\t\t<p class=\"semmwst\"><\/p>\r\n\t\t\t\t\t\t\t\t\t\t\t\t\t\t\t\t\t\t\t\t\t\t\t\r\n\t\t\t\t\t\t\t\t\t<\/a>\r\n\t\t\t\t\t\t\t\t\t\r\n\t\t\t\t\t\t\t\t<\/figure>\r\n\t\t\t\t\t\t\t\t\r\n\t\t\t\t\t\t\t<\/div>\r\n\t\t\t\t\t\t\t\t\t\t\t\t\t\t\r\n\t\t\t\t\t\t<\/div>\r\n\t\t\t\t\t<\/div>\r\n\t\t\t\t<\/div>\r\n\t\t\t\t\t\t\t\t<div class=\"wpb_column vc_column_container vc_col-sm-2\">\r\n\t\t\t\t\t<div class=\"vc_column-inner \" >\r\n\t\t\t\t\t\t<div class=\"wpb_wrapper\" >\r\n\t\t\t\t\t\t\t<div class=\"wpb_single_image wpb_content_element vc_align_ liquid_vc_single_image\">\r\n\t\t\t\t\t\t\t\t\t\t\t\t\t\t\t\t\t<div class=\"sem_overlay\" ><a href=\"https:\/\/online.therapie.ergowebinar.de\/de\/e\/Sturzpraevention-Basic-aktiv-und-sicher-im-Alter-2FP-68?\r\n\t\t\t\t\t\t\t\t\t\" class=\"btn btn-solid btn-xsm round border-thin btn-has-label jetztstartenbutton\">klicken f\u00fcr Details<\/a><\/div>\r\n\t\t\t\t\t\t\t\t\t\t\t\t\t\t\t\t\t<figure class=\"wpb_wrapper vc_figure\">\r\n\t\t\t\t\t\t\t\t\t<a href=\"online.therapie.ergowebinar.de\/de\/e\/Sturzpraevention-Basic-aktiv-und-sicher-im-Alter-2FP-68?\r\n\t\t\t\t\t\t\t\t\t\" title=\"Sie sehen ein Paar F\u00fc\u00dfe in Nahaufnahme, von denen einer auf einer Bananenschale ausrutscht, als Assoziation zum Webseminar zum Basiswissen \u00fcber Sturzpr\u00e4vention f\u00fcr Ergotherapie + Physiotherapie in der Rehabilitation in Klinik + Praxis\" target=\"_blank\">\r\n\t\t\t\t\t\t\t\t\t\t<img decoding=\"async\" width=\"475\" src=\"https:\/\/www.ergowebinar.de\/intern\/parsed_images\/dfe3aec3-9f8b-4dee-b5cb-f0233ba022bf.jpg\" class=\"vc_single_image-img attachment-full\" alt=\"Sie sehen ein Paar F\u00fc\u00dfe in Nahaufnahme, von denen einer auf einer Bananenschale ausrutscht, als Assoziation zum Webseminar zum Basiswissen \u00fcber Sturzpr\u00e4vention f\u00fcr Ergotherapie + Physiotherapie in der Rehabilitation in Klinik + Praxis\" title=\"Sie sehen ein Paar F\u00fc\u00dfe in Nahaufnahme, von denen einer auf einer Bananenschale ausrutscht, als Assoziation zum Webseminar zum Basiswissen \u00fcber Sturzpr\u00e4vention f\u00fcr Ergotherapie + Physiotherapie in der Rehabilitation in Klinik + Praxis\" srcset=\"https:\/\/www.ergowebinar.de\/intern\/parsed_images\/dfe3aec3-9f8b-4dee-b5cb-f0233ba022bf.jpg 475w, https:\/\/www.ergowebinar.de\/intern\/parsed_images\/dfe3aec3-9f8b-4dee-b5cb-f0233ba022bf.jpg 275w\" sizes=\"(max-width: 475px) 100vw, 475px\" itemprop=\"image\" \/>\r\n\t\t\t\t\t\t\t\t\t\t<h6>Sturzpr\u00e4vention Basic - aktiv und sicher im Alter [2FP]<\/h6>\r\n\t\t\t\t\t\t\t\t\t\t\t\t\t\t\t\t\t\t\t\t\t<p class=\"calendarline\"><img decoding=\"async\" class=\"calendar_icon\" src=\"https:\/\/www.ergowebinar.de\/intern\/images\/calendar.png\">11.05.2026 16:45 - 17:45<\/p>\t\r\n\t\t\t\t\t\t\t\t\t\t\t\t\t\t\t\t\t\t\t\t\t<p class=\"liquid_vc_single_text\">Regelm&auml;&szlig;ige k&ouml;rperliche Aktivit&auml;t leistet einen wichtigen Beitrag zur Aufrechterhaltung von Gesundheit und Wohlbefinden und hat einen nachgewiesenen lebensverl&auml;ngernden Effekt. ...<\/p>\r\n\t\t\t\t\t\t\t\t\t\t\t\t\t\t\t\t\t\t\t\t\t<p class=\"sempreis\">49 \u20ac<\/p>\r\n\t\t\t\t\t\t\t\t\t\t\t\t\t\t\t\t\t\t\t\t\t\t\t<p class=\"semmwst\"><\/p>\r\n\t\t\t\t\t\t\t\t\t\t\t\t\t\t\t\t\t\t\t\t\t\t\t\r\n\t\t\t\t\t\t\t\t\t<\/a>\r\n\t\t\t\t\t\t\t\t\t\r\n\t\t\t\t\t\t\t\t<\/figure>\r\n\t\t\t\t\t\t\t\t\r\n\t\t\t\t\t\t\t<\/div>\r\n\t\t\t\t\t\t\t\t\t\t\t\t\t\t\r\n\t\t\t\t\t\t<\/div>\r\n\t\t\t\t\t<\/div>\r\n\t\t\t\t<\/div>\r\n\t\t\t\t\t\t\t\t<div class=\"wpb_column vc_column_container vc_col-sm-2\">\r\n\t\t\t\t\t<div class=\"vc_column-inner \" >\r\n\t\t\t\t\t\t<div class=\"wpb_wrapper\" >\r\n\t\t\t\t\t\t\t<div class=\"wpb_single_image wpb_content_element vc_align_ liquid_vc_single_image\">\r\n\t\t\t\t\t\t\t\t\t\t\t\t\t\t\t\t\t<div class=\"sem_overlay\" ><a href=\"https:\/\/online.therapie.ergowebinar.de\/de\/e\/Dehnuebungen-in-der-Handtherapie-2FP-326?\r\n\t\t\t\t\t\t\t\t\t\" class=\"btn btn-solid btn-xsm round border-thin btn-has-label jetztstartenbutton\">klicken f\u00fcr Details<\/a><\/div>\r\n\t\t\t\t\t\t\t\t\t\t\t\t\t\t\t\t\t<figure class=\"wpb_wrapper vc_figure\">\r\n\t\t\t\t\t\t\t\t\t<a href=\"online.therapie.ergowebinar.de\/de\/e\/Dehnuebungen-in-der-Handtherapie-2FP-326?\r\n\t\t\t\t\t\t\t\t\t\" title=\"Sie sehen F\u00fc\u00dfe von unten, die eine Frau im Langsitz mit beiden H\u00e4nden umfasst, als Assoziation zum Webseminar zur Wirkung und Anwendung von Dehn\u00fcbungen in der Handtherapie  und Orthop\u00e4die f\u00fcr Ergotherapie + Physiotherapie in Klinik + Praxis\" target=\"_blank\">\r\n\t\t\t\t\t\t\t\t\t\t<img decoding=\"async\" width=\"475\" src=\"https:\/\/www.ergowebinar.de\/intern\/parsed_images\/2d410c6b-e2f4-4197-b484-da6a6524b7f9.jpg\" class=\"vc_single_image-img attachment-full\" alt=\"Sie sehen F\u00fc\u00dfe von unten, die eine Frau im Langsitz mit beiden H\u00e4nden umfasst, als Assoziation zum Webseminar zur Wirkung und Anwendung von Dehn\u00fcbungen in der Handtherapie  und Orthop\u00e4die f\u00fcr Ergotherapie + Physiotherapie in Klinik + Praxis\" title=\"Sie sehen F\u00fc\u00dfe von unten, die eine Frau im Langsitz mit beiden H\u00e4nden umfasst, als Assoziation zum Webseminar zur Wirkung und Anwendung von Dehn\u00fcbungen in der Handtherapie  und Orthop\u00e4die f\u00fcr Ergotherapie + Physiotherapie in Klinik + Praxis\" srcset=\"https:\/\/www.ergowebinar.de\/intern\/parsed_images\/2d410c6b-e2f4-4197-b484-da6a6524b7f9.jpg 475w, https:\/\/www.ergowebinar.de\/intern\/parsed_images\/2d410c6b-e2f4-4197-b484-da6a6524b7f9.jpg 275w\" sizes=\"(max-width: 475px) 100vw, 475px\" itemprop=\"image\" \/>\r\n\t\t\t\t\t\t\t\t\t\t<h6>Dehn\u00fcbungen in der Handtherapie [2FP]<\/h6>\r\n\t\t\t\t\t\t\t\t\t\t\t\t\t\t\t\t\t\t\t\t\t<p class=\"calendarline\"><img decoding=\"async\" class=\"calendar_icon\" src=\"https:\/\/www.ergowebinar.de\/intern\/images\/calendar.png\">12.05.2026 19:30 - 20:30<\/p>\t\r\n\t\t\t\t\t\t\t\t\t\t\t\t\t\t\t\t\t\t\t\t\t<p class=\"liquid_vc_single_text\">\r\nIn diesem Webinar geht es um die Anwendung von Dehn&uuml;bungen in der Therapie, welche Dehnm&ouml;glichkeiten es gibt und wie man sie in die Behandlung integriert. Ausserdem zeige ich wie Dehn&uuml;bungen ...<\/p>\r\n\t\t\t\t\t\t\t\t\t\t\t\t\t\t\t\t\t\t\t\t\t<p class=\"sempreis\">49 \u20ac<\/p>\r\n\t\t\t\t\t\t\t\t\t\t\t\t\t\t\t\t\t\t\t\t\t\t\t<p class=\"semmwst\"><\/p>\r\n\t\t\t\t\t\t\t\t\t\t\t\t\t\t\t\t\t\t\t\t\t\t\t\r\n\t\t\t\t\t\t\t\t\t<\/a>\r\n\t\t\t\t\t\t\t\t\t\r\n\t\t\t\t\t\t\t\t<\/figure>\r\n\t\t\t\t\t\t\t\t\r\n\t\t\t\t\t\t\t<\/div>\r\n\t\t\t\t\t\t\t\t\t\t\t\t\t\t\r\n\t\t\t\t\t\t<\/div>\r\n\t\t\t\t\t<\/div>\r\n\t\t\t\t<\/div>\r\n\t\t\t\t\t\t\t\t<div class=\"wpb_column vc_column_container vc_col-sm-2\">\r\n\t\t\t\t\t<div class=\"vc_column-inner \" >\r\n\t\t\t\t\t\t<div class=\"wpb_wrapper\" >\r\n\t\t\t\t\t\t\t<div class=\"wpb_single_image wpb_content_element vc_align_ liquid_vc_single_image\">\r\n\t\t\t\t\t\t\t\t\t\t\t\t\t\t\t\t\t<div class=\"sem_overlay\" ><a href=\"https:\/\/online.therapie.ergowebinar.de\/de\/e\/Prae-Rehabilitation-obere-Extremitaet-2FP-324?\r\n\t\t\t\t\t\t\t\t\t\" class=\"btn btn-solid btn-xsm round border-thin btn-has-label jetztstartenbutton\">klicken f\u00fcr Details<\/a><\/div>\r\n\t\t\t\t\t\t\t\t\t\t\t\t\t\t\t\t\t<figure class=\"wpb_wrapper vc_figure\">\r\n\t\t\t\t\t\t\t\t\t<a href=\"online.therapie.ergowebinar.de\/de\/e\/Prae-Rehabilitation-obere-Extremitaet-2FP-324?\r\n\t\t\t\t\t\t\t\t\t\" title=\"Sie sehen eine Gliederfigur mit ausgestrecktem abwehrenden Arm als Symbol zum Webseminar zur vorbereitentenden Therapie in der Ergotherapie vor elektiven Eingriffen an der oberen Extremit\u00e4t in Orthop\u00e4die, Handttherapie, Neurologie in Klinik + Praxis\" target=\"_blank\">\r\n\t\t\t\t\t\t\t\t\t\t<img decoding=\"async\" width=\"475\" src=\"https:\/\/www.ergowebinar.de\/intern\/parsed_images\/8ec4ecd4-61de-4162-ad0f-478a36f22c93.jpg\" class=\"vc_single_image-img attachment-full\" alt=\"Sie sehen eine Gliederfigur mit ausgestrecktem abwehrenden Arm als Symbol zum Webseminar zur vorbereitentenden Therapie in der Ergotherapie vor elektiven Eingriffen an der oberen Extremit\u00e4t in Orthop\u00e4die, Handttherapie, Neurologie in Klinik + Praxis\" title=\"Sie sehen eine Gliederfigur mit ausgestrecktem abwehrenden Arm als Symbol zum Webseminar zur vorbereitentenden Therapie in der Ergotherapie vor elektiven Eingriffen an der oberen Extremit\u00e4t in Orthop\u00e4die, Handttherapie, Neurologie in Klinik + Praxis\" srcset=\"https:\/\/www.ergowebinar.de\/intern\/parsed_images\/8ec4ecd4-61de-4162-ad0f-478a36f22c93.jpg 475w, https:\/\/www.ergowebinar.de\/intern\/parsed_images\/8ec4ecd4-61de-4162-ad0f-478a36f22c93.jpg 275w\" sizes=\"(max-width: 475px) 100vw, 475px\" itemprop=\"image\" \/>\r\n\t\t\t\t\t\t\t\t\t\t<h6>Pr\u00e4-Rehabilitation - obere Extremit\u00e4t [2FP]<\/h6>\r\n\t\t\t\t\t\t\t\t\t\t\t\t\t\t\t\t\t\t\t\t\t<p class=\"calendarline\"><img decoding=\"async\" class=\"calendar_icon\" src=\"https:\/\/www.ergowebinar.de\/intern\/images\/calendar.png\">13.05.2026 18:00 - 19:00<\/p>\t\r\n\t\t\t\t\t\t\t\t\t\t\t\t\t\t\t\t\t\t\t\t\t<p class=\"liquid_vc_single_text\">\r\nMeist beginnt die Behandlungsserie nach der Nahtentfernung, doch in letzter Zeit gewinnen Interventionen vor dem eigentlichen Operationstermin mehr und mehr an Popularit&auml;t. Wie man Betroffene schon ...<\/p>\r\n\t\t\t\t\t\t\t\t\t\t\t\t\t\t\t\t\t\t\t\t\t<p class=\"sempreis\">49 \u20ac<\/p>\r\n\t\t\t\t\t\t\t\t\t\t\t\t\t\t\t\t\t\t\t\t\t\t\t<p class=\"semmwst\"><\/p>\r\n\t\t\t\t\t\t\t\t\t\t\t\t\t\t\t\t\t\t\t\t\t\t\t\r\n\t\t\t\t\t\t\t\t\t<\/a>\r\n\t\t\t\t\t\t\t\t\t\r\n\t\t\t\t\t\t\t\t<\/figure>\r\n\t\t\t\t\t\t\t\t\r\n\t\t\t\t\t\t\t<\/div>\r\n\t\t\t\t\t\t\t\t\t\t\t\t\t\t\r\n\t\t\t\t\t\t<\/div>\r\n\t\t\t\t\t<\/div>\r\n\t\t\t\t<\/div>\r\n\t\t\t\t\t\t\t\t<div class=\"wpb_column vc_column_container vc_col-sm-2\">\r\n\t\t\t\t\t<div class=\"vc_column-inner \" >\r\n\t\t\t\t\t\t<div class=\"wpb_wrapper\" >\r\n\t\t\t\t\t\t\t<div class=\"wpb_single_image wpb_content_element vc_align_ liquid_vc_single_image\">\r\n\t\t\t\t\t\t\t\t\t\t\t\t\t\t\t\t\t<div class=\"sem_overlay\" ><a href=\"https:\/\/online.therapie.ergowebinar.de\/de\/e\/Prae-Rehabilitation-untere-Extremitaet-2FP-325?\r\n\t\t\t\t\t\t\t\t\t\" class=\"btn btn-solid btn-xsm round border-thin btn-has-label jetztstartenbutton\">klicken f\u00fcr Details<\/a><\/div>\r\n\t\t\t\t\t\t\t\t\t\t\t\t\t\t\t\t\t<figure class=\"wpb_wrapper vc_figure\">\r\n\t\t\t\t\t\t\t\t\t<a href=\"online.therapie.ergowebinar.de\/de\/e\/Prae-Rehabilitation-untere-Extremitaet-2FP-325?\r\n\t\t\t\t\t\t\t\t\t\" title=\"Sie sehen eine Hand am Griff einer Unterarmgehst\u00fctze als Symbol zum Webseminar zur vorbereitentenden Therapie in der Ergotherapie vor elektiven Eingriffen an der unteren Extremit\u00e4t in Orthop\u00e4die, Handttherapie, Neurologie in Klinik + Praxis\" target=\"_blank\">\r\n\t\t\t\t\t\t\t\t\t\t<img decoding=\"async\" width=\"475\" src=\"https:\/\/www.ergowebinar.de\/intern\/parsed_images\/8ec4ecd4-61de-4162-ad0f-488a36f22c93.jpg\" class=\"vc_single_image-img attachment-full\" alt=\"Sie sehen eine Hand am Griff einer Unterarmgehst\u00fctze als Symbol zum Webseminar zur vorbereitentenden Therapie in der Ergotherapie vor elektiven Eingriffen an der unteren Extremit\u00e4t in Orthop\u00e4die, Handttherapie, Neurologie in Klinik + Praxis\" title=\"Sie sehen eine Hand am Griff einer Unterarmgehst\u00fctze als Symbol zum Webseminar zur vorbereitentenden Therapie in der Ergotherapie vor elektiven Eingriffen an der unteren Extremit\u00e4t in Orthop\u00e4die, Handttherapie, Neurologie in Klinik + Praxis\" srcset=\"https:\/\/www.ergowebinar.de\/intern\/parsed_images\/8ec4ecd4-61de-4162-ad0f-488a36f22c93.jpg 475w, https:\/\/www.ergowebinar.de\/intern\/parsed_images\/8ec4ecd4-61de-4162-ad0f-488a36f22c93.jpg 275w\" sizes=\"(max-width: 475px) 100vw, 475px\" itemprop=\"image\" \/>\r\n\t\t\t\t\t\t\t\t\t\t<h6>Pr\u00e4-Rehabilitation - untere Extremit\u00e4t [2FP]<\/h6>\r\n\t\t\t\t\t\t\t\t\t\t\t\t\t\t\t\t\t\t\t\t\t<p class=\"calendarline\"><img decoding=\"async\" class=\"calendar_icon\" src=\"https:\/\/www.ergowebinar.de\/intern\/images\/calendar.png\">13.05.2026 19:30 - 20:30<\/p>\t\r\n\t\t\t\t\t\t\t\t\t\t\t\t\t\t\t\t\t\t\t\t\t<p class=\"liquid_vc_single_text\">\r\n\r\nErgotherapeut:innen k&ouml;nnen schon im Vorfeld von Operationen im Bereich der unteren Extremit&auml;t einen wertvollen Beitrag durch Klientenedukation leisten. Sie unterst&uuml;tzen durch diverse ...<\/p>\r\n\t\t\t\t\t\t\t\t\t\t\t\t\t\t\t\t\t\t\t\t\t<p class=\"sempreis\">49 \u20ac<\/p>\r\n\t\t\t\t\t\t\t\t\t\t\t\t\t\t\t\t\t\t\t\t\t\t\t<p class=\"semmwst\"><\/p>\r\n\t\t\t\t\t\t\t\t\t\t\t\t\t\t\t\t\t\t\t\t\t\t\t\r\n\t\t\t\t\t\t\t\t\t<\/a>\r\n\t\t\t\t\t\t\t\t\t\r\n\t\t\t\t\t\t\t\t<\/figure>\r\n\t\t\t\t\t\t\t\t\r\n\t\t\t\t\t\t\t<\/div>\r\n\t\t\t\t\t\t\t\t\t\t\t\t\t\t\r\n\t\t\t\t\t\t<\/div>\r\n\t\t\t\t\t<\/div>\r\n\t\t\t\t<\/div>\r\n\t\t\t\t\t\t\t\t<div class=\"wpb_column vc_column_container vc_col-sm-2\">\r\n\t\t\t\t\t<div class=\"vc_column-inner \" >\r\n\t\t\t\t\t\t<div class=\"wpb_wrapper\" >\r\n\t\t\t\t\t\t\t<div class=\"wpb_single_image wpb_content_element vc_align_ liquid_vc_single_image\">\r\n\t\t\t\t\t\t\t\t\t\t\t\t\t\t\t\t\t<div class=\"sem_overlay\" ><a href=\"https:\/\/online.therapie.ergowebinar.de\/de\/e\/Krafttraining-in-der-Handtherapie-2FP-328?\r\n\t\t\t\t\t\t\t\t\t\" class=\"btn btn-solid btn-xsm round border-thin btn-has-label jetztstartenbutton\">klicken f\u00fcr Details<\/a><\/div>\r\n\t\t\t\t\t\t\t\t\t\t\t\t\t\t\t\t\t<figure class=\"wpb_wrapper vc_figure\">\r\n\t\t\t\t\t\t\t\t\t<a href=\"online.therapie.ergowebinar.de\/de\/e\/Krafttraining-in-der-Handtherapie-2FP-328?\r\n\t\t\t\t\t\t\t\t\t\" title=\"Sie sehen einen \u00e4lteren Mann mit beiden H\u00e4nden ein Gewicht in Vorhalte vor dem Gesicht heben, als Symbol zum Webseminar zur Wirkung und Anwendung von Krafttraining in der Handtherapie + Orthop\u00e4die f\u00fcr Ergotherapie + Physiotherapie in Klinik + Praxis\" target=\"_blank\">\r\n\t\t\t\t\t\t\t\t\t\t<img decoding=\"async\" width=\"475\" src=\"https:\/\/www.ergowebinar.de\/intern\/parsed_images\/2d420c6b-e2f4-4197-b484-da6a6524b7f9.jpg\" class=\"vc_single_image-img attachment-full\" alt=\"Sie sehen einen \u00e4lteren Mann mit beiden H\u00e4nden ein Gewicht in Vorhalte vor dem Gesicht heben, als Symbol zum Webseminar zur Wirkung und Anwendung von Krafttraining in der Handtherapie + Orthop\u00e4die f\u00fcr Ergotherapie + Physiotherapie in Klinik + Praxis\" title=\"Sie sehen einen \u00e4lteren Mann mit beiden H\u00e4nden ein Gewicht in Vorhalte vor dem Gesicht heben, als Symbol zum Webseminar zur Wirkung und Anwendung von Krafttraining in der Handtherapie + Orthop\u00e4die f\u00fcr Ergotherapie + Physiotherapie in Klinik + Praxis\" srcset=\"https:\/\/www.ergowebinar.de\/intern\/parsed_images\/2d420c6b-e2f4-4197-b484-da6a6524b7f9.jpg 475w, https:\/\/www.ergowebinar.de\/intern\/parsed_images\/2d420c6b-e2f4-4197-b484-da6a6524b7f9.jpg 275w\" sizes=\"(max-width: 475px) 100vw, 475px\" itemprop=\"image\" \/>\r\n\t\t\t\t\t\t\t\t\t\t<h6>Krafttraining in der Handtherapie [2FP]<\/h6>\r\n\t\t\t\t\t\t\t\t\t\t\t\t\t\t\t\t\t\t\t\t\t<p class=\"calendarline\"><img decoding=\"async\" class=\"calendar_icon\" src=\"https:\/\/www.ergowebinar.de\/intern\/images\/calendar.png\">19.05.2026 19:30 - 20:30<\/p>\t\r\n\t\t\t\t\t\t\t\t\t\t\t\t\t\t\t\t\t\t\t\t\t<p class=\"liquid_vc_single_text\">\r\n\r\nIn diesem Webinar steht das Krafttraining in seinen verschiedenen Auspr&auml;gungen im Mittelpunkt. Wie l&auml;sst sich Krafttraining sinnvoll in die Behandlung integrieren? Und welche Rolle spielen ...<\/p>\r\n\t\t\t\t\t\t\t\t\t\t\t\t\t\t\t\t\t\t\t\t\t<p class=\"sempreis\">49 \u20ac<\/p>\r\n\t\t\t\t\t\t\t\t\t\t\t\t\t\t\t\t\t\t\t\t\t\t\t<p class=\"semmwst\"><\/p>\r\n\t\t\t\t\t\t\t\t\t\t\t\t\t\t\t\t\t\t\t\t\t\t\t\r\n\t\t\t\t\t\t\t\t\t<\/a>\r\n\t\t\t\t\t\t\t\t\t\r\n\t\t\t\t\t\t\t\t<\/figure>\r\n\t\t\t\t\t\t\t\t\r\n\t\t\t\t\t\t\t<\/div>\r\n\t\t\t\t\t\t\t\t\t\t\t\t\t\t\r\n\t\t\t\t\t\t<\/div>\r\n\t\t\t\t\t<\/div>\r\n\t\t\t\t<\/div>\r\n\t\t\t\t\t\t\t\t<div class=\"wpb_column vc_column_container vc_col-sm-2\">\r\n\t\t\t\t\t<div class=\"vc_column-inner \" >\r\n\t\t\t\t\t\t<div class=\"wpb_wrapper\" >\r\n\t\t\t\t\t\t\t<div class=\"wpb_single_image wpb_content_element vc_align_ liquid_vc_single_image\">\r\n\t\t\t\t\t\t\t\t\t\t\t\t\t\t\t\t\t<div class=\"sem_overlay\" ><a href=\"https:\/\/online.therapie.ergowebinar.de\/de\/e\/Sensorische-Reedukation-nach-Nervenverletzungen-2FP-303?\r\n\t\t\t\t\t\t\t\t\t\" class=\"btn btn-solid btn-xsm round border-thin btn-has-label jetztstartenbutton\">klicken f\u00fcr Details<\/a><\/div>\r\n\t\t\t\t\t\t\t\t\t\t\t\t\t\t\t\t\t<figure class=\"wpb_wrapper vc_figure\">\r\n\t\t\t\t\t\t\t\t\t<a href=\"online.therapie.ergowebinar.de\/de\/e\/Sensorische-Reedukation-nach-Nervenverletzungen-2FP-303?\r\n\t\t\t\t\t\t\t\t\t\" title=\"Sie sehen zwei stark vergr\u00f6\u00dferte Fingerkuppen, als Symbol zum Webseminar \u00fcber sensorische Trainings zur Verbesserung der Sensibilit\u00e4t in der  Ergotherapie + Physiotherapie in der Handreha + Ortho + Neurologie in Klinik + Praxis\" target=\"_blank\">\r\n\t\t\t\t\t\t\t\t\t\t<img decoding=\"async\" width=\"475\" src=\"https:\/\/www.ergowebinar.de\/intern\/parsed_images\/343c53b6-52ff-4330-9d0a-6cd2c46a44bc.jpg\" class=\"vc_single_image-img attachment-full\" alt=\"Sie sehen zwei stark vergr\u00f6\u00dferte Fingerkuppen, als Symbol zum Webseminar \u00fcber sensorische Trainings zur Verbesserung der Sensibilit\u00e4t in der  Ergotherapie + Physiotherapie in der Handreha + Ortho + Neurologie in Klinik + Praxis\" title=\"Sie sehen zwei stark vergr\u00f6\u00dferte Fingerkuppen, als Symbol zum Webseminar \u00fcber sensorische Trainings zur Verbesserung der Sensibilit\u00e4t in der  Ergotherapie + Physiotherapie in der Handreha + Ortho + Neurologie in Klinik + Praxis\" srcset=\"https:\/\/www.ergowebinar.de\/intern\/parsed_images\/343c53b6-52ff-4330-9d0a-6cd2c46a44bc.jpg 475w, https:\/\/www.ergowebinar.de\/intern\/parsed_images\/343c53b6-52ff-4330-9d0a-6cd2c46a44bc.jpg 275w\" sizes=\"(max-width: 475px) 100vw, 475px\" itemprop=\"image\" \/>\r\n\t\t\t\t\t\t\t\t\t\t<h6>Sensorische Reedukation nach Nervenverletzungen [2FP]<\/h6>\r\n\t\t\t\t\t\t\t\t\t\t\t\t\t\t\t\t\t\t\t\t\t<p class=\"calendarline\"><img decoding=\"async\" class=\"calendar_icon\" src=\"https:\/\/www.ergowebinar.de\/intern\/images\/calendar.png\">19.05.2026 20:00 - 21:00<\/p>\t\r\n\t\t\t\t\t\t\t\t\t\t\t\t\t\t\t\t\t\t\t\t\t<p class=\"liquid_vc_single_text\">\r\nPeriphere Nervenverletzungen k&ouml;nnen viele Einschr&auml;nkungen im Alltag (motorisch, sensorisch und vegetativ) nach sich ziehen. Der Nerv und seine Endorgane m&uuml;ssen sich wieder neu zusammenfinden. ...<\/p>\r\n\t\t\t\t\t\t\t\t\t\t\t\t\t\t\t\t\t\t\t\t\t<p class=\"sempreis\">49 \u20ac<\/p>\r\n\t\t\t\t\t\t\t\t\t\t\t\t\t\t\t\t\t\t\t\t\t\t\t<p class=\"semmwst\"><\/p>\r\n\t\t\t\t\t\t\t\t\t\t\t\t\t\t\t\t\t\t\t\t\t\t\t\r\n\t\t\t\t\t\t\t\t\t<\/a>\r\n\t\t\t\t\t\t\t\t\t\r\n\t\t\t\t\t\t\t\t<\/figure>\r\n\t\t\t\t\t\t\t\t\r\n\t\t\t\t\t\t\t<\/div>\r\n\t\t\t\t\t\t\t\t\t\t\t\t\t\t\r\n\t\t\t\t\t\t<\/div>\r\n\t\t\t\t\t<\/div>\r\n\t\t\t\t<\/div>\r\n\t\t\t\t\t\t\t\t<div class=\"wpb_column vc_column_container vc_col-sm-2\">\r\n\t\t\t\t\t<div class=\"vc_column-inner \" >\r\n\t\t\t\t\t\t<div class=\"wpb_wrapper\" >\r\n\t\t\t\t\t\t\t<div class=\"wpb_single_image wpb_content_element vc_align_ liquid_vc_single_image\">\r\n\t\t\t\t\t\t\t\t\t\t\t\t\t\t\t\t\t<div class=\"sem_overlay\" ><a href=\"https:\/\/online.therapie.ergowebinar.de\/de\/e\/Erstbegutachtung-der-Hand-Inspektion-und-Palpation-2FP-329?\r\n\t\t\t\t\t\t\t\t\t\" class=\"btn btn-solid btn-xsm round border-thin btn-has-label jetztstartenbutton\">klicken f\u00fcr Details<\/a><\/div>\r\n\t\t\t\t\t\t\t\t\t\t\t\t\t\t\t\t\t<figure class=\"wpb_wrapper vc_figure\">\r\n\t\t\t\t\t\t\t\t\t<a href=\"online.therapie.ergowebinar.de\/de\/e\/Erstbegutachtung-der-Hand-Inspektion-und-Palpation-2FP-329?\r\n\t\t\t\t\t\t\t\t\t\" title=\"Sie sehen eine Hand, die eine Lupe h\u00e4lt, als Symbol zum Webseminar zu den vielen Details in der Erstbegutachtung einer Hand in der Handtherapie + Orthop\u00e4die f\u00fcr Ergotherapie + Physiotherapie in Klinik + Praxis\" target=\"_blank\">\r\n\t\t\t\t\t\t\t\t\t\t<img decoding=\"async\" width=\"475\" src=\"https:\/\/www.ergowebinar.de\/intern\/parsed_images\/329.jpg\" class=\"vc_single_image-img attachment-full\" alt=\"Sie sehen eine Hand, die eine Lupe h\u00e4lt, als Symbol zum Webseminar zu den vielen Details in der Erstbegutachtung einer Hand in der Handtherapie + Orthop\u00e4die f\u00fcr Ergotherapie + Physiotherapie in Klinik + Praxis\" title=\"Sie sehen eine Hand, die eine Lupe h\u00e4lt, als Symbol zum Webseminar zu den vielen Details in der Erstbegutachtung einer Hand in der Handtherapie + Orthop\u00e4die f\u00fcr Ergotherapie + Physiotherapie in Klinik + Praxis\" srcset=\"https:\/\/www.ergowebinar.de\/intern\/parsed_images\/329.jpg 475w, https:\/\/www.ergowebinar.de\/intern\/parsed_images\/329.jpg 275w\" sizes=\"(max-width: 475px) 100vw, 475px\" itemprop=\"image\" \/>\r\n\t\t\t\t\t\t\t\t\t\t<h6>Erstbegutachtung der Hand - Inspektion und Palpation [2FP]<\/h6>\r\n\t\t\t\t\t\t\t\t\t\t\t\t\t\t\t\t\t\t\t\t\t<p class=\"calendarline\"><img decoding=\"async\" class=\"calendar_icon\" src=\"https:\/\/www.ergowebinar.de\/intern\/images\/calendar.png\">02.06.2026 19:30 - 20:30<\/p>\t\r\n\t\t\t\t\t\t\t\t\t\t\t\t\t\t\t\t\t\t\t\t\t<p class=\"liquid_vc_single_text\">\r\n\r\n\r\nHier geht es um den therapeutischen Blick und das therapeutische H&auml;ndchen. Wir besprechen die Erstbegutachtung der Hand und der umliegenden Strukturen. Worauf achte ich im Erstbefund und bei ...<\/p>\r\n\t\t\t\t\t\t\t\t\t\t\t\t\t\t\t\t\t\t\t\t\t<p class=\"sempreis\">49 \u20ac<\/p>\r\n\t\t\t\t\t\t\t\t\t\t\t\t\t\t\t\t\t\t\t\t\t\t\t<p class=\"semmwst\"><\/p>\r\n\t\t\t\t\t\t\t\t\t\t\t\t\t\t\t\t\t\t\t\t\t\t\t\r\n\t\t\t\t\t\t\t\t\t<\/a>\r\n\t\t\t\t\t\t\t\t\t\r\n\t\t\t\t\t\t\t\t<\/figure>\r\n\t\t\t\t\t\t\t\t\r\n\t\t\t\t\t\t\t<\/div>\r\n\t\t\t\t\t\t\t\t\t\t\t\t\t\t\r\n\t\t\t\t\t\t<\/div>\r\n\t\t\t\t\t<\/div>\r\n\t\t\t\t<\/div>\r\n\t\t\t\t\t\t\t\t<div class=\"wpb_column vc_column_container vc_col-sm-2\">\r\n\t\t\t\t\t<div class=\"vc_column-inner \" >\r\n\t\t\t\t\t\t<div class=\"wpb_wrapper\" >\r\n\t\t\t\t\t\t\t<div class=\"wpb_single_image wpb_content_element vc_align_ liquid_vc_single_image\">\r\n\t\t\t\t\t\t\t\t\t\t\t\t\t\t\t\t\t<div class=\"sem_overlay\" ><a href=\"https:\/\/online.therapie.ergowebinar.de\/de\/e\/Midcarpale-Hypermobilitaeten-Behandlung-2-FP-120?\r\n\t\t\t\t\t\t\t\t\t\" class=\"btn btn-solid btn-xsm round border-thin btn-has-label jetztstartenbutton\">klicken f\u00fcr Details<\/a><\/div>\r\n\t\t\t\t\t\t\t\t\t\t\t\t\t\t\t\t\t<figure class=\"wpb_wrapper vc_figure\">\r\n\t\t\t\t\t\t\t\t\t<a href=\"online.therapie.ergowebinar.de\/de\/e\/Midcarpale-Hypermobilitaeten-Behandlung-2-FP-120?\r\n\t\t\t\t\t\t\t\t\t\" title=\"Sie sehen nebeneinander liegende H\u00e4nde  als Assoziation zum Webseminar f\u00fcr Ergotherapie + Physiotherapie in der Handreha und Orthop\u00e4die bei Handgelenksbeschwerden und Problemen der Mittelhandknochen in Klinik + Praxis\" target=\"_blank\">\r\n\t\t\t\t\t\t\t\t\t\t<img decoding=\"async\" width=\"475\" src=\"https:\/\/www.ergowebinar.de\/intern\/parsed_images\/034d6778-40ea-47e3-87fd-101e02fad0c8.jpg\" class=\"vc_single_image-img attachment-full\" alt=\"Sie sehen nebeneinander liegende H\u00e4nde  als Assoziation zum Webseminar f\u00fcr Ergotherapie + Physiotherapie in der Handreha und Orthop\u00e4die bei Handgelenksbeschwerden und Problemen der Mittelhandknochen in Klinik + Praxis\" title=\"Sie sehen nebeneinander liegende H\u00e4nde  als Assoziation zum Webseminar f\u00fcr Ergotherapie + Physiotherapie in der Handreha und Orthop\u00e4die bei Handgelenksbeschwerden und Problemen der Mittelhandknochen in Klinik + Praxis\" srcset=\"https:\/\/www.ergowebinar.de\/intern\/parsed_images\/034d6778-40ea-47e3-87fd-101e02fad0c8.jpg 475w, https:\/\/www.ergowebinar.de\/intern\/parsed_images\/034d6778-40ea-47e3-87fd-101e02fad0c8.jpg 275w\" sizes=\"(max-width: 475px) 100vw, 475px\" itemprop=\"image\" \/>\r\n\t\t\t\t\t\t\t\t\t\t<h6>Midcarpale Hypermobilit\u00e4ten - Behandlung [2 FP]<\/h6>\r\n\t\t\t\t\t\t\t\t\t\t\t\t\t\t\t\t\t\t\t\t\t<p class=\"calendarline\"><img decoding=\"async\" class=\"calendar_icon\" src=\"https:\/\/www.ergowebinar.de\/intern\/images\/calendar.png\">15.06.2026 16:30 - 17:30<\/p>\t\r\n\t\t\t\t\t\t\t\t\t\t\t\t\t\t\t\t\t\t\t\t\t<p class=\"liquid_vc_single_text\">Betroffene, die unter einer midcarpalen Instabilit&auml;t leiden, geben meist Belastungsschmerzen, Kraftverlust und Instabilit&auml;ts-Symptome an. Auf Basis der Analyse des zugrundeliegenden Pathomechanismus ...<\/p>\r\n\t\t\t\t\t\t\t\t\t\t\t\t\t\t\t\t\t\t\t\t\t<p class=\"sempreis\">49 \u20ac<\/p>\r\n\t\t\t\t\t\t\t\t\t\t\t\t\t\t\t\t\t\t\t\t\t\t\t<p class=\"semmwst\"><\/p>\r\n\t\t\t\t\t\t\t\t\t\t\t\t\t\t\t\t\t\t\t\t\t\t\t\r\n\t\t\t\t\t\t\t\t\t<\/a>\r\n\t\t\t\t\t\t\t\t\t\r\n\t\t\t\t\t\t\t\t<\/figure>\r\n\t\t\t\t\t\t\t\t\r\n\t\t\t\t\t\t\t<\/div>\r\n\t\t\t\t\t\t\t\t\t\t\t\t\t\t\r\n\t\t\t\t\t\t<\/div>\r\n\t\t\t\t\t<\/div>\r\n\t\t\t\t<\/div>\r\n\t\t\t\t\t\t\t\t<div class=\"wpb_column vc_column_container vc_col-sm-2\">\r\n\t\t\t\t\t<div class=\"vc_column-inner \" >\r\n\t\t\t\t\t\t<div class=\"wpb_wrapper\" >\r\n\t\t\t\t\t\t\t<div class=\"wpb_single_image wpb_content_element vc_align_ liquid_vc_single_image\">\r\n\t\t\t\t\t\t\t\t\t\t\t\t\t\t\t\t\t<div class=\"sem_overlay\" ><a href=\"https:\/\/online.therapie.ergowebinar.de\/de\/e\/Handverletzungen-und-umliegende-Strukturen-2FP-327?\r\n\t\t\t\t\t\t\t\t\t\" class=\"btn btn-solid btn-xsm round border-thin btn-has-label jetztstartenbutton\">klicken f\u00fcr Details<\/a><\/div>\r\n\t\t\t\t\t\t\t\t\t\t\t\t\t\t\t\t\t<figure class=\"wpb_wrapper vc_figure\">\r\n\t\t\t\t\t\t\t\t\t<a href=\"online.therapie.ergowebinar.de\/de\/e\/Handverletzungen-und-umliegende-Strukturen-2FP-327?\r\n\t\t\t\t\t\t\t\t\t\" title=\"Sie sehen eine Frau, die ihre Hand seitlich auf Gesichtsh\u00f6he hebt, als Symbol zum Webinar zu den vielen \u00fcber die Hand hinausgehenden Details in der k\u00f6rperlichen Befundaufnahme in der Handtherapie  f\u00fcr Ergotherapie + Physiotherapie in Klinik + Praxis\" target=\"_blank\">\r\n\t\t\t\t\t\t\t\t\t\t<img decoding=\"async\" width=\"475\" src=\"https:\/\/www.ergowebinar.de\/intern\/parsed_images\/327.jpg\" class=\"vc_single_image-img attachment-full\" alt=\"Sie sehen eine Frau, die ihre Hand seitlich auf Gesichtsh\u00f6he hebt, als Symbol zum Webinar zu den vielen \u00fcber die Hand hinausgehenden Details in der k\u00f6rperlichen Befundaufnahme in der Handtherapie  f\u00fcr Ergotherapie + Physiotherapie in Klinik + Praxis\" title=\"Sie sehen eine Frau, die ihre Hand seitlich auf Gesichtsh\u00f6he hebt, als Symbol zum Webinar zu den vielen \u00fcber die Hand hinausgehenden Details in der k\u00f6rperlichen Befundaufnahme in der Handtherapie  f\u00fcr Ergotherapie + Physiotherapie in Klinik + Praxis\" srcset=\"https:\/\/www.ergowebinar.de\/intern\/parsed_images\/327.jpg 475w, https:\/\/www.ergowebinar.de\/intern\/parsed_images\/327.jpg 275w\" sizes=\"(max-width: 475px) 100vw, 475px\" itemprop=\"image\" \/>\r\n\t\t\t\t\t\t\t\t\t\t<h6>Handverletzungen und umliegende Strukturen [2FP]<\/h6>\r\n\t\t\t\t\t\t\t\t\t\t\t\t\t\t\t\t\t\t\t\t\t<p class=\"calendarline\"><img decoding=\"async\" class=\"calendar_icon\" src=\"https:\/\/www.ergowebinar.de\/intern\/images\/calendar.png\">23.06.2026 19:30 - 20:30<\/p>\t\r\n\t\t\t\t\t\t\t\t\t\t\t\t\t\t\t\t\t\t\t\t\t<p class=\"liquid_vc_single_text\">\r\n\r\n\r\n\r\nWie weit kann der therapeutische Blick reichen? Welche Strukturen und Gelenke sollten bei der Behandlung sowie beim aktiven Training mit einbezogen werden? Und warum? Beim multifaktoriellen Geschehen ...<\/p>\r\n\t\t\t\t\t\t\t\t\t\t\t\t\t\t\t\t\t\t\t\t\t<p class=\"sempreis\">49 \u20ac<\/p>\r\n\t\t\t\t\t\t\t\t\t\t\t\t\t\t\t\t\t\t\t\t\t\t\t<p class=\"semmwst\"><\/p>\r\n\t\t\t\t\t\t\t\t\t\t\t\t\t\t\t\t\t\t\t\t\t\t\t\r\n\t\t\t\t\t\t\t\t\t<\/a>\r\n\t\t\t\t\t\t\t\t\t\r\n\t\t\t\t\t\t\t\t<\/figure>\r\n\t\t\t\t\t\t\t\t\r\n\t\t\t\t\t\t\t<\/div>\r\n\t\t\t\t\t\t\t\t\t\t\t\t\t\t\r\n\t\t\t\t\t\t<\/div>\r\n\t\t\t\t\t<\/div>\r\n\t\t\t\t<\/div>\r\n\t\t\t\t\t\t\t\t<div class=\"wpb_column vc_column_container vc_col-sm-2\">\r\n\t\t\t\t\t<div class=\"vc_column-inner \" >\r\n\t\t\t\t\t\t<div class=\"wpb_wrapper\" >\r\n\t\t\t\t\t\t\t<div class=\"wpb_single_image wpb_content_element vc_align_ liquid_vc_single_image\">\r\n\t\t\t\t\t\t\t\t\t\t\t\t\t\t\t\t\t<div class=\"sem_overlay\" ><a href=\"https:\/\/online.therapie.ergowebinar.de\/de\/e\/Golferellenbogen-Basics-2-FP-153?\r\n\t\t\t\t\t\t\t\t\t\" class=\"btn btn-solid btn-xsm round border-thin btn-has-label jetztstartenbutton\">klicken f\u00fcr Details<\/a><\/div>\r\n\t\t\t\t\t\t\t\t\t\t\t\t\t\t\t\t\t<figure class=\"wpb_wrapper vc_figure\">\r\n\t\t\t\t\t\t\t\t\t<a href=\"online.therapie.ergowebinar.de\/de\/e\/Golferellenbogen-Basics-2-FP-153?\r\n\t\t\t\t\t\t\t\t\t\" title=\"Sie sehen einen Golfspieler im Green zwischen Golfb\u00e4llen liegen als Assoziation zum Webseminar \u00fcber Sehnenreizung am Ellenbogen f\u00fcr Ergotherapie + Physiotherapie in der Orthop\u00e4die in Klinik + Praxis\" target=\"_blank\">\r\n\t\t\t\t\t\t\t\t\t\t<img decoding=\"async\" width=\"475\" src=\"https:\/\/www.ergowebinar.de\/intern\/parsed_images\/153.png\" class=\"vc_single_image-img attachment-full\" alt=\"Sie sehen einen Golfspieler im Green zwischen Golfb\u00e4llen liegen als Assoziation zum Webseminar \u00fcber Sehnenreizung am Ellenbogen f\u00fcr Ergotherapie + Physiotherapie in der Orthop\u00e4die in Klinik + Praxis\" title=\"Sie sehen einen Golfspieler im Green zwischen Golfb\u00e4llen liegen als Assoziation zum Webseminar \u00fcber Sehnenreizung am Ellenbogen f\u00fcr Ergotherapie + Physiotherapie in der Orthop\u00e4die in Klinik + Praxis\" srcset=\"https:\/\/www.ergowebinar.de\/intern\/parsed_images\/153.png 475w, https:\/\/www.ergowebinar.de\/intern\/parsed_images\/153.png 275w\" sizes=\"(max-width: 475px) 100vw, 475px\" itemprop=\"image\" \/>\r\n\t\t\t\t\t\t\t\t\t\t<h6>Golferellenbogen - Basics [2 FP]<\/h6>\r\n\t\t\t\t\t\t\t\t\t\t\t\t\t\t\t\t\t\t\t\t\t<p class=\"calendarline\"><img decoding=\"async\" class=\"calendar_icon\" src=\"https:\/\/www.ergowebinar.de\/intern\/images\/calendar.png\">07.07.2026 19:30 - 20:30<\/p>\t\r\n\t\t\t\t\t\t\t\t\t\t\t\t\t\t\t\t\t\t\t\t\t<p class=\"liquid_vc_single_text\">Ein Golferellenbogen - fachsprachlich Epicondylitis humeri medialis - kann eine ganz sch&ouml;n hartn&auml;ckige Sache sein. Es k&ouml;nnen verschiedene Flexoren des Unterarms betroffen sein. Durch konservative ...<\/p>\r\n\t\t\t\t\t\t\t\t\t\t\t\t\t\t\t\t\t\t\t\t\t<p class=\"sempreis\">49 \u20ac<\/p>\r\n\t\t\t\t\t\t\t\t\t\t\t\t\t\t\t\t\t\t\t\t\t\t\t<p class=\"semmwst\"><\/p>\r\n\t\t\t\t\t\t\t\t\t\t\t\t\t\t\t\t\t\t\t\t\t\t\t\r\n\t\t\t\t\t\t\t\t\t<\/a>\r\n\t\t\t\t\t\t\t\t\t\r\n\t\t\t\t\t\t\t\t<\/figure>\r\n\t\t\t\t\t\t\t\t\r\n\t\t\t\t\t\t\t<\/div>\r\n\t\t\t\t\t\t\t\t\t\t\t\t\t\t\r\n\t\t\t\t\t\t<\/div>\r\n\t\t\t\t\t<\/div>\r\n\t\t\t\t<\/div>\r\n\t\t\t\t\t\t\t\t<div class=\"wpb_column vc_column_container vc_col-sm-2\">\r\n\t\t\t\t\t<div class=\"vc_column-inner \" >\r\n\t\t\t\t\t\t<div class=\"wpb_wrapper\" >\r\n\t\t\t\t\t\t\t<div class=\"wpb_single_image wpb_content_element vc_align_ liquid_vc_single_image\">\r\n\t\t\t\t\t\t\t\t\t\t\t\t\t\t\t\t\t<div class=\"sem_overlay\" ><a href=\"#4637ce87-7921-4d0b-bda0-7eb8ab5-0010\" class=\"btn btn-solid btn-xsm round border-thin btn-has-label nichtdabutton\">8 Tage nach Ablauf des<br>Vorg\u00e4ngers buchbar<\/a><\/div>\r\n\t\t\t\t\t\t\t\t\t\t\t\t\t\t\t\t\t<figure class=\"wpb_wrapper vc_figure\">\r\n\t\t\t\t\t\t\t\t\t<a href=\"online.therapie.ergowebinar.de\/de\/e\/Sturzpraevention-Empfehlungen-fuer-koerperliches-Training-2-FP-70?\r\n\t\t\t\t\t\t\t\t\t\" title=\"Sie sehen ein gelbes Warnschild in englischer Sprache auf dem vor unebenem Boden gewarnt wird, als Assoziation zum Webseminar \u00fcber Sturzprophylaxe f\u00fcr Ergotherapie + Physiotherapie in der Rehabilitation von sturzgef\u00e4hrdete Personen in Klinik + Praxis\" target=\"_blank\">\r\n\t\t\t\t\t\t\t\t\t\t<img decoding=\"async\" width=\"475\" src=\"https:\/\/www.ergowebinar.de\/intern\/parsed_images\/c9d2fa13-c24e-426a-bdca-8cff4662faf4.jpg\" class=\"vc_single_image-img attachment-full\" alt=\"Sie sehen ein gelbes Warnschild in englischer Sprache auf dem vor unebenem Boden gewarnt wird, als Assoziation zum Webseminar \u00fcber Sturzprophylaxe f\u00fcr Ergotherapie + Physiotherapie in der Rehabilitation von sturzgef\u00e4hrdete Personen in Klinik + Praxis\" title=\"Sie sehen ein gelbes Warnschild in englischer Sprache auf dem vor unebenem Boden gewarnt wird, als Assoziation zum Webseminar \u00fcber Sturzprophylaxe f\u00fcr Ergotherapie + Physiotherapie in der Rehabilitation von sturzgef\u00e4hrdete Personen in Klinik + Praxis\" srcset=\"https:\/\/www.ergowebinar.de\/intern\/parsed_images\/c9d2fa13-c24e-426a-bdca-8cff4662faf4.jpg 475w, https:\/\/www.ergowebinar.de\/intern\/parsed_images\/c9d2fa13-c24e-426a-bdca-8cff4662faf4.jpg 275w\" sizes=\"(max-width: 475px) 100vw, 475px\" itemprop=\"image\" \/>\r\n\t\t\t\t\t\t\t\t\t\t<h6>Sturzpr\u00e4vention - Empfehlungen f\u00fcr k\u00f6rperliches Training [2 FP]<\/h6>\r\n\t\t\t\t\t\t\t\t\t\t\t\t\t\t\t\t\t\t\t\t\t<p class=\"calendarline\"><img decoding=\"async\" class=\"calendar_icon\" src=\"https:\/\/www.ergowebinar.de\/intern\/images\/calendar.png\">13.07.2026 16:45 - 17:45<\/p>\t\r\n\t\t\t\t\t\t\t\t\t\t\t\t\t\t\t\t\t\t\t\t\t<p class=\"liquid_vc_single_text\">Wie erkenne ich sturzgef&auml;hrdete Personen und welche Ma&szlig;nahmen eignen sich um St&uuml;rze zu verhindern und die Sturzfolgen zu reduzieren? In diesem Webinar erfahren Sie, wie man ein effektives ...<\/p>\r\n\t\t\t\t\t\t\t\t\t\t\t\t\t\t\t\t\t\t\t\t\t<p class=\"sempreis\">49 \u20ac<\/p>\r\n\t\t\t\t\t\t\t\t\t\t\t\t\t\t\t\t\t\t\t\t\t\t\t<p class=\"semmwst\"><\/p>\r\n\t\t\t\t\t\t\t\t\t\t\t\t\t\t\t\t\t\t\t\t\t\t\t\r\n\t\t\t\t\t\t\t\t\t<\/a>\r\n\t\t\t\t\t\t\t\t\t\r\n\t\t\t\t\t\t\t\t<\/figure>\r\n\t\t\t\t\t\t\t\t\r\n\t\t\t\t\t\t\t<\/div>\r\n\t\t\t\t\t\t\t\t\t\t\t\t\t\t\r\n\t\t\t\t\t\t<\/div>\r\n\t\t\t\t\t<\/div>\r\n\t\t\t\t<\/div>\r\n\t\t\t\t\t\t\t\t<div class=\"wpb_column vc_column_container vc_col-sm-2\">\r\n\t\t\t\t\t<div class=\"vc_column-inner \" >\r\n\t\t\t\t\t\t<div class=\"wpb_wrapper\" >\r\n\t\t\t\t\t\t\t<div class=\"wpb_single_image wpb_content_element vc_align_ liquid_vc_single_image\">\r\n\t\t\t\t\t\t\t\t\t\t\t\t\t\t\t\t\t<div class=\"sem_overlay\" ><a href=\"#4637ce87-7921-4d0b-bda0-7eb8ab5-0010\" class=\"btn btn-solid btn-xsm round border-thin btn-has-label nichtdabutton\">8 Tage nach Ablauf des<br>Vorg\u00e4ngers buchbar<\/a><\/div>\r\n\t\t\t\t\t\t\t\t\t\t\t\t\t\t\t\t\t<figure class=\"wpb_wrapper vc_figure\">\r\n\t\t\t\t\t\t\t\t\t<a href=\"online.therapie.ergowebinar.de\/de\/e\/Golferellenbogen-prae-und-postoperativ-2-FP-154?\r\n\t\t\t\t\t\t\t\t\t\" title=\"Sie sehen einen Golfspieler am Ende seines Abschlages als Assoziation zum Webseminar \u00fcber Sehnen\u00fcberlastung am Ellenbogen f\u00fcr Ergotherapie + Physiotherapie in der Orthop\u00e4die in Klinik + Praxis\" target=\"_blank\">\r\n\t\t\t\t\t\t\t\t\t\t<img decoding=\"async\" width=\"475\" src=\"https:\/\/www.ergowebinar.de\/intern\/parsed_images\/b3ca2816-0351-4057-81ce-7a00802e0b07.jpg\" class=\"vc_single_image-img attachment-full\" alt=\"Sie sehen einen Golfspieler am Ende seines Abschlages als Assoziation zum Webseminar \u00fcber Sehnen\u00fcberlastung am Ellenbogen f\u00fcr Ergotherapie + Physiotherapie in der Orthop\u00e4die in Klinik + Praxis\" title=\"Sie sehen einen Golfspieler am Ende seines Abschlages als Assoziation zum Webseminar \u00fcber Sehnen\u00fcberlastung am Ellenbogen f\u00fcr Ergotherapie + Physiotherapie in der Orthop\u00e4die in Klinik + Praxis\" srcset=\"https:\/\/www.ergowebinar.de\/intern\/parsed_images\/b3ca2816-0351-4057-81ce-7a00802e0b07.jpg 475w, https:\/\/www.ergowebinar.de\/intern\/parsed_images\/b3ca2816-0351-4057-81ce-7a00802e0b07.jpg 275w\" sizes=\"(max-width: 475px) 100vw, 475px\" itemprop=\"image\" \/>\r\n\t\t\t\t\t\t\t\t\t\t<h6>Golferellenbogen - pr\u00e4-und postoperativ [2 FP]<\/h6>\r\n\t\t\t\t\t\t\t\t\t\t\t\t\t\t\t\t\t\t\t\t\t<p class=\"calendarline\"><img decoding=\"async\" class=\"calendar_icon\" src=\"https:\/\/www.ergowebinar.de\/intern\/images\/calendar.png\">21.07.2026 19:30 - 20:30<\/p>\t\r\n\t\t\t\t\t\t\t\t\t\t\t\t\t\t\t\t\t\t\t\t\t<p class=\"liquid_vc_single_text\">Ein Golferellenbogen kann vielen F&auml;llen auch operativ behandelt werden. Hier zeige ich die wichtigsten operativen M&ouml;glichkeiten sowie ihre ergotherapeutischen Vor- und Nachbereitungen.\r\n&nbsp;\r\nDas ...<\/p>\r\n\t\t\t\t\t\t\t\t\t\t\t\t\t\t\t\t\t\t\t\t\t<p class=\"sempreis\">49 \u20ac<\/p>\r\n\t\t\t\t\t\t\t\t\t\t\t\t\t\t\t\t\t\t\t\t\t\t\t<p class=\"semmwst\"><\/p>\r\n\t\t\t\t\t\t\t\t\t\t\t\t\t\t\t\t\t\t\t\t\t\t\t\r\n\t\t\t\t\t\t\t\t\t<\/a>\r\n\t\t\t\t\t\t\t\t\t\r\n\t\t\t\t\t\t\t\t<\/figure>\r\n\t\t\t\t\t\t\t\t\r\n\t\t\t\t\t\t\t<\/div>\r\n\t\t\t\t\t\t\t\t\t\t\t\t\t\t\r\n\t\t\t\t\t\t<\/div>\r\n\t\t\t\t\t<\/div>\r\n\t\t\t\t<\/div>\r\n\t\t\t\t\t\t\t\t<div class=\"wpb_column vc_column_container vc_col-sm-2\">\r\n\t\t\t\t\t<div class=\"vc_column-inner \" >\r\n\t\t\t\t\t\t<div class=\"wpb_wrapper\" >\r\n\t\t\t\t\t\t\t<div class=\"wpb_single_image wpb_content_element vc_align_ liquid_vc_single_image\">\r\n\t\t\t\t\t\t\t\t\t\t\t\t\t\t\t\t\t<div class=\"sem_overlay\" ><a href=\"https:\/\/online.therapie.ergowebinar.de\/de\/e\/Tennisellenbogen-Basics-2-FP-155?\r\n\t\t\t\t\t\t\t\t\t\" class=\"btn btn-solid btn-xsm round border-thin btn-has-label jetztstartenbutton\">klicken f\u00fcr Details<\/a><\/div>\r\n\t\t\t\t\t\t\t\t\t\t\t\t\t\t\t\t\t<figure class=\"wpb_wrapper vc_figure\">\r\n\t\t\t\t\t\t\t\t\t<a href=\"online.therapie.ergowebinar.de\/de\/e\/Tennisellenbogen-Basics-2-FP-155?\r\n\t\t\t\t\t\t\t\t\t\" title=\"Sie sehen eine Tennisspielerin fotografiert durch den Tennisschl\u00e4ger hindurch von unten als Assoziation zum Webseminar \u00fcber Schmerzen am Unterarm f\u00fcr Ergotherapie + Physiotherapie in der Orthop\u00e4die, Neurologie in Klinik + Praxis\" target=\"_blank\">\r\n\t\t\t\t\t\t\t\t\t\t<img decoding=\"async\" width=\"475\" src=\"https:\/\/www.ergowebinar.de\/intern\/parsed_images\/c2ce1849-e7da-439d-952c-df2a2836ec0a.jpg\" class=\"vc_single_image-img attachment-full\" alt=\"Sie sehen eine Tennisspielerin fotografiert durch den Tennisschl\u00e4ger hindurch von unten als Assoziation zum Webseminar \u00fcber Schmerzen am Unterarm f\u00fcr Ergotherapie + Physiotherapie in der Orthop\u00e4die, Neurologie in Klinik + Praxis\" title=\"Sie sehen eine Tennisspielerin fotografiert durch den Tennisschl\u00e4ger hindurch von unten als Assoziation zum Webseminar \u00fcber Schmerzen am Unterarm f\u00fcr Ergotherapie + Physiotherapie in der Orthop\u00e4die, Neurologie in Klinik + Praxis\" srcset=\"https:\/\/www.ergowebinar.de\/intern\/parsed_images\/c2ce1849-e7da-439d-952c-df2a2836ec0a.jpg 475w, https:\/\/www.ergowebinar.de\/intern\/parsed_images\/c2ce1849-e7da-439d-952c-df2a2836ec0a.jpg 275w\" sizes=\"(max-width: 475px) 100vw, 475px\" itemprop=\"image\" \/>\r\n\t\t\t\t\t\t\t\t\t\t<h6>Tennisellenbogen - Basics [2 FP]<\/h6>\r\n\t\t\t\t\t\t\t\t\t\t\t\t\t\t\t\t\t\t\t\t\t<p class=\"calendarline\"><img decoding=\"async\" class=\"calendar_icon\" src=\"https:\/\/www.ergowebinar.de\/intern\/images\/calendar.png\">04.08.2026 19:30 - 20:30<\/p>\t\r\n\t\t\t\t\t\t\t\t\t\t\t\t\t\t\t\t\t\t\t\t\t<p class=\"liquid_vc_single_text\">Ein Tennisellenbogen - fachsprachlich Epicondylitis lateralis humeri - kann eine ganz sch&ouml;n hartn&auml;ckige Sache sein. Es sind verschiedene Extensoren des Unterarms betroffen. Durch konservative ...<\/p>\r\n\t\t\t\t\t\t\t\t\t\t\t\t\t\t\t\t\t\t\t\t\t<p class=\"sempreis\">49 \u20ac<\/p>\r\n\t\t\t\t\t\t\t\t\t\t\t\t\t\t\t\t\t\t\t\t\t\t\t<p class=\"semmwst\"><\/p>\r\n\t\t\t\t\t\t\t\t\t\t\t\t\t\t\t\t\t\t\t\t\t\t\t\r\n\t\t\t\t\t\t\t\t\t<\/a>\r\n\t\t\t\t\t\t\t\t\t\r\n\t\t\t\t\t\t\t\t<\/figure>\r\n\t\t\t\t\t\t\t\t\r\n\t\t\t\t\t\t\t<\/div>\r\n\t\t\t\t\t\t\t\t\t\t\t\t\t\t\r\n\t\t\t\t\t\t<\/div>\r\n\t\t\t\t\t<\/div>\r\n\t\t\t\t<\/div>\r\n\t\t\t\t\t\t\t\t<div class=\"wpb_column vc_column_container vc_col-sm-2\">\r\n\t\t\t\t\t<div class=\"vc_column-inner \" >\r\n\t\t\t\t\t\t<div class=\"wpb_wrapper\" >\r\n\t\t\t\t\t\t\t<div class=\"wpb_single_image wpb_content_element vc_align_ liquid_vc_single_image\">\r\n\t\t\t\t\t\t\t\t\t\t\t\t\t\t\t\t\t<div class=\"sem_overlay\" ><a href=\"https:\/\/online.therapie.ergowebinar.de\/de\/e\/Tennisellenbogen-prae-und-postoperativ-2-FP-156?\r\n\t\t\t\t\t\t\t\t\t\" class=\"btn btn-solid btn-xsm round border-thin btn-has-label jetztstartenbutton\">klicken f\u00fcr Details<\/a><\/div>\r\n\t\t\t\t\t\t\t\t\t\t\t\t\t\t\t\t\t<figure class=\"wpb_wrapper vc_figure\">\r\n\t\t\t\t\t\t\t\t\t<a href=\"online.therapie.ergowebinar.de\/de\/e\/Tennisellenbogen-prae-und-postoperativ-2-FP-156?\r\n\t\t\t\t\t\t\t\t\t\" title=\"Sie sehen eine Tennispielerin im Moment des Abschlags als Assoziation zum Webseminar \u00fcber therapeutische M\u00f6glichkeiten vor und nach einer Operation bei Tennisellenbogen f\u00fcr Ergotherapie + Physiotherapie in der Orthop\u00e4die, Neurologie in Klinik + Praxis\" target=\"_blank\">\r\n\t\t\t\t\t\t\t\t\t\t<img decoding=\"async\" width=\"475\" src=\"https:\/\/www.ergowebinar.de\/intern\/parsed_images\/d5164495-d247-4658-9574-e2693eae612f.jpg\" class=\"vc_single_image-img attachment-full\" alt=\"Sie sehen eine Tennispielerin im Moment des Abschlags als Assoziation zum Webseminar \u00fcber therapeutische M\u00f6glichkeiten vor und nach einer Operation bei Tennisellenbogen f\u00fcr Ergotherapie + Physiotherapie in der Orthop\u00e4die, Neurologie in Klinik + Praxis\" title=\"Sie sehen eine Tennispielerin im Moment des Abschlags als Assoziation zum Webseminar \u00fcber therapeutische M\u00f6glichkeiten vor und nach einer Operation bei Tennisellenbogen f\u00fcr Ergotherapie + Physiotherapie in der Orthop\u00e4die, Neurologie in Klinik + Praxis\" srcset=\"https:\/\/www.ergowebinar.de\/intern\/parsed_images\/d5164495-d247-4658-9574-e2693eae612f.jpg 475w, https:\/\/www.ergowebinar.de\/intern\/parsed_images\/d5164495-d247-4658-9574-e2693eae612f.jpg 275w\" sizes=\"(max-width: 475px) 100vw, 475px\" itemprop=\"image\" \/>\r\n\t\t\t\t\t\t\t\t\t\t<h6>Tennisellenbogen - pr\u00e4- und postoperativ [2 FP]<\/h6>\r\n\t\t\t\t\t\t\t\t\t\t\t\t\t\t\t\t\t\t\t\t\t<p class=\"calendarline\"><img decoding=\"async\" class=\"calendar_icon\" src=\"https:\/\/www.ergowebinar.de\/intern\/images\/calendar.png\">11.08.2026 19:30 - 20:30<\/p>\t\r\n\t\t\t\t\t\t\t\t\t\t\t\t\t\t\t\t\t\t\t\t\t<p class=\"liquid_vc_single_text\">Ein Tennisellenbogen kann vielen F&auml;llen auch operativ behandelt werden. Hier zeige ich die wichtigsten operativen M&ouml;glichkeiten sowie ihre ergotherapeutischen Vor- und Nachbereitungen.\r\n&nbsp;\r\nDas ...<\/p>\r\n\t\t\t\t\t\t\t\t\t\t\t\t\t\t\t\t\t\t\t\t\t<p class=\"sempreis\">49 \u20ac<\/p>\r\n\t\t\t\t\t\t\t\t\t\t\t\t\t\t\t\t\t\t\t\t\t\t\t<p class=\"semmwst\"><\/p>\r\n\t\t\t\t\t\t\t\t\t\t\t\t\t\t\t\t\t\t\t\t\t\t\t\r\n\t\t\t\t\t\t\t\t\t<\/a>\r\n\t\t\t\t\t\t\t\t\t\r\n\t\t\t\t\t\t\t\t<\/figure>\r\n\t\t\t\t\t\t\t\t\r\n\t\t\t\t\t\t\t<\/div>\r\n\t\t\t\t\t\t\t\t\t\t\t\t\t\t\r\n\t\t\t\t\t\t<\/div>\r\n\t\t\t\t\t<\/div>\r\n\t\t\t\t<\/div>\r\n\t\t\t\t\t\t\t\t<div class=\"wpb_column vc_column_container vc_col-sm-2\">\r\n\t\t\t\t\t<div class=\"vc_column-inner \" >\r\n\t\t\t\t\t\t<div class=\"wpb_wrapper\" >\r\n\t\t\t\t\t\t\t<div class=\"wpb_single_image wpb_content_element vc_align_ liquid_vc_single_image\">\r\n\t\t\t\t\t\t\t\t\t\t\t\t\t\t\t\t\t<div class=\"sem_overlay\" ><a href=\"https:\/\/online.therapie.ergowebinar.de\/de\/e\/Triggerfinger-konservative-Ergotherapie-post-OP-2-FP-157?\r\n\t\t\t\t\t\t\t\t\t\" class=\"btn btn-solid btn-xsm round border-thin btn-has-label jetztstartenbutton\">klicken f\u00fcr Details<\/a><\/div>\r\n\t\t\t\t\t\t\t\t\t\t\t\t\t\t\t\t\t<figure class=\"wpb_wrapper vc_figure\">\r\n\t\t\t\t\t\t\t\t\t<a href=\"online.therapie.ergowebinar.de\/de\/e\/Triggerfinger-konservative-Ergotherapie-post-OP-2-FP-157?\r\n\t\t\t\t\t\t\t\t\t\" title=\"Sie sehen eine Hand im Sonnenstrahl als Assoziation zum Webseminar zum Triggerfinger f\u00fcr Ergotherapie + Physiotherapie in der Handtherapie und Orthop\u00e4die in Klinik + Praxis\" target=\"_blank\">\r\n\t\t\t\t\t\t\t\t\t\t<img decoding=\"async\" width=\"475\" src=\"https:\/\/www.ergowebinar.de\/intern\/parsed_images\/2d410c6b-e3f4-4197-b484-da6a6524b7f9.jpg\" class=\"vc_single_image-img attachment-full\" alt=\"Sie sehen eine Hand im Sonnenstrahl als Assoziation zum Webseminar zum Triggerfinger f\u00fcr Ergotherapie + Physiotherapie in der Handtherapie und Orthop\u00e4die in Klinik + Praxis\" title=\"Sie sehen eine Hand im Sonnenstrahl als Assoziation zum Webseminar zum Triggerfinger f\u00fcr Ergotherapie + Physiotherapie in der Handtherapie und Orthop\u00e4die in Klinik + Praxis\" srcset=\"https:\/\/www.ergowebinar.de\/intern\/parsed_images\/2d410c6b-e3f4-4197-b484-da6a6524b7f9.jpg 475w, https:\/\/www.ergowebinar.de\/intern\/parsed_images\/2d410c6b-e3f4-4197-b484-da6a6524b7f9.jpg 275w\" sizes=\"(max-width: 475px) 100vw, 475px\" itemprop=\"image\" \/>\r\n\t\t\t\t\t\t\t\t\t\t<h6>Triggerfinger - konservative Ergotherapie + post-OP [2 FP]<\/h6>\r\n\t\t\t\t\t\t\t\t\t\t\t\t\t\t\t\t\t\t\t\t\t<p class=\"calendarline\"><img decoding=\"async\" class=\"calendar_icon\" src=\"https:\/\/www.ergowebinar.de\/intern\/images\/calendar.png\">25.08.2026 19:30 - 20:30<\/p>\t\r\n\t\t\t\t\t\t\t\t\t\t\t\t\t\t\t\t\t\t\t\t\t<p class=\"liquid_vc_single_text\">Die konservative Versorgung von Triggerfingern \/ schnellenden Fingern geh&ouml;rt zum Basishandwerk der Handtherapie. Eine &Uuml;bersicht und Anleitung &uuml;ber M&ouml;glichkeiten und Unm&ouml;glichkeiten. ...<\/p>\r\n\t\t\t\t\t\t\t\t\t\t\t\t\t\t\t\t\t\t\t\t\t<p class=\"sempreis\">49 \u20ac<\/p>\r\n\t\t\t\t\t\t\t\t\t\t\t\t\t\t\t\t\t\t\t\t\t\t\t<p class=\"semmwst\"><\/p>\r\n\t\t\t\t\t\t\t\t\t\t\t\t\t\t\t\t\t\t\t\t\t\t\t\r\n\t\t\t\t\t\t\t\t\t<\/a>\r\n\t\t\t\t\t\t\t\t\t\r\n\t\t\t\t\t\t\t\t<\/figure>\r\n\t\t\t\t\t\t\t\t\r\n\t\t\t\t\t\t\t<\/div>\r\n\t\t\t\t\t\t\t\t\t\t\t\t\t\t\r\n\t\t\t\t\t\t<\/div>\r\n\t\t\t\t\t<\/div>\r\n\t\t\t\t<\/div>\r\n\t\t\t\t\t\t\t\t<div class=\"wpb_column vc_column_container vc_col-sm-2\">\r\n\t\t\t\t\t<div class=\"vc_column-inner \" >\r\n\t\t\t\t\t\t<div class=\"wpb_wrapper\" >\r\n\t\t\t\t\t\t\t<div class=\"wpb_single_image wpb_content_element vc_align_ liquid_vc_single_image\">\r\n\t\t\t\t\t\t\t\t\t\t\t\t\t\t\t\t\t<div class=\"sem_overlay\" ><a href=\"https:\/\/online.therapie.ergowebinar.de\/de\/e\/Yoga-Ue-50-weniger-Tempo-und-mehr-Intensitaet-2-FP-167?\r\n\t\t\t\t\t\t\t\t\t\" class=\"btn btn-solid btn-xsm round border-thin btn-has-label jetztstartenbutton\">klicken f\u00fcr Details<\/a><\/div>\r\n\t\t\t\t\t\t\t\t\t\t\t\t\t\t\t\t\t<figure class=\"wpb_wrapper vc_figure\">\r\n\t\t\t\t\t\t\t\t\t<a href=\"online.therapie.ergowebinar.de\/de\/e\/Yoga-Ue-50-weniger-Tempo-und-mehr-Intensitaet-2-FP-167?\r\n\t\t\t\t\t\t\t\t\t\" title=\"Sie sehen eine etwa 50j\u00e4hrigen Frau und einen ebenso alten Mann im Yogasitz als Assoziation zum Webseminar f\u00fcr Ergotherapie + Physiotherapie in der NeuroReha, Schmerzreha, Orthp\u00e4die, Fatigue und Long + PostCovid in Klinik + Praxis\" target=\"_blank\">\r\n\t\t\t\t\t\t\t\t\t\t<img decoding=\"async\" width=\"475\" src=\"https:\/\/www.ergowebinar.de\/intern\/parsed_images\/fc086066-62cb-4602-9f18-b22d0161b3fb.jpg\" class=\"vc_single_image-img attachment-full\" alt=\"Sie sehen eine etwa 50j\u00e4hrigen Frau und einen ebenso alten Mann im Yogasitz als Assoziation zum Webseminar f\u00fcr Ergotherapie + Physiotherapie in der NeuroReha, Schmerzreha, Orthp\u00e4die, Fatigue und Long + PostCovid in Klinik + Praxis\" title=\"Sie sehen eine etwa 50j\u00e4hrigen Frau und einen ebenso alten Mann im Yogasitz als Assoziation zum Webseminar f\u00fcr Ergotherapie + Physiotherapie in der NeuroReha, Schmerzreha, Orthp\u00e4die, Fatigue und Long + PostCovid in Klinik + Praxis\" srcset=\"https:\/\/www.ergowebinar.de\/intern\/parsed_images\/fc086066-62cb-4602-9f18-b22d0161b3fb.jpg 475w, https:\/\/www.ergowebinar.de\/intern\/parsed_images\/fc086066-62cb-4602-9f18-b22d0161b3fb.jpg 275w\" sizes=\"(max-width: 475px) 100vw, 475px\" itemprop=\"image\" \/>\r\n\t\t\t\t\t\t\t\t\t\t<h6>Yoga \u00dc-50 - weniger Tempo und mehr Intensit\u00e4t  [2 FP]<\/h6>\r\n\t\t\t\t\t\t\t\t\t\t\t\t\t\t\t\t\t\t\t\t\t<p class=\"calendarline\"><img decoding=\"async\" class=\"calendar_icon\" src=\"https:\/\/www.ergowebinar.de\/intern\/images\/calendar.png\">26.08.2026 18:30 - 19:30<\/p>\t\r\n\t\t\t\t\t\t\t\t\t\t\t\t\t\t\t\t\t\t\t\t\t<p class=\"liquid_vc_single_text\">Hormonelle Dysbalancen k&ouml;nnen in der Lebensmitte zur inneren Unruhe, vermehrter Gereiztheit oder auch Schwerf&auml;lligkeit f&uuml;hren. In diesem Themenblock erfahren Sie die wesentliche Bedeutung ...<\/p>\r\n\t\t\t\t\t\t\t\t\t\t\t\t\t\t\t\t\t\t\t\t\t<p class=\"sempreis\">49 \u20ac<\/p>\r\n\t\t\t\t\t\t\t\t\t\t\t\t\t\t\t\t\t\t\t\t\t\t\t<p class=\"semmwst\"><\/p>\r\n\t\t\t\t\t\t\t\t\t\t\t\t\t\t\t\t\t\t\t\t\t\t\t\r\n\t\t\t\t\t\t\t\t\t<\/a>\r\n\t\t\t\t\t\t\t\t\t\r\n\t\t\t\t\t\t\t\t<\/figure>\r\n\t\t\t\t\t\t\t\t\r\n\t\t\t\t\t\t\t<\/div>\r\n\t\t\t\t\t\t\t\t\t\t\t\t\t\t\r\n\t\t\t\t\t\t<\/div>\r\n\t\t\t\t\t<\/div>\r\n\t\t\t\t<\/div>\r\n\t\t\t\t\t\t\t\t<div class=\"wpb_column vc_column_container vc_col-sm-2\">\r\n\t\t\t\t\t<div class=\"vc_column-inner \" >\r\n\t\t\t\t\t\t<div class=\"wpb_wrapper\" >\r\n\t\t\t\t\t\t\t<div class=\"wpb_single_image wpb_content_element vc_align_ liquid_vc_single_image\">\r\n\t\t\t\t\t\t\t\t\t\t\t\t\t\t\t\t\t<div class=\"sem_overlay\" ><a href=\"https:\/\/online.therapie.ergowebinar.de\/de\/e\/Strecksehnen-Verletzungen-in-Zone-3-4-Nachbehandlung-2-FP-121?\r\n\t\t\t\t\t\t\t\t\t\" class=\"btn btn-solid btn-xsm round border-thin btn-has-label jetztstartenbutton\">klicken f\u00fcr Details<\/a><\/div>\r\n\t\t\t\t\t\t\t\t\t\t\t\t\t\t\t\t\t<figure class=\"wpb_wrapper vc_figure\">\r\n\t\t\t\t\t\t\t\t\t<a href=\"online.therapie.ergowebinar.de\/de\/e\/Strecksehnen-Verletzungen-in-Zone-3-4-Nachbehandlung-2-FP-121?\r\n\t\t\t\t\t\t\t\t\t\" title=\"Sie sehen eine gestreckte Hand mit relative Motion Schiene als Assoziation zum Webseminar zu Strecksehnenverletzung f\u00fcr Ergotherapie + Physiotherapie in der Rehabilitation von Handverletzungen, Handtherapie in Klinik + Praxis\" target=\"_blank\">\r\n\t\t\t\t\t\t\t\t\t\t<img decoding=\"async\" width=\"475\" src=\"https:\/\/www.ergowebinar.de\/intern\/parsed_images\/dc2e4948-4ac3-494a-92f5-f5c39a6da8da.jpg\" class=\"vc_single_image-img attachment-full\" alt=\"Sie sehen eine gestreckte Hand mit relative Motion Schiene als Assoziation zum Webseminar zu Strecksehnenverletzung f\u00fcr Ergotherapie + Physiotherapie in der Rehabilitation von Handverletzungen, Handtherapie in Klinik + Praxis\" title=\"Sie sehen eine gestreckte Hand mit relative Motion Schiene als Assoziation zum Webseminar zu Strecksehnenverletzung f\u00fcr Ergotherapie + Physiotherapie in der Rehabilitation von Handverletzungen, Handtherapie in Klinik + Praxis\" srcset=\"https:\/\/www.ergowebinar.de\/intern\/parsed_images\/dc2e4948-4ac3-494a-92f5-f5c39a6da8da.jpg 475w, https:\/\/www.ergowebinar.de\/intern\/parsed_images\/dc2e4948-4ac3-494a-92f5-f5c39a6da8da.jpg 275w\" sizes=\"(max-width: 475px) 100vw, 475px\" itemprop=\"image\" \/>\r\n\t\t\t\t\t\t\t\t\t\t<h6>Strecksehnen-Verletzungen in Zone 3+4 - Nachbehandlung [2 FP]<\/h6>\r\n\t\t\t\t\t\t\t\t\t\t\t\t\t\t\t\t\t\t\t\t\t<p class=\"calendarline\"><img decoding=\"async\" class=\"calendar_icon\" src=\"https:\/\/www.ergowebinar.de\/intern\/images\/calendar.png\">07.09.2026 16:30 - 17:30<\/p>\t\r\n\t\t\t\t\t\t\t\t\t\t\t\t\t\t\t\t\t\t\t\t\t<p class=\"liquid_vc_single_text\">In der Behandlung von Strecksehnenverletzungen kommen unterschiedliche Nachbehandlungskonzepte zum Einsatz. In der aktiven Nachbehandlung erm&ouml;glicht der Einsatz der RMF-Schienen (relative motion flexion ...<\/p>\r\n\t\t\t\t\t\t\t\t\t\t\t\t\t\t\t\t\t\t\t\t\t<p class=\"sempreis\">49 \u20ac<\/p>\r\n\t\t\t\t\t\t\t\t\t\t\t\t\t\t\t\t\t\t\t\t\t\t\t<p class=\"semmwst\"><\/p>\r\n\t\t\t\t\t\t\t\t\t\t\t\t\t\t\t\t\t\t\t\t\t\t\t\r\n\t\t\t\t\t\t\t\t\t<\/a>\r\n\t\t\t\t\t\t\t\t\t\r\n\t\t\t\t\t\t\t\t<\/figure>\r\n\t\t\t\t\t\t\t\t\r\n\t\t\t\t\t\t\t<\/div>\r\n\t\t\t\t\t\t\t\t\t\t\t\t\t\t\r\n\t\t\t\t\t\t<\/div>\r\n\t\t\t\t\t<\/div>\r\n\t\t\t\t<\/div>\r\n\t\t\t\t\t\t\t\t<div class=\"wpb_column vc_column_container vc_col-sm-2\">\r\n\t\t\t\t\t<div class=\"vc_column-inner \" >\r\n\t\t\t\t\t\t<div class=\"wpb_wrapper\" >\r\n\t\t\t\t\t\t\t<div class=\"wpb_single_image wpb_content_element vc_align_ liquid_vc_single_image\">\r\n\t\t\t\t\t\t\t\t\t\t\t\t\t\t\t\t\t<div class=\"sem_overlay\" ><a href=\"https:\/\/online.therapie.ergowebinar.de\/de\/e\/Rheuma-funktionelle-Befunderhebung-an-der-Hand-2FP-99?\r\n\t\t\t\t\t\t\t\t\t\" class=\"btn btn-solid btn-xsm round border-thin btn-has-label jetztstartenbutton\">klicken f\u00fcr Details<\/a><\/div>\r\n\t\t\t\t\t\t\t\t\t\t\t\t\t\t\t\t\t<figure class=\"wpb_wrapper vc_figure\">\r\n\t\t\t\t\t\t\t\t\t<a href=\"online.therapie.ergowebinar.de\/de\/e\/Rheuma-funktionelle-Befunderhebung-an-der-Hand-2FP-99?\r\n\t\t\t\t\t\t\t\t\t\" title=\"Sie sehen eine \u00e4ltere Frau, die mit dem Zeigfinger einer Hand auf den Handr\u00fccken der anderen Hand fasst, als Assoziation zum Webseminar f\u00fcr Ergotherapie + Physiotherapie in der Rehabilitation rheumatischen Erkrankungen in Klinik + Praxis\" target=\"_blank\">\r\n\t\t\t\t\t\t\t\t\t\t<img decoding=\"async\" width=\"475\" src=\"https:\/\/www.ergowebinar.de\/intern\/parsed_images\/dc580f1e-cdbb-4d60-ad57-feba2446cd79.jpg\" class=\"vc_single_image-img attachment-full\" alt=\"Sie sehen eine \u00e4ltere Frau, die mit dem Zeigfinger einer Hand auf den Handr\u00fccken der anderen Hand fasst, als Assoziation zum Webseminar f\u00fcr Ergotherapie + Physiotherapie in der Rehabilitation rheumatischen Erkrankungen in Klinik + Praxis\" title=\"Sie sehen eine \u00e4ltere Frau, die mit dem Zeigfinger einer Hand auf den Handr\u00fccken der anderen Hand fasst, als Assoziation zum Webseminar f\u00fcr Ergotherapie + Physiotherapie in der Rehabilitation rheumatischen Erkrankungen in Klinik + Praxis\" srcset=\"https:\/\/www.ergowebinar.de\/intern\/parsed_images\/dc580f1e-cdbb-4d60-ad57-feba2446cd79.jpg 475w, https:\/\/www.ergowebinar.de\/intern\/parsed_images\/dc580f1e-cdbb-4d60-ad57-feba2446cd79.jpg 275w\" sizes=\"(max-width: 475px) 100vw, 475px\" itemprop=\"image\" \/>\r\n\t\t\t\t\t\t\t\t\t\t<h6>Rheuma \u2013 funktionelle Befunderhebung an der Hand [2FP]<\/h6>\r\n\t\t\t\t\t\t\t\t\t\t\t\t\t\t\t\t\t\t\t\t\t<p class=\"calendarline\"><img decoding=\"async\" class=\"calendar_icon\" src=\"https:\/\/www.ergowebinar.de\/intern\/images\/calendar.png\">08.09.2026 18:00 - 19:00<\/p>\t\r\n\t\t\t\t\t\t\t\t\t\t\t\t\t\t\t\t\t\t\t\t\t<p class=\"liquid_vc_single_text\">F&uuml;r die chronische Gelenksentz&uuml;ndung schulst Du hier den therapeutischen Blick f&uuml;r die g&auml;ngigen Funktionseinschr&auml;nkungen und Deformit&auml;ten. Im Mittelpunkt stehen der funktionelle ...<\/p>\r\n\t\t\t\t\t\t\t\t\t\t\t\t\t\t\t\t\t\t\t\t\t<p class=\"sempreis\">49 \u20ac<\/p>\r\n\t\t\t\t\t\t\t\t\t\t\t\t\t\t\t\t\t\t\t\t\t\t\t<p class=\"semmwst\"><\/p>\r\n\t\t\t\t\t\t\t\t\t\t\t\t\t\t\t\t\t\t\t\t\t\t\t\r\n\t\t\t\t\t\t\t\t\t<\/a>\r\n\t\t\t\t\t\t\t\t\t\r\n\t\t\t\t\t\t\t\t<\/figure>\r\n\t\t\t\t\t\t\t\t\r\n\t\t\t\t\t\t\t<\/div>\r\n\t\t\t\t\t\t\t\t\t\t\t\t\t\t\r\n\t\t\t\t\t\t<\/div>\r\n\t\t\t\t\t<\/div>\r\n\t\t\t\t<\/div>\r\n\t\t\t\t\t\t\t\t<div class=\"wpb_column vc_column_container vc_col-sm-2\">\r\n\t\t\t\t\t<div class=\"vc_column-inner \" >\r\n\t\t\t\t\t\t<div class=\"wpb_wrapper\" >\r\n\t\t\t\t\t\t\t<div class=\"wpb_single_image wpb_content_element vc_align_ liquid_vc_single_image\">\r\n\t\t\t\t\t\t\t\t\t\t\t\t\t\t\t\t\t<div class=\"sem_overlay\" ><a href=\"https:\/\/online.therapie.ergowebinar.de\/de\/e\/Strecksehnen-Verletzungen-in-Zone-5-Nachbehandlung-2-FP-122?\r\n\t\t\t\t\t\t\t\t\t\" class=\"btn btn-solid btn-xsm round border-thin btn-has-label jetztstartenbutton\">klicken f\u00fcr Details<\/a><\/div>\r\n\t\t\t\t\t\t\t\t\t\t\t\t\t\t\t\t\t<figure class=\"wpb_wrapper vc_figure\">\r\n\t\t\t\t\t\t\t\t\t<a href=\"online.therapie.ergowebinar.de\/de\/e\/Strecksehnen-Verletzungen-in-Zone-5-Nachbehandlung-2-FP-122?\r\n\t\t\t\t\t\t\t\t\t\" title=\"Sie sehen eine Hand mit gebeugten Fingern mit einer Handschiene als Assoziation zum Webseminar \u00fcber Strecksehnenverletzungen der Finger f\u00fcr Ergotherapie + Physiotherapie in der Rehabilitation Handverletzungen und Handtherapie in Klinik + Praxis\" target=\"_blank\">\r\n\t\t\t\t\t\t\t\t\t\t<img decoding=\"async\" width=\"475\" src=\"https:\/\/www.ergowebinar.de\/intern\/parsed_images\/adf92cd4-a632-47e5-82ee-4a6ea465c048.jpg\" class=\"vc_single_image-img attachment-full\" alt=\"Sie sehen eine Hand mit gebeugten Fingern mit einer Handschiene als Assoziation zum Webseminar \u00fcber Strecksehnenverletzungen der Finger f\u00fcr Ergotherapie + Physiotherapie in der Rehabilitation Handverletzungen und Handtherapie in Klinik + Praxis\" title=\"Sie sehen eine Hand mit gebeugten Fingern mit einer Handschiene als Assoziation zum Webseminar \u00fcber Strecksehnenverletzungen der Finger f\u00fcr Ergotherapie + Physiotherapie in der Rehabilitation Handverletzungen und Handtherapie in Klinik + Praxis\" srcset=\"https:\/\/www.ergowebinar.de\/intern\/parsed_images\/adf92cd4-a632-47e5-82ee-4a6ea465c048.jpg 475w, https:\/\/www.ergowebinar.de\/intern\/parsed_images\/adf92cd4-a632-47e5-82ee-4a6ea465c048.jpg 275w\" sizes=\"(max-width: 475px) 100vw, 475px\" itemprop=\"image\" \/>\r\n\t\t\t\t\t\t\t\t\t\t<h6>Strecksehnen-Verletzungen in Zone 5 \u2013 Nachbehandlung [2 FP]<\/h6>\r\n\t\t\t\t\t\t\t\t\t\t\t\t\t\t\t\t\t\t\t\t\t<p class=\"calendarline\"><img decoding=\"async\" class=\"calendar_icon\" src=\"https:\/\/www.ergowebinar.de\/intern\/images\/calendar.png\">14.09.2026 16:30 - 17:30<\/p>\t\r\n\t\t\t\t\t\t\t\t\t\t\t\t\t\t\t\t\t\t\t\t\t<p class=\"liquid_vc_single_text\">In der Behandlung von Strecksehnenverletzungen kommen unterschiedliche Nachbehandlungskonzepte zum Einsatz. In der aktiven Nachbehandlung erm&ouml;glicht der Einsatz der RME-Schienen begrenzt aktive und ...<\/p>\r\n\t\t\t\t\t\t\t\t\t\t\t\t\t\t\t\t\t\t\t\t\t<p class=\"sempreis\">49 \u20ac<\/p>\r\n\t\t\t\t\t\t\t\t\t\t\t\t\t\t\t\t\t\t\t\t\t\t\t<p class=\"semmwst\"><\/p>\r\n\t\t\t\t\t\t\t\t\t\t\t\t\t\t\t\t\t\t\t\t\t\t\t\r\n\t\t\t\t\t\t\t\t\t<\/a>\r\n\t\t\t\t\t\t\t\t\t\r\n\t\t\t\t\t\t\t\t<\/figure>\r\n\t\t\t\t\t\t\t\t\r\n\t\t\t\t\t\t\t<\/div>\r\n\t\t\t\t\t\t\t\t\t\t\t\t\t\t\r\n\t\t\t\t\t\t<\/div>\r\n\t\t\t\t\t<\/div>\r\n\t\t\t\t<\/div>\r\n\t\t\t\t\t\t\t\t<div class=\"wpb_column vc_column_container vc_col-sm-2\">\r\n\t\t\t\t\t<div class=\"vc_column-inner \" >\r\n\t\t\t\t\t\t<div class=\"wpb_wrapper\" >\r\n\t\t\t\t\t\t\t<div class=\"wpb_single_image wpb_content_element vc_align_ liquid_vc_single_image\">\r\n\t\t\t\t\t\t\t\t\t\t\t\t\t\t\t\t\t<div class=\"sem_overlay\" ><a href=\"https:\/\/online.therapie.ergowebinar.de\/de\/e\/Periphere-Nervenverletzungen-Basics-2FP-123?\r\n\t\t\t\t\t\t\t\t\t\" class=\"btn btn-solid btn-xsm round border-thin btn-has-label jetztstartenbutton\">klicken f\u00fcr Details<\/a><\/div>\r\n\t\t\t\t\t\t\t\t\t\t\t\t\t\t\t\t\t<figure class=\"wpb_wrapper vc_figure\">\r\n\t\t\t\t\t\t\t\t\t<a href=\"online.therapie.ergowebinar.de\/de\/e\/Periphere-Nervenverletzungen-Basics-2FP-123?\r\n\t\t\t\t\t\t\t\t\t\" title=\"Sie sehen vier H\u00e4nde verschiedenen Alters auf einem Bild als Assoziation zum Webseminar \u00fcber Basisbausteine zu peripheren Nervenl\u00e4sionen f\u00fcr Ergotherapie + Physiotherapie in der HandReha + Neuroreha + Orthoreha  in Klinik + Praxis\" target=\"_blank\">\r\n\t\t\t\t\t\t\t\t\t\t<img decoding=\"async\" width=\"475\" src=\"https:\/\/www.ergowebinar.de\/intern\/parsed_images\/79b07f38-4f9c-413d-b606-13c14f096c3e.jpg\" class=\"vc_single_image-img attachment-full\" alt=\"Sie sehen vier H\u00e4nde verschiedenen Alters auf einem Bild als Assoziation zum Webseminar \u00fcber Basisbausteine zu peripheren Nervenl\u00e4sionen f\u00fcr Ergotherapie + Physiotherapie in der HandReha + Neuroreha + Orthoreha  in Klinik + Praxis\" title=\"Sie sehen vier H\u00e4nde verschiedenen Alters auf einem Bild als Assoziation zum Webseminar \u00fcber Basisbausteine zu peripheren Nervenl\u00e4sionen f\u00fcr Ergotherapie + Physiotherapie in der HandReha + Neuroreha + Orthoreha  in Klinik + Praxis\" srcset=\"https:\/\/www.ergowebinar.de\/intern\/parsed_images\/79b07f38-4f9c-413d-b606-13c14f096c3e.jpg 475w, https:\/\/www.ergowebinar.de\/intern\/parsed_images\/79b07f38-4f9c-413d-b606-13c14f096c3e.jpg 275w\" sizes=\"(max-width: 475px) 100vw, 475px\" itemprop=\"image\" \/>\r\n\t\t\t\t\t\t\t\t\t\t<h6>Periphere Nervenverletzungen - Basics [2FP]<\/h6>\r\n\t\t\t\t\t\t\t\t\t\t\t\t\t\t\t\t\t\t\t\t\t<p class=\"calendarline\"><img decoding=\"async\" class=\"calendar_icon\" src=\"https:\/\/www.ergowebinar.de\/intern\/images\/calendar.png\">15.09.2026 20:00 - 21:00<\/p>\t\r\n\t\t\t\t\t\t\t\t\t\t\t\t\t\t\t\t\t\t\t\t\t<p class=\"liquid_vc_single_text\">Periphere Nervenverletzungen in der Praxis erkennen, verstehen und behandeln. Da sind viele Aspekte einzuordnen: Wie erkenne ich, dass ein Nerv mitbeteiligt ist? Welche Ma&szlig;nahmen soll ich in der ...<\/p>\r\n\t\t\t\t\t\t\t\t\t\t\t\t\t\t\t\t\t\t\t\t\t<p class=\"sempreis\">49 \u20ac<\/p>\r\n\t\t\t\t\t\t\t\t\t\t\t\t\t\t\t\t\t\t\t\t\t\t\t<p class=\"semmwst\"><\/p>\r\n\t\t\t\t\t\t\t\t\t\t\t\t\t\t\t\t\t\t\t\t\t\t\t\r\n\t\t\t\t\t\t\t\t\t<\/a>\r\n\t\t\t\t\t\t\t\t\t\r\n\t\t\t\t\t\t\t\t<\/figure>\r\n\t\t\t\t\t\t\t\t\r\n\t\t\t\t\t\t\t<\/div>\r\n\t\t\t\t\t\t\t\t\t\t\t\t\t\t\r\n\t\t\t\t\t\t<\/div>\r\n\t\t\t\t\t<\/div>\r\n\t\t\t\t<\/div>\r\n\t\t\t\t\t\t\t\t<div class=\"wpb_column vc_column_container vc_col-sm-2\">\r\n\t\t\t\t\t<div class=\"vc_column-inner \" >\r\n\t\t\t\t\t\t<div class=\"wpb_wrapper\" >\r\n\t\t\t\t\t\t\t<div class=\"wpb_single_image wpb_content_element vc_align_ liquid_vc_single_image\">\r\n\t\t\t\t\t\t\t\t\t\t\t\t\t\t\t\t\t<div class=\"sem_overlay\" ><a href=\"#4637ce87-7921-4d0b-bda0-7eb8ab5-0010\" class=\"btn btn-solid btn-xsm round border-thin btn-has-label nichtdabutton\">8 Tage nach Ablauf des<br>Vorg\u00e4ngers buchbar<\/a><\/div>\r\n\t\t\t\t\t\t\t\t\t\t\t\t\t\t\t\t\t<figure class=\"wpb_wrapper vc_figure\">\r\n\t\t\t\t\t\t\t\t\t<a href=\"online.therapie.ergowebinar.de\/de\/e\/Prae-Rehabilitation-obere-Extremitaet-2FP-324?\r\n\t\t\t\t\t\t\t\t\t\" title=\"Sie sehen eine Gliederfigur mit ausgestrecktem abwehrenden Arm als Symbol zum Webseminar zur vorbereitentenden Therapie in der Ergotherapie vor elektiven Eingriffen an der oberen Extremit\u00e4t in Orthop\u00e4die, Handttherapie, Neurologie in Klinik + Praxis\" target=\"_blank\">\r\n\t\t\t\t\t\t\t\t\t\t<img decoding=\"async\" width=\"475\" src=\"https:\/\/www.ergowebinar.de\/intern\/parsed_images\/8ec4ecd4-61de-4162-ad0f-478a36f22c93.jpg\" class=\"vc_single_image-img attachment-full\" alt=\"Sie sehen eine Gliederfigur mit ausgestrecktem abwehrenden Arm als Symbol zum Webseminar zur vorbereitentenden Therapie in der Ergotherapie vor elektiven Eingriffen an der oberen Extremit\u00e4t in Orthop\u00e4die, Handttherapie, Neurologie in Klinik + Praxis\" title=\"Sie sehen eine Gliederfigur mit ausgestrecktem abwehrenden Arm als Symbol zum Webseminar zur vorbereitentenden Therapie in der Ergotherapie vor elektiven Eingriffen an der oberen Extremit\u00e4t in Orthop\u00e4die, Handttherapie, Neurologie in Klinik + Praxis\" srcset=\"https:\/\/www.ergowebinar.de\/intern\/parsed_images\/8ec4ecd4-61de-4162-ad0f-478a36f22c93.jpg 475w, https:\/\/www.ergowebinar.de\/intern\/parsed_images\/8ec4ecd4-61de-4162-ad0f-478a36f22c93.jpg 275w\" sizes=\"(max-width: 475px) 100vw, 475px\" itemprop=\"image\" \/>\r\n\t\t\t\t\t\t\t\t\t\t<h6>Pr\u00e4-Rehabilitation - obere Extremit\u00e4t [2FP]<\/h6>\r\n\t\t\t\t\t\t\t\t\t\t\t\t\t\t\t\t\t\t\t\t\t<p class=\"calendarline\"><img decoding=\"async\" class=\"calendar_icon\" src=\"https:\/\/www.ergowebinar.de\/intern\/images\/calendar.png\">16.09.2026 18:00 - 19:00<\/p>\t\r\n\t\t\t\t\t\t\t\t\t\t\t\t\t\t\t\t\t\t\t\t\t<p class=\"liquid_vc_single_text\">\r\nMeist beginnt die Behandlungsserie nach der Nahtentfernung, doch in letzter Zeit gewinnen Interventionen vor dem eigentlichen Operationstermin mehr und mehr an Popularit&auml;t. Wie man Betroffene schon ...<\/p>\r\n\t\t\t\t\t\t\t\t\t\t\t\t\t\t\t\t\t\t\t\t\t<p class=\"sempreis\">49 \u20ac<\/p>\r\n\t\t\t\t\t\t\t\t\t\t\t\t\t\t\t\t\t\t\t\t\t\t\t<p class=\"semmwst\"><\/p>\r\n\t\t\t\t\t\t\t\t\t\t\t\t\t\t\t\t\t\t\t\t\t\t\t\r\n\t\t\t\t\t\t\t\t\t<\/a>\r\n\t\t\t\t\t\t\t\t\t\r\n\t\t\t\t\t\t\t\t<\/figure>\r\n\t\t\t\t\t\t\t\t\r\n\t\t\t\t\t\t\t<\/div>\r\n\t\t\t\t\t\t\t\t\t\t\t\t\t\t\r\n\t\t\t\t\t\t<\/div>\r\n\t\t\t\t\t<\/div>\r\n\t\t\t\t<\/div>\r\n\t\t\t\t\t\t\t\t<div class=\"wpb_column vc_column_container vc_col-sm-2\">\r\n\t\t\t\t\t<div class=\"vc_column-inner \" >\r\n\t\t\t\t\t\t<div class=\"wpb_wrapper\" >\r\n\t\t\t\t\t\t\t<div class=\"wpb_single_image wpb_content_element vc_align_ liquid_vc_single_image\">\r\n\t\t\t\t\t\t\t\t\t\t\t\t\t\t\t\t\t<div class=\"sem_overlay\" ><a href=\"#4637ce87-7921-4d0b-bda0-7eb8ab5-0010\" class=\"btn btn-solid btn-xsm round border-thin btn-has-label nichtdabutton\">8 Tage nach Ablauf des<br>Vorg\u00e4ngers buchbar<\/a><\/div>\r\n\t\t\t\t\t\t\t\t\t\t\t\t\t\t\t\t\t<figure class=\"wpb_wrapper vc_figure\">\r\n\t\t\t\t\t\t\t\t\t<a href=\"online.therapie.ergowebinar.de\/de\/e\/Prae-Rehabilitation-untere-Extremitaet-2FP-325?\r\n\t\t\t\t\t\t\t\t\t\" title=\"Sie sehen eine Hand am Griff einer Unterarmgehst\u00fctze als Symbol zum Webseminar zur vorbereitentenden Therapie in der Ergotherapie vor elektiven Eingriffen an der unteren Extremit\u00e4t in Orthop\u00e4die, Handttherapie, Neurologie in Klinik + Praxis\" target=\"_blank\">\r\n\t\t\t\t\t\t\t\t\t\t<img decoding=\"async\" width=\"475\" src=\"https:\/\/www.ergowebinar.de\/intern\/parsed_images\/8ec4ecd4-61de-4162-ad0f-488a36f22c93.jpg\" class=\"vc_single_image-img attachment-full\" alt=\"Sie sehen eine Hand am Griff einer Unterarmgehst\u00fctze als Symbol zum Webseminar zur vorbereitentenden Therapie in der Ergotherapie vor elektiven Eingriffen an der unteren Extremit\u00e4t in Orthop\u00e4die, Handttherapie, Neurologie in Klinik + Praxis\" title=\"Sie sehen eine Hand am Griff einer Unterarmgehst\u00fctze als Symbol zum Webseminar zur vorbereitentenden Therapie in der Ergotherapie vor elektiven Eingriffen an der unteren Extremit\u00e4t in Orthop\u00e4die, Handttherapie, Neurologie in Klinik + Praxis\" srcset=\"https:\/\/www.ergowebinar.de\/intern\/parsed_images\/8ec4ecd4-61de-4162-ad0f-488a36f22c93.jpg 475w, https:\/\/www.ergowebinar.de\/intern\/parsed_images\/8ec4ecd4-61de-4162-ad0f-488a36f22c93.jpg 275w\" sizes=\"(max-width: 475px) 100vw, 475px\" itemprop=\"image\" \/>\r\n\t\t\t\t\t\t\t\t\t\t<h6>Pr\u00e4-Rehabilitation - untere Extremit\u00e4t [2FP]<\/h6>\r\n\t\t\t\t\t\t\t\t\t\t\t\t\t\t\t\t\t\t\t\t\t<p class=\"calendarline\"><img decoding=\"async\" class=\"calendar_icon\" src=\"https:\/\/www.ergowebinar.de\/intern\/images\/calendar.png\">16.09.2026 19:30 - 20:30<\/p>\t\r\n\t\t\t\t\t\t\t\t\t\t\t\t\t\t\t\t\t\t\t\t\t<p class=\"liquid_vc_single_text\">\r\n\r\nErgotherapeut:innen k&ouml;nnen schon im Vorfeld von Operationen im Bereich der unteren Extremit&auml;t einen wertvollen Beitrag durch Klientenedukation leisten. Sie unterst&uuml;tzen durch diverse ...<\/p>\r\n\t\t\t\t\t\t\t\t\t\t\t\t\t\t\t\t\t\t\t\t\t<p class=\"sempreis\">49 \u20ac<\/p>\r\n\t\t\t\t\t\t\t\t\t\t\t\t\t\t\t\t\t\t\t\t\t\t\t<p class=\"semmwst\"><\/p>\r\n\t\t\t\t\t\t\t\t\t\t\t\t\t\t\t\t\t\t\t\t\t\t\t\r\n\t\t\t\t\t\t\t\t\t<\/a>\r\n\t\t\t\t\t\t\t\t\t\r\n\t\t\t\t\t\t\t\t<\/figure>\r\n\t\t\t\t\t\t\t\t\r\n\t\t\t\t\t\t\t<\/div>\r\n\t\t\t\t\t\t\t\t\t\t\t\t\t\t\r\n\t\t\t\t\t\t<\/div>\r\n\t\t\t\t\t<\/div>\r\n\t\t\t\t<\/div>\r\n\t\t\t\t\t\t\t\t<div class=\"wpb_column vc_column_container vc_col-sm-2\">\r\n\t\t\t\t\t<div class=\"vc_column-inner \" >\r\n\t\t\t\t\t\t<div class=\"wpb_wrapper\" >\r\n\t\t\t\t\t\t\t<div class=\"wpb_single_image wpb_content_element vc_align_ liquid_vc_single_image\">\r\n\t\t\t\t\t\t\t\t\t\t\t\t\t\t\t\t\t<div class=\"sem_overlay\" ><a href=\"https:\/\/online.therapie.ergowebinar.de\/de\/e\/Multifaktorielle-Sturzpraevention-fuer-Personen-mit-hohem-Sturzrisiko-Update-2FP-69?\r\n\t\t\t\t\t\t\t\t\t\" class=\"btn btn-solid btn-xsm round border-thin btn-has-label jetztstartenbutton\">klicken f\u00fcr Details<\/a><\/div>\r\n\t\t\t\t\t\t\t\t\t\t\t\t\t\t\t\t\t<figure class=\"wpb_wrapper vc_figure\">\r\n\t\t\t\t\t\t\t\t\t<a href=\"online.therapie.ergowebinar.de\/de\/e\/Multifaktorielle-Sturzpraevention-fuer-Personen-mit-hohem-Sturzrisiko-Update-2FP-69?\r\n\t\t\t\t\t\t\t\t\t\" title=\"Sie sehen fallende Dominosteine, die von einer Hand gebremst werden, als Assoziation zum Webseminar f\u00fcr Ergotherapie + Physiotherapie in der Sturzpr\u00e4vention im de NeuroReha, Orthop\u00e4die und Geriatrie in Klinik + Praxis\" target=\"_blank\">\r\n\t\t\t\t\t\t\t\t\t\t<img decoding=\"async\" width=\"475\" src=\"https:\/\/www.ergowebinar.de\/intern\/parsed_images\/69.png\" class=\"vc_single_image-img attachment-full\" alt=\"Sie sehen fallende Dominosteine, die von einer Hand gebremst werden, als Assoziation zum Webseminar f\u00fcr Ergotherapie + Physiotherapie in der Sturzpr\u00e4vention im de NeuroReha, Orthop\u00e4die und Geriatrie in Klinik + Praxis\" title=\"Sie sehen fallende Dominosteine, die von einer Hand gebremst werden, als Assoziation zum Webseminar f\u00fcr Ergotherapie + Physiotherapie in der Sturzpr\u00e4vention im de NeuroReha, Orthop\u00e4die und Geriatrie in Klinik + Praxis\" srcset=\"https:\/\/www.ergowebinar.de\/intern\/parsed_images\/69.png 475w, https:\/\/www.ergowebinar.de\/intern\/parsed_images\/69.png 275w\" sizes=\"(max-width: 475px) 100vw, 475px\" itemprop=\"image\" \/>\r\n\t\t\t\t\t\t\t\t\t\t<h6>Multifaktorielle Sturzpr\u00e4vention f\u00fcr Personen mit hohem Sturzrisiko - Update [2FP]<\/h6>\r\n\t\t\t\t\t\t\t\t\t\t\t\t\t\t\t\t\t\t\t\t\t<p class=\"calendarline\"><img decoding=\"async\" class=\"calendar_icon\" src=\"https:\/\/www.ergowebinar.de\/intern\/images\/calendar.png\">28.09.2026 19:45 - 20:45<\/p>\t\r\n\t\t\t\t\t\t\t\t\t\t\t\t\t\t\t\t\t\t\t\t\t<p class=\"liquid_vc_single_text\">Sturzpr&auml;ventionsma&szlig;nahmen gewinnen in unserer Gesellschaft immer mehr an Bedeutung. Bei Personen mit hohem Sturzrisiko sind neben einem k&ouml;rperlichen Training auch weitere Ma&szlig;nahmen ...<\/p>\r\n\t\t\t\t\t\t\t\t\t\t\t\t\t\t\t\t\t\t\t\t\t<p class=\"sempreis\">49 \u20ac<\/p>\r\n\t\t\t\t\t\t\t\t\t\t\t\t\t\t\t\t\t\t\t\t\t\t\t<p class=\"semmwst\"><\/p>\r\n\t\t\t\t\t\t\t\t\t\t\t\t\t\t\t\t\t\t\t\t\t\t\t\r\n\t\t\t\t\t\t\t\t\t<\/a>\r\n\t\t\t\t\t\t\t\t\t\r\n\t\t\t\t\t\t\t\t<\/figure>\r\n\t\t\t\t\t\t\t\t\r\n\t\t\t\t\t\t\t<\/div>\r\n\t\t\t\t\t\t\t\t\t\t\t\t\t\t\r\n\t\t\t\t\t\t<\/div>\r\n\t\t\t\t\t<\/div>\r\n\t\t\t\t<\/div>\r\n\t\t\t\t\t\t\t\t<div class=\"wpb_column vc_column_container vc_col-sm-2\">\r\n\t\t\t\t\t<div class=\"vc_column-inner \" >\r\n\t\t\t\t\t\t<div class=\"wpb_wrapper\" >\r\n\t\t\t\t\t\t\t<div class=\"wpb_single_image wpb_content_element vc_align_ liquid_vc_single_image\">\r\n\t\t\t\t\t\t\t\t\t\t\t\t\t\t\t\t\t<div class=\"sem_overlay\" ><a href=\"https:\/\/online.therapie.ergowebinar.de\/de\/e\/Rheuma-Gelenkschutz-1-im-Haushalt-2FP-98?\r\n\t\t\t\t\t\t\t\t\t\" class=\"btn btn-solid btn-xsm round border-thin btn-has-label jetztstartenbutton\">klicken f\u00fcr Details<\/a><\/div>\r\n\t\t\t\t\t\t\t\t\t\t\t\t\t\t\t\t\t<figure class=\"wpb_wrapper vc_figure\">\r\n\t\t\t\t\t\t\t\t\t<a href=\"online.therapie.ergowebinar.de\/de\/e\/Rheuma-Gelenkschutz-1-im-Haushalt-2FP-98?\r\n\t\t\t\t\t\t\t\t\t\" title=\"Sie sehen mit dem Blickwinkel aus dem Backofen heraus \u00fcber einen Kuchen in das Gesicht einer Frau, als Assoziation zum Webseminar f\u00fcr Ergotherapie + Physiotherapie in der Rehabilitation + Gelenkschutz bei Rheuma in der Handtherapie in Klinik + Praxis\" target=\"_blank\">\r\n\t\t\t\t\t\t\t\t\t\t<img decoding=\"async\" width=\"475\" src=\"https:\/\/www.ergowebinar.de\/intern\/parsed_images\/0577c142-7bc0-4772-989d-fb2c100bfc0c.jpg\" class=\"vc_single_image-img attachment-full\" alt=\"Sie sehen mit dem Blickwinkel aus dem Backofen heraus \u00fcber einen Kuchen in das Gesicht einer Frau, als Assoziation zum Webseminar f\u00fcr Ergotherapie + Physiotherapie in der Rehabilitation + Gelenkschutz bei Rheuma in der Handtherapie in Klinik + Praxis\" title=\"Sie sehen mit dem Blickwinkel aus dem Backofen heraus \u00fcber einen Kuchen in das Gesicht einer Frau, als Assoziation zum Webseminar f\u00fcr Ergotherapie + Physiotherapie in der Rehabilitation + Gelenkschutz bei Rheuma in der Handtherapie in Klinik + Praxis\" srcset=\"https:\/\/www.ergowebinar.de\/intern\/parsed_images\/0577c142-7bc0-4772-989d-fb2c100bfc0c.jpg 475w, https:\/\/www.ergowebinar.de\/intern\/parsed_images\/0577c142-7bc0-4772-989d-fb2c100bfc0c.jpg 275w\" sizes=\"(max-width: 475px) 100vw, 475px\" itemprop=\"image\" \/>\r\n\t\t\t\t\t\t\t\t\t\t<h6>Rheuma \u2013 Gelenkschutz 1-im Haushalt [2FP]<\/h6>\r\n\t\t\t\t\t\t\t\t\t\t\t\t\t\t\t\t\t\t\t\t\t<p class=\"calendarline\"><img decoding=\"async\" class=\"calendar_icon\" src=\"https:\/\/www.ergowebinar.de\/intern\/images\/calendar.png\">29.09.2026 18:00 - 19:00<\/p>\t\r\n\t\t\t\t\t\t\t\t\t\t\t\t\t\t\t\t\t\t\t\t\t<p class=\"liquid_vc_single_text\">Ziel des Gelenkschutz ist eine Entlastung rheumatisch betroffener Gelenke von zu starker Beanspruchung. Zugleich wird durch die Gelenkschutzprinzipien eine Minderung von Schmerz und Vermeidung von Deformit&auml;ten ...<\/p>\r\n\t\t\t\t\t\t\t\t\t\t\t\t\t\t\t\t\t\t\t\t\t<p class=\"sempreis\">49 \u20ac<\/p>\r\n\t\t\t\t\t\t\t\t\t\t\t\t\t\t\t\t\t\t\t\t\t\t\t<p class=\"semmwst\"><\/p>\r\n\t\t\t\t\t\t\t\t\t\t\t\t\t\t\t\t\t\t\t\t\t\t\t\r\n\t\t\t\t\t\t\t\t\t<\/a>\r\n\t\t\t\t\t\t\t\t\t\r\n\t\t\t\t\t\t\t\t<\/figure>\r\n\t\t\t\t\t\t\t\t\r\n\t\t\t\t\t\t\t<\/div>\r\n\t\t\t\t\t\t\t\t\t\t\t\t\t\t\r\n\t\t\t\t\t\t<\/div>\r\n\t\t\t\t\t<\/div>\r\n\t\t\t\t<\/div>\r\n\t\t\t\t\t\t\t\t<div class=\"wpb_column vc_column_container vc_col-sm-2\">\r\n\t\t\t\t\t<div class=\"vc_column-inner \" >\r\n\t\t\t\t\t\t<div class=\"wpb_wrapper\" >\r\n\t\t\t\t\t\t\t<div class=\"wpb_single_image wpb_content_element vc_align_ liquid_vc_single_image\">\r\n\t\t\t\t\t\t\t\t\t\t\t\t\t\t\t\t\t<div class=\"sem_overlay\" ><a href=\"https:\/\/online.therapie.ergowebinar.de\/de\/e\/Thoracic-Outlet-Syndrom-Basic-2-FP-151?\r\n\t\t\t\t\t\t\t\t\t\" class=\"btn btn-solid btn-xsm round border-thin btn-has-label jetztstartenbutton\">klicken f\u00fcr Details<\/a><\/div>\r\n\t\t\t\t\t\t\t\t\t\t\t\t\t\t\t\t\t<figure class=\"wpb_wrapper vc_figure\">\r\n\t\t\t\t\t\t\t\t\t<a href=\"online.therapie.ergowebinar.de\/de\/e\/Thoracic-Outlet-Syndrom-Basic-2-FP-151?\r\n\t\t\t\t\t\t\t\t\t\" title=\"Sie sehen einen Therapeuten, der einen Unterarm behandelt als Assoziation zum Webseminar zu Basiswissen zum Einklemmungssyndrom im Schulter-Schl\u00fcsselbeibereich f\u00fcr Ergotherapie + Physiotherapie in der Neurologie und Orthop\u00e4die in Klinik + Praxis\" target=\"_blank\">\r\n\t\t\t\t\t\t\t\t\t\t<img decoding=\"async\" width=\"475\" src=\"https:\/\/www.ergowebinar.de\/intern\/parsed_images\/5ddfbb1d-e79b-47be-bc87-6d50cc9e5878.jpg\" class=\"vc_single_image-img attachment-full\" alt=\"Sie sehen einen Therapeuten, der einen Unterarm behandelt als Assoziation zum Webseminar zu Basiswissen zum Einklemmungssyndrom im Schulter-Schl\u00fcsselbeibereich f\u00fcr Ergotherapie + Physiotherapie in der Neurologie und Orthop\u00e4die in Klinik + Praxis\" title=\"Sie sehen einen Therapeuten, der einen Unterarm behandelt als Assoziation zum Webseminar zu Basiswissen zum Einklemmungssyndrom im Schulter-Schl\u00fcsselbeibereich f\u00fcr Ergotherapie + Physiotherapie in der Neurologie und Orthop\u00e4die in Klinik + Praxis\" srcset=\"https:\/\/www.ergowebinar.de\/intern\/parsed_images\/5ddfbb1d-e79b-47be-bc87-6d50cc9e5878.jpg 475w, https:\/\/www.ergowebinar.de\/intern\/parsed_images\/5ddfbb1d-e79b-47be-bc87-6d50cc9e5878.jpg 275w\" sizes=\"(max-width: 475px) 100vw, 475px\" itemprop=\"image\" \/>\r\n\t\t\t\t\t\t\t\t\t\t<h6>Thoracic-Outlet-Syndrom - Basic [2 FP]<\/h6>\r\n\t\t\t\t\t\t\t\t\t\t\t\t\t\t\t\t\t\t\t\t\t<p class=\"calendarline\"><img decoding=\"async\" class=\"calendar_icon\" src=\"https:\/\/www.ergowebinar.de\/intern\/images\/calendar.png\">29.09.2026 19:30 - 20:30<\/p>\t\r\n\t\t\t\t\t\t\t\t\t\t\t\t\t\t\t\t\t\t\t\t\t<p class=\"liquid_vc_single_text\">Unter dem Begriff Thoracic-Outlet-Syndrom werden verschiedene neurovaskul&auml;re Kompressionssyndrome im Bereich des Halses und des oberen Brustbereichs zusammengefasst. Hier gibt es Edukationsbausteine ...<\/p>\r\n\t\t\t\t\t\t\t\t\t\t\t\t\t\t\t\t\t\t\t\t\t<p class=\"sempreis\">49 \u20ac<\/p>\r\n\t\t\t\t\t\t\t\t\t\t\t\t\t\t\t\t\t\t\t\t\t\t\t<p class=\"semmwst\"><\/p>\r\n\t\t\t\t\t\t\t\t\t\t\t\t\t\t\t\t\t\t\t\t\t\t\t\r\n\t\t\t\t\t\t\t\t\t<\/a>\r\n\t\t\t\t\t\t\t\t\t\r\n\t\t\t\t\t\t\t\t<\/figure>\r\n\t\t\t\t\t\t\t\t\r\n\t\t\t\t\t\t\t<\/div>\r\n\t\t\t\t\t\t\t\t\t\t\t\t\t\t\r\n\t\t\t\t\t\t<\/div>\r\n\t\t\t\t\t<\/div>\r\n\t\t\t\t<\/div>\r\n\t\t\t\t\t\t\t\t<div class=\"wpb_column vc_column_container vc_col-sm-2\">\r\n\t\t\t\t\t<div class=\"vc_column-inner \" >\r\n\t\t\t\t\t\t<div class=\"wpb_wrapper\" >\r\n\t\t\t\t\t\t\t<div class=\"wpb_single_image wpb_content_element vc_align_ liquid_vc_single_image\">\r\n\t\t\t\t\t\t\t\t\t\t\t\t\t\t\t\t\t<div class=\"sem_overlay\" ><a href=\"https:\/\/online.therapie.ergowebinar.de\/de\/e\/Der-N-Medianus-was-tun-wenn-der-Nerv-nervt-2FP-124?\r\n\t\t\t\t\t\t\t\t\t\" class=\"btn btn-solid btn-xsm round border-thin btn-has-label jetztstartenbutton\">klicken f\u00fcr Details<\/a><\/div>\r\n\t\t\t\t\t\t\t\t\t\t\t\t\t\t\t\t\t<figure class=\"wpb_wrapper vc_figure\">\r\n\t\t\t\t\t\t\t\t\t<a href=\"online.therapie.ergowebinar.de\/de\/e\/Der-N-Medianus-was-tun-wenn-der-Nerv-nervt-2FP-124?\r\n\t\t\t\t\t\t\t\t\t\" title=\"Sie sehen eine Hand, die M\u00fcnzen aus der Handfl\u00e4che nach vorn zu den Fingern schiebt, als Symbol zum Webseminar f\u00fcr Ergotherapie + Physiotherapie in der Rehabilitation von peripheren Nervenl\u00e4sionen in der Handreha des Nervus Medianus in Klinik + Praxis\" target=\"_blank\">\r\n\t\t\t\t\t\t\t\t\t\t<img decoding=\"async\" width=\"475\" src=\"https:\/\/www.ergowebinar.de\/intern\/parsed_images\/b9b7bdba-1e33-4100-bddc-e66d8b20af6a.jpg\" class=\"vc_single_image-img attachment-full\" alt=\"Sie sehen eine Hand, die M\u00fcnzen aus der Handfl\u00e4che nach vorn zu den Fingern schiebt, als Symbol zum Webseminar f\u00fcr Ergotherapie + Physiotherapie in der Rehabilitation von peripheren Nervenl\u00e4sionen in der Handreha des Nervus Medianus in Klinik + Praxis\" title=\"Sie sehen eine Hand, die M\u00fcnzen aus der Handfl\u00e4che nach vorn zu den Fingern schiebt, als Symbol zum Webseminar f\u00fcr Ergotherapie + Physiotherapie in der Rehabilitation von peripheren Nervenl\u00e4sionen in der Handreha des Nervus Medianus in Klinik + Praxis\" srcset=\"https:\/\/www.ergowebinar.de\/intern\/parsed_images\/b9b7bdba-1e33-4100-bddc-e66d8b20af6a.jpg 475w, https:\/\/www.ergowebinar.de\/intern\/parsed_images\/b9b7bdba-1e33-4100-bddc-e66d8b20af6a.jpg 275w\" sizes=\"(max-width: 475px) 100vw, 475px\" itemprop=\"image\" \/>\r\n\t\t\t\t\t\t\t\t\t\t<h6>Der N. Medianus  -was tun, wenn der Nerv nervt? [2FP]<\/h6>\r\n\t\t\t\t\t\t\t\t\t\t\t\t\t\t\t\t\t\t\t\t\t<p class=\"calendarline\"><img decoding=\"async\" class=\"calendar_icon\" src=\"https:\/\/www.ergowebinar.de\/intern\/images\/calendar.png\">29.09.2026 20:00 - 21:00<\/p>\t\r\n\t\t\t\t\t\t\t\t\t\t\t\t\t\t\t\t\t\t\t\t\t<p class=\"liquid_vc_single_text\">Kann eine Drucksch&auml;digung des Nervus Medianus konservativ behandelt werden? Wie sollte die Therapie aufgebaut werden? Welche Tipps und Tricks ben&ouml;tigt der Betroffene f&uuml;r seinen Alltag?\r\n&nbsp;\r\nDas ...<\/p>\r\n\t\t\t\t\t\t\t\t\t\t\t\t\t\t\t\t\t\t\t\t\t<p class=\"sempreis\">49 \u20ac<\/p>\r\n\t\t\t\t\t\t\t\t\t\t\t\t\t\t\t\t\t\t\t\t\t\t\t<p class=\"semmwst\"><\/p>\r\n\t\t\t\t\t\t\t\t\t\t\t\t\t\t\t\t\t\t\t\t\t\t\t\r\n\t\t\t\t\t\t\t\t\t<\/a>\r\n\t\t\t\t\t\t\t\t\t\r\n\t\t\t\t\t\t\t\t<\/figure>\r\n\t\t\t\t\t\t\t\t\r\n\t\t\t\t\t\t\t<\/div>\r\n\t\t\t\t\t\t\t\t\t\t\t\t\t\t\r\n\t\t\t\t\t\t<\/div>\r\n\t\t\t\t\t<\/div>\r\n\t\t\t\t<\/div>\r\n\t\t\t\t\t\t\t\t<div class=\"wpb_column vc_column_container vc_col-sm-2\">\r\n\t\t\t\t\t<div class=\"vc_column-inner \" >\r\n\t\t\t\t\t\t<div class=\"wpb_wrapper\" >\r\n\t\t\t\t\t\t\t<div class=\"wpb_single_image wpb_content_element vc_align_ liquid_vc_single_image\">\r\n\t\t\t\t\t\t\t\t\t\t\t\t\t\t\t\t\t<div class=\"sem_overlay\" ><a href=\"https:\/\/online.therapie.ergowebinar.de\/de\/e\/Rheuma-als-Nebendiagnose-was-tun-was-lassen-2FP-294?\r\n\t\t\t\t\t\t\t\t\t\" class=\"btn btn-solid btn-xsm round border-thin btn-has-label jetztstartenbutton\">klicken f\u00fcr Details<\/a><\/div>\r\n\t\t\t\t\t\t\t\t\t\t\t\t\t\t\t\t\t<figure class=\"wpb_wrapper vc_figure\">\r\n\t\t\t\t\t\t\t\t\t<a href=\"online.therapie.ergowebinar.de\/de\/e\/Rheuma-als-Nebendiagnose-was-tun-was-lassen-2FP-294?\r\n\t\t\t\t\t\t\t\t\t\" title=\"Sie sehen eine Strassenkreuzung aus der Vogelperspektive als Assoziation zum Webseminar Rheuma  als Nebendiagnose f\u00fcr Ergotherapie + Physiotherapie in der Rehabilitation von Orthop\u00e4die und Rheumatologie in Klinik + Praxis\" target=\"_blank\">\r\n\t\t\t\t\t\t\t\t\t\t<img decoding=\"async\" width=\"475\" src=\"https:\/\/www.ergowebinar.de\/intern\/parsed_images\/b7cda208-a0ae-480f-8666-975cf59162eb.jpg\" class=\"vc_single_image-img attachment-full\" alt=\"Sie sehen eine Strassenkreuzung aus der Vogelperspektive als Assoziation zum Webseminar Rheuma  als Nebendiagnose f\u00fcr Ergotherapie + Physiotherapie in der Rehabilitation von Orthop\u00e4die und Rheumatologie in Klinik + Praxis\" title=\"Sie sehen eine Strassenkreuzung aus der Vogelperspektive als Assoziation zum Webseminar Rheuma  als Nebendiagnose f\u00fcr Ergotherapie + Physiotherapie in der Rehabilitation von Orthop\u00e4die und Rheumatologie in Klinik + Praxis\" srcset=\"https:\/\/www.ergowebinar.de\/intern\/parsed_images\/b7cda208-a0ae-480f-8666-975cf59162eb.jpg 475w, https:\/\/www.ergowebinar.de\/intern\/parsed_images\/b7cda208-a0ae-480f-8666-975cf59162eb.jpg 275w\" sizes=\"(max-width: 475px) 100vw, 475px\" itemprop=\"image\" \/>\r\n\t\t\t\t\t\t\t\t\t\t<h6>Rheuma als Nebendiagnose \u2013 was tun, was lassen? [2FP]<\/h6>\r\n\t\t\t\t\t\t\t\t\t\t\t\t\t\t\t\t\t\t\t\t\t<p class=\"calendarline\"><img decoding=\"async\" class=\"calendar_icon\" src=\"https:\/\/www.ergowebinar.de\/intern\/images\/calendar.png\">06.10.2026 18:00 - 19:00<\/p>\t\r\n\t\t\t\t\t\t\t\t\t\t\t\t\t\t\t\t\t\t\t\t\t<p class=\"liquid_vc_single_text\">\r\nWie gehe ich vor, wenn Rheuma als Nebendiagnose auftritt? &nbsp;Kann ich es ignorieren und in welchen F&auml;llen geht das nicht? Was muss ich beachten, um die rheumatischen Beschwerden nicht zu verschlimmern? ...<\/p>\r\n\t\t\t\t\t\t\t\t\t\t\t\t\t\t\t\t\t\t\t\t\t<p class=\"sempreis\">49 \u20ac<\/p>\r\n\t\t\t\t\t\t\t\t\t\t\t\t\t\t\t\t\t\t\t\t\t\t\t<p class=\"semmwst\"><\/p>\r\n\t\t\t\t\t\t\t\t\t\t\t\t\t\t\t\t\t\t\t\t\t\t\t\r\n\t\t\t\t\t\t\t\t\t<\/a>\r\n\t\t\t\t\t\t\t\t\t\r\n\t\t\t\t\t\t\t\t<\/figure>\r\n\t\t\t\t\t\t\t\t\r\n\t\t\t\t\t\t\t<\/div>\r\n\t\t\t\t\t\t\t\t\t\t\t\t\t\t\r\n\t\t\t\t\t\t<\/div>\r\n\t\t\t\t\t<\/div>\r\n\t\t\t\t<\/div>\r\n\t\t\t\t\t\t\t\t<div class=\"wpb_column vc_column_container vc_col-sm-2\">\r\n\t\t\t\t\t<div class=\"vc_column-inner \" >\r\n\t\t\t\t\t\t<div class=\"wpb_wrapper\" >\r\n\t\t\t\t\t\t\t<div class=\"wpb_single_image wpb_content_element vc_align_ liquid_vc_single_image\">\r\n\t\t\t\t\t\t\t\t\t\t\t\t\t\t\t\t\t<div class=\"sem_overlay\" ><a href=\"https:\/\/online.therapie.ergowebinar.de\/de\/e\/Ueberlastungssyndrome-der-oberen-Extremitaet-Basic-2-FP-114?\r\n\t\t\t\t\t\t\t\t\t\" class=\"btn btn-solid btn-xsm round border-thin btn-has-label jetztstartenbutton\">klicken f\u00fcr Details<\/a><\/div>\r\n\t\t\t\t\t\t\t\t\t\t\t\t\t\t\t\t\t<figure class=\"wpb_wrapper vc_figure\">\r\n\t\t\t\t\t\t\t\t\t<a href=\"online.therapie.ergowebinar.de\/de\/e\/Ueberlastungssyndrome-der-oberen-Extremitaet-Basic-2-FP-114?\r\n\t\t\t\t\t\t\t\t\t\" title=\"Sie sehen enen Blitz vor dunkelem Himmel als Assoziation zum Webseminar zu \u00dcberlastungssyndromen der Arme f\u00fcr Ergotherapie + Physiotherapie in der Orthop\u00e4die, Neurologie und anderen Schmerzsyndromen in Klinik + Praxis\" target=\"_blank\">\r\n\t\t\t\t\t\t\t\t\t\t<img decoding=\"async\" width=\"475\" src=\"https:\/\/www.ergowebinar.de\/intern\/parsed_images\/8fc4ecd4-61de-4162-ad0f-478a36f22c93.jpg\" class=\"vc_single_image-img attachment-full\" alt=\"Sie sehen enen Blitz vor dunkelem Himmel als Assoziation zum Webseminar zu \u00dcberlastungssyndromen der Arme f\u00fcr Ergotherapie + Physiotherapie in der Orthop\u00e4die, Neurologie und anderen Schmerzsyndromen in Klinik + Praxis\" title=\"Sie sehen enen Blitz vor dunkelem Himmel als Assoziation zum Webseminar zu \u00dcberlastungssyndromen der Arme f\u00fcr Ergotherapie + Physiotherapie in der Orthop\u00e4die, Neurologie und anderen Schmerzsyndromen in Klinik + Praxis\" srcset=\"https:\/\/www.ergowebinar.de\/intern\/parsed_images\/8fc4ecd4-61de-4162-ad0f-478a36f22c93.jpg 475w, https:\/\/www.ergowebinar.de\/intern\/parsed_images\/8fc4ecd4-61de-4162-ad0f-478a36f22c93.jpg 275w\" sizes=\"(max-width: 475px) 100vw, 475px\" itemprop=\"image\" \/>\r\n\t\t\t\t\t\t\t\t\t\t<h6>\u00dcberlastungssyndrome der oberen Extremit\u00e4t - Basic [2 FP]<\/h6>\r\n\t\t\t\t\t\t\t\t\t\t\t\t\t\t\t\t\t\t\t\t\t<p class=\"calendarline\"><img decoding=\"async\" class=\"calendar_icon\" src=\"https:\/\/www.ergowebinar.de\/intern\/images\/calendar.png\">07.10.2026 18:00 - 19:00<\/p>\t\r\n\t\t\t\t\t\t\t\t\t\t\t\t\t\t\t\t\t\t\t\t\t<p class=\"liquid_vc_single_text\">Hohe Wiederholungszahlen von Bewegungen im Alltag sind keine Seltenheit und finden sich in vielen T&auml;tigkeiten des t&auml;glichen Lebens. Der K&ouml;rper kann sich eine Zeit lang an die vermehrten ...<\/p>\r\n\t\t\t\t\t\t\t\t\t\t\t\t\t\t\t\t\t\t\t\t\t<p class=\"sempreis\">49 \u20ac<\/p>\r\n\t\t\t\t\t\t\t\t\t\t\t\t\t\t\t\t\t\t\t\t\t\t\t<p class=\"semmwst\"><\/p>\r\n\t\t\t\t\t\t\t\t\t\t\t\t\t\t\t\t\t\t\t\t\t\t\t\r\n\t\t\t\t\t\t\t\t\t<\/a>\r\n\t\t\t\t\t\t\t\t\t\r\n\t\t\t\t\t\t\t\t<\/figure>\r\n\t\t\t\t\t\t\t\t\r\n\t\t\t\t\t\t\t<\/div>\r\n\t\t\t\t\t\t\t\t\t\t\t\t\t\t\r\n\t\t\t\t\t\t<\/div>\r\n\t\t\t\t\t<\/div>\r\n\t\t\t\t<\/div>\r\n\t\t\t\t\t\t\t\t<div class=\"wpb_column vc_column_container vc_col-sm-2\">\r\n\t\t\t\t\t<div class=\"vc_column-inner \" >\r\n\t\t\t\t\t\t<div class=\"wpb_wrapper\" >\r\n\t\t\t\t\t\t\t<div class=\"wpb_single_image wpb_content_element vc_align_ liquid_vc_single_image\">\r\n\t\t\t\t\t\t\t\t\t\t\t\t\t\t\t\t\t<div class=\"sem_overlay\" ><a href=\"https:\/\/online.therapie.ergowebinar.de\/de\/e\/Ueberlastungssyndrome-im-Schulter-und-Nackenbereich-2-FP-115?\r\n\t\t\t\t\t\t\t\t\t\" class=\"btn btn-solid btn-xsm round border-thin btn-has-label jetztstartenbutton\">klicken f\u00fcr Details<\/a><\/div>\r\n\t\t\t\t\t\t\t\t\t\t\t\t\t\t\t\t\t<figure class=\"wpb_wrapper vc_figure\">\r\n\t\t\t\t\t\t\t\t\t<a href=\"online.therapie.ergowebinar.de\/de\/e\/Ueberlastungssyndrome-im-Schulter-und-Nackenbereich-2-FP-115?\r\n\t\t\t\t\t\t\t\t\t\" title=\"Sie sehen eine gespiegelte Person, die mit der Hand im R\u00fccken einen BH schlie\u00dft, als Assoziation zum Webinar zu \u00dcberlastungsschmerzen im Schulter- und Nackenbereich f\u00fcr Ergotherapie + Physiotherapie in der Orthop\u00e4die und Neurologie in Klinik + Praxis\" target=\"_blank\">\r\n\t\t\t\t\t\t\t\t\t\t<img decoding=\"async\" width=\"475\" src=\"https:\/\/www.ergowebinar.de\/intern\/parsed_images\/abad6c95-ea38-48e8-975e-2b0023844a51.jpg\" class=\"vc_single_image-img attachment-full\" alt=\"Sie sehen eine gespiegelte Person, die mit der Hand im R\u00fccken einen BH schlie\u00dft, als Assoziation zum Webinar zu \u00dcberlastungsschmerzen im Schulter- und Nackenbereich f\u00fcr Ergotherapie + Physiotherapie in der Orthop\u00e4die und Neurologie in Klinik + Praxis\" title=\"Sie sehen eine gespiegelte Person, die mit der Hand im R\u00fccken einen BH schlie\u00dft, als Assoziation zum Webinar zu \u00dcberlastungsschmerzen im Schulter- und Nackenbereich f\u00fcr Ergotherapie + Physiotherapie in der Orthop\u00e4die und Neurologie in Klinik + Praxis\" srcset=\"https:\/\/www.ergowebinar.de\/intern\/parsed_images\/abad6c95-ea38-48e8-975e-2b0023844a51.jpg 475w, https:\/\/www.ergowebinar.de\/intern\/parsed_images\/abad6c95-ea38-48e8-975e-2b0023844a51.jpg 275w\" sizes=\"(max-width: 475px) 100vw, 475px\" itemprop=\"image\" \/>\r\n\t\t\t\t\t\t\t\t\t\t<h6>\u00dcberlastungssyndrome im Schulter\u2010 und Nackenbereich [2 FP]<\/h6>\r\n\t\t\t\t\t\t\t\t\t\t\t\t\t\t\t\t\t\t\t\t\t<p class=\"calendarline\"><img decoding=\"async\" class=\"calendar_icon\" src=\"https:\/\/www.ergowebinar.de\/intern\/images\/calendar.png\">07.10.2026 19:30 - 20:30<\/p>\t\r\n\t\t\t\t\t\t\t\t\t\t\t\t\t\t\t\t\t\t\t\t\t<p class=\"liquid_vc_single_text\">In der oberen Extremit&auml;t gibt es eine Vielzahl an Strukturen die aufgrund von ungewohnten, kraftvollen oder repetitiven Belastungen Beschwerden verursachen k&ouml;nnen. In diesem Themenblock liegt ...<\/p>\r\n\t\t\t\t\t\t\t\t\t\t\t\t\t\t\t\t\t\t\t\t\t<p class=\"sempreis\">49 \u20ac<\/p>\r\n\t\t\t\t\t\t\t\t\t\t\t\t\t\t\t\t\t\t\t\t\t\t\t<p class=\"semmwst\"><\/p>\r\n\t\t\t\t\t\t\t\t\t\t\t\t\t\t\t\t\t\t\t\t\t\t\t\r\n\t\t\t\t\t\t\t\t\t<\/a>\r\n\t\t\t\t\t\t\t\t\t\r\n\t\t\t\t\t\t\t\t<\/figure>\r\n\t\t\t\t\t\t\t\t\r\n\t\t\t\t\t\t\t<\/div>\r\n\t\t\t\t\t\t\t\t\t\t\t\t\t\t\r\n\t\t\t\t\t\t<\/div>\r\n\t\t\t\t\t<\/div>\r\n\t\t\t\t<\/div>\r\n\t\t\t\t\t\t\t\t<div class=\"wpb_column vc_column_container vc_col-sm-2\">\r\n\t\t\t\t\t<div class=\"vc_column-inner \" >\r\n\t\t\t\t\t\t<div class=\"wpb_wrapper\" >\r\n\t\t\t\t\t\t\t<div class=\"wpb_single_image wpb_content_element vc_align_ liquid_vc_single_image\">\r\n\t\t\t\t\t\t\t\t\t\t\t\t\t\t\t\t\t<div class=\"sem_overlay\" ><a href=\"https:\/\/online.therapie.ergowebinar.de\/de\/e\/Scapho-lunaere-Dissoziation-Behandlungsleitpfad-2-FP-119?\r\n\t\t\t\t\t\t\t\t\t\" class=\"btn btn-solid btn-xsm round border-thin btn-has-label jetztstartenbutton\">klicken f\u00fcr Details<\/a><\/div>\r\n\t\t\t\t\t\t\t\t\t\t\t\t\t\t\t\t\t<figure class=\"wpb_wrapper vc_figure\">\r\n\t\t\t\t\t\t\t\t\t<a href=\"online.therapie.ergowebinar.de\/de\/e\/Scapho-lunaere-Dissoziation-Behandlungsleitpfad-2-FP-119?\r\n\t\t\t\t\t\t\t\t\t\" title=\"Sie sehen eine Skeletthand im Handgelenkst\u00fctz als Assoziation zum Webseminar zu Handgelenksproblematiken im Handgelenks\u00fcbergang f\u00fcr Ergotherapie + Physiotherapie in der Rehabilitation von Handtherapie und Orthop\u00e4die in Klinik + Praxis\" target=\"_blank\">\r\n\t\t\t\t\t\t\t\t\t\t<img decoding=\"async\" width=\"475\" src=\"https:\/\/www.ergowebinar.de\/intern\/parsed_images\/4054b1f6-7d84-4ea3-9836-773e3c3aee71.jpg\" class=\"vc_single_image-img attachment-full\" alt=\"Sie sehen eine Skeletthand im Handgelenkst\u00fctz als Assoziation zum Webseminar zu Handgelenksproblematiken im Handgelenks\u00fcbergang f\u00fcr Ergotherapie + Physiotherapie in der Rehabilitation von Handtherapie und Orthop\u00e4die in Klinik + Praxis\" title=\"Sie sehen eine Skeletthand im Handgelenkst\u00fctz als Assoziation zum Webseminar zu Handgelenksproblematiken im Handgelenks\u00fcbergang f\u00fcr Ergotherapie + Physiotherapie in der Rehabilitation von Handtherapie und Orthop\u00e4die in Klinik + Praxis\" srcset=\"https:\/\/www.ergowebinar.de\/intern\/parsed_images\/4054b1f6-7d84-4ea3-9836-773e3c3aee71.jpg 475w, https:\/\/www.ergowebinar.de\/intern\/parsed_images\/4054b1f6-7d84-4ea3-9836-773e3c3aee71.jpg 275w\" sizes=\"(max-width: 475px) 100vw, 475px\" itemprop=\"image\" \/>\r\n\t\t\t\t\t\t\t\t\t\t<h6>Scapho-lun\u00e4re Dissoziation \u2013 Behandlungsleitpfad [2 FP]<\/h6>\r\n\t\t\t\t\t\t\t\t\t\t\t\t\t\t\t\t\t\t\t\t\t<p class=\"calendarline\"><img decoding=\"async\" class=\"calendar_icon\" src=\"https:\/\/www.ergowebinar.de\/intern\/images\/calendar.png\">12.10.2026 16:30 - 17:30<\/p>\t\r\n\t\t\t\t\t\t\t\t\t\t\t\t\t\t\t\t\t\t\t\t\t<p class=\"liquid_vc_single_text\">Bei L&auml;sionen des scapho-lun&auml;ren Bandapparates berichten die Betroffenen von Schmerzen und Instabilit&auml;tsgef&uuml;hl unter Belastung im Handgelenk. Die Pathologie einer DISI-Fehlstellung der ...<\/p>\r\n\t\t\t\t\t\t\t\t\t\t\t\t\t\t\t\t\t\t\t\t\t<p class=\"sempreis\">49 \u20ac<\/p>\r\n\t\t\t\t\t\t\t\t\t\t\t\t\t\t\t\t\t\t\t\t\t\t\t<p class=\"semmwst\"><\/p>\r\n\t\t\t\t\t\t\t\t\t\t\t\t\t\t\t\t\t\t\t\t\t\t\t\r\n\t\t\t\t\t\t\t\t\t<\/a>\r\n\t\t\t\t\t\t\t\t\t\r\n\t\t\t\t\t\t\t\t<\/figure>\r\n\t\t\t\t\t\t\t\t\r\n\t\t\t\t\t\t\t<\/div>\r\n\t\t\t\t\t\t\t\t\t\t\t\t\t\t\r\n\t\t\t\t\t\t<\/div>\r\n\t\t\t\t\t<\/div>\r\n\t\t\t\t<\/div>\r\n\t\t\t\t\t\t\t\t<div class=\"wpb_column vc_column_container vc_col-sm-2\">\r\n\t\t\t\t\t<div class=\"vc_column-inner \" >\r\n\t\t\t\t\t\t<div class=\"wpb_wrapper\" >\r\n\t\t\t\t\t\t\t<div class=\"wpb_single_image wpb_content_element vc_align_ liquid_vc_single_image\">\r\n\t\t\t\t\t\t\t\t\t\t\t\t\t\t\t\t\t<div class=\"sem_overlay\" ><a href=\"https:\/\/online.therapie.ergowebinar.de\/de\/e\/Rheuma-Gelenkschutz-2-in-Beruf-und-Freizeit-2FP-97?\r\n\t\t\t\t\t\t\t\t\t\" class=\"btn btn-solid btn-xsm round border-thin btn-has-label jetztstartenbutton\">klicken f\u00fcr Details<\/a><\/div>\r\n\t\t\t\t\t\t\t\t\t\t\t\t\t\t\t\t\t<figure class=\"wpb_wrapper vc_figure\">\r\n\t\t\t\t\t\t\t\t\t<a href=\"online.therapie.ergowebinar.de\/de\/e\/Rheuma-Gelenkschutz-2-in-Beruf-und-Freizeit-2FP-97?\r\n\t\t\t\t\t\t\t\t\t\" title=\"Sie sehen zwei H\u00e4nde, die einen Stechbeitel am Werkst\u00fcck f\u00fchren, als Assoziation zum Webseminar \u00fcber Rheuma + Gelenkschutz f\u00fcr Ergotherapie + Physiotherapie in der Reha von Erkrankungen im polyarhtritischen Formenkreis + Ortho in Klinik + Praxis\" target=\"_blank\">\r\n\t\t\t\t\t\t\t\t\t\t<img decoding=\"async\" width=\"475\" src=\"https:\/\/www.ergowebinar.de\/intern\/parsed_images\/ec39641e-8c38-49b2-bb47-2f47e05a6b68.jpg\" class=\"vc_single_image-img attachment-full\" alt=\"Sie sehen zwei H\u00e4nde, die einen Stechbeitel am Werkst\u00fcck f\u00fchren, als Assoziation zum Webseminar \u00fcber Rheuma + Gelenkschutz f\u00fcr Ergotherapie + Physiotherapie in der Reha von Erkrankungen im polyarhtritischen Formenkreis + Ortho in Klinik + Praxis\" title=\"Sie sehen zwei H\u00e4nde, die einen Stechbeitel am Werkst\u00fcck f\u00fchren, als Assoziation zum Webseminar \u00fcber Rheuma + Gelenkschutz f\u00fcr Ergotherapie + Physiotherapie in der Reha von Erkrankungen im polyarhtritischen Formenkreis + Ortho in Klinik + Praxis\" srcset=\"https:\/\/www.ergowebinar.de\/intern\/parsed_images\/ec39641e-8c38-49b2-bb47-2f47e05a6b68.jpg 475w, https:\/\/www.ergowebinar.de\/intern\/parsed_images\/ec39641e-8c38-49b2-bb47-2f47e05a6b68.jpg 275w\" sizes=\"(max-width: 475px) 100vw, 475px\" itemprop=\"image\" \/>\r\n\t\t\t\t\t\t\t\t\t\t<h6>Rheuma \u2013 Gelenkschutz 2-in Beruf und Freizeit [2FP]<\/h6>\r\n\t\t\t\t\t\t\t\t\t\t\t\t\t\t\t\t\t\t\t\t\t<p class=\"calendarline\"><img decoding=\"async\" class=\"calendar_icon\" src=\"https:\/\/www.ergowebinar.de\/intern\/images\/calendar.png\">13.10.2026 18:00 - 19:00<\/p>\t\r\n\t\t\t\t\t\t\t\t\t\t\t\t\t\t\t\t\t\t\t\t\t<p class=\"liquid_vc_single_text\">Ziel des Gelenkschutz ist eine Entlastung rheumatisch betroffener Gelenke von zu starker Beanspruchung. Zugleich wird durch die Gelenkschutzprinzipien eine Minderung von Schmerz und Vermeidung von Deformit&auml;ten ...<\/p>\r\n\t\t\t\t\t\t\t\t\t\t\t\t\t\t\t\t\t\t\t\t\t<p class=\"sempreis\">49 \u20ac<\/p>\r\n\t\t\t\t\t\t\t\t\t\t\t\t\t\t\t\t\t\t\t\t\t\t\t<p class=\"semmwst\"><\/p>\r\n\t\t\t\t\t\t\t\t\t\t\t\t\t\t\t\t\t\t\t\t\t\t\t\r\n\t\t\t\t\t\t\t\t\t<\/a>\r\n\t\t\t\t\t\t\t\t\t\r\n\t\t\t\t\t\t\t\t<\/figure>\r\n\t\t\t\t\t\t\t\t\r\n\t\t\t\t\t\t\t<\/div>\r\n\t\t\t\t\t\t\t\t\t\t\t\t\t\t\r\n\t\t\t\t\t\t<\/div>\r\n\t\t\t\t\t<\/div>\r\n\t\t\t\t<\/div>\r\n\t\t\t\t\t\t\t\t<div class=\"wpb_column vc_column_container vc_col-sm-2\">\r\n\t\t\t\t\t<div class=\"vc_column-inner \" >\r\n\t\t\t\t\t\t<div class=\"wpb_wrapper\" >\r\n\t\t\t\t\t\t\t<div class=\"wpb_single_image wpb_content_element vc_align_ liquid_vc_single_image\">\r\n\t\t\t\t\t\t\t\t\t\t\t\t\t\t\t\t\t<div class=\"sem_overlay\" ><a href=\"https:\/\/online.therapie.ergowebinar.de\/de\/e\/Das-neurogene-Thoracic-Outlet-Syndrom-2-FP-152?\r\n\t\t\t\t\t\t\t\t\t\" class=\"btn btn-solid btn-xsm round border-thin btn-has-label jetztstartenbutton\">klicken f\u00fcr Details<\/a><\/div>\r\n\t\t\t\t\t\t\t\t\t\t\t\t\t\t\t\t\t<figure class=\"wpb_wrapper vc_figure\">\r\n\t\t\t\t\t\t\t\t\t<a href=\"online.therapie.ergowebinar.de\/de\/e\/Das-neurogene-Thoracic-Outlet-Syndrom-2-FP-152?\r\n\t\t\t\t\t\t\t\t\t\" title=\"Sie sehen einen Mann von hinten, der den seitlich gestreckten Arm an einer Turnstange dehnt, als Assoziation zu Einklemmungssyndromen im Schulterg\u00fcrtel zum Webinar f\u00fcr Ergotherapie + Physiotherapie in der Orthop\u00e4die + Neurologie Reha in Klinik + Praxis\" target=\"_blank\">\r\n\t\t\t\t\t\t\t\t\t\t<img decoding=\"async\" width=\"475\" src=\"https:\/\/www.ergowebinar.de\/intern\/parsed_images\/aac74f26-fce5-487b-9252-e7014ce9b5b5.jpg\" class=\"vc_single_image-img attachment-full\" alt=\"Sie sehen einen Mann von hinten, der den seitlich gestreckten Arm an einer Turnstange dehnt, als Assoziation zu Einklemmungssyndromen im Schulterg\u00fcrtel zum Webinar f\u00fcr Ergotherapie + Physiotherapie in der Orthop\u00e4die + Neurologie Reha in Klinik + Praxis\" title=\"Sie sehen einen Mann von hinten, der den seitlich gestreckten Arm an einer Turnstange dehnt, als Assoziation zu Einklemmungssyndromen im Schulterg\u00fcrtel zum Webinar f\u00fcr Ergotherapie + Physiotherapie in der Orthop\u00e4die + Neurologie Reha in Klinik + Praxis\" srcset=\"https:\/\/www.ergowebinar.de\/intern\/parsed_images\/aac74f26-fce5-487b-9252-e7014ce9b5b5.jpg 475w, https:\/\/www.ergowebinar.de\/intern\/parsed_images\/aac74f26-fce5-487b-9252-e7014ce9b5b5.jpg 275w\" sizes=\"(max-width: 475px) 100vw, 475px\" itemprop=\"image\" \/>\r\n\t\t\t\t\t\t\t\t\t\t<h6>Das neurogene Thoracic-Outlet-Syndrom [2 FP]<\/h6>\r\n\t\t\t\t\t\t\t\t\t\t\t\t\t\t\t\t\t\t\t\t\t<p class=\"calendarline\"><img decoding=\"async\" class=\"calendar_icon\" src=\"https:\/\/www.ergowebinar.de\/intern\/images\/calendar.png\">13.10.2026 19:30 - 20:30<\/p>\t\r\n\t\t\t\t\t\t\t\t\t\t\t\t\t\t\t\t\t\t\t\t\t<p class=\"liquid_vc_single_text\">Das Thoracic-Outlet-Syndrom kann aus pathophysiologischer Sicht in drei Formen aufgeteilt werden. Das neurogene TOS ist die h&auml;ufigste Form und die Einzige, die konservativ behandelt werden kann. Hier ...<\/p>\r\n\t\t\t\t\t\t\t\t\t\t\t\t\t\t\t\t\t\t\t\t\t<p class=\"sempreis\">49 \u20ac<\/p>\r\n\t\t\t\t\t\t\t\t\t\t\t\t\t\t\t\t\t\t\t\t\t\t\t<p class=\"semmwst\"><\/p>\r\n\t\t\t\t\t\t\t\t\t\t\t\t\t\t\t\t\t\t\t\t\t\t\t\r\n\t\t\t\t\t\t\t\t\t<\/a>\r\n\t\t\t\t\t\t\t\t\t\r\n\t\t\t\t\t\t\t\t<\/figure>\r\n\t\t\t\t\t\t\t\t\r\n\t\t\t\t\t\t\t<\/div>\r\n\t\t\t\t\t\t\t\t\t\t\t\t\t\t\r\n\t\t\t\t\t\t<\/div>\r\n\t\t\t\t\t<\/div>\r\n\t\t\t\t<\/div>\r\n\t\t\t\t\t\t\t\t<div class=\"wpb_column vc_column_container vc_col-sm-2\">\r\n\t\t\t\t\t<div class=\"vc_column-inner \" >\r\n\t\t\t\t\t\t<div class=\"wpb_wrapper\" >\r\n\t\t\t\t\t\t\t<div class=\"wpb_single_image wpb_content_element vc_align_ liquid_vc_single_image\">\r\n\t\t\t\t\t\t\t\t\t\t\t\t\t\t\t\t\t<div class=\"sem_overlay\" ><a href=\"https:\/\/online.therapie.ergowebinar.de\/de\/e\/Der-N-Ulnaris-unter-Druck-2FP-125?\r\n\t\t\t\t\t\t\t\t\t\" class=\"btn btn-solid btn-xsm round border-thin btn-has-label jetztstartenbutton\">klicken f\u00fcr Details<\/a><\/div>\r\n\t\t\t\t\t\t\t\t\t\t\t\t\t\t\t\t\t<figure class=\"wpb_wrapper vc_figure\">\r\n\t\t\t\t\t\t\t\t\t<a href=\"online.therapie.ergowebinar.de\/de\/e\/Der-N-Ulnaris-unter-Druck-2FP-125?\r\n\t\t\t\t\t\t\t\t\t\" title=\"Sie sehen einen Handr\u00fccken mit leicht gebeugten Fingern als Assoziation zum Webseminar \u00fcber Nervus Ulnaris Verletzungen f\u00fcr Ergotherapie + Physiotherapie in der Rehabilitation peripeheren Nervenl\u00e4sionen in der Handreha in Klinik + Praxis\" target=\"_blank\">\r\n\t\t\t\t\t\t\t\t\t\t<img decoding=\"async\" width=\"475\" src=\"https:\/\/www.ergowebinar.de\/intern\/parsed_images\/073d1861-00c1-4cc8-a993-74a1c7eacf85.jpg\" class=\"vc_single_image-img attachment-full\" alt=\"Sie sehen einen Handr\u00fccken mit leicht gebeugten Fingern als Assoziation zum Webseminar \u00fcber Nervus Ulnaris Verletzungen f\u00fcr Ergotherapie + Physiotherapie in der Rehabilitation peripeheren Nervenl\u00e4sionen in der Handreha in Klinik + Praxis\" title=\"Sie sehen einen Handr\u00fccken mit leicht gebeugten Fingern als Assoziation zum Webseminar \u00fcber Nervus Ulnaris Verletzungen f\u00fcr Ergotherapie + Physiotherapie in der Rehabilitation peripeheren Nervenl\u00e4sionen in der Handreha in Klinik + Praxis\" srcset=\"https:\/\/www.ergowebinar.de\/intern\/parsed_images\/073d1861-00c1-4cc8-a993-74a1c7eacf85.jpg 475w, https:\/\/www.ergowebinar.de\/intern\/parsed_images\/073d1861-00c1-4cc8-a993-74a1c7eacf85.jpg 275w\" sizes=\"(max-width: 475px) 100vw, 475px\" itemprop=\"image\" \/>\r\n\t\t\t\t\t\t\t\t\t\t<h6>Der N. Ulnaris unter Druck [2FP]<\/h6>\r\n\t\t\t\t\t\t\t\t\t\t\t\t\t\t\t\t\t\t\t\t\t<p class=\"calendarline\"><img decoding=\"async\" class=\"calendar_icon\" src=\"https:\/\/www.ergowebinar.de\/intern\/images\/calendar.png\">13.10.2026 20:00 - 21:00<\/p>\t\r\n\t\t\t\t\t\t\t\t\t\t\t\t\t\t\t\t\t\t\t\t\t<p class=\"liquid_vc_single_text\">Was passiert bei einem N. Ulnaris unter Druck. Wie &auml;u&szlig;ert sich die Kompression? Was kann ich therapeutisch anbieten? Welche Ma&szlig;nahmen und &Uuml;bungen f&uuml;r den Alltag gebe ich dem ...<\/p>\r\n\t\t\t\t\t\t\t\t\t\t\t\t\t\t\t\t\t\t\t\t\t<p class=\"sempreis\">49 \u20ac<\/p>\r\n\t\t\t\t\t\t\t\t\t\t\t\t\t\t\t\t\t\t\t\t\t\t\t<p class=\"semmwst\"><\/p>\r\n\t\t\t\t\t\t\t\t\t\t\t\t\t\t\t\t\t\t\t\t\t\t\t\r\n\t\t\t\t\t\t\t\t\t<\/a>\r\n\t\t\t\t\t\t\t\t\t\r\n\t\t\t\t\t\t\t\t<\/figure>\r\n\t\t\t\t\t\t\t\t\r\n\t\t\t\t\t\t\t<\/div>\r\n\t\t\t\t\t\t\t\t\t\t\t\t\t\t\r\n\t\t\t\t\t\t<\/div>\r\n\t\t\t\t\t<\/div>\r\n\t\t\t\t<\/div>\r\n\t\t\t\t\t\t\t\t<div class=\"wpb_column vc_column_container vc_col-sm-2\">\r\n\t\t\t\t\t<div class=\"vc_column-inner \" >\r\n\t\t\t\t\t\t<div class=\"wpb_wrapper\" >\r\n\t\t\t\t\t\t\t<div class=\"wpb_single_image wpb_content_element vc_align_ liquid_vc_single_image\">\r\n\t\t\t\t\t\t\t\t\t\t\t\t\t\t\t\t\t<div class=\"sem_overlay\" ><a href=\"https:\/\/online.therapie.ergowebinar.de\/de\/e\/Ueberlastungssyndrome-im-Ellenbogenbereich-2FP-116?\r\n\t\t\t\t\t\t\t\t\t\" class=\"btn btn-solid btn-xsm round border-thin btn-has-label jetztstartenbutton\">klicken f\u00fcr Details<\/a><\/div>\r\n\t\t\t\t\t\t\t\t\t\t\t\t\t\t\t\t\t<figure class=\"wpb_wrapper vc_figure\">\r\n\t\t\t\t\t\t\t\t\t<a href=\"online.therapie.ergowebinar.de\/de\/e\/Ueberlastungssyndrome-im-Ellenbogenbereich-2FP-116?\r\n\t\t\t\t\t\t\t\t\t\" title=\"Sie sehen einen Sportler, der an seinen schmerzenden Unterarm fasst, als Assoziation zum Webseminar zu \u00dcberlastungssyndromen am Ellenbogen f\u00fcr Ergotherapie + Physiotherapie in der Orthop\u00e4die und Neurologie in Klinik + Praxis\" target=\"_blank\">\r\n\t\t\t\t\t\t\t\t\t\t<img decoding=\"async\" width=\"475\" src=\"https:\/\/www.ergowebinar.de\/intern\/parsed_images\/16cc3d7e-934e-400e-9abd-f34b6332a01e.jpg\" class=\"vc_single_image-img attachment-full\" alt=\"Sie sehen einen Sportler, der an seinen schmerzenden Unterarm fasst, als Assoziation zum Webseminar zu \u00dcberlastungssyndromen am Ellenbogen f\u00fcr Ergotherapie + Physiotherapie in der Orthop\u00e4die und Neurologie in Klinik + Praxis\" title=\"Sie sehen einen Sportler, der an seinen schmerzenden Unterarm fasst, als Assoziation zum Webseminar zu \u00dcberlastungssyndromen am Ellenbogen f\u00fcr Ergotherapie + Physiotherapie in der Orthop\u00e4die und Neurologie in Klinik + Praxis\" srcset=\"https:\/\/www.ergowebinar.de\/intern\/parsed_images\/16cc3d7e-934e-400e-9abd-f34b6332a01e.jpg 475w, https:\/\/www.ergowebinar.de\/intern\/parsed_images\/16cc3d7e-934e-400e-9abd-f34b6332a01e.jpg 275w\" sizes=\"(max-width: 475px) 100vw, 475px\" itemprop=\"image\" \/>\r\n\t\t\t\t\t\t\t\t\t\t<h6>\u00dcberlastungssyndrome im Ellenbogenbereich [2FP]<\/h6>\r\n\t\t\t\t\t\t\t\t\t\t\t\t\t\t\t\t\t\t\t\t\t<p class=\"calendarline\"><img decoding=\"async\" class=\"calendar_icon\" src=\"https:\/\/www.ergowebinar.de\/intern\/images\/calendar.png\">14.10.2026 18:00 - 19:00<\/p>\t\r\n\t\t\t\t\t\t\t\t\t\t\t\t\t\t\t\t\t\t\t\t\t<p class=\"liquid_vc_single_text\">In der oberen Extremit&auml;t gibt es eine Vielzahl an K&ouml;rperstrukturen die aufgrund von au&szlig;ergew&ouml;hnlich anstrengenden Bewegungen oder Haltungen Beschwerden verursachen k&ouml;nnen. In ...<\/p>\r\n\t\t\t\t\t\t\t\t\t\t\t\t\t\t\t\t\t\t\t\t\t<p class=\"sempreis\">49 \u20ac<\/p>\r\n\t\t\t\t\t\t\t\t\t\t\t\t\t\t\t\t\t\t\t\t\t\t\t<p class=\"semmwst\"><\/p>\r\n\t\t\t\t\t\t\t\t\t\t\t\t\t\t\t\t\t\t\t\t\t\t\t\r\n\t\t\t\t\t\t\t\t\t<\/a>\r\n\t\t\t\t\t\t\t\t\t\r\n\t\t\t\t\t\t\t\t<\/figure>\r\n\t\t\t\t\t\t\t\t\r\n\t\t\t\t\t\t\t<\/div>\r\n\t\t\t\t\t\t\t\t\t\t\t\t\t\t\r\n\t\t\t\t\t\t<\/div>\r\n\t\t\t\t\t<\/div>\r\n\t\t\t\t<\/div>\r\n\t\t\t\t\t\t\t\t<div class=\"wpb_column vc_column_container vc_col-sm-2\">\r\n\t\t\t\t\t<div class=\"vc_column-inner \" >\r\n\t\t\t\t\t\t<div class=\"wpb_wrapper\" >\r\n\t\t\t\t\t\t\t<div class=\"wpb_single_image wpb_content_element vc_align_ liquid_vc_single_image\">\r\n\t\t\t\t\t\t\t\t\t\t\t\t\t\t\t\t\t<div class=\"sem_overlay\" ><a href=\"https:\/\/online.therapie.ergowebinar.de\/de\/e\/Ueberlastungssyndrome-im-Hand-und-Fingerbereich-2-FP-117?\r\n\t\t\t\t\t\t\t\t\t\" class=\"btn btn-solid btn-xsm round border-thin btn-has-label jetztstartenbutton\">klicken f\u00fcr Details<\/a><\/div>\r\n\t\t\t\t\t\t\t\t\t\t\t\t\t\t\t\t\t<figure class=\"wpb_wrapper vc_figure\">\r\n\t\t\t\t\t\t\t\t\t<a href=\"online.therapie.ergowebinar.de\/de\/e\/Ueberlastungssyndrome-im-Hand-und-Fingerbereich-2-FP-117?\r\n\t\t\t\t\t\t\t\t\t\" title=\"Sie sehen eine Person, die auf einem bemehlten Tisch einen Brotlaib knetet, als Assoziation zum Webseminar zu \u00dcberlastungssyndromen im Finger un Handbereich f\u00fcr Ergotherapie + Physiotherapie in der Handreha, Orthop\u00e4die und Neuroreha in Klinik + Praxis\" target=\"_blank\">\r\n\t\t\t\t\t\t\t\t\t\t<img decoding=\"async\" width=\"475\" src=\"https:\/\/www.ergowebinar.de\/intern\/parsed_images\/190cedd7-1d87-47c6-b45f-fb9ebea95b75.jpg\" class=\"vc_single_image-img attachment-full\" alt=\"Sie sehen eine Person, die auf einem bemehlten Tisch einen Brotlaib knetet, als Assoziation zum Webseminar zu \u00dcberlastungssyndromen im Finger un Handbereich f\u00fcr Ergotherapie + Physiotherapie in der Handreha, Orthop\u00e4die und Neuroreha in Klinik + Praxis\" title=\"Sie sehen eine Person, die auf einem bemehlten Tisch einen Brotlaib knetet, als Assoziation zum Webseminar zu \u00dcberlastungssyndromen im Finger un Handbereich f\u00fcr Ergotherapie + Physiotherapie in der Handreha, Orthop\u00e4die und Neuroreha in Klinik + Praxis\" srcset=\"https:\/\/www.ergowebinar.de\/intern\/parsed_images\/190cedd7-1d87-47c6-b45f-fb9ebea95b75.jpg 475w, https:\/\/www.ergowebinar.de\/intern\/parsed_images\/190cedd7-1d87-47c6-b45f-fb9ebea95b75.jpg 275w\" sizes=\"(max-width: 475px) 100vw, 475px\" itemprop=\"image\" \/>\r\n\t\t\t\t\t\t\t\t\t\t<h6>\u00dcberlastungssyndrome im Hand\u2010 und Fingerbereich [2 FP]<\/h6>\r\n\t\t\t\t\t\t\t\t\t\t\t\t\t\t\t\t\t\t\t\t\t<p class=\"calendarline\"><img decoding=\"async\" class=\"calendar_icon\" src=\"https:\/\/www.ergowebinar.de\/intern\/images\/calendar.png\">14.10.2026 19:30 - 20:30<\/p>\t\r\n\t\t\t\t\t\t\t\t\t\t\t\t\t\t\t\t\t\t\t\t\t<p class=\"liquid_vc_single_text\">An den H&auml;nden gibt es eine Vielzahl an Strukturen, die aufgrund von repetitiver Belastung beim Greifen und Halten Beschwerden verursachen k&ouml;nnen. Hier stelle ich Vorgehensweisen in der ergotherapeutischen ...<\/p>\r\n\t\t\t\t\t\t\t\t\t\t\t\t\t\t\t\t\t\t\t\t\t<p class=\"sempreis\">49 \u20ac<\/p>\r\n\t\t\t\t\t\t\t\t\t\t\t\t\t\t\t\t\t\t\t\t\t\t\t<p class=\"semmwst\"><\/p>\r\n\t\t\t\t\t\t\t\t\t\t\t\t\t\t\t\t\t\t\t\t\t\t\t\r\n\t\t\t\t\t\t\t\t\t<\/a>\r\n\t\t\t\t\t\t\t\t\t\r\n\t\t\t\t\t\t\t\t<\/figure>\r\n\t\t\t\t\t\t\t\t\r\n\t\t\t\t\t\t\t<\/div>\r\n\t\t\t\t\t\t\t\t\t\t\t\t\t\t\r\n\t\t\t\t\t\t<\/div>\r\n\t\t\t\t\t<\/div>\r\n\t\t\t\t<\/div>\r\n\t\t\t\t\t\t\t\t<div class=\"wpb_column vc_column_container vc_col-sm-2\">\r\n\t\t\t\t\t<div class=\"vc_column-inner \" >\r\n\t\t\t\t\t\t<div class=\"wpb_wrapper\" >\r\n\t\t\t\t\t\t\t<div class=\"wpb_single_image wpb_content_element vc_align_ liquid_vc_single_image\">\r\n\t\t\t\t\t\t\t\t\t\t\t\t\t\t\t\t\t<div class=\"sem_overlay\" ><a href=\"#4637ce87-7921-4d0b-bda0-7eb8ab5-0010\" class=\"btn btn-solid btn-xsm round border-thin btn-has-label nichtdabutton\">8 Tage nach Ablauf des<br>Vorg\u00e4ngers buchbar<\/a><\/div>\r\n\t\t\t\t\t\t\t\t\t\t\t\t\t\t\t\t\t<figure class=\"wpb_wrapper vc_figure\">\r\n\t\t\t\t\t\t\t\t\t<a href=\"online.therapie.ergowebinar.de\/de\/e\/Schmerzen-im-ulnaren-Handgelenk-Befund-Behandlung-2-FP-118?\r\n\t\t\t\t\t\t\t\t\t\" title=\"Sie sehen die Unterarme einer Person im Liegest\u00fctz als Assoziation zum Webseminar \u00fcber Schmerzsyndrome im Handgelenk f\u00fcr Ergotherapie + Physiotherapie in der Rehabilitation, Orthop\u00e4die und Schmerztherapie in Klinik + Praxis\" target=\"_blank\">\r\n\t\t\t\t\t\t\t\t\t\t<img decoding=\"async\" width=\"475\" src=\"https:\/\/www.ergowebinar.de\/intern\/parsed_images\/6b25500a-1c73-40dd-b6ba-5976280d1e7b.jpg\" class=\"vc_single_image-img attachment-full\" alt=\"Sie sehen die Unterarme einer Person im Liegest\u00fctz als Assoziation zum Webseminar \u00fcber Schmerzsyndrome im Handgelenk f\u00fcr Ergotherapie + Physiotherapie in der Rehabilitation, Orthop\u00e4die und Schmerztherapie in Klinik + Praxis\" title=\"Sie sehen die Unterarme einer Person im Liegest\u00fctz als Assoziation zum Webseminar \u00fcber Schmerzsyndrome im Handgelenk f\u00fcr Ergotherapie + Physiotherapie in der Rehabilitation, Orthop\u00e4die und Schmerztherapie in Klinik + Praxis\" srcset=\"https:\/\/www.ergowebinar.de\/intern\/parsed_images\/6b25500a-1c73-40dd-b6ba-5976280d1e7b.jpg 475w, https:\/\/www.ergowebinar.de\/intern\/parsed_images\/6b25500a-1c73-40dd-b6ba-5976280d1e7b.jpg 275w\" sizes=\"(max-width: 475px) 100vw, 475px\" itemprop=\"image\" \/>\r\n\t\t\t\t\t\t\t\t\t\t<h6>Schmerzen im ulnaren Handgelenk - Befund + Behandlung [2 FP]<\/h6>\r\n\t\t\t\t\t\t\t\t\t\t\t\t\t\t\t\t\t\t\t\t\t<p class=\"calendarline\"><img decoding=\"async\" class=\"calendar_icon\" src=\"https:\/\/www.ergowebinar.de\/intern\/images\/calendar.png\">19.10.2026 16:30 - 17:30<\/p>\t\r\n\t\t\t\t\t\t\t\t\t\t\t\t\t\t\t\t\t\t\t\t\t<p class=\"liquid_vc_single_text\">Schmerzen am ulnaren Handgelenk sind h&auml;ufig Begleiterscheinung von Traumata, k&ouml;nnen aber auch im Rahmen von degenerativen Prozessen auftreten. Die Testung der einzelnen anatomischen Strukturen ...<\/p>\r\n\t\t\t\t\t\t\t\t\t\t\t\t\t\t\t\t\t\t\t\t\t<p class=\"sempreis\">49 \u20ac<\/p>\r\n\t\t\t\t\t\t\t\t\t\t\t\t\t\t\t\t\t\t\t\t\t\t\t<p class=\"semmwst\"><\/p>\r\n\t\t\t\t\t\t\t\t\t\t\t\t\t\t\t\t\t\t\t\t\t\t\t\r\n\t\t\t\t\t\t\t\t\t<\/a>\r\n\t\t\t\t\t\t\t\t\t\r\n\t\t\t\t\t\t\t\t<\/figure>\r\n\t\t\t\t\t\t\t\t\r\n\t\t\t\t\t\t\t<\/div>\r\n\t\t\t\t\t\t\t\t\t\t\t\t\t\t\r\n\t\t\t\t\t\t<\/div>\r\n\t\t\t\t\t<\/div>\r\n\t\t\t\t<\/div>\r\n\t\t\t\t\t\t\t\t<div class=\"wpb_column vc_column_container vc_col-sm-2\">\r\n\t\t\t\t\t<div class=\"vc_column-inner \" >\r\n\t\t\t\t\t\t<div class=\"wpb_wrapper\" >\r\n\t\t\t\t\t\t\t<div class=\"wpb_single_image wpb_content_element vc_align_ liquid_vc_single_image\">\r\n\t\t\t\t\t\t\t\t\t\t\t\t\t\t\t\t\t<div class=\"sem_overlay\" ><a href=\"https:\/\/online.therapie.ergowebinar.de\/de\/e\/Rhizarthrose-ergotherapeutische-Behandlungsmoeglichkeiten-2-FP-158?\r\n\t\t\t\t\t\t\t\t\t\" class=\"btn btn-solid btn-xsm round border-thin btn-has-label jetztstartenbutton\">klicken f\u00fcr Details<\/a><\/div>\r\n\t\t\t\t\t\t\t\t\t\t\t\t\t\t\t\t\t<figure class=\"wpb_wrapper vc_figure\">\r\n\t\t\t\t\t\t\t\t\t<a href=\"online.therapie.ergowebinar.de\/de\/e\/Rhizarthrose-ergotherapeutische-Behandlungsmoeglichkeiten-2-FP-158?\r\n\t\t\t\t\t\t\t\t\t\" title=\"Sie sehen ein R\u00f6ntgenbild einer Hand  als Assoziation zum Webseminar zum rheumatischen Schmerz im Daumensattelgelenk f\u00fcr Ergotherapie + Physiotherapie in der Rehabilitation von Rheumatologie und Orthop\u00e4die in Klinik + Praxis\" target=\"_blank\">\r\n\t\t\t\t\t\t\t\t\t\t<img decoding=\"async\" width=\"475\" src=\"https:\/\/www.ergowebinar.de\/intern\/parsed_images\/11f79725-bfa6-4f8f-a2e8-97befad8fa09.jpg\" class=\"vc_single_image-img attachment-full\" alt=\"Sie sehen ein R\u00f6ntgenbild einer Hand  als Assoziation zum Webseminar zum rheumatischen Schmerz im Daumensattelgelenk f\u00fcr Ergotherapie + Physiotherapie in der Rehabilitation von Rheumatologie und Orthop\u00e4die in Klinik + Praxis\" title=\"Sie sehen ein R\u00f6ntgenbild einer Hand  als Assoziation zum Webseminar zum rheumatischen Schmerz im Daumensattelgelenk f\u00fcr Ergotherapie + Physiotherapie in der Rehabilitation von Rheumatologie und Orthop\u00e4die in Klinik + Praxis\" srcset=\"https:\/\/www.ergowebinar.de\/intern\/parsed_images\/11f79725-bfa6-4f8f-a2e8-97befad8fa09.jpg 475w, https:\/\/www.ergowebinar.de\/intern\/parsed_images\/11f79725-bfa6-4f8f-a2e8-97befad8fa09.jpg 275w\" sizes=\"(max-width: 475px) 100vw, 475px\" itemprop=\"image\" \/>\r\n\t\t\t\t\t\t\t\t\t\t<h6>Rhizarthrose - ergotherapeutische Behandlungsm\u00f6glichkeiten [2 FP]<\/h6>\r\n\t\t\t\t\t\t\t\t\t\t\t\t\t\t\t\t\t\t\t\t\t<p class=\"calendarline\"><img decoding=\"async\" class=\"calendar_icon\" src=\"https:\/\/www.ergowebinar.de\/intern\/images\/calendar.png\">20.10.2026 19:30 - 20:30<\/p>\t\r\n\t\t\t\t\t\t\t\t\t\t\t\t\t\t\t\t\t\t\t\t\t<p class=\"liquid_vc_single_text\">In diesem Webinar liegt der Fokus auf konservativen aktiven Behandlungsm&ouml;glichkeiten. Ich erl&auml;utere jedoch zudem operative Verfahren und zeige Tipps und Trick f&uuml;r die Alltagsgestaltung. ...<\/p>\r\n\t\t\t\t\t\t\t\t\t\t\t\t\t\t\t\t\t\t\t\t\t<p class=\"sempreis\">49 \u20ac<\/p>\r\n\t\t\t\t\t\t\t\t\t\t\t\t\t\t\t\t\t\t\t\t\t\t\t<p class=\"semmwst\"><\/p>\r\n\t\t\t\t\t\t\t\t\t\t\t\t\t\t\t\t\t\t\t\t\t\t\t\r\n\t\t\t\t\t\t\t\t\t<\/a>\r\n\t\t\t\t\t\t\t\t\t\r\n\t\t\t\t\t\t\t\t<\/figure>\r\n\t\t\t\t\t\t\t\t\r\n\t\t\t\t\t\t\t<\/div>\r\n\t\t\t\t\t\t\t\t\t\t\t\t\t\t\r\n\t\t\t\t\t\t<\/div>\r\n\t\t\t\t\t<\/div>\r\n\t\t\t\t<\/div>\r\n\t\t\t\t\t\t\t\t<div class=\"wpb_column vc_column_container vc_col-sm-2\">\r\n\t\t\t\t\t<div class=\"vc_column-inner \" >\r\n\t\t\t\t\t\t<div class=\"wpb_wrapper\" >\r\n\t\t\t\t\t\t\t<div class=\"wpb_single_image wpb_content_element vc_align_ liquid_vc_single_image\">\r\n\t\t\t\t\t\t\t\t\t\t\t\t\t\t\t\t\t<div class=\"sem_overlay\" ><a href=\"https:\/\/online.therapie.ergowebinar.de\/de\/e\/Die-Schulter-15-Minuten-funktionelle-Therapie-der-Schulter-2FP-49?\r\n\t\t\t\t\t\t\t\t\t\" class=\"btn btn-solid btn-xsm round border-thin btn-has-label jetztstartenbutton\">klicken f\u00fcr Details<\/a><\/div>\r\n\t\t\t\t\t\t\t\t\t\t\t\t\t\t\t\t\t<figure class=\"wpb_wrapper vc_figure\">\r\n\t\t\t\t\t\t\t\t\t<a href=\"online.therapie.ergowebinar.de\/de\/e\/Die-Schulter-15-Minuten-funktionelle-Therapie-der-Schulter-2FP-49?\r\n\t\t\t\t\t\t\t\t\t\" title=\"Sie sehen einen liegenden Betroffenen, der eine Schulterbehandlung erh\u00e4lt, als Assoziation zum Webseminar f\u00fcr Ergotherapie + Physiotherapie in der Rehabilitation von Schultererkrankungen in der Orthop\u00e4die in Klinik + Praxis\" target=\"_blank\">\r\n\t\t\t\t\t\t\t\t\t\t<img decoding=\"async\" width=\"475\" src=\"https:\/\/www.ergowebinar.de\/intern\/parsed_images\/2c7db619-02c0-4a15-b732-b3981c930da1.jpg\" class=\"vc_single_image-img attachment-full\" alt=\"Sie sehen einen liegenden Betroffenen, der eine Schulterbehandlung erh\u00e4lt, als Assoziation zum Webseminar f\u00fcr Ergotherapie + Physiotherapie in der Rehabilitation von Schultererkrankungen in der Orthop\u00e4die in Klinik + Praxis\" title=\"Sie sehen einen liegenden Betroffenen, der eine Schulterbehandlung erh\u00e4lt, als Assoziation zum Webseminar f\u00fcr Ergotherapie + Physiotherapie in der Rehabilitation von Schultererkrankungen in der Orthop\u00e4die in Klinik + Praxis\" srcset=\"https:\/\/www.ergowebinar.de\/intern\/parsed_images\/2c7db619-02c0-4a15-b732-b3981c930da1.jpg 475w, https:\/\/www.ergowebinar.de\/intern\/parsed_images\/2c7db619-02c0-4a15-b732-b3981c930da1.jpg 275w\" sizes=\"(max-width: 475px) 100vw, 475px\" itemprop=\"image\" \/>\r\n\t\t\t\t\t\t\t\t\t\t<h6>Die Schulter-15 Minuten funktionelle Therapie der Schulter [2FP]<\/h6>\r\n\t\t\t\t\t\t\t\t\t\t\t\t\t\t\t\t\t\t\t\t\t<p class=\"calendarline\"><img decoding=\"async\" class=\"calendar_icon\" src=\"https:\/\/www.ergowebinar.de\/intern\/images\/calendar.png\">22.10.2026 18:30 - 19:30<\/p>\t\r\n\t\t\t\t\t\t\t\t\t\t\t\t\t\t\t\t\t\t\t\t\t<p class=\"liquid_vc_single_text\">Das Zentrum ist die Gestaltung einer effektiven funktionellen Vorbereitung im Hinblick auf die nachfolgenden alltagsorientierten Aktivit&auml;ten. Mit dieser gleichberechtigten Zweigleisigkeit in einer ...<\/p>\r\n\t\t\t\t\t\t\t\t\t\t\t\t\t\t\t\t\t\t\t\t\t<p class=\"sempreis\">49 \u20ac<\/p>\r\n\t\t\t\t\t\t\t\t\t\t\t\t\t\t\t\t\t\t\t\t\t\t\t<p class=\"semmwst\"><\/p>\r\n\t\t\t\t\t\t\t\t\t\t\t\t\t\t\t\t\t\t\t\t\t\t\t\r\n\t\t\t\t\t\t\t\t\t<\/a>\r\n\t\t\t\t\t\t\t\t\t\r\n\t\t\t\t\t\t\t\t<\/figure>\r\n\t\t\t\t\t\t\t\t\r\n\t\t\t\t\t\t\t<\/div>\r\n\t\t\t\t\t\t\t\t\t\t\t\t\t\t\r\n\t\t\t\t\t\t<\/div>\r\n\t\t\t\t\t<\/div>\r\n\t\t\t\t<\/div>\r\n\t\t\t\t\t\t\t\t<div class=\"wpb_column vc_column_container vc_col-sm-2\">\r\n\t\t\t\t\t<div class=\"vc_column-inner \" >\r\n\t\t\t\t\t\t<div class=\"wpb_wrapper\" >\r\n\t\t\t\t\t\t\t<div class=\"wpb_single_image wpb_content_element vc_align_ liquid_vc_single_image\">\r\n\t\t\t\t\t\t\t\t\t\t\t\t\t\t\t\t\t<div class=\"sem_overlay\" ><a href=\"#4637ce87-7921-4d0b-bda0-7eb8ab5-0010\" class=\"btn btn-solid btn-xsm round border-thin btn-has-label nichtdabutton\">8 Tage nach Ablauf des<br>Vorg\u00e4ngers buchbar<\/a><\/div>\r\n\t\t\t\t\t\t\t\t\t\t\t\t\t\t\t\t\t<figure class=\"wpb_wrapper vc_figure\">\r\n\t\t\t\t\t\t\t\t\t<a href=\"online.therapie.ergowebinar.de\/de\/e\/Der-N-Radialis-was-fallt-da-auf-2FP-126?\r\n\t\t\t\t\t\t\t\t\t\" title=\"Sie sehen eine Hand mit Unterarm, die \u00fcber eine Banklehne h\u00e4nget, als Assoziation zum Webseminar f\u00fcr Ergotherapie + Physiotherapie in der Rehabilitation von peripheren Nervenl\u00e4sionen + Handreha in Klinik + Praxis\" target=\"_blank\">\r\n\t\t\t\t\t\t\t\t\t\t<img decoding=\"async\" width=\"475\" src=\"https:\/\/www.ergowebinar.de\/intern\/parsed_images\/e0a6af11-d21f-4eca-a3ee-4bc3427f44ce.jpg\" class=\"vc_single_image-img attachment-full\" alt=\"Sie sehen eine Hand mit Unterarm, die \u00fcber eine Banklehne h\u00e4nget, als Assoziation zum Webseminar f\u00fcr Ergotherapie + Physiotherapie in der Rehabilitation von peripheren Nervenl\u00e4sionen + Handreha in Klinik + Praxis\" title=\"Sie sehen eine Hand mit Unterarm, die \u00fcber eine Banklehne h\u00e4nget, als Assoziation zum Webseminar f\u00fcr Ergotherapie + Physiotherapie in der Rehabilitation von peripheren Nervenl\u00e4sionen + Handreha in Klinik + Praxis\" srcset=\"https:\/\/www.ergowebinar.de\/intern\/parsed_images\/e0a6af11-d21f-4eca-a3ee-4bc3427f44ce.jpg 475w, https:\/\/www.ergowebinar.de\/intern\/parsed_images\/e0a6af11-d21f-4eca-a3ee-4bc3427f44ce.jpg 275w\" sizes=\"(max-width: 475px) 100vw, 475px\" itemprop=\"image\" \/>\r\n\t\t\t\t\t\t\t\t\t\t<h6>Der N. Radialis - was \u201efallt\u201c da auf? [2FP]<\/h6>\r\n\t\t\t\t\t\t\t\t\t\t\t\t\t\t\t\t\t\t\t\t\t<p class=\"calendarline\"><img decoding=\"async\" class=\"calendar_icon\" src=\"https:\/\/www.ergowebinar.de\/intern\/images\/calendar.png\">27.10.2026 20:00 - 21:00<\/p>\t\r\n\t\t\t\t\t\t\t\t\t\t\t\t\t\t\t\t\t\t\t\t\t<p class=\"liquid_vc_single_text\">Wie erkennt man eine Problematik im Bereich des N. Radialis? Welche therapeutischen Interventionen kann ich bei Fallhand anbieten? Welche Schienen kann ich meinem Betroffenen anbieten?&nbsp;&nbsp;\r\n&nbsp;\r\nDas ...<\/p>\r\n\t\t\t\t\t\t\t\t\t\t\t\t\t\t\t\t\t\t\t\t\t<p class=\"sempreis\">49 \u20ac<\/p>\r\n\t\t\t\t\t\t\t\t\t\t\t\t\t\t\t\t\t\t\t\t\t\t\t<p class=\"semmwst\"><\/p>\r\n\t\t\t\t\t\t\t\t\t\t\t\t\t\t\t\t\t\t\t\t\t\t\t\r\n\t\t\t\t\t\t\t\t\t<\/a>\r\n\t\t\t\t\t\t\t\t\t\r\n\t\t\t\t\t\t\t\t<\/figure>\r\n\t\t\t\t\t\t\t\t\r\n\t\t\t\t\t\t\t<\/div>\r\n\t\t\t\t\t\t\t\t\t\t\t\t\t\t\r\n\t\t\t\t\t\t<\/div>\r\n\t\t\t\t\t<\/div>\r\n\t\t\t\t<\/div>\r\n\t\t\t\t\t\t\t<\/div><\/div><\/div>\r\n\t\t\t\t\t<a name=\"seminarenachdatum\"><\/a>\r\n\t\t<a name=\"4637ce87-7921-4d0b-bda0-7eb8ab5-0050\"><\/a>\r\n\t\t<h2 class=\"ld-fh-element lqd-highlight-underline lqd-highlight-grow-left text-decoration-default h3 ldsemheadline\">Rheuma<\/h2>\r\n\t\t\t\t\t<div class=\"vc_row vc_inner\">\r\n\t\t\t<div class=\"ld-container container-fluid\">\r\n\t\t\t<div class=\"row ld-row ld-row-inner\">\r\n\t\t\t\t\t\t\t<div class=\"wpb_column vc_column_container vc_col-sm-2\">\r\n\t\t\t\t\t<div class=\"vc_column-inner \" >\r\n\t\t\t\t\t\t<div class=\"wpb_wrapper\" >\r\n\t\t\t\t\t\t\t<div class=\"wpb_single_image wpb_content_element vc_align_ liquid_vc_single_image\">\r\n\t\t\t\t\t\t\t\t\t\t\t\t\t\t\t\t\t<div class=\"sem_overlay\" ><a href=\"https:\/\/online.therapie.ergowebinar.de\/de\/e\/Rheuma-Ellenbogen-Befund-und-Behandlung-2-FP-100?\r\n\t\t\t\t\t\t\t\t\t\" class=\"btn btn-solid btn-xsm round border-thin btn-has-label jetztstartenbutton\">klicken f\u00fcr Details<\/a><\/div>\r\n\t\t\t\t\t\t\t\t\t\t\t\t\t\t\t\t\t<figure class=\"wpb_wrapper vc_figure\">\r\n\t\t\t\t\t\t\t\t\t<a href=\"online.therapie.ergowebinar.de\/de\/e\/Rheuma-Ellenbogen-Befund-und-Behandlung-2-FP-100?\r\n\t\t\t\t\t\t\t\t\t\" title=\"Sie sehen einen gebeugten Arm mit angespanntem Bizeps als Assoziation zum Webseminar bei Ellenbogenbeschwerden bei Rheuma f\u00fcr Ergotherapie + Physiotherapie in der Rehabilitation von Orthop\u00e4die und Rheumatologie in Klinik + Praxis\" target=\"_blank\">\r\n\t\t\t\t\t\t\t\t\t\t<img decoding=\"async\" width=\"475\" src=\"https:\/\/www.ergowebinar.de\/intern\/parsed_images\/b7cda208-a0ae-480f-8666-975cf59126eb.jpg\" class=\"vc_single_image-img attachment-full\" alt=\"Sie sehen einen gebeugten Arm mit angespanntem Bizeps als Assoziation zum Webseminar bei Ellenbogenbeschwerden bei Rheuma f\u00fcr Ergotherapie + Physiotherapie in der Rehabilitation von Orthop\u00e4die und Rheumatologie in Klinik + Praxis\" title=\"Sie sehen einen gebeugten Arm mit angespanntem Bizeps als Assoziation zum Webseminar bei Ellenbogenbeschwerden bei Rheuma f\u00fcr Ergotherapie + Physiotherapie in der Rehabilitation von Orthop\u00e4die und Rheumatologie in Klinik + Praxis\" srcset=\"https:\/\/www.ergowebinar.de\/intern\/parsed_images\/b7cda208-a0ae-480f-8666-975cf59126eb.jpg 475w, https:\/\/www.ergowebinar.de\/intern\/parsed_images\/b7cda208-a0ae-480f-8666-975cf59126eb.jpg 275w\" sizes=\"(max-width: 475px) 100vw, 475px\" itemprop=\"image\" \/>\r\n\t\t\t\t\t\t\t\t\t\t<h6>Rheuma - Ellenbogen Befund und Behandlung [2 FP]<\/h6>\r\n\t\t\t\t\t\t\t\t\t\t\t\t\t\t\t\t\t\t\t\t\t<p class=\"calendarline\"><img decoding=\"async\" class=\"calendar_icon\" src=\"https:\/\/www.ergowebinar.de\/intern\/images\/calendar.png\">05.05.2026 18:00 - 19:00<\/p>\t\r\n\t\t\t\t\t\t\t\t\t\t\t\t\t\t\t\t\t\t\t\t\t<p class=\"liquid_vc_single_text\">Der Ellenbogen ist ein oft &uuml;bersehenes Gelenk, besonders wenn andere Gelenke deutlich sichtbarer betroffen sind. Schwerpunkt des Webinars ist die Vorstellung eines typischen Befundes und die daraus ...<\/p>\r\n\t\t\t\t\t\t\t\t\t\t\t\t\t\t\t\t\t\t\t\t\t<p class=\"sempreis\">49 \u20ac<\/p>\r\n\t\t\t\t\t\t\t\t\t\t\t\t\t\t\t\t\t\t\t\t\t\t\t<p class=\"semmwst\"><\/p>\r\n\t\t\t\t\t\t\t\t\t\t\t\t\t\t\t\t\t\t\t\t\t\t\t\r\n\t\t\t\t\t\t\t\t\t<\/a>\r\n\t\t\t\t\t\t\t\t\t\r\n\t\t\t\t\t\t\t\t<\/figure>\r\n\t\t\t\t\t\t\t\t\r\n\t\t\t\t\t\t\t<\/div>\r\n\t\t\t\t\t\t\t\t\t\t\t\t\t\t\r\n\t\t\t\t\t\t<\/div>\r\n\t\t\t\t\t<\/div>\r\n\t\t\t\t<\/div>\r\n\t\t\t\t\t\t\t\t<div class=\"wpb_column vc_column_container vc_col-sm-2\">\r\n\t\t\t\t\t<div class=\"vc_column-inner \" >\r\n\t\t\t\t\t\t<div class=\"wpb_wrapper\" >\r\n\t\t\t\t\t\t\t<div class=\"wpb_single_image wpb_content_element vc_align_ liquid_vc_single_image\">\r\n\t\t\t\t\t\t\t\t\t\t\t\t\t\t\t\t\t<div class=\"sem_overlay\" ><a href=\"https:\/\/online.therapie.ergowebinar.de\/de\/e\/Rheuma-funktionelle-Befunderhebung-an-der-Hand-2FP-99?\r\n\t\t\t\t\t\t\t\t\t\" class=\"btn btn-solid btn-xsm round border-thin btn-has-label jetztstartenbutton\">klicken f\u00fcr Details<\/a><\/div>\r\n\t\t\t\t\t\t\t\t\t\t\t\t\t\t\t\t\t<figure class=\"wpb_wrapper vc_figure\">\r\n\t\t\t\t\t\t\t\t\t<a href=\"online.therapie.ergowebinar.de\/de\/e\/Rheuma-funktionelle-Befunderhebung-an-der-Hand-2FP-99?\r\n\t\t\t\t\t\t\t\t\t\" title=\"Sie sehen eine \u00e4ltere Frau, die mit dem Zeigfinger einer Hand auf den Handr\u00fccken der anderen Hand fasst, als Assoziation zum Webseminar f\u00fcr Ergotherapie + Physiotherapie in der Rehabilitation rheumatischen Erkrankungen in Klinik + Praxis\" target=\"_blank\">\r\n\t\t\t\t\t\t\t\t\t\t<img decoding=\"async\" width=\"475\" src=\"https:\/\/www.ergowebinar.de\/intern\/parsed_images\/dc580f1e-cdbb-4d60-ad57-feba2446cd79.jpg\" class=\"vc_single_image-img attachment-full\" alt=\"Sie sehen eine \u00e4ltere Frau, die mit dem Zeigfinger einer Hand auf den Handr\u00fccken der anderen Hand fasst, als Assoziation zum Webseminar f\u00fcr Ergotherapie + Physiotherapie in der Rehabilitation rheumatischen Erkrankungen in Klinik + Praxis\" title=\"Sie sehen eine \u00e4ltere Frau, die mit dem Zeigfinger einer Hand auf den Handr\u00fccken der anderen Hand fasst, als Assoziation zum Webseminar f\u00fcr Ergotherapie + Physiotherapie in der Rehabilitation rheumatischen Erkrankungen in Klinik + Praxis\" srcset=\"https:\/\/www.ergowebinar.de\/intern\/parsed_images\/dc580f1e-cdbb-4d60-ad57-feba2446cd79.jpg 475w, https:\/\/www.ergowebinar.de\/intern\/parsed_images\/dc580f1e-cdbb-4d60-ad57-feba2446cd79.jpg 275w\" sizes=\"(max-width: 475px) 100vw, 475px\" itemprop=\"image\" \/>\r\n\t\t\t\t\t\t\t\t\t\t<h6>Rheuma \u2013 funktionelle Befunderhebung an der Hand [2FP]<\/h6>\r\n\t\t\t\t\t\t\t\t\t\t\t\t\t\t\t\t\t\t\t\t\t<p class=\"calendarline\"><img decoding=\"async\" class=\"calendar_icon\" src=\"https:\/\/www.ergowebinar.de\/intern\/images\/calendar.png\">08.09.2026 18:00 - 19:00<\/p>\t\r\n\t\t\t\t\t\t\t\t\t\t\t\t\t\t\t\t\t\t\t\t\t<p class=\"liquid_vc_single_text\">F&uuml;r die chronische Gelenksentz&uuml;ndung schulst Du hier den therapeutischen Blick f&uuml;r die g&auml;ngigen Funktionseinschr&auml;nkungen und Deformit&auml;ten. Im Mittelpunkt stehen der funktionelle ...<\/p>\r\n\t\t\t\t\t\t\t\t\t\t\t\t\t\t\t\t\t\t\t\t\t<p class=\"sempreis\">49 \u20ac<\/p>\r\n\t\t\t\t\t\t\t\t\t\t\t\t\t\t\t\t\t\t\t\t\t\t\t<p class=\"semmwst\"><\/p>\r\n\t\t\t\t\t\t\t\t\t\t\t\t\t\t\t\t\t\t\t\t\t\t\t\r\n\t\t\t\t\t\t\t\t\t<\/a>\r\n\t\t\t\t\t\t\t\t\t\r\n\t\t\t\t\t\t\t\t<\/figure>\r\n\t\t\t\t\t\t\t\t\r\n\t\t\t\t\t\t\t<\/div>\r\n\t\t\t\t\t\t\t\t\t\t\t\t\t\t\r\n\t\t\t\t\t\t<\/div>\r\n\t\t\t\t\t<\/div>\r\n\t\t\t\t<\/div>\r\n\t\t\t\t\t\t\t\t<div class=\"wpb_column vc_column_container vc_col-sm-2\">\r\n\t\t\t\t\t<div class=\"vc_column-inner \" >\r\n\t\t\t\t\t\t<div class=\"wpb_wrapper\" >\r\n\t\t\t\t\t\t\t<div class=\"wpb_single_image wpb_content_element vc_align_ liquid_vc_single_image\">\r\n\t\t\t\t\t\t\t\t\t\t\t\t\t\t\t\t\t<div class=\"sem_overlay\" ><a href=\"https:\/\/online.therapie.ergowebinar.de\/de\/e\/Rheuma-Gelenkschutz-1-im-Haushalt-2FP-98?\r\n\t\t\t\t\t\t\t\t\t\" class=\"btn btn-solid btn-xsm round border-thin btn-has-label jetztstartenbutton\">klicken f\u00fcr Details<\/a><\/div>\r\n\t\t\t\t\t\t\t\t\t\t\t\t\t\t\t\t\t<figure class=\"wpb_wrapper vc_figure\">\r\n\t\t\t\t\t\t\t\t\t<a href=\"online.therapie.ergowebinar.de\/de\/e\/Rheuma-Gelenkschutz-1-im-Haushalt-2FP-98?\r\n\t\t\t\t\t\t\t\t\t\" title=\"Sie sehen mit dem Blickwinkel aus dem Backofen heraus \u00fcber einen Kuchen in das Gesicht einer Frau, als Assoziation zum Webseminar f\u00fcr Ergotherapie + Physiotherapie in der Rehabilitation + Gelenkschutz bei Rheuma in der Handtherapie in Klinik + Praxis\" target=\"_blank\">\r\n\t\t\t\t\t\t\t\t\t\t<img decoding=\"async\" width=\"475\" src=\"https:\/\/www.ergowebinar.de\/intern\/parsed_images\/0577c142-7bc0-4772-989d-fb2c100bfc0c.jpg\" class=\"vc_single_image-img attachment-full\" alt=\"Sie sehen mit dem Blickwinkel aus dem Backofen heraus \u00fcber einen Kuchen in das Gesicht einer Frau, als Assoziation zum Webseminar f\u00fcr Ergotherapie + Physiotherapie in der Rehabilitation + Gelenkschutz bei Rheuma in der Handtherapie in Klinik + Praxis\" title=\"Sie sehen mit dem Blickwinkel aus dem Backofen heraus \u00fcber einen Kuchen in das Gesicht einer Frau, als Assoziation zum Webseminar f\u00fcr Ergotherapie + Physiotherapie in der Rehabilitation + Gelenkschutz bei Rheuma in der Handtherapie in Klinik + Praxis\" srcset=\"https:\/\/www.ergowebinar.de\/intern\/parsed_images\/0577c142-7bc0-4772-989d-fb2c100bfc0c.jpg 475w, https:\/\/www.ergowebinar.de\/intern\/parsed_images\/0577c142-7bc0-4772-989d-fb2c100bfc0c.jpg 275w\" sizes=\"(max-width: 475px) 100vw, 475px\" itemprop=\"image\" \/>\r\n\t\t\t\t\t\t\t\t\t\t<h6>Rheuma \u2013 Gelenkschutz 1-im Haushalt [2FP]<\/h6>\r\n\t\t\t\t\t\t\t\t\t\t\t\t\t\t\t\t\t\t\t\t\t<p class=\"calendarline\"><img decoding=\"async\" class=\"calendar_icon\" src=\"https:\/\/www.ergowebinar.de\/intern\/images\/calendar.png\">29.09.2026 18:00 - 19:00<\/p>\t\r\n\t\t\t\t\t\t\t\t\t\t\t\t\t\t\t\t\t\t\t\t\t<p class=\"liquid_vc_single_text\">Ziel des Gelenkschutz ist eine Entlastung rheumatisch betroffener Gelenke von zu starker Beanspruchung. Zugleich wird durch die Gelenkschutzprinzipien eine Minderung von Schmerz und Vermeidung von Deformit&auml;ten ...<\/p>\r\n\t\t\t\t\t\t\t\t\t\t\t\t\t\t\t\t\t\t\t\t\t<p class=\"sempreis\">49 \u20ac<\/p>\r\n\t\t\t\t\t\t\t\t\t\t\t\t\t\t\t\t\t\t\t\t\t\t\t<p class=\"semmwst\"><\/p>\r\n\t\t\t\t\t\t\t\t\t\t\t\t\t\t\t\t\t\t\t\t\t\t\t\r\n\t\t\t\t\t\t\t\t\t<\/a>\r\n\t\t\t\t\t\t\t\t\t\r\n\t\t\t\t\t\t\t\t<\/figure>\r\n\t\t\t\t\t\t\t\t\r\n\t\t\t\t\t\t\t<\/div>\r\n\t\t\t\t\t\t\t\t\t\t\t\t\t\t\r\n\t\t\t\t\t\t<\/div>\r\n\t\t\t\t\t<\/div>\r\n\t\t\t\t<\/div>\r\n\t\t\t\t\t\t\t\t<div class=\"wpb_column vc_column_container vc_col-sm-2\">\r\n\t\t\t\t\t<div class=\"vc_column-inner \" >\r\n\t\t\t\t\t\t<div class=\"wpb_wrapper\" >\r\n\t\t\t\t\t\t\t<div class=\"wpb_single_image wpb_content_element vc_align_ liquid_vc_single_image\">\r\n\t\t\t\t\t\t\t\t\t\t\t\t\t\t\t\t\t<div class=\"sem_overlay\" ><a href=\"https:\/\/online.therapie.ergowebinar.de\/de\/e\/Rheuma-als-Nebendiagnose-was-tun-was-lassen-2FP-294?\r\n\t\t\t\t\t\t\t\t\t\" class=\"btn btn-solid btn-xsm round border-thin btn-has-label jetztstartenbutton\">klicken f\u00fcr Details<\/a><\/div>\r\n\t\t\t\t\t\t\t\t\t\t\t\t\t\t\t\t\t<figure class=\"wpb_wrapper vc_figure\">\r\n\t\t\t\t\t\t\t\t\t<a href=\"online.therapie.ergowebinar.de\/de\/e\/Rheuma-als-Nebendiagnose-was-tun-was-lassen-2FP-294?\r\n\t\t\t\t\t\t\t\t\t\" title=\"Sie sehen eine Strassenkreuzung aus der Vogelperspektive als Assoziation zum Webseminar Rheuma  als Nebendiagnose f\u00fcr Ergotherapie + Physiotherapie in der Rehabilitation von Orthop\u00e4die und Rheumatologie in Klinik + Praxis\" target=\"_blank\">\r\n\t\t\t\t\t\t\t\t\t\t<img decoding=\"async\" width=\"475\" src=\"https:\/\/www.ergowebinar.de\/intern\/parsed_images\/b7cda208-a0ae-480f-8666-975cf59162eb.jpg\" class=\"vc_single_image-img attachment-full\" alt=\"Sie sehen eine Strassenkreuzung aus der Vogelperspektive als Assoziation zum Webseminar Rheuma  als Nebendiagnose f\u00fcr Ergotherapie + Physiotherapie in der Rehabilitation von Orthop\u00e4die und Rheumatologie in Klinik + Praxis\" title=\"Sie sehen eine Strassenkreuzung aus der Vogelperspektive als Assoziation zum Webseminar Rheuma  als Nebendiagnose f\u00fcr Ergotherapie + Physiotherapie in der Rehabilitation von Orthop\u00e4die und Rheumatologie in Klinik + Praxis\" srcset=\"https:\/\/www.ergowebinar.de\/intern\/parsed_images\/b7cda208-a0ae-480f-8666-975cf59162eb.jpg 475w, https:\/\/www.ergowebinar.de\/intern\/parsed_images\/b7cda208-a0ae-480f-8666-975cf59162eb.jpg 275w\" sizes=\"(max-width: 475px) 100vw, 475px\" itemprop=\"image\" \/>\r\n\t\t\t\t\t\t\t\t\t\t<h6>Rheuma als Nebendiagnose \u2013 was tun, was lassen? [2FP]<\/h6>\r\n\t\t\t\t\t\t\t\t\t\t\t\t\t\t\t\t\t\t\t\t\t<p class=\"calendarline\"><img decoding=\"async\" class=\"calendar_icon\" src=\"https:\/\/www.ergowebinar.de\/intern\/images\/calendar.png\">06.10.2026 18:00 - 19:00<\/p>\t\r\n\t\t\t\t\t\t\t\t\t\t\t\t\t\t\t\t\t\t\t\t\t<p class=\"liquid_vc_single_text\">\r\nWie gehe ich vor, wenn Rheuma als Nebendiagnose auftritt? &nbsp;Kann ich es ignorieren und in welchen F&auml;llen geht das nicht? Was muss ich beachten, um die rheumatischen Beschwerden nicht zu verschlimmern? ...<\/p>\r\n\t\t\t\t\t\t\t\t\t\t\t\t\t\t\t\t\t\t\t\t\t<p class=\"sempreis\">49 \u20ac<\/p>\r\n\t\t\t\t\t\t\t\t\t\t\t\t\t\t\t\t\t\t\t\t\t\t\t<p class=\"semmwst\"><\/p>\r\n\t\t\t\t\t\t\t\t\t\t\t\t\t\t\t\t\t\t\t\t\t\t\t\r\n\t\t\t\t\t\t\t\t\t<\/a>\r\n\t\t\t\t\t\t\t\t\t\r\n\t\t\t\t\t\t\t\t<\/figure>\r\n\t\t\t\t\t\t\t\t\r\n\t\t\t\t\t\t\t<\/div>\r\n\t\t\t\t\t\t\t\t\t\t\t\t\t\t\r\n\t\t\t\t\t\t<\/div>\r\n\t\t\t\t\t<\/div>\r\n\t\t\t\t<\/div>\r\n\t\t\t\t\t\t\t\t<div class=\"wpb_column vc_column_container vc_col-sm-2\">\r\n\t\t\t\t\t<div class=\"vc_column-inner \" >\r\n\t\t\t\t\t\t<div class=\"wpb_wrapper\" >\r\n\t\t\t\t\t\t\t<div class=\"wpb_single_image wpb_content_element vc_align_ liquid_vc_single_image\">\r\n\t\t\t\t\t\t\t\t\t\t\t\t\t\t\t\t\t<div class=\"sem_overlay\" ><a href=\"https:\/\/online.therapie.ergowebinar.de\/de\/e\/Rheuma-Gelenkschutz-2-in-Beruf-und-Freizeit-2FP-97?\r\n\t\t\t\t\t\t\t\t\t\" class=\"btn btn-solid btn-xsm round border-thin btn-has-label jetztstartenbutton\">klicken f\u00fcr Details<\/a><\/div>\r\n\t\t\t\t\t\t\t\t\t\t\t\t\t\t\t\t\t<figure class=\"wpb_wrapper vc_figure\">\r\n\t\t\t\t\t\t\t\t\t<a href=\"online.therapie.ergowebinar.de\/de\/e\/Rheuma-Gelenkschutz-2-in-Beruf-und-Freizeit-2FP-97?\r\n\t\t\t\t\t\t\t\t\t\" title=\"Sie sehen zwei H\u00e4nde, die einen Stechbeitel am Werkst\u00fcck f\u00fchren, als Assoziation zum Webseminar \u00fcber Rheuma + Gelenkschutz f\u00fcr Ergotherapie + Physiotherapie in der Reha von Erkrankungen im polyarhtritischen Formenkreis + Ortho in Klinik + Praxis\" target=\"_blank\">\r\n\t\t\t\t\t\t\t\t\t\t<img decoding=\"async\" width=\"475\" src=\"https:\/\/www.ergowebinar.de\/intern\/parsed_images\/ec39641e-8c38-49b2-bb47-2f47e05a6b68.jpg\" class=\"vc_single_image-img attachment-full\" alt=\"Sie sehen zwei H\u00e4nde, die einen Stechbeitel am Werkst\u00fcck f\u00fchren, als Assoziation zum Webseminar \u00fcber Rheuma + Gelenkschutz f\u00fcr Ergotherapie + Physiotherapie in der Reha von Erkrankungen im polyarhtritischen Formenkreis + Ortho in Klinik + Praxis\" title=\"Sie sehen zwei H\u00e4nde, die einen Stechbeitel am Werkst\u00fcck f\u00fchren, als Assoziation zum Webseminar \u00fcber Rheuma + Gelenkschutz f\u00fcr Ergotherapie + Physiotherapie in der Reha von Erkrankungen im polyarhtritischen Formenkreis + Ortho in Klinik + Praxis\" srcset=\"https:\/\/www.ergowebinar.de\/intern\/parsed_images\/ec39641e-8c38-49b2-bb47-2f47e05a6b68.jpg 475w, https:\/\/www.ergowebinar.de\/intern\/parsed_images\/ec39641e-8c38-49b2-bb47-2f47e05a6b68.jpg 275w\" sizes=\"(max-width: 475px) 100vw, 475px\" itemprop=\"image\" \/>\r\n\t\t\t\t\t\t\t\t\t\t<h6>Rheuma \u2013 Gelenkschutz 2-in Beruf und Freizeit [2FP]<\/h6>\r\n\t\t\t\t\t\t\t\t\t\t\t\t\t\t\t\t\t\t\t\t\t<p class=\"calendarline\"><img decoding=\"async\" class=\"calendar_icon\" src=\"https:\/\/www.ergowebinar.de\/intern\/images\/calendar.png\">13.10.2026 18:00 - 19:00<\/p>\t\r\n\t\t\t\t\t\t\t\t\t\t\t\t\t\t\t\t\t\t\t\t\t<p class=\"liquid_vc_single_text\">Ziel des Gelenkschutz ist eine Entlastung rheumatisch betroffener Gelenke von zu starker Beanspruchung. Zugleich wird durch die Gelenkschutzprinzipien eine Minderung von Schmerz und Vermeidung von Deformit&auml;ten ...<\/p>\r\n\t\t\t\t\t\t\t\t\t\t\t\t\t\t\t\t\t\t\t\t\t<p class=\"sempreis\">49 \u20ac<\/p>\r\n\t\t\t\t\t\t\t\t\t\t\t\t\t\t\t\t\t\t\t\t\t\t\t<p class=\"semmwst\"><\/p>\r\n\t\t\t\t\t\t\t\t\t\t\t\t\t\t\t\t\t\t\t\t\t\t\t\r\n\t\t\t\t\t\t\t\t\t<\/a>\r\n\t\t\t\t\t\t\t\t\t\r\n\t\t\t\t\t\t\t\t<\/figure>\r\n\t\t\t\t\t\t\t\t\r\n\t\t\t\t\t\t\t<\/div>\r\n\t\t\t\t\t\t\t\t\t\t\t\t\t\t\r\n\t\t\t\t\t\t<\/div>\r\n\t\t\t\t\t<\/div>\r\n\t\t\t\t<\/div>\r\n\t\t\t\t\t\t\t<\/div><\/div><\/div>\r\n\t\t\t\t\t<a name=\"seminarenachdatum\"><\/a>\r\n\t\t<a name=\"70ebe590-c9d7-4953-8525-90c31ab57106\"><\/a>\r\n\t\t<h2 class=\"ld-fh-element lqd-highlight-underline lqd-highlight-grow-left text-decoration-default h3 ldsemheadline\">Fatigue & Long+PostCovid<\/h2>\r\n\t\t\t\t\t<div class=\"vc_row vc_inner\">\r\n\t\t\t<div class=\"ld-container container-fluid\">\r\n\t\t\t<div class=\"row ld-row ld-row-inner\">\r\n\t\t\t\t\t\t\t<div class=\"wpb_column vc_column_container vc_col-sm-2\">\r\n\t\t\t\t\t<div class=\"vc_column-inner \" >\r\n\t\t\t\t\t\t<div class=\"wpb_wrapper\" >\r\n\t\t\t\t\t\t\t<div class=\"wpb_single_image wpb_content_element vc_align_ liquid_vc_single_image\">\r\n\t\t\t\t\t\t\t\t\t\t\t\t\t\t\t\t\t<div class=\"sem_overlay\" ><a href=\"https:\/\/online.therapie.ergowebinar.de\/de\/e\/Fatigue-Brain-Fog-den-Nebel-lichten-2FP-147?\r\n\t\t\t\t\t\t\t\t\t\" class=\"btn btn-solid btn-xsm round border-thin btn-has-label jetztstartenbutton\">klicken f\u00fcr Details<\/a><\/div>\r\n\t\t\t\t\t\t\t\t\t\t\t\t\t\t\t\t\t<figure class=\"wpb_wrapper vc_figure\">\r\n\t\t\t\t\t\t\t\t\t<a href=\"online.therapie.ergowebinar.de\/de\/e\/Fatigue-Brain-Fog-den-Nebel-lichten-2FP-147?\r\n\t\t\t\t\t\t\t\t\t\" title=\"Sie sehen in einem nebeligen Wald eine Frau von hinten  als Assoziation zum Webseminar f\u00fcr Ergotherapie + Physiotherapie in der Rehabilitation von Long + Post Covid + Schmerzreha + NeuroReha + Fatigue in Klinik + Praxis\" target=\"_blank\">\r\n\t\t\t\t\t\t\t\t\t\t<img decoding=\"async\" width=\"475\" src=\"https:\/\/www.ergowebinar.de\/intern\/parsed_images\/ea5b53a6-1f20-427d-a255-4c5032bc3eff.jpg\" class=\"vc_single_image-img attachment-full\" alt=\"Sie sehen in einem nebeligen Wald eine Frau von hinten  als Assoziation zum Webseminar f\u00fcr Ergotherapie + Physiotherapie in der Rehabilitation von Long + Post Covid + Schmerzreha + NeuroReha + Fatigue in Klinik + Praxis\" title=\"Sie sehen in einem nebeligen Wald eine Frau von hinten  als Assoziation zum Webseminar f\u00fcr Ergotherapie + Physiotherapie in der Rehabilitation von Long + Post Covid + Schmerzreha + NeuroReha + Fatigue in Klinik + Praxis\" srcset=\"https:\/\/www.ergowebinar.de\/intern\/parsed_images\/ea5b53a6-1f20-427d-a255-4c5032bc3eff.jpg 475w, https:\/\/www.ergowebinar.de\/intern\/parsed_images\/ea5b53a6-1f20-427d-a255-4c5032bc3eff.jpg 275w\" sizes=\"(max-width: 475px) 100vw, 475px\" itemprop=\"image\" \/>\r\n\t\t\t\t\t\t\t\t\t\t<h6>Fatigue \u2013 Brain Fog - den Nebel lichten [2FP]<\/h6>\r\n\t\t\t\t\t\t\t\t\t\t\t\t\t\t\t\t\t\t\t\t\t<p class=\"calendarline\"><img decoding=\"async\" class=\"calendar_icon\" src=\"https:\/\/www.ergowebinar.de\/intern\/images\/calendar.png\">29.04.2026 19:00 - 20:00<\/p>\t\r\n\t\t\t\t\t\t\t\t\t\t\t\t\t\t\t\t\t\t\t\t\t<p class=\"liquid_vc_single_text\">\r\n\r\n\r\n\r\nEinstige Routineaufgaben wie Einkaufen gehen, Formulare ausf&uuml;llen aber auch die Teilnahme an sozialen Aktivit&auml;ten werden durch den Brain Fog zur Herausforderung. Brain Fog beeinflusst ...<\/p>\r\n\t\t\t\t\t\t\t\t\t\t\t\t\t\t\t\t\t\t\t\t\t<p class=\"sempreis\">49 \u20ac<\/p>\r\n\t\t\t\t\t\t\t\t\t\t\t\t\t\t\t\t\t\t\t\t\t\t\t<p class=\"semmwst\"><\/p>\r\n\t\t\t\t\t\t\t\t\t\t\t\t\t\t\t\t\t\t\t\t\t\t\t\r\n\t\t\t\t\t\t\t\t\t<\/a>\r\n\t\t\t\t\t\t\t\t\t\r\n\t\t\t\t\t\t\t\t<\/figure>\r\n\t\t\t\t\t\t\t\t\r\n\t\t\t\t\t\t\t<\/div>\r\n\t\t\t\t\t\t\t\t\t\t\t\t\t\t\r\n\t\t\t\t\t\t<\/div>\r\n\t\t\t\t\t<\/div>\r\n\t\t\t\t<\/div>\r\n\t\t\t\t\t\t\t\t<div class=\"wpb_column vc_column_container vc_col-sm-2\">\r\n\t\t\t\t\t<div class=\"vc_column-inner \" >\r\n\t\t\t\t\t\t<div class=\"wpb_wrapper\" >\r\n\t\t\t\t\t\t\t<div class=\"wpb_single_image wpb_content_element vc_align_ liquid_vc_single_image\">\r\n\t\t\t\t\t\t\t\t\t\t\t\t\t\t\t\t\t<div class=\"sem_overlay\" ><a href=\"https:\/\/online.therapie.ergowebinar.de\/de\/e\/AtemYoga-entdecken-Atempraxis-fuer-Senioren-2-FP-172?\r\n\t\t\t\t\t\t\t\t\t\" class=\"btn btn-solid btn-xsm round border-thin btn-has-label jetztstartenbutton\">klicken f\u00fcr Details<\/a><\/div>\r\n\t\t\t\t\t\t\t\t\t\t\t\t\t\t\t\t\t<figure class=\"wpb_wrapper vc_figure\">\r\n\t\t\t\t\t\t\t\t\t<a href=\"online.therapie.ergowebinar.de\/de\/e\/AtemYoga-entdecken-Atempraxis-fuer-Senioren-2-FP-172?\r\n\t\t\t\t\t\t\t\t\t\" title=\"Sie sehen eine etwa 40-j\u00e4hrige Frau, die Seifenblasen pustet als Assoziation zum Webseminar f\u00fcr Ergotherapie + Physiotherapie in der NeuroReha, SchmerzReha, Geriatrie, Orthop\u00e4die, bei Rheuma, Fatigue und Post + LongCovid in Klinik + Praxis\" target=\"_blank\">\r\n\t\t\t\t\t\t\t\t\t\t<img decoding=\"async\" width=\"475\" src=\"https:\/\/www.ergowebinar.de\/intern\/parsed_images\/bef7a0c5-1da0-4c41-a1b4-636269265289.jpg\" class=\"vc_single_image-img attachment-full\" alt=\"Sie sehen eine etwa 40-j\u00e4hrige Frau, die Seifenblasen pustet als Assoziation zum Webseminar f\u00fcr Ergotherapie + Physiotherapie in der NeuroReha, SchmerzReha, Geriatrie, Orthop\u00e4die, bei Rheuma, Fatigue und Post + LongCovid in Klinik + Praxis\" title=\"Sie sehen eine etwa 40-j\u00e4hrige Frau, die Seifenblasen pustet als Assoziation zum Webseminar f\u00fcr Ergotherapie + Physiotherapie in der NeuroReha, SchmerzReha, Geriatrie, Orthop\u00e4die, bei Rheuma, Fatigue und Post + LongCovid in Klinik + Praxis\" srcset=\"https:\/\/www.ergowebinar.de\/intern\/parsed_images\/bef7a0c5-1da0-4c41-a1b4-636269265289.jpg 475w, https:\/\/www.ergowebinar.de\/intern\/parsed_images\/bef7a0c5-1da0-4c41-a1b4-636269265289.jpg 275w\" sizes=\"(max-width: 475px) 100vw, 475px\" itemprop=\"image\" \/>\r\n\t\t\t\t\t\t\t\t\t\t<h6>AtemYoga entdecken - Atempraxis f\u00fcr Senioren [2 FP]<\/h6>\r\n\t\t\t\t\t\t\t\t\t\t\t\t\t\t\t\t\t\t\t\t\t<p class=\"calendarline\"><img decoding=\"async\" class=\"calendar_icon\" src=\"https:\/\/www.ergowebinar.de\/intern\/images\/calendar.png\">06.05.2026 18:30 - 19:30<\/p>\t\r\n\t\t\t\t\t\t\t\t\t\t\t\t\t\t\t\t\t\t\t\t\t<p class=\"liquid_vc_single_text\">Gerade bei &auml;lteren Klient:innen tr&auml;gt die Auswahl der erforderlichen Assessments &amp; Therapieinhalte ma&szlig;geblich zum Erfolg der Therapie bei. In diesen Themenblock lernen sie die Bedeutung ...<\/p>\r\n\t\t\t\t\t\t\t\t\t\t\t\t\t\t\t\t\t\t\t\t\t<p class=\"sempreis\">49 \u20ac<\/p>\r\n\t\t\t\t\t\t\t\t\t\t\t\t\t\t\t\t\t\t\t\t\t\t\t<p class=\"semmwst\"><\/p>\r\n\t\t\t\t\t\t\t\t\t\t\t\t\t\t\t\t\t\t\t\t\t\t\t\r\n\t\t\t\t\t\t\t\t\t<\/a>\r\n\t\t\t\t\t\t\t\t\t\r\n\t\t\t\t\t\t\t\t<\/figure>\r\n\t\t\t\t\t\t\t\t\r\n\t\t\t\t\t\t\t<\/div>\r\n\t\t\t\t\t\t\t\t\t\t\t\t\t\t\r\n\t\t\t\t\t\t<\/div>\r\n\t\t\t\t\t<\/div>\r\n\t\t\t\t<\/div>\r\n\t\t\t\t\t\t\t\t<div class=\"wpb_column vc_column_container vc_col-sm-2\">\r\n\t\t\t\t\t<div class=\"vc_column-inner \" >\r\n\t\t\t\t\t\t<div class=\"wpb_wrapper\" >\r\n\t\t\t\t\t\t\t<div class=\"wpb_single_image wpb_content_element vc_align_ liquid_vc_single_image\">\r\n\t\t\t\t\t\t\t\t\t\t\t\t\t\t\t\t\t<div class=\"sem_overlay\" ><a href=\"https:\/\/online.therapie.ergowebinar.de\/de\/e\/Long-Covid-Die-Belastbarkeit-behandeln-2-FP-161?\r\n\t\t\t\t\t\t\t\t\t\" class=\"btn btn-solid btn-xsm round border-thin btn-has-label jetztstartenbutton\">klicken f\u00fcr Details<\/a><\/div>\r\n\t\t\t\t\t\t\t\t\t\t\t\t\t\t\t\t\t<figure class=\"wpb_wrapper vc_figure\">\r\n\t\t\t\t\t\t\t\t\t<a href=\"online.therapie.ergowebinar.de\/de\/e\/Long-Covid-Die-Belastbarkeit-behandeln-2-FP-161?\r\n\t\t\t\t\t\t\t\t\t\" title=\"Sie sehen einen stehenden Mann einen hohen Stapel Kartons mit Aufschriften wie Deadline, \u00c4ngstlichkeit oder Problemen umschubsen als Assoziation zum Webseminar f\u00fcr Ergotherapie + Physiotherapie in der Rehabilitation Long + Post Covidin Klinik + Praxis\" target=\"_blank\">\r\n\t\t\t\t\t\t\t\t\t\t<img decoding=\"async\" width=\"475\" src=\"https:\/\/www.ergowebinar.de\/intern\/parsed_images\/fa3c36ce-9387-47b8-aeef-d8fd2cad8dbd.jpg\" class=\"vc_single_image-img attachment-full\" alt=\"Sie sehen einen stehenden Mann einen hohen Stapel Kartons mit Aufschriften wie Deadline, \u00c4ngstlichkeit oder Problemen umschubsen als Assoziation zum Webseminar f\u00fcr Ergotherapie + Physiotherapie in der Rehabilitation Long + Post Covidin Klinik + Praxis\" title=\"Sie sehen einen stehenden Mann einen hohen Stapel Kartons mit Aufschriften wie Deadline, \u00c4ngstlichkeit oder Problemen umschubsen als Assoziation zum Webseminar f\u00fcr Ergotherapie + Physiotherapie in der Rehabilitation Long + Post Covidin Klinik + Praxis\" srcset=\"https:\/\/www.ergowebinar.de\/intern\/parsed_images\/fa3c36ce-9387-47b8-aeef-d8fd2cad8dbd.jpg 475w, https:\/\/www.ergowebinar.de\/intern\/parsed_images\/fa3c36ce-9387-47b8-aeef-d8fd2cad8dbd.jpg 275w\" sizes=\"(max-width: 475px) 100vw, 475px\" itemprop=\"image\" \/>\r\n\t\t\t\t\t\t\t\t\t\t<h6>Long Covid \u2013 Die Belastbarkeit behandeln [2 FP]<\/h6>\r\n\t\t\t\t\t\t\t\t\t\t\t\t\t\t\t\t\t\t\t\t\t<p class=\"calendarline\"><img decoding=\"async\" class=\"calendar_icon\" src=\"https:\/\/www.ergowebinar.de\/intern\/images\/calendar.png\">06.05.2026 20:00 - 21:00<\/p>\t\r\n\t\t\t\t\t\t\t\t\t\t\t\t\t\t\t\t\t\t\t\t\t<p class=\"liquid_vc_single_text\">Verringerte Leistungsf&auml;higkeit wird oft mit menschlichen Versagen assoziiert. In diesem Themenblock erf&auml;hrst Du die Bedeutung der bedarfsgerechten Belastbarkeit bei Post-Covid Klienten.\r\n&nbsp;\r\nDas ...<\/p>\r\n\t\t\t\t\t\t\t\t\t\t\t\t\t\t\t\t\t\t\t\t\t<p class=\"sempreis\">49 \u20ac<\/p>\r\n\t\t\t\t\t\t\t\t\t\t\t\t\t\t\t\t\t\t\t\t\t\t\t<p class=\"semmwst\"><\/p>\r\n\t\t\t\t\t\t\t\t\t\t\t\t\t\t\t\t\t\t\t\t\t\t\t\r\n\t\t\t\t\t\t\t\t\t<\/a>\r\n\t\t\t\t\t\t\t\t\t\r\n\t\t\t\t\t\t\t\t<\/figure>\r\n\t\t\t\t\t\t\t\t\r\n\t\t\t\t\t\t\t<\/div>\r\n\t\t\t\t\t\t\t\t\t\t\t\t\t\t\r\n\t\t\t\t\t\t<\/div>\r\n\t\t\t\t\t<\/div>\r\n\t\t\t\t<\/div>\r\n\t\t\t\t\t\t\t\t<div class=\"wpb_column vc_column_container vc_col-sm-2\">\r\n\t\t\t\t\t<div class=\"vc_column-inner \" >\r\n\t\t\t\t\t\t<div class=\"wpb_wrapper\" >\r\n\t\t\t\t\t\t\t<div class=\"wpb_single_image wpb_content_element vc_align_ liquid_vc_single_image\">\r\n\t\t\t\t\t\t\t\t\t\t\t\t\t\t\t\t\t<div class=\"sem_overlay\" ><a href=\"https:\/\/online.therapie.ergowebinar.de\/de\/e\/Kognition-Umstellfaehigkeit-verbessern-2FP-336?\r\n\t\t\t\t\t\t\t\t\t\" class=\"btn btn-solid btn-xsm round border-thin btn-has-label jetztstartenbutton\">klicken f\u00fcr Details<\/a><\/div>\r\n\t\t\t\t\t\t\t\t\t\t\t\t\t\t\t\t\t<figure class=\"wpb_wrapper vc_figure\">\r\n\t\t\t\t\t\t\t\t\t<a href=\"online.therapie.ergowebinar.de\/de\/e\/Kognition-Umstellfaehigkeit-verbessern-2FP-336?\r\n\t\t\t\t\t\t\t\t\t\" title=\"Sie sehen eine Gleisanlage mit vielen Weichen, als Assoziation zum Webseminar zur Umstellf\u00e4higkeit und Denkflexibilit\u00e4t f\u00fcr Ergotherapie + Physiotherapie in der Rehabilitation von Schlaganfall + Apoplex + Kognitiven Einschr\u00e4nkungen in Klinik + Praxis\" target=\"_blank\">\r\n\t\t\t\t\t\t\t\t\t\t<img decoding=\"async\" width=\"475\" src=\"https:\/\/www.ergowebinar.de\/intern\/parsed_images\/3da44887-401f-4eb9-9810-00831b261676.jpg\" class=\"vc_single_image-img attachment-full\" alt=\"Sie sehen eine Gleisanlage mit vielen Weichen, als Assoziation zum Webseminar zur Umstellf\u00e4higkeit und Denkflexibilit\u00e4t f\u00fcr Ergotherapie + Physiotherapie in der Rehabilitation von Schlaganfall + Apoplex + Kognitiven Einschr\u00e4nkungen in Klinik + Praxis\" title=\"Sie sehen eine Gleisanlage mit vielen Weichen, als Assoziation zum Webseminar zur Umstellf\u00e4higkeit und Denkflexibilit\u00e4t f\u00fcr Ergotherapie + Physiotherapie in der Rehabilitation von Schlaganfall + Apoplex + Kognitiven Einschr\u00e4nkungen in Klinik + Praxis\" srcset=\"https:\/\/www.ergowebinar.de\/intern\/parsed_images\/3da44887-401f-4eb9-9810-00831b261676.jpg 475w, https:\/\/www.ergowebinar.de\/intern\/parsed_images\/3da44887-401f-4eb9-9810-00831b261676.jpg 275w\" sizes=\"(max-width: 475px) 100vw, 475px\" itemprop=\"image\" \/>\r\n\t\t\t\t\t\t\t\t\t\t<h6>Kognition - Umstellf\u00e4higkeit verbessern [2FP]<\/h6>\r\n\t\t\t\t\t\t\t\t\t\t\t\t\t\t\t\t\t\t\t\t\t<p class=\"calendarline\"><img decoding=\"async\" class=\"calendar_icon\" src=\"https:\/\/www.ergowebinar.de\/intern\/images\/calendar.png\">29.06.2026 18:00 - 19:00<\/p>\t\r\n\t\t\t\t\t\t\t\t\t\t\t\t\t\t\t\t\t\t\t\t\t<p class=\"liquid_vc_single_text\">\r\nEin Kernsymptom des dysexekutiven Syndroms ist die mangelnde Umstellf&auml;higkeit. Klienten mit Sch&auml;digungen in diesem Bereich haben oftmals die F&auml;higkeit verloren, sich an neue Gegebenheiten ...<\/p>\r\n\t\t\t\t\t\t\t\t\t\t\t\t\t\t\t\t\t\t\t\t\t<p class=\"sempreis\">49 \u20ac<\/p>\r\n\t\t\t\t\t\t\t\t\t\t\t\t\t\t\t\t\t\t\t\t\t\t\t<p class=\"semmwst\"><\/p>\r\n\t\t\t\t\t\t\t\t\t\t\t\t\t\t\t\t\t\t\t\t\t\t\t\r\n\t\t\t\t\t\t\t\t\t<\/a>\r\n\t\t\t\t\t\t\t\t\t\r\n\t\t\t\t\t\t\t\t<\/figure>\r\n\t\t\t\t\t\t\t\t\r\n\t\t\t\t\t\t\t<\/div>\r\n\t\t\t\t\t\t\t\t\t\t\t\t\t\t\r\n\t\t\t\t\t\t<\/div>\r\n\t\t\t\t\t<\/div>\r\n\t\t\t\t<\/div>\r\n\t\t\t\t\t\t\t\t<div class=\"wpb_column vc_column_container vc_col-sm-2\">\r\n\t\t\t\t\t<div class=\"vc_column-inner \" >\r\n\t\t\t\t\t\t<div class=\"wpb_wrapper\" >\r\n\t\t\t\t\t\t\t<div class=\"wpb_single_image wpb_content_element vc_align_ liquid_vc_single_image\">\r\n\t\t\t\t\t\t\t\t\t\t\t\t\t\t\t\t\t<div class=\"sem_overlay\" ><a href=\"https:\/\/online.therapie.ergowebinar.de\/de\/e\/Yoga-Ue-50-weniger-Tempo-und-mehr-Intensitaet-2-FP-167?\r\n\t\t\t\t\t\t\t\t\t\" class=\"btn btn-solid btn-xsm round border-thin btn-has-label jetztstartenbutton\">klicken f\u00fcr Details<\/a><\/div>\r\n\t\t\t\t\t\t\t\t\t\t\t\t\t\t\t\t\t<figure class=\"wpb_wrapper vc_figure\">\r\n\t\t\t\t\t\t\t\t\t<a href=\"online.therapie.ergowebinar.de\/de\/e\/Yoga-Ue-50-weniger-Tempo-und-mehr-Intensitaet-2-FP-167?\r\n\t\t\t\t\t\t\t\t\t\" title=\"Sie sehen eine etwa 50j\u00e4hrigen Frau und einen ebenso alten Mann im Yogasitz als Assoziation zum Webseminar f\u00fcr Ergotherapie + Physiotherapie in der NeuroReha, Schmerzreha, Orthp\u00e4die, Fatigue und Long + PostCovid in Klinik + Praxis\" target=\"_blank\">\r\n\t\t\t\t\t\t\t\t\t\t<img decoding=\"async\" width=\"475\" src=\"https:\/\/www.ergowebinar.de\/intern\/parsed_images\/fc086066-62cb-4602-9f18-b22d0161b3fb.jpg\" class=\"vc_single_image-img attachment-full\" alt=\"Sie sehen eine etwa 50j\u00e4hrigen Frau und einen ebenso alten Mann im Yogasitz als Assoziation zum Webseminar f\u00fcr Ergotherapie + Physiotherapie in der NeuroReha, Schmerzreha, Orthp\u00e4die, Fatigue und Long + PostCovid in Klinik + Praxis\" title=\"Sie sehen eine etwa 50j\u00e4hrigen Frau und einen ebenso alten Mann im Yogasitz als Assoziation zum Webseminar f\u00fcr Ergotherapie + Physiotherapie in der NeuroReha, Schmerzreha, Orthp\u00e4die, Fatigue und Long + PostCovid in Klinik + Praxis\" srcset=\"https:\/\/www.ergowebinar.de\/intern\/parsed_images\/fc086066-62cb-4602-9f18-b22d0161b3fb.jpg 475w, https:\/\/www.ergowebinar.de\/intern\/parsed_images\/fc086066-62cb-4602-9f18-b22d0161b3fb.jpg 275w\" sizes=\"(max-width: 475px) 100vw, 475px\" itemprop=\"image\" \/>\r\n\t\t\t\t\t\t\t\t\t\t<h6>Yoga \u00dc-50 - weniger Tempo und mehr Intensit\u00e4t  [2 FP]<\/h6>\r\n\t\t\t\t\t\t\t\t\t\t\t\t\t\t\t\t\t\t\t\t\t<p class=\"calendarline\"><img decoding=\"async\" class=\"calendar_icon\" src=\"https:\/\/www.ergowebinar.de\/intern\/images\/calendar.png\">26.08.2026 18:30 - 19:30<\/p>\t\r\n\t\t\t\t\t\t\t\t\t\t\t\t\t\t\t\t\t\t\t\t\t<p class=\"liquid_vc_single_text\">Hormonelle Dysbalancen k&ouml;nnen in der Lebensmitte zur inneren Unruhe, vermehrter Gereiztheit oder auch Schwerf&auml;lligkeit f&uuml;hren. In diesem Themenblock erfahren Sie die wesentliche Bedeutung ...<\/p>\r\n\t\t\t\t\t\t\t\t\t\t\t\t\t\t\t\t\t\t\t\t\t<p class=\"sempreis\">49 \u20ac<\/p>\r\n\t\t\t\t\t\t\t\t\t\t\t\t\t\t\t\t\t\t\t\t\t\t\t<p class=\"semmwst\"><\/p>\r\n\t\t\t\t\t\t\t\t\t\t\t\t\t\t\t\t\t\t\t\t\t\t\t\r\n\t\t\t\t\t\t\t\t\t<\/a>\r\n\t\t\t\t\t\t\t\t\t\r\n\t\t\t\t\t\t\t\t<\/figure>\r\n\t\t\t\t\t\t\t\t\r\n\t\t\t\t\t\t\t<\/div>\r\n\t\t\t\t\t\t\t\t\t\t\t\t\t\t\r\n\t\t\t\t\t\t<\/div>\r\n\t\t\t\t\t<\/div>\r\n\t\t\t\t<\/div>\r\n\t\t\t\t\t\t\t\t<div class=\"wpb_column vc_column_container vc_col-sm-2\">\r\n\t\t\t\t\t<div class=\"vc_column-inner \" >\r\n\t\t\t\t\t\t<div class=\"wpb_wrapper\" >\r\n\t\t\t\t\t\t\t<div class=\"wpb_single_image wpb_content_element vc_align_ liquid_vc_single_image\">\r\n\t\t\t\t\t\t\t\t\t\t\t\t\t\t\t\t\t<div class=\"sem_overlay\" ><a href=\"https:\/\/online.therapie.ergowebinar.de\/de\/e\/Long-Covid-Die-leichte-Ermuedbarkeit-beeinflussen-2-FP-159?\r\n\t\t\t\t\t\t\t\t\t\" class=\"btn btn-solid btn-xsm round border-thin btn-has-label jetztstartenbutton\">klicken f\u00fcr Details<\/a><\/div>\r\n\t\t\t\t\t\t\t\t\t\t\t\t\t\t\t\t\t<figure class=\"wpb_wrapper vc_figure\">\r\n\t\t\t\t\t\t\t\t\t<a href=\"online.therapie.ergowebinar.de\/de\/e\/Long-Covid-Die-leichte-Ermuedbarkeit-beeinflussen-2-FP-159?\r\n\t\t\t\t\t\t\t\t\t\" title=\"Sie sehen eine Frau vor ihrem aufgeklappten Laptop am Tisch mit ersch\u00f6pft auf dem Arm abgelegtem Kopf als Assoziation zum Webseminar f\u00fcr Ergotherapie + Physiotherapie in der Rehabilitation von Long + Post Covid in Klinik + Praxis\" target=\"_blank\">\r\n\t\t\t\t\t\t\t\t\t\t<img decoding=\"async\" width=\"475\" src=\"https:\/\/www.ergowebinar.de\/intern\/parsed_images\/10129de8-9393-4f82-869c-0a68dc6652cb.jpg\" class=\"vc_single_image-img attachment-full\" alt=\"Sie sehen eine Frau vor ihrem aufgeklappten Laptop am Tisch mit ersch\u00f6pft auf dem Arm abgelegtem Kopf als Assoziation zum Webseminar f\u00fcr Ergotherapie + Physiotherapie in der Rehabilitation von Long + Post Covid in Klinik + Praxis\" title=\"Sie sehen eine Frau vor ihrem aufgeklappten Laptop am Tisch mit ersch\u00f6pft auf dem Arm abgelegtem Kopf als Assoziation zum Webseminar f\u00fcr Ergotherapie + Physiotherapie in der Rehabilitation von Long + Post Covid in Klinik + Praxis\" srcset=\"https:\/\/www.ergowebinar.de\/intern\/parsed_images\/10129de8-9393-4f82-869c-0a68dc6652cb.jpg 475w, https:\/\/www.ergowebinar.de\/intern\/parsed_images\/10129de8-9393-4f82-869c-0a68dc6652cb.jpg 275w\" sizes=\"(max-width: 475px) 100vw, 475px\" itemprop=\"image\" \/>\r\n\t\t\t\t\t\t\t\t\t\t<h6>Long Covid \u2013 Die leichte Erm\u00fcdbarkeit beeinflussen [2 FP]<\/h6>\r\n\t\t\t\t\t\t\t\t\t\t\t\t\t\t\t\t\t\t\t\t\t<p class=\"calendarline\"><img decoding=\"async\" class=\"calendar_icon\" src=\"https:\/\/www.ergowebinar.de\/intern\/images\/calendar.png\">26.08.2026 20:00 - 21:00<\/p>\t\r\n\t\t\t\t\t\t\t\t\t\t\t\t\t\t\t\t\t\t\t\t\t<p class=\"liquid_vc_single_text\">Ersch&ouml;pfung und Stress f&uuml;hren oft zu Wut, &Auml;rger und Frustration und sind oft Ausdruck von physischen und psychischen Unsicherheiten und sogar &Auml;ngsten. In diesem Themenblock erf&auml;hrst ...<\/p>\r\n\t\t\t\t\t\t\t\t\t\t\t\t\t\t\t\t\t\t\t\t\t<p class=\"sempreis\">49 \u20ac<\/p>\r\n\t\t\t\t\t\t\t\t\t\t\t\t\t\t\t\t\t\t\t\t\t\t\t<p class=\"semmwst\"><\/p>\r\n\t\t\t\t\t\t\t\t\t\t\t\t\t\t\t\t\t\t\t\t\t\t\t\r\n\t\t\t\t\t\t\t\t\t<\/a>\r\n\t\t\t\t\t\t\t\t\t\r\n\t\t\t\t\t\t\t\t<\/figure>\r\n\t\t\t\t\t\t\t\t\r\n\t\t\t\t\t\t\t<\/div>\r\n\t\t\t\t\t\t\t\t\t\t\t\t\t\t\r\n\t\t\t\t\t\t<\/div>\r\n\t\t\t\t\t<\/div>\r\n\t\t\t\t<\/div>\r\n\t\t\t\t\t\t\t\t<div class=\"wpb_column vc_column_container vc_col-sm-2\">\r\n\t\t\t\t\t<div class=\"vc_column-inner \" >\r\n\t\t\t\t\t\t<div class=\"wpb_wrapper\" >\r\n\t\t\t\t\t\t\t<div class=\"wpb_single_image wpb_content_element vc_align_ liquid_vc_single_image\">\r\n\t\t\t\t\t\t\t\t\t\t\t\t\t\t\t\t\t<div class=\"sem_overlay\" ><a href=\"https:\/\/online.therapie.ergowebinar.de\/de\/e\/Entspannungstechniken-in-der-Ergotherapie-2FP-311?\r\n\t\t\t\t\t\t\t\t\t\" class=\"btn btn-solid btn-xsm round border-thin btn-has-label jetztstartenbutton\">klicken f\u00fcr Details<\/a><\/div>\r\n\t\t\t\t\t\t\t\t\t\t\t\t\t\t\t\t\t<figure class=\"wpb_wrapper vc_figure\">\r\n\t\t\t\t\t\t\t\t\t<a href=\"online.therapie.ergowebinar.de\/de\/e\/Entspannungstechniken-in-der-Ergotherapie-2FP-311?\r\n\t\t\t\t\t\t\t\t\t\" title=\"Sie sehen einen \u00e4lteren Mann angelehnt auf einem Bootssteg sitzen, als Assoziation zum Webseminar zu Entspannungstechniken in Ergotherapie + Physiotherapie in der Fatigue, Long + PostCovid, Psychosomatik in Klinik + Praxis\" target=\"_blank\">\r\n\t\t\t\t\t\t\t\t\t\t<img decoding=\"async\" width=\"475\" src=\"https:\/\/www.ergowebinar.de\/intern\/parsed_images\/311.jpg\" class=\"vc_single_image-img attachment-full\" alt=\"Sie sehen einen \u00e4lteren Mann angelehnt auf einem Bootssteg sitzen, als Assoziation zum Webseminar zu Entspannungstechniken in Ergotherapie + Physiotherapie in der Fatigue, Long + PostCovid, Psychosomatik in Klinik + Praxis\" title=\"Sie sehen einen \u00e4lteren Mann angelehnt auf einem Bootssteg sitzen, als Assoziation zum Webseminar zu Entspannungstechniken in Ergotherapie + Physiotherapie in der Fatigue, Long + PostCovid, Psychosomatik in Klinik + Praxis\" srcset=\"https:\/\/www.ergowebinar.de\/intern\/parsed_images\/311.jpg 475w, https:\/\/www.ergowebinar.de\/intern\/parsed_images\/311.jpg 275w\" sizes=\"(max-width: 475px) 100vw, 475px\" itemprop=\"image\" \/>\r\n\t\t\t\t\t\t\t\t\t\t<h6>Entspannungstechniken in der Ergotherapie  [2FP]<\/h6>\r\n\t\t\t\t\t\t\t\t\t\t\t\t\t\t\t\t\t\t\t\t\t<p class=\"calendarline\"><img decoding=\"async\" class=\"calendar_icon\" src=\"https:\/\/www.ergowebinar.de\/intern\/images\/calendar.png\">09.09.2026 18:30 - 19:30<\/p>\t\r\n\t\t\t\t\t\t\t\t\t\t\t\t\t\t\t\t\t\t\t\t\t<p class=\"liquid_vc_single_text\">\r\n\r\n\r\nEs bedarf h&auml;ufig nur kleiner Impulse um den Stein mit Ihren Klienten ins Rollen zu bringen. Die direkte und auch die beil&auml;ufig punktuelle Anwendung von Achtsamkeitsinterventionen im Therapiealltag ...<\/p>\r\n\t\t\t\t\t\t\t\t\t\t\t\t\t\t\t\t\t\t\t\t\t<p class=\"sempreis\">49 \u20ac<\/p>\r\n\t\t\t\t\t\t\t\t\t\t\t\t\t\t\t\t\t\t\t\t\t\t\t<p class=\"semmwst\"><\/p>\r\n\t\t\t\t\t\t\t\t\t\t\t\t\t\t\t\t\t\t\t\t\t\t\t\r\n\t\t\t\t\t\t\t\t\t<\/a>\r\n\t\t\t\t\t\t\t\t\t\r\n\t\t\t\t\t\t\t\t<\/figure>\r\n\t\t\t\t\t\t\t\t\r\n\t\t\t\t\t\t\t<\/div>\r\n\t\t\t\t\t\t\t\t\t\t\t\t\t\t\r\n\t\t\t\t\t\t<\/div>\r\n\t\t\t\t\t<\/div>\r\n\t\t\t\t<\/div>\r\n\t\t\t\t\t\t\t\t<div class=\"wpb_column vc_column_container vc_col-sm-2\">\r\n\t\t\t\t\t<div class=\"vc_column-inner \" >\r\n\t\t\t\t\t\t<div class=\"wpb_wrapper\" >\r\n\t\t\t\t\t\t\t<div class=\"wpb_single_image wpb_content_element vc_align_ liquid_vc_single_image\">\r\n\t\t\t\t\t\t\t\t\t\t\t\t\t\t\t\t\t<div class=\"sem_overlay\" ><a href=\"https:\/\/online.therapie.ergowebinar.de\/de\/e\/Fatigue-energiesparende-Alltagsgestaltung-2FP-82?\r\n\t\t\t\t\t\t\t\t\t\" class=\"btn btn-solid btn-xsm round border-thin btn-has-label jetztstartenbutton\">klicken f\u00fcr Details<\/a><\/div>\r\n\t\t\t\t\t\t\t\t\t\t\t\t\t\t\t\t\t<figure class=\"wpb_wrapper vc_figure\">\r\n\t\t\t\t\t\t\t\t\t<a href=\"online.therapie.ergowebinar.de\/de\/e\/Fatigue-energiesparende-Alltagsgestaltung-2FP-82?\r\n\t\t\t\t\t\t\t\t\t\" title=\"Sie sehen mit Holzw\u00e4scheklammern aufgeh\u00e4ngte W\u00e4scheteile als Assoziation zum Webseminar \u00fcber energiesparende Alltagsgestaltung f\u00fcr Ergotherapie + Physiotherapie in der Reha von Fatigue + Long + Post Covid + Schmerzreha in Klinik + Praxis\" target=\"_blank\">\r\n\t\t\t\t\t\t\t\t\t\t<img decoding=\"async\" width=\"475\" src=\"https:\/\/www.ergowebinar.de\/intern\/parsed_images\/5dba581a-e690-4b3d-9e15-1db5ea78fc87.jpg\" class=\"vc_single_image-img attachment-full\" alt=\"Sie sehen mit Holzw\u00e4scheklammern aufgeh\u00e4ngte W\u00e4scheteile als Assoziation zum Webseminar \u00fcber energiesparende Alltagsgestaltung f\u00fcr Ergotherapie + Physiotherapie in der Reha von Fatigue + Long + Post Covid + Schmerzreha in Klinik + Praxis\" title=\"Sie sehen mit Holzw\u00e4scheklammern aufgeh\u00e4ngte W\u00e4scheteile als Assoziation zum Webseminar \u00fcber energiesparende Alltagsgestaltung f\u00fcr Ergotherapie + Physiotherapie in der Reha von Fatigue + Long + Post Covid + Schmerzreha in Klinik + Praxis\" srcset=\"https:\/\/www.ergowebinar.de\/intern\/parsed_images\/5dba581a-e690-4b3d-9e15-1db5ea78fc87.jpg 475w, https:\/\/www.ergowebinar.de\/intern\/parsed_images\/5dba581a-e690-4b3d-9e15-1db5ea78fc87.jpg 275w\" sizes=\"(max-width: 475px) 100vw, 475px\" itemprop=\"image\" \/>\r\n\t\t\t\t\t\t\t\t\t\t<h6>Fatigue - energiesparende Alltagsgestaltung [2FP]<\/h6>\r\n\t\t\t\t\t\t\t\t\t\t\t\t\t\t\t\t\t\t\t\t\t<p class=\"calendarline\"><img decoding=\"async\" class=\"calendar_icon\" src=\"https:\/\/www.ergowebinar.de\/intern\/images\/calendar.png\">09.09.2026 19:00 - 20:00<\/p>\t\r\n\t\t\t\t\t\t\t\t\t\t\t\t\t\t\t\t\t\t\t\t\t<p class=\"liquid_vc_single_text\">Wenn nur wenig Energie vorhanden ist, f&auml;llt es oft schwer, den Alltag bedeutungsvoll zu gestalten. Durch die Auseinandersetzung mit dem eigenen Energieprofil wird bewusst, wann welche Aktivit&auml;ten ...<\/p>\r\n\t\t\t\t\t\t\t\t\t\t\t\t\t\t\t\t\t\t\t\t\t<p class=\"sempreis\">49 \u20ac<\/p>\r\n\t\t\t\t\t\t\t\t\t\t\t\t\t\t\t\t\t\t\t\t\t\t\t<p class=\"semmwst\"><\/p>\r\n\t\t\t\t\t\t\t\t\t\t\t\t\t\t\t\t\t\t\t\t\t\t\t\r\n\t\t\t\t\t\t\t\t\t<\/a>\r\n\t\t\t\t\t\t\t\t\t\r\n\t\t\t\t\t\t\t\t<\/figure>\r\n\t\t\t\t\t\t\t\t\r\n\t\t\t\t\t\t\t<\/div>\r\n\t\t\t\t\t\t\t\t\t\t\t\t\t\t\r\n\t\t\t\t\t\t<\/div>\r\n\t\t\t\t\t<\/div>\r\n\t\t\t\t<\/div>\r\n\t\t\t\t\t\t\t\t<div class=\"wpb_column vc_column_container vc_col-sm-2\">\r\n\t\t\t\t\t<div class=\"vc_column-inner \" >\r\n\t\t\t\t\t\t<div class=\"wpb_wrapper\" >\r\n\t\t\t\t\t\t\t<div class=\"wpb_single_image wpb_content_element vc_align_ liquid_vc_single_image\">\r\n\t\t\t\t\t\t\t\t\t\t\t\t\t\t\t\t\t<div class=\"sem_overlay\" ><a href=\"https:\/\/online.therapie.ergowebinar.de\/de\/e\/Zeit-und-Selbstmanagement-in-der-Ergotherapie-2FP-306?\r\n\t\t\t\t\t\t\t\t\t\" class=\"btn btn-solid btn-xsm round border-thin btn-has-label jetztstartenbutton\">klicken f\u00fcr Details<\/a><\/div>\r\n\t\t\t\t\t\t\t\t\t\t\t\t\t\t\t\t\t<figure class=\"wpb_wrapper vc_figure\">\r\n\t\t\t\t\t\t\t\t\t<a href=\"online.therapie.ergowebinar.de\/de\/e\/Zeit-und-Selbstmanagement-in-der-Ergotherapie-2FP-306?\r\n\t\t\t\t\t\t\t\t\t\" title=\"Sie sehen einen roten klassischen Wecker auf einer gr\u00fcnen Wiese, als Assoziation zum Webseminar zu Zeit- und Selbstmanagementtechniken f\u00fcr Klienten in Ergotherapie + Physiotherapie in der Fatigue, Long + PostCovid, Psychosomatik in Klinik + Praxis\" target=\"_blank\">\r\n\t\t\t\t\t\t\t\t\t\t<img decoding=\"async\" width=\"475\" src=\"https:\/\/www.ergowebinar.de\/intern\/parsed_images\/0a2f1c7c-dce6-401b-ab62-45db60a24eb7.jpg\" class=\"vc_single_image-img attachment-full\" alt=\"Sie sehen einen roten klassischen Wecker auf einer gr\u00fcnen Wiese, als Assoziation zum Webseminar zu Zeit- und Selbstmanagementtechniken f\u00fcr Klienten in Ergotherapie + Physiotherapie in der Fatigue, Long + PostCovid, Psychosomatik in Klinik + Praxis\" title=\"Sie sehen einen roten klassischen Wecker auf einer gr\u00fcnen Wiese, als Assoziation zum Webseminar zu Zeit- und Selbstmanagementtechniken f\u00fcr Klienten in Ergotherapie + Physiotherapie in der Fatigue, Long + PostCovid, Psychosomatik in Klinik + Praxis\" srcset=\"https:\/\/www.ergowebinar.de\/intern\/parsed_images\/0a2f1c7c-dce6-401b-ab62-45db60a24eb7.jpg 475w, https:\/\/www.ergowebinar.de\/intern\/parsed_images\/0a2f1c7c-dce6-401b-ab62-45db60a24eb7.jpg 275w\" sizes=\"(max-width: 475px) 100vw, 475px\" itemprop=\"image\" \/>\r\n\t\t\t\t\t\t\t\t\t\t<h6>Zeit- und Selbstmanagement in der Ergotherapie [2FP]<\/h6>\r\n\t\t\t\t\t\t\t\t\t\t\t\t\t\t\t\t\t\t\t\t\t<p class=\"calendarline\"><img decoding=\"async\" class=\"calendar_icon\" src=\"https:\/\/www.ergowebinar.de\/intern\/images\/calendar.png\">09.09.2026 20:00 - 21:00<\/p>\t\r\n\t\t\t\t\t\t\t\t\t\t\t\t\t\t\t\t\t\t\t\t\t<p class=\"liquid_vc_single_text\">\r\n\r\n\r\n\r\nEffektives Zeit- und Selbstmanagement unterst&uuml;tzen ein gesundes und erf&uuml;lltes Leben. Aktuelle Forschung zeigt, dass Selbstkontrolle und Durchhalteverm&ouml;gen wichtige Faktoren f&uuml;r ...<\/p>\r\n\t\t\t\t\t\t\t\t\t\t\t\t\t\t\t\t\t\t\t\t\t<p class=\"sempreis\">49 \u20ac<\/p>\r\n\t\t\t\t\t\t\t\t\t\t\t\t\t\t\t\t\t\t\t\t\t\t\t<p class=\"semmwst\"><\/p>\r\n\t\t\t\t\t\t\t\t\t\t\t\t\t\t\t\t\t\t\t\t\t\t\t\r\n\t\t\t\t\t\t\t\t\t<\/a>\r\n\t\t\t\t\t\t\t\t\t\r\n\t\t\t\t\t\t\t\t<\/figure>\r\n\t\t\t\t\t\t\t\t\r\n\t\t\t\t\t\t\t<\/div>\r\n\t\t\t\t\t\t\t\t\t\t\t\t\t\t\r\n\t\t\t\t\t\t<\/div>\r\n\t\t\t\t\t<\/div>\r\n\t\t\t\t<\/div>\r\n\t\t\t\t\t\t\t\t<div class=\"wpb_column vc_column_container vc_col-sm-2\">\r\n\t\t\t\t\t<div class=\"vc_column-inner \" >\r\n\t\t\t\t\t\t<div class=\"wpb_wrapper\" >\r\n\t\t\t\t\t\t\t<div class=\"wpb_single_image wpb_content_element vc_align_ liquid_vc_single_image\">\r\n\t\t\t\t\t\t\t\t\t\t\t\t\t\t\t\t\t<div class=\"sem_overlay\" ><a href=\"https:\/\/online.therapie.ergowebinar.de\/de\/e\/Kognition-die-Aufmerksamkeit-staerken-2FP-75?\r\n\t\t\t\t\t\t\t\t\t\" class=\"btn btn-solid btn-xsm round border-thin btn-has-label jetztstartenbutton\">klicken f\u00fcr Details<\/a><\/div>\r\n\t\t\t\t\t\t\t\t\t\t\t\t\t\t\t\t\t<figure class=\"wpb_wrapper vc_figure\">\r\n\t\t\t\t\t\t\t\t\t<a href=\"online.therapie.ergowebinar.de\/de\/e\/Kognition-die-Aufmerksamkeit-staerken-2FP-75?\r\n\t\t\t\t\t\t\t\t\t\" title=\"Sie sehen viele Kabelverbindungen , die in ein Steckerbord gesteckt sind, als Assoziation zum Webseminar f\u00fcr Ergotherapie + Physiotherapie in der Rehabilitation von Schlaganfall + Apoplex + Kognitiven Einschr\u00e4nkungen in Klinik + Praxis\" target=\"_blank\">\r\n\t\t\t\t\t\t\t\t\t\t<img decoding=\"async\" width=\"475\" src=\"https:\/\/www.ergowebinar.de\/intern\/parsed_images\/3da44787-401f-4eb9-9810-00831b261676.jpg\" class=\"vc_single_image-img attachment-full\" alt=\"Sie sehen viele Kabelverbindungen , die in ein Steckerbord gesteckt sind, als Assoziation zum Webseminar f\u00fcr Ergotherapie + Physiotherapie in der Rehabilitation von Schlaganfall + Apoplex + Kognitiven Einschr\u00e4nkungen in Klinik + Praxis\" title=\"Sie sehen viele Kabelverbindungen , die in ein Steckerbord gesteckt sind, als Assoziation zum Webseminar f\u00fcr Ergotherapie + Physiotherapie in der Rehabilitation von Schlaganfall + Apoplex + Kognitiven Einschr\u00e4nkungen in Klinik + Praxis\" srcset=\"https:\/\/www.ergowebinar.de\/intern\/parsed_images\/3da44787-401f-4eb9-9810-00831b261676.jpg 475w, https:\/\/www.ergowebinar.de\/intern\/parsed_images\/3da44787-401f-4eb9-9810-00831b261676.jpg 275w\" sizes=\"(max-width: 475px) 100vw, 475px\" itemprop=\"image\" \/>\r\n\t\t\t\t\t\t\t\t\t\t<h6>Kognition \u2013 die Aufmerksamkeit st\u00e4rken [2FP]<\/h6>\r\n\t\t\t\t\t\t\t\t\t\t\t\t\t\t\t\t\t\t\t\t\t<p class=\"calendarline\"><img decoding=\"async\" class=\"calendar_icon\" src=\"https:\/\/www.ergowebinar.de\/intern\/images\/calendar.png\">21.09.2026 18:00 - 19:00<\/p>\t\r\n\t\t\t\t\t\t\t\t\t\t\t\t\t\t\t\t\t\t\t\t\t<p class=\"liquid_vc_single_text\">Die geteilte oder gerichtete Aufmerksamkeit ist nicht nur eine Basisleistung f&uuml;r effektives Handeln, sondern auch eine Grundlage f&uuml;r viele weitere kognitive Leistungen wie beispielsweise Ged&auml;chtnis. ...<\/p>\r\n\t\t\t\t\t\t\t\t\t\t\t\t\t\t\t\t\t\t\t\t\t<p class=\"sempreis\">49 \u20ac<\/p>\r\n\t\t\t\t\t\t\t\t\t\t\t\t\t\t\t\t\t\t\t\t\t\t\t<p class=\"semmwst\"><\/p>\r\n\t\t\t\t\t\t\t\t\t\t\t\t\t\t\t\t\t\t\t\t\t\t\t\r\n\t\t\t\t\t\t\t\t\t<\/a>\r\n\t\t\t\t\t\t\t\t\t\r\n\t\t\t\t\t\t\t\t<\/figure>\r\n\t\t\t\t\t\t\t\t\r\n\t\t\t\t\t\t\t<\/div>\r\n\t\t\t\t\t\t\t\t\t\t\t\t\t\t\r\n\t\t\t\t\t\t<\/div>\r\n\t\t\t\t\t<\/div>\r\n\t\t\t\t<\/div>\r\n\t\t\t\t\t\t\t\t<div class=\"wpb_column vc_column_container vc_col-sm-2\">\r\n\t\t\t\t\t<div class=\"vc_column-inner \" >\r\n\t\t\t\t\t\t<div class=\"wpb_wrapper\" >\r\n\t\t\t\t\t\t\t<div class=\"wpb_single_image wpb_content_element vc_align_ liquid_vc_single_image\">\r\n\t\t\t\t\t\t\t\t\t\t\t\t\t\t\t\t\t<div class=\"sem_overlay\" ><a href=\"#70ebe590-c9d7-4953-8525-90c31ab57106\" class=\"btn btn-solid btn-xsm round border-thin btn-has-label nichtdabutton\">8 Tage nach Ablauf des<br>Vorg\u00e4ngers buchbar<\/a><\/div>\r\n\t\t\t\t\t\t\t\t\t\t\t\t\t\t\t\t\t<figure class=\"wpb_wrapper vc_figure\">\r\n\t\t\t\t\t\t\t\t\t<a href=\"online.therapie.ergowebinar.de\/de\/e\/Fatigue-Denken-und-Planung-reorganisieren-2FP-292?\r\n\t\t\t\t\t\t\t\t\t\" title=\"Sie sehen zwei H\u00e4nde, die eine Toastscheibe \u00fcber einem Sandwich halten, als Assoziation zum Webseminar Fatigue - Denkplanung + Konzentration\r\n f\u00fcr Ergotherapie + Physiotherapie in der Rehabilitation von Long+Post Covid oder Schmerzen in Klinik + Praxis\" target=\"_blank\">\r\n\t\t\t\t\t\t\t\t\t\t<img decoding=\"async\" width=\"475\" src=\"https:\/\/www.ergowebinar.de\/intern\/parsed_images\/73923b4e-ca71-4b8e-9e0c-2f54ca00678cfdfsfsaf.jpg\" class=\"vc_single_image-img attachment-full\" alt=\"Sie sehen zwei H\u00e4nde, die eine Toastscheibe \u00fcber einem Sandwich halten, als Assoziation zum Webseminar Fatigue - Denkplanung + Konzentration\r\n f\u00fcr Ergotherapie + Physiotherapie in der Rehabilitation von Long+Post Covid oder Schmerzen in Klinik + Praxis\" title=\"Sie sehen zwei H\u00e4nde, die eine Toastscheibe \u00fcber einem Sandwich halten, als Assoziation zum Webseminar Fatigue - Denkplanung + Konzentration\r\n f\u00fcr Ergotherapie + Physiotherapie in der Rehabilitation von Long+Post Covid oder Schmerzen in Klinik + Praxis\" srcset=\"https:\/\/www.ergowebinar.de\/intern\/parsed_images\/73923b4e-ca71-4b8e-9e0c-2f54ca00678cfdfsfsaf.jpg 475w, https:\/\/www.ergowebinar.de\/intern\/parsed_images\/73923b4e-ca71-4b8e-9e0c-2f54ca00678cfdfsfsaf.jpg 275w\" sizes=\"(max-width: 475px) 100vw, 475px\" itemprop=\"image\" \/>\r\n\t\t\t\t\t\t\t\t\t\t<h6>Fatigue - Denken und Planung reorganisieren [2FP]<\/h6>\r\n\t\t\t\t\t\t\t\t\t\t\t\t\t\t\t\t\t\t\t\t\t<p class=\"calendarline\"><img decoding=\"async\" class=\"calendar_icon\" src=\"https:\/\/www.ergowebinar.de\/intern\/images\/calendar.png\">21.09.2026 18:30 - 19:30<\/p>\t\r\n\t\t\t\t\t\t\t\t\t\t\t\t\t\t\t\t\t\t\t\t\t<p class=\"liquid_vc_single_text\">\r\nDer Denk- und Planungsanteil in Aktivit&auml;ten stellt viele Menschen mit Fatigue vor gro&szlig;e Herausforderungen. Durch eine angepasste oder optimierte Vorgehensweise bei gewohnten Aktivit&auml;ten ...<\/p>\r\n\t\t\t\t\t\t\t\t\t\t\t\t\t\t\t\t\t\t\t\t\t<p class=\"sempreis\">49 \u20ac<\/p>\r\n\t\t\t\t\t\t\t\t\t\t\t\t\t\t\t\t\t\t\t\t\t\t\t<p class=\"semmwst\"><\/p>\r\n\t\t\t\t\t\t\t\t\t\t\t\t\t\t\t\t\t\t\t\t\t\t\t\r\n\t\t\t\t\t\t\t\t\t<\/a>\r\n\t\t\t\t\t\t\t\t\t\r\n\t\t\t\t\t\t\t\t<\/figure>\r\n\t\t\t\t\t\t\t\t\r\n\t\t\t\t\t\t\t<\/div>\r\n\t\t\t\t\t\t\t\t\t\t\t\t\t\t\r\n\t\t\t\t\t\t<\/div>\r\n\t\t\t\t\t<\/div>\r\n\t\t\t\t<\/div>\r\n\t\t\t\t\t\t\t\t<div class=\"wpb_column vc_column_container vc_col-sm-2\">\r\n\t\t\t\t\t<div class=\"vc_column-inner \" >\r\n\t\t\t\t\t\t<div class=\"wpb_wrapper\" >\r\n\t\t\t\t\t\t\t<div class=\"wpb_single_image wpb_content_element vc_align_ liquid_vc_single_image\">\r\n\t\t\t\t\t\t\t\t\t\t\t\t\t\t\t\t\t<div class=\"sem_overlay\" ><a href=\"https:\/\/online.therapie.ergowebinar.de\/de\/e\/Long-Covid-Kognitive-Probleme-bei-taeglichen-Aktivitaeten-2-FP-165?\r\n\t\t\t\t\t\t\t\t\t\" class=\"btn btn-solid btn-xsm round border-thin btn-has-label jetztstartenbutton\">klicken f\u00fcr Details<\/a><\/div>\r\n\t\t\t\t\t\t\t\t\t\t\t\t\t\t\t\t\t<figure class=\"wpb_wrapper vc_figure\">\r\n\t\t\t\t\t\t\t\t\t<a href=\"online.therapie.ergowebinar.de\/de\/e\/Long-Covid-Kognitive-Probleme-bei-taeglichen-Aktivitaeten-2-FP-165?\r\n\t\t\t\t\t\t\t\t\t\" title=\"Sie sehen einen Mann auf dem Bettrand sitzend mit seinem Kopf m\u00fcde auf die Hand gest\u00fctzter Geste  als Assoziation zum Webseminar f\u00fcr Ergotherapie + Physiotherapie in der Rehabilitation von Long + Post Covid in Klinik + Praxis\" target=\"_blank\">\r\n\t\t\t\t\t\t\t\t\t\t<img decoding=\"async\" width=\"475\" src=\"https:\/\/www.ergowebinar.de\/intern\/parsed_images\/c706697a-e049-4b2e-b7e1-5210b12c5cc6.jpg\" class=\"vc_single_image-img attachment-full\" alt=\"Sie sehen einen Mann auf dem Bettrand sitzend mit seinem Kopf m\u00fcde auf die Hand gest\u00fctzter Geste  als Assoziation zum Webseminar f\u00fcr Ergotherapie + Physiotherapie in der Rehabilitation von Long + Post Covid in Klinik + Praxis\" title=\"Sie sehen einen Mann auf dem Bettrand sitzend mit seinem Kopf m\u00fcde auf die Hand gest\u00fctzter Geste  als Assoziation zum Webseminar f\u00fcr Ergotherapie + Physiotherapie in der Rehabilitation von Long + Post Covid in Klinik + Praxis\" srcset=\"https:\/\/www.ergowebinar.de\/intern\/parsed_images\/c706697a-e049-4b2e-b7e1-5210b12c5cc6.jpg 475w, https:\/\/www.ergowebinar.de\/intern\/parsed_images\/c706697a-e049-4b2e-b7e1-5210b12c5cc6.jpg 275w\" sizes=\"(max-width: 475px) 100vw, 475px\" itemprop=\"image\" \/>\r\n\t\t\t\t\t\t\t\t\t\t<h6>Long Covid \u2013 Kognitive Probleme bei t\u00e4glichen Aktivit\u00e4ten [2 FP]<\/h6>\r\n\t\t\t\t\t\t\t\t\t\t\t\t\t\t\t\t\t\t\t\t\t<p class=\"calendarline\"><img decoding=\"async\" class=\"calendar_icon\" src=\"https:\/\/www.ergowebinar.de\/intern\/images\/calendar.png\">23.09.2026 20:00 - 21:00<\/p>\t\r\n\t\t\t\t\t\t\t\t\t\t\t\t\t\t\t\t\t\t\t\t\t<p class=\"liquid_vc_single_text\">Aufmerksamkeitsdefizit, Ged&auml;chtnisprobleme und Schwierigkeiten in der Wahrnehmung beeinflussen die Lebensqualit&auml;t und das t&auml;gliche Handeln. In diesem Themenblock geht es um die zwei spezifischen ...<\/p>\r\n\t\t\t\t\t\t\t\t\t\t\t\t\t\t\t\t\t\t\t\t\t<p class=\"sempreis\">49 \u20ac<\/p>\r\n\t\t\t\t\t\t\t\t\t\t\t\t\t\t\t\t\t\t\t\t\t\t\t<p class=\"semmwst\"><\/p>\r\n\t\t\t\t\t\t\t\t\t\t\t\t\t\t\t\t\t\t\t\t\t\t\t\r\n\t\t\t\t\t\t\t\t\t<\/a>\r\n\t\t\t\t\t\t\t\t\t\r\n\t\t\t\t\t\t\t\t<\/figure>\r\n\t\t\t\t\t\t\t\t\r\n\t\t\t\t\t\t\t<\/div>\r\n\t\t\t\t\t\t\t\t\t\t\t\t\t\t\r\n\t\t\t\t\t\t<\/div>\r\n\t\t\t\t\t<\/div>\r\n\t\t\t\t<\/div>\r\n\t\t\t\t\t\t\t\t<div class=\"wpb_column vc_column_container vc_col-sm-2\">\r\n\t\t\t\t\t<div class=\"vc_column-inner \" >\r\n\t\t\t\t\t\t<div class=\"wpb_wrapper\" >\r\n\t\t\t\t\t\t\t<div class=\"wpb_single_image wpb_content_element vc_align_ liquid_vc_single_image\">\r\n\t\t\t\t\t\t\t\t\t\t\t\t\t\t\t\t\t<div class=\"sem_overlay\" ><a href=\"https:\/\/online.therapie.ergowebinar.de\/de\/e\/Fatigue-Erfolgreiches-Pausenmanagement-implementieren-2FP-150?\r\n\t\t\t\t\t\t\t\t\t\" class=\"btn btn-solid btn-xsm round border-thin btn-has-label jetztstartenbutton\">klicken f\u00fcr Details<\/a><\/div>\r\n\t\t\t\t\t\t\t\t\t\t\t\t\t\t\t\t\t<figure class=\"wpb_wrapper vc_figure\">\r\n\t\t\t\t\t\t\t\t\t<a href=\"online.therapie.ergowebinar.de\/de\/e\/Fatigue-Erfolgreiches-Pausenmanagement-implementieren-2FP-150?\r\n\t\t\t\t\t\t\t\t\t\" title=\"Sie sehen eine Person ausgestreckt auf einer Wiese liegen als Assoziation zum Webseminar \u00fcber Pausenmanagement in der Ergotherapie + Physiotherapie in der Rehabilitation von Schlaganfall + Neuroreha + Post+ LongCovid + Schmerreha in Klinik + Praxis\" target=\"_blank\">\r\n\t\t\t\t\t\t\t\t\t\t<img decoding=\"async\" width=\"475\" src=\"https:\/\/www.ergowebinar.de\/intern\/parsed_images\/05ef0b3a-5767-4f1c-9895-f48421d720d9.jpg\" class=\"vc_single_image-img attachment-full\" alt=\"Sie sehen eine Person ausgestreckt auf einer Wiese liegen als Assoziation zum Webseminar \u00fcber Pausenmanagement in der Ergotherapie + Physiotherapie in der Rehabilitation von Schlaganfall + Neuroreha + Post+ LongCovid + Schmerreha in Klinik + Praxis\" title=\"Sie sehen eine Person ausgestreckt auf einer Wiese liegen als Assoziation zum Webseminar \u00fcber Pausenmanagement in der Ergotherapie + Physiotherapie in der Rehabilitation von Schlaganfall + Neuroreha + Post+ LongCovid + Schmerreha in Klinik + Praxis\" srcset=\"https:\/\/www.ergowebinar.de\/intern\/parsed_images\/05ef0b3a-5767-4f1c-9895-f48421d720d9.jpg 475w, https:\/\/www.ergowebinar.de\/intern\/parsed_images\/05ef0b3a-5767-4f1c-9895-f48421d720d9.jpg 275w\" sizes=\"(max-width: 475px) 100vw, 475px\" itemprop=\"image\" \/>\r\n\t\t\t\t\t\t\t\t\t\t<h6>Fatigue \u2013 Erfolgreiches Pausenmanagement implementieren [2FP]<\/h6>\r\n\t\t\t\t\t\t\t\t\t\t\t\t\t\t\t\t\t\t\t\t\t<p class=\"calendarline\"><img decoding=\"async\" class=\"calendar_icon\" src=\"https:\/\/www.ergowebinar.de\/intern\/images\/calendar.png\">28.09.2026 18:30 - 19:30<\/p>\t\r\n\t\t\t\t\t\t\t\t\t\t\t\t\t\t\t\t\t\t\t\t\t<p class=\"liquid_vc_single_text\">Der gezielte Einsatz von Pausen ist ein wichtiges \"Werkzeug\" f&uuml;r Menschen, die chronisch von dem Symptom Fatigue betroffen sind. Strategien &nbsp;werden in der Ergotherapie gemeinsam &nbsp;mit dem ...<\/p>\r\n\t\t\t\t\t\t\t\t\t\t\t\t\t\t\t\t\t\t\t\t\t<p class=\"sempreis\">49 \u20ac<\/p>\r\n\t\t\t\t\t\t\t\t\t\t\t\t\t\t\t\t\t\t\t\t\t\t\t<p class=\"semmwst\"><\/p>\r\n\t\t\t\t\t\t\t\t\t\t\t\t\t\t\t\t\t\t\t\t\t\t\t\r\n\t\t\t\t\t\t\t\t\t<\/a>\r\n\t\t\t\t\t\t\t\t\t\r\n\t\t\t\t\t\t\t\t<\/figure>\r\n\t\t\t\t\t\t\t\t\r\n\t\t\t\t\t\t\t<\/div>\r\n\t\t\t\t\t\t\t\t\t\t\t\t\t\t\r\n\t\t\t\t\t\t<\/div>\r\n\t\t\t\t\t<\/div>\r\n\t\t\t\t<\/div>\r\n\t\t\t\t\t\t\t\t<div class=\"wpb_column vc_column_container vc_col-sm-2\">\r\n\t\t\t\t\t<div class=\"vc_column-inner \" >\r\n\t\t\t\t\t\t<div class=\"wpb_wrapper\" >\r\n\t\t\t\t\t\t\t<div class=\"wpb_single_image wpb_content_element vc_align_ liquid_vc_single_image\">\r\n\t\t\t\t\t\t\t\t\t\t\t\t\t\t\t\t\t<div class=\"sem_overlay\" ><a href=\"https:\/\/online.therapie.ergowebinar.de\/de\/e\/Resilienz-und-Kohaerenz-in-der-ET-2FP-304?\r\n\t\t\t\t\t\t\t\t\t\" class=\"btn btn-solid btn-xsm round border-thin btn-has-label jetztstartenbutton\">klicken f\u00fcr Details<\/a><\/div>\r\n\t\t\t\t\t\t\t\t\t\t\t\t\t\t\t\t\t<figure class=\"wpb_wrapper vc_figure\">\r\n\t\t\t\t\t\t\t\t\t<a href=\"online.therapie.ergowebinar.de\/de\/e\/Resilienz-und-Kohaerenz-in-der-ET-2FP-304?\r\n\t\t\t\t\t\t\t\t\t\" title=\"Sie sehen eine Frau laut in ein Megafon rufen, als Assoziation zum Webseminar zum Erlernen innerer Widerstandskraft f\u00fcr Ergotherapie + Physiotherapie in der Fatigue,Long + PostCovid, Psychosomatik in Klinik + Praxis\" target=\"_blank\">\r\n\t\t\t\t\t\t\t\t\t\t<img decoding=\"async\" width=\"475\" src=\"https:\/\/www.ergowebinar.de\/intern\/parsed_images\/0a2f1d7c-dce6-401b-ad62-45db60a24eb7.jpg\" class=\"vc_single_image-img attachment-full\" alt=\"Sie sehen eine Frau laut in ein Megafon rufen, als Assoziation zum Webseminar zum Erlernen innerer Widerstandskraft f\u00fcr Ergotherapie + Physiotherapie in der Fatigue,Long + PostCovid, Psychosomatik in Klinik + Praxis\" title=\"Sie sehen eine Frau laut in ein Megafon rufen, als Assoziation zum Webseminar zum Erlernen innerer Widerstandskraft f\u00fcr Ergotherapie + Physiotherapie in der Fatigue,Long + PostCovid, Psychosomatik in Klinik + Praxis\" srcset=\"https:\/\/www.ergowebinar.de\/intern\/parsed_images\/0a2f1d7c-dce6-401b-ad62-45db60a24eb7.jpg 475w, https:\/\/www.ergowebinar.de\/intern\/parsed_images\/0a2f1d7c-dce6-401b-ad62-45db60a24eb7.jpg 275w\" sizes=\"(max-width: 475px) 100vw, 475px\" itemprop=\"image\" \/>\r\n\t\t\t\t\t\t\t\t\t\t<h6>Resilienz und Koh\u00e4renz in der ET [2FP]<\/h6>\r\n\t\t\t\t\t\t\t\t\t\t\t\t\t\t\t\t\t\t\t\t\t<p class=\"calendarline\"><img decoding=\"async\" class=\"calendar_icon\" src=\"https:\/\/www.ergowebinar.de\/intern\/images\/calendar.png\">07.10.2026 18:30 - 19:30<\/p>\t\r\n\t\t\t\t\t\t\t\t\t\t\t\t\t\t\t\t\t\t\t\t\t<p class=\"liquid_vc_single_text\">\r\nInnere Widerstandskraft ist ein entscheidender Faktor f&uuml;r die psychische und physische Gesundheit. In neueren Studien wird die Bedeutung des Koh&auml;renzgef&uuml;hls f&uuml;r die Gesundheit best&auml;tigt. ...<\/p>\r\n\t\t\t\t\t\t\t\t\t\t\t\t\t\t\t\t\t\t\t\t\t<p class=\"sempreis\">49 \u20ac<\/p>\r\n\t\t\t\t\t\t\t\t\t\t\t\t\t\t\t\t\t\t\t\t\t\t\t<p class=\"semmwst\"><\/p>\r\n\t\t\t\t\t\t\t\t\t\t\t\t\t\t\t\t\t\t\t\t\t\t\t\r\n\t\t\t\t\t\t\t\t\t<\/a>\r\n\t\t\t\t\t\t\t\t\t\r\n\t\t\t\t\t\t\t\t<\/figure>\r\n\t\t\t\t\t\t\t\t\r\n\t\t\t\t\t\t\t<\/div>\r\n\t\t\t\t\t\t\t\t\t\t\t\t\t\t\r\n\t\t\t\t\t\t<\/div>\r\n\t\t\t\t\t<\/div>\r\n\t\t\t\t<\/div>\r\n\t\t\t\t\t\t\t\t<div class=\"wpb_column vc_column_container vc_col-sm-2\">\r\n\t\t\t\t\t<div class=\"vc_column-inner \" >\r\n\t\t\t\t\t\t<div class=\"wpb_wrapper\" >\r\n\t\t\t\t\t\t\t<div class=\"wpb_single_image wpb_content_element vc_align_ liquid_vc_single_image\">\r\n\t\t\t\t\t\t\t\t\t\t\t\t\t\t\t\t\t<div class=\"sem_overlay\" ><a href=\"https:\/\/online.therapie.ergowebinar.de\/de\/e\/Mini-Habits-fuer-mehr-Resilienz-2FP-305?\r\n\t\t\t\t\t\t\t\t\t\" class=\"btn btn-solid btn-xsm round border-thin btn-has-label jetztstartenbutton\">klicken f\u00fcr Details<\/a><\/div>\r\n\t\t\t\t\t\t\t\t\t\t\t\t\t\t\t\t\t<figure class=\"wpb_wrapper vc_figure\">\r\n\t\t\t\t\t\t\t\t\t<a href=\"online.therapie.ergowebinar.de\/de\/e\/Mini-Habits-fuer-mehr-Resilienz-2FP-305?\r\n\t\t\t\t\t\t\t\t\t\" title=\"Sie sehen eine Minifigur, die mit einem Besen L\u00f6wenzahnsamen wegkehrt, als Assoziation zum Webseminar zum Erlernen von Mini-Habits f\u00fcr mehr Resilienz in Ergotherapie + Physiotherapie in der Fatigue, Long + PostCovid, Psychosomatik in Klinik + Praxis\" target=\"_blank\">\r\n\t\t\t\t\t\t\t\t\t\t<img decoding=\"async\" width=\"475\" src=\"https:\/\/www.ergowebinar.de\/intern\/parsed_images\/305.jpg\" class=\"vc_single_image-img attachment-full\" alt=\"Sie sehen eine Minifigur, die mit einem Besen L\u00f6wenzahnsamen wegkehrt, als Assoziation zum Webseminar zum Erlernen von Mini-Habits f\u00fcr mehr Resilienz in Ergotherapie + Physiotherapie in der Fatigue, Long + PostCovid, Psychosomatik in Klinik + Praxis\" title=\"Sie sehen eine Minifigur, die mit einem Besen L\u00f6wenzahnsamen wegkehrt, als Assoziation zum Webseminar zum Erlernen von Mini-Habits f\u00fcr mehr Resilienz in Ergotherapie + Physiotherapie in der Fatigue, Long + PostCovid, Psychosomatik in Klinik + Praxis\" srcset=\"https:\/\/www.ergowebinar.de\/intern\/parsed_images\/305.jpg 475w, https:\/\/www.ergowebinar.de\/intern\/parsed_images\/305.jpg 275w\" sizes=\"(max-width: 475px) 100vw, 475px\" itemprop=\"image\" \/>\r\n\t\t\t\t\t\t\t\t\t\t<h6>Mini-Habits f\u00fcr mehr Resilienz  [2FP]<\/h6>\r\n\t\t\t\t\t\t\t\t\t\t\t\t\t\t\t\t\t\t\t\t\t<p class=\"calendarline\"><img decoding=\"async\" class=\"calendar_icon\" src=\"https:\/\/www.ergowebinar.de\/intern\/images\/calendar.png\">07.10.2026 20:00 - 21:00<\/p>\t\r\n\t\t\t\t\t\t\t\t\t\t\t\t\t\t\t\t\t\t\t\t\t<p class=\"liquid_vc_single_text\">\r\n\r\nKurze Auszeitmomente im Job k&ouml;nnen die Resilienz und das Wohlbefinden nachhaltig st&auml;rken. Aktuelle Studien zeigen, dass kleine, regelm&auml;&szlig;ige Handlungen (Mini-Habits) zu gro&szlig;en ...<\/p>\r\n\t\t\t\t\t\t\t\t\t\t\t\t\t\t\t\t\t\t\t\t\t<p class=\"sempreis\">49 \u20ac<\/p>\r\n\t\t\t\t\t\t\t\t\t\t\t\t\t\t\t\t\t\t\t\t\t\t\t<p class=\"semmwst\"><\/p>\r\n\t\t\t\t\t\t\t\t\t\t\t\t\t\t\t\t\t\t\t\t\t\t\t\r\n\t\t\t\t\t\t\t\t\t<\/a>\r\n\t\t\t\t\t\t\t\t\t\r\n\t\t\t\t\t\t\t\t<\/figure>\r\n\t\t\t\t\t\t\t\t\r\n\t\t\t\t\t\t\t<\/div>\r\n\t\t\t\t\t\t\t\t\t\t\t\t\t\t\r\n\t\t\t\t\t\t<\/div>\r\n\t\t\t\t\t<\/div>\r\n\t\t\t\t<\/div>\r\n\t\t\t\t\t\t\t\t<div class=\"wpb_column vc_column_container vc_col-sm-2\">\r\n\t\t\t\t\t<div class=\"vc_column-inner \" >\r\n\t\t\t\t\t\t<div class=\"wpb_wrapper\" >\r\n\t\t\t\t\t\t\t<div class=\"wpb_single_image wpb_content_element vc_align_ liquid_vc_single_image\">\r\n\t\t\t\t\t\t\t\t\t\t\t\t\t\t\t\t\t<div class=\"sem_overlay\" ><a href=\"https:\/\/online.therapie.ergowebinar.de\/de\/e\/Fatigue-Tages-und-Wochenplaene-einsetzen-2FP-143?\r\n\t\t\t\t\t\t\t\t\t\" class=\"btn btn-solid btn-xsm round border-thin btn-has-label jetztstartenbutton\">klicken f\u00fcr Details<\/a><\/div>\r\n\t\t\t\t\t\t\t\t\t\t\t\t\t\t\t\t\t<figure class=\"wpb_wrapper vc_figure\">\r\n\t\t\t\t\t\t\t\t\t<a href=\"online.therapie.ergowebinar.de\/de\/e\/Fatigue-Tages-und-Wochenplaene-einsetzen-2FP-143?\r\n\t\t\t\t\t\t\t\t\t\" title=\"Sie sehen eine Person, die einen Eintrag in einen Monatsplan macht, als Symbol zum Webseminar \u00fcber Fatigue in der Ergotherapie + Physiotherapie in der Rehabilitation von Schlaganfall + Apoplex + Schmerzreha  + bei Long + Post Covid in Klinik + Praxis\" target=\"_blank\">\r\n\t\t\t\t\t\t\t\t\t\t<img decoding=\"async\" width=\"475\" src=\"https:\/\/www.ergowebinar.de\/intern\/parsed_images\/9bbf49a2-ec65-4bd9-955f-fce97f4c8697.jpg\" class=\"vc_single_image-img attachment-full\" alt=\"Sie sehen eine Person, die einen Eintrag in einen Monatsplan macht, als Symbol zum Webseminar \u00fcber Fatigue in der Ergotherapie + Physiotherapie in der Rehabilitation von Schlaganfall + Apoplex + Schmerzreha  + bei Long + Post Covid in Klinik + Praxis\" title=\"Sie sehen eine Person, die einen Eintrag in einen Monatsplan macht, als Symbol zum Webseminar \u00fcber Fatigue in der Ergotherapie + Physiotherapie in der Rehabilitation von Schlaganfall + Apoplex + Schmerzreha  + bei Long + Post Covid in Klinik + Praxis\" srcset=\"https:\/\/www.ergowebinar.de\/intern\/parsed_images\/9bbf49a2-ec65-4bd9-955f-fce97f4c8697.jpg 475w, https:\/\/www.ergowebinar.de\/intern\/parsed_images\/9bbf49a2-ec65-4bd9-955f-fce97f4c8697.jpg 275w\" sizes=\"(max-width: 475px) 100vw, 475px\" itemprop=\"image\" \/>\r\n\t\t\t\t\t\t\t\t\t\t<h6>Fatigue - Tages- und Wochenpl\u00e4ne einsetzen [2FP]<\/h6>\r\n\t\t\t\t\t\t\t\t\t\t\t\t\t\t\t\t\t\t\t\t\t<p class=\"calendarline\"><img decoding=\"async\" class=\"calendar_icon\" src=\"https:\/\/www.ergowebinar.de\/intern\/images\/calendar.png\">12.10.2026 18:30 - 19:30<\/p>\t\r\n\t\t\t\t\t\t\t\t\t\t\t\t\t\t\t\t\t\t\t\t\t<p class=\"liquid_vc_single_text\">Tages &ndash; und Wochenpl&auml;ne sind wichtige Strukturierungshilfen f&uuml;r Menschen, die chronisch von Fatigue betroffen sind. Mit dem Blick auf die Alltagstauglichkeit werden unterschiedliche Varianten ...<\/p>\r\n\t\t\t\t\t\t\t\t\t\t\t\t\t\t\t\t\t\t\t\t\t<p class=\"sempreis\">49 \u20ac<\/p>\r\n\t\t\t\t\t\t\t\t\t\t\t\t\t\t\t\t\t\t\t\t\t\t\t<p class=\"semmwst\"><\/p>\r\n\t\t\t\t\t\t\t\t\t\t\t\t\t\t\t\t\t\t\t\t\t\t\t\r\n\t\t\t\t\t\t\t\t\t<\/a>\r\n\t\t\t\t\t\t\t\t\t\r\n\t\t\t\t\t\t\t\t<\/figure>\r\n\t\t\t\t\t\t\t\t\r\n\t\t\t\t\t\t\t<\/div>\r\n\t\t\t\t\t\t\t\t\t\t\t\t\t\t\r\n\t\t\t\t\t\t<\/div>\r\n\t\t\t\t\t<\/div>\r\n\t\t\t\t<\/div>\r\n\t\t\t\t\t\t\t\t<div class=\"wpb_column vc_column_container vc_col-sm-2\">\r\n\t\t\t\t\t<div class=\"vc_column-inner \" >\r\n\t\t\t\t\t\t<div class=\"wpb_wrapper\" >\r\n\t\t\t\t\t\t\t<div class=\"wpb_single_image wpb_content_element vc_align_ liquid_vc_single_image\">\r\n\t\t\t\t\t\t\t\t\t\t\t\t\t\t\t\t\t<div class=\"sem_overlay\" ><a href=\"https:\/\/online.therapie.ergowebinar.de\/de\/e\/Post-Covid-mit-Belastungsintoleranzen-umgehen-PEM-Strategien-2FP-148?\r\n\t\t\t\t\t\t\t\t\t\" class=\"btn btn-solid btn-xsm round border-thin btn-has-label jetztstartenbutton\">klicken f\u00fcr Details<\/a><\/div>\r\n\t\t\t\t\t\t\t\t\t\t\t\t\t\t\t\t\t<figure class=\"wpb_wrapper vc_figure\">\r\n\t\t\t\t\t\t\t\t\t<a href=\"online.therapie.ergowebinar.de\/de\/e\/Post-Covid-mit-Belastungsintoleranzen-umgehen-PEM-Strategien-2FP-148?\r\n\t\t\t\t\t\t\t\t\t\" title=\"Sie sehen  die Gabelung eines Wanderweges als Assoziation zum Webseminar f\u00fcr Ergotherapie + Physiotherapie in der Rehabilitation von Post + Long Covid bei Fatigue + Schlaganfall + Apoplex in Klinik + Praxis\" target=\"_blank\">\r\n\t\t\t\t\t\t\t\t\t\t<img decoding=\"async\" width=\"475\" src=\"https:\/\/www.ergowebinar.de\/intern\/parsed_images\/30a889ab-861d-4b89-ae0d-258e4240b073.jpg\" class=\"vc_single_image-img attachment-full\" alt=\"Sie sehen  die Gabelung eines Wanderweges als Assoziation zum Webseminar f\u00fcr Ergotherapie + Physiotherapie in der Rehabilitation von Post + Long Covid bei Fatigue + Schlaganfall + Apoplex in Klinik + Praxis\" title=\"Sie sehen  die Gabelung eines Wanderweges als Assoziation zum Webseminar f\u00fcr Ergotherapie + Physiotherapie in der Rehabilitation von Post + Long Covid bei Fatigue + Schlaganfall + Apoplex in Klinik + Praxis\" srcset=\"https:\/\/www.ergowebinar.de\/intern\/parsed_images\/30a889ab-861d-4b89-ae0d-258e4240b073.jpg 475w, https:\/\/www.ergowebinar.de\/intern\/parsed_images\/30a889ab-861d-4b89-ae0d-258e4240b073.jpg 275w\" sizes=\"(max-width: 475px) 100vw, 475px\" itemprop=\"image\" \/>\r\n\t\t\t\t\t\t\t\t\t\t<h6>Post Covid - mit Belastungsintoleranzen umgehen-PEM Strategien [2FP]<\/h6>\r\n\t\t\t\t\t\t\t\t\t\t\t\t\t\t\t\t\t\t\t\t\t<p class=\"calendarline\"><img decoding=\"async\" class=\"calendar_icon\" src=\"https:\/\/www.ergowebinar.de\/intern\/images\/calendar.png\">15.10.2026 18:30 - 19:30<\/p>\t\r\n\t\t\t\t\t\t\t\t\t\t\t\t\t\t\t\t\t\t\t\t\t<p class=\"liquid_vc_single_text\">Im Zusammenhang mit Post Covid ist die Belastungsintoleranz eines der Kardinalsymptome. F&uuml;r den erfolgreichen Umgang mit dem Ph&auml;nomen - der auch PEM (Post exertionale Malaise) genannten Problematik ...<\/p>\r\n\t\t\t\t\t\t\t\t\t\t\t\t\t\t\t\t\t\t\t\t\t<p class=\"sempreis\">49 \u20ac<\/p>\r\n\t\t\t\t\t\t\t\t\t\t\t\t\t\t\t\t\t\t\t\t\t\t\t<p class=\"semmwst\"><\/p>\r\n\t\t\t\t\t\t\t\t\t\t\t\t\t\t\t\t\t\t\t\t\t\t\t\r\n\t\t\t\t\t\t\t\t\t<\/a>\r\n\t\t\t\t\t\t\t\t\t\r\n\t\t\t\t\t\t\t\t<\/figure>\r\n\t\t\t\t\t\t\t\t\r\n\t\t\t\t\t\t\t<\/div>\r\n\t\t\t\t\t\t\t\t\t\t\t\t\t\t\r\n\t\t\t\t\t\t<\/div>\r\n\t\t\t\t\t<\/div>\r\n\t\t\t\t<\/div>\r\n\t\t\t\t\t\t\t\t<div class=\"wpb_column vc_column_container vc_col-sm-2\">\r\n\t\t\t\t\t<div class=\"vc_column-inner \" >\r\n\t\t\t\t\t\t<div class=\"wpb_wrapper\" >\r\n\t\t\t\t\t\t\t<div class=\"wpb_single_image wpb_content_element vc_align_ liquid_vc_single_image\">\r\n\t\t\t\t\t\t\t\t\t\t\t\t\t\t\t\t\t<div class=\"sem_overlay\" ><a href=\"https:\/\/online.therapie.ergowebinar.de\/de\/e\/Fatigue-Basics-2FP-149?\r\n\t\t\t\t\t\t\t\t\t\" class=\"btn btn-solid btn-xsm round border-thin btn-has-label jetztstartenbutton\">klicken f\u00fcr Details<\/a><\/div>\r\n\t\t\t\t\t\t\t\t\t\t\t\t\t\t\t\t\t<figure class=\"wpb_wrapper vc_figure\">\r\n\t\t\t\t\t\t\t\t\t<a href=\"online.therapie.ergowebinar.de\/de\/e\/Fatigue-Basics-2FP-149?\r\n\t\t\t\t\t\t\t\t\t\" title=\"Sie sehen umgefallene Kartons mit einem liegenden Menschen dazwischen als Assoziation zum Webseminar f\u00fcr Ergotherapie + Physiotherapie in der Rehabilitation von Long + Post Covid oder Schmerzen oder von Schlaganfall + Apoplex in Klinik + Praxis\" target=\"_blank\">\r\n\t\t\t\t\t\t\t\t\t\t<img decoding=\"async\" width=\"475\" src=\"https:\/\/www.ergowebinar.de\/intern\/parsed_images\/73923b4e-ca71-4b8e-9e0c-2f54ca00678c.png\" class=\"vc_single_image-img attachment-full\" alt=\"Sie sehen umgefallene Kartons mit einem liegenden Menschen dazwischen als Assoziation zum Webseminar f\u00fcr Ergotherapie + Physiotherapie in der Rehabilitation von Long + Post Covid oder Schmerzen oder von Schlaganfall + Apoplex in Klinik + Praxis\" title=\"Sie sehen umgefallene Kartons mit einem liegenden Menschen dazwischen als Assoziation zum Webseminar f\u00fcr Ergotherapie + Physiotherapie in der Rehabilitation von Long + Post Covid oder Schmerzen oder von Schlaganfall + Apoplex in Klinik + Praxis\" srcset=\"https:\/\/www.ergowebinar.de\/intern\/parsed_images\/73923b4e-ca71-4b8e-9e0c-2f54ca00678c.png 475w, https:\/\/www.ergowebinar.de\/intern\/parsed_images\/73923b4e-ca71-4b8e-9e0c-2f54ca00678c.png 275w\" sizes=\"(max-width: 475px) 100vw, 475px\" itemprop=\"image\" \/>\r\n\t\t\t\t\t\t\t\t\t\t<h6>Fatigue \u2013 Basics [2FP]<\/h6>\r\n\t\t\t\t\t\t\t\t\t\t\t\t\t\t\t\t\t\t\t\t\t<p class=\"calendarline\"><img decoding=\"async\" class=\"calendar_icon\" src=\"https:\/\/www.ergowebinar.de\/intern\/images\/calendar.png\">26.10.2026 18:30 - 19:30<\/p>\t\r\n\t\t\t\t\t\t\t\t\t\t\t\t\t\t\t\t\t\t\t\t\t<p class=\"liquid_vc_single_text\">Fatigue ist ein Symptom bei bzw. nach diversen Erkrankungen, wie MS, COPD, Herz-, Infektions-, Krebs- oder Rheumaerkrankungen. Die negativen Konsequenzen dieser \"unverh&auml;ltnism&auml;ssigen Ersch&ouml;pfung\" ...<\/p>\r\n\t\t\t\t\t\t\t\t\t\t\t\t\t\t\t\t\t\t\t\t\t<p class=\"sempreis\">49 \u20ac<\/p>\r\n\t\t\t\t\t\t\t\t\t\t\t\t\t\t\t\t\t\t\t\t\t\t\t<p class=\"semmwst\"><\/p>\r\n\t\t\t\t\t\t\t\t\t\t\t\t\t\t\t\t\t\t\t\t\t\t\t\r\n\t\t\t\t\t\t\t\t\t<\/a>\r\n\t\t\t\t\t\t\t\t\t\r\n\t\t\t\t\t\t\t\t<\/figure>\r\n\t\t\t\t\t\t\t\t\r\n\t\t\t\t\t\t\t<\/div>\r\n\t\t\t\t\t\t\t\t\t\t\t\t\t\t\r\n\t\t\t\t\t\t<\/div>\r\n\t\t\t\t\t<\/div>\r\n\t\t\t\t<\/div>\r\n\t\t\t\t\t\t\t\t<div class=\"wpb_column vc_column_container vc_col-sm-2\">\r\n\t\t\t\t\t<div class=\"vc_column-inner \" >\r\n\t\t\t\t\t\t<div class=\"wpb_wrapper\" >\r\n\t\t\t\t\t\t\t<div class=\"wpb_single_image wpb_content_element vc_align_ liquid_vc_single_image\">\r\n\t\t\t\t\t\t\t\t\t\t\t\t\t\t\t\t\t<div class=\"sem_overlay\" ><a href=\"https:\/\/online.therapie.ergowebinar.de\/de\/e\/Yoga-zur-Stressreduktion-spuerbarer-Soforteffekt-2-FP-170?\r\n\t\t\t\t\t\t\t\t\t\" class=\"btn btn-solid btn-xsm round border-thin btn-has-label jetztstartenbutton\">klicken f\u00fcr Details<\/a><\/div>\r\n\t\t\t\t\t\t\t\t\t\t\t\t\t\t\t\t\t<figure class=\"wpb_wrapper vc_figure\">\r\n\t\t\t\t\t\t\t\t\t<a href=\"online.therapie.ergowebinar.de\/de\/e\/Yoga-zur-Stressreduktion-spuerbarer-Soforteffekt-2-FP-170?\r\n\t\t\t\t\t\t\t\t\t\" title=\"Sie sehen eine Klangschale, die gerade angeschlagen wird, als Assoziation zum Webseminar zur Stressreduktion durch yogainspirierte Aufgaben f\u00fcr Ergotherapie + Physiotherapie in der Fatigue,Long + PostCovid, Psychosomatik Klinik + Praxis\" target=\"_blank\">\r\n\t\t\t\t\t\t\t\t\t\t<img decoding=\"async\" width=\"475\" src=\"https:\/\/www.ergowebinar.de\/intern\/parsed_images\/0a2d1d7c-dce6-401b-ad62-45db60a24eb7.jpg\" class=\"vc_single_image-img attachment-full\" alt=\"Sie sehen eine Klangschale, die gerade angeschlagen wird, als Assoziation zum Webseminar zur Stressreduktion durch yogainspirierte Aufgaben f\u00fcr Ergotherapie + Physiotherapie in der Fatigue,Long + PostCovid, Psychosomatik Klinik + Praxis\" title=\"Sie sehen eine Klangschale, die gerade angeschlagen wird, als Assoziation zum Webseminar zur Stressreduktion durch yogainspirierte Aufgaben f\u00fcr Ergotherapie + Physiotherapie in der Fatigue,Long + PostCovid, Psychosomatik Klinik + Praxis\" srcset=\"https:\/\/www.ergowebinar.de\/intern\/parsed_images\/0a2d1d7c-dce6-401b-ad62-45db60a24eb7.jpg 475w, https:\/\/www.ergowebinar.de\/intern\/parsed_images\/0a2d1d7c-dce6-401b-ad62-45db60a24eb7.jpg 275w\" sizes=\"(max-width: 475px) 100vw, 475px\" itemprop=\"image\" \/>\r\n\t\t\t\t\t\t\t\t\t\t<h6>Yoga zur Stressreduktion - sp\u00fcrbarer Soforteffekt [2 FP]<\/h6>\r\n\t\t\t\t\t\t\t\t\t\t\t\t\t\t\t\t\t\t\t\t\t<p class=\"calendarline\"><img decoding=\"async\" class=\"calendar_icon\" src=\"https:\/\/www.ergowebinar.de\/intern\/images\/calendar.png\">28.10.2026 18:30 - 19:30<\/p>\t\r\n\t\t\t\t\t\t\t\t\t\t\t\t\t\t\t\t\t\t\t\t\t<p class=\"liquid_vc_single_text\">Leistungsdruck oder Stress f&uuml;hren oft zu Dauerspannungen oder Schmerzen bis hin zu erh&ouml;hter Anf&auml;lligkeit f&uuml;r Infekte. In diesem Themenblock lernen Sie die SARW- Technik kennen und wie ...<\/p>\r\n\t\t\t\t\t\t\t\t\t\t\t\t\t\t\t\t\t\t\t\t\t<p class=\"sempreis\">49 \u20ac<\/p>\r\n\t\t\t\t\t\t\t\t\t\t\t\t\t\t\t\t\t\t\t\t\t\t\t<p class=\"semmwst\"><\/p>\r\n\t\t\t\t\t\t\t\t\t\t\t\t\t\t\t\t\t\t\t\t\t\t\t\r\n\t\t\t\t\t\t\t\t\t<\/a>\r\n\t\t\t\t\t\t\t\t\t\r\n\t\t\t\t\t\t\t\t<\/figure>\r\n\t\t\t\t\t\t\t\t\r\n\t\t\t\t\t\t\t<\/div>\r\n\t\t\t\t\t\t\t\t\t\t\t\t\t\t\r\n\t\t\t\t\t\t<\/div>\r\n\t\t\t\t\t<\/div>\r\n\t\t\t\t<\/div>\r\n\t\t\t\t\t\t\t\t<div class=\"wpb_column vc_column_container vc_col-sm-2\">\r\n\t\t\t\t\t<div class=\"vc_column-inner \" >\r\n\t\t\t\t\t\t<div class=\"wpb_wrapper\" >\r\n\t\t\t\t\t\t\t<div class=\"wpb_single_image wpb_content_element vc_align_ liquid_vc_single_image\">\r\n\t\t\t\t\t\t\t\t\t\t\t\t\t\t\t\t\t<div class=\"sem_overlay\" ><a href=\"https:\/\/online.therapie.ergowebinar.de\/de\/e\/Long-Covid-Psychoedukation-und-Angehoerigenschulung-2-FP-166?\r\n\t\t\t\t\t\t\t\t\t\" class=\"btn btn-solid btn-xsm round border-thin btn-has-label jetztstartenbutton\">klicken f\u00fcr Details<\/a><\/div>\r\n\t\t\t\t\t\t\t\t\t\t\t\t\t\t\t\t\t<figure class=\"wpb_wrapper vc_figure\">\r\n\t\t\t\t\t\t\t\t\t<a href=\"online.therapie.ergowebinar.de\/de\/e\/Long-Covid-Psychoedukation-und-Angehoerigenschulung-2-FP-166?\r\n\t\t\t\t\t\t\t\t\t\" title=\"Sie sehen eine j\u00fcngere und eine \u00e4ltere Frau in ein privates Gespr\u00e4ch beim Spazierengehen vertieft  als Assoziation zum Webseminar f\u00fcr Ergotherapie + Physiotherapie in der Rehabilitation von Long + Post Covid in Klinik + Praxis\" target=\"_blank\">\r\n\t\t\t\t\t\t\t\t\t\t<img decoding=\"async\" width=\"475\" src=\"https:\/\/www.ergowebinar.de\/intern\/parsed_images\/711d5cda-d9b9-42c3-bf19-3d8dfc4f9f38.jpg\" class=\"vc_single_image-img attachment-full\" alt=\"Sie sehen eine j\u00fcngere und eine \u00e4ltere Frau in ein privates Gespr\u00e4ch beim Spazierengehen vertieft  als Assoziation zum Webseminar f\u00fcr Ergotherapie + Physiotherapie in der Rehabilitation von Long + Post Covid in Klinik + Praxis\" title=\"Sie sehen eine j\u00fcngere und eine \u00e4ltere Frau in ein privates Gespr\u00e4ch beim Spazierengehen vertieft  als Assoziation zum Webseminar f\u00fcr Ergotherapie + Physiotherapie in der Rehabilitation von Long + Post Covid in Klinik + Praxis\" srcset=\"https:\/\/www.ergowebinar.de\/intern\/parsed_images\/711d5cda-d9b9-42c3-bf19-3d8dfc4f9f38.jpg 475w, https:\/\/www.ergowebinar.de\/intern\/parsed_images\/711d5cda-d9b9-42c3-bf19-3d8dfc4f9f38.jpg 275w\" sizes=\"(max-width: 475px) 100vw, 475px\" itemprop=\"image\" \/>\r\n\t\t\t\t\t\t\t\t\t\t<h6>Long Covid \u2013 Psychoedukation und Angeh\u00f6rigenschulung  [2 FP]<\/h6>\r\n\t\t\t\t\t\t\t\t\t\t\t\t\t\t\t\t\t\t\t\t\t<p class=\"calendarline\"><img decoding=\"async\" class=\"calendar_icon\" src=\"https:\/\/www.ergowebinar.de\/intern\/images\/calendar.png\">28.10.2026 20:00 - 21:00<\/p>\t\r\n\t\t\t\t\t\t\t\t\t\t\t\t\t\t\t\t\t\t\t\t\t<p class=\"liquid_vc_single_text\">Awareness und Akzeptanz von kognitiven Problemen k&ouml;nnen durch Psychoedukation auf Augenh&ouml;he bei Klienten und Angeh&ouml;rigen erzielt werden. In diesem Themenblock erf&auml;hrst Du die Einflussnahme ...<\/p>\r\n\t\t\t\t\t\t\t\t\t\t\t\t\t\t\t\t\t\t\t\t\t<p class=\"sempreis\">49 \u20ac<\/p>\r\n\t\t\t\t\t\t\t\t\t\t\t\t\t\t\t\t\t\t\t\t\t\t\t<p class=\"semmwst\"><\/p>\r\n\t\t\t\t\t\t\t\t\t\t\t\t\t\t\t\t\t\t\t\t\t\t\t\r\n\t\t\t\t\t\t\t\t\t<\/a>\r\n\t\t\t\t\t\t\t\t\t\r\n\t\t\t\t\t\t\t\t<\/figure>\r\n\t\t\t\t\t\t\t\t\r\n\t\t\t\t\t\t\t<\/div>\r\n\t\t\t\t\t\t\t\t\t\t\t\t\t\t\r\n\t\t\t\t\t\t<\/div>\r\n\t\t\t\t\t<\/div>\r\n\t\t\t\t<\/div>\r\n\t\t\t\t\t\t\t<\/div><\/div><\/div>\r\n\t\t\t\t\t<a name=\"seminarenachdatum\"><\/a>\r\n\t\t<a name=\"4637ce87-7921-4d0b-bda0-7eb8ab5-0020\"><\/a>\r\n\t\t<h2 class=\"ld-fh-element lqd-highlight-underline lqd-highlight-grow-left text-decoration-default h3 ldsemheadline\">Kognition<\/h2>\r\n\t\t\t\t\t<div class=\"vc_row vc_inner\">\r\n\t\t\t<div class=\"ld-container container-fluid\">\r\n\t\t\t<div class=\"row ld-row ld-row-inner\">\r\n\t\t\t\t\t\t\t<div class=\"wpb_column vc_column_container vc_col-sm-2\">\r\n\t\t\t\t\t<div class=\"vc_column-inner \" >\r\n\t\t\t\t\t\t<div class=\"wpb_wrapper\" >\r\n\t\t\t\t\t\t\t<div class=\"wpb_single_image wpb_content_element vc_align_ liquid_vc_single_image\">\r\n\t\t\t\t\t\t\t\t\t\t\t\t\t\t\t\t\t<div class=\"sem_overlay\" ><a href=\"https:\/\/online.therapie.ergowebinar.de\/de\/e\/Backward-Chaining-das-Lernprinzip-bei-schweren-kognitiven-Beeintraechtigungen-2-FP-223?\r\n\t\t\t\t\t\t\t\t\t\" class=\"btn btn-solid btn-xsm round border-thin btn-has-label jetztstartenbutton\">klicken f\u00fcr Details<\/a><\/div>\r\n\t\t\t\t\t\t\t\t\t\t\t\t\t\t\t\t\t<figure class=\"wpb_wrapper vc_figure\">\r\n\t\t\t\t\t\t\t\t\t<a href=\"online.therapie.ergowebinar.de\/de\/e\/Backward-Chaining-das-Lernprinzip-bei-schweren-kognitiven-Beeintraechtigungen-2-FP-223?\r\n\t\t\t\t\t\t\t\t\t\" title=\"Sie sehen im rechten Seitenspiegel eines Autos einen Teil der Karosse und einen Sonnenuntergang als Assoziation zum Webseminar f\u00fcr Ergotherapie + Physiotherapie in der Rehabilitation von Schlaganfall + Apoplex in Klinik + Praxis\" target=\"_blank\">\r\n\t\t\t\t\t\t\t\t\t\t<img decoding=\"async\" width=\"475\" src=\"https:\/\/www.ergowebinar.de\/intern\/parsed_images\/523eca67-312c-430b-98d6-b9aecbf0bba0.jpg\" class=\"vc_single_image-img attachment-full\" alt=\"Sie sehen im rechten Seitenspiegel eines Autos einen Teil der Karosse und einen Sonnenuntergang als Assoziation zum Webseminar f\u00fcr Ergotherapie + Physiotherapie in der Rehabilitation von Schlaganfall + Apoplex in Klinik + Praxis\" title=\"Sie sehen im rechten Seitenspiegel eines Autos einen Teil der Karosse und einen Sonnenuntergang als Assoziation zum Webseminar f\u00fcr Ergotherapie + Physiotherapie in der Rehabilitation von Schlaganfall + Apoplex in Klinik + Praxis\" srcset=\"https:\/\/www.ergowebinar.de\/intern\/parsed_images\/523eca67-312c-430b-98d6-b9aecbf0bba0.jpg 475w, https:\/\/www.ergowebinar.de\/intern\/parsed_images\/523eca67-312c-430b-98d6-b9aecbf0bba0.jpg 275w\" sizes=\"(max-width: 475px) 100vw, 475px\" itemprop=\"image\" \/>\r\n\t\t\t\t\t\t\t\t\t\t<h6>Backward Chaining \u2013 das Lernprinzip bei schweren kognitiven Beeintr\u00e4chtigungen [2 FP]<\/h6>\r\n\t\t\t\t\t\t\t\t\t\t\t\t\t\t\t\t\t\t\t\t\t<p class=\"calendarline\"><img decoding=\"async\" class=\"calendar_icon\" src=\"https:\/\/www.ergowebinar.de\/intern\/images\/calendar.png\">05.05.2026 20:00 - 21:00<\/p>\t\r\n\t\t\t\t\t\t\t\t\t\t\t\t\t\t\t\t\t\t\t\t\t<p class=\"liquid_vc_single_text\">Eine Alltagshandlung vom vollendeten Schluss her r&uuml;ckw&auml;rts zur Therapie einzusetzen, ist die einfachste Lerntechnik. Sie ist auch bei komplexen kognitiven Einschr&auml;nkungen und Demenz noch ...<\/p>\r\n\t\t\t\t\t\t\t\t\t\t\t\t\t\t\t\t\t\t\t\t\t<p class=\"sempreis\">49 \u20ac<\/p>\r\n\t\t\t\t\t\t\t\t\t\t\t\t\t\t\t\t\t\t\t\t\t\t\t<p class=\"semmwst\"><\/p>\r\n\t\t\t\t\t\t\t\t\t\t\t\t\t\t\t\t\t\t\t\t\t\t\t\r\n\t\t\t\t\t\t\t\t\t<\/a>\r\n\t\t\t\t\t\t\t\t\t\r\n\t\t\t\t\t\t\t\t<\/figure>\r\n\t\t\t\t\t\t\t\t\r\n\t\t\t\t\t\t\t<\/div>\r\n\t\t\t\t\t\t\t\t\t\t\t\t\t\t\r\n\t\t\t\t\t\t<\/div>\r\n\t\t\t\t\t<\/div>\r\n\t\t\t\t<\/div>\r\n\t\t\t\t\t\t\t\t<div class=\"wpb_column vc_column_container vc_col-sm-2\">\r\n\t\t\t\t\t<div class=\"vc_column-inner \" >\r\n\t\t\t\t\t\t<div class=\"wpb_wrapper\" >\r\n\t\t\t\t\t\t\t<div class=\"wpb_single_image wpb_content_element vc_align_ liquid_vc_single_image\">\r\n\t\t\t\t\t\t\t\t\t\t\t\t\t\t\t\t\t<div class=\"sem_overlay\" ><a href=\"https:\/\/online.therapie.ergowebinar.de\/de\/e\/Das-Rote-Mosaik-Therapiematerial-vorgestellt-2FP-335?\r\n\t\t\t\t\t\t\t\t\t\" class=\"btn btn-solid btn-xsm round border-thin btn-has-label jetztstartenbutton\">klicken f\u00fcr Details<\/a><\/div>\r\n\t\t\t\t\t\t\t\t\t\t\t\t\t\t\t\t\t<figure class=\"wpb_wrapper vc_figure\">\r\n\t\t\t\t\t\t\t\t\t<a href=\"online.therapie.ergowebinar.de\/de\/e\/Das-Rote-Mosaik-Therapiematerial-vorgestellt-2FP-335?\r\n\t\t\t\t\t\t\t\t\t\" title=\"Sie sehen mehrere Teile des Therapiematerials Rotes Mosaik von Verena Schweizer als Symbol zum Webseminar f\u00fcr Ergotherapie + Physiotherapie in der Reha bei kognitiven Einschr\u00e4nkungen bei Schlaganfall + \u00e4hnlichen Erkrankungen in Klinik + Praxis\" target=\"_blank\">\r\n\t\t\t\t\t\t\t\t\t\t<img decoding=\"async\" width=\"475\" src=\"https:\/\/www.ergowebinar.de\/intern\/parsed_images\/65ec580c-4640-44be-9558-ed0213b25460.jpg\" class=\"vc_single_image-img attachment-full\" alt=\"Sie sehen mehrere Teile des Therapiematerials Rotes Mosaik von Verena Schweizer als Symbol zum Webseminar f\u00fcr Ergotherapie + Physiotherapie in der Reha bei kognitiven Einschr\u00e4nkungen bei Schlaganfall + \u00e4hnlichen Erkrankungen in Klinik + Praxis\" title=\"Sie sehen mehrere Teile des Therapiematerials Rotes Mosaik von Verena Schweizer als Symbol zum Webseminar f\u00fcr Ergotherapie + Physiotherapie in der Reha bei kognitiven Einschr\u00e4nkungen bei Schlaganfall + \u00e4hnlichen Erkrankungen in Klinik + Praxis\" srcset=\"https:\/\/www.ergowebinar.de\/intern\/parsed_images\/65ec580c-4640-44be-9558-ed0213b25460.jpg 475w, https:\/\/www.ergowebinar.de\/intern\/parsed_images\/65ec580c-4640-44be-9558-ed0213b25460.jpg 275w\" sizes=\"(max-width: 475px) 100vw, 475px\" itemprop=\"image\" \/>\r\n\t\t\t\t\t\t\t\t\t\t<h6>Das Rote Mosaik - Therapiematerial vorgestellt [2FP]<\/h6>\r\n\t\t\t\t\t\t\t\t\t\t\t\t\t\t\t\t\t\t\t\t\t<p class=\"calendarline\"><img decoding=\"async\" class=\"calendar_icon\" src=\"https:\/\/www.ergowebinar.de\/intern\/images\/calendar.png\">11.05.2026 18:00 - 19:00<\/p>\t\r\n\t\t\t\t\t\t\t\t\t\t\t\t\t\t\t\t\t\t\t\t\t<p class=\"liquid_vc_single_text\">\r\nDas Neurotraining wurde f&uuml;r die therapeutische Arbeit im kognitiven Bereich f&uuml;r Erwachsene entwickelt. Heutzutage findet das Neurotraining in fast allen Fachbereichen wie auch in der P&auml;diatrie, ...<\/p>\r\n\t\t\t\t\t\t\t\t\t\t\t\t\t\t\t\t\t\t\t\t\t<p class=\"sempreis\">49 \u20ac<\/p>\r\n\t\t\t\t\t\t\t\t\t\t\t\t\t\t\t\t\t\t\t\t\t\t\t<p class=\"semmwst\"><\/p>\r\n\t\t\t\t\t\t\t\t\t\t\t\t\t\t\t\t\t\t\t\t\t\t\t\r\n\t\t\t\t\t\t\t\t\t<\/a>\r\n\t\t\t\t\t\t\t\t\t\r\n\t\t\t\t\t\t\t\t<\/figure>\r\n\t\t\t\t\t\t\t\t\r\n\t\t\t\t\t\t\t<\/div>\r\n\t\t\t\t\t\t\t\t\t\t\t\t\t\t\r\n\t\t\t\t\t\t<\/div>\r\n\t\t\t\t\t<\/div>\r\n\t\t\t\t<\/div>\r\n\t\t\t\t\t\t\t\t<div class=\"wpb_column vc_column_container vc_col-sm-2\">\r\n\t\t\t\t\t<div class=\"vc_column-inner \" >\r\n\t\t\t\t\t\t<div class=\"wpb_wrapper\" >\r\n\t\t\t\t\t\t\t<div class=\"wpb_single_image wpb_content_element vc_align_ liquid_vc_single_image\">\r\n\t\t\t\t\t\t\t\t\t\t\t\t\t\t\t\t\t<div class=\"sem_overlay\" ><a href=\"https:\/\/online.therapie.ergowebinar.de\/de\/e\/Kognition-Umstellfaehigkeit-verbessern-2FP-336?\r\n\t\t\t\t\t\t\t\t\t\" class=\"btn btn-solid btn-xsm round border-thin btn-has-label jetztstartenbutton\">klicken f\u00fcr Details<\/a><\/div>\r\n\t\t\t\t\t\t\t\t\t\t\t\t\t\t\t\t\t<figure class=\"wpb_wrapper vc_figure\">\r\n\t\t\t\t\t\t\t\t\t<a href=\"online.therapie.ergowebinar.de\/de\/e\/Kognition-Umstellfaehigkeit-verbessern-2FP-336?\r\n\t\t\t\t\t\t\t\t\t\" title=\"Sie sehen eine Gleisanlage mit vielen Weichen, als Assoziation zum Webseminar zur Umstellf\u00e4higkeit und Denkflexibilit\u00e4t f\u00fcr Ergotherapie + Physiotherapie in der Rehabilitation von Schlaganfall + Apoplex + Kognitiven Einschr\u00e4nkungen in Klinik + Praxis\" target=\"_blank\">\r\n\t\t\t\t\t\t\t\t\t\t<img decoding=\"async\" width=\"475\" src=\"https:\/\/www.ergowebinar.de\/intern\/parsed_images\/3da44887-401f-4eb9-9810-00831b261676.jpg\" class=\"vc_single_image-img attachment-full\" alt=\"Sie sehen eine Gleisanlage mit vielen Weichen, als Assoziation zum Webseminar zur Umstellf\u00e4higkeit und Denkflexibilit\u00e4t f\u00fcr Ergotherapie + Physiotherapie in der Rehabilitation von Schlaganfall + Apoplex + Kognitiven Einschr\u00e4nkungen in Klinik + Praxis\" title=\"Sie sehen eine Gleisanlage mit vielen Weichen, als Assoziation zum Webseminar zur Umstellf\u00e4higkeit und Denkflexibilit\u00e4t f\u00fcr Ergotherapie + Physiotherapie in der Rehabilitation von Schlaganfall + Apoplex + Kognitiven Einschr\u00e4nkungen in Klinik + Praxis\" srcset=\"https:\/\/www.ergowebinar.de\/intern\/parsed_images\/3da44887-401f-4eb9-9810-00831b261676.jpg 475w, https:\/\/www.ergowebinar.de\/intern\/parsed_images\/3da44887-401f-4eb9-9810-00831b261676.jpg 275w\" sizes=\"(max-width: 475px) 100vw, 475px\" itemprop=\"image\" \/>\r\n\t\t\t\t\t\t\t\t\t\t<h6>Kognition - Umstellf\u00e4higkeit verbessern [2FP]<\/h6>\r\n\t\t\t\t\t\t\t\t\t\t\t\t\t\t\t\t\t\t\t\t\t<p class=\"calendarline\"><img decoding=\"async\" class=\"calendar_icon\" src=\"https:\/\/www.ergowebinar.de\/intern\/images\/calendar.png\">29.06.2026 18:00 - 19:00<\/p>\t\r\n\t\t\t\t\t\t\t\t\t\t\t\t\t\t\t\t\t\t\t\t\t<p class=\"liquid_vc_single_text\">\r\nEin Kernsymptom des dysexekutiven Syndroms ist die mangelnde Umstellf&auml;higkeit. Klienten mit Sch&auml;digungen in diesem Bereich haben oftmals die F&auml;higkeit verloren, sich an neue Gegebenheiten ...<\/p>\r\n\t\t\t\t\t\t\t\t\t\t\t\t\t\t\t\t\t\t\t\t\t<p class=\"sempreis\">49 \u20ac<\/p>\r\n\t\t\t\t\t\t\t\t\t\t\t\t\t\t\t\t\t\t\t\t\t\t\t<p class=\"semmwst\"><\/p>\r\n\t\t\t\t\t\t\t\t\t\t\t\t\t\t\t\t\t\t\t\t\t\t\t\r\n\t\t\t\t\t\t\t\t\t<\/a>\r\n\t\t\t\t\t\t\t\t\t\r\n\t\t\t\t\t\t\t\t<\/figure>\r\n\t\t\t\t\t\t\t\t\r\n\t\t\t\t\t\t\t<\/div>\r\n\t\t\t\t\t\t\t\t\t\t\t\t\t\t\r\n\t\t\t\t\t\t<\/div>\r\n\t\t\t\t\t<\/div>\r\n\t\t\t\t<\/div>\r\n\t\t\t\t\t\t\t\t<div class=\"wpb_column vc_column_container vc_col-sm-2\">\r\n\t\t\t\t\t<div class=\"vc_column-inner \" >\r\n\t\t\t\t\t\t<div class=\"wpb_wrapper\" >\r\n\t\t\t\t\t\t\t<div class=\"wpb_single_image wpb_content_element vc_align_ liquid_vc_single_image\">\r\n\t\t\t\t\t\t\t\t\t\t\t\t\t\t\t\t\t<div class=\"sem_overlay\" ><a href=\"https:\/\/online.therapie.ergowebinar.de\/de\/e\/Kognition-Informationsverarbeitung-optimieren-2FP-301?\r\n\t\t\t\t\t\t\t\t\t\" class=\"btn btn-solid btn-xsm round border-thin btn-has-label jetztstartenbutton\">klicken f\u00fcr Details<\/a><\/div>\r\n\t\t\t\t\t\t\t\t\t\t\t\t\t\t\t\t\t<figure class=\"wpb_wrapper vc_figure\">\r\n\t\t\t\t\t\t\t\t\t<a href=\"online.therapie.ergowebinar.de\/de\/e\/Kognition-Informationsverarbeitung-optimieren-2FP-301?\r\n\t\t\t\t\t\t\t\t\t\" title=\"Sie sehen den Umriss eines Kopfes mit Hintergrundbeleuchtung und vernetzten Nervenzellen als Symbol zum Webseminar \u00fcber kognitive Therapie bei Informationsverarbeitungsdefiziten in der NeuroReha, SchmerzReha, Orthop\u00e4die, Geriatrie in Klinik + Praxis\" target=\"_blank\">\r\n\t\t\t\t\t\t\t\t\t\t<img decoding=\"async\" width=\"475\" src=\"https:\/\/www.ergowebinar.de\/intern\/parsed_images\/301.jpg\" class=\"vc_single_image-img attachment-full\" alt=\"Sie sehen den Umriss eines Kopfes mit Hintergrundbeleuchtung und vernetzten Nervenzellen als Symbol zum Webseminar \u00fcber kognitive Therapie bei Informationsverarbeitungsdefiziten in der NeuroReha, SchmerzReha, Orthop\u00e4die, Geriatrie in Klinik + Praxis\" title=\"Sie sehen den Umriss eines Kopfes mit Hintergrundbeleuchtung und vernetzten Nervenzellen als Symbol zum Webseminar \u00fcber kognitive Therapie bei Informationsverarbeitungsdefiziten in der NeuroReha, SchmerzReha, Orthop\u00e4die, Geriatrie in Klinik + Praxis\" srcset=\"https:\/\/www.ergowebinar.de\/intern\/parsed_images\/301.jpg 475w, https:\/\/www.ergowebinar.de\/intern\/parsed_images\/301.jpg 275w\" sizes=\"(max-width: 475px) 100vw, 475px\" itemprop=\"image\" \/>\r\n\t\t\t\t\t\t\t\t\t\t<h6>Kognition - Informationsverarbeitung optimieren [2FP]<\/h6>\r\n\t\t\t\t\t\t\t\t\t\t\t\t\t\t\t\t\t\t\t\t\t<p class=\"calendarline\"><img decoding=\"async\" class=\"calendar_icon\" src=\"https:\/\/www.ergowebinar.de\/intern\/images\/calendar.png\">08.07.2026 19:00 - 20:00<\/p>\t\r\n\t\t\t\t\t\t\t\t\t\t\t\t\t\t\t\t\t\t\t\t\t<p class=\"liquid_vc_single_text\">\r\nDie Informationsverarbeitungsgeschwindigkeit (IVG) ist eine zentrale kognitive F&auml;higkeit, die bestimmt, wie schnell unser Gehirn Informationen verarbeitet und darauf reagiert. Nach einem Schlaganfall, ...<\/p>\r\n\t\t\t\t\t\t\t\t\t\t\t\t\t\t\t\t\t\t\t\t\t<p class=\"sempreis\">49 \u20ac<\/p>\r\n\t\t\t\t\t\t\t\t\t\t\t\t\t\t\t\t\t\t\t\t\t\t\t<p class=\"semmwst\"><\/p>\r\n\t\t\t\t\t\t\t\t\t\t\t\t\t\t\t\t\t\t\t\t\t\t\t\r\n\t\t\t\t\t\t\t\t\t<\/a>\r\n\t\t\t\t\t\t\t\t\t\r\n\t\t\t\t\t\t\t\t<\/figure>\r\n\t\t\t\t\t\t\t\t\r\n\t\t\t\t\t\t\t<\/div>\r\n\t\t\t\t\t\t\t\t\t\t\t\t\t\t\r\n\t\t\t\t\t\t<\/div>\r\n\t\t\t\t\t<\/div>\r\n\t\t\t\t<\/div>\r\n\t\t\t\t\t\t\t\t<div class=\"wpb_column vc_column_container vc_col-sm-2\">\r\n\t\t\t\t\t<div class=\"vc_column-inner \" >\r\n\t\t\t\t\t\t<div class=\"wpb_wrapper\" >\r\n\t\t\t\t\t\t\t<div class=\"wpb_single_image wpb_content_element vc_align_ liquid_vc_single_image\">\r\n\t\t\t\t\t\t\t\t\t\t\t\t\t\t\t\t\t<div class=\"sem_overlay\" ><a href=\"https:\/\/online.therapie.ergowebinar.de\/de\/e\/Apraxietherapie-Basics-2-FP-194?\r\n\t\t\t\t\t\t\t\t\t\" class=\"btn btn-solid btn-xsm round border-thin btn-has-label jetztstartenbutton\">klicken f\u00fcr Details<\/a><\/div>\r\n\t\t\t\t\t\t\t\t\t\t\t\t\t\t\t\t\t<figure class=\"wpb_wrapper vc_figure\">\r\n\t\t\t\t\t\t\t\t\t<a href=\"online.therapie.ergowebinar.de\/de\/e\/Apraxietherapie-Basics-2-FP-194?\r\n\t\t\t\t\t\t\t\t\t\" title=\"Sie sehen eine Hand ein St\u00fcck Obst vom Tisch nehmen; dort liegen auch Kunststoffobstteile als Assoziation zum Webseminar f\u00fcr Ergotherapie + Physiotherapie in der Rehabilitation von Schlaganfall + Apoplex in Klinik + Praxis\" target=\"_blank\">\r\n\t\t\t\t\t\t\t\t\t\t<img decoding=\"async\" width=\"475\" src=\"https:\/\/www.ergowebinar.de\/intern\/parsed_images\/badabba6-3abd-490b-bb37-214881892437.jpg\" class=\"vc_single_image-img attachment-full\" alt=\"Sie sehen eine Hand ein St\u00fcck Obst vom Tisch nehmen; dort liegen auch Kunststoffobstteile als Assoziation zum Webseminar f\u00fcr Ergotherapie + Physiotherapie in der Rehabilitation von Schlaganfall + Apoplex in Klinik + Praxis\" title=\"Sie sehen eine Hand ein St\u00fcck Obst vom Tisch nehmen; dort liegen auch Kunststoffobstteile als Assoziation zum Webseminar f\u00fcr Ergotherapie + Physiotherapie in der Rehabilitation von Schlaganfall + Apoplex in Klinik + Praxis\" srcset=\"https:\/\/www.ergowebinar.de\/intern\/parsed_images\/badabba6-3abd-490b-bb37-214881892437.jpg 475w, https:\/\/www.ergowebinar.de\/intern\/parsed_images\/badabba6-3abd-490b-bb37-214881892437.jpg 275w\" sizes=\"(max-width: 475px) 100vw, 475px\" itemprop=\"image\" \/>\r\n\t\t\t\t\t\t\t\t\t\t<h6>Apraxietherapie Basics [2 FP]<\/h6>\r\n\t\t\t\t\t\t\t\t\t\t\t\t\t\t\t\t\t\t\t\t\t<p class=\"calendarline\"><img decoding=\"async\" class=\"calendar_icon\" src=\"https:\/\/www.ergowebinar.de\/intern\/images\/calendar.png\">28.07.2026 18:30 - 19:30<\/p>\t\r\n\t\t\t\t\t\t\t\t\t\t\t\t\t\t\t\t\t\t\t\t\t<p class=\"liquid_vc_single_text\">In der evidenzbasierten Apraxietherapie werden ausschlie&szlig;lich relevante alltagspraktische Aktivit&auml;ten mit dem Betroffenen ge&uuml;bt. Hierbei haben sich neben dem Backward Chaining als Vorgehensweise ...<\/p>\r\n\t\t\t\t\t\t\t\t\t\t\t\t\t\t\t\t\t\t\t\t\t<p class=\"sempreis\">49 \u20ac<\/p>\r\n\t\t\t\t\t\t\t\t\t\t\t\t\t\t\t\t\t\t\t\t\t\t\t<p class=\"semmwst\"><\/p>\r\n\t\t\t\t\t\t\t\t\t\t\t\t\t\t\t\t\t\t\t\t\t\t\t\r\n\t\t\t\t\t\t\t\t\t<\/a>\r\n\t\t\t\t\t\t\t\t\t\r\n\t\t\t\t\t\t\t\t<\/figure>\r\n\t\t\t\t\t\t\t\t\r\n\t\t\t\t\t\t\t<\/div>\r\n\t\t\t\t\t\t\t\t\t\t\t\t\t\t\r\n\t\t\t\t\t\t<\/div>\r\n\t\t\t\t\t<\/div>\r\n\t\t\t\t<\/div>\r\n\t\t\t\t\t\t\t\t<div class=\"wpb_column vc_column_container vc_col-sm-2\">\r\n\t\t\t\t\t<div class=\"vc_column-inner \" >\r\n\t\t\t\t\t\t<div class=\"wpb_wrapper\" >\r\n\t\t\t\t\t\t\t<div class=\"wpb_single_image wpb_content_element vc_align_ liquid_vc_single_image\">\r\n\t\t\t\t\t\t\t\t\t\t\t\t\t\t\t\t\t<div class=\"sem_overlay\" ><a href=\"https:\/\/online.therapie.ergowebinar.de\/de\/e\/Kognition-spielerisch-trainieren-2-FP-81?\r\n\t\t\t\t\t\t\t\t\t\" class=\"btn btn-solid btn-xsm round border-thin btn-has-label jetztstartenbutton\">klicken f\u00fcr Details<\/a><\/div>\r\n\t\t\t\t\t\t\t\t\t\t\t\t\t\t\t\t\t<figure class=\"wpb_wrapper vc_figure\">\r\n\t\t\t\t\t\t\t\t\t<a href=\"online.therapie.ergowebinar.de\/de\/e\/Kognition-spielerisch-trainieren-2-FP-81?\r\n\t\t\t\t\t\t\t\t\t\" title=\"Sie sehen ein Spielbrett mit W\u00fcrfeln und Spielsteinen als Assoziation zum Webseminar \u00fcber den Einsatz spielerischer Medien in der Ergotherapie + Physiotherapie in der NeuroReha, SchmerzReha, Orthop\u00e4die, Geriatrie in Klinik + Praxis\" target=\"_blank\">\r\n\t\t\t\t\t\t\t\t\t\t<img decoding=\"async\" width=\"475\" src=\"https:\/\/www.ergowebinar.de\/intern\/parsed_images\/22a6c32a-d14f-488c-9170-3c76c708b09c.jpg\" class=\"vc_single_image-img attachment-full\" alt=\"Sie sehen ein Spielbrett mit W\u00fcrfeln und Spielsteinen als Assoziation zum Webseminar \u00fcber den Einsatz spielerischer Medien in der Ergotherapie + Physiotherapie in der NeuroReha, SchmerzReha, Orthop\u00e4die, Geriatrie in Klinik + Praxis\" title=\"Sie sehen ein Spielbrett mit W\u00fcrfeln und Spielsteinen als Assoziation zum Webseminar \u00fcber den Einsatz spielerischer Medien in der Ergotherapie + Physiotherapie in der NeuroReha, SchmerzReha, Orthop\u00e4die, Geriatrie in Klinik + Praxis\" srcset=\"https:\/\/www.ergowebinar.de\/intern\/parsed_images\/22a6c32a-d14f-488c-9170-3c76c708b09c.jpg 475w, https:\/\/www.ergowebinar.de\/intern\/parsed_images\/22a6c32a-d14f-488c-9170-3c76c708b09c.jpg 275w\" sizes=\"(max-width: 475px) 100vw, 475px\" itemprop=\"image\" \/>\r\n\t\t\t\t\t\t\t\t\t\t<h6>Kognition spielerisch trainieren [2 FP]<\/h6>\r\n\t\t\t\t\t\t\t\t\t\t\t\t\t\t\t\t\t\t\t\t\t<p class=\"calendarline\"><img decoding=\"async\" class=\"calendar_icon\" src=\"https:\/\/www.ergowebinar.de\/intern\/images\/calendar.png\">19.08.2026 19:00 - 20:00<\/p>\t\r\n\t\t\t\t\t\t\t\t\t\t\t\t\t\t\t\t\t\t\t\t\t<p class=\"liquid_vc_single_text\">Gesellschaftsspiele k&ouml;nnen nach neurologischen Ereignissen wie Schlaganfall, Sch&auml;delhirntrauma, Tumor oder bei degenerativen Erkrankungen gezielt eingesetzt werden, um verschiedene Hirnfunktionen ...<\/p>\r\n\t\t\t\t\t\t\t\t\t\t\t\t\t\t\t\t\t\t\t\t\t<p class=\"sempreis\">49 \u20ac<\/p>\r\n\t\t\t\t\t\t\t\t\t\t\t\t\t\t\t\t\t\t\t\t\t\t\t<p class=\"semmwst\"><\/p>\r\n\t\t\t\t\t\t\t\t\t\t\t\t\t\t\t\t\t\t\t\t\t\t\t\r\n\t\t\t\t\t\t\t\t\t<\/a>\r\n\t\t\t\t\t\t\t\t\t\r\n\t\t\t\t\t\t\t\t<\/figure>\r\n\t\t\t\t\t\t\t\t\r\n\t\t\t\t\t\t\t<\/div>\r\n\t\t\t\t\t\t\t\t\t\t\t\t\t\t\r\n\t\t\t\t\t\t<\/div>\r\n\t\t\t\t\t<\/div>\r\n\t\t\t\t<\/div>\r\n\t\t\t\t\t\t\t\t<div class=\"wpb_column vc_column_container vc_col-sm-2\">\r\n\t\t\t\t\t<div class=\"vc_column-inner \" >\r\n\t\t\t\t\t\t<div class=\"wpb_wrapper\" >\r\n\t\t\t\t\t\t\t<div class=\"wpb_single_image wpb_content_element vc_align_ liquid_vc_single_image\">\r\n\t\t\t\t\t\t\t\t\t\t\t\t\t\t\t\t\t<div class=\"sem_overlay\" ><a href=\"https:\/\/online.therapie.ergowebinar.de\/de\/e\/Kognition-Denkflexibilitaet-foerdern-2FP-302?\r\n\t\t\t\t\t\t\t\t\t\" class=\"btn btn-solid btn-xsm round border-thin btn-has-label jetztstartenbutton\">klicken f\u00fcr Details<\/a><\/div>\r\n\t\t\t\t\t\t\t\t\t\t\t\t\t\t\t\t\t<figure class=\"wpb_wrapper vc_figure\">\r\n\t\t\t\t\t\t\t\t\t<a href=\"online.therapie.ergowebinar.de\/de\/e\/Kognition-Denkflexibilitaet-foerdern-2FP-302?\r\n\t\t\t\t\t\t\t\t\t\" title=\"Sie sehen ein Ortsausgangsschild einen ausgestrichenen Plan A mit darunterstehendem Plan B als Assoziation zum Webseminar \u00fcber Verbesserung der Denkflexibilit\u00e4t f\u00fcr Ergotherapeuten in der Reha von vielen Fachgebieten mit Erwachsenen in Klinik + Praxis\" target=\"_blank\">\r\n\t\t\t\t\t\t\t\t\t\t<img decoding=\"async\" width=\"475\" src=\"https:\/\/www.ergowebinar.de\/intern\/parsed_images\/66adce0c-59a4-4d4a-a0f4-6ec832cf859e.jpg\" class=\"vc_single_image-img attachment-full\" alt=\"Sie sehen ein Ortsausgangsschild einen ausgestrichenen Plan A mit darunterstehendem Plan B als Assoziation zum Webseminar \u00fcber Verbesserung der Denkflexibilit\u00e4t f\u00fcr Ergotherapeuten in der Reha von vielen Fachgebieten mit Erwachsenen in Klinik + Praxis\" title=\"Sie sehen ein Ortsausgangsschild einen ausgestrichenen Plan A mit darunterstehendem Plan B als Assoziation zum Webseminar \u00fcber Verbesserung der Denkflexibilit\u00e4t f\u00fcr Ergotherapeuten in der Reha von vielen Fachgebieten mit Erwachsenen in Klinik + Praxis\" srcset=\"https:\/\/www.ergowebinar.de\/intern\/parsed_images\/66adce0c-59a4-4d4a-a0f4-6ec832cf859e.jpg 475w, https:\/\/www.ergowebinar.de\/intern\/parsed_images\/66adce0c-59a4-4d4a-a0f4-6ec832cf859e.jpg 275w\" sizes=\"(max-width: 475px) 100vw, 475px\" itemprop=\"image\" \/>\r\n\t\t\t\t\t\t\t\t\t\t<h6>Kognition - Denkflexibilit\u00e4t f\u00f6rdern [2FP]<\/h6>\r\n\t\t\t\t\t\t\t\t\t\t\t\t\t\t\t\t\t\t\t\t\t<p class=\"calendarline\"><img decoding=\"async\" class=\"calendar_icon\" src=\"https:\/\/www.ergowebinar.de\/intern\/images\/calendar.png\">26.08.2026 19:00 - 20:00<\/p>\t\r\n\t\t\t\t\t\t\t\t\t\t\t\t\t\t\t\t\t\t\t\t\t<p class=\"liquid_vc_single_text\">\r\nDenkflexibilit&auml;t, auch als kognitive Flexibilit&auml;t oder Umstellf&auml;higkeit bekannt, ist eine herausragende intellektuelle F&auml;higkeit. Sie erm&ouml;glicht es, sich an unerwartete Situationen ...<\/p>\r\n\t\t\t\t\t\t\t\t\t\t\t\t\t\t\t\t\t\t\t\t\t<p class=\"sempreis\">49 \u20ac<\/p>\r\n\t\t\t\t\t\t\t\t\t\t\t\t\t\t\t\t\t\t\t\t\t\t\t<p class=\"semmwst\"><\/p>\r\n\t\t\t\t\t\t\t\t\t\t\t\t\t\t\t\t\t\t\t\t\t\t\t\r\n\t\t\t\t\t\t\t\t\t<\/a>\r\n\t\t\t\t\t\t\t\t\t\r\n\t\t\t\t\t\t\t\t<\/figure>\r\n\t\t\t\t\t\t\t\t\r\n\t\t\t\t\t\t\t<\/div>\r\n\t\t\t\t\t\t\t\t\t\t\t\t\t\t\r\n\t\t\t\t\t\t<\/div>\r\n\t\t\t\t\t<\/div>\r\n\t\t\t\t<\/div>\r\n\t\t\t\t\t\t\t\t<div class=\"wpb_column vc_column_container vc_col-sm-2\">\r\n\t\t\t\t\t<div class=\"vc_column-inner \" >\r\n\t\t\t\t\t\t<div class=\"wpb_wrapper\" >\r\n\t\t\t\t\t\t\t<div class=\"wpb_single_image wpb_content_element vc_align_ liquid_vc_single_image\">\r\n\t\t\t\t\t\t\t\t\t\t\t\t\t\t\t\t\t<div class=\"sem_overlay\" ><a href=\"https:\/\/online.therapie.ergowebinar.de\/de\/e\/Neglect-Therapie-1-Basics-2-FP-192?\r\n\t\t\t\t\t\t\t\t\t\" class=\"btn btn-solid btn-xsm round border-thin btn-has-label jetztstartenbutton\">klicken f\u00fcr Details<\/a><\/div>\r\n\t\t\t\t\t\t\t\t\t\t\t\t\t\t\t\t\t<figure class=\"wpb_wrapper vc_figure\">\r\n\t\t\t\t\t\t\t\t\t<a href=\"online.therapie.ergowebinar.de\/de\/e\/Neglect-Therapie-1-Basics-2-FP-192?\r\n\t\t\t\t\t\t\t\t\t\" title=\"Sie sehen eine Aufnahme eines halben Gesichtes; es wird von der anderen Gesichtsh\u00e4lfte durch die senkrechte Hand getrennt, als Assoziation zum Webinar f\u00fcr Ergotherapie + Physiotherapie in der Rehabilitation von Schlaganfall + Apoplex in Klinik + Praxis\" target=\"_blank\">\r\n\t\t\t\t\t\t\t\t\t\t<img decoding=\"async\" width=\"475\" src=\"https:\/\/www.ergowebinar.de\/intern\/parsed_images\/7d720b33-b500-4d23-85c2-402986542482.jpg\" class=\"vc_single_image-img attachment-full\" alt=\"Sie sehen eine Aufnahme eines halben Gesichtes; es wird von der anderen Gesichtsh\u00e4lfte durch die senkrechte Hand getrennt, als Assoziation zum Webinar f\u00fcr Ergotherapie + Physiotherapie in der Rehabilitation von Schlaganfall + Apoplex in Klinik + Praxis\" title=\"Sie sehen eine Aufnahme eines halben Gesichtes; es wird von der anderen Gesichtsh\u00e4lfte durch die senkrechte Hand getrennt, als Assoziation zum Webinar f\u00fcr Ergotherapie + Physiotherapie in der Rehabilitation von Schlaganfall + Apoplex in Klinik + Praxis\" srcset=\"https:\/\/www.ergowebinar.de\/intern\/parsed_images\/7d720b33-b500-4d23-85c2-402986542482.jpg 475w, https:\/\/www.ergowebinar.de\/intern\/parsed_images\/7d720b33-b500-4d23-85c2-402986542482.jpg 275w\" sizes=\"(max-width: 475px) 100vw, 475px\" itemprop=\"image\" \/>\r\n\t\t\t\t\t\t\t\t\t\t<h6>Neglect-Therapie 1 - Basics [2 FP]<\/h6>\r\n\t\t\t\t\t\t\t\t\t\t\t\t\t\t\t\t\t\t\t\t\t<p class=\"calendarline\"><img decoding=\"async\" class=\"calendar_icon\" src=\"https:\/\/www.ergowebinar.de\/intern\/images\/calendar.png\">15.09.2026 18:30 - 19:30<\/p>\t\r\n\t\t\t\t\t\t\t\t\t\t\t\t\t\t\t\t\t\t\t\t\t<p class=\"liquid_vc_single_text\">In der Phase \"keine Awareness\" stehen therapeutische Strategien im Rahmen von&nbsp;\r\nStimulationsbehandlung vor Beginn in einer durchzuf&uuml;hrenden Alltagssequenz im\r\nVordergrund. Die f&uuml;r die ergotherapeutische ...<\/p>\r\n\t\t\t\t\t\t\t\t\t\t\t\t\t\t\t\t\t\t\t\t\t<p class=\"sempreis\">49 \u20ac<\/p>\r\n\t\t\t\t\t\t\t\t\t\t\t\t\t\t\t\t\t\t\t\t\t\t\t<p class=\"semmwst\"><\/p>\r\n\t\t\t\t\t\t\t\t\t\t\t\t\t\t\t\t\t\t\t\t\t\t\t\r\n\t\t\t\t\t\t\t\t\t<\/a>\r\n\t\t\t\t\t\t\t\t\t\r\n\t\t\t\t\t\t\t\t<\/figure>\r\n\t\t\t\t\t\t\t\t\r\n\t\t\t\t\t\t\t<\/div>\r\n\t\t\t\t\t\t\t\t\t\t\t\t\t\t\r\n\t\t\t\t\t\t<\/div>\r\n\t\t\t\t\t<\/div>\r\n\t\t\t\t<\/div>\r\n\t\t\t\t\t\t\t\t<div class=\"wpb_column vc_column_container vc_col-sm-2\">\r\n\t\t\t\t\t<div class=\"vc_column-inner \" >\r\n\t\t\t\t\t\t<div class=\"wpb_wrapper\" >\r\n\t\t\t\t\t\t\t<div class=\"wpb_single_image wpb_content_element vc_align_ liquid_vc_single_image\">\r\n\t\t\t\t\t\t\t\t\t\t\t\t\t\t\t\t\t<div class=\"sem_overlay\" ><a href=\"https:\/\/online.therapie.ergowebinar.de\/de\/e\/Kognition-die-Aufmerksamkeit-staerken-2FP-75?\r\n\t\t\t\t\t\t\t\t\t\" class=\"btn btn-solid btn-xsm round border-thin btn-has-label jetztstartenbutton\">klicken f\u00fcr Details<\/a><\/div>\r\n\t\t\t\t\t\t\t\t\t\t\t\t\t\t\t\t\t<figure class=\"wpb_wrapper vc_figure\">\r\n\t\t\t\t\t\t\t\t\t<a href=\"online.therapie.ergowebinar.de\/de\/e\/Kognition-die-Aufmerksamkeit-staerken-2FP-75?\r\n\t\t\t\t\t\t\t\t\t\" title=\"Sie sehen viele Kabelverbindungen , die in ein Steckerbord gesteckt sind, als Assoziation zum Webseminar f\u00fcr Ergotherapie + Physiotherapie in der Rehabilitation von Schlaganfall + Apoplex + Kognitiven Einschr\u00e4nkungen in Klinik + Praxis\" target=\"_blank\">\r\n\t\t\t\t\t\t\t\t\t\t<img decoding=\"async\" width=\"475\" src=\"https:\/\/www.ergowebinar.de\/intern\/parsed_images\/3da44787-401f-4eb9-9810-00831b261676.jpg\" class=\"vc_single_image-img attachment-full\" alt=\"Sie sehen viele Kabelverbindungen , die in ein Steckerbord gesteckt sind, als Assoziation zum Webseminar f\u00fcr Ergotherapie + Physiotherapie in der Rehabilitation von Schlaganfall + Apoplex + Kognitiven Einschr\u00e4nkungen in Klinik + Praxis\" title=\"Sie sehen viele Kabelverbindungen , die in ein Steckerbord gesteckt sind, als Assoziation zum Webseminar f\u00fcr Ergotherapie + Physiotherapie in der Rehabilitation von Schlaganfall + Apoplex + Kognitiven Einschr\u00e4nkungen in Klinik + Praxis\" srcset=\"https:\/\/www.ergowebinar.de\/intern\/parsed_images\/3da44787-401f-4eb9-9810-00831b261676.jpg 475w, https:\/\/www.ergowebinar.de\/intern\/parsed_images\/3da44787-401f-4eb9-9810-00831b261676.jpg 275w\" sizes=\"(max-width: 475px) 100vw, 475px\" itemprop=\"image\" \/>\r\n\t\t\t\t\t\t\t\t\t\t<h6>Kognition \u2013 die Aufmerksamkeit st\u00e4rken [2FP]<\/h6>\r\n\t\t\t\t\t\t\t\t\t\t\t\t\t\t\t\t\t\t\t\t\t<p class=\"calendarline\"><img decoding=\"async\" class=\"calendar_icon\" src=\"https:\/\/www.ergowebinar.de\/intern\/images\/calendar.png\">21.09.2026 18:00 - 19:00<\/p>\t\r\n\t\t\t\t\t\t\t\t\t\t\t\t\t\t\t\t\t\t\t\t\t<p class=\"liquid_vc_single_text\">Die geteilte oder gerichtete Aufmerksamkeit ist nicht nur eine Basisleistung f&uuml;r effektives Handeln, sondern auch eine Grundlage f&uuml;r viele weitere kognitive Leistungen wie beispielsweise Ged&auml;chtnis. ...<\/p>\r\n\t\t\t\t\t\t\t\t\t\t\t\t\t\t\t\t\t\t\t\t\t<p class=\"sempreis\">49 \u20ac<\/p>\r\n\t\t\t\t\t\t\t\t\t\t\t\t\t\t\t\t\t\t\t\t\t\t\t<p class=\"semmwst\"><\/p>\r\n\t\t\t\t\t\t\t\t\t\t\t\t\t\t\t\t\t\t\t\t\t\t\t\r\n\t\t\t\t\t\t\t\t\t<\/a>\r\n\t\t\t\t\t\t\t\t\t\r\n\t\t\t\t\t\t\t\t<\/figure>\r\n\t\t\t\t\t\t\t\t\r\n\t\t\t\t\t\t\t<\/div>\r\n\t\t\t\t\t\t\t\t\t\t\t\t\t\t\r\n\t\t\t\t\t\t<\/div>\r\n\t\t\t\t\t<\/div>\r\n\t\t\t\t<\/div>\r\n\t\t\t\t\t\t\t\t<div class=\"wpb_column vc_column_container vc_col-sm-2\">\r\n\t\t\t\t\t<div class=\"vc_column-inner \" >\r\n\t\t\t\t\t\t<div class=\"wpb_wrapper\" >\r\n\t\t\t\t\t\t\t<div class=\"wpb_single_image wpb_content_element vc_align_ liquid_vc_single_image\">\r\n\t\t\t\t\t\t\t\t\t\t\t\t\t\t\t\t\t<div class=\"sem_overlay\" ><a href=\"https:\/\/online.therapie.ergowebinar.de\/de\/e\/Neglect-Therapie-2-Basics-2-FP-189?\r\n\t\t\t\t\t\t\t\t\t\" class=\"btn btn-solid btn-xsm round border-thin btn-has-label jetztstartenbutton\">klicken f\u00fcr Details<\/a><\/div>\r\n\t\t\t\t\t\t\t\t\t\t\t\t\t\t\t\t\t<figure class=\"wpb_wrapper vc_figure\">\r\n\t\t\t\t\t\t\t\t\t<a href=\"online.therapie.ergowebinar.de\/de\/e\/Neglect-Therapie-2-Basics-2-FP-189?\r\n\t\t\t\t\t\t\t\t\t\" title=\"Sie sehen die Darstellung einer linken Gesichtsh\u00e4lfte; die andere H\u00e4lfte wird durch einen hellgraue halbtransparente Fl\u00e4che verdeckt, als Metapher zum Webinar f\u00fcr Ergotherapie + Physiotherapie in der Reha von Schlaganfall + Apoplex in Klinik + Praxis\" target=\"_blank\">\r\n\t\t\t\t\t\t\t\t\t\t<img decoding=\"async\" width=\"475\" src=\"https:\/\/www.ergowebinar.de\/intern\/parsed_images\/7005e4b0-06b4-405c-b889-edc43cb2a240.jpg\" class=\"vc_single_image-img attachment-full\" alt=\"Sie sehen die Darstellung einer linken Gesichtsh\u00e4lfte; die andere H\u00e4lfte wird durch einen hellgraue halbtransparente Fl\u00e4che verdeckt, als Metapher zum Webinar f\u00fcr Ergotherapie + Physiotherapie in der Reha von Schlaganfall + Apoplex in Klinik + Praxis\" title=\"Sie sehen die Darstellung einer linken Gesichtsh\u00e4lfte; die andere H\u00e4lfte wird durch einen hellgraue halbtransparente Fl\u00e4che verdeckt, als Metapher zum Webinar f\u00fcr Ergotherapie + Physiotherapie in der Reha von Schlaganfall + Apoplex in Klinik + Praxis\" srcset=\"https:\/\/www.ergowebinar.de\/intern\/parsed_images\/7005e4b0-06b4-405c-b889-edc43cb2a240.jpg 475w, https:\/\/www.ergowebinar.de\/intern\/parsed_images\/7005e4b0-06b4-405c-b889-edc43cb2a240.jpg 275w\" sizes=\"(max-width: 475px) 100vw, 475px\" itemprop=\"image\" \/>\r\n\t\t\t\t\t\t\t\t\t\t<h6>Neglect-Therapie 2 - Basics [2 FP]<\/h6>\r\n\t\t\t\t\t\t\t\t\t\t\t\t\t\t\t\t\t\t\t\t\t<p class=\"calendarline\"><img decoding=\"async\" class=\"calendar_icon\" src=\"https:\/\/www.ergowebinar.de\/intern\/images\/calendar.png\">29.09.2026 18:30 - 19:30<\/p>\t\r\n\t\t\t\t\t\t\t\t\t\t\t\t\t\t\t\t\t\t\t\t\t<p class=\"liquid_vc_single_text\">In der Phase \"beginnende Awareness\" steht die erfolgreiche Durchf&uuml;hrung\r\nvertrauter Alltagsaktivit&auml;ten durch den Betroffenen selbst im Vordergrund. F&uuml;r die\r\nergotherapeutische Praxis ist ...<\/p>\r\n\t\t\t\t\t\t\t\t\t\t\t\t\t\t\t\t\t\t\t\t\t<p class=\"sempreis\">49 \u20ac<\/p>\r\n\t\t\t\t\t\t\t\t\t\t\t\t\t\t\t\t\t\t\t\t\t\t\t<p class=\"semmwst\"><\/p>\r\n\t\t\t\t\t\t\t\t\t\t\t\t\t\t\t\t\t\t\t\t\t\t\t\r\n\t\t\t\t\t\t\t\t\t<\/a>\r\n\t\t\t\t\t\t\t\t\t\r\n\t\t\t\t\t\t\t\t<\/figure>\r\n\t\t\t\t\t\t\t\t\r\n\t\t\t\t\t\t\t<\/div>\r\n\t\t\t\t\t\t\t\t\t\t\t\t\t\t\r\n\t\t\t\t\t\t<\/div>\r\n\t\t\t\t\t<\/div>\r\n\t\t\t\t<\/div>\r\n\t\t\t\t\t\t\t\t<div class=\"wpb_column vc_column_container vc_col-sm-2\">\r\n\t\t\t\t\t<div class=\"vc_column-inner \" >\r\n\t\t\t\t\t\t<div class=\"wpb_wrapper\" >\r\n\t\t\t\t\t\t\t<div class=\"wpb_single_image wpb_content_element vc_align_ liquid_vc_single_image\">\r\n\t\t\t\t\t\t\t\t\t\t\t\t\t\t\t\t\t<div class=\"sem_overlay\" ><a href=\"https:\/\/online.therapie.ergowebinar.de\/de\/e\/Hemianopsie-Basis-und-Befund-2FP-330?\r\n\t\t\t\t\t\t\t\t\t\" class=\"btn btn-solid btn-xsm round border-thin btn-has-label jetztstartenbutton\">klicken f\u00fcr Details<\/a><\/div>\r\n\t\t\t\t\t\t\t\t\t\t\t\t\t\t\t\t\t<figure class=\"wpb_wrapper vc_figure\">\r\n\t\t\t\t\t\t\t\t\t<a href=\"online.therapie.ergowebinar.de\/de\/e\/Hemianopsie-Basis-und-Befund-2FP-330?\r\n\t\t\t\t\t\t\t\t\t\" title=\"Sie sehen ein Wohnzimmer mit Couch und Beistelltisch, wobei die eine Bildh\u00e4lfte ausgegraut ist, als Symbol zum Webinar \u00fcber Befund und Basiswissen zur Hemianopsie f\u00fcr Ergotherapie in der Reha von Schlaganfall + Apoplex in Klinik + Praxis\" target=\"_blank\">\r\n\t\t\t\t\t\t\t\t\t\t<img decoding=\"async\" width=\"475\" src=\"https:\/\/www.ergowebinar.de\/intern\/parsed_images\/afc9e5a8-094c-4cbd-9ebb-064aa89786bf.jpg\" class=\"vc_single_image-img attachment-full\" alt=\"Sie sehen ein Wohnzimmer mit Couch und Beistelltisch, wobei die eine Bildh\u00e4lfte ausgegraut ist, als Symbol zum Webinar \u00fcber Befund und Basiswissen zur Hemianopsie f\u00fcr Ergotherapie in der Reha von Schlaganfall + Apoplex in Klinik + Praxis\" title=\"Sie sehen ein Wohnzimmer mit Couch und Beistelltisch, wobei die eine Bildh\u00e4lfte ausgegraut ist, als Symbol zum Webinar \u00fcber Befund und Basiswissen zur Hemianopsie f\u00fcr Ergotherapie in der Reha von Schlaganfall + Apoplex in Klinik + Praxis\" srcset=\"https:\/\/www.ergowebinar.de\/intern\/parsed_images\/afc9e5a8-094c-4cbd-9ebb-064aa89786bf.jpg 475w, https:\/\/www.ergowebinar.de\/intern\/parsed_images\/afc9e5a8-094c-4cbd-9ebb-064aa89786bf.jpg 275w\" sizes=\"(max-width: 475px) 100vw, 475px\" itemprop=\"image\" \/>\r\n\t\t\t\t\t\t\t\t\t\t<h6>Hemianopsie - Basis und Befund [2FP]<\/h6>\r\n\t\t\t\t\t\t\t\t\t\t\t\t\t\t\t\t\t\t\t\t\t<p class=\"calendarline\"><img decoding=\"async\" class=\"calendar_icon\" src=\"https:\/\/www.ergowebinar.de\/intern\/images\/calendar.png\">06.10.2026 17:30 - 18:30<\/p>\t\r\n\t\t\t\t\t\t\t\t\t\t\t\t\t\t\t\t\t\t\t\t\t<p class=\"liquid_vc_single_text\">\r\n\r\nHier zeige ich den theoretischen Hintergrund zur Hemianopsie, die Befundm&ouml;glichkeiten dazu und die Differenzialdiagnostik zu anderen zentralen Sehst&ouml;rungen. So bekommen Sie eine gute Basis ...<\/p>\r\n\t\t\t\t\t\t\t\t\t\t\t\t\t\t\t\t\t\t\t\t\t<p class=\"sempreis\">49 \u20ac<\/p>\r\n\t\t\t\t\t\t\t\t\t\t\t\t\t\t\t\t\t\t\t\t\t\t\t<p class=\"semmwst\"><\/p>\r\n\t\t\t\t\t\t\t\t\t\t\t\t\t\t\t\t\t\t\t\t\t\t\t\r\n\t\t\t\t\t\t\t\t\t<\/a>\r\n\t\t\t\t\t\t\t\t\t\r\n\t\t\t\t\t\t\t\t<\/figure>\r\n\t\t\t\t\t\t\t\t\r\n\t\t\t\t\t\t\t<\/div>\r\n\t\t\t\t\t\t\t\t\t\t\t\t\t\t\r\n\t\t\t\t\t\t<\/div>\r\n\t\t\t\t\t<\/div>\r\n\t\t\t\t<\/div>\r\n\t\t\t\t\t\t\t\t<div class=\"wpb_column vc_column_container vc_col-sm-2\">\r\n\t\t\t\t\t<div class=\"vc_column-inner \" >\r\n\t\t\t\t\t\t<div class=\"wpb_wrapper\" >\r\n\t\t\t\t\t\t\t<div class=\"wpb_single_image wpb_content_element vc_align_ liquid_vc_single_image\">\r\n\t\t\t\t\t\t\t\t\t\t\t\t\t\t\t\t\t<div class=\"sem_overlay\" ><a href=\"https:\/\/online.therapie.ergowebinar.de\/de\/e\/Korsakow-Basic-2-FP-45?\r\n\t\t\t\t\t\t\t\t\t\" class=\"btn btn-solid btn-xsm round border-thin btn-has-label jetztstartenbutton\">klicken f\u00fcr Details<\/a><\/div>\r\n\t\t\t\t\t\t\t\t\t\t\t\t\t\t\t\t\t<figure class=\"wpb_wrapper vc_figure\">\r\n\t\t\t\t\t\t\t\t\t<a href=\"online.therapie.ergowebinar.de\/de\/e\/Korsakow-Basic-2-FP-45?\r\n\t\t\t\t\t\t\t\t\t\" title=\"Sie sehen das Port\u00e4t einer Seniorin , deren hintere Kopfh\u00e4lfte sich morphend ins Nichts aufl\u00f6st, als Assoziation zum Webseminar \u00fcber Korsakow-Demenz f\u00fcr Ergotherapie in der Rehabilitation, Geriatrie, Suchttherapie in Klinik + Praxis\" target=\"_blank\">\r\n\t\t\t\t\t\t\t\t\t\t<img decoding=\"async\" width=\"475\" src=\"https:\/\/www.ergowebinar.de\/intern\/parsed_images\/93a89fdb-6b21-4fc0-8664-c7b74069d417.jpg\" class=\"vc_single_image-img attachment-full\" alt=\"Sie sehen das Port\u00e4t einer Seniorin , deren hintere Kopfh\u00e4lfte sich morphend ins Nichts aufl\u00f6st, als Assoziation zum Webseminar \u00fcber Korsakow-Demenz f\u00fcr Ergotherapie in der Rehabilitation, Geriatrie, Suchttherapie in Klinik + Praxis\" title=\"Sie sehen das Port\u00e4t einer Seniorin , deren hintere Kopfh\u00e4lfte sich morphend ins Nichts aufl\u00f6st, als Assoziation zum Webseminar \u00fcber Korsakow-Demenz f\u00fcr Ergotherapie in der Rehabilitation, Geriatrie, Suchttherapie in Klinik + Praxis\" srcset=\"https:\/\/www.ergowebinar.de\/intern\/parsed_images\/93a89fdb-6b21-4fc0-8664-c7b74069d417.jpg 475w, https:\/\/www.ergowebinar.de\/intern\/parsed_images\/93a89fdb-6b21-4fc0-8664-c7b74069d417.jpg 275w\" sizes=\"(max-width: 475px) 100vw, 475px\" itemprop=\"image\" \/>\r\n\t\t\t\t\t\t\t\t\t\t<h6>Korsakow - Basic [2 FP]<\/h6>\r\n\t\t\t\t\t\t\t\t\t\t\t\t\t\t\t\t\t\t\t\t\t<p class=\"calendarline\"><img decoding=\"async\" class=\"calendar_icon\" src=\"https:\/\/www.ergowebinar.de\/intern\/images\/calendar.png\">07.10.2026 17:45 - 18:45<\/p>\t\r\n\t\t\t\t\t\t\t\t\t\t\t\t\t\t\t\t\t\t\t\t\t<p class=\"liquid_vc_single_text\">Was ist das Besondere an der Korsakow-induzierten Demenz? Wie unterscheiden sich die F&ouml;rderungsm&ouml;glichkeiten und Rahmenbedingungen f&uuml;r gelingendes Verhalten von anderen dementiellen Erkrankungen? ...<\/p>\r\n\t\t\t\t\t\t\t\t\t\t\t\t\t\t\t\t\t\t\t\t\t<p class=\"sempreis\">49 \u20ac<\/p>\r\n\t\t\t\t\t\t\t\t\t\t\t\t\t\t\t\t\t\t\t\t\t\t\t<p class=\"semmwst\"><\/p>\r\n\t\t\t\t\t\t\t\t\t\t\t\t\t\t\t\t\t\t\t\t\t\t\t\r\n\t\t\t\t\t\t\t\t\t<\/a>\r\n\t\t\t\t\t\t\t\t\t\r\n\t\t\t\t\t\t\t\t<\/figure>\r\n\t\t\t\t\t\t\t\t\r\n\t\t\t\t\t\t\t<\/div>\r\n\t\t\t\t\t\t\t\t\t\t\t\t\t\t\r\n\t\t\t\t\t\t<\/div>\r\n\t\t\t\t\t<\/div>\r\n\t\t\t\t<\/div>\r\n\t\t\t\t\t\t\t\t<div class=\"wpb_column vc_column_container vc_col-sm-2\">\r\n\t\t\t\t\t<div class=\"vc_column-inner \" >\r\n\t\t\t\t\t\t<div class=\"wpb_wrapper\" >\r\n\t\t\t\t\t\t\t<div class=\"wpb_single_image wpb_content_element vc_align_ liquid_vc_single_image\">\r\n\t\t\t\t\t\t\t\t\t\t\t\t\t\t\t\t\t<div class=\"sem_overlay\" ><a href=\"https:\/\/online.therapie.ergowebinar.de\/de\/e\/Resilienz-und-Kohaerenz-in-der-ET-2FP-304?\r\n\t\t\t\t\t\t\t\t\t\" class=\"btn btn-solid btn-xsm round border-thin btn-has-label jetztstartenbutton\">klicken f\u00fcr Details<\/a><\/div>\r\n\t\t\t\t\t\t\t\t\t\t\t\t\t\t\t\t\t<figure class=\"wpb_wrapper vc_figure\">\r\n\t\t\t\t\t\t\t\t\t<a href=\"online.therapie.ergowebinar.de\/de\/e\/Resilienz-und-Kohaerenz-in-der-ET-2FP-304?\r\n\t\t\t\t\t\t\t\t\t\" title=\"Sie sehen eine Frau laut in ein Megafon rufen, als Assoziation zum Webseminar zum Erlernen innerer Widerstandskraft f\u00fcr Ergotherapie + Physiotherapie in der Fatigue,Long + PostCovid, Psychosomatik in Klinik + Praxis\" target=\"_blank\">\r\n\t\t\t\t\t\t\t\t\t\t<img decoding=\"async\" width=\"475\" src=\"https:\/\/www.ergowebinar.de\/intern\/parsed_images\/0a2f1d7c-dce6-401b-ad62-45db60a24eb7.jpg\" class=\"vc_single_image-img attachment-full\" alt=\"Sie sehen eine Frau laut in ein Megafon rufen, als Assoziation zum Webseminar zum Erlernen innerer Widerstandskraft f\u00fcr Ergotherapie + Physiotherapie in der Fatigue,Long + PostCovid, Psychosomatik in Klinik + Praxis\" title=\"Sie sehen eine Frau laut in ein Megafon rufen, als Assoziation zum Webseminar zum Erlernen innerer Widerstandskraft f\u00fcr Ergotherapie + Physiotherapie in der Fatigue,Long + PostCovid, Psychosomatik in Klinik + Praxis\" srcset=\"https:\/\/www.ergowebinar.de\/intern\/parsed_images\/0a2f1d7c-dce6-401b-ad62-45db60a24eb7.jpg 475w, https:\/\/www.ergowebinar.de\/intern\/parsed_images\/0a2f1d7c-dce6-401b-ad62-45db60a24eb7.jpg 275w\" sizes=\"(max-width: 475px) 100vw, 475px\" itemprop=\"image\" \/>\r\n\t\t\t\t\t\t\t\t\t\t<h6>Resilienz und Koh\u00e4renz in der ET [2FP]<\/h6>\r\n\t\t\t\t\t\t\t\t\t\t\t\t\t\t\t\t\t\t\t\t\t<p class=\"calendarline\"><img decoding=\"async\" class=\"calendar_icon\" src=\"https:\/\/www.ergowebinar.de\/intern\/images\/calendar.png\">07.10.2026 18:30 - 19:30<\/p>\t\r\n\t\t\t\t\t\t\t\t\t\t\t\t\t\t\t\t\t\t\t\t\t<p class=\"liquid_vc_single_text\">\r\nInnere Widerstandskraft ist ein entscheidender Faktor f&uuml;r die psychische und physische Gesundheit. In neueren Studien wird die Bedeutung des Koh&auml;renzgef&uuml;hls f&uuml;r die Gesundheit best&auml;tigt. ...<\/p>\r\n\t\t\t\t\t\t\t\t\t\t\t\t\t\t\t\t\t\t\t\t\t<p class=\"sempreis\">49 \u20ac<\/p>\r\n\t\t\t\t\t\t\t\t\t\t\t\t\t\t\t\t\t\t\t\t\t\t\t<p class=\"semmwst\"><\/p>\r\n\t\t\t\t\t\t\t\t\t\t\t\t\t\t\t\t\t\t\t\t\t\t\t\r\n\t\t\t\t\t\t\t\t\t<\/a>\r\n\t\t\t\t\t\t\t\t\t\r\n\t\t\t\t\t\t\t\t<\/figure>\r\n\t\t\t\t\t\t\t\t\r\n\t\t\t\t\t\t\t<\/div>\r\n\t\t\t\t\t\t\t\t\t\t\t\t\t\t\r\n\t\t\t\t\t\t<\/div>\r\n\t\t\t\t\t<\/div>\r\n\t\t\t\t<\/div>\r\n\t\t\t\t\t\t\t\t<div class=\"wpb_column vc_column_container vc_col-sm-2\">\r\n\t\t\t\t\t<div class=\"vc_column-inner \" >\r\n\t\t\t\t\t\t<div class=\"wpb_wrapper\" >\r\n\t\t\t\t\t\t\t<div class=\"wpb_single_image wpb_content_element vc_align_ liquid_vc_single_image\">\r\n\t\t\t\t\t\t\t\t\t\t\t\t\t\t\t\t\t<div class=\"sem_overlay\" ><a href=\"https:\/\/online.therapie.ergowebinar.de\/de\/e\/Hemianopsie-Therapie-in-der-fruehen-Phase-2FP-78?\r\n\t\t\t\t\t\t\t\t\t\" class=\"btn btn-solid btn-xsm round border-thin btn-has-label jetztstartenbutton\">klicken f\u00fcr Details<\/a><\/div>\r\n\t\t\t\t\t\t\t\t\t\t\t\t\t\t\t\t\t<figure class=\"wpb_wrapper vc_figure\">\r\n\t\t\t\t\t\t\t\t\t<a href=\"online.therapie.ergowebinar.de\/de\/e\/Hemianopsie-Therapie-in-der-fruehen-Phase-2FP-78?\r\n\t\t\t\t\t\t\t\t\t\" title=\"Sie sehen ein Frau sich schminkend vor dem Spiegel, wobei die eine Bildh\u00e4lfte ausgegraut ist, als Assoziation zum Webseminar \u00fcber Halbseitenblindheit f\u00fcr Ergotherapie + Physiotherapie in der Rehabilitation von Schlaganfall + Apoplex in Klinik + Praxis\" target=\"_blank\">\r\n\t\t\t\t\t\t\t\t\t\t<img decoding=\"async\" width=\"475\" src=\"https:\/\/www.ergowebinar.de\/intern\/parsed_images\/afc9e5a8-094c-4cbd-9ebb-064aa85786bf.jpg\" class=\"vc_single_image-img attachment-full\" alt=\"Sie sehen ein Frau sich schminkend vor dem Spiegel, wobei die eine Bildh\u00e4lfte ausgegraut ist, als Assoziation zum Webseminar \u00fcber Halbseitenblindheit f\u00fcr Ergotherapie + Physiotherapie in der Rehabilitation von Schlaganfall + Apoplex in Klinik + Praxis\" title=\"Sie sehen ein Frau sich schminkend vor dem Spiegel, wobei die eine Bildh\u00e4lfte ausgegraut ist, als Assoziation zum Webseminar \u00fcber Halbseitenblindheit f\u00fcr Ergotherapie + Physiotherapie in der Rehabilitation von Schlaganfall + Apoplex in Klinik + Praxis\" srcset=\"https:\/\/www.ergowebinar.de\/intern\/parsed_images\/afc9e5a8-094c-4cbd-9ebb-064aa85786bf.jpg 475w, https:\/\/www.ergowebinar.de\/intern\/parsed_images\/afc9e5a8-094c-4cbd-9ebb-064aa85786bf.jpg 275w\" sizes=\"(max-width: 475px) 100vw, 475px\" itemprop=\"image\" \/>\r\n\t\t\t\t\t\t\t\t\t\t<h6>Hemianopsie - Therapie in der fr\u00fchen Phase [2FP]<\/h6>\r\n\t\t\t\t\t\t\t\t\t\t\t\t\t\t\t\t\t\t\t\t\t<p class=\"calendarline\"><img decoding=\"async\" class=\"calendar_icon\" src=\"https:\/\/www.ergowebinar.de\/intern\/images\/calendar.png\">13.10.2026 17:30 - 18:30<\/p>\t\r\n\t\t\t\t\t\t\t\t\t\t\t\t\t\t\t\t\t\t\t\t\t<p class=\"liquid_vc_single_text\">\r\nDie Bedeutung einer Hemianopsie f&uuml;r die Betroffenen wird h&auml;ufig untersch&auml;tzt, obwohl sie gro&szlig;e Auswirkungen auf ihren Alltag und ihre Teilhabe hat. In den fr&uuml;hen Phasen eines ...<\/p>\r\n\t\t\t\t\t\t\t\t\t\t\t\t\t\t\t\t\t\t\t\t\t<p class=\"sempreis\">49 \u20ac<\/p>\r\n\t\t\t\t\t\t\t\t\t\t\t\t\t\t\t\t\t\t\t\t\t\t\t<p class=\"semmwst\"><\/p>\r\n\t\t\t\t\t\t\t\t\t\t\t\t\t\t\t\t\t\t\t\t\t\t\t\r\n\t\t\t\t\t\t\t\t\t<\/a>\r\n\t\t\t\t\t\t\t\t\t\r\n\t\t\t\t\t\t\t\t<\/figure>\r\n\t\t\t\t\t\t\t\t\r\n\t\t\t\t\t\t\t<\/div>\r\n\t\t\t\t\t\t\t\t\t\t\t\t\t\t\r\n\t\t\t\t\t\t<\/div>\r\n\t\t\t\t\t<\/div>\r\n\t\t\t\t<\/div>\r\n\t\t\t\t\t\t\t\t<div class=\"wpb_column vc_column_container vc_col-sm-2\">\r\n\t\t\t\t\t<div class=\"vc_column-inner \" >\r\n\t\t\t\t\t\t<div class=\"wpb_wrapper\" >\r\n\t\t\t\t\t\t\t<div class=\"wpb_single_image wpb_content_element vc_align_ liquid_vc_single_image\">\r\n\t\t\t\t\t\t\t\t\t\t\t\t\t\t\t\t\t<div class=\"sem_overlay\" ><a href=\"https:\/\/online.therapie.ergowebinar.de\/de\/e\/Hemianopsie-Therapie-in-der-spaeten-Phase-2FP-77?\r\n\t\t\t\t\t\t\t\t\t\" class=\"btn btn-solid btn-xsm round border-thin btn-has-label jetztstartenbutton\">klicken f\u00fcr Details<\/a><\/div>\r\n\t\t\t\t\t\t\t\t\t\t\t\t\t\t\t\t\t<figure class=\"wpb_wrapper vc_figure\">\r\n\t\t\t\t\t\t\t\t\t<a href=\"online.therapie.ergowebinar.de\/de\/e\/Hemianopsie-Therapie-in-der-spaeten-Phase-2FP-77?\r\n\t\t\t\t\t\t\t\t\t\" title=\"Sie sehen ein Bild mit kartenspielenden H\u00e4nden, wovon die eine Bildh\u00e4lfte ausgegraut ist, als Assoziation zum Webseminar zur Halbseitenblindheit f\u00fcr Ergotherapie + Physiotherapie in der Rehabilitation von Schlaganfall + Apoplex in Klinik + Praxis\" target=\"_blank\">\r\n\t\t\t\t\t\t\t\t\t\t<img decoding=\"async\" width=\"475\" src=\"https:\/\/www.ergowebinar.de\/intern\/parsed_images\/6ce0d19a-0d11-4d80-89ae-a33a19e9c23c.jpg\" class=\"vc_single_image-img attachment-full\" alt=\"Sie sehen ein Bild mit kartenspielenden H\u00e4nden, wovon die eine Bildh\u00e4lfte ausgegraut ist, als Assoziation zum Webseminar zur Halbseitenblindheit f\u00fcr Ergotherapie + Physiotherapie in der Rehabilitation von Schlaganfall + Apoplex in Klinik + Praxis\" title=\"Sie sehen ein Bild mit kartenspielenden H\u00e4nden, wovon die eine Bildh\u00e4lfte ausgegraut ist, als Assoziation zum Webseminar zur Halbseitenblindheit f\u00fcr Ergotherapie + Physiotherapie in der Rehabilitation von Schlaganfall + Apoplex in Klinik + Praxis\" srcset=\"https:\/\/www.ergowebinar.de\/intern\/parsed_images\/6ce0d19a-0d11-4d80-89ae-a33a19e9c23c.jpg 475w, https:\/\/www.ergowebinar.de\/intern\/parsed_images\/6ce0d19a-0d11-4d80-89ae-a33a19e9c23c.jpg 275w\" sizes=\"(max-width: 475px) 100vw, 475px\" itemprop=\"image\" \/>\r\n\t\t\t\t\t\t\t\t\t\t<h6>Hemianopsie - Therapie in der sp\u00e4ten Phase [2FP]<\/h6>\r\n\t\t\t\t\t\t\t\t\t\t\t\t\t\t\t\t\t\t\t\t\t<p class=\"calendarline\"><img decoding=\"async\" class=\"calendar_icon\" src=\"https:\/\/www.ergowebinar.de\/intern\/images\/calendar.png\">13.10.2026 19:00 - 20:00<\/p>\t\r\n\t\t\t\t\t\t\t\t\t\t\t\t\t\t\t\t\t\t\t\t\t<p class=\"liquid_vc_single_text\">\r\nIn den ersten Zeiten des Krankenhausaufenthaltes und der Rehabilitation lernen Menschen mit Hemianopsie oft nur einfache Strategien zur Kompensation des Defizits. Viele der hier ge&uuml;bten Inhalte ...<\/p>\r\n\t\t\t\t\t\t\t\t\t\t\t\t\t\t\t\t\t\t\t\t\t<p class=\"sempreis\">49 \u20ac<\/p>\r\n\t\t\t\t\t\t\t\t\t\t\t\t\t\t\t\t\t\t\t\t\t\t\t<p class=\"semmwst\"><\/p>\r\n\t\t\t\t\t\t\t\t\t\t\t\t\t\t\t\t\t\t\t\t\t\t\t\r\n\t\t\t\t\t\t\t\t\t<\/a>\r\n\t\t\t\t\t\t\t\t\t\r\n\t\t\t\t\t\t\t\t<\/figure>\r\n\t\t\t\t\t\t\t\t\r\n\t\t\t\t\t\t\t<\/div>\r\n\t\t\t\t\t\t\t\t\t\t\t\t\t\t\r\n\t\t\t\t\t\t<\/div>\r\n\t\t\t\t\t<\/div>\r\n\t\t\t\t<\/div>\r\n\t\t\t\t\t\t\t\t<div class=\"wpb_column vc_column_container vc_col-sm-2\">\r\n\t\t\t\t\t<div class=\"vc_column-inner \" >\r\n\t\t\t\t\t\t<div class=\"wpb_wrapper\" >\r\n\t\t\t\t\t\t\t<div class=\"wpb_single_image wpb_content_element vc_align_ liquid_vc_single_image\">\r\n\t\t\t\t\t\t\t\t\t\t\t\t\t\t\t\t\t<div class=\"sem_overlay\" ><a href=\"https:\/\/online.therapie.ergowebinar.de\/de\/e\/Korsakow-ergotherapeutische-Anamnese-und-Befund-2-FP-46?\r\n\t\t\t\t\t\t\t\t\t\" class=\"btn btn-solid btn-xsm round border-thin btn-has-label jetztstartenbutton\">klicken f\u00fcr Details<\/a><\/div>\r\n\t\t\t\t\t\t\t\t\t\t\t\t\t\t\t\t\t<figure class=\"wpb_wrapper vc_figure\">\r\n\t\t\t\t\t\t\t\t\t<a href=\"online.therapie.ergowebinar.de\/de\/e\/Korsakow-ergotherapeutische-Anamnese-und-Befund-2-FP-46?\r\n\t\t\t\t\t\t\t\t\t\" title=\"Sie sehen einen am Tisch sitzenden Mann, der verzweifelt den Kopf abst\u00fctzt, als Assoziation zum Webseminar \u00fcber die Therapie bei Korsakow-Demenz f\u00fcr Ergotherapie in der Rehabilitation, Geriatrie, Suchttherapie in Klinik + Praxis\" target=\"_blank\">\r\n\t\t\t\t\t\t\t\t\t\t<img decoding=\"async\" width=\"475\" src=\"https:\/\/www.ergowebinar.de\/intern\/parsed_images\/69a2faa0-ca29-4122-9df2-1a315b4b5477.jpg\" class=\"vc_single_image-img attachment-full\" alt=\"Sie sehen einen am Tisch sitzenden Mann, der verzweifelt den Kopf abst\u00fctzt, als Assoziation zum Webseminar \u00fcber die Therapie bei Korsakow-Demenz f\u00fcr Ergotherapie in der Rehabilitation, Geriatrie, Suchttherapie in Klinik + Praxis\" title=\"Sie sehen einen am Tisch sitzenden Mann, der verzweifelt den Kopf abst\u00fctzt, als Assoziation zum Webseminar \u00fcber die Therapie bei Korsakow-Demenz f\u00fcr Ergotherapie in der Rehabilitation, Geriatrie, Suchttherapie in Klinik + Praxis\" srcset=\"https:\/\/www.ergowebinar.de\/intern\/parsed_images\/69a2faa0-ca29-4122-9df2-1a315b4b5477.jpg 475w, https:\/\/www.ergowebinar.de\/intern\/parsed_images\/69a2faa0-ca29-4122-9df2-1a315b4b5477.jpg 275w\" sizes=\"(max-width: 475px) 100vw, 475px\" itemprop=\"image\" \/>\r\n\t\t\t\t\t\t\t\t\t\t<h6>Korsakow - ergotherapeutische Anamnese und Befund [2 FP]<\/h6>\r\n\t\t\t\t\t\t\t\t\t\t\t\t\t\t\t\t\t\t\t\t\t<p class=\"calendarline\"><img decoding=\"async\" class=\"calendar_icon\" src=\"https:\/\/www.ergowebinar.de\/intern\/images\/calendar.png\">14.10.2026 17:45 - 18:45<\/p>\t\r\n\t\t\t\t\t\t\t\t\t\t\t\t\t\t\t\t\t\t\t\t\t<p class=\"liquid_vc_single_text\">Der orientierende und der vertiefte Befundaufnahmeprozess sind die halbe Miete! Dieses Webinar vermittelt den grundlegenden Behandlungsansatz bei Korsakow nach Gudrun Schaade. Schwerpunkt und Grundlage ...<\/p>\r\n\t\t\t\t\t\t\t\t\t\t\t\t\t\t\t\t\t\t\t\t\t<p class=\"sempreis\">49 \u20ac<\/p>\r\n\t\t\t\t\t\t\t\t\t\t\t\t\t\t\t\t\t\t\t\t\t\t\t<p class=\"semmwst\"><\/p>\r\n\t\t\t\t\t\t\t\t\t\t\t\t\t\t\t\t\t\t\t\t\t\t\t\r\n\t\t\t\t\t\t\t\t\t<\/a>\r\n\t\t\t\t\t\t\t\t\t\r\n\t\t\t\t\t\t\t\t<\/figure>\r\n\t\t\t\t\t\t\t\t\r\n\t\t\t\t\t\t\t<\/div>\r\n\t\t\t\t\t\t\t\t\t\t\t\t\t\t\r\n\t\t\t\t\t\t<\/div>\r\n\t\t\t\t\t<\/div>\r\n\t\t\t\t<\/div>\r\n\t\t\t\t\t\t\t\t<div class=\"wpb_column vc_column_container vc_col-sm-2\">\r\n\t\t\t\t\t<div class=\"vc_column-inner \" >\r\n\t\t\t\t\t\t<div class=\"wpb_wrapper\" >\r\n\t\t\t\t\t\t\t<div class=\"wpb_single_image wpb_content_element vc_align_ liquid_vc_single_image\">\r\n\t\t\t\t\t\t\t\t\t\t\t\t\t\t\t\t\t<div class=\"sem_overlay\" ><a href=\"https:\/\/online.therapie.ergowebinar.de\/de\/e\/Post-Covid-mit-Belastungsintoleranzen-umgehen-PEM-Strategien-2FP-148?\r\n\t\t\t\t\t\t\t\t\t\" class=\"btn btn-solid btn-xsm round border-thin btn-has-label jetztstartenbutton\">klicken f\u00fcr Details<\/a><\/div>\r\n\t\t\t\t\t\t\t\t\t\t\t\t\t\t\t\t\t<figure class=\"wpb_wrapper vc_figure\">\r\n\t\t\t\t\t\t\t\t\t<a href=\"online.therapie.ergowebinar.de\/de\/e\/Post-Covid-mit-Belastungsintoleranzen-umgehen-PEM-Strategien-2FP-148?\r\n\t\t\t\t\t\t\t\t\t\" title=\"Sie sehen  die Gabelung eines Wanderweges als Assoziation zum Webseminar f\u00fcr Ergotherapie + Physiotherapie in der Rehabilitation von Post + Long Covid bei Fatigue + Schlaganfall + Apoplex in Klinik + Praxis\" target=\"_blank\">\r\n\t\t\t\t\t\t\t\t\t\t<img decoding=\"async\" width=\"475\" src=\"https:\/\/www.ergowebinar.de\/intern\/parsed_images\/30a889ab-861d-4b89-ae0d-258e4240b073.jpg\" class=\"vc_single_image-img attachment-full\" alt=\"Sie sehen  die Gabelung eines Wanderweges als Assoziation zum Webseminar f\u00fcr Ergotherapie + Physiotherapie in der Rehabilitation von Post + Long Covid bei Fatigue + Schlaganfall + Apoplex in Klinik + Praxis\" title=\"Sie sehen  die Gabelung eines Wanderweges als Assoziation zum Webseminar f\u00fcr Ergotherapie + Physiotherapie in der Rehabilitation von Post + Long Covid bei Fatigue + Schlaganfall + Apoplex in Klinik + Praxis\" srcset=\"https:\/\/www.ergowebinar.de\/intern\/parsed_images\/30a889ab-861d-4b89-ae0d-258e4240b073.jpg 475w, https:\/\/www.ergowebinar.de\/intern\/parsed_images\/30a889ab-861d-4b89-ae0d-258e4240b073.jpg 275w\" sizes=\"(max-width: 475px) 100vw, 475px\" itemprop=\"image\" \/>\r\n\t\t\t\t\t\t\t\t\t\t<h6>Post Covid - mit Belastungsintoleranzen umgehen-PEM Strategien [2FP]<\/h6>\r\n\t\t\t\t\t\t\t\t\t\t\t\t\t\t\t\t\t\t\t\t\t<p class=\"calendarline\"><img decoding=\"async\" class=\"calendar_icon\" src=\"https:\/\/www.ergowebinar.de\/intern\/images\/calendar.png\">15.10.2026 18:30 - 19:30<\/p>\t\r\n\t\t\t\t\t\t\t\t\t\t\t\t\t\t\t\t\t\t\t\t\t<p class=\"liquid_vc_single_text\">Im Zusammenhang mit Post Covid ist die Belastungsintoleranz eines der Kardinalsymptome. F&uuml;r den erfolgreichen Umgang mit dem Ph&auml;nomen - der auch PEM (Post exertionale Malaise) genannten Problematik ...<\/p>\r\n\t\t\t\t\t\t\t\t\t\t\t\t\t\t\t\t\t\t\t\t\t<p class=\"sempreis\">49 \u20ac<\/p>\r\n\t\t\t\t\t\t\t\t\t\t\t\t\t\t\t\t\t\t\t\t\t\t\t<p class=\"semmwst\"><\/p>\r\n\t\t\t\t\t\t\t\t\t\t\t\t\t\t\t\t\t\t\t\t\t\t\t\r\n\t\t\t\t\t\t\t\t\t<\/a>\r\n\t\t\t\t\t\t\t\t\t\r\n\t\t\t\t\t\t\t\t<\/figure>\r\n\t\t\t\t\t\t\t\t\r\n\t\t\t\t\t\t\t<\/div>\r\n\t\t\t\t\t\t\t\t\t\t\t\t\t\t\r\n\t\t\t\t\t\t<\/div>\r\n\t\t\t\t\t<\/div>\r\n\t\t\t\t<\/div>\r\n\t\t\t\t\t\t\t\t<div class=\"wpb_column vc_column_container vc_col-sm-2\">\r\n\t\t\t\t\t<div class=\"vc_column-inner \" >\r\n\t\t\t\t\t\t<div class=\"wpb_wrapper\" >\r\n\t\t\t\t\t\t\t<div class=\"wpb_single_image wpb_content_element vc_align_ liquid_vc_single_image\">\r\n\t\t\t\t\t\t\t\t\t\t\t\t\t\t\t\t\t<div class=\"sem_overlay\" ><a href=\"https:\/\/online.therapie.ergowebinar.de\/de\/e\/Pusher-Syndrom-Therapie-bei-ausgepraegter-Symptomatik-2FP-55?\r\n\t\t\t\t\t\t\t\t\t\" class=\"btn btn-solid btn-xsm round border-thin btn-has-label jetztstartenbutton\">klicken f\u00fcr Details<\/a><\/div>\r\n\t\t\t\t\t\t\t\t\t\t\t\t\t\t\t\t\t<figure class=\"wpb_wrapper vc_figure\">\r\n\t\t\t\t\t\t\t\t\t<a href=\"online.therapie.ergowebinar.de\/de\/e\/Pusher-Syndrom-Therapie-bei-ausgepraegter-Symptomatik-2FP-55?\r\n\t\t\t\t\t\t\t\t\t\" title=\"Sie sehen ein Whiskeyglas mit Wasser, einem Goldfisch und schiefem Wasserspiegel als Assoziation zum Webseminar \u00fcber Drucksymptomatik f\u00fcr Ergotherapie + Physiotherapie in der Rehabilitation von Schlaganfall + Apoplex in Klinik + Praxis\" target=\"_blank\">\r\n\t\t\t\t\t\t\t\t\t\t<img decoding=\"async\" width=\"475\" src=\"https:\/\/www.ergowebinar.de\/intern\/parsed_images\/a013bcfb-0695-4349-b514-1a0dd6e10437.jpg\" class=\"vc_single_image-img attachment-full\" alt=\"Sie sehen ein Whiskeyglas mit Wasser, einem Goldfisch und schiefem Wasserspiegel als Assoziation zum Webseminar \u00fcber Drucksymptomatik f\u00fcr Ergotherapie + Physiotherapie in der Rehabilitation von Schlaganfall + Apoplex in Klinik + Praxis\" title=\"Sie sehen ein Whiskeyglas mit Wasser, einem Goldfisch und schiefem Wasserspiegel als Assoziation zum Webseminar \u00fcber Drucksymptomatik f\u00fcr Ergotherapie + Physiotherapie in der Rehabilitation von Schlaganfall + Apoplex in Klinik + Praxis\" srcset=\"https:\/\/www.ergowebinar.de\/intern\/parsed_images\/a013bcfb-0695-4349-b514-1a0dd6e10437.jpg 475w, https:\/\/www.ergowebinar.de\/intern\/parsed_images\/a013bcfb-0695-4349-b514-1a0dd6e10437.jpg 275w\" sizes=\"(max-width: 475px) 100vw, 475px\" itemprop=\"image\" \/>\r\n\t\t\t\t\t\t\t\t\t\t<h6>Pusher-Syndrom - Therapie bei ausgepr\u00e4gter Symptomatik [2FP]<\/h6>\r\n\t\t\t\t\t\t\t\t\t\t\t\t\t\t\t\t\t\t\t\t\t<p class=\"calendarline\"><img decoding=\"async\" class=\"calendar_icon\" src=\"https:\/\/www.ergowebinar.de\/intern\/images\/calendar.png\">19.10.2026 17:00 - 18:00<\/p>\t\r\n\t\t\t\t\t\t\t\t\t\t\t\t\t\t\t\t\t\t\t\t\t<p class=\"liquid_vc_single_text\">Handlungsspielraum erm&ouml;glichen - viele Betroffene mit Pusher-Syndrom sind in ihrer Handlungsf&auml;higkeit deutlich einschr&auml;nkt. In diesem Webinar zeige ich schwerpunktm&auml;&szlig;ig basale ...<\/p>\r\n\t\t\t\t\t\t\t\t\t\t\t\t\t\t\t\t\t\t\t\t\t<p class=\"sempreis\">49 \u20ac<\/p>\r\n\t\t\t\t\t\t\t\t\t\t\t\t\t\t\t\t\t\t\t\t\t\t\t<p class=\"semmwst\"><\/p>\r\n\t\t\t\t\t\t\t\t\t\t\t\t\t\t\t\t\t\t\t\t\t\t\t\r\n\t\t\t\t\t\t\t\t\t<\/a>\r\n\t\t\t\t\t\t\t\t\t\r\n\t\t\t\t\t\t\t\t<\/figure>\r\n\t\t\t\t\t\t\t\t\r\n\t\t\t\t\t\t\t<\/div>\r\n\t\t\t\t\t\t\t\t\t\t\t\t\t\t\r\n\t\t\t\t\t\t<\/div>\r\n\t\t\t\t\t<\/div>\r\n\t\t\t\t<\/div>\r\n\t\t\t\t\t\t\t\t<div class=\"wpb_column vc_column_container vc_col-sm-2\">\r\n\t\t\t\t\t<div class=\"vc_column-inner \" >\r\n\t\t\t\t\t\t<div class=\"wpb_wrapper\" >\r\n\t\t\t\t\t\t\t<div class=\"wpb_single_image wpb_content_element vc_align_ liquid_vc_single_image\">\r\n\t\t\t\t\t\t\t\t\t\t\t\t\t\t\t\t\t<div class=\"sem_overlay\" ><a href=\"#4637ce87-7921-4d0b-bda0-7eb8ab5-0020\" class=\"btn btn-solid btn-xsm round border-thin btn-has-label nichtdabutton\">8 Tage nach Ablauf des<br>Vorg\u00e4ngers buchbar<\/a><\/div>\r\n\t\t\t\t\t\t\t\t\t\t\t\t\t\t\t\t\t<figure class=\"wpb_wrapper vc_figure\">\r\n\t\t\t\t\t\t\t\t\t<a href=\"online.therapie.ergowebinar.de\/de\/e\/Das-Rote-Mosaik-Therapiematerial-vorgestellt-2FP-335?\r\n\t\t\t\t\t\t\t\t\t\" title=\"Sie sehen mehrere Teile des Therapiematerials Rotes Mosaik von Verena Schweizer als Symbol zum Webseminar f\u00fcr Ergotherapie + Physiotherapie in der Reha bei kognitiven Einschr\u00e4nkungen bei Schlaganfall + \u00e4hnlichen Erkrankungen in Klinik + Praxis\" target=\"_blank\">\r\n\t\t\t\t\t\t\t\t\t\t<img decoding=\"async\" width=\"475\" src=\"https:\/\/www.ergowebinar.de\/intern\/parsed_images\/65ec580c-4640-44be-9558-ed0213b25460.jpg\" class=\"vc_single_image-img attachment-full\" alt=\"Sie sehen mehrere Teile des Therapiematerials Rotes Mosaik von Verena Schweizer als Symbol zum Webseminar f\u00fcr Ergotherapie + Physiotherapie in der Reha bei kognitiven Einschr\u00e4nkungen bei Schlaganfall + \u00e4hnlichen Erkrankungen in Klinik + Praxis\" title=\"Sie sehen mehrere Teile des Therapiematerials Rotes Mosaik von Verena Schweizer als Symbol zum Webseminar f\u00fcr Ergotherapie + Physiotherapie in der Reha bei kognitiven Einschr\u00e4nkungen bei Schlaganfall + \u00e4hnlichen Erkrankungen in Klinik + Praxis\" srcset=\"https:\/\/www.ergowebinar.de\/intern\/parsed_images\/65ec580c-4640-44be-9558-ed0213b25460.jpg 475w, https:\/\/www.ergowebinar.de\/intern\/parsed_images\/65ec580c-4640-44be-9558-ed0213b25460.jpg 275w\" sizes=\"(max-width: 475px) 100vw, 475px\" itemprop=\"image\" \/>\r\n\t\t\t\t\t\t\t\t\t\t<h6>Das Rote Mosaik - Therapiematerial vorgestellt [2FP]<\/h6>\r\n\t\t\t\t\t\t\t\t\t\t\t\t\t\t\t\t\t\t\t\t\t<p class=\"calendarline\"><img decoding=\"async\" class=\"calendar_icon\" src=\"https:\/\/www.ergowebinar.de\/intern\/images\/calendar.png\">19.10.2026 18:00 - 19:00<\/p>\t\r\n\t\t\t\t\t\t\t\t\t\t\t\t\t\t\t\t\t\t\t\t\t<p class=\"liquid_vc_single_text\">\r\nDas Neurotraining wurde f&uuml;r die therapeutische Arbeit im kognitiven Bereich f&uuml;r Erwachsene entwickelt. Heutzutage findet das Neurotraining in fast allen Fachbereichen wie auch in der P&auml;diatrie, ...<\/p>\r\n\t\t\t\t\t\t\t\t\t\t\t\t\t\t\t\t\t\t\t\t\t<p class=\"sempreis\">49 \u20ac<\/p>\r\n\t\t\t\t\t\t\t\t\t\t\t\t\t\t\t\t\t\t\t\t\t\t\t<p class=\"semmwst\"><\/p>\r\n\t\t\t\t\t\t\t\t\t\t\t\t\t\t\t\t\t\t\t\t\t\t\t\r\n\t\t\t\t\t\t\t\t\t<\/a>\r\n\t\t\t\t\t\t\t\t\t\r\n\t\t\t\t\t\t\t\t<\/figure>\r\n\t\t\t\t\t\t\t\t\r\n\t\t\t\t\t\t\t<\/div>\r\n\t\t\t\t\t\t\t\t\t\t\t\t\t\t\r\n\t\t\t\t\t\t<\/div>\r\n\t\t\t\t\t<\/div>\r\n\t\t\t\t<\/div>\r\n\t\t\t\t\t\t\t\t<div class=\"wpb_column vc_column_container vc_col-sm-2\">\r\n\t\t\t\t\t<div class=\"vc_column-inner \" >\r\n\t\t\t\t\t\t<div class=\"wpb_wrapper\" >\r\n\t\t\t\t\t\t\t<div class=\"wpb_single_image wpb_content_element vc_align_ liquid_vc_single_image\">\r\n\t\t\t\t\t\t\t\t\t\t\t\t\t\t\t\t\t<div class=\"sem_overlay\" ><a href=\"https:\/\/online.therapie.ergowebinar.de\/de\/e\/Korsakow-ergotherapeutischer-Leitpfad-2-FP-47?\r\n\t\t\t\t\t\t\t\t\t\" class=\"btn btn-solid btn-xsm round border-thin btn-has-label jetztstartenbutton\">klicken f\u00fcr Details<\/a><\/div>\r\n\t\t\t\t\t\t\t\t\t\t\t\t\t\t\t\t\t<figure class=\"wpb_wrapper vc_figure\">\r\n\t\t\t\t\t\t\t\t\t<a href=\"online.therapie.ergowebinar.de\/de\/e\/Korsakow-ergotherapeutischer-Leitpfad-2-FP-47?\r\n\t\t\t\t\t\t\t\t\t\" title=\"Sie sehen eine mehrspurige stark befahrene Strasse in eine Langzeitbelichtung am Abend als Assoziation zum Webseminar leitpfadgest\u00fctzte Therapie bei Korsakow-Demenz f\u00fcr Ergotherapie in der Geriatrie, Suchttherapie und Rehabilitation in Klinik + Praxis\" target=\"_blank\">\r\n\t\t\t\t\t\t\t\t\t\t<img decoding=\"async\" width=\"475\" src=\"https:\/\/www.ergowebinar.de\/intern\/parsed_images\/54280298-4d09-4c81-9e63-e36794c0de8a.jpg\" class=\"vc_single_image-img attachment-full\" alt=\"Sie sehen eine mehrspurige stark befahrene Strasse in eine Langzeitbelichtung am Abend als Assoziation zum Webseminar leitpfadgest\u00fctzte Therapie bei Korsakow-Demenz f\u00fcr Ergotherapie in der Geriatrie, Suchttherapie und Rehabilitation in Klinik + Praxis\" title=\"Sie sehen eine mehrspurige stark befahrene Strasse in eine Langzeitbelichtung am Abend als Assoziation zum Webseminar leitpfadgest\u00fctzte Therapie bei Korsakow-Demenz f\u00fcr Ergotherapie in der Geriatrie, Suchttherapie und Rehabilitation in Klinik + Praxis\" srcset=\"https:\/\/www.ergowebinar.de\/intern\/parsed_images\/54280298-4d09-4c81-9e63-e36794c0de8a.jpg 475w, https:\/\/www.ergowebinar.de\/intern\/parsed_images\/54280298-4d09-4c81-9e63-e36794c0de8a.jpg 275w\" sizes=\"(max-width: 475px) 100vw, 475px\" itemprop=\"image\" \/>\r\n\t\t\t\t\t\t\t\t\t\t<h6>Korsakow - ergotherapeutischer Leitpfad [2 FP]<\/h6>\r\n\t\t\t\t\t\t\t\t\t\t\t\t\t\t\t\t\t\t\t\t\t<p class=\"calendarline\"><img decoding=\"async\" class=\"calendar_icon\" src=\"https:\/\/www.ergowebinar.de\/intern\/images\/calendar.png\">21.10.2026 17:45 - 18:45<\/p>\t\r\n\t\t\t\t\t\t\t\t\t\t\t\t\t\t\t\t\t\t\t\t\t<p class=\"liquid_vc_single_text\">F&uuml;r die l&ouml;sungsorientierte Alltagsgestaltung Korsakowbetroffener stelle ich hier Therapieideen und -methoden in Videobeispielen vor. Dieses Webinar vermittelt praxisbezogen m&ouml;gliche Therapieinhalte ...<\/p>\r\n\t\t\t\t\t\t\t\t\t\t\t\t\t\t\t\t\t\t\t\t\t<p class=\"sempreis\">49 \u20ac<\/p>\r\n\t\t\t\t\t\t\t\t\t\t\t\t\t\t\t\t\t\t\t\t\t\t\t<p class=\"semmwst\"><\/p>\r\n\t\t\t\t\t\t\t\t\t\t\t\t\t\t\t\t\t\t\t\t\t\t\t\r\n\t\t\t\t\t\t\t\t\t<\/a>\r\n\t\t\t\t\t\t\t\t\t\r\n\t\t\t\t\t\t\t\t<\/figure>\r\n\t\t\t\t\t\t\t\t\r\n\t\t\t\t\t\t\t<\/div>\r\n\t\t\t\t\t\t\t\t\t\t\t\t\t\t\r\n\t\t\t\t\t\t<\/div>\r\n\t\t\t\t\t<\/div>\r\n\t\t\t\t<\/div>\r\n\t\t\t\t\t\t\t\t<div class=\"wpb_column vc_column_container vc_col-sm-2\">\r\n\t\t\t\t\t<div class=\"vc_column-inner \" >\r\n\t\t\t\t\t\t<div class=\"wpb_wrapper\" >\r\n\t\t\t\t\t\t\t<div class=\"wpb_single_image wpb_content_element vc_align_ liquid_vc_single_image\">\r\n\t\t\t\t\t\t\t\t\t\t\t\t\t\t\t\t\t<div class=\"sem_overlay\" ><a href=\"#4637ce87-7921-4d0b-bda0-7eb8ab5-0020\" class=\"btn btn-solid btn-xsm round border-thin btn-has-label nichtdabutton\">8 Tage nach Ablauf des<br>Vorg\u00e4ngers buchbar<\/a><\/div>\r\n\t\t\t\t\t\t\t\t\t\t\t\t\t\t\t\t\t<figure class=\"wpb_wrapper vc_figure\">\r\n\t\t\t\t\t\t\t\t\t<a href=\"online.therapie.ergowebinar.de\/de\/e\/Kognition-Therapie-bei-Gedaechtnisstoerungen-2FP-76?\r\n\t\t\t\t\t\t\t\t\t\" title=\"Sie sehen einen Bootsanker an der Mole liegend als Assoziation zum Webseminar \u00fcber M\u00f6glichkeiten f\u00fcr Ergotherapie + Physiotherapie in der Rehabilitation von Ged\u00e4chtnisst\u00f6rungen in der Schmerztherapie + nach Schlaganfall + Apoplex in Klinik + Praxis\" target=\"_blank\">\r\n\t\t\t\t\t\t\t\t\t\t<img decoding=\"async\" width=\"475\" src=\"https:\/\/www.ergowebinar.de\/intern\/parsed_images\/a8117dc0-34b9-4e28-bd4f-07bf9c9d728c.jpg\" class=\"vc_single_image-img attachment-full\" alt=\"Sie sehen einen Bootsanker an der Mole liegend als Assoziation zum Webseminar \u00fcber M\u00f6glichkeiten f\u00fcr Ergotherapie + Physiotherapie in der Rehabilitation von Ged\u00e4chtnisst\u00f6rungen in der Schmerztherapie + nach Schlaganfall + Apoplex in Klinik + Praxis\" title=\"Sie sehen einen Bootsanker an der Mole liegend als Assoziation zum Webseminar \u00fcber M\u00f6glichkeiten f\u00fcr Ergotherapie + Physiotherapie in der Rehabilitation von Ged\u00e4chtnisst\u00f6rungen in der Schmerztherapie + nach Schlaganfall + Apoplex in Klinik + Praxis\" srcset=\"https:\/\/www.ergowebinar.de\/intern\/parsed_images\/a8117dc0-34b9-4e28-bd4f-07bf9c9d728c.jpg 475w, https:\/\/www.ergowebinar.de\/intern\/parsed_images\/a8117dc0-34b9-4e28-bd4f-07bf9c9d728c.jpg 275w\" sizes=\"(max-width: 475px) 100vw, 475px\" itemprop=\"image\" \/>\r\n\t\t\t\t\t\t\t\t\t\t<h6>Kognition \u2013 Therapie bei Ged\u00e4chtnisst\u00f6rungen [2FP]<\/h6>\r\n\t\t\t\t\t\t\t\t\t\t\t\t\t\t\t\t\t\t\t\t\t<p class=\"calendarline\"><img decoding=\"async\" class=\"calendar_icon\" src=\"https:\/\/www.ergowebinar.de\/intern\/images\/calendar.png\">26.10.2026 18:00 - 19:00<\/p>\t\r\n\t\t\t\t\t\t\t\t\t\t\t\t\t\t\t\t\t\t\t\t\t<p class=\"liquid_vc_single_text\">Nach einem Ereignis im zentralen Nervensystem sind Ged&auml;chtnisschwierigkeiten sehr h&auml;ufig und hartn&auml;ckig. Wie sich eine gesicherte, erfolgreiche Behandlung von Ged&auml;chtnisst&ouml;rungen ...<\/p>\r\n\t\t\t\t\t\t\t\t\t\t\t\t\t\t\t\t\t\t\t\t\t<p class=\"sempreis\">49 \u20ac<\/p>\r\n\t\t\t\t\t\t\t\t\t\t\t\t\t\t\t\t\t\t\t\t\t\t\t<p class=\"semmwst\"><\/p>\r\n\t\t\t\t\t\t\t\t\t\t\t\t\t\t\t\t\t\t\t\t\t\t\t\r\n\t\t\t\t\t\t\t\t\t<\/a>\r\n\t\t\t\t\t\t\t\t\t\r\n\t\t\t\t\t\t\t\t<\/figure>\r\n\t\t\t\t\t\t\t\t\r\n\t\t\t\t\t\t\t<\/div>\r\n\t\t\t\t\t\t\t\t\t\t\t\t\t\t\r\n\t\t\t\t\t\t<\/div>\r\n\t\t\t\t\t<\/div>\r\n\t\t\t\t<\/div>\r\n\t\t\t\t\t\t\t<\/div><\/div><\/div>\r\n\t\t\t\t\t<a name=\"seminarenachdatum\"><\/a>\r\n\t\t<a name=\"7dd77f27-e170-4ebf-abd4-8f2646c7f08d\"><\/a>\r\n\t\t<h2 class=\"ld-fh-element lqd-highlight-underline lqd-highlight-grow-left text-decoration-default h3 ldsemheadline\">Demenz<\/h2>\r\n\t\t\t\t\t<div class=\"vc_row vc_inner\">\r\n\t\t\t<div class=\"ld-container container-fluid\">\r\n\t\t\t<div class=\"row ld-row ld-row-inner\">\r\n\t\t\t\t\t\t\t<div class=\"wpb_column vc_column_container vc_col-sm-2\">\r\n\t\t\t\t\t<div class=\"vc_column-inner \" >\r\n\t\t\t\t\t\t<div class=\"wpb_wrapper\" >\r\n\t\t\t\t\t\t\t<div class=\"wpb_single_image wpb_content_element vc_align_ liquid_vc_single_image\">\r\n\t\t\t\t\t\t\t\t\t\t\t\t\t\t\t\t\t<div class=\"sem_overlay\" ><a href=\"https:\/\/online.therapie.ergowebinar.de\/de\/e\/Backward-Chaining-das-Lernprinzip-bei-schweren-kognitiven-Beeintraechtigungen-2-FP-223?\r\n\t\t\t\t\t\t\t\t\t\" class=\"btn btn-solid btn-xsm round border-thin btn-has-label jetztstartenbutton\">klicken f\u00fcr Details<\/a><\/div>\r\n\t\t\t\t\t\t\t\t\t\t\t\t\t\t\t\t\t<figure class=\"wpb_wrapper vc_figure\">\r\n\t\t\t\t\t\t\t\t\t<a href=\"online.therapie.ergowebinar.de\/de\/e\/Backward-Chaining-das-Lernprinzip-bei-schweren-kognitiven-Beeintraechtigungen-2-FP-223?\r\n\t\t\t\t\t\t\t\t\t\" title=\"Sie sehen im rechten Seitenspiegel eines Autos einen Teil der Karosse und einen Sonnenuntergang als Assoziation zum Webseminar f\u00fcr Ergotherapie + Physiotherapie in der Rehabilitation von Schlaganfall + Apoplex in Klinik + Praxis\" target=\"_blank\">\r\n\t\t\t\t\t\t\t\t\t\t<img decoding=\"async\" width=\"475\" src=\"https:\/\/www.ergowebinar.de\/intern\/parsed_images\/523eca67-312c-430b-98d6-b9aecbf0bba0.jpg\" class=\"vc_single_image-img attachment-full\" alt=\"Sie sehen im rechten Seitenspiegel eines Autos einen Teil der Karosse und einen Sonnenuntergang als Assoziation zum Webseminar f\u00fcr Ergotherapie + Physiotherapie in der Rehabilitation von Schlaganfall + Apoplex in Klinik + Praxis\" title=\"Sie sehen im rechten Seitenspiegel eines Autos einen Teil der Karosse und einen Sonnenuntergang als Assoziation zum Webseminar f\u00fcr Ergotherapie + Physiotherapie in der Rehabilitation von Schlaganfall + Apoplex in Klinik + Praxis\" srcset=\"https:\/\/www.ergowebinar.de\/intern\/parsed_images\/523eca67-312c-430b-98d6-b9aecbf0bba0.jpg 475w, https:\/\/www.ergowebinar.de\/intern\/parsed_images\/523eca67-312c-430b-98d6-b9aecbf0bba0.jpg 275w\" sizes=\"(max-width: 475px) 100vw, 475px\" itemprop=\"image\" \/>\r\n\t\t\t\t\t\t\t\t\t\t<h6>Backward Chaining \u2013 das Lernprinzip bei schweren kognitiven Beeintr\u00e4chtigungen [2 FP]<\/h6>\r\n\t\t\t\t\t\t\t\t\t\t\t\t\t\t\t\t\t\t\t\t\t<p class=\"calendarline\"><img decoding=\"async\" class=\"calendar_icon\" src=\"https:\/\/www.ergowebinar.de\/intern\/images\/calendar.png\">05.05.2026 20:00 - 21:00<\/p>\t\r\n\t\t\t\t\t\t\t\t\t\t\t\t\t\t\t\t\t\t\t\t\t<p class=\"liquid_vc_single_text\">Eine Alltagshandlung vom vollendeten Schluss her r&uuml;ckw&auml;rts zur Therapie einzusetzen, ist die einfachste Lerntechnik. Sie ist auch bei komplexen kognitiven Einschr&auml;nkungen und Demenz noch ...<\/p>\r\n\t\t\t\t\t\t\t\t\t\t\t\t\t\t\t\t\t\t\t\t\t<p class=\"sempreis\">49 \u20ac<\/p>\r\n\t\t\t\t\t\t\t\t\t\t\t\t\t\t\t\t\t\t\t\t\t\t\t<p class=\"semmwst\"><\/p>\r\n\t\t\t\t\t\t\t\t\t\t\t\t\t\t\t\t\t\t\t\t\t\t\t\r\n\t\t\t\t\t\t\t\t\t<\/a>\r\n\t\t\t\t\t\t\t\t\t\r\n\t\t\t\t\t\t\t\t<\/figure>\r\n\t\t\t\t\t\t\t\t\r\n\t\t\t\t\t\t\t<\/div>\r\n\t\t\t\t\t\t\t\t\t\t\t\t\t\t\r\n\t\t\t\t\t\t<\/div>\r\n\t\t\t\t\t<\/div>\r\n\t\t\t\t<\/div>\r\n\t\t\t\t\t\t\t\t<div class=\"wpb_column vc_column_container vc_col-sm-2\">\r\n\t\t\t\t\t<div class=\"vc_column-inner \" >\r\n\t\t\t\t\t\t<div class=\"wpb_wrapper\" >\r\n\t\t\t\t\t\t\t<div class=\"wpb_single_image wpb_content_element vc_align_ liquid_vc_single_image\">\r\n\t\t\t\t\t\t\t\t\t\t\t\t\t\t\t\t\t<div class=\"sem_overlay\" ><a href=\"https:\/\/online.therapie.ergowebinar.de\/de\/e\/Demenz-kognitive-Aktivierung-im-fortgeschrittenen-Stadium-2FP-295?\r\n\t\t\t\t\t\t\t\t\t\" class=\"btn btn-solid btn-xsm round border-thin btn-has-label jetztstartenbutton\">klicken f\u00fcr Details<\/a><\/div>\r\n\t\t\t\t\t\t\t\t\t\t\t\t\t\t\t\t\t<figure class=\"wpb_wrapper vc_figure\">\r\n\t\t\t\t\t\t\t\t\t<a href=\"online.therapie.ergowebinar.de\/de\/e\/Demenz-kognitive-Aktivierung-im-fortgeschrittenen-Stadium-2FP-295?\r\n\t\t\t\t\t\t\t\t\t\" title=\"Sie sehen eine Frau mittleren Alters mit einer \u00e4lteren Frau im zugewandten Gespr\u00e4ch als Assoziation zum Webseminar f\u00fcr Ergotherapie + Physiotherapie in der Rehabilitation dementiell Erkrankten in der Geriatrie in Klinik + Praxis\" target=\"_blank\">\r\n\t\t\t\t\t\t\t\t\t\t<img decoding=\"async\" width=\"475\" src=\"https:\/\/www.ergowebinar.de\/intern\/parsed_images\/3c046d49-172a-4b2d-9bd1-f1bfdd40e76f.jpg\" class=\"vc_single_image-img attachment-full\" alt=\"Sie sehen eine Frau mittleren Alters mit einer \u00e4lteren Frau im zugewandten Gespr\u00e4ch als Assoziation zum Webseminar f\u00fcr Ergotherapie + Physiotherapie in der Rehabilitation dementiell Erkrankten in der Geriatrie in Klinik + Praxis\" title=\"Sie sehen eine Frau mittleren Alters mit einer \u00e4lteren Frau im zugewandten Gespr\u00e4ch als Assoziation zum Webseminar f\u00fcr Ergotherapie + Physiotherapie in der Rehabilitation dementiell Erkrankten in der Geriatrie in Klinik + Praxis\" srcset=\"https:\/\/www.ergowebinar.de\/intern\/parsed_images\/3c046d49-172a-4b2d-9bd1-f1bfdd40e76f.jpg 475w, https:\/\/www.ergowebinar.de\/intern\/parsed_images\/3c046d49-172a-4b2d-9bd1-f1bfdd40e76f.jpg 275w\" sizes=\"(max-width: 475px) 100vw, 475px\" itemprop=\"image\" \/>\r\n\t\t\t\t\t\t\t\t\t\t<h6>Demenz - kognitive Aktivierung im fortgeschrittenen Stadium [2FP]<\/h6>\r\n\t\t\t\t\t\t\t\t\t\t\t\t\t\t\t\t\t\t\t\t\t<p class=\"calendarline\"><img decoding=\"async\" class=\"calendar_icon\" src=\"https:\/\/www.ergowebinar.de\/intern\/images\/calendar.png\">06.05.2026 18:00 - 19:00<\/p>\t\r\n\t\t\t\t\t\t\t\t\t\t\t\t\t\t\t\t\t\t\t\t\t<p class=\"liquid_vc_single_text\">\r\n&Auml;rzte verschreiben h&auml;ufig ein Hirnleistungstraining auch bei fortgeschrittenen demenziellen Erkrankungen. Doch wie sinnvoll ist ein Training dieser Funktionen im sp&auml;teren Stadium? Ergotherapeuten ...<\/p>\r\n\t\t\t\t\t\t\t\t\t\t\t\t\t\t\t\t\t\t\t\t\t<p class=\"sempreis\">49 \u20ac<\/p>\r\n\t\t\t\t\t\t\t\t\t\t\t\t\t\t\t\t\t\t\t\t\t\t\t<p class=\"semmwst\"><\/p>\r\n\t\t\t\t\t\t\t\t\t\t\t\t\t\t\t\t\t\t\t\t\t\t\t\r\n\t\t\t\t\t\t\t\t\t<\/a>\r\n\t\t\t\t\t\t\t\t\t\r\n\t\t\t\t\t\t\t\t<\/figure>\r\n\t\t\t\t\t\t\t\t\r\n\t\t\t\t\t\t\t<\/div>\r\n\t\t\t\t\t\t\t\t\t\t\t\t\t\t\r\n\t\t\t\t\t\t<\/div>\r\n\t\t\t\t\t<\/div>\r\n\t\t\t\t<\/div>\r\n\t\t\t\t\t\t\t\t<div class=\"wpb_column vc_column_container vc_col-sm-2\">\r\n\t\t\t\t\t<div class=\"vc_column-inner \" >\r\n\t\t\t\t\t\t<div class=\"wpb_wrapper\" >\r\n\t\t\t\t\t\t\t<div class=\"wpb_single_image wpb_content_element vc_align_ liquid_vc_single_image\">\r\n\t\t\t\t\t\t\t\t\t\t\t\t\t\t\t\t\t<div class=\"sem_overlay\" ><a href=\"https:\/\/online.therapie.ergowebinar.de\/de\/e\/Demenz-palliative-Begleitung-2FP-86?\r\n\t\t\t\t\t\t\t\t\t\" class=\"btn btn-solid btn-xsm round border-thin btn-has-label jetztstartenbutton\">klicken f\u00fcr Details<\/a><\/div>\r\n\t\t\t\t\t\t\t\t\t\t\t\t\t\t\t\t\t<figure class=\"wpb_wrapper vc_figure\">\r\n\t\t\t\t\t\t\t\t\t<a href=\"online.therapie.ergowebinar.de\/de\/e\/Demenz-palliative-Begleitung-2FP-86?\r\n\t\t\t\t\t\t\t\t\t\" title=\"Sie sehen wie eine j\u00fcngere einer \u00e4ltere Hand h\u00e4lt als Assoziation zum Webseminar \u00fcber palliative Begleitung demenziell Erkrankter f\u00fcr Ergotherapie + Physiotherapie in der Rehabilitation von Demenz + in der Geriatrie in Klinik + Praxis\" target=\"_blank\">\r\n\t\t\t\t\t\t\t\t\t\t<img decoding=\"async\" width=\"475\" src=\"https:\/\/www.ergowebinar.de\/intern\/parsed_images\/87ee9bf9-4243-4657-aa1c-3b52d4f18ca4.jpg\" class=\"vc_single_image-img attachment-full\" alt=\"Sie sehen wie eine j\u00fcngere einer \u00e4ltere Hand h\u00e4lt als Assoziation zum Webseminar \u00fcber palliative Begleitung demenziell Erkrankter f\u00fcr Ergotherapie + Physiotherapie in der Rehabilitation von Demenz + in der Geriatrie in Klinik + Praxis\" title=\"Sie sehen wie eine j\u00fcngere einer \u00e4ltere Hand h\u00e4lt als Assoziation zum Webseminar \u00fcber palliative Begleitung demenziell Erkrankter f\u00fcr Ergotherapie + Physiotherapie in der Rehabilitation von Demenz + in der Geriatrie in Klinik + Praxis\" srcset=\"https:\/\/www.ergowebinar.de\/intern\/parsed_images\/87ee9bf9-4243-4657-aa1c-3b52d4f18ca4.jpg 475w, https:\/\/www.ergowebinar.de\/intern\/parsed_images\/87ee9bf9-4243-4657-aa1c-3b52d4f18ca4.jpg 275w\" sizes=\"(max-width: 475px) 100vw, 475px\" itemprop=\"image\" \/>\r\n\t\t\t\t\t\t\t\t\t\t<h6>Demenz - palliative Begleitung [2FP]<\/h6>\r\n\t\t\t\t\t\t\t\t\t\t\t\t\t\t\t\t\t\t\t\t\t<p class=\"calendarline\"><img decoding=\"async\" class=\"calendar_icon\" src=\"https:\/\/www.ergowebinar.de\/intern\/images\/calendar.png\">20.05.2026 18:00 - 19:00<\/p>\t\r\n\t\t\t\t\t\t\t\t\t\t\t\t\t\t\t\t\t\t\t\t\t<p class=\"liquid_vc_single_text\">Demenz ist unheilbar. Daher brauchen Menschen mit Demenzdiagnose bereits lange bevor sie sterben palliative Begleitung. Ich zeige, wie sich die Bet&auml;tigungsdefinition bei hochbetagten, schwerstkranken ...<\/p>\r\n\t\t\t\t\t\t\t\t\t\t\t\t\t\t\t\t\t\t\t\t\t<p class=\"sempreis\">49 \u20ac<\/p>\r\n\t\t\t\t\t\t\t\t\t\t\t\t\t\t\t\t\t\t\t\t\t\t\t<p class=\"semmwst\"><\/p>\r\n\t\t\t\t\t\t\t\t\t\t\t\t\t\t\t\t\t\t\t\t\t\t\t\r\n\t\t\t\t\t\t\t\t\t<\/a>\r\n\t\t\t\t\t\t\t\t\t\r\n\t\t\t\t\t\t\t\t<\/figure>\r\n\t\t\t\t\t\t\t\t\r\n\t\t\t\t\t\t\t<\/div>\r\n\t\t\t\t\t\t\t\t\t\t\t\t\t\t\r\n\t\t\t\t\t\t<\/div>\r\n\t\t\t\t\t<\/div>\r\n\t\t\t\t<\/div>\r\n\t\t\t\t\t\t\t\t<div class=\"wpb_column vc_column_container vc_col-sm-2\">\r\n\t\t\t\t\t<div class=\"vc_column-inner \" >\r\n\t\t\t\t\t\t<div class=\"wpb_wrapper\" >\r\n\t\t\t\t\t\t\t<div class=\"wpb_single_image wpb_content_element vc_align_ liquid_vc_single_image\">\r\n\t\t\t\t\t\t\t\t\t\t\t\t\t\t\t\t\t<div class=\"sem_overlay\" ><a href=\"https:\/\/online.therapie.ergowebinar.de\/de\/e\/Demenz-Basic-2FP-296?\r\n\t\t\t\t\t\t\t\t\t\" class=\"btn btn-solid btn-xsm round border-thin btn-has-label jetztstartenbutton\">klicken f\u00fcr Details<\/a><\/div>\r\n\t\t\t\t\t\t\t\t\t\t\t\t\t\t\t\t\t<figure class=\"wpb_wrapper vc_figure\">\r\n\t\t\t\t\t\t\t\t\t<a href=\"online.therapie.ergowebinar.de\/de\/e\/Demenz-Basic-2FP-296?\r\n\t\t\t\t\t\t\t\t\t\" title=\"Sie sehen das Bild eines aus Papier gefalteten Grosshirns, als Assoziation zum Webseminar \u00fcber therapeutisches Basiswissen zur Demenz f\u00fcr Ergotherapie in der Rehabilitation, Geriatrie, Suchttherapie in Klinik + Praxis\" target=\"_blank\">\r\n\t\t\t\t\t\t\t\t\t\t<img decoding=\"async\" width=\"475\" src=\"https:\/\/www.ergowebinar.de\/intern\/parsed_images\/93a89fdb-6b21-4fc0-8646-c7b74069d417.jpg\" class=\"vc_single_image-img attachment-full\" alt=\"Sie sehen das Bild eines aus Papier gefalteten Grosshirns, als Assoziation zum Webseminar \u00fcber therapeutisches Basiswissen zur Demenz f\u00fcr Ergotherapie in der Rehabilitation, Geriatrie, Suchttherapie in Klinik + Praxis\" title=\"Sie sehen das Bild eines aus Papier gefalteten Grosshirns, als Assoziation zum Webseminar \u00fcber therapeutisches Basiswissen zur Demenz f\u00fcr Ergotherapie in der Rehabilitation, Geriatrie, Suchttherapie in Klinik + Praxis\" srcset=\"https:\/\/www.ergowebinar.de\/intern\/parsed_images\/93a89fdb-6b21-4fc0-8646-c7b74069d417.jpg 475w, https:\/\/www.ergowebinar.de\/intern\/parsed_images\/93a89fdb-6b21-4fc0-8646-c7b74069d417.jpg 275w\" sizes=\"(max-width: 475px) 100vw, 475px\" itemprop=\"image\" \/>\r\n\t\t\t\t\t\t\t\t\t\t<h6>Demenz - Basic [2FP]<\/h6>\r\n\t\t\t\t\t\t\t\t\t\t\t\t\t\t\t\t\t\t\t\t\t<p class=\"calendarline\"><img decoding=\"async\" class=\"calendar_icon\" src=\"https:\/\/www.ergowebinar.de\/intern\/images\/calendar.png\">03.06.2026 17:45 - 18:45<\/p>\t\r\n\t\t\t\t\t\t\t\t\t\t\t\t\t\t\t\t\t\t\t\t\t<p class=\"liquid_vc_single_text\">\r\nWir starten mit den grundlegenden Unterschieden f&uuml;r Menschen mit leichter und schwerer Demenz. Zugleich bespreche ich die unterschiedlichen Behandlungsans&auml;tze bei prim&auml;rer und sekund&auml;rer ...<\/p>\r\n\t\t\t\t\t\t\t\t\t\t\t\t\t\t\t\t\t\t\t\t\t<p class=\"sempreis\">49 \u20ac<\/p>\r\n\t\t\t\t\t\t\t\t\t\t\t\t\t\t\t\t\t\t\t\t\t\t\t<p class=\"semmwst\"><\/p>\r\n\t\t\t\t\t\t\t\t\t\t\t\t\t\t\t\t\t\t\t\t\t\t\t\r\n\t\t\t\t\t\t\t\t\t<\/a>\r\n\t\t\t\t\t\t\t\t\t\r\n\t\t\t\t\t\t\t\t<\/figure>\r\n\t\t\t\t\t\t\t\t\r\n\t\t\t\t\t\t\t<\/div>\r\n\t\t\t\t\t\t\t\t\t\t\t\t\t\t\r\n\t\t\t\t\t\t<\/div>\r\n\t\t\t\t\t<\/div>\r\n\t\t\t\t<\/div>\r\n\t\t\t\t\t\t\t\t<div class=\"wpb_column vc_column_container vc_col-sm-2\">\r\n\t\t\t\t\t<div class=\"vc_column-inner \" >\r\n\t\t\t\t\t\t<div class=\"wpb_wrapper\" >\r\n\t\t\t\t\t\t\t<div class=\"wpb_single_image wpb_content_element vc_align_ liquid_vc_single_image\">\r\n\t\t\t\t\t\t\t\t\t\t\t\t\t\t\t\t\t<div class=\"sem_overlay\" ><a href=\"https:\/\/online.therapie.ergowebinar.de\/de\/e\/Demenz-Assessmentprozess-2FP-297?\r\n\t\t\t\t\t\t\t\t\t\" class=\"btn btn-solid btn-xsm round border-thin btn-has-label jetztstartenbutton\">klicken f\u00fcr Details<\/a><\/div>\r\n\t\t\t\t\t\t\t\t\t\t\t\t\t\t\t\t\t<figure class=\"wpb_wrapper vc_figure\">\r\n\t\t\t\t\t\t\t\t\t<a href=\"online.therapie.ergowebinar.de\/de\/e\/Demenz-Assessmentprozess-2FP-297?\r\n\t\t\t\t\t\t\t\t\t\" title=\"Sie sehen das Bild eines \u00fcberkochenden Milchtopfes auf dem Herd, als Assoziation zum Webseminar \u00fcber den ergotherapeutischen Assessmentprozess bei Demenz f\u00fcr in der Rehabilitation, Geriatrie, Suchttherapie in Klinik + Praxis\" target=\"_blank\">\r\n\t\t\t\t\t\t\t\t\t\t<img decoding=\"async\" width=\"475\" src=\"https:\/\/www.ergowebinar.de\/intern\/parsed_images\/93a89fdb-6b21-4cc0-8646-c7b74069d417.jpg\" class=\"vc_single_image-img attachment-full\" alt=\"Sie sehen das Bild eines \u00fcberkochenden Milchtopfes auf dem Herd, als Assoziation zum Webseminar \u00fcber den ergotherapeutischen Assessmentprozess bei Demenz f\u00fcr in der Rehabilitation, Geriatrie, Suchttherapie in Klinik + Praxis\" title=\"Sie sehen das Bild eines \u00fcberkochenden Milchtopfes auf dem Herd, als Assoziation zum Webseminar \u00fcber den ergotherapeutischen Assessmentprozess bei Demenz f\u00fcr in der Rehabilitation, Geriatrie, Suchttherapie in Klinik + Praxis\" srcset=\"https:\/\/www.ergowebinar.de\/intern\/parsed_images\/93a89fdb-6b21-4cc0-8646-c7b74069d417.jpg 475w, https:\/\/www.ergowebinar.de\/intern\/parsed_images\/93a89fdb-6b21-4cc0-8646-c7b74069d417.jpg 275w\" sizes=\"(max-width: 475px) 100vw, 475px\" itemprop=\"image\" \/>\r\n\t\t\t\t\t\t\t\t\t\t<h6>Demenz - Assessmentprozess [2FP]<\/h6>\r\n\t\t\t\t\t\t\t\t\t\t\t\t\t\t\t\t\t\t\t\t\t<p class=\"calendarline\"><img decoding=\"async\" class=\"calendar_icon\" src=\"https:\/\/www.ergowebinar.de\/intern\/images\/calendar.png\">10.06.2026 17:45 - 18:45<\/p>\t\r\n\t\t\t\t\t\t\t\t\t\t\t\t\t\t\t\t\t\t\t\t\t<p class=\"liquid_vc_single_text\">\r\n\r\nIn diesem Webinar stelle ich den ergotherapeutischen Befund nach Gudrun Schaade in den Vordergrund und zeige die Evaluation der Therapieschritte. Zus&auml;tzlich gebe ich Tipps zur Vorgehensweise, ...<\/p>\r\n\t\t\t\t\t\t\t\t\t\t\t\t\t\t\t\t\t\t\t\t\t<p class=\"sempreis\">49 \u20ac<\/p>\r\n\t\t\t\t\t\t\t\t\t\t\t\t\t\t\t\t\t\t\t\t\t\t\t<p class=\"semmwst\"><\/p>\r\n\t\t\t\t\t\t\t\t\t\t\t\t\t\t\t\t\t\t\t\t\t\t\t\r\n\t\t\t\t\t\t\t\t\t<\/a>\r\n\t\t\t\t\t\t\t\t\t\r\n\t\t\t\t\t\t\t\t<\/figure>\r\n\t\t\t\t\t\t\t\t\r\n\t\t\t\t\t\t\t<\/div>\r\n\t\t\t\t\t\t\t\t\t\t\t\t\t\t\r\n\t\t\t\t\t\t<\/div>\r\n\t\t\t\t\t<\/div>\r\n\t\t\t\t<\/div>\r\n\t\t\t\t\t\t\t\t<div class=\"wpb_column vc_column_container vc_col-sm-2\">\r\n\t\t\t\t\t<div class=\"vc_column-inner \" >\r\n\t\t\t\t\t\t<div class=\"wpb_wrapper\" >\r\n\t\t\t\t\t\t\t<div class=\"wpb_single_image wpb_content_element vc_align_ liquid_vc_single_image\">\r\n\t\t\t\t\t\t\t\t\t\t\t\t\t\t\t\t\t<div class=\"sem_overlay\" ><a href=\"https:\/\/online.therapie.ergowebinar.de\/de\/e\/Demenz-Pre-Assessment-Images-erfassen-2FP-298?\r\n\t\t\t\t\t\t\t\t\t\" class=\"btn btn-solid btn-xsm round border-thin btn-has-label jetztstartenbutton\">klicken f\u00fcr Details<\/a><\/div>\r\n\t\t\t\t\t\t\t\t\t\t\t\t\t\t\t\t\t<figure class=\"wpb_wrapper vc_figure\">\r\n\t\t\t\t\t\t\t\t\t<a href=\"online.therapie.ergowebinar.de\/de\/e\/Demenz-Pre-Assessment-Images-erfassen-2FP-298?\r\n\t\t\t\t\t\t\t\t\t\" title=\"Sie sehen zwei H\u00e4nde,die zwei Puzzlest\u00fccke zusammensetzen,als Assoziation zum Webseminar \u00fcber Werkzeuge zur Einbindung von Angeh\u00f6rigen im Assessmentprozess bei Demenz f\u00fcr Ergotherapie in der Rehabilitation, Geriatrie, Suchttherapie in Klinik + Praxis\" target=\"_blank\">\r\n\t\t\t\t\t\t\t\t\t\t<img decoding=\"async\" width=\"475\" src=\"https:\/\/www.ergowebinar.de\/intern\/parsed_images\/93a89fdb-6b21-4fc0-8446-c7b74069d417.jpg\" class=\"vc_single_image-img attachment-full\" alt=\"Sie sehen zwei H\u00e4nde,die zwei Puzzlest\u00fccke zusammensetzen,als Assoziation zum Webseminar \u00fcber Werkzeuge zur Einbindung von Angeh\u00f6rigen im Assessmentprozess bei Demenz f\u00fcr Ergotherapie in der Rehabilitation, Geriatrie, Suchttherapie in Klinik + Praxis\" title=\"Sie sehen zwei H\u00e4nde,die zwei Puzzlest\u00fccke zusammensetzen,als Assoziation zum Webseminar \u00fcber Werkzeuge zur Einbindung von Angeh\u00f6rigen im Assessmentprozess bei Demenz f\u00fcr Ergotherapie in der Rehabilitation, Geriatrie, Suchttherapie in Klinik + Praxis\" srcset=\"https:\/\/www.ergowebinar.de\/intern\/parsed_images\/93a89fdb-6b21-4fc0-8446-c7b74069d417.jpg 475w, https:\/\/www.ergowebinar.de\/intern\/parsed_images\/93a89fdb-6b21-4fc0-8446-c7b74069d417.jpg 275w\" sizes=\"(max-width: 475px) 100vw, 475px\" itemprop=\"image\" \/>\r\n\t\t\t\t\t\t\t\t\t\t<h6>Demenz - Pre-Assessment Images erfassen [2FP]<\/h6>\r\n\t\t\t\t\t\t\t\t\t\t\t\t\t\t\t\t\t\t\t\t\t<p class=\"calendarline\"><img decoding=\"async\" class=\"calendar_icon\" src=\"https:\/\/www.ergowebinar.de\/intern\/images\/calendar.png\">17.06.2026 17:45 - 18:45<\/p>\t\r\n\t\t\t\t\t\t\t\t\t\t\t\t\t\t\t\t\t\t\t\t\t<p class=\"liquid_vc_single_text\">\r\n\r\nWie und womit An- und Zugeh&ouml;rige durch ad&auml;quates Informationsmaterial den Assessmentprozess unterst&uuml;tzen k&ouml;nnen und entscheidend voranbringen k&ouml;nnen, zeige ich in diesem Webinar. ...<\/p>\r\n\t\t\t\t\t\t\t\t\t\t\t\t\t\t\t\t\t\t\t\t\t<p class=\"sempreis\">49 \u20ac<\/p>\r\n\t\t\t\t\t\t\t\t\t\t\t\t\t\t\t\t\t\t\t\t\t\t\t<p class=\"semmwst\"><\/p>\r\n\t\t\t\t\t\t\t\t\t\t\t\t\t\t\t\t\t\t\t\t\t\t\t\r\n\t\t\t\t\t\t\t\t\t<\/a>\r\n\t\t\t\t\t\t\t\t\t\r\n\t\t\t\t\t\t\t\t<\/figure>\r\n\t\t\t\t\t\t\t\t\r\n\t\t\t\t\t\t\t<\/div>\r\n\t\t\t\t\t\t\t\t\t\t\t\t\t\t\r\n\t\t\t\t\t\t<\/div>\r\n\t\t\t\t\t<\/div>\r\n\t\t\t\t<\/div>\r\n\t\t\t\t\t\t\t\t<div class=\"wpb_column vc_column_container vc_col-sm-2\">\r\n\t\t\t\t\t<div class=\"vc_column-inner \" >\r\n\t\t\t\t\t\t<div class=\"wpb_wrapper\" >\r\n\t\t\t\t\t\t\t<div class=\"wpb_single_image wpb_content_element vc_align_ liquid_vc_single_image\">\r\n\t\t\t\t\t\t\t\t\t\t\t\t\t\t\t\t\t<div class=\"sem_overlay\" ><a href=\"https:\/\/online.therapie.ergowebinar.de\/de\/e\/Demenz-Angehoerigenarbeit-2FP-87?\r\n\t\t\t\t\t\t\t\t\t\" class=\"btn btn-solid btn-xsm round border-thin btn-has-label jetztstartenbutton\">klicken f\u00fcr Details<\/a><\/div>\r\n\t\t\t\t\t\t\t\t\t\t\t\t\t\t\t\t\t<figure class=\"wpb_wrapper vc_figure\">\r\n\t\t\t\t\t\t\t\t\t<a href=\"online.therapie.ergowebinar.de\/de\/e\/Demenz-Angehoerigenarbeit-2FP-87?\r\n\t\t\t\t\t\t\t\t\t\" title=\"Sie sehen eine Person, die sich Notizen zum Gespr\u00e4ch auf den Knien macht, als Assoziation zum Webseminar f\u00fcr Ergotherapie + Physiotherapie in der Rehabilitation von demenziell Erkrankten und ihren Angeh\u00f6rigen in der Geriatrie in Klinik + Praxis\" target=\"_blank\">\r\n\t\t\t\t\t\t\t\t\t\t<img decoding=\"async\" width=\"475\" src=\"https:\/\/www.ergowebinar.de\/intern\/parsed_images\/8965905e-92cd-4be9-a8d5-27eecb81ad75.jpg\" class=\"vc_single_image-img attachment-full\" alt=\"Sie sehen eine Person, die sich Notizen zum Gespr\u00e4ch auf den Knien macht, als Assoziation zum Webseminar f\u00fcr Ergotherapie + Physiotherapie in der Rehabilitation von demenziell Erkrankten und ihren Angeh\u00f6rigen in der Geriatrie in Klinik + Praxis\" title=\"Sie sehen eine Person, die sich Notizen zum Gespr\u00e4ch auf den Knien macht, als Assoziation zum Webseminar f\u00fcr Ergotherapie + Physiotherapie in der Rehabilitation von demenziell Erkrankten und ihren Angeh\u00f6rigen in der Geriatrie in Klinik + Praxis\" srcset=\"https:\/\/www.ergowebinar.de\/intern\/parsed_images\/8965905e-92cd-4be9-a8d5-27eecb81ad75.jpg 475w, https:\/\/www.ergowebinar.de\/intern\/parsed_images\/8965905e-92cd-4be9-a8d5-27eecb81ad75.jpg 275w\" sizes=\"(max-width: 475px) 100vw, 475px\" itemprop=\"image\" \/>\r\n\t\t\t\t\t\t\t\t\t\t<h6>Demenz - Angeh\u00f6rigenarbeit [2FP]<\/h6>\r\n\t\t\t\t\t\t\t\t\t\t\t\t\t\t\t\t\t\t\t\t\t<p class=\"calendarline\"><img decoding=\"async\" class=\"calendar_icon\" src=\"https:\/\/www.ergowebinar.de\/intern\/images\/calendar.png\">17.06.2026 18:00 - 19:00<\/p>\t\r\n\t\t\t\t\t\t\t\t\t\t\t\t\t\t\t\t\t\t\t\t\t<p class=\"liquid_vc_single_text\">Bei einer demenziellen Erkrankung ist der Einbezug und Beratung der Zugeh&ouml;rigen elementar. Gerade pflegende Angeh&ouml;rige sind erheblich von der Demenz mitbetroffen und gro&szlig;en Belastungen ...<\/p>\r\n\t\t\t\t\t\t\t\t\t\t\t\t\t\t\t\t\t\t\t\t\t<p class=\"sempreis\">49 \u20ac<\/p>\r\n\t\t\t\t\t\t\t\t\t\t\t\t\t\t\t\t\t\t\t\t\t\t\t<p class=\"semmwst\"><\/p>\r\n\t\t\t\t\t\t\t\t\t\t\t\t\t\t\t\t\t\t\t\t\t\t\t\r\n\t\t\t\t\t\t\t\t\t<\/a>\r\n\t\t\t\t\t\t\t\t\t\r\n\t\t\t\t\t\t\t\t<\/figure>\r\n\t\t\t\t\t\t\t\t\r\n\t\t\t\t\t\t\t<\/div>\r\n\t\t\t\t\t\t\t\t\t\t\t\t\t\t\r\n\t\t\t\t\t\t<\/div>\r\n\t\t\t\t\t<\/div>\r\n\t\t\t\t<\/div>\r\n\t\t\t\t\t\t\t\t<div class=\"wpb_column vc_column_container vc_col-sm-2\">\r\n\t\t\t\t\t<div class=\"vc_column-inner \" >\r\n\t\t\t\t\t\t<div class=\"wpb_wrapper\" >\r\n\t\t\t\t\t\t\t<div class=\"wpb_single_image wpb_content_element vc_align_ liquid_vc_single_image\">\r\n\t\t\t\t\t\t\t\t\t\t\t\t\t\t\t\t\t<div class=\"sem_overlay\" ><a href=\"https:\/\/online.therapie.ergowebinar.de\/de\/e\/Demenz-strukturierte-Behandlungsleitpfade-2FP-299?\r\n\t\t\t\t\t\t\t\t\t\" class=\"btn btn-solid btn-xsm round border-thin btn-has-label jetztstartenbutton\">klicken f\u00fcr Details<\/a><\/div>\r\n\t\t\t\t\t\t\t\t\t\t\t\t\t\t\t\t\t<figure class=\"wpb_wrapper vc_figure\">\r\n\t\t\t\t\t\t\t\t\t<a href=\"online.therapie.ergowebinar.de\/de\/e\/Demenz-strukturierte-Behandlungsleitpfade-2FP-299?\r\n\t\t\t\t\t\t\t\t\t\" title=\"Sie sehen zwei Skizzenfiguren Puzzlest\u00fccke vor einem bunten Zaun zusammenstecken, als Assoziation zum Webseminar \u00fcber strukturierte Leipfade zur Behandlung von Demenz f\u00fcr Ergotherapie in der Rehabilitation, Geriatrie, Suchttherapie in Klinik + Praxis\" target=\"_blank\">\r\n\t\t\t\t\t\t\t\t\t\t<img decoding=\"async\" width=\"475\" src=\"https:\/\/www.ergowebinar.de\/intern\/parsed_images\/93a89fdb-6b21-4fc0-8646-c7774069d417.jpg\" class=\"vc_single_image-img attachment-full\" alt=\"Sie sehen zwei Skizzenfiguren Puzzlest\u00fccke vor einem bunten Zaun zusammenstecken, als Assoziation zum Webseminar \u00fcber strukturierte Leipfade zur Behandlung von Demenz f\u00fcr Ergotherapie in der Rehabilitation, Geriatrie, Suchttherapie in Klinik + Praxis\" title=\"Sie sehen zwei Skizzenfiguren Puzzlest\u00fccke vor einem bunten Zaun zusammenstecken, als Assoziation zum Webseminar \u00fcber strukturierte Leipfade zur Behandlung von Demenz f\u00fcr Ergotherapie in der Rehabilitation, Geriatrie, Suchttherapie in Klinik + Praxis\" srcset=\"https:\/\/www.ergowebinar.de\/intern\/parsed_images\/93a89fdb-6b21-4fc0-8646-c7774069d417.jpg 475w, https:\/\/www.ergowebinar.de\/intern\/parsed_images\/93a89fdb-6b21-4fc0-8646-c7774069d417.jpg 275w\" sizes=\"(max-width: 475px) 100vw, 475px\" itemprop=\"image\" \/>\r\n\t\t\t\t\t\t\t\t\t\t<h6>Demenz - strukturierte Behandlungsleitpfade [2FP]<\/h6>\r\n\t\t\t\t\t\t\t\t\t\t\t\t\t\t\t\t\t\t\t\t\t<p class=\"calendarline\"><img decoding=\"async\" class=\"calendar_icon\" src=\"https:\/\/www.ergowebinar.de\/intern\/images\/calendar.png\">24.06.2026 17:45 - 18:45<\/p>\t\r\n\t\t\t\t\t\t\t\t\t\t\t\t\t\t\t\t\t\t\t\t\t<p class=\"liquid_vc_single_text\">\r\n\r\nHier zeige ich die Vorgehensweise in der Wirksamen H&auml;uslichen Ergotherapie f&uuml;r Demenzerkrankte und Angeh&ouml;rige (WHEDA) und den strukturierten Prozess der h&auml;uslichen Ergotherapie ...<\/p>\r\n\t\t\t\t\t\t\t\t\t\t\t\t\t\t\t\t\t\t\t\t\t<p class=\"sempreis\">49 \u20ac<\/p>\r\n\t\t\t\t\t\t\t\t\t\t\t\t\t\t\t\t\t\t\t\t\t\t\t<p class=\"semmwst\"><\/p>\r\n\t\t\t\t\t\t\t\t\t\t\t\t\t\t\t\t\t\t\t\t\t\t\t\r\n\t\t\t\t\t\t\t\t\t<\/a>\r\n\t\t\t\t\t\t\t\t\t\r\n\t\t\t\t\t\t\t\t<\/figure>\r\n\t\t\t\t\t\t\t\t\r\n\t\t\t\t\t\t\t<\/div>\r\n\t\t\t\t\t\t\t\t\t\t\t\t\t\t\r\n\t\t\t\t\t\t<\/div>\r\n\t\t\t\t\t<\/div>\r\n\t\t\t\t<\/div>\r\n\t\t\t\t\t\t\t\t<div class=\"wpb_column vc_column_container vc_col-sm-2\">\r\n\t\t\t\t\t<div class=\"vc_column-inner \" >\r\n\t\t\t\t\t\t<div class=\"wpb_wrapper\" >\r\n\t\t\t\t\t\t\t<div class=\"wpb_single_image wpb_content_element vc_align_ liquid_vc_single_image\">\r\n\t\t\t\t\t\t\t\t\t\t\t\t\t\t\t\t\t<div class=\"sem_overlay\" ><a href=\"https:\/\/online.therapie.ergowebinar.de\/de\/e\/Schmerzen-bei-Demenz-Befunderhebung-und-Behandlungsgrundlagen-2FP-300?\r\n\t\t\t\t\t\t\t\t\t\" class=\"btn btn-solid btn-xsm round border-thin btn-has-label jetztstartenbutton\">klicken f\u00fcr Details<\/a><\/div>\r\n\t\t\t\t\t\t\t\t\t\t\t\t\t\t\t\t\t<figure class=\"wpb_wrapper vc_figure\">\r\n\t\t\t\t\t\t\t\t\t<a href=\"online.therapie.ergowebinar.de\/de\/e\/Schmerzen-bei-Demenz-Befunderhebung-und-Behandlungsgrundlagen-2FP-300?\r\n\t\t\t\t\t\t\t\t\t\" title=\"Sie sehen einen durchscheinenden Kopf von oben mit Blick auf das ZNS, als Assoziation zum Webseminar \u00fcber spezielle Schmerzbehandlung bei Demenz f\u00fcr Ergotherapie in der Rehabilitation, Geriatrie, Suchttherapie in Klinik + Praxis\" target=\"_blank\">\r\n\t\t\t\t\t\t\t\t\t\t<img decoding=\"async\" width=\"475\" src=\"https:\/\/www.ergowebinar.de\/intern\/parsed_images\/93b89fdb-6b21-4fc0-8646-c7b74069d417.jpg\" class=\"vc_single_image-img attachment-full\" alt=\"Sie sehen einen durchscheinenden Kopf von oben mit Blick auf das ZNS, als Assoziation zum Webseminar \u00fcber spezielle Schmerzbehandlung bei Demenz f\u00fcr Ergotherapie in der Rehabilitation, Geriatrie, Suchttherapie in Klinik + Praxis\" title=\"Sie sehen einen durchscheinenden Kopf von oben mit Blick auf das ZNS, als Assoziation zum Webseminar \u00fcber spezielle Schmerzbehandlung bei Demenz f\u00fcr Ergotherapie in der Rehabilitation, Geriatrie, Suchttherapie in Klinik + Praxis\" srcset=\"https:\/\/www.ergowebinar.de\/intern\/parsed_images\/93b89fdb-6b21-4fc0-8646-c7b74069d417.jpg 475w, https:\/\/www.ergowebinar.de\/intern\/parsed_images\/93b89fdb-6b21-4fc0-8646-c7b74069d417.jpg 275w\" sizes=\"(max-width: 475px) 100vw, 475px\" itemprop=\"image\" \/>\r\n\t\t\t\t\t\t\t\t\t\t<h6>Schmerzen bei Demenz - Befunderhebung und Behandlungsgrundlagen [2FP]<\/h6>\r\n\t\t\t\t\t\t\t\t\t\t\t\t\t\t\t\t\t\t\t\t\t<p class=\"calendarline\"><img decoding=\"async\" class=\"calendar_icon\" src=\"https:\/\/www.ergowebinar.de\/intern\/images\/calendar.png\">01.07.2026 17:45 - 18:45<\/p>\t\r\n\t\t\t\t\t\t\t\t\t\t\t\t\t\t\t\t\t\t\t\t\t<p class=\"liquid_vc_single_text\">\r\n\r\nHerk&ouml;mmliche Schmerzerfassung ist bei demenziell Erkrankten ein gro&szlig;es Problem. Im Webinar zeige ich f&uuml;r diesen Zweck gut geeignete Beurteilungs- und Messskalen. Zugleich erl&auml;utere ...<\/p>\r\n\t\t\t\t\t\t\t\t\t\t\t\t\t\t\t\t\t\t\t\t\t<p class=\"sempreis\">49 \u20ac<\/p>\r\n\t\t\t\t\t\t\t\t\t\t\t\t\t\t\t\t\t\t\t\t\t\t\t<p class=\"semmwst\"><\/p>\r\n\t\t\t\t\t\t\t\t\t\t\t\t\t\t\t\t\t\t\t\t\t\t\t\r\n\t\t\t\t\t\t\t\t\t<\/a>\r\n\t\t\t\t\t\t\t\t\t\r\n\t\t\t\t\t\t\t\t<\/figure>\r\n\t\t\t\t\t\t\t\t\r\n\t\t\t\t\t\t\t<\/div>\r\n\t\t\t\t\t\t\t\t\t\t\t\t\t\t\r\n\t\t\t\t\t\t<\/div>\r\n\t\t\t\t\t<\/div>\r\n\t\t\t\t<\/div>\r\n\t\t\t\t\t\t\t\t<div class=\"wpb_column vc_column_container vc_col-sm-2\">\r\n\t\t\t\t\t<div class=\"vc_column-inner \" >\r\n\t\t\t\t\t\t<div class=\"wpb_wrapper\" >\r\n\t\t\t\t\t\t\t<div class=\"wpb_single_image wpb_content_element vc_align_ liquid_vc_single_image\">\r\n\t\t\t\t\t\t\t\t\t\t\t\t\t\t\t\t\t<div class=\"sem_overlay\" ><a href=\"https:\/\/online.therapie.ergowebinar.de\/de\/e\/Demenz-Integrative-Validation-fuer-Ergotherapeuten-2FP-92?\r\n\t\t\t\t\t\t\t\t\t\" class=\"btn btn-solid btn-xsm round border-thin btn-has-label jetztstartenbutton\">klicken f\u00fcr Details<\/a><\/div>\r\n\t\t\t\t\t\t\t\t\t\t\t\t\t\t\t\t\t<figure class=\"wpb_wrapper vc_figure\">\r\n\t\t\t\t\t\t\t\t\t<a href=\"online.therapie.ergowebinar.de\/de\/e\/Demenz-Integrative-Validation-fuer-Ergotherapeuten-2FP-92?\r\n\t\t\t\t\t\t\t\t\t\" title=\"Sie sehen eine Frau mittleren Alters mit einer \u00e4lteren Frau im zugewandten Gespr\u00e4ch als Assoziation zum Webseminar f\u00fcr Ergotherapie + Physiotherapie in der Rehabilitation dementiell Erkrankten in der Geriatrie in Klinik + Praxis\" target=\"_blank\">\r\n\t\t\t\t\t\t\t\t\t\t<img decoding=\"async\" width=\"475\" src=\"https:\/\/www.ergowebinar.de\/intern\/parsed_images\/3c046d49-172a-4b2d-9bd1-f1bfd4d0e76f.jpg\" class=\"vc_single_image-img attachment-full\" alt=\"Sie sehen eine Frau mittleren Alters mit einer \u00e4lteren Frau im zugewandten Gespr\u00e4ch als Assoziation zum Webseminar f\u00fcr Ergotherapie + Physiotherapie in der Rehabilitation dementiell Erkrankten in der Geriatrie in Klinik + Praxis\" title=\"Sie sehen eine Frau mittleren Alters mit einer \u00e4lteren Frau im zugewandten Gespr\u00e4ch als Assoziation zum Webseminar f\u00fcr Ergotherapie + Physiotherapie in der Rehabilitation dementiell Erkrankten in der Geriatrie in Klinik + Praxis\" srcset=\"https:\/\/www.ergowebinar.de\/intern\/parsed_images\/3c046d49-172a-4b2d-9bd1-f1bfd4d0e76f.jpg 475w, https:\/\/www.ergowebinar.de\/intern\/parsed_images\/3c046d49-172a-4b2d-9bd1-f1bfd4d0e76f.jpg 275w\" sizes=\"(max-width: 475px) 100vw, 475px\" itemprop=\"image\" \/>\r\n\t\t\t\t\t\t\t\t\t\t<h6>Demenz - Integrative Validation f\u00fcr Ergotherapeuten [2FP]<\/h6>\r\n\t\t\t\t\t\t\t\t\t\t\t\t\t\t\t\t\t\t\t\t\t<p class=\"calendarline\"><img decoding=\"async\" class=\"calendar_icon\" src=\"https:\/\/www.ergowebinar.de\/intern\/images\/calendar.png\">01.07.2026 18:00 - 19:00<\/p>\t\r\n\t\t\t\t\t\t\t\t\t\t\t\t\t\t\t\t\t\t\t\t\t<p class=\"liquid_vc_single_text\">Die Integrative Validation nach Nicole Richard ist eine wertsch&auml;tzende Kommunikationsform, die die Ressourcen von Menschen mit Demenz in den Vordergrund stellt. Diese Methodik k&ouml;nnen auch Ergotherapeuten ...<\/p>\r\n\t\t\t\t\t\t\t\t\t\t\t\t\t\t\t\t\t\t\t\t\t<p class=\"sempreis\">49 \u20ac<\/p>\r\n\t\t\t\t\t\t\t\t\t\t\t\t\t\t\t\t\t\t\t\t\t\t\t<p class=\"semmwst\"><\/p>\r\n\t\t\t\t\t\t\t\t\t\t\t\t\t\t\t\t\t\t\t\t\t\t\t\r\n\t\t\t\t\t\t\t\t\t<\/a>\r\n\t\t\t\t\t\t\t\t\t\r\n\t\t\t\t\t\t\t\t<\/figure>\r\n\t\t\t\t\t\t\t\t\r\n\t\t\t\t\t\t\t<\/div>\r\n\t\t\t\t\t\t\t\t\t\t\t\t\t\t\r\n\t\t\t\t\t\t<\/div>\r\n\t\t\t\t\t<\/div>\r\n\t\t\t\t<\/div>\r\n\t\t\t\t\t\t\t\t<div class=\"wpb_column vc_column_container vc_col-sm-2\">\r\n\t\t\t\t\t<div class=\"vc_column-inner \" >\r\n\t\t\t\t\t\t<div class=\"wpb_wrapper\" >\r\n\t\t\t\t\t\t\t<div class=\"wpb_single_image wpb_content_element vc_align_ liquid_vc_single_image\">\r\n\t\t\t\t\t\t\t\t\t\t\t\t\t\t\t\t\t<div class=\"sem_overlay\" ><a href=\"https:\/\/online.therapie.ergowebinar.de\/de\/e\/Koerperliche-Aktivierung-bei-kognitiven-Einschraenkungen-und-Demenz-2FP-319?\r\n\t\t\t\t\t\t\t\t\t\" class=\"btn btn-solid btn-xsm round border-thin btn-has-label jetztstartenbutton\">klicken f\u00fcr Details<\/a><\/div>\r\n\t\t\t\t\t\t\t\t\t\t\t\t\t\t\t\t\t<figure class=\"wpb_wrapper vc_figure\">\r\n\t\t\t\t\t\t\t\t\t<a href=\"online.therapie.ergowebinar.de\/de\/e\/Koerperliche-Aktivierung-bei-kognitiven-Einschraenkungen-und-Demenz-2FP-319?\r\n\t\t\t\t\t\t\t\t\t\" title=\"Sie sehen eine \u00e4ltere Frau lachend auf einer Schaukel im Profil als Assoziation zum Webseminar zum Zusammenhang von k\u00f6rperlicher Aktivierung und Kognition bei Demenz,  die Geriatrie f\u00fcr Ergotherapie + Physiotherapie in der Klinik + Praxis\" target=\"_blank\">\r\n\t\t\t\t\t\t\t\t\t\t<img decoding=\"async\" width=\"475\" src=\"https:\/\/www.ergowebinar.de\/intern\/parsed_images\/319.jpg\" class=\"vc_single_image-img attachment-full\" alt=\"Sie sehen eine \u00e4ltere Frau lachend auf einer Schaukel im Profil als Assoziation zum Webseminar zum Zusammenhang von k\u00f6rperlicher Aktivierung und Kognition bei Demenz,  die Geriatrie f\u00fcr Ergotherapie + Physiotherapie in der Klinik + Praxis\" title=\"Sie sehen eine \u00e4ltere Frau lachend auf einer Schaukel im Profil als Assoziation zum Webseminar zum Zusammenhang von k\u00f6rperlicher Aktivierung und Kognition bei Demenz,  die Geriatrie f\u00fcr Ergotherapie + Physiotherapie in der Klinik + Praxis\" srcset=\"https:\/\/www.ergowebinar.de\/intern\/parsed_images\/319.jpg 475w, https:\/\/www.ergowebinar.de\/intern\/parsed_images\/319.jpg 275w\" sizes=\"(max-width: 475px) 100vw, 475px\" itemprop=\"image\" \/>\r\n\t\t\t\t\t\t\t\t\t\t<h6>K\u00f6rperliche Aktivierung bei kognitiven Einschr\u00e4nkungen und Demenz [2FP]<\/h6>\r\n\t\t\t\t\t\t\t\t\t\t\t\t\t\t\t\t\t\t\t\t\t<p class=\"calendarline\"><img decoding=\"async\" class=\"calendar_icon\" src=\"https:\/\/www.ergowebinar.de\/intern\/images\/calendar.png\">13.07.2026 19:45 - 20:45<\/p>\t\r\n\t\t\t\t\t\t\t\t\t\t\t\t\t\t\t\t\t\t\t\t\t<p class=\"liquid_vc_single_text\">\r\nRegelm&auml;&szlig;ige k&ouml;rperliche Aktivit&auml;t leistet einen wichtigen Beitrag zur Aufrechterhaltung von Gesundheit und Wohlbefinden. In diesem Webinar gehen wir den Faktoren auf den Grund, die ...<\/p>\r\n\t\t\t\t\t\t\t\t\t\t\t\t\t\t\t\t\t\t\t\t\t<p class=\"sempreis\">49 \u20ac<\/p>\r\n\t\t\t\t\t\t\t\t\t\t\t\t\t\t\t\t\t\t\t\t\t\t\t<p class=\"semmwst\"><\/p>\r\n\t\t\t\t\t\t\t\t\t\t\t\t\t\t\t\t\t\t\t\t\t\t\t\r\n\t\t\t\t\t\t\t\t\t<\/a>\r\n\t\t\t\t\t\t\t\t\t\r\n\t\t\t\t\t\t\t\t<\/figure>\r\n\t\t\t\t\t\t\t\t\r\n\t\t\t\t\t\t\t<\/div>\r\n\t\t\t\t\t\t\t\t\t\t\t\t\t\t\r\n\t\t\t\t\t\t<\/div>\r\n\t\t\t\t\t<\/div>\r\n\t\t\t\t<\/div>\r\n\t\t\t\t\t\t\t\t<div class=\"wpb_column vc_column_container vc_col-sm-2\">\r\n\t\t\t\t\t<div class=\"vc_column-inner \" >\r\n\t\t\t\t\t\t<div class=\"wpb_wrapper\" >\r\n\t\t\t\t\t\t\t<div class=\"wpb_single_image wpb_content_element vc_align_ liquid_vc_single_image\">\r\n\t\t\t\t\t\t\t\t\t\t\t\t\t\t\t\t\t<div class=\"sem_overlay\" ><a href=\"https:\/\/online.therapie.ergowebinar.de\/de\/e\/Biographiearbeit-bei-beginnender-Demenz-2FP-88?\r\n\t\t\t\t\t\t\t\t\t\" class=\"btn btn-solid btn-xsm round border-thin btn-has-label jetztstartenbutton\">klicken f\u00fcr Details<\/a><\/div>\r\n\t\t\t\t\t\t\t\t\t\t\t\t\t\t\t\t\t<figure class=\"wpb_wrapper vc_figure\">\r\n\t\t\t\t\t\t\t\t\t<a href=\"online.therapie.ergowebinar.de\/de\/e\/Biographiearbeit-bei-beginnender-Demenz-2FP-88?\r\n\t\t\t\t\t\t\t\t\t\" title=\"Sie sehen eine grauhaarige \u00e4ltere Dame \u00e4ltere Fotos auf einer Tischfl\u00e4che betrachten und sotieren als Assoziation zum Webseminar f\u00fcr Ergotherapie + Physiotherapie in der Rehabilitation von Demenz in Klinik + Praxis\" target=\"_blank\">\r\n\t\t\t\t\t\t\t\t\t\t<img decoding=\"async\" width=\"475\" src=\"https:\/\/www.ergowebinar.de\/intern\/parsed_images\/b1542f79-365c-4074-9c61-648123358ff4.jpg\" class=\"vc_single_image-img attachment-full\" alt=\"Sie sehen eine grauhaarige \u00e4ltere Dame \u00e4ltere Fotos auf einer Tischfl\u00e4che betrachten und sotieren als Assoziation zum Webseminar f\u00fcr Ergotherapie + Physiotherapie in der Rehabilitation von Demenz in Klinik + Praxis\" title=\"Sie sehen eine grauhaarige \u00e4ltere Dame \u00e4ltere Fotos auf einer Tischfl\u00e4che betrachten und sotieren als Assoziation zum Webseminar f\u00fcr Ergotherapie + Physiotherapie in der Rehabilitation von Demenz in Klinik + Praxis\" srcset=\"https:\/\/www.ergowebinar.de\/intern\/parsed_images\/b1542f79-365c-4074-9c61-648123358ff4.jpg 475w, https:\/\/www.ergowebinar.de\/intern\/parsed_images\/b1542f79-365c-4074-9c61-648123358ff4.jpg 275w\" sizes=\"(max-width: 475px) 100vw, 475px\" itemprop=\"image\" \/>\r\n\t\t\t\t\t\t\t\t\t\t<h6>Biographiearbeit bei beginnender Demenz [2FP]<\/h6>\r\n\t\t\t\t\t\t\t\t\t\t\t\t\t\t\t\t\t\t\t\t\t<p class=\"calendarline\"><img decoding=\"async\" class=\"calendar_icon\" src=\"https:\/\/www.ergowebinar.de\/intern\/images\/calendar.png\">15.07.2026 18:00 - 19:00<\/p>\t\r\n\t\t\t\t\t\t\t\t\t\t\t\t\t\t\t\t\t\t\t\t\t<p class=\"liquid_vc_single_text\">Sich mit der eigenen Biographie zu besch&auml;ftigen kann f&uuml;r Menschen mit Demenz psychisch stabilisierend wirken und als antidepressive Ma&szlig;nahme im Rahmen der Ergotherapie sinnvoll genutzt ...<\/p>\r\n\t\t\t\t\t\t\t\t\t\t\t\t\t\t\t\t\t\t\t\t\t<p class=\"sempreis\">49 \u20ac<\/p>\r\n\t\t\t\t\t\t\t\t\t\t\t\t\t\t\t\t\t\t\t\t\t\t\t<p class=\"semmwst\"><\/p>\r\n\t\t\t\t\t\t\t\t\t\t\t\t\t\t\t\t\t\t\t\t\t\t\t\r\n\t\t\t\t\t\t\t\t\t<\/a>\r\n\t\t\t\t\t\t\t\t\t\r\n\t\t\t\t\t\t\t\t<\/figure>\r\n\t\t\t\t\t\t\t\t\r\n\t\t\t\t\t\t\t<\/div>\r\n\t\t\t\t\t\t\t\t\t\t\t\t\t\t\r\n\t\t\t\t\t\t<\/div>\r\n\t\t\t\t\t<\/div>\r\n\t\t\t\t<\/div>\r\n\t\t\t\t\t\t\t\t<div class=\"wpb_column vc_column_container vc_col-sm-2\">\r\n\t\t\t\t\t<div class=\"vc_column-inner \" >\r\n\t\t\t\t\t\t<div class=\"wpb_wrapper\" >\r\n\t\t\t\t\t\t\t<div class=\"wpb_single_image wpb_content_element vc_align_ liquid_vc_single_image\">\r\n\t\t\t\t\t\t\t\t\t\t\t\t\t\t\t\t\t<div class=\"sem_overlay\" ><a href=\"https:\/\/online.therapie.ergowebinar.de\/de\/e\/Demenz-Herausforderndes-Verhalten-2FP-93?\r\n\t\t\t\t\t\t\t\t\t\" class=\"btn btn-solid btn-xsm round border-thin btn-has-label jetztstartenbutton\">klicken f\u00fcr Details<\/a><\/div>\r\n\t\t\t\t\t\t\t\t\t\t\t\t\t\t\t\t\t<figure class=\"wpb_wrapper vc_figure\">\r\n\t\t\t\t\t\t\t\t\t<a href=\"online.therapie.ergowebinar.de\/de\/e\/Demenz-Herausforderndes-Verhalten-2FP-93?\r\n\t\t\t\t\t\t\t\t\t\" title=\"Sie sehen eine \u00e4ltere Damen mit zornigem negativen Gesichtsausdruck  als Assoziation zum Webseminar f\u00fcr Ergotherapie + Physiotherapie in der Rehabilitation von Demenz in Klinik + Praxis\" target=\"_blank\">\r\n\t\t\t\t\t\t\t\t\t\t<img decoding=\"async\" width=\"475\" src=\"https:\/\/www.ergowebinar.de\/intern\/parsed_images\/29b1ee63-395d-4cff-bda3-ab336ed81420.jpg\" class=\"vc_single_image-img attachment-full\" alt=\"Sie sehen eine \u00e4ltere Damen mit zornigem negativen Gesichtsausdruck  als Assoziation zum Webseminar f\u00fcr Ergotherapie + Physiotherapie in der Rehabilitation von Demenz in Klinik + Praxis\" title=\"Sie sehen eine \u00e4ltere Damen mit zornigem negativen Gesichtsausdruck  als Assoziation zum Webseminar f\u00fcr Ergotherapie + Physiotherapie in der Rehabilitation von Demenz in Klinik + Praxis\" srcset=\"https:\/\/www.ergowebinar.de\/intern\/parsed_images\/29b1ee63-395d-4cff-bda3-ab336ed81420.jpg 475w, https:\/\/www.ergowebinar.de\/intern\/parsed_images\/29b1ee63-395d-4cff-bda3-ab336ed81420.jpg 275w\" sizes=\"(max-width: 475px) 100vw, 475px\" itemprop=\"image\" \/>\r\n\t\t\t\t\t\t\t\t\t\t<h6>Demenz - Herausforderndes Verhalten [2FP]<\/h6>\r\n\t\t\t\t\t\t\t\t\t\t\t\t\t\t\t\t\t\t\t\t\t<p class=\"calendarline\"><img decoding=\"async\" class=\"calendar_icon\" src=\"https:\/\/www.ergowebinar.de\/intern\/images\/calendar.png\">22.07.2026 18:00 - 19:00<\/p>\t\r\n\t\t\t\t\t\t\t\t\t\t\t\t\t\t\t\t\t\t\t\t\t<p class=\"liquid_vc_single_text\">Herausfordernde Verhaltensweisen bei Demenzerkrankten k&ouml;nnen auch f&uuml;r Ergotherapeut:innen eine Herausforderung sein. Hintergrundwissen f&uuml;r m&ouml;gliche Gr&uuml;nde und Ausl&ouml;ser sowie ...<\/p>\r\n\t\t\t\t\t\t\t\t\t\t\t\t\t\t\t\t\t\t\t\t\t<p class=\"sempreis\">49 \u20ac<\/p>\r\n\t\t\t\t\t\t\t\t\t\t\t\t\t\t\t\t\t\t\t\t\t\t\t<p class=\"semmwst\"><\/p>\r\n\t\t\t\t\t\t\t\t\t\t\t\t\t\t\t\t\t\t\t\t\t\t\t\r\n\t\t\t\t\t\t\t\t\t<\/a>\r\n\t\t\t\t\t\t\t\t\t\r\n\t\t\t\t\t\t\t\t<\/figure>\r\n\t\t\t\t\t\t\t\t\r\n\t\t\t\t\t\t\t<\/div>\r\n\t\t\t\t\t\t\t\t\t\t\t\t\t\t\r\n\t\t\t\t\t\t<\/div>\r\n\t\t\t\t\t<\/div>\r\n\t\t\t\t<\/div>\r\n\t\t\t\t\t\t\t\t<div class=\"wpb_column vc_column_container vc_col-sm-2\">\r\n\t\t\t\t\t<div class=\"vc_column-inner \" >\r\n\t\t\t\t\t\t<div class=\"wpb_wrapper\" >\r\n\t\t\t\t\t\t\t<div class=\"wpb_single_image wpb_content_element vc_align_ liquid_vc_single_image\">\r\n\t\t\t\t\t\t\t\t\t\t\t\t\t\t\t\t\t<div class=\"sem_overlay\" ><a href=\"https:\/\/online.therapie.ergowebinar.de\/de\/e\/Demenz-traumasensibles-Arbeiten-2FP-89?\r\n\t\t\t\t\t\t\t\t\t\" class=\"btn btn-solid btn-xsm round border-thin btn-has-label jetztstartenbutton\">klicken f\u00fcr Details<\/a><\/div>\r\n\t\t\t\t\t\t\t\t\t\t\t\t\t\t\t\t\t<figure class=\"wpb_wrapper vc_figure\">\r\n\t\t\t\t\t\t\t\t\t<a href=\"online.therapie.ergowebinar.de\/de\/e\/Demenz-traumasensibles-Arbeiten-2FP-89?\r\n\t\t\t\t\t\t\t\t\t\" title=\"Sie sehen eine mit gesenktem Kopf in einer Nebellandschaft stehende Person als Assoziation zum Webseminar \u00fcber traumasenibeles Arbeiten f\u00fcr Ergotherapie + Physiotherapie bei dementiell Erkrankten in Klinik + Praxis\" target=\"_blank\">\r\n\t\t\t\t\t\t\t\t\t\t<img decoding=\"async\" width=\"475\" src=\"https:\/\/www.ergowebinar.de\/intern\/parsed_images\/0bd1352e-7589-4850-a4ed-4fd9323ccd4f.jpg\" class=\"vc_single_image-img attachment-full\" alt=\"Sie sehen eine mit gesenktem Kopf in einer Nebellandschaft stehende Person als Assoziation zum Webseminar \u00fcber traumasenibeles Arbeiten f\u00fcr Ergotherapie + Physiotherapie bei dementiell Erkrankten in Klinik + Praxis\" title=\"Sie sehen eine mit gesenktem Kopf in einer Nebellandschaft stehende Person als Assoziation zum Webseminar \u00fcber traumasenibeles Arbeiten f\u00fcr Ergotherapie + Physiotherapie bei dementiell Erkrankten in Klinik + Praxis\" srcset=\"https:\/\/www.ergowebinar.de\/intern\/parsed_images\/0bd1352e-7589-4850-a4ed-4fd9323ccd4f.jpg 475w, https:\/\/www.ergowebinar.de\/intern\/parsed_images\/0bd1352e-7589-4850-a4ed-4fd9323ccd4f.jpg 275w\" sizes=\"(max-width: 475px) 100vw, 475px\" itemprop=\"image\" \/>\r\n\t\t\t\t\t\t\t\t\t\t<h6>Demenz - traumasensibles Arbeiten [2FP]<\/h6>\r\n\t\t\t\t\t\t\t\t\t\t\t\t\t\t\t\t\t\t\t\t\t<p class=\"calendarline\"><img decoding=\"async\" class=\"calendar_icon\" src=\"https:\/\/www.ergowebinar.de\/intern\/images\/calendar.png\">16.09.2026 18:00 - 19:00<\/p>\t\r\n\t\t\t\t\t\t\t\t\t\t\t\t\t\t\t\t\t\t\t\t\t<p class=\"liquid_vc_single_text\">Die heute hochbetagten demenzerkrankten Menschen sind h&auml;ufig auf vielf&auml;ltige Weise traumatisiert. Krieg, Flucht, Entbehrungen, aber auch der damalige Erziehungsstil haben ihre Spuren hinterlassen ...<\/p>\r\n\t\t\t\t\t\t\t\t\t\t\t\t\t\t\t\t\t\t\t\t\t<p class=\"sempreis\">49 \u20ac<\/p>\r\n\t\t\t\t\t\t\t\t\t\t\t\t\t\t\t\t\t\t\t\t\t\t\t<p class=\"semmwst\"><\/p>\r\n\t\t\t\t\t\t\t\t\t\t\t\t\t\t\t\t\t\t\t\t\t\t\t\r\n\t\t\t\t\t\t\t\t\t<\/a>\r\n\t\t\t\t\t\t\t\t\t\r\n\t\t\t\t\t\t\t\t<\/figure>\r\n\t\t\t\t\t\t\t\t\r\n\t\t\t\t\t\t\t<\/div>\r\n\t\t\t\t\t\t\t\t\t\t\t\t\t\t\r\n\t\t\t\t\t\t<\/div>\r\n\t\t\t\t\t<\/div>\r\n\t\t\t\t<\/div>\r\n\t\t\t\t\t\t\t\t<div class=\"wpb_column vc_column_container vc_col-sm-2\">\r\n\t\t\t\t\t<div class=\"vc_column-inner \" >\r\n\t\t\t\t\t\t<div class=\"wpb_wrapper\" >\r\n\t\t\t\t\t\t\t<div class=\"wpb_single_image wpb_content_element vc_align_ liquid_vc_single_image\">\r\n\t\t\t\t\t\t\t\t\t\t\t\t\t\t\t\t\t<div class=\"sem_overlay\" ><a href=\"https:\/\/online.therapie.ergowebinar.de\/de\/e\/Korsakow-Basic-2-FP-45?\r\n\t\t\t\t\t\t\t\t\t\" class=\"btn btn-solid btn-xsm round border-thin btn-has-label jetztstartenbutton\">klicken f\u00fcr Details<\/a><\/div>\r\n\t\t\t\t\t\t\t\t\t\t\t\t\t\t\t\t\t<figure class=\"wpb_wrapper vc_figure\">\r\n\t\t\t\t\t\t\t\t\t<a href=\"online.therapie.ergowebinar.de\/de\/e\/Korsakow-Basic-2-FP-45?\r\n\t\t\t\t\t\t\t\t\t\" title=\"Sie sehen das Port\u00e4t einer Seniorin , deren hintere Kopfh\u00e4lfte sich morphend ins Nichts aufl\u00f6st, als Assoziation zum Webseminar \u00fcber Korsakow-Demenz f\u00fcr Ergotherapie in der Rehabilitation, Geriatrie, Suchttherapie in Klinik + Praxis\" target=\"_blank\">\r\n\t\t\t\t\t\t\t\t\t\t<img decoding=\"async\" width=\"475\" src=\"https:\/\/www.ergowebinar.de\/intern\/parsed_images\/93a89fdb-6b21-4fc0-8664-c7b74069d417.jpg\" class=\"vc_single_image-img attachment-full\" alt=\"Sie sehen das Port\u00e4t einer Seniorin , deren hintere Kopfh\u00e4lfte sich morphend ins Nichts aufl\u00f6st, als Assoziation zum Webseminar \u00fcber Korsakow-Demenz f\u00fcr Ergotherapie in der Rehabilitation, Geriatrie, Suchttherapie in Klinik + Praxis\" title=\"Sie sehen das Port\u00e4t einer Seniorin , deren hintere Kopfh\u00e4lfte sich morphend ins Nichts aufl\u00f6st, als Assoziation zum Webseminar \u00fcber Korsakow-Demenz f\u00fcr Ergotherapie in der Rehabilitation, Geriatrie, Suchttherapie in Klinik + Praxis\" srcset=\"https:\/\/www.ergowebinar.de\/intern\/parsed_images\/93a89fdb-6b21-4fc0-8664-c7b74069d417.jpg 475w, https:\/\/www.ergowebinar.de\/intern\/parsed_images\/93a89fdb-6b21-4fc0-8664-c7b74069d417.jpg 275w\" sizes=\"(max-width: 475px) 100vw, 475px\" itemprop=\"image\" \/>\r\n\t\t\t\t\t\t\t\t\t\t<h6>Korsakow - Basic [2 FP]<\/h6>\r\n\t\t\t\t\t\t\t\t\t\t\t\t\t\t\t\t\t\t\t\t\t<p class=\"calendarline\"><img decoding=\"async\" class=\"calendar_icon\" src=\"https:\/\/www.ergowebinar.de\/intern\/images\/calendar.png\">07.10.2026 17:45 - 18:45<\/p>\t\r\n\t\t\t\t\t\t\t\t\t\t\t\t\t\t\t\t\t\t\t\t\t<p class=\"liquid_vc_single_text\">Was ist das Besondere an der Korsakow-induzierten Demenz? Wie unterscheiden sich die F&ouml;rderungsm&ouml;glichkeiten und Rahmenbedingungen f&uuml;r gelingendes Verhalten von anderen dementiellen Erkrankungen? ...<\/p>\r\n\t\t\t\t\t\t\t\t\t\t\t\t\t\t\t\t\t\t\t\t\t<p class=\"sempreis\">49 \u20ac<\/p>\r\n\t\t\t\t\t\t\t\t\t\t\t\t\t\t\t\t\t\t\t\t\t\t\t<p class=\"semmwst\"><\/p>\r\n\t\t\t\t\t\t\t\t\t\t\t\t\t\t\t\t\t\t\t\t\t\t\t\r\n\t\t\t\t\t\t\t\t\t<\/a>\r\n\t\t\t\t\t\t\t\t\t\r\n\t\t\t\t\t\t\t\t<\/figure>\r\n\t\t\t\t\t\t\t\t\r\n\t\t\t\t\t\t\t<\/div>\r\n\t\t\t\t\t\t\t\t\t\t\t\t\t\t\r\n\t\t\t\t\t\t<\/div>\r\n\t\t\t\t\t<\/div>\r\n\t\t\t\t<\/div>\r\n\t\t\t\t\t\t\t\t<div class=\"wpb_column vc_column_container vc_col-sm-2\">\r\n\t\t\t\t\t<div class=\"vc_column-inner \" >\r\n\t\t\t\t\t\t<div class=\"wpb_wrapper\" >\r\n\t\t\t\t\t\t\t<div class=\"wpb_single_image wpb_content_element vc_align_ liquid_vc_single_image\">\r\n\t\t\t\t\t\t\t\t\t\t\t\t\t\t\t\t\t<div class=\"sem_overlay\" ><a href=\"https:\/\/online.therapie.ergowebinar.de\/de\/e\/Demenz-Behandlung-von-Depressionen-2FP-332?\r\n\t\t\t\t\t\t\t\t\t\" class=\"btn btn-solid btn-xsm round border-thin btn-has-label jetztstartenbutton\">klicken f\u00fcr Details<\/a><\/div>\r\n\t\t\t\t\t\t\t\t\t\t\t\t\t\t\t\t\t<figure class=\"wpb_wrapper vc_figure\">\r\n\t\t\t\t\t\t\t\t\t<a href=\"online.therapie.ergowebinar.de\/de\/e\/Demenz-Behandlung-von-Depressionen-2FP-332?\r\n\t\t\t\t\t\t\t\t\t\" title=\"Sie sehen eine \u00e4ltere Frau, die den Kopf mit geschlossenen Lidern in ihre Hand st\u00fctzt, als Assoziation zum Webseminar zur Behandlung von Depressionen in der Ergotherapie + Physiotherapie in der Rehabilitation von Demenz  in Klinik + Praxis\" target=\"_blank\">\r\n\t\t\t\t\t\t\t\t\t\t<img decoding=\"async\" width=\"475\" src=\"https:\/\/www.ergowebinar.de\/intern\/parsed_images\/332.jpg\" class=\"vc_single_image-img attachment-full\" alt=\"Sie sehen eine \u00e4ltere Frau, die den Kopf mit geschlossenen Lidern in ihre Hand st\u00fctzt, als Assoziation zum Webseminar zur Behandlung von Depressionen in der Ergotherapie + Physiotherapie in der Rehabilitation von Demenz  in Klinik + Praxis\" title=\"Sie sehen eine \u00e4ltere Frau, die den Kopf mit geschlossenen Lidern in ihre Hand st\u00fctzt, als Assoziation zum Webseminar zur Behandlung von Depressionen in der Ergotherapie + Physiotherapie in der Rehabilitation von Demenz  in Klinik + Praxis\" srcset=\"https:\/\/www.ergowebinar.de\/intern\/parsed_images\/332.jpg 475w, https:\/\/www.ergowebinar.de\/intern\/parsed_images\/332.jpg 275w\" sizes=\"(max-width: 475px) 100vw, 475px\" itemprop=\"image\" \/>\r\n\t\t\t\t\t\t\t\t\t\t<h6>Demenz -  Behandlung von Depressionen [2FP]<\/h6>\r\n\t\t\t\t\t\t\t\t\t\t\t\t\t\t\t\t\t\t\t\t\t<p class=\"calendarline\"><img decoding=\"async\" class=\"calendar_icon\" src=\"https:\/\/www.ergowebinar.de\/intern\/images\/calendar.png\">07.10.2026 18:00 - 19:00<\/p>\t\r\n\t\t\t\t\t\t\t\t\t\t\t\t\t\t\t\t\t\t\t\t\t<p class=\"liquid_vc_single_text\">\r\nGut jeder f&uuml;nfte Mensch mit Demenz ist auch von einer deutlichen depressiven St&ouml;rung betroffen, die die Lebensqualit&auml;t der Betroffenen und der Zugeh&ouml;rigen erheblich belastet.De pressionen ...<\/p>\r\n\t\t\t\t\t\t\t\t\t\t\t\t\t\t\t\t\t\t\t\t\t<p class=\"sempreis\">49 \u20ac<\/p>\r\n\t\t\t\t\t\t\t\t\t\t\t\t\t\t\t\t\t\t\t\t\t\t\t<p class=\"semmwst\"><\/p>\r\n\t\t\t\t\t\t\t\t\t\t\t\t\t\t\t\t\t\t\t\t\t\t\t\r\n\t\t\t\t\t\t\t\t\t<\/a>\r\n\t\t\t\t\t\t\t\t\t\r\n\t\t\t\t\t\t\t\t<\/figure>\r\n\t\t\t\t\t\t\t\t\r\n\t\t\t\t\t\t\t<\/div>\r\n\t\t\t\t\t\t\t\t\t\t\t\t\t\t\r\n\t\t\t\t\t\t<\/div>\r\n\t\t\t\t\t<\/div>\r\n\t\t\t\t<\/div>\r\n\t\t\t\t\t\t\t\t<div class=\"wpb_column vc_column_container vc_col-sm-2\">\r\n\t\t\t\t\t<div class=\"vc_column-inner \" >\r\n\t\t\t\t\t\t<div class=\"wpb_wrapper\" >\r\n\t\t\t\t\t\t\t<div class=\"wpb_single_image wpb_content_element vc_align_ liquid_vc_single_image\">\r\n\t\t\t\t\t\t\t\t\t\t\t\t\t\t\t\t\t<div class=\"sem_overlay\" ><a href=\"https:\/\/online.therapie.ergowebinar.de\/de\/e\/Korsakow-ergotherapeutische-Anamnese-und-Befund-2-FP-46?\r\n\t\t\t\t\t\t\t\t\t\" class=\"btn btn-solid btn-xsm round border-thin btn-has-label jetztstartenbutton\">klicken f\u00fcr Details<\/a><\/div>\r\n\t\t\t\t\t\t\t\t\t\t\t\t\t\t\t\t\t<figure class=\"wpb_wrapper vc_figure\">\r\n\t\t\t\t\t\t\t\t\t<a href=\"online.therapie.ergowebinar.de\/de\/e\/Korsakow-ergotherapeutische-Anamnese-und-Befund-2-FP-46?\r\n\t\t\t\t\t\t\t\t\t\" title=\"Sie sehen einen am Tisch sitzenden Mann, der verzweifelt den Kopf abst\u00fctzt, als Assoziation zum Webseminar \u00fcber die Therapie bei Korsakow-Demenz f\u00fcr Ergotherapie in der Rehabilitation, Geriatrie, Suchttherapie in Klinik + Praxis\" target=\"_blank\">\r\n\t\t\t\t\t\t\t\t\t\t<img decoding=\"async\" width=\"475\" src=\"https:\/\/www.ergowebinar.de\/intern\/parsed_images\/69a2faa0-ca29-4122-9df2-1a315b4b5477.jpg\" class=\"vc_single_image-img attachment-full\" alt=\"Sie sehen einen am Tisch sitzenden Mann, der verzweifelt den Kopf abst\u00fctzt, als Assoziation zum Webseminar \u00fcber die Therapie bei Korsakow-Demenz f\u00fcr Ergotherapie in der Rehabilitation, Geriatrie, Suchttherapie in Klinik + Praxis\" title=\"Sie sehen einen am Tisch sitzenden Mann, der verzweifelt den Kopf abst\u00fctzt, als Assoziation zum Webseminar \u00fcber die Therapie bei Korsakow-Demenz f\u00fcr Ergotherapie in der Rehabilitation, Geriatrie, Suchttherapie in Klinik + Praxis\" srcset=\"https:\/\/www.ergowebinar.de\/intern\/parsed_images\/69a2faa0-ca29-4122-9df2-1a315b4b5477.jpg 475w, https:\/\/www.ergowebinar.de\/intern\/parsed_images\/69a2faa0-ca29-4122-9df2-1a315b4b5477.jpg 275w\" sizes=\"(max-width: 475px) 100vw, 475px\" itemprop=\"image\" \/>\r\n\t\t\t\t\t\t\t\t\t\t<h6>Korsakow - ergotherapeutische Anamnese und Befund [2 FP]<\/h6>\r\n\t\t\t\t\t\t\t\t\t\t\t\t\t\t\t\t\t\t\t\t\t<p class=\"calendarline\"><img decoding=\"async\" class=\"calendar_icon\" src=\"https:\/\/www.ergowebinar.de\/intern\/images\/calendar.png\">14.10.2026 17:45 - 18:45<\/p>\t\r\n\t\t\t\t\t\t\t\t\t\t\t\t\t\t\t\t\t\t\t\t\t<p class=\"liquid_vc_single_text\">Der orientierende und der vertiefte Befundaufnahmeprozess sind die halbe Miete! Dieses Webinar vermittelt den grundlegenden Behandlungsansatz bei Korsakow nach Gudrun Schaade. Schwerpunkt und Grundlage ...<\/p>\r\n\t\t\t\t\t\t\t\t\t\t\t\t\t\t\t\t\t\t\t\t\t<p class=\"sempreis\">49 \u20ac<\/p>\r\n\t\t\t\t\t\t\t\t\t\t\t\t\t\t\t\t\t\t\t\t\t\t\t<p class=\"semmwst\"><\/p>\r\n\t\t\t\t\t\t\t\t\t\t\t\t\t\t\t\t\t\t\t\t\t\t\t\r\n\t\t\t\t\t\t\t\t\t<\/a>\r\n\t\t\t\t\t\t\t\t\t\r\n\t\t\t\t\t\t\t\t<\/figure>\r\n\t\t\t\t\t\t\t\t\r\n\t\t\t\t\t\t\t<\/div>\r\n\t\t\t\t\t\t\t\t\t\t\t\t\t\t\r\n\t\t\t\t\t\t<\/div>\r\n\t\t\t\t\t<\/div>\r\n\t\t\t\t<\/div>\r\n\t\t\t\t\t\t\t\t<div class=\"wpb_column vc_column_container vc_col-sm-2\">\r\n\t\t\t\t\t<div class=\"vc_column-inner \" >\r\n\t\t\t\t\t\t<div class=\"wpb_wrapper\" >\r\n\t\t\t\t\t\t\t<div class=\"wpb_single_image wpb_content_element vc_align_ liquid_vc_single_image\">\r\n\t\t\t\t\t\t\t\t\t\t\t\t\t\t\t\t\t<div class=\"sem_overlay\" ><a href=\"https:\/\/online.therapie.ergowebinar.de\/de\/e\/Demenz-Wohnraumanpassung-im-haeuslichen-Umfeld-2FP-84?\r\n\t\t\t\t\t\t\t\t\t\" class=\"btn btn-solid btn-xsm round border-thin btn-has-label jetztstartenbutton\">klicken f\u00fcr Details<\/a><\/div>\r\n\t\t\t\t\t\t\t\t\t\t\t\t\t\t\t\t\t<figure class=\"wpb_wrapper vc_figure\">\r\n\t\t\t\t\t\t\t\t\t<a href=\"online.therapie.ergowebinar.de\/de\/e\/Demenz-Wohnraumanpassung-im-haeuslichen-Umfeld-2FP-84?\r\n\t\t\t\t\t\t\t\t\t\" title=\"Sie sehen eine Haust\u00fcr von innen mit nach oben zeigender Innentreppe  als Assoziation zum Webseminar f\u00fcr Ergotherapie + Physiotherapie in der Rehabilitation Demenz  in Klinik + Praxis\" target=\"_blank\">\r\n\t\t\t\t\t\t\t\t\t\t<img decoding=\"async\" width=\"475\" src=\"https:\/\/www.ergowebinar.de\/intern\/parsed_images\/131577ac-8583-4695-a6dd-930c2ced1156.jpg\" class=\"vc_single_image-img attachment-full\" alt=\"Sie sehen eine Haust\u00fcr von innen mit nach oben zeigender Innentreppe  als Assoziation zum Webseminar f\u00fcr Ergotherapie + Physiotherapie in der Rehabilitation Demenz  in Klinik + Praxis\" title=\"Sie sehen eine Haust\u00fcr von innen mit nach oben zeigender Innentreppe  als Assoziation zum Webseminar f\u00fcr Ergotherapie + Physiotherapie in der Rehabilitation Demenz  in Klinik + Praxis\" srcset=\"https:\/\/www.ergowebinar.de\/intern\/parsed_images\/131577ac-8583-4695-a6dd-930c2ced1156.jpg 475w, https:\/\/www.ergowebinar.de\/intern\/parsed_images\/131577ac-8583-4695-a6dd-930c2ced1156.jpg 275w\" sizes=\"(max-width: 475px) 100vw, 475px\" itemprop=\"image\" \/>\r\n\t\t\t\t\t\t\t\t\t\t<h6>Demenz - Wohnraumanpassung im h\u00e4uslichen Umfeld [2FP]<\/h6>\r\n\t\t\t\t\t\t\t\t\t\t\t\t\t\t\t\t\t\t\t\t\t<p class=\"calendarline\"><img decoding=\"async\" class=\"calendar_icon\" src=\"https:\/\/www.ergowebinar.de\/intern\/images\/calendar.png\">14.10.2026 18:00 - 19:00<\/p>\t\r\n\t\t\t\t\t\t\t\t\t\t\t\t\t\t\t\t\t\t\t\t\t<p class=\"liquid_vc_single_text\">Die Gestaltung der Umwelt hat einen erheblichen Einfluss auf das Eingebundensein in Bet&auml;tigung und die Fertigkeiten vom Menschen mit Demenz. Schon kleine Interventionen im Rahmen der Wohnraumanpassung ...<\/p>\r\n\t\t\t\t\t\t\t\t\t\t\t\t\t\t\t\t\t\t\t\t\t<p class=\"sempreis\">49 \u20ac<\/p>\r\n\t\t\t\t\t\t\t\t\t\t\t\t\t\t\t\t\t\t\t\t\t\t\t<p class=\"semmwst\"><\/p>\r\n\t\t\t\t\t\t\t\t\t\t\t\t\t\t\t\t\t\t\t\t\t\t\t\r\n\t\t\t\t\t\t\t\t\t<\/a>\r\n\t\t\t\t\t\t\t\t\t\r\n\t\t\t\t\t\t\t\t<\/figure>\r\n\t\t\t\t\t\t\t\t\r\n\t\t\t\t\t\t\t<\/div>\r\n\t\t\t\t\t\t\t\t\t\t\t\t\t\t\r\n\t\t\t\t\t\t<\/div>\r\n\t\t\t\t\t<\/div>\r\n\t\t\t\t<\/div>\r\n\t\t\t\t\t\t\t\t<div class=\"wpb_column vc_column_container vc_col-sm-2\">\r\n\t\t\t\t\t<div class=\"vc_column-inner \" >\r\n\t\t\t\t\t\t<div class=\"wpb_wrapper\" >\r\n\t\t\t\t\t\t\t<div class=\"wpb_single_image wpb_content_element vc_align_ liquid_vc_single_image\">\r\n\t\t\t\t\t\t\t\t\t\t\t\t\t\t\t\t\t<div class=\"sem_overlay\" ><a href=\"https:\/\/online.therapie.ergowebinar.de\/de\/e\/Korsakow-ergotherapeutischer-Leitpfad-2-FP-47?\r\n\t\t\t\t\t\t\t\t\t\" class=\"btn btn-solid btn-xsm round border-thin btn-has-label jetztstartenbutton\">klicken f\u00fcr Details<\/a><\/div>\r\n\t\t\t\t\t\t\t\t\t\t\t\t\t\t\t\t\t<figure class=\"wpb_wrapper vc_figure\">\r\n\t\t\t\t\t\t\t\t\t<a href=\"online.therapie.ergowebinar.de\/de\/e\/Korsakow-ergotherapeutischer-Leitpfad-2-FP-47?\r\n\t\t\t\t\t\t\t\t\t\" title=\"Sie sehen eine mehrspurige stark befahrene Strasse in eine Langzeitbelichtung am Abend als Assoziation zum Webseminar leitpfadgest\u00fctzte Therapie bei Korsakow-Demenz f\u00fcr Ergotherapie in der Geriatrie, Suchttherapie und Rehabilitation in Klinik + Praxis\" target=\"_blank\">\r\n\t\t\t\t\t\t\t\t\t\t<img decoding=\"async\" width=\"475\" src=\"https:\/\/www.ergowebinar.de\/intern\/parsed_images\/54280298-4d09-4c81-9e63-e36794c0de8a.jpg\" class=\"vc_single_image-img attachment-full\" alt=\"Sie sehen eine mehrspurige stark befahrene Strasse in eine Langzeitbelichtung am Abend als Assoziation zum Webseminar leitpfadgest\u00fctzte Therapie bei Korsakow-Demenz f\u00fcr Ergotherapie in der Geriatrie, Suchttherapie und Rehabilitation in Klinik + Praxis\" title=\"Sie sehen eine mehrspurige stark befahrene Strasse in eine Langzeitbelichtung am Abend als Assoziation zum Webseminar leitpfadgest\u00fctzte Therapie bei Korsakow-Demenz f\u00fcr Ergotherapie in der Geriatrie, Suchttherapie und Rehabilitation in Klinik + Praxis\" srcset=\"https:\/\/www.ergowebinar.de\/intern\/parsed_images\/54280298-4d09-4c81-9e63-e36794c0de8a.jpg 475w, https:\/\/www.ergowebinar.de\/intern\/parsed_images\/54280298-4d09-4c81-9e63-e36794c0de8a.jpg 275w\" sizes=\"(max-width: 475px) 100vw, 475px\" itemprop=\"image\" \/>\r\n\t\t\t\t\t\t\t\t\t\t<h6>Korsakow - ergotherapeutischer Leitpfad [2 FP]<\/h6>\r\n\t\t\t\t\t\t\t\t\t\t\t\t\t\t\t\t\t\t\t\t\t<p class=\"calendarline\"><img decoding=\"async\" class=\"calendar_icon\" src=\"https:\/\/www.ergowebinar.de\/intern\/images\/calendar.png\">21.10.2026 17:45 - 18:45<\/p>\t\r\n\t\t\t\t\t\t\t\t\t\t\t\t\t\t\t\t\t\t\t\t\t<p class=\"liquid_vc_single_text\">F&uuml;r die l&ouml;sungsorientierte Alltagsgestaltung Korsakowbetroffener stelle ich hier Therapieideen und -methoden in Videobeispielen vor. Dieses Webinar vermittelt praxisbezogen m&ouml;gliche Therapieinhalte ...<\/p>\r\n\t\t\t\t\t\t\t\t\t\t\t\t\t\t\t\t\t\t\t\t\t<p class=\"sempreis\">49 \u20ac<\/p>\r\n\t\t\t\t\t\t\t\t\t\t\t\t\t\t\t\t\t\t\t\t\t\t\t<p class=\"semmwst\"><\/p>\r\n\t\t\t\t\t\t\t\t\t\t\t\t\t\t\t\t\t\t\t\t\t\t\t\r\n\t\t\t\t\t\t\t\t\t<\/a>\r\n\t\t\t\t\t\t\t\t\t\r\n\t\t\t\t\t\t\t\t<\/figure>\r\n\t\t\t\t\t\t\t\t\r\n\t\t\t\t\t\t\t<\/div>\r\n\t\t\t\t\t\t\t\t\t\t\t\t\t\t\r\n\t\t\t\t\t\t<\/div>\r\n\t\t\t\t\t<\/div>\r\n\t\t\t\t<\/div>\r\n\t\t\t\t\t\t\t\t<div class=\"wpb_column vc_column_container vc_col-sm-2\">\r\n\t\t\t\t\t<div class=\"vc_column-inner \" >\r\n\t\t\t\t\t\t<div class=\"wpb_wrapper\" >\r\n\t\t\t\t\t\t\t<div class=\"wpb_single_image wpb_content_element vc_align_ liquid_vc_single_image\">\r\n\t\t\t\t\t\t\t\t\t\t\t\t\t\t\t\t\t<div class=\"sem_overlay\" ><a href=\"https:\/\/online.therapie.ergowebinar.de\/de\/e\/Biografiearbeit-bei-fortgeschrittener-Demenz-2FP-94?\r\n\t\t\t\t\t\t\t\t\t\" class=\"btn btn-solid btn-xsm round border-thin btn-has-label jetztstartenbutton\">klicken f\u00fcr Details<\/a><\/div>\r\n\t\t\t\t\t\t\t\t\t\t\t\t\t\t\t\t\t<figure class=\"wpb_wrapper vc_figure\">\r\n\t\t\t\t\t\t\t\t\t<a href=\"online.therapie.ergowebinar.de\/de\/e\/Biografiearbeit-bei-fortgeschrittener-Demenz-2FP-94?\r\n\t\t\t\t\t\t\t\t\t\" title=\"Sie sehen eine Tasse, die von einer Hand einer \u00e4lteren Person gehoben wird, als Assoziation zum Webseminar f\u00fcr Ergotherapie + Physiotherapie in der Rehabilitation von Biografiearbeit bei demenziell erkrankten Personen in Senioreneinrichtungen + Praxis\" target=\"_blank\">\r\n\t\t\t\t\t\t\t\t\t\t<img decoding=\"async\" width=\"475\" src=\"https:\/\/www.ergowebinar.de\/intern\/parsed_images\/3d55eb78-f176-43ef-9269-d682077e51de.jpg\" class=\"vc_single_image-img attachment-full\" alt=\"Sie sehen eine Tasse, die von einer Hand einer \u00e4lteren Person gehoben wird, als Assoziation zum Webseminar f\u00fcr Ergotherapie + Physiotherapie in der Rehabilitation von Biografiearbeit bei demenziell erkrankten Personen in Senioreneinrichtungen + Praxis\" title=\"Sie sehen eine Tasse, die von einer Hand einer \u00e4lteren Person gehoben wird, als Assoziation zum Webseminar f\u00fcr Ergotherapie + Physiotherapie in der Rehabilitation von Biografiearbeit bei demenziell erkrankten Personen in Senioreneinrichtungen + Praxis\" srcset=\"https:\/\/www.ergowebinar.de\/intern\/parsed_images\/3d55eb78-f176-43ef-9269-d682077e51de.jpg 475w, https:\/\/www.ergowebinar.de\/intern\/parsed_images\/3d55eb78-f176-43ef-9269-d682077e51de.jpg 275w\" sizes=\"(max-width: 475px) 100vw, 475px\" itemprop=\"image\" \/>\r\n\t\t\t\t\t\t\t\t\t\t<h6>Biografiearbeit bei fortgeschrittener Demenz [2FP]<\/h6>\r\n\t\t\t\t\t\t\t\t\t\t\t\t\t\t\t\t\t\t\t\t\t<p class=\"calendarline\"><img decoding=\"async\" class=\"calendar_icon\" src=\"https:\/\/www.ergowebinar.de\/intern\/images\/calendar.png\">21.10.2026 18:00 - 19:00<\/p>\t\r\n\t\t\t\t\t\t\t\t\t\t\t\t\t\t\t\t\t\t\t\t\t<p class=\"liquid_vc_single_text\">Biografiearbeit gewinnt bei fortgeschrittener Demenzerkrankung zunehmend an Bedeutung. Ergotherapeuten k&ouml;nnen das Langzeitged&auml;chtnis der betroffenen Patienten nutzen um noch vorhandene Interessen ...<\/p>\r\n\t\t\t\t\t\t\t\t\t\t\t\t\t\t\t\t\t\t\t\t\t<p class=\"sempreis\">49 \u20ac<\/p>\r\n\t\t\t\t\t\t\t\t\t\t\t\t\t\t\t\t\t\t\t\t\t\t\t<p class=\"semmwst\"><\/p>\r\n\t\t\t\t\t\t\t\t\t\t\t\t\t\t\t\t\t\t\t\t\t\t\t\r\n\t\t\t\t\t\t\t\t\t<\/a>\r\n\t\t\t\t\t\t\t\t\t\r\n\t\t\t\t\t\t\t\t<\/figure>\r\n\t\t\t\t\t\t\t\t\r\n\t\t\t\t\t\t\t<\/div>\r\n\t\t\t\t\t\t\t\t\t\t\t\t\t\t\r\n\t\t\t\t\t\t<\/div>\r\n\t\t\t\t\t<\/div>\r\n\t\t\t\t<\/div>\r\n\t\t\t\t\t\t\t<\/div><\/div><\/div>\r\n\t\t\t\t\t<a name=\"seminarenachdatum\"><\/a>\r\n\t\t<a name=\"Thema1\"><\/a>\r\n\t\t<h2 class=\"ld-fh-element lqd-highlight-underline lqd-highlight-grow-left text-decoration-default h3 ldsemheadline\">Geriatrie<\/h2>\r\n\t\t\t\t\t<div class=\"vc_row vc_inner\">\r\n\t\t\t<div class=\"ld-container container-fluid\">\r\n\t\t\t<div class=\"row ld-row ld-row-inner\">\r\n\t\t\t\t\t\t\t<div class=\"wpb_column vc_column_container vc_col-sm-2\">\r\n\t\t\t\t\t<div class=\"vc_column-inner \" >\r\n\t\t\t\t\t\t<div class=\"wpb_wrapper\" >\r\n\t\t\t\t\t\t\t<div class=\"wpb_single_image wpb_content_element vc_align_ liquid_vc_single_image\">\r\n\t\t\t\t\t\t\t\t\t\t\t\t\t\t\t\t\t<div class=\"sem_overlay\" ><a href=\"https:\/\/online.therapie.ergowebinar.de\/de\/e\/Backward-Chaining-das-Lernprinzip-bei-schweren-kognitiven-Beeintraechtigungen-2-FP-223?\r\n\t\t\t\t\t\t\t\t\t\" class=\"btn btn-solid btn-xsm round border-thin btn-has-label jetztstartenbutton\">klicken f\u00fcr Details<\/a><\/div>\r\n\t\t\t\t\t\t\t\t\t\t\t\t\t\t\t\t\t<figure class=\"wpb_wrapper vc_figure\">\r\n\t\t\t\t\t\t\t\t\t<a href=\"online.therapie.ergowebinar.de\/de\/e\/Backward-Chaining-das-Lernprinzip-bei-schweren-kognitiven-Beeintraechtigungen-2-FP-223?\r\n\t\t\t\t\t\t\t\t\t\" title=\"Sie sehen im rechten Seitenspiegel eines Autos einen Teil der Karosse und einen Sonnenuntergang als Assoziation zum Webseminar f\u00fcr Ergotherapie + Physiotherapie in der Rehabilitation von Schlaganfall + Apoplex in Klinik + Praxis\" target=\"_blank\">\r\n\t\t\t\t\t\t\t\t\t\t<img decoding=\"async\" width=\"475\" src=\"https:\/\/www.ergowebinar.de\/intern\/parsed_images\/523eca67-312c-430b-98d6-b9aecbf0bba0.jpg\" class=\"vc_single_image-img attachment-full\" alt=\"Sie sehen im rechten Seitenspiegel eines Autos einen Teil der Karosse und einen Sonnenuntergang als Assoziation zum Webseminar f\u00fcr Ergotherapie + Physiotherapie in der Rehabilitation von Schlaganfall + Apoplex in Klinik + Praxis\" title=\"Sie sehen im rechten Seitenspiegel eines Autos einen Teil der Karosse und einen Sonnenuntergang als Assoziation zum Webseminar f\u00fcr Ergotherapie + Physiotherapie in der Rehabilitation von Schlaganfall + Apoplex in Klinik + Praxis\" srcset=\"https:\/\/www.ergowebinar.de\/intern\/parsed_images\/523eca67-312c-430b-98d6-b9aecbf0bba0.jpg 475w, https:\/\/www.ergowebinar.de\/intern\/parsed_images\/523eca67-312c-430b-98d6-b9aecbf0bba0.jpg 275w\" sizes=\"(max-width: 475px) 100vw, 475px\" itemprop=\"image\" \/>\r\n\t\t\t\t\t\t\t\t\t\t<h6>Backward Chaining \u2013 das Lernprinzip bei schweren kognitiven Beeintr\u00e4chtigungen [2 FP]<\/h6>\r\n\t\t\t\t\t\t\t\t\t\t\t\t\t\t\t\t\t\t\t\t\t<p class=\"calendarline\"><img decoding=\"async\" class=\"calendar_icon\" src=\"https:\/\/www.ergowebinar.de\/intern\/images\/calendar.png\">05.05.2026 20:00 - 21:00<\/p>\t\r\n\t\t\t\t\t\t\t\t\t\t\t\t\t\t\t\t\t\t\t\t\t<p class=\"liquid_vc_single_text\">Eine Alltagshandlung vom vollendeten Schluss her r&uuml;ckw&auml;rts zur Therapie einzusetzen, ist die einfachste Lerntechnik. Sie ist auch bei komplexen kognitiven Einschr&auml;nkungen und Demenz noch ...<\/p>\r\n\t\t\t\t\t\t\t\t\t\t\t\t\t\t\t\t\t\t\t\t\t<p class=\"sempreis\">49 \u20ac<\/p>\r\n\t\t\t\t\t\t\t\t\t\t\t\t\t\t\t\t\t\t\t\t\t\t\t<p class=\"semmwst\"><\/p>\r\n\t\t\t\t\t\t\t\t\t\t\t\t\t\t\t\t\t\t\t\t\t\t\t\r\n\t\t\t\t\t\t\t\t\t<\/a>\r\n\t\t\t\t\t\t\t\t\t\r\n\t\t\t\t\t\t\t\t<\/figure>\r\n\t\t\t\t\t\t\t\t\r\n\t\t\t\t\t\t\t<\/div>\r\n\t\t\t\t\t\t\t\t\t\t\t\t\t\t\r\n\t\t\t\t\t\t<\/div>\r\n\t\t\t\t\t<\/div>\r\n\t\t\t\t<\/div>\r\n\t\t\t\t\t\t\t\t<div class=\"wpb_column vc_column_container vc_col-sm-2\">\r\n\t\t\t\t\t<div class=\"vc_column-inner \" >\r\n\t\t\t\t\t\t<div class=\"wpb_wrapper\" >\r\n\t\t\t\t\t\t\t<div class=\"wpb_single_image wpb_content_element vc_align_ liquid_vc_single_image\">\r\n\t\t\t\t\t\t\t\t\t\t\t\t\t\t\t\t\t<div class=\"sem_overlay\" ><a href=\"https:\/\/online.therapie.ergowebinar.de\/de\/e\/AtemYoga-entdecken-Atempraxis-fuer-Senioren-2-FP-172?\r\n\t\t\t\t\t\t\t\t\t\" class=\"btn btn-solid btn-xsm round border-thin btn-has-label jetztstartenbutton\">klicken f\u00fcr Details<\/a><\/div>\r\n\t\t\t\t\t\t\t\t\t\t\t\t\t\t\t\t\t<figure class=\"wpb_wrapper vc_figure\">\r\n\t\t\t\t\t\t\t\t\t<a href=\"online.therapie.ergowebinar.de\/de\/e\/AtemYoga-entdecken-Atempraxis-fuer-Senioren-2-FP-172?\r\n\t\t\t\t\t\t\t\t\t\" title=\"Sie sehen eine etwa 40-j\u00e4hrige Frau, die Seifenblasen pustet als Assoziation zum Webseminar f\u00fcr Ergotherapie + Physiotherapie in der NeuroReha, SchmerzReha, Geriatrie, Orthop\u00e4die, bei Rheuma, Fatigue und Post + LongCovid in Klinik + Praxis\" target=\"_blank\">\r\n\t\t\t\t\t\t\t\t\t\t<img decoding=\"async\" width=\"475\" src=\"https:\/\/www.ergowebinar.de\/intern\/parsed_images\/bef7a0c5-1da0-4c41-a1b4-636269265289.jpg\" class=\"vc_single_image-img attachment-full\" alt=\"Sie sehen eine etwa 40-j\u00e4hrige Frau, die Seifenblasen pustet als Assoziation zum Webseminar f\u00fcr Ergotherapie + Physiotherapie in der NeuroReha, SchmerzReha, Geriatrie, Orthop\u00e4die, bei Rheuma, Fatigue und Post + LongCovid in Klinik + Praxis\" title=\"Sie sehen eine etwa 40-j\u00e4hrige Frau, die Seifenblasen pustet als Assoziation zum Webseminar f\u00fcr Ergotherapie + Physiotherapie in der NeuroReha, SchmerzReha, Geriatrie, Orthop\u00e4die, bei Rheuma, Fatigue und Post + LongCovid in Klinik + Praxis\" srcset=\"https:\/\/www.ergowebinar.de\/intern\/parsed_images\/bef7a0c5-1da0-4c41-a1b4-636269265289.jpg 475w, https:\/\/www.ergowebinar.de\/intern\/parsed_images\/bef7a0c5-1da0-4c41-a1b4-636269265289.jpg 275w\" sizes=\"(max-width: 475px) 100vw, 475px\" itemprop=\"image\" \/>\r\n\t\t\t\t\t\t\t\t\t\t<h6>AtemYoga entdecken - Atempraxis f\u00fcr Senioren [2 FP]<\/h6>\r\n\t\t\t\t\t\t\t\t\t\t\t\t\t\t\t\t\t\t\t\t\t<p class=\"calendarline\"><img decoding=\"async\" class=\"calendar_icon\" src=\"https:\/\/www.ergowebinar.de\/intern\/images\/calendar.png\">06.05.2026 18:30 - 19:30<\/p>\t\r\n\t\t\t\t\t\t\t\t\t\t\t\t\t\t\t\t\t\t\t\t\t<p class=\"liquid_vc_single_text\">Gerade bei &auml;lteren Klient:innen tr&auml;gt die Auswahl der erforderlichen Assessments &amp; Therapieinhalte ma&szlig;geblich zum Erfolg der Therapie bei. In diesen Themenblock lernen sie die Bedeutung ...<\/p>\r\n\t\t\t\t\t\t\t\t\t\t\t\t\t\t\t\t\t\t\t\t\t<p class=\"sempreis\">49 \u20ac<\/p>\r\n\t\t\t\t\t\t\t\t\t\t\t\t\t\t\t\t\t\t\t\t\t\t\t<p class=\"semmwst\"><\/p>\r\n\t\t\t\t\t\t\t\t\t\t\t\t\t\t\t\t\t\t\t\t\t\t\t\r\n\t\t\t\t\t\t\t\t\t<\/a>\r\n\t\t\t\t\t\t\t\t\t\r\n\t\t\t\t\t\t\t\t<\/figure>\r\n\t\t\t\t\t\t\t\t\r\n\t\t\t\t\t\t\t<\/div>\r\n\t\t\t\t\t\t\t\t\t\t\t\t\t\t\r\n\t\t\t\t\t\t<\/div>\r\n\t\t\t\t\t<\/div>\r\n\t\t\t\t<\/div>\r\n\t\t\t\t\t\t\t\t<div class=\"wpb_column vc_column_container vc_col-sm-2\">\r\n\t\t\t\t\t<div class=\"vc_column-inner \" >\r\n\t\t\t\t\t\t<div class=\"wpb_wrapper\" >\r\n\t\t\t\t\t\t\t<div class=\"wpb_single_image wpb_content_element vc_align_ liquid_vc_single_image\">\r\n\t\t\t\t\t\t\t\t\t\t\t\t\t\t\t\t\t<div class=\"sem_overlay\" ><a href=\"https:\/\/online.therapie.ergowebinar.de\/de\/e\/Sturzpraevention-Basic-aktiv-und-sicher-im-Alter-2FP-68?\r\n\t\t\t\t\t\t\t\t\t\" class=\"btn btn-solid btn-xsm round border-thin btn-has-label jetztstartenbutton\">klicken f\u00fcr Details<\/a><\/div>\r\n\t\t\t\t\t\t\t\t\t\t\t\t\t\t\t\t\t<figure class=\"wpb_wrapper vc_figure\">\r\n\t\t\t\t\t\t\t\t\t<a href=\"online.therapie.ergowebinar.de\/de\/e\/Sturzpraevention-Basic-aktiv-und-sicher-im-Alter-2FP-68?\r\n\t\t\t\t\t\t\t\t\t\" title=\"Sie sehen ein Paar F\u00fc\u00dfe in Nahaufnahme, von denen einer auf einer Bananenschale ausrutscht, als Assoziation zum Webseminar zum Basiswissen \u00fcber Sturzpr\u00e4vention f\u00fcr Ergotherapie + Physiotherapie in der Rehabilitation in Klinik + Praxis\" target=\"_blank\">\r\n\t\t\t\t\t\t\t\t\t\t<img decoding=\"async\" width=\"475\" src=\"https:\/\/www.ergowebinar.de\/intern\/parsed_images\/dfe3aec3-9f8b-4dee-b5cb-f0233ba022bf.jpg\" class=\"vc_single_image-img attachment-full\" alt=\"Sie sehen ein Paar F\u00fc\u00dfe in Nahaufnahme, von denen einer auf einer Bananenschale ausrutscht, als Assoziation zum Webseminar zum Basiswissen \u00fcber Sturzpr\u00e4vention f\u00fcr Ergotherapie + Physiotherapie in der Rehabilitation in Klinik + Praxis\" title=\"Sie sehen ein Paar F\u00fc\u00dfe in Nahaufnahme, von denen einer auf einer Bananenschale ausrutscht, als Assoziation zum Webseminar zum Basiswissen \u00fcber Sturzpr\u00e4vention f\u00fcr Ergotherapie + Physiotherapie in der Rehabilitation in Klinik + Praxis\" srcset=\"https:\/\/www.ergowebinar.de\/intern\/parsed_images\/dfe3aec3-9f8b-4dee-b5cb-f0233ba022bf.jpg 475w, https:\/\/www.ergowebinar.de\/intern\/parsed_images\/dfe3aec3-9f8b-4dee-b5cb-f0233ba022bf.jpg 275w\" sizes=\"(max-width: 475px) 100vw, 475px\" itemprop=\"image\" \/>\r\n\t\t\t\t\t\t\t\t\t\t<h6>Sturzpr\u00e4vention Basic - aktiv und sicher im Alter [2FP]<\/h6>\r\n\t\t\t\t\t\t\t\t\t\t\t\t\t\t\t\t\t\t\t\t\t<p class=\"calendarline\"><img decoding=\"async\" class=\"calendar_icon\" src=\"https:\/\/www.ergowebinar.de\/intern\/images\/calendar.png\">11.05.2026 16:45 - 17:45<\/p>\t\r\n\t\t\t\t\t\t\t\t\t\t\t\t\t\t\t\t\t\t\t\t\t<p class=\"liquid_vc_single_text\">Regelm&auml;&szlig;ige k&ouml;rperliche Aktivit&auml;t leistet einen wichtigen Beitrag zur Aufrechterhaltung von Gesundheit und Wohlbefinden und hat einen nachgewiesenen lebensverl&auml;ngernden Effekt. ...<\/p>\r\n\t\t\t\t\t\t\t\t\t\t\t\t\t\t\t\t\t\t\t\t\t<p class=\"sempreis\">49 \u20ac<\/p>\r\n\t\t\t\t\t\t\t\t\t\t\t\t\t\t\t\t\t\t\t\t\t\t\t<p class=\"semmwst\"><\/p>\r\n\t\t\t\t\t\t\t\t\t\t\t\t\t\t\t\t\t\t\t\t\t\t\t\r\n\t\t\t\t\t\t\t\t\t<\/a>\r\n\t\t\t\t\t\t\t\t\t\r\n\t\t\t\t\t\t\t\t<\/figure>\r\n\t\t\t\t\t\t\t\t\r\n\t\t\t\t\t\t\t<\/div>\r\n\t\t\t\t\t\t\t\t\t\t\t\t\t\t\r\n\t\t\t\t\t\t<\/div>\r\n\t\t\t\t\t<\/div>\r\n\t\t\t\t<\/div>\r\n\t\t\t\t\t\t\t\t<div class=\"wpb_column vc_column_container vc_col-sm-2\">\r\n\t\t\t\t\t<div class=\"vc_column-inner \" >\r\n\t\t\t\t\t\t<div class=\"wpb_wrapper\" >\r\n\t\t\t\t\t\t\t<div class=\"wpb_single_image wpb_content_element vc_align_ liquid_vc_single_image\">\r\n\t\t\t\t\t\t\t\t\t\t\t\t\t\t\t\t\t<div class=\"sem_overlay\" ><a href=\"https:\/\/online.therapie.ergowebinar.de\/de\/e\/Geriatrie-Kognitionstraining-in-Bewegung-2FP-322?\r\n\t\t\t\t\t\t\t\t\t\" class=\"btn btn-solid btn-xsm round border-thin btn-has-label jetztstartenbutton\">klicken f\u00fcr Details<\/a><\/div>\r\n\t\t\t\t\t\t\t\t\t\t\t\t\t\t\t\t\t<figure class=\"wpb_wrapper vc_figure\">\r\n\t\t\t\t\t\t\t\t\t<a href=\"online.therapie.ergowebinar.de\/de\/e\/Geriatrie-Kognitionstraining-in-Bewegung-2FP-322?\r\n\t\t\t\t\t\t\t\t\t\" title=\"Sie sehen eine Person durch ein aus Steinen gelegtes Labyrinth am Strand gehen als Symbol zum Webinar \u00fcber kognitiv-motorisches Kombinationstraining in Geriatrie, bei Demenz und Kognitionstraining f\u00fcr Ergotherapie + Physiotherapie in der Klinik + Praxis\" target=\"_blank\">\r\n\t\t\t\t\t\t\t\t\t\t<img decoding=\"async\" width=\"475\" src=\"https:\/\/www.ergowebinar.de\/intern\/parsed_images\/e37a68cb-1fde-4d37-9c8c-ce4e8e8f51d6.jpg\" class=\"vc_single_image-img attachment-full\" alt=\"Sie sehen eine Person durch ein aus Steinen gelegtes Labyrinth am Strand gehen als Symbol zum Webinar \u00fcber kognitiv-motorisches Kombinationstraining in Geriatrie, bei Demenz und Kognitionstraining f\u00fcr Ergotherapie + Physiotherapie in der Klinik + Praxis\" title=\"Sie sehen eine Person durch ein aus Steinen gelegtes Labyrinth am Strand gehen als Symbol zum Webinar \u00fcber kognitiv-motorisches Kombinationstraining in Geriatrie, bei Demenz und Kognitionstraining f\u00fcr Ergotherapie + Physiotherapie in der Klinik + Praxis\" srcset=\"https:\/\/www.ergowebinar.de\/intern\/parsed_images\/e37a68cb-1fde-4d37-9c8c-ce4e8e8f51d6.jpg 475w, https:\/\/www.ergowebinar.de\/intern\/parsed_images\/e37a68cb-1fde-4d37-9c8c-ce4e8e8f51d6.jpg 275w\" sizes=\"(max-width: 475px) 100vw, 475px\" itemprop=\"image\" \/>\r\n\t\t\t\t\t\t\t\t\t\t<h6>Geriatrie - Kognitionstraining in Bewegung [2FP]<\/h6>\r\n\t\t\t\t\t\t\t\t\t\t\t\t\t\t\t\t\t\t\t\t\t<p class=\"calendarline\"><img decoding=\"async\" class=\"calendar_icon\" src=\"https:\/\/www.ergowebinar.de\/intern\/images\/calendar.png\">11.05.2026 19:45 - 20:45<\/p>\t\r\n\t\t\t\t\t\t\t\t\t\t\t\t\t\t\t\t\t\t\t\t\t<p class=\"liquid_vc_single_text\">\r\nIm t&auml;glichen Leben m&uuml;ssen wir oft mehrere Aufgaben gleichzeitig erledigen (Multitasking) oder schnell auf unerwartete Situationen reagieren k&ouml;nnen. In diesem Webinar lernen Sie, wie Sie ...<\/p>\r\n\t\t\t\t\t\t\t\t\t\t\t\t\t\t\t\t\t\t\t\t\t<p class=\"sempreis\">49 \u20ac<\/p>\r\n\t\t\t\t\t\t\t\t\t\t\t\t\t\t\t\t\t\t\t\t\t\t\t<p class=\"semmwst\"><\/p>\r\n\t\t\t\t\t\t\t\t\t\t\t\t\t\t\t\t\t\t\t\t\t\t\t\r\n\t\t\t\t\t\t\t\t\t<\/a>\r\n\t\t\t\t\t\t\t\t\t\r\n\t\t\t\t\t\t\t\t<\/figure>\r\n\t\t\t\t\t\t\t\t\r\n\t\t\t\t\t\t\t<\/div>\r\n\t\t\t\t\t\t\t\t\t\t\t\t\t\t\r\n\t\t\t\t\t\t<\/div>\r\n\t\t\t\t\t<\/div>\r\n\t\t\t\t<\/div>\r\n\t\t\t\t\t\t\t\t<div class=\"wpb_column vc_column_container vc_col-sm-2\">\r\n\t\t\t\t\t<div class=\"vc_column-inner \" >\r\n\t\t\t\t\t\t<div class=\"wpb_wrapper\" >\r\n\t\t\t\t\t\t\t<div class=\"wpb_single_image wpb_content_element vc_align_ liquid_vc_single_image\">\r\n\t\t\t\t\t\t\t\t\t\t\t\t\t\t\t\t\t<div class=\"sem_overlay\" ><a href=\"https:\/\/online.therapie.ergowebinar.de\/de\/e\/Demenz-Basic-2FP-296?\r\n\t\t\t\t\t\t\t\t\t\" class=\"btn btn-solid btn-xsm round border-thin btn-has-label jetztstartenbutton\">klicken f\u00fcr Details<\/a><\/div>\r\n\t\t\t\t\t\t\t\t\t\t\t\t\t\t\t\t\t<figure class=\"wpb_wrapper vc_figure\">\r\n\t\t\t\t\t\t\t\t\t<a href=\"online.therapie.ergowebinar.de\/de\/e\/Demenz-Basic-2FP-296?\r\n\t\t\t\t\t\t\t\t\t\" title=\"Sie sehen das Bild eines aus Papier gefalteten Grosshirns, als Assoziation zum Webseminar \u00fcber therapeutisches Basiswissen zur Demenz f\u00fcr Ergotherapie in der Rehabilitation, Geriatrie, Suchttherapie in Klinik + Praxis\" target=\"_blank\">\r\n\t\t\t\t\t\t\t\t\t\t<img decoding=\"async\" width=\"475\" src=\"https:\/\/www.ergowebinar.de\/intern\/parsed_images\/93a89fdb-6b21-4fc0-8646-c7b74069d417.jpg\" class=\"vc_single_image-img attachment-full\" alt=\"Sie sehen das Bild eines aus Papier gefalteten Grosshirns, als Assoziation zum Webseminar \u00fcber therapeutisches Basiswissen zur Demenz f\u00fcr Ergotherapie in der Rehabilitation, Geriatrie, Suchttherapie in Klinik + Praxis\" title=\"Sie sehen das Bild eines aus Papier gefalteten Grosshirns, als Assoziation zum Webseminar \u00fcber therapeutisches Basiswissen zur Demenz f\u00fcr Ergotherapie in der Rehabilitation, Geriatrie, Suchttherapie in Klinik + Praxis\" srcset=\"https:\/\/www.ergowebinar.de\/intern\/parsed_images\/93a89fdb-6b21-4fc0-8646-c7b74069d417.jpg 475w, https:\/\/www.ergowebinar.de\/intern\/parsed_images\/93a89fdb-6b21-4fc0-8646-c7b74069d417.jpg 275w\" sizes=\"(max-width: 475px) 100vw, 475px\" itemprop=\"image\" \/>\r\n\t\t\t\t\t\t\t\t\t\t<h6>Demenz - Basic [2FP]<\/h6>\r\n\t\t\t\t\t\t\t\t\t\t\t\t\t\t\t\t\t\t\t\t\t<p class=\"calendarline\"><img decoding=\"async\" class=\"calendar_icon\" src=\"https:\/\/www.ergowebinar.de\/intern\/images\/calendar.png\">03.06.2026 17:45 - 18:45<\/p>\t\r\n\t\t\t\t\t\t\t\t\t\t\t\t\t\t\t\t\t\t\t\t\t<p class=\"liquid_vc_single_text\">\r\nWir starten mit den grundlegenden Unterschieden f&uuml;r Menschen mit leichter und schwerer Demenz. Zugleich bespreche ich die unterschiedlichen Behandlungsans&auml;tze bei prim&auml;rer und sekund&auml;rer ...<\/p>\r\n\t\t\t\t\t\t\t\t\t\t\t\t\t\t\t\t\t\t\t\t\t<p class=\"sempreis\">49 \u20ac<\/p>\r\n\t\t\t\t\t\t\t\t\t\t\t\t\t\t\t\t\t\t\t\t\t\t\t<p class=\"semmwst\"><\/p>\r\n\t\t\t\t\t\t\t\t\t\t\t\t\t\t\t\t\t\t\t\t\t\t\t\r\n\t\t\t\t\t\t\t\t\t<\/a>\r\n\t\t\t\t\t\t\t\t\t\r\n\t\t\t\t\t\t\t\t<\/figure>\r\n\t\t\t\t\t\t\t\t\r\n\t\t\t\t\t\t\t<\/div>\r\n\t\t\t\t\t\t\t\t\t\t\t\t\t\t\r\n\t\t\t\t\t\t<\/div>\r\n\t\t\t\t\t<\/div>\r\n\t\t\t\t<\/div>\r\n\t\t\t\t\t\t\t\t<div class=\"wpb_column vc_column_container vc_col-sm-2\">\r\n\t\t\t\t\t<div class=\"vc_column-inner \" >\r\n\t\t\t\t\t\t<div class=\"wpb_wrapper\" >\r\n\t\t\t\t\t\t\t<div class=\"wpb_single_image wpb_content_element vc_align_ liquid_vc_single_image\">\r\n\t\t\t\t\t\t\t\t\t\t\t\t\t\t\t\t\t<div class=\"sem_overlay\" ><a href=\"https:\/\/online.therapie.ergowebinar.de\/de\/e\/Demenz-Assessmentprozess-2FP-297?\r\n\t\t\t\t\t\t\t\t\t\" class=\"btn btn-solid btn-xsm round border-thin btn-has-label jetztstartenbutton\">klicken f\u00fcr Details<\/a><\/div>\r\n\t\t\t\t\t\t\t\t\t\t\t\t\t\t\t\t\t<figure class=\"wpb_wrapper vc_figure\">\r\n\t\t\t\t\t\t\t\t\t<a href=\"online.therapie.ergowebinar.de\/de\/e\/Demenz-Assessmentprozess-2FP-297?\r\n\t\t\t\t\t\t\t\t\t\" title=\"Sie sehen das Bild eines \u00fcberkochenden Milchtopfes auf dem Herd, als Assoziation zum Webseminar \u00fcber den ergotherapeutischen Assessmentprozess bei Demenz f\u00fcr in der Rehabilitation, Geriatrie, Suchttherapie in Klinik + Praxis\" target=\"_blank\">\r\n\t\t\t\t\t\t\t\t\t\t<img decoding=\"async\" width=\"475\" src=\"https:\/\/www.ergowebinar.de\/intern\/parsed_images\/93a89fdb-6b21-4cc0-8646-c7b74069d417.jpg\" class=\"vc_single_image-img attachment-full\" alt=\"Sie sehen das Bild eines \u00fcberkochenden Milchtopfes auf dem Herd, als Assoziation zum Webseminar \u00fcber den ergotherapeutischen Assessmentprozess bei Demenz f\u00fcr in der Rehabilitation, Geriatrie, Suchttherapie in Klinik + Praxis\" title=\"Sie sehen das Bild eines \u00fcberkochenden Milchtopfes auf dem Herd, als Assoziation zum Webseminar \u00fcber den ergotherapeutischen Assessmentprozess bei Demenz f\u00fcr in der Rehabilitation, Geriatrie, Suchttherapie in Klinik + Praxis\" srcset=\"https:\/\/www.ergowebinar.de\/intern\/parsed_images\/93a89fdb-6b21-4cc0-8646-c7b74069d417.jpg 475w, https:\/\/www.ergowebinar.de\/intern\/parsed_images\/93a89fdb-6b21-4cc0-8646-c7b74069d417.jpg 275w\" sizes=\"(max-width: 475px) 100vw, 475px\" itemprop=\"image\" \/>\r\n\t\t\t\t\t\t\t\t\t\t<h6>Demenz - Assessmentprozess [2FP]<\/h6>\r\n\t\t\t\t\t\t\t\t\t\t\t\t\t\t\t\t\t\t\t\t\t<p class=\"calendarline\"><img decoding=\"async\" class=\"calendar_icon\" src=\"https:\/\/www.ergowebinar.de\/intern\/images\/calendar.png\">10.06.2026 17:45 - 18:45<\/p>\t\r\n\t\t\t\t\t\t\t\t\t\t\t\t\t\t\t\t\t\t\t\t\t<p class=\"liquid_vc_single_text\">\r\n\r\nIn diesem Webinar stelle ich den ergotherapeutischen Befund nach Gudrun Schaade in den Vordergrund und zeige die Evaluation der Therapieschritte. Zus&auml;tzlich gebe ich Tipps zur Vorgehensweise, ...<\/p>\r\n\t\t\t\t\t\t\t\t\t\t\t\t\t\t\t\t\t\t\t\t\t<p class=\"sempreis\">49 \u20ac<\/p>\r\n\t\t\t\t\t\t\t\t\t\t\t\t\t\t\t\t\t\t\t\t\t\t\t<p class=\"semmwst\"><\/p>\r\n\t\t\t\t\t\t\t\t\t\t\t\t\t\t\t\t\t\t\t\t\t\t\t\r\n\t\t\t\t\t\t\t\t\t<\/a>\r\n\t\t\t\t\t\t\t\t\t\r\n\t\t\t\t\t\t\t\t<\/figure>\r\n\t\t\t\t\t\t\t\t\r\n\t\t\t\t\t\t\t<\/div>\r\n\t\t\t\t\t\t\t\t\t\t\t\t\t\t\r\n\t\t\t\t\t\t<\/div>\r\n\t\t\t\t\t<\/div>\r\n\t\t\t\t<\/div>\r\n\t\t\t\t\t\t\t\t<div class=\"wpb_column vc_column_container vc_col-sm-2\">\r\n\t\t\t\t\t<div class=\"vc_column-inner \" >\r\n\t\t\t\t\t\t<div class=\"wpb_wrapper\" >\r\n\t\t\t\t\t\t\t<div class=\"wpb_single_image wpb_content_element vc_align_ liquid_vc_single_image\">\r\n\t\t\t\t\t\t\t\t\t\t\t\t\t\t\t\t\t<div class=\"sem_overlay\" ><a href=\"https:\/\/online.therapie.ergowebinar.de\/de\/e\/Demenz-Pre-Assessment-Images-erfassen-2FP-298?\r\n\t\t\t\t\t\t\t\t\t\" class=\"btn btn-solid btn-xsm round border-thin btn-has-label jetztstartenbutton\">klicken f\u00fcr Details<\/a><\/div>\r\n\t\t\t\t\t\t\t\t\t\t\t\t\t\t\t\t\t<figure class=\"wpb_wrapper vc_figure\">\r\n\t\t\t\t\t\t\t\t\t<a href=\"online.therapie.ergowebinar.de\/de\/e\/Demenz-Pre-Assessment-Images-erfassen-2FP-298?\r\n\t\t\t\t\t\t\t\t\t\" title=\"Sie sehen zwei H\u00e4nde,die zwei Puzzlest\u00fccke zusammensetzen,als Assoziation zum Webseminar \u00fcber Werkzeuge zur Einbindung von Angeh\u00f6rigen im Assessmentprozess bei Demenz f\u00fcr Ergotherapie in der Rehabilitation, Geriatrie, Suchttherapie in Klinik + Praxis\" target=\"_blank\">\r\n\t\t\t\t\t\t\t\t\t\t<img decoding=\"async\" width=\"475\" src=\"https:\/\/www.ergowebinar.de\/intern\/parsed_images\/93a89fdb-6b21-4fc0-8446-c7b74069d417.jpg\" class=\"vc_single_image-img attachment-full\" alt=\"Sie sehen zwei H\u00e4nde,die zwei Puzzlest\u00fccke zusammensetzen,als Assoziation zum Webseminar \u00fcber Werkzeuge zur Einbindung von Angeh\u00f6rigen im Assessmentprozess bei Demenz f\u00fcr Ergotherapie in der Rehabilitation, Geriatrie, Suchttherapie in Klinik + Praxis\" title=\"Sie sehen zwei H\u00e4nde,die zwei Puzzlest\u00fccke zusammensetzen,als Assoziation zum Webseminar \u00fcber Werkzeuge zur Einbindung von Angeh\u00f6rigen im Assessmentprozess bei Demenz f\u00fcr Ergotherapie in der Rehabilitation, Geriatrie, Suchttherapie in Klinik + Praxis\" srcset=\"https:\/\/www.ergowebinar.de\/intern\/parsed_images\/93a89fdb-6b21-4fc0-8446-c7b74069d417.jpg 475w, https:\/\/www.ergowebinar.de\/intern\/parsed_images\/93a89fdb-6b21-4fc0-8446-c7b74069d417.jpg 275w\" sizes=\"(max-width: 475px) 100vw, 475px\" itemprop=\"image\" \/>\r\n\t\t\t\t\t\t\t\t\t\t<h6>Demenz - Pre-Assessment Images erfassen [2FP]<\/h6>\r\n\t\t\t\t\t\t\t\t\t\t\t\t\t\t\t\t\t\t\t\t\t<p class=\"calendarline\"><img decoding=\"async\" class=\"calendar_icon\" src=\"https:\/\/www.ergowebinar.de\/intern\/images\/calendar.png\">17.06.2026 17:45 - 18:45<\/p>\t\r\n\t\t\t\t\t\t\t\t\t\t\t\t\t\t\t\t\t\t\t\t\t<p class=\"liquid_vc_single_text\">\r\n\r\nWie und womit An- und Zugeh&ouml;rige durch ad&auml;quates Informationsmaterial den Assessmentprozess unterst&uuml;tzen k&ouml;nnen und entscheidend voranbringen k&ouml;nnen, zeige ich in diesem Webinar. ...<\/p>\r\n\t\t\t\t\t\t\t\t\t\t\t\t\t\t\t\t\t\t\t\t\t<p class=\"sempreis\">49 \u20ac<\/p>\r\n\t\t\t\t\t\t\t\t\t\t\t\t\t\t\t\t\t\t\t\t\t\t\t<p class=\"semmwst\"><\/p>\r\n\t\t\t\t\t\t\t\t\t\t\t\t\t\t\t\t\t\t\t\t\t\t\t\r\n\t\t\t\t\t\t\t\t\t<\/a>\r\n\t\t\t\t\t\t\t\t\t\r\n\t\t\t\t\t\t\t\t<\/figure>\r\n\t\t\t\t\t\t\t\t\r\n\t\t\t\t\t\t\t<\/div>\r\n\t\t\t\t\t\t\t\t\t\t\t\t\t\t\r\n\t\t\t\t\t\t<\/div>\r\n\t\t\t\t\t<\/div>\r\n\t\t\t\t<\/div>\r\n\t\t\t\t\t\t\t\t<div class=\"wpb_column vc_column_container vc_col-sm-2\">\r\n\t\t\t\t\t<div class=\"vc_column-inner \" >\r\n\t\t\t\t\t\t<div class=\"wpb_wrapper\" >\r\n\t\t\t\t\t\t\t<div class=\"wpb_single_image wpb_content_element vc_align_ liquid_vc_single_image\">\r\n\t\t\t\t\t\t\t\t\t\t\t\t\t\t\t\t\t<div class=\"sem_overlay\" ><a href=\"https:\/\/online.therapie.ergowebinar.de\/de\/e\/Altersmedizin-Update-2-FP-67?\r\n\t\t\t\t\t\t\t\t\t\" class=\"btn btn-solid btn-xsm round border-thin btn-has-label jetztstartenbutton\">klicken f\u00fcr Details<\/a><\/div>\r\n\t\t\t\t\t\t\t\t\t\t\t\t\t\t\t\t\t<figure class=\"wpb_wrapper vc_figure\">\r\n\t\t\t\t\t\t\t\t\t<a href=\"online.therapie.ergowebinar.de\/de\/e\/Altersmedizin-Update-2-FP-67?\r\n\t\t\t\t\t\t\t\t\t\" title=\"Sie sehen  die Augen- und Nasenpartie einer Seniorin als Assoziation zum Webseminar mit Aktualisierungen zu Alterserkrankungen f\u00fcr die Geriatrie, NeuroReha und Orthop\u00e4die f\u00fcr Ergotherapie + Physiotherapie in der Klinik + Praxis\" target=\"_blank\">\r\n\t\t\t\t\t\t\t\t\t\t<img decoding=\"async\" width=\"475\" src=\"https:\/\/www.ergowebinar.de\/intern\/parsed_images\/e37a48cb-1fce-4d37-9c8c-ce4e8e8f51d6.jpg\" class=\"vc_single_image-img attachment-full\" alt=\"Sie sehen  die Augen- und Nasenpartie einer Seniorin als Assoziation zum Webseminar mit Aktualisierungen zu Alterserkrankungen f\u00fcr die Geriatrie, NeuroReha und Orthop\u00e4die f\u00fcr Ergotherapie + Physiotherapie in der Klinik + Praxis\" title=\"Sie sehen  die Augen- und Nasenpartie einer Seniorin als Assoziation zum Webseminar mit Aktualisierungen zu Alterserkrankungen f\u00fcr die Geriatrie, NeuroReha und Orthop\u00e4die f\u00fcr Ergotherapie + Physiotherapie in der Klinik + Praxis\" srcset=\"https:\/\/www.ergowebinar.de\/intern\/parsed_images\/e37a48cb-1fce-4d37-9c8c-ce4e8e8f51d6.jpg 475w, https:\/\/www.ergowebinar.de\/intern\/parsed_images\/e37a48cb-1fce-4d37-9c8c-ce4e8e8f51d6.jpg 275w\" sizes=\"(max-width: 475px) 100vw, 475px\" itemprop=\"image\" \/>\r\n\t\t\t\t\t\t\t\t\t\t<h6>Altersmedizin Update [2 FP]<\/h6>\r\n\t\t\t\t\t\t\t\t\t\t\t\t\t\t\t\t\t\t\t\t\t<p class=\"calendarline\"><img decoding=\"async\" class=\"calendar_icon\" src=\"https:\/\/www.ergowebinar.de\/intern\/images\/calendar.png\">22.06.2026 16:45 - 17:45<\/p>\t\r\n\t\t\t\t\t\t\t\t\t\t\t\t\t\t\t\t\t\t\t\t\t<p class=\"liquid_vc_single_text\">Der demographische Wandel und die Ver&auml;nderungen im Gesundheitswesen ver&auml;ndert die Anforderungen in der Therapie. Mit h&ouml;herem Alter gehen einerseits physiologische Prozesse einher, andererseits ...<\/p>\r\n\t\t\t\t\t\t\t\t\t\t\t\t\t\t\t\t\t\t\t\t\t<p class=\"sempreis\">49 \u20ac<\/p>\r\n\t\t\t\t\t\t\t\t\t\t\t\t\t\t\t\t\t\t\t\t\t\t\t<p class=\"semmwst\"><\/p>\r\n\t\t\t\t\t\t\t\t\t\t\t\t\t\t\t\t\t\t\t\t\t\t\t\r\n\t\t\t\t\t\t\t\t\t<\/a>\r\n\t\t\t\t\t\t\t\t\t\r\n\t\t\t\t\t\t\t\t<\/figure>\r\n\t\t\t\t\t\t\t\t\r\n\t\t\t\t\t\t\t<\/div>\r\n\t\t\t\t\t\t\t\t\t\t\t\t\t\t\r\n\t\t\t\t\t\t<\/div>\r\n\t\t\t\t\t<\/div>\r\n\t\t\t\t<\/div>\r\n\t\t\t\t\t\t\t\t<div class=\"wpb_column vc_column_container vc_col-sm-2\">\r\n\t\t\t\t\t<div class=\"vc_column-inner \" >\r\n\t\t\t\t\t\t<div class=\"wpb_wrapper\" >\r\n\t\t\t\t\t\t\t<div class=\"wpb_single_image wpb_content_element vc_align_ liquid_vc_single_image\">\r\n\t\t\t\t\t\t\t\t\t\t\t\t\t\t\t\t\t<div class=\"sem_overlay\" ><a href=\"https:\/\/online.therapie.ergowebinar.de\/de\/e\/Sturzangst-verstehen-und-behandeln-2FP-323?\r\n\t\t\t\t\t\t\t\t\t\" class=\"btn btn-solid btn-xsm round border-thin btn-has-label jetztstartenbutton\">klicken f\u00fcr Details<\/a><\/div>\r\n\t\t\t\t\t\t\t\t\t\t\t\t\t\t\t\t\t<figure class=\"wpb_wrapper vc_figure\">\r\n\t\t\t\t\t\t\t\t\t<a href=\"online.therapie.ergowebinar.de\/de\/e\/Sturzangst-verstehen-und-behandeln-2FP-323?\r\n\t\t\t\t\t\t\t\t\t\" title=\"Sie sehen auf einem Treppenabsatz ein Graffti mit einem erschreckten Emoji, als Assoziation zum Webseminar f\u00fcr Ergotherapie + Physiotherapie in der Sturzpr\u00e4vention in \u00fcbergreifenden Fachbereichen, NeuroReha, Orthop\u00e4die und Geriatrie in Klinik + Praxis\" target=\"_blank\">\r\n\t\t\t\t\t\t\t\t\t\t<img decoding=\"async\" width=\"475\" src=\"https:\/\/www.ergowebinar.de\/intern\/parsed_images\/235030fa-bf8e-4326-b419-7e3f69e7679a.jpg\" class=\"vc_single_image-img attachment-full\" alt=\"Sie sehen auf einem Treppenabsatz ein Graffti mit einem erschreckten Emoji, als Assoziation zum Webseminar f\u00fcr Ergotherapie + Physiotherapie in der Sturzpr\u00e4vention in \u00fcbergreifenden Fachbereichen, NeuroReha, Orthop\u00e4die und Geriatrie in Klinik + Praxis\" title=\"Sie sehen auf einem Treppenabsatz ein Graffti mit einem erschreckten Emoji, als Assoziation zum Webseminar f\u00fcr Ergotherapie + Physiotherapie in der Sturzpr\u00e4vention in \u00fcbergreifenden Fachbereichen, NeuroReha, Orthop\u00e4die und Geriatrie in Klinik + Praxis\" srcset=\"https:\/\/www.ergowebinar.de\/intern\/parsed_images\/235030fa-bf8e-4326-b419-7e3f69e7679a.jpg 475w, https:\/\/www.ergowebinar.de\/intern\/parsed_images\/235030fa-bf8e-4326-b419-7e3f69e7679a.jpg 275w\" sizes=\"(max-width: 475px) 100vw, 475px\" itemprop=\"image\" \/>\r\n\t\t\t\t\t\t\t\t\t\t<h6>Sturzangst verstehen und behandeln [2FP]<\/h6>\r\n\t\t\t\t\t\t\t\t\t\t\t\t\t\t\t\t\t\t\t\t\t<p class=\"calendarline\"><img decoding=\"async\" class=\"calendar_icon\" src=\"https:\/\/www.ergowebinar.de\/intern\/images\/calendar.png\">22.06.2026 19:45 - 20:45<\/p>\t\r\n\t\t\t\t\t\t\t\t\t\t\t\t\t\t\t\t\t\t\t\t\t<p class=\"liquid_vc_single_text\">\r\nSturzangst ist ein weit verbreitetes, jedoch oft untersch&auml;tztes Problem. Im Webinar lernen Sie das Symptom fr&uuml;hzeitig zu erkennen und gezielte therapeutische Ma&szlig;nahmen zu ergreifen. Es ...<\/p>\r\n\t\t\t\t\t\t\t\t\t\t\t\t\t\t\t\t\t\t\t\t\t<p class=\"sempreis\">49 \u20ac<\/p>\r\n\t\t\t\t\t\t\t\t\t\t\t\t\t\t\t\t\t\t\t\t\t\t\t<p class=\"semmwst\"><\/p>\r\n\t\t\t\t\t\t\t\t\t\t\t\t\t\t\t\t\t\t\t\t\t\t\t\r\n\t\t\t\t\t\t\t\t\t<\/a>\r\n\t\t\t\t\t\t\t\t\t\r\n\t\t\t\t\t\t\t\t<\/figure>\r\n\t\t\t\t\t\t\t\t\r\n\t\t\t\t\t\t\t<\/div>\r\n\t\t\t\t\t\t\t\t\t\t\t\t\t\t\r\n\t\t\t\t\t\t<\/div>\r\n\t\t\t\t\t<\/div>\r\n\t\t\t\t<\/div>\r\n\t\t\t\t\t\t\t\t<div class=\"wpb_column vc_column_container vc_col-sm-2\">\r\n\t\t\t\t\t<div class=\"vc_column-inner \" >\r\n\t\t\t\t\t\t<div class=\"wpb_wrapper\" >\r\n\t\t\t\t\t\t\t<div class=\"wpb_single_image wpb_content_element vc_align_ liquid_vc_single_image\">\r\n\t\t\t\t\t\t\t\t\t\t\t\t\t\t\t\t\t<div class=\"sem_overlay\" ><a href=\"https:\/\/online.therapie.ergowebinar.de\/de\/e\/Demenz-strukturierte-Behandlungsleitpfade-2FP-299?\r\n\t\t\t\t\t\t\t\t\t\" class=\"btn btn-solid btn-xsm round border-thin btn-has-label jetztstartenbutton\">klicken f\u00fcr Details<\/a><\/div>\r\n\t\t\t\t\t\t\t\t\t\t\t\t\t\t\t\t\t<figure class=\"wpb_wrapper vc_figure\">\r\n\t\t\t\t\t\t\t\t\t<a href=\"online.therapie.ergowebinar.de\/de\/e\/Demenz-strukturierte-Behandlungsleitpfade-2FP-299?\r\n\t\t\t\t\t\t\t\t\t\" title=\"Sie sehen zwei Skizzenfiguren Puzzlest\u00fccke vor einem bunten Zaun zusammenstecken, als Assoziation zum Webseminar \u00fcber strukturierte Leipfade zur Behandlung von Demenz f\u00fcr Ergotherapie in der Rehabilitation, Geriatrie, Suchttherapie in Klinik + Praxis\" target=\"_blank\">\r\n\t\t\t\t\t\t\t\t\t\t<img decoding=\"async\" width=\"475\" src=\"https:\/\/www.ergowebinar.de\/intern\/parsed_images\/93a89fdb-6b21-4fc0-8646-c7774069d417.jpg\" class=\"vc_single_image-img attachment-full\" alt=\"Sie sehen zwei Skizzenfiguren Puzzlest\u00fccke vor einem bunten Zaun zusammenstecken, als Assoziation zum Webseminar \u00fcber strukturierte Leipfade zur Behandlung von Demenz f\u00fcr Ergotherapie in der Rehabilitation, Geriatrie, Suchttherapie in Klinik + Praxis\" title=\"Sie sehen zwei Skizzenfiguren Puzzlest\u00fccke vor einem bunten Zaun zusammenstecken, als Assoziation zum Webseminar \u00fcber strukturierte Leipfade zur Behandlung von Demenz f\u00fcr Ergotherapie in der Rehabilitation, Geriatrie, Suchttherapie in Klinik + Praxis\" srcset=\"https:\/\/www.ergowebinar.de\/intern\/parsed_images\/93a89fdb-6b21-4fc0-8646-c7774069d417.jpg 475w, https:\/\/www.ergowebinar.de\/intern\/parsed_images\/93a89fdb-6b21-4fc0-8646-c7774069d417.jpg 275w\" sizes=\"(max-width: 475px) 100vw, 475px\" itemprop=\"image\" \/>\r\n\t\t\t\t\t\t\t\t\t\t<h6>Demenz - strukturierte Behandlungsleitpfade [2FP]<\/h6>\r\n\t\t\t\t\t\t\t\t\t\t\t\t\t\t\t\t\t\t\t\t\t<p class=\"calendarline\"><img decoding=\"async\" class=\"calendar_icon\" src=\"https:\/\/www.ergowebinar.de\/intern\/images\/calendar.png\">24.06.2026 17:45 - 18:45<\/p>\t\r\n\t\t\t\t\t\t\t\t\t\t\t\t\t\t\t\t\t\t\t\t\t<p class=\"liquid_vc_single_text\">\r\n\r\nHier zeige ich die Vorgehensweise in der Wirksamen H&auml;uslichen Ergotherapie f&uuml;r Demenzerkrankte und Angeh&ouml;rige (WHEDA) und den strukturierten Prozess der h&auml;uslichen Ergotherapie ...<\/p>\r\n\t\t\t\t\t\t\t\t\t\t\t\t\t\t\t\t\t\t\t\t\t<p class=\"sempreis\">49 \u20ac<\/p>\r\n\t\t\t\t\t\t\t\t\t\t\t\t\t\t\t\t\t\t\t\t\t\t\t<p class=\"semmwst\"><\/p>\r\n\t\t\t\t\t\t\t\t\t\t\t\t\t\t\t\t\t\t\t\t\t\t\t\r\n\t\t\t\t\t\t\t\t\t<\/a>\r\n\t\t\t\t\t\t\t\t\t\r\n\t\t\t\t\t\t\t\t<\/figure>\r\n\t\t\t\t\t\t\t\t\r\n\t\t\t\t\t\t\t<\/div>\r\n\t\t\t\t\t\t\t\t\t\t\t\t\t\t\r\n\t\t\t\t\t\t<\/div>\r\n\t\t\t\t\t<\/div>\r\n\t\t\t\t<\/div>\r\n\t\t\t\t\t\t\t\t<div class=\"wpb_column vc_column_container vc_col-sm-2\">\r\n\t\t\t\t\t<div class=\"vc_column-inner \" >\r\n\t\t\t\t\t\t<div class=\"wpb_wrapper\" >\r\n\t\t\t\t\t\t\t<div class=\"wpb_single_image wpb_content_element vc_align_ liquid_vc_single_image\">\r\n\t\t\t\t\t\t\t\t\t\t\t\t\t\t\t\t\t<div class=\"sem_overlay\" ><a href=\"https:\/\/online.therapie.ergowebinar.de\/de\/e\/Schmerzen-bei-Demenz-Befunderhebung-und-Behandlungsgrundlagen-2FP-300?\r\n\t\t\t\t\t\t\t\t\t\" class=\"btn btn-solid btn-xsm round border-thin btn-has-label jetztstartenbutton\">klicken f\u00fcr Details<\/a><\/div>\r\n\t\t\t\t\t\t\t\t\t\t\t\t\t\t\t\t\t<figure class=\"wpb_wrapper vc_figure\">\r\n\t\t\t\t\t\t\t\t\t<a href=\"online.therapie.ergowebinar.de\/de\/e\/Schmerzen-bei-Demenz-Befunderhebung-und-Behandlungsgrundlagen-2FP-300?\r\n\t\t\t\t\t\t\t\t\t\" title=\"Sie sehen einen durchscheinenden Kopf von oben mit Blick auf das ZNS, als Assoziation zum Webseminar \u00fcber spezielle Schmerzbehandlung bei Demenz f\u00fcr Ergotherapie in der Rehabilitation, Geriatrie, Suchttherapie in Klinik + Praxis\" target=\"_blank\">\r\n\t\t\t\t\t\t\t\t\t\t<img decoding=\"async\" width=\"475\" src=\"https:\/\/www.ergowebinar.de\/intern\/parsed_images\/93b89fdb-6b21-4fc0-8646-c7b74069d417.jpg\" class=\"vc_single_image-img attachment-full\" alt=\"Sie sehen einen durchscheinenden Kopf von oben mit Blick auf das ZNS, als Assoziation zum Webseminar \u00fcber spezielle Schmerzbehandlung bei Demenz f\u00fcr Ergotherapie in der Rehabilitation, Geriatrie, Suchttherapie in Klinik + Praxis\" title=\"Sie sehen einen durchscheinenden Kopf von oben mit Blick auf das ZNS, als Assoziation zum Webseminar \u00fcber spezielle Schmerzbehandlung bei Demenz f\u00fcr Ergotherapie in der Rehabilitation, Geriatrie, Suchttherapie in Klinik + Praxis\" srcset=\"https:\/\/www.ergowebinar.de\/intern\/parsed_images\/93b89fdb-6b21-4fc0-8646-c7b74069d417.jpg 475w, https:\/\/www.ergowebinar.de\/intern\/parsed_images\/93b89fdb-6b21-4fc0-8646-c7b74069d417.jpg 275w\" sizes=\"(max-width: 475px) 100vw, 475px\" itemprop=\"image\" \/>\r\n\t\t\t\t\t\t\t\t\t\t<h6>Schmerzen bei Demenz - Befunderhebung und Behandlungsgrundlagen [2FP]<\/h6>\r\n\t\t\t\t\t\t\t\t\t\t\t\t\t\t\t\t\t\t\t\t\t<p class=\"calendarline\"><img decoding=\"async\" class=\"calendar_icon\" src=\"https:\/\/www.ergowebinar.de\/intern\/images\/calendar.png\">01.07.2026 17:45 - 18:45<\/p>\t\r\n\t\t\t\t\t\t\t\t\t\t\t\t\t\t\t\t\t\t\t\t\t<p class=\"liquid_vc_single_text\">\r\n\r\nHerk&ouml;mmliche Schmerzerfassung ist bei demenziell Erkrankten ein gro&szlig;es Problem. Im Webinar zeige ich f&uuml;r diesen Zweck gut geeignete Beurteilungs- und Messskalen. Zugleich erl&auml;utere ...<\/p>\r\n\t\t\t\t\t\t\t\t\t\t\t\t\t\t\t\t\t\t\t\t\t<p class=\"sempreis\">49 \u20ac<\/p>\r\n\t\t\t\t\t\t\t\t\t\t\t\t\t\t\t\t\t\t\t\t\t\t\t<p class=\"semmwst\"><\/p>\r\n\t\t\t\t\t\t\t\t\t\t\t\t\t\t\t\t\t\t\t\t\t\t\t\r\n\t\t\t\t\t\t\t\t\t<\/a>\r\n\t\t\t\t\t\t\t\t\t\r\n\t\t\t\t\t\t\t\t<\/figure>\r\n\t\t\t\t\t\t\t\t\r\n\t\t\t\t\t\t\t<\/div>\r\n\t\t\t\t\t\t\t\t\t\t\t\t\t\t\r\n\t\t\t\t\t\t<\/div>\r\n\t\t\t\t\t<\/div>\r\n\t\t\t\t<\/div>\r\n\t\t\t\t\t\t\t\t<div class=\"wpb_column vc_column_container vc_col-sm-2\">\r\n\t\t\t\t\t<div class=\"vc_column-inner \" >\r\n\t\t\t\t\t\t<div class=\"wpb_wrapper\" >\r\n\t\t\t\t\t\t\t<div class=\"wpb_single_image wpb_content_element vc_align_ liquid_vc_single_image\">\r\n\t\t\t\t\t\t\t\t\t\t\t\t\t\t\t\t\t<div class=\"sem_overlay\" ><a href=\"https:\/\/online.therapie.ergowebinar.de\/de\/e\/Kognition-Informationsverarbeitung-optimieren-2FP-301?\r\n\t\t\t\t\t\t\t\t\t\" class=\"btn btn-solid btn-xsm round border-thin btn-has-label jetztstartenbutton\">klicken f\u00fcr Details<\/a><\/div>\r\n\t\t\t\t\t\t\t\t\t\t\t\t\t\t\t\t\t<figure class=\"wpb_wrapper vc_figure\">\r\n\t\t\t\t\t\t\t\t\t<a href=\"online.therapie.ergowebinar.de\/de\/e\/Kognition-Informationsverarbeitung-optimieren-2FP-301?\r\n\t\t\t\t\t\t\t\t\t\" title=\"Sie sehen den Umriss eines Kopfes mit Hintergrundbeleuchtung und vernetzten Nervenzellen als Symbol zum Webseminar \u00fcber kognitive Therapie bei Informationsverarbeitungsdefiziten in der NeuroReha, SchmerzReha, Orthop\u00e4die, Geriatrie in Klinik + Praxis\" target=\"_blank\">\r\n\t\t\t\t\t\t\t\t\t\t<img decoding=\"async\" width=\"475\" src=\"https:\/\/www.ergowebinar.de\/intern\/parsed_images\/301.jpg\" class=\"vc_single_image-img attachment-full\" alt=\"Sie sehen den Umriss eines Kopfes mit Hintergrundbeleuchtung und vernetzten Nervenzellen als Symbol zum Webseminar \u00fcber kognitive Therapie bei Informationsverarbeitungsdefiziten in der NeuroReha, SchmerzReha, Orthop\u00e4die, Geriatrie in Klinik + Praxis\" title=\"Sie sehen den Umriss eines Kopfes mit Hintergrundbeleuchtung und vernetzten Nervenzellen als Symbol zum Webseminar \u00fcber kognitive Therapie bei Informationsverarbeitungsdefiziten in der NeuroReha, SchmerzReha, Orthop\u00e4die, Geriatrie in Klinik + Praxis\" srcset=\"https:\/\/www.ergowebinar.de\/intern\/parsed_images\/301.jpg 475w, https:\/\/www.ergowebinar.de\/intern\/parsed_images\/301.jpg 275w\" sizes=\"(max-width: 475px) 100vw, 475px\" itemprop=\"image\" \/>\r\n\t\t\t\t\t\t\t\t\t\t<h6>Kognition - Informationsverarbeitung optimieren [2FP]<\/h6>\r\n\t\t\t\t\t\t\t\t\t\t\t\t\t\t\t\t\t\t\t\t\t<p class=\"calendarline\"><img decoding=\"async\" class=\"calendar_icon\" src=\"https:\/\/www.ergowebinar.de\/intern\/images\/calendar.png\">08.07.2026 19:00 - 20:00<\/p>\t\r\n\t\t\t\t\t\t\t\t\t\t\t\t\t\t\t\t\t\t\t\t\t<p class=\"liquid_vc_single_text\">\r\nDie Informationsverarbeitungsgeschwindigkeit (IVG) ist eine zentrale kognitive F&auml;higkeit, die bestimmt, wie schnell unser Gehirn Informationen verarbeitet und darauf reagiert. Nach einem Schlaganfall, ...<\/p>\r\n\t\t\t\t\t\t\t\t\t\t\t\t\t\t\t\t\t\t\t\t\t<p class=\"sempreis\">49 \u20ac<\/p>\r\n\t\t\t\t\t\t\t\t\t\t\t\t\t\t\t\t\t\t\t\t\t\t\t<p class=\"semmwst\"><\/p>\r\n\t\t\t\t\t\t\t\t\t\t\t\t\t\t\t\t\t\t\t\t\t\t\t\r\n\t\t\t\t\t\t\t\t\t<\/a>\r\n\t\t\t\t\t\t\t\t\t\r\n\t\t\t\t\t\t\t\t<\/figure>\r\n\t\t\t\t\t\t\t\t\r\n\t\t\t\t\t\t\t<\/div>\r\n\t\t\t\t\t\t\t\t\t\t\t\t\t\t\r\n\t\t\t\t\t\t<\/div>\r\n\t\t\t\t\t<\/div>\r\n\t\t\t\t<\/div>\r\n\t\t\t\t\t\t\t\t<div class=\"wpb_column vc_column_container vc_col-sm-2\">\r\n\t\t\t\t\t<div class=\"vc_column-inner \" >\r\n\t\t\t\t\t\t<div class=\"wpb_wrapper\" >\r\n\t\t\t\t\t\t\t<div class=\"wpb_single_image wpb_content_element vc_align_ liquid_vc_single_image\">\r\n\t\t\t\t\t\t\t\t\t\t\t\t\t\t\t\t\t<div class=\"sem_overlay\" ><a href=\"#Thema1\" class=\"btn btn-solid btn-xsm round border-thin btn-has-label nichtdabutton\">8 Tage nach Ablauf des<br>Vorg\u00e4ngers buchbar<\/a><\/div>\r\n\t\t\t\t\t\t\t\t\t\t\t\t\t\t\t\t\t<figure class=\"wpb_wrapper vc_figure\">\r\n\t\t\t\t\t\t\t\t\t<a href=\"online.therapie.ergowebinar.de\/de\/e\/Sturzpraevention-Empfehlungen-fuer-koerperliches-Training-2-FP-70?\r\n\t\t\t\t\t\t\t\t\t\" title=\"Sie sehen ein gelbes Warnschild in englischer Sprache auf dem vor unebenem Boden gewarnt wird, als Assoziation zum Webseminar \u00fcber Sturzprophylaxe f\u00fcr Ergotherapie + Physiotherapie in der Rehabilitation von sturzgef\u00e4hrdete Personen in Klinik + Praxis\" target=\"_blank\">\r\n\t\t\t\t\t\t\t\t\t\t<img decoding=\"async\" width=\"475\" src=\"https:\/\/www.ergowebinar.de\/intern\/parsed_images\/c9d2fa13-c24e-426a-bdca-8cff4662faf4.jpg\" class=\"vc_single_image-img attachment-full\" alt=\"Sie sehen ein gelbes Warnschild in englischer Sprache auf dem vor unebenem Boden gewarnt wird, als Assoziation zum Webseminar \u00fcber Sturzprophylaxe f\u00fcr Ergotherapie + Physiotherapie in der Rehabilitation von sturzgef\u00e4hrdete Personen in Klinik + Praxis\" title=\"Sie sehen ein gelbes Warnschild in englischer Sprache auf dem vor unebenem Boden gewarnt wird, als Assoziation zum Webseminar \u00fcber Sturzprophylaxe f\u00fcr Ergotherapie + Physiotherapie in der Rehabilitation von sturzgef\u00e4hrdete Personen in Klinik + Praxis\" srcset=\"https:\/\/www.ergowebinar.de\/intern\/parsed_images\/c9d2fa13-c24e-426a-bdca-8cff4662faf4.jpg 475w, https:\/\/www.ergowebinar.de\/intern\/parsed_images\/c9d2fa13-c24e-426a-bdca-8cff4662faf4.jpg 275w\" sizes=\"(max-width: 475px) 100vw, 475px\" itemprop=\"image\" \/>\r\n\t\t\t\t\t\t\t\t\t\t<h6>Sturzpr\u00e4vention - Empfehlungen f\u00fcr k\u00f6rperliches Training [2 FP]<\/h6>\r\n\t\t\t\t\t\t\t\t\t\t\t\t\t\t\t\t\t\t\t\t\t<p class=\"calendarline\"><img decoding=\"async\" class=\"calendar_icon\" src=\"https:\/\/www.ergowebinar.de\/intern\/images\/calendar.png\">13.07.2026 16:45 - 17:45<\/p>\t\r\n\t\t\t\t\t\t\t\t\t\t\t\t\t\t\t\t\t\t\t\t\t<p class=\"liquid_vc_single_text\">Wie erkenne ich sturzgef&auml;hrdete Personen und welche Ma&szlig;nahmen eignen sich um St&uuml;rze zu verhindern und die Sturzfolgen zu reduzieren? In diesem Webinar erfahren Sie, wie man ein effektives ...<\/p>\r\n\t\t\t\t\t\t\t\t\t\t\t\t\t\t\t\t\t\t\t\t\t<p class=\"sempreis\">49 \u20ac<\/p>\r\n\t\t\t\t\t\t\t\t\t\t\t\t\t\t\t\t\t\t\t\t\t\t\t<p class=\"semmwst\"><\/p>\r\n\t\t\t\t\t\t\t\t\t\t\t\t\t\t\t\t\t\t\t\t\t\t\t\r\n\t\t\t\t\t\t\t\t\t<\/a>\r\n\t\t\t\t\t\t\t\t\t\r\n\t\t\t\t\t\t\t\t<\/figure>\r\n\t\t\t\t\t\t\t\t\r\n\t\t\t\t\t\t\t<\/div>\r\n\t\t\t\t\t\t\t\t\t\t\t\t\t\t\r\n\t\t\t\t\t\t<\/div>\r\n\t\t\t\t\t<\/div>\r\n\t\t\t\t<\/div>\r\n\t\t\t\t\t\t\t\t<div class=\"wpb_column vc_column_container vc_col-sm-2\">\r\n\t\t\t\t\t<div class=\"vc_column-inner \" >\r\n\t\t\t\t\t\t<div class=\"wpb_wrapper\" >\r\n\t\t\t\t\t\t\t<div class=\"wpb_single_image wpb_content_element vc_align_ liquid_vc_single_image\">\r\n\t\t\t\t\t\t\t\t\t\t\t\t\t\t\t\t\t<div class=\"sem_overlay\" ><a href=\"https:\/\/online.therapie.ergowebinar.de\/de\/e\/Koerperliche-Aktivierung-bei-kognitiven-Einschraenkungen-und-Demenz-2FP-319?\r\n\t\t\t\t\t\t\t\t\t\" class=\"btn btn-solid btn-xsm round border-thin btn-has-label jetztstartenbutton\">klicken f\u00fcr Details<\/a><\/div>\r\n\t\t\t\t\t\t\t\t\t\t\t\t\t\t\t\t\t<figure class=\"wpb_wrapper vc_figure\">\r\n\t\t\t\t\t\t\t\t\t<a href=\"online.therapie.ergowebinar.de\/de\/e\/Koerperliche-Aktivierung-bei-kognitiven-Einschraenkungen-und-Demenz-2FP-319?\r\n\t\t\t\t\t\t\t\t\t\" title=\"Sie sehen eine \u00e4ltere Frau lachend auf einer Schaukel im Profil als Assoziation zum Webseminar zum Zusammenhang von k\u00f6rperlicher Aktivierung und Kognition bei Demenz,  die Geriatrie f\u00fcr Ergotherapie + Physiotherapie in der Klinik + Praxis\" target=\"_blank\">\r\n\t\t\t\t\t\t\t\t\t\t<img decoding=\"async\" width=\"475\" src=\"https:\/\/www.ergowebinar.de\/intern\/parsed_images\/319.jpg\" class=\"vc_single_image-img attachment-full\" alt=\"Sie sehen eine \u00e4ltere Frau lachend auf einer Schaukel im Profil als Assoziation zum Webseminar zum Zusammenhang von k\u00f6rperlicher Aktivierung und Kognition bei Demenz,  die Geriatrie f\u00fcr Ergotherapie + Physiotherapie in der Klinik + Praxis\" title=\"Sie sehen eine \u00e4ltere Frau lachend auf einer Schaukel im Profil als Assoziation zum Webseminar zum Zusammenhang von k\u00f6rperlicher Aktivierung und Kognition bei Demenz,  die Geriatrie f\u00fcr Ergotherapie + Physiotherapie in der Klinik + Praxis\" srcset=\"https:\/\/www.ergowebinar.de\/intern\/parsed_images\/319.jpg 475w, https:\/\/www.ergowebinar.de\/intern\/parsed_images\/319.jpg 275w\" sizes=\"(max-width: 475px) 100vw, 475px\" itemprop=\"image\" \/>\r\n\t\t\t\t\t\t\t\t\t\t<h6>K\u00f6rperliche Aktivierung bei kognitiven Einschr\u00e4nkungen und Demenz [2FP]<\/h6>\r\n\t\t\t\t\t\t\t\t\t\t\t\t\t\t\t\t\t\t\t\t\t<p class=\"calendarline\"><img decoding=\"async\" class=\"calendar_icon\" src=\"https:\/\/www.ergowebinar.de\/intern\/images\/calendar.png\">13.07.2026 19:45 - 20:45<\/p>\t\r\n\t\t\t\t\t\t\t\t\t\t\t\t\t\t\t\t\t\t\t\t\t<p class=\"liquid_vc_single_text\">\r\nRegelm&auml;&szlig;ige k&ouml;rperliche Aktivit&auml;t leistet einen wichtigen Beitrag zur Aufrechterhaltung von Gesundheit und Wohlbefinden. In diesem Webinar gehen wir den Faktoren auf den Grund, die ...<\/p>\r\n\t\t\t\t\t\t\t\t\t\t\t\t\t\t\t\t\t\t\t\t\t<p class=\"sempreis\">49 \u20ac<\/p>\r\n\t\t\t\t\t\t\t\t\t\t\t\t\t\t\t\t\t\t\t\t\t\t\t<p class=\"semmwst\"><\/p>\r\n\t\t\t\t\t\t\t\t\t\t\t\t\t\t\t\t\t\t\t\t\t\t\t\r\n\t\t\t\t\t\t\t\t\t<\/a>\r\n\t\t\t\t\t\t\t\t\t\r\n\t\t\t\t\t\t\t\t<\/figure>\r\n\t\t\t\t\t\t\t\t\r\n\t\t\t\t\t\t\t<\/div>\r\n\t\t\t\t\t\t\t\t\t\t\t\t\t\t\r\n\t\t\t\t\t\t<\/div>\r\n\t\t\t\t\t<\/div>\r\n\t\t\t\t<\/div>\r\n\t\t\t\t\t\t\t\t<div class=\"wpb_column vc_column_container vc_col-sm-2\">\r\n\t\t\t\t\t<div class=\"vc_column-inner \" >\r\n\t\t\t\t\t\t<div class=\"wpb_wrapper\" >\r\n\t\t\t\t\t\t\t<div class=\"wpb_single_image wpb_content_element vc_align_ liquid_vc_single_image\">\r\n\t\t\t\t\t\t\t\t\t\t\t\t\t\t\t\t\t<div class=\"sem_overlay\" ><a href=\"https:\/\/online.therapie.ergowebinar.de\/de\/e\/Kognition-spielerisch-trainieren-2-FP-81?\r\n\t\t\t\t\t\t\t\t\t\" class=\"btn btn-solid btn-xsm round border-thin btn-has-label jetztstartenbutton\">klicken f\u00fcr Details<\/a><\/div>\r\n\t\t\t\t\t\t\t\t\t\t\t\t\t\t\t\t\t<figure class=\"wpb_wrapper vc_figure\">\r\n\t\t\t\t\t\t\t\t\t<a href=\"online.therapie.ergowebinar.de\/de\/e\/Kognition-spielerisch-trainieren-2-FP-81?\r\n\t\t\t\t\t\t\t\t\t\" title=\"Sie sehen ein Spielbrett mit W\u00fcrfeln und Spielsteinen als Assoziation zum Webseminar \u00fcber den Einsatz spielerischer Medien in der Ergotherapie + Physiotherapie in der NeuroReha, SchmerzReha, Orthop\u00e4die, Geriatrie in Klinik + Praxis\" target=\"_blank\">\r\n\t\t\t\t\t\t\t\t\t\t<img decoding=\"async\" width=\"475\" src=\"https:\/\/www.ergowebinar.de\/intern\/parsed_images\/22a6c32a-d14f-488c-9170-3c76c708b09c.jpg\" class=\"vc_single_image-img attachment-full\" alt=\"Sie sehen ein Spielbrett mit W\u00fcrfeln und Spielsteinen als Assoziation zum Webseminar \u00fcber den Einsatz spielerischer Medien in der Ergotherapie + Physiotherapie in der NeuroReha, SchmerzReha, Orthop\u00e4die, Geriatrie in Klinik + Praxis\" title=\"Sie sehen ein Spielbrett mit W\u00fcrfeln und Spielsteinen als Assoziation zum Webseminar \u00fcber den Einsatz spielerischer Medien in der Ergotherapie + Physiotherapie in der NeuroReha, SchmerzReha, Orthop\u00e4die, Geriatrie in Klinik + Praxis\" srcset=\"https:\/\/www.ergowebinar.de\/intern\/parsed_images\/22a6c32a-d14f-488c-9170-3c76c708b09c.jpg 475w, https:\/\/www.ergowebinar.de\/intern\/parsed_images\/22a6c32a-d14f-488c-9170-3c76c708b09c.jpg 275w\" sizes=\"(max-width: 475px) 100vw, 475px\" itemprop=\"image\" \/>\r\n\t\t\t\t\t\t\t\t\t\t<h6>Kognition spielerisch trainieren [2 FP]<\/h6>\r\n\t\t\t\t\t\t\t\t\t\t\t\t\t\t\t\t\t\t\t\t\t<p class=\"calendarline\"><img decoding=\"async\" class=\"calendar_icon\" src=\"https:\/\/www.ergowebinar.de\/intern\/images\/calendar.png\">19.08.2026 19:00 - 20:00<\/p>\t\r\n\t\t\t\t\t\t\t\t\t\t\t\t\t\t\t\t\t\t\t\t\t<p class=\"liquid_vc_single_text\">Gesellschaftsspiele k&ouml;nnen nach neurologischen Ereignissen wie Schlaganfall, Sch&auml;delhirntrauma, Tumor oder bei degenerativen Erkrankungen gezielt eingesetzt werden, um verschiedene Hirnfunktionen ...<\/p>\r\n\t\t\t\t\t\t\t\t\t\t\t\t\t\t\t\t\t\t\t\t\t<p class=\"sempreis\">49 \u20ac<\/p>\r\n\t\t\t\t\t\t\t\t\t\t\t\t\t\t\t\t\t\t\t\t\t\t\t<p class=\"semmwst\"><\/p>\r\n\t\t\t\t\t\t\t\t\t\t\t\t\t\t\t\t\t\t\t\t\t\t\t\r\n\t\t\t\t\t\t\t\t\t<\/a>\r\n\t\t\t\t\t\t\t\t\t\r\n\t\t\t\t\t\t\t\t<\/figure>\r\n\t\t\t\t\t\t\t\t\r\n\t\t\t\t\t\t\t<\/div>\r\n\t\t\t\t\t\t\t\t\t\t\t\t\t\t\r\n\t\t\t\t\t\t<\/div>\r\n\t\t\t\t\t<\/div>\r\n\t\t\t\t<\/div>\r\n\t\t\t\t\t\t\t\t<div class=\"wpb_column vc_column_container vc_col-sm-2\">\r\n\t\t\t\t\t<div class=\"vc_column-inner \" >\r\n\t\t\t\t\t\t<div class=\"wpb_wrapper\" >\r\n\t\t\t\t\t\t\t<div class=\"wpb_single_image wpb_content_element vc_align_ liquid_vc_single_image\">\r\n\t\t\t\t\t\t\t\t\t\t\t\t\t\t\t\t\t<div class=\"sem_overlay\" ><a href=\"https:\/\/online.therapie.ergowebinar.de\/de\/e\/Yoga-Ue-50-weniger-Tempo-und-mehr-Intensitaet-2-FP-167?\r\n\t\t\t\t\t\t\t\t\t\" class=\"btn btn-solid btn-xsm round border-thin btn-has-label jetztstartenbutton\">klicken f\u00fcr Details<\/a><\/div>\r\n\t\t\t\t\t\t\t\t\t\t\t\t\t\t\t\t\t<figure class=\"wpb_wrapper vc_figure\">\r\n\t\t\t\t\t\t\t\t\t<a href=\"online.therapie.ergowebinar.de\/de\/e\/Yoga-Ue-50-weniger-Tempo-und-mehr-Intensitaet-2-FP-167?\r\n\t\t\t\t\t\t\t\t\t\" title=\"Sie sehen eine etwa 50j\u00e4hrigen Frau und einen ebenso alten Mann im Yogasitz als Assoziation zum Webseminar f\u00fcr Ergotherapie + Physiotherapie in der NeuroReha, Schmerzreha, Orthp\u00e4die, Fatigue und Long + PostCovid in Klinik + Praxis\" target=\"_blank\">\r\n\t\t\t\t\t\t\t\t\t\t<img decoding=\"async\" width=\"475\" src=\"https:\/\/www.ergowebinar.de\/intern\/parsed_images\/fc086066-62cb-4602-9f18-b22d0161b3fb.jpg\" class=\"vc_single_image-img attachment-full\" alt=\"Sie sehen eine etwa 50j\u00e4hrigen Frau und einen ebenso alten Mann im Yogasitz als Assoziation zum Webseminar f\u00fcr Ergotherapie + Physiotherapie in der NeuroReha, Schmerzreha, Orthp\u00e4die, Fatigue und Long + PostCovid in Klinik + Praxis\" title=\"Sie sehen eine etwa 50j\u00e4hrigen Frau und einen ebenso alten Mann im Yogasitz als Assoziation zum Webseminar f\u00fcr Ergotherapie + Physiotherapie in der NeuroReha, Schmerzreha, Orthp\u00e4die, Fatigue und Long + PostCovid in Klinik + Praxis\" srcset=\"https:\/\/www.ergowebinar.de\/intern\/parsed_images\/fc086066-62cb-4602-9f18-b22d0161b3fb.jpg 475w, https:\/\/www.ergowebinar.de\/intern\/parsed_images\/fc086066-62cb-4602-9f18-b22d0161b3fb.jpg 275w\" sizes=\"(max-width: 475px) 100vw, 475px\" itemprop=\"image\" \/>\r\n\t\t\t\t\t\t\t\t\t\t<h6>Yoga \u00dc-50 - weniger Tempo und mehr Intensit\u00e4t  [2 FP]<\/h6>\r\n\t\t\t\t\t\t\t\t\t\t\t\t\t\t\t\t\t\t\t\t\t<p class=\"calendarline\"><img decoding=\"async\" class=\"calendar_icon\" src=\"https:\/\/www.ergowebinar.de\/intern\/images\/calendar.png\">26.08.2026 18:30 - 19:30<\/p>\t\r\n\t\t\t\t\t\t\t\t\t\t\t\t\t\t\t\t\t\t\t\t\t<p class=\"liquid_vc_single_text\">Hormonelle Dysbalancen k&ouml;nnen in der Lebensmitte zur inneren Unruhe, vermehrter Gereiztheit oder auch Schwerf&auml;lligkeit f&uuml;hren. In diesem Themenblock erfahren Sie die wesentliche Bedeutung ...<\/p>\r\n\t\t\t\t\t\t\t\t\t\t\t\t\t\t\t\t\t\t\t\t\t<p class=\"sempreis\">49 \u20ac<\/p>\r\n\t\t\t\t\t\t\t\t\t\t\t\t\t\t\t\t\t\t\t\t\t\t\t<p class=\"semmwst\"><\/p>\r\n\t\t\t\t\t\t\t\t\t\t\t\t\t\t\t\t\t\t\t\t\t\t\t\r\n\t\t\t\t\t\t\t\t\t<\/a>\r\n\t\t\t\t\t\t\t\t\t\r\n\t\t\t\t\t\t\t\t<\/figure>\r\n\t\t\t\t\t\t\t\t\r\n\t\t\t\t\t\t\t<\/div>\r\n\t\t\t\t\t\t\t\t\t\t\t\t\t\t\r\n\t\t\t\t\t\t<\/div>\r\n\t\t\t\t\t<\/div>\r\n\t\t\t\t<\/div>\r\n\t\t\t\t\t\t\t\t<div class=\"wpb_column vc_column_container vc_col-sm-2\">\r\n\t\t\t\t\t<div class=\"vc_column-inner \" >\r\n\t\t\t\t\t\t<div class=\"wpb_wrapper\" >\r\n\t\t\t\t\t\t\t<div class=\"wpb_single_image wpb_content_element vc_align_ liquid_vc_single_image\">\r\n\t\t\t\t\t\t\t\t\t\t\t\t\t\t\t\t\t<div class=\"sem_overlay\" ><a href=\"https:\/\/online.therapie.ergowebinar.de\/de\/e\/Kognition-Denkflexibilitaet-foerdern-2FP-302?\r\n\t\t\t\t\t\t\t\t\t\" class=\"btn btn-solid btn-xsm round border-thin btn-has-label jetztstartenbutton\">klicken f\u00fcr Details<\/a><\/div>\r\n\t\t\t\t\t\t\t\t\t\t\t\t\t\t\t\t\t<figure class=\"wpb_wrapper vc_figure\">\r\n\t\t\t\t\t\t\t\t\t<a href=\"online.therapie.ergowebinar.de\/de\/e\/Kognition-Denkflexibilitaet-foerdern-2FP-302?\r\n\t\t\t\t\t\t\t\t\t\" title=\"Sie sehen ein Ortsausgangsschild einen ausgestrichenen Plan A mit darunterstehendem Plan B als Assoziation zum Webseminar \u00fcber Verbesserung der Denkflexibilit\u00e4t f\u00fcr Ergotherapeuten in der Reha von vielen Fachgebieten mit Erwachsenen in Klinik + Praxis\" target=\"_blank\">\r\n\t\t\t\t\t\t\t\t\t\t<img decoding=\"async\" width=\"475\" src=\"https:\/\/www.ergowebinar.de\/intern\/parsed_images\/66adce0c-59a4-4d4a-a0f4-6ec832cf859e.jpg\" class=\"vc_single_image-img attachment-full\" alt=\"Sie sehen ein Ortsausgangsschild einen ausgestrichenen Plan A mit darunterstehendem Plan B als Assoziation zum Webseminar \u00fcber Verbesserung der Denkflexibilit\u00e4t f\u00fcr Ergotherapeuten in der Reha von vielen Fachgebieten mit Erwachsenen in Klinik + Praxis\" title=\"Sie sehen ein Ortsausgangsschild einen ausgestrichenen Plan A mit darunterstehendem Plan B als Assoziation zum Webseminar \u00fcber Verbesserung der Denkflexibilit\u00e4t f\u00fcr Ergotherapeuten in der Reha von vielen Fachgebieten mit Erwachsenen in Klinik + Praxis\" srcset=\"https:\/\/www.ergowebinar.de\/intern\/parsed_images\/66adce0c-59a4-4d4a-a0f4-6ec832cf859e.jpg 475w, https:\/\/www.ergowebinar.de\/intern\/parsed_images\/66adce0c-59a4-4d4a-a0f4-6ec832cf859e.jpg 275w\" sizes=\"(max-width: 475px) 100vw, 475px\" itemprop=\"image\" \/>\r\n\t\t\t\t\t\t\t\t\t\t<h6>Kognition - Denkflexibilit\u00e4t f\u00f6rdern [2FP]<\/h6>\r\n\t\t\t\t\t\t\t\t\t\t\t\t\t\t\t\t\t\t\t\t\t<p class=\"calendarline\"><img decoding=\"async\" class=\"calendar_icon\" src=\"https:\/\/www.ergowebinar.de\/intern\/images\/calendar.png\">26.08.2026 19:00 - 20:00<\/p>\t\r\n\t\t\t\t\t\t\t\t\t\t\t\t\t\t\t\t\t\t\t\t\t<p class=\"liquid_vc_single_text\">\r\nDenkflexibilit&auml;t, auch als kognitive Flexibilit&auml;t oder Umstellf&auml;higkeit bekannt, ist eine herausragende intellektuelle F&auml;higkeit. Sie erm&ouml;glicht es, sich an unerwartete Situationen ...<\/p>\r\n\t\t\t\t\t\t\t\t\t\t\t\t\t\t\t\t\t\t\t\t\t<p class=\"sempreis\">49 \u20ac<\/p>\r\n\t\t\t\t\t\t\t\t\t\t\t\t\t\t\t\t\t\t\t\t\t\t\t<p class=\"semmwst\"><\/p>\r\n\t\t\t\t\t\t\t\t\t\t\t\t\t\t\t\t\t\t\t\t\t\t\t\r\n\t\t\t\t\t\t\t\t\t<\/a>\r\n\t\t\t\t\t\t\t\t\t\r\n\t\t\t\t\t\t\t\t<\/figure>\r\n\t\t\t\t\t\t\t\t\r\n\t\t\t\t\t\t\t<\/div>\r\n\t\t\t\t\t\t\t\t\t\t\t\t\t\t\r\n\t\t\t\t\t\t<\/div>\r\n\t\t\t\t\t<\/div>\r\n\t\t\t\t<\/div>\r\n\t\t\t\t\t\t\t\t<div class=\"wpb_column vc_column_container vc_col-sm-2\">\r\n\t\t\t\t\t<div class=\"vc_column-inner \" >\r\n\t\t\t\t\t\t<div class=\"wpb_wrapper\" >\r\n\t\t\t\t\t\t\t<div class=\"wpb_single_image wpb_content_element vc_align_ liquid_vc_single_image\">\r\n\t\t\t\t\t\t\t\t\t\t\t\t\t\t\t\t\t<div class=\"sem_overlay\" ><a href=\"https:\/\/online.therapie.ergowebinar.de\/de\/e\/Geriatrie-Gluecklich-im-Garten-2FP-290?\r\n\t\t\t\t\t\t\t\t\t\" class=\"btn btn-solid btn-xsm round border-thin btn-has-label jetztstartenbutton\">klicken f\u00fcr Details<\/a><\/div>\r\n\t\t\t\t\t\t\t\t\t\t\t\t\t\t\t\t\t<figure class=\"wpb_wrapper vc_figure\">\r\n\t\t\t\t\t\t\t\t\t<a href=\"online.therapie.ergowebinar.de\/de\/e\/Geriatrie-Gluecklich-im-Garten-2FP-290?\r\n\t\t\t\t\t\t\t\t\t\" title=\"Sie sehen einen Schmetterling in einem gelben Bl\u00fctenmeer, als Assoziation zum Webseminar \u00fcber Ergotherapie zum Bet\u00e4tigungsanliegen Garten und der Wirkung in der Geriatrie und allen Fachbereichen in der Klinik + Praxis\" target=\"_blank\">\r\n\t\t\t\t\t\t\t\t\t\t<img decoding=\"async\" width=\"475\" src=\"https:\/\/www.ergowebinar.de\/intern\/parsed_images\/e36a68cb-1fc-f4d37-9c6c-ce4f8e8f51d6.jpg\" class=\"vc_single_image-img attachment-full\" alt=\"Sie sehen einen Schmetterling in einem gelben Bl\u00fctenmeer, als Assoziation zum Webseminar \u00fcber Ergotherapie zum Bet\u00e4tigungsanliegen Garten und der Wirkung in der Geriatrie und allen Fachbereichen in der Klinik + Praxis\" title=\"Sie sehen einen Schmetterling in einem gelben Bl\u00fctenmeer, als Assoziation zum Webseminar \u00fcber Ergotherapie zum Bet\u00e4tigungsanliegen Garten und der Wirkung in der Geriatrie und allen Fachbereichen in der Klinik + Praxis\" srcset=\"https:\/\/www.ergowebinar.de\/intern\/parsed_images\/e36a68cb-1fc-f4d37-9c6c-ce4f8e8f51d6.jpg 475w, https:\/\/www.ergowebinar.de\/intern\/parsed_images\/e36a68cb-1fc-f4d37-9c6c-ce4f8e8f51d6.jpg 275w\" sizes=\"(max-width: 475px) 100vw, 475px\" itemprop=\"image\" \/>\r\n\t\t\t\t\t\t\t\t\t\t<h6>Geriatrie - Gl\u00fccklich ...im Garten! [2FP]<\/h6>\r\n\t\t\t\t\t\t\t\t\t\t\t\t\t\t\t\t\t\t\t\t\t<p class=\"calendarline\"><img decoding=\"async\" class=\"calendar_icon\" src=\"https:\/\/www.ergowebinar.de\/intern\/images\/calendar.png\">10.09.2026 18:15 - 19:15<\/p>\t\r\n\t\t\t\t\t\t\t\t\t\t\t\t\t\t\t\t\t\t\t\t\t<p class=\"liquid_vc_single_text\">\r\n\r\n\r\n\r\n\r\n\r\nDas Thema Garten weckt unglaublich viele Erinnerungen bei den meisten Klient:innen. In diesem Webinar geht es darum,&nbsp;welche M&ouml;glichkeiten es gibt, geeignete T&auml;tigkeiten zu finden, ...<\/p>\r\n\t\t\t\t\t\t\t\t\t\t\t\t\t\t\t\t\t\t\t\t\t<p class=\"sempreis\">49 \u20ac<\/p>\r\n\t\t\t\t\t\t\t\t\t\t\t\t\t\t\t\t\t\t\t\t\t\t\t<p class=\"semmwst\"><\/p>\r\n\t\t\t\t\t\t\t\t\t\t\t\t\t\t\t\t\t\t\t\t\t\t\t\r\n\t\t\t\t\t\t\t\t\t<\/a>\r\n\t\t\t\t\t\t\t\t\t\r\n\t\t\t\t\t\t\t\t<\/figure>\r\n\t\t\t\t\t\t\t\t\r\n\t\t\t\t\t\t\t<\/div>\r\n\t\t\t\t\t\t\t\t\t\t\t\t\t\t\r\n\t\t\t\t\t\t<\/div>\r\n\t\t\t\t\t<\/div>\r\n\t\t\t\t<\/div>\r\n\t\t\t\t\t\t\t\t<div class=\"wpb_column vc_column_container vc_col-sm-2\">\r\n\t\t\t\t\t<div class=\"vc_column-inner \" >\r\n\t\t\t\t\t\t<div class=\"wpb_wrapper\" >\r\n\t\t\t\t\t\t\t<div class=\"wpb_single_image wpb_content_element vc_align_ liquid_vc_single_image\">\r\n\t\t\t\t\t\t\t\t\t\t\t\t\t\t\t\t\t<div class=\"sem_overlay\" ><a href=\"https:\/\/online.therapie.ergowebinar.de\/de\/e\/Sitztanz-fuer-Hochbetagte-Yoga-kennt-kein-Alter-2-FP-169?\r\n\t\t\t\t\t\t\t\t\t\" class=\"btn btn-solid btn-xsm round border-thin btn-has-label jetztstartenbutton\">klicken f\u00fcr Details<\/a><\/div>\r\n\t\t\t\t\t\t\t\t\t\t\t\t\t\t\t\t\t<figure class=\"wpb_wrapper vc_figure\">\r\n\t\t\t\t\t\t\t\t\t<a href=\"online.therapie.ergowebinar.de\/de\/e\/Sitztanz-fuer-Hochbetagte-Yoga-kennt-kein-Alter-2-FP-169?\r\n\t\t\t\t\t\t\t\t\t\" title=\"Sie sehen einen Senior in Sportkelidung aus dem gestreckten sitz vom Boden aufstehen als Assoziation zum Webseminar zu Yoga f\u00fcr Senioren f\u00fcr Ergotherapie + Physiotherapie in der Rehabilitation, Geriatrie in Senioreneinrichtungen + Klinik + Praxis\" target=\"_blank\">\r\n\t\t\t\t\t\t\t\t\t\t<img decoding=\"async\" width=\"475\" src=\"https:\/\/www.ergowebinar.de\/intern\/parsed_images\/0c849185-0706-4374-840e-270ada877f22.jpg\" class=\"vc_single_image-img attachment-full\" alt=\"Sie sehen einen Senior in Sportkelidung aus dem gestreckten sitz vom Boden aufstehen als Assoziation zum Webseminar zu Yoga f\u00fcr Senioren f\u00fcr Ergotherapie + Physiotherapie in der Rehabilitation, Geriatrie in Senioreneinrichtungen + Klinik + Praxis\" title=\"Sie sehen einen Senior in Sportkelidung aus dem gestreckten sitz vom Boden aufstehen als Assoziation zum Webseminar zu Yoga f\u00fcr Senioren f\u00fcr Ergotherapie + Physiotherapie in der Rehabilitation, Geriatrie in Senioreneinrichtungen + Klinik + Praxis\" srcset=\"https:\/\/www.ergowebinar.de\/intern\/parsed_images\/0c849185-0706-4374-840e-270ada877f22.jpg 475w, https:\/\/www.ergowebinar.de\/intern\/parsed_images\/0c849185-0706-4374-840e-270ada877f22.jpg 275w\" sizes=\"(max-width: 475px) 100vw, 475px\" itemprop=\"image\" \/>\r\n\t\t\t\t\t\t\t\t\t\t<h6>Sitztanz f\u00fcr Hochbetagte - Yoga kennt kein Alter [2 FP]<\/h6>\r\n\t\t\t\t\t\t\t\t\t\t\t\t\t\t\t\t\t\t\t\t\t<p class=\"calendarline\"><img decoding=\"async\" class=\"calendar_icon\" src=\"https:\/\/www.ergowebinar.de\/intern\/images\/calendar.png\">23.09.2026 18:30 - 19:30<\/p>\t\r\n\t\t\t\t\t\t\t\t\t\t\t\t\t\t\t\t\t\t\t\t\t<p class=\"liquid_vc_single_text\">Je &auml;lter unsere Klient:innen werden, umso st&auml;rker variiert die Tagesverfassung. Damit an Tagen mit gef&uuml;hlt leichter Ersch&ouml;pfung der Positionswechsel nicht zur Belastungsprobe wird, ...<\/p>\r\n\t\t\t\t\t\t\t\t\t\t\t\t\t\t\t\t\t\t\t\t\t<p class=\"sempreis\">49 \u20ac<\/p>\r\n\t\t\t\t\t\t\t\t\t\t\t\t\t\t\t\t\t\t\t\t\t\t\t<p class=\"semmwst\"><\/p>\r\n\t\t\t\t\t\t\t\t\t\t\t\t\t\t\t\t\t\t\t\t\t\t\t\r\n\t\t\t\t\t\t\t\t\t<\/a>\r\n\t\t\t\t\t\t\t\t\t\r\n\t\t\t\t\t\t\t\t<\/figure>\r\n\t\t\t\t\t\t\t\t\r\n\t\t\t\t\t\t\t<\/div>\r\n\t\t\t\t\t\t\t\t\t\t\t\t\t\t\r\n\t\t\t\t\t\t<\/div>\r\n\t\t\t\t\t<\/div>\r\n\t\t\t\t<\/div>\r\n\t\t\t\t\t\t\t\t<div class=\"wpb_column vc_column_container vc_col-sm-2\">\r\n\t\t\t\t\t<div class=\"vc_column-inner \" >\r\n\t\t\t\t\t\t<div class=\"wpb_wrapper\" >\r\n\t\t\t\t\t\t\t<div class=\"wpb_single_image wpb_content_element vc_align_ liquid_vc_single_image\">\r\n\t\t\t\t\t\t\t\t\t\t\t\t\t\t\t\t\t<div class=\"sem_overlay\" ><a href=\"https:\/\/online.therapie.ergowebinar.de\/de\/e\/Geriatrie-Gluecklich-auf-der-Strasse-2FP-289?\r\n\t\t\t\t\t\t\t\t\t\" class=\"btn btn-solid btn-xsm round border-thin btn-has-label jetztstartenbutton\">klicken f\u00fcr Details<\/a><\/div>\r\n\t\t\t\t\t\t\t\t\t\t\t\t\t\t\t\t\t<figure class=\"wpb_wrapper vc_figure\">\r\n\t\t\t\t\t\t\t\t\t<a href=\"online.therapie.ergowebinar.de\/de\/e\/Geriatrie-Gluecklich-auf-der-Strasse-2FP-289?\r\n\t\t\t\t\t\t\t\t\t\" title=\"Sie sehen eine Bushaltestelle mit einem abfahrenden Linienbus an einer Allee, als Assoziation zum Webseminar \u00fcber Ergotherapie zur Mobilit\u00e4t im Alltag und der Wirkung in der Geriatrie und allen Fachbereichen in der Klinik + Praxis\" target=\"_blank\">\r\n\t\t\t\t\t\t\t\t\t\t<img decoding=\"async\" width=\"475\" src=\"https:\/\/www.ergowebinar.de\/intern\/parsed_images\/e36a68cb-1fce-4d37-9c6c-ce4f8e8f51d6.jpg\" class=\"vc_single_image-img attachment-full\" alt=\"Sie sehen eine Bushaltestelle mit einem abfahrenden Linienbus an einer Allee, als Assoziation zum Webseminar \u00fcber Ergotherapie zur Mobilit\u00e4t im Alltag und der Wirkung in der Geriatrie und allen Fachbereichen in der Klinik + Praxis\" title=\"Sie sehen eine Bushaltestelle mit einem abfahrenden Linienbus an einer Allee, als Assoziation zum Webseminar \u00fcber Ergotherapie zur Mobilit\u00e4t im Alltag und der Wirkung in der Geriatrie und allen Fachbereichen in der Klinik + Praxis\" srcset=\"https:\/\/www.ergowebinar.de\/intern\/parsed_images\/e36a68cb-1fce-4d37-9c6c-ce4f8e8f51d6.jpg 475w, https:\/\/www.ergowebinar.de\/intern\/parsed_images\/e36a68cb-1fce-4d37-9c6c-ce4f8e8f51d6.jpg 275w\" sizes=\"(max-width: 475px) 100vw, 475px\" itemprop=\"image\" \/>\r\n\t\t\t\t\t\t\t\t\t\t<h6>Geriatrie - Gl\u00fccklich ...auf der Stra\u00dfe! [2FP]<\/h6>\r\n\t\t\t\t\t\t\t\t\t\t\t\t\t\t\t\t\t\t\t\t\t<p class=\"calendarline\"><img decoding=\"async\" class=\"calendar_icon\" src=\"https:\/\/www.ergowebinar.de\/intern\/images\/calendar.png\">24.09.2026 18:15 - 19:15<\/p>\t\r\n\t\t\t\t\t\t\t\t\t\t\t\t\t\t\t\t\t\t\t\t\t<p class=\"liquid_vc_single_text\">\r\n\r\n\r\n\r\n\r\nMobilit&auml;t ist f&uuml;r viele Bet&auml;tigungen im Alltag unverzichtbar. Anhand von Fallbeispielen zeige ich, wie es m&ouml;glich ist klientenzentriert das passende Vorgehen und das passende ...<\/p>\r\n\t\t\t\t\t\t\t\t\t\t\t\t\t\t\t\t\t\t\t\t\t<p class=\"sempreis\">49 \u20ac<\/p>\r\n\t\t\t\t\t\t\t\t\t\t\t\t\t\t\t\t\t\t\t\t\t\t\t<p class=\"semmwst\"><\/p>\r\n\t\t\t\t\t\t\t\t\t\t\t\t\t\t\t\t\t\t\t\t\t\t\t\r\n\t\t\t\t\t\t\t\t\t<\/a>\r\n\t\t\t\t\t\t\t\t\t\r\n\t\t\t\t\t\t\t\t<\/figure>\r\n\t\t\t\t\t\t\t\t\r\n\t\t\t\t\t\t\t<\/div>\r\n\t\t\t\t\t\t\t\t\t\t\t\t\t\t\r\n\t\t\t\t\t\t<\/div>\r\n\t\t\t\t\t<\/div>\r\n\t\t\t\t<\/div>\r\n\t\t\t\t\t\t\t\t<div class=\"wpb_column vc_column_container vc_col-sm-2\">\r\n\t\t\t\t\t<div class=\"vc_column-inner \" >\r\n\t\t\t\t\t\t<div class=\"wpb_wrapper\" >\r\n\t\t\t\t\t\t\t<div class=\"wpb_single_image wpb_content_element vc_align_ liquid_vc_single_image\">\r\n\t\t\t\t\t\t\t\t\t\t\t\t\t\t\t\t\t<div class=\"sem_overlay\" ><a href=\"https:\/\/online.therapie.ergowebinar.de\/de\/e\/Health-Action-Process-Approach-Veraenderungen-des-Gesundheitsverhaltens-begleiten-2FP-320?\r\n\t\t\t\t\t\t\t\t\t\" class=\"btn btn-solid btn-xsm round border-thin btn-has-label jetztstartenbutton\">klicken f\u00fcr Details<\/a><\/div>\r\n\t\t\t\t\t\t\t\t\t\t\t\t\t\t\t\t\t<figure class=\"wpb_wrapper vc_figure\">\r\n\t\t\t\t\t\t\t\t\t<a href=\"online.therapie.ergowebinar.de\/de\/e\/Health-Action-Process-Approach-Veraenderungen-des-Gesundheitsverhaltens-begleiten-2FP-320?\r\n\t\t\t\t\t\t\t\t\t\" title=\"Sie sehen ein \u00e4lteres Wegweiserschild mit einem links-rechts Pfeil als Assoziation zum Webseminar zur Unterst\u00fctzung von Verhaltensver\u00e4nderungen in der Gesundheitsf\u00f6rderung f\u00fcr alle Fachbereiche der Ergotherapie + Physiotherapie in der Klinik + Praxis\" target=\"_blank\">\r\n\t\t\t\t\t\t\t\t\t\t<img decoding=\"async\" width=\"475\" src=\"https:\/\/www.ergowebinar.de\/intern\/parsed_images\/320.jpg\" class=\"vc_single_image-img attachment-full\" alt=\"Sie sehen ein \u00e4lteres Wegweiserschild mit einem links-rechts Pfeil als Assoziation zum Webseminar zur Unterst\u00fctzung von Verhaltensver\u00e4nderungen in der Gesundheitsf\u00f6rderung f\u00fcr alle Fachbereiche der Ergotherapie + Physiotherapie in der Klinik + Praxis\" title=\"Sie sehen ein \u00e4lteres Wegweiserschild mit einem links-rechts Pfeil als Assoziation zum Webseminar zur Unterst\u00fctzung von Verhaltensver\u00e4nderungen in der Gesundheitsf\u00f6rderung f\u00fcr alle Fachbereiche der Ergotherapie + Physiotherapie in der Klinik + Praxis\" srcset=\"https:\/\/www.ergowebinar.de\/intern\/parsed_images\/320.jpg 475w, https:\/\/www.ergowebinar.de\/intern\/parsed_images\/320.jpg 275w\" sizes=\"(max-width: 475px) 100vw, 475px\" itemprop=\"image\" \/>\r\n\t\t\t\t\t\t\t\t\t\t<h6>Health Action Process Approach - Ver\u00e4nderungen des Gesundheitsverhaltens begleiten [2FP]<\/h6>\r\n\t\t\t\t\t\t\t\t\t\t\t\t\t\t\t\t\t\t\t\t\t<p class=\"calendarline\"><img decoding=\"async\" class=\"calendar_icon\" src=\"https:\/\/www.ergowebinar.de\/intern\/images\/calendar.png\">28.09.2026 16:45 - 17:45<\/p>\t\r\n\t\t\t\t\t\t\t\t\t\t\t\t\t\t\t\t\t\t\t\t\t<p class=\"liquid_vc_single_text\">\r\nVerhaltens&auml;nderung ist ein zentraler Bestandteil in der Gesundheitsf&ouml;rderung. Der Health Action Process Approach (HAPA) ist ein evidenzbasierter Ansatz, der zeigt, wie Menschen ihre Gesundheit ...<\/p>\r\n\t\t\t\t\t\t\t\t\t\t\t\t\t\t\t\t\t\t\t\t\t<p class=\"sempreis\">49 \u20ac<\/p>\r\n\t\t\t\t\t\t\t\t\t\t\t\t\t\t\t\t\t\t\t\t\t\t\t<p class=\"semmwst\"><\/p>\r\n\t\t\t\t\t\t\t\t\t\t\t\t\t\t\t\t\t\t\t\t\t\t\t\r\n\t\t\t\t\t\t\t\t\t<\/a>\r\n\t\t\t\t\t\t\t\t\t\r\n\t\t\t\t\t\t\t\t<\/figure>\r\n\t\t\t\t\t\t\t\t\r\n\t\t\t\t\t\t\t<\/div>\r\n\t\t\t\t\t\t\t\t\t\t\t\t\t\t\r\n\t\t\t\t\t\t<\/div>\r\n\t\t\t\t\t<\/div>\r\n\t\t\t\t<\/div>\r\n\t\t\t\t\t\t\t\t<div class=\"wpb_column vc_column_container vc_col-sm-2\">\r\n\t\t\t\t\t<div class=\"vc_column-inner \" >\r\n\t\t\t\t\t\t<div class=\"wpb_wrapper\" >\r\n\t\t\t\t\t\t\t<div class=\"wpb_single_image wpb_content_element vc_align_ liquid_vc_single_image\">\r\n\t\t\t\t\t\t\t\t\t\t\t\t\t\t\t\t\t<div class=\"sem_overlay\" ><a href=\"https:\/\/online.therapie.ergowebinar.de\/de\/e\/Multifaktorielle-Sturzpraevention-fuer-Personen-mit-hohem-Sturzrisiko-Update-2FP-69?\r\n\t\t\t\t\t\t\t\t\t\" class=\"btn btn-solid btn-xsm round border-thin btn-has-label jetztstartenbutton\">klicken f\u00fcr Details<\/a><\/div>\r\n\t\t\t\t\t\t\t\t\t\t\t\t\t\t\t\t\t<figure class=\"wpb_wrapper vc_figure\">\r\n\t\t\t\t\t\t\t\t\t<a href=\"online.therapie.ergowebinar.de\/de\/e\/Multifaktorielle-Sturzpraevention-fuer-Personen-mit-hohem-Sturzrisiko-Update-2FP-69?\r\n\t\t\t\t\t\t\t\t\t\" title=\"Sie sehen fallende Dominosteine, die von einer Hand gebremst werden, als Assoziation zum Webseminar f\u00fcr Ergotherapie + Physiotherapie in der Sturzpr\u00e4vention im de NeuroReha, Orthop\u00e4die und Geriatrie in Klinik + Praxis\" target=\"_blank\">\r\n\t\t\t\t\t\t\t\t\t\t<img decoding=\"async\" width=\"475\" src=\"https:\/\/www.ergowebinar.de\/intern\/parsed_images\/69.png\" class=\"vc_single_image-img attachment-full\" alt=\"Sie sehen fallende Dominosteine, die von einer Hand gebremst werden, als Assoziation zum Webseminar f\u00fcr Ergotherapie + Physiotherapie in der Sturzpr\u00e4vention im de NeuroReha, Orthop\u00e4die und Geriatrie in Klinik + Praxis\" title=\"Sie sehen fallende Dominosteine, die von einer Hand gebremst werden, als Assoziation zum Webseminar f\u00fcr Ergotherapie + Physiotherapie in der Sturzpr\u00e4vention im de NeuroReha, Orthop\u00e4die und Geriatrie in Klinik + Praxis\" srcset=\"https:\/\/www.ergowebinar.de\/intern\/parsed_images\/69.png 475w, https:\/\/www.ergowebinar.de\/intern\/parsed_images\/69.png 275w\" sizes=\"(max-width: 475px) 100vw, 475px\" itemprop=\"image\" \/>\r\n\t\t\t\t\t\t\t\t\t\t<h6>Multifaktorielle Sturzpr\u00e4vention f\u00fcr Personen mit hohem Sturzrisiko - Update [2FP]<\/h6>\r\n\t\t\t\t\t\t\t\t\t\t\t\t\t\t\t\t\t\t\t\t\t<p class=\"calendarline\"><img decoding=\"async\" class=\"calendar_icon\" src=\"https:\/\/www.ergowebinar.de\/intern\/images\/calendar.png\">28.09.2026 19:45 - 20:45<\/p>\t\r\n\t\t\t\t\t\t\t\t\t\t\t\t\t\t\t\t\t\t\t\t\t<p class=\"liquid_vc_single_text\">Sturzpr&auml;ventionsma&szlig;nahmen gewinnen in unserer Gesellschaft immer mehr an Bedeutung. Bei Personen mit hohem Sturzrisiko sind neben einem k&ouml;rperlichen Training auch weitere Ma&szlig;nahmen ...<\/p>\r\n\t\t\t\t\t\t\t\t\t\t\t\t\t\t\t\t\t\t\t\t\t<p class=\"sempreis\">49 \u20ac<\/p>\r\n\t\t\t\t\t\t\t\t\t\t\t\t\t\t\t\t\t\t\t\t\t\t\t<p class=\"semmwst\"><\/p>\r\n\t\t\t\t\t\t\t\t\t\t\t\t\t\t\t\t\t\t\t\t\t\t\t\r\n\t\t\t\t\t\t\t\t\t<\/a>\r\n\t\t\t\t\t\t\t\t\t\r\n\t\t\t\t\t\t\t\t<\/figure>\r\n\t\t\t\t\t\t\t\t\r\n\t\t\t\t\t\t\t<\/div>\r\n\t\t\t\t\t\t\t\t\t\t\t\t\t\t\r\n\t\t\t\t\t\t<\/div>\r\n\t\t\t\t\t<\/div>\r\n\t\t\t\t<\/div>\r\n\t\t\t\t\t\t\t\t<div class=\"wpb_column vc_column_container vc_col-sm-2\">\r\n\t\t\t\t\t<div class=\"vc_column-inner \" >\r\n\t\t\t\t\t\t<div class=\"wpb_wrapper\" >\r\n\t\t\t\t\t\t\t<div class=\"wpb_single_image wpb_content_element vc_align_ liquid_vc_single_image\">\r\n\t\t\t\t\t\t\t\t\t\t\t\t\t\t\t\t\t<div class=\"sem_overlay\" ><a href=\"https:\/\/online.therapie.ergowebinar.de\/de\/e\/Korsakow-Basic-2-FP-45?\r\n\t\t\t\t\t\t\t\t\t\" class=\"btn btn-solid btn-xsm round border-thin btn-has-label jetztstartenbutton\">klicken f\u00fcr Details<\/a><\/div>\r\n\t\t\t\t\t\t\t\t\t\t\t\t\t\t\t\t\t<figure class=\"wpb_wrapper vc_figure\">\r\n\t\t\t\t\t\t\t\t\t<a href=\"online.therapie.ergowebinar.de\/de\/e\/Korsakow-Basic-2-FP-45?\r\n\t\t\t\t\t\t\t\t\t\" title=\"Sie sehen das Port\u00e4t einer Seniorin , deren hintere Kopfh\u00e4lfte sich morphend ins Nichts aufl\u00f6st, als Assoziation zum Webseminar \u00fcber Korsakow-Demenz f\u00fcr Ergotherapie in der Rehabilitation, Geriatrie, Suchttherapie in Klinik + Praxis\" target=\"_blank\">\r\n\t\t\t\t\t\t\t\t\t\t<img decoding=\"async\" width=\"475\" src=\"https:\/\/www.ergowebinar.de\/intern\/parsed_images\/93a89fdb-6b21-4fc0-8664-c7b74069d417.jpg\" class=\"vc_single_image-img attachment-full\" alt=\"Sie sehen das Port\u00e4t einer Seniorin , deren hintere Kopfh\u00e4lfte sich morphend ins Nichts aufl\u00f6st, als Assoziation zum Webseminar \u00fcber Korsakow-Demenz f\u00fcr Ergotherapie in der Rehabilitation, Geriatrie, Suchttherapie in Klinik + Praxis\" title=\"Sie sehen das Port\u00e4t einer Seniorin , deren hintere Kopfh\u00e4lfte sich morphend ins Nichts aufl\u00f6st, als Assoziation zum Webseminar \u00fcber Korsakow-Demenz f\u00fcr Ergotherapie in der Rehabilitation, Geriatrie, Suchttherapie in Klinik + Praxis\" srcset=\"https:\/\/www.ergowebinar.de\/intern\/parsed_images\/93a89fdb-6b21-4fc0-8664-c7b74069d417.jpg 475w, https:\/\/www.ergowebinar.de\/intern\/parsed_images\/93a89fdb-6b21-4fc0-8664-c7b74069d417.jpg 275w\" sizes=\"(max-width: 475px) 100vw, 475px\" itemprop=\"image\" \/>\r\n\t\t\t\t\t\t\t\t\t\t<h6>Korsakow - Basic [2 FP]<\/h6>\r\n\t\t\t\t\t\t\t\t\t\t\t\t\t\t\t\t\t\t\t\t\t<p class=\"calendarline\"><img decoding=\"async\" class=\"calendar_icon\" src=\"https:\/\/www.ergowebinar.de\/intern\/images\/calendar.png\">07.10.2026 17:45 - 18:45<\/p>\t\r\n\t\t\t\t\t\t\t\t\t\t\t\t\t\t\t\t\t\t\t\t\t<p class=\"liquid_vc_single_text\">Was ist das Besondere an der Korsakow-induzierten Demenz? Wie unterscheiden sich die F&ouml;rderungsm&ouml;glichkeiten und Rahmenbedingungen f&uuml;r gelingendes Verhalten von anderen dementiellen Erkrankungen? ...<\/p>\r\n\t\t\t\t\t\t\t\t\t\t\t\t\t\t\t\t\t\t\t\t\t<p class=\"sempreis\">49 \u20ac<\/p>\r\n\t\t\t\t\t\t\t\t\t\t\t\t\t\t\t\t\t\t\t\t\t\t\t<p class=\"semmwst\"><\/p>\r\n\t\t\t\t\t\t\t\t\t\t\t\t\t\t\t\t\t\t\t\t\t\t\t\r\n\t\t\t\t\t\t\t\t\t<\/a>\r\n\t\t\t\t\t\t\t\t\t\r\n\t\t\t\t\t\t\t\t<\/figure>\r\n\t\t\t\t\t\t\t\t\r\n\t\t\t\t\t\t\t<\/div>\r\n\t\t\t\t\t\t\t\t\t\t\t\t\t\t\r\n\t\t\t\t\t\t<\/div>\r\n\t\t\t\t\t<\/div>\r\n\t\t\t\t<\/div>\r\n\t\t\t\t\t\t\t\t<div class=\"wpb_column vc_column_container vc_col-sm-2\">\r\n\t\t\t\t\t<div class=\"vc_column-inner \" >\r\n\t\t\t\t\t\t<div class=\"wpb_wrapper\" >\r\n\t\t\t\t\t\t\t<div class=\"wpb_single_image wpb_content_element vc_align_ liquid_vc_single_image\">\r\n\t\t\t\t\t\t\t\t\t\t\t\t\t\t\t\t\t<div class=\"sem_overlay\" ><a href=\"https:\/\/online.therapie.ergowebinar.de\/de\/e\/Altersbilder-Einfluss-und-aktive-Gestaltung-2FP-321?\r\n\t\t\t\t\t\t\t\t\t\" class=\"btn btn-solid btn-xsm round border-thin btn-has-label jetztstartenbutton\">klicken f\u00fcr Details<\/a><\/div>\r\n\t\t\t\t\t\t\t\t\t\t\t\t\t\t\t\t\t<figure class=\"wpb_wrapper vc_figure\">\r\n\t\t\t\t\t\t\t\t\t<a href=\"online.therapie.ergowebinar.de\/de\/e\/Altersbilder-Einfluss-und-aktive-Gestaltung-2FP-321?\r\n\t\t\t\t\t\t\t\t\t\" title=\"Sie sehen dem Kopf eines \u00e4lteren Mannes im Profil als Assoziation zum Webseminar \u00fcber innere Altersbilder von Therapeut:innen und deren Beeinflussung und Wirkung in allen Fachbereichen der Ergotherapie + Physiotherapie in der Klinik + Praxis\" target=\"_blank\">\r\n\t\t\t\t\t\t\t\t\t\t<img decoding=\"async\" width=\"475\" src=\"https:\/\/www.ergowebinar.de\/intern\/parsed_images\/321.jpg\" class=\"vc_single_image-img attachment-full\" alt=\"Sie sehen dem Kopf eines \u00e4lteren Mannes im Profil als Assoziation zum Webseminar \u00fcber innere Altersbilder von Therapeut:innen und deren Beeinflussung und Wirkung in allen Fachbereichen der Ergotherapie + Physiotherapie in der Klinik + Praxis\" title=\"Sie sehen dem Kopf eines \u00e4lteren Mannes im Profil als Assoziation zum Webseminar \u00fcber innere Altersbilder von Therapeut:innen und deren Beeinflussung und Wirkung in allen Fachbereichen der Ergotherapie + Physiotherapie in der Klinik + Praxis\" srcset=\"https:\/\/www.ergowebinar.de\/intern\/parsed_images\/321.jpg 475w, https:\/\/www.ergowebinar.de\/intern\/parsed_images\/321.jpg 275w\" sizes=\"(max-width: 475px) 100vw, 475px\" itemprop=\"image\" \/>\r\n\t\t\t\t\t\t\t\t\t\t<h6>Altersbilder - Einfluss und aktive Gestaltung [2FP]<\/h6>\r\n\t\t\t\t\t\t\t\t\t\t\t\t\t\t\t\t\t\t\t\t\t<p class=\"calendarline\"><img decoding=\"async\" class=\"calendar_icon\" src=\"https:\/\/www.ergowebinar.de\/intern\/images\/calendar.png\">12.10.2026 16:45 - 17:45<\/p>\t\r\n\t\t\t\t\t\t\t\t\t\t\t\t\t\t\t\t\t\t\t\t\t<p class=\"liquid_vc_single_text\">\r\n\r\nIm Alter werden wir \"gebrechlich, vergesslich und unflexibel...\" oder doch eher \"weise, erfahren, unabh&auml;ngig...\"? In diesem Webinar besch&auml;ftigen wir uns mit der Frage, wie stereotype Vorstellungen ...<\/p>\r\n\t\t\t\t\t\t\t\t\t\t\t\t\t\t\t\t\t\t\t\t\t<p class=\"sempreis\">49 \u20ac<\/p>\r\n\t\t\t\t\t\t\t\t\t\t\t\t\t\t\t\t\t\t\t\t\t\t\t<p class=\"semmwst\"><\/p>\r\n\t\t\t\t\t\t\t\t\t\t\t\t\t\t\t\t\t\t\t\t\t\t\t\r\n\t\t\t\t\t\t\t\t\t<\/a>\r\n\t\t\t\t\t\t\t\t\t\r\n\t\t\t\t\t\t\t\t<\/figure>\r\n\t\t\t\t\t\t\t\t\r\n\t\t\t\t\t\t\t<\/div>\r\n\t\t\t\t\t\t\t\t\t\t\t\t\t\t\r\n\t\t\t\t\t\t<\/div>\r\n\t\t\t\t\t<\/div>\r\n\t\t\t\t<\/div>\r\n\t\t\t\t\t\t\t\t<div class=\"wpb_column vc_column_container vc_col-sm-2\">\r\n\t\t\t\t\t<div class=\"vc_column-inner \" >\r\n\t\t\t\t\t\t<div class=\"wpb_wrapper\" >\r\n\t\t\t\t\t\t\t<div class=\"wpb_single_image wpb_content_element vc_align_ liquid_vc_single_image\">\r\n\t\t\t\t\t\t\t\t\t\t\t\t\t\t\t\t\t<div class=\"sem_overlay\" ><a href=\"#Thema1\" class=\"btn btn-solid btn-xsm round border-thin btn-has-label nichtdabutton\">8 Tage nach Ablauf des<br>Vorg\u00e4ngers buchbar<\/a><\/div>\r\n\t\t\t\t\t\t\t\t\t\t\t\t\t\t\t\t\t<figure class=\"wpb_wrapper vc_figure\">\r\n\t\t\t\t\t\t\t\t\t<a href=\"online.therapie.ergowebinar.de\/de\/e\/Sturzangst-verstehen-und-behandeln-2FP-323?\r\n\t\t\t\t\t\t\t\t\t\" title=\"Sie sehen auf einem Treppenabsatz ein Graffti mit einem erschreckten Emoji, als Assoziation zum Webseminar f\u00fcr Ergotherapie + Physiotherapie in der Sturzpr\u00e4vention in \u00fcbergreifenden Fachbereichen, NeuroReha, Orthop\u00e4die und Geriatrie in Klinik + Praxis\" target=\"_blank\">\r\n\t\t\t\t\t\t\t\t\t\t<img decoding=\"async\" width=\"475\" src=\"https:\/\/www.ergowebinar.de\/intern\/parsed_images\/235030fa-bf8e-4326-b419-7e3f69e7679a.jpg\" class=\"vc_single_image-img attachment-full\" alt=\"Sie sehen auf einem Treppenabsatz ein Graffti mit einem erschreckten Emoji, als Assoziation zum Webseminar f\u00fcr Ergotherapie + Physiotherapie in der Sturzpr\u00e4vention in \u00fcbergreifenden Fachbereichen, NeuroReha, Orthop\u00e4die und Geriatrie in Klinik + Praxis\" title=\"Sie sehen auf einem Treppenabsatz ein Graffti mit einem erschreckten Emoji, als Assoziation zum Webseminar f\u00fcr Ergotherapie + Physiotherapie in der Sturzpr\u00e4vention in \u00fcbergreifenden Fachbereichen, NeuroReha, Orthop\u00e4die und Geriatrie in Klinik + Praxis\" srcset=\"https:\/\/www.ergowebinar.de\/intern\/parsed_images\/235030fa-bf8e-4326-b419-7e3f69e7679a.jpg 475w, https:\/\/www.ergowebinar.de\/intern\/parsed_images\/235030fa-bf8e-4326-b419-7e3f69e7679a.jpg 275w\" sizes=\"(max-width: 475px) 100vw, 475px\" itemprop=\"image\" \/>\r\n\t\t\t\t\t\t\t\t\t\t<h6>Sturzangst verstehen und behandeln [2FP]<\/h6>\r\n\t\t\t\t\t\t\t\t\t\t\t\t\t\t\t\t\t\t\t\t\t<p class=\"calendarline\"><img decoding=\"async\" class=\"calendar_icon\" src=\"https:\/\/www.ergowebinar.de\/intern\/images\/calendar.png\">12.10.2026 19:45 - 20:45<\/p>\t\r\n\t\t\t\t\t\t\t\t\t\t\t\t\t\t\t\t\t\t\t\t\t<p class=\"liquid_vc_single_text\">\r\nSturzangst ist ein weit verbreitetes, jedoch oft untersch&auml;tztes Problem. Im Webinar lernen Sie das Symptom fr&uuml;hzeitig zu erkennen und gezielte therapeutische Ma&szlig;nahmen zu ergreifen. Es ...<\/p>\r\n\t\t\t\t\t\t\t\t\t\t\t\t\t\t\t\t\t\t\t\t\t<p class=\"sempreis\">49 \u20ac<\/p>\r\n\t\t\t\t\t\t\t\t\t\t\t\t\t\t\t\t\t\t\t\t\t\t\t<p class=\"semmwst\"><\/p>\r\n\t\t\t\t\t\t\t\t\t\t\t\t\t\t\t\t\t\t\t\t\t\t\t\r\n\t\t\t\t\t\t\t\t\t<\/a>\r\n\t\t\t\t\t\t\t\t\t\r\n\t\t\t\t\t\t\t\t<\/figure>\r\n\t\t\t\t\t\t\t\t\r\n\t\t\t\t\t\t\t<\/div>\r\n\t\t\t\t\t\t\t\t\t\t\t\t\t\t\r\n\t\t\t\t\t\t<\/div>\r\n\t\t\t\t\t<\/div>\r\n\t\t\t\t<\/div>\r\n\t\t\t\t\t\t\t\t<div class=\"wpb_column vc_column_container vc_col-sm-2\">\r\n\t\t\t\t\t<div class=\"vc_column-inner \" >\r\n\t\t\t\t\t\t<div class=\"wpb_wrapper\" >\r\n\t\t\t\t\t\t\t<div class=\"wpb_single_image wpb_content_element vc_align_ liquid_vc_single_image\">\r\n\t\t\t\t\t\t\t\t\t\t\t\t\t\t\t\t\t<div class=\"sem_overlay\" ><a href=\"https:\/\/online.therapie.ergowebinar.de\/de\/e\/Geriatrie-Gluecklich-in-der-Gruppe-2FP-287?\r\n\t\t\t\t\t\t\t\t\t\" class=\"btn btn-solid btn-xsm round border-thin btn-has-label jetztstartenbutton\">klicken f\u00fcr Details<\/a><\/div>\r\n\t\t\t\t\t\t\t\t\t\t\t\t\t\t\t\t\t<figure class=\"wpb_wrapper vc_figure\">\r\n\t\t\t\t\t\t\t\t\t<a href=\"online.therapie.ergowebinar.de\/de\/e\/Geriatrie-Gluecklich-in-der-Gruppe-2FP-287?\r\n\t\t\t\t\t\t\t\t\t\" title=\"Sie sehen drei Frauen, die sich gemeinsam mit etwas befassen, als Assoziation zum Webseminar \u00fcber Ergotherapie + Physiotherapie zum Gruppenerleben + sozialem Eingebundensein und der Wirkung in der Geriatrie und allen Fachbereichen in der Klinik + Praxis\" target=\"_blank\">\r\n\t\t\t\t\t\t\t\t\t\t<img decoding=\"async\" width=\"475\" src=\"https:\/\/www.ergowebinar.de\/intern\/parsed_images\/e37a58cb-1fce-4d37-9c6c-ce4f8e8f51d6.jpg\" class=\"vc_single_image-img attachment-full\" alt=\"Sie sehen drei Frauen, die sich gemeinsam mit etwas befassen, als Assoziation zum Webseminar \u00fcber Ergotherapie + Physiotherapie zum Gruppenerleben + sozialem Eingebundensein und der Wirkung in der Geriatrie und allen Fachbereichen in der Klinik + Praxis\" title=\"Sie sehen drei Frauen, die sich gemeinsam mit etwas befassen, als Assoziation zum Webseminar \u00fcber Ergotherapie + Physiotherapie zum Gruppenerleben + sozialem Eingebundensein und der Wirkung in der Geriatrie und allen Fachbereichen in der Klinik + Praxis\" srcset=\"https:\/\/www.ergowebinar.de\/intern\/parsed_images\/e37a58cb-1fce-4d37-9c6c-ce4f8e8f51d6.jpg 475w, https:\/\/www.ergowebinar.de\/intern\/parsed_images\/e37a58cb-1fce-4d37-9c6c-ce4f8e8f51d6.jpg 275w\" sizes=\"(max-width: 475px) 100vw, 475px\" itemprop=\"image\" \/>\r\n\t\t\t\t\t\t\t\t\t\t<h6>Geriatrie - Gl\u00fccklich ...in der Gruppe! [2FP] <\/h6>\r\n\t\t\t\t\t\t\t\t\t\t\t\t\t\t\t\t\t\t\t\t\t<p class=\"calendarline\"><img decoding=\"async\" class=\"calendar_icon\" src=\"https:\/\/www.ergowebinar.de\/intern\/images\/calendar.png\">15.10.2026 18:15 - 19:15<\/p>\t\r\n\t\t\t\t\t\t\t\t\t\t\t\t\t\t\t\t\t\t\t\t\t<p class=\"liquid_vc_single_text\">\r\n\r\n\r\nGruppenangebote, die garantiert gelingen! In diesem Webinar zeige ich am Beispiel einer Chorgr&uuml;ndung eigene Gruppenangebote zu planen, durchzuf&uuml;hren und zu evaluieren, die genau auf die ...<\/p>\r\n\t\t\t\t\t\t\t\t\t\t\t\t\t\t\t\t\t\t\t\t\t<p class=\"sempreis\">49 \u20ac<\/p>\r\n\t\t\t\t\t\t\t\t\t\t\t\t\t\t\t\t\t\t\t\t\t\t\t<p class=\"semmwst\"><\/p>\r\n\t\t\t\t\t\t\t\t\t\t\t\t\t\t\t\t\t\t\t\t\t\t\t\r\n\t\t\t\t\t\t\t\t\t<\/a>\r\n\t\t\t\t\t\t\t\t\t\r\n\t\t\t\t\t\t\t\t<\/figure>\r\n\t\t\t\t\t\t\t\t\r\n\t\t\t\t\t\t\t<\/div>\r\n\t\t\t\t\t\t\t\t\t\t\t\t\t\t\r\n\t\t\t\t\t\t<\/div>\r\n\t\t\t\t\t<\/div>\r\n\t\t\t\t<\/div>\r\n\t\t\t\t\t\t\t<\/div><\/div><\/div>\r\n\t\t\t\t\t<a name=\"seminarenachdatum\"><\/a>\r\n\t\t<a name=\"Thema2\"><\/a>\r\n\t\t<h2 class=\"ld-fh-element lqd-highlight-underline lqd-highlight-grow-left text-decoration-default h3 ldsemheadline\">Palliativ<\/h2>\r\n\t\t\t\t\t<div class=\"vc_row vc_inner\">\r\n\t\t\t<div class=\"ld-container container-fluid\">\r\n\t\t\t<div class=\"row ld-row ld-row-inner\">\r\n\t\t\t\t\t\t\t<div class=\"wpb_column vc_column_container vc_col-sm-2\">\r\n\t\t\t\t\t<div class=\"vc_column-inner \" >\r\n\t\t\t\t\t\t<div class=\"wpb_wrapper\" >\r\n\t\t\t\t\t\t\t<div class=\"wpb_single_image wpb_content_element vc_align_ liquid_vc_single_image\">\r\n\t\t\t\t\t\t\t\t\t\t\t\t\t\t\t\t\t<div class=\"sem_overlay\" ><a href=\"https:\/\/online.therapie.ergowebinar.de\/de\/e\/Demenz-palliative-Begleitung-2FP-86?\r\n\t\t\t\t\t\t\t\t\t\" class=\"btn btn-solid btn-xsm round border-thin btn-has-label jetztstartenbutton\">klicken f\u00fcr Details<\/a><\/div>\r\n\t\t\t\t\t\t\t\t\t\t\t\t\t\t\t\t\t<figure class=\"wpb_wrapper vc_figure\">\r\n\t\t\t\t\t\t\t\t\t<a href=\"online.therapie.ergowebinar.de\/de\/e\/Demenz-palliative-Begleitung-2FP-86?\r\n\t\t\t\t\t\t\t\t\t\" title=\"Sie sehen wie eine j\u00fcngere einer \u00e4ltere Hand h\u00e4lt als Assoziation zum Webseminar \u00fcber palliative Begleitung demenziell Erkrankter f\u00fcr Ergotherapie + Physiotherapie in der Rehabilitation von Demenz + in der Geriatrie in Klinik + Praxis\" target=\"_blank\">\r\n\t\t\t\t\t\t\t\t\t\t<img decoding=\"async\" width=\"475\" src=\"https:\/\/www.ergowebinar.de\/intern\/parsed_images\/87ee9bf9-4243-4657-aa1c-3b52d4f18ca4.jpg\" class=\"vc_single_image-img attachment-full\" alt=\"Sie sehen wie eine j\u00fcngere einer \u00e4ltere Hand h\u00e4lt als Assoziation zum Webseminar \u00fcber palliative Begleitung demenziell Erkrankter f\u00fcr Ergotherapie + Physiotherapie in der Rehabilitation von Demenz + in der Geriatrie in Klinik + Praxis\" title=\"Sie sehen wie eine j\u00fcngere einer \u00e4ltere Hand h\u00e4lt als Assoziation zum Webseminar \u00fcber palliative Begleitung demenziell Erkrankter f\u00fcr Ergotherapie + Physiotherapie in der Rehabilitation von Demenz + in der Geriatrie in Klinik + Praxis\" srcset=\"https:\/\/www.ergowebinar.de\/intern\/parsed_images\/87ee9bf9-4243-4657-aa1c-3b52d4f18ca4.jpg 475w, https:\/\/www.ergowebinar.de\/intern\/parsed_images\/87ee9bf9-4243-4657-aa1c-3b52d4f18ca4.jpg 275w\" sizes=\"(max-width: 475px) 100vw, 475px\" itemprop=\"image\" \/>\r\n\t\t\t\t\t\t\t\t\t\t<h6>Demenz - palliative Begleitung [2FP]<\/h6>\r\n\t\t\t\t\t\t\t\t\t\t\t\t\t\t\t\t\t\t\t\t\t<p class=\"calendarline\"><img decoding=\"async\" class=\"calendar_icon\" src=\"https:\/\/www.ergowebinar.de\/intern\/images\/calendar.png\">20.05.2026 18:00 - 19:00<\/p>\t\r\n\t\t\t\t\t\t\t\t\t\t\t\t\t\t\t\t\t\t\t\t\t<p class=\"liquid_vc_single_text\">Demenz ist unheilbar. Daher brauchen Menschen mit Demenzdiagnose bereits lange bevor sie sterben palliative Begleitung. Ich zeige, wie sich die Bet&auml;tigungsdefinition bei hochbetagten, schwerstkranken ...<\/p>\r\n\t\t\t\t\t\t\t\t\t\t\t\t\t\t\t\t\t\t\t\t\t<p class=\"sempreis\">49 \u20ac<\/p>\r\n\t\t\t\t\t\t\t\t\t\t\t\t\t\t\t\t\t\t\t\t\t\t\t<p class=\"semmwst\"><\/p>\r\n\t\t\t\t\t\t\t\t\t\t\t\t\t\t\t\t\t\t\t\t\t\t\t\r\n\t\t\t\t\t\t\t\t\t<\/a>\r\n\t\t\t\t\t\t\t\t\t\r\n\t\t\t\t\t\t\t\t<\/figure>\r\n\t\t\t\t\t\t\t\t\r\n\t\t\t\t\t\t\t<\/div>\r\n\t\t\t\t\t\t\t\t\t\t\t\t\t\t\r\n\t\t\t\t\t\t<\/div>\r\n\t\t\t\t\t<\/div>\r\n\t\t\t\t<\/div>\r\n\t\t\t\t\t\t\t<\/div><\/div><\/div>\r\n\t\t\t\t\t<a name=\"seminarenachdatum\"><\/a>\r\n\t\t<a name=\"Thema20\"><\/a>\r\n\t\t<h2 class=\"ld-fh-element lqd-highlight-underline lqd-highlight-grow-left text-decoration-default h3 ldsemheadline\">\u00fcbergreifendes Thema<\/h2>\r\n\t\t\t\t\t<div class=\"vc_row vc_inner\">\r\n\t\t\t<div class=\"ld-container container-fluid\">\r\n\t\t\t<div class=\"row ld-row ld-row-inner\">\r\n\t\t\t\t\t\t\t<div class=\"wpb_column vc_column_container vc_col-sm-2\">\r\n\t\t\t\t\t<div class=\"vc_column-inner \" >\r\n\t\t\t\t\t\t<div class=\"wpb_wrapper\" >\r\n\t\t\t\t\t\t\t<div class=\"wpb_single_image wpb_content_element vc_align_ liquid_vc_single_image\">\r\n\t\t\t\t\t\t\t\t\t\t\t\t\t\t\t\t\t<div class=\"sem_overlay\" ><a href=\"https:\/\/online.therapie.ergowebinar.de\/de\/e\/AtemYoga-entdecken-Atempraxis-fuer-Senioren-2-FP-172?\r\n\t\t\t\t\t\t\t\t\t\" class=\"btn btn-solid btn-xsm round border-thin btn-has-label jetztstartenbutton\">klicken f\u00fcr Details<\/a><\/div>\r\n\t\t\t\t\t\t\t\t\t\t\t\t\t\t\t\t\t<figure class=\"wpb_wrapper vc_figure\">\r\n\t\t\t\t\t\t\t\t\t<a href=\"online.therapie.ergowebinar.de\/de\/e\/AtemYoga-entdecken-Atempraxis-fuer-Senioren-2-FP-172?\r\n\t\t\t\t\t\t\t\t\t\" title=\"Sie sehen eine etwa 40-j\u00e4hrige Frau, die Seifenblasen pustet als Assoziation zum Webseminar f\u00fcr Ergotherapie + Physiotherapie in der NeuroReha, SchmerzReha, Geriatrie, Orthop\u00e4die, bei Rheuma, Fatigue und Post + LongCovid in Klinik + Praxis\" target=\"_blank\">\r\n\t\t\t\t\t\t\t\t\t\t<img decoding=\"async\" width=\"475\" src=\"https:\/\/www.ergowebinar.de\/intern\/parsed_images\/bef7a0c5-1da0-4c41-a1b4-636269265289.jpg\" class=\"vc_single_image-img attachment-full\" alt=\"Sie sehen eine etwa 40-j\u00e4hrige Frau, die Seifenblasen pustet als Assoziation zum Webseminar f\u00fcr Ergotherapie + Physiotherapie in der NeuroReha, SchmerzReha, Geriatrie, Orthop\u00e4die, bei Rheuma, Fatigue und Post + LongCovid in Klinik + Praxis\" title=\"Sie sehen eine etwa 40-j\u00e4hrige Frau, die Seifenblasen pustet als Assoziation zum Webseminar f\u00fcr Ergotherapie + Physiotherapie in der NeuroReha, SchmerzReha, Geriatrie, Orthop\u00e4die, bei Rheuma, Fatigue und Post + LongCovid in Klinik + Praxis\" srcset=\"https:\/\/www.ergowebinar.de\/intern\/parsed_images\/bef7a0c5-1da0-4c41-a1b4-636269265289.jpg 475w, https:\/\/www.ergowebinar.de\/intern\/parsed_images\/bef7a0c5-1da0-4c41-a1b4-636269265289.jpg 275w\" sizes=\"(max-width: 475px) 100vw, 475px\" itemprop=\"image\" \/>\r\n\t\t\t\t\t\t\t\t\t\t<h6>AtemYoga entdecken - Atempraxis f\u00fcr Senioren [2 FP]<\/h6>\r\n\t\t\t\t\t\t\t\t\t\t\t\t\t\t\t\t\t\t\t\t\t<p class=\"calendarline\"><img decoding=\"async\" class=\"calendar_icon\" src=\"https:\/\/www.ergowebinar.de\/intern\/images\/calendar.png\">06.05.2026 18:30 - 19:30<\/p>\t\r\n\t\t\t\t\t\t\t\t\t\t\t\t\t\t\t\t\t\t\t\t\t<p class=\"liquid_vc_single_text\">Gerade bei &auml;lteren Klient:innen tr&auml;gt die Auswahl der erforderlichen Assessments &amp; Therapieinhalte ma&szlig;geblich zum Erfolg der Therapie bei. In diesen Themenblock lernen sie die Bedeutung ...<\/p>\r\n\t\t\t\t\t\t\t\t\t\t\t\t\t\t\t\t\t\t\t\t\t<p class=\"sempreis\">49 \u20ac<\/p>\r\n\t\t\t\t\t\t\t\t\t\t\t\t\t\t\t\t\t\t\t\t\t\t\t<p class=\"semmwst\"><\/p>\r\n\t\t\t\t\t\t\t\t\t\t\t\t\t\t\t\t\t\t\t\t\t\t\t\r\n\t\t\t\t\t\t\t\t\t<\/a>\r\n\t\t\t\t\t\t\t\t\t\r\n\t\t\t\t\t\t\t\t<\/figure>\r\n\t\t\t\t\t\t\t\t\r\n\t\t\t\t\t\t\t<\/div>\r\n\t\t\t\t\t\t\t\t\t\t\t\t\t\t\r\n\t\t\t\t\t\t<\/div>\r\n\t\t\t\t\t<\/div>\r\n\t\t\t\t<\/div>\r\n\t\t\t\t\t\t\t\t<div class=\"wpb_column vc_column_container vc_col-sm-2\">\r\n\t\t\t\t\t<div class=\"vc_column-inner \" >\r\n\t\t\t\t\t\t<div class=\"wpb_wrapper\" >\r\n\t\t\t\t\t\t\t<div class=\"wpb_single_image wpb_content_element vc_align_ liquid_vc_single_image\">\r\n\t\t\t\t\t\t\t\t\t\t\t\t\t\t\t\t\t<div class=\"sem_overlay\" ><a href=\"https:\/\/online.therapie.ergowebinar.de\/de\/e\/Altersmedizin-Update-2-FP-67?\r\n\t\t\t\t\t\t\t\t\t\" class=\"btn btn-solid btn-xsm round border-thin btn-has-label jetztstartenbutton\">klicken f\u00fcr Details<\/a><\/div>\r\n\t\t\t\t\t\t\t\t\t\t\t\t\t\t\t\t\t<figure class=\"wpb_wrapper vc_figure\">\r\n\t\t\t\t\t\t\t\t\t<a href=\"online.therapie.ergowebinar.de\/de\/e\/Altersmedizin-Update-2-FP-67?\r\n\t\t\t\t\t\t\t\t\t\" title=\"Sie sehen  die Augen- und Nasenpartie einer Seniorin als Assoziation zum Webseminar mit Aktualisierungen zu Alterserkrankungen f\u00fcr die Geriatrie, NeuroReha und Orthop\u00e4die f\u00fcr Ergotherapie + Physiotherapie in der Klinik + Praxis\" target=\"_blank\">\r\n\t\t\t\t\t\t\t\t\t\t<img decoding=\"async\" width=\"475\" src=\"https:\/\/www.ergowebinar.de\/intern\/parsed_images\/e37a48cb-1fce-4d37-9c8c-ce4e8e8f51d6.jpg\" class=\"vc_single_image-img attachment-full\" alt=\"Sie sehen  die Augen- und Nasenpartie einer Seniorin als Assoziation zum Webseminar mit Aktualisierungen zu Alterserkrankungen f\u00fcr die Geriatrie, NeuroReha und Orthop\u00e4die f\u00fcr Ergotherapie + Physiotherapie in der Klinik + Praxis\" title=\"Sie sehen  die Augen- und Nasenpartie einer Seniorin als Assoziation zum Webseminar mit Aktualisierungen zu Alterserkrankungen f\u00fcr die Geriatrie, NeuroReha und Orthop\u00e4die f\u00fcr Ergotherapie + Physiotherapie in der Klinik + Praxis\" srcset=\"https:\/\/www.ergowebinar.de\/intern\/parsed_images\/e37a48cb-1fce-4d37-9c8c-ce4e8e8f51d6.jpg 475w, https:\/\/www.ergowebinar.de\/intern\/parsed_images\/e37a48cb-1fce-4d37-9c8c-ce4e8e8f51d6.jpg 275w\" sizes=\"(max-width: 475px) 100vw, 475px\" itemprop=\"image\" \/>\r\n\t\t\t\t\t\t\t\t\t\t<h6>Altersmedizin Update [2 FP]<\/h6>\r\n\t\t\t\t\t\t\t\t\t\t\t\t\t\t\t\t\t\t\t\t\t<p class=\"calendarline\"><img decoding=\"async\" class=\"calendar_icon\" src=\"https:\/\/www.ergowebinar.de\/intern\/images\/calendar.png\">22.06.2026 16:45 - 17:45<\/p>\t\r\n\t\t\t\t\t\t\t\t\t\t\t\t\t\t\t\t\t\t\t\t\t<p class=\"liquid_vc_single_text\">Der demographische Wandel und die Ver&auml;nderungen im Gesundheitswesen ver&auml;ndert die Anforderungen in der Therapie. Mit h&ouml;herem Alter gehen einerseits physiologische Prozesse einher, andererseits ...<\/p>\r\n\t\t\t\t\t\t\t\t\t\t\t\t\t\t\t\t\t\t\t\t\t<p class=\"sempreis\">49 \u20ac<\/p>\r\n\t\t\t\t\t\t\t\t\t\t\t\t\t\t\t\t\t\t\t\t\t\t\t<p class=\"semmwst\"><\/p>\r\n\t\t\t\t\t\t\t\t\t\t\t\t\t\t\t\t\t\t\t\t\t\t\t\r\n\t\t\t\t\t\t\t\t\t<\/a>\r\n\t\t\t\t\t\t\t\t\t\r\n\t\t\t\t\t\t\t\t<\/figure>\r\n\t\t\t\t\t\t\t\t\r\n\t\t\t\t\t\t\t<\/div>\r\n\t\t\t\t\t\t\t\t\t\t\t\t\t\t\r\n\t\t\t\t\t\t<\/div>\r\n\t\t\t\t\t<\/div>\r\n\t\t\t\t<\/div>\r\n\t\t\t\t\t\t\t\t<div class=\"wpb_column vc_column_container vc_col-sm-2\">\r\n\t\t\t\t\t<div class=\"vc_column-inner \" >\r\n\t\t\t\t\t\t<div class=\"wpb_wrapper\" >\r\n\t\t\t\t\t\t\t<div class=\"wpb_single_image wpb_content_element vc_align_ liquid_vc_single_image\">\r\n\t\t\t\t\t\t\t\t\t\t\t\t\t\t\t\t\t<div class=\"sem_overlay\" ><a href=\"https:\/\/online.therapie.ergowebinar.de\/de\/e\/Sturzangst-verstehen-und-behandeln-2FP-323?\r\n\t\t\t\t\t\t\t\t\t\" class=\"btn btn-solid btn-xsm round border-thin btn-has-label jetztstartenbutton\">klicken f\u00fcr Details<\/a><\/div>\r\n\t\t\t\t\t\t\t\t\t\t\t\t\t\t\t\t\t<figure class=\"wpb_wrapper vc_figure\">\r\n\t\t\t\t\t\t\t\t\t<a href=\"online.therapie.ergowebinar.de\/de\/e\/Sturzangst-verstehen-und-behandeln-2FP-323?\r\n\t\t\t\t\t\t\t\t\t\" title=\"Sie sehen auf einem Treppenabsatz ein Graffti mit einem erschreckten Emoji, als Assoziation zum Webseminar f\u00fcr Ergotherapie + Physiotherapie in der Sturzpr\u00e4vention in \u00fcbergreifenden Fachbereichen, NeuroReha, Orthop\u00e4die und Geriatrie in Klinik + Praxis\" target=\"_blank\">\r\n\t\t\t\t\t\t\t\t\t\t<img decoding=\"async\" width=\"475\" src=\"https:\/\/www.ergowebinar.de\/intern\/parsed_images\/235030fa-bf8e-4326-b419-7e3f69e7679a.jpg\" class=\"vc_single_image-img attachment-full\" alt=\"Sie sehen auf einem Treppenabsatz ein Graffti mit einem erschreckten Emoji, als Assoziation zum Webseminar f\u00fcr Ergotherapie + Physiotherapie in der Sturzpr\u00e4vention in \u00fcbergreifenden Fachbereichen, NeuroReha, Orthop\u00e4die und Geriatrie in Klinik + Praxis\" title=\"Sie sehen auf einem Treppenabsatz ein Graffti mit einem erschreckten Emoji, als Assoziation zum Webseminar f\u00fcr Ergotherapie + Physiotherapie in der Sturzpr\u00e4vention in \u00fcbergreifenden Fachbereichen, NeuroReha, Orthop\u00e4die und Geriatrie in Klinik + Praxis\" srcset=\"https:\/\/www.ergowebinar.de\/intern\/parsed_images\/235030fa-bf8e-4326-b419-7e3f69e7679a.jpg 475w, https:\/\/www.ergowebinar.de\/intern\/parsed_images\/235030fa-bf8e-4326-b419-7e3f69e7679a.jpg 275w\" sizes=\"(max-width: 475px) 100vw, 475px\" itemprop=\"image\" \/>\r\n\t\t\t\t\t\t\t\t\t\t<h6>Sturzangst verstehen und behandeln [2FP]<\/h6>\r\n\t\t\t\t\t\t\t\t\t\t\t\t\t\t\t\t\t\t\t\t\t<p class=\"calendarline\"><img decoding=\"async\" class=\"calendar_icon\" src=\"https:\/\/www.ergowebinar.de\/intern\/images\/calendar.png\">22.06.2026 19:45 - 20:45<\/p>\t\r\n\t\t\t\t\t\t\t\t\t\t\t\t\t\t\t\t\t\t\t\t\t<p class=\"liquid_vc_single_text\">\r\nSturzangst ist ein weit verbreitetes, jedoch oft untersch&auml;tztes Problem. Im Webinar lernen Sie das Symptom fr&uuml;hzeitig zu erkennen und gezielte therapeutische Ma&szlig;nahmen zu ergreifen. Es ...<\/p>\r\n\t\t\t\t\t\t\t\t\t\t\t\t\t\t\t\t\t\t\t\t\t<p class=\"sempreis\">49 \u20ac<\/p>\r\n\t\t\t\t\t\t\t\t\t\t\t\t\t\t\t\t\t\t\t\t\t\t\t<p class=\"semmwst\"><\/p>\r\n\t\t\t\t\t\t\t\t\t\t\t\t\t\t\t\t\t\t\t\t\t\t\t\r\n\t\t\t\t\t\t\t\t\t<\/a>\r\n\t\t\t\t\t\t\t\t\t\r\n\t\t\t\t\t\t\t\t<\/figure>\r\n\t\t\t\t\t\t\t\t\r\n\t\t\t\t\t\t\t<\/div>\r\n\t\t\t\t\t\t\t\t\t\t\t\t\t\t\r\n\t\t\t\t\t\t<\/div>\r\n\t\t\t\t\t<\/div>\r\n\t\t\t\t<\/div>\r\n\t\t\t\t\t\t\t\t<div class=\"wpb_column vc_column_container vc_col-sm-2\">\r\n\t\t\t\t\t<div class=\"vc_column-inner \" >\r\n\t\t\t\t\t\t<div class=\"wpb_wrapper\" >\r\n\t\t\t\t\t\t\t<div class=\"wpb_single_image wpb_content_element vc_align_ liquid_vc_single_image\">\r\n\t\t\t\t\t\t\t\t\t\t\t\t\t\t\t\t\t<div class=\"sem_overlay\" ><a href=\"https:\/\/online.therapie.ergowebinar.de\/de\/e\/Entspannungstechniken-in-der-Ergotherapie-2FP-311?\r\n\t\t\t\t\t\t\t\t\t\" class=\"btn btn-solid btn-xsm round border-thin btn-has-label jetztstartenbutton\">klicken f\u00fcr Details<\/a><\/div>\r\n\t\t\t\t\t\t\t\t\t\t\t\t\t\t\t\t\t<figure class=\"wpb_wrapper vc_figure\">\r\n\t\t\t\t\t\t\t\t\t<a href=\"online.therapie.ergowebinar.de\/de\/e\/Entspannungstechniken-in-der-Ergotherapie-2FP-311?\r\n\t\t\t\t\t\t\t\t\t\" title=\"Sie sehen einen \u00e4lteren Mann angelehnt auf einem Bootssteg sitzen, als Assoziation zum Webseminar zu Entspannungstechniken in Ergotherapie + Physiotherapie in der Fatigue, Long + PostCovid, Psychosomatik in Klinik + Praxis\" target=\"_blank\">\r\n\t\t\t\t\t\t\t\t\t\t<img decoding=\"async\" width=\"475\" src=\"https:\/\/www.ergowebinar.de\/intern\/parsed_images\/311.jpg\" class=\"vc_single_image-img attachment-full\" alt=\"Sie sehen einen \u00e4lteren Mann angelehnt auf einem Bootssteg sitzen, als Assoziation zum Webseminar zu Entspannungstechniken in Ergotherapie + Physiotherapie in der Fatigue, Long + PostCovid, Psychosomatik in Klinik + Praxis\" title=\"Sie sehen einen \u00e4lteren Mann angelehnt auf einem Bootssteg sitzen, als Assoziation zum Webseminar zu Entspannungstechniken in Ergotherapie + Physiotherapie in der Fatigue, Long + PostCovid, Psychosomatik in Klinik + Praxis\" srcset=\"https:\/\/www.ergowebinar.de\/intern\/parsed_images\/311.jpg 475w, https:\/\/www.ergowebinar.de\/intern\/parsed_images\/311.jpg 275w\" sizes=\"(max-width: 475px) 100vw, 475px\" itemprop=\"image\" \/>\r\n\t\t\t\t\t\t\t\t\t\t<h6>Entspannungstechniken in der Ergotherapie  [2FP]<\/h6>\r\n\t\t\t\t\t\t\t\t\t\t\t\t\t\t\t\t\t\t\t\t\t<p class=\"calendarline\"><img decoding=\"async\" class=\"calendar_icon\" src=\"https:\/\/www.ergowebinar.de\/intern\/images\/calendar.png\">09.09.2026 18:30 - 19:30<\/p>\t\r\n\t\t\t\t\t\t\t\t\t\t\t\t\t\t\t\t\t\t\t\t\t<p class=\"liquid_vc_single_text\">\r\n\r\n\r\nEs bedarf h&auml;ufig nur kleiner Impulse um den Stein mit Ihren Klienten ins Rollen zu bringen. Die direkte und auch die beil&auml;ufig punktuelle Anwendung von Achtsamkeitsinterventionen im Therapiealltag ...<\/p>\r\n\t\t\t\t\t\t\t\t\t\t\t\t\t\t\t\t\t\t\t\t\t<p class=\"sempreis\">49 \u20ac<\/p>\r\n\t\t\t\t\t\t\t\t\t\t\t\t\t\t\t\t\t\t\t\t\t\t\t<p class=\"semmwst\"><\/p>\r\n\t\t\t\t\t\t\t\t\t\t\t\t\t\t\t\t\t\t\t\t\t\t\t\r\n\t\t\t\t\t\t\t\t\t<\/a>\r\n\t\t\t\t\t\t\t\t\t\r\n\t\t\t\t\t\t\t\t<\/figure>\r\n\t\t\t\t\t\t\t\t\r\n\t\t\t\t\t\t\t<\/div>\r\n\t\t\t\t\t\t\t\t\t\t\t\t\t\t\r\n\t\t\t\t\t\t<\/div>\r\n\t\t\t\t\t<\/div>\r\n\t\t\t\t<\/div>\r\n\t\t\t\t\t\t\t\t<div class=\"wpb_column vc_column_container vc_col-sm-2\">\r\n\t\t\t\t\t<div class=\"vc_column-inner \" >\r\n\t\t\t\t\t\t<div class=\"wpb_wrapper\" >\r\n\t\t\t\t\t\t\t<div class=\"wpb_single_image wpb_content_element vc_align_ liquid_vc_single_image\">\r\n\t\t\t\t\t\t\t\t\t\t\t\t\t\t\t\t\t<div class=\"sem_overlay\" ><a href=\"https:\/\/online.therapie.ergowebinar.de\/de\/e\/Zeit-und-Selbstmanagement-in-der-Ergotherapie-2FP-306?\r\n\t\t\t\t\t\t\t\t\t\" class=\"btn btn-solid btn-xsm round border-thin btn-has-label jetztstartenbutton\">klicken f\u00fcr Details<\/a><\/div>\r\n\t\t\t\t\t\t\t\t\t\t\t\t\t\t\t\t\t<figure class=\"wpb_wrapper vc_figure\">\r\n\t\t\t\t\t\t\t\t\t<a href=\"online.therapie.ergowebinar.de\/de\/e\/Zeit-und-Selbstmanagement-in-der-Ergotherapie-2FP-306?\r\n\t\t\t\t\t\t\t\t\t\" title=\"Sie sehen einen roten klassischen Wecker auf einer gr\u00fcnen Wiese, als Assoziation zum Webseminar zu Zeit- und Selbstmanagementtechniken f\u00fcr Klienten in Ergotherapie + Physiotherapie in der Fatigue, Long + PostCovid, Psychosomatik in Klinik + Praxis\" target=\"_blank\">\r\n\t\t\t\t\t\t\t\t\t\t<img decoding=\"async\" width=\"475\" src=\"https:\/\/www.ergowebinar.de\/intern\/parsed_images\/0a2f1c7c-dce6-401b-ab62-45db60a24eb7.jpg\" class=\"vc_single_image-img attachment-full\" alt=\"Sie sehen einen roten klassischen Wecker auf einer gr\u00fcnen Wiese, als Assoziation zum Webseminar zu Zeit- und Selbstmanagementtechniken f\u00fcr Klienten in Ergotherapie + Physiotherapie in der Fatigue, Long + PostCovid, Psychosomatik in Klinik + Praxis\" title=\"Sie sehen einen roten klassischen Wecker auf einer gr\u00fcnen Wiese, als Assoziation zum Webseminar zu Zeit- und Selbstmanagementtechniken f\u00fcr Klienten in Ergotherapie + Physiotherapie in der Fatigue, Long + PostCovid, Psychosomatik in Klinik + Praxis\" srcset=\"https:\/\/www.ergowebinar.de\/intern\/parsed_images\/0a2f1c7c-dce6-401b-ab62-45db60a24eb7.jpg 475w, https:\/\/www.ergowebinar.de\/intern\/parsed_images\/0a2f1c7c-dce6-401b-ab62-45db60a24eb7.jpg 275w\" sizes=\"(max-width: 475px) 100vw, 475px\" itemprop=\"image\" \/>\r\n\t\t\t\t\t\t\t\t\t\t<h6>Zeit- und Selbstmanagement in der Ergotherapie [2FP]<\/h6>\r\n\t\t\t\t\t\t\t\t\t\t\t\t\t\t\t\t\t\t\t\t\t<p class=\"calendarline\"><img decoding=\"async\" class=\"calendar_icon\" src=\"https:\/\/www.ergowebinar.de\/intern\/images\/calendar.png\">09.09.2026 20:00 - 21:00<\/p>\t\r\n\t\t\t\t\t\t\t\t\t\t\t\t\t\t\t\t\t\t\t\t\t<p class=\"liquid_vc_single_text\">\r\n\r\n\r\n\r\nEffektives Zeit- und Selbstmanagement unterst&uuml;tzen ein gesundes und erf&uuml;lltes Leben. Aktuelle Forschung zeigt, dass Selbstkontrolle und Durchhalteverm&ouml;gen wichtige Faktoren f&uuml;r ...<\/p>\r\n\t\t\t\t\t\t\t\t\t\t\t\t\t\t\t\t\t\t\t\t\t<p class=\"sempreis\">49 \u20ac<\/p>\r\n\t\t\t\t\t\t\t\t\t\t\t\t\t\t\t\t\t\t\t\t\t\t\t<p class=\"semmwst\"><\/p>\r\n\t\t\t\t\t\t\t\t\t\t\t\t\t\t\t\t\t\t\t\t\t\t\t\r\n\t\t\t\t\t\t\t\t\t<\/a>\r\n\t\t\t\t\t\t\t\t\t\r\n\t\t\t\t\t\t\t\t<\/figure>\r\n\t\t\t\t\t\t\t\t\r\n\t\t\t\t\t\t\t<\/div>\r\n\t\t\t\t\t\t\t\t\t\t\t\t\t\t\r\n\t\t\t\t\t\t<\/div>\r\n\t\t\t\t\t<\/div>\r\n\t\t\t\t<\/div>\r\n\t\t\t\t\t\t\t\t<div class=\"wpb_column vc_column_container vc_col-sm-2\">\r\n\t\t\t\t\t<div class=\"vc_column-inner \" >\r\n\t\t\t\t\t\t<div class=\"wpb_wrapper\" >\r\n\t\t\t\t\t\t\t<div class=\"wpb_single_image wpb_content_element vc_align_ liquid_vc_single_image\">\r\n\t\t\t\t\t\t\t\t\t\t\t\t\t\t\t\t\t<div class=\"sem_overlay\" ><a href=\"https:\/\/online.therapie.ergowebinar.de\/de\/e\/Geriatrie-Gluecklich-im-Garten-2FP-290?\r\n\t\t\t\t\t\t\t\t\t\" class=\"btn btn-solid btn-xsm round border-thin btn-has-label jetztstartenbutton\">klicken f\u00fcr Details<\/a><\/div>\r\n\t\t\t\t\t\t\t\t\t\t\t\t\t\t\t\t\t<figure class=\"wpb_wrapper vc_figure\">\r\n\t\t\t\t\t\t\t\t\t<a href=\"online.therapie.ergowebinar.de\/de\/e\/Geriatrie-Gluecklich-im-Garten-2FP-290?\r\n\t\t\t\t\t\t\t\t\t\" title=\"Sie sehen einen Schmetterling in einem gelben Bl\u00fctenmeer, als Assoziation zum Webseminar \u00fcber Ergotherapie zum Bet\u00e4tigungsanliegen Garten und der Wirkung in der Geriatrie und allen Fachbereichen in der Klinik + Praxis\" target=\"_blank\">\r\n\t\t\t\t\t\t\t\t\t\t<img decoding=\"async\" width=\"475\" src=\"https:\/\/www.ergowebinar.de\/intern\/parsed_images\/e36a68cb-1fc-f4d37-9c6c-ce4f8e8f51d6.jpg\" class=\"vc_single_image-img attachment-full\" alt=\"Sie sehen einen Schmetterling in einem gelben Bl\u00fctenmeer, als Assoziation zum Webseminar \u00fcber Ergotherapie zum Bet\u00e4tigungsanliegen Garten und der Wirkung in der Geriatrie und allen Fachbereichen in der Klinik + Praxis\" title=\"Sie sehen einen Schmetterling in einem gelben Bl\u00fctenmeer, als Assoziation zum Webseminar \u00fcber Ergotherapie zum Bet\u00e4tigungsanliegen Garten und der Wirkung in der Geriatrie und allen Fachbereichen in der Klinik + Praxis\" srcset=\"https:\/\/www.ergowebinar.de\/intern\/parsed_images\/e36a68cb-1fc-f4d37-9c6c-ce4f8e8f51d6.jpg 475w, https:\/\/www.ergowebinar.de\/intern\/parsed_images\/e36a68cb-1fc-f4d37-9c6c-ce4f8e8f51d6.jpg 275w\" sizes=\"(max-width: 475px) 100vw, 475px\" itemprop=\"image\" \/>\r\n\t\t\t\t\t\t\t\t\t\t<h6>Geriatrie - Gl\u00fccklich ...im Garten! [2FP]<\/h6>\r\n\t\t\t\t\t\t\t\t\t\t\t\t\t\t\t\t\t\t\t\t\t<p class=\"calendarline\"><img decoding=\"async\" class=\"calendar_icon\" src=\"https:\/\/www.ergowebinar.de\/intern\/images\/calendar.png\">10.09.2026 18:15 - 19:15<\/p>\t\r\n\t\t\t\t\t\t\t\t\t\t\t\t\t\t\t\t\t\t\t\t\t<p class=\"liquid_vc_single_text\">\r\n\r\n\r\n\r\n\r\n\r\nDas Thema Garten weckt unglaublich viele Erinnerungen bei den meisten Klient:innen. In diesem Webinar geht es darum,&nbsp;welche M&ouml;glichkeiten es gibt, geeignete T&auml;tigkeiten zu finden, ...<\/p>\r\n\t\t\t\t\t\t\t\t\t\t\t\t\t\t\t\t\t\t\t\t\t<p class=\"sempreis\">49 \u20ac<\/p>\r\n\t\t\t\t\t\t\t\t\t\t\t\t\t\t\t\t\t\t\t\t\t\t\t<p class=\"semmwst\"><\/p>\r\n\t\t\t\t\t\t\t\t\t\t\t\t\t\t\t\t\t\t\t\t\t\t\t\r\n\t\t\t\t\t\t\t\t\t<\/a>\r\n\t\t\t\t\t\t\t\t\t\r\n\t\t\t\t\t\t\t\t<\/figure>\r\n\t\t\t\t\t\t\t\t\r\n\t\t\t\t\t\t\t<\/div>\r\n\t\t\t\t\t\t\t\t\t\t\t\t\t\t\r\n\t\t\t\t\t\t<\/div>\r\n\t\t\t\t\t<\/div>\r\n\t\t\t\t<\/div>\r\n\t\t\t\t\t\t\t\t<div class=\"wpb_column vc_column_container vc_col-sm-2\">\r\n\t\t\t\t\t<div class=\"vc_column-inner \" >\r\n\t\t\t\t\t\t<div class=\"wpb_wrapper\" >\r\n\t\t\t\t\t\t\t<div class=\"wpb_single_image wpb_content_element vc_align_ liquid_vc_single_image\">\r\n\t\t\t\t\t\t\t\t\t\t\t\t\t\t\t\t\t<div class=\"sem_overlay\" ><a href=\"https:\/\/online.therapie.ergowebinar.de\/de\/e\/Geriatrie-Gluecklich-auf-der-Strasse-2FP-289?\r\n\t\t\t\t\t\t\t\t\t\" class=\"btn btn-solid btn-xsm round border-thin btn-has-label jetztstartenbutton\">klicken f\u00fcr Details<\/a><\/div>\r\n\t\t\t\t\t\t\t\t\t\t\t\t\t\t\t\t\t<figure class=\"wpb_wrapper vc_figure\">\r\n\t\t\t\t\t\t\t\t\t<a href=\"online.therapie.ergowebinar.de\/de\/e\/Geriatrie-Gluecklich-auf-der-Strasse-2FP-289?\r\n\t\t\t\t\t\t\t\t\t\" title=\"Sie sehen eine Bushaltestelle mit einem abfahrenden Linienbus an einer Allee, als Assoziation zum Webseminar \u00fcber Ergotherapie zur Mobilit\u00e4t im Alltag und der Wirkung in der Geriatrie und allen Fachbereichen in der Klinik + Praxis\" target=\"_blank\">\r\n\t\t\t\t\t\t\t\t\t\t<img decoding=\"async\" width=\"475\" src=\"https:\/\/www.ergowebinar.de\/intern\/parsed_images\/e36a68cb-1fce-4d37-9c6c-ce4f8e8f51d6.jpg\" class=\"vc_single_image-img attachment-full\" alt=\"Sie sehen eine Bushaltestelle mit einem abfahrenden Linienbus an einer Allee, als Assoziation zum Webseminar \u00fcber Ergotherapie zur Mobilit\u00e4t im Alltag und der Wirkung in der Geriatrie und allen Fachbereichen in der Klinik + Praxis\" title=\"Sie sehen eine Bushaltestelle mit einem abfahrenden Linienbus an einer Allee, als Assoziation zum Webseminar \u00fcber Ergotherapie zur Mobilit\u00e4t im Alltag und der Wirkung in der Geriatrie und allen Fachbereichen in der Klinik + Praxis\" srcset=\"https:\/\/www.ergowebinar.de\/intern\/parsed_images\/e36a68cb-1fce-4d37-9c6c-ce4f8e8f51d6.jpg 475w, https:\/\/www.ergowebinar.de\/intern\/parsed_images\/e36a68cb-1fce-4d37-9c6c-ce4f8e8f51d6.jpg 275w\" sizes=\"(max-width: 475px) 100vw, 475px\" itemprop=\"image\" \/>\r\n\t\t\t\t\t\t\t\t\t\t<h6>Geriatrie - Gl\u00fccklich ...auf der Stra\u00dfe! [2FP]<\/h6>\r\n\t\t\t\t\t\t\t\t\t\t\t\t\t\t\t\t\t\t\t\t\t<p class=\"calendarline\"><img decoding=\"async\" class=\"calendar_icon\" src=\"https:\/\/www.ergowebinar.de\/intern\/images\/calendar.png\">24.09.2026 18:15 - 19:15<\/p>\t\r\n\t\t\t\t\t\t\t\t\t\t\t\t\t\t\t\t\t\t\t\t\t<p class=\"liquid_vc_single_text\">\r\n\r\n\r\n\r\n\r\nMobilit&auml;t ist f&uuml;r viele Bet&auml;tigungen im Alltag unverzichtbar. Anhand von Fallbeispielen zeige ich, wie es m&ouml;glich ist klientenzentriert das passende Vorgehen und das passende ...<\/p>\r\n\t\t\t\t\t\t\t\t\t\t\t\t\t\t\t\t\t\t\t\t\t<p class=\"sempreis\">49 \u20ac<\/p>\r\n\t\t\t\t\t\t\t\t\t\t\t\t\t\t\t\t\t\t\t\t\t\t\t<p class=\"semmwst\"><\/p>\r\n\t\t\t\t\t\t\t\t\t\t\t\t\t\t\t\t\t\t\t\t\t\t\t\r\n\t\t\t\t\t\t\t\t\t<\/a>\r\n\t\t\t\t\t\t\t\t\t\r\n\t\t\t\t\t\t\t\t<\/figure>\r\n\t\t\t\t\t\t\t\t\r\n\t\t\t\t\t\t\t<\/div>\r\n\t\t\t\t\t\t\t\t\t\t\t\t\t\t\r\n\t\t\t\t\t\t<\/div>\r\n\t\t\t\t\t<\/div>\r\n\t\t\t\t<\/div>\r\n\t\t\t\t\t\t\t\t<div class=\"wpb_column vc_column_container vc_col-sm-2\">\r\n\t\t\t\t\t<div class=\"vc_column-inner \" >\r\n\t\t\t\t\t\t<div class=\"wpb_wrapper\" >\r\n\t\t\t\t\t\t\t<div class=\"wpb_single_image wpb_content_element vc_align_ liquid_vc_single_image\">\r\n\t\t\t\t\t\t\t\t\t\t\t\t\t\t\t\t\t<div class=\"sem_overlay\" ><a href=\"https:\/\/online.therapie.ergowebinar.de\/de\/e\/Health-Action-Process-Approach-Veraenderungen-des-Gesundheitsverhaltens-begleiten-2FP-320?\r\n\t\t\t\t\t\t\t\t\t\" class=\"btn btn-solid btn-xsm round border-thin btn-has-label jetztstartenbutton\">klicken f\u00fcr Details<\/a><\/div>\r\n\t\t\t\t\t\t\t\t\t\t\t\t\t\t\t\t\t<figure class=\"wpb_wrapper vc_figure\">\r\n\t\t\t\t\t\t\t\t\t<a href=\"online.therapie.ergowebinar.de\/de\/e\/Health-Action-Process-Approach-Veraenderungen-des-Gesundheitsverhaltens-begleiten-2FP-320?\r\n\t\t\t\t\t\t\t\t\t\" title=\"Sie sehen ein \u00e4lteres Wegweiserschild mit einem links-rechts Pfeil als Assoziation zum Webseminar zur Unterst\u00fctzung von Verhaltensver\u00e4nderungen in der Gesundheitsf\u00f6rderung f\u00fcr alle Fachbereiche der Ergotherapie + Physiotherapie in der Klinik + Praxis\" target=\"_blank\">\r\n\t\t\t\t\t\t\t\t\t\t<img decoding=\"async\" width=\"475\" src=\"https:\/\/www.ergowebinar.de\/intern\/parsed_images\/320.jpg\" class=\"vc_single_image-img attachment-full\" alt=\"Sie sehen ein \u00e4lteres Wegweiserschild mit einem links-rechts Pfeil als Assoziation zum Webseminar zur Unterst\u00fctzung von Verhaltensver\u00e4nderungen in der Gesundheitsf\u00f6rderung f\u00fcr alle Fachbereiche der Ergotherapie + Physiotherapie in der Klinik + Praxis\" title=\"Sie sehen ein \u00e4lteres Wegweiserschild mit einem links-rechts Pfeil als Assoziation zum Webseminar zur Unterst\u00fctzung von Verhaltensver\u00e4nderungen in der Gesundheitsf\u00f6rderung f\u00fcr alle Fachbereiche der Ergotherapie + Physiotherapie in der Klinik + Praxis\" srcset=\"https:\/\/www.ergowebinar.de\/intern\/parsed_images\/320.jpg 475w, https:\/\/www.ergowebinar.de\/intern\/parsed_images\/320.jpg 275w\" sizes=\"(max-width: 475px) 100vw, 475px\" itemprop=\"image\" \/>\r\n\t\t\t\t\t\t\t\t\t\t<h6>Health Action Process Approach - Ver\u00e4nderungen des Gesundheitsverhaltens begleiten [2FP]<\/h6>\r\n\t\t\t\t\t\t\t\t\t\t\t\t\t\t\t\t\t\t\t\t\t<p class=\"calendarline\"><img decoding=\"async\" class=\"calendar_icon\" src=\"https:\/\/www.ergowebinar.de\/intern\/images\/calendar.png\">28.09.2026 16:45 - 17:45<\/p>\t\r\n\t\t\t\t\t\t\t\t\t\t\t\t\t\t\t\t\t\t\t\t\t<p class=\"liquid_vc_single_text\">\r\nVerhaltens&auml;nderung ist ein zentraler Bestandteil in der Gesundheitsf&ouml;rderung. Der Health Action Process Approach (HAPA) ist ein evidenzbasierter Ansatz, der zeigt, wie Menschen ihre Gesundheit ...<\/p>\r\n\t\t\t\t\t\t\t\t\t\t\t\t\t\t\t\t\t\t\t\t\t<p class=\"sempreis\">49 \u20ac<\/p>\r\n\t\t\t\t\t\t\t\t\t\t\t\t\t\t\t\t\t\t\t\t\t\t\t<p class=\"semmwst\"><\/p>\r\n\t\t\t\t\t\t\t\t\t\t\t\t\t\t\t\t\t\t\t\t\t\t\t\r\n\t\t\t\t\t\t\t\t\t<\/a>\r\n\t\t\t\t\t\t\t\t\t\r\n\t\t\t\t\t\t\t\t<\/figure>\r\n\t\t\t\t\t\t\t\t\r\n\t\t\t\t\t\t\t<\/div>\r\n\t\t\t\t\t\t\t\t\t\t\t\t\t\t\r\n\t\t\t\t\t\t<\/div>\r\n\t\t\t\t\t<\/div>\r\n\t\t\t\t<\/div>\r\n\t\t\t\t\t\t\t\t<div class=\"wpb_column vc_column_container vc_col-sm-2\">\r\n\t\t\t\t\t<div class=\"vc_column-inner \" >\r\n\t\t\t\t\t\t<div class=\"wpb_wrapper\" >\r\n\t\t\t\t\t\t\t<div class=\"wpb_single_image wpb_content_element vc_align_ liquid_vc_single_image\">\r\n\t\t\t\t\t\t\t\t\t\t\t\t\t\t\t\t\t<div class=\"sem_overlay\" ><a href=\"https:\/\/online.therapie.ergowebinar.de\/de\/e\/Resilienz-und-Kohaerenz-in-der-ET-2FP-304?\r\n\t\t\t\t\t\t\t\t\t\" class=\"btn btn-solid btn-xsm round border-thin btn-has-label jetztstartenbutton\">klicken f\u00fcr Details<\/a><\/div>\r\n\t\t\t\t\t\t\t\t\t\t\t\t\t\t\t\t\t<figure class=\"wpb_wrapper vc_figure\">\r\n\t\t\t\t\t\t\t\t\t<a href=\"online.therapie.ergowebinar.de\/de\/e\/Resilienz-und-Kohaerenz-in-der-ET-2FP-304?\r\n\t\t\t\t\t\t\t\t\t\" title=\"Sie sehen eine Frau laut in ein Megafon rufen, als Assoziation zum Webseminar zum Erlernen innerer Widerstandskraft f\u00fcr Ergotherapie + Physiotherapie in der Fatigue,Long + PostCovid, Psychosomatik in Klinik + Praxis\" target=\"_blank\">\r\n\t\t\t\t\t\t\t\t\t\t<img decoding=\"async\" width=\"475\" src=\"https:\/\/www.ergowebinar.de\/intern\/parsed_images\/0a2f1d7c-dce6-401b-ad62-45db60a24eb7.jpg\" class=\"vc_single_image-img attachment-full\" alt=\"Sie sehen eine Frau laut in ein Megafon rufen, als Assoziation zum Webseminar zum Erlernen innerer Widerstandskraft f\u00fcr Ergotherapie + Physiotherapie in der Fatigue,Long + PostCovid, Psychosomatik in Klinik + Praxis\" title=\"Sie sehen eine Frau laut in ein Megafon rufen, als Assoziation zum Webseminar zum Erlernen innerer Widerstandskraft f\u00fcr Ergotherapie + Physiotherapie in der Fatigue,Long + PostCovid, Psychosomatik in Klinik + Praxis\" srcset=\"https:\/\/www.ergowebinar.de\/intern\/parsed_images\/0a2f1d7c-dce6-401b-ad62-45db60a24eb7.jpg 475w, https:\/\/www.ergowebinar.de\/intern\/parsed_images\/0a2f1d7c-dce6-401b-ad62-45db60a24eb7.jpg 275w\" sizes=\"(max-width: 475px) 100vw, 475px\" itemprop=\"image\" \/>\r\n\t\t\t\t\t\t\t\t\t\t<h6>Resilienz und Koh\u00e4renz in der ET [2FP]<\/h6>\r\n\t\t\t\t\t\t\t\t\t\t\t\t\t\t\t\t\t\t\t\t\t<p class=\"calendarline\"><img decoding=\"async\" class=\"calendar_icon\" src=\"https:\/\/www.ergowebinar.de\/intern\/images\/calendar.png\">07.10.2026 18:30 - 19:30<\/p>\t\r\n\t\t\t\t\t\t\t\t\t\t\t\t\t\t\t\t\t\t\t\t\t<p class=\"liquid_vc_single_text\">\r\nInnere Widerstandskraft ist ein entscheidender Faktor f&uuml;r die psychische und physische Gesundheit. In neueren Studien wird die Bedeutung des Koh&auml;renzgef&uuml;hls f&uuml;r die Gesundheit best&auml;tigt. ...<\/p>\r\n\t\t\t\t\t\t\t\t\t\t\t\t\t\t\t\t\t\t\t\t\t<p class=\"sempreis\">49 \u20ac<\/p>\r\n\t\t\t\t\t\t\t\t\t\t\t\t\t\t\t\t\t\t\t\t\t\t\t<p class=\"semmwst\"><\/p>\r\n\t\t\t\t\t\t\t\t\t\t\t\t\t\t\t\t\t\t\t\t\t\t\t\r\n\t\t\t\t\t\t\t\t\t<\/a>\r\n\t\t\t\t\t\t\t\t\t\r\n\t\t\t\t\t\t\t\t<\/figure>\r\n\t\t\t\t\t\t\t\t\r\n\t\t\t\t\t\t\t<\/div>\r\n\t\t\t\t\t\t\t\t\t\t\t\t\t\t\r\n\t\t\t\t\t\t<\/div>\r\n\t\t\t\t\t<\/div>\r\n\t\t\t\t<\/div>\r\n\t\t\t\t\t\t\t\t<div class=\"wpb_column vc_column_container vc_col-sm-2\">\r\n\t\t\t\t\t<div class=\"vc_column-inner \" >\r\n\t\t\t\t\t\t<div class=\"wpb_wrapper\" >\r\n\t\t\t\t\t\t\t<div class=\"wpb_single_image wpb_content_element vc_align_ liquid_vc_single_image\">\r\n\t\t\t\t\t\t\t\t\t\t\t\t\t\t\t\t\t<div class=\"sem_overlay\" ><a href=\"https:\/\/online.therapie.ergowebinar.de\/de\/e\/Mini-Habits-fuer-mehr-Resilienz-2FP-305?\r\n\t\t\t\t\t\t\t\t\t\" class=\"btn btn-solid btn-xsm round border-thin btn-has-label jetztstartenbutton\">klicken f\u00fcr Details<\/a><\/div>\r\n\t\t\t\t\t\t\t\t\t\t\t\t\t\t\t\t\t<figure class=\"wpb_wrapper vc_figure\">\r\n\t\t\t\t\t\t\t\t\t<a href=\"online.therapie.ergowebinar.de\/de\/e\/Mini-Habits-fuer-mehr-Resilienz-2FP-305?\r\n\t\t\t\t\t\t\t\t\t\" title=\"Sie sehen eine Minifigur, die mit einem Besen L\u00f6wenzahnsamen wegkehrt, als Assoziation zum Webseminar zum Erlernen von Mini-Habits f\u00fcr mehr Resilienz in Ergotherapie + Physiotherapie in der Fatigue, Long + PostCovid, Psychosomatik in Klinik + Praxis\" target=\"_blank\">\r\n\t\t\t\t\t\t\t\t\t\t<img decoding=\"async\" width=\"475\" src=\"https:\/\/www.ergowebinar.de\/intern\/parsed_images\/305.jpg\" class=\"vc_single_image-img attachment-full\" alt=\"Sie sehen eine Minifigur, die mit einem Besen L\u00f6wenzahnsamen wegkehrt, als Assoziation zum Webseminar zum Erlernen von Mini-Habits f\u00fcr mehr Resilienz in Ergotherapie + Physiotherapie in der Fatigue, Long + PostCovid, Psychosomatik in Klinik + Praxis\" title=\"Sie sehen eine Minifigur, die mit einem Besen L\u00f6wenzahnsamen wegkehrt, als Assoziation zum Webseminar zum Erlernen von Mini-Habits f\u00fcr mehr Resilienz in Ergotherapie + Physiotherapie in der Fatigue, Long + PostCovid, Psychosomatik in Klinik + Praxis\" srcset=\"https:\/\/www.ergowebinar.de\/intern\/parsed_images\/305.jpg 475w, https:\/\/www.ergowebinar.de\/intern\/parsed_images\/305.jpg 275w\" sizes=\"(max-width: 475px) 100vw, 475px\" itemprop=\"image\" \/>\r\n\t\t\t\t\t\t\t\t\t\t<h6>Mini-Habits f\u00fcr mehr Resilienz  [2FP]<\/h6>\r\n\t\t\t\t\t\t\t\t\t\t\t\t\t\t\t\t\t\t\t\t\t<p class=\"calendarline\"><img decoding=\"async\" class=\"calendar_icon\" src=\"https:\/\/www.ergowebinar.de\/intern\/images\/calendar.png\">07.10.2026 20:00 - 21:00<\/p>\t\r\n\t\t\t\t\t\t\t\t\t\t\t\t\t\t\t\t\t\t\t\t\t<p class=\"liquid_vc_single_text\">\r\n\r\nKurze Auszeitmomente im Job k&ouml;nnen die Resilienz und das Wohlbefinden nachhaltig st&auml;rken. Aktuelle Studien zeigen, dass kleine, regelm&auml;&szlig;ige Handlungen (Mini-Habits) zu gro&szlig;en ...<\/p>\r\n\t\t\t\t\t\t\t\t\t\t\t\t\t\t\t\t\t\t\t\t\t<p class=\"sempreis\">49 \u20ac<\/p>\r\n\t\t\t\t\t\t\t\t\t\t\t\t\t\t\t\t\t\t\t\t\t\t\t<p class=\"semmwst\"><\/p>\r\n\t\t\t\t\t\t\t\t\t\t\t\t\t\t\t\t\t\t\t\t\t\t\t\r\n\t\t\t\t\t\t\t\t\t<\/a>\r\n\t\t\t\t\t\t\t\t\t\r\n\t\t\t\t\t\t\t\t<\/figure>\r\n\t\t\t\t\t\t\t\t\r\n\t\t\t\t\t\t\t<\/div>\r\n\t\t\t\t\t\t\t\t\t\t\t\t\t\t\r\n\t\t\t\t\t\t<\/div>\r\n\t\t\t\t\t<\/div>\r\n\t\t\t\t<\/div>\r\n\t\t\t\t\t\t\t\t<div class=\"wpb_column vc_column_container vc_col-sm-2\">\r\n\t\t\t\t\t<div class=\"vc_column-inner \" >\r\n\t\t\t\t\t\t<div class=\"wpb_wrapper\" >\r\n\t\t\t\t\t\t\t<div class=\"wpb_single_image wpb_content_element vc_align_ liquid_vc_single_image\">\r\n\t\t\t\t\t\t\t\t\t\t\t\t\t\t\t\t\t<div class=\"sem_overlay\" ><a href=\"https:\/\/online.therapie.ergowebinar.de\/de\/e\/Altersbilder-Einfluss-und-aktive-Gestaltung-2FP-321?\r\n\t\t\t\t\t\t\t\t\t\" class=\"btn btn-solid btn-xsm round border-thin btn-has-label jetztstartenbutton\">klicken f\u00fcr Details<\/a><\/div>\r\n\t\t\t\t\t\t\t\t\t\t\t\t\t\t\t\t\t<figure class=\"wpb_wrapper vc_figure\">\r\n\t\t\t\t\t\t\t\t\t<a href=\"online.therapie.ergowebinar.de\/de\/e\/Altersbilder-Einfluss-und-aktive-Gestaltung-2FP-321?\r\n\t\t\t\t\t\t\t\t\t\" title=\"Sie sehen dem Kopf eines \u00e4lteren Mannes im Profil als Assoziation zum Webseminar \u00fcber innere Altersbilder von Therapeut:innen und deren Beeinflussung und Wirkung in allen Fachbereichen der Ergotherapie + Physiotherapie in der Klinik + Praxis\" target=\"_blank\">\r\n\t\t\t\t\t\t\t\t\t\t<img decoding=\"async\" width=\"475\" src=\"https:\/\/www.ergowebinar.de\/intern\/parsed_images\/321.jpg\" class=\"vc_single_image-img attachment-full\" alt=\"Sie sehen dem Kopf eines \u00e4lteren Mannes im Profil als Assoziation zum Webseminar \u00fcber innere Altersbilder von Therapeut:innen und deren Beeinflussung und Wirkung in allen Fachbereichen der Ergotherapie + Physiotherapie in der Klinik + Praxis\" title=\"Sie sehen dem Kopf eines \u00e4lteren Mannes im Profil als Assoziation zum Webseminar \u00fcber innere Altersbilder von Therapeut:innen und deren Beeinflussung und Wirkung in allen Fachbereichen der Ergotherapie + Physiotherapie in der Klinik + Praxis\" srcset=\"https:\/\/www.ergowebinar.de\/intern\/parsed_images\/321.jpg 475w, https:\/\/www.ergowebinar.de\/intern\/parsed_images\/321.jpg 275w\" sizes=\"(max-width: 475px) 100vw, 475px\" itemprop=\"image\" \/>\r\n\t\t\t\t\t\t\t\t\t\t<h6>Altersbilder - Einfluss und aktive Gestaltung [2FP]<\/h6>\r\n\t\t\t\t\t\t\t\t\t\t\t\t\t\t\t\t\t\t\t\t\t<p class=\"calendarline\"><img decoding=\"async\" class=\"calendar_icon\" src=\"https:\/\/www.ergowebinar.de\/intern\/images\/calendar.png\">12.10.2026 16:45 - 17:45<\/p>\t\r\n\t\t\t\t\t\t\t\t\t\t\t\t\t\t\t\t\t\t\t\t\t<p class=\"liquid_vc_single_text\">\r\n\r\nIm Alter werden wir \"gebrechlich, vergesslich und unflexibel...\" oder doch eher \"weise, erfahren, unabh&auml;ngig...\"? In diesem Webinar besch&auml;ftigen wir uns mit der Frage, wie stereotype Vorstellungen ...<\/p>\r\n\t\t\t\t\t\t\t\t\t\t\t\t\t\t\t\t\t\t\t\t\t<p class=\"sempreis\">49 \u20ac<\/p>\r\n\t\t\t\t\t\t\t\t\t\t\t\t\t\t\t\t\t\t\t\t\t\t\t<p class=\"semmwst\"><\/p>\r\n\t\t\t\t\t\t\t\t\t\t\t\t\t\t\t\t\t\t\t\t\t\t\t\r\n\t\t\t\t\t\t\t\t\t<\/a>\r\n\t\t\t\t\t\t\t\t\t\r\n\t\t\t\t\t\t\t\t<\/figure>\r\n\t\t\t\t\t\t\t\t\r\n\t\t\t\t\t\t\t<\/div>\r\n\t\t\t\t\t\t\t\t\t\t\t\t\t\t\r\n\t\t\t\t\t\t<\/div>\r\n\t\t\t\t\t<\/div>\r\n\t\t\t\t<\/div>\r\n\t\t\t\t\t\t\t\t<div class=\"wpb_column vc_column_container vc_col-sm-2\">\r\n\t\t\t\t\t<div class=\"vc_column-inner \" >\r\n\t\t\t\t\t\t<div class=\"wpb_wrapper\" >\r\n\t\t\t\t\t\t\t<div class=\"wpb_single_image wpb_content_element vc_align_ liquid_vc_single_image\">\r\n\t\t\t\t\t\t\t\t\t\t\t\t\t\t\t\t\t<div class=\"sem_overlay\" ><a href=\"#Thema20\" class=\"btn btn-solid btn-xsm round border-thin btn-has-label nichtdabutton\">8 Tage nach Ablauf des<br>Vorg\u00e4ngers buchbar<\/a><\/div>\r\n\t\t\t\t\t\t\t\t\t\t\t\t\t\t\t\t\t<figure class=\"wpb_wrapper vc_figure\">\r\n\t\t\t\t\t\t\t\t\t<a href=\"online.therapie.ergowebinar.de\/de\/e\/Sturzangst-verstehen-und-behandeln-2FP-323?\r\n\t\t\t\t\t\t\t\t\t\" title=\"Sie sehen auf einem Treppenabsatz ein Graffti mit einem erschreckten Emoji, als Assoziation zum Webseminar f\u00fcr Ergotherapie + Physiotherapie in der Sturzpr\u00e4vention in \u00fcbergreifenden Fachbereichen, NeuroReha, Orthop\u00e4die und Geriatrie in Klinik + Praxis\" target=\"_blank\">\r\n\t\t\t\t\t\t\t\t\t\t<img decoding=\"async\" width=\"475\" src=\"https:\/\/www.ergowebinar.de\/intern\/parsed_images\/235030fa-bf8e-4326-b419-7e3f69e7679a.jpg\" class=\"vc_single_image-img attachment-full\" alt=\"Sie sehen auf einem Treppenabsatz ein Graffti mit einem erschreckten Emoji, als Assoziation zum Webseminar f\u00fcr Ergotherapie + Physiotherapie in der Sturzpr\u00e4vention in \u00fcbergreifenden Fachbereichen, NeuroReha, Orthop\u00e4die und Geriatrie in Klinik + Praxis\" title=\"Sie sehen auf einem Treppenabsatz ein Graffti mit einem erschreckten Emoji, als Assoziation zum Webseminar f\u00fcr Ergotherapie + Physiotherapie in der Sturzpr\u00e4vention in \u00fcbergreifenden Fachbereichen, NeuroReha, Orthop\u00e4die und Geriatrie in Klinik + Praxis\" srcset=\"https:\/\/www.ergowebinar.de\/intern\/parsed_images\/235030fa-bf8e-4326-b419-7e3f69e7679a.jpg 475w, https:\/\/www.ergowebinar.de\/intern\/parsed_images\/235030fa-bf8e-4326-b419-7e3f69e7679a.jpg 275w\" sizes=\"(max-width: 475px) 100vw, 475px\" itemprop=\"image\" \/>\r\n\t\t\t\t\t\t\t\t\t\t<h6>Sturzangst verstehen und behandeln [2FP]<\/h6>\r\n\t\t\t\t\t\t\t\t\t\t\t\t\t\t\t\t\t\t\t\t\t<p class=\"calendarline\"><img decoding=\"async\" class=\"calendar_icon\" src=\"https:\/\/www.ergowebinar.de\/intern\/images\/calendar.png\">12.10.2026 19:45 - 20:45<\/p>\t\r\n\t\t\t\t\t\t\t\t\t\t\t\t\t\t\t\t\t\t\t\t\t<p class=\"liquid_vc_single_text\">\r\nSturzangst ist ein weit verbreitetes, jedoch oft untersch&auml;tztes Problem. Im Webinar lernen Sie das Symptom fr&uuml;hzeitig zu erkennen und gezielte therapeutische Ma&szlig;nahmen zu ergreifen. Es ...<\/p>\r\n\t\t\t\t\t\t\t\t\t\t\t\t\t\t\t\t\t\t\t\t\t<p class=\"sempreis\">49 \u20ac<\/p>\r\n\t\t\t\t\t\t\t\t\t\t\t\t\t\t\t\t\t\t\t\t\t\t\t<p class=\"semmwst\"><\/p>\r\n\t\t\t\t\t\t\t\t\t\t\t\t\t\t\t\t\t\t\t\t\t\t\t\r\n\t\t\t\t\t\t\t\t\t<\/a>\r\n\t\t\t\t\t\t\t\t\t\r\n\t\t\t\t\t\t\t\t<\/figure>\r\n\t\t\t\t\t\t\t\t\r\n\t\t\t\t\t\t\t<\/div>\r\n\t\t\t\t\t\t\t\t\t\t\t\t\t\t\r\n\t\t\t\t\t\t<\/div>\r\n\t\t\t\t\t<\/div>\r\n\t\t\t\t<\/div>\r\n\t\t\t\t\t\t\t\t<div class=\"wpb_column vc_column_container vc_col-sm-2\">\r\n\t\t\t\t\t<div class=\"vc_column-inner \" >\r\n\t\t\t\t\t\t<div class=\"wpb_wrapper\" >\r\n\t\t\t\t\t\t\t<div class=\"wpb_single_image wpb_content_element vc_align_ liquid_vc_single_image\">\r\n\t\t\t\t\t\t\t\t\t\t\t\t\t\t\t\t\t<div class=\"sem_overlay\" ><a href=\"https:\/\/online.therapie.ergowebinar.de\/de\/e\/Geriatrie-Gluecklich-in-der-Gruppe-2FP-287?\r\n\t\t\t\t\t\t\t\t\t\" class=\"btn btn-solid btn-xsm round border-thin btn-has-label jetztstartenbutton\">klicken f\u00fcr Details<\/a><\/div>\r\n\t\t\t\t\t\t\t\t\t\t\t\t\t\t\t\t\t<figure class=\"wpb_wrapper vc_figure\">\r\n\t\t\t\t\t\t\t\t\t<a href=\"online.therapie.ergowebinar.de\/de\/e\/Geriatrie-Gluecklich-in-der-Gruppe-2FP-287?\r\n\t\t\t\t\t\t\t\t\t\" title=\"Sie sehen drei Frauen, die sich gemeinsam mit etwas befassen, als Assoziation zum Webseminar \u00fcber Ergotherapie + Physiotherapie zum Gruppenerleben + sozialem Eingebundensein und der Wirkung in der Geriatrie und allen Fachbereichen in der Klinik + Praxis\" target=\"_blank\">\r\n\t\t\t\t\t\t\t\t\t\t<img decoding=\"async\" width=\"475\" src=\"https:\/\/www.ergowebinar.de\/intern\/parsed_images\/e37a58cb-1fce-4d37-9c6c-ce4f8e8f51d6.jpg\" class=\"vc_single_image-img attachment-full\" alt=\"Sie sehen drei Frauen, die sich gemeinsam mit etwas befassen, als Assoziation zum Webseminar \u00fcber Ergotherapie + Physiotherapie zum Gruppenerleben + sozialem Eingebundensein und der Wirkung in der Geriatrie und allen Fachbereichen in der Klinik + Praxis\" title=\"Sie sehen drei Frauen, die sich gemeinsam mit etwas befassen, als Assoziation zum Webseminar \u00fcber Ergotherapie + Physiotherapie zum Gruppenerleben + sozialem Eingebundensein und der Wirkung in der Geriatrie und allen Fachbereichen in der Klinik + Praxis\" srcset=\"https:\/\/www.ergowebinar.de\/intern\/parsed_images\/e37a58cb-1fce-4d37-9c6c-ce4f8e8f51d6.jpg 475w, https:\/\/www.ergowebinar.de\/intern\/parsed_images\/e37a58cb-1fce-4d37-9c6c-ce4f8e8f51d6.jpg 275w\" sizes=\"(max-width: 475px) 100vw, 475px\" itemprop=\"image\" \/>\r\n\t\t\t\t\t\t\t\t\t\t<h6>Geriatrie - Gl\u00fccklich ...in der Gruppe! [2FP] <\/h6>\r\n\t\t\t\t\t\t\t\t\t\t\t\t\t\t\t\t\t\t\t\t\t<p class=\"calendarline\"><img decoding=\"async\" class=\"calendar_icon\" src=\"https:\/\/www.ergowebinar.de\/intern\/images\/calendar.png\">15.10.2026 18:15 - 19:15<\/p>\t\r\n\t\t\t\t\t\t\t\t\t\t\t\t\t\t\t\t\t\t\t\t\t<p class=\"liquid_vc_single_text\">\r\n\r\n\r\nGruppenangebote, die garantiert gelingen! In diesem Webinar zeige ich am Beispiel einer Chorgr&uuml;ndung eigene Gruppenangebote zu planen, durchzuf&uuml;hren und zu evaluieren, die genau auf die ...<\/p>\r\n\t\t\t\t\t\t\t\t\t\t\t\t\t\t\t\t\t\t\t\t\t<p class=\"sempreis\">49 \u20ac<\/p>\r\n\t\t\t\t\t\t\t\t\t\t\t\t\t\t\t\t\t\t\t\t\t\t\t<p class=\"semmwst\"><\/p>\r\n\t\t\t\t\t\t\t\t\t\t\t\t\t\t\t\t\t\t\t\t\t\t\t\r\n\t\t\t\t\t\t\t\t\t<\/a>\r\n\t\t\t\t\t\t\t\t\t\r\n\t\t\t\t\t\t\t\t<\/figure>\r\n\t\t\t\t\t\t\t\t\r\n\t\t\t\t\t\t\t<\/div>\r\n\t\t\t\t\t\t\t\t\t\t\t\t\t\t\r\n\t\t\t\t\t\t<\/div>\r\n\t\t\t\t\t<\/div>\r\n\t\t\t\t<\/div>\r\n\t\t\t\t\t\t\t\t<div class=\"wpb_column vc_column_container vc_col-sm-2\">\r\n\t\t\t\t\t<div class=\"vc_column-inner \" >\r\n\t\t\t\t\t\t<div class=\"wpb_wrapper\" >\r\n\t\t\t\t\t\t\t<div class=\"wpb_single_image wpb_content_element vc_align_ liquid_vc_single_image\">\r\n\t\t\t\t\t\t\t\t\t\t\t\t\t\t\t\t\t<div class=\"sem_overlay\" ><a href=\"https:\/\/online.therapie.ergowebinar.de\/de\/e\/Yoga-zur-Stressreduktion-spuerbarer-Soforteffekt-2-FP-170?\r\n\t\t\t\t\t\t\t\t\t\" class=\"btn btn-solid btn-xsm round border-thin btn-has-label jetztstartenbutton\">klicken f\u00fcr Details<\/a><\/div>\r\n\t\t\t\t\t\t\t\t\t\t\t\t\t\t\t\t\t<figure class=\"wpb_wrapper vc_figure\">\r\n\t\t\t\t\t\t\t\t\t<a href=\"online.therapie.ergowebinar.de\/de\/e\/Yoga-zur-Stressreduktion-spuerbarer-Soforteffekt-2-FP-170?\r\n\t\t\t\t\t\t\t\t\t\" title=\"Sie sehen eine Klangschale, die gerade angeschlagen wird, als Assoziation zum Webseminar zur Stressreduktion durch yogainspirierte Aufgaben f\u00fcr Ergotherapie + Physiotherapie in der Fatigue,Long + PostCovid, Psychosomatik Klinik + Praxis\" target=\"_blank\">\r\n\t\t\t\t\t\t\t\t\t\t<img decoding=\"async\" width=\"475\" src=\"https:\/\/www.ergowebinar.de\/intern\/parsed_images\/0a2d1d7c-dce6-401b-ad62-45db60a24eb7.jpg\" class=\"vc_single_image-img attachment-full\" alt=\"Sie sehen eine Klangschale, die gerade angeschlagen wird, als Assoziation zum Webseminar zur Stressreduktion durch yogainspirierte Aufgaben f\u00fcr Ergotherapie + Physiotherapie in der Fatigue,Long + PostCovid, Psychosomatik Klinik + Praxis\" title=\"Sie sehen eine Klangschale, die gerade angeschlagen wird, als Assoziation zum Webseminar zur Stressreduktion durch yogainspirierte Aufgaben f\u00fcr Ergotherapie + Physiotherapie in der Fatigue,Long + PostCovid, Psychosomatik Klinik + Praxis\" srcset=\"https:\/\/www.ergowebinar.de\/intern\/parsed_images\/0a2d1d7c-dce6-401b-ad62-45db60a24eb7.jpg 475w, https:\/\/www.ergowebinar.de\/intern\/parsed_images\/0a2d1d7c-dce6-401b-ad62-45db60a24eb7.jpg 275w\" sizes=\"(max-width: 475px) 100vw, 475px\" itemprop=\"image\" \/>\r\n\t\t\t\t\t\t\t\t\t\t<h6>Yoga zur Stressreduktion - sp\u00fcrbarer Soforteffekt [2 FP]<\/h6>\r\n\t\t\t\t\t\t\t\t\t\t\t\t\t\t\t\t\t\t\t\t\t<p class=\"calendarline\"><img decoding=\"async\" class=\"calendar_icon\" src=\"https:\/\/www.ergowebinar.de\/intern\/images\/calendar.png\">28.10.2026 18:30 - 19:30<\/p>\t\r\n\t\t\t\t\t\t\t\t\t\t\t\t\t\t\t\t\t\t\t\t\t<p class=\"liquid_vc_single_text\">Leistungsdruck oder Stress f&uuml;hren oft zu Dauerspannungen oder Schmerzen bis hin zu erh&ouml;hter Anf&auml;lligkeit f&uuml;r Infekte. In diesem Themenblock lernen Sie die SARW- Technik kennen und wie ...<\/p>\r\n\t\t\t\t\t\t\t\t\t\t\t\t\t\t\t\t\t\t\t\t\t<p class=\"sempreis\">49 \u20ac<\/p>\r\n\t\t\t\t\t\t\t\t\t\t\t\t\t\t\t\t\t\t\t\t\t\t\t<p class=\"semmwst\"><\/p>\r\n\t\t\t\t\t\t\t\t\t\t\t\t\t\t\t\t\t\t\t\t\t\t\t\r\n\t\t\t\t\t\t\t\t\t<\/a>\r\n\t\t\t\t\t\t\t\t\t\r\n\t\t\t\t\t\t\t\t<\/figure>\r\n\t\t\t\t\t\t\t\t\r\n\t\t\t\t\t\t\t<\/div>\r\n\t\t\t\t\t\t\t\t\t\t\t\t\t\t\r\n\t\t\t\t\t\t<\/div>\r\n\t\t\t\t\t<\/div>\r\n\t\t\t\t<\/div>\r\n\t\t\t\t\t\t\t<\/div><\/div><\/div>\r\n\t\t\t\t\t<a name=\"seminarenachdatum\"><\/a>\r\n\t\t<a name=\"e8505a1b-c110-47f8-a96c-19e5f39cb6ea\"><\/a>\r\n\t\t<h2 class=\"ld-fh-element lqd-highlight-underline lqd-highlight-grow-left text-decoration-default h3 ldsemheadline\">E-Therapie & Testmaterial<\/h2>\r\n\t\t\t\t\t<div class=\"vc_row vc_inner\">\r\n\t\t\t<div class=\"ld-container container-fluid\">\r\n\t\t\t<div class=\"row ld-row ld-row-inner\">\r\n\t\t\t\t\t\t\t<div class=\"wpb_column vc_column_container vc_col-sm-2\">\r\n\t\t\t\t\t<div class=\"vc_column-inner \" >\r\n\t\t\t\t\t\t<div class=\"wpb_wrapper\" >\r\n\t\t\t\t\t\t\t<div class=\"wpb_single_image wpb_content_element vc_align_ liquid_vc_single_image\">\r\n\t\t\t\t\t\t\t\t\t\t\t\t\t\t\t\t\t<div class=\"sem_overlay\" ><a href=\"https:\/\/online.therapie.ergowebinar.de\/de\/e\/AFM-Allensbacher-Feinmotorik-Test-Manual-Auswertungstool-252?\r\n\t\t\t\t\t\t\t\t\t\" class=\"btn btn-solid btn-xsm round border-thin btn-has-label jetztstartenbutton\">klicken f\u00fcr Details<\/a><\/div>\r\n\t\t\t\t\t\t\t\t\t\t\t\t\t\t\t\t\t<figure class=\"wpb_wrapper vc_figure\">\r\n\t\t\t\t\t\t\t\t\t<a href=\"online.therapie.ergowebinar.de\/de\/e\/AFM-Allensbacher-Feinmotorik-Test-Manual-Auswertungstool-252?\r\n\t\t\t\t\t\t\t\t\t\" title=\"Sie sehen einen Abakus als Assoziation zum Testmaterial des Allensbacher Feinmotoriktests f\u00fcr Ergotherapie + Physiotherapie in der Rehabilitation von Schlaganfall + Apoplex in Klinik + Praxis\" target=\"_blank\">\r\n\t\t\t\t\t\t\t\t\t\t<img decoding=\"async\" width=\"475\" src=\"https:\/\/www.ergowebinar.de\/intern\/parsed_images\/22267f40-19e3-4da1-877f-0d27df51d41d.jpg\" class=\"vc_single_image-img attachment-full\" alt=\"Sie sehen einen Abakus als Assoziation zum Testmaterial des Allensbacher Feinmotoriktests f\u00fcr Ergotherapie + Physiotherapie in der Rehabilitation von Schlaganfall + Apoplex in Klinik + Praxis\" title=\"Sie sehen einen Abakus als Assoziation zum Testmaterial des Allensbacher Feinmotoriktests f\u00fcr Ergotherapie + Physiotherapie in der Rehabilitation von Schlaganfall + Apoplex in Klinik + Praxis\" srcset=\"https:\/\/www.ergowebinar.de\/intern\/parsed_images\/22267f40-19e3-4da1-877f-0d27df51d41d.jpg 475w, https:\/\/www.ergowebinar.de\/intern\/parsed_images\/22267f40-19e3-4da1-877f-0d27df51d41d.jpg 275w\" sizes=\"(max-width: 475px) 100vw, 475px\" itemprop=\"image\" \/>\r\n\t\t\t\t\t\t\t\t\t\t<h6>AFM - Allensbacher Feinmotorik Test - Manual & Auswertungstool<\/h6>\r\n\t\t\t\t\t\t\t\t\t\t\t\t\t\t\t\t\t\t\t\t<p class=\"liquid_vc_single_text\">Der AFM-Test ist ein aufgabenstandardisiertes Testwerkzeug f&uuml;r neurologisch betroffene Klienten von etwa 30 -70 Minuten Dauer. Unter Nutzung des elektronischen Auswertungstools ist eine Teileistungsdiagnostik ...<\/p>\r\n\t\t\t\t\t\t\t\t\t\t\t\t\t\t\t\t\t\t\t\t\t<p class=\"sempreis\">49 \u20ac<\/p>\r\n\t\t\t\t\t\t\t\t\t\t\t\t\t\t\t\t\t\t\t\t\t\t\t<p class=\"semmwst\"><\/p>\r\n\t\t\t\t\t\t\t\t\t\t\t\t\t\t\t\t\t\t\t\t\t\t\t\r\n\t\t\t\t\t\t\t\t\t<\/a>\r\n\t\t\t\t\t\t\t\t\t\r\n\t\t\t\t\t\t\t\t<\/figure>\r\n\t\t\t\t\t\t\t\t\r\n\t\t\t\t\t\t\t<\/div>\r\n\t\t\t\t\t\t\t\t\t\t\t\t\t\t\r\n\t\t\t\t\t\t<\/div>\r\n\t\t\t\t\t<\/div>\r\n\t\t\t\t<\/div>\r\n\t\t\t\t\t\t\t<\/div><\/div><\/div>\r\n\t\t\t<\/h1><\/div>[\/vc_column][\/vc_row][vc_row css=&#8220;.vc_custom_1655366890516{border-bottom-width: 1px !important;padding-top: 60px !important;padding-bottom: 40px !important;border-bottom-style: solid !important;}&#8220;][vc_column][vc_row_inner content_placement=&#8220;middle&#8220;][vc_column_inner enable_content_animation=&#8220;yes&#8220; ca_init_scale_x=&#8220;1&#8243; ca_init_scale_y=&#8220;1&#8243; ca_init_opacity=&#8220;0&#8243; ca_an_scale_x=&#8220;1&#8243; ca_an_scale_y=&#8220;1&#8243; ca_an_opacity=&#8220;1&#8243; ca_init_scale_z=&#8220;1&#8243; ca_an_scale_z=&#8220;1&#8243; offset=&#8220;vc_col-md-5&#8243; css=&#8220;.vc_custom_1583837552785{margin-bottom: 35px !important;}&#8220; ca_duration=&#8220;1800&#8243; ca_delay=&#8220;180&#8243; ca_init_translate_x=&#8220;35&#8243;]<style>.ld_fancy_heading_69f07efc3e67d h6{color:rgb(251, 34, 0);}.ld_fancy_heading_69f07efc3e67d h6 {font-size:12px; } .ld_fancy_heading_69f07efc3e67d h6 {font-weight:600; } .ld_fancy_heading_69f07efc3e67d h6 {margin-bottom:1em !important;  } .ld_fancy_heading_69f07efc3e67d .lqd-highlight-inner{height:0.275em!important;bottom:0px!important;}.ld_fancy_heading_69f07efc3e67d h6 {font-size:12px; } .ld_fancy_heading_69f07efc3e67d h6 {font-weight:600; } .ld_fancy_heading_69f07efc3e67d h6 {margin-bottom:1em !important;  } <\/style><div class=\"ld-fancy-heading ld_fancy_heading_69f07efc3e67d\">\n\t<h6 class=\"ld-fh-element lqd-highlight-underline lqd-highlight-grow-left text-decoration-default\"   >  Fort- und Weiterbildungen f\u00fcr Ergotherapeut:innen<\/h6><\/div><style>.ld_fancy_heading_69f07efc3ec01 h2{color:rgb(251, 34, 0);}.ld_fancy_heading_69f07efc3ec01 h2 {margin-bottom:0.6em !important;  } .ld_fancy_heading_69f07efc3ec01 .lqd-highlight-inner{height:0.275em!important;bottom:0px!important;}.ld_fancy_heading_69f07efc3ec01 h2 {margin-bottom:0.6em !important;  } <\/style><div class=\"ld-fancy-heading ld_fancy_heading_69f07efc3ec01\">\n\t<h2 class=\"ld-fh-element lqd-highlight-underline lqd-highlight-grow-left text-decoration-default h3\"   >  So funktionieren unsere Webinare<\/h2><\/div><style>.ld_fancy_heading_69f07efc3eec7 p {margin-bottom:2em !important;  } .ld_fancy_heading_69f07efc3eec7 .lqd-highlight-inner{height:0.275em!important;bottom:0px!important;}.ld_fancy_heading_69f07efc3eec7 p {margin-bottom:2em !important;  } <\/style><div class=\"ld-fancy-heading ld_fancy_heading_69f07efc3eec7\">\n\t<p class=\"ld-fh-element lqd-highlight-underline lqd-highlight-grow-left text-decoration-default\"   >  Die Webinare k\u00f6nnen Sie einfach von zu Hause oder von Ihrem Arbeitsplatz aus verfolgen.<\/p><\/div><style>.ld_icon_box_69f07efc3f094 .iconbox-icon-container{font-size:23px;border-radius:px;}.ld_icon_box_69f07efc3f094 .lqd-iconbox-title{margin-bottom:px;font-size:17px;}<\/style>\n<div class=\"iconbox iconbox-side text-align-default iconbox-xs ld_icon_box_69f07efc3f094 vc_custom_1702896384727\" id=\"ld_icon_box_69f07efc3f094\"  data-animate-icon=\"true\"  >\n\t\n\t\t\t\t\t\n\t\n\t<div class=\"iconbox-icon-wrap\"><span class=\"iconbox-icon-container\"><i class=\"lqd-icn-ess icon-lqd-check\"><\/i><\/span><\/div>\t\n\t\t\n\t<div class=\"contents\">\t\n\t\t\n\t<h3 class=\"lqd-iconbox-title font-weight-semibold\">Schauen Sie Sich<\/h3>\t<ul>\n<li>einen Webinarablauf<\/li>\n<li>ein beispielhaftes Handout und<\/li>\n<li>einige Praxisvideoausschnitte<\/li>\n<\/ul>\n\t\t\n\t<\/div>\t\n\t\n<\/div>\n<style>.ld_icon_box_69f07efc3f54a .iconbox-icon-container{font-size:23px;border-radius:px;}.ld_icon_box_69f07efc3f54a .lqd-iconbox-title{margin-bottom:px;font-size:17px;}<\/style>\n<div class=\"iconbox iconbox-side text-align-default iconbox-xs ld_icon_box_69f07efc3f54a\" id=\"ld_icon_box_69f07efc3f54a\"  data-animate-icon=\"true\"  >\n\t\n\t\t\t\t\t\n\t\n\t<div class=\"iconbox-icon-wrap\"><span class=\"iconbox-icon-container\"><i class=\"lqd-icn-ess icon-lqd-check\"><\/i><\/span><\/div>\t\n\t\t\n\t<div class=\"contents\">\t\n\t\t\n\t<h3 class=\"lqd-iconbox-title font-weight-semibold\">kurz an und<\/h3>\t<ul>\n<li>registrieren Sie sich hier unverbindlich oder<\/li>\n<li>buchen Sie Ihr WebSeminar<\/li>\n<\/ul>\n<p><strong>oder informieren Sie sich mit Hilfe der <a href=\"https:\/\/www.ergowebinar.de\/index.php\/help\/\">FAQs<\/a>.<\/strong><\/p>\n\t\t\n\t<\/div>\t\n\t\n<\/div>\n<style>.ld_button_69f07efc3fa94.btn-icon-solid .btn-icon{background:rgb(251, 34, 0);}.ld_button_69f07efc3fa94.btn-icon-circle.btn-icon-ripple .btn-icon:before{border-color:rgb(251, 34, 0);}.ld_button_69f07efc3fa94.btn-icon-solid:hover .btn-icon{background:rgb(59, 59, 59);}.ld_button_69f07efc3fa94{background-color:rgb(251, 34, 0);border-color:rgb(251, 34, 0);}.ld_button_69f07efc3fa94:hover{background-color:rgb(59, 59, 59);border-color:rgb(59, 59, 59);}.ld_button_69f07efc3fa94 .btn-gradient-bg-hover{background:-webkit-linear-gradient(to right, rgb(59, 59, 59) 0%, rgb(59, 59, 59) 100%);background:linear-gradient(to right, rgb(59, 59, 59) 0%, rgb(59, 59, 59) 100%);}.ld_button_69f07efc3fa94 .btn-gradient-border defs stop:first-child{stop-color:rgb(251, 34, 0);}.ld_button_69f07efc3fa94 .btn-gradient-border defs stop:last-child{stop-color:rgb(251, 34, 0);}.ld_button_69f07efc3fa94:hover .btn-gradient-border defs stop:first-child{stop-color:rgb(59, 59, 59);}.ld_button_69f07efc3fa94:hover .btn-gradient-border defs stop:last-child{stop-color:rgb(59, 59, 59);}.ld_button_69f07efc3fa94 {line-height:1.5em; } .ld_button_69f07efc3fa94 {--element-line-height:1.5em; } .ld_button_69f07efc3fa94 {line-height:1.5em; } .ld_button_69f07efc3fa94 {--element-line-height:1.5em; } .ld_button_69f07efc3fa94 {line-height:1.5em; } .ld_button_69f07efc3fa94 {--element-line-height:1.5em; } <\/style><a href=\"https:\/\/www.ergowebinar.de\/index.php\/help\/\" title=\"H\u00e4ufig gestellte Fragen \u2013 FAQs\" class=\"btn btn-solid text-uppercase round border-thin btn-hover-swp btn-has-label ld_button_69f07efc3fa94\" >\n\t<span>\n\t\n\t\t\t\t\t<span class=\"btn-txt\" data-text=\"Zu den FAQs\" >Zu den FAQs<\/span>\n\t\t\n\t<span class=\"btn-icon\"><i class=\"lqd-icn-ess icon-md-arrow-forward\"><\/i><\/span>\t<span class=\"btn-icon\"><i class=\"lqd-icn-ess icon-md-arrow-forward\"><\/i><\/span>\t\t\t<\/span>\n<\/a>\n<style>.ld_spacer_69f07efc3fe72{height:40px;}<\/style>\n<div class=\"ld-empty-space vc_hidden-lg ld_spacer_69f07efc3fe72\"><\/div>[\/vc_column_inner][vc_column_inner offset=&#8220;vc_col-md-offset-1 vc_col-md-6&#8243; css=&#8220;.vc_custom_1595348848944{margin-bottom: 35px !important;border-radius: 5px !important;}&#8220;][vc_single_image image=&#8220;4701&#8243; onclick=&#8220;custom_link&#8220; enable_link=&#8220;enable_image_link&#8220; css=&#8220;.vc_custom_1766409621087{margin-bottom: 0px !important;}&#8220; link=&#8220;url:https%3A%2F%2Fwww.ergowebinar.de%2Fwp-content%2Fuploads%2F2025%2F12%2FWie-Geht-Das-Bei-Ergo-Webinar-kleiner.mp4|title:%C3%96ffne%20das%20Video|target:%20_blank|&#8220;][\/vc_column_inner][\/vc_row_inner][\/vc_column][\/vc_row][vc_row css=&#8220;.vc_custom_1653026801913{padding-top: 60px !important;padding-bottom: 35px !important;}&#8220;][vc_column]<style>.ld_fancy_heading_69f07efc3ff76 h2{color:rgb(251, 34, 0);}@media (min-width: 1200px) { .ld_fancy_heading_69f07efc3ff76 h2 {padding-right:14% !important; padding-left:14% !important;  }  } .ld_fancy_heading_69f07efc3ff76 .lqd-highlight-inner{height:0.275em!important;bottom:0px!important;}@media (min-width: 1200px) { .ld_fancy_heading_69f07efc3ff76 h2 {padding-right:14% !important; padding-left:14% !important;  }  } <\/style><div class=\"ld-fancy-heading text-center ld_fancy_heading_69f07efc3ff76\">\n\t<h2 class=\"ld-fh-element lqd-highlight-underline lqd-highlight-grow-left text-decoration-default\"   >  ErgoWebinar bietet Ihnen:<\/h2><\/div>[vc_column_text]<\/p>\n<p style=\"text-align: center;\">Sie k\u00f6nnen ErgoWebinar nutzen, um auf dem aktuellen Stand der Therapietechniken zu bleiben. Wir unterst\u00fctzen Sie im Clinical Reasoning durch evidenzbasierte Therapieleitpfade und erprobte und praktikable Vorschl\u00e4ge f\u00fcr die zeitliche Therapiestrukturierung.<\/p>\n<p style=\"text-align: center;\">Unsere Kurzzeit-Seminare bieten Ihnen durch das kostenfreie Videoportal nach dem Kurs ein Maximum an freier Nutzungszeit. Die Fortbildungen werden von Expert:innen in ihrem Fachgebiet strukturiert und zusammengestellt. Sie f\u00fchren Sie durch die praktischen Anleitungen und die kurzen Theoriebl\u00f6cke. Sie beantworten alle Fragen, die Sie haben.<\/p>\n<p>[\/vc_column_text][\/vc_column][\/vc_row][vc_row css=&#8220;.vc_custom_1596326945613{border-bottom-width: 1px !important;padding-top: 60px !important;padding-bottom: 35px !important;border-bottom-color: rgba(0,0,0,0.07) !important;border-bottom-style: solid !important;}&#8220; responsive_css=&#8220;border_bottom_medium:1px|padding_top_medium:75px|padding_bottom_medium:45px|padding_top_small:70px|padding_bottom_small:45px&#8220;][vc_column][vc_row_inner enable_content_animation=&#8220;yes&#8220; ca_init_scale_x=&#8220;1&#8243; ca_init_scale_y=&#8220;1&#8243; ca_init_opacity=&#8220;0&#8243; ca_an_scale_x=&#8220;1&#8243; ca_an_scale_y=&#8220;1&#8243; ca_an_opacity=&#8220;1&#8243; ca_init_scale_z=&#8220;1&#8243; ca_an_scale_z=&#8220;1&#8243; ca_duration=&#8220;1800&#8243; ca_delay=&#8220;180&#8243; ca_init_translate_y=&#8220;35&#8243;][vc_column_inner width=&#8220;1\/2&#8243; css=&#8220;.vc_custom_1654854468590{margin-bottom: 18px !important;}&#8220; offset=&#8220;vc_col-md-4&#8243;]<style>.ld_icon_box_69f07efc403eb:hover .iconbox-icon-container{color:rgb(255, 255, 255);}.ld_icon_box_69f07efc403eb .iconbox-icon-container{width:56px !important;height:56px !important;border-radius:px;}.ld_icon_box_69f07efc403eb .iconbox-icon-container .iconbox-icon-hover-bg{background:rgb(59, 59, 59);}.ld_icon_box_69f07efc403eb:hover .iconbox-icon-container:before{border-color:rgb(59, 59, 59);}.ld_icon_box_69f07efc403eb .lqd-iconbox-title{margin-bottom:13px;font-size:15px;}<\/style>\n<div class=\"iconbox iconbox-side text-align-default iconbox-circle iconbox-sm ld_icon_box_69f07efc403eb\" id=\"ld_icon_box_69f07efc403eb\"  data-animate-icon=\"true\" data-plugin-options='{\"hoverColor\":\"rgb(255, 255, 255)\"}'  >\n\t\n\t\t\t\t\t\n\t\n\t<div class=\"iconbox-icon-wrap\"><span class=\"iconbox-icon-container\"><span class=\"iconbox-icon-hover-bg\"><\/span><i class=\"far fa-copy\"><\/i><\/span><\/div>\t\n\t\t\n\t<div class=\"contents\">\t\n\t\t\n\t<h3 class=\"lqd-iconbox-title \">Handouts &amp; Arbeitsmaterialien<\/h3>\t<p>Sie bekommen vor und nach der Weiterbildung von uns Begleitmaterial, Dokumentationsb\u00f6gen und Arbeitsanleitungen im Download.<\/p>\n\t\t\n\t<\/div>\t\n\t\n<\/div>\n[\/vc_column_inner][vc_column_inner width=&#8220;1\/2&#8243; css=&#8220;.vc_custom_1583835330693{margin-bottom: 18px !important;}&#8220; offset=&#8220;vc_col-md-4&#8243;]<style>.ld_icon_box_69f07efc40905:hover .iconbox-icon-container{color:rgb(255, 255, 255);}.ld_icon_box_69f07efc40905 .iconbox-icon-container{width:56px !important;height:56px !important;border-radius:px;}.ld_icon_box_69f07efc40905 .iconbox-icon-container .iconbox-icon-hover-bg{background:rgb(59, 59, 59);}.ld_icon_box_69f07efc40905:hover .iconbox-icon-container:before{border-color:rgb(59, 59, 59);}.ld_icon_box_69f07efc40905 .lqd-iconbox-title{margin-bottom:13px;font-size:15px;}<\/style>\n<div class=\"iconbox iconbox-side text-align-default iconbox-circle iconbox-sm ld_icon_box_69f07efc40905\" id=\"ld_icon_box_69f07efc40905\"  data-animate-icon=\"true\" data-plugin-options='{\"hoverColor\":\"rgb(255, 255, 255)\"}'  >\n\t\n\t\t\t\t\t\n\t\n\t<div class=\"iconbox-icon-wrap\"><span class=\"iconbox-icon-container\"><span class=\"iconbox-icon-hover-bg\"><\/span><i class=\"fas fa-graduation-cap\"><\/i><\/span><\/div>\t\n\t\t\n\t<div class=\"contents\">\t\n\t\t\n\t<h3 class=\"lqd-iconbox-title \">Fortbildungspunkte<\/h3>\t<p>Pro 45 Minuten-Einheit bekommen Sie f\u00fcr alle Webseminare Weiterbildungspunkte f\u00fcr Ihren Fortbildungstatus.<\/p>\n\t\t\n\t<\/div>\t\n\t\n<\/div>\n[\/vc_column_inner][vc_column_inner width=&#8220;1\/2&#8243; css=&#8220;.vc_custom_1583835330693{margin-bottom: 18px !important;}&#8220; offset=&#8220;vc_col-md-4&#8243;]<style>.ld_icon_box_69f07efc40db8:hover .iconbox-icon-container{color:rgb(255, 255, 255);}.ld_icon_box_69f07efc40db8 .iconbox-icon-container{width:56px !important;height:56px !important;border-radius:px;}.ld_icon_box_69f07efc40db8 .iconbox-icon-container .iconbox-icon-hover-bg{background:rgb(59, 59, 59);}.ld_icon_box_69f07efc40db8:hover .iconbox-icon-container:before{border-color:rgb(59, 59, 59);}.ld_icon_box_69f07efc40db8 .lqd-iconbox-title{margin-bottom:13px;font-size:15px;}<\/style>\n<div class=\"iconbox iconbox-side text-align-default iconbox-circle iconbox-sm ld_icon_box_69f07efc40db8\" id=\"ld_icon_box_69f07efc40db8\"  data-animate-icon=\"true\" data-plugin-options='{\"hoverColor\":\"rgb(255, 255, 255)\"}'  >\n\t\n\t\t\t\t\t\n\t\n\t<div class=\"iconbox-icon-wrap\"><span class=\"iconbox-icon-container\"><span class=\"iconbox-icon-hover-bg\"><\/span><i class=\"fas fa-user-check\"><\/i><\/span><\/div>\t\n\t\t\n\t<div class=\"contents\">\t\n\t\t\n\t<h3 class=\"lqd-iconbox-title \">Teilnahmebescheinigung<\/h3>\t<p>Unmittelbar nach dem Seminar erhalten Sie per Mail die Teilnahmebescheinigung mit den Fortbildungspunkten.<\/p>\n\t\t\n\t<\/div>\t\n\t\n<\/div>\n[\/vc_column_inner][vc_column_inner width=&#8220;1\/2&#8243; css=&#8220;.vc_custom_1583835330693{margin-bottom: 18px !important;}&#8220; offset=&#8220;vc_col-md-4&#8243;]<style>.ld_icon_box_69f07efc410ad:hover .iconbox-icon-container{color:rgb(255, 255, 255);}.ld_icon_box_69f07efc410ad .iconbox-icon-container{width:56px !important;height:56px !important;border-radius:px;}.ld_icon_box_69f07efc410ad .iconbox-icon-container .iconbox-icon-hover-bg{background:rgb(59, 59, 59);}.ld_icon_box_69f07efc410ad:hover .iconbox-icon-container:before{border-color:rgb(59, 59, 59);}.ld_icon_box_69f07efc410ad .lqd-iconbox-title{margin-bottom:13px;font-size:15px;}<\/style>\n<div class=\"iconbox iconbox-side text-align-default iconbox-circle iconbox-sm ld_icon_box_69f07efc410ad\" id=\"ld_icon_box_69f07efc410ad\"  data-animate-icon=\"true\" data-plugin-options='{\"hoverColor\":\"rgb(255, 255, 255)\"}'  >\n\t\n\t\t\t\t\t\n\t\n\t<div class=\"iconbox-icon-wrap\"><span class=\"iconbox-icon-container\"><span class=\"iconbox-icon-hover-bg\"><\/span><i class=\"fas fa-video\"><\/i><\/span><\/div>\t\n\t\t\n\t<div class=\"contents\">\t\n\t\t\n\t<h3 class=\"lqd-iconbox-title \">Videoportal<\/h3>\t<p>Die in den Webseminaren gezeigten Praxisvideos stehen Ihnen in unserem Videoportal noch f\u00fcr eine Woche zum erneuten Anschauen zur Verf\u00fcgung.<\/p>\n\t\t\n\t<\/div>\t\n\t\n<\/div>\n[\/vc_column_inner][vc_column_inner width=&#8220;1\/2&#8243; css=&#8220;.vc_custom_1583835330693{margin-bottom: 18px !important;}&#8220; offset=&#8220;vc_col-md-4&#8243;]<style>.ld_icon_box_69f07efc41260:hover .iconbox-icon-container{color:rgb(255, 255, 255);}.ld_icon_box_69f07efc41260 .iconbox-icon-container{width:56px !important;height:56px !important;border-radius:px;}.ld_icon_box_69f07efc41260 .iconbox-icon-container .iconbox-icon-hover-bg{background:rgb(59, 59, 59);}.ld_icon_box_69f07efc41260:hover .iconbox-icon-container:before{border-color:rgb(59, 59, 59);}.ld_icon_box_69f07efc41260 .lqd-iconbox-title{margin-bottom:13px;font-size:15px;}<\/style>\n<div class=\"iconbox iconbox-side text-align-default iconbox-circle iconbox-sm ld_icon_box_69f07efc41260\" id=\"ld_icon_box_69f07efc41260\"  data-animate-icon=\"true\" data-plugin-options='{\"hoverColor\":\"rgb(255, 255, 255)\"}'  >\n\t\n\t\t\t\t\t\n\t\n\t<div class=\"iconbox-icon-wrap\"><span class=\"iconbox-icon-container\"><span class=\"iconbox-icon-hover-bg\"><\/span><i class=\"fas fa-mouse\"><\/i><\/span><\/div>\t\n\t\t\n\t<div class=\"contents\">\t\n\t\t\n\t<h3 class=\"lqd-iconbox-title \">F\u00fcr Kurzentschlossene<\/h3>\t<p>Alle einst\u00fcndigen WebSeminare und die meisten mehrt\u00e4gigen Kurse k\u00f6nnen Sie auch ganz kurzfristig bis zu 2 Minuten vor Beginn buchen.<\/p>\n\t\t\n\t<\/div>\t\n\t\n<\/div>\n[\/vc_column_inner][vc_column_inner width=&#8220;1\/2&#8243; css=&#8220;.vc_custom_1583835330693{margin-bottom: 18px !important;}&#8220; offset=&#8220;vc_col-md-4&#8243;]<style>.ld_icon_box_69f07efc41408:hover .iconbox-icon-container{color:rgb(255, 255, 255);}.ld_icon_box_69f07efc41408 .iconbox-icon-container{width:56px !important;height:56px !important;border-radius:px;}.ld_icon_box_69f07efc41408 .iconbox-icon-container .iconbox-icon-hover-bg{background:rgb(59, 59, 59);}.ld_icon_box_69f07efc41408:hover .iconbox-icon-container:before{border-color:rgb(59, 59, 59);}.ld_icon_box_69f07efc41408 .lqd-iconbox-title{margin-bottom:13px;font-size:15px;}<\/style>\n<div class=\"iconbox iconbox-side text-align-default iconbox-circle iconbox-sm ld_icon_box_69f07efc41408\" id=\"ld_icon_box_69f07efc41408\"  data-animate-icon=\"true\" data-plugin-options='{\"hoverColor\":\"rgb(255, 255, 255)\"}'  >\n\t\n\t\t\t\t\t\n\t\n\t<div class=\"iconbox-icon-wrap\"><span class=\"iconbox-icon-container\"><span class=\"iconbox-icon-hover-bg\"><\/span><i class=\"fas fa-headset\"><\/i><\/span><\/div>\t\n\t\t\n\t<div class=\"contents\">\t\n\t\t\n\t<h3 class=\"lqd-iconbox-title \">Support via Telefon<\/h3>\t<p>Wir bieten eine halbe Stunde vor dem Start der einst\u00fcndigen Webinare unter 0511 &#8211; 26177 684 einen Telefon Support an.<\/p>\n\t\t\n\t<\/div>\t\n\t\n<\/div>\n[\/vc_column_inner][vc_column_inner width=&#8220;1\/2&#8243; offset=&#8220;vc_col-md-4&#8243;]<style>.ld_icon_box_69f07efc415bb:hover .iconbox-icon-container{color:rgb(255, 255, 255);}.ld_icon_box_69f07efc415bb .iconbox-icon-container{width:56px !important;height:56px !important;border-radius:px;}.ld_icon_box_69f07efc415bb .iconbox-icon-container .iconbox-icon-hover-bg{background:rgb(59, 59, 59);}.ld_icon_box_69f07efc415bb:hover .iconbox-icon-container:before{border-color:rgb(59, 59, 59);}.ld_icon_box_69f07efc415bb .lqd-iconbox-title{margin-bottom:13px;font-size:15px;}<\/style>\n<div class=\"iconbox iconbox-side text-align-default iconbox-circle iconbox-sm ld_icon_box_69f07efc415bb\" id=\"ld_icon_box_69f07efc415bb\"  data-animate-icon=\"true\" data-plugin-options='{\"hoverColor\":\"rgb(255, 255, 255)\"}'  >\n\t\n\t\t\t\t\t\n\t\n\t<div class=\"iconbox-icon-wrap\"><span class=\"iconbox-icon-container\"><span class=\"iconbox-icon-hover-bg\"><\/span><i class=\"fas fa-desktop\"><\/i><\/span><\/div>\t\n\t\t\n\t<div class=\"contents\">\t\n\t\t\n\t<h3 class=\"lqd-iconbox-title \">Neu im Umgang mit der Technik<\/h3>\t<p><span style=\"font-family: arial, helvetica, sans-serif;font-size: 18px\">F\u00fcr Neu-, Wiederein- oder Umsteiger:innen in Sachen Video- und Konferenztechnik am Computer, Laptop oder dem Tablet mit dem Zugang \u00fcber ZOOM, bieten wir diesen Testlink\u00a0 <a class=\"moz-txt-link-freetext\" href=\"https:\/\/zoom.us\/test\" target=\"_blank\" rel=\"noopener\"><span style=\"color: #ff0000\">https:\/\/zoom.us\/test<\/span><\/a> \u00a0 f\u00fcr die Vorbereitung vor dem Webseminar an, damit dann alles klappt\u2026<\/span><\/p>\n<p>&nbsp;<\/p>\n\t\t\n\t<\/div>\t\n\t\n<\/div>\n[\/vc_column_inner][vc_column_inner width=&#8220;1\/2&#8243; offset=&#8220;vc_col-md-4&#8243;]<style>.ld_icon_box_69f07efc417c1:hover .iconbox-icon-container{color:rgb(255, 255, 255);}.ld_icon_box_69f07efc417c1 .iconbox-icon-container{width:56px !important;height:56px !important;border-radius:px;}.ld_icon_box_69f07efc417c1 .iconbox-icon-container .iconbox-icon-hover-bg{background:rgb(59, 59, 59);}.ld_icon_box_69f07efc417c1:hover .iconbox-icon-container:before{border-color:rgb(59, 59, 59);}.ld_icon_box_69f07efc417c1 .lqd-iconbox-title{margin-bottom:13px;font-size:15px;}<\/style>\n<div class=\"iconbox iconbox-side text-align-default iconbox-circle iconbox-sm ld_icon_box_69f07efc417c1\" id=\"ld_icon_box_69f07efc417c1\"  data-animate-icon=\"true\" data-plugin-options='{\"hoverColor\":\"rgb(255, 255, 255)\"}'  >\n\t\n\t\t\t\t\t\n\t\n\t<div class=\"iconbox-icon-wrap\"><span class=\"iconbox-icon-container\"><span class=\"iconbox-icon-hover-bg\"><\/span><i class=\"fas fa-users\"><\/i><\/span><\/div>\t\n\t\t\n\t<div class=\"contents\">\t\n\t\t\n\t<h3 class=\"lqd-iconbox-title \">Team Fortbildung<\/h3>\t<p>Alle einzelnen Web Seminare k\u00f6nnen mit individualisiertem Zuschnitt als Inhouse Fortbildung auch f\u00fcr das multidisziplin\u00e4re Team gekauft werden. Nat\u00fcrlich k\u00f6nnen Sie auch mehrere passende Kursthemen zu einem Bundle zusammenschn\u00fcren und bei uns erwerben. Nehmen Sie f\u00fcr Details gerne Kontakt auf.<\/p>\n\t\t\n\t<\/div>\t\n\t\n<\/div>\n[\/vc_column_inner][vc_column_inner width=&#8220;1\/2&#8243; offset=&#8220;vc_col-md-4&#8243;]<style>.ld_icon_box_69f07efc4198f:hover .iconbox-icon-container{color:rgb(255, 255, 255);}.ld_icon_box_69f07efc4198f .iconbox-icon-container{width:56px !important;height:56px !important;border-radius:px;}.ld_icon_box_69f07efc4198f .iconbox-icon-container .iconbox-icon-hover-bg{background:rgb(59, 59, 59);}.ld_icon_box_69f07efc4198f:hover .iconbox-icon-container:before{border-color:rgb(59, 59, 59);}.ld_icon_box_69f07efc4198f .lqd-iconbox-title{margin-bottom:13px;font-size:15px;}<\/style>\n<div class=\"iconbox iconbox-side text-align-default iconbox-circle iconbox-sm ld_icon_box_69f07efc4198f\" id=\"ld_icon_box_69f07efc4198f\"  data-animate-icon=\"true\" data-plugin-options='{\"hoverColor\":\"rgb(255, 255, 255)\"}'  >\n\t\n\t\t\t\t\t\n\t\n\t<div class=\"iconbox-icon-wrap\"><span class=\"iconbox-icon-container\"><span class=\"iconbox-icon-hover-bg\"><\/span><i class=\"fas fa-gift\"><\/i><\/span><\/div>\t\n\t\t\n\t<div class=\"contents\">\t\n\t\t\n\t<h3 class=\"lqd-iconbox-title \">Auch als Geschenkgutschein<\/h3>\t<p>Wenn Sie einer Mitarbeiter:in zum Einstieg in den Job, zum Fachbereichswechsel zu einem Jubil\u00e4um ein Geschenk machen m\u00f6chtest, k\u00f6nnen Sie von uns einen freien oder definierten Geschenkgutschein bekommen.<\/p>\n\t\t\n\t<\/div>\t\n\t\n<\/div>\n[\/vc_column_inner][\/vc_row_inner][\/vc_column][\/vc_row][vc_row bwd_tbc4vd_show_weekday=&#8220;&#8220; content_placement=&#8220;middle&#8220; row_scale_bg_onhover=&#8220;yes&#8220; enable_overlay=&#8220;yes&#8220; css=&#8220;.vc_custom_1665053590800{padding-top: 60px !important;padding-bottom: 60px !important;background-image: url(https:\/\/www.ergowebinar.de\/wp-content\/uploads\/2020\/03\/bg-3@2x-scaled-1.jpg?id=77) !important;background-position: center !important;background-repeat: no-repeat !important;background-size: cover !important;}&#8220; overlay_bg=&#8220;rgba(0, 0, 0, 0.22)&#8220; hover_overlay_bg=&#8220;rgba(0, 0, 0, 0.4)&#8220; responsive_css=&#8220;padding_top_medium:100px|padding_bottom_medium:80px|padding_top_small:60px|padding_bottom_small:60px&#8220;][vc_column align=&#8220;text-center&#8220; offset=&#8220;vc_col-md-7&#8243; responsive_align=&#8220;text-md-left&#8220; css=&#8220;.vc_custom_1595400834749{margin-bottom: 45px !important;}&#8220;]<style>.ld_fancy_heading_69f07efc41b32 h2{color:rgb(255, 255, 255);}.ld_fancy_heading_69f07efc41b32 h2 {font-size:35px; } @media (min-width: 768px) { .ld_fancy_heading_69f07efc41b32 h2 {font-size:45px; }  } .ld_fancy_heading_69f07efc41b32 h2 {letter-spacing:-0.01em; } .ld_fancy_heading_69f07efc41b32 h2 {margin-bottom:0px !important;  } .ld_fancy_heading_69f07efc41b32 .lqd-highlight-inner{height:0.275em!important;bottom:0px!important;}.ld_fancy_heading_69f07efc41b32 h2 {font-size:35px; } @media (min-width: 768px) { .ld_fancy_heading_69f07efc41b32 h2 {font-size:45px; }  } .ld_fancy_heading_69f07efc41b32 h2 {letter-spacing:-0.01em; } .ld_fancy_heading_69f07efc41b32 h2 {margin-bottom:0px !important;  } <\/style><div class=\"ld-fancy-heading mask-text ld_fancy_heading_69f07efc41b32\">\n\t<h2 class=\"ld-fh-element lqd-highlight-underline lqd-highlight-grow-left text-decoration-default lqd-split-lines\"   data-split-text=\"true\" data-split-options='{\"type\":\"lines\"}' data-custom-animations=\"true\" data-ca-options='{\"triggerHandler\":\"inview\",\"animationTarget\":\".lqd-lines > .split-inner\",\"duration\":\"1800\",\"delay\":\"180\",\"ease\":\"power4.out\",\"direction\":\"forward\",\"initValues\":{\"y\":90},\"animations\":{\"y\":0}}'>  Sie haben noch Fragen zu unseren Webinaren?<\/h2><\/div>[\/vc_column][vc_column enable_content_animation=&#8220;yes&#8220; ca_init_scale_x=&#8220;1&#8243; ca_init_scale_y=&#8220;1&#8243; ca_init_opacity=&#8220;0&#8243; ca_an_scale_x=&#8220;1&#8243; ca_an_scale_y=&#8220;1&#8243; ca_an_opacity=&#8220;1&#8243; ca_init_scale_z=&#8220;1&#8243; ca_an_scale_z=&#8220;1&#8243; align=&#8220;text-center&#8220; offset=&#8220;vc_col-md-offset-2 vc_col-md-3&#8243; ca_init_translate_y=&#8220;39&#8243; responsive_align=&#8220;text-md-right&#8220;]<style>.ld_button_69f07efc41ead.btn-icon-solid:hover .btn-icon{background:rgb(59, 59, 59);}.ld_button_69f07efc41ead:hover{background-color:rgb(59, 59, 59);border-color:rgb(59, 59, 59);}.ld_button_69f07efc41ead .btn-gradient-bg-hover{background:-webkit-linear-gradient(to right, rgb(59, 59, 59) 0%, rgb(59, 59, 59) 100%);background:linear-gradient(to right, rgb(59, 59, 59) 0%, rgb(59, 59, 59) 100%);}.ld_button_69f07efc41ead:hover .btn-gradient-border defs stop:first-child{stop-color:rgb(59, 59, 59);}.ld_button_69f07efc41ead:hover .btn-gradient-border defs stop:last-child{stop-color:rgb(59, 59, 59);}.ld_button_69f07efc41ead {line-height:1.5em; } .ld_button_69f07efc41ead {--element-line-height:1.5em; } .ld_button_69f07efc41ead {line-height:1.5em; } .ld_button_69f07efc41ead {--element-line-height:1.5em; } .ld_button_69f07efc41ead {line-height:1.5em; } .ld_button_69f07efc41ead {--element-line-height:1.5em; } .ld_button_69f07efc41ead {line-height:1.5em; } .ld_button_69f07efc41ead {--element-line-height:1.5em; } <\/style><a href=\"https:\/\/www.ergowebinar.de\/index.php\/contact\/\" title=\"Kontakt\" class=\"btn btn-solid text-uppercase btn-xlg round border-thin btn-hover-swp btn-has-label ld_button_69f07efc41ead\" >\n\t<span>\n\t\n\t\t\t\t\t<span class=\"btn-txt\" data-text=\"Kontaktieren Sie uns\" >Kontaktieren Sie uns<\/span>\n\t\t\n\t<span class=\"btn-icon\"><i class=\"lqd-icn-ess icon-md-arrow-forward\"><\/i><\/span>\t<span class=\"btn-icon\"><i class=\"lqd-icn-ess icon-md-arrow-forward\"><\/i><\/span>\t\t\t<\/span>\n<\/a>\n[\/vc_column][\/vc_row]<\/p>\n","protected":false},"excerpt":{"rendered":"<p>[vc_row bwd_tbc4vd_show_weekday=&#8220;&#8220; full_width=&#8220;stretch_row&#8220; css=&#8220;.vc_custom_1745999098709{padding-top: 15px !important;padding-bottom: 15px !important;background-image: url(https:\/\/www.ergowebinar.de\/wp-content\/uploads\/2022\/06\/header-webinar.jpg?id=3731) !important;background-position: center !important;background-repeat: no-repeat !important;background-size: cover !important;}&#8220; responsive_css=&#8220;padding_left_large:25px&#8220;][vc_column][vc_row_inner][vc_column_inner css=&#8220;.vc_custom_1655299071391{padding-bottom: 25px !important;}&#8220;][\/vc_column_inner][\/vc_row_inner][vc_row_inner][vc_column_inner width=&#8220;2\/3&#8243; css=&#8220;.vc_custom_1655299071391{padding-bottom: 25px !important;}&#8220;][\/vc_column_inner][vc_column_inner width=&#8220;1\/3&#8243;][\/vc_column_inner][\/vc_row_inner][vc_row_inner bwd_tbc4vd_show_weekday=&#8220;&#8220; gap=&#8220;5&#8243;][vc_column_inner width=&#8220;1\/12&#8243;][vc_column_text][\/vc_column_text][\/vc_column_inner][vc_column_inner width=&#8220;1\/12&#8243;][vc_column_text][\/vc_column_text][\/vc_column_inner][vc_column_inner width=&#8220;1\/12&#8243;][vc_column_text][\/vc_column_text][\/vc_column_inner][vc_column_inner width=&#8220;1\/12&#8243;][vc_column_text] [\/vc_column_text][\/vc_column_inner][vc_column_inner width=&#8220;1\/12&#8243;][vc_column_text][\/vc_column_text][\/vc_column_inner][vc_column_inner width=&#8220;1\/12&#8243;][\/vc_column_inner][\/vc_row_inner][vc_row_inner bwd_tbc4vd_show_weekday=&#8220;&#8220; gap=&#8220;5&#8243;][vc_column_inner width=&#8220;1\/12&#8243;][vc_column_text][\/vc_column_text][\/vc_column_inner][vc_column_inner width=&#8220;1\/12&#8243;][vc_column_text][\/vc_column_text][\/vc_column_inner][vc_column_inner width=&#8220;1\/12&#8243;][vc_column_text][\/vc_column_text][\/vc_column_inner][vc_column_inner width=&#8220;1\/12&#8243;][vc_column_text] [\/vc_column_text][\/vc_column_inner][vc_column_inner width=&#8220;1\/12&#8243;][vc_column_text][\/vc_column_text][\/vc_column_inner][vc_column_inner width=&#8220;1\/12&#8243;][vc_column_text][\/vc_column_text][\/vc_column_inner][\/vc_row_inner][vc_row_inner bwd_tbc4vd_show_weekday=&#8220;&#8220; gap=&#8220;5&#8243;][vc_column_inner width=&#8220;1\/12&#8243;][vc_column_text] [\/vc_column_text][\/vc_column_inner][vc_column_inner width=&#8220;1\/12&#8243;][vc_column_text][\/vc_column_text][\/vc_column_inner][vc_column_inner width=&#8220;1\/12&#8243;][vc_column_text][\/vc_column_text][\/vc_column_inner][vc_column_inner width=&#8220;1\/12&#8243;][vc_column_text][\/vc_column_text][\/vc_column_inner][vc_column_inner width=&#8220;1\/12&#8243;][vc_column_text][\/vc_column_text][\/vc_column_inner][vc_column_inner width=&#8220;1\/12&#8243;][vc_column_text][\/vc_column_text][\/vc_column_inner][\/vc_row_inner][vc_row_inner bwd_tbc4vd_show_weekday=&#8220;&#8220; gap=&#8220;5&#8243;][vc_column_inner width=&#8220;1\/12&#8243;][\/vc_column_inner][vc_column_inner [&hellip;]<\/p>\n","protected":false},"author":2,"featured_media":0,"parent":0,"menu_order":0,"comment_status":"closed","ping_status":"closed","template":"","meta":{"footnotes":""},"class_list":["post-3551","page","type-page","status-publish","hentry"],"yoast_head":"<!-- This site is optimized with the Yoast SEO plugin v27.4 - https:\/\/yoast.com\/product\/yoast-seo-wordpress\/ -->\n<title>Webinare f\u00fcr Ergotherapeut:innen | ErgoWebinar<\/title>\n<meta name=\"description\" content=\"ErgoWebinar bietet Ihnen eine bequeme &amp; flexible M\u00f6glichkeit Sich im Bereich der Ergotherapie online fort- und weiterzubilden\" \/>\n<meta name=\"robots\" content=\"index, follow, max-snippet:-1, max-image-preview:large, max-video-preview:-1\" \/>\n<link rel=\"canonical\" href=\"https:\/\/www.ergowebinar.de\/\" \/>\n<meta property=\"og:locale\" content=\"de_DE\" \/>\n<meta property=\"og:type\" content=\"article\" \/>\n<meta property=\"og:title\" content=\"Webinare f\u00fcr Ergotherapeut:innen | ErgoWebinar\" \/>\n<meta property=\"og:description\" content=\"ErgoWebinar bietet Ihnen eine bequeme &amp; flexible M\u00f6glichkeit Sich im Bereich der Ergotherapie online fort- und weiterzubilden\" \/>\n<meta property=\"og:url\" content=\"https:\/\/www.ergowebinar.de\/\" \/>\n<meta property=\"og:site_name\" content=\"Ergowebinar\" \/>\n<meta property=\"article:modified_time\" content=\"2026-01-25T12:15:58+00:00\" \/>\n<meta name=\"twitter:card\" content=\"summary_large_image\" \/>\n<meta name=\"twitter:label1\" content=\"Gesch\u00e4tzte Lesezeit\" \/>\n\t<meta name=\"twitter:data1\" content=\"8\u00a0Minuten\" \/>\n<script type=\"application\/ld+json\" class=\"yoast-schema-graph\">{\"@context\":\"https:\\\/\\\/schema.org\",\"@graph\":[{\"@type\":\"WebPage\",\"@id\":\"https:\\\/\\\/www.ergowebinar.de\\\/\",\"url\":\"https:\\\/\\\/www.ergowebinar.de\\\/\",\"name\":\"Webinare f\u00fcr Ergotherapeut:innen | ErgoWebinar\",\"isPartOf\":{\"@id\":\"https:\\\/\\\/www.ergowebinar.de\\\/#website\"},\"datePublished\":\"2020-03-09T14:16:29+00:00\",\"dateModified\":\"2026-01-25T12:15:58+00:00\",\"description\":\"ErgoWebinar bietet Ihnen eine bequeme & flexible M\u00f6glichkeit Sich im Bereich der Ergotherapie online fort- und weiterzubilden\",\"breadcrumb\":{\"@id\":\"https:\\\/\\\/www.ergowebinar.de\\\/#breadcrumb\"},\"inLanguage\":\"de\",\"potentialAction\":[{\"@type\":\"ReadAction\",\"target\":[\"https:\\\/\\\/www.ergowebinar.de\\\/\"]}]},{\"@type\":\"BreadcrumbList\",\"@id\":\"https:\\\/\\\/www.ergowebinar.de\\\/#breadcrumb\",\"itemListElement\":[{\"@type\":\"ListItem\",\"position\":1,\"name\":\"Startseite\",\"item\":\"https:\\\/\\\/www.ergowebinar.de\\\/\"},{\"@type\":\"ListItem\",\"position\":2,\"name\":\"Classic Hub Homepage\"}]},{\"@type\":\"WebSite\",\"@id\":\"https:\\\/\\\/www.ergowebinar.de\\\/#website\",\"url\":\"https:\\\/\\\/www.ergowebinar.de\\\/\",\"name\":\"Live - Webinare f\u00fcr Ergotherapeut:innen | ErgoWebinar\",\"description\":\"\",\"potentialAction\":[{\"@type\":\"SearchAction\",\"target\":{\"@type\":\"EntryPoint\",\"urlTemplate\":\"https:\\\/\\\/www.ergowebinar.de\\\/?s={search_term_string}\"},\"query-input\":{\"@type\":\"PropertyValueSpecification\",\"valueRequired\":true,\"valueName\":\"search_term_string\"}}],\"inLanguage\":\"de\"}]}<\/script>\n<!-- \/ Yoast SEO plugin. -->","yoast_head_json":{"title":"Webinare f\u00fcr Ergotherapeut:innen | ErgoWebinar","description":"ErgoWebinar bietet Ihnen eine bequeme & flexible M\u00f6glichkeit Sich im Bereich der Ergotherapie online fort- und weiterzubilden","robots":{"index":"index","follow":"follow","max-snippet":"max-snippet:-1","max-image-preview":"max-image-preview:large","max-video-preview":"max-video-preview:-1"},"canonical":"https:\/\/www.ergowebinar.de\/","og_locale":"de_DE","og_type":"article","og_title":"Webinare f\u00fcr Ergotherapeut:innen | ErgoWebinar","og_description":"ErgoWebinar bietet Ihnen eine bequeme & flexible M\u00f6glichkeit Sich im Bereich der Ergotherapie online fort- und weiterzubilden","og_url":"https:\/\/www.ergowebinar.de\/","og_site_name":"Ergowebinar","article_modified_time":"2026-01-25T12:15:58+00:00","twitter_card":"summary_large_image","twitter_misc":{"Gesch\u00e4tzte Lesezeit":"8\u00a0Minuten"},"schema":{"@context":"https:\/\/schema.org","@graph":[{"@type":"WebPage","@id":"https:\/\/www.ergowebinar.de\/","url":"https:\/\/www.ergowebinar.de\/","name":"Webinare f\u00fcr Ergotherapeut:innen | ErgoWebinar","isPartOf":{"@id":"https:\/\/www.ergowebinar.de\/#website"},"datePublished":"2020-03-09T14:16:29+00:00","dateModified":"2026-01-25T12:15:58+00:00","description":"ErgoWebinar bietet Ihnen eine bequeme & flexible M\u00f6glichkeit Sich im Bereich der Ergotherapie online fort- und weiterzubilden","breadcrumb":{"@id":"https:\/\/www.ergowebinar.de\/#breadcrumb"},"inLanguage":"de","potentialAction":[{"@type":"ReadAction","target":["https:\/\/www.ergowebinar.de\/"]}]},{"@type":"BreadcrumbList","@id":"https:\/\/www.ergowebinar.de\/#breadcrumb","itemListElement":[{"@type":"ListItem","position":1,"name":"Startseite","item":"https:\/\/www.ergowebinar.de\/"},{"@type":"ListItem","position":2,"name":"Classic Hub Homepage"}]},{"@type":"WebSite","@id":"https:\/\/www.ergowebinar.de\/#website","url":"https:\/\/www.ergowebinar.de\/","name":"Live - Webinare f\u00fcr Ergotherapeut:innen | ErgoWebinar","description":"","potentialAction":[{"@type":"SearchAction","target":{"@type":"EntryPoint","urlTemplate":"https:\/\/www.ergowebinar.de\/?s={search_term_string}"},"query-input":{"@type":"PropertyValueSpecification","valueRequired":true,"valueName":"search_term_string"}}],"inLanguage":"de"}]}},"_links":{"self":[{"href":"https:\/\/www.ergowebinar.de\/index.php\/wp-json\/wp\/v2\/pages\/3551","targetHints":{"allow":["GET"]}}],"collection":[{"href":"https:\/\/www.ergowebinar.de\/index.php\/wp-json\/wp\/v2\/pages"}],"about":[{"href":"https:\/\/www.ergowebinar.de\/index.php\/wp-json\/wp\/v2\/types\/page"}],"author":[{"embeddable":true,"href":"https:\/\/www.ergowebinar.de\/index.php\/wp-json\/wp\/v2\/users\/2"}],"replies":[{"embeddable":true,"href":"https:\/\/www.ergowebinar.de\/index.php\/wp-json\/wp\/v2\/comments?post=3551"}],"version-history":[{"count":357,"href":"https:\/\/www.ergowebinar.de\/index.php\/wp-json\/wp\/v2\/pages\/3551\/revisions"}],"predecessor-version":[{"id":4714,"href":"https:\/\/www.ergowebinar.de\/index.php\/wp-json\/wp\/v2\/pages\/3551\/revisions\/4714"}],"wp:attachment":[{"href":"https:\/\/www.ergowebinar.de\/index.php\/wp-json\/wp\/v2\/media?parent=3551"}],"curies":[{"name":"wp","href":"https:\/\/api.w.org\/{rel}","templated":true}]}}